{"id":109,"date":"2021-06-10T11:57:39","date_gmt":"2021-06-10T11:57:39","guid":{"rendered":"https:\/\/www.ull.es\/catedras\/catedra-ciberseguridad-binter\/?page_id=109"},"modified":"2022-10-10T16:42:31","modified_gmt":"2022-10-10T16:42:31","slug":"actividades","status":"publish","type":"page","link":"https:\/\/www.ull.es\/catedras\/catedra-ciberseguridad-binter\/actividades\/","title":{"rendered":"Actividades"},"content":{"rendered":"<p>[vc_row][vc_column][vc_column_text]<\/p>\n<h2 style=\"text-align: center;font-weight: 500\">Actividades<\/h2>\n<p>[\/vc_column_text][vc_empty_space][\/vc_column][\/vc_row][vc_row][vc_column][vc_empty_space][vc_column_text]\n<style>\n    .events-group .bg-size {\n        background-position: center;\n        background-size: cover;\n        width: 100%;\n        height: 48px;\n    }\n    .events-group .list-group-item-text {\n        font-size: 13px;\n    }\n    .events-group .col-md-3 {\n        padding-right: 0;\n    }\n    .events-group .list-group-item-date {\n        font-size: 11px;\n        color: #A4A4A4;\n        margin-bottom: 2px;\n        text-transform: uppercase;\n    }\n\n    .mensaje.alert-warning{\n        font-size: 12px;\n        margin: 14px !important;\n        padding: 4px 8px;\n        color: #cca60b;\n    }\n\n<\/style>\n\n<div class=\"panel panel-default\">\n    <div class=\"panel-heading\">\n        <h3 class=\"panel-title\">Eventos<\/h3>\n    <\/div>\n\n    <div class=\"list-group events-group\">\n                    <a href=\"https:\/\/www.ull.es\/portal\/agenda\/evento\/acto-de-entrega-de-los-premios-para-los-mejores-tfg-y-tfm-del-curso-2024-2025-de-la-catedra-de-ciberseguridad-binter\/\" class=\"list-group-item\">\n                <div class=\"row\">\n                    <div class=\"col-md-3\">\n                        <div class=\"bg-size\" style=\"background-image: url('https:\/\/www.ull.es\/portal\/agenda\/wp-content\/uploads\/sites\/12\/2025\/11\/Mejores-TFM-TFG-24-25_Banner-eventos.png');\"><\/div>\n                    <\/div>\n                    <div class=\"col-md-9\">\n                        <p class=\"list-group-item-date\">\n                            06\/11\/25 - 06\/11\/25                        <\/p>\n                        <p class=\"list-group-item-text\">Acto de entrega de los premios para los mejores TFG y TFM del curso 2024-2025 de la C\u00e1tedra de Ciberseguridad Binter<\/p>\n                    <\/div>\n\n                <\/div>\n            <\/a>\n                    <a href=\"https:\/\/www.ull.es\/portal\/agenda\/evento\/mesa-redonda-retos-de-la-gestion-nacional-de-ciberseguridad-y-en-las-oportunidades-del-sector-en-canarias\/\" class=\"list-group-item\">\n                <div class=\"row\">\n                    <div class=\"col-md-3\">\n                        <div class=\"bg-size\" style=\"background-image: url('https:\/\/www.ull.es\/portal\/agenda\/wp-content\/uploads\/sites\/12\/2025\/05\/Mesa-Redonda-Retos-de-la-gestion-nacional-de-ciberseguridad_Banner-eventos-1.png');\"><\/div>\n                    <\/div>\n                    <div class=\"col-md-9\">\n                        <p class=\"list-group-item-date\">\n                            15\/05\/25 - 15\/05\/25                        <\/p>\n                        <p class=\"list-group-item-text\">Mesa Redonda: Retos de la gesti\u00f3n nacional de ciberseguridad y oportunidades del sector en Canarias<\/p>\n                    <\/div>\n\n                <\/div>\n            <\/a>\n                    <a href=\"https:\/\/www.ull.es\/portal\/agenda\/evento\/second-workshop-on-applications-of-quantum-technologies-in-cybersecurity\/\" class=\"list-group-item\">\n                <div class=\"row\">\n                    <div class=\"col-md-3\">\n                        <div class=\"bg-size\" style=\"background-image: url('https:\/\/www.ull.es\/portal\/agenda\/wp-content\/uploads\/sites\/12\/2024\/11\/Second-Workshop-Cibersecurity_Banner-eventos.jpg');\"><\/div>\n                    <\/div>\n                    <div class=\"col-md-9\">\n                        <p class=\"list-group-item-date\">\n                            22\/11\/24 - 22\/11\/24                        <\/p>\n                        <p class=\"list-group-item-text\">Second Workshop on Applications of Quantum Technologies in Cybersecurity<\/p>\n                    <\/div>\n\n                <\/div>\n            <\/a>\n                    <a href=\"https:\/\/www.ull.es\/portal\/agenda\/evento\/hackathon-de-ciberseguridad-y-computacion-cuantica\/\" class=\"list-group-item\">\n                <div class=\"row\">\n                    <div class=\"col-md-3\">\n                        <div class=\"bg-size\" style=\"background-image: url('https:\/\/www.ull.es\/portal\/agenda\/wp-content\/uploads\/sites\/12\/2024\/11\/Hackathon-de-Ciberseguridad_Banner-eventos.png');\"><\/div>\n                    <\/div>\n                    <div class=\"col-md-9\">\n                        <p class=\"list-group-item-date\">\n                            22\/11\/24 - 22\/11\/24                        <\/p>\n                        <p class=\"list-group-item-text\">Hackathon de Ciberseguridad y Computaci\u00f3n Cu\u00e1ntica<\/p>\n                    <\/div>\n\n                <\/div>\n            <\/a>\n                    <a href=\"https:\/\/www.ull.es\/portal\/agenda\/evento\/emprender-en-ciberseguridad-retos-y-oportunidades\/\" class=\"list-group-item\">\n                <div class=\"row\">\n                    <div class=\"col-md-3\">\n                        <div class=\"bg-size\" style=\"background-image: url('https:\/\/www.ull.es\/portal\/agenda\/wp-content\/uploads\/sites\/12\/2024\/02\/700x350-charla-ULL.png');\"><\/div>\n                    <\/div>\n                    <div class=\"col-md-9\">\n                        <p class=\"list-group-item-date\">\n                            26\/02\/24 - 26\/02\/24                        <\/p>\n                        <p class=\"list-group-item-text\">Emprender en Ciberseguridad: Retos y oportunidades<\/p>\n                    <\/div>\n\n                <\/div>\n            <\/a>\n                    <a href=\"https:\/\/www.ull.es\/portal\/agenda\/evento\/entrega-de-los-premios-anuales-a-los-mejores-tfg-y-tfm-de-la-catedra-binter-de-ciberseguridad\/\" class=\"list-group-item\">\n                <div class=\"row\">\n                    <div class=\"col-md-3\">\n                        <div class=\"bg-size\" style=\"background-image: url('https:\/\/www.ull.es\/portal\/agenda\/wp-content\/uploads\/sites\/12\/2023\/12\/Entrega-de-los-premios-anuales-a-los-mejores-TFGTFM-de-la-Catedra-Binter-Ciberseguridad_Banner-Evento-ULL.png');\"><\/div>\n                    <\/div>\n                    <div class=\"col-md-9\">\n                        <p class=\"list-group-item-date\">\n                            14\/12\/23 - 14\/12\/23                        <\/p>\n                        <p class=\"list-group-item-text\">Entrega de los premios anuales a los mejores TFG y TFM de la C\u00e1tedra Binter de Ciberseguridad<\/p>\n                    <\/div>\n\n                <\/div>\n            <\/a>\n                    <a href=\"https:\/\/www.ull.es\/portal\/agenda\/evento\/conferencia-la-nina-del-teorema\/\" class=\"list-group-item\">\n                <div class=\"row\">\n                    <div class=\"col-md-3\">\n                        <div class=\"bg-size\" style=\"background-image: url('https:\/\/www.ull.es\/portal\/agenda\/wp-content\/uploads\/sites\/12\/2022\/11\/La-nin\u0303a-del-teorema_Banner-evento.jpg');\"><\/div>\n                    <\/div>\n                    <div class=\"col-md-9\">\n                        <p class=\"list-group-item-date\">\n                            17\/11\/22 - 17\/11\/22                        <\/p>\n                        <p class=\"list-group-item-text\">Conferencia: La ni\u00f1a del Teorema<\/p>\n                    <\/div>\n\n                <\/div>\n            <\/a>\n                    <a href=\"https:\/\/www.ull.es\/portal\/agenda\/evento\/introduccion-a-la-computacion-cuantica-sin-la-fisica\/\" class=\"list-group-item\">\n                <div class=\"row\">\n                    <div class=\"col-md-3\">\n                        <div class=\"bg-size\" style=\"background-image: url('https:\/\/www.ull.es\/portal\/agenda\/wp-content\/uploads\/sites\/12\/2022\/11\/Introduccio\u0301n-a-la-computacio\u0301n-cua\u0301ntica-sin-la-fi\u0301sica_Banner-evento.png');\"><\/div>\n                    <\/div>\n                    <div class=\"col-md-9\">\n                        <p class=\"list-group-item-date\">\n                            16\/11\/22 - 17\/11\/22                        <\/p>\n                        <p class=\"list-group-item-text\">Curso: Introducci\u00f3n a la computaci\u00f3n cu\u00e1ntica (sin la f\u00edsica)<\/p>\n                    <\/div>\n\n                <\/div>\n            <\/a>\n                    <a href=\"https:\/\/www.ull.es\/portal\/agenda\/evento\/mesa-redonda-de-la-catedra-de-ciberseguridad-binter-ull\/\" class=\"list-group-item\">\n                <div class=\"row\">\n                    <div class=\"col-md-3\">\n                        <div class=\"bg-size\" style=\"background-image: url('https:\/\/www.ull.es\/portal\/agenda\/wp-content\/uploads\/sites\/12\/2022\/03\/Mesa-redonda-catedra-ciberseguridad-Binter-ULL_Banner-evento.png');\"><\/div>\n                    <\/div>\n                    <div class=\"col-md-9\">\n                        <p class=\"list-group-item-date\">\n                            24\/03\/22 - 24\/03\/22                        <\/p>\n                        <p class=\"list-group-item-text\">Mesa Redonda de la C\u00e1tedra de Ciberseguridad Binter - ULL<\/p>\n                    <\/div>\n\n                <\/div>\n            <\/a>\n                    <a href=\"https:\/\/www.ull.es\/portal\/agenda\/evento\/encuentro-de-catedras-institucionales-y-de-empresa-de-la-universidad-de-la-laguna-compromiso-para-la-implementacion-de-la-agenda-2030-en-canarias\/\" class=\"list-group-item\">\n                <div class=\"row\">\n                    <div class=\"col-md-3\">\n                        <div class=\"bg-size\" style=\"background-image: url('https:\/\/www.ull.es\/portal\/agenda\/wp-content\/uploads\/sites\/12\/2021\/04\/BannerEmpresa.png');\"><\/div>\n                    <\/div>\n                    <div class=\"col-md-9\">\n                        <p class=\"list-group-item-date\">\n                            30\/04\/21 - 30\/04\/21                        <\/p>\n                        <p class=\"list-group-item-text\">Encuentro de C\u00e1tedras Institucionales y de Empresa de la Universidad de La Laguna. \"Compromiso para la implementaci\u00f3n de la Agenda 2030 en Canarias\"<\/p>\n                    <\/div>\n\n                <\/div>\n            <\/a>\n                    <a href=\"https:\/\/www.ull.es\/portal\/agenda\/evento\/abordando-el-reto-de-la-ciber-resiliencia-en-la-era-post-covid-19\/\" class=\"list-group-item\">\n                <div class=\"row\">\n                    <div class=\"col-md-3\">\n                        <div class=\"bg-size\" style=\"background-image: url('https:\/\/www.ull.es\/portal\/agenda\/wp-content\/uploads\/sites\/12\/2020\/10\/3.png');\"><\/div>\n                    <\/div>\n                    <div class=\"col-md-9\">\n                        <p class=\"list-group-item-date\">\n                            13\/11\/20 - 13\/11\/20                        <\/p>\n                        <p class=\"list-group-item-text\">Abordando el reto de la Ciber-resiliencia en la era post COVID-19<\/p>\n                    <\/div>\n\n                <\/div>\n            <\/a>\n                    <a href=\"https:\/\/www.ull.es\/portal\/agenda\/evento\/ciclo-de-conferencias-el-derecho-civil-ante-la-covid-19\/\" class=\"list-group-item\">\n                <div class=\"row\">\n                    <div class=\"col-md-3\">\n                        <div class=\"bg-size\" style=\"background-image: url('https:\/\/www.ull.es\/portal\/agenda\/wp-content\/uploads\/sites\/12\/2020\/10\/BannerGeneral-e1603455247590.jpg');\"><\/div>\n                    <\/div>\n                    <div class=\"col-md-9\">\n                        <p class=\"list-group-item-date\">\n                            06\/11\/20 - 06\/11\/20                        <\/p>\n                        <p class=\"list-group-item-text\">Ciclo de Conferencias \u00abEl Derecho Civil ante la COVID-19\u00bb<\/p>\n                    <\/div>\n\n                <\/div>\n            <\/a>\n                    <a href=\"https:\/\/www.ull.es\/portal\/agenda\/evento\/demostracion-final-del-proyecto-insitu-y-presentacion-de-la-catedra-en-ciberseguridad-binter-en-el-hackron\/\" class=\"list-group-item\">\n                <div class=\"row\">\n                    <div class=\"col-md-3\">\n                        <div class=\"bg-size\" style=\"background-image: url('https:\/\/www.ull.es\/portal\/agenda\/wp-content\/uploads\/sites\/12\/2020\/02\/presentaci\u00f3n-c\u00e1tedra-binter-eventos-3.jpg');\"><\/div>\n                    <\/div>\n                    <div class=\"col-md-9\">\n                        <p class=\"list-group-item-date\">\n                            20\/02\/20 - 21\/02\/20                        <\/p>\n                        <p class=\"list-group-item-text\">Presentaci\u00f3n de la C\u00e1tedra en Ciberseguridad Binter en el Hackron<\/p>\n                    <\/div>\n\n                <\/div>\n            <\/a>\n                    <a href=\"https:\/\/www.ull.es\/portal\/agenda\/evento\/demostracion-final-de-proyecto-insitu-y-presentacion-de-la-catedra-institucional-en-ciberseguridad-binter-ull\/\" class=\"list-group-item\">\n                <div class=\"row\">\n                    <div class=\"col-md-3\">\n                        <div class=\"bg-size\" style=\"background-image: url('https:\/\/www.ull.es\/portal\/agenda\/wp-content\/uploads\/sites\/12\/2019\/09\/insitu-eventos.jpg');\"><\/div>\n                    <\/div>\n                    <div class=\"col-md-9\">\n                        <p class=\"list-group-item-date\">\n                            20\/09\/19 - 20\/09\/19                        <\/p>\n                        <p class=\"list-group-item-text\">Demostraci\u00f3n Final de Proyecto INSITU y presentaci\u00f3n de la C\u00e1tedra Institucional en Ciberseguridad Binter-ULL<\/p>\n                    <\/div>\n\n                <\/div>\n            <\/a>\n        \n    <\/div>\n    <div class=\"panel-footer\">\n        <a href=\"https:\/\/www.ull.es\/portal\/agenda\/eventos\/categoria\/catedra-ciberseguridad-binter\">M\u00c1S EVENTOS <i class=\"fa fa-chevron-right\"><\/i><\/a>\n    <\/div>\n\n\n<\/div>\n[\/vc_column_text][vc_btn title=\u00bbM\u00c1S EVENTOS\u00bb color=\u00bbviolet\u00bb link=\u00bburl:https%3A%2F%2Fwww.ull.es%2Fportal%2Fagenda%2Feventos%2Ffoto%2F%3Faction%3Dtribe_photo%26tribe_paged%3D1%26tribe_event_display%3Dpast%26tribe_eventcategory%255B%255D%3D2654%20%20|title:M%C3%81S%20EVENTOS|target:%20_blank|\u00bb][\/vc_column][\/vc_row]<\/p>\n","protected":false},"excerpt":{"rendered":"<p>[vc_row][vc_column][vc_column_text] Actividades [\/vc_column_text][vc_empty_space][\/vc_column][\/vc_row][vc_row][vc_column][vc_empty_space][vc_column_text][\/vc_column_text][vc_btn title=\u00bbM\u00c1S EVENTOS\u00bb color=\u00bbviolet\u00bb link=\u00bburl:https%3A%2F%2Fwww.ull.es%2Fportal%2Fagenda%2Feventos%2Ffoto%2F%3Faction%3Dtribe_photo%26tribe_paged%3D1%26tribe_event_display%3Dpast%26tribe_eventcategory%255B%255D%3D2654%20%20|title:M%C3%81S%20EVENTOS|target:%20_blank|\u00bb][\/vc_column][\/vc_row]<\/p>\n","protected":false},"author":5,"featured_media":0,"parent":0,"menu_order":0,"comment_status":"closed","ping_status":"closed","template":"templates\/template-no-title.php","meta":[],"_links":{"self":[{"href":"https:\/\/www.ull.es\/catedras\/catedra-ciberseguridad-binter\/wp-json\/wp\/v2\/pages\/109"}],"collection":[{"href":"https:\/\/www.ull.es\/catedras\/catedra-ciberseguridad-binter\/wp-json\/wp\/v2\/pages"}],"about":[{"href":"https:\/\/www.ull.es\/catedras\/catedra-ciberseguridad-binter\/wp-json\/wp\/v2\/types\/page"}],"author":[{"embeddable":true,"href":"https:\/\/www.ull.es\/catedras\/catedra-ciberseguridad-binter\/wp-json\/wp\/v2\/users\/5"}],"replies":[{"embeddable":true,"href":"https:\/\/www.ull.es\/catedras\/catedra-ciberseguridad-binter\/wp-json\/wp\/v2\/comments?post=109"}],"version-history":[{"count":7,"href":"https:\/\/www.ull.es\/catedras\/catedra-ciberseguridad-binter\/wp-json\/wp\/v2\/pages\/109\/revisions"}],"predecessor-version":[{"id":196,"href":"https:\/\/www.ull.es\/catedras\/catedra-ciberseguridad-binter\/wp-json\/wp\/v2\/pages\/109\/revisions\/196"}],"wp:attachment":[{"href":"https:\/\/www.ull.es\/catedras\/catedra-ciberseguridad-binter\/wp-json\/wp\/v2\/media?parent=109"}],"curies":[{"name":"wp","href":"https:\/\/api.w.org\/{rel}","templated":true}]}}