{"id":171,"date":"2021-08-12T11:11:57","date_gmt":"2021-08-12T11:11:57","guid":{"rendered":"https:\/\/www.ull.es\/catedras\/catedra-edosoft-computacion-nube\/?page_id=171"},"modified":"2023-12-14T13:41:54","modified_gmt":"2023-12-14T13:41:54","slug":"eventos-2","status":"publish","type":"page","link":"https:\/\/www.ull.es\/catedras\/catedra-edosoft-computacion-nube\/eventos-2\/","title":{"rendered":"Eventos"},"content":{"rendered":"<p>[vc_row full_width=\u00bbstretch_row_content\u00bb css=\u00bb.vc_custom_1628769285954{padding-right: 5% !important;padding-left: 5% !important;background-color: #d6efff !important;}\u00bb][vc_column][vc_custom_heading text=\u00bbEventos\u00bb font_container=\u00bbtag:h2|text_align:left|color:%231f0354&#8243; use_theme_fonts=\u00bbyes\u00bb][vc_column_text]Aqu\u00ed podr\u00e1s consultar los eventos que promueve o en los que participa la C\u00e1tedra.[\/vc_column_text][vc_empty_space height=\u00bb80px\u00bb][vc_row_inner equal_height=\u00bbyes\u00bb][vc_column_inner width=\u00bb1\/2&#8243; css=\u00bb.vc_custom_1628766616902{background-color: #ffffff !important;}\u00bb][vc_column_text css_animation=\u00bbnone\u00bb]<\/p>\n<h2>Devfest&#8217;23 &#8211; III Jornadas de Computaci\u00f3n en la Nube e Inteligencia Artificial (Aforo Limitado)<\/h2>\n<blockquote>\n<p><em>14 de Diciembre (16:00 &#8211; 19:45)<\/em><\/p>\n<p><a href=\"https:\/\/docs.google.com\/forms\/d\/1LfTyuPqVo-FGbhS_dol6Q6Mz09MtUN4VmVtc1BVArSQ\" target=\"_blank\" rel=\"noopener\" target=\"_blank\" rel=\"noopener\">Reserva tu entrada<\/a><\/p>\n<\/blockquote>\n<p>&nbsp;<\/p>\n<p>Sal\u00f3n de Grados de la Escuela Superior de Ingenier\u00eda y Tecnolog\u00eda (ESIT). Campus Anchieta. <strong>Universidad de La Laguna<\/strong><\/p>\n<p><strong>15:45 &#8211; 16:00<\/strong> &#8211; Telonero &#8211; <strong>Magia con I.A. &#8211; Daniel Esc\u00e1nez-Exp\u00f3sito<\/strong><\/p>\n<p><strong>16:00 &#8211; 16:10 &#8211; Presentaci\u00f3n<\/strong> de las Jornadas- Con <strong>Vicente Blanco\u00a0<\/strong><\/p>\n<p>Vicerrector de Transformaci\u00f3n Digital.<\/p>\n<p><strong>16:10-16:25 &#8211; Entrega de Premios del II Concurso de Computaci\u00f3n en la Nube e I.A.<\/strong><\/p>\n<p><strong>16:25-17:10 &#8211; Keynote &#8211; Mois\u00e9s Mart\u00ednez<\/strong><\/p>\n<p>Doctor en IA y Rob\u00f3tica. Google Developer Expert en Machine Learning. Profesor de Big-Data y IA.<\/p>\n<p>Charla: \u00abUnboxing LLMs\u00bb<\/p>\n<p><strong>17:10-17:45 &#8211; Ponente II &#8211; Silvia Garc\u00eda Hern\u00e1ndez<\/strong><\/p>\n<p>Cient\u00edfica de Datos e IA, Impulsora de Canarias AI.<\/p>\n<p>Charla: \u00abXAI en Computer Vision\u00bb<\/p>\n<p><strong>17:45-18:10: Coffee Break<\/strong><\/p>\n<p><strong>18:10-18:45 &#8211; Ponente III &#8211; Jos\u00e9 Julio Rodrigo<\/strong><\/p>\n<p>JJDrones. Responsable del departamento de Ingenier\u00eda en Cartogr\u00e1fica de GRAFCAN.<\/p>\n<p>Charla: \u00abAgnosPCB IA: El aterrizar de una idea\u00bb<\/p>\n<p><strong>18:45-19:30 \u2013 Ponente IV \u2013 Rosa Gil<br \/>\n<\/strong><\/p>\n<p>Doctora en Inform\u00e1tica. Profesora en Universidad de Lleida<\/p>\n<p>Charla: \u00abIA y consciencia\u00bb<\/p>\n<p><strong>19:30-19:45 &#8211; Cierre<\/strong> <strong>de las Jornadas<\/strong>. (con Sorteo)<\/p>\n<p>Tercer evento promovido por las C\u00e1tedras Edosoft en Computaci\u00f3n en la Nube e Inteligencia Artificial y GDG Tenerife.<\/p>\n<p>Este ser\u00e1 un evento de una tarde con ponencias cortas de profesionales de primer nivel en las tem\u00e1ticas.[\/vc_column_text][vc_empty_space height=\u00bb50px\u00bb][\/vc_column_inner][vc_column_inner width=\u00bb1\/2&#8243; css=\u00bb.vc_custom_1628765016948{background-color: #bababa !important;}\u00bb][vc_single_image image=\u00bb580&#8243; img_size=\u00bbfull\u00bb][vc_single_image image=\u00bb577&#8243; img_size=\u00bbfull\u00bb][\/vc_column_inner][\/vc_row_inner][vc_row_inner equal_height=\u00bbyes\u00bb][vc_column_inner width=\u00bb1\/2&#8243; css=\u00bb.vc_custom_1628766616902{background-color: #ffffff !important;}\u00bb][vc_column_text]<\/p>\n<h2>Devfest&#8217;22 &#8211; II Jornadas de Computaci\u00f3n en la Nube e Inteligencia Artificial (Aforo Limitado)<\/h2>\n<p><em>03 de Noviembre (16:00 &#8211; 19:45)<\/em><\/p>\n<p>Sal\u00f3n de Grados de la Escuela Superior de Ingenier\u00eda y Tecnolog\u00eda (ESIT). Campus Anchieta. <strong>Universidad de La Laguna<\/strong><\/p>\n<p><a href=\"https:\/\/youtu.be\/GpC_B-GvTt0\" target=\"_blank\" rel=\"noopener\">Streaming para ver online<\/a><\/p>\n<p><strong>16:00 &#8211; 16:10 &#8211; Presentaci\u00f3n<\/strong> de las Jornadas.<\/p>\n<p><strong>16:10-16:20 &#8211; Entrega de Premios<\/strong><\/p>\n<p><strong>16:25-17:10 &#8211; Keynote &#8211; Laura Morillo-Velarde<\/strong><br \/>\nGoogle Developer Expert en Google Cloud. L\u00edder tecnol\u00f3gico Seedtag<\/p>\n<p>Charla: \u00abSoluciones para tus aplicaciones en la nube de Google\u00bb<\/p>\n<p><strong>17:10-17:30 &#8211; Ponente II &#8211; Andr\u00e9s Asensio Ramos<\/strong><br \/>\nDoctor en Astrof\u00edsica. Instituto de Astrof\u00edsicas de Canarias<\/p>\n<p>Charla: \u00abAprendizaje profundo en Astrof\u00edsica\u00bb<\/p>\n<p><strong>17:30-17:50 &#8211; Ponente III &#8211; Asier Arranz <\/strong><\/p>\n<p>NVIDIA<\/p>\n<p>Charla: IA generativa. Traspasando los l\u00edmites de la creatividad humana.<\/p>\n<p><strong>17:50-18:15: Coffee Break<\/strong><\/p>\n<p><strong>18:15-19:40 &#8211; Mesa Redonda: \u00abSesgo de g\u00e9nero en la IA\u00bb<br \/>\nParticipan: <\/strong><\/p>\n<p><strong>Carina Gonz\u00e1lez Gonz\u00e1lez. <\/strong>Catedr\u00e1tica de la ULL y Directora del instituto de la Mujer.\u00a0<strong><br \/>\nYodra L\u00f3pez Herrera. <\/strong>Cofundadora de Ada{Love}Dev y Desarrolladora de software en The Agile Monkeys.<strong><br \/>\nLaura Morillo<br \/>\nAndr\u00e9s Asensio Ramos<br \/>\nAsier Arranz<\/strong><\/p>\n<p><strong>Moderan:\u00a0 Antonio Fumero y Laura Trujillo<\/strong><\/p>\n<p><strong>19:40-19:45 &#8211; Cierre<\/strong> <strong>de las Jornadas<\/strong>.<\/p>\n<p>Segundo evento promovido por las C\u00e1tedras Edosoft en Computaci\u00f3n en la Nube e Inteligencia Artificial y GDG Tenerife.<\/p>\n<p>Este ser\u00e1 un evento de una tarde con ponencias cortas de profesionales de primer nivel en las tem\u00e1ticas.<\/p>\n<p><a href=\"https:\/\/youtu.be\/GpC_B-GvTt0\" target=\"_blank\" rel=\"noopener\">Streaming para ver online<\/a>[\/vc_column_text][vc_empty_space height=\u00bb50px\u00bb][\/vc_column_inner][vc_column_inner width=\u00bb1\/2&#8243; css=\u00bb.vc_custom_1628765016948{background-color: #bababa !important;}\u00bb][vc_single_image image=\u00bb565&#8243; img_size=\u00bbfull\u00bb][\/vc_column_inner][\/vc_row_inner][vc_empty_space height=\u00bb80px\u00bb][vc_row_inner equal_height=\u00bbyes\u00bb][vc_column_inner width=\u00bb1\/2&#8243; css=\u00bb.vc_custom_1628766616902{background-color: #ffffff !important;}\u00bb][vc_column_text]<\/p>\n<h2><a href=\"https:\/\/www.youtube.com\/watch?v=S1jN2kTf858\" target=\"_blank\" rel=\"noopener\">Devfest&#8217;21 &#8211; I Jornadas de Computaci\u00f3n en la Nube e Inteligencia Artificial (Link)<\/a><\/h2>\n<p><em>29 de Octubre 2021 (15:00 &#8211; 20:00)<\/em><\/p>\n<p>Aula Magna de F\u00edsica y Matem\u00e1ticas. Campus Anchieta.<\/p>\n<p><strong>15:00 &#8211; 15:15 &#8211; Presentaci\u00f3n<\/strong> de las Jornadas.<\/p>\n<p><strong>15:15-16:15 &#8211; Sonia L\u00f3pez Bravo<\/strong><br \/>\nAzure Quantum Technical Writer &#8211; Microsoft.<br \/>\nC\u00f3mo usar Computaci\u00f3n Cu\u00e1ntica hoy sin esperar al S\u00faper Ordenador Cu\u00e1ntico de Ma\u00f1ana.<\/p>\n<p><strong>16:15-17:15 &#8211; M\u00f3nica Villas Olmeda<\/strong><br \/>\nExejecutiva de IBM- Consultora de nuevas tecnolog\u00edas y Docente.<br \/>\nLos retos \u00e9ticos de la IA.<\/p>\n<p><strong>17:15-17:45: Coffee Break<\/strong><\/p>\n<p><strong>17:45-18:45 &#8211; Javier L\u00f3pez Mart\u00ednez<\/strong><br \/>\nArquitecto de soluciones Cloud en Telef\u00f3nica. Google Developer Expert.<br \/>\nC\u00f3mo crear un Negocio con Big Data y Cloud en Tiempos de Crisis.<\/p>\n<p><strong>18:45-19:45 &#8211; Miguel \u00c1ngel Sotelo<\/strong><br \/>\nCatedr\u00e1tico de Universidad. Universidad de Alcal\u00e1. Vice-President for Finance \u2013 IEEE Intelligent Transportation Systems Society.<br \/>\nEl papel de la Inteligencia Artificial en la Conducci\u00f3n Aut\u00f3noma \u2013 La clave para emular el comportamiento humano.<\/p>\n<p><strong>19:45-20:00 &#8211; Fin<\/strong> de las Jornadas. Tiempo de networking.<\/p>\n<p><strong>Universidad de La Laguna \/ Universidad de las Palmas de Gran Canaria\u00a0<\/strong><\/p>\n<p>Primer evento promovido por las C\u00e1tedras Edosoft en Computaci\u00f3n en la Nube e Inteligencia Artificial de la Universidad de la Laguna y la Universidad de las Palmas de Gran Canaria.<\/p>\n<p>Este ser\u00e1 un evento de una tarde con ponencias cortas de profesionales de primer nivel en las tem\u00e1ticas y tendr\u00e1 un formato de ponencias f\u00edsicas desde Tenerife, y conexiones por streaming desde Gran Canaria.[\/vc_column_text][vc_empty_space height=\u00bb50px\u00bb][\/vc_column_inner][vc_column_inner width=\u00bb1\/2&#8243; css=\u00bb.vc_custom_1628765016948{background-color: #bababa !important;}\u00bb][vc_single_image image=\u00bb518&#8243; img_size=\u00bbfull\u00bb][\/vc_column_inner][\/vc_row_inner][vc_empty_space][vc_row_inner equal_height=\u00bbyes\u00bb disable_element=\u00bbyes\u00bb el_id=\u00bbIJornadas\u00bb][vc_column_inner width=\u00bb1\/2&#8243; css=\u00bb.vc_custom_1628766635935{background-color: #ffffff !important;}\u00bb][vc_column_text]<\/p>\n<h2><a href=\"https:\/\/www.youtube.com\/watch?v=S1jN2kTf858\" target=\"_blank\" rel=\"noopener\">I Jornadas de Computaci\u00f3n en la Nube e Inteligencia Artificial (Link)<\/a><\/h2>\n<p><em>29 de Octubre de 2021 (15:00 \u2013 20:00)\u00a0<\/em><\/p>\n<p>Aula Magna de F\u00edsica y Matem\u00e1ticas. Campus Anchieta.<\/p>\n<p><strong>15:00 \u2013 15:15 \u2013 Presentaci\u00f3n<\/strong>\u00a0de las Jornadas.<\/p>\n<p><strong>15:15-16:15 \u2013 Sonia L\u00f3pez Bravo<\/strong><br \/>\nAzure Quantum Technical Writer \u2013 Microsoft.<br \/>\nC\u00f3mo usar Computaci\u00f3n Cu\u00e1ntica hoy sin esperar al S\u00faper Ordenador Cu\u00e1ntico de Ma\u00f1ana.<\/p>\n<p><strong>16:15-17:15 \u2013 M\u00f3nica Villas Olmeda<\/strong><br \/>\nExejecutiva de IBM- Consultora de nuevas tecnolog\u00edas y Docente.<br \/>\nLos retos \u00e9ticos de la IA.<\/p>\n<p><strong>17:15-17:45: Coffee Break<\/strong><\/p>\n<p><strong>17:45-18:45 \u2013 Javier L\u00f3pez Mart\u00ednez<\/strong><br \/>\nArquitecto de soluciones Cloud en Telef\u00f3nica. Google Developer Expert.<br \/>\nC\u00f3mo crear un Negocio con Big Data y Cloud en Tiempos de Crisis.<\/p>\n<p><strong>18:45-19:45 \u2013 Miguel \u00c1ngel Sotelo<\/strong><br \/>\nCatedr\u00e1tico de Universidad. Universidad de Alcal\u00e1. Vice-President for Finance \u2013 IEEE Intelligent Transportation Systems Society.<br \/>\nEl papel de la Inteligencia Artificial en la Conducci\u00f3n Aut\u00f3noma \u2013 La clave para emular el comportamiento humano.<\/p>\n<p><strong>19:45-20:00 \u2013 Fin<\/strong>\u00a0de las Jornadas. Tiempo de networking.<\/p>\n<p><strong>Universidad de La Laguna \/ Universidad de las Palmas de Gran Canaria\u00a0<\/strong><\/p>\n<p>Primer evento promovido por las C\u00e1tedras Edosoft en Computaci\u00f3n en la Nube e Inteligencia Artificial de la Universidad de la Laguna y la Universidad de las Palmas de Gran Canaria.<\/p>\n<p>Este ser\u00e1 un evento de una tarde con ponencias cortas de profesionales de primer nivel en las tem\u00e1ticas y tendr\u00e1 un formato de ponencias f\u00edsicas desde Tenerife, y conexiones por streaming desde Gran Canaria.<\/p>\n<p>NO TE QUEDES FUERA Y AP\u00daNTATE.<\/p>\n<p><a href=\"https:\/\/docs.google.com\/forms\/d\/11EX5i43f6eD8I_GF1t5zdDTk_VLmTdguTvnE0SywXNs\/edit\" target=\"_blank\" rel=\"noopener\" target=\"_blank\" rel=\"noopener\">APUNTATE -&gt;<\/a><\/p>\n<p>01\/07\/2021 &#8211; 01\/07\/2021[\/vc_column_text][vc_empty_space height=\u00bb50px\u00bb][\/vc_column_inner][vc_column_inner width=\u00bb1\/2&#8243; css=\u00bb.vc_custom_1628765457600{background-color: #bababa !important;}\u00bb][vc_single_image image=\u00bb476&#8243; img_size=\u00bbfull\u00bb][\/vc_column_inner][vc_column_inner][\/vc_column_inner][\/vc_row_inner][vc_empty_space height=\u00bb50px\u00bb][\/vc_column][\/vc_row]<\/p>\n","protected":false},"excerpt":{"rendered":"<p>[vc_row full_width=\u00bbstretch_row_content\u00bb css=\u00bb.vc_custom_1628769285954{padding-right: 5% !important;padding-left: 5% !important;background-color: #d6efff !important;}\u00bb][vc_column][vc_custom_heading text=\u00bbEventos\u00bb font_container=\u00bbtag:h2|text_align:left|color:%231f0354&#8243; use_theme_fonts=\u00bbyes\u00bb][vc_column_text]Aqu\u00ed podr\u00e1s consultar los eventos que promueve o en los que participa la C\u00e1tedra.[\/vc_column_text][vc_empty_space height=\u00bb80px\u00bb][vc_row_inner equal_height=\u00bbyes\u00bb][vc_column_inner width=\u00bb1\/2&#8243; css=\u00bb.vc_custom_1628766616902{background-color: #ffffff !important;}\u00bb][vc_column_text css_animation=\u00bbnone\u00bb] Devfest&#8217;23 &#8211; III Jornadas de Computaci\u00f3n en la Nube e Inteligencia Artificial (Aforo Limitado) 14 de Diciembre (16:00 &#8211; 19:45) Reserva tu entrada&#8230;<\/p>\n","protected":false},"author":5,"featured_media":0,"parent":0,"menu_order":0,"comment_status":"closed","ping_status":"closed","template":"templates\/template-frontpage.php","meta":[],"_links":{"self":[{"href":"https:\/\/www.ull.es\/catedras\/catedra-edosoft-computacion-nube\/wp-json\/wp\/v2\/pages\/171"}],"collection":[{"href":"https:\/\/www.ull.es\/catedras\/catedra-edosoft-computacion-nube\/wp-json\/wp\/v2\/pages"}],"about":[{"href":"https:\/\/www.ull.es\/catedras\/catedra-edosoft-computacion-nube\/wp-json\/wp\/v2\/types\/page"}],"author":[{"embeddable":true,"href":"https:\/\/www.ull.es\/catedras\/catedra-edosoft-computacion-nube\/wp-json\/wp\/v2\/users\/5"}],"replies":[{"embeddable":true,"href":"https:\/\/www.ull.es\/catedras\/catedra-edosoft-computacion-nube\/wp-json\/wp\/v2\/comments?post=171"}],"version-history":[{"count":49,"href":"https:\/\/www.ull.es\/catedras\/catedra-edosoft-computacion-nube\/wp-json\/wp\/v2\/pages\/171\/revisions"}],"predecessor-version":[{"id":583,"href":"https:\/\/www.ull.es\/catedras\/catedra-edosoft-computacion-nube\/wp-json\/wp\/v2\/pages\/171\/revisions\/583"}],"wp:attachment":[{"href":"https:\/\/www.ull.es\/catedras\/catedra-edosoft-computacion-nube\/wp-json\/wp\/v2\/media?parent=171"}],"curies":[{"name":"wp","href":"https:\/\/api.w.org\/{rel}","templated":true}]}}