{"id":1154,"date":"2024-08-12T10:32:14","date_gmt":"2024-08-12T10:32:14","guid":{"rendered":"https:\/\/www.ull.es\/centros\/facultad-derecho\/?page_id=1154"},"modified":"2025-04-10T12:25:10","modified_gmt":"2025-04-10T12:25:10","slug":"inicio-2","status":"publish","type":"page","link":"https:\/\/www.ull.es\/centros\/facultad-derecho\/","title":{"rendered":"Inicio 2"},"content":{"rendered":"<p>[vc_row full_width=\u00bbstretch_row_content_no_spaces\u00bb el_class=\u00bbSliderPortada\u00bb][vc_column][rev_slider_vc alias=\u00bbportada\u00bb][\/vc_column][\/vc_row][vc_row full_width=\u00bbstretch_row_content_no_spaces\u00bb][vc_column][vc_custom_heading text=\u00bb\u00bb font_container=\u00bbtag:h2|text_align:center\u00bb google_fonts=\u00bbfont_family:Montserrat%3Aregular%2C700|font_style:700%20bold%20regular%3A700%3Anormal\u00bb css=\u00bb.vc_custom_1721221176088{padding-top: 15px !important;padding-bottom: 15px !important;background-color: #360060 !important;}\u00bb][\/vc_column][\/vc_row][vc_row full_width=\u00bbstretch_row\u00bb css=\u00bb.vc_custom_1721379224440{background-color: #ffffff !important;}\u00bb][vc_column][vc_row_inner equal_height=\u00bbyes\u00bb content_placement=\u00bbmiddle\u00bb gap=\u00bb35&#8243; el_class=\u00bbsegundo-bloque\u00bb][vc_column_inner el_class=\u00bbfeature-btn\u00bb width=\u00bb1\/4&#8243; css=\u00bb.vc_custom_1721817625983{background-color: #efefef !important;border-radius: 5px !important;}\u00bb][vc_single_image image=\u00bb1199&#8243; img_size=\u00bbfull\u00bb alignment=\u00bbcenter\u00bb onclick=\u00bbcustom_link\u00bb link=\u00bbhttps:\/\/www.ull.es\/centros\/facultad-derecho\/informacion-general\/sistema-de-garantia-de-calidad\/\u00bb][vc_column_text el_class=\u00bbfeature-link\u00bb]<a class=\"destacado\" style=\"color: #360060 !important;\" href=\"https:\/\/www.ull.es\/centros\/facultad-derecho\/informacion-general\/sistema-de-garantia-de-calidad\/\" target=\"_blank\" rel=\"noopener noreferrer\" target=\"_blank\" rel=\"noopener\">Sistema de Garant\u00eda de Calidad<\/a>[\/vc_column_text][\/vc_column_inner][vc_column_inner el_class=\u00bbfeature-btn\u00bb width=\u00bb1\/4&#8243; css=\u00bb.vc_custom_1721817633862{background-color: #efefef !important;border-radius: 5px !important;}\u00bb][vc_single_image image=\u00bb1191&#8243; img_size=\u00bbfull\u00bb alignment=\u00bbcenter\u00bb onclick=\u00bbcustom_link\u00bb link=\u00bbhttps:\/\/www.ull.es\/centros\/facultad-derecho\/docencia\/titulaciones\/\u00bb][vc_column_text el_class=\u00bbfeature-link\u00bb css=\u00bb.vc_custom_1723459583549{padding-bottom: 25px !important;}\u00bb]<a class=\"destacado\" style=\"color: #360060 !important;\" href=\"https:\/\/www.ull.es\/centros\/facultad-derecho\/docencia\/titulaciones\/\" target=\"_blank\" rel=\"noopener noreferrer\" target=\"_blank\" rel=\"noopener\">Titulaciones<\/a>[\/vc_column_text][\/vc_column_inner][vc_column_inner el_class=\u00bbfeature-btn\u00bb width=\u00bb1\/4&#8243; css=\u00bb.vc_custom_1721817642158{background-color: #efefef !important;border-radius: 5px !important;}\u00bb][vc_single_image image=\u00bb1168&#8243; img_size=\u00bbfull\u00bb alignment=\u00bbcenter\u00bb onclick=\u00bbcustom_link\u00bb link=\u00bbhttps:\/\/www.ull.es\/centros\/facultad-derecho\/docencia\/programas-de-movilidad\/\u00bb][vc_column_text el_class=\u00bbfeature-link\u00bb css=\u00bb.vc_custom_1723459601773{padding-bottom: 25px !important;}\u00bb]<a class=\"destacado\" style=\"color: #360060 !important;\" href=\"https:\/\/www.ull.es\/centros\/facultad-derecho\/docencia\/programas-de-movilidad\/\" target=\"_blank\" rel=\"noopener noreferrer\" target=\"_blank\" rel=\"noopener\">Programa de Movilidad<\/a>[\/vc_column_text][\/vc_column_inner][vc_column_inner el_class=\u00bbfeature-btn\u00bb width=\u00bb1\/4&#8243; css=\u00bb.vc_custom_1721817651445{background-color: #efefef !important;border-radius: 5px !important;}\u00bb][vc_single_image image=\u00bb1201&#8243; img_size=\u00bbfull\u00bb alignment=\u00bbcenter\u00bb onclick=\u00bbcustom_link\u00bb link=\u00bbhttps:\/\/www.ull.es\/centros\/facultad-derecho\/docencia\/orientacion-y-tutorizacion\/\u00bb][vc_column_text el_class=\u00bbfeature-link\u00bb css=\u00bb.vc_custom_1723459529349{padding-bottom: 25px !important;}\u00bb]<a class=\"destacado\" style=\"color: #360060 !important;\" href=\"https:\/\/www.ull.es\/centros\/facultad-derecho\/docencia\/orientacion-y-tutorizacion\/\" target=\"_blank\" rel=\"noopener noreferrer\" target=\"_blank\" rel=\"noopener\">Orientaci\u00f3n y tutorizaci\u00f3n<\/a>[\/vc_column_text][\/vc_column_inner][\/vc_row_inner][\/vc_column][\/vc_row][vc_row full_width=\u00bbstretch_row\u00bb css=\u00bb.vc_custom_1725515542103{background-color: #ffffff !important;}\u00bb][vc_column width=\u00bb2\/3&#8243; offset=\u00bbvc_hidden-sm vc_hidden-xs\u00bb css=\u00bb.vc_custom_1725515650243{margin-top: 25px !important;}\u00bb][vc_cta h2=\u00bb\u00bb txt_align=\u00bbcenter\u00bb el_width=\u00bblg\u00bb add_button=\u00bbright\u00bb btn_title=\u00bbSolicitar\u00bb btn_style=\u00bbcustom\u00bb btn_custom_background=\u00bb#360060&#8243; btn_custom_text=\u00bb#ffffff\u00bb btn_align=\u00bbcenter\u00bb add_icon=\u00bbleft\u00bb i_icon_fontawesome=\u00bbfas fa-question-circle\u00bb i_color=\u00bbcustom\u00bb i_size=\u00bblg\u00bb btn_button_block=\u00bbtrue\u00bb btn_link=\u00bburl:https%3A%2F%2Fwww.ull.es%2Fcitaprevia%2F\u00bb i_custom_color=\u00bb#360060&#8243;]<strong><span style=\"color: #360060;\">Cita previa<\/span><\/strong>[\/vc_cta][vc_cta h2=\u00bb\u00bb txt_align=\u00bbcenter\u00bb el_width=\u00bblg\u00bb add_button=\u00bbright\u00bb btn_title=\u00bbAcceder\u00bb btn_style=\u00bbcustom\u00bb btn_custom_background=\u00bb#360060&#8243; btn_custom_text=\u00bb#ffffff\u00bb btn_align=\u00bbcenter\u00bb add_icon=\u00bbleft\u00bb i_icon_fontawesome=\u00bbfas fa-tv\u00bb i_color=\u00bbcustom\u00bb i_size=\u00bblg\u00bb btn_button_block=\u00bbtrue\u00bb btn_link=\u00bburl:https%3A%2F%2Fcampusvirtual.ull.es%2F\u00bb i_custom_color=\u00bb#360060&#8243;]<strong><span style=\"color: #360060;\">Campus virtual<\/span><\/strong>[\/vc_cta][vc_cta h2=\u00bb\u00bb txt_align=\u00bbcenter\u00bb el_width=\u00bblg\u00bb add_button=\u00bbright\u00bb btn_title=\u00bbAcceder\u00bb btn_style=\u00bbcustom\u00bb btn_custom_background=\u00bb#360060&#8243; btn_custom_text=\u00bb#ffffff\u00bb btn_align=\u00bbcenter\u00bb add_icon=\u00bbleft\u00bb i_icon_fontawesome=\u00bbfas fa-language\u00bb i_color=\u00bbcustom\u00bb i_size=\u00bblg\u00bb btn_button_block=\u00bbtrue\u00bb btn_link=\u00bburl:https%3A%2F%2Fwww.ull.es%2Fcentros%2Ffacultad-derecho%2Faula-de-idiomas%2F\u00bb i_custom_color=\u00bb#360060&#8243;]<strong><span style=\"color: #360060;\">Aula de idiomas<\/span><\/strong>[\/vc_cta][vc_cta h2=\u00bb\u00bb txt_align=\u00bbcenter\u00bb el_width=\u00bblg\u00bb add_button=\u00bbright\u00bb btn_title=\u00bbAcceder\u00bb btn_style=\u00bbcustom\u00bb btn_custom_background=\u00bb#360060&#8243; btn_custom_text=\u00bb#ffffff\u00bb btn_align=\u00bbcenter\u00bb add_icon=\u00bbleft\u00bb i_icon_fontawesome=\u00bbfas fa-envelope\u00bb i_color=\u00bbcustom\u00bb i_size=\u00bblg\u00bb btn_button_block=\u00bbtrue\u00bb btn_link=\u00bburl:https%3A%2F%2Fwww.ull.es%2Fcentros%2Ffacultad-derecho%2Felecciones\u00bb i_custom_color=\u00bb#360060&#8243;]<strong><span style=\"color: #360060;\">Elecciones<\/span><\/strong>[\/vc_cta][\/vc_column][vc_column width=\u00bb1\/3&#8243; offset=\u00bbvc_hidden-sm vc_hidden-xs\u00bb][vc_column_text]<style>\n    .news-group .bg-size {\n        background-position: center;\n        background-size: cover;\n        width: 100%;\n        height: 48px;\n    }\n    .news-group .list-group-item-text {\n        font-size: 13px;\n    }\n    .news-group .col-md-3 {\n        padding-right: 0;\n    }\n    .news-group .list-group-item-date {\n        font-size: 11px;\n        color: #A4A4A4;\n        margin-bottom: 2px;\n        text-transform: uppercase;\n    }\n\n    .mensaje.alert-warning{\n        font-size: 12px;\n        margin: 14px !important;\n        padding: 4px 8px;\n        color: #cca60b;\n    }\n\n<\/style>\n\n<div class=\"panel panel-default\">\n    <div class=\"panel-heading\">\n        <h3 class=\"panel-title\">Notificaciones<\/h3>\n    <\/div>\n\n    <div class=\"list-group news-group\">\n                            <a href=\"https:\/\/www.ull.es\/portal\/noticias\/2026\/la-resolucion-de-13-de-abril-de-2026-de-la-decana-de-la-facultad-de-derecho-por-la-que-se-publica-la-relacion-provisional-de-admitidos-e-inadmitidos-de-las-solicitudes-de-traslado-de-expediente-y-co\/\" class=\"list-group-item\">\n                    <div class=\"row\">\n                        <div class=\"col-md-12\">\n                            <p class=\"list-group-item-date\">\n                                13 Apr 2026 - 08:34 UTC                            <\/p>\n                            <p class=\"list-group-item-text\">La Resoluci\u00f3n de 13 de abril de 2026, de la Decana de la Facultad de Derecho, por la que se publica la relaci\u00f3n provisional de admitidos e inadmitidos de las solicitudes de traslado de expediente y convalidaci\u00f3n de estudio extranjeros de la convocatoria ordinaria para el curso 2026-27 (Rectificada a la resoluci\u00f3n del 09\/04\/26)<\/p>\n                        <\/div>\n                    <\/div>\n                <\/a>\n                            <a href=\"https:\/\/www.ull.es\/portal\/noticias\/2026\/la-resolucion-de-9-de-abril-de-2026-de-la-decana-de-la-facultad-de-derecho-por-la-que-se-publica-la-relacion-provisional-de-admitidos-e-inadmitidos-de-las-solicitudes-de-traslado-de-expediente-y-con\/\" class=\"list-group-item\">\n                    <div class=\"row\">\n                        <div class=\"col-md-12\">\n                            <p class=\"list-group-item-date\">\n                                09 Apr 2026 - 13:20 UTC                            <\/p>\n                            <p class=\"list-group-item-text\">La Resoluci\u00f3n de 9 de abril de 2026, de la Decana de la Facultad de Derecho, por la que se publica la relaci\u00f3n provisional de admitidos e inadmitidos de las solicitudes de traslado de expediente y convalidaci\u00f3n de estudio extranjeros de la convocatoria ordinaria para el curso 2026-27.<\/p>\n                        <\/div>\n                    <\/div>\n                <\/a>\n                            <a href=\"https:\/\/www.ull.es\/portal\/noticias\/2026\/resolucion-de-5-de-febrero-de-2026-de-la-decana-de-la-facultad-de-derecho-por-la-que-se-resuelven-los-premios-de-estudios-juridicos\/\" class=\"list-group-item\">\n                    <div class=\"row\">\n                        <div class=\"col-md-12\">\n                            <p class=\"list-group-item-date\">\n                                05 Feb 2026 - 11:14 UTC                            <\/p>\n                            <p class=\"list-group-item-text\">Resoluci\u00f3n de 5 de febrero de 2026, de la Decana de la Facultad de Derecho por la que se resuelven los Premios de Estudios Jur\u00eddicos<\/p>\n                        <\/div>\n                    <\/div>\n                <\/a>\n                            <a href=\"https:\/\/www.ull.es\/portal\/noticias\/2026\/la-biblioteca-de-derecho-y-ciencias-sociales-permanecera-cerrada-el-jueves-29-y-el-viernes-30-de-enero-en-horario-de-manana\/\" class=\"list-group-item\">\n                    <div class=\"row\">\n                        <div class=\"col-md-12\">\n                            <p class=\"list-group-item-date\">\n                                28 Jan 2026 - 08:41 UTC                            <\/p>\n                            <p class=\"list-group-item-text\">La Biblioteca de Derecho y Ciencias Sociales permanecer\u00e1 cerrada el jueves 29 y el viernes 30 de enero en horario de ma\u00f1ana<\/p>\n                        <\/div>\n                    <\/div>\n                <\/a>\n                <\/div>\n    <div class=\"panel-footer\">\n        <a href=\"https:\/\/www.ull.es\/portal\/noticias\/?cat=3800\">M\u00c1S NOTIFICACIONES <i class=\"fa fa-chevron-right\"><\/i><\/a>\n    <\/div>\n\n\n<\/div>[\/vc_column_text][\/vc_column][\/vc_row][vc_row full_width=\u00bbstretch_row\u00bb css=\u00bb.vc_custom_1721818200951{margin-top: -17.5px !important;margin-bottom: 20px !important;background-color: #ffffff !important;}\u00bb][vc_column width=\u00bb2\/3&#8243; offset=\u00bbvc_hidden-lg vc_hidden-md\u00bb][vc_cta h2=\u00bb\u00bb txt_align=\u00bbcenter\u00bb add_button=\u00bbbottom\u00bb btn_title=\u00bbSolicitar\u00bb btn_style=\u00bbcustom\u00bb btn_custom_background=\u00bb#360060&#8243; btn_custom_text=\u00bb#ffffff\u00bb btn_align=\u00bbcenter\u00bb add_icon=\u00bbtop\u00bb i_icon_fontawesome=\u00bbfas fa-question-circle\u00bb i_color=\u00bbcustom\u00bb btn_button_block=\u00bbtrue\u00bb btn_link=\u00bburl:https%3A%2F%2Fwww.ull.es%2Fcitaprevia%2F\u00bb i_custom_color=\u00bb#360060&#8243;]<\/p>\n<h4><span style=\"color: #360060;\">CITA PREVIA<\/span><\/h4>\n<p>[\/vc_cta][vc_cta h2=\u00bb\u00bb txt_align=\u00bbcenter\u00bb add_button=\u00bbbottom\u00bb btn_title=\u00bbAcceder\u00bb btn_style=\u00bbcustom\u00bb btn_custom_background=\u00bb#360060&#8243; btn_custom_text=\u00bb#ffffff\u00bb btn_align=\u00bbcenter\u00bb add_icon=\u00bbtop\u00bb i_icon_fontawesome=\u00bbfas fa-tv\u00bb i_color=\u00bbcustom\u00bb btn_button_block=\u00bbtrue\u00bb btn_link=\u00bburl:https%3A%2F%2Fcampusvirtual.ull.es%2F\u00bb i_custom_color=\u00bb#360060&#8243;]<\/p>\n<h4><span style=\"color: #360060;\">CAMPUS VIRTUAL<\/span><\/h4>\n<p>[\/vc_cta][vc_cta h2=\u00bb\u00bb txt_align=\u00bbcenter\u00bb add_button=\u00bbbottom\u00bb btn_title=\u00bbSolicitar\u00bb btn_style=\u00bbcustom\u00bb btn_custom_background=\u00bb#360060&#8243; btn_custom_text=\u00bb#ffffff\u00bb btn_align=\u00bbcenter\u00bb add_icon=\u00bbtop\u00bb i_icon_fontawesome=\u00bbfas fa-users-cog\u00bb i_color=\u00bbcustom\u00bb btn_button_block=\u00bbtrue\u00bb btn_link=\u00bburl:https%3A%2F%2Fwww.ull.es%2Fcentros%2Ffacultad-derecho%2Faula-de-idiomas%2F\u00bb i_custom_color=\u00bb#360060&#8243;]<\/p>\n<h4><span style=\"color: #360060;\">AULA DE IDIOMAS<\/span><\/h4>\n<p>[\/vc_cta][vc_cta h2=\u00bb\u00bb txt_align=\u00bbcenter\u00bb add_button=\u00bbbottom\u00bb btn_title=\u00bbSolicitar\u00bb btn_style=\u00bbcustom\u00bb btn_custom_background=\u00bb#360060&#8243; btn_custom_text=\u00bb#ffffff\u00bb btn_align=\u00bbcenter\u00bb add_icon=\u00bbtop\u00bb i_icon_fontawesome=\u00bbfas fa-envelope\u00bb i_color=\u00bbcustom\u00bb btn_button_block=\u00bbtrue\u00bb btn_link=\u00bburl:https%3A%2F%2Fwww.ull.es%2Fcentros%2Ffacultad-derecho%2Felecciones\u00bb i_custom_color=\u00bb#360060&#8243;]<\/p>\n<h4><span style=\"color: #360060;\">ELECCIONES<\/span><\/h4>\n<p>[\/vc_cta][\/vc_column][\/vc_row][vc_row][vc_column offset=\u00bbvc_hidden-lg vc_hidden-md vc_hidden-sm vc_hidden-xs\u00bb][vc_column_text el_class=\u00bbtitle-text\u00bb]<\/p>\n<h3 style=\"text-align: center;\">Facultad de Ciencias<\/h3>\n<p>[\/vc_column_text][vc_column_text]<\/p>\n<p style=\"text-align: center;\">La Facultad de Ciencias es el \u00f3rgano encargado de la organizaci\u00f3n de las ense\u00f1anzas y los procesos acad\u00e9micos, administrativos y de gesti\u00f3n conducentes a la obtenci\u00f3n de t\u00edtulos de car\u00e1cter oficial y validez en todo el territorio nacional que se impartan en ella y dem\u00e1s t\u00edtulos que establezca la legislaci\u00f3n vigente.<\/p>\n<p>[\/vc_column_text][vc_empty_space height=\u00bb20px\u00bb][vc_row_inner][vc_column_inner][vc_column_text]<a class=\"btn-icono cinco\" href=\"https:\/\/citaprevia.ull.es\/index.php?s=ciencias\" target=\"_blank\" rel=\"noopener\"><i class=\"fa fa-pen-square\"><\/i><span class=\"text-icon\">Cita Previa<\/span><\/a>[\/vc_column_text][vc_column_text]<a class=\"btn-icono uno\" href=\"https:\/\/campusvirtual.ull.es\" target=\"_blank\" rel=\"noopener\"><i class=\"fa fa-desktop\"><\/i><span class=\"text-icon\">Campus Virtual<\/span><\/a>[\/vc_column_text][vc_column_text]<a class=\"btn-icono dos\" style=\"margin-top: 11px;\" href=\"https:\/\/www.ull.es\/centros\/facultad-ciencias\/docencia\/titulaciones\/\" target=\"_blank\" rel=\"noopener\"><i class=\"fa fa-graduation-cap\"><\/i><span class=\"text-icon\">Titulaciones<\/span><\/a>[\/vc_column_text][vc_column_text]<a class=\"btn-icono tres\" href=\"https:\/\/www.ull.es\/centros\/facultad-ciencias\/elecciones-a-representantes-de-junta-de-facultad\/\" target=\"_blank\" rel=\"noopener\"><i class=\"fa fa-envelope-open\"><\/i><span class=\"text-icon\">Elecciones<\/span><\/a>[\/vc_column_text][vc_column_text]<a class=\"btn-icono cuatro\" href=\"https:\/\/www.ull.es\/centros\/facultad-ciencias\/informacion-general\/sistema-de-garantia-de-calidad\/\" target=\"_blank\" rel=\"noopener\"><i class=\"fa fa-hand-point-right\"><\/i><span class=\"text-icon\">Sist. Garant\u00eda de calidad<\/span><\/a>[\/vc_column_text][vc_column_text]<a class=\"btn-icono seis\" href=\"https:\/\/www.ull.es\/centros\/facultad-ciencias\/informacion-general\/infraestructuras-y-servicios\/\" target=\"_blank\" rel=\"noopener\"><i class=\"fa fa-building\"><\/i><span class=\"text-icon\">Infraestructuras y servicios<\/span><\/a>[\/vc_column_text][vc_column_text]<a class=\"btn-icono siete\" href=\"https:\/\/www.ull.es\/centros\/facultad-ciencias\/docencia\/programas-de-movilidad\/\" target=\"_blank\" rel=\"noopener\"><i class=\"fa fa-globe\"><\/i><span class=\"text-icon\">Programas de movilidad<\/span><\/a>[\/vc_column_text][vc_column_text]<a class=\"btn-icono ocho\" href=\"https:\/\/www.ull.es\/centros\/facultad-ciencias\/proyecto-de-innovacion-educativa\/\" target=\"_blank\" rel=\"noopener\"><i class=\"fa fa-asterisk\"><\/i><span class=\"text-icon\">Proyectos de Innovaci\u00f3n Educativa<\/span><\/a>[\/vc_column_text][\/vc_column_inner][\/vc_row_inner][vc_empty_space height=\u00bb20px\u00bb][\/vc_column][\/vc_row][vc_row full_width=\u00bbstretch_row\u00bb css=\u00bb.vc_custom_1493903710709{margin-bottom: 50px !important;background-color: #ffffff !important;}\u00bb][vc_column width=\u00bb1\/3&#8243; offset=\u00bbvc_hidden-lg vc_hidden-md\u00bb][vc_column_text]<style>\n    .news-group .bg-size {\n        background-position: center;\n        background-size: cover;\n        width: 100%;\n        height: 48px;\n    }\n    .news-group .list-group-item-text {\n        font-size: 13px;\n    }\n    .news-group .col-md-3 {\n        padding-right: 0;\n    }\n    .news-group .list-group-item-date {\n        font-size: 11px;\n        color: #A4A4A4;\n        margin-bottom: 2px;\n        text-transform: uppercase;\n    }\n\n    .mensaje.alert-warning{\n        font-size: 12px;\n        margin: 14px !important;\n        padding: 4px 8px;\n        color: #cca60b;\n    }\n<\/style>\n\n<div class=\"panel panel-default\">\n    <div class=\"panel-heading\">\n        <h3 class=\"panel-title\">Noticias<\/h3>\n    <\/div>\n\n    <div class=\"list-group news-group\">\n                    <a href=\"https:\/\/www.ull.es\/portal\/noticias\/2026\/la-universidad-de-la-laguna-rinde-homenaje-a-francisco-tomas-y-valiente-en-el-30-aniversario-de-su-asesinato\/\" class=\"list-group-item\">\n                <div class=\"row\">\n                    <div class=\"col-md-3\">\n                        <div class=\"bg-size\" style=\"background-image: url('https:\/\/www.ull.es\/portal\/noticias\/wp-content\/uploads\/sites\/13\/2026\/04\/Homen-Franc-Tomas-y-Valiente-01-300x200.jpg');\"><\/div>\n                    <\/div>\n                    <div class=\"col-md-9\">\n                        <p class=\"list-group-item-date\">\n                            24 Apr 2026 - 14:11 UTC                        <\/p>\n                        <p class=\"list-group-item-text\">La Universidad de La Laguna rinde homenaje a Francisco Tom\u00e1s y Valiente en el 30 aniversario de su asesinato<\/p>\n                    <\/div>\n                <\/div>\n            <\/a>\n                    <a href=\"https:\/\/www.ull.es\/portal\/noticias\/2026\/la-facultad-de-derecho-celebra-las-vi-jornadas-de-salidas-profesionales\/\" class=\"list-group-item\">\n                <div class=\"row\">\n                    <div class=\"col-md-3\">\n                        <div class=\"bg-size\" style=\"background-image: url('https:\/\/www.ull.es\/portal\/noticias\/wp-content\/uploads\/sites\/13\/2026\/04\/Jornadas-salidas-profesionales-300x200.jpg');\"><\/div>\n                    <\/div>\n                    <div class=\"col-md-9\">\n                        <p class=\"list-group-item-date\">\n                            15 Apr 2026 - 09:37 UTC                        <\/p>\n                        <p class=\"list-group-item-text\">La Facultad de Derecho celebra las VI Jornadas de salidas profesionales<\/p>\n                    <\/div>\n                <\/div>\n            <\/a>\n                    <a href=\"https:\/\/www.ull.es\/portal\/noticias\/2026\/facultad-derecho-aula-cine-iii-ciclo-cine-juridico\/\" class=\"list-group-item\">\n                <div class=\"row\">\n                    <div class=\"col-md-3\">\n                        <div class=\"bg-size\" style=\"background-image: url('https:\/\/www.ull.es\/portal\/noticias\/wp-content\/uploads\/sites\/13\/2026\/04\/ciclo-cine-juridico-ull-300x200.jpg');\"><\/div>\n                    <\/div>\n                    <div class=\"col-md-9\">\n                        <p class=\"list-group-item-date\">\n                            06 Apr 2026 - 13:07 UTC                        <\/p>\n                        <p class=\"list-group-item-text\">La Facultad de Derecho y el Aula de Cine de la ULL celebraron el III Ciclo de Cine Jur\u00eddico<\/p>\n                    <\/div>\n                <\/div>\n            <\/a>\n                    <a href=\"https:\/\/www.ull.es\/portal\/noticias\/2026\/la-facultad-de-derecho-aborda-los-problemas-de-la-instrumentalizacion-de-las-mujeres-en-el-marco-del-8m\/\" class=\"list-group-item\">\n                <div class=\"row\">\n                    <div class=\"col-md-3\">\n                        <div class=\"bg-size\" style=\"background-image: url('https:\/\/www.ull.es\/portal\/noticias\/wp-content\/uploads\/sites\/13\/2026\/03\/Acto-8M-Derecho-26-300x225.jpeg');\"><\/div>\n                    <\/div>\n                    <div class=\"col-md-9\">\n                        <p class=\"list-group-item-date\">\n                            27 Mar 2026 - 12:06 UTC                        <\/p>\n                        <p class=\"list-group-item-text\">La Facultad de Derecho aborda los problemas de la instrumentalizaci\u00f3n de las mujeres en el marco del 8M<\/p>\n                    <\/div>\n                <\/div>\n            <\/a>\n                    <a href=\"https:\/\/www.ull.es\/portal\/noticias\/2026\/la-ull-celebra-unas-jornadas-sobre-la-evolucion-del-derecho-de-familia-en-la-practica\/\" class=\"list-group-item\">\n                <div class=\"row\">\n                    <div class=\"col-md-3\">\n                        <div class=\"bg-size\" style=\"background-image: url('https:\/\/www.ull.es\/portal\/noticias\/wp-content\/uploads\/sites\/13\/2026\/03\/Imagen-Jornadas-2-300x200.jpg');\"><\/div>\n                    <\/div>\n                    <div class=\"col-md-9\">\n                        <p class=\"list-group-item-date\">\n                            24 Mar 2026 - 11:35 UTC                        <\/p>\n                        <p class=\"list-group-item-text\">La ULL celebra unas jornadas sobre la evoluci\u00f3n del Derecho de Familia en la pr\u00e1ctica<\/p>\n                    <\/div>\n                <\/div>\n            <\/a>\n            <\/div>\n    <div class=\"panel-footer\">\n        <a href=\"https:\/\/www.ull.es\/portal\/noticias\/?cat=3799\">M\u00c1S NOTICIAS <i class=\"fa fa-chevron-right\"><\/i><\/a>\n    <\/div>\n\n\n<\/div>[\/vc_column_text][\/vc_column][vc_column width=\u00bb1\/3&#8243; offset=\u00bbvc_hidden-lg vc_hidden-md\u00bb][vc_column_text]\n<style>\n    .events-group .bg-size {\n        background-position: center;\n        background-size: cover;\n        width: 100%;\n        height: 48px;\n    }\n    .events-group .list-group-item-text {\n        font-size: 13px;\n    }\n    .events-group .col-md-3 {\n        padding-right: 0;\n    }\n    .events-group .list-group-item-date {\n        font-size: 11px;\n        color: #A4A4A4;\n        margin-bottom: 2px;\n        text-transform: uppercase;\n    }\n\n    .mensaje.alert-warning{\n        font-size: 12px;\n        margin: 14px !important;\n        padding: 4px 8px;\n        color: #cca60b;\n    }\n\n<\/style>\n\n<div class=\"panel panel-default\">\n    <div class=\"panel-heading\">\n        <h3 class=\"panel-title\">Eventos<\/h3>\n    <\/div>\n\n    <div class=\"list-group events-group\">\n                    <a href=\"https:\/\/www.ull.es\/portal\/agenda\/evento\/ii-jornadas-de-derecho-internacional-privado-de-canarias\/\" class=\"list-group-item\">\n                <div class=\"row\">\n                    <div class=\"col-md-3\">\n                        <div class=\"bg-size\" style=\"background-image: url('https:\/\/www.ull.es\/portal\/agenda\/wp-content\/uploads\/sites\/12\/2026\/04\/Cartel-II-JORNADAS-DIPr-CANARIAS-evento.jpg');\"><\/div>\n                    <\/div>\n                    <div class=\"col-md-9\">\n                        <p class=\"list-group-item-date\">\n                            27\/04\/26 - 27\/04\/26                        <\/p>\n                        <p class=\"list-group-item-text\">II Jornadas de Derecho Internacional Privado de Canarias<\/p>\n                    <\/div>\n\n                <\/div>\n            <\/a>\n                    <a href=\"https:\/\/www.ull.es\/portal\/agenda\/evento\/iv-jornadas-universitarias-dia-internacional-de-la-seguridad-y-salud-en-el-trabajo\/\" class=\"list-group-item\">\n                <div class=\"row\">\n                    <div class=\"col-md-3\">\n                        <div class=\"bg-size\" style=\"background-image: url('https:\/\/www.ull.es\/portal\/agenda\/wp-content\/uploads\/sites\/12\/2026\/04\/Internacional-de-la-Seguridad-y-Salud.jpg');\"><\/div>\n                    <\/div>\n                    <div class=\"col-md-9\">\n                        <p class=\"list-group-item-date\">\n                            27\/04\/26 - 27\/04\/26                        <\/p>\n                        <p class=\"list-group-item-text\">IV Jornadas Universitarias \u201cD\u00eda Internacional de la Seguridad y Salud en el Trabajo\u201d<\/p>\n                    <\/div>\n\n                <\/div>\n            <\/a>\n                    <a href=\"https:\/\/www.ull.es\/portal\/agenda\/evento\/iii-seminario-sobre-derecho-civil-comparado-derecho-de-familia-en-colombia\/\" class=\"list-group-item\">\n                <div class=\"row\">\n                    <div class=\"col-md-3\">\n                        <div class=\"bg-size\" style=\"background-image: url('https:\/\/www.ull.es\/portal\/agenda\/wp-content\/uploads\/sites\/12\/2026\/04\/3-1.png');\"><\/div>\n                    <\/div>\n                    <div class=\"col-md-9\">\n                        <p class=\"list-group-item-date\">\n                            29\/04\/26 - 29\/04\/26                        <\/p>\n                        <p class=\"list-group-item-text\">III Seminario sobre Derecho Civil Comparado: Derecho de Familia en Colombia<\/p>\n                    <\/div>\n\n                <\/div>\n            <\/a>\n                    <a href=\"https:\/\/www.ull.es\/portal\/agenda\/evento\/conversatorio-sobre-la-igualdad-en-el-trabajo-para-las-identidades-trans\/\" class=\"list-group-item\">\n                <div class=\"row\">\n                    <div class=\"col-md-3\">\n                        <div class=\"bg-size\" style=\"background-image: url('https:\/\/www.ull.es\/portal\/agenda\/wp-content\/uploads\/sites\/12\/2026\/04\/CARTEL-1920-x-1080-px.jpg');\"><\/div>\n                    <\/div>\n                    <div class=\"col-md-9\">\n                        <p class=\"list-group-item-date\">\n                            30\/04\/26 - 30\/04\/26                        <\/p>\n                        <p class=\"list-group-item-text\">Conversatorio sobre la igualdad en el trabajo para las identidades trans<\/p>\n                    <\/div>\n\n                <\/div>\n            <\/a>\n                    <a href=\"https:\/\/www.ull.es\/portal\/agenda\/evento\/seminario-la-posicion-de-dinamarca-en-relacion-con-los-reglamentos-de-derecho-internacional-privado-de-la-union-europea\/\" class=\"list-group-item\">\n                <div class=\"row\">\n                    <div class=\"col-md-3\">\n                        <div class=\"bg-size\" style=\"background-image: url('https:\/\/www.ull.es\/portal\/agenda\/wp-content\/uploads\/sites\/12\/2026\/04\/banner-eventos-65.jpg');\"><\/div>\n                    <\/div>\n                    <div class=\"col-md-9\">\n                        <p class=\"list-group-item-date\">\n                            04\/05\/26 - 04\/05\/26                        <\/p>\n                        <p class=\"list-group-item-text\">Seminario \u201cLa posici\u00f3n de Dinamarca en relaci\u00f3n con los reglamentos de Derecho Internacional Privado de la Uni\u00f3n Europea\u201d<\/p>\n                    <\/div>\n\n                <\/div>\n            <\/a>\n        \n    <\/div>\n    <div class=\"panel-footer\">\n        <a href=\"https:\/\/www.ull.es\/portal\/agenda\/eventos\/categoria\/facultad-de-derecho\">M\u00c1S EVENTOS <i class=\"fa fa-chevron-right\"><\/i><\/a>\n    <\/div>\n\n\n<\/div>\n[\/vc_column_text][\/vc_column][vc_column width=\u00bb1\/3&#8243; offset=\u00bbvc_hidden-lg vc_hidden-md\u00bb][vc_column_text]<style>\n    .news-group .bg-size {\n        background-position: center;\n        background-size: cover;\n        width: 100%;\n        height: 48px;\n    }\n    .news-group .list-group-item-text {\n        font-size: 13px;\n    }\n    .news-group .col-md-3 {\n        padding-right: 0;\n    }\n    .news-group .list-group-item-date {\n        font-size: 11px;\n        color: #A4A4A4;\n        margin-bottom: 2px;\n        text-transform: uppercase;\n    }\n\n    .mensaje.alert-warning{\n        font-size: 12px;\n        margin: 14px !important;\n        padding: 4px 8px;\n        color: #cca60b;\n    }\n\n<\/style>\n\n<div class=\"panel panel-default\">\n    <div class=\"panel-heading\">\n        <h3 class=\"panel-title\">Notificaciones<\/h3>\n    <\/div>\n\n    <div class=\"list-group news-group\">\n                            <a href=\"https:\/\/www.ull.es\/portal\/noticias\/2026\/la-resolucion-de-13-de-abril-de-2026-de-la-decana-de-la-facultad-de-derecho-por-la-que-se-publica-la-relacion-provisional-de-admitidos-e-inadmitidos-de-las-solicitudes-de-traslado-de-expediente-y-co\/\" class=\"list-group-item\">\n                    <div class=\"row\">\n                        <div class=\"col-md-12\">\n                            <p class=\"list-group-item-date\">\n                                13 Apr 2026 - 08:34 UTC                            <\/p>\n                            <p class=\"list-group-item-text\">La Resoluci\u00f3n de 13 de abril de 2026, de la Decana de la Facultad de Derecho, por la que se publica la relaci\u00f3n provisional de admitidos e inadmitidos de las solicitudes de traslado de expediente y convalidaci\u00f3n de estudio extranjeros de la convocatoria ordinaria para el curso 2026-27 (Rectificada a la resoluci\u00f3n del 09\/04\/26)<\/p>\n                        <\/div>\n                    <\/div>\n                <\/a>\n                            <a href=\"https:\/\/www.ull.es\/portal\/noticias\/2026\/la-resolucion-de-9-de-abril-de-2026-de-la-decana-de-la-facultad-de-derecho-por-la-que-se-publica-la-relacion-provisional-de-admitidos-e-inadmitidos-de-las-solicitudes-de-traslado-de-expediente-y-con\/\" class=\"list-group-item\">\n                    <div class=\"row\">\n                        <div class=\"col-md-12\">\n                            <p class=\"list-group-item-date\">\n                                09 Apr 2026 - 13:20 UTC                            <\/p>\n                            <p class=\"list-group-item-text\">La Resoluci\u00f3n de 9 de abril de 2026, de la Decana de la Facultad de Derecho, por la que se publica la relaci\u00f3n provisional de admitidos e inadmitidos de las solicitudes de traslado de expediente y convalidaci\u00f3n de estudio extranjeros de la convocatoria ordinaria para el curso 2026-27.<\/p>\n                        <\/div>\n                    <\/div>\n                <\/a>\n                            <a href=\"https:\/\/www.ull.es\/portal\/noticias\/2026\/resolucion-de-5-de-febrero-de-2026-de-la-decana-de-la-facultad-de-derecho-por-la-que-se-resuelven-los-premios-de-estudios-juridicos\/\" class=\"list-group-item\">\n                    <div class=\"row\">\n                        <div class=\"col-md-12\">\n                            <p class=\"list-group-item-date\">\n                                05 Feb 2026 - 11:14 UTC                            <\/p>\n                            <p class=\"list-group-item-text\">Resoluci\u00f3n de 5 de febrero de 2026, de la Decana de la Facultad de Derecho por la que se resuelven los Premios de Estudios Jur\u00eddicos<\/p>\n                        <\/div>\n                    <\/div>\n                <\/a>\n                            <a href=\"https:\/\/www.ull.es\/portal\/noticias\/2026\/la-biblioteca-de-derecho-y-ciencias-sociales-permanecera-cerrada-el-jueves-29-y-el-viernes-30-de-enero-en-horario-de-manana\/\" class=\"list-group-item\">\n                    <div class=\"row\">\n                        <div class=\"col-md-12\">\n                            <p class=\"list-group-item-date\">\n                                28 Jan 2026 - 08:41 UTC                            <\/p>\n                            <p class=\"list-group-item-text\">La Biblioteca de Derecho y Ciencias Sociales permanecer\u00e1 cerrada el jueves 29 y el viernes 30 de enero en horario de ma\u00f1ana<\/p>\n                        <\/div>\n                    <\/div>\n                <\/a>\n                            <a href=\"https:\/\/www.ull.es\/portal\/noticias\/2026\/resolucion-definitiva-de-los-trabajos-presentados-a-los-premios-juridicos-de-la-facultad-de-derecho-2025-26\/\" class=\"list-group-item\">\n                    <div class=\"row\">\n                        <div class=\"col-md-12\">\n                            <p class=\"list-group-item-date\">\n                                16 Jan 2026 - 08:48 UTC                            <\/p>\n                            <p class=\"list-group-item-text\">Resoluci\u00f3n definitiva de los trabajos presentados a los Premios Jur\u00eddicos de la Facultad de Derecho 2025-26<\/p>\n                        <\/div>\n                    <\/div>\n                <\/a>\n                <\/div>\n    <div class=\"panel-footer\">\n        <a href=\"https:\/\/www.ull.es\/portal\/noticias\/?cat=3800\">M\u00c1S NOTIFICACIONES <i class=\"fa fa-chevron-right\"><\/i><\/a>\n    <\/div>\n\n\n<\/div>[\/vc_column_text][\/vc_column][\/vc_row][vc_row full_width=\u00bbstretch_row\u00bb css=\u00bb.vc_custom_1725515481918{margin-bottom: 10px !important;background-color: #ffffff !important;}\u00bb][vc_column width=\u00bb1\/3&#8243; offset=\u00bbvc_hidden-sm vc_hidden-xs\u00bb][vc_column_text]<style>\n    .news-group .bg-size {\n        background-position: center;\n        background-size: cover;\n        width: 100%;\n        height: 48px;\n    }\n    .news-group .list-group-item-text {\n        font-size: 13px;\n    }\n    .news-group .col-md-3 {\n        padding-right: 0;\n    }\n    .news-group .list-group-item-date {\n        font-size: 11px;\n        color: #A4A4A4;\n        margin-bottom: 2px;\n        text-transform: uppercase;\n    }\n\n    .mensaje.alert-warning{\n        font-size: 12px;\n        margin: 14px !important;\n        padding: 4px 8px;\n        color: #cca60b;\n    }\n<\/style>\n\n<div class=\"panel panel-default\">\n    <div class=\"panel-heading\">\n        <h3 class=\"panel-title\">Noticias<\/h3>\n    <\/div>\n\n    <div class=\"list-group news-group\">\n                    <a href=\"https:\/\/www.ull.es\/portal\/noticias\/2026\/la-universidad-de-la-laguna-rinde-homenaje-a-francisco-tomas-y-valiente-en-el-30-aniversario-de-su-asesinato\/\" class=\"list-group-item\">\n                <div class=\"row\">\n                    <div class=\"col-md-3\">\n                        <div class=\"bg-size\" style=\"background-image: url('https:\/\/www.ull.es\/portal\/noticias\/wp-content\/uploads\/sites\/13\/2026\/04\/Homen-Franc-Tomas-y-Valiente-01-300x200.jpg');\"><\/div>\n                    <\/div>\n                    <div class=\"col-md-9\">\n                        <p class=\"list-group-item-date\">\n                            24 Apr 2026 - 14:11 UTC                        <\/p>\n                        <p class=\"list-group-item-text\">La Universidad de La Laguna rinde homenaje a Francisco Tom\u00e1s y Valiente en el 30 aniversario de su asesinato<\/p>\n                    <\/div>\n                <\/div>\n            <\/a>\n                    <a href=\"https:\/\/www.ull.es\/portal\/noticias\/2026\/la-facultad-de-derecho-celebra-las-vi-jornadas-de-salidas-profesionales\/\" class=\"list-group-item\">\n                <div class=\"row\">\n                    <div class=\"col-md-3\">\n                        <div class=\"bg-size\" style=\"background-image: url('https:\/\/www.ull.es\/portal\/noticias\/wp-content\/uploads\/sites\/13\/2026\/04\/Jornadas-salidas-profesionales-300x200.jpg');\"><\/div>\n                    <\/div>\n                    <div class=\"col-md-9\">\n                        <p class=\"list-group-item-date\">\n                            15 Apr 2026 - 09:37 UTC                        <\/p>\n                        <p class=\"list-group-item-text\">La Facultad de Derecho celebra las VI Jornadas de salidas profesionales<\/p>\n                    <\/div>\n                <\/div>\n            <\/a>\n                    <a href=\"https:\/\/www.ull.es\/portal\/noticias\/2026\/facultad-derecho-aula-cine-iii-ciclo-cine-juridico\/\" class=\"list-group-item\">\n                <div class=\"row\">\n                    <div class=\"col-md-3\">\n                        <div class=\"bg-size\" style=\"background-image: url('https:\/\/www.ull.es\/portal\/noticias\/wp-content\/uploads\/sites\/13\/2026\/04\/ciclo-cine-juridico-ull-300x200.jpg');\"><\/div>\n                    <\/div>\n                    <div class=\"col-md-9\">\n                        <p class=\"list-group-item-date\">\n                            06 Apr 2026 - 13:07 UTC                        <\/p>\n                        <p class=\"list-group-item-text\">La Facultad de Derecho y el Aula de Cine de la ULL celebraron el III Ciclo de Cine Jur\u00eddico<\/p>\n                    <\/div>\n                <\/div>\n            <\/a>\n                    <a href=\"https:\/\/www.ull.es\/portal\/noticias\/2026\/la-facultad-de-derecho-aborda-los-problemas-de-la-instrumentalizacion-de-las-mujeres-en-el-marco-del-8m\/\" class=\"list-group-item\">\n                <div class=\"row\">\n                    <div class=\"col-md-3\">\n                        <div class=\"bg-size\" style=\"background-image: url('https:\/\/www.ull.es\/portal\/noticias\/wp-content\/uploads\/sites\/13\/2026\/03\/Acto-8M-Derecho-26-300x225.jpeg');\"><\/div>\n                    <\/div>\n                    <div class=\"col-md-9\">\n                        <p class=\"list-group-item-date\">\n                            27 Mar 2026 - 12:06 UTC                        <\/p>\n                        <p class=\"list-group-item-text\">La Facultad de Derecho aborda los problemas de la instrumentalizaci\u00f3n de las mujeres en el marco del 8M<\/p>\n                    <\/div>\n                <\/div>\n            <\/a>\n                    <a href=\"https:\/\/www.ull.es\/portal\/noticias\/2026\/la-ull-celebra-unas-jornadas-sobre-la-evolucion-del-derecho-de-familia-en-la-practica\/\" class=\"list-group-item\">\n                <div class=\"row\">\n                    <div class=\"col-md-3\">\n                        <div class=\"bg-size\" style=\"background-image: url('https:\/\/www.ull.es\/portal\/noticias\/wp-content\/uploads\/sites\/13\/2026\/03\/Imagen-Jornadas-2-300x200.jpg');\"><\/div>\n                    <\/div>\n                    <div class=\"col-md-9\">\n                        <p class=\"list-group-item-date\">\n                            24 Mar 2026 - 11:35 UTC                        <\/p>\n                        <p class=\"list-group-item-text\">La ULL celebra unas jornadas sobre la evoluci\u00f3n del Derecho de Familia en la pr\u00e1ctica<\/p>\n                    <\/div>\n                <\/div>\n            <\/a>\n            <\/div>\n    <div class=\"panel-footer\">\n        <a href=\"https:\/\/www.ull.es\/portal\/noticias\/?cat=3799\">M\u00c1S NOTICIAS <i class=\"fa fa-chevron-right\"><\/i><\/a>\n    <\/div>\n\n\n<\/div>[\/vc_column_text][\/vc_column][vc_column width=\u00bb1\/3&#8243; offset=\u00bbvc_hidden-sm vc_hidden-xs\u00bb][vc_column_text]\n<style>\n    .events-group .bg-size {\n        background-position: center;\n        background-size: cover;\n        width: 100%;\n        height: 48px;\n    }\n    .events-group .list-group-item-text {\n        font-size: 13px;\n    }\n    .events-group .col-md-3 {\n        padding-right: 0;\n    }\n    .events-group .list-group-item-date {\n        font-size: 11px;\n        color: #A4A4A4;\n        margin-bottom: 2px;\n        text-transform: uppercase;\n    }\n\n    .mensaje.alert-warning{\n        font-size: 12px;\n        margin: 14px !important;\n        padding: 4px 8px;\n        color: #cca60b;\n    }\n\n<\/style>\n\n<div class=\"panel panel-default\">\n    <div class=\"panel-heading\">\n        <h3 class=\"panel-title\">Eventos<\/h3>\n    <\/div>\n\n    <div class=\"list-group events-group\">\n                    <a href=\"https:\/\/www.ull.es\/portal\/agenda\/evento\/ii-jornadas-de-derecho-internacional-privado-de-canarias\/\" class=\"list-group-item\">\n                <div class=\"row\">\n                    <div class=\"col-md-3\">\n                        <div class=\"bg-size\" style=\"background-image: url('https:\/\/www.ull.es\/portal\/agenda\/wp-content\/uploads\/sites\/12\/2026\/04\/Cartel-II-JORNADAS-DIPr-CANARIAS-evento.jpg');\"><\/div>\n                    <\/div>\n                    <div class=\"col-md-9\">\n                        <p class=\"list-group-item-date\">\n                            27\/04\/26 - 27\/04\/26                        <\/p>\n                        <p class=\"list-group-item-text\">II Jornadas de Derecho Internacional Privado de Canarias<\/p>\n                    <\/div>\n\n                <\/div>\n            <\/a>\n                    <a href=\"https:\/\/www.ull.es\/portal\/agenda\/evento\/iv-jornadas-universitarias-dia-internacional-de-la-seguridad-y-salud-en-el-trabajo\/\" class=\"list-group-item\">\n                <div class=\"row\">\n                    <div class=\"col-md-3\">\n                        <div class=\"bg-size\" style=\"background-image: url('https:\/\/www.ull.es\/portal\/agenda\/wp-content\/uploads\/sites\/12\/2026\/04\/Internacional-de-la-Seguridad-y-Salud.jpg');\"><\/div>\n                    <\/div>\n                    <div class=\"col-md-9\">\n                        <p class=\"list-group-item-date\">\n                            27\/04\/26 - 27\/04\/26                        <\/p>\n                        <p class=\"list-group-item-text\">IV Jornadas Universitarias \u201cD\u00eda Internacional de la Seguridad y Salud en el Trabajo\u201d<\/p>\n                    <\/div>\n\n                <\/div>\n            <\/a>\n                    <a href=\"https:\/\/www.ull.es\/portal\/agenda\/evento\/iii-seminario-sobre-derecho-civil-comparado-derecho-de-familia-en-colombia\/\" class=\"list-group-item\">\n                <div class=\"row\">\n                    <div class=\"col-md-3\">\n                        <div class=\"bg-size\" style=\"background-image: url('https:\/\/www.ull.es\/portal\/agenda\/wp-content\/uploads\/sites\/12\/2026\/04\/3-1.png');\"><\/div>\n                    <\/div>\n                    <div class=\"col-md-9\">\n                        <p class=\"list-group-item-date\">\n                            29\/04\/26 - 29\/04\/26                        <\/p>\n                        <p class=\"list-group-item-text\">III Seminario sobre Derecho Civil Comparado: Derecho de Familia en Colombia<\/p>\n                    <\/div>\n\n                <\/div>\n            <\/a>\n                    <a href=\"https:\/\/www.ull.es\/portal\/agenda\/evento\/conversatorio-sobre-la-igualdad-en-el-trabajo-para-las-identidades-trans\/\" class=\"list-group-item\">\n                <div class=\"row\">\n                    <div class=\"col-md-3\">\n                        <div class=\"bg-size\" style=\"background-image: url('https:\/\/www.ull.es\/portal\/agenda\/wp-content\/uploads\/sites\/12\/2026\/04\/CARTEL-1920-x-1080-px.jpg');\"><\/div>\n                    <\/div>\n                    <div class=\"col-md-9\">\n                        <p class=\"list-group-item-date\">\n                            30\/04\/26 - 30\/04\/26                        <\/p>\n                        <p class=\"list-group-item-text\">Conversatorio sobre la igualdad en el trabajo para las identidades trans<\/p>\n                    <\/div>\n\n                <\/div>\n            <\/a>\n                    <a href=\"https:\/\/www.ull.es\/portal\/agenda\/evento\/seminario-la-posicion-de-dinamarca-en-relacion-con-los-reglamentos-de-derecho-internacional-privado-de-la-union-europea\/\" class=\"list-group-item\">\n                <div class=\"row\">\n                    <div class=\"col-md-3\">\n                        <div class=\"bg-size\" style=\"background-image: url('https:\/\/www.ull.es\/portal\/agenda\/wp-content\/uploads\/sites\/12\/2026\/04\/banner-eventos-65.jpg');\"><\/div>\n                    <\/div>\n                    <div class=\"col-md-9\">\n                        <p class=\"list-group-item-date\">\n                            04\/05\/26 - 04\/05\/26                        <\/p>\n                        <p class=\"list-group-item-text\">Seminario \u201cLa posici\u00f3n de Dinamarca en relaci\u00f3n con los reglamentos de Derecho Internacional Privado de la Uni\u00f3n Europea\u201d<\/p>\n                    <\/div>\n\n                <\/div>\n            <\/a>\n        \n    <\/div>\n    <div class=\"panel-footer\">\n        <a href=\"https:\/\/www.ull.es\/portal\/agenda\/eventos\/categoria\/facultad-de-derecho\">M\u00c1S EVENTOS <i class=\"fa fa-chevron-right\"><\/i><\/a>\n    <\/div>\n\n\n<\/div>\n[\/vc_column_text][\/vc_column][vc_column width=\u00bb1\/3&#8243;][vc_column_text el_class=\u00bbcontacto\u00bb]\n<ul class=\"widget-box\">\n<li class='contacto-header'>Informaci\u00f3n de contacto<\/li><li><i class=\"fa fa-map-marker\"><\/i> Facultad de Derecho. Apartado 456. C\u00f3digo postal 38200. San Crist\u00f3bal de La Laguna. S\/C de Tenerife<\/li><li><i class=\"fa fa-phone\"><\/i> (+34) 922 31 83 10<\/li><li><i class=\"fa fa-envelope\"><\/i>  <a href=mailto:facder@ull.es>facder@ull.es<\/a><\/li><li><i class=\"fa fa-calendar\"><\/i><a href=\"http:\/\/citaprevia.ull.es\/index.php?s=derecho\"> Cita previa<\/a><\/li>\n<\/ul>\n\n[\/vc_column_text][\/vc_column][\/vc_row]<\/p>\n","protected":false},"excerpt":{"rendered":"<p>[vc_row full_width=\u00bbstretch_row_content_no_spaces\u00bb el_class=\u00bbSliderPortada\u00bb][vc_column][rev_slider_vc alias=\u00bbportada\u00bb][\/vc_column][\/vc_row][vc_row full_width=\u00bbstretch_row_content_no_spaces\u00bb][vc_column][vc_custom_heading text=\u00bb\u00bb font_container=\u00bbtag:h2|text_align:center\u00bb google_fonts=\u00bbfont_family:Montserrat%3Aregular%2C700|font_style:700%20bold%20regular%3A700%3Anormal\u00bb css=\u00bb.vc_custom_1721221176088{padding-top: 15px !important;padding-bottom: 15px !important;background-color: #360060 !important;}\u00bb][\/vc_column][\/vc_row][vc_row full_width=\u00bbstretch_row\u00bb css=\u00bb.vc_custom_1721379224440{background-color: #ffffff !important;}\u00bb][vc_column][vc_row_inner equal_height=\u00bbyes\u00bb content_placement=\u00bbmiddle\u00bb gap=\u00bb35&#8243; el_class=\u00bbsegundo-bloque\u00bb][vc_column_inner el_class=\u00bbfeature-btn\u00bb width=\u00bb1\/4&#8243; css=\u00bb.vc_custom_1721817625983{background-color: #efefef !important;border-radius: 5px !important;}\u00bb][vc_single_image image=\u00bb1199&#8243; img_size=\u00bbfull\u00bb alignment=\u00bbcenter\u00bb onclick=\u00bbcustom_link\u00bb link=\u00bbhttps:\/\/www.ull.es\/centros\/facultad-derecho\/informacion-general\/sistema-de-garantia-de-calidad\/\u00bb][vc_column_text el_class=\u00bbfeature-link\u00bb]Sistema de Garant\u00eda de Calidad[\/vc_column_text][\/vc_column_inner][vc_column_inner el_class=\u00bbfeature-btn\u00bb width=\u00bb1\/4&#8243; css=\u00bb.vc_custom_1721817633862{background-color: #efefef !important;border-radius: 5px !important;}\u00bb][vc_single_image image=\u00bb1191&#8243; img_size=\u00bbfull\u00bb alignment=\u00bbcenter\u00bb onclick=\u00bbcustom_link\u00bb link=\u00bbhttps:\/\/www.ull.es\/centros\/facultad-derecho\/docencia\/titulaciones\/\u00bb][vc_column_text el_class=\u00bbfeature-link\u00bb css=\u00bb.vc_custom_1723459583549{padding-bottom: 25px&#8230;<\/p>\n","protected":false},"author":49,"featured_media":0,"parent":0,"menu_order":0,"comment_status":"closed","ping_status":"closed","template":"templates\/template-frontpage.php","meta":[],"acf":[],"_links":{"self":[{"href":"https:\/\/www.ull.es\/centros\/facultad-derecho\/wp-json\/wp\/v2\/pages\/1154"}],"collection":[{"href":"https:\/\/www.ull.es\/centros\/facultad-derecho\/wp-json\/wp\/v2\/pages"}],"about":[{"href":"https:\/\/www.ull.es\/centros\/facultad-derecho\/wp-json\/wp\/v2\/types\/page"}],"author":[{"embeddable":true,"href":"https:\/\/www.ull.es\/centros\/facultad-derecho\/wp-json\/wp\/v2\/users\/49"}],"replies":[{"embeddable":true,"href":"https:\/\/www.ull.es\/centros\/facultad-derecho\/wp-json\/wp\/v2\/comments?post=1154"}],"version-history":[{"count":29,"href":"https:\/\/www.ull.es\/centros\/facultad-derecho\/wp-json\/wp\/v2\/pages\/1154\/revisions"}],"predecessor-version":[{"id":1230,"href":"https:\/\/www.ull.es\/centros\/facultad-derecho\/wp-json\/wp\/v2\/pages\/1154\/revisions\/1230"}],"wp:attachment":[{"href":"https:\/\/www.ull.es\/centros\/facultad-derecho\/wp-json\/wp\/v2\/media?parent=1154"}],"curies":[{"name":"wp","href":"https:\/\/api.w.org\/{rel}","templated":true}]}}