{"id":364,"date":"2021-11-19T10:27:28","date_gmt":"2021-11-19T10:27:28","guid":{"rendered":"https:\/\/www.ull.es\/centros\/facultad-derecho\/?page_id=364"},"modified":"2026-01-08T14:06:52","modified_gmt":"2026-01-08T14:06:52","slug":"elecciones","status":"publish","type":"page","link":"https:\/\/www.ull.es\/centros\/facultad-derecho\/elecciones\/","title":{"rendered":"Elecciones"},"content":{"rendered":"<p>[vc_row disable_element=\u00bbyes\u00bb][vc_column][vc_column_text]<\/p>\n<h1>Elecciones a Decano\/a de la Facultad de Derecho<\/h1>\n<p><a href=\"https:\/\/drive.google.com\/file\/d\/1j1yDuJdbgNkPrXu17Q7KmiT8WoPYlTcc\/view?usp=sharing\" target=\"_blank\" rel=\"noopener\" target=\"_blank\" rel=\"noopener\">Resoluci\u00f3n de la Decana por la que se convocan las elecciones a Decano\/a de la Facultad de Derecho.<\/a><\/p>\n<p><a href=\"https:\/\/drive.google.com\/file\/d\/17AIy0AWKbfCpDSnlYaU62pK5Toixm-q0\/view?usp=sharing\" target=\"_blank\" rel=\"noopener\" target=\"_blank\" rel=\"noopener\">Calendario electoral.<\/a><\/p>\n<p><a href=\"https:\/\/drive.google.com\/file\/d\/177adgRLQB1maydphzWSK-6hpIJG4MET8\/view?usp=sharing\" target=\"_blank\" rel=\"noopener\" target=\"_blank\" rel=\"noopener\">Censo electoral. Composici\u00f3n de la Junta de Facultad 2023-2024.<\/a><\/p>\n<p><a href=\"https:\/\/drive.google.com\/file\/d\/1QK7isRlJk0b_oUgNwgrU2jrkUFEdS4c1\/view?usp=sharing\" target=\"_blank\" rel=\"noopener\" target=\"_blank\" rel=\"noopener\">Resoluci\u00f3n de reclamaciones y proclamaci\u00f3n definitiva del Censo electoral.<\/a><\/p>\n<p><a href=\"https:\/\/drive.google.com\/file\/d\/1bjoAOmNAAdaBAYC8hiUGK2AO1dktZhqu\/view?usp=sharing\" target=\"_blank\" rel=\"noopener\" target=\"_blank\" rel=\"noopener\">Proclamaci\u00f3n provisional de candidatura<\/a><\/p>\n<p><a href=\"https:\/\/drive.google.com\/file\/d\/1gm-TDT-QmlktterSHH6g_6gJWgh11AA8\/view?usp=sharing\" target=\"_blank\" rel=\"noopener\">Proclamaci\u00f3n definitiva de candidatura<\/a><\/p>\n<p><a href=\"https:\/\/drive.google.com\/file\/d\/1wCJbDT4Q_qekfDSsrTpv-m4koVvZZbtV\/view?usp=sharing\" target=\"_blank\" rel=\"noopener\" target=\"_blank\" rel=\"noopener\">Proclamaci\u00f3n provisional de la candidatura electa<\/a><\/p>\n<p><a href=\"https:\/\/drive.google.com\/file\/d\/1E9Y6jeGJtA4QccD_p7HBQlzTkoA5bUH7\/view?usp=sharing\" target=\"_blank\" rel=\"noopener\" target=\"_blank\" rel=\"noopener\">Proclamaci\u00f3n definitiva de la candidatura electa<\/a>[\/vc_column_text][\/vc_column][\/vc_row][vc_row][vc_column][vc_column_text]<\/p>\n<h1>Elecciones a la Junta de Facultad de Derecho<\/h1>\n<p><a href=\"https:\/\/nubefd.ull.es\/public.php\/dav\/files\/elecciones_JFDerecho_2526\/01_Convocatoria_elecciones_JF_25-26.pdf\" target=\"_blank\" rel=\"noopener\">Resoluci\u00f3n de 4 de diciembre de la Decana de la Facultad de Derecho por la que convoca elecciones a Junta de Facultad<\/a><\/p>\n<p><a href=\"https:\/\/nubefd.ull.es\/public.php\/dav\/files\/elecciones_JFDerecho_2526\/02_251210_Acuerdo_ComisionElectoral_firmado.pdf\" target=\"_blank\" rel=\"noopener\">Acuerdo de la Comisi\u00f3n electoral publicando calendario y censos provisionales<\/a><\/p>\n<p><a href=\"https:\/\/nubefd.ull.es\/public.php\/dav\/files\/elecciones_JFDerecho_2526\/03_Calendario.pdf\" target=\"_blank\" rel=\"noopener\">Calendario electoral<\/a><\/p>\n<p>Censo electoral provisional<\/p>\n<ul>\n<li><a href=\"https:\/\/nubefd.ull.es\/public.php\/dav\/files\/elecciones_JFDerecho_2526\/06_Censo_PDI-no-permanente.pdf\" target=\"_blank\" rel=\"noopener\">PDI no permanente<\/a><\/li>\n<li><a href=\"https:\/\/nubefd.ull.es\/public.php\/dav\/files\/elecciones_JFDerecho_2526\/07_Censo_PDI-permanente.pdf\" target=\"_blank\" rel=\"noopener\">PDI permanente<\/a><\/li>\n<li><a href=\"https:\/\/nubefd.ull.es\/public.php\/dav\/files\/elecciones_JFDerecho_2526\/04_Censo_alumnado.pdf\" target=\"_blank\" rel=\"noopener\">Alumnado<\/a><\/li>\n<li><a href=\"https:\/\/nubefd.ull.es\/public.php\/dav\/files\/elecciones_JFDerecho_2526\/05_Censo_PTGAs.pdf\" target=\"_blank\" rel=\"noopener\">PTGAS<\/a><\/li>\n<\/ul>\n<p><a href=\"https:\/\/nubefd.ull.es\/public.php\/dav\/files\/elecciones_JFDerecho_2526\/08_260107_Resoluci%C3%B3n_ComisionElectoral.pdf\" target=\"_blank\" rel=\"noopener\">Resoluci\u00f3n de la Comisi\u00f3n Electoral de la Facultad de Derecho<\/a><\/p>\n<p>Censo electoral definitivo<\/p>\n<ul>\n<li><a href=\"https:\/\/nubefd.ull.es\/public.php\/dav\/files\/elecciones_JFDerecho_2526\/10_Censo-definitivo_PDI-no-permanente.pdf\" target=\"_blank\" rel=\"noopener\">PDI no permanente<\/a><\/li>\n<li><a href=\"https:\/\/nubefd.ull.es\/public.php\/dav\/files\/elecciones_JFDerecho_2526\/12_Censo-definitivo_PDI-permanente.pdf\" target=\"_blank\" rel=\"noopener\">PDI permanente<\/a><\/li>\n<li><a href=\"https:\/\/nubefd.ull.es\/public.php\/dav\/files\/elecciones_JFDerecho_2526\/09_Censo-definitivo_alumnado.pdf\" target=\"_blank\" rel=\"noopener\">Alumnado<\/a><\/li>\n<li><a href=\"https:\/\/nubefd.ull.es\/public.php\/dav\/files\/elecciones_JFDerecho_2526\/11_Censo-definitivo_PTGAs.pdf\" target=\"_blank\" rel=\"noopener\">PTGAS<\/a><\/li>\n<\/ul>\n<p>[\/vc_column_text][\/vc_column][\/vc_row]<\/p>\n","protected":false},"excerpt":{"rendered":"<p>[vc_row disable_element=\u00bbyes\u00bb][vc_column][vc_column_text] Elecciones a Decano\/a de la Facultad de Derecho Resoluci\u00f3n de la Decana por la que se convocan las elecciones a Decano\/a de la Facultad de Derecho. Calendario electoral. Censo electoral. Composici\u00f3n de la Junta de Facultad 2023-2024. Resoluci\u00f3n de reclamaciones y proclamaci\u00f3n definitiva del Censo electoral. Proclamaci\u00f3n provisional de candidatura Proclamaci\u00f3n definitiva de&#8230;<\/p>\n","protected":false},"author":35,"featured_media":0,"parent":0,"menu_order":0,"comment_status":"closed","ping_status":"closed","template":"","meta":[],"acf":[],"_links":{"self":[{"href":"https:\/\/www.ull.es\/centros\/facultad-derecho\/wp-json\/wp\/v2\/pages\/364"}],"collection":[{"href":"https:\/\/www.ull.es\/centros\/facultad-derecho\/wp-json\/wp\/v2\/pages"}],"about":[{"href":"https:\/\/www.ull.es\/centros\/facultad-derecho\/wp-json\/wp\/v2\/types\/page"}],"author":[{"embeddable":true,"href":"https:\/\/www.ull.es\/centros\/facultad-derecho\/wp-json\/wp\/v2\/users\/35"}],"replies":[{"embeddable":true,"href":"https:\/\/www.ull.es\/centros\/facultad-derecho\/wp-json\/wp\/v2\/comments?post=364"}],"version-history":[{"count":34,"href":"https:\/\/www.ull.es\/centros\/facultad-derecho\/wp-json\/wp\/v2\/pages\/364\/revisions"}],"predecessor-version":[{"id":1255,"href":"https:\/\/www.ull.es\/centros\/facultad-derecho\/wp-json\/wp\/v2\/pages\/364\/revisions\/1255"}],"wp:attachment":[{"href":"https:\/\/www.ull.es\/centros\/facultad-derecho\/wp-json\/wp\/v2\/media?parent=364"}],"curies":[{"name":"wp","href":"https:\/\/api.w.org\/{rel}","templated":true}]}}