{"id":887,"date":"2020-06-16T12:23:31","date_gmt":"2020-06-16T12:23:31","guid":{"rendered":"http:\/\/www.ull.es\/centros\/jardin-campus-salud\/?page_id=887"},"modified":"2020-11-17T08:23:24","modified_gmt":"2020-11-17T08:23:24","slug":"equipo","status":"publish","type":"page","link":"https:\/\/www.ull.es\/centros\/jardin-campus-salud\/equipo\/","title":{"rendered":"Equipo"},"content":{"rendered":"<p>[vc_row][vc_column][vc_column_text]<strong>Fundador del Proyecto y Oficial Jardinero<\/strong><br \/>\nPatricio Kevin Carracedo Agnew<\/p>\n<p><strong>Oficial Jardinero<\/strong><br \/>\nCarlos Alberto Jorge Santana<\/p>\n<p><strong>Director Honor\u00edfico<\/strong><br \/>\nWolfredo Wildpret de la Torre<\/p>\n<p><strong>Bot\u00e1nica<\/strong><br \/>\nVictoria Eugenia Mart\u00edn Osorio<\/p>\n<p><strong>Coordinacci\u00f3n del Proyecto<\/strong><br \/>\nRub\u00ed Nieves Rodr\u00edguez D\u00edaz<br \/>\nPatricio Kevin Carracedo Agnew<br \/>\nCarlos Alberto Jorge Santana<br \/>\nVictoria Eugenia Mart\u00edn Osorio<\/p>\n<p><strong>Fotograf\u00eda y administraci\u00f3n web<\/strong><br \/>\nFrancisco Trujillo Garc\u00eda-Ramos<\/p>\n<p><strong>Dise\u00f1o web\u00a0<\/strong><br \/>\nLeandra Roque P\u00e9rez[\/vc_column_text][\/vc_column][\/vc_row]<\/p>\n","protected":false},"excerpt":{"rendered":"<p>[vc_row][vc_column][vc_column_text]Fundador del Proyecto y Oficial Jardinero Patricio Kevin Carracedo Agnew Oficial Jardinero Carlos Alberto Jorge Santana Director Honor\u00edfico Wolfredo Wildpret de la Torre Bot\u00e1nica Victoria Eugenia Mart\u00edn Osorio Coordinacci\u00f3n del Proyecto Rub\u00ed Nieves Rodr\u00edguez D\u00edaz Patricio Kevin Carracedo Agnew Carlos Alberto Jorge Santana Victoria Eugenia Mart\u00edn Osorio Fotograf\u00eda y administraci\u00f3n web Francisco Trujillo Garc\u00eda-Ramos Dise\u00f1o&#8230;<\/p>\n","protected":false},"author":37,"featured_media":0,"parent":0,"menu_order":0,"comment_status":"closed","ping_status":"closed","template":"templates\/template-no-title.php","meta":[],"acf":[],"_links":{"self":[{"href":"https:\/\/www.ull.es\/centros\/jardin-campus-salud\/wp-json\/wp\/v2\/pages\/887"}],"collection":[{"href":"https:\/\/www.ull.es\/centros\/jardin-campus-salud\/wp-json\/wp\/v2\/pages"}],"about":[{"href":"https:\/\/www.ull.es\/centros\/jardin-campus-salud\/wp-json\/wp\/v2\/types\/page"}],"author":[{"embeddable":true,"href":"https:\/\/www.ull.es\/centros\/jardin-campus-salud\/wp-json\/wp\/v2\/users\/37"}],"replies":[{"embeddable":true,"href":"https:\/\/www.ull.es\/centros\/jardin-campus-salud\/wp-json\/wp\/v2\/comments?post=887"}],"version-history":[{"count":8,"href":"https:\/\/www.ull.es\/centros\/jardin-campus-salud\/wp-json\/wp\/v2\/pages\/887\/revisions"}],"predecessor-version":[{"id":1041,"href":"https:\/\/www.ull.es\/centros\/jardin-campus-salud\/wp-json\/wp\/v2\/pages\/887\/revisions\/1041"}],"wp:attachment":[{"href":"https:\/\/www.ull.es\/centros\/jardin-campus-salud\/wp-json\/wp\/v2\/media?parent=887"}],"curies":[{"name":"wp","href":"https:\/\/api.w.org\/{rel}","templated":true}]}}