{"id":1447,"date":"2018-01-10T08:54:29","date_gmt":"2018-01-10T08:54:29","guid":{"rendered":"https:\/\/www.ull.es\/estudios-docencia\/?page_id=1447"},"modified":"2026-04-24T08:42:03","modified_gmt":"2026-04-24T08:42:03","slug":"calendario-academico","status":"publish","type":"page","link":"https:\/\/www.ull.es\/estudios-docencia\/fr\/calendario-academico\/","title":{"rendered":"Calendrier acad\u00e9mique"},"content":{"rendered":"<div class=\"wp-block-stackable-columns alignfull stk-block-columns stk-block stk-2cbe2d9 stk-block-background stk--has-background-overlay\" data-block-id=\"2cbe2d9\"><style>.stk-2cbe2d9 {background-image:url(https:\/\/www.ull.es\/estudios-docencia\/wp-content\/uploads\/sites\/7\/2025\/11\/Reconocimiento_adaptacion_y_transferencia_Header_1.jpg) !important;min-height:600px !important;align-items:center !important;padding-top:0px !important;padding-right:0px !important;padding-bottom:0px !important;padding-left:0px !important;margin-top:-30px !important;margin-bottom:0px !important;display:flex !important;}.stk-2cbe2d9-column{max-width:1300px !important;min-width:auto !important;}@media screen and (max-width: 767px){.stk-2cbe2d9 {min-height:400px !important;}}<\/style><div class=\"stk-row stk-inner-blocks stk-block-content stk-content-align stk-2cbe2d9-column\">\n<div class=\"wp-block-stackable-column stk-block-column stk-column stk-block stk-67d5c45\" data-v=\"4\" data-block-id=\"67d5c45\"><style>@media screen and (max-width: 767px){.stk-67d5c45 {padding-top:10px !important;padding-right:10px !important;padding-bottom:10px !important;padding-left:10px !important;}}<\/style><div class=\"stk-column-wrapper stk-block-column__content stk-container stk-67d5c45-container stk--no-background stk--no-padding\"><div class=\"stk-block-content stk-inner-blocks stk-67d5c45-inner-blocks\">\n<div class=\"wp-block-stackable-heading stk-block-heading stk-block-heading--v2 stk-block stk-c229f24\" id=\"calendario-academico\" data-block-id=\"c229f24\"><style>.stk-c229f24 {margin-bottom:0px !important;}.stk-c229f24 .stk-block-heading__text{font-size:80px !important;color:#ffffff !important;font-weight:700 !important;font-family:\"Montserrat\", Sans-serif !important;}@media screen and (max-width: 1023px){.stk-c229f24 .stk-block-heading__text{font-size:50px !important;}}@media screen and (max-width: 767px){.stk-c229f24 .stk-block-heading__text{font-size:47px !important;}}<\/style><h1 class=\"stk-block-heading__text has-text-color\">Calendrier acad\u00e9mique<\/h1><\/div>\n<\/div><\/div><\/div>\n<\/div><\/div>\n\n\n\n<div class=\"wp-block-stackable-columns alignfull stk-block-columns stk-block stk-81ad3b0 stk-block-background stk--has-background-overlay\" data-block-id=\"81ad3b0\"><style>.stk-81ad3b0 {background-color:#ddd6fc !important;background-image:url(https:\/\/www.ull.es\/admision-becas\/wp-content\/uploads\/sites\/8\/2025\/11\/Recursos-landing-PAU_Lineas-degradadas-entera-derecha.png) !important;background-position:center center !important;background-repeat:no-repeat !important;border-top-left-radius:30px !important;border-top-right-radius:30px !important;border-bottom-right-radius:30px !important;border-bottom-left-radius:30px !important;overflow:hidden !important;margin-bottom:0px !important;}.stk-81ad3b0:before{background-color:#ddd6fc !important;opacity:0 !important;}.stk-81ad3b0-column{max-width:1300px !important;min-width:auto !important;}@media screen and (max-width: 767px){.stk-81ad3b0-column{max-width:1500px !important;min-width:auto !important;}}<\/style><div class=\"stk-row stk-inner-blocks stk-block-content stk-content-align stk-81ad3b0-column\">\n<div class=\"wp-block-stackable-column stk-block-column stk-column stk-block stk-20be033\" data-v=\"4\" data-block-id=\"20be033\"><style>.stk-20be033 {border-top-left-radius:30px !important;border-top-right-radius:30px !important;border-bottom-right-radius:30px !important;border-bottom-left-radius:30px !important;overflow:hidden !important;padding-top:50px !important;padding-right:50px !important;padding-bottom:50px !important;padding-left:50px !important;margin-top:30px !important;margin-bottom:30px !important;}@media screen and (max-width: 767px){.stk-20be033 {padding-top:20px !important;padding-right:20px !important;padding-bottom:20px !important;padding-left:20px !important;margin-top:15px !important;margin-right:10px !important;margin-bottom:15px !important;margin-left:10px !important;}}<\/style><div class=\"stk-column-wrapper stk-block-column__content stk-container stk-20be033-container stk--no-background stk--no-padding\"><div class=\"stk-block-content stk-inner-blocks stk-20be033-inner-blocks\">\n<details class=\"wp-block-stackable-accordion stk-block-accordion stk-inner-blocks stk-block-content stk--is-open stk-block stk-0dd7bef stk-block-background is-style-plain\" open id=\"calendario-25-26\" data-block-id=\"0dd7bef\"><style>.stk-0dd7bef {background-color:#fffffe !important;border-top-left-radius:25px !important;border-top-right-radius:25px !important;border-bottom-right-radius:25px !important;border-bottom-left-radius:25px !important;overflow:hidden !important;border-style:solid !important;border-color:#dfdad1 !important;border-top-width:0px !important;border-right-width:0px !important;border-bottom-width:1px !important;border-left-width:0px !important;padding-bottom:24px !important;margin-bottom:32px !important;}.stk-0dd7bef:before{background-color:#fffffe !important;}<\/style>\n<summary class=\"wp-block-stackable-column stk-block-column stk-column stk-block stk-4b272e2 stk--container-small stk-block-accordion__heading\" data-v=\"4\" data-block-id=\"4b272e2\"><div class=\"stk-column-wrapper stk-block-column__content stk-container stk-4b272e2-container stk--no-background stk--no-padding\"><div class=\"stk-block-content stk-inner-blocks stk-4b272e2-inner-blocks\">\n<div class=\"wp-block-stackable-icon-label stk-block-icon-label stk-block stk-12553fd\" data-block-id=\"12553fd\"><div class=\"stk-row stk-inner-blocks stk-block-content\">\n<div class=\"wp-block-stackable-heading stk-block-heading stk-block-heading--v2 stk-block stk-16ba3e8\" id=\"calendario-2025-2026\" data-block-id=\"16ba3e8\"><style>.stk-16ba3e8 .stk-block-heading__text{color:var(--stk-global-color-60833, #5c068c) !important;font-weight:600 !important;font-family:\"Montserrat\", Sans-serif !important;}@media screen and (max-width: 767px){.stk-16ba3e8 .stk-block-heading__text{font-size:15px !important;line-height:1em !important;}}<\/style><h4 class=\"stk-block-heading__text has-text-color\">Calendrier 2025-2026<\/h4><\/div>\n\n\n\n<div class=\"wp-block-stackable-icon stk-block-icon stk-block stk-42e82dc\" data-block-id=\"42e82dc\"><style>@media screen and (max-width: 767px){.stk-42e82dc .stk--svg-wrapper .stk--inner-svg svg:last-child{height:20px !important;width:20px !important;}}<\/style><span class=\"stk--svg-wrapper stk--has-icon2\"><div class=\"stk--inner-svg\"><svg style=\"height:0;width:0\"><defs><lineargradient id=\"linear-gradient-42e82dc\" x1=\"0\" x2=\"100%\" y1=\"0\" y2=\"0\"><stop offset=\"0%\" style=\"stop-opacity:1;stop-color:var(--linear-gradient-42-e-82-dc-color-1)\"><\/stop><stop offset=\"100%\" style=\"stop-opacity:1;stop-color:var(--linear-gradient-42-e-82-dc-color-2)\"><\/stop><\/lineargradient><\/defs><\/svg><svg class=\"ugb-custom-icon\" viewbox=\"0 0 34 34\" fill=\"none\" xmlns=\"http:\/\/www.w3.org\/2000\/svg\" aria-hidden=\"true\" width=\"32\" height=\"32\">\n<g clip-path=\"url(#clip0_1_2-14477)\">\n<path d=\"M17 34C26.3888 34 34 26.3888 34 17C34 7.61116 26.3888 0 17 0C7.61116 0 0 7.61116 0 17C0 26.3888 7.61116 34 17 34Z\" fill=\"#8A41E6\"\/>\n<path d=\"M22.71 14.28L17.05 19.95L11.29 14.18L9 16.47L14.76 22.23L15 22.5L16 23.53L17 24.56L25 16.56L22.71 14.28Z\" fill=\"white\"\/>\n<\/g>\n<defs>\n<clippath id=\"clip0_1_2-14477\">\n<rect width=\"34\" height=\"34\" fill=\"white\"\/>\n<\/clippath>\n<\/defs>\n<\/svg><\/div><div class=\"stk--inner-svg stk--icon-2\" style=\"display:none\"><svg style=\"height:0;width:0\"><defs><lineargradient id=\"linear-gradient-42e82dc\" x1=\"0\" x2=\"100%\" y1=\"0\" y2=\"0\"><stop offset=\"0%\" style=\"stop-opacity:1;stop-color:var(--linear-gradient-42-e-82-dc-color-1)\"><\/stop><stop offset=\"100%\" style=\"stop-opacity:1;stop-color:var(--linear-gradient-42-e-82-dc-color-2)\"><\/stop><\/lineargradient><\/defs><\/svg><svg class=\"ugb-custom-icon\" viewbox=\"0 0 34 34\" fill=\"none\" xmlns=\"http:\/\/www.w3.org\/2000\/svg\" aria-hidden=\"true\" width=\"32\" height=\"32\">\n<g clip-path=\"url(#clip0_1_2-67935)\">\n<path d=\"M17 34C26.3888 34 34 26.3888 34 17C34 7.61116 26.3888 0 17 0C7.61116 0 0 7.61116 0 17C0 26.3888 7.61116 34 17 34Z\" fill=\"#8A41E6\"\/>\n<path d=\"M22.71 14.28L17.05 19.95L11.29 14.18L9 16.47L14.76 22.23L15 22.5L16 23.53L17 24.56L25 16.56L22.71 14.28Z\" fill=\"white\"\/>\n<\/g>\n<defs>\n<clippath id=\"clip0_1_2-67935\">\n<rect width=\"34\" height=\"34\" fill=\"white\"\/>\n<\/clippath>\n<\/defs>\n<\/svg><\/div><\/span><\/div>\n<\/div><\/div>\n<\/div><\/div><\/summary>\n\n\n\n<div class=\"wp-block-stackable-column stk-block-column stk-column stk-block stk-aa22d97 stk-block-accordion__content\" data-v=\"4\" data-block-id=\"aa22d97\"><style>.stk-aa22d97-container{padding-top:0px !important;padding-right:0px !important;padding-bottom:0px !important;padding-left:0px !important;}<\/style><div class=\"stk-column-wrapper stk-block-column__content stk-container stk-aa22d97-container stk--no-background stk--no-padding\"><div class=\"stk-block-content stk-inner-blocks stk-aa22d97-inner-blocks\">\n<div class=\"wp-block-stackable-columns stk-block-columns stk-block stk-d433cd0\" data-block-id=\"d433cd0\"><div class=\"stk-row stk-inner-blocks stk-block-content stk-content-align stk-d433cd0-column\">\n<div class=\"wp-block-stackable-column stk-block-column stk-column stk-block stk-cb2c291\" data-v=\"4\" data-block-id=\"cb2c291\"><style>@media screen and (min-width: 768px){.stk-cb2c291 {flex:var(--stk-flex-grow, 1) 1 66.7% !important;}}<\/style><div class=\"stk-column-wrapper stk-block-column__content stk-container stk-cb2c291-container stk--no-background stk--no-padding\"><div class=\"stk-block-content stk-inner-blocks stk-cb2c291-inner-blocks\">\n<p data-block-type=\"core\">Le calendrier acad\u00e9mique est l&#039;instrument qui permet la coordination de toutes les \u00c9coles et Facult\u00e9s dans l&#039;organisation acad\u00e9mique des \u00e9tudes qui leur sont confi\u00e9es.<\/p>\n\n\n\n<p data-block-type=\"core\">C&#039;est \u00e9galement une pierre angulaire de la conception d&#039;une multitude de processus administratifs de grande importance pour la communaut\u00e9 universitaire, et son influence se fait sentir m\u00eame en dehors de l&#039;Universit\u00e9 dans le r\u00e9seau social qui l&#039;accompagne.<\/p>\n\n\n\n<p data-block-type=\"core\">Compte tenu de cette importante mission, le vice-rectorat aux affaires \u00e9tudiantes pr\u00e9pare une instruction qui doit inclure la date d&#039;ouverture du cours et le lieu temporel des appels \u00e0 l&#039;\u00e9valuation de l&#039;enseignement, qui doit \u00eatre approuv\u00e9e par le conseil d&#039;administration de l&#039;universit\u00e9 en vertu de l&#039;article 40 de ses statuts.<\/p>\n\n\n\n<div class=\"wp-block-stackable-icon-label stk-block-icon-label stk-block stk-50633d0 stk-block-background\" id=\"1-a-href-https-drive-google-com-file-d-14-br-9-a-69-zh-qt-qigmt-60-c-9-pfd-lueuz-ks-view-usp-sharing-target-blank-rel-noreferrer-noopener-span-style-color-fffffe-class-stk-highlight-estudiantes-que-finalizan-el-bachiller-en-el-curso-en-el-que-se-celebra-la-pau-span-a\" data-block-id=\"50633d0\"><style>.stk-50633d0 {background-color:#7c30e3 !important;border-top-left-radius:25px !important;border-top-right-radius:25px !important;border-bottom-right-radius:25px !important;border-bottom-left-radius:25px !important;overflow:hidden !important;border-style:solid !important;border-color:#dfdad1 !important;border-top-width:0px !important;border-right-width:0px !important;border-bottom-width:1px !important;border-left-width:0px !important;padding-top:36px !important;padding-right:20px !important;padding-bottom:36px !important;padding-left:25px !important;margin-bottom:24px !important;}.stk-50633d0:before{background-color:#7c30e3 !important;}<\/style><div class=\"stk-row stk-inner-blocks stk-block-content\">\n<div class=\"wp-block-stackable-heading stk-block-heading stk-block-heading--v2 stk-block stk-b424849\" id=\"a-href-https-drive-google-com-file-d-1-w-hw-3-d-rd-7-yg-1-ydxh-4-mckg-ko-xzc-0-q-zqo-3-b-view-usp-sharing-span-style-color-fffffe-class-stk-highlight-descripcion-del-calendario-span-a\" data-block-id=\"b424849\"><style>.stk-b424849 .stk-block-heading__text{color:#fffffe !important;font-weight:600 !important;font-family:\"Montserrat\", Sans-serif !important;}@media screen and (max-width: 767px){.stk-b424849 .stk-block-heading__text{font-size:15px !important;}}<\/style><h4 class=\"stk-block-heading__text has-text-color\"><a href=\"https:\/\/drive.google.com\/file\/d\/1wHW3DRd7YG1YDXH4mckgKOXzc0qZqo3B\/view?usp=sharing\" target=\"_blank\" rel=\"noopener\"><span style=\"color: #fffffe;\" class=\"stk-highlight\">Description du calendrier<\/span><\/a><\/h4><\/div>\n\n\n\n<div class=\"wp-block-stackable-icon stk-block-icon has-text-align-left stk-block stk-a485760\" data-block-id=\"a485760\"><style>@media screen and (max-width: 767px){.stk-a485760 .stk--svg-wrapper .stk--inner-svg svg:last-child{height:20px !important;width:20px !important;}}<\/style><a class=\"stk-link\" href=\"https:\/\/drive.google.com\/file\/d\/1wHW3DRd7YG1YDXH4mckgKOXzc0qZqo3B\/view?usp=sharing\" target=\"_blank\" rel=\"noopener\"><span class=\"stk--svg-wrapper\"><div class=\"stk--inner-svg\"><svg style=\"height:0;width:0\"><defs><lineargradient id=\"linear-gradient-a485760\" x1=\"0\" x2=\"100%\" y1=\"0\" y2=\"0\"><stop offset=\"0%\" style=\"stop-opacity:1;stop-color:var(--linear-gradient-a-485760-color-1)\"><\/stop><stop offset=\"100%\" style=\"stop-opacity:1;stop-color:var(--linear-gradient-a-485760-color-2)\"><\/stop><\/lineargradient><\/defs><\/svg><svg class=\"ugb-custom-icon\" id=\"Capa_1-91700\" data-name=\"Capa 1\" xmlns=\"http:\/\/www.w3.org\/2000\/svg\" viewbox=\"0 0 36 36\" aria-hidden=\"true\" width=\"32\" height=\"32\">\n  <defs>\n    <style>\n      .cls-1 {\n        fill: #fff;\n      }\n\n      .cls-2 {\n        fill: #782ce8;\n      }\n    <\/style>\n  <\/defs>\n  <circle class=\"cls-1\" cx=\"18\" cy=\"18\" r=\"18\"\/>\n  <polygon class=\"cls-2\" points=\"24.35 23.34 21.01 23.33 21.01 17.26 13.19 25.08 10.92 22.81 18.81 14.92 12.73 14.92 12.73 11.58 24.35 11.58 24.35 23.34\"\/>\n<\/svg><\/div><\/span><\/a><\/div>\n<\/div><\/div>\n\n\n\n<div class=\"wp-block-stackable-icon-label stk-block-icon-label stk-block stk-d9e3d29 stk-block-background\" id=\"1-a-href-https-drive-google-com-file-d-14-br-9-a-69-zh-qt-qigmt-60-c-9-pfd-lueuz-ks-view-usp-sharing-target-blank-rel-noreferrer-noopener-span-style-color-fffffe-class-stk-highlight-estudiantes-que-finalizan-el-bachiller-en-el-curso-en-el-que-se-celebra-la-pau-span-a\" data-block-id=\"d9e3d29\"><style>.stk-d9e3d29 {background-color:#7c30e3 !important;border-top-left-radius:25px !important;border-top-right-radius:25px !important;border-bottom-right-radius:25px !important;border-bottom-left-radius:25px !important;overflow:hidden !important;border-style:solid !important;border-color:#dfdad1 !important;border-top-width:0px !important;border-right-width:0px !important;border-bottom-width:1px !important;border-left-width:0px !important;padding-top:36px !important;padding-right:20px !important;padding-bottom:36px !important;padding-left:25px !important;margin-bottom:24px !important;}.stk-d9e3d29:before{background-color:#7c30e3 !important;}<\/style><div class=\"stk-row stk-inner-blocks stk-block-content\">\n<div class=\"wp-block-stackable-heading stk-block-heading stk-block-heading--v2 stk-block stk-e2c0232\" id=\"a-href-https-drive-google-com-file-d-1-v-ubs-pa-k-ghwx-zkpt-89-cip-8-l-4-i-qp-boifi-0-view-usp-sharing-span-style-color-fffffe-class-stk-highlight-descargar-calendario-en-formato-pdf-span-a\" data-block-id=\"e2c0232\"><style>.stk-e2c0232 .stk-block-heading__text{color:#fffffe !important;font-weight:600 !important;font-family:\"Montserrat\", Sans-serif !important;}@media screen and (max-width: 767px){.stk-e2c0232 .stk-block-heading__text{font-size:15px !important;}}<\/style><h4 class=\"stk-block-heading__text has-text-color\"><a href=\"https:\/\/drive.google.com\/file\/d\/1VUbsPaKGhwxZkpt89Cip8l4IQpBoifi0\/view?usp=sharing\" target=\"_blank\" rel=\"noopener\"><span style=\"color: #fffffe;\" class=\"stk-highlight\">T\u00e9l\u00e9charger le calendrier au format PDF<\/span><\/a><\/h4><\/div>\n\n\n\n<div class=\"wp-block-stackable-icon stk-block-icon has-text-align-left stk-block stk-9a34fe9\" data-block-id=\"9a34fe9\"><style>@media screen and (max-width: 767px){.stk-9a34fe9 .stk--svg-wrapper .stk--inner-svg svg:last-child{height:20px !important;width:20px !important;}}<\/style><a class=\"stk-link\" href=\"https:\/\/drive.google.com\/file\/d\/1VUbsPaKGhwxZkpt89Cip8l4IQpBoifi0\/view?usp=sharing\" target=\"_blank\" rel=\"noopener\"><span class=\"stk--svg-wrapper\"><div class=\"stk--inner-svg\"><svg style=\"height:0;width:0\"><defs><lineargradient id=\"linear-gradient-9a34fe9\" x1=\"0\" x2=\"100%\" y1=\"0\" y2=\"0\"><stop offset=\"0%\" style=\"stop-opacity:1;stop-color:var(--linear-gradient-9-a-34-fe-9-color-1)\"><\/stop><stop offset=\"100%\" style=\"stop-opacity:1;stop-color:var(--linear-gradient-9-a-34-fe-9-color-2)\"><\/stop><\/lineargradient><\/defs><\/svg><svg class=\"ugb-custom-icon\" id=\"Capa_1-91700\" data-name=\"Capa 1\" xmlns=\"http:\/\/www.w3.org\/2000\/svg\" viewbox=\"0 0 36 36\" aria-hidden=\"true\" width=\"32\" height=\"32\">\n  <defs>\n    <style>\n      .cls-1 {\n        fill: #fff;\n      }\n\n      .cls-2 {\n        fill: #782ce8;\n      }\n    <\/style>\n  <\/defs>\n  <circle class=\"cls-1\" cx=\"18\" cy=\"18\" r=\"18\"\/>\n  <polygon class=\"cls-2\" points=\"24.35 23.34 21.01 23.33 21.01 17.26 13.19 25.08 10.92 22.81 18.81 14.92 12.73 14.92 12.73 11.58 24.35 11.58 24.35 23.34\"\/>\n<\/svg><\/div><\/span><\/a><\/div>\n<\/div><\/div>\n\n\n\n<div class=\"wp-block-stackable-icon-label stk-block-icon-label stk-block stk-4e93001 stk-block-background\" id=\"1-a-href-https-drive-google-com-file-d-14-br-9-a-69-zh-qt-qigmt-60-c-9-pfd-lueuz-ks-view-usp-sharing-target-blank-rel-noreferrer-noopener-span-style-color-fffffe-class-stk-highlight-estudiantes-que-finalizan-el-bachiller-en-el-curso-en-el-que-se-celebra-la-pau-span-a\" data-block-id=\"4e93001\"><style>.stk-4e93001 {background-color:#7c30e3 !important;border-top-left-radius:25px !important;border-top-right-radius:25px !important;border-bottom-right-radius:25px !important;border-bottom-left-radius:25px !important;overflow:hidden !important;border-style:solid !important;border-color:#dfdad1 !important;border-top-width:0px !important;border-right-width:0px !important;border-bottom-width:1px !important;border-left-width:0px !important;padding-top:36px !important;padding-right:20px !important;padding-bottom:36px !important;padding-left:25px !important;margin-bottom:24px !important;}.stk-4e93001:before{background-color:#7c30e3 !important;}<\/style><div class=\"stk-row stk-inner-blocks stk-block-content\">\n<div class=\"wp-block-stackable-heading stk-block-heading stk-block-heading--v2 stk-block stk-cbc7f0f\" id=\"a-href-https-calendar-google-com-calendar-ical-c-35-ce-72-ebf-51-d-41-f-6-aa-3-e-318-dda-21-d-14-e-8-d-4-b-7-a-8-d-4-c-1-eeb-11393620-e-8-b-9-a-5724-f-40-group-calendar-google-com-public-basic-ics-span-style-color-fffffe-class-stk-highlight-descargar-calendario-en-formato-ics-span-a\" data-block-id=\"cbc7f0f\"><style>.stk-cbc7f0f .stk-block-heading__text{color:#fffffe !important;font-weight:600 !important;font-family:\"Montserrat\", Sans-serif !important;}@media screen and (max-width: 767px){.stk-cbc7f0f .stk-block-heading__text{font-size:15px !important;}}<\/style><h4 class=\"stk-block-heading__text has-text-color\"><a href=\"https:\/\/calendar.google.com\/calendar\/ical\/c_35ce72ebf51d41f6aa3e318dda21d14e8d4b7a8d4c1eeb11393620e8b9a5724f%40group.calendar.google.com\/public\/basic.ics\" target=\"_blank\" rel=\"noopener\"><span style=\"color: #fffffe;\" class=\"stk-highlight\">T\u00e9l\u00e9charger le calendrier au format ics<\/span><\/a><\/h4><\/div>\n\n\n\n<div class=\"wp-block-stackable-icon stk-block-icon has-text-align-left stk-block stk-7d8a14b\" data-block-id=\"7d8a14b\"><style>@media screen and (max-width: 767px){.stk-7d8a14b .stk--svg-wrapper .stk--inner-svg svg:last-child{height:20px !important;width:20px !important;}}<\/style><a class=\"stk-link\" href=\"https:\/\/calendar.google.com\/calendar\/ical\/c_35ce72ebf51d41f6aa3e318dda21d14e8d4b7a8d4c1eeb11393620e8b9a5724f%40group.calendar.google.com\/public\/basic.ics\" target=\"_blank\" rel=\"noopener\"><span class=\"stk--svg-wrapper\"><div class=\"stk--inner-svg\"><svg style=\"height:0;width:0\"><defs><lineargradient id=\"linear-gradient-7d8a14b\" x1=\"0\" x2=\"100%\" y1=\"0\" y2=\"0\"><stop offset=\"0%\" style=\"stop-opacity:1;stop-color:var(--linear-gradient-7-d-8-a-14-b-color-1)\"><\/stop><stop offset=\"100%\" style=\"stop-opacity:1;stop-color:var(--linear-gradient-7-d-8-a-14-b-color-2)\"><\/stop><\/lineargradient><\/defs><\/svg><svg class=\"ugb-custom-icon\" id=\"Capa_1-91700\" data-name=\"Capa 1\" xmlns=\"http:\/\/www.w3.org\/2000\/svg\" viewbox=\"0 0 36 36\" aria-hidden=\"true\" width=\"32\" height=\"32\">\n  <defs>\n    <style>\n      .cls-1 {\n        fill: #fff;\n      }\n\n      .cls-2 {\n        fill: #782ce8;\n      }\n    <\/style>\n  <\/defs>\n  <circle class=\"cls-1\" cx=\"18\" cy=\"18\" r=\"18\"\/>\n  <polygon class=\"cls-2\" points=\"24.35 23.34 21.01 23.33 21.01 17.26 13.19 25.08 10.92 22.81 18.81 14.92 12.73 14.92 12.73 11.58 24.35 11.58 24.35 23.34\"\/>\n<\/svg><\/div><\/span><\/a><\/div>\n<\/div><\/div>\n\n\n\n<div class=\"wp-block-stackable-icon-label stk-block-icon-label stk-block stk-6d44d1f stk-block-background\" id=\"1-a-href-https-drive-google-com-file-d-14-br-9-a-69-zh-qt-qigmt-60-c-9-pfd-lueuz-ks-view-usp-sharing-target-blank-rel-noreferrer-noopener-span-style-color-fffffe-class-stk-highlight-estudiantes-que-finalizan-el-bachiller-en-el-curso-en-el-que-se-celebra-la-pau-span-a\" data-block-id=\"6d44d1f\"><style>.stk-6d44d1f {background-color:#7c30e3 !important;border-top-left-radius:25px !important;border-top-right-radius:25px !important;border-bottom-right-radius:25px !important;border-bottom-left-radius:25px !important;overflow:hidden !important;border-style:solid !important;border-color:#dfdad1 !important;border-top-width:0px !important;border-right-width:0px !important;border-bottom-width:1px !important;border-left-width:0px !important;padding-top:36px !important;padding-right:20px !important;padding-bottom:36px !important;padding-left:25px !important;margin-bottom:24px !important;}.stk-6d44d1f:before{background-color:#7c30e3 !important;}<\/style><div class=\"stk-row stk-inner-blocks stk-block-content\">\n<div class=\"wp-block-stackable-heading stk-block-heading stk-block-heading--v2 stk-block stk-16d8cdb\" id=\"a-href-https-calendar-google-com-calendar-embed-src-c-35-ce-72-ebf-51-d-41-f-6-aa-3-e-318-dda-21-d-14-e-8-d-4-b-7-a-8-d-4-c-1-eeb-11393620-e-8-b-9-a-5724-f-40-group-calendar-google-com-amp-ctz-europe-2-f-madrid-span-style-color-fffffe-class-stk-highlight-ver-calendario-span-a\" data-block-id=\"16d8cdb\"><style>.stk-16d8cdb .stk-block-heading__text{color:#fffffe !important;font-weight:600 !important;font-family:\"Montserrat\", Sans-serif !important;}@media screen and (max-width: 767px){.stk-16d8cdb .stk-block-heading__text{font-size:15px !important;}}<\/style><h4 class=\"stk-block-heading__text has-text-color\"><a href=\"https:\/\/calendar.google.com\/calendar\/embed?src=c_35ce72ebf51d41f6aa3e318dda21d14e8d4b7a8d4c1eeb11393620e8b9a5724f%40group.calendar.google.com&amp;ctz=Europe%2FMadrid\" target=\"_blank\" rel=\"noopener\"><span style=\"color: #fffffe;\" class=\"stk-highlight\">Voir le calendrier<\/span><\/a><\/h4><\/div>\n\n\n\n<div class=\"wp-block-stackable-icon stk-block-icon has-text-align-left stk-block stk-518c147\" data-block-id=\"518c147\"><style>@media screen and (max-width: 767px){.stk-518c147 .stk--svg-wrapper .stk--inner-svg svg:last-child{height:20px !important;width:20px !important;}}<\/style><a class=\"stk-link\" href=\"https:\/\/calendar.google.com\/calendar\/embed?src=c_35ce72ebf51d41f6aa3e318dda21d14e8d4b7a8d4c1eeb11393620e8b9a5724f%40group.calendar.google.com&amp;ctz=Europe%2FMadrid\" target=\"_blank\" rel=\"noopener\"><span class=\"stk--svg-wrapper\"><div class=\"stk--inner-svg\"><svg style=\"height:0;width:0\"><defs><lineargradient id=\"linear-gradient-518c147\" x1=\"0\" x2=\"100%\" y1=\"0\" y2=\"0\"><stop offset=\"0%\" style=\"stop-opacity:1;stop-color:var(--linear-gradient-518-c-147-color-1)\"><\/stop><stop offset=\"100%\" style=\"stop-opacity:1;stop-color:var(--linear-gradient-518-c-147-color-2)\"><\/stop><\/lineargradient><\/defs><\/svg><svg class=\"ugb-custom-icon\" id=\"Capa_1-91700\" data-name=\"Capa 1\" xmlns=\"http:\/\/www.w3.org\/2000\/svg\" viewbox=\"0 0 36 36\" aria-hidden=\"true\" width=\"32\" height=\"32\">\n  <defs>\n    <style>\n      .cls-1 {\n        fill: #fff;\n      }\n\n      .cls-2 {\n        fill: #782ce8;\n      }\n    <\/style>\n  <\/defs>\n  <circle class=\"cls-1\" cx=\"18\" cy=\"18\" r=\"18\"\/>\n  <polygon class=\"cls-2\" points=\"24.35 23.34 21.01 23.33 21.01 17.26 13.19 25.08 10.92 22.81 18.81 14.92 12.73 14.92 12.73 11.58 24.35 11.58 24.35 23.34\"\/>\n<\/svg><\/div><\/span><\/a><\/div>\n<\/div><\/div>\n\n\n\n<div class=\"wp-block-stackable-icon-label stk-block-icon-label stk-block stk-aba5618 stk-block-background\" id=\"1-a-href-https-drive-google-com-file-d-14-br-9-a-69-zh-qt-qigmt-60-c-9-pfd-lueuz-ks-view-usp-sharing-target-blank-rel-noreferrer-noopener-span-style-color-fffffe-class-stk-highlight-estudiantes-que-finalizan-el-bachiller-en-el-curso-en-el-que-se-celebra-la-pau-span-a\" data-block-id=\"aba5618\"><style>.stk-aba5618 {background-color:#7c30e3 !important;border-top-left-radius:25px !important;border-top-right-radius:25px !important;border-bottom-right-radius:25px !important;border-bottom-left-radius:25px !important;overflow:hidden !important;border-style:solid !important;border-color:#dfdad1 !important;border-top-width:0px !important;border-right-width:0px !important;border-bottom-width:1px !important;border-left-width:0px !important;padding-top:36px !important;padding-right:20px !important;padding-bottom:36px !important;padding-left:25px !important;margin-bottom:24px !important;}.stk-aba5618:before{background-color:#7c30e3 !important;}<\/style><div class=\"stk-row stk-inner-blocks stk-block-content\">\n<div class=\"wp-block-stackable-heading stk-block-heading stk-block-heading--v2 stk-block stk-365d1ed\" id=\"a-href-https-drive-google-com-file-d-1-m-yx-s-xot-ui-cg-00-v-0-hydr-vd-zs-cu-9-bgcdo-f-view-usp-sharing-span-style-color-fffffe-class-stk-highlight-periodo-de-docencia-examenes-y-festividades-span-a\" data-block-id=\"365d1ed\"><style>.stk-365d1ed .stk-block-heading__text{color:#fffffe !important;font-weight:600 !important;font-family:\"Montserrat\", Sans-serif !important;}@media screen and (max-width: 767px){.stk-365d1ed .stk-block-heading__text{font-size:15px !important;}}<\/style><h4 class=\"stk-block-heading__text has-text-color\"><a href=\"https:\/\/drive.google.com\/file\/d\/1mYxSXotUICg00v0hydrVdZsCu9BgcdoF\/view?usp=sharing\" target=\"_blank\" rel=\"noopener\"><span style=\"color: #fffffe;\" class=\"stk-highlight\">P\u00e9riode d&#039;enseignement, examens et vacances<\/span><\/a><\/h4><\/div>\n\n\n\n<div class=\"wp-block-stackable-icon stk-block-icon has-text-align-left stk-block stk-b85f70b\" data-block-id=\"b85f70b\"><style>@media screen and (max-width: 767px){.stk-b85f70b .stk--svg-wrapper .stk--inner-svg svg:last-child{height:20px !important;width:20px !important;}}<\/style><a class=\"stk-link\" href=\"https:\/\/drive.google.com\/file\/d\/1mYxSXotUICg00v0hydrVdZsCu9BgcdoF\/view?usp=sharing\" target=\"_blank\" rel=\"noopener\"><span class=\"stk--svg-wrapper\"><div class=\"stk--inner-svg\"><svg style=\"height:0;width:0\"><defs><lineargradient id=\"linear-gradient-b85f70b\" x1=\"0\" x2=\"100%\" y1=\"0\" y2=\"0\"><stop offset=\"0%\" style=\"stop-opacity:1;stop-color:var(--linear-gradient-b-85-f-70-b-color-1)\"><\/stop><stop offset=\"100%\" style=\"stop-opacity:1;stop-color:var(--linear-gradient-b-85-f-70-b-color-2)\"><\/stop><\/lineargradient><\/defs><\/svg><svg class=\"ugb-custom-icon\" id=\"Capa_1-91700\" data-name=\"Capa 1\" xmlns=\"http:\/\/www.w3.org\/2000\/svg\" viewbox=\"0 0 36 36\" aria-hidden=\"true\" width=\"32\" height=\"32\">\n  <defs>\n    <style>\n      .cls-1 {\n        fill: #fff;\n      }\n\n      .cls-2 {\n        fill: #782ce8;\n      }\n    <\/style>\n  <\/defs>\n  <circle class=\"cls-1\" cx=\"18\" cy=\"18\" r=\"18\"\/>\n  <polygon class=\"cls-2\" points=\"24.35 23.34 21.01 23.33 21.01 17.26 13.19 25.08 10.92 22.81 18.81 14.92 12.73 14.92 12.73 11.58 24.35 11.58 24.35 23.34\"\/>\n<\/svg><\/div><\/span><\/a><\/div>\n<\/div><\/div>\n<\/div><\/div><\/div>\n\n\n\n<div class=\"wp-block-stackable-column stk-block-column stk-column stk-block stk-9a757d6\" data-v=\"4\" data-block-id=\"9a757d6\"><style>@media screen and (min-width: 768px){.stk-9a757d6 {flex:var(--stk-flex-grow, 1) 1 33.3% !important;}}<\/style><div class=\"stk-column-wrapper stk-block-column__content stk-container stk-9a757d6-container stk--no-background stk--no-padding\"><div class=\"stk-block-content stk-inner-blocks stk-9a757d6-inner-blocks\">\n<div class=\"wp-block-stackable-image stk-block-image stk-block stk-1a97eab\" data-block-id=\"1a97eab\"><figure><span class=\"stk-img-wrapper stk-image--shape-stretch\"><img loading=\"lazy\" decoding=\"async\" class=\"stk-img wp-image-5534\" src=\"https:\/\/www.ull.es\/estudios-docencia\/wp-content\/uploads\/sites\/7\/2026\/04\/Calendario-25_26_15-semanas-v19_MODIFICACION-MAYO-2025_23042026_correccion-visita-Papa-12062026_v2_page-0001-1.jpg\" width=\"764\" height=\"1080\" srcset=\"https:\/\/www.ull.es\/estudios-docencia\/wp-content\/uploads\/sites\/7\/2026\/04\/Calendario-25_26_15-semanas-v19_MODIFICACION-MAYO-2025_23042026_correccion-visita-Papa-12062026_v2_page-0001-1.jpg 764w, https:\/\/www.ull.es\/estudios-docencia\/wp-content\/uploads\/sites\/7\/2026\/04\/Calendario-25_26_15-semanas-v19_MODIFICACION-MAYO-2025_23042026_correccion-visita-Papa-12062026_v2_page-0001-1-212x300.jpg 212w, https:\/\/www.ull.es\/estudios-docencia\/wp-content\/uploads\/sites\/7\/2026\/04\/Calendario-25_26_15-semanas-v19_MODIFICACION-MAYO-2025_23042026_correccion-visita-Papa-12062026_v2_page-0001-1-724x1024.jpg 724w, https:\/\/www.ull.es\/estudios-docencia\/wp-content\/uploads\/sites\/7\/2026\/04\/Calendario-25_26_15-semanas-v19_MODIFICACION-MAYO-2025_23042026_correccion-visita-Papa-12062026_v2_page-0001-1-8x12.jpg 8w, https:\/\/www.ull.es\/estudios-docencia\/wp-content\/uploads\/sites\/7\/2026\/04\/Calendario-25_26_15-semanas-v19_MODIFICACION-MAYO-2025_23042026_correccion-visita-Papa-12062026_v2_page-0001-1-200x283.jpg 200w, https:\/\/www.ull.es\/estudios-docencia\/wp-content\/uploads\/sites\/7\/2026\/04\/Calendario-25_26_15-semanas-v19_MODIFICACION-MAYO-2025_23042026_correccion-visita-Papa-12062026_v2_page-0001-1-375x530.jpg 375w, https:\/\/www.ull.es\/estudios-docencia\/wp-content\/uploads\/sites\/7\/2026\/04\/Calendario-25_26_15-semanas-v19_MODIFICACION-MAYO-2025_23042026_correccion-visita-Papa-12062026_v2_page-0001-1-750x1060.jpg 750w\" sizes=\"auto, (max-width: 764px) 100vw, 764px\" \/><\/span><\/figure><\/div>\n<\/div><\/div><\/div>\n<\/div><\/div>\n<\/div><\/div><\/div>\n<\/details>\n\n\n\n<details class=\"wp-block-stackable-accordion stk-block-accordion stk-inner-blocks stk-block-content stk-block stk-46f1bc7 stk-block-background is-style-plain\" id=\"calendario-26-27\" data-block-id=\"46f1bc7\"><style>.stk-46f1bc7 {background-color:#fffffe !important;border-top-left-radius:25px !important;border-top-right-radius:25px !important;border-bottom-right-radius:25px !important;border-bottom-left-radius:25px !important;overflow:hidden !important;border-style:solid !important;border-color:#dfdad1 !important;border-top-width:0px !important;border-right-width:0px !important;border-bottom-width:1px !important;border-left-width:0px !important;padding-bottom:24px !important;margin-bottom:32px !important;}.stk-46f1bc7:before{background-color:#fffffe !important;}<\/style>\n<summary class=\"wp-block-stackable-column stk-block-column stk-column stk-block stk-11af09c stk--container-small stk-block-accordion__heading\" data-v=\"4\" data-block-id=\"11af09c\"><div class=\"stk-column-wrapper stk-block-column__content stk-container stk-11af09c-container stk--no-background stk--no-padding\"><div class=\"stk-block-content stk-inner-blocks stk-11af09c-inner-blocks\">\n<div class=\"wp-block-stackable-icon-label stk-block-icon-label stk-block stk-a1bdafc\" data-block-id=\"a1bdafc\"><div class=\"stk-row stk-inner-blocks stk-block-content\">\n<div class=\"wp-block-stackable-heading stk-block-heading stk-block-heading--v2 stk-block stk-8ce5938\" id=\"calendario-2026-2027\" data-block-id=\"8ce5938\"><style>.stk-8ce5938 .stk-block-heading__text{color:var(--stk-global-color-60833, #5c068c) !important;font-weight:600 !important;font-family:\"Montserrat\", Sans-serif !important;}@media screen and (max-width: 767px){.stk-8ce5938 .stk-block-heading__text{font-size:15px !important;line-height:1em !important;}}<\/style><h4 class=\"stk-block-heading__text has-text-color\">Calendrier 2026-2027<\/h4><\/div>\n\n\n\n<div class=\"wp-block-stackable-icon stk-block-icon stk-block stk-507d712\" data-block-id=\"507d712\"><style>@media screen and (max-width: 767px){.stk-507d712 .stk--svg-wrapper .stk--inner-svg svg:last-child{height:20px !important;width:20px !important;}}<\/style><span class=\"stk--svg-wrapper stk--has-icon2\"><div class=\"stk--inner-svg\"><svg style=\"height:0;width:0\"><defs><lineargradient id=\"linear-gradient-507d712\" x1=\"0\" x2=\"100%\" y1=\"0\" y2=\"0\"><stop offset=\"0%\" style=\"stop-opacity:1;stop-color:var(--linear-gradient-507-d-712-color-1)\"><\/stop><stop offset=\"100%\" style=\"stop-opacity:1;stop-color:var(--linear-gradient-507-d-712-color-2)\"><\/stop><\/lineargradient><\/defs><\/svg><svg class=\"ugb-custom-icon\" viewbox=\"0 0 34 34\" fill=\"none\" xmlns=\"http:\/\/www.w3.org\/2000\/svg\" aria-hidden=\"true\" width=\"32\" height=\"32\">\n<g clip-path=\"url(#clip0_1_2-14477)\">\n<path d=\"M17 34C26.3888 34 34 26.3888 34 17C34 7.61116 26.3888 0 17 0C7.61116 0 0 7.61116 0 17C0 26.3888 7.61116 34 17 34Z\" fill=\"#8A41E6\"\/>\n<path d=\"M22.71 14.28L17.05 19.95L11.29 14.18L9 16.47L14.76 22.23L15 22.5L16 23.53L17 24.56L25 16.56L22.71 14.28Z\" fill=\"white\"\/>\n<\/g>\n<defs>\n<clippath id=\"clip0_1_2-14477\">\n<rect width=\"34\" height=\"34\" fill=\"white\"\/>\n<\/clippath>\n<\/defs>\n<\/svg><\/div><div class=\"stk--inner-svg stk--icon-2\" style=\"display:none\"><svg style=\"height:0;width:0\"><defs><lineargradient id=\"linear-gradient-507d712\" x1=\"0\" x2=\"100%\" y1=\"0\" y2=\"0\"><stop offset=\"0%\" style=\"stop-opacity:1;stop-color:var(--linear-gradient-507-d-712-color-1)\"><\/stop><stop offset=\"100%\" style=\"stop-opacity:1;stop-color:var(--linear-gradient-507-d-712-color-2)\"><\/stop><\/lineargradient><\/defs><\/svg><svg class=\"ugb-custom-icon\" viewbox=\"0 0 34 34\" fill=\"none\" xmlns=\"http:\/\/www.w3.org\/2000\/svg\" aria-hidden=\"true\" width=\"32\" height=\"32\">\n<g clip-path=\"url(#clip0_1_2-67935)\">\n<path d=\"M17 34C26.3888 34 34 26.3888 34 17C34 7.61116 26.3888 0 17 0C7.61116 0 0 7.61116 0 17C0 26.3888 7.61116 34 17 34Z\" fill=\"#8A41E6\"\/>\n<path d=\"M22.71 14.28L17.05 19.95L11.29 14.18L9 16.47L14.76 22.23L15 22.5L16 23.53L17 24.56L25 16.56L22.71 14.28Z\" fill=\"white\"\/>\n<\/g>\n<defs>\n<clippath id=\"clip0_1_2-67935\">\n<rect width=\"34\" height=\"34\" fill=\"white\"\/>\n<\/clippath>\n<\/defs>\n<\/svg><\/div><\/span><\/div>\n<\/div><\/div>\n<\/div><\/div><\/summary>\n\n\n\n<div class=\"wp-block-stackable-column stk-block-column stk-column stk-block stk-d1780f6 stk-block-accordion__content\" data-v=\"4\" data-block-id=\"d1780f6\"><style>.stk-d1780f6-container{padding-top:0px !important;padding-right:0px !important;padding-bottom:0px !important;padding-left:0px !important;}<\/style><div class=\"stk-column-wrapper stk-block-column__content stk-container stk-d1780f6-container stk--no-background stk--no-padding\"><div class=\"stk-block-content stk-inner-blocks stk-d1780f6-inner-blocks\">\n<div class=\"wp-block-stackable-columns stk-block-columns stk-block stk-ab153c8\" data-block-id=\"ab153c8\"><div class=\"stk-row stk-inner-blocks stk-block-content stk-content-align stk-ab153c8-column\">\n<div class=\"wp-block-stackable-column stk-block-column stk-column stk-block stk-7dfc105\" data-v=\"4\" data-block-id=\"7dfc105\"><style>@media screen and (min-width: 768px){.stk-7dfc105 {flex:var(--stk-flex-grow, 1) 1 66.7% !important;}}<\/style><div class=\"stk-column-wrapper stk-block-column__content stk-container stk-7dfc105-container stk--no-background stk--no-padding\"><div class=\"stk-block-content stk-inner-blocks stk-7dfc105-inner-blocks\">\n<p data-block-type=\"core\">Le calendrier acad\u00e9mique est l&#039;instrument qui permet la coordination de toutes les \u00c9coles et Facult\u00e9s dans l&#039;organisation acad\u00e9mique des \u00e9tudes qui leur sont confi\u00e9es.<\/p>\n\n\n\n<p data-block-type=\"core\">C&#039;est \u00e9galement une pierre angulaire de la conception d&#039;une multitude de processus administratifs de grande importance pour la communaut\u00e9 universitaire, et son influence se fait sentir m\u00eame en dehors de l&#039;Universit\u00e9 dans le r\u00e9seau social qui l&#039;accompagne.<\/p>\n\n\n\n<p data-block-type=\"core\">Compte tenu de cette importante mission, le vice-rectorat aux affaires \u00e9tudiantes pr\u00e9pare une instruction qui doit inclure la date d&#039;ouverture du cours et le lieu temporel des appels \u00e0 l&#039;\u00e9valuation de l&#039;enseignement, qui doit \u00eatre approuv\u00e9e par le conseil d&#039;administration de l&#039;universit\u00e9 en vertu de l&#039;article 40 de ses statuts.<\/p>\n\n\n\n<div class=\"wp-block-stackable-spacer stk-block-spacer stk--no-padding stk-block stk-674b795\" data-block-id=\"674b795\"><\/div>\n\n\n\n<div class=\"wp-block-stackable-spacer stk-block-spacer stk--no-padding stk-block stk-53097cf\" data-block-id=\"53097cf\"><style>.stk-53097cf {height:20px !important;}<\/style><\/div>\n\n\n\n<div class=\"wp-block-stackable-icon-label stk-block-icon-label stk--hide-desktop stk--hide-tablet stk--hide-mobile stk-block stk-33b4e7a stk-block-background\" id=\"1-a-href-https-drive-google-com-file-d-14-br-9-a-69-zh-qt-qigmt-60-c-9-pfd-lueuz-ks-view-usp-sharing-target-blank-rel-noreferrer-noopener-span-style-color-fffffe-class-stk-highlight-estudiantes-que-finalizan-el-bachiller-en-el-curso-en-el-que-se-celebra-la-pau-span-a\" data-block-id=\"33b4e7a\"><style>.stk-33b4e7a {background-color:#7c30e3 !important;border-top-left-radius:25px !important;border-top-right-radius:25px !important;border-bottom-right-radius:25px !important;border-bottom-left-radius:25px !important;overflow:hidden !important;border-style:solid !important;border-color:#dfdad1 !important;border-top-width:0px !important;border-right-width:0px !important;border-bottom-width:1px !important;border-left-width:0px !important;padding-top:36px !important;padding-right:20px !important;padding-bottom:36px !important;padding-left:25px !important;margin-bottom:24px !important;}.stk-33b4e7a:before{background-color:#7c30e3 !important;}<\/style><div class=\"stk-row stk-inner-blocks stk-block-content\">\n<div class=\"wp-block-stackable-heading stk-block-heading stk--hide-desktop stk--hide-tablet stk--hide-mobile stk-block-heading--v2 stk-block stk-6fa2c79\" id=\"a-href-https-drive-google-com-file-d-1-w-hw-3-d-rd-7-yg-1-ydxh-4-mckg-ko-xzc-0-q-zqo-3-b-view-usp-sharing-span-style-color-fffffe-class-stk-highlight-descripcion-del-calendario-span-a\" data-block-id=\"6fa2c79\"><style>.stk-6fa2c79 .stk-block-heading__text{color:#fffffe !important;font-weight:600 !important;font-family:\"Montserrat\", Sans-serif !important;}@media screen and (max-width: 767px){.stk-6fa2c79 .stk-block-heading__text{font-size:15px !important;}}<\/style><h4 class=\"stk-block-heading__text has-text-color\"><a href=\"https:\/\/drive.google.com\/file\/d\/1wHW3DRd7YG1YDXH4mckgKOXzc0qZqo3B\/view?usp=sharing\" target=\"_blank\" rel=\"noopener\"><span style=\"color: #fffffe;\" class=\"stk-highlight\">Description du calendrier<\/span><\/a><\/h4><\/div>\n\n\n\n<div class=\"wp-block-stackable-icon stk-block-icon has-text-align-left stk-block stk-178686e\" data-block-id=\"178686e\"><style>@media screen and (max-width: 767px){.stk-178686e .stk--svg-wrapper .stk--inner-svg svg:last-child{height:20px !important;width:20px !important;}}<\/style><a class=\"stk-link\" href=\"https:\/\/drive.google.com\/file\/d\/1wHW3DRd7YG1YDXH4mckgKOXzc0qZqo3B\/view?usp=sharing\" target=\"_blank\" rel=\"noopener\"><span class=\"stk--svg-wrapper\"><div class=\"stk--inner-svg\"><svg style=\"height:0;width:0\"><defs><lineargradient id=\"linear-gradient-178686e\" x1=\"0\" x2=\"100%\" y1=\"0\" y2=\"0\"><stop offset=\"0%\" style=\"stop-opacity:1;stop-color:var(--linear-gradient-178686-e-color-1)\"><\/stop><stop offset=\"100%\" style=\"stop-opacity:1;stop-color:var(--linear-gradient-178686-e-color-2)\"><\/stop><\/lineargradient><\/defs><\/svg><svg class=\"ugb-custom-icon\" id=\"Capa_1-91700\" data-name=\"Capa 1\" xmlns=\"http:\/\/www.w3.org\/2000\/svg\" viewbox=\"0 0 36 36\" aria-hidden=\"true\" width=\"32\" height=\"32\">\n  <defs>\n    <style>\n      .cls-1 {\n        fill: #fff;\n      }\n\n      .cls-2 {\n        fill: #782ce8;\n      }\n    <\/style>\n  <\/defs>\n  <circle class=\"cls-1\" cx=\"18\" cy=\"18\" r=\"18\"\/>\n  <polygon class=\"cls-2\" points=\"24.35 23.34 21.01 23.33 21.01 17.26 13.19 25.08 10.92 22.81 18.81 14.92 12.73 14.92 12.73 11.58 24.35 11.58 24.35 23.34\"\/>\n<\/svg><\/div><\/span><\/a><\/div>\n<\/div><\/div>\n\n\n\n<div class=\"wp-block-stackable-icon-label stk-block-icon-label stk-block stk-81bf244 stk-block-background\" id=\"1-a-href-https-drive-google-com-file-d-14-br-9-a-69-zh-qt-qigmt-60-c-9-pfd-lueuz-ks-view-usp-sharing-target-blank-rel-noreferrer-noopener-span-style-color-fffffe-class-stk-highlight-estudiantes-que-finalizan-el-bachiller-en-el-curso-en-el-que-se-celebra-la-pau-span-a\" data-block-id=\"81bf244\"><style>.stk-81bf244 {background-color:#7c30e3 !important;border-top-left-radius:25px !important;border-top-right-radius:25px !important;border-bottom-right-radius:25px !important;border-bottom-left-radius:25px !important;overflow:hidden !important;border-style:solid !important;border-color:#dfdad1 !important;border-top-width:0px !important;border-right-width:0px !important;border-bottom-width:1px !important;border-left-width:0px !important;padding-top:36px !important;padding-right:20px !important;padding-bottom:36px !important;padding-left:25px !important;}.stk-81bf244:before{background-color:#7c30e3 !important;}<\/style><div class=\"stk-row stk-inner-blocks stk-block-content\">\n<div class=\"wp-block-stackable-heading stk-block-heading stk-block-heading--v2 stk-block stk-30e33fa\" id=\"a-href-https-www-ull-es-estudios-docencia-wp-content-uploads-sites-7-2026-04-194216-09-b-418-f-0-ca-64-457-e-b-09-e-9-e-5-bc-9-fcbdd-8-pdf-span-style-color-var-stk-global-color-80280-f-8-f-8-f-8-class-stk-highlight-calendario-de-grado-en-formato-pdf-span-a\" data-block-id=\"30e33fa\"><style>.stk-30e33fa .stk-block-heading__text{color:#fffffe !important;font-weight:600 !important;font-family:\"Montserrat\", Sans-serif !important;}@media screen and (max-width: 767px){.stk-30e33fa .stk-block-heading__text{font-size:15px !important;}}<\/style><h4 class=\"stk-block-heading__text has-text-color\"><a href=\"https:\/\/www.ull.es\/estudios-docencia\/wp-content\/uploads\/sites\/7\/2026\/04\/194216_09b418f0-ca64-457e-b09e-9e5bc9fcbdd8.pdf\" target=\"_blank\" rel=\"noopener\"><span style=\"color: var(--stk-global-color-80280, #f8f8f8);\" class=\"stk-highlight\">Calendrier des dipl\u00f4mes au format PDF<\/span><\/a><\/h4><\/div>\n\n\n\n<div class=\"wp-block-stackable-icon stk-block-icon has-text-align-left stk-block stk-b84c2ae\" data-block-id=\"b84c2ae\"><style>@media screen and (max-width: 767px){.stk-b84c2ae .stk--svg-wrapper .stk--inner-svg svg:last-child{height:20px !important;width:20px !important;}}<\/style><a class=\"stk-link\" href=\"https:\/\/drive.google.com\/file\/d\/1VUbsPaKGhwxZkpt89Cip8l4IQpBoifi0\/view?usp=sharing\" target=\"_blank\" rel=\"noopener\"><span class=\"stk--svg-wrapper\"><div class=\"stk--inner-svg\"><svg style=\"height:0;width:0\"><defs><lineargradient id=\"linear-gradient-b84c2ae\" x1=\"0\" x2=\"100%\" y1=\"0\" y2=\"0\"><stop offset=\"0%\" style=\"stop-opacity:1;stop-color:var(--linear-gradient-b-84-c-2-ae-color-1)\"><\/stop><stop offset=\"100%\" style=\"stop-opacity:1;stop-color:var(--linear-gradient-b-84-c-2-ae-color-2)\"><\/stop><\/lineargradient><\/defs><\/svg><svg class=\"ugb-custom-icon\" id=\"Capa_1-91700\" data-name=\"Capa 1\" xmlns=\"http:\/\/www.w3.org\/2000\/svg\" viewbox=\"0 0 36 36\" aria-hidden=\"true\" width=\"32\" height=\"32\">\n  <defs>\n    <style>\n      .cls-1 {\n        fill: #fff;\n      }\n\n      .cls-2 {\n        fill: #782ce8;\n      }\n    <\/style>\n  <\/defs>\n  <circle class=\"cls-1\" cx=\"18\" cy=\"18\" r=\"18\"\/>\n  <polygon class=\"cls-2\" points=\"24.35 23.34 21.01 23.33 21.01 17.26 13.19 25.08 10.92 22.81 18.81 14.92 12.73 14.92 12.73 11.58 24.35 11.58 24.35 23.34\"\/>\n<\/svg><\/div><\/span><\/a><\/div>\n<\/div><\/div>\n\n\n\n<div class=\"wp-block-stackable-icon-label stk-block-icon-label stk-block stk-ee7e2dd stk-block-background\" id=\"1-a-href-https-drive-google-com-file-d-14-br-9-a-69-zh-qt-qigmt-60-c-9-pfd-lueuz-ks-view-usp-sharing-target-blank-rel-noreferrer-noopener-span-style-color-fffffe-class-stk-highlight-estudiantes-que-finalizan-el-bachiller-en-el-curso-en-el-que-se-celebra-la-pau-span-a\" data-block-id=\"ee7e2dd\"><style>.stk-ee7e2dd {background-color:#7c30e3 !important;border-top-left-radius:25px !important;border-top-right-radius:25px !important;border-bottom-right-radius:25px !important;border-bottom-left-radius:25px !important;overflow:hidden !important;border-style:solid !important;border-color:#dfdad1 !important;border-top-width:0px !important;border-right-width:0px !important;border-bottom-width:1px !important;border-left-width:0px !important;padding-top:36px !important;padding-right:20px !important;padding-bottom:36px !important;padding-left:25px !important;}.stk-ee7e2dd:before{background-color:#7c30e3 !important;}<\/style><div class=\"stk-row stk-inner-blocks stk-block-content\">\n<div class=\"wp-block-stackable-heading stk-block-heading stk-block-heading--v2 stk-block stk-d834e83\" id=\"a-href-https-drive-google-com-file-d-171-qyf-1-xp-lbwfw-giaeskt-wz-2-vk-5-h-ea-92-j-view-usp-sharing-span-style-color-var-stk-global-color-80280-f-8-f-8-f-8-class-stk-highlight-calendario-de-master-y-doctorado-en-formato-pdf-span-a\" data-block-id=\"d834e83\"><style>.stk-d834e83 .stk-block-heading__text{color:#fffffe !important;font-weight:600 !important;font-family:\"Montserrat\", Sans-serif !important;}@media screen and (max-width: 767px){.stk-d834e83 .stk-block-heading__text{font-size:15px !important;}}<\/style><h4 class=\"stk-block-heading__text has-text-color\"><a href=\"https:\/\/drive.google.com\/file\/d\/171QYF1xpLBWFWGiaesktWz2Vk5hEa92J\/view?usp=sharing\" target=\"_blank\" rel=\"noopener\"><span style=\"color: var(--stk-global-color-80280, #f8f8f8);\" class=\"stk-highlight\">Calendrier des \u00e9tudes de ma\u00eetrise et de doctorat au format PDF<\/span><\/a><\/h4><\/div>\n\n\n\n<div class=\"wp-block-stackable-icon stk-block-icon has-text-align-left stk-block stk-aa792be\" data-block-id=\"aa792be\"><style>@media screen and (max-width: 767px){.stk-aa792be .stk--svg-wrapper .stk--inner-svg svg:last-child{height:20px !important;width:20px !important;}}<\/style><a class=\"stk-link\" href=\"https:\/\/drive.google.com\/file\/d\/1VUbsPaKGhwxZkpt89Cip8l4IQpBoifi0\/view?usp=sharing\" target=\"_blank\" rel=\"noopener\"><span class=\"stk--svg-wrapper\"><div class=\"stk--inner-svg\"><svg style=\"height:0;width:0\"><defs><lineargradient id=\"linear-gradient-aa792be\" x1=\"0\" x2=\"100%\" y1=\"0\" y2=\"0\"><stop offset=\"0%\" style=\"stop-opacity:1;stop-color:var(--linear-gradient-aa-792-be-color-1)\"><\/stop><stop offset=\"100%\" style=\"stop-opacity:1;stop-color:var(--linear-gradient-aa-792-be-color-2)\"><\/stop><\/lineargradient><\/defs><\/svg><svg class=\"ugb-custom-icon\" id=\"Capa_1-91700\" data-name=\"Capa 1\" xmlns=\"http:\/\/www.w3.org\/2000\/svg\" viewbox=\"0 0 36 36\" aria-hidden=\"true\" width=\"32\" height=\"32\">\n  <defs>\n    <style>\n      .cls-1 {\n        fill: #fff;\n      }\n\n      .cls-2 {\n        fill: #782ce8;\n      }\n    <\/style>\n  <\/defs>\n  <circle class=\"cls-1\" cx=\"18\" cy=\"18\" r=\"18\"\/>\n  <polygon class=\"cls-2\" points=\"24.35 23.34 21.01 23.33 21.01 17.26 13.19 25.08 10.92 22.81 18.81 14.92 12.73 14.92 12.73 11.58 24.35 11.58 24.35 23.34\"\/>\n<\/svg><\/div><\/span><\/a><\/div>\n<\/div><\/div>\n\n\n\n<div class=\"wp-block-stackable-icon-label stk-block-icon-label stk-block stk-aa2c2d0 stk-block-background\" id=\"1-a-href-https-drive-google-com-file-d-14-br-9-a-69-zh-qt-qigmt-60-c-9-pfd-lueuz-ks-view-usp-sharing-target-blank-rel-noreferrer-noopener-span-style-color-fffffe-class-stk-highlight-estudiantes-que-finalizan-el-bachiller-en-el-curso-en-el-que-se-celebra-la-pau-span-a\" data-block-id=\"aa2c2d0\"><style>.stk-aa2c2d0 {background-color:#7c30e3 !important;border-top-left-radius:25px !important;border-top-right-radius:25px !important;border-bottom-right-radius:25px !important;border-bottom-left-radius:25px !important;overflow:hidden !important;border-style:solid !important;border-color:#dfdad1 !important;border-top-width:0px !important;border-right-width:0px !important;border-bottom-width:1px !important;border-left-width:0px !important;padding-top:36px !important;padding-right:20px !important;padding-bottom:36px !important;padding-left:25px !important;margin-bottom:24px !important;}.stk-aa2c2d0:before{background-color:#7c30e3 !important;}<\/style><div class=\"stk-row stk-inner-blocks stk-block-content\">\n<div class=\"wp-block-stackable-heading stk-block-heading stk-block-heading--v2 stk-block stk-1b7fd3d\" id=\"a-href-https-calendar-google-com-calendar-ical-c-c-6-a-497-d-0-a-068787-c-4-b-160614-d-484340-dc-894-b-9518296637-fdfe-4499-d-393-c-8-fd-8-40-group-calendar-google-com-public-basic-ics-span-style-color-fffffe-class-stk-highlight-calendario-de-grado-en-formato-ics-span-a\" data-block-id=\"1b7fd3d\"><style>.stk-1b7fd3d .stk-block-heading__text{color:#fffffe !important;font-weight:600 !important;font-family:\"Montserrat\", Sans-serif !important;}@media screen and (max-width: 767px){.stk-1b7fd3d .stk-block-heading__text{font-size:15px !important;}}<\/style><h4 class=\"stk-block-heading__text has-text-color\"><a href=\"https:\/\/calendar.google.com\/calendar\/ical\/c_c6a497d0a068787c4b160614d484340dc894b9518296637fdfe4499d393c8fd8%40group.calendar.google.com\/public\/basic.ics\" target=\"_blank\" rel=\"noopener\"><span style=\"color: #fffffe;\" class=\"stk-highlight\">Calendrier des dipl\u00f4mes au format ICS<\/span><\/a><\/h4><\/div>\n\n\n\n<div class=\"wp-block-stackable-icon stk-block-icon has-text-align-left stk-block stk-edb751f\" data-block-id=\"edb751f\"><style>@media screen and (max-width: 767px){.stk-edb751f .stk--svg-wrapper .stk--inner-svg svg:last-child{height:20px !important;width:20px !important;}}<\/style><a class=\"stk-link\" href=\"https:\/\/calendar.google.com\/calendar\/ical\/c_35ce72ebf51d41f6aa3e318dda21d14e8d4b7a8d4c1eeb11393620e8b9a5724f%40group.calendar.google.com\/public\/basic.ics\" target=\"_blank\" rel=\"noopener\"><span class=\"stk--svg-wrapper\"><div class=\"stk--inner-svg\"><svg style=\"height:0;width:0\"><defs><lineargradient id=\"linear-gradient-edb751f\" x1=\"0\" x2=\"100%\" y1=\"0\" y2=\"0\"><stop offset=\"0%\" style=\"stop-opacity:1;stop-color:var(--linear-gradient-edb-751-f-color-1)\"><\/stop><stop offset=\"100%\" style=\"stop-opacity:1;stop-color:var(--linear-gradient-edb-751-f-color-2)\"><\/stop><\/lineargradient><\/defs><\/svg><svg class=\"ugb-custom-icon\" id=\"Capa_1-91700\" data-name=\"Capa 1\" xmlns=\"http:\/\/www.w3.org\/2000\/svg\" viewbox=\"0 0 36 36\" aria-hidden=\"true\" width=\"32\" height=\"32\">\n  <defs>\n    <style>\n      .cls-1 {\n        fill: #fff;\n      }\n\n      .cls-2 {\n        fill: #782ce8;\n      }\n    <\/style>\n  <\/defs>\n  <circle class=\"cls-1\" cx=\"18\" cy=\"18\" r=\"18\"\/>\n  <polygon class=\"cls-2\" points=\"24.35 23.34 21.01 23.33 21.01 17.26 13.19 25.08 10.92 22.81 18.81 14.92 12.73 14.92 12.73 11.58 24.35 11.58 24.35 23.34\"\/>\n<\/svg><\/div><\/span><\/a><\/div>\n<\/div><\/div>\n\n\n\n<div class=\"wp-block-stackable-icon-label stk-block-icon-label stk-block stk-fbb0f14 stk-block-background\" id=\"1-a-href-https-drive-google-com-file-d-14-br-9-a-69-zh-qt-qigmt-60-c-9-pfd-lueuz-ks-view-usp-sharing-target-blank-rel-noreferrer-noopener-span-style-color-fffffe-class-stk-highlight-estudiantes-que-finalizan-el-bachiller-en-el-curso-en-el-que-se-celebra-la-pau-span-a\" data-block-id=\"fbb0f14\"><style>.stk-fbb0f14 {background-color:#7c30e3 !important;border-top-left-radius:25px !important;border-top-right-radius:25px !important;border-bottom-right-radius:25px !important;border-bottom-left-radius:25px !important;overflow:hidden !important;border-style:solid !important;border-color:#dfdad1 !important;border-top-width:0px !important;border-right-width:0px !important;border-bottom-width:1px !important;border-left-width:0px !important;padding-top:36px !important;padding-right:20px !important;padding-bottom:36px !important;padding-left:25px !important;margin-bottom:24px !important;}.stk-fbb0f14:before{background-color:#7c30e3 !important;}<\/style><div class=\"stk-row stk-inner-blocks stk-block-content\">\n<div class=\"wp-block-stackable-heading stk-block-heading stk-block-heading--v2 stk-block stk-94dbedc\" id=\"a-href-https-calendar-google-com-calendar-ical-c-f-1343-a-8-a-511-a-4-c-29-ec-01-bfc-48112-ae-1-e-0-a-063-e-289-ea-73-acff-8-d-7-c-55443-ec-5365-40-group-calendar-google-com-public-basic-ics-span-style-color-fffffe-class-stk-highlight-calendario-de-master-y-doctorado-en-formato-ics-span-a\" data-block-id=\"94dbedc\"><style>.stk-94dbedc .stk-block-heading__text{color:#fffffe !important;font-weight:600 !important;font-family:\"Montserrat\", Sans-serif !important;}@media screen and (max-width: 767px){.stk-94dbedc .stk-block-heading__text{font-size:15px !important;}}<\/style><h4 class=\"stk-block-heading__text has-text-color\"><a href=\"https:\/\/calendar.google.com\/calendar\/ical\/c_f1343a8a511a4c29ec01bfc48112ae1e0a063e289ea73acff8d7c55443ec5365%40group.calendar.google.com\/public\/basic.ics\" target=\"_blank\" rel=\"noopener\"><span style=\"color: #fffffe;\" class=\"stk-highlight\">Calendrier des \u00e9tudes de ma\u00eetrise et de doctorat au format ICS<\/span><\/a><\/h4><\/div>\n\n\n\n<div class=\"wp-block-stackable-icon stk-block-icon has-text-align-left stk-block stk-e7b4985\" data-block-id=\"e7b4985\"><style>@media screen and (max-width: 767px){.stk-e7b4985 .stk--svg-wrapper .stk--inner-svg svg:last-child{height:20px !important;width:20px !important;}}<\/style><a class=\"stk-link\" href=\"https:\/\/calendar.google.com\/calendar\/ical\/c_35ce72ebf51d41f6aa3e318dda21d14e8d4b7a8d4c1eeb11393620e8b9a5724f%40group.calendar.google.com\/public\/basic.ics\" target=\"_blank\" rel=\"noopener\"><span class=\"stk--svg-wrapper\"><div class=\"stk--inner-svg\"><svg style=\"height:0;width:0\"><defs><lineargradient id=\"linear-gradient-e7b4985\" x1=\"0\" x2=\"100%\" y1=\"0\" y2=\"0\"><stop offset=\"0%\" style=\"stop-opacity:1;stop-color:var(--linear-gradient-e-7-b-4985-color-1)\"><\/stop><stop offset=\"100%\" style=\"stop-opacity:1;stop-color:var(--linear-gradient-e-7-b-4985-color-2)\"><\/stop><\/lineargradient><\/defs><\/svg><svg class=\"ugb-custom-icon\" id=\"Capa_1-91700\" data-name=\"Capa 1\" xmlns=\"http:\/\/www.w3.org\/2000\/svg\" viewbox=\"0 0 36 36\" aria-hidden=\"true\" width=\"32\" height=\"32\">\n  <defs>\n    <style>\n      .cls-1 {\n        fill: #fff;\n      }\n\n      .cls-2 {\n        fill: #782ce8;\n      }\n    <\/style>\n  <\/defs>\n  <circle class=\"cls-1\" cx=\"18\" cy=\"18\" r=\"18\"\/>\n  <polygon class=\"cls-2\" points=\"24.35 23.34 21.01 23.33 21.01 17.26 13.19 25.08 10.92 22.81 18.81 14.92 12.73 14.92 12.73 11.58 24.35 11.58 24.35 23.34\"\/>\n<\/svg><\/div><\/span><\/a><\/div>\n<\/div><\/div>\n\n\n\n<div class=\"wp-block-stackable-icon-label stk-block-icon-label stk-block stk-fb0ef43 stk-block-background\" id=\"1-a-href-https-drive-google-com-file-d-14-br-9-a-69-zh-qt-qigmt-60-c-9-pfd-lueuz-ks-view-usp-sharing-target-blank-rel-noreferrer-noopener-span-style-color-fffffe-class-stk-highlight-estudiantes-que-finalizan-el-bachiller-en-el-curso-en-el-que-se-celebra-la-pau-span-a\" data-block-id=\"fb0ef43\"><style>.stk-fb0ef43 {background-color:#7c30e3 !important;border-top-left-radius:25px !important;border-top-right-radius:25px !important;border-bottom-right-radius:25px !important;border-bottom-left-radius:25px !important;overflow:hidden !important;border-style:solid !important;border-color:#dfdad1 !important;border-top-width:0px !important;border-right-width:0px !important;border-bottom-width:1px !important;border-left-width:0px !important;padding-top:36px !important;padding-right:20px !important;padding-bottom:36px !important;padding-left:25px !important;margin-bottom:24px !important;}.stk-fb0ef43:before{background-color:#7c30e3 !important;}<\/style><div class=\"stk-row stk-inner-blocks stk-block-content\">\n<div class=\"wp-block-stackable-heading stk-block-heading stk-block-heading--v2 stk-block stk-f7c37e0\" id=\"a-href-https-calendar-google-com-calendar-embed-src-c-c-6-a-497-d-0-a-068787-c-4-b-160614-d-484340-dc-894-b-9518296637-fdfe-4499-d-393-c-8-fd-8-40-group-calendar-google-com-amp-ctz-europe-2-f-madrid-span-style-color-fffffe-class-stk-highlight-ver-calendario-de-grado-span-a\" data-block-id=\"f7c37e0\"><style>.stk-f7c37e0 .stk-block-heading__text{color:#fffffe !important;font-weight:600 !important;font-family:\"Montserrat\", Sans-serif !important;}@media screen and (max-width: 767px){.stk-f7c37e0 .stk-block-heading__text{font-size:15px !important;}}<\/style><h4 class=\"stk-block-heading__text has-text-color\"><a href=\"https:\/\/calendar.google.com\/calendar\/embed?src=c_c6a497d0a068787c4b160614d484340dc894b9518296637fdfe4499d393c8fd8%40group.calendar.google.com&amp;ctz=Europe%2FMadrid\" target=\"_blank\" rel=\"noopener\"><span style=\"color: #fffffe;\" class=\"stk-highlight\">Consultez le calendrier des remises de dipl\u00f4mes<\/span><\/a><\/h4><\/div>\n\n\n\n<div class=\"wp-block-stackable-icon stk-block-icon has-text-align-left stk-block stk-9a500bd\" data-block-id=\"9a500bd\"><style>@media screen and (max-width: 767px){.stk-9a500bd .stk--svg-wrapper .stk--inner-svg svg:last-child{height:20px !important;width:20px !important;}}<\/style><a class=\"stk-link\" href=\"https:\/\/calendar.google.com\/calendar\/embed?src=c_35ce72ebf51d41f6aa3e318dda21d14e8d4b7a8d4c1eeb11393620e8b9a5724f%40group.calendar.google.com&amp;ctz=Europe%2FMadrid\" target=\"_blank\" rel=\"noopener\"><span class=\"stk--svg-wrapper\"><div class=\"stk--inner-svg\"><svg style=\"height:0;width:0\"><defs><lineargradient id=\"linear-gradient-9a500bd\" x1=\"0\" x2=\"100%\" y1=\"0\" y2=\"0\"><stop offset=\"0%\" style=\"stop-opacity:1;stop-color:var(--linear-gradient-9-a-500-bd-color-1)\"><\/stop><stop offset=\"100%\" style=\"stop-opacity:1;stop-color:var(--linear-gradient-9-a-500-bd-color-2)\"><\/stop><\/lineargradient><\/defs><\/svg><svg class=\"ugb-custom-icon\" id=\"Capa_1-91700\" data-name=\"Capa 1\" xmlns=\"http:\/\/www.w3.org\/2000\/svg\" viewbox=\"0 0 36 36\" aria-hidden=\"true\" width=\"32\" height=\"32\">\n  <defs>\n    <style>\n      .cls-1 {\n        fill: #fff;\n      }\n\n      .cls-2 {\n        fill: #782ce8;\n      }\n    <\/style>\n  <\/defs>\n  <circle class=\"cls-1\" cx=\"18\" cy=\"18\" r=\"18\"\/>\n  <polygon class=\"cls-2\" points=\"24.35 23.34 21.01 23.33 21.01 17.26 13.19 25.08 10.92 22.81 18.81 14.92 12.73 14.92 12.73 11.58 24.35 11.58 24.35 23.34\"\/>\n<\/svg><\/div><\/span><\/a><\/div>\n<\/div><\/div>\n\n\n\n<div class=\"wp-block-stackable-icon-label stk-block-icon-label stk-block stk-7c1be78 stk-block-background\" id=\"1-a-href-https-drive-google-com-file-d-14-br-9-a-69-zh-qt-qigmt-60-c-9-pfd-lueuz-ks-view-usp-sharing-target-blank-rel-noreferrer-noopener-span-style-color-fffffe-class-stk-highlight-estudiantes-que-finalizan-el-bachiller-en-el-curso-en-el-que-se-celebra-la-pau-span-a\" data-block-id=\"7c1be78\"><style>.stk-7c1be78 {background-color:#7c30e3 !important;border-top-left-radius:25px !important;border-top-right-radius:25px !important;border-bottom-right-radius:25px !important;border-bottom-left-radius:25px !important;overflow:hidden !important;border-style:solid !important;border-color:#dfdad1 !important;border-top-width:0px !important;border-right-width:0px !important;border-bottom-width:1px !important;border-left-width:0px !important;padding-top:36px !important;padding-right:20px !important;padding-bottom:36px !important;padding-left:25px !important;margin-bottom:24px !important;}.stk-7c1be78:before{background-color:#7c30e3 !important;}<\/style><div class=\"stk-row stk-inner-blocks stk-block-content\">\n<div class=\"wp-block-stackable-heading stk-block-heading stk-block-heading--v2 stk-block stk-435251a\" id=\"a-href-https-calendar-google-com-calendar-embed-src-c-f-1343-a-8-a-511-a-4-c-29-ec-01-bfc-48112-ae-1-e-0-a-063-e-289-ea-73-acff-8-d-7-c-55443-ec-5365-40-group-calendar-google-com-amp-ctz-europe-2-f-madrid-span-style-color-fffffe-class-stk-highlight-ver-calendario-de-master-y-doctorado-span-a\" data-block-id=\"435251a\"><style>.stk-435251a .stk-block-heading__text{color:#fffffe !important;font-weight:600 !important;font-family:\"Montserrat\", Sans-serif !important;}@media screen and (max-width: 767px){.stk-435251a .stk-block-heading__text{font-size:15px !important;}}<\/style><h4 class=\"stk-block-heading__text has-text-color\"><a href=\"https:\/\/calendar.google.com\/calendar\/embed?src=c_f1343a8a511a4c29ec01bfc48112ae1e0a063e289ea73acff8d7c55443ec5365%40group.calendar.google.com&amp;ctz=Europe%2FMadrid\" target=\"_blank\" rel=\"noopener\"><span style=\"color: #fffffe;\" class=\"stk-highlight\">Consultez le calendrier des programmes de ma\u00eetrise et de doctorat<\/span><\/a><\/h4><\/div>\n\n\n\n<div class=\"wp-block-stackable-icon stk-block-icon has-text-align-left stk-block stk-09e2521\" data-block-id=\"09e2521\"><style>@media screen and (max-width: 767px){.stk-09e2521 .stk--svg-wrapper .stk--inner-svg svg:last-child{height:20px !important;width:20px !important;}}<\/style><a class=\"stk-link\" href=\"https:\/\/calendar.google.com\/calendar\/embed?src=c_35ce72ebf51d41f6aa3e318dda21d14e8d4b7a8d4c1eeb11393620e8b9a5724f%40group.calendar.google.com&amp;ctz=Europe%2FMadrid\" target=\"_blank\" rel=\"noopener\"><span class=\"stk--svg-wrapper\"><div class=\"stk--inner-svg\"><svg style=\"height:0;width:0\"><defs><lineargradient id=\"linear-gradient-09e2521\" x1=\"0\" x2=\"100%\" y1=\"0\" y2=\"0\"><stop offset=\"0%\" style=\"stop-opacity:1;stop-color:var(--linear-gradient-09-e-2521-color-1)\"><\/stop><stop offset=\"100%\" style=\"stop-opacity:1;stop-color:var(--linear-gradient-09-e-2521-color-2)\"><\/stop><\/lineargradient><\/defs><\/svg><svg class=\"ugb-custom-icon\" id=\"Capa_1-91700\" data-name=\"Capa 1\" xmlns=\"http:\/\/www.w3.org\/2000\/svg\" viewbox=\"0 0 36 36\" aria-hidden=\"true\" width=\"32\" height=\"32\">\n  <defs>\n    <style>\n      .cls-1 {\n        fill: #fff;\n      }\n\n      .cls-2 {\n        fill: #782ce8;\n      }\n    <\/style>\n  <\/defs>\n  <circle class=\"cls-1\" cx=\"18\" cy=\"18\" r=\"18\"\/>\n  <polygon class=\"cls-2\" points=\"24.35 23.34 21.01 23.33 21.01 17.26 13.19 25.08 10.92 22.81 18.81 14.92 12.73 14.92 12.73 11.58 24.35 11.58 24.35 23.34\"\/>\n<\/svg><\/div><\/span><\/a><\/div>\n<\/div><\/div>\n\n\n\n<div class=\"wp-block-stackable-icon-label stk-block-icon-label stk-block stk-ef3ba1e stk-block-background\" id=\"1-a-href-https-drive-google-com-file-d-14-br-9-a-69-zh-qt-qigmt-60-c-9-pfd-lueuz-ks-view-usp-sharing-target-blank-rel-noreferrer-noopener-span-style-color-fffffe-class-stk-highlight-estudiantes-que-finalizan-el-bachiller-en-el-curso-en-el-que-se-celebra-la-pau-span-a\" data-block-id=\"ef3ba1e\"><style>.stk-ef3ba1e {background-color:#7c30e3 !important;border-top-left-radius:25px !important;border-top-right-radius:25px !important;border-bottom-right-radius:25px !important;border-bottom-left-radius:25px !important;overflow:hidden !important;border-style:solid !important;border-color:#dfdad1 !important;border-top-width:0px !important;border-right-width:0px !important;border-bottom-width:1px !important;border-left-width:0px !important;padding-top:36px !important;padding-right:20px !important;padding-bottom:36px !important;padding-left:25px !important;margin-bottom:24px !important;}.stk-ef3ba1e:before{background-color:#7c30e3 !important;}<\/style><div class=\"stk-row stk-inner-blocks stk-block-content\">\n<div class=\"wp-block-stackable-heading stk-block-heading stk-block-heading--v2 stk-block stk-79cfdba\" id=\"a-href-https-drive-google-com-file-d-18-y-i-6-h-7-sjn-lq-yos-rp-3-t-v-4-qq-5-j-y-cwxe-w-8-i-view-usp-sharing-span-style-color-var-stk-global-color-80280-f-8-f-8-f-8-class-stk-highlight-periodo-de-docencia-examenes-y-festividades-span-a\" data-block-id=\"79cfdba\"><style>.stk-79cfdba .stk-block-heading__text{color:#fffffe !important;font-weight:600 !important;font-family:\"Montserrat\", Sans-serif !important;}@media screen and (max-width: 767px){.stk-79cfdba .stk-block-heading__text{font-size:15px !important;}}<\/style><h4 class=\"stk-block-heading__text has-text-color\"><a href=\"https:\/\/drive.google.com\/file\/d\/18yI6h7SJNLqYosRP3tV4Qq5jYCwxeW8i\/view?usp=sharing\" target=\"_blank\" rel=\"noopener\"><span style=\"color: var(--stk-global-color-80280, #f8f8f8);\" class=\"stk-highlight\">P\u00e9riode d&#039;enseignement, examens et vacances<\/span><\/a><\/h4><\/div>\n\n\n\n<div class=\"wp-block-stackable-icon stk-block-icon has-text-align-left stk-block stk-153b978\" data-block-id=\"153b978\"><style>@media screen and (max-width: 767px){.stk-153b978 .stk--svg-wrapper .stk--inner-svg svg:last-child{height:20px !important;width:20px !important;}}<\/style><a class=\"stk-link\" href=\"https:\/\/drive.google.com\/file\/d\/1mYxSXotUICg00v0hydrVdZsCu9BgcdoF\/view?usp=sharing\" target=\"_blank\" rel=\"noopener\"><span class=\"stk--svg-wrapper\"><div class=\"stk--inner-svg\"><svg style=\"height:0;width:0\"><defs><lineargradient id=\"linear-gradient-153b978\" x1=\"0\" x2=\"100%\" y1=\"0\" y2=\"0\"><stop offset=\"0%\" style=\"stop-opacity:1;stop-color:var(--linear-gradient-153-b-978-color-1)\"><\/stop><stop offset=\"100%\" style=\"stop-opacity:1;stop-color:var(--linear-gradient-153-b-978-color-2)\"><\/stop><\/lineargradient><\/defs><\/svg><svg class=\"ugb-custom-icon\" id=\"Capa_1-91700\" data-name=\"Capa 1\" xmlns=\"http:\/\/www.w3.org\/2000\/svg\" viewbox=\"0 0 36 36\" aria-hidden=\"true\" width=\"32\" height=\"32\">\n  <defs>\n    <style>\n      .cls-1 {\n        fill: #fff;\n      }\n\n      .cls-2 {\n        fill: #782ce8;\n      }\n    <\/style>\n  <\/defs>\n  <circle class=\"cls-1\" cx=\"18\" cy=\"18\" r=\"18\"\/>\n  <polygon class=\"cls-2\" points=\"24.35 23.34 21.01 23.33 21.01 17.26 13.19 25.08 10.92 22.81 18.81 14.92 12.73 14.92 12.73 11.58 24.35 11.58 24.35 23.34\"\/>\n<\/svg><\/div><\/span><\/a><\/div>\n<\/div><\/div>\n<\/div><\/div><\/div>\n\n\n\n<div class=\"wp-block-stackable-column stk-block-column stk-column stk-block stk-318a4a6\" data-v=\"4\" data-block-id=\"318a4a6\"><style>@media screen and (min-width: 768px){.stk-318a4a6 {flex:var(--stk-flex-grow, 1) 1 33.3% !important;}}<\/style><div class=\"stk-column-wrapper stk-block-column__content stk-container stk-318a4a6-container stk--no-background stk--no-padding\"><div class=\"stk-block-content stk-inner-blocks stk-318a4a6-inner-blocks\">\n<div class=\"wp-block-stackable-image stk-block-image stk-block stk-b3c1941\" data-block-id=\"b3c1941\"><figure><span class=\"stk-img-wrapper stk-image--shape-stretch\"><img loading=\"lazy\" decoding=\"async\" class=\"stk-img wp-image-5528\" src=\"https:\/\/www.ull.es\/estudios-docencia\/wp-content\/uploads\/sites\/7\/2026\/04\/Calendario_26_27_GRADO_15_semanas_v10_27032026_page-0001.jpg\" width=\"764\" height=\"1080\" srcset=\"https:\/\/www.ull.es\/estudios-docencia\/wp-content\/uploads\/sites\/7\/2026\/04\/Calendario_26_27_GRADO_15_semanas_v10_27032026_page-0001.jpg 764w, https:\/\/www.ull.es\/estudios-docencia\/wp-content\/uploads\/sites\/7\/2026\/04\/Calendario_26_27_GRADO_15_semanas_v10_27032026_page-0001-212x300.jpg 212w, https:\/\/www.ull.es\/estudios-docencia\/wp-content\/uploads\/sites\/7\/2026\/04\/Calendario_26_27_GRADO_15_semanas_v10_27032026_page-0001-724x1024.jpg 724w, https:\/\/www.ull.es\/estudios-docencia\/wp-content\/uploads\/sites\/7\/2026\/04\/Calendario_26_27_GRADO_15_semanas_v10_27032026_page-0001-8x12.jpg 8w, https:\/\/www.ull.es\/estudios-docencia\/wp-content\/uploads\/sites\/7\/2026\/04\/Calendario_26_27_GRADO_15_semanas_v10_27032026_page-0001-200x283.jpg 200w, https:\/\/www.ull.es\/estudios-docencia\/wp-content\/uploads\/sites\/7\/2026\/04\/Calendario_26_27_GRADO_15_semanas_v10_27032026_page-0001-375x530.jpg 375w, https:\/\/www.ull.es\/estudios-docencia\/wp-content\/uploads\/sites\/7\/2026\/04\/Calendario_26_27_GRADO_15_semanas_v10_27032026_page-0001-750x1060.jpg 750w\" sizes=\"auto, (max-width: 764px) 100vw, 764px\" \/><\/span><\/figure><\/div>\n\n\n\n<div class=\"wp-block-stackable-image stk-block-image stk-block stk-20e0370\" data-block-id=\"20e0370\"><figure><span class=\"stk-img-wrapper stk-image--shape-stretch\"><img loading=\"lazy\" decoding=\"async\" class=\"stk-img wp-image-5529\" src=\"https:\/\/www.ull.es\/estudios-docencia\/wp-content\/uploads\/sites\/7\/2026\/04\/Calendario_26_27_MASTER__15_semanas_v14_07042026_pages-to-jpg-0001.jpg\" width=\"764\" height=\"1080\" srcset=\"https:\/\/www.ull.es\/estudios-docencia\/wp-content\/uploads\/sites\/7\/2026\/04\/Calendario_26_27_MASTER__15_semanas_v14_07042026_pages-to-jpg-0001.jpg 764w, https:\/\/www.ull.es\/estudios-docencia\/wp-content\/uploads\/sites\/7\/2026\/04\/Calendario_26_27_MASTER__15_semanas_v14_07042026_pages-to-jpg-0001-212x300.jpg 212w, https:\/\/www.ull.es\/estudios-docencia\/wp-content\/uploads\/sites\/7\/2026\/04\/Calendario_26_27_MASTER__15_semanas_v14_07042026_pages-to-jpg-0001-724x1024.jpg 724w, https:\/\/www.ull.es\/estudios-docencia\/wp-content\/uploads\/sites\/7\/2026\/04\/Calendario_26_27_MASTER__15_semanas_v14_07042026_pages-to-jpg-0001-8x12.jpg 8w, https:\/\/www.ull.es\/estudios-docencia\/wp-content\/uploads\/sites\/7\/2026\/04\/Calendario_26_27_MASTER__15_semanas_v14_07042026_pages-to-jpg-0001-200x283.jpg 200w, https:\/\/www.ull.es\/estudios-docencia\/wp-content\/uploads\/sites\/7\/2026\/04\/Calendario_26_27_MASTER__15_semanas_v14_07042026_pages-to-jpg-0001-375x530.jpg 375w, https:\/\/www.ull.es\/estudios-docencia\/wp-content\/uploads\/sites\/7\/2026\/04\/Calendario_26_27_MASTER__15_semanas_v14_07042026_pages-to-jpg-0001-750x1060.jpg 750w\" sizes=\"auto, (max-width: 764px) 100vw, 764px\" \/><\/span><\/figure><\/div>\n<\/div><\/div><\/div>\n<\/div><\/div>\n<\/div><\/div><\/div>\n<\/details>\n<\/div><\/div><\/div>\n<\/div><\/div>","protected":false},"excerpt":{"rendered":"<p>Calendrier acad\u00e9mique 2025-2026. Le calendrier acad\u00e9mique est l&#039;instrument de coordination de l&#039;ensemble des \u00c9coles et Facult\u00e9s dans l&#039;organisation acad\u00e9mique des \u00e9tudes qui leur sont confi\u00e9es. Il constitue \u00e9galement la pierre angulaire de la conception d&#039;une multitude de processus administratifs essentiels pour la communaut\u00e9 universitaire et son influence\u2026<\/p>","protected":false},"author":1,"featured_media":0,"parent":0,"menu_order":0,"comment_status":"closed","ping_status":"closed","template":"templates\/template-frontpage.php","meta":{"footnotes":""},"class_list":["post-1447","page","type-page","status-publish","hentry"],"_links":{"self":[{"href":"https:\/\/www.ull.es\/estudios-docencia\/fr\/wp-json\/wp\/v2\/pages\/1447","targetHints":{"allow":["GET"]}}],"collection":[{"href":"https:\/\/www.ull.es\/estudios-docencia\/fr\/wp-json\/wp\/v2\/pages"}],"about":[{"href":"https:\/\/www.ull.es\/estudios-docencia\/fr\/wp-json\/wp\/v2\/types\/page"}],"author":[{"embeddable":true,"href":"https:\/\/www.ull.es\/estudios-docencia\/fr\/wp-json\/wp\/v2\/users\/1"}],"replies":[{"embeddable":true,"href":"https:\/\/www.ull.es\/estudios-docencia\/fr\/wp-json\/wp\/v2\/comments?post=1447"}],"version-history":[{"count":250,"href":"https:\/\/www.ull.es\/estudios-docencia\/fr\/wp-json\/wp\/v2\/pages\/1447\/revisions"}],"predecessor-version":[{"id":5535,"href":"https:\/\/www.ull.es\/estudios-docencia\/fr\/wp-json\/wp\/v2\/pages\/1447\/revisions\/5535"}],"wp:attachment":[{"href":"https:\/\/www.ull.es\/estudios-docencia\/fr\/wp-json\/wp\/v2\/media?parent=1447"}],"curies":[{"name":"wp","href":"https:\/\/api.w.org\/{rel}","templated":true}]}}