{"id":102,"date":"2016-04-20T05:37:19","date_gmt":"2016-04-20T05:37:19","guid":{"rendered":"http:\/\/bbtk.exposicion.ull.es\/alvarezrixo\/?page_id=102"},"modified":"2021-05-11T13:34:36","modified_gmt":"2021-05-11T11:34:36","slug":"bibliografia","status":"publish","type":"page","link":"https:\/\/www.ull.es\/eventos\/alvarez-rixo\/bibliografia\/","title":{"rendered":"Premios de Investigaci\u00f3n Hist\u00f3rica \u00abJOS\u00c9 AGUST\u00cdN \u00c1LVAREZ RIXO\u00bb"},"content":{"rendered":"<p>[vc_row full_width=\u00bbstretch_row_content\u00bb][vc_column width=\u00bb1\/6&#8243;][\/vc_column][vc_column width=\u00bb2\/3&#8243;][vc_column_text]<\/p>\n<h2>Premios de Investigaci\u00f3n Hist\u00f3rica \u00abJOS\u00c9 AGUST\u00cdN \u00c1LVAREZ RIXO\u00bb<\/h2>\n<p>[\/vc_column_text][vc_column_text]El galard\u00f3n fue instituido por el Ayuntamiento del Puerto de la Cruz y se convoc\u00f3 por primera vez en el a\u00f1o 1980. [durante la celebraci\u00f3n de las Fiestas de Mayo]. El primer premio recay\u00f3 a t\u00edtulo p\u00f3stumo en Jos\u00e9 Agust\u00edn \u00c1lvarez Rixo, adem\u00e1s de en Antonio Ruiz \u00c1lvarez. Se convoca anualmente hasta el a\u00f1o 1986. Desde 1987 hasta 1989 se transforma en una Beca de investigaci\u00f3n en Ciencias Sociales. En 1990 vuelve a ser convocado como premio de investigaci\u00f3n y dos a\u00f1os despu\u00e9s se convierte en bienal. El \u00faltimo premio concedido hasta la fecha fue el del a\u00f1o 2002.<\/p>\n<p>&nbsp;<\/p>\n<hr \/>\n<p><b>1981<\/b>. CALERO RUIZ, Clementina. <a href=\"http:\/\/absysnetweb.bbtk.ull.es\/cgi-bin\/abnetopac?TITN=145859\" target=\"_blank\" rel=\"noopener\" target=\"_blank\" rel=\"noopener\"><i>Manuel Antonio de la Cruz, pintor portuense (1750-1809)<\/i><\/a>. Puerto de la Cruz : Aula de Publicaciones del Ayuntamiento, 1982.<\/p>\n<hr \/>\n<p><b>1982<\/b>. HERN\u00c1NDEZ GUTI\u00c9RREZ, A. Sebasti\u00e1n.<a href=\"http:\/\/absysnetweb.bbtk.ull.es\/cgi-bin\/abnetopac?TITN=144617\" target=\"_blank\" rel=\"noopener\" target=\"_blank\" rel=\"noopener\"><i> De la Quinta Roja al Hotel Taoro<\/i><\/a>. Puerto de la Cruz : Aula de Publicaciones del Ayuntamiento, D.L. 1983.<\/p>\n<hr \/>\n<p><b>1983<\/b>. HERN\u00c1NDEZ GONZ\u00c1LEZ, Manuel y ARBELO GARC\u00cdA, <a href=\"http:\/\/absysnetweb.bbtk.ull.es\/cgi-bin\/abnetopac?TITN=148322\" target=\"_blank\" rel=\"noopener\" target=\"_blank\" rel=\"noopener\"><i>Revoluci\u00f3n liberal y conflictos sociales en el Valle de la Orotava (1808-1823)<\/i><\/a>. Puerto de la Cruz : Ayuntamiento, Aula de Publicaciones, 1984.<\/p>\n<hr \/>\n<p><b>1984<\/b>. LUIS BRITO, Milagros. <a href=\"http:\/\/absysnetweb.bbtk.ull.es\/cgi-bin\/abnetopac?TITN=144147\" target=\"_blank\" rel=\"noopener\" target=\"_blank\" rel=\"noopener\"><i>Luis Rodr\u00edguez Figueroa : un portuense en la vida canaria, 1875-1936<\/i><\/a>. Puerto de la Cruz : Aula de Publicaciones del Ayuntamiento, [1985?].<\/p>\n<hr \/>\n<p><b>1985<\/b>. GONZ\u00c1LEZ CHAVES, Carmen Milagros y CENTENO, Carmen Rosa. <a href=\"http:\/\/absysnetweb.bbtk.ull.es\/cgi-bin\/abnetopac?TITN=72292\" target=\"_blank\" rel=\"noopener\" target=\"_blank\" rel=\"noopener\"><i>La prensa del Valle de La Orotava (1880-1930)<\/i><\/a>. Pr\u00f3logo de Oswaldo Brito Gonz\u00e1lez. Puerto de la Cruz : Aula de Cultura del Ayuntamiento del Puerto de la Cruz, 1986.<\/p>\n<hr \/>\n<p><b>1986<\/b>. MART\u00cdN HERN\u00c1NDEZ, Ulises. <a href=\"http:\/\/absysnetweb.bbtk.ull.es\/cgi-bin\/abnetopac?TITN=140453\" target=\"_blank\" rel=\"noopener\" target=\"_blank\" rel=\"noopener\"><i>La presencia extranjera en el Valle de la Orotava : (1880-1919)<\/i><\/a>. Pr\u00f3logo de Oswaldo Brito Gonz\u00e1lez. Puerto de la Cruz : Aula de Cultura del Ayuntamiento, 1987.<\/p>\n<hr \/>\n<p><b>1987-1989.<\/b> No se da el premio, pero se concede una beca. (Seg\u00fan una noticia del peri\u00f3dico se otorga en 1989 a Alicia Fari\u00f1a)<\/p>\n<hr \/>\n<p><b><\/b> <strong>1990.<\/strong> \u00c1LVAREZ RIXO, Jos\u00e9 Agust\u00edn.<a href=\"http:\/\/absysnetweb.bbtk.ull.es\/cgi-bin\/abnetopac?TITN=103016\" target=\"_blank\" rel=\"noopener\" target=\"_blank\" rel=\"noopener\"><i> Lenguaje de los antiguos isle\u00f1os<\/i><\/a>. Edici\u00f3n con estudio y notas por Carmen D\u00edaz Alay\u00f3n y Antonio Tejera Gaspar. Puerto de la Cruz : Ayuntamiento, 1991.<\/p>\n<hr \/>\n<p><b><\/b> <strong>1991.<\/strong> GONZ\u00c1LEZ RODR\u00cdGUEZ, Jos\u00e9 Manuel. <a href=\"http:\/\/absysnetweb.bbtk.ull.es\/cgi-bin\/abnetopac?TITN=103015\" target=\"_blank\" rel=\"noopener\" target=\"_blank\" rel=\"noopener\"><i>Medidas y contabilidades populares : las \u00abcuentas\u00bb de las pescadoras y venteras del Valle de la Orotava<\/i>.<\/a> Puerto de la Cruz : Ayuntamiento ; [La Laguna] : Centro de la Cultura Popular Canaria, 1991.<\/p>\n<hr \/>\n<p><b> <strong>1992.<\/strong>\u00a0<\/b>Declarado desierto<\/p>\n<hr \/>\n<p><b><\/b> <strong>1993.<\/strong> Declarado desierto<\/p>\n<hr \/>\n<p><strong>1994.<\/strong> No se convoca<\/p>\n<hr \/>\n<p><b><\/b> <strong>1995.<\/strong> S\u00c1NCHEZ HERN\u00c1NDEZ, Rosario. In\u00e9dito no se publica.<\/p>\n<hr \/>\n<p><strong>1996.<\/strong> BARROSO, Nicol\u00e1s D. <a href=\"https:\/\/absysnetweb.bbtk.ull.es\/cgi-bin\/abnetopac\/O7264\/IDfadcfa6f?ACC=161\" target=\"_blank\" rel=\"noopener\" target=\"_blank\" rel=\"noopener\"><i>Puerto de la Cruz formaci\u00f3n de una ciudad<\/i><\/a>. Puerto de la Cruz: Ayuntamiento, D.L. 1997.<\/p>\n<hr \/>\n<p><b><\/b> <strong>1997.<\/strong> Declarado desierto<\/p>\n<hr \/>\n<p><b><\/b> <strong>1998.<\/strong> <a href=\"http:\/\/absysnetweb.bbtk.ull.es\/cgi-bin\/abnetopac?TITN=208483\" target=\"_blank\" rel=\"noopener\" target=\"_blank\" rel=\"noopener\"><i>ROCKINGHAM: (Tenerife en la literatura rom\u00e1ntica inglesa).<\/i><\/a> [Ed. lit. Jos\u00e9 Luis Garc\u00eda P\u00e9rez]. Puerto de la Cruz : \u00c1rea de Cultura del Ayuntamiento del Puerto de la Cruz, 2001.<\/p>\n<hr \/>\n<p><b>2002.<\/b> ORY AJAMIL, Fernando de y GONZ\u00c1LEZ LEMUS, Nicol\u00e1s. <a href=\"http:\/\/absysnetweb.bbtk.ull.es\/cgi-bin\/abnetopac?TITN=271972\" target=\"_blank\" rel=\"noopener\" target=\"_blank\" rel=\"noopener\"><i>Canarias y el imperio alem\u00e1n : El Valle de La Orotava y Las Ca\u00f1adas del Teide en la \u00f3rbita de los intereses germanos.<\/i><\/a> Puerto de la Cruz : Ayuntamiento, 2003.[\/vc_column_text][\/vc_column][vc_column width=\u00bb1\/6&#8243;][\/vc_column][\/vc_row]<\/p>\n","protected":false},"excerpt":{"rendered":"<p>[vc_row full_width=\u00bbstretch_row_content\u00bb][vc_column width=\u00bb1\/6&#8243;][\/vc_column][vc_column width=\u00bb2\/3&#8243;][vc_column_text] Premios de Investigaci\u00f3n Hist\u00f3rica \u00abJOS\u00c9 AGUST\u00cdN \u00c1LVAREZ RIXO\u00bb [\/vc_column_text][vc_column_text]El galard\u00f3n fue instituido por el Ayuntamiento del Puerto de la Cruz y se convoc\u00f3 por primera vez en el a\u00f1o 1980. [durante la celebraci\u00f3n de las Fiestas de Mayo]. El primer premio recay\u00f3 a t\u00edtulo p\u00f3stumo en Jos\u00e9 Agust\u00edn \u00c1lvarez Rixo, adem\u00e1s&#8230;<\/p>\n","protected":false},"author":14,"featured_media":0,"parent":0,"menu_order":0,"comment_status":"closed","ping_status":"closed","template":"","meta":{"footnotes":""},"class_list":["post-102","page","type-page","status-publish","hentry"],"_links":{"self":[{"href":"https:\/\/www.ull.es\/eventos\/alvarez-rixo\/wp-json\/wp\/v2\/pages\/102"}],"collection":[{"href":"https:\/\/www.ull.es\/eventos\/alvarez-rixo\/wp-json\/wp\/v2\/pages"}],"about":[{"href":"https:\/\/www.ull.es\/eventos\/alvarez-rixo\/wp-json\/wp\/v2\/types\/page"}],"author":[{"embeddable":true,"href":"https:\/\/www.ull.es\/eventos\/alvarez-rixo\/wp-json\/wp\/v2\/users\/14"}],"replies":[{"embeddable":true,"href":"https:\/\/www.ull.es\/eventos\/alvarez-rixo\/wp-json\/wp\/v2\/comments?post=102"}],"version-history":[{"count":7,"href":"https:\/\/www.ull.es\/eventos\/alvarez-rixo\/wp-json\/wp\/v2\/pages\/102\/revisions"}],"predecessor-version":[{"id":603,"href":"https:\/\/www.ull.es\/eventos\/alvarez-rixo\/wp-json\/wp\/v2\/pages\/102\/revisions\/603"}],"wp:attachment":[{"href":"https:\/\/www.ull.es\/eventos\/alvarez-rixo\/wp-json\/wp\/v2\/media?parent=102"}],"curies":[{"name":"wp","href":"https:\/\/api.w.org\/{rel}","templated":true}]}}