{"id":127,"date":"2016-04-20T17:22:25","date_gmt":"2016-04-20T17:22:25","guid":{"rendered":"http:\/\/bbtk.exposicion.ull.es\/alvarezrixo\/?page_id=127"},"modified":"2019-07-08T14:29:08","modified_gmt":"2019-07-08T12:29:08","slug":"creditos","status":"publish","type":"page","link":"https:\/\/www.ull.es\/eventos\/alvarez-rixo\/creditos\/","title":{"rendered":"Cr\u00e9ditos"},"content":{"rendered":"<p>[vc_row][vc_column width=\u00bb1\/6&#8243;][\/vc_column][vc_column width=\u00bb2\/3&#8243;][vc_column_text]<\/p>\n<h1>Cr\u00e9ditos<\/h1>\n<p>[\/vc_column_text][vc_column_text]<\/p>\n<h3>Coordinaci\u00f3n:<\/h3>\n<p>Paz Fern\u00e1ndez Palomeque<\/p>\n<h3>Equipo Acad\u00e9mico:<\/h3>\n<p>Antonio Tejera Gaspar<br \/>\nTeresa Nore\u00f1a Salto<br \/>\nCarmen D\u00edaz Alay\u00f3n<br \/>\nFrancisco Javier Castillo<br \/>\nJos\u00e9 Antonio Ramos Arteaga<br \/>\nJes\u00fas D\u00edaz Armas<br \/>\nClementina Calero Ruiz<br \/>\nGonzalo Pav\u00e9s Borges<br \/>\nSilvano Acosta Jord\u00e1n<br \/>\nAd\u00e1n Roc\u00edo \u00a0Palmero<br \/>\nJos\u00e9 Javier Hern\u00e1ndez Garc\u00eda<\/p>\n<h3>Equipo de trabajo<\/h3>\n<p>M\u00aa Luisa Morales Ayala<br \/>\nCarmen G\u00f3mez-Pablos Calvo<br \/>\n\u00c1frica Gonz\u00e1lez Gonz\u00e1lez<br \/>\nDaniel Garc\u00eda Pulido<br \/>\nReyes Amador Amador<\/p>\n<h3>Dise\u00f1o gr\u00e1fico<\/h3>\n<p>Ismael Garc\u00eda<\/p>\n<h3>Colaboradores<\/h3>\n<p>Ver\u00f3nica Salcedo Lindell<br \/>\nCandelaria Gonz\u00e1lez Gonz\u00e1lez<br \/>\nMar P\u00e9rez Rodr\u00edguez<br \/>\nDolores Garc\u00eda-Ramos Medina<br \/>\nF\u00e1tima S\u00e1inz S\u00e1inz<br \/>\nRamona Afonso P\u00e9rez<br \/>\nNancy Arteaga<br \/>\nMontserrat Hern\u00e1ndez<br \/>\nBel\u00e9n Concepci\u00f3n Fern\u00e1ndez<br \/>\nNirvana Rodr\u00edguez Rodr\u00edguez<br \/>\nIthaisa Alfageme Marrero<\/p>\n<h3>Organiza:<\/h3>\n<p>Vicerrectorado de Tecnolog\u00edas de la Informaci\u00f3n y Servicios Universitarios<br \/>\nBiblioteca Universitaria<\/p>\n<h3>Colabora:<\/h3>\n<p>Servicio de Publicaciones<br \/>\nULLMedia<br \/>\nVicerrectorado de Relaciones con la Sociedad<br \/>\nAgrupaci\u00f3n de Teatro de Filolog\u00eda<br \/>\nClub de Lectura<br \/>\nAlumni Ull: Asociaci\u00f3n Antiguos Alumnos<\/p>\n<h3>Agradecimientos<\/h3>\n<p>Carmen Fern\u00e1ndez \u00c1lvarez<br \/>\nRosario Fern\u00e1ndez \u00c1lvarez<br \/>\nEladio Santaella \u00c1lvarez<br \/>\nRosario \u00c1lvarez Mart\u00ednez<br \/>\nHartwig-E. Steiner (Institutum Canarium)<br \/>\nEmma Calero Ruiz<br \/>\nHilda Hern\u00e1ndez Molina<br \/>\nJusto Pedro Hern\u00e1ndez Gonz\u00e1lez<br \/>\nArchivo Municipal del Puerto de la Cruz<br \/>\nArchivo Municipal de La Orotava<br \/>\nArchivo Hist\u00f3rico Diocesano de Tenerife[\/vc_column_text][\/vc_column][vc_column width=\u00bb1\/6&#8243;][\/vc_column][\/vc_row]<\/p>\n","protected":false},"excerpt":{"rendered":"<p>[vc_row][vc_column width=\u00bb1\/6&#8243;][\/vc_column][vc_column width=\u00bb2\/3&#8243;][vc_column_text] Cr\u00e9ditos [\/vc_column_text][vc_column_text] Coordinaci\u00f3n: Paz Fern\u00e1ndez Palomeque Equipo Acad\u00e9mico: Antonio Tejera Gaspar Teresa Nore\u00f1a Salto Carmen D\u00edaz Alay\u00f3n Francisco Javier Castillo Jos\u00e9 Antonio Ramos Arteaga Jes\u00fas D\u00edaz Armas Clementina Calero Ruiz Gonzalo Pav\u00e9s Borges Silvano Acosta Jord\u00e1n Ad\u00e1n Roc\u00edo \u00a0Palmero Jos\u00e9 Javier Hern\u00e1ndez Garc\u00eda Equipo de trabajo M\u00aa Luisa Morales Ayala Carmen G\u00f3mez-Pablos&#8230;<\/p>\n","protected":false},"author":14,"featured_media":0,"parent":0,"menu_order":0,"comment_status":"closed","ping_status":"closed","template":"","meta":{"footnotes":""},"class_list":["post-127","page","type-page","status-publish","hentry"],"_links":{"self":[{"href":"https:\/\/www.ull.es\/eventos\/alvarez-rixo\/wp-json\/wp\/v2\/pages\/127"}],"collection":[{"href":"https:\/\/www.ull.es\/eventos\/alvarez-rixo\/wp-json\/wp\/v2\/pages"}],"about":[{"href":"https:\/\/www.ull.es\/eventos\/alvarez-rixo\/wp-json\/wp\/v2\/types\/page"}],"author":[{"embeddable":true,"href":"https:\/\/www.ull.es\/eventos\/alvarez-rixo\/wp-json\/wp\/v2\/users\/14"}],"replies":[{"embeddable":true,"href":"https:\/\/www.ull.es\/eventos\/alvarez-rixo\/wp-json\/wp\/v2\/comments?post=127"}],"version-history":[{"count":1,"href":"https:\/\/www.ull.es\/eventos\/alvarez-rixo\/wp-json\/wp\/v2\/pages\/127\/revisions"}],"predecessor-version":[{"id":504,"href":"https:\/\/www.ull.es\/eventos\/alvarez-rixo\/wp-json\/wp\/v2\/pages\/127\/revisions\/504"}],"wp:attachment":[{"href":"https:\/\/www.ull.es\/eventos\/alvarez-rixo\/wp-json\/wp\/v2\/media?parent=127"}],"curies":[{"name":"wp","href":"https:\/\/api.w.org\/{rel}","templated":true}]}}