{"id":154,"date":"2016-04-21T20:06:27","date_gmt":"2016-04-21T20:06:27","guid":{"rendered":"http:\/\/bbtk.exposicion.ull.es\/alvarezrixo\/?page_id=154"},"modified":"2021-05-11T14:16:35","modified_gmt":"2021-05-11T12:16:35","slug":"sus-articulos-en-prensa","status":"publish","type":"page","link":"https:\/\/www.ull.es\/eventos\/alvarez-rixo\/sus-articulos-en-prensa\/","title":{"rendered":"Sus art\u00edculos en prensa"},"content":{"rendered":"<p>[vc_row full_width=\u00bbstretch_row_content\u00bb][vc_column width=\u00bb1\/6&#8243;][\/vc_column][vc_column width=\u00bb2\/3&#8243;][vc_column_text]<\/p>\n<h2>Sus art\u00edculos en prensa<\/h2>\n<p>[\/vc_column_text][vc_column_text]<\/p>\n<h4><b>1839<\/b><\/h4>\n<p>[Historia de Canarias]. <i>El Conservador<\/i> (Santa Cruz de Tenerife), <a href=\"https:\/\/jable.ulpgc.es\/viewer.vm?id=5207796\" target=\"_blank\" rel=\"noopener\" target=\"_blank\" rel=\"noopener\">10-12-1839, n\u00ba 61, pp.2-3.<\/a><\/p>\n<p>Historia de Canarias. Tamaide. <i>El Conservador<\/i> (Santa Cruz de Tenerife), <a href=\"https:\/\/jable.ulpgc.es\/viewer.vm?id=5208210&amp;page=2\" target=\"_blank\" rel=\"noopener\" target=\"_blank\" rel=\"noopener\">29-12-1839, n\u00ba 78, pp.2-3.<\/a><\/p>\n<p>Para la Historia de Canarias. <i>El Conservador<\/i> (Santa Cruz de Tenerife), <a href=\"https:\/\/jable.ulpgc.es\/viewer.vm?id=5207945&amp;page=2\" target=\"_blank\" rel=\"noopener\" target=\"_blank\" rel=\"noopener\">19-12-1839, n\u00ba 69. p.2.<\/a><\/p>\n<hr \/>\n<h4><b>1840<\/b><\/h4>\n<p>Historia de Canarias. Fundaci\u00f3n del Puerto de Cabras en la isla de Fuerteventura\u2026 <i>El Isle\u00f1o<\/i> (Santa Cruz de Tenerife), <a href=\"https:\/\/jable.ulpgc.es\/viewer.vm?id=5547127&amp;page=3\" target=\"_blank\" rel=\"noopener\" target=\"_blank\" rel=\"noopener\">14-01-1840, n\u00ba 12, pp.3-4.<\/a><\/p>\n<p>Historia de Canarias. Noticias sobre el origen, establecimiento y decadencia del comercio de la barrilla en estas Islas Canarias. <i>El Isle\u00f1o<\/i> (Santa Cruz de Tenerife), <a href=\"https:\/\/jable.ulpgc.es\/viewer.vm?id=5546874&amp;page=2\" target=\"_blank\" rel=\"noopener\" target=\"_blank\" rel=\"noopener\">02-01-1840, n\u00ba 61, pp.2-4.<\/a><\/p>\n<p>Historia de Canarias. Proyecto de un establecimiento en Abona. <i>El Isle\u00f1o<\/i> (Santa Cruz de Tenerife), <a href=\"https:\/\/jable.ulpgc.es\/viewer.vm?id=5547322&amp;page=3\" target=\"_blank\" rel=\"noopener\" target=\"_blank\" rel=\"noopener\">21-01-1840, n\u00ba 18, pp.3-4.<\/a><\/p>\n<hr \/>\n<h4><b>1841<\/b><\/h4>\n<p>Para la historia de estas Islas Canarias. <i>El Daguerrotipo <\/i>(Santa Cruz de Tenerife), <a href=\"https:\/\/jable.ulpgc.es\/viewer.vm?id=5209671&amp;page=2\" target=\"_blank\" rel=\"noopener\" target=\"_blank\" rel=\"noopener\">09\/04\/1841, n\u00ba 28, pp.2-3<\/a>; <a href=\"https:\/\/jable.ulpgc.es\/viewer.vm?id=5209697&amp;page=2\" target=\"_blank\" rel=\"noopener\" target=\"_blank\" rel=\"noopener\">13\/04\/1841, n\u00ba 29, pp.2-3<\/a>; <a href=\"https:\/\/jable.ulpgc.es\/viewer.vm?id=5209916&amp;page=3\" target=\"_blank\" rel=\"noopener\" target=\"_blank\" rel=\"noopener\">11\/05\/1841, n\u00ba 37, pp.3-4<\/a>;\u00a0 <a href=\"https:\/\/jable.ulpgc.es\/viewer.vm?id=5209940&amp;page=3\" target=\"_blank\" rel=\"noopener\" target=\"_blank\" rel=\"noopener\">14\/05\/1841, n\u00ba 38, p.3<\/a>; <a href=\"https:\/\/jable.ulpgc.es\/viewer.vm?id=5209961&amp;page=2\" target=\"_blank\" rel=\"noopener\" target=\"_blank\" rel=\"noopener\">18\/05\/1841, n\u00ba 39, p.2-3<\/a>; <a href=\"https:\/\/jable.ulpgc.es\/viewer.vm?id=5210026&amp;page=4\" target=\"_blank\" rel=\"noopener\" target=\"_blank\" rel=\"noopener\">01\/06\/1841, n\u00ba 43, p.4<\/a>; <a href=\"https:\/\/jable.ulpgc.es\/viewer.vm?id=5210047&amp;page=3\" target=\"_blank\" rel=\"noopener\" target=\"_blank\" rel=\"noopener\">04\/06\/1841, n\u00ba 44, p.3.<\/a><\/p>\n<p>[Sobre inepcia de la Diputaci\u00f3n Provincial para promover ventajas materiales del pa\u00eds]. <i>El Teide<\/i> (Santa Cruz de Tenerife), 29-06-1841, n\u00ba 5, pp.1-2.<\/p>\n<hr \/>\n<h4><b>1848<\/b><\/h4>\n<p>Curiosidades topogr\u00e1ficas. Masca. <i>La Aurora<\/i> (Santa Cruz de Tenerife), <a href=\"https:\/\/jable.ulpgc.es\/viewer.vm?id=750861&amp;page=3\" target=\"_blank\" rel=\"noopener\" target=\"_blank\" rel=\"noopener\">19-03-1848, n\u00ba 29, p.227-228.<\/a><\/p>\n<hr \/>\n<h4><b>1851<\/b><\/h4>\n<p>Vamos a la pesquer\u00eda de la costa de \u00c1frica. <i>El Avisador de Canarias<\/i> (Santa Cruz de Tenerife), 28-01-1851, n\u00ba 11,p.1-2.<\/p>\n<hr \/>\n<h4><strong>1854<\/strong><\/h4>\n<p>Observaciones acerca del mal estado en que se hallan la mayor parte de los pueblos y campos de estas Islas Canarias y alg[una]s indicac[ione]s para su remedio. <em>El Noticioso de Canarias <\/em>(Santa Cruz de Tenerife). 30-05-1854, n\u00ba 127<\/p>\n<hr \/>\n<h4><b>1857<\/b><\/h4>\n<p>Algo sobre intereses\u00a0 materiales de estas Islas Canarias. <i>Eco del Comercio<\/i> (Santa Cruz de Tenerife), <a href=\"https:\/\/jable.ulpgc.es\/viewer.vm?id=5206186\" target=\"_blank\" rel=\"noopener\" target=\"_blank\" rel=\"noopener\">11-10-1857, n\u00ba 571, p.1.<\/a><\/p>\n<p>Caminos vecinales. En qu\u00e9 ha consistido y todav\u00eda consiste la indolencia y abandono en que generalmente se encuentran. Observaci\u00f3n que puede contribuir\u00a0 para su remedio. <i>Eco del Comercio<\/i> (Santa Cruz de Tenerife), <a href=\"https:\/\/jable.ulpgc.es\/viewer.vm?id=5205864&amp;page=2\" target=\"_blank\" rel=\"noopener\" target=\"_blank\" rel=\"noopener\">30-08-1857, n\u00ba 559, pp.2-3.<\/a><\/p>\n<p>C\u00f3mo podr\u00eda hermosearse la campi\u00f1a de Santa Cruz. <i>Eco<\/i> <i>del Comercio <\/i>(Santa Cruz de Tenerife), <a href=\"https:\/\/jable.ulpgc.es\/viewer.vm?id=5205541\" target=\"_blank\" rel=\"noopener\" target=\"_blank\" rel=\"noopener\">16-07-1857, n\u00ba 547, pp.1-2.<\/a><\/p>\n<hr \/>\n<h4><b>1860<\/b><\/h4>\n<p>Cartas de salud. <i>Eco del Comercio<\/i> (Santa Cruz de Tenerife), <a href=\"https:\/\/jable.ulpgc.es\/viewer.vm?id=5214257\" target=\"_blank\" rel=\"noopener\" target=\"_blank\" rel=\"noopener\">05-12-1860, n\u00ba 895, p.2.<\/a><\/p>\n<hr \/>\n<h4><b>1861<\/b><\/h4>\n<p>Azufre. <i>Eco del Comercio<\/i> (Santa Cruz de Tenerife), <a href=\"https:\/\/jable.ulpgc.es\/viewer.vm?id=5214475\" target=\"_blank\" rel=\"noopener\" target=\"_blank\" rel=\"noopener\">02-01-1861, n\u00ba 903, pp.1-2.<\/a><\/p>\n<p>Guano. <i>Eco del Comercio<\/i> (Santa Cruz de Tenerife), <a href=\"https:\/\/jable.ulpgc.es\/viewer.vm?id=5214507\" target=\"_blank\" rel=\"noopener\" target=\"_blank\" rel=\"noopener\">05-01-1861, n\u00ba 904, pp.1-2.<\/a><\/p>\n<p>Piedras. <i>Eco del Comercio<\/i> (Santa Cruz de Tenerife), <a href=\"https:\/\/jable.ulpgc.es\/viewer.vm?id=5214507\" target=\"_blank\" rel=\"noopener\" target=\"_blank\" rel=\"noopener\">05-01-1861, n\u00ba 904, p.2.<\/a><\/p>\n<hr \/>\n<h4><b>1863<\/b><\/h4>\n<p>[Isla de San Miguel de La Palma]. <i>El Time<\/i> (Santa Cruz de La Palma), <a href=\"https:\/\/jable.ulpgc.es\/viewer.vm?id=5424753\" target=\"_blank\" rel=\"noopener\" target=\"_blank\" rel=\"noopener\">02-08-1863, n\u00ba 4, pp. 1-2.<\/a><\/p>\n<p>Observaciones mar\u00edtimas y comerciales. <i>El Time<\/i> (Santa Cruz de La Palma), <a href=\"https:\/\/jable.ulpgc.es\/viewer.vm?id=5424802\" target=\"_blank\" rel=\"noopener\" target=\"_blank\" rel=\"noopener\">16-08-1863, n\u00ba 6, pp.1-2.<\/a><\/p>\n<p>Partidos judiciales de Canarias. <i>El Time<\/i> (Santa Cruz de La Palma), <a href=\"https:\/\/jable.ulpgc.es\/viewer.vm?id=5425257\" target=\"_blank\" rel=\"noopener\" target=\"_blank\" rel=\"noopener\">20-12-1863, n\u00ba23, p.1<\/a>;\u00a0 <a href=\"https:\/\/jable.ulpgc.es\/viewer.vm?id=5425293\" target=\"_blank\" rel=\"noopener\" target=\"_blank\" rel=\"noopener\">27-12-1863, n\u00ba 24, pp.1-2.<\/a><\/p>\n<hr \/>\n<h4><b>1864<\/b><\/h4>\n<p>Biblioteca p\u00fablica. <i>El Time<\/i> (Santa Cruz de La Palma), <a href=\"https:\/\/jable.ulpgc.es\/viewer.vm?id=5425431\" target=\"_blank\" rel=\"noopener\" target=\"_blank\" rel=\"noopener\">21-02-1864, n\u00ba 32, p.1.<\/a><\/p>\n<p>Historia Natural de las Islas Canarias. <i>El Time <\/i>(Santa Cruz de La Palma), <a href=\"https:\/\/jable.ulpgc.es\/viewer.vm?id=5425474\" target=\"_blank\" rel=\"noopener\" target=\"_blank\" rel=\"noopener\">06-03-1864,\u00a0 n\u00ba 34, pp.1-2. <\/a>; <a href=\"https:\/\/jable.ulpgc.es\/viewer.vm?id=5425511\" target=\"_blank\" rel=\"noopener\" target=\"_blank\" rel=\"noopener\">13-03-1864, n\u00ba 35, p.1<\/a>; <a href=\"https:\/\/jable.ulpgc.es\/viewer.vm?id=5425581&amp;page=2\" target=\"_blank\" rel=\"noopener\" target=\"_blank\" rel=\"noopener\">03-04-1864, n\u00ba 37, p.2 <\/a>; <a href=\"https:\/\/jable.ulpgc.es\/viewer.vm?id=5425618\" target=\"_blank\" rel=\"noopener\" target=\"_blank\" rel=\"noopener\">10-04-1864, n\u00ba 38, pp.1-2.<\/a><\/p>\n<p>Intereses territoriales y comerciales. <i>El Time<\/i> (Santa Cruz de La Palma), <a href=\"https:\/\/jable.ulpgc.es\/viewer.vm?id=5425673\" target=\"_blank\" rel=\"noopener\" target=\"_blank\" rel=\"noopener\">24-04-1864, n\u00ba 40, pp.1-2.<\/a><\/p>\n<p>Comercio con la costa de \u00c1frica. <i>El Omnibus<\/i> (Las Palmas de Gran Canaria), <a href=\"https:\/\/jable.ulpgc.es\/viewer.vm?id=5368311\" target=\"_blank\" rel=\"noopener\" target=\"_blank\" rel=\"noopener\">04-05-1864, n\u00ba 899, p.2.<\/a><\/p>\n<p>El th\u00e9. <i>El Time<\/i> (Santa Cruz de La Palma), <a href=\"https:\/\/jable.ulpgc.es\/viewer.vm?id=5425854\" target=\"_blank\" rel=\"noopener\" target=\"_blank\" rel=\"noopener\">19-06-1864, n\u00ba 48, pp.1-2.<\/a><\/p>\n<hr \/>\n<h4><b>1865<\/b><\/h4>\n<p>Explotaci\u00f3n del azufre. <i>El Time<\/i> (Santa Cruz de La Palma),\u00a0 <a href=\"https:\/\/jable.ulpgc.es\/viewer.vm?id=5427349\" target=\"_blank\" rel=\"noopener\" target=\"_blank\" rel=\"noopener\">27-08-1865, n\u00ba 108, p.1.<\/a><\/p>\n<p>Gratitud p\u00fablica. <i>El Time<\/i> (Santa Cruz de La Palma), <a href=\"https:\/\/jable.ulpgc.es\/viewer.vm?id=5426639\" target=\"_blank\" rel=\"noopener\" target=\"_blank\" rel=\"noopener\">08-01-1865, n\u00ba 77, pp.1-2.<\/a><\/p>\n<hr \/>\n<h4><b>1866<\/b><\/h4>\n<p>Agricultura. Por qu\u00e9 obras conviene instruir en ella a la juventud canaria. <i>El Time<\/i> (Santa Cruz de La Palma), <a href=\"https:\/\/jable.ulpgc.es\/viewer.vm?id=5428174\" target=\"_blank\" rel=\"noopener\" target=\"_blank\" rel=\"noopener\">27-05-1866, n\u00ba 143, p.1<\/a>; <a href=\"https:\/\/jable.ulpgc.es\/viewer.vm?id=5428225\" target=\"_blank\" rel=\"noopener\" target=\"_blank\" rel=\"noopener\">10-06-1866, n\u00ba 145, pp.1-2.<\/a><\/p>\n<p>Las Papas<i>. <\/i><i>Bolet\u00edn de la Sociedad de Amigos del Pa\u00eds de Santa Cruz de La Palma<\/i>, <a href=\"https:\/\/jable.ulpgc.es\/viewer.vm?id=1224103&amp;page=4\" target=\"_blank\" rel=\"noopener\" target=\"_blank\" rel=\"noopener\">1-06-1867, n\u00ba5, pp.38-44<\/a>; <a href=\"https:\/\/jable.ulpgc.es\/viewer.vm?id=1224150&amp;page=5\" target=\"_blank\" rel=\"noopener\" target=\"_blank\" rel=\"noopener\">01-07-1867, n\u00ba6, pp.47-52<\/a>; <a href=\"https:\/\/jable.ulpgc.es\/viewer.vm?id=1224176&amp;page=7\" target=\"_blank\" rel=\"noopener\" target=\"_blank\" rel=\"noopener\">01-08-1867, n\u00ba7, pp.57-60<\/a>; <a href=\"https:\/\/jable.ulpgc.es\/viewer.vm?id=1224195&amp;page=7\" target=\"_blank\" rel=\"noopener\" target=\"_blank\" rel=\"noopener\">1-04-1868, n\u00ba8, pp.65-68<\/a>; <a href=\"https:\/\/jable.ulpgc.es\/viewer.vm?id=1224291&amp;page=7\" target=\"_blank\" rel=\"noopener\" target=\"_blank\" rel=\"noopener\">1-06-1868, n\u00ba10, pp.81-84<\/a>.<\/p>\n<p>[Primera carta al bachiller Sancho S\u00e1nchez]. <i>El Time<\/i> (Santa Cruz de La Palma), <a href=\"https:\/\/jable.ulpgc.es\/viewer.vm?id=5429039&amp;page=3\" target=\"_blank\" rel=\"noopener\" target=\"_blank\" rel=\"noopener\">15-03-1867, n\u00ba 178, pp.3-4.<\/a><\/p>\n<p>[Segunda carta al bachiller Sancho S\u00e1nchez]. <i>El Time<\/i> (Santa Cruz de La Palma), <a href=\"https:\/\/jable.ulpgc.es\/viewer.vm?id=5429372&amp;page=4\" target=\"_blank\" rel=\"noopener\" target=\"_blank\" rel=\"noopener\">07-07-1867, n\u00ba 192, p.4.<\/a><\/p>\n<p>[Tercera carta al bachiller Sancho S\u00e1nchez]. <i>El Time<\/i> (Santa Cruz de La Palma), <a href=\"https:\/\/jable.ulpgc.es\/viewer.vm?id=5429637&amp;page=3\" target=\"_blank\" rel=\"noopener\" target=\"_blank\" rel=\"noopener\">30-09-1867, n\u00ba 202, pp.3-4.<\/a><\/p>\n<p>Y volver\u00e9is un d\u00eda. <i>El Time<\/i> (Santa Cruz de La Palma), <a href=\"https:\/\/jable.ulpgc.es\/viewer.vm?id=5429039\" target=\"_blank\" rel=\"noopener\" target=\"_blank\" rel=\"noopener\">15-03-1867, n\u00ba 178, p.1.<\/a><\/p>\n<hr \/>\n<h4><b>1868<\/b><\/h4>\n<p>Acr\u00f3batas isle\u00f1os. <i>El Time<\/i> (Santa Cruz de La Palma), <a href=\"https:\/\/jable.ulpgc.es\/viewer.vm?id=5431023&amp;page=3\" target=\"_blank\" rel=\"noopener\" target=\"_blank\" rel=\"noopener\">15-12-1868, n\u00ba 259, pp.3-4.<\/a><\/p>\n<p>Carest\u00eda de v\u00edveres. <i>El Guanche<\/i> (Santa Cruz de Tenerife), 11-02-1868, n\u00ba 750.<\/p>\n<p>Do\u00f1a Mar\u00eda Joaquina Viera y Clavijo: op\u00fasculo biogr\u00e1fico. <i>El Time<\/i> (Santa Cruz de La Palma), <a href=\"https:\/\/jable.ulpgc.es\/viewer.vm?id=5430304&amp;page=3\" target=\"_blank\" rel=\"noopener\" target=\"_blank\" rel=\"noopener\">30-04-1868, n\u00ba 229, pp.3-4<\/a> ; <a href=\"https:\/\/jable.ulpgc.es\/viewer.vm?id=5430341&amp;page=3\" target=\"_blank\" rel=\"noopener\" target=\"_blank\" rel=\"noopener\">07-05-1868, n\u00ba 230, pp.3-4.<\/a><\/p>\n<p>Fuerteventura. <i>El Time<\/i> (Santa Cruz de La Palma),<a href=\"https:\/\/jable.ulpgc.es\/viewer.vm?id=5430771\" target=\"_blank\" rel=\"noopener\" target=\"_blank\" rel=\"noopener\"> 30-09-1868, n\u00ba 249, pp.1-2.<\/a><\/p>\n<p>Vegetales mar\u00edtimos para abonos. <i>El Time<\/i> (Santa Cruz de La Palma), <a href=\"https:\/\/jable.ulpgc.es\/viewer.vm?id=5430700\" target=\"_blank\" rel=\"noopener\" target=\"_blank\" rel=\"noopener\">30-08-1868, n\u00ba 245, p.1.<\/a><\/p>\n<p>El Pl\u00e1tano: El origen, notables ventajas de su cultivo y propagaci\u00f3n en las Canarias. <i>El Time<\/i> (Santa Cruz de La Palma), <a href=\"https:\/\/jable.ulpgc.es\/viewer.vm?id=5430060\" target=\"_blank\" rel=\"noopener\" target=\"_blank\" rel=\"noopener\">29-02-1868, n\u00ba 221, pp.1-2.<\/a><\/p>\n<p>Reflexiones sobre la presente escasez de alimentos. <i>El Time<\/i> (Santa Cruz de La Palma), <a href=\"https:\/\/jable.ulpgc.es\/viewer.vm?id=5430096\" target=\"_blank\" rel=\"noopener\" target=\"_blank\" rel=\"noopener\">07-03-1868, n\u00ba 222, p.1.<\/a><\/p>\n<p>Vocablos isle\u00f1os. <i>El Time<\/i> (Santa Cruz de La Palma), <a href=\"https:\/\/jable.ulpgc.es\/viewer.vm?id=5430392&amp;page=2\" target=\"_blank\" rel=\"noopener\" target=\"_blank\" rel=\"noopener\">22-05-1868, n\u00ba 232, p.2.<\/a><\/p>\n<hr \/>\n<h4><b>1869<\/b><\/h4>\n<p>Ensayo sobre las se\u00f1ales naturales que anuncian los a\u00f1os f\u00e9rtiles o est\u00e9riles en las Islas Canarias. <i>El Time<\/i> (Santa Cruz de La Palma), <a href=\"https:\/\/jable.ulpgc.es\/viewer.vm?id=5431395\" target=\"_blank\" rel=\"noopener\" target=\"_blank\" rel=\"noopener\">15-04-1869, n\u00ba 275, p.1<\/a>; <a href=\"https:\/\/jable.ulpgc.es\/viewer.vm?id=5431421\" target=\"_blank\" rel=\"noopener\" target=\"_blank\" rel=\"noopener\">30-04-1869, n\u00ba 276, p.1<\/a>; <a href=\"https:\/\/jable.ulpgc.es\/viewer.vm?id=5431447\" target=\"_blank\" rel=\"noopener\" target=\"_blank\" rel=\"noopener\">07-05-1869, n\u00ba 277, p.1.<\/a>[\/vc_column_text][\/vc_column][vc_column width=\u00bb1\/6&#8243;][\/vc_column][\/vc_row]<\/p>\n","protected":false},"excerpt":{"rendered":"<p>[vc_row full_width=\u00bbstretch_row_content\u00bb][vc_column width=\u00bb1\/6&#8243;][\/vc_column][vc_column width=\u00bb2\/3&#8243;][vc_column_text] Sus art\u00edculos en prensa [\/vc_column_text][vc_column_text] 1839 [Historia de Canarias]. El Conservador (Santa Cruz de Tenerife), 10-12-1839, n\u00ba 61, pp.2-3. Historia de Canarias. Tamaide. El Conservador (Santa Cruz de Tenerife), 29-12-1839, n\u00ba 78, pp.2-3. Para la Historia de Canarias. El Conservador (Santa Cruz de Tenerife), 19-12-1839, n\u00ba 69. p.2. 1840 Historia de&#8230;<\/p>\n","protected":false},"author":14,"featured_media":0,"parent":0,"menu_order":0,"comment_status":"closed","ping_status":"closed","template":"","meta":{"footnotes":""},"class_list":["post-154","page","type-page","status-publish","hentry"],"_links":{"self":[{"href":"https:\/\/www.ull.es\/eventos\/alvarez-rixo\/wp-json\/wp\/v2\/pages\/154"}],"collection":[{"href":"https:\/\/www.ull.es\/eventos\/alvarez-rixo\/wp-json\/wp\/v2\/pages"}],"about":[{"href":"https:\/\/www.ull.es\/eventos\/alvarez-rixo\/wp-json\/wp\/v2\/types\/page"}],"author":[{"embeddable":true,"href":"https:\/\/www.ull.es\/eventos\/alvarez-rixo\/wp-json\/wp\/v2\/users\/14"}],"replies":[{"embeddable":true,"href":"https:\/\/www.ull.es\/eventos\/alvarez-rixo\/wp-json\/wp\/v2\/comments?post=154"}],"version-history":[{"count":7,"href":"https:\/\/www.ull.es\/eventos\/alvarez-rixo\/wp-json\/wp\/v2\/pages\/154\/revisions"}],"predecessor-version":[{"id":622,"href":"https:\/\/www.ull.es\/eventos\/alvarez-rixo\/wp-json\/wp\/v2\/pages\/154\/revisions\/622"}],"wp:attachment":[{"href":"https:\/\/www.ull.es\/eventos\/alvarez-rixo\/wp-json\/wp\/v2\/media?parent=154"}],"curies":[{"name":"wp","href":"https:\/\/api.w.org\/{rel}","templated":true}]}}