{"id":156,"date":"2016-04-21T20:06:55","date_gmt":"2016-04-21T20:06:55","guid":{"rendered":"http:\/\/bbtk.exposicion.ull.es\/alvarezrixo\/?page_id=156"},"modified":"2021-05-11T13:27:19","modified_gmt":"2021-05-11T11:27:19","slug":"estudios-sobre-el-autor","status":"publish","type":"page","link":"https:\/\/www.ull.es\/eventos\/alvarez-rixo\/estudios-sobre-el-autor\/","title":{"rendered":"Estudios sobre el autor"},"content":{"rendered":"<p>[vc_row full_width=\u00bbstretch_row_content\u00bb][vc_column width=\u00bb1\/6&#8243;][\/vc_column][vc_column width=\u00bb2\/3&#8243;][vc_column_text]<\/p>\n<h2>Estudios sobre el autor<\/h2>\n<p>[\/vc_column_text][vc_column_text]ACOSTA, Cynthia. El Censor, un peri\u00f3dico fantasma. <i>El D\u00eda <\/i>[en l\u00ednea]. 14 de febrero del 2021. Disponible en:<a href=\"https:\/\/www.eldia.es\/sociedad\/2021\/02\/14\/censor-periodico-fantasma-34703573.html\" target=\"_blank\" rel=\"noopener\" target=\"_blank\" rel=\"noopener\">https:\/\/www.eldia.es\/sociedad\/2021\/02\/14\/censor-periodico-fantasma-34703573.html<\/a><\/p>\n<p>ACOSTA JORD\u00c1N, Silvano. Aspectos t\u00e9cnico-pl\u00e1sticos en la obra gr\u00e1fica de Jos\u00e9 Agust\u00edn \u00c1lvarez Rixo. En\u00a0 <a href=\"http:\/\/riull.ull.es\/xmlui\/handle\/915\/2133\" target=\"_blank\" rel=\"noopener\" target=\"_blank\" rel=\"noopener\"><i>\u00c1LVAREZ RIXO, escribir para no olvidar: exposici\u00f3n bibliogr\u00e1fica y documental, D\u00eda del Libro 2016.<\/i><\/a> La Laguna: Universidad, Servicio de Publicaciones, 2016, pp.181-192.<\/p>\n<p>ALLOZA MORENO, Manuel \u00c1ngel. Jos\u00e9 Agust\u00edn \u00c1lvarez Rixo. En <a href=\"http:\/\/absysnetweb.bbtk.ull.es\/cgi-bin\/abnetopac?TITN=76896\" target=\"_blank\" rel=\"noopener\" target=\"_blank\" rel=\"noopener\"><i>La pintura en Canarias en el siglo XIX<\/i>.<\/a> [Tenerife]: Aula de Cultura de Tenerife, 1981.<\/p>\n<p>\u00c1LVAREZ ABREU, Bruno Juan. Un hallazgo, El Censor. <i>Efem\u00e9rides <\/i>[Blog]. 9 febrero 2021. [Fecha de consulta: 12 abril 2021]: Disponible en: <a href=\"http:\/\/efemeridestenerife.blogspot.com\/2021\/02\/un-hallazgo-el-censor.html\" target=\"_blank\" rel=\"noopener\" target=\"_blank\" rel=\"noopener\">http:\/\/efemeridestenerife.blogspot.com\/2021\/02\/un-hallazgo-el-censor.html<\/a><\/p>\n<p>BEN\u00cdTEZ PADILLA, Sim\u00f3n. Estudio biogr\u00e1fico de Jos\u00e9 Agust\u00edn \u00c1lvarez Rixo (1796-1883). En\u00a0 <a href=\"http:\/\/absysnetweb.bbtk.ull.es\/cgi-bin\/abnetopac?TITN=149336\" target=\"_blank\" rel=\"noopener\" target=\"_blank\" rel=\"noopener\"><i>Cuadro hist\u00f3rico de estas Islas Canarias durante cuatro a\u00f1os, de 1808 a 1812<\/i>.<\/a> Las Palmas de Gran Canaria: Gabinete Literario, 1955.<\/p>\n<p><i>Cat\u00e1logo de la Exposici\u00f3n del bicentenario del nacimiento de Jos\u00e9 Agust\u00edn \u00c1lvarez Rixo (1796-1996). Castillo de San Felipe del 16 de octubre al 16 de noviembre<\/i>. Puerto de la Cruz: Ayuntamiento, 1996.<\/p>\n<p>CALERO RUIZ, Clementina y PAV\u00c9S, Gonzalo M. \u00c1lvarez Rixo: el ojo ilustrado. En\u00a0 <a href=\"http:\/\/riull.ull.es\/xmlui\/handle\/915\/2133\" target=\"_blank\" rel=\"noopener\" target=\"_blank\" rel=\"noopener\"><i>\u00c1LVAREZ RIXO, escribir para no olvidar: exposici\u00f3n bibliogr\u00e1fica y documental, D\u00eda del Libro 2016.<\/i><\/a> La Laguna: Universidad, Servicio de Publicaciones, 2016, pp.159-180.<\/p>\n<p>CASTILLO, Francisco Javier. \u00c1lvarez Rixo en sus palabras. En\u00a0 <a href=\"http:\/\/riull.ull.es\/xmlui\/handle\/915\/2133\" target=\"_blank\" rel=\"noopener\" target=\"_blank\" rel=\"noopener\"><i>\u00c1LVAREZ RIXO, escribir para no olvidar: exposici\u00f3n bibliogr\u00e1fica y documental, D\u00eda del Libro 2016.<\/i><\/a> La Laguna: Universidad, Servicio de Publicaciones, 2016, pp.93-126.<\/p>\n<p>Colaboradores de Wikipedia. <i>Jos\u00e9 Agust\u00edn \u00c1lvarez Rixo<\/i> [en l\u00ednea]. Wikipedia, La enciclopedia libre, 2016 [fecha de consulta: 12 abril de 2020]. Disponible en:<a href=\"https:\/\/es.wikipedia.org\/wiki\/Jos%C3%A9_Agust%C3%ADn_%C3%81lvarez_Rixo\" target=\"_blank\" rel=\"noopener\" target=\"_blank\" rel=\"noopener\">https:\/\/es.wikipedia.org\/wiki\/Jos%C3%A9_Agust%C3%ADn_%C3%81lvarez_Rixo<\/a><\/p>\n<p>D\u00cdAZ ALAY\u00d3N, Carmen. <a href=\"https:\/\/dialnet.unirioja.es\/servlet\/articulo?codigo=2132862\" target=\"_blank\" rel=\"noopener\" target=\"_blank\" rel=\"noopener\">\u00c1lvarez Rixo en la Sociedad de Amigos del Pa\u00eds de La Palma.<\/a> <i>Revista de Estudios Generales de la Isla de La Palma<\/i>, 2004, n\u00ba 0, pp.329-351.<\/p>\n<p>D\u00cdAZ ALAY\u00d3N, Carmen. <a href=\"https:\/\/dialnet.unirioja.es\/servlet\/articulo?codigo=6163123\" target=\"_blank\" rel=\"noopener\" target=\"_blank\" rel=\"noopener\">\u00c1lvarez Rixo y el inventario topon\u00edmico de Gorr\u00edn<i>.<\/i><\/a> <i>Anuario de Estudios Filol\u00f3gicos<\/i>, 2017, vol. 40, pp. 159-188.<\/p>\n<p>D\u00cdAZ ALAY\u00d3N, Carmen. <a href=\"https:\/\/dialnet.unirioja.es\/servlet\/articulo?codigo=3662471\" target=\"_blank\" rel=\"noopener\" target=\"_blank\" rel=\"noopener\">\u00c1lvarez Rixo y sus observaciones al diccionario de Historia natural de las Islas Canarias.<\/a> <i>Revista de Filolog\u00eda<\/i>, 2011, n\u00ba 29, pp. 37-72.<\/p>\n<p>D\u00cdAZ ALAY\u00d3N, Carmen. Las aportaciones ling\u00fc\u00edsticas de \u00c1lvarez Rixo. En\u00a0 <a href=\"http:\/\/riull.ull.es\/xmlui\/handle\/915\/2133\" target=\"_blank\" rel=\"noopener\" target=\"_blank\" rel=\"noopener\"><i>\u00c1LVAREZ RIXO, escribir para no olvidar: exposici\u00f3n bibliogr\u00e1fica y documental, D\u00eda del Libro 2016.<\/i><\/a> La Laguna: Universidad, Servicio de Publicaciones, 2016, pp.81-92.<\/p>\n<p>D\u00cdAZ ALAY\u00d3N, Carmen. L<a href=\"http:\/\/absysnetweb.bbtk.ull.es\/cgi-bin\/abnetopac?TITN=133702\" target=\"_blank\" rel=\"noopener\" target=\"_blank\" rel=\"noopener\">os estudios del espa\u00f1ol de Canarias en el siglo XIX y la labor investigadora de Jos\u00e9 Agust\u00edn \u00c1lvarez Rixo.<\/a> En <i>Actas del Congreso de la Sociedad Espa\u00f1ola de Ling\u00fc\u00edstica, XX Aniversario: (Tenerife, 2-6 de abril, de 1990)<\/i>. Madrid : Gredos, 1990, pp. 382-392.<\/p>\n<p>D\u00cdAZ ALAY\u00d3N, Carmen. E<a href=\"http:\/\/absysnetweb.bbtk.ull.es\/cgi-bin\/abnetopac?TITN=384956\" target=\"_blank\" rel=\"noopener\" target=\"_blank\" rel=\"noopener\">l legado cient\u00edfico de Jos\u00e9 Agust\u00edn \u00c1lvarez Rixo : notas a sus posiciones de car\u00e1cter ling\u00fc\u00edstico.<\/a> En <i>Caminos Actuales de la Historiograf\u00eda Ling\u00fc\u00edstica : actas del V Congreso Internacional de la Sociedad Espa\u00f1ola de Historiograf\u00eda Ling\u00fc\u00edstica, Murcia, 7-11 de noviembre de 2005<\/i>. Murcia : Universidad, 2005, pp. 417-430.<\/p>\n<p>D\u00cdAZ ALAY\u00d3N, Carmen. <a href=\"https:\/\/dialnet.unirioja.es\/servlet\/articulo?codigo=640080\" target=\"_blank\" rel=\"noopener\" target=\"_blank\" rel=\"noopener\">Lengua literaria y habla insular en la producci\u00f3n de Jos\u00e9 Agust\u00edn \u00c1lvarez Rixo.<\/a> <i>Revista de Filolog\u00eda<\/i>, Universidad de La Laguna, 2003, n\u00ba 21, pp.105-133.<\/p>\n<p>D\u00cdAZ ALAY\u00d3N, Carmen. <a href=\"https:\/\/dialnet.unirioja.es\/servlet\/articulo?codigo=6786496\" target=\"_blank\" rel=\"noopener\" target=\"_blank\" rel=\"noopener\">La mirada de \u00c1lvarez Rixo al universo insular<\/a>: Ediciones, \u00e1reas de estudio y bibliograf\u00eda comentada. Anuario de Estudios Atl\u00e1nticos, 2019, n\u00ba 65, pp.1-20<\/p>\n<p>D\u00cdAZ ALAY\u00d3N, Carmen. <a href=\"http:\/\/absysnetweb.bbtk.ull.es\/cgi-bin\/abnetopac?TITN=291618\" target=\"_blank\" rel=\"noopener\" target=\"_blank\" rel=\"noopener\">Notas y materiales sobre la producci\u00f3n period\u00edstica tard\u00eda de \u00c1lvarez Rixo.<\/a> En <i>Homenaje a Francisco Navarro Artiles<\/i>. Edici\u00f3n de Carmen D\u00edaz Alay\u00f3n y Marcial Morera. La Laguna : Academia Canaria de la Lengua ; Fuerteventura : Cabildo Insular, 2004, pp.155-200.<\/p>\n<p>D\u00cdAZ ALAY\u00d3N, Carmen. <a href=\"http:\/\/absysnetweb.bbtk.ull.es\/cgi-bin\/abnetopac?TITN=340562\" target=\"_blank\" rel=\"noopener\" target=\"_blank\" rel=\"noopener\">Las p\u00e1ginas majoreras de la producci\u00f3n period\u00edstica de \u00c1lvarez Rixo.<\/a> En <i>Con quien tanto quer\u00eda : estudios en homenaje a Mar\u00eda del Prado Escobar Bonilla. Germ\u00e1n Santana Henr\u00edquez, Francisco J. Quevedo Garc\u00eda, Eladio Santana Martel (coordinadores)<\/i>. Las Palmas de Gran Canaria : Universidad de las Palmas de Gran Canaria, Servicio de Publicaciones, 2005, pp. 127-140.<\/p>\n<p>D\u00cdAZ ALAY\u00d3N, Carmen. <a href=\"https:\/\/dialnet.unirioja.es\/servlet\/articulo?codigo=1976637\" target=\"_blank\" rel=\"noopener\" target=\"_blank\" rel=\"noopener\">Sobre el comportamiento de los pronombres \u00e1tonos en autores canarios de los siglos XVIII y XIX. <\/a><i>Revista de Filolog\u00eda de la Universidad de La Laguna<\/i>, 2005, n\u00ba 23, pp.79-96.<\/p>\n<p>D\u00cdAZ ALAY\u00d3N, Carmen. <a href=\"https:\/\/dialnet.unirioja.es\/servlet\/articulo?codigo=7328263\" target=\"_blank\" rel=\"noopener\" target=\"_blank\" rel=\"noopener\">Sobre la pesca en Africa<\/a>. <i>Anuario de Estudios Atl\u00e1nticos<\/i>, 2020, n\u00ba6, pp.1-33.<\/p>\n<p>D\u00cdAZ ALAY\u00d3N, Carmen. <a href=\"https:\/\/dialnet.unirioja.es\/servlet\/articulo?codigo=5269265\" target=\"_blank\" rel=\"noopener\" target=\"_blank\" rel=\"noopener\">Sobre un texto in\u00e9dito de \u00c1lvarez Rixo. <\/a><i>Fortvnatae: revista canaria de filolog\u00eda, cultura y humanidades cl\u00e1sicas, 2014, n\u00ba <\/i><i>25, <\/i>99-114.<\/p>\n<p>D\u00cdAZ ALAY\u00d3N, Carmen y CASTILLO, Francisco Javier. <a href=\"http:\/\/mdc.ulpgc.es\/cdm\/fullbrowser\/collection\/tebeto\/id\/345\/rv\/singleitem\/rec\/4\" target=\"_blank\" rel=\"noopener\" target=\"_blank\" rel=\"noopener\">Jos\u00e9 Agust\u00edn \u00c1lvarez Rixo: notas a los \u00abCat\u00e1logos de los diversos manuscritos de mi pertenencia y personal trabajo\u00bb. <\/a><i>Tebeto: Anuario del Archivo Hist\u00f3rico Insular de Fuerteventura<\/i>, 2006, n\u00ba 19, pp. 306-351.<\/p>\n<p>D\u00cdAZ ALAY\u00d3N, Carmen y CASTILLO, Francisco Javier. <a href=\"https:\/\/dialnet.unirioja.es\/servlet\/articulo?codigo=2528193\" target=\"_blank\" rel=\"noopener\" target=\"_blank\" rel=\"noopener\">\u00c1lvarez Rixo y Elizabeth Murray: rectificaciones y notas sobre un manuscrito<\/a>. <i>Revista de Filolog\u00eda de la Universidad de La Laguna<\/i>, 2007, n\u00ba 25, pp. 97-105.<\/p>\n<p>D\u00cdAZ ALAY\u00d3N, Carmen y CASTILLO, Francisco Javier. <a href=\"http:\/\/absysnetweb.bbtk.ull.es\/cgi-bin\/abnetopac?TITN=327439\" target=\"_blank\" rel=\"noopener\" target=\"_blank\" rel=\"noopener\"><i>La obra period\u00edstica de Jos\u00e9 Agust\u00edn \u00c1lvarez Rixo : estudio hist\u00f3rico y ling\u00fc\u00edstico<\/i>.<\/a> [La Laguna]: Academia Canaria de la Lengua, 2005.<\/p>\n<p>D\u00cdAZ ALAY\u00d3N, Carmen y CASTILLO, Francisco Javier. <a href=\"http:\/\/absysnetweb.bbtk.ull.es\/cgi-bin\/abnetopac?TITN=370321\" target=\"_blank\" rel=\"noopener\" target=\"_blank\" rel=\"noopener\"><i>Sobre \u00c1lvarez Rixo, Lemos Smalley y la etnograf\u00eda insular<\/i>.<\/a> Santa Cruz de La Palma: Sociedad de Estudios Generales de la Isla de La Palma, 2006.<\/p>\n<p>D\u00cdAZ ALAY\u00d3N, Carmen y CASTILLO, Francisco Javier. <a href=\"https:\/\/dialnet.unirioja.es\/servlet\/articulo?codigo=2779435\" target=\"_blank\" rel=\"noopener\" target=\"_blank\" rel=\"noopener\">Sobre la obra de Jos\u00e9 Agust\u00edn \u00c1lvarez Rixo: notas a dos textos de viaje. <\/a><i>Cartas diferentes. Revista Canarias de Patrimonio Documental<\/i>, 2008, n\u00ba 4, pp. 105-174.<\/p>\n<p>D\u00cdAZ ARMAS, Jes\u00fas. <a href=\"https:\/\/dialnet.unirioja.es\/servlet\/articulo?codigo=5908444\" target=\"_blank\" rel=\"noopener\" target=\"_blank\" rel=\"noopener\">Noticias sobre una parodia \u00e9pica de Miguel Cabral: la Perenqueneida<\/a>. <i>Estudios Canarios: Anuario del Instituto de Estudios Canarios<\/i>, 2014, n\u00ba58, pp. 245-261.<\/p>\n<p>D\u00cdAZ ARMAS, Jes\u00fas. La poes\u00eda en el archivo de Jos\u00e9 Agust\u00edn \u00c1lvarez Rixo: Una colecci\u00f3n imprescindible para la reconstrucci\u00f3n de la literatura de los siglos XVIII y XIX. En\u00a0 <a href=\"http:\/\/riull.ull.es\/xmlui\/handle\/915\/2133\" target=\"_blank\" rel=\"noopener\" target=\"_blank\" rel=\"noopener\"><i>\u00c1LVAREZ RIXO, escribir para no olvidar: exposici\u00f3n bibliogr\u00e1fica y documental, D\u00eda del Libro 2016.<\/i><\/a> La Laguna: Universidad, Servicio de Publicaciones, 2016, pp.127-142.<\/p>\n<p>EST\u00c9VEZ GARC\u00cdA, Carmen Mar\u00eda. La Ranilla de \u00c1lvarez Rixo. <i>La Prensa: revista semanal de El D\u00eda<\/i>, 31\/08\/2014, pp.1-3.<\/p>\n<p>FERN\u00c1NDEZ PALOMEQUE, Paz, SALCEDO LINDELL, Ver\u00f3nica, GONZ\u00c1LEZ GONZ\u00c1LEZ, Candelaria. <a href=\"https:\/\/dialnet.unirioja.es\/servlet\/articulo?codigo=6307316\" target=\"_blank\" rel=\"noopener\" target=\"_blank\" rel=\"noopener\">@alvarezrixo, una mirada decimon\u00f3nica en las redes sociales<\/a>. <i>RUIDERAe. Revista de Unidades de Informaci\u00f3n<\/i>, 2017, n\u00ba12.<\/p>\n<p>FERN\u00c1NDEZ PALOMEQUE, Paz. Un ingenio impenitente: el archivo personal y la biblioteca de Jos\u00e9 Agust\u00edn \u00c1lvarez Rixo. En\u00a0 <a href=\"http:\/\/riull.ull.es\/xmlui\/handle\/915\/2133\" target=\"_blank\" rel=\"noopener\" target=\"_blank\" rel=\"noopener\"><i>\u00c1LVAREZ RIXO, escribir para no olvidar: exposici\u00f3n bibliogr\u00e1fica y documental, D\u00eda del Libro 2016.<\/i><\/a> La Laguna: Universidad, Servicio de Publicaciones, 2016, pp.9-22.<\/p>\n<p>GARC\u00cdA DE ARA, Jos\u00e9 Antonio. <a href=\"http:\/\/www.iehcan.com\/wp-content\/uploads\/2013\/02\/catharum-8-web.pdf\" target=\"_blank\" rel=\"noopener\" target=\"_blank\" rel=\"noopener\">Jos\u00e9 Agust\u00edn \u00c1lvarez Rixo, un ejemplo de la Historiograf\u00eda canaria en el Siglo XIX<\/a>. <i>Catharum<\/i>, 2007, n\u00ba 8, pp.29-39.<\/p>\n<p>GARC\u00cdA DE ARA, Jos\u00e9 Antonio. <a href=\"https:\/\/dialnet.unirioja.es\/servlet\/articulo?codigo=2517997\" target=\"_blank\" rel=\"noopener\" target=\"_blank\" rel=\"noopener\">La obra hist\u00f3rica de Jos\u00e9 Agust\u00edn \u00c1lvarez Rixo en la historiograf\u00eda canaria del siglo XIX<\/a>. <i>XV Coloquio de Historia Canario Americana<\/i>. Gran Canaria: Cabildo Insular, 2004, pp. 1301-1312.<\/p>\n<p>GARC\u00cdA LLANOS, Salvador. Un hallazgo, El Censor.<i> El Blogoferoz <\/i>[Blog]. 10 febrero 2020. [Consulta: 12 abril 2021]. Disponible en: <a href=\"http:\/\/www.elblogoferoz.com\/2021\/02\/10\/opinion-un-hallazgo-el-censor-salvador-garcia-llanos\/\" target=\"_blank\" rel=\"noopener\" target=\"_blank\" rel=\"noopener\">http:\/\/www.elblogoferoz.com\/2021\/02\/10\/opinion-un-hallazgo-el-censor-salvador-garcia-llanos\/<\/a><\/p>\n<p>GARC\u00cdA PULIDO, Daniel y FERN\u00c1NDEZ PALOMEQUE, Paz. \u00c1lvarez Rixo a la sombra del Array\u00e1n. <a href=\"https:\/\/dialnet.unirioja.es\/servlet\/revista?codigo=7728\" target=\"_blank\" rel=\"noopener\" target=\"_blank\" rel=\"noopener\"><i>Rincones del Atl\u00e1ntico<\/i><\/a><i>,<\/i> 2019-2020, n\u00ba10, pp. 8-29.<\/p>\n<p>GARC\u00cdA PULIDO, Daniel y AMADOR AMADOR, Reyes. Jos\u00e9 Agust\u00edn \u00c1lvarez Rixo (1796-1883), claves biogr\u00e1ficas de un perfil hist\u00f3rico. En\u00a0 <a href=\"http:\/\/riull.ull.es\/xmlui\/handle\/915\/2133\" target=\"_blank\" rel=\"noopener\" target=\"_blank\" rel=\"noopener\"><i>\u00c1LVAREZ RIXO, escribir para no olvidar: exposici\u00f3n bibliogr\u00e1fica y documental, D\u00eda del Libro 2016.<\/i><\/a> La Laguna: Universidad, Servicio de Publicaciones, 2016, pp.23-53.<\/p>\n<p>G\u00d3MEZ-PABLOS CALVO, Carmen y GONZ\u00c1LEZ G\u00d3MEZ, Africa. Cocinar para no olvidar: recetas de familia. En\u00a0 <a href=\"http:\/\/riull.ull.es\/xmlui\/handle\/915\/2133\" target=\"_blank\" rel=\"noopener\" target=\"_blank\" rel=\"noopener\"><i>\u00c1LVAREZ RIXO, escribir para no olvidar: exposici\u00f3n bibliogr\u00e1fica y documental, D\u00eda del Libro 2016.<\/i><\/a> La Laguna: Universidad, Servicio de Publicaciones, 2016, pp.193-214.<\/p>\n<p>GUIMER\u00c1 PERAZA, Marcos. <a href=\"http:\/\/mdc.ulpgc.es\/cdm\/ref\/collection\/aea\/id\/1549\" target=\"_blank\" rel=\"noopener\" target=\"_blank\" rel=\"noopener\">Jos\u00e9 \u00c1lvarez Rixo, alcalde del Puerto de la Cruz<\/a>. <i>Anuario de Estudios Atl\u00e1nticos<\/i>, 1991, v.1 n\u00ba 37, pp. 361-430.<\/p>\n<p>HARTWIG-E.STEINER, FERN\u00c1NDEZ PALOMEQUE, Paz, MORALES AYALA, Mar\u00eda Luisa, SARMIENTO P\u00c9REZ, Marcos. <a href=\"https:\/\/dialnet.unirioja.es\/servlet\/articulo?codigo=7270106\" target=\"_blank\" rel=\"noopener\" target=\"_blank\" rel=\"noopener\">&gt;Ysla del Hierro&lt; de Jos\u00e9 Agust\u00edn \u00c1lvarez Rixo del legado del erudito canario universal<\/a>. <i>Almogaren, <\/i>2019, n\u00ba 50, pp.107-150.<\/p>\n<p>HARTWIG-E.STEINER, MORALES AYALA, Mar\u00eda Luisa, SARMIENTO P\u00c9REZ, Marcos, FERN\u00c1NDEZ PALOMEQUE, Paz.\u00a0 <a href=\"https:\/\/dialnet.unirioja.es\/servlet\/articulo?codigo=6515152\" target=\"_blank\" rel=\"noopener\" target=\"_blank\" rel=\"noopener\">\u00abIslas Salvages\u00bb de Jos\u00e9 Agust\u00edn \u00c1lvarez Rixo del legado del erudito canario universal.<\/a> <i>Almogaren<\/i>, 2017-2018, n\u00ba 48-48, pp.199-251.<\/p>\n<p>HERN\u00c1NDEZ GARC\u00cdA, Jos\u00e9 Javier. Juli\u00e1n Fern\u00e1ndez Calzadilla y los papeles de \u00c1lvarez Rixo.\u00a0 En\u00a0 <a href=\"http:\/\/riull.ull.es\/xmlui\/handle\/915\/2133\" target=\"_blank\" rel=\"noopener\" target=\"_blank\" rel=\"noopener\"><i>\u00c1LVAREZ RIXO, escribir para no olvidar: exposici\u00f3n bibliogr\u00e1fica y documental, D\u00eda del Libro 2016.<\/i><\/a> La Laguna: Universidad, Servicio de Publicaciones, 2016, pp.216-223.<\/p>\n<p>IZQUIERDO, Eliseo. El encuentro de El Censor. <i>El D\u00eda<\/i> [en l\u00ednea]. 18 de febrero del 2021. Disponible en: <a href=\"https:\/\/www.eldia.es\/sociedad\/2021\/02\/18\/encuentro-censor-35012954.html\" target=\"_blank\" rel=\"noopener\" target=\"_blank\" rel=\"noopener\">https:\/\/www.eldia.es\/sociedad\/2021\/02\/18\/encuentro-censor-35012954.html<\/a><\/p>\n<p>Jos\u00e9 Agust\u00edn \u00c1lvarez Rixo. En <a href=\"http:\/\/absysnetweb.bbtk.ull.es\/cgi-bin\/abnetopac?TITN=314354\" target=\"_blank\" rel=\"noopener\" target=\"_blank\" rel=\"noopener\"><i>Perfiles de Canarias<\/i>.<\/a> Santa Cruz de Tenerife: Idea, 2005.<\/p>\n<p>LEMOS SMALLEY, Antonio<i>.\u00a0 Usos y costumbres de los aldeanos de la isla de La Palma<\/i>. Introducci\u00f3n y notas de Manuel Hern\u00e1ndez Gonz\u00e1lez. <i>Eres<\/i>, 1989, v.1 n\u00ba 2, pp.161-174.<\/p>\n<p>LIMA EST\u00c9VEZ, Javier. <a href=\"http:\/\/absysnetweb.bbtk.ull.es\/cgi-bin\/abnetopac?TITN=314354\" target=\"_blank\" rel=\"noopener\" target=\"_blank\" rel=\"noopener\">La aportaci\u00f3n de Jos\u00e9 Agust\u00edn \u00c1lvarez Rixo al conocimiento de las caba\u00f1uelas en las Islas Canarias<\/a>. <i>Revista de Folklore<\/i>, 2019, n\u00ba443, pp. 75-87.<\/p>\n<p>LIMA EST\u00c9VEZ, Javier. <a href=\"http:\/\/absysnetweb.bbtk.ull.es\/cgi-bin\/abnetopac?TITN=314354\" target=\"_blank\" rel=\"noopener\" target=\"_blank\" rel=\"noopener\">Aproximaci\u00f3n a la historia del Puerto de la Cruz a trav\u00e9s de una obra in\u00e9dita de Jos\u00e9 Agust\u00edn \u00c1lvarez Rixo<\/a>. <i>Nexo: Revista Intercultural de Historia y Humanidades<\/i>, 2016, n\u00ba13, p.49-64.<\/p>\n<p>LIMA EST\u00c9VEZ, Javier. <a href=\"http:\/\/absysnetweb.bbtk.ull.es\/cgi-bin\/abnetopac?TITN=314354\" target=\"_blank\" rel=\"noopener\" target=\"_blank\" rel=\"noopener\">Leyendas, tradiciones, supersticiones y comparaciones en las Islas Canarias durante el siglo XIX seg\u00fan una obra de Jos\u00e9 Agust\u00edn \u00c1lvarez Rixo.<\/a> <i>El Pajar: Cuaderno de Etnograf\u00eda Canaria<\/i>, 2017, n\u00ba 32, pp. 28-37.<\/p>\n<p>MARRERO RODR\u00cdGUEZ, Manuela y GONZ\u00c1LEZ YANES, Emma. <i>E<\/i><a href=\"http:\/\/absysnetweb.bbtk.ull.es\/cgi-bin\/abnetopac?TITN=314354\" target=\"_blank\" rel=\"noopener\" target=\"_blank\" rel=\"noopener\"><i>l Prebendado don Antonio Pereira Pacheco<\/i><\/a>. La Laguna de Tenerife: Instituto de Estudios Canarios, 1963.<\/p>\n<p>MILLARES CARLO, A. y HERN\u00c1NDEZ SU\u00c1REZ, M. <a href=\"http:\/\/absysnetweb.bbtk.ull.es\/cgi-bin\/abnetopac?TITN=314354\" target=\"_blank\" rel=\"noopener\" target=\"_blank\" rel=\"noopener\"><i>Biobibliograf\u00eda de escritores canarios<\/i><\/a><i>. S. XVI, XVII y XVIII<\/i>. Las Palmas de Gran Canaria, 1975-1992.<\/p>\n<p>MORALES Y MART\u00cdNEZ DE ESCOBAR, Prudencio. <a href=\"http:\/\/absysnetweb.bbtk.ull.es\/cgi-bin\/abnetopac?TITN=314354\" target=\"_blank\" rel=\"noopener\" target=\"_blank\" rel=\"noopener\">La cr\u00f3nica de \u00c1lvarez Rixo<\/a>. En <i>Hace un siglo: 1808-1809: recuerdos hist\u00f3ricos.<\/i> Las Palmas: Imprenta y Litograf\u00eda de J. Mart\u00ednez, 1909.<\/p>\n<p>NORE\u00d1A SALTO, Teresa. \u00abContra la ignorancia de unos y la malicia de otros\u00bb, historia y pol\u00edtica en \u00c1lvarez Rixo. En\u00a0 <a href=\"http:\/\/absysnetweb.bbtk.ull.es\/cgi-bin\/abnetopac?TITN=314354\" target=\"_blank\" rel=\"noopener\" target=\"_blank\" rel=\"noopener\"><i>\u00c1LVAREZ RIXO, escribir para no olvidar: exposici\u00f3n bibliogr\u00e1fica y documental, D\u00eda del Libro 2016.<\/i><\/a> La Laguna: Universidad, Servicio de Publicaciones, 2016, pp.67-80.<\/p>\n<p>PAZ S\u00c1NCHEZ, Manuel de. <a href=\"http:\/\/absysnetweb.bbtk.ull.es\/cgi-bin\/abnetopac?TITN=314354\" target=\"_blank\" rel=\"noopener\" target=\"_blank\" rel=\"noopener\">Fuerteventura seg\u00fan \u00c1lvarez Rixo<\/a>. En <i>Homenaje a Francisco Navarro Artiles<\/i>. La Laguna: Academia Canaria de la Lengua ; Fuerteventura: Cabildo Insular, 2004, pp.363-370.<\/p>\n<p>RAMOS ARTEAGA, Jos\u00e9 Antonio. Una vocaci\u00f3n frustrada, Rixo dramaturgo. En\u00a0 <a href=\"http:\/\/absysnetweb.bbtk.ull.es\/cgi-bin\/abnetopac?TITN=314354\" target=\"_blank\" rel=\"noopener\" target=\"_blank\" rel=\"noopener\"><i>\u00c1LVAREZ RIXO, escribir para no olvidar: exposici\u00f3n bibliogr\u00e1fica y documental, D\u00eda del Libro 2016.<\/i><\/a> La Laguna: Universidad, Servicio de Publicaciones, 2016, pp.109-126.<\/p>\n<p>ROC\u00cdO PALMERO, Ad\u00e1n. \u00abNovela ingeniosa cuyo g\u00e9nero de composici\u00f3n no se hab\u00eda ensayado hasta entonces en las Islas Canarias\u00bb: Fray Luis de la Confucion, de \u00c1lvarez Rixo. En\u00a0 <a href=\"http:\/\/absysnetweb.bbtk.ull.es\/cgi-bin\/abnetopac?TITN=314354\" target=\"_blank\" rel=\"noopener\" target=\"_blank\" rel=\"noopener\"><i>\u00c1LVAREZ RIXO, escribir para no olvidar: exposici\u00f3n bibliogr\u00e1fica y documental, D\u00eda del Libro 2016.<\/i><\/a> La Laguna: Universidad, Servicio de Publicaciones, 2016, pp.143-158.<\/p>\n<p>ROSA OLIVERA, Leopoldo de la. <i>Don Agust\u00edn \u00c1lvarez Rixo<\/i>. Programa de Fiestas del Puerto de la Cruz, 1980.<\/p>\n<p>SALCEDO LINDELL, Ver\u00f3nica. Peri\u00f3dicos raros y algunos fantasmas en la biblioteca. <i>El viaje de Juba<\/i> [Blog]. 27 de enero 2021 [consulta: 12 de abril 2021]. Disponible en: <a href=\"http:\/\/absysnetweb.bbtk.ull.es\/cgi-bin\/abnetopac?TITN=314354\" target=\"_blank\" rel=\"noopener\" target=\"_blank\" rel=\"noopener\">https:\/\/bibliotecadecanarias.blogspot.com\/2021\/01\/periodicos-raros-y-algunos-fantasmas-en.html<\/a><\/p>\n<p>TEJERA GASPAR, Antonio.\u00a0 <a href=\"http:\/\/absysnetweb.bbtk.ull.es\/cgi-bin\/abnetopac?TITN=314354\" target=\"_blank\" rel=\"noopener\" target=\"_blank\" rel=\"noopener\">Apuntes sobre restos de los guanches encontrados en el siglo actual de Jos\u00e9 Agust\u00edn \u00c1lvarez Rixo<\/a>. <i>Eres<\/i>, 1990, v.1 n\u00ba1, pp. 121-134 (JAAR )<\/p>\n<p>TEJERA GASPAR, Antonio.\u00a0 <a href=\"http:\/\/absysnetweb.bbtk.ull.es\/cgi-bin\/abnetopac?TITN=314354\" target=\"_blank\" rel=\"noopener\" target=\"_blank\" rel=\"noopener\">La inscripci\u00f3n de Belmaco, seg\u00fan Antonio Rodr\u00edguez L\u00f3pez y Jos\u00e9 Agust\u00edn \u00c1lvarez Rixo<\/a>. En <i>Strenae Emmanuelae Marrero Oblatae<\/i>, 1993,\u00a0 pp.673- 684 (JAAR 3\/28).<\/p>\n<p>TEJERA GASPAR, Antonio. La cueva del Mencey Bencomo de Taoro, seg\u00fan \u00c1lvarez Rixo. En\u00a0 <a href=\"http:\/\/absysnetweb.bbtk.ull.es\/cgi-bin\/abnetopac?TITN=314354\" target=\"_blank\" rel=\"noopener\" target=\"_blank\" rel=\"noopener\"><i>\u00c1LVAREZ RIXO, escribir para no olvidar: exposici\u00f3n bibliogr\u00e1fica y documental, D\u00eda del Libro 2016.<\/i><\/a> La Laguna: Universidad, Servicio de Publicaciones, 2016, pp.55-66.<\/p>\n<p>UNIVERSIDAD DE LA LAGUNA. <i>Visita guiada a la exposici\u00f3n Jos\u00e9 Agust\u00edn \u00c1lvarez Rixo<\/i>. [V\u00eddeo en l\u00ednea]. 23 abril 2016 [Fecha de consulta: 12 abril 2021] Disponible en: <a href=\"http:\/\/absysnetweb.bbtk.ull.es\/cgi-bin\/abnetopac?TITN=314354\" target=\"_blank\" rel=\"noopener\" target=\"_blank\" rel=\"noopener\">http:\/\/bbtk.exposicion.ull.es\/alvarezrixo\/visita-guiada\/<\/a><\/p>\n<p>UNIVERSIDAD DE LA LAGUNA. Biblioteca. En un rinc\u00f3n del Puerto, redescubriendo a Jos\u00e9 Agust\u00edn \u00c1lvarez Rixo. <i>Youtube<\/i> [v\u00eddeo en l\u00ednea]. Actualizado 21 de febrero 2017 [consulta: 12 abril 2021]. Disponible en: <a href=\"http:\/\/absysnetweb.bbtk.ull.es\/cgi-bin\/abnetopac?TITN=314354\" target=\"_blank\" rel=\"noopener\" target=\"_blank\" rel=\"noopener\">https:\/\/www.youtube.com\/watch?v=ltFl-Ncj7F8<\/a><\/p>\n<p>UNIVERSIDAD DE LA LAGUNA. Biblioteca. Jos\u00e9 Agust\u00edn \u00c1lvarez Rixo: escribir para no olvidar. <i>Youtube<\/i> [v\u00eddeo en l\u00ednea]. Actualizado 27 de abril 2016 [consulta: 12 abril 2021]. Disponible en: <a href=\"http:\/\/absysnetweb.bbtk.ull.es\/cgi-bin\/abnetopac?TITN=314354\" target=\"_blank\" rel=\"noopener\" target=\"_blank\" rel=\"noopener\">https:\/\/www.youtube.com\/watch?v=XtiIkFatZXg<\/a>[\/vc_column_text][\/vc_column][vc_column width=\u00bb1\/6&#8243;][\/vc_column][\/vc_row]<\/p>\n","protected":false},"excerpt":{"rendered":"<p>[vc_row full_width=\u00bbstretch_row_content\u00bb][vc_column width=\u00bb1\/6&#8243;][\/vc_column][vc_column width=\u00bb2\/3&#8243;][vc_column_text] Estudios sobre el autor [\/vc_column_text][vc_column_text]ACOSTA, Cynthia. El Censor, un peri\u00f3dico fantasma. El D\u00eda [en l\u00ednea]. 14 de febrero del 2021. Disponible en:https:\/\/www.eldia.es\/sociedad\/2021\/02\/14\/censor-periodico-fantasma-34703573.html ACOSTA JORD\u00c1N, Silvano. Aspectos t\u00e9cnico-pl\u00e1sticos en la obra gr\u00e1fica de Jos\u00e9 Agust\u00edn \u00c1lvarez Rixo. En\u00a0 \u00c1LVAREZ RIXO, escribir para no olvidar: exposici\u00f3n bibliogr\u00e1fica y documental, D\u00eda del Libro 2016&#8230;.<\/p>\n","protected":false},"author":14,"featured_media":0,"parent":0,"menu_order":0,"comment_status":"closed","ping_status":"closed","template":"","meta":{"footnotes":""},"class_list":["post-156","page","type-page","status-publish","hentry"],"_links":{"self":[{"href":"https:\/\/www.ull.es\/eventos\/alvarez-rixo\/wp-json\/wp\/v2\/pages\/156"}],"collection":[{"href":"https:\/\/www.ull.es\/eventos\/alvarez-rixo\/wp-json\/wp\/v2\/pages"}],"about":[{"href":"https:\/\/www.ull.es\/eventos\/alvarez-rixo\/wp-json\/wp\/v2\/types\/page"}],"author":[{"embeddable":true,"href":"https:\/\/www.ull.es\/eventos\/alvarez-rixo\/wp-json\/wp\/v2\/users\/14"}],"replies":[{"embeddable":true,"href":"https:\/\/www.ull.es\/eventos\/alvarez-rixo\/wp-json\/wp\/v2\/comments?post=156"}],"version-history":[{"count":5,"href":"https:\/\/www.ull.es\/eventos\/alvarez-rixo\/wp-json\/wp\/v2\/pages\/156\/revisions"}],"predecessor-version":[{"id":601,"href":"https:\/\/www.ull.es\/eventos\/alvarez-rixo\/wp-json\/wp\/v2\/pages\/156\/revisions\/601"}],"wp:attachment":[{"href":"https:\/\/www.ull.es\/eventos\/alvarez-rixo\/wp-json\/wp\/v2\/media?parent=156"}],"curies":[{"name":"wp","href":"https:\/\/api.w.org\/{rel}","templated":true}]}}