{"id":452,"date":"2019-06-19T10:28:16","date_gmt":"2019-06-19T08:28:16","guid":{"rendered":"http:\/\/www.ull.es\/eventos\/alvarez-rixo\/?page_id=452"},"modified":"2020-01-13T10:24:10","modified_gmt":"2020-01-13T09:24:10","slug":"claves-biograficas","status":"publish","type":"page","link":"https:\/\/www.ull.es\/eventos\/alvarez-rixo\/claves-biograficas\/","title":{"rendered":"Claves Biogr\u00e1ficas"},"content":{"rendered":"<p>[vc_row full_width=\u00bbstretch_row_content\u00bb][vc_column width=\u00bb1\/6&#8243;][\/vc_column][vc_column width=\u00bb2\/3&#8243;][vc_column_text]<\/p>\r\n<h2>Claves biogr\u00e1ficas<\/h2>\r\n<p>[\/vc_column_text][vc_column_text]En el verano de 1796 nace Jos\u00e9 Agust\u00edn \u00c1lvarez Rixo en el Puerto de la Cruz. Con tres a\u00f1os se traslada a Arrecife de Lanzarote, donde su padre llega a ser alcalde. M\u00e1s tarde se va a estudiar al Seminario Conciliar en Las Palmas de Gran Canaria y posteriormente viaja a Madeira, donde reside entre 1812 y 1814. En 1816 se establece definitivamente en el Puerto de la Cruz a la edad de veinte a\u00f1os y a partir de entonces su tiempo quedar\u00e1 ocupado por la vida familiar, la actividad ciudadana y la investigaci\u00f3n, la recopilaci\u00f3n de materiales y la creaci\u00f3n, todo ello hasta 1883, fecha en la que concluye una larga existencia de ochenta y siete a\u00f1os.<\/p>\r\n<p>\u00a0<\/p>\r\n\r\n<blockquote class=\"wp-block-quote is-layout-flow wp-block-quote-is-layout-flow\">\r\n<p>A \u00c1lvarez Rixo le toca vivir en una \u00e9poca a la vez cambiante, dif\u00edcil y hermosa: la crisis del Antiguo R\u00e9gimen, la conflictiva evoluci\u00f3n de la experiencia republicana francesa, la repercusi\u00f3n de las ideas liberales en la Espa\u00f1a de principios del siglo XIX y la progresiva y traum\u00e1tica disoluci\u00f3n del antiguo imperio colonial espa\u00f1ol.<\/p>\r\n<\/blockquote>\r\n<p>\r\n\r\nEn los primeros tramos de su vida ocurren hechos de especial trascendencia: coronaci\u00f3n de Napole\u00f3n (1804), batalla de Trafalgar (1805), nombramiento de Jos\u00e9 Bonaparte como rey de Espa\u00f1a y el levantamiento popular en 1808, proclamaci\u00f3n de la Constituci\u00f3n liberal (1812), restauraci\u00f3n mon\u00e1rquica con Fernando VII y la batalla de Waterloo (1815). \u00c1lvarez Rixo llegar\u00e1 a ver sentados en el trono espa\u00f1ol a siete monarcas, desde Carlos IV a Alfonso XII, todo ello dentro de un per\u00edodo especialmente agitado de la historia nacional.<\/p>\r\n<p>\r\n\r\nLos descubrimientos e invenciones se suceden imparables en los campos de la f\u00edsica, la qu\u00edmica, la astronom\u00eda, la biolog\u00eda, la mec\u00e1nica y la geolog\u00eda, y entre los avances m\u00e1s representativos se encuentran la pila voltaica y los rayos infrarrojos (1800), la navegaci\u00f3n a vapor (1807), la locomotora (1814), el tel\u00e9grafo (1837), la divisi\u00f3n celular (1852), las leyes de la herencia gen\u00e9tica (1865) y el tel\u00e9fono (1876).<\/p>\r\n<p>\u00a0<\/p>\r\n\r\n<blockquote class=\"wp-block-quote is-layout-flow wp-block-quote-is-layout-flow\">\r\n<p>Vive en el siglo de los cient\u00edficos (Darwin, Pasteur), de los fil\u00f3sofos (Hegel, Schopenhauer, Engels y Nietzsche) y de los m\u00fasicos (Chopin, Brahms, Beethoven, Schumann y Mendelssohn). Muere el mismo a\u00f1o que dos grandes personalidades: Darwin y Wagner.<\/p>\r\n<\/blockquote>\r\n<p>\r\n\r\nToda la obra de \u00c1lvarez Rixo y sus contactos con las personalidades del momento muestran claramente su compromiso con el mundo que le rodea. Las amistades que cultiva a lo largo de su vida tambi\u00e9n constituyen un elemento indicador de su personalidad. Sus dos grandes amigos ser\u00e1n Antonio Pereira Pacheco y Graciliano Alonso, ambos mayores que \u00e9l. Con el primero mantendr\u00e1 un intenso intercambio epistolar y, en ocasiones, tambi\u00e9n de libros y manuscritos. El contacto personal con Graciliano Alonso ser\u00e1 m\u00e1s amplio. Alonso es amigo de la familia \u00c1lvarez y ser\u00e1 profesor del joven Jos\u00e9 Agust\u00edn en el Seminario Conciliar de Las Palmas.<\/p>\r\n<p>\u00a0<\/p>\r\n\r\n<blockquote class=\"wp-block-quote is-layout-flow wp-block-quote-is-layout-flow\">\r\n<p>Pereira y \u00c1lvarez coinciden en la tem\u00e1tica de sus obras, en el mutuo inter\u00e9s que ten\u00edan por cuestiones de relatos humor\u00edsticos, de historia local y la afici\u00f3n a dibujos y planos con los que ilustrar sus manuscritos. La similitud de sus trayectorias como escritores nos hace pensar en una estrecha colaboraci\u00f3n, tanto en el inter\u00e9s que ten\u00edan ambos por los libros y curiosidades referidas a Canarias como tambi\u00e9n en la influencia mutua en los temas referidos a la historia de sus municipios y en el inter\u00e9s por la realizaci\u00f3n de obras sociales.<\/p>\r\n<p>Graciliano Afonso y \u00c1lvarez ten\u00edan en com\u00fan un esp\u00edritu abierto, liberal; un af\u00e1n de ilustraci\u00f3n; un criterio acogedor de novedades; una simpat\u00eda manifiesta por reformas sociales y una adoraci\u00f3n por la m\u00fasica.<\/p>\r\n<\/blockquote>\r\n<p>\r\n\r\nEn general Rixo posee una cierta educaci\u00f3n acad\u00e9mica, acrecentada con el intercambio de ideas y con las lecturas de los intelectuales canarios ya citados. Tambi\u00e9n aprovecha su contacto con los extranjeros que llegan al Puerto de la Cruz, entre los que se encuentran reconocidos viajeros y artistas como Elizabeth Murray, Barker Webb, Sabin Berthelot, Bory de Saint Vincent y Alfred Diston, entre otros. Los miembros m\u00e1s destacados de la colonia de representantes de las casas comerciales extranjeras se encuentran entre sus amistades, como Diego Little y Bernardo C\u00f3logan.<\/p>\r\n<p>\r\n\r\nLas fuentes de informaci\u00f3n de \u00c1lvarez Rixo son diversas y numerosas. De un lado est\u00e1n las piezas cl\u00e1sicas de la historiograf\u00eda canaria: Abreu Galindo, Espinosa, Pedro Agust\u00edn del Castillo, N\u00fa\u00f1ez de la Pe\u00f1a, Sosa, las cr\u00f3nicas francesas, etc. De otro lado se encuentran autores de la \u00e9poca como Viera y Clavijo, Bory de Saint Vincent y Berthelot. Adem\u00e1s estudia numerosos protocolos, documentos e informes, recaba informaci\u00f3n por v\u00eda epistolar sobre cuestiones de inter\u00e9s y, tambi\u00e9n, presta atenci\u00f3n a la historia oral en las narraciones de la gente corriente.<\/p>\r\n<p>\r\n\r\nParticip\u00f3 activamente en la vida institucional del Puerto de la Cruz. Ocup\u00f3 varios puestos pol\u00edticos y su gesti\u00f3n le ocasion\u00f3 algunas controversias. Fue Diputado Primero en 1826, cargo al que intent\u00f3 renunciar sin \u00e9xito. A\u00f1os despu\u00e9s fue alcalde en varias ocasiones, en 1828 y 1850-1853, Depositario de fondos del Ayuntamiento y Miembro de la Junta de Sanidad.<br \/>Fue un verdadero cronista de su tiempo que recopil\u00f3 datos y noticias de todo lo sobresaliente que ocurr\u00eda.<\/p>\r\n<p>[\/vc_column_text][vc_empty_space][vc_media_grid element_width=\u00bb3&#8243; grid_id=\u00bbvc_gid:1578907098336-f98dffb7-1f63-10&#8243; include=\u00bb336,331,365,548&#8243;][\/vc_column][vc_column width=\u00bb1\/6&#8243;][\/vc_column][\/vc_row]<\/p>","protected":false},"excerpt":{"rendered":"<p>[vc_row full_width=\u00bbstretch_row_content\u00bb][vc_column width=\u00bb1\/6&#8243;][\/vc_column][vc_column width=\u00bb2\/3&#8243;][vc_column_text] Claves biogr\u00e1ficas [\/vc_column_text][vc_column_text]En el verano de 1796 nace Jos\u00e9 Agust\u00edn \u00c1lvarez Rixo en el Puerto de la Cruz. Con tres a\u00f1os se traslada a Arrecife de Lanzarote, donde su padre llega a ser alcalde. M\u00e1s tarde se va a estudiar al Seminario Conciliar en Las Palmas de Gran Canaria y posteriormente&#8230;<\/p>\n","protected":false},"author":14,"featured_media":0,"parent":0,"menu_order":0,"comment_status":"closed","ping_status":"closed","template":"","meta":{"footnotes":""},"class_list":["post-452","page","type-page","status-publish","hentry"],"_links":{"self":[{"href":"https:\/\/www.ull.es\/eventos\/alvarez-rixo\/wp-json\/wp\/v2\/pages\/452"}],"collection":[{"href":"https:\/\/www.ull.es\/eventos\/alvarez-rixo\/wp-json\/wp\/v2\/pages"}],"about":[{"href":"https:\/\/www.ull.es\/eventos\/alvarez-rixo\/wp-json\/wp\/v2\/types\/page"}],"author":[{"embeddable":true,"href":"https:\/\/www.ull.es\/eventos\/alvarez-rixo\/wp-json\/wp\/v2\/users\/14"}],"replies":[{"embeddable":true,"href":"https:\/\/www.ull.es\/eventos\/alvarez-rixo\/wp-json\/wp\/v2\/comments?post=452"}],"version-history":[{"count":5,"href":"https:\/\/www.ull.es\/eventos\/alvarez-rixo\/wp-json\/wp\/v2\/pages\/452\/revisions"}],"predecessor-version":[{"id":549,"href":"https:\/\/www.ull.es\/eventos\/alvarez-rixo\/wp-json\/wp\/v2\/pages\/452\/revisions\/549"}],"wp:attachment":[{"href":"https:\/\/www.ull.es\/eventos\/alvarez-rixo\/wp-json\/wp\/v2\/media?parent=452"}],"curies":[{"name":"wp","href":"https:\/\/api.w.org\/{rel}","templated":true}]}}