{"id":20,"date":"2018-05-25T11:25:55","date_gmt":"2018-05-25T11:25:55","guid":{"rendered":"http:\/\/www.ull.es\/eventos\/crue-gerencia\/?page_id=20"},"modified":"2018-10-23T14:00:39","modified_gmt":"2018-10-23T14:00:39","slug":"programa","status":"publish","type":"page","link":"https:\/\/www.ull.es\/eventos\/crue-gerencia\/programa\/","title":{"rendered":"Programa"},"content":{"rendered":"<p>[vc_row][vc_column][vc_empty_space height=\u00bb60px\u00bb][vc_custom_heading text=\u00bbPROGRAMA\u00bb font_container=\u00bbtag:h1|font_size:50px|text_align:left|color:%23000000|line_height:75px\u00bb google_fonts=\u00bbfont_family:Roboto%20Condensed%3A300%2C300italic%2Cregular%2Citalic%2C700%2C700italic|font_style:700%20bold%20regular%3A700%3Anormal\u00bb][\/vc_column][\/vc_row][vc_row][vc_column][vc_tta_tabs style=\u00bbmodern\u00bb shape=\u00bbsquare\u00bb active_section=\u00bb1&#8243; title=\u00bbSeleccione el d\u00eda de la agenda que quiera consultar\u00bb][vc_tta_section title=\u00bb24&#8243; tab_id=\u00bbdia-24&#8243;][vc_empty_space height=\u00bb42px\u00bb][vc_custom_heading text=\u00bbMI\u00c9RCOLES 24&#8243; font_container=\u00bbtag:h2|font_size:40px|text_align:left|color:%239c27b0|line_height:65px\u00bb google_fonts=\u00bbfont_family:Roboto%20Condensed%3A300%2C300italic%2Cregular%2Citalic%2C700%2C700italic|font_style:700%20bold%20regular%3A700%3Anormal\u00bb][vc_custom_heading text=\u00bbPROGRAMA &#8211; Sesi\u00f3n de tarde\u00bb font_container=\u00bbtag:h3|font_size:30px|text_align:left|color:%23000000|line_height:40px\u00bb google_fonts=\u00bbfont_family:Roboto%20Condensed%3A300%2C300italic%2Cregular%2Citalic%2C700%2C700italic|font_style:700%20bold%20regular%3A700%3Anormal\u00bb][vc_custom_heading text=\u00bb14:30 horas C\u00f3ctel de Bienvenida\u00bb font_container=\u00bbtag:h3|font_size:30px|text_align:left|color:%23000000|line_height:40px\u00bb google_fonts=\u00bbfont_family:Roboto%20Condensed%3A300%2C300italic%2Cregular%2Citalic%2C700%2C700italic|font_style:700%20bold%20regular%3A700%3Anormal\u00bb][vc_custom_heading text=\u00bbParaninfo. Campus Central La Laguna\u00bb font_container=\u00bbtag:h4|font_size:25px|text_align:left|color:%23000000|line_height:40px\u00bb google_fonts=\u00bbfont_family:Roboto%20Condensed%3A300%2C300italic%2Cregular%2Citalic%2C700%2C700italic|font_style:400%20regular%3A400%3Anormal\u00bb][vc_custom_heading text=\u00bbDesde las 15:30 horas\u00bb font_container=\u00bbtag:h3|font_size:30px|text_align:left|color:%23000000|line_height:40px\u00bb google_fonts=\u00bbfont_family:Roboto%20Condensed%3A300%2C300italic%2Cregular%2Citalic%2C700%2C700italic|font_style:700%20bold%20regular%3A700%3Anormal\u00bb][vc_custom_heading text=\u00bbRecepci\u00f3n de asistentes, acreditaci\u00f3n e informaci\u00f3n.\u00bb font_container=\u00bbtag:h4|font_size:25px|text_align:left|color:%23000000|line_height:40px\u00bb google_fonts=\u00bbfont_family:Roboto%20Condensed%3A300%2C300italic%2Cregular%2Citalic%2C700%2C700italic|font_style:400%20regular%3A400%3Anormal\u00bb][vc_custom_heading text=\u00bb16:30 horas. Inauguraci\u00f3n oficial de las Jornadas\u00bb font_container=\u00bbtag:h3|font_size:30px|text_align:left|color:%23000000|line_height:40px\u00bb google_fonts=\u00bbfont_family:Roboto%20Condensed%3A300%2C300italic%2Cregular%2Citalic%2C700%2C700italic|font_style:700%20bold%20regular%3A700%3Anormal\u00bb][vc_empty_space][vc_empty_space][vc_row_inner][vc_column_inner width=\u00bb1\/4&#8243;][\/vc_column_inner][vc_column_inner width=\u00bb1\/4&#8243;][vc_single_image image=\u00bb126&#8243; img_size=\u00bbfull\u00bb alignment=\u00bbcenter\u00bb style=\u00bbvc_box_circle_2&#8243;][\/vc_column_inner][vc_column_inner width=\u00bb1\/2&#8243;][vc_empty_space][vc_custom_heading text=\u00bbAntonio Martin\u00f3n Cejas\u00bb font_container=\u00bbtag:h5|font_size:25px|text_align:left|color:%233f51b5|line_height:35px\u00bb google_fonts=\u00bbfont_family:Roboto%20Condensed%3A300%2C300italic%2Cregular%2Citalic%2C700%2C700italic|font_style:400%20regular%3A400%3Anormal\u00bb][vc_custom_heading text=\u00bbRector de la Universidad de La Laguna\u00bb font_container=\u00bbtag:h5|font_size:22px|text_align:left|color:%239e9e9e|line_height:30px\u00bb google_fonts=\u00bbfont_family:Roboto%20Condensed%3A300%2C300italic%2Cregular%2Citalic%2C700%2C700italic|font_style:300%20light%20regular%3A300%3Anormal\u00bb][\/vc_column_inner][\/vc_row_inner][vc_empty_space][vc_row_inner][vc_column_inner width=\u00bb1\/2&#8243;][vc_empty_space height=\u00bb42px\u00bb][vc_custom_heading text=\u00bbSoledad Monz\u00f3n Cabrera\u00bb font_container=\u00bbtag:h5|font_size:25px|text_align:left|color:%233f51b5|line_height:35px\u00bb google_fonts=\u00bbfont_family:Roboto%20Condensed%3A300%2C300italic%2Cregular%2Citalic%2C700%2C700italic|font_style:400%20regular%3A400%3Anormal\u00bb][vc_custom_heading text=\u00bbConsejera de Educaci\u00f3n y Universidades<br \/>\ndel Gobierno de Canarias\u00bb font_container=\u00bbtag:h5|font_size:22px|text_align:left|color:%239e9e9e|line_height:30px\u00bb google_fonts=\u00bbfont_family:Roboto%20Condensed%3A300%2C300italic%2Cregular%2Citalic%2C700%2C700italic|font_style:300%20light%20regular%3A300%3Anormal\u00bb][\/vc_column_inner][vc_column_inner width=\u00bb1\/4&#8243;][vc_single_image image=\u00bb146&#8243; img_size=\u00bbfull\u00bb style=\u00bbvc_box_circle_2&#8243;][\/vc_column_inner][vc_column_inner width=\u00bb1\/4&#8243;][\/vc_column_inner][\/vc_row_inner][vc_empty_space][vc_row_inner][vc_column_inner width=\u00bb1\/4&#8243;][\/vc_column_inner][vc_column_inner width=\u00bb1\/4&#8243;][vc_single_image image=\u00bb138&#8243; img_size=\u00bbfull\u00bb alignment=\u00bbcenter\u00bb style=\u00bbvc_box_circle_2&#8243;][\/vc_column_inner][vc_column_inner width=\u00bb1\/2&#8243;][vc_empty_space height=\u00bb42px\u00bb][vc_custom_heading text=\u00bbJulio Abalde Alonso\u00bb font_container=\u00bbtag:h5|font_size:25px|text_align:left|color:%233f51b5|line_height:35px\u00bb google_fonts=\u00bbfont_family:Roboto%20Condensed%3A300%2C300italic%2Cregular%2Citalic%2C700%2C700italic|font_style:400%20regular%3A400%3Anormal\u00bb][vc_custom_heading text=\u00bbRector de la Universidad de A Coru\u00f1a<br \/>\nPresidente de la Sectorial de Gerentes\u00bb font_container=\u00bbtag:h5|font_size:22px|text_align:left|color:%239e9e9e|line_height:30px\u00bb google_fonts=\u00bbfont_family:Roboto%20Condensed%3A300%2C300italic%2Cregular%2Citalic%2C700%2C700italic|font_style:300%20light%20regular%3A300%3Anormal\u00bb][\/vc_column_inner][\/vc_row_inner][vc_empty_space][vc_row_inner][vc_column_inner width=\u00bb1\/2&#8243;][vc_empty_space height=\u00bb42px\u00bb][vc_custom_heading text=\u00bbJosep Maria Sent\u00eds Su\u00f1\u00e9 \u00bb font_container=\u00bbtag:h5|font_size:25px|text_align:left|color:%233f51b5|line_height:35px\u00bb google_fonts=\u00bbfont_family:Roboto%20Condensed%3A300%2C300italic%2Cregular%2Citalic%2C700%2C700italic|font_style:400%20regular%3A400%3Anormal\u00bb][vc_custom_heading text=\u00bbSecretario de la Sectorial de Gerentes\u00bb font_container=\u00bbtag:h5|font_size:22px|text_align:left|color:%239e9e9e|line_height:30px\u00bb google_fonts=\u00bbfont_family:Roboto%20Condensed%3A300%2C300italic%2Cregular%2Citalic%2C700%2C700italic|font_style:300%20light%20regular%3A300%3Anormal\u00bb][\/vc_column_inner][vc_column_inner width=\u00bb1\/4&#8243;][vc_single_image image=\u00bb137&#8243; img_size=\u00bbfull\u00bb style=\u00bbvc_box_circle_2&#8243;][\/vc_column_inner][vc_column_inner width=\u00bb1\/4&#8243;][\/vc_column_inner][\/vc_row_inner][vc_empty_space][vc_row_inner][vc_column_inner width=\u00bb1\/4&#8243;][\/vc_column_inner][vc_column_inner width=\u00bb1\/4&#8243;][vc_single_image image=\u00bb419&#8243; img_size=\u00bbfull\u00bb alignment=\u00bbcenter\u00bb style=\u00bbvc_box_circle_2&#8243;][\/vc_column_inner][vc_column_inner width=\u00bb1\/2&#8243;][vc_empty_space height=\u00bb42px\u00bb][vc_custom_heading text=\u00bbLidia Patricia Pereira Saavedra \u00bb font_container=\u00bbtag:h5|font_size:25px|text_align:left|color:%233f51b5|line_height:35px\u00bb google_fonts=\u00bbfont_family:Roboto%20Condensed%3A300%2C300italic%2Cregular%2Citalic%2C700%2C700italic|font_style:400%20regular%3A400%3Anormal\u00bb][vc_custom_heading text=\u00bbGerente de la Universidad de La Laguna\u00bb font_container=\u00bbtag:h5|font_size:22px|text_align:left|color:%239e9e9e|line_height:30px\u00bb google_fonts=\u00bbfont_family:Roboto%20Condensed%3A300%2C300italic%2Cregular%2Citalic%2C700%2C700italic|font_style:300%20light%20regular%3A300%3Anormal\u00bb][\/vc_column_inner][\/vc_row_inner][vc_empty_space][vc_custom_heading text=\u00bb17:00 horas \u00bb font_container=\u00bbtag:h3|font_size:30px|text_align:left|color:%23000000|line_height:40px\u00bb google_fonts=\u00bbfont_family:Roboto%20Condensed%3A300%2C300italic%2Cregular%2Citalic%2C700%2C700italic|font_style:700%20bold%20regular%3A700%3Anormal\u00bb][vc_custom_heading text=\u00bb \u2018 La transformaci\u00f3n digital en la Universidad\u2018\u00bb font_container=\u00bbtag:h5|font_size:25px|text_align:left|color:%23303030|line_height:40px\u00bb google_fonts=\u00bbfont_family:Roboto%20Condensed%3A300%2C300italic%2Cregular%2Citalic%2C700%2C700italic|font_style:700%20bold%20regular%3A700%3Anormal\u00bb][vc_column_text]<\/p>\n<p style=\"padding-left: 30px\">Presenta: <b>Antonio Martin\u00f3n Cejas,\u00a0<\/b>rector de la Universidad de La Laguna<\/p>\n<p>[\/vc_column_text][vc_row_inner][vc_column_inner width=\u00bb1\/2&#8243;][vc_column_text]<\/p>\n<h3 style=\"text-align: right\">Juan G\u00f3mez Ortega<\/h3>\n<p style=\"text-align: right\">Rector Presidente de CRUE TIC.<\/p>\n<p>[\/vc_column_text][\/vc_column_inner][vc_column_inner width=\u00bb1\/4&#8243;][vc_single_image image=\u00bb420&#8243; img_size=\u00bbfull\u00bb alignment=\u00bbcenter\u00bb style=\u00bbvc_box_circle_2&#8243;][\/vc_column_inner][vc_column_inner width=\u00bb1\/4&#8243;][\/vc_column_inner][\/vc_row_inner][vc_empty_space][vc_custom_heading text=\u00bb17:30 horas \u00bb font_container=\u00bbtag:h3|font_size:30px|text_align:left|color:%23000000|line_height:40px\u00bb google_fonts=\u00bbfont_family:Roboto%20Condensed%3A300%2C300italic%2Cregular%2Citalic%2C700%2C700italic|font_style:700%20bold%20regular%3A700%3Anormal\u00bb][vc_custom_heading text=\u00bbConferencia Inaugural: \u2018Talento y liderazgo en las organizaciones, las nuevas competencias para el siglo XXI\u2018\u00bb font_container=\u00bbtag:h5|font_size:25px|text_align:left|color:%23303030|line_height:40px\u00bb google_fonts=\u00bbfont_family:Roboto%20Condensed%3A300%2C300italic%2Cregular%2Citalic%2C700%2C700italic|font_style:700%20bold%20regular%3A700%3Anormal\u00bb][vc_column_text]<\/p>\n<p style=\"padding-left: 30px\">Presenta: <strong>Lidia Patricia Pereira Saavedra<\/strong>, gerente de la Universidad de La Laguna<\/p>\n<p>[\/vc_column_text][vc_empty_space][vc_row_inner][vc_column_inner width=\u00bb1\/2&#8243;][vc_column_text]<\/p>\n<h3 style=\"text-align: right\">\u00a0Jos\u00e9 Luis Fuentes<\/h3>\n<p style=\"text-align: right\">Director Gerente<\/p>\n<p style=\"text-align: right\">ALIENTOCOACHING INTERNATIONAL<\/p>\n<p>[\/vc_column_text][\/vc_column_inner][vc_column_inner width=\u00bb1\/4&#8243;][vc_single_image image=\u00bb421&#8243; img_size=\u00bbfull\u00bb alignment=\u00bbcenter\u00bb style=\u00bbvc_box_circle_2&#8243;][\/vc_column_inner][vc_column_inner width=\u00bb1\/4&#8243;][\/vc_column_inner][\/vc_row_inner][vc_empty_space height=\u00bb42px\u00bb][vc_custom_heading text=\u00bb18: 30 horas. Finalizaci\u00f3n de la Jornada\u00bb font_container=\u00bbtag:h3|font_size:30px|text_align:left|color:%23303030|line_height:40px\u00bb google_fonts=\u00bbfont_family:Roboto%20Condensed%3A300%2C300italic%2Cregular%2Citalic%2C700%2C700italic|font_style:700%20bold%20regular%3A700%3Anormal\u00bb][vc_empty_space height=\u00bb40px\u00bb][vc_custom_heading text=\u00bbPROGRAMA SOCIAL\u00bb font_container=\u00bbtag:h3|font_size:30px|text_align:left|color:%23000000|line_height:40px\u00bb google_fonts=\u00bbfont_family:Roboto%20Condensed%3A300%2C300italic%2Cregular%2Citalic%2C700%2C700italic|font_style:700%20bold%20regular%3A700%3Anormal\u00bb][vc_custom_heading text=\u00bb19:00 horas. Recepci\u00f3n en el Ayuntamiento de La Laguna y visita guiada a la ciudad.\u00bb font_container=\u00bbtag:h3|font_size:30px|text_align:left|color:%23303030|line_height:40px\u00bb google_fonts=\u00bbfont_family:Roboto%20Condensed%3A300%2C300italic%2Cregular%2Citalic%2C700%2C700italic|font_style:700%20bold%20regular%3A700%3Anormal\u00bb][vc_custom_heading text=\u00bb21:00 horas. Cena de bienvenida en La Laguna Gran Hotel.\u00bb font_container=\u00bbtag:h3|font_size:30px|text_align:left|color:%23303030|line_height:40px\u00bb google_fonts=\u00bbfont_family:Roboto%20Condensed%3A300%2C300italic%2Cregular%2Citalic%2C700%2C700italic|font_style:700%20bold%20regular%3A700%3Anormal\u00bb][vc_empty_space height=\u00bb60px\u00bb][vc_empty_space height=\u00bb15px\u00bb css=\u00bb.vc_custom_1528896218000{border-top-width: 10px !important;background-color: #9c27b0 !important;}\u00bb][vc_empty_space][vc_text_separator title=\u00bbFin del d\u00eda 24&#8243;][\/vc_tta_section][vc_tta_section title=\u00bb25&#8243; tab_id=\u00bbdia-25&#8243;][vc_empty_space height=\u00bb60px\u00bb][vc_custom_heading text=\u00bbJUEVES 25&#8243; font_container=\u00bbtag:h2|font_size:40px|text_align:left|color:%239c27b0|line_height:65px\u00bb google_fonts=\u00bbfont_family:Roboto%20Condensed%3A300%2C300italic%2Cregular%2Citalic%2C700%2C700italic|font_style:700%20bold%20regular%3A700%3Anormal\u00bb][vc_custom_heading text=\u00bbPROGRAMA DE TRABAJO &#8211; Sesi\u00f3n de ma\u00f1ana\u00bb font_container=\u00bbtag:h3|font_size:30px|text_align:left|color:%23000000|line_height:40px\u00bb google_fonts=\u00bbfont_family:Roboto%20Condensed%3A300%2C300italic%2Cregular%2Citalic%2C700%2C700italic|font_style:700%20bold%20regular%3A700%3Anormal\u00bb][vc_custom_heading text=\u00bbFacultad de Econom\u00eda, Empresa y Turismo. Aula Magna.\u00bb font_container=\u00bbtag:h4|font_size:25px|text_align:left|color:%23000000|line_height:40px\u00bb google_fonts=\u00bbfont_family:Roboto%20Condensed%3A300%2C300italic%2Cregular%2Citalic%2C700%2C700italic|font_style:400%20regular%3A400%3Anormal\u00bb][vc_custom_heading text=\u00bb09:30-11:00 horas. Mesa Redonda\u00bb font_container=\u00bbtag:h3|font_size:30px|text_align:left|color:%23303030|line_height:40px\u00bb google_fonts=\u00bbfont_family:Roboto%20Condensed%3A300%2C300italic%2Cregular%2Citalic%2C700%2C700italic|font_style:700%20bold%20regular%3A700%3Anormal\u00bb][vc_custom_heading text=\u00bb&#8216;Captaci\u00f3n de recursos: v\u00edas alternativas de financiaci\u00f3n y toma de decisiones'\u00bb font_container=\u00bbtag:h3|font_size:30px|text_align:left|color:%23303030|line_height:40px\u00bb google_fonts=\u00bbfont_family:Roboto%20Condensed%3A300%2C300italic%2Cregular%2Citalic%2C700%2C700italic|font_style:700%20bold%20regular%3A700%3Anormal\u00bb][vc_column_text]Modera: <b>Francisco Javier Garc\u00eda, <\/b>vicerrector de Relaciones con la Sociedad de la Universidad de La Laguna[\/vc_column_text][vc_empty_space height=\u00bb40px\u00bb][vc_row_inner][vc_column_inner width=\u00bb1\/4&#8243;][vc_single_image image=\u00bb423&#8243; img_size=\u00bbmedium\u00bb css=\u00bb.vc_custom_1531485832901{border-right-width: 10px !important;border-right-color: #9c27b0 !important;border-right-style: solid !important;}\u00bb][\/vc_column_inner][vc_column_inner width=\u00bb1\/2&#8243;][vc_column_text]<\/p>\n<h3>Jos\u00e9 Luis Rivero Ceballos<\/h3>\n<p>Catedr\u00e1tico de Econom\u00eda Aplicada.<br \/>\nUniversidad de La Laguna.<br \/>\n<strong><span style=\"color: #808080\">La supervivencia econ\u00f3mica de las instituciones de educaci\u00f3n superior.<\/span><\/strong>[\/vc_column_text][\/vc_column_inner][vc_column_inner width=\u00bb1\/4&#8243;][\/vc_column_inner][\/vc_row_inner][vc_empty_space height=\u00bb60px\u00bb][vc_empty_space height=\u00bb60px\u00bb][vc_row_inner][vc_column_inner width=\u00bb1\/4&#8243;][vc_single_image image=\u00bb128&#8243; img_size=\u00bbmedium\u00bb css=\u00bb.vc_custom_1531485897726{border-right-width: 10px !important;border-right-color: #9c27b0 !important;border-right-style: solid !important;}\u00bb][\/vc_column_inner][vc_column_inner width=\u00bb1\/2&#8243;][vc_column_text]<\/p>\n<h3>Carmen P\u00e9rez Esparrels<\/h3>\n<p>Profesora titular de Econom\u00eda Aplicada de la Universidad Aut\u00f3noma de Madrid.<br \/>\nPresidenta de la Asociaci\u00f3n de Econom\u00eda de la Educaci\u00f3n.<br \/>\n<span style=\"color: #808080\"><strong>Fundrasing estrat\u00e9gico en las universidades europeas: una clave de futuro.<\/strong><\/span>[\/vc_column_text][\/vc_column_inner][vc_column_inner width=\u00bb1\/4&#8243;][\/vc_column_inner][\/vc_row_inner][vc_empty_space height=\u00bb40px\u00bb][vc_row_inner][vc_column_inner width=\u00bb1\/2&#8243;][vc_column_text]<\/p>\n<h3 style=\"text-align: right\">V\u00edctor S\u00e1nchez Bl\u00e1zquez<\/h3>\n<p style=\"text-align: right\">Profesor Titular de Derecho Financiero y Tributario. ULPGC. Coordinador grupo de trabajo de mecenazgo de Conferencia de Consejos Sociales<\/p>\n<p style=\"text-align: right\"><span style=\"color: #808080\"><b>Incentivos fiscales al mecenazgo y a la investigaci\u00f3n en la Universidad<\/b><\/span><\/p>\n<p>[\/vc_column_text][\/vc_column_inner][vc_column_inner width=\u00bb1\/4&#8243;][vc_single_image image=\u00bb425&#8243; img_size=\u00bbmedium\u00bb css=\u00bb.vc_custom_1531486160105{border-left-width: 10px !important;padding-right: 0px !important;border-left-color: #9c27b0 !important;border-left-style: solid !important;}\u00bb][\/vc_column_inner][vc_column_inner width=\u00bb1\/4&#8243;][\/vc_column_inner][\/vc_row_inner][vc_empty_space height=\u00bb40px\u00bb][vc_custom_heading text=\u00bb11: 00 &#8211; 11: 30 horas.Conferencia: \u2018Experiencia pr\u00e1ctica en el uso y aplicaci\u00f3n de la contabilidad anal\u00edtica'\u00bb font_container=\u00bbtag:h3|font_size:30px|text_align:left|color:%23303030|line_height:40px\u00bb google_fonts=\u00bbfont_family:Roboto%20Condensed%3A300%2C300italic%2Cregular%2Citalic%2C700%2C700italic|font_style:700%20bold%20regular%3A700%3Anormal\u00bb][vc_column_text]Presenta: <b>Lidia Patricia Pereira Saavedra, <\/b>gerente\u00a0de la Universidad de La Laguna[\/vc_column_text][vc_row_inner][vc_column_inner width=\u00bb5\/12&#8243;][vc_column_text]<\/p>\n<h3 style=\"text-align: right\"><strong>Alberto Gil Costa<\/strong><\/h3>\n<p style=\"text-align: right\">Gerente de la Universidad de Zaragoza.<\/p>\n<p>[\/vc_column_text][\/vc_column_inner][vc_column_inner width=\u00bb1\/12&#8243;][\/vc_column_inner][vc_column_inner width=\u00bb1\/4&#8243;][vc_single_image image=\u00bb125&#8243; img_size=\u00bbmedium\u00bb style=\u00bbvc_box_outline_circle_2&#8243; css_animation=\u00bbfadeInRight\u00bb][\/vc_column_inner][vc_column_inner width=\u00bb1\/6&#8243;][\/vc_column_inner][\/vc_row_inner][vc_row_inner][vc_column_inner][vc_empty_space height=\u00bb60px\u00bb][vc_custom_heading text=\u00bb11:30-12:00 horas. Descanso\u00bb font_container=\u00bbtag:h3|font_size:30px|text_align:left|color:%23303030|line_height:40px\u00bb google_fonts=\u00bbfont_family:Roboto%20Condensed%3A300%2C300italic%2Cregular%2Citalic%2C700%2C700italic|font_style:700%20bold%20regular%3A700%3Anormal\u00bb][vc_empty_space height=\u00bb40px\u00bb][vc_custom_heading text=\u00bb12:00-14:00 horas. Mesa Redonda\u00bb font_container=\u00bbtag:h3|font_size:30px|text_align:left|color:%23303030|line_height:40px\u00bb google_fonts=\u00bbfont_family:Roboto%20Condensed%3A300%2C300italic%2Cregular%2Citalic%2C700%2C700italic|font_style:700%20bold%20regular%3A700%3Anormal\u00bb][vc_custom_heading text=\u00bb&#8216;Afrontar la transformaci\u00f3n \u00bfes posible con los actuales sistemas de captaci\u00f3n y organizaci\u00f3n de recursos humanos?&#8217;.<br \/>\n\u00bb font_container=\u00bbtag:h3|font_size:30px|text_align:left|color:%23303030|line_height:40px\u00bb google_fonts=\u00bbfont_family:Roboto%20Condensed%3A300%2C300italic%2Cregular%2Citalic%2C700%2C700italic|font_style:700%20bold%20regular%3A700%3Anormal\u00bb][vc_column_text]Modera: <strong>\u00d3scar Millares Fern\u00e1ndez,\u00a0<\/strong>director Divisi\u00f3n Cegos Talent en Espa\u00f1a[\/vc_column_text][vc_empty_space height=\u00bb40px\u00bb][\/vc_column_inner][\/vc_row_inner][vc_row_inner][vc_column_inner width=\u00bb3\/4&#8243;][vc_column_text]<\/p>\n<h3 style=\"text-align: right\">Luc\u00eda Escapa Castro<\/h3>\n<p style=\"text-align: right\">Directora del departamento de Innovaci\u00f3n P\u00fablica en el INAP (Instituto Nacional de Administraci\u00f3n).<\/p>\n<p style=\"text-align: right\"><span style=\"color: #808080\"><strong><b>Estrategias de reforma e innovaci\u00f3n en Administraciones P\u00fablicas<\/b>.<\/strong><\/span><\/p>\n<p>[\/vc_column_text][\/vc_column_inner][vc_column_inner width=\u00bb1\/4&#8243;][vc_single_image image=\u00bb427&#8243; img_size=\u00bbmedium\u00bb css=\u00bb.vc_custom_1531486354949{border-left-width: 10px !important;padding-right: 0px !important;border-left-color: #9c27b0 !important;border-left-style: solid !important;}\u00bb][\/vc_column_inner][\/vc_row_inner][vc_row_inner][vc_column_inner width=\u00bb1\/4&#8243;][vc_single_image image=\u00bb550&#8243; img_size=\u00bbmedium\u00bb css=\u00bb.vc_custom_1533192967133{border-right-width: 10px !important;border-right-color: #9c27b0 !important;border-right-style: solid !important;}\u00bb][\/vc_column_inner][vc_column_inner width=\u00bb3\/4&#8243;][vc_column_text]<\/p>\n<h3>Jorge Crespo Gonz\u00e1lez<\/h3>\n<p style=\"font-weight: 400\">Profesor de Ciencia Pol\u00edtica y de la Administraci\u00f3n de la Universidad Complutense de Madrid.<\/p>\n<p style=\"font-weight: 400\">Coordinador del \u00e1rea de Funci\u00f3n P\u00fablica Estrat\u00e9gica en el Instituto Complutense de Ciencia de la Administraci\u00f3n<\/p>\n<p><span style=\"color: #808080\"><strong><b>La infraestructura sobre la que se proyecta la gesti\u00f3n innovadora de personas en las Administraciones P\u00fablicas: puestos y RPT<\/b>.<\/strong><\/span>[\/vc_column_text][\/vc_column_inner][\/vc_row_inner][vc_row_inner][vc_column_inner width=\u00bb1\/4&#8243;][vc_single_image image=\u00bb428&#8243; img_size=\u00bbmedium\u00bb css=\u00bb.vc_custom_1531486419555{border-right-width: 10px !important;border-right-color: #9c27b0 !important;border-right-style: solid !important;}\u00bb][\/vc_column_inner][vc_column_inner width=\u00bb3\/4&#8243;][vc_column_text]<\/p>\n<h3>Pedro Padilla Ruiz<\/h3>\n<p>Doctor en Derecho. Miembro del Instituto Complutense de Ciencia de la Administraci\u00f3n (ICCA).<\/p>\n<p>Investigador sobre la gesti\u00f3n del empleo p\u00fablico y la innovaci\u00f3n y mejora de la Administraci\u00f3n P\u00fablica y sus procesos. Especialista en evaluaci\u00f3n del desempe\u00f1o.<\/p>\n<p><span style=\"color: #808080\"><strong>M\u00e9rito y capacidad en el acceso al empleo p\u00fablico.<\/strong><\/span>[\/vc_column_text][\/vc_column_inner][\/vc_row_inner][vc_row_inner][vc_column_inner width=\u00bb3\/4&#8243;][vc_column_text]<\/p>\n<h3 style=\"text-align: right\"><b>Juan Jos\u00e9 Rodr\u00edguez Rodr\u00edguez<\/b><\/h3>\n<p style=\"text-align: right\"><span style=\"font-weight: 400\">Doctor en Derecho,\u00a0Graduado en Ciencias Jur\u00eddicas de las Administraciones P\u00fablicas\u00a0y\u00a0M\u00e1ster en Direcci\u00f3n y Gesti\u00f3n de Recursos Humanos. <\/span><\/p>\n<p style=\"text-align: right\"><span style=\"font-weight: 400\">Jefe de Servicio de Defensa Jur\u00eddica del Cabildo Insular de La Palma<\/span><\/p>\n<p style=\"text-align: right\"><span style=\"color: #808080\"><strong>La temporalidad en el personal de las Administraciones P\u00fablicas.<\/strong><\/span><\/p>\n<p>[\/vc_column_text][\/vc_column_inner][vc_column_inner width=\u00bb1\/4&#8243;][vc_single_image image=\u00bb523&#8243; img_size=\u00bbmedium\u00bb css=\u00bb.vc_custom_1532330989588{border-left-width: 10px !important;padding-right: 0px !important;border-left-color: #9c27b0 !important;border-left-style: solid !important;}\u00bb][\/vc_column_inner][\/vc_row_inner][vc_row_inner][vc_column_inner width=\u00bb1\/4&#8243;][vc_single_image image=\u00bb602&#8243; img_size=\u00bbmedium\u00bb css=\u00bb.vc_custom_1539765993071{border-right-width: 10px !important;border-right-color: #9c27b0 !important;border-right-style: solid !important;}\u00bb][\/vc_column_inner][vc_column_inner width=\u00bb3\/4&#8243;][vc_column_text]<\/p>\n<h3>Manuel Antonio Gahete Fern\u00e1ndez<\/h3>\n<p>Consultor Talent en Cegos Espa\u00f1a,<\/p>\n<p>&nbsp;<\/p>\n<p><span style=\"color: #808080\"><strong>Nuevos retos: Selecci\u00f3n de personal en el Sector P\u00fablico<\/strong><\/span>[\/vc_column_text][\/vc_column_inner][\/vc_row_inner][vc_empty_space height=\u00bb60px\u00bb][vc_custom_heading text=\u00bb14:00 horas. Almuerzo\u00bb font_container=\u00bbtag:h3|font_size:30px|text_align:left|color:%23000000|line_height:40px\u00bb google_fonts=\u00bbfont_family:Roboto%20Condensed%3A300%2C300italic%2Cregular%2Citalic%2C700%2C700italic|font_style:700%20bold%20regular%3A700%3Anormal\u00bb][vc_empty_space][vc_custom_heading text=\u00bb15:30 horas. Pleno de gerentes\u00bb font_container=\u00bbtag:h3|font_size:30px|text_align:left|color:%23000000|line_height:40px\u00bb google_fonts=\u00bbfont_family:Roboto%20Condensed%3A300%2C300italic%2Cregular%2Citalic%2C700%2C700italic|font_style:700%20bold%20regular%3A700%3Anormal\u00bb][vc_custom_heading text=\u00bbFacultad de Derecho. Sala de juntas. \u00bb font_container=\u00bbtag:h4|font_size:25px|text_align:left|color:%23000000|line_height:40px\u00bb google_fonts=\u00bbfont_family:Roboto%20Condensed%3A300%2C300italic%2Cregular%2Citalic%2C700%2C700italic|font_style:400%20regular%3A400%3Anormal\u00bb][vc_empty_space][vc_custom_heading text=\u00bbPROGRAMA DE TRABAJO &#8211; Sesi\u00f3n de tarde\u00bb font_container=\u00bbtag:h3|font_size:30px|text_align:left|color:%23000000|line_height:40px\u00bb google_fonts=\u00bbfont_family:Roboto%20Condensed%3A300%2C300italic%2Cregular%2Citalic%2C700%2C700italic|font_style:700%20bold%20regular%3A700%3Anormal\u00bb][vc_custom_heading text=\u00bbFacultad de Econom\u00eda, Empresa y Turismo. \u00bb font_container=\u00bbtag:h4|font_size:25px|text_align:left|color:%23000000|line_height:40px\u00bb google_fonts=\u00bbfont_family:Roboto%20Condensed%3A300%2C300italic%2Cregular%2Citalic%2C700%2C700italic|font_style:400%20regular%3A400%3Anormal\u00bb][vc_custom_heading text=\u00bbPANEL A (Contrataci\u00f3n, Gesti\u00f3n de Infraestructuras y Sostenibilidad). Sala de Juntas.\u00bb font_container=\u00bbtag:h4|font_size:30px|text_align:left|color:%238224e3|line_height:40px\u00bb google_fonts=\u00bbfont_family:Roboto%20Condensed%3A300%2C300italic%2Cregular%2Citalic%2C700%2C700italic|font_style:700%20bold%20regular%3A700%3Anormal\u00bb][vc_empty_space][vc_custom_heading text=\u00bb15:30-16:30 horas. Mesa redonda\u00bb font_container=\u00bbtag:h3|font_size:30px|text_align:left|color:%23000000|line_height:40px\u00bb google_fonts=\u00bbfont_family:Roboto%20Condensed%3A300%2C300italic%2Cregular%2Citalic%2C700%2C700italic|font_style:700%20bold%20regular%3A700%3Anormal\u00bb][vc_custom_heading text=\u00bb&#8216;Contrataci\u00f3n p\u00fablica electr\u00f3nica: Experiencias y retos'\u00bb font_container=\u00bbtag:h3|font_size:30px|text_align:left|color:%23000000|line_height:40px\u00bb google_fonts=\u00bbfont_family:Roboto%20Condensed%3A300%2C300italic%2Cregular%2Citalic%2C700%2C700italic|font_style:700%20bold%20regular%3A700%3Anormal\u00bb][vc_column_text]Modera: <strong>Elizabeth Graham Yanes<\/strong><strong>,\u00a0<\/strong>interventora delegada del Parlamento de Canarias[\/vc_column_text][vc_empty_space height=\u00bb60px\u00bb][vc_row_inner][vc_column_inner width=\u00bb1\/4&#8243;][vc_single_image image=\u00bb134&#8243; img_size=\u00bbmedium\u00bb css=\u00bb.vc_custom_1531486458387{border-right-width: 10px !important;border-right-color: #9c27b0 !important;border-right-style: solid !important;}\u00bb][\/vc_column_inner][vc_column_inner width=\u00bb3\/4&#8243;][vc_column_text]<\/p>\n<h3>Guillermo Y\u00e1\u00f1ez S\u00e1nchez<\/h3>\n<p>Community manager en contrataci\u00f3n p\u00fablica.<\/p>\n<p><span style=\"color: #808080\"><strong>Comunidades virtuales para implantar la contrataci\u00f3n p\u00fablica electr\u00f3nica<\/strong><\/span>[\/vc_column_text][\/vc_column_inner][\/vc_row_inner][vc_row_inner][vc_column_inner width=\u00bb1\/4&#8243;][vc_single_image image=\u00bb591&#8243; img_size=\u00bbmedium\u00bb css=\u00bb.vc_custom_1539172737572{border-right-width: 10px !important;border-right-color: #9c27b0 !important;border-right-style: solid !important;}\u00bb][\/vc_column_inner][vc_column_inner width=\u00bb3\/4&#8243;][vc_column_text]<\/p>\n<h3>Isabel Puente Puente<\/h3>\n<p>Jefa del Servicio de Contrataci\u00f3n, Compras y Patrimonio<\/p>\n<p>Universidad de Alcal\u00e1[\/vc_column_text][\/vc_column_inner][\/vc_row_inner][vc_row_inner][vc_column_inner width=\u00bb1\/4&#8243;][vc_single_image image=\u00bb133&#8243; img_size=\u00bbmedium\u00bb css=\u00bb.vc_custom_1531487193295{border-right-width: 10px !important;border-right-color: #9c27b0 !important;border-right-style: solid !important;}\u00bb][\/vc_column_inner][vc_column_inner width=\u00bb3\/4&#8243;][vc_column_text]<\/p>\n<h3>Francisco Javier Garc\u00eda P\u00e9rez<\/h3>\n<p>Auditor interno<\/p>\n<p>Universidad de Castilla-La Mancha.<\/p>\n<p><span style=\"color: #808080\"><strong>Retos del Control de la Contrataci\u00f3n P\u00fablica Electr\u00f3nica<\/strong><\/span>[\/vc_column_text][\/vc_column_inner][\/vc_row_inner][vc_custom_heading text=\u00bb16:30-17:30 horas. Mesa redonda\u00bb font_container=\u00bbtag:h3|font_size:30px|text_align:left|color:%23000000|line_height:40px\u00bb google_fonts=\u00bbfont_family:Roboto%20Condensed%3A300%2C300italic%2Cregular%2Citalic%2C700%2C700italic|font_style:700%20bold%20regular%3A700%3Anormal\u00bb][vc_empty_space][vc_custom_heading text=\u00bb&#8216;El car\u00e1cter social de la contrataci\u00f3n p\u00fablica, las cl\u00e1usulas sociales y los contratos reservados: repercusiones en el mercado'\u00bb font_container=\u00bbtag:h3|font_size:30px|text_align:left|color:%23000000|line_height:40px\u00bb google_fonts=\u00bbfont_family:Roboto%20Condensed%3A300%2C300italic%2Cregular%2Citalic%2C700%2C700italic|font_style:700%20bold%20regular%3A700%3Anormal\u00bb][vc_column_text]Modera: <strong>Javier Mendoza Jim\u00e9nez,\u00a0<\/strong><strong>\u00a0<\/strong>profesor del departamento de Econom\u00eda Aplicada de la Universidad de La Laguna[\/vc_column_text][vc_empty_space][vc_row_inner][vc_column_inner width=\u00bb1\/4&#8243;][vc_single_image image=\u00bb610&#8243; img_size=\u00bbmedium\u00bb css=\u00bb.vc_custom_1539781774144{border-right-width: 10px !important;border-right-color: #9c27b0 !important;border-right-style: solid !important;}\u00bb][\/vc_column_inner][vc_column_inner width=\u00bb3\/4&#8243;][vc_column_text]<\/p>\n<h3>Rub\u00e9n Mart\u00ednez Nieto<\/h3>\n<p>Director<\/p>\n<p>Corredur\u00eda de seguros Artai<\/p>\n<p><span style=\"color: #808080\"><strong>Visi\u00f3n del licitador de la nueva normativa de contrataci\u00f3n p\u00fablica<\/strong><\/span>[\/vc_column_text][\/vc_column_inner][\/vc_row_inner][vc_row_inner][vc_column_inner width=\u00bb1\/4&#8243;][vc_single_image image=\u00bb592&#8243; img_size=\u00bbmedium\u00bb css=\u00bb.vc_custom_1539172839087{border-right-width: 10px !important;border-right-color: #9c27b0 !important;border-right-style: solid !important;}\u00bb][\/vc_column_inner][vc_column_inner width=\u00bb3\/4&#8243;][vc_column_text]<\/p>\n<h3>Javier \u00c1lvarez Pastor<\/h3>\n<p>Gerente<\/p>\n<p>Universidad de Alcal\u00e1.[\/vc_column_text][\/vc_column_inner][\/vc_row_inner][vc_row_inner][vc_column_inner width=\u00bb1\/4&#8243;][vc_single_image image=\u00bb433&#8243; img_size=\u00bbmedium\u00bb css=\u00bb.vc_custom_1531488027446{border-right-width: 10px !important;border-right-color: #9c27b0 !important;border-right-style: solid !important;}\u00bb][\/vc_column_inner][vc_column_inner width=\u00bb3\/4&#8243;][vc_column_text]<\/p>\n<h3>Jaime Pintos Santiago<\/h3>\n<p>Consultor experto en contrataci\u00f3n p\u00fablica. Abogado. Profesor del M\u00e1ster en Derecho de la Contrataci\u00f3n P\u00fablica de la Universidad de Castilla La Mancha.<\/p>\n<p>Funcionario de carrera en excedencia[\/vc_column_text][\/vc_column_inner][\/vc_row_inner][vc_row_inner][vc_column_inner width=\u00bb1\/4&#8243;][vc_single_image image=\u00bb467&#8243; img_size=\u00bbmedium\u00bb css=\u00bb.vc_custom_1531899561396{border-right-width: 10px !important;border-right-color: #9c27b0 !important;border-right-style: solid !important;}\u00bb][\/vc_column_inner][vc_column_inner width=\u00bb3\/4&#8243;][vc_column_text]<\/p>\n<h3>Bernab\u00e9 Palac\u00edn S\u00e1enz<\/h3>\n<p>Director General de Contrataci\u00f3n, Calidad y Servicios Comunitarios<\/p>\n<p>Ayuntamiento de Logro\u00f1o[\/vc_column_text][\/vc_column_inner][\/vc_row_inner][vc_empty_space height=\u00bb60px\u00bb][vc_custom_heading text=\u00bb17:30 horas. Descanso\u00bb font_container=\u00bbtag:h3|font_size:30px|text_align:left|color:%23000000|line_height:40px\u00bb google_fonts=\u00bbfont_family:Roboto%20Condensed%3A300%2C300italic%2Cregular%2Citalic%2C700%2C700italic|font_style:700%20bold%20regular%3A700%3Anormal\u00bb][vc_empty_space height=\u00bb60px\u00bb][vc_custom_heading text=\u00bb18:00-19:00 horas. Mesa redonda\u00bb font_container=\u00bbtag:h3|font_size:30px|text_align:left|color:%23000000|line_height:40px\u00bb google_fonts=\u00bbfont_family:Roboto%20Condensed%3A300%2C300italic%2Cregular%2Citalic%2C700%2C700italic|font_style:700%20bold%20regular%3A700%3Anormal\u00bb][vc_empty_space][vc_custom_heading text=\u00bb&#8216;Gesti\u00f3n de Infraestructuras y Sostenibilidad'\u00bb font_container=\u00bbtag:h3|font_size:30px|text_align:left|color:%23000000|line_height:40px\u00bb google_fonts=\u00bbfont_family:Roboto%20Condensed%3A300%2C300italic%2Cregular%2Citalic%2C700%2C700italic|font_style:700%20bold%20regular%3A700%3Anormal\u00bb][vc_column_text]Modera:\u00a0<strong>Norena Mart\u00edn Dorta<\/strong><strong>,\u00a0<\/strong><strong>\u00a0<\/strong>vicerrectora de Infraestructura y Servicios Universitarios de la Universidad de La Laguna[\/vc_column_text][vc_empty_space][vc_empty_space][vc_row_inner][vc_column_inner width=\u00bb1\/4&#8243;][vc_single_image image=\u00bb631&#8243; img_size=\u00bbmedium\u00bb css=\u00bb.vc_custom_1540287375884{border-right-width: 10px !important;border-right-color: #9c27b0 !important;border-right-style: solid !important;}\u00bb][\/vc_column_inner][vc_column_inner width=\u00bb3\/4&#8243;][vc_column_text]<\/p>\n<h3>Cristina Mart\u00ed<\/h3>\n<p>Responsable de la Unidad de Medio Ambiente.<\/p>\n<p>Universidad Polit\u00e9cnica de Valencia<\/p>\n<p><span style=\"color: #808080\"><strong>La Unidad de Medio Ambiente de la Universitat Polit\u00e9cnica de Val\u00e9ncia.<\/strong><\/span>[\/vc_column_text][\/vc_column_inner][\/vc_row_inner][vc_row_inner][vc_column_inner width=\u00bb1\/4&#8243;][vc_single_image image=\u00bb564&#8243; img_size=\u00bbmedium\u00bb css=\u00bb.vc_custom_1538121093665{border-right-width: 10px !important;border-right-color: #9c27b0 !important;border-right-style: solid !important;}\u00bb][\/vc_column_inner][vc_column_inner width=\u00bb3\/4&#8243;][vc_column_text]<\/p>\n<h3>Diego Broock Hijar<\/h3>\n<p>Gerente del Cl\u00faster Construcci\u00f3n Sostenible.<\/p>\n<p>Santa Cruz de Tenerife<\/p>\n<p><strong>Edificaci\u00f3n sostenible, un presente<\/strong>[\/vc_column_text][\/vc_column_inner][\/vc_row_inner][vc_row_inner][vc_column_inner width=\u00bb1\/4&#8243;][vc_single_image image=\u00bb438&#8243; img_size=\u00bbmedium\u00bb css=\u00bb.vc_custom_1531488523745{border-right-width: 10px !important;border-right-color: #9c27b0 !important;border-right-style: solid !important;}\u00bb][\/vc_column_inner][vc_column_inner width=\u00bb3\/4&#8243;][vc_column_text]<\/p>\n<h3>Ana Bel\u00e9n R\u00edos Hilario<\/h3>\n<p>Vicerrectora de Estudiantes y Sostenibilidad.<\/p>\n<p>Universidad de Salamanca[\/vc_column_text][\/vc_column_inner][\/vc_row_inner][vc_row_inner][vc_column_inner width=\u00bb1\/4&#8243;][vc_single_image image=\u00bb439&#8243; img_size=\u00bbmedium\u00bb css=\u00bb.vc_custom_1531488569398{border-right-width: 10px !important;border-right-color: #9c27b0 !important;border-right-style: solid !important;}\u00bb][\/vc_column_inner][vc_column_inner width=\u00bb3\/4&#8243;][vc_column_text]<\/p>\n<h3>Miguel \u00c1ngel Fern\u00e1ndez Matr\u00e1n<\/h3>\n<p>Director General Fundaci\u00f3n CICOP.<\/p>\n<p>Centro Internacional para la Conservaci\u00f3n del Patrimonio<\/p>\n<p>[\/vc_column_text][\/vc_column_inner][\/vc_row_inner][vc_empty_space height=\u00bb60px\u00bb][vc_custom_heading text=\u00bbPANEL B (Innovaci\u00f3n en la Gesti\u00f3n: la transformaci\u00f3n digital). Aula Magna.\u00bb font_container=\u00bbtag:h4|font_size:30px|text_align:left|color:%238224e3|line_height:40px\u00bb google_fonts=\u00bbfont_family:Roboto%20Condensed%3A300%2C300italic%2Cregular%2Citalic%2C700%2C700italic|font_style:700%20bold%20regular%3A700%3Anormal\u00bb][vc_separator][vc_custom_heading text=\u00bb15:30-16:30 horas. Mesa redonda\u00bb font_container=\u00bbtag:h3|font_size:30px|text_align:left|color:%23000000|line_height:40px\u00bb google_fonts=\u00bbfont_family:Roboto%20Condensed%3A300%2C300italic%2Cregular%2Citalic%2C700%2C700italic|font_style:700%20bold%20regular%3A700%3Anormal\u00bb][vc_empty_space height=\u00bb40px\u00bb][vc_custom_heading text=\u00bb&#8216;Gobernando y gestionando la transformaci\u00f3n digital'\u00bb font_container=\u00bbtag:h3|font_size:30px|text_align:left|color:%23000000|line_height:40px\u00bb google_fonts=\u00bbfont_family:Roboto%20Condensed%3A300%2C300italic%2Cregular%2Citalic%2C700%2C700italic|font_style:700%20bold%20regular%3A700%3Anormal\u00bb][vc_column_text]Modera:\u00a0<strong>Jos\u00e9 Carlos Gonz\u00e1lez Gonz\u00e1lez<\/strong><strong>,\u00a0<\/strong><strong>\u00a0<\/strong>jefe del Servicio TIC de la Universidad de La Laguna[\/vc_column_text][vc_row_inner][vc_column_inner width=\u00bb1\/4&#8243;][vc_single_image image=\u00bb143&#8243; img_size=\u00bbmedium\u00bb css=\u00bb.vc_custom_1531488654330{border-right-width: 10px !important;border-right-color: #9c27b0 !important;border-right-style: solid !important;}\u00bb][\/vc_column_inner][vc_column_inner width=\u00bb3\/4&#8243;][vc_column_text]<\/p>\n<h3>Pedro Robledo<\/h3>\n<p>Consultor Experto en BPM.<\/p>\n<p>Director del M\u00e1ster Universitario BPM para la Transformaci\u00f3n Digital en UNIR.<\/p>\n<p><span style=\"color: #808080\"><strong>Gobernar los procesos de negocio para dirigir la Universidad.<\/strong><\/span>[\/vc_column_text][\/vc_column_inner][\/vc_row_inner][vc_row_inner][vc_column_inner width=\u00bb1\/4&#8243;][vc_single_image image=\u00bb135&#8243; img_size=\u00bbmedium\u00bb css=\u00bb.vc_custom_1531488694543{border-right-width: 10px !important;border-right-color: #9c27b0 !important;border-right-style: solid !important;}\u00bb][\/vc_column_inner][vc_column_inner width=\u00bb3\/4&#8243;][vc_column_text]<\/p>\n<h3>Javier Peris Montesinos<\/h3>\n<p>Vicepresidente de itSMF Espa\u00f1a<\/p>\n<p>&nbsp;<\/p>\n<p><span style=\"color: #808080\"><strong>\u00bfQu\u00e9 es gobernar y gestionar con TI?<\/strong><\/span>[\/vc_column_text][\/vc_column_inner][\/vc_row_inner][vc_row_inner][vc_column_inner width=\u00bb1\/4&#8243;][vc_single_image image=\u00bb145&#8243; img_size=\u00bbmedium\u00bb css=\u00bb.vc_custom_1531488741016{border-right-width: 10px !important;border-right-color: #9c27b0 !important;border-right-style: solid !important;}\u00bb][\/vc_column_inner][vc_column_inner width=\u00bb3\/4&#8243;][vc_column_text]<\/p>\n<h3>Santiago Portela<\/h3>\n<p>Experto en BigData y Transformaci\u00f3n Digital de grandes empresas.<\/p>\n<p>Director TIC y Director General de KEEDIO.<\/p>\n<p>Universidad Alfonso X el Sabio.<\/p>\n<p><span style=\"color: #808080\"><strong>Miramos los datos, analizamos los datos o explotamos los datos.<\/strong><\/span>[\/vc_column_text][\/vc_column_inner][\/vc_row_inner][vc_empty_space height=\u00bb60px\u00bb][vc_separator][vc_custom_heading text=\u00bb16:30-17:30 horas. Mesa redonda\u00bb font_container=\u00bbtag:h3|font_size:30px|text_align:left|color:%23000000|line_height:40px\u00bb google_fonts=\u00bbfont_family:Roboto%20Condensed%3A300%2C300italic%2Cregular%2Citalic%2C700%2C700italic|font_style:700%20bold%20regular%3A700%3Anormal\u00bb][vc_empty_space height=\u00bb40px\u00bb][vc_custom_heading text=\u00bb&#8216;La Universidad como generadora de Talento 4.0&#8242;\u00bb font_container=\u00bbtag:h3|font_size:30px|text_align:left|color:%23000000|line_height:40px\u00bb google_fonts=\u00bbfont_family:Roboto%20Condensed%3A300%2C300italic%2Cregular%2Citalic%2C700%2C700italic|font_style:700%20bold%20regular%3A700%3Anormal\u00bb][vc_column_text]Modera:\u00a0<strong>Francisco de Sande Gonz\u00e1lez<\/strong><strong>, <\/strong>vicerrector de Tecnolog\u00edas de la Informaci\u00f3n y Desarrollo Digital\u00a0de la Universidad de La Laguna[\/vc_column_text][vc_empty_space height=\u00bb40px\u00bb][vc_row_inner][vc_column_inner width=\u00bb1\/4&#8243;][vc_single_image image=\u00bb440&#8243; img_size=\u00bbmedium\u00bb css=\u00bb.vc_custom_1531488846035{border-right-width: 10px !important;border-right-color: #9c27b0 !important;border-right-style: solid !important;}\u00bb][\/vc_column_inner][vc_column_inner width=\u00bb3\/4&#8243;][vc_column_text]<\/p>\n<h3>Luis Fern\u00e1ndez Sanz<\/h3>\n<p>Miembro de la Junta directiva de CEPIS<\/p>\n<p>Profesor titular Universidad de Alcal\u00e1.<\/p>\n<p><span style=\"color: #808080\"><strong>Perfiles TI en el nuevo marco competencial. Aplicar marcos europeos de competencias TIC en Espa\u00f1a.<\/strong><\/span>[\/vc_column_text][\/vc_column_inner][\/vc_row_inner][vc_row_inner][vc_column_inner width=\u00bb1\/4&#8243;][vc_single_image image=\u00bb441&#8243; img_size=\u00bbmedium\u00bb css=\u00bb.vc_custom_1531488915467{border-right-width: 10px !important;border-right-color: #9c27b0 !important;border-right-style: solid !important;}\u00bb][\/vc_column_inner][vc_column_inner width=\u00bb3\/4&#8243;][vc_column_text]<\/p>\n<h3>Manuel Area Moreira<\/h3>\n<p>Catedr\u00e1tico de Tecnolog\u00eda Educativa.<\/p>\n<p>Universidad de La Laguna.<\/p>\n<p><span style=\"color: #808080\"><strong>La transformaci\u00f3n digital de la ense\u00f1anza universitaria.<\/strong><\/span>[\/vc_column_text][\/vc_column_inner][\/vc_row_inner][vc_row_inner][vc_column_inner width=\u00bb1\/4&#8243;][vc_single_image image=\u00bb443&#8243; img_size=\u00bbmedium\u00bb css=\u00bb.vc_custom_1531489030747{border-right-width: 10px !important;border-right-color: #9c27b0 !important;border-right-style: solid !important;}\u00bb][\/vc_column_inner][vc_column_inner width=\u00bb3\/4&#8243;][vc_column_text]<\/p>\n<h3>Berta Bernardo \u00c1lvarez<\/h3>\n<p>Directora de EspacioBlimea, IECISA<\/p>\n<p><span style=\"color: #808080\"><strong>Proyecto Blimea: Trasvase de talento 4.0 universidad-empresa.<\/strong><\/span>[\/vc_column_text][\/vc_column_inner][\/vc_row_inner][vc_empty_space height=\u00bb60px\u00bb][vc_custom_heading text=\u00bb17:30 horas. Descanso\u00bb font_container=\u00bbtag:h3|font_size:30px|text_align:left|color:%23000000|line_height:40px\u00bb google_fonts=\u00bbfont_family:Roboto%20Condensed%3A300%2C300italic%2Cregular%2Citalic%2C700%2C700italic|font_style:700%20bold%20regular%3A700%3Anormal\u00bb][vc_empty_space height=\u00bb60px\u00bb][vc_custom_heading text=\u00bb18:00-19:00 horas. Mesa redonda\u00bb font_container=\u00bbtag:h3|font_size:30px|text_align:left|color:%23000000|line_height:40px\u00bb google_fonts=\u00bbfont_family:Roboto%20Condensed%3A300%2C300italic%2Cregular%2Citalic%2C700%2C700italic|font_style:700%20bold%20regular%3A700%3Anormal\u00bb][vc_empty_space][vc_custom_heading text=\u00bb&#8216;Normativa y transformaci\u00f3n digital: la adaptaci\u00f3n de las universidades y su interoperabilidad con las Administraciones P\u00fablicas'\u00bb font_container=\u00bbtag:h3|font_size:30px|text_align:left|color:%23000000|line_height:40px\u00bb google_fonts=\u00bbfont_family:Roboto%20Condensed%3A300%2C300italic%2Cregular%2Citalic%2C700%2C700italic|font_style:700%20bold%20regular%3A700%3Anormal\u00bb][vc_column_text]Modera:\u00a0<strong>Soledad Mu\u00f1oz Mu\u00f1oz<\/strong><strong>, <\/strong>jefa de gabinete de an\u00e1lisis y planificaci\u00f3n de la Universidad de La Laguna[\/vc_column_text][vc_empty_space][vc_row_inner][vc_column_inner width=\u00bb1\/4&#8243;][vc_single_image image=\u00bb531&#8243; img_size=\u00bbmedium\u00bb css=\u00bb.vc_custom_1532438887361{border-right-width: 10px !important;border-right-color: #9c27b0 !important;border-right-style: solid !important;}\u00bb][\/vc_column_inner][vc_column_inner width=\u00bb3\/4&#8243;][vc_column_text]<\/p>\n<h3>Daniel S\u00e1nchez Mart\u00ednez<\/h3>\n<p>Jefe de Proyecto de Administraci\u00f3n Electr\u00f3nica de la Universidad de Murcia.<\/p>\n<p>Coordinador del subgrupo de trabajo de e-Administraci\u00f3n de CRUE-TIC<\/p>\n<p><span style=\"color: #808080\"><strong>La interoperabilidad de las Universidades con los servicios de las Administraciones P\u00fablicas.<\/strong><\/span>[\/vc_column_text][\/vc_column_inner][\/vc_row_inner][vc_row_inner][vc_column_inner width=\u00bb1\/4&#8243;][vc_single_image image=\u00bb140&#8243; img_size=\u00bbmedium\u00bb css=\u00bb.vc_custom_1531489140206{border-right-width: 10px !important;border-right-color: #9c27b0 !important;border-right-style: solid !important;}\u00bb][\/vc_column_inner][vc_column_inner width=\u00bb3\/4&#8243;][vc_column_text]<\/p>\n<h3>Manuel Rivera Segu\u00ed<\/h3>\n<p>Director de Comunicaci\u00f3n y Marketing de la Oficina de Cooperaci\u00f3n Universitaria.<\/p>\n<p><span style=\"color: #808080\"><strong>Transformaci\u00f3n digital e interoperabilidad en UNIVERSITAS XXI.<\/strong><\/span>[\/vc_column_text][\/vc_column_inner][\/vc_row_inner][vc_row_inner][vc_column_inner width=\u00bb1\/4&#8243;][vc_single_image image=\u00bb147&#8243; img_size=\u00bbmedium\u00bb css=\u00bb.vc_custom_1531489171374{border-right-width: 10px !important;border-right-color: #9c27b0 !important;border-right-style: solid !important;}\u00bb][\/vc_column_inner][vc_column_inner width=\u00bb3\/4&#8243;][vc_column_text]<\/p>\n<h3>V\u00edctor Manuel Solla B\u00e1rcenas<\/h3>\n<p>Director general de Tecnolog\u00edas de la Informaci\u00f3n y las Comunicaciones.<\/p>\n<p>Consejer\u00eda de Empleo, Industria y Turismo.<\/p>\n<p>Gobierno del Principado de Asturias<\/p>\n<p><span style=\"color: #808080\"><strong>El efecto de la normativa de la transformaci\u00f3n digital. Estado de adaptaci\u00f3n.<\/strong><\/span>[\/vc_column_text][\/vc_column_inner][\/vc_row_inner][vc_empty_space][vc_separator][vc_custom_heading text=\u00bbPANEL C (Gesti\u00f3n de la investigaci\u00f3n, contrataci\u00f3n de investigadores, captaci\u00f3n de talento). Sal\u00f3n de Grados Jos\u00e9 Luis Moreno Becerra.\u00bb font_container=\u00bbtag:h4|font_size:30px|text_align:left|color:%238224e3|line_height:40px\u00bb google_fonts=\u00bbfont_family:Roboto%20Condensed%3A300%2C300italic%2Cregular%2Citalic%2C700%2C700italic|font_style:700%20bold%20regular%3A700%3Anormal\u00bb][vc_custom_heading text=\u00bb15:30-16:30 horas. Mesa redonda\u00bb font_container=\u00bbtag:h3|font_size:30px|text_align:left|color:%23000000|line_height:40px\u00bb google_fonts=\u00bbfont_family:Roboto%20Condensed%3A300%2C300italic%2Cregular%2Citalic%2C700%2C700italic|font_style:700%20bold%20regular%3A700%3Anormal\u00bb][vc_empty_space][vc_custom_heading text=\u00bb&#8216;Gesti\u00f3n de la investigaci\u00f3n'\u00bb font_container=\u00bbtag:h3|font_size:30px|text_align:left|color:%23000000|line_height:40px\u00bb google_fonts=\u00bbfont_family:Roboto%20Condensed%3A300%2C300italic%2Cregular%2Citalic%2C700%2C700italic|font_style:700%20bold%20regular%3A700%3Anormal\u00bb][vc_column_text]Modera: <strong>Jos\u00e9 Pablo Su\u00e1rez Rivero,\u00a0<\/strong><strong>\u00a0<\/strong>vicerrector de Investigaci\u00f3n, Innovaci\u00f3n y Transferencia de la Universidad de Las Palmas de Gran Canaria[\/vc_column_text][vc_empty_space][vc_row_inner][vc_column_inner width=\u00bb1\/4&#8243;][vc_single_image image=\u00bb170&#8243; img_size=\u00bbmedium\u00bb css=\u00bb.vc_custom_1528898982103{border-right-width: 10px !important;border-right-color: #9c27b0 !important;border-right-style: solid !important;}\u00bb][\/vc_column_inner][vc_column_inner width=\u00bb3\/4&#8243;][vc_column_text]<\/p>\n<h3>Mar\u00eda del Carmen Pe\u00f1as Carral<\/h3>\n<p><span style=\"font-weight: 400\">Jefa de la Subdivisi\u00f3n de Seguimiento y Justificaci\u00f3n de Ayudas de la Agencia Estatal de Investigaci\u00f3n.<\/span>[\/vc_column_text][\/vc_column_inner][\/vc_row_inner][vc_row_inner][vc_column_inner width=\u00bb1\/4&#8243;][vc_single_image image=\u00bb625&#8243; img_size=\u00bbmedium\u00bb css=\u00bb.vc_custom_1539855913026{border-right-width: 10px !important;border-right-color: #9c27b0 !important;border-right-style: solid !important;}\u00bb][\/vc_column_inner][vc_column_inner width=\u00bb3\/4&#8243;][vc_column_text]<\/p>\n<h3>Elisa \u00c1lvarez-Bolado<\/h3>\n<p>Jefa de \u00e1rea del Programa Marco.<\/p>\n<p>Centro para el Desarrollo Tecnol\u00f3gico Industrial (CDTI).[\/vc_column_text][\/vc_column_inner][\/vc_row_inner][vc_row_inner][vc_column_inner width=\u00bb1\/4&#8243;][vc_single_image image=\u00bb447&#8243; img_size=\u00bbmedium\u00bb css=\u00bb.vc_custom_1531489773374{border-right-width: 10px !important;border-right-color: #9c27b0 !important;border-right-style: solid !important;}\u00bb][\/vc_column_inner][vc_column_inner width=\u00bb3\/4&#8243;][vc_column_text]<\/p>\n<h3>Miguel \u00c1ngel Guardia L\u00f3pez<\/h3>\n<p><span style=\"font-weight: 400\">Coordinador de la REDUGI (Red de las Unidades de Gesti\u00f3n de la Investigaci\u00f3n de la CRUE).<\/span>[\/vc_column_text][\/vc_column_inner][\/vc_row_inner][vc_empty_space][vc_separator][vc_custom_heading text=\u00bb16:30-17:30 horas. Mesa redonda\u00bb font_container=\u00bbtag:h3|font_size:30px|text_align:left|color:%23000000|line_height:40px\u00bb google_fonts=\u00bbfont_family:Roboto%20Condensed%3A300%2C300italic%2Cregular%2Citalic%2C700%2C700italic|font_style:700%20bold%20regular%3A700%3Anormal\u00bb][vc_empty_space][vc_custom_heading text=\u00bb&#8216;Gesti\u00f3n de subvenciones y recursos captados por investigaci\u00f3n'\u00bb font_container=\u00bbtag:h3|font_size:30px|text_align:left|color:%23000000|line_height:40px\u00bb google_fonts=\u00bbfont_family:Roboto%20Condensed%3A300%2C300italic%2Cregular%2Citalic%2C700%2C700italic|font_style:700%20bold%20regular%3A700%3Anormal\u00bb][vc_column_text]Modera: <strong>Francisco Carmelo Almeida Rodr\u00edguez,\u00a0<\/strong><strong>\u00a0<\/strong>vicerrector de Investigaci\u00f3n de la Universidad de La Laguna[\/vc_column_text][vc_empty_space height=\u00bb40px\u00bb][vc_row_inner][vc_column_inner width=\u00bb1\/4&#8243;][vc_single_image image=\u00bb449&#8243; img_size=\u00bbmedium\u00bb css=\u00bb.vc_custom_1531489947838{border-right-width: 10px !important;border-right-color: #9c27b0 !important;border-right-style: solid !important;}\u00bb][\/vc_column_inner][vc_column_inner width=\u00bb3\/4&#8243;][vc_column_text]<\/p>\n<h3>Santiago Romo Urroz<\/h3>\n<p><span lang=\"ES-TRAD\">Coordinador de RedOTRI-Crue y Vicepresidente Asociaci\u00f3n Europea ASTP<\/span><\/p>\n<p><span style=\"color: #808080\"><strong>Investigaci\u00f3n bajo contrato y transferencia: el reto de su internacionalizaci\u00f3n<\/strong><\/span>[\/vc_column_text][\/vc_column_inner][\/vc_row_inner][vc_row_inner][vc_column_inner width=\u00bb1\/4&#8243;][vc_single_image image=\u00bb567&#8243; img_size=\u00bbmedium\u00bb css=\u00bb.vc_custom_1538121709137{border-right-width: 10px !important;border-right-color: #9c27b0 !important;border-right-style: solid !important;}\u00bb][\/vc_column_inner][vc_column_inner width=\u00bb3\/4&#8243;][vc_column_text]<\/p>\n<h3>Cecilia Hern\u00e1ndez Rodr\u00edguez<\/h3>\n<p><span style=\"font-weight: 400\">Jefa del Departamento de Salud, Bioeconom\u00eda, clima y Recursos Naturales del CDTI<\/span>[\/vc_column_text][\/vc_column_inner][\/vc_row_inner][vc_row_inner][vc_column_inner width=\u00bb1\/4&#8243;][vc_single_image image=\u00bb614&#8243; img_size=\u00bbmedium\u00bb css=\u00bb.vc_custom_1539782797953{border-right-width: 10px !important;border-right-color: #9c27b0 !important;border-right-style: solid !important;}\u00bb][\/vc_column_inner][vc_column_inner width=\u00bb3\/4&#8243;][vc_column_text]<\/p>\n<h3>Lourdes Armesto L\u00f3pez<\/h3>\n<p><span style=\"font-weight: 400\">Jefa Adjunta de la subdivisi\u00f3n de programas tem\u00e1ticos cient\u00edficos-t\u00e9cnicos ( Agencia Estatal de Investigaci\u00f3n)<\/span>[\/vc_column_text][\/vc_column_inner][\/vc_row_inner][vc_empty_space height=\u00bb60px\u00bb][vc_custom_heading text=\u00bb17:30 horas. Descanso\u00bb font_container=\u00bbtag:h3|font_size:30px|text_align:left|color:%23000000|line_height:40px\u00bb google_fonts=\u00bbfont_family:Roboto%20Condensed%3A300%2C300italic%2Cregular%2Citalic%2C700%2C700italic|font_style:700%20bold%20regular%3A700%3Anormal\u00bb][vc_empty_space height=\u00bb40px\u00bb][vc_custom_heading text=\u00bb18:00-19:00 horas. Mesa redonda\u00bb font_container=\u00bbtag:h3|font_size:30px|text_align:left|color:%23000000|line_height:40px\u00bb google_fonts=\u00bbfont_family:Roboto%20Condensed%3A300%2C300italic%2Cregular%2Citalic%2C700%2C700italic|font_style:700%20bold%20regular%3A700%3Anormal\u00bb][vc_empty_space height=\u00bb40px\u00bb][vc_custom_heading text=\u00bb&#8216;Captaci\u00f3n de talento investigador. Escalar puestos en los rankings'\u00bb font_container=\u00bbtag:h3|font_size:30px|text_align:left|color:%23000000|line_height:40px\u00bb google_fonts=\u00bbfont_family:Roboto%20Condensed%3A300%2C300italic%2Cregular%2Citalic%2C700%2C700italic|font_style:700%20bold%20regular%3A700%3Anormal\u00bb][vc_column_text]Modera: <strong>Daniel Alonso Ramirez, <\/strong>catedr\u00e1tico de F\u00edsica Aplicada\u00a0de la Universidad de La Laguna. Coordinador de la oficina de direcci\u00f3n estrat\u00e9gica.[\/vc_column_text][vc_empty_space height=\u00bb40px\u00bb][vc_row_inner][vc_column_inner width=\u00bb1\/4&#8243;][vc_single_image image=\u00bb452&#8243; img_size=\u00bbmedium\u00bb css=\u00bb.vc_custom_1531490208851{border-right-width: 10px !important;border-right-color: #9c27b0 !important;border-right-style: solid !important;}\u00bb][\/vc_column_inner][vc_column_inner width=\u00bb3\/4&#8243;][vc_column_text]<\/p>\n<h3>\u00cd\u00f1igo Atxutegi<\/h3>\n<p>Director General de\u00a0 Ikerbasque<\/p>\n<p><span style=\"color: #808080\"><strong>La atracci\u00f3n de talento cient\u00edfico en Ikerbasque<\/strong><\/span>[\/vc_column_text][\/vc_column_inner][\/vc_row_inner][vc_row_inner][vc_column_inner width=\u00bb1\/4&#8243;][vc_single_image image=\u00bb617&#8243; img_size=\u00bbmedium\u00bb css=\u00bb.vc_custom_1539851915996{border-right-width: 10px !important;border-right-color: #9c27b0 !important;border-right-style: solid !important;}\u00bb][\/vc_column_inner][vc_column_inner width=\u00bb3\/4&#8243;][vc_column_text]<\/p>\n<h3>Pedro Toledo<\/h3>\n<p>Director de Secretariado (Analisis y seguimiento de la Investigaci\u00f3n)<\/p>\n<p>Universidad de La Laguna[\/vc_column_text][\/vc_column_inner][\/vc_row_inner][vc_row_inner][vc_column_inner width=\u00bb1\/4&#8243;][vc_single_image image=\u00bb453&#8243; img_size=\u00bbmedium\u00bb css=\u00bb.vc_custom_1531490250851{border-right-width: 10px !important;border-right-color: #9c27b0 !important;border-right-style: solid !important;}\u00bb][\/vc_column_inner][vc_column_inner width=\u00bb3\/4&#8243;][vc_column_text]<\/p>\n<h3>Borja Izquierdo<\/h3>\n<p>Director General Adjunto<\/p>\n<p>Fundaci\u00f3n Espa\u00f1ola para la Ciencia y la Tecnolog\u00eda[\/vc_column_text][\/vc_column_inner][\/vc_row_inner][vc_empty_space height=\u00bb40px\u00bb][vc_custom_heading text=\u00bb19: 00 horas. Finalizaci\u00f3n de la Jornada\u00bb font_container=\u00bbtag:h3|font_size:30px|text_align:left|color:%23303030|line_height:40px\u00bb google_fonts=\u00bbfont_family:Roboto%20Condensed%3A300%2C300italic%2Cregular%2Citalic%2C700%2C700italic|font_style:700%20bold%20regular%3A700%3Anormal\u00bb][vc_empty_space][vc_custom_heading text=\u00bbPROGRAMA SOCIAL\u00bb font_container=\u00bbtag:h3|font_size:30px|text_align:left|color:%23000000|line_height:40px\u00bb google_fonts=\u00bbfont_family:Roboto%20Condensed%3A300%2C300italic%2Cregular%2Citalic%2C700%2C700italic|font_style:700%20bold%20regular%3A700%3Anormal\u00bb][vc_custom_heading text=\u00bb19:30 horas. Visita guiada al Museo de la Naturaleza y el Hombre. Santa Cruz de Tenerife\u00bb font_container=\u00bbtag:h3|font_size:30px|text_align:left|color:%23303030|line_height:40px\u00bb google_fonts=\u00bbfont_family:Roboto%20Condensed%3A300%2C300italic%2Cregular%2Citalic%2C700%2C700italic|font_style:700%20bold%20regular%3A700%3Anormal\u00bb][vc_empty_space][vc_custom_heading text=\u00bb21:30 horas. Cena \u00bb font_container=\u00bbtag:h3|font_size:30px|text_align:left|color:%23303030|line_height:40px\u00bb google_fonts=\u00bbfont_family:Roboto%20Condensed%3A300%2C300italic%2Cregular%2Citalic%2C700%2C700italic|font_style:700%20bold%20regular%3A700%3Anormal\u00bb][vc_empty_space height=\u00bb60px\u00bb][vc_text_separator title=\u00bbFin d\u00eda 25&#8243;][vc_empty_space height=\u00bb60px\u00bb][\/vc_tta_section][vc_tta_section title=\u00bb26&#8243; tab_id=\u00bbdia-26&#8243;][vc_empty_space height=\u00bb60px\u00bb][vc_custom_heading text=\u00bbVIERNES 26&#8243; font_container=\u00bbtag:h2|font_size:40px|text_align:left|color:%239c27b0|line_height:65px\u00bb google_fonts=\u00bbfont_family:Roboto%20Condensed%3A300%2C300italic%2Cregular%2Citalic%2C700%2C700italic|font_style:700%20bold%20regular%3A700%3Anormal\u00bb][vc_custom_heading text=\u00bbPROGRAMA DE TRABAJO \u00bb font_container=\u00bbtag:h3|font_size:30px|text_align:left|color:%23000000|line_height:40px\u00bb google_fonts=\u00bbfont_family:Roboto%20Condensed%3A300%2C300italic%2Cregular%2Citalic%2C700%2C700italic|font_style:700%20bold%20regular%3A700%3Anormal\u00bb][vc_custom_heading text=\u00bbParaninfo. Campus Central La Laguna\u00bb font_container=\u00bbtag:h4|font_size:25px|text_align:left|color:%23000000|line_height:40px\u00bb google_fonts=\u00bbfont_family:Roboto%20Condensed%3A300%2C300italic%2Cregular%2Citalic%2C700%2C700italic|font_style:400%20regular%3A400%3Anormal\u00bb][vc_custom_heading text=\u00bb09:30-11:30 horas. La gesti\u00f3n de la informaci\u00f3n, entre la protecci\u00f3n y la transparencia\u00bb font_container=\u00bbtag:h3|font_size:30px|text_align:left|color:%23303030|line_height:40px\u00bb google_fonts=\u00bbfont_family:Roboto%20Condensed%3A300%2C300italic%2Cregular%2Citalic%2C700%2C700italic|font_style:700%20bold%20regular%3A700%3Anormal\u00bb][vc_column_text]Modera:\u00a0<strong>Dulce Cair\u00f3s Barreto,\u00a0<\/strong>secretaria general de la Universidad de La Laguna[\/vc_column_text][vc_empty_space height=\u00bb40px\u00bb][vc_custom_heading text=\u00bbConferencia inicial: \u2018 Nubes, Encomiendas y Protecci\u00f3n de datos \u00bfA qu\u00e9 estamos jugando? \u2018\u00bb font_container=\u00bbtag:h5|font_size:25px|text_align:left|color:%23303030|line_height:40px\u00bb google_fonts=\u00bbfont_family:Roboto%20Condensed%3A300%2C300italic%2Cregular%2Citalic%2C700%2C700italic|font_style:700%20bold%20regular%3A700%3Anormal\u00bb][vc_empty_space height=\u00bb40px\u00bb][vc_row_inner][vc_column_inner width=\u00bb1\/12&#8243;][\/vc_column_inner][vc_column_inner width=\u00bb5\/12&#8243;][vc_column_text]<\/p>\n<h3 style=\"text-align: right\"><strong>Ricard Mart\u00ednez Mart\u00ednez<\/strong><\/h3>\n<p style=\"text-align: right\">Director de la C\u00e1tedra de privacidad y Transformaci\u00f3n Digital Microsoft-Universidad de Valencia y miembro del Microsoft Health Advisory Council.<\/p>\n<div style=\"text-align: right\">Director del M\u00e1ster Universitario en Protecci\u00f3n de Datos (Universidad Internacional de la Rioja \u2013 UNIR).<\/div>\n<div style=\"text-align: right\">Profesor de derecho constitucional .<\/div>\n<p style=\"text-align: right\">UNIVERSIDAD DE VALENCIA.<\/p>\n<p>[\/vc_column_text][\/vc_column_inner][vc_column_inner width=\u00bb1\/12&#8243;][\/vc_column_inner][vc_column_inner width=\u00bb1\/4&#8243;][vc_single_image image=\u00bb144&#8243; img_size=\u00bbmedium\u00bb style=\u00bbvc_box_outline_circle_2&#8243; css_animation=\u00bbfadeInRight\u00bb][\/vc_column_inner][vc_column_inner width=\u00bb1\/6&#8243;][\/vc_column_inner][\/vc_row_inner][vc_custom_heading text=\u00bbMesa Redonda\u00bb font_container=\u00bbtag:h3|font_size:30px|text_align:left|color:%23303030|line_height:40px\u00bb google_fonts=\u00bbfont_family:Roboto%20Condensed%3A300%2C300italic%2Cregular%2Citalic%2C700%2C700italic|font_style:700%20bold%20regular%3A700%3Anormal\u00bb][vc_separator][vc_row_inner][vc_column_inner width=\u00bb1\/12&#8243;][\/vc_column_inner][vc_column_inner width=\u00bb1\/4&#8243;][vc_single_image image=\u00bb132&#8243; img_size=\u00bbfull\u00bb alignment=\u00bbcenter\u00bb style=\u00bbvc_box_circle_2&#8243;][\/vc_column_inner][vc_column_inner width=\u00bb1\/6&#8243;][\/vc_column_inner][vc_column_inner width=\u00bb5\/12&#8243;][vc_column_text]<\/p>\n<h3><span style=\"color: #333333\">Conferencia: \u00abLa gesti\u00f3n de la transparencia en las universidades\u00bb<\/span><\/h3>\n<h3 style=\"text-align: left\"><span style=\"color: #000000\"><strong>Francesc Sol\u00e9 Parellada<\/strong><\/span><\/h3>\n<p style=\"text-align: left\">Catedr\u00e1tico em\u00e9rito de la Universidad Polit\u00e9cnica de Catalunya.<\/p>\n<p style=\"text-align: left\">Vicepresidente de la Fundaci\u00f3n CYD.<\/p>\n<p style=\"text-align: left\">Experto en transparencia de las universidades.<\/p>\n<p>[\/vc_column_text][\/vc_column_inner][vc_column_inner width=\u00bb1\/12&#8243;][\/vc_column_inner][\/vc_row_inner][vc_row_inner][vc_column_inner width=\u00bb1\/12&#8243;][\/vc_column_inner][vc_column_inner width=\u00bb1\/4&#8243;][vc_single_image image=\u00bb142&#8243; img_size=\u00bbmedium\u00bb style=\u00bbvc_box_outline_circle_2&#8243; css_animation=\u00bbfadeInRight\u00bb][\/vc_column_inner][vc_column_inner width=\u00bb1\/6&#8243;][\/vc_column_inner][vc_column_inner width=\u00bb5\/12&#8243;][vc_column_text]<\/p>\n<h3 style=\"text-align: right\">Miguel \u00c1ngel Blanes Climent<\/h3>\n<p style=\"text-align: right\">Abogado, doctor en Derecho.<\/p>\n<p style=\"text-align: right\">Funcionario p\u00fablico.<\/p>\n<p style=\"text-align: right\">Transparencia y acceso a la informaci\u00f3n p\u00fablica y gobierno abierto.<br \/>\nS\u00edndic de Greuges (Defensor del Pueblo, Ombudsman).<\/p>\n<p style=\"text-align: right\">Comunidad Valenciana<\/p>\n<p>[\/vc_column_text][\/vc_column_inner][vc_column_inner width=\u00bb1\/12&#8243;][\/vc_column_inner][\/vc_row_inner][vc_empty_space height=\u00bb40px\u00bb][vc_custom_heading text=\u00bb11:30 horas. Descanso\u00bb font_container=\u00bbtag:h5|font_size:30px|text_align:left|color:%23000000|line_height:40px\u00bb google_fonts=\u00bbfont_family:Roboto%20Condensed%3A300%2C300italic%2Cregular%2Citalic%2C700%2C700italic|font_style:700%20bold%20regular%3A700%3Anormal\u00bb][vc_empty_space height=\u00bb40px\u00bb][vc_custom_heading text=\u00bb12: 00 &#8211; 13: 00 horas.Conferencia de clausura: \u2018 Universidad y gesti\u00f3n del cambio \u2018\u00bb font_container=\u00bbtag:h3|font_size:30px|text_align:left|color:%23303030|line_height:40px\u00bb google_fonts=\u00bbfont_family:Roboto%20Condensed%3A300%2C300italic%2Cregular%2Citalic%2C700%2C700italic|font_style:700%20bold%20regular%3A700%3Anormal\u00bb][vc_column_text]Presenta:\u00a0<strong>Lidia Patricia Pereira Saavedra,\u00a0<\/strong>gerente de la Universidad de La Laguna[\/vc_column_text][vc_empty_space height=\u00bb40px\u00bb][vc_row_inner][vc_column_inner width=\u00bb1\/12&#8243;][\/vc_column_inner][vc_column_inner width=\u00bb1\/4&#8243;][vc_column_text]<\/p>\n<h3 style=\"text-align: right\">Xavier Marcet<\/h3>\n<p style=\"text-align: right\">Fundador y presidente de Barcelona Drucker Society.<\/p>\n<p style=\"text-align: right\">Presidente de Lead to Change.<br \/>\nFounder 8 Wires.<\/p>\n<p>[\/vc_column_text][\/vc_column_inner][vc_column_inner width=\u00bb1\/6&#8243;][\/vc_column_inner][vc_column_inner width=\u00bb5\/12&#8243;][vc_single_image image=\u00bb148&#8243; img_size=\u00bbmedium\u00bb style=\u00bbvc_box_outline_circle_2&#8243; css_animation=\u00bbfadeInRight\u00bb][\/vc_column_inner][vc_column_inner width=\u00bb1\/12&#8243;][\/vc_column_inner][\/vc_row_inner][vc_empty_space height=\u00bb40px\u00bb][vc_empty_space height=\u00bb40px\u00bb][vc_custom_heading text=\u00bb13:00 horas. Clausura de las jornadas\u00bb font_container=\u00bbtag:h3|font_size:30px|text_align:left|color:%23000000|line_height:40px\u00bb google_fonts=\u00bbfont_family:Roboto%20Condensed%3A300%2C300italic%2Cregular%2Citalic%2C700%2C700italic|font_style:700%20bold%20regular%3A700%3Anormal\u00bb][vc_custom_heading text=\u00bb14:00 horas. \u00c1gape de despedida\u00bb font_container=\u00bbtag:h3|font_size:30px|text_align:left|color:%23000000|line_height:40px\u00bb google_fonts=\u00bbfont_family:Roboto%20Condensed%3A300%2C300italic%2Cregular%2Citalic%2C700%2C700italic|font_style:700%20bold%20regular%3A700%3Anormal\u00bb][vc_text_separator title=\u00bbFin del d\u00eda 26&#8243;][\/vc_tta_section][vc_tta_section title=\u00bb27&#8243; tab_id=\u00bbdia-27&#8243;][vc_empty_space height=\u00bb60px\u00bb][vc_custom_heading text=\u00bbS\u00c1BADO 27&#8243; font_container=\u00bbtag:h2|font_size:40px|text_align:left|color:%239c27b0|line_height:65px\u00bb google_fonts=\u00bbfont_family:Roboto%20Condensed%3A300%2C300italic%2Cregular%2Citalic%2C700%2C700italic|font_style:700%20bold%20regular%3A700%3Anormal\u00bb][vc_custom_heading text=\u00bbPROGRAMA SOCIAL (inscripci\u00f3n cerrada)\u00bb font_container=\u00bbtag:h3|font_size:30px|text_align:left|color:%23000000|line_height:40px\u00bb google_fonts=\u00bbfont_family:Roboto%20Condensed%3A300%2C300italic%2Cregular%2Citalic%2C700%2C700italic|font_style:700%20bold%20regular%3A700%3Anormal\u00bb link=\u00bburl:https%3A%2F%2Fdocs.google.com%2Fforms%2Fd%2F1a-aQXaIFW5sSSE3opV1dH__Uukp3fojbBfVvBN_RlDE%2Fedit|||\u00bb][vc_custom_heading text=\u00bb9:30h Visita al Parque Nacional de las Ca\u00f1adas del Teide y al Observatorio de Iza\u00f1a del Instituto de Astrof\u00edsica de Canarias\u00bb font_container=\u00bbtag:h5|font_size:30px|text_align:left|color:%23303030|line_height:40px\u00bb google_fonts=\u00bbfont_family:Roboto%20Condensed%3A300%2C300italic%2Cregular%2Citalic%2C700%2C700italic|font_style:700%20bold%20regular%3A700%3Anormal\u00bb][vc_custom_heading text=\u00bbAlmuerzo en el Parador de las Ca\u00f1adas del Teide\u00bb font_container=\u00bbtag:h5|font_size:30px|text_align:left|color:%23303030|line_height:40px\u00bb google_fonts=\u00bbfont_family:Roboto%20Condensed%3A300%2C300italic%2Cregular%2Citalic%2C700%2C700italic|font_style:700%20bold%20regular%3A700%3Anormal\u00bb][vc_text_separator title=\u00bbFin del d\u00eda 27&#8243;][\/vc_tta_section][\/vc_tta_tabs][vc_column_text]<\/p>\n<p style=\"text-align: right\"><a href=\"#dia-24\" target=\"_blank\" rel=\"noopener\">Ver d\u00eda 24<\/a> | <a href=\"#dia-25\" target=\"_blank\" rel=\"noopener\">Ver d\u00eda 25<\/a> | <a href=\"#dia-26\" target=\"_blank\" rel=\"noopener\">Ver d\u00eda 26<\/a> | <a href=\"#dia-27\" target=\"_blank\" rel=\"noopener\">Ver d\u00eda 27<\/a><\/p>\n<p>[\/vc_column_text][\/vc_column][\/vc_row][vc_row full_width=\u00bbstretch_row_content\u00bb][vc_column][vc_empty_space][vc_empty_space height=\u00bb15px\u00bb css=\u00bb.vc_custom_1528896218000{border-top-width: 10px !important;background-color: #9c27b0 !important;}\u00bb][vc_empty_space][\/vc_column][\/vc_row]<\/p>\n","protected":false},"excerpt":{"rendered":"<p>[vc_row][vc_column][vc_empty_space height=\u00bb60px\u00bb][vc_custom_heading text=\u00bbPROGRAMA\u00bb font_container=\u00bbtag:h1|font_size:50px|text_align:left|color:%23000000|line_height:75px\u00bb google_fonts=\u00bbfont_family:Roboto%20Condensed%3A300%2C300italic%2Cregular%2Citalic%2C700%2C700italic|font_style:700%20bold%20regular%3A700%3Anormal\u00bb][\/vc_column][\/vc_row][vc_row][vc_column][vc_tta_tabs style=\u00bbmodern\u00bb shape=\u00bbsquare\u00bb active_section=\u00bb1&#8243; title=\u00bbSeleccione el d\u00eda de la agenda que quiera consultar\u00bb][vc_tta_section title=\u00bb24&#8243; tab_id=\u00bbdia-24&#8243;][vc_empty_space height=\u00bb42px\u00bb][vc_custom_heading text=\u00bbMI\u00c9RCOLES 24&#8243; font_container=\u00bbtag:h2|font_size:40px|text_align:left|color:%239c27b0|line_height:65px\u00bb google_fonts=\u00bbfont_family:Roboto%20Condensed%3A300%2C300italic%2Cregular%2Citalic%2C700%2C700italic|font_style:700%20bold%20regular%3A700%3Anormal\u00bb][vc_custom_heading text=\u00bbPROGRAMA &#8211; Sesi\u00f3n de tarde\u00bb font_container=\u00bbtag:h3|font_size:30px|text_align:left|color:%23000000|line_height:40px\u00bb google_fonts=\u00bbfont_family:Roboto%20Condensed%3A300%2C300italic%2Cregular%2Citalic%2C700%2C700italic|font_style:700%20bold%20regular%3A700%3Anormal\u00bb][vc_custom_heading text=\u00bb14:30 horas C\u00f3ctel de Bienvenida\u00bb font_container=\u00bbtag:h3|font_size:30px|text_align:left|color:%23000000|line_height:40px\u00bb google_fonts=\u00bbfont_family:Roboto%20Condensed%3A300%2C300italic%2Cregular%2Citalic%2C700%2C700italic|font_style:700%20bold%20regular%3A700%3Anormal\u00bb][vc_custom_heading text=\u00bbParaninfo. Campus Central La Laguna\u00bb font_container=\u00bbtag:h4|font_size:25px|text_align:left|color:%23000000|line_height:40px\u00bb google_fonts=\u00bbfont_family:Roboto%20Condensed%3A300%2C300italic%2Cregular%2Citalic%2C700%2C700italic|font_style:400%20regular%3A400%3Anormal\u00bb][vc_custom_heading text=\u00bbDesde las 15:30 horas\u00bb font_container=\u00bbtag:h3|font_size:30px|text_align:left|color:%23000000|line_height:40px\u00bb google_fonts=\u00bbfont_family:Roboto%20Condensed%3A300%2C300italic%2Cregular%2Citalic%2C700%2C700italic|font_style:700%20bold%20regular%3A700%3Anormal\u00bb][vc_custom_heading text=\u00bbRecepci\u00f3n de asistentes, acreditaci\u00f3n&#8230;<\/p>\n","protected":false},"author":1,"featured_media":0,"parent":0,"menu_order":0,"comment_status":"closed","ping_status":"closed","template":"templates\/template-frontpage.php","meta":{"footnotes":""},"class_list":["post-20","page","type-page","status-publish","hentry"],"_links":{"self":[{"href":"https:\/\/www.ull.es\/eventos\/crue-gerencia\/wp-json\/wp\/v2\/pages\/20"}],"collection":[{"href":"https:\/\/www.ull.es\/eventos\/crue-gerencia\/wp-json\/wp\/v2\/pages"}],"about":[{"href":"https:\/\/www.ull.es\/eventos\/crue-gerencia\/wp-json\/wp\/v2\/types\/page"}],"author":[{"embeddable":true,"href":"https:\/\/www.ull.es\/eventos\/crue-gerencia\/wp-json\/wp\/v2\/users\/1"}],"replies":[{"embeddable":true,"href":"https:\/\/www.ull.es\/eventos\/crue-gerencia\/wp-json\/wp\/v2\/comments?post=20"}],"version-history":[{"count":249,"href":"https:\/\/www.ull.es\/eventos\/crue-gerencia\/wp-json\/wp\/v2\/pages\/20\/revisions"}],"predecessor-version":[{"id":634,"href":"https:\/\/www.ull.es\/eventos\/crue-gerencia\/wp-json\/wp\/v2\/pages\/20\/revisions\/634"}],"wp:attachment":[{"href":"https:\/\/www.ull.es\/eventos\/crue-gerencia\/wp-json\/wp\/v2\/media?parent=20"}],"curies":[{"name":"wp","href":"https:\/\/api.w.org\/{rel}","templated":true}]}}