{"id":22,"date":"2018-05-25T11:25:55","date_gmt":"2018-05-25T11:25:55","guid":{"rendered":"http:\/\/www.ull.es\/eventos\/crue-gerencia\/?page_id=20"},"modified":"2022-05-17T12:24:34","modified_gmt":"2022-05-17T12:24:34","slug":"programa","status":"publish","type":"page","link":"https:\/\/www.ull.es\/eventos\/cruetic\/programa\/","title":{"rendered":"Programa"},"content":{"rendered":"<p>[vc_row full_width=\u00bbstretch_row_content_no_spaces\u00bb][vc_column]\n<div id=\"rev_slider_1_1_wrapper\" class=\"rev_slider_wrapper fullwidthbanner-container\" data-source=\"gallery\" style=\"margin:0px auto;background:transparent;padding:0px;margin-top:0px;margin-bottom:0px;\">\n<!-- START REVOLUTION SLIDER 5.4.7.3 auto mode -->\n\t<div id=\"rev_slider_1_1\" class=\"rev_slider fullwidthabanner\" style=\"display:none;\" data-version=\"5.4.7.3\">\n<ul>\t<!-- SLIDE  -->\n\t<li data-index=\"rs-2\" data-transition=\"fade\" data-slotamount=\"default\" data-hideafterloop=\"0\" data-hideslideonmobile=\"off\"  data-easein=\"default\" data-easeout=\"default\" data-masterspeed=\"300\"  data-thumb=\"https:\/\/www.ull.es\/eventos\/cruetic\/wp-content\/uploads\/sites\/46\/2022\/03\/Fondo-SliderCRUE-100x50.jpg\"  data-delay=\"4520\"  data-rotate=\"0\"  data-saveperformance=\"off\"  data-title=\"Slide\" data-param1=\"\" data-param2=\"\" data-param3=\"\" data-param4=\"\" data-param5=\"\" data-param6=\"\" data-param7=\"\" data-param8=\"\" data-param9=\"\" data-param10=\"\" data-description=\"\">\n\t\t<!-- MAIN IMAGE -->\n\t\t<img loading=\"lazy\" decoding=\"async\" src=\"https:\/\/www.ull.es\/eventos\/cruetic\/wp-content\/uploads\/sites\/46\/2022\/03\/Fondo-SliderCRUE.jpg\"  alt=\"\" title=\"Fondo-SliderCRUE\"  width=\"1661\" height=\"601\" data-bgposition=\"center center\" data-bgfit=\"cover\" data-bgrepeat=\"no-repeat\" class=\"rev-slidebg\" data-no-retina>\n\t\t<!-- LAYERS -->\n\n\t\t<!-- LAYER NR. 1 -->\n\t\t<div class=\"tp-caption   tp-resizeme\" \n\t\t\t id=\"slide-2-layer-1\" \n\t\t\t data-x=\"97\" \n\t\t\t data-y=\"10\" \n\t\t\t\t\t\tdata-width=\"['none','none','none','none']\"\n\t\t\tdata-height=\"['none','none','none','none']\"\n \n\t\t\tdata-type=\"image\" \n\t\t\tdata-responsive_offset=\"on\" \n\n\t\t\tdata-frames='[{\"delay\":620,\"speed\":300,\"frame\":\"0\",\"from\":\"opacity:0;\",\"to\":\"o:1;\",\"ease\":\"Power3.easeInOut\"},{\"delay\":\"+3080\",\"speed\":300,\"frame\":\"999\",\"to\":\"opacity:0;\",\"ease\":\"Power3.easeInOut\"}]'\n\t\t\tdata-textAlign=\"['inherit','inherit','inherit','inherit']\"\n\t\t\tdata-paddingtop=\"[0,0,0,0]\"\n\t\t\tdata-paddingright=\"[0,0,0,0]\"\n\t\t\tdata-paddingbottom=\"[0,0,0,0]\"\n\t\t\tdata-paddingleft=\"[0,0,0,0]\"\n\n\t\t\tstyle=\"z-index: 5;\"><img loading=\"lazy\" decoding=\"async\" src=\"https:\/\/www.ull.es\/eventos\/cruetic\/wp-content\/uploads\/sites\/46\/2022\/03\/Texto-slider.png\" alt=\"\" data-ww=\"798px\" data-hh=\"372px\" width=\"798\" height=\"372\" data-no-retina> <\/div>\n\t<\/li>\n\t<!-- SLIDE  -->\n\t<li data-index=\"rs-4\" data-transition=\"fade\" data-slotamount=\"default\" data-hideafterloop=\"0\" data-hideslideonmobile=\"off\"  data-easein=\"default\" data-easeout=\"default\" data-masterspeed=\"300\"  data-thumb=\"https:\/\/www.ull.es\/eventos\/augac\/wp-content\/uploads\/sites\/45\/revslider\/portada-2\/central.jpg\"  data-rotate=\"0\"  data-saveperformance=\"off\"  data-title=\"Slide\" data-param1=\"\" data-param2=\"\" data-param3=\"\" data-param4=\"\" data-param5=\"\" data-param6=\"\" data-param7=\"\" data-param8=\"\" data-param9=\"\" data-param10=\"\" data-description=\"\">\n\t\t<!-- MAIN IMAGE -->\n\t\t<img decoding=\"async\" src=\"https:\/\/www.ull.es\/eventos\/augac\/wp-content\/uploads\/sites\/45\/revslider\/portada-2\/central.jpg\"  alt=\"\" title=\"Programa\"  data-bgposition=\"center center\" data-bgfit=\"cover\" data-bgrepeat=\"no-repeat\" class=\"rev-slidebg\" data-no-retina>\n\t\t<!-- LAYERS -->\n\n\t\t<!-- LAYER NR. 2 -->\n\t\t<div class=\"tp-caption   tp-resizeme\" \n\t\t\t id=\"slide-4-layer-1\" \n\t\t\t data-x=\"98\" \n\t\t\t data-y=\"19\" \n\t\t\t\t\t\tdata-width=\"['none','none','none','none']\"\n\t\t\tdata-height=\"['none','none','none','none']\"\n \n\t\t\tdata-type=\"image\" \n\t\t\tdata-responsive_offset=\"on\" \n\n\t\t\tdata-frames='[{\"delay\":0,\"speed\":300,\"frame\":\"0\",\"from\":\"opacity:0;\",\"to\":\"o:1;\",\"ease\":\"Power3.easeInOut\"},{\"delay\":\"wait\",\"speed\":300,\"frame\":\"999\",\"to\":\"opacity:0;\",\"ease\":\"Power3.easeInOut\"}]'\n\t\t\tdata-textAlign=\"['inherit','inherit','inherit','inherit']\"\n\t\t\tdata-paddingtop=\"[0,0,0,0]\"\n\t\t\tdata-paddingright=\"[0,0,0,0]\"\n\t\t\tdata-paddingbottom=\"[0,0,0,0]\"\n\t\t\tdata-paddingleft=\"[0,0,0,0]\"\n\n\t\t\tstyle=\"z-index: 5;\"><img loading=\"lazy\" decoding=\"async\" src=\"https:\/\/www.ull.es\/eventos\/cruetic\/wp-content\/uploads\/sites\/46\/2022\/03\/Texto-slider.png\" alt=\"\" data-ww=\"798px\" data-hh=\"372px\" width=\"798\" height=\"372\" data-no-retina> <\/div>\n\t<\/li>\n\t<!-- SLIDE  -->\n\t<li data-index=\"rs-5\" data-transition=\"fade\" data-slotamount=\"default\" data-hideafterloop=\"0\" data-hideslideonmobile=\"off\"  data-easein=\"default\" data-easeout=\"default\" data-masterspeed=\"300\"  data-thumb=\"https:\/\/www.ull.es\/eventos\/crue-internacional\/wp-content\/uploads\/sites\/7\/2019\/02\/guajara.jpg\"  data-rotate=\"0\"  data-saveperformance=\"off\"  data-title=\"Slide\" data-param1=\"\" data-param2=\"\" data-param3=\"\" data-param4=\"\" data-param5=\"\" data-param6=\"\" data-param7=\"\" data-param8=\"\" data-param9=\"\" data-param10=\"\" data-description=\"\">\n\t\t<!-- MAIN IMAGE -->\n\t\t<img decoding=\"async\" src=\"https:\/\/www.ull.es\/eventos\/crue-internacional\/wp-content\/uploads\/sites\/7\/2019\/02\/guajara.jpg\"  alt=\"\" title=\"Programa\"  data-bgposition=\"center center\" data-bgfit=\"cover\" data-bgrepeat=\"no-repeat\" class=\"rev-slidebg\" data-no-retina>\n\t\t<!-- LAYERS -->\n\n\t\t<!-- LAYER NR. 3 -->\n\t\t<div class=\"tp-caption   tp-resizeme\" \n\t\t\t id=\"slide-5-layer-1\" \n\t\t\t data-x=\"96\" \n\t\t\t data-y=\"17\" \n\t\t\t\t\t\tdata-width=\"['none','none','none','none']\"\n\t\t\tdata-height=\"['none','none','none','none']\"\n \n\t\t\tdata-type=\"image\" \n\t\t\tdata-responsive_offset=\"on\" \n\n\t\t\tdata-frames='[{\"delay\":0,\"speed\":300,\"frame\":\"0\",\"from\":\"opacity:0;\",\"to\":\"o:1;\",\"ease\":\"Power3.easeInOut\"},{\"delay\":\"wait\",\"speed\":300,\"frame\":\"999\",\"to\":\"opacity:0;\",\"ease\":\"Power3.easeInOut\"}]'\n\t\t\tdata-textAlign=\"['inherit','inherit','inherit','inherit']\"\n\t\t\tdata-paddingtop=\"[0,0,0,0]\"\n\t\t\tdata-paddingright=\"[0,0,0,0]\"\n\t\t\tdata-paddingbottom=\"[0,0,0,0]\"\n\t\t\tdata-paddingleft=\"[0,0,0,0]\"\n\n\t\t\tstyle=\"z-index: 5;\"><img loading=\"lazy\" decoding=\"async\" src=\"https:\/\/www.ull.es\/eventos\/cruetic\/wp-content\/uploads\/sites\/46\/2022\/03\/Texto-slider.png\" alt=\"\" data-ww=\"798px\" data-hh=\"372px\" width=\"798\" height=\"372\" data-no-retina> <\/div>\n\t<\/li>\n<\/ul>\n<script>var htmlDiv = document.getElementById(\"rs-plugin-settings-inline-css\"); var htmlDivCss=\"\";\r\n\t\t\t\t\t\tif(htmlDiv) {\r\n\t\t\t\t\t\t\thtmlDiv.innerHTML = htmlDiv.innerHTML + htmlDivCss;\r\n\t\t\t\t\t\t}else{\r\n\t\t\t\t\t\t\tvar htmlDiv = document.createElement(\"div\");\r\n\t\t\t\t\t\t\thtmlDiv.innerHTML = \"<style>\" + htmlDivCss + \"<\/style>\";\r\n\t\t\t\t\t\t\tdocument.getElementsByTagName(\"head\")[0].appendChild(htmlDiv.childNodes[0]);\r\n\t\t\t\t\t\t}\r\n\t\t\t\t\t<\/script>\n<div class=\"tp-bannertimer tp-bottom\" style=\"visibility: hidden !important;\"><\/div>\t<\/div>\n<script>var htmlDiv = document.getElementById(\"rs-plugin-settings-inline-css\"); var htmlDivCss=\"\";\r\n\t\t\t\tif(htmlDiv) {\r\n\t\t\t\t\thtmlDiv.innerHTML = htmlDiv.innerHTML + htmlDivCss;\r\n\t\t\t\t}else{\r\n\t\t\t\t\tvar htmlDiv = document.createElement(\"div\");\r\n\t\t\t\t\thtmlDiv.innerHTML = \"<style>\" + htmlDivCss + \"<\/style>\";\r\n\t\t\t\t\tdocument.getElementsByTagName(\"head\")[0].appendChild(htmlDiv.childNodes[0]);\r\n\t\t\t\t}\r\n\t\t\t<\/script>\n\t\t<script type=\"text\/javascript\">\r\nif (setREVStartSize!==undefined) setREVStartSize(\r\n\t{c: '#rev_slider_1_1', gridwidth: [1240], gridheight: [400], sliderLayout: 'auto'});\r\n\t\t\t\r\nvar revapi1,\r\n\ttpj;\t\r\n(function() {\t\t\t\r\n\tif (!\/loaded|interactive|complete\/.test(document.readyState)) document.addEventListener(\"DOMContentLoaded\",onLoad); else onLoad();\t\r\n\tfunction onLoad() {\t\t\t\t\r\n\t\tif (tpj===undefined) { tpj = jQuery; if(\"off\" == \"on\") tpj.noConflict();}\r\n\tif(tpj(\"#rev_slider_1_1\").revolution == undefined){\n\t\trevslider_showDoubleJqueryError(\"#rev_slider_1_1\");\n\t}else{\n\t\trevapi1 = tpj(\"#rev_slider_1_1\").show().revolution({\n\t\t\tsliderType:\"standard\",\n\t\t\tjsFileLocation:\"\/\/www.ull.es\/eventos\/cruetic\/wp-content\/plugins\/revslider\/public\/assets\/js\/\",\n\t\t\tsliderLayout:\"auto\",\n\t\t\tdottedOverlay:\"none\",\n\t\t\tdelay:9000,\n\t\t\tnavigation: {\n\t\t\t\tkeyboardNavigation:\"off\",\n\t\t\t\tkeyboard_direction: \"horizontal\",\n\t\t\t\tmouseScrollNavigation:\"off\",\n \t\t\t\t\t\t\tmouseScrollReverse:\"default\",\n\t\t\t\tonHoverStop:\"off\",\n\t\t\t\tarrows: {\n\t\t\t\t\tstyle:\"hesperiden\",\n\t\t\t\t\tenable:true,\n\t\t\t\t\thide_onmobile:false,\n\t\t\t\t\thide_onleave:true,\n\t\t\t\t\thide_delay:200,\n\t\t\t\t\thide_delay_mobile:1200,\n\t\t\t\t\ttmp:'',\n\t\t\t\t\tleft: {\n\t\t\t\t\t\th_align:\"left\",\n\t\t\t\t\t\tv_align:\"center\",\n\t\t\t\t\t\th_offset:20,\n\t\t\t\t\t\tv_offset:0\n\t\t\t\t\t},\n\t\t\t\t\tright: {\n\t\t\t\t\t\th_align:\"right\",\n\t\t\t\t\t\tv_align:\"center\",\n\t\t\t\t\t\th_offset:20,\n\t\t\t\t\t\tv_offset:0\n\t\t\t\t\t}\n\t\t\t\t}\n\t\t\t\t,\n\t\t\t\tbullets: {\n\t\t\t\t\tenable:true,\n\t\t\t\t\thide_onmobile:false,\n\t\t\t\t\tstyle:\"hephaistos\",\n\t\t\t\t\thide_onleave:false,\n\t\t\t\t\tdirection:\"horizontal\",\n\t\t\t\t\th_align:\"center\",\n\t\t\t\t\tv_align:\"bottom\",\n\t\t\t\t\th_offset:0,\n\t\t\t\t\tv_offset:20,\n\t\t\t\t\tspace:5,\n\t\t\t\t\ttmp:''\n\t\t\t\t}\n\t\t\t},\n\t\t\tvisibilityLevels:[1240,1024,778,480],\n\t\t\tgridwidth:1240,\n\t\t\tgridheight:400,\n\t\t\tlazyType:\"none\",\n\t\t\tshadow:0,\n\t\t\tspinner:\"spinner0\",\n\t\t\tstopLoop:\"off\",\n\t\t\tstopAfterLoops:-1,\n\t\t\tstopAtSlide:-1,\n\t\t\tshuffle:\"off\",\n\t\t\tautoHeight:\"off\",\n\t\t\tdisableProgressBar:\"on\",\n\t\t\thideThumbsOnMobile:\"off\",\n\t\t\thideSliderAtLimit:0,\n\t\t\thideCaptionAtLimit:0,\n\t\t\thideAllCaptionAtLilmit:0,\n\t\t\tdebugMode:false,\n\t\t\tfallbacks: {\n\t\t\t\tsimplifyAll:\"off\",\n\t\t\t\tnextSlideOnWindowFocus:\"off\",\n\t\t\t\tdisableFocusListener:false,\n\t\t\t}\n\t\t});\n\t}; \/* END OF revapi call *\/\n\t\n }; \/* END OF ON LOAD FUNCTION *\/\r\n}()); \/* END OF WRAPPING FUNCTION *\/\r\n<\/script>\r\n\t\t<script>\r\n\t\t\t\t\tvar htmlDivCss = unescape(\".hesperiden.tparrows%20%7B%0A%09cursor%3Apointer%3B%0A%09background%3Argba%280%2C0%2C0%2C0.5%29%3B%0A%09width%3A40px%3B%0A%09height%3A40px%3B%0A%09position%3Aabsolute%3B%0A%09display%3Ablock%3B%0A%09z-index%3A100%3B%0A%20%20%20%20border-radius%3A%2050%25%3B%0A%7D%0A.hesperiden.tparrows%3Ahover%20%7B%0A%09background%3Argba%280%2C%200%2C%200%2C%201%29%3B%0A%7D%0A.hesperiden.tparrows%3Abefore%20%7B%0A%09font-family%3A%20%22revicons%22%3B%0A%09font-size%3A20px%3B%0A%09color%3Argb%28255%2C%20255%2C%20255%29%3B%0A%09display%3Ablock%3B%0A%09line-height%3A%2040px%3B%0A%09text-align%3A%20center%3B%0A%7D%0A.hesperiden.tparrows.tp-leftarrow%3Abefore%20%7B%0A%09content%3A%20%22%5Ce82c%22%3B%0A%20%20%20%20margin-left%3A-3px%3B%0A%7D%0A.hesperiden.tparrows.tp-rightarrow%3Abefore%20%7B%0A%09content%3A%20%22%5Ce82d%22%3B%0A%20%20%20%20margin-right%3A-3px%3B%0A%7D%0A.hephaistos%20.tp-bullet%20%7B%0A%09width%3A12px%3B%0A%09height%3A12px%3B%0A%09position%3Aabsolute%3B%0A%09background%3Argba%28153%2C%20153%2C%20153%2C%201%29%3B%0A%09border%3A3px%20solid%20rgba%28255%2C255%2C255%2C0.9%29%3B%0A%09border-radius%3A50%25%3B%0A%09cursor%3A%20pointer%3B%0A%09box-sizing%3Acontent-box%3B%0A%20%20%20%20box-shadow%3A%200px%200px%202px%201px%20rgba%28130%2C130%2C130%2C%200.3%29%3B%0A%7D%0A.hephaistos%20.tp-bullet%3Ahover%2C%0A.hephaistos%20.tp-bullet.selected%20%7B%0A%09background%3Argba%28255%2C%20255%2C%20255%2C%201%29%3B%0A%20%20%20%20border-color%3Argba%280%2C%200%2C%200%2C%201%29%3B%0A%7D%0A\");\r\n\t\t\t\t\tvar htmlDiv = document.getElementById('rs-plugin-settings-inline-css');\r\n\t\t\t\t\tif(htmlDiv) {\r\n\t\t\t\t\t\thtmlDiv.innerHTML = htmlDiv.innerHTML + htmlDivCss;\r\n\t\t\t\t\t}\r\n\t\t\t\t\telse{\r\n\t\t\t\t\t\tvar htmlDiv = document.createElement('div');\r\n\t\t\t\t\t\thtmlDiv.innerHTML = '<style>' + htmlDivCss + '<\/style>';\r\n\t\t\t\t\t\tdocument.getElementsByTagName('head')[0].appendChild(htmlDiv.childNodes[0]);\r\n\t\t\t\t\t}\r\n\t\t\t\t  <\/script>\r\n\t\t\t\t<\/div><!-- END REVOLUTION SLIDER -->[\/vc_column][\/vc_row][vc_row disable_element=\u00bbyes\u00bb][vc_column][vc_empty_space height=\u00bb60px\u00bb][vc_custom_heading text=\u00bbPROGRAMA\u00bb font_container=\u00bbtag:h1|font_size:50px|text_align:left|color:%23000000|line_height:75px\u00bb google_fonts=\u00bbfont_family:Roboto%20Condensed%3A300%2C300italic%2Cregular%2Citalic%2C700%2C700italic|font_style:700%20bold%20regular%3A700%3Anormal\u00bb][vc_empty_space height=\u00bb15px\u00bb][vc_custom_heading text=\u00bbXXXII JORNADA DE FORMACI\u00d3N AUGAC<br \/>\nLOS IMPACTOS DE LA COMUNICACI\u00d3N ONLINE Y OFFLINE.<br \/>\nM\u00c9TRICAS Y BIG DATA\u00bb font_container=\u00bbtag:h2|font_size:3.5rem|text_align:left|color:%23000000|line_height:75px\u00bb google_fonts=\u00bbfont_family:Roboto%20Condensed%3A300%2C300italic%2Cregular%2Citalic%2C700%2C700italic|font_style:700%20bold%20regular%3A700%3Anormal\u00bb][vc_empty_space height=\u00bb15px\u00bb][vc_custom_heading text=\u00bb#Augactenerife2022&#8243; font_container=\u00bbtag:h4|font_size:2rem|text_align:left|color:%230a0202&#8243; google_fonts=\u00bbfont_family:Roboto%20Condensed%3A300%2C300italic%2Cregular%2Citalic%2C700%2C700italic|font_style:700%20bold%20regular%3A700%3Anormal\u00bb][vc_empty_space height=\u00bb30px\u00bb][\/vc_column][\/vc_row][vc_row][vc_column][vc_empty_space height=\u00bb30px\u00bb][vc_custom_heading text=\u00bb#CRUETICTenerife\u00bb font_container=\u00bbtag:h4|font_size:2rem|text_align:left|color:%230a0202&#8243; google_fonts=\u00bbfont_family:Roboto%20Condensed%3A300%2C300italic%2Cregular%2Citalic%2C700%2C700italic|font_style:700%20bold%20regular%3A700%3Anormal\u00bb][vc_empty_space height=\u00bb30px\u00bb][\/vc_column][\/vc_row][vc_row disable_element=\u00bbyes\u00bb][vc_column][vc_column_text]<\/p>\n<h3>Del 18 a 20 de mayo del 2022<\/h3>\n<p><span style=\"font-weight: 400\">M\u00e1s Informaci\u00f3n pr\u00f3ximamente.<\/span>[\/vc_column_text][vc_empty_space height=\u00bb60px\u00bb][vc_column_text]Si desea contactar con la secretar\u00eda t\u00e9cnica de las jornadas env\u00ede su dudas a gestioneventos@fg.ull.es.[\/vc_column_text][\/vc_column][\/vc_row][vc_row][vc_column][vc_column_text]<\/p>\n<h3>Del 18 a 20 de mayo del 2022<\/h3>\n<p>Ponga atenci\u00f3n al programa y a los diferentes espacios en los que se desarrollar\u00e1n las agendas.<\/p>\n<p>Programa sujeto a cambios.[\/vc_column_text][\/vc_column][\/vc_row][vc_row][vc_column][vc_tta_accordion style=\u00bbflat\u00bb color=\u00bbwhite\u00bb gap=\u00bb15&#8243; active_section=\u00bb\u00bb css_animation=\u00bbfadeInRight\u00bb no_fill=\u00bbtrue\u00bb collapsible_all=\u00bbtrue\u00bb][vc_tta_section title=\u00bb18 mayo de 2022&#8243; tab_id=\u00bb18-mayo\u00bb][vc_column_text]<span style=\"font-weight: 400\">Toda la agenda de este d\u00eda se desarrolla en <\/span><a href=\"https:\/\/www.google.com\/maps\/place\/La+Laguna+Gran+Hotel\/@28.4890626,-16.315521,17z\/data=!3m1!4b1!4m8!3m7!1s0xc41cdb87a137681:0xc36aac638290814!5m2!4m1!1i2!8m2!3d28.4890659!4d-16.3133441?q=la+laguna+gran+hotel&amp;rlz=1C1CHBD_esES999ES999&amp;um=1&amp;ie=UTF-8&amp;sa=X&amp;ved=2ahUKEwjkhoLIq7T3AhWux4UKHZRGAL0Q_AUoAXoECAIQAw&amp;shorturl=1\" target=\"_blank\" rel=\"noopener\"><span style=\"font-weight: 400\">La Laguna Gran Hotel.<\/span><\/a><\/p>\n<p><b>17.00-18.00 horas<\/b><span style=\"font-weight: 400\">: Acreditaciones.<\/span><\/p>\n<p><b>18.00-20.00 horas<\/b><span style=\"font-weight: 400\">: Sesi\u00f3n colaborativa sobre Unidigital.<\/span><\/p>\n<p><b>20.30-22.00 horas<\/b><span style=\"font-weight: 400\">: C\u00f3ctel de bienvenida.<\/span><\/p>\n<p><b>22.30 horas:<\/b><span style=\"font-weight: 400\"> Servicio de autobuses desde la <a href=\"https:\/\/goo.gl\/maps\/uKiJBxyDnbruY5dm8\" target=\"_blank\" rel=\"noopener\">Plaza del Adelantado<\/a>, situada junto al <a href=\"https:\/\/www.google.com\/maps\/place\/La+Laguna+Gran+Hotel\/@28.4890626,-16.315521,17z\/data=!3m1!4b1!4m8!3m7!1s0xc41cdb87a137681:0xc36aac638290814!5m2!4m1!1i2!8m2!3d28.4890659!4d-16.3133441?q=la+laguna+gran+hotel&amp;rlz=1C1CHBD_esES999ES999&amp;um=1&amp;ie=UTF-8&amp;sa=X&amp;ved=2ahUKEwjkhoLIq7T3AhWux4UKHZRGAL0Q_AUoAXoECAIQAw&amp;shorturl=1\" target=\"_blank\" rel=\"noopener\">La Laguna Gran Hotel<\/a> a la ciudad de Santa Cruz (dos puntos de descarga: <a href=\"https:\/\/goo.gl\/maps\/3UswJfaDazxoCAvq9\" target=\"_blank\" rel=\"noopener\">Plaza de Espa\u00f1a<\/a> y <a href=\"https:\/\/goo.gl\/maps\/aZJgPdrod1AHbaNg7\" target=\"_blank\" rel=\"noopener\">Parque Garc\u00eda Sanabria<\/a>). <\/span>[\/vc_column_text][\/vc_tta_section][vc_tta_section title=\u00bb19 mayo de 2022&#8243; tab_id=\u00bb19-mayo\u00bb][vc_column_text]<span style=\"font-weight: 400\">La agenda de este d\u00eda se distribuye entre la <\/span><a href=\"https:\/\/goo.gl\/maps\/iN5iPxqyKBxsSUuv9\" target=\"_blank\" rel=\"noopener\"><span style=\"font-weight: 400\">Facultad de Econom\u00eda, Empresa y Turismo de la Universidad de La Laguna<\/span><\/a><span style=\"font-weight: 400\">, y la ciudad <\/span><a href=\"https:\/\/goo.gl\/maps\/iN5iPxqyKBxsSUuv9\" target=\"_blank\" rel=\"noopener\"><span style=\"font-weight: 400\">Patrimonio de la Humanidad de San Crist\u00f3bal de La Laguna<\/span><\/a><span style=\"font-weight: 400\">, donde se desarrollar\u00e1 la agenda social.<\/span><\/p>\n<p><span style=\"font-weight: 400\">Para su desplazamiento hasta la facultad, se han dispuesto 3 servicios de autob\u00fas con la siguiente relaci\u00f3n (elija a su conveniencia):<\/span><\/p>\n<p style=\"padding-left: 40px\"><b>8.00 horas: <\/b><span style=\"font-weight: 400\">Salida de autob\u00fas desde la <\/span><a href=\"https:\/\/goo.gl\/maps\/3UswJfaDazxoCAvq9\" target=\"_blank\" rel=\"noopener\"><span style=\"font-weight: 400\">Plaza de Espa\u00f1a<\/span><\/a><span style=\"font-weight: 400\"> hacia la Facultad.<\/span><\/p>\n<p style=\"padding-left: 40px\"><b>8.10 horas: <span style=\"font-weight: 400\">Salida del autob\u00fas desde la <\/span><a href=\"https:\/\/goo.gl\/maps\/C1YnvtphTLe2K1Az9\" target=\"_blank\" rel=\"noopener\"><span style=\"font-weight: 400\">parada de autobuses del Hotel Contempor\u00e1neo<\/span><\/a><span style=\"font-weight: 400\"> hacia la facultad.<\/span><\/b><\/p>\n<p style=\"padding-left: 40px\"><b>8.15 horas: <\/b><span style=\"font-weight: 400\">Salida del autob\u00fas desde la <\/span><a href=\"https:\/\/goo.gl\/maps\/uKiJBxyDnbruY5dm8\" target=\"_blank\" rel=\"noopener\"><span style=\"font-weight: 400\">Plaza del Adelantado<\/span><\/a><span style=\"font-weight: 400\"> hacia la facultad.<\/span><\/p>\n<p>&nbsp;<\/p>\n<p><b>8.30-9.00 horas: <\/b><span style=\"font-weight: 400\">Acreditaci\u00f3n<\/span><\/p>\n<p><b>9.00-9.15 horas: <\/b><span style=\"font-weight: 400\">Bienvenida a la sesi\u00f3n t\u00e9cnica. Por <a href=\"https:\/\/www.linkedin.com\/in\/pradoandres\/?originalSubdomain=es\" target=\"_blank\" rel=\"noopener\">Andr\u00e9s Prado<\/a> y Juan Carlos Hern\u00e1ndez.<\/span><\/p>\n<p><b>9.15-10.35 horas: <\/b><i><span style=\"font-weight: 400\">TENDENCIAS EN CIBERSEGURIDAD<\/span><\/i><\/p>\n<p style=\"padding-left: 40px\"><span style=\"font-weight: 400\">Moderado por Paco Sampalo.<\/span><\/p>\n<p style=\"padding-left: 40px\"><b>9.15-9.25 horas: <\/b><span style=\"font-weight: 400\">Aspectos t\u00e9cnicos Nueva gu\u00eda CCN-STIC 881. Por <\/span><a href=\"https:\/\/www.linkedin.com\/in\/francisco-jose-sampalo-lainz-76341b13\/\" target=\"_blank\" rel=\"noopener\"><span style=\"font-weight: 400\">Paco Sampalo.<\/span><\/a><\/p>\n<p style=\"padding-left: 40px\"><b>9.25-9.45 horas: <\/b><span style=\"font-weight: 400\">\u00bfC\u00f3mo afectar\u00e1 la computaci\u00f3n cu\u00e1ntica a la criptograf\u00eda actual? Por <\/span><a href=\"https:\/\/www.linkedin.com\/in\/ricardo-barrasa-garcia\/\" target=\"_blank\" rel=\"noopener\"><span style=\"font-weight: 400\">Ricardo Barrasa Garc\u00eda.\u00a0<\/span><\/a><\/p>\n<p style=\"padding-left: 40px\"><b>9.45-10.05 horas: <\/b><span style=\"font-weight: 400\">IA y ciberseguridad. Por <\/span><a href=\"https:\/\/www.linkedin.com\/in\/santiagoportela\/\" target=\"_blank\" rel=\"noopener\"><span style=\"font-weight: 400\">Santiago Portela.<\/span><\/a><\/p>\n<p style=\"padding-left: 40px\"><b>10.05-10.25 horas: <\/b><span style=\"font-weight: 400\">No tengas miedo al cloud, como el cloud ayuda a detectar y defenderse contra las amenazas. GOOGLE. Por Jose Carlos Cerezo e Ismael Yuste.<\/span><\/p>\n<p style=\"padding-left: 40px\"><b>10.25-10.35 horas: <\/b><span style=\"font-weight: 400\">Turno de preguntas.<\/span><\/p>\n<p><b>10.35-11.25 horas: <\/b><i><span style=\"font-weight: 400\">PREVENCI\u00d3N<\/span><\/i><\/p>\n<p style=\"padding-left: 40px\"><b>10.35-11.05 horas: <\/b><span style=\"font-weight: 400\">Servicios de seguridad. Protecci\u00f3n del EndPoint. SOC. Por <\/span><a href=\"https:\/\/www.linkedin.com\/in\/albperez\/\" target=\"_blank\" rel=\"noopener\"><span style=\"font-weight: 400\">Alberto P\u00e9rez G\u00f3mez<\/span><\/a><span style=\"font-weight: 400\"> de RedIRIS.<\/span><\/p>\n<p style=\"padding-left: 40px\"><b>11.05-11.25 horas: <span style=\"font-weight: 400\">Herramientas para la concienciaci\u00f3n. <\/span><a href=\"https:\/\/es.linkedin.com\/in\/marcoantoniolozanomerino\/es\" target=\"_blank\" rel=\"noopener\"><span style=\"font-weight: 400\">Marco Antonio Lozano Merino<\/span><\/a><span style=\"font-weight: 400\">. INCIBE<\/span><\/b><\/p>\n<p><b>11.25-11.30 horas: <\/b><span style=\"font-weight: 400\">Instrucciones y metodolog\u00eda de los talleres paralelos.<\/span><\/p>\n<p><b>11.30-12.00 horas:<\/b><span style=\"font-weight: 400\"> Caf\u00e9 &#8211; Networking.<\/span><\/p>\n<p><b>12.00-13.00 horas:<\/b><i><span style=\"font-weight: 400\"> TALLERES PARALELOS<\/span><\/i><\/p>\n<p style=\"padding-left: 40px\"><span style=\"font-weight: 400\">Encuesta ciberseguridad en las universidades. Por <\/span><a href=\"https:\/\/www.linkedin.com\/in\/inaki-fuertes\/\" target=\"_blank\" rel=\"noopener\"><span style=\"font-weight: 400\">I\u00f1aki Fuertes.<\/span><\/a><\/p>\n<p style=\"padding-left: 40px\"><span style=\"font-weight: 400\">Discusi\u00f3n de cada uno de los grupos.<\/span><\/p>\n<p><b>13.00-14.00 horas: <\/b><i><span style=\"font-weight: 400\">CONCLUSIONES Y DEBATES SOBRE LOS TALLERES<\/span><\/i><\/p>\n<p style=\"padding-left: 40px\"><span style=\"font-weight: 400\">Discusi\u00f3n sobre los resultados y puesta en com\u00fan. CIONET.<\/span><\/p>\n<p><b>14.00-16.00 horas. <\/b><span style=\"font-weight: 400\">Comida.<\/span><\/p>\n<p><b>16.00-16.15 horas: <\/b><span style=\"font-weight: 400\">Foto de familia<\/span><span style=\"font-weight: 400\">.<\/span><\/p>\n<p><b>16.20-16.30 horas:<\/b> <i><span style=\"font-weight: 400\">Inauguraci\u00f3n Oficial de las Jornadas<\/span><\/i><span style=\"font-weight: 400\">.<\/span><\/p>\n<p style=\"padding-left: 40px\"><span style=\"font-weight: 400\">Con la participaci\u00f3n de:<\/span><\/p>\n<p style=\"padding-left: 40px\"><a href=\"https:\/\/www.ull.es\/la-universidad\/equipo-gobierno\/\" target=\"_blank\" rel=\"noopener\"><span style=\"font-weight: 400\">Rosa Mar\u00eda Aguilar Chinea<\/span><\/a><span style=\"font-weight: 400\">, Rectora de la Universidad de La Laguna.<\/span><\/p>\n<p style=\"padding-left: 40px\"><a href=\"https:\/\/www.ujaen.es\/departamentos\/ingeauto\/contactos\/gomez-ortega-juan\" target=\"_blank\" rel=\"noopener\"><span style=\"font-weight: 400\">Juan G\u00f3mez Ortega<\/span><\/a><span style=\"font-weight: 400\">, Rector de la Universidad de Ja\u00e9n y Presidente de la Sectorial TIC de CRUE.<\/span><\/p>\n<p style=\"padding-left: 40px\"><a href=\"https:\/\/www.orm.es\/programas\/tarde-abierta\/tarde-abierta-entrando-en-profundidades-pedro-miguel-ruiz-martinez\/\" target=\"_blank\" rel=\"noopener\"><span style=\"font-weight: 400\">Pedro Miguel Ru\u00edz Mart\u00ednez<\/span><\/a><span style=\"font-weight: 400\">, Vicerrector de Estrategia y Universidad Digital de la Universidad de Murcia. Secretario Ejecutiva de CRUE TIC.<\/span><\/p>\n<p style=\"padding-left: 40px\"><a href=\"https:\/\/www.linkedin.com\/in\/jorgeriera\/\" target=\"_blank\" rel=\"noopener\"><span style=\"font-weight: 400\">Jorge Riera Ledesma.<\/span><\/a><span style=\"font-weight: 400\"> Vicerrector de Agenda Digital y Modernizaci\u00f3n de la Universidad de La Laguna.<\/span><\/p>\n<p><b>16.30-17.45 horas:<\/b><span style=\"font-weight: 400\"> Asamblea de la Comisi\u00f3n Sectorial de TIC de CRUE.<\/span><\/p>\n<p style=\"padding-left: 40px\"><span style=\"font-weight: 400\">Elecciones CRUE-TIC<\/span><\/p>\n<p style=\"padding-left: 40px\"><span style=\"font-weight: 400\">Informe del Presidente de la Sectorial<\/span><\/p>\n<p style=\"padding-left: 40px\"><span style=\"font-weight: 400\">Estudio DigCompEdu<\/span><\/p>\n<p style=\"padding-left: 40px\"><span style=\"font-weight: 400\">Informe de los grupos de trabajo<\/span><\/p>\n<p style=\"padding-left: 40px\"><span style=\"font-weight: 400\">TIC 360 Teletrabajo<\/span><\/p>\n<p style=\"padding-left: 40px\"><span style=\"font-weight: 400\">Informe Mapa Capacidades EA Open Group<\/span><\/p>\n<p><b>18.30 horas: <\/b><span style=\"font-weight: 400\">\u00a0Desplazamiento en autob\u00fas a la ciudad de La Laguna, donde se desarrollar\u00e1 la agenda social.<\/span><\/p>\n<p><b>19.00-21.00 horas:<\/b><span style=\"font-weight: 400\"> Actividad social.<\/span><\/p>\n<p style=\"padding-left: 40px\"><span style=\"font-weight: 400\">Visita guiada por el Casco Hist\u00f3rico de La Laguna.<\/span><\/p>\n<p style=\"padding-left: 40px\"><span style=\"font-weight: 400\">Carrera de 5km por el Casco Hist\u00f3rico de La Laguna.<\/span><\/p>\n<p><b>21.00 horas:<\/b><span style=\"font-weight: 400\"> Cena en el <\/span><a href=\"https:\/\/goo.gl\/maps\/5aJXpJBvDWYmwmKk6\" target=\"_blank\" rel=\"noopener\"><span style=\"font-weight: 400\">Hotel Laguna Nivaria.<\/span><\/a><\/p>\n<p><b>23.15 horas:<\/b><span style=\"font-weight: 400\"> Servicio de autobuses desde la <\/span><a href=\"https:\/\/goo.gl\/maps\/uKiJBxyDnbruY5dm8\" target=\"_blank\" rel=\"noopener\"><span style=\"font-weight: 400\">Plaza del Adelantado<\/span><\/a><span style=\"font-weight: 400\">, situada junto al <\/span><a href=\"https:\/\/goo.gl\/maps\/5aJXpJBvDWYmwmKk6\" target=\"_blank\" rel=\"noopener\"><span style=\"font-weight: 400\">Hotel Laguna Nivaria.<\/span><\/a><span style=\"font-weight: 400\"> a la ciudad de Santa Cruz (dos puntos de descarga: <\/span><a href=\"https:\/\/goo.gl\/maps\/3UswJfaDazxoCAvq9\" target=\"_blank\" rel=\"noopener\"><span style=\"font-weight: 400\">Plaza de Espa\u00f1a<\/span><\/a><span style=\"font-weight: 400\"> y <\/span><a href=\"https:\/\/goo.gl\/maps\/aZJgPdrod1AHbaNg7\" target=\"_blank\" rel=\"noopener\"><span style=\"font-weight: 400\">Parque Garc\u00eda Sanabria<\/span><\/a><span style=\"font-weight: 400\">). <\/span>[\/vc_column_text][\/vc_tta_section][vc_tta_section title=\u00bb20 de mayo 2022&#8243; tab_id=\u00bb20-mayo\u00bb][vc_column_text]<span style=\"font-weight: 400\">La agenda de este d\u00eda se desarrolla en la <\/span><a href=\"https:\/\/goo.gl\/maps\/iN5iPxqyKBxsSUuv9\" target=\"_blank\" rel=\"noopener\"><span style=\"font-weight: 400\">Facultad de Econom\u00eda, Empresa y Turismo de la Universidad de La Laguna<\/span><\/a><span style=\"font-weight: 400\">.<\/span><\/p>\n<p><span style=\"font-weight: 400\">Para su desplazamiento hasta la facultad, se han dispuesto 3 servicios de autob\u00fas con la siguiente relaci\u00f3n (elija a su conveniencia):<\/span><\/p>\n<p style=\"padding-left: 40px\"><b>8.30 horas: <\/b><span style=\"font-weight: 400\">Salida de autob\u00fas desde la <\/span><a href=\"https:\/\/goo.gl\/maps\/3UswJfaDazxoCAvq9\" target=\"_blank\" rel=\"noopener\"><span style=\"font-weight: 400\">Plaza de Espa\u00f1a<\/span><\/a><span style=\"font-weight: 400\"> hacia la Facultad.<\/span><\/p>\n<p style=\"padding-left: 40px\"><b>8.40 horas: <span style=\"font-weight: 400\">Salida del autob\u00fas desde la <\/span><a href=\"https:\/\/goo.gl\/maps\/C1YnvtphTLe2K1Az9\" target=\"_blank\" rel=\"noopener\"><span style=\"font-weight: 400\">parada de autobuses del Hotel Contempor\u00e1neo<\/span><\/a><span style=\"font-weight: 400\"> hacia la facultad.<\/span><\/b><\/p>\n<p style=\"padding-left: 40px\"><b>8.45 horas: <\/b><span style=\"font-weight: 400\">Salida del autob\u00fas desde la <\/span><a href=\"https:\/\/goo.gl\/maps\/uKiJBxyDnbruY5dm8\" target=\"_blank\" rel=\"noopener\"><span style=\"font-weight: 400\">Plaza del Adelantado<\/span><\/a><span style=\"font-weight: 400\"> hacia la facultad.<\/span><\/p>\n<p><b>9.00-9.30 horas: <\/b><span style=\"font-weight: 400\">Acreditaci\u00f3n.<\/span><\/p>\n<p><b>9.30-10.00 horas:<\/b><span style=\"font-weight: 400\"> Ciberamenazas. Por <\/span><a href=\"https:\/\/www.enisa.europa.eu\/about-enisa\/structure-organization\/management-board\/cv\/es-cv-elena-de-la-calle-vian\" target=\"_blank\" rel=\"noopener\"><span style=\"font-weight: 400\">Elena de La Calle Vian<\/span><\/a><span style=\"font-weight: 400\">, Consejera T\u00e9cnica CIBER en la Unidad CIBER y contra la desinformaci\u00f3n del DSN.\u00a0<\/span><\/p>\n<p><b>10.00-11.00<\/b><b> horas:<\/b> <i><span style=\"font-weight: 400\">RESTAURACI\u00d3N DE SERVICIOS<\/span><\/i><\/p>\n<p style=\"padding-left: 40px\"><span style=\"font-weight: 400\">Modera <\/span><a href=\"https:\/\/www.linkedin.com\/in\/joaquin-canca-b9323012\/\" target=\"_blank\" rel=\"noopener\"><span style=\"font-weight: 400\">Joaqu\u00edn Canca.<\/span><\/a><\/p>\n<p style=\"padding-left: 40px\"><b>10.00-10.20 horas: <\/b><span style=\"font-weight: 400\">Restauraci\u00f3n de servicios tras un ciberataque. Por <a href=\"https:\/\/es.linkedin.com\/in\/mmallavibarrena\" target=\"_blank\" rel=\"noopener\" target=\"_blank\" rel=\"noopener\">Martiniano Mallavibarrena<\/a>, de Telef\u00f3nica.<\/span><\/p>\n<p style=\"padding-left: 40px\"><b>10.20-11.00 horas: <\/b><span style=\"font-weight: 400\">Mesa redonda de Experiencias tras un ciberataque. Con la participaci\u00f3n de Clara Bele\u00f1a de la UOC, Gon\u00e7al Badenes de la UAB y Andr\u00e9s Prado de la UCLM.<\/span><\/p>\n<p><b>11.00-11.15 horas:<\/b><span style=\"font-weight: 400\"> Turno abierto.<\/span><\/p>\n<p><b>11.15-11.45 horas:<\/b><span style=\"font-weight: 400\"> Caf\u00e9 &#8211; Networking.<\/span><\/p>\n<p><b>11.45-13.15 horas:<\/b> <i><span style=\"font-weight: 400\">ORGANIZACI\u00d3N Y CUMPLIMIENTO NORMATIVO<\/span><\/i><\/p>\n<p style=\"padding-left: 40px\"><b>11.45-12.15 horas: <\/b><span style=\"font-weight: 400\">Nuevo ENS y niveles de alerta. Por <\/span><a href=\"https:\/\/www.linkedin.com\/in\/miguel-a-amutio-6a7ab46\/?originalSubdomain=es\" target=\"_blank\" rel=\"noopener\"><span style=\"font-weight: 400\">Miguel \u00c1ngel Amutio<\/span><\/a><span style=\"font-weight: 400\">.\u00a0<\/span><\/p>\n<p style=\"padding-left: 40px\"><b>12.15-12.45 horas: <\/b><span style=\"font-weight: 400\">Nueva gu\u00eda de adecuaci\u00f3n al ENS para las universidades. Por Mario Pizcueta Martinez<\/span><span style=\"font-weight: 400\">, del CCN (Centro Criptol\u00f3gico Nacional).<\/span><\/p>\n<p style=\"padding-left: 40px\"><b>12.45-13.15 horas: <span style=\"font-weight: 400\">Turno de preguntas. <\/span><\/b><\/p>\n<p><b>13.15-13.45 horas: <\/b><i><span style=\"font-weight: 400\">MESA REDONDA &#8211; Estrategias de ciberseguridad de las universidades.\u00a0<\/span><\/i><\/p>\n<p style=\"padding-left: 40px\"><span style=\"font-weight: 400\">Moderada por Rosa Mar\u00eda Aguilar Chinea, Rectora ULL.<br \/>\nCon la participaci\u00f3n de:<\/span><\/p>\n<p style=\"padding-left: 40px\">Ismael Garc\u00eda Varea, Vicerrector de Transformaci\u00f3n y Estrategia Digital de la Universidad de Castilla La Mancha<\/p>\n<p style=\"padding-left: 40px\">Pedro Miguel Ru\u00edz Mart\u00ednez,\u00a0Vicerrector de Estrategia y Universidad Digital de la Universidad de Murcia<\/p>\n<p style=\"padding-left: 40px\"><span style=\"font-weight: 400\">Mario Pizcueta Martinez, Centro Criptol\u00f3gico Nacional<\/span><\/p>\n<p><b>13.45-14.15 horas: <\/b><span style=\"font-weight: 400\">Conclusiones y clausura de las Jornadas.<\/span><\/p>\n<p style=\"padding-left: 40px\"><span style=\"font-weight: 400\">Con la participaci\u00f3n de:<\/span><\/p>\n<p style=\"padding-left: 40px\"><a href=\"https:\/\/www.ull.es\/la-universidad\/equipo-gobierno\/\" target=\"_blank\" rel=\"noopener\"><span style=\"font-weight: 400\">Rosa Mar\u00eda Aguilar Chinea<\/span><\/a><span style=\"font-weight: 400\">, Rectora de la Universidad de La Laguna.<\/span><\/p>\n<p style=\"padding-left: 40px\"><a href=\"https:\/\/www.ujaen.es\/departamentos\/ingeauto\/contactos\/gomez-ortega-juan\" target=\"_blank\" rel=\"noopener\"><span style=\"font-weight: 400\">Juan G\u00f3mez Ortega<\/span><\/a><span style=\"font-weight: 400\">, Rector de la Universidad de Ja\u00e9n y Presidente de la Sectorial TIC de CRUE.<\/span><\/p>\n<p style=\"padding-left: 40px\"><a href=\"https:\/\/www.orm.es\/programas\/tarde-abierta\/tarde-abierta-entrando-en-profundidades-pedro-miguel-ruiz-martinez\/\" target=\"_blank\" rel=\"noopener\"><span style=\"font-weight: 400\">Pedro Miguel Ru\u00edz Mart\u00ednez<\/span><\/a><span style=\"font-weight: 400\">, Vicerrector de Estrategia y Universidad Digital de la Universidad de Murcia. Secretario Ejecutiva de CRUE TIC.<\/span><\/p>\n<p><b>14.15-15.45 horas: <\/b><span style=\"font-weight: 400\">Comida.<\/span><\/p>\n<p>&nbsp;<\/p>\n<p>Fin de las Jornadas.[\/vc_column_text][\/vc_tta_section][\/vc_tta_accordion][\/vc_column][\/vc_row][vc_row][vc_column][vc_btn title=\u00bbPROGRAMA EN PDF\u00bb link=\u00bburl:https%3A%2F%2Fdrive.google.com%2Ffile%2Fd%2F1DcBHdF6e7yeel4uWs_O3yJicf3m5tLrQ%2Fview%3Fusp%3Dsharing|title:CRUETIC%202022%20-%20PROGRAMA%20EN%20PDF\u00bb][vc_empty_space height=\u00bb60px\u00bb][\/vc_column][\/vc_row][vc_row][vc_column][vc_column_text]<\/p>\n<p>&nbsp;<\/p>\n<p>[\/vc_column_text][\/vc_column][\/vc_row][vc_row][vc_column width=\u00bb1\/6&#8243;][\/vc_column][vc_column width=\u00bb1\/6&#8243;][\/vc_column][vc_column width=\u00bb2\/6&#8243;][vc_custom_heading text=\u00bb#CRUETICTenerife\u00bb font_container=\u00bbtag:h3|font_size:3rem|text_align:center|color:%23000000&#8243; google_fonts=\u00bbfont_family:Roboto%20Condensed%3A300%2C300italic%2Cregular%2Citalic%2C700%2C700italic|font_style:700%20bold%20regular%3A700%3Anormal\u00bb css_animation=\u00bbbounceInLeft\u00bb][\/vc_column][vc_column width=\u00bb1\/6&#8243;][\/vc_column][vc_column width=\u00bb1\/6&#8243;][vc_icon icon_fontawesome=\u00bbfab fa-twitter\u00bb color=\u00bbblack\u00bb align=\u00bbcenter\u00bb css_animation=\u00bbbounceIn\u00bb link=\u00bburl:https%3A%2F%2Ftwitter.com%2FCrueUniversidad\u00bb][\/vc_column][\/vc_row][vc_row][vc_column][vc_separator][vc_empty_space height=\u00bb80px\u00bb][\/vc_column][\/vc_row][vc_row][vc_column][vc_row_inner][vc_column_inner width=\u00bb1\/4&#8243;][vc_custom_heading text=\u00bbPatrocina:\u00bb font_container=\u00bbtag:h3|font_size:24px|text_align:left|color:%23000000|line_height:35px\u00bb google_fonts=\u00bbfont_family:Roboto%20Condensed%3A300%2C300italic%2Cregular%2Citalic%2C700%2C700italic|font_style:700%20bold%20regular%3A700%3Anormal\u00bb css_animation=\u00bbbounceInLeft\u00bb][\/vc_column_inner][vc_column_inner width=\u00bb1\/4&#8243;][\/vc_column_inner][vc_column_inner width=\u00bb1\/4&#8243;][vc_custom_heading text=\u00bbOrganiza:\u00bb font_container=\u00bbtag:h3|font_size:24px|text_align:left|color:%23000000|line_height:35px\u00bb google_fonts=\u00bbfont_family:Roboto%20Condensed%3A300%2C300italic%2Cregular%2Citalic%2C700%2C700italic|font_style:700%20bold%20regular%3A700%3Anormal\u00bb css_animation=\u00bbbounceInLeft\u00bb][\/vc_column_inner][vc_column_inner width=\u00bb1\/4&#8243;][\/vc_column_inner][\/vc_row_inner][vc_row_inner][vc_column_inner width=\u00bb1\/4&#8243;][vc_single_image image=\u00bb1071&#8243; img_size=\u00bb157&#215;88&#8243; alignment=\u00bbcenter\u00bb onclick=\u00bbcustom_link\u00bb css_animation=\u00bbbounceInUp\u00bb link=\u00bbhttps:\/\/www.telefonica.com\/es\/\u00bb][\/vc_column_inner][vc_column_inner width=\u00bb1\/4&#8243;][vc_empty_space][vc_single_image image=\u00bb1138&#8243; img_size=\u00bb228&#215;40&#8243; onclick=\u00bbcustom_link\u00bb css_animation=\u00bbbounceInUp\u00bb link=\u00bbhttps:\/\/workspace.google.com\/intl\/es\/\u00bb][\/vc_column_inner][vc_column_inner width=\u00bb1\/4&#8243;][vc_empty_space][vc_single_image image=\u00bb1068&#8243; img_size=\u00bb157&#215;110&#8243; onclick=\u00bbcustom_link\u00bb css_animation=\u00bbbounceInUp\u00bb link=\u00bbhttps:\/\/tic.crue.org\/\u00bb][\/vc_column_inner][vc_column_inner width=\u00bb1\/4&#8243;][vc_single_image image=\u00bb1072&#8243; img_size=\u00bb157&#215;157&#8243; onclick=\u00bbcustom_link\u00bb css_animation=\u00bbbounceInUp\u00bb link=\u00bbhttps:\/\/www.ull.es\/\u00bb][\/vc_column_inner][\/vc_row_inner][\/vc_column][\/vc_row][vc_row][vc_column][vc_separator][\/vc_column][vc_column][vc_empty_space][vc_column_text]Si desea contactar con la secretar\u00eda t\u00e9cnica de las jornadas env\u00ede su dudas a gestioneventos@fg.ull.es.[\/vc_column_text][vc_empty_space][\/vc_column][\/vc_row]<\/p>\n","protected":false},"excerpt":{"rendered":"<p>[vc_row full_width=\u00bbstretch_row_content_no_spaces\u00bb][vc_column][\/vc_column][\/vc_row][vc_row disable_element=\u00bbyes\u00bb][vc_column][vc_empty_space height=\u00bb60px\u00bb][vc_custom_heading text=\u00bbPROGRAMA\u00bb font_container=\u00bbtag:h1|font_size:50px|text_align:left|color:%23000000|line_height:75px\u00bb google_fonts=\u00bbfont_family:Roboto%20Condensed%3A300%2C300italic%2Cregular%2Citalic%2C700%2C700italic|font_style:700%20bold%20regular%3A700%3Anormal\u00bb][vc_empty_space height=\u00bb15px\u00bb][vc_custom_heading text=\u00bbXXXII JORNADA DE FORMACI\u00d3N AUGAC LOS IMPACTOS DE LA COMUNICACI\u00d3N ONLINE Y OFFLINE. M\u00c9TRICAS Y BIG DATA\u00bb font_container=\u00bbtag:h2|font_size:3.5rem|text_align:left|color:%23000000|line_height:75px\u00bb google_fonts=\u00bbfont_family:Roboto%20Condensed%3A300%2C300italic%2Cregular%2Citalic%2C700%2C700italic|font_style:700%20bold%20regular%3A700%3Anormal\u00bb][vc_empty_space height=\u00bb15px\u00bb][vc_custom_heading text=\u00bb#Augactenerife2022&#8243; font_container=\u00bbtag:h4|font_size:2rem|text_align:left|color:%230a0202&#8243; google_fonts=\u00bbfont_family:Roboto%20Condensed%3A300%2C300italic%2Cregular%2Citalic%2C700%2C700italic|font_style:700%20bold%20regular%3A700%3Anormal\u00bb][vc_empty_space height=\u00bb30px\u00bb][\/vc_column][\/vc_row][vc_row][vc_column][vc_empty_space height=\u00bb30px\u00bb][vc_custom_heading text=\u00bb#CRUETICTenerife\u00bb font_container=\u00bbtag:h4|font_size:2rem|text_align:left|color:%230a0202&#8243; google_fonts=\u00bbfont_family:Roboto%20Condensed%3A300%2C300italic%2Cregular%2Citalic%2C700%2C700italic|font_style:700%20bold%20regular%3A700%3Anormal\u00bb][vc_empty_space height=\u00bb30px\u00bb][\/vc_column][\/vc_row][vc_row disable_element=\u00bbyes\u00bb][vc_column][vc_column_text] Del 18 a 20 de mayo del 2022 M\u00e1s Informaci\u00f3n pr\u00f3ximamente.[\/vc_column_text][vc_empty_space height=\u00bb60px\u00bb][vc_column_text]Si desea contactar con la secretar\u00eda&#8230;<\/p>\n","protected":false},"author":26,"featured_media":0,"parent":0,"menu_order":0,"comment_status":"closed","ping_status":"closed","template":"templates\/template-frontpage.php","meta":{"footnotes":""},"class_list":["post-22","page","type-page","status-publish","hentry"],"_links":{"self":[{"href":"https:\/\/www.ull.es\/eventos\/cruetic\/wp-json\/wp\/v2\/pages\/22"}],"collection":[{"href":"https:\/\/www.ull.es\/eventos\/cruetic\/wp-json\/wp\/v2\/pages"}],"about":[{"href":"https:\/\/www.ull.es\/eventos\/cruetic\/wp-json\/wp\/v2\/types\/page"}],"author":[{"embeddable":true,"href":"https:\/\/www.ull.es\/eventos\/cruetic\/wp-json\/wp\/v2\/users\/26"}],"replies":[{"embeddable":true,"href":"https:\/\/www.ull.es\/eventos\/cruetic\/wp-json\/wp\/v2\/comments?post=22"}],"version-history":[{"count":47,"href":"https:\/\/www.ull.es\/eventos\/cruetic\/wp-json\/wp\/v2\/pages\/22\/revisions"}],"predecessor-version":[{"id":1185,"href":"https:\/\/www.ull.es\/eventos\/cruetic\/wp-json\/wp\/v2\/pages\/22\/revisions\/1185"}],"wp:attachment":[{"href":"https:\/\/www.ull.es\/eventos\/cruetic\/wp-json\/wp\/v2\/media?parent=22"}],"curies":[{"name":"wp","href":"https:\/\/api.w.org\/{rel}","templated":true}]}}