{"id":234,"date":"2024-04-08T13:25:29","date_gmt":"2024-04-08T13:25:29","guid":{"rendered":"https:\/\/www.ull.es\/eventos\/hacer-historia\/?page_id=234"},"modified":"2024-04-22T14:56:39","modified_gmt":"2024-04-22T14:56:39","slug":"el-archivo-personal-de-jose-luis-escohotado-ibor","status":"publish","type":"page","link":"https:\/\/www.ull.es\/eventos\/hacer-historia\/el-archivo-personal-de-jose-luis-escohotado-ibor\/","title":{"rendered":"El archivo personal de Jos\u00e9 Luis Escohotado Ibor"},"content":{"rendered":"\n<div class=\"wp-block-columns cabecera is-layout-flex wp-container-core-columns-is-layout-1 wp-block-columns-is-layout-flex\">\n<div class=\"wp-block-column is-layout-flow wp-block-column-is-layout-flow\">\n<figure class=\"wp-block-image size-half is-resized\"><a href=\"https:\/\/www.ull.es\/eventos\/hacer-historia\" target=\"_blank\" rel=\"noopener\"><img loading=\"lazy\" decoding=\"async\" width=\"375\" height=\"68\" src=\"https:\/\/www.ull.es\/eventos\/hacer-historia\/wp-content\/uploads\/sites\/56\/2024\/04\/hacer_historia_horizontal-375x68.png\" alt=\"\" class=\"wp-image-115\" style=\"width:200px\" srcset=\"https:\/\/www.ull.es\/eventos\/hacer-historia\/wp-content\/uploads\/sites\/56\/2024\/04\/hacer_historia_horizontal-375x68.png 375w, https:\/\/www.ull.es\/eventos\/hacer-historia\/wp-content\/uploads\/sites\/56\/2024\/04\/hacer_historia_horizontal-300x54.png 300w, https:\/\/www.ull.es\/eventos\/hacer-historia\/wp-content\/uploads\/sites\/56\/2024\/04\/hacer_historia_horizontal-768x139.png 768w, https:\/\/www.ull.es\/eventos\/hacer-historia\/wp-content\/uploads\/sites\/56\/2024\/04\/hacer_historia_horizontal-750x135.png 750w, https:\/\/www.ull.es\/eventos\/hacer-historia\/wp-content\/uploads\/sites\/56\/2024\/04\/hacer_historia_horizontal.png 969w\" sizes=\"(max-width: 375px) 100vw, 375px\" \/><\/a><\/figure>\n<\/div>\n\n\n\n<div class=\"wp-block-column is-layout-flow wp-block-column-is-layout-flow\"><\/div>\n<\/div>\n\n\n\n<div class=\"wp-block-columns is-layout-flex wp-container-core-columns-is-layout-8 wp-block-columns-is-layout-flex\">\n<div class=\"wp-block-column is-layout-flow wp-block-column-is-layout-flow\" style=\"flex-basis:75%\">\n<div class=\"wp-block-columns is-layout-flex wp-container-core-columns-is-layout-2 wp-block-columns-is-layout-flex\">\n<div class=\"wp-block-column is-layout-flow wp-block-column-is-layout-flow\" style=\"flex-basis:33.33%\"><\/div>\n\n\n\n<div class=\"wp-block-column is-layout-flow wp-block-column-is-layout-flow\" style=\"flex-basis:66.66%\"><h2 class=\"wp-block-post-title\">El archivo personal de Jos\u00e9 Luis Escohotado Ibor<\/h2><\/div>\n<\/div>\n\n\n\n<div class=\"wp-block-columns is-layout-flex wp-container-core-columns-is-layout-3 wp-block-columns-is-layout-flex\">\n<div class=\"wp-block-column is-layout-flow wp-block-column-is-layout-flow\" style=\"flex-basis:66.66%\"><\/div>\n\n\n\n<div class=\"wp-block-column is-layout-flow wp-block-column-is-layout-flow\" style=\"flex-basis:33.33%\"><\/div>\n<\/div>\n\n\n\n<div class=\"wp-block-columns is-layout-flex wp-container-core-columns-is-layout-4 wp-block-columns-is-layout-flex\">\n<div class=\"wp-block-column is-layout-flow wp-block-column-is-layout-flow\" style=\"flex-basis:33.33%\"><\/div>\n\n\n\n<div class=\"wp-block-column is-layout-flow wp-block-column-is-layout-flow\" style=\"flex-basis:66.66%\">\n<p>Jos\u00e9 Luis Escohotado Ibor naci\u00f3 en San Lorenzo del Escorial, Madrid (1934). En su ni\u00f1ez le toc\u00f3 vivir la Rep\u00fablica, la Guerra Civil y sus secuelas. Inducido por la tradici\u00f3n familiar, estudi\u00f3 Derecho en la Universidad Central y, m\u00e1s tarde, Filosof\u00eda y Sociolog\u00eda. A lo largo de su vida, mantuvo contactos con destacados intelectuales como Jos\u00e9 Mar\u00eda Valverde, Manuel Sacrist\u00e1n, Jorge Sempr\u00fan, Carmen Laforet, Jos\u00e9 Bergamin, Jos\u00e9 Luis Abell\u00e1n o Luis Mart\u00edn Santos. Siempre alejado de los convencionalismos acad\u00e9micos, desde muy joven, vincul\u00f3 su trayectoria personal y profesional a la actividad pol\u00edtica, en la lucha antifranquista, primero, y en el republicanismo marxista y ecofeminista desde la Transici\u00f3n.&nbsp;<\/p>\n<\/div>\n<\/div>\n\n\n\n<div style=\"height:60px\" aria-hidden=\"true\" class=\"wp-block-spacer\"><\/div>\n\n\n\n<div class=\"wp-block-columns is-layout-flex wp-container-core-columns-is-layout-5 wp-block-columns-is-layout-flex\">\n<div class=\"wp-block-column is-layout-flow wp-block-column-is-layout-flow\" style=\"flex-basis:90%\">\n<figure class=\"wp-block-gallery has-nested-images columns-4 is-cropped wp-block-gallery-1 is-layout-flex wp-block-gallery-is-layout-flex\">\n<figure class=\"wp-block-image size-large is-style-default\"><a href=\"http:\/\/www.ull.es\/eventos\/hacer-historia\/wp-content\/uploads\/sites\/56\/2024\/04\/Foto-011_baja-scaled.jpg\" target=\"_blank\" rel=\"noopener\"><img loading=\"lazy\" decoding=\"async\" width=\"702\" height=\"1024\" src=\"https:\/\/www.ull.es\/eventos\/hacer-historia\/wp-content\/uploads\/sites\/56\/2024\/04\/Foto-011_baja-702x1024.jpg\" alt=\"\" class=\"wp-image-237\" srcset=\"https:\/\/www.ull.es\/eventos\/hacer-historia\/wp-content\/uploads\/sites\/56\/2024\/04\/Foto-011_baja-702x1024.jpg 702w, https:\/\/www.ull.es\/eventos\/hacer-historia\/wp-content\/uploads\/sites\/56\/2024\/04\/Foto-011_baja-206x300.jpg 206w, https:\/\/www.ull.es\/eventos\/hacer-historia\/wp-content\/uploads\/sites\/56\/2024\/04\/Foto-011_baja-768x1121.jpg 768w, https:\/\/www.ull.es\/eventos\/hacer-historia\/wp-content\/uploads\/sites\/56\/2024\/04\/Foto-011_baja-1052x1536.jpg 1052w, https:\/\/www.ull.es\/eventos\/hacer-historia\/wp-content\/uploads\/sites\/56\/2024\/04\/Foto-011_baja-1403x2048.jpg 1403w, https:\/\/www.ull.es\/eventos\/hacer-historia\/wp-content\/uploads\/sites\/56\/2024\/04\/Foto-011_baja-375x547.jpg 375w, https:\/\/www.ull.es\/eventos\/hacer-historia\/wp-content\/uploads\/sites\/56\/2024\/04\/Foto-011_baja-750x1095.jpg 750w, https:\/\/www.ull.es\/eventos\/hacer-historia\/wp-content\/uploads\/sites\/56\/2024\/04\/Foto-011_baja-1140x1664.jpg 1140w, https:\/\/www.ull.es\/eventos\/hacer-historia\/wp-content\/uploads\/sites\/56\/2024\/04\/Foto-011_baja-scaled.jpg 1754w\" sizes=\"(max-width: 702px) 100vw, 702px\" \/><\/a><\/figure>\n\n\n\n<figure class=\"wp-block-image size-large\"><a href=\"http:\/\/www.ull.es\/eventos\/hacer-historia\/wp-content\/uploads\/sites\/56\/2024\/04\/Foto-010_180ppp.jpg\" target=\"_blank\" rel=\"noopener\"><img loading=\"lazy\" decoding=\"async\" width=\"1024\" height=\"768\" src=\"https:\/\/www.ull.es\/eventos\/hacer-historia\/wp-content\/uploads\/sites\/56\/2024\/04\/Foto-010_180ppp-1024x768.jpg\" alt=\"\" class=\"wp-image-236\" srcset=\"https:\/\/www.ull.es\/eventos\/hacer-historia\/wp-content\/uploads\/sites\/56\/2024\/04\/Foto-010_180ppp-1024x768.jpg 1024w, https:\/\/www.ull.es\/eventos\/hacer-historia\/wp-content\/uploads\/sites\/56\/2024\/04\/Foto-010_180ppp-300x225.jpg 300w, https:\/\/www.ull.es\/eventos\/hacer-historia\/wp-content\/uploads\/sites\/56\/2024\/04\/Foto-010_180ppp-768x576.jpg 768w, https:\/\/www.ull.es\/eventos\/hacer-historia\/wp-content\/uploads\/sites\/56\/2024\/04\/Foto-010_180ppp-1536x1152.jpg 1536w, https:\/\/www.ull.es\/eventos\/hacer-historia\/wp-content\/uploads\/sites\/56\/2024\/04\/Foto-010_180ppp-375x281.jpg 375w, https:\/\/www.ull.es\/eventos\/hacer-historia\/wp-content\/uploads\/sites\/56\/2024\/04\/Foto-010_180ppp-750x563.jpg 750w, https:\/\/www.ull.es\/eventos\/hacer-historia\/wp-content\/uploads\/sites\/56\/2024\/04\/Foto-010_180ppp-1140x855.jpg 1140w, https:\/\/www.ull.es\/eventos\/hacer-historia\/wp-content\/uploads\/sites\/56\/2024\/04\/Foto-010_180ppp-108x81.jpg 108w, https:\/\/www.ull.es\/eventos\/hacer-historia\/wp-content\/uploads\/sites\/56\/2024\/04\/Foto-010_180ppp.jpg 2048w\" sizes=\"(max-width: 1024px) 100vw, 1024px\" \/><\/a><\/figure>\n\n\n\n<figure class=\"wp-block-image size-large\"><a href=\"http:\/\/www.ull.es\/eventos\/hacer-historia\/wp-content\/uploads\/sites\/56\/2024\/04\/Foto-009_96ppp.jpg\" target=\"_blank\" rel=\"noopener\"><img loading=\"lazy\" decoding=\"async\" width=\"556\" height=\"1024\" src=\"https:\/\/www.ull.es\/eventos\/hacer-historia\/wp-content\/uploads\/sites\/56\/2024\/04\/Foto-009_96ppp-556x1024.jpg\" alt=\"\" class=\"wp-image-235\" srcset=\"https:\/\/www.ull.es\/eventos\/hacer-historia\/wp-content\/uploads\/sites\/56\/2024\/04\/Foto-009_96ppp-556x1024.jpg 556w, https:\/\/www.ull.es\/eventos\/hacer-historia\/wp-content\/uploads\/sites\/56\/2024\/04\/Foto-009_96ppp-163x300.jpg 163w, https:\/\/www.ull.es\/eventos\/hacer-historia\/wp-content\/uploads\/sites\/56\/2024\/04\/Foto-009_96ppp-768x1413.jpg 768w, https:\/\/www.ull.es\/eventos\/hacer-historia\/wp-content\/uploads\/sites\/56\/2024\/04\/Foto-009_96ppp-375x690.jpg 375w, https:\/\/www.ull.es\/eventos\/hacer-historia\/wp-content\/uploads\/sites\/56\/2024\/04\/Foto-009_96ppp-750x1380.jpg 750w, https:\/\/www.ull.es\/eventos\/hacer-historia\/wp-content\/uploads\/sites\/56\/2024\/04\/Foto-009_96ppp.jpg 820w\" sizes=\"(max-width: 556px) 100vw, 556px\" \/><\/a><\/figure>\n<figcaption class=\"blocks-gallery-caption wp-element-caption\"><br><code>Cartel de la exposici\u00f3n Proceso a la violencia celebrada en el C.M. San Fernando en 1974<br><br>Visita de Emilio Lled\u00f3 y Jos\u00e9 Luis Escohotado al Fondo Antiguo de la ULL, acompa\u00f1ados por el personal de la Biblioteca, el 18 de noviembre de 2004. Autor: Emeterio Su\u00e1rez<br><br>Retrato de J.L. Escohotado joven (mediados de los a\u00f1os 60)<\/code><br><\/figcaption><\/figure>\n<\/div>\n\n\n\n<div class=\"wp-block-column is-layout-flow wp-block-column-is-layout-flow\" style=\"flex-basis:10%\"><\/div>\n<\/div>\n\n\n\n<div style=\"height:60px\" aria-hidden=\"true\" class=\"wp-block-spacer\"><\/div>\n\n\n\n<div class=\"wp-block-columns is-layout-flex wp-container-core-columns-is-layout-6 wp-block-columns-is-layout-flex\">\n<div class=\"wp-block-column is-layout-flow wp-block-column-is-layout-flow\" style=\"flex-basis:33.33%\"><\/div>\n\n\n\n<div class=\"wp-block-column is-layout-flow wp-block-column-is-layout-flow\" style=\"flex-basis:66.66%\">\n<p>Desde 1959 hasta 1963, milit\u00f3 en las Juventudes Socialistas clandestinas, y fue evolucionando ideol\u00f3gicamente hacia un marxismo m\u00e1s a la izquierda desde que asisti\u00f3 a los seminarios que organizaba&nbsp; Enrique Tierno Galv\u00e1n. En&nbsp; 1963 ingresa en el Partido Comunista de Espa\u00f1a y, por recomendaci\u00f3n de Enrique Tierno, comienza a trabajar en la editorial Tecnos. A principios de la d\u00e9cada de los sesenta, ir\u00e1 a D\u00fcsseldorf a aprender alem\u00e1n mientras trabaja en la construcci\u00f3n. Durante sus estudios de Filosof\u00eda tuvo la oportunidad de conocer a Jos\u00e9 Luis L\u00f3pez Aranguren, con quien estuvo estrechamente vinculado.&nbsp;En 1965 se instal\u00f3 en las Islas junto a su compa\u00f1era, la profesora y escritora Julia Gil. Desde entonces se dedic\u00f3 a la ense\u00f1anza de la Filosof\u00eda hasta el a\u00f1o 2004. Trabaj\u00f3 primero como catedr\u00e1tico de Instituto y, desde 1966,&nbsp; fue profesor en la Universidad de La Laguna, donde imparti\u00f3 clases junto a Emilio Lled\u00f3 y Javier Muguerza, entre otros. En esa \u00e9poca se relacion\u00f3 en Canarias con miembros de la resistencia antifranquista como Juan Menor, Sixto Raya, Manolo Garc\u00eda, Elina Bencomo o Roberto Garc\u00eda Luis y con personajes del mundo de la cultura como Pedro Lezcano, Alfonso Garc\u00eda-Ramos, Domingo P\u00e9rez Minik, Carlos Pinto Grote o Eduardo y Maud Westerdahl.<\/p>\n\n\n\n<p>Jos\u00e9 Luis Escohotado es uno de los m\u00e1s respetados intelectuales de las Islas, y ha dejado una profunda huella entre varias generaciones de estudiantes. Siempre ha estado comprometido pol\u00edticamente y ha sido militante activo de los movimientos sociales, as\u00ed como un destacado conferenciante. Desde 1978, hasta la actualidad, ha impartido numerosos seminarios sobre marxismo y anticapitalismo en diversos foros. Es necesario destacar que ha realizado una importante actividad a favor de la Memoria Hist\u00f3rica y de una Tercera Rep\u00fablica.&nbsp;<\/p>\n\n\n\n<p>Entre sus trabajos se encuentran varios ensayos y art\u00edculos como: <em>Los nueve problemas ecol\u00f3gico-pol\u00edticos m\u00e1s urgentes para la supervivencia de Canarias<\/em> (1974), <em>La metamorfosis del fascismo en la forma-estado del capitalismo<\/em> (1986),&nbsp; <em>Laudatio a Emilio Lled<\/em>\u00f3 (1997), <em>Una lectura prohibida: el Manifiesto Comunista<\/em> (2000), <em>Manifiesto de Republicanas y Republicanos de Tenerife<\/em> <em>(<\/em>manifiestos que ha escrito desde 2003 hasta el presente<em>)<\/em>, <em>Tesis sobre la privatizaci\u00f3n del saber y los ex\u00e1menes<\/em> (2004), <em>Escolio contra lo disciplinar, -meta-pluri-multi-inter-disciplinar<\/em> (2004), <em>Federalismo, rep\u00fablica y resurrecci\u00f3n democr\u00e1tica <\/em>(2004) o <em>Tesis sobre la privatizaci\u00f3n del saber y los ex\u00e1menes<\/em> (firmado y fechado, ir\u00f3nicamente, con el pseud\u00f3nimo Ernst Hoernle, Berl\u00edn,1919).<\/p>\n\n\n\n<p>En 1991 don\u00f3 a la Biblioteca de la ULL una parte de su archivo personal, documentaci\u00f3n que constituy\u00f3 el fondo inicial del Archivo de la Transici\u00f3n Democr\u00e1tica en Canarias. El profesor Escohotado hab\u00eda reunido en torno a 500 t\u00edtulos de publicaciones peri\u00f3dicas, 100 canarias y el resto estatales e internacionales.&nbsp; Adem\u00e1s de estos materiales don\u00f3 diversa documentaci\u00f3n textual (folletos, informes, panfletos, \u2026) y gr\u00e1fica (carteles y pegatinas) referida a la actividad pol\u00edtica canaria, estatal e internacional entre los a\u00f1os 60 y 90.<\/p>\n<\/div>\n<\/div>\n\n\n\n<div class=\"wp-block-columns is-layout-flex wp-container-core-columns-is-layout-7 wp-block-columns-is-layout-flex\">\n<div class=\"wp-block-column is-layout-flow wp-block-column-is-layout-flow\" style=\"flex-basis:33.33%\"><\/div>\n\n\n\n<div class=\"wp-block-column is-layout-flow wp-block-column-is-layout-flow\" style=\"flex-basis:66.66%\">\n<div style=\"height:40px\" aria-hidden=\"true\" class=\"wp-block-spacer\"><\/div>\n\n\n\n<h5 class=\"wp-block-heading\"><strong>Materiales expuestos<\/strong><\/h5>\n\n\n\n<div style=\"height:40px\" aria-hidden=\"true\" class=\"wp-block-spacer\"><\/div>\n\n\n\n<iframe loading=\"lazy\" width=\"560\" height=\"315\" src=\"https:\/\/www.youtube.com\/embed\/i7gQAVB9q9A?si=HvFY0xtYSKOMGe47\" title=\"YouTube video player\" frameborder=\"0\" allow=\"accelerometer; autoplay; clipboard-write; encrypted-media; gyroscope; picture-in-picture; web-share\" referrerpolicy=\"strict-origin-when-cross-origin\" allowfullscreen><\/iframe>\n<\/div>\n<\/div>\n<\/div>\n\n\n\n<div class=\"wp-block-column is-layout-flow wp-block-column-is-layout-flow\" style=\"flex-basis:25%\"><\/div>\n<\/div>\n","protected":false},"excerpt":{"rendered":"<p>Jos\u00e9 Luis Escohotado Ibor naci\u00f3 en San Lorenzo del Escorial, Madrid (1934). En su ni\u00f1ez le toc\u00f3 vivir la Rep\u00fablica, la Guerra Civil y sus secuelas. Inducido por la tradici\u00f3n familiar, estudi\u00f3 Derecho en la Universidad Central y, m\u00e1s tarde, Filosof\u00eda y Sociolog\u00eda. A lo largo de su vida, mantuvo contactos con destacados intelectuales como&#8230;<\/p>\n","protected":false},"author":14,"featured_media":0,"parent":0,"menu_order":0,"comment_status":"closed","ping_status":"closed","template":"templates\/template-no-title.php","meta":{"footnotes":""},"class_list":["post-234","page","type-page","status-publish","hentry"],"_links":{"self":[{"href":"https:\/\/www.ull.es\/eventos\/hacer-historia\/wp-json\/wp\/v2\/pages\/234"}],"collection":[{"href":"https:\/\/www.ull.es\/eventos\/hacer-historia\/wp-json\/wp\/v2\/pages"}],"about":[{"href":"https:\/\/www.ull.es\/eventos\/hacer-historia\/wp-json\/wp\/v2\/types\/page"}],"author":[{"embeddable":true,"href":"https:\/\/www.ull.es\/eventos\/hacer-historia\/wp-json\/wp\/v2\/users\/14"}],"replies":[{"embeddable":true,"href":"https:\/\/www.ull.es\/eventos\/hacer-historia\/wp-json\/wp\/v2\/comments?post=234"}],"version-history":[{"count":10,"href":"https:\/\/www.ull.es\/eventos\/hacer-historia\/wp-json\/wp\/v2\/pages\/234\/revisions"}],"predecessor-version":[{"id":646,"href":"https:\/\/www.ull.es\/eventos\/hacer-historia\/wp-json\/wp\/v2\/pages\/234\/revisions\/646"}],"wp:attachment":[{"href":"https:\/\/www.ull.es\/eventos\/hacer-historia\/wp-json\/wp\/v2\/media?parent=234"}],"curies":[{"name":"wp","href":"https:\/\/api.w.org\/{rel}","templated":true}]}}