{"id":260,"date":"2024-04-10T10:23:03","date_gmt":"2024-04-10T10:23:03","guid":{"rendered":"https:\/\/www.ull.es\/eventos\/hacer-historia\/?page_id=260"},"modified":"2024-04-22T16:53:29","modified_gmt":"2024-04-22T16:53:29","slug":"movimientos-sociales-accion-ciudadana-en-canarias","status":"publish","type":"page","link":"https:\/\/www.ull.es\/eventos\/hacer-historia\/movimientos-sociales-accion-ciudadana-en-canarias\/","title":{"rendered":"Movimientos sociales: acci\u00f3n ciudadana en Canarias"},"content":{"rendered":"\n<div class=\"wp-block-columns cabecera is-layout-flex wp-container-core-columns-is-layout-1 wp-block-columns-is-layout-flex\">\n<div class=\"wp-block-column is-layout-flow wp-block-column-is-layout-flow\">\n<figure class=\"wp-block-image size-half is-resized\"><a href=\"https:\/\/www.ull.es\/eventos\/hacer-historia\" target=\"_blank\" rel=\"noopener\"><img loading=\"lazy\" decoding=\"async\" width=\"375\" height=\"68\" src=\"https:\/\/www.ull.es\/eventos\/hacer-historia\/wp-content\/uploads\/sites\/56\/2024\/04\/hacer_historia_horizontal-375x68.png\" alt=\"\" class=\"wp-image-115\" style=\"width:200px\" srcset=\"https:\/\/www.ull.es\/eventos\/hacer-historia\/wp-content\/uploads\/sites\/56\/2024\/04\/hacer_historia_horizontal-375x68.png 375w, https:\/\/www.ull.es\/eventos\/hacer-historia\/wp-content\/uploads\/sites\/56\/2024\/04\/hacer_historia_horizontal-300x54.png 300w, https:\/\/www.ull.es\/eventos\/hacer-historia\/wp-content\/uploads\/sites\/56\/2024\/04\/hacer_historia_horizontal-768x139.png 768w, https:\/\/www.ull.es\/eventos\/hacer-historia\/wp-content\/uploads\/sites\/56\/2024\/04\/hacer_historia_horizontal-750x135.png 750w, https:\/\/www.ull.es\/eventos\/hacer-historia\/wp-content\/uploads\/sites\/56\/2024\/04\/hacer_historia_horizontal.png 969w\" sizes=\"(max-width: 375px) 100vw, 375px\" \/><\/a><\/figure>\n<\/div>\n\n\n\n<div class=\"wp-block-column is-layout-flow wp-block-column-is-layout-flow\"><\/div>\n<\/div>\n\n\n\n<div class=\"wp-block-columns is-layout-flex wp-container-core-columns-is-layout-8 wp-block-columns-is-layout-flex\">\n<div class=\"wp-block-column is-layout-flow wp-block-column-is-layout-flow\" style=\"flex-basis:75%\">\n<div class=\"wp-block-columns is-layout-flex wp-container-core-columns-is-layout-2 wp-block-columns-is-layout-flex\">\n<div class=\"wp-block-column is-layout-flow wp-block-column-is-layout-flow\" style=\"flex-basis:33.33%\"><\/div>\n\n\n\n<div class=\"wp-block-column is-layout-flow wp-block-column-is-layout-flow\" style=\"flex-basis:66.66%\"><h2 class=\"wp-block-post-title\">Movimientos sociales: acci\u00f3n ciudadana en Canarias<\/h2><\/div>\n<\/div>\n\n\n\n<div class=\"wp-block-columns is-layout-flex wp-container-core-columns-is-layout-3 wp-block-columns-is-layout-flex\">\n<div class=\"wp-block-column is-layout-flow wp-block-column-is-layout-flow\" style=\"flex-basis:66.66%\"><\/div>\n\n\n\n<div class=\"wp-block-column is-layout-flow wp-block-column-is-layout-flow\" style=\"flex-basis:33.33%\"><\/div>\n<\/div>\n\n\n\n<div class=\"wp-block-columns is-layout-flex wp-container-core-columns-is-layout-4 wp-block-columns-is-layout-flex\">\n<div class=\"wp-block-column is-layout-flow wp-block-column-is-layout-flow\" style=\"flex-basis:33.33%\"><\/div>\n\n\n\n<div class=\"wp-block-column is-layout-flow wp-block-column-is-layout-flow\" style=\"flex-basis:66.66%\">\n<p>La movilizaci\u00f3n ciudadana actu\u00f3 como un factor esencial en la crisis del tardofranquismo y la Transici\u00f3n en Canarias, donde colectivos diversos, con el impulso de las organizaciones de izquierdas y nacionalistas, plantean demandas que abarcan desde protestas por las condiciones de vida cotidianas (agua, vivienda, transporte,\u2026) a movilizaciones de car\u00e1cter transversal y politizado: feminismo, juventud, antimilitarismo, ecolog\u00eda, ense\u00f1anza y, con gran relevancia, el movimiento obrero. De buena parte de los colectivos y movilizaciones que se generaron entre los a\u00f1os 70 y 90, el ATDC dispone de documentaci\u00f3n, particularmente en los fondos del PUCC\/LCR, pero tambi\u00e9n en buena parte de los dem\u00e1s fondos donados al Archivo.<\/p>\n<\/div>\n<\/div>\n\n\n\n<div style=\"height:60px\" aria-hidden=\"true\" class=\"wp-block-spacer\"><\/div>\n\n\n\n<div class=\"wp-block-columns is-layout-flex wp-container-core-columns-is-layout-5 wp-block-columns-is-layout-flex\">\n<div class=\"wp-block-column is-layout-flow wp-block-column-is-layout-flow\" style=\"flex-basis:90%\">\n<figure class=\"wp-block-gallery has-nested-images columns-4 is-cropped wp-block-gallery-1 is-layout-flex wp-block-gallery-is-layout-flex\">\n<figure class=\"wp-block-image size-large is-style-default\"><a href=\"http:\/\/www.ull.es\/eventos\/hacer-historia\/wp-content\/uploads\/sites\/56\/2024\/04\/Foto-016_R_ed.jpg\" target=\"_blank\" rel=\"noopener\"><img loading=\"lazy\" decoding=\"async\" width=\"1024\" height=\"767\" src=\"http:\/\/www.ull.es\/eventos\/hacer-historia\/wp-content\/uploads\/sites\/56\/2024\/04\/Foto-016_R_ed-1024x767.jpg\" alt=\"\" class=\"wp-image-261\" srcset=\"https:\/\/www.ull.es\/eventos\/hacer-historia\/wp-content\/uploads\/sites\/56\/2024\/04\/Foto-016_R_ed-1024x767.jpg 1024w, https:\/\/www.ull.es\/eventos\/hacer-historia\/wp-content\/uploads\/sites\/56\/2024\/04\/Foto-016_R_ed-300x225.jpg 300w, https:\/\/www.ull.es\/eventos\/hacer-historia\/wp-content\/uploads\/sites\/56\/2024\/04\/Foto-016_R_ed-768x575.jpg 768w, https:\/\/www.ull.es\/eventos\/hacer-historia\/wp-content\/uploads\/sites\/56\/2024\/04\/Foto-016_R_ed-1536x1151.jpg 1536w, https:\/\/www.ull.es\/eventos\/hacer-historia\/wp-content\/uploads\/sites\/56\/2024\/04\/Foto-016_R_ed-375x281.jpg 375w, https:\/\/www.ull.es\/eventos\/hacer-historia\/wp-content\/uploads\/sites\/56\/2024\/04\/Foto-016_R_ed-750x562.jpg 750w, https:\/\/www.ull.es\/eventos\/hacer-historia\/wp-content\/uploads\/sites\/56\/2024\/04\/Foto-016_R_ed-1140x854.jpg 1140w, https:\/\/www.ull.es\/eventos\/hacer-historia\/wp-content\/uploads\/sites\/56\/2024\/04\/Foto-016_R_ed-108x81.jpg 108w, https:\/\/www.ull.es\/eventos\/hacer-historia\/wp-content\/uploads\/sites\/56\/2024\/04\/Foto-016_R_ed.jpg 1801w\" sizes=\"(max-width: 1024px) 100vw, 1024px\" \/><\/a><\/figure>\n\n\n\n<figure class=\"wp-block-image size-large\"><a href=\"http:\/\/www.ull.es\/eventos\/hacer-historia\/wp-content\/uploads\/sites\/56\/2024\/04\/Foto-017_baja.jpg\" target=\"_blank\" rel=\"noopener\"><img loading=\"lazy\" decoding=\"async\" width=\"1024\" height=\"668\" src=\"http:\/\/www.ull.es\/eventos\/hacer-historia\/wp-content\/uploads\/sites\/56\/2024\/04\/Foto-017_baja-1024x668.jpg\" alt=\"\" class=\"wp-image-263\" srcset=\"https:\/\/www.ull.es\/eventos\/hacer-historia\/wp-content\/uploads\/sites\/56\/2024\/04\/Foto-017_baja-1024x668.jpg 1024w, https:\/\/www.ull.es\/eventos\/hacer-historia\/wp-content\/uploads\/sites\/56\/2024\/04\/Foto-017_baja-300x196.jpg 300w, https:\/\/www.ull.es\/eventos\/hacer-historia\/wp-content\/uploads\/sites\/56\/2024\/04\/Foto-017_baja-768x501.jpg 768w, https:\/\/www.ull.es\/eventos\/hacer-historia\/wp-content\/uploads\/sites\/56\/2024\/04\/Foto-017_baja-375x245.jpg 375w, https:\/\/www.ull.es\/eventos\/hacer-historia\/wp-content\/uploads\/sites\/56\/2024\/04\/Foto-017_baja-750x489.jpg 750w, https:\/\/www.ull.es\/eventos\/hacer-historia\/wp-content\/uploads\/sites\/56\/2024\/04\/Foto-017_baja-1140x743.jpg 1140w, https:\/\/www.ull.es\/eventos\/hacer-historia\/wp-content\/uploads\/sites\/56\/2024\/04\/Foto-017_baja.jpg 1500w\" sizes=\"(max-width: 1024px) 100vw, 1024px\" \/><\/a><\/figure>\n\n\n\n<figure class=\"wp-block-image size-large\"><a href=\"http:\/\/www.ull.es\/eventos\/hacer-historia\/wp-content\/uploads\/sites\/56\/2024\/04\/Foto-018-scaled.jpg\" target=\"_blank\" rel=\"noopener\"><img loading=\"lazy\" decoding=\"async\" width=\"712\" height=\"1024\" src=\"http:\/\/www.ull.es\/eventos\/hacer-historia\/wp-content\/uploads\/sites\/56\/2024\/04\/Foto-018-712x1024.jpg\" alt=\"\" class=\"wp-image-264\" srcset=\"https:\/\/www.ull.es\/eventos\/hacer-historia\/wp-content\/uploads\/sites\/56\/2024\/04\/Foto-018-712x1024.jpg 712w, https:\/\/www.ull.es\/eventos\/hacer-historia\/wp-content\/uploads\/sites\/56\/2024\/04\/Foto-018-209x300.jpg 209w, https:\/\/www.ull.es\/eventos\/hacer-historia\/wp-content\/uploads\/sites\/56\/2024\/04\/Foto-018-768x1105.jpg 768w, https:\/\/www.ull.es\/eventos\/hacer-historia\/wp-content\/uploads\/sites\/56\/2024\/04\/Foto-018-1068x1536.jpg 1068w, https:\/\/www.ull.es\/eventos\/hacer-historia\/wp-content\/uploads\/sites\/56\/2024\/04\/Foto-018-1424x2048.jpg 1424w, https:\/\/www.ull.es\/eventos\/hacer-historia\/wp-content\/uploads\/sites\/56\/2024\/04\/Foto-018-375x539.jpg 375w, https:\/\/www.ull.es\/eventos\/hacer-historia\/wp-content\/uploads\/sites\/56\/2024\/04\/Foto-018-750x1079.jpg 750w, https:\/\/www.ull.es\/eventos\/hacer-historia\/wp-content\/uploads\/sites\/56\/2024\/04\/Foto-018-1140x1640.jpg 1140w, https:\/\/www.ull.es\/eventos\/hacer-historia\/wp-content\/uploads\/sites\/56\/2024\/04\/Foto-018-scaled.jpg 1779w\" sizes=\"(max-width: 712px) 100vw, 712px\" \/><\/a><\/figure>\n\n\n\n<figure class=\"wp-block-image size-full\"><a href=\"http:\/\/www.ull.es\/eventos\/hacer-historia\/wp-content\/uploads\/sites\/56\/2024\/04\/Foto-019_R_ed.jpg\" target=\"_blank\" rel=\"noopener\"><img loading=\"lazy\" decoding=\"async\" width=\"993\" height=\"693\" src=\"http:\/\/www.ull.es\/eventos\/hacer-historia\/wp-content\/uploads\/sites\/56\/2024\/04\/Foto-019_R_ed.jpg\" alt=\"\" class=\"wp-image-262\" srcset=\"https:\/\/www.ull.es\/eventos\/hacer-historia\/wp-content\/uploads\/sites\/56\/2024\/04\/Foto-019_R_ed.jpg 993w, https:\/\/www.ull.es\/eventos\/hacer-historia\/wp-content\/uploads\/sites\/56\/2024\/04\/Foto-019_R_ed-300x209.jpg 300w, https:\/\/www.ull.es\/eventos\/hacer-historia\/wp-content\/uploads\/sites\/56\/2024\/04\/Foto-019_R_ed-768x536.jpg 768w, https:\/\/www.ull.es\/eventos\/hacer-historia\/wp-content\/uploads\/sites\/56\/2024\/04\/Foto-019_R_ed-375x262.jpg 375w, https:\/\/www.ull.es\/eventos\/hacer-historia\/wp-content\/uploads\/sites\/56\/2024\/04\/Foto-019_R_ed-750x523.jpg 750w\" sizes=\"(max-width: 993px) 100vw, 993px\" \/><\/a><\/figure>\n<figcaption class=\"blocks-gallery-caption wp-element-caption\"><br><code><br><\/code><br><code>Manifestaci\u00f3n unitaria del 1o de mayo de 1978 en Santa Cruz de Tenerife<\/code><br><code><br>Alumnado del Instituto Alonso Quesada manifestando su apoyo al alumnado del Instituto P\u00e9rez Gald\u00f3s, que hab\u00edan sufrido amenazas de militantes de extrema derecha. Las Palmas, 1979<\/code><br><code><br>Cartel de los Comit\u00e9s Anti OTAN de Canarias en la campa\u00f1a del refer\u00e9ndum de 1986.<\/code><br><code><br>Jornadas Ecologistas Salvar Canarias (1987).<\/code><br><\/figcaption><\/figure>\n<\/div>\n\n\n\n<div class=\"wp-block-column is-layout-flow wp-block-column-is-layout-flow\" style=\"flex-basis:10%\"><\/div>\n<\/div>\n\n\n\n<div style=\"height:60px\" aria-hidden=\"true\" class=\"wp-block-spacer\"><\/div>\n\n\n\n<div class=\"wp-block-columns is-layout-flex wp-container-core-columns-is-layout-6 wp-block-columns-is-layout-flex\">\n<div class=\"wp-block-column is-layout-flow wp-block-column-is-layout-flow\" style=\"flex-basis:33.33%\"><\/div>\n\n\n\n<div class=\"wp-block-column is-layout-flow wp-block-column-is-layout-flow\" style=\"flex-basis:66.66%\">\n<p>Asociados al debilitamiento de la legitimidad del R\u00e9gimen y a cambios culturales en la sociedad canaria, a mediados de los a\u00f1os setenta comienzan a prodigarse asociaciones autorizadas (teleclubs, cristianos de base, asociaciones deportivas y culturales, de amas de casa, \u2026), en las que el encuentro entre personas afectadas por problemas similares va favoreciendo la formulaci\u00f3n de demandas que terminan adquiriendo contenido m\u00e1s pol\u00edtico, al enfrentarse a unas autoridades que no solo desist\u00edan de atender dichas demandas, sino que tambi\u00e9n&nbsp; recurr\u00edan a medidas represivas. Desde estos espacios, como sucedi\u00f3 con el Sindicato Vertical, se impulsan colectivos y movilizaciones que, a la muerte del dictador, atraviesan a toda la sociedad y la pol\u00edtica canaria. Sin \u00e1nimo de exhaustividad, destacamos:<\/p>\n\n\n\n<ul class=\"wp-block-list\">\n<li style=\"font-size:16px\"><strong><mark style=\"background-color:#fee31a\" class=\"has-inline-color\">Movimiento obrero<\/mark><\/strong>: nuclear en la resistencia antifranquista, inicialmente en el seno de las Comisiones Obreras y posteriormente con diversas organizaciones, algunas&nbsp; espec\u00edficas de Canarias, protagonistas de importantes movilizaciones (puertos, transporte, aparcer\u00eda, tabaco, hosteler\u00eda\u2026). Tambi\u00e9n el movimiento de ense\u00f1antes por la escuela p\u00fablica canaria.<\/li>\n\n\n\n<li style=\"font-size:16px\"><mark style=\"background-color:#fee31a\" class=\"has-inline-color\"><strong>Movimiento estudiantil<\/strong><\/mark>, presente en la ULL e institutos de bachillerato. Espacio de movilizaci\u00f3n, formaci\u00f3n y captaci\u00f3n de militantes de la izquierda y muchas organizaciones sociales.<\/li>\n\n\n\n<li style=\"font-size:16px\"><strong><mark style=\"background-color:#fee31a\" class=\"has-inline-color\">Movimiento ciudadano<\/mark><\/strong> centrado en la participaci\u00f3n, planes de barrios y demandas vecinales, que jugar\u00e1 un papel destacado en algunas candidaturas electorales municipales.&nbsp;<\/li>\n\n\n\n<li style=\"font-size:16px\"><strong><mark style=\"background-color:#fee31a\" class=\"has-inline-color\">Movimiento campesino<\/mark><\/strong>: Asociaciones agr\u00edcolas y ganaderas en defensa del sector primario y del patrimonio rural.<\/li>\n\n\n\n<li style=\"font-size:16px\"><strong><mark style=\"background-color:#fee31a\" class=\"has-inline-color\">Movimiento juvenil<\/mark><\/strong>: asociaciones reivindicativas y ya politizadas desde 1975, con demandas espec\u00edficas como la mayor\u00eda de edad a los 18 a\u00f1os o el cuestionamiento del servicio militar (masculino) o de los servicios sociales (femeninos) obligatorios.<\/li>\n\n\n\n<li style=\"font-size:16px\"><strong><mark style=\"background-color:#fee31a\" class=\"has-inline-color\">Movimiento de solidaridad internacional<\/mark><\/strong>, especialmente el de apoyo al pueblo saharaui presente hasta la actualidad, as\u00ed como la solidaridad con otros pueblos, principalmente de Am\u00e9rica Latina.<\/li>\n\n\n\n<li style=\"font-size:16px\"><mark style=\"background-color:#fee31a\" class=\"has-inline-color\"><strong>Movimiento antimilitarista<\/strong><\/mark>: destaca en los a\u00f1os ochenta el movimiento Anti-OTAN, antecedido por las luchas contra las instalaciones militares en diversas islas, contra la Legi\u00f3n en Fuerteventura y en defensa de la objeci\u00f3n de conciencia y la insumisi\u00f3n.<\/li>\n\n\n\n<li style=\"font-size:16px\"><strong><mark style=\"background-color:#fee31a\" class=\"has-inline-color\">Movimiento ecologista<\/mark><\/strong>, que se organiza tempranamente en torno a problemas vinculados a espacios y problemas concretos en todas las islas, protagonizando amplias movilizaciones desde los 80.<\/li>\n<\/ul>\n<\/div>\n<\/div>\n\n\n\n<div class=\"wp-block-columns is-layout-flex wp-container-core-columns-is-layout-7 wp-block-columns-is-layout-flex\">\n<div class=\"wp-block-column is-layout-flow wp-block-column-is-layout-flow\" style=\"flex-basis:33.33%\"><\/div>\n\n\n\n<div class=\"wp-block-column is-layout-flow wp-block-column-is-layout-flow\" style=\"flex-basis:66.66%\">\n<div style=\"height:40px\" aria-hidden=\"true\" class=\"wp-block-spacer\"><\/div>\n\n\n\n<h5 class=\"wp-block-heading\">Materiales expuestos<\/h5>\n\n\n\n<div style=\"height:40px\" aria-hidden=\"true\" class=\"wp-block-spacer\"><\/div>\n\n\n\n<iframe loading=\"lazy\" width=\"560\" height=\"315\" src=\"https:\/\/www.youtube.com\/embed\/rst9VYka4Qw?si=TvyZbSH-8CDAmt6n\" title=\"YouTube video player\" frameborder=\"0\" allow=\"accelerometer; autoplay; clipboard-write; encrypted-media; gyroscope; picture-in-picture; web-share\" referrerpolicy=\"strict-origin-when-cross-origin\" allowfullscreen><\/iframe>\n\n\n\n<div style=\"height:40px\" aria-hidden=\"true\" class=\"wp-block-spacer\"><\/div>\n\n\n\n<iframe loading=\"lazy\" width=\"560\" height=\"315\" src=\"https:\/\/www.youtube.com\/embed\/0jIbe_GDVZE?si=AdkziEmq90Ea_EgY\" title=\"YouTube video player\" frameborder=\"0\" allow=\"accelerometer; autoplay; clipboard-write; encrypted-media; gyroscope; picture-in-picture; web-share\" referrerpolicy=\"strict-origin-when-cross-origin\" allowfullscreen><\/iframe>\n<\/div>\n<\/div>\n<\/div>\n\n\n\n<div class=\"wp-block-column is-layout-flow wp-block-column-is-layout-flow\" style=\"flex-basis:25%\"><\/div>\n<\/div>\n","protected":false},"excerpt":{"rendered":"<p>La movilizaci\u00f3n ciudadana actu\u00f3 como un factor esencial en la crisis del tardofranquismo y la Transici\u00f3n en Canarias, donde colectivos diversos, con el impulso de las organizaciones de izquierdas y nacionalistas, plantean demandas que abarcan desde protestas por las condiciones de vida cotidianas (agua, vivienda, transporte,\u2026) a movilizaciones de car\u00e1cter transversal y politizado: feminismo, juventud,&#8230;<\/p>\n","protected":false},"author":14,"featured_media":0,"parent":0,"menu_order":0,"comment_status":"closed","ping_status":"closed","template":"templates\/template-no-title.php","meta":{"footnotes":""},"class_list":["post-260","page","type-page","status-publish","hentry"],"_links":{"self":[{"href":"https:\/\/www.ull.es\/eventos\/hacer-historia\/wp-json\/wp\/v2\/pages\/260"}],"collection":[{"href":"https:\/\/www.ull.es\/eventos\/hacer-historia\/wp-json\/wp\/v2\/pages"}],"about":[{"href":"https:\/\/www.ull.es\/eventos\/hacer-historia\/wp-json\/wp\/v2\/types\/page"}],"author":[{"embeddable":true,"href":"https:\/\/www.ull.es\/eventos\/hacer-historia\/wp-json\/wp\/v2\/users\/14"}],"replies":[{"embeddable":true,"href":"https:\/\/www.ull.es\/eventos\/hacer-historia\/wp-json\/wp\/v2\/comments?post=260"}],"version-history":[{"count":9,"href":"https:\/\/www.ull.es\/eventos\/hacer-historia\/wp-json\/wp\/v2\/pages\/260\/revisions"}],"predecessor-version":[{"id":650,"href":"https:\/\/www.ull.es\/eventos\/hacer-historia\/wp-json\/wp\/v2\/pages\/260\/revisions\/650"}],"wp:attachment":[{"href":"https:\/\/www.ull.es\/eventos\/hacer-historia\/wp-json\/wp\/v2\/media?parent=260"}],"curies":[{"name":"wp","href":"https:\/\/api.w.org\/{rel}","templated":true}]}}