{"id":270,"date":"2024-04-10T10:28:22","date_gmt":"2024-04-10T10:28:22","guid":{"rendered":"https:\/\/www.ull.es\/eventos\/hacer-historia\/?page_id=270"},"modified":"2024-04-22T16:55:32","modified_gmt":"2024-04-22T16:55:32","slug":"el-movimiento-feminista-el-malestar-de-las-mujeres","status":"publish","type":"page","link":"https:\/\/www.ull.es\/eventos\/hacer-historia\/el-movimiento-feminista-el-malestar-de-las-mujeres\/","title":{"rendered":"El movimiento feminista: el malestar de las mujeres"},"content":{"rendered":"\n<div class=\"wp-block-columns cabecera is-layout-flex wp-container-core-columns-is-layout-1 wp-block-columns-is-layout-flex\">\n<div class=\"wp-block-column is-layout-flow wp-block-column-is-layout-flow\">\n<figure class=\"wp-block-image size-half is-resized\"><a href=\"https:\/\/www.ull.es\/eventos\/hacer-historia\" target=\"_blank\" rel=\"noopener\"><img loading=\"lazy\" decoding=\"async\" width=\"375\" height=\"68\" src=\"https:\/\/www.ull.es\/eventos\/hacer-historia\/wp-content\/uploads\/sites\/56\/2024\/04\/hacer_historia_horizontal-375x68.png\" alt=\"\" class=\"wp-image-115\" style=\"width:200px\" srcset=\"https:\/\/www.ull.es\/eventos\/hacer-historia\/wp-content\/uploads\/sites\/56\/2024\/04\/hacer_historia_horizontal-375x68.png 375w, https:\/\/www.ull.es\/eventos\/hacer-historia\/wp-content\/uploads\/sites\/56\/2024\/04\/hacer_historia_horizontal-300x54.png 300w, https:\/\/www.ull.es\/eventos\/hacer-historia\/wp-content\/uploads\/sites\/56\/2024\/04\/hacer_historia_horizontal-768x139.png 768w, https:\/\/www.ull.es\/eventos\/hacer-historia\/wp-content\/uploads\/sites\/56\/2024\/04\/hacer_historia_horizontal-750x135.png 750w, https:\/\/www.ull.es\/eventos\/hacer-historia\/wp-content\/uploads\/sites\/56\/2024\/04\/hacer_historia_horizontal.png 969w\" sizes=\"(max-width: 375px) 100vw, 375px\" \/><\/a><\/figure>\n<\/div>\n\n\n\n<div class=\"wp-block-column is-layout-flow wp-block-column-is-layout-flow\"><\/div>\n<\/div>\n\n\n\n<div class=\"wp-block-columns is-layout-flex wp-container-core-columns-is-layout-8 wp-block-columns-is-layout-flex\">\n<div class=\"wp-block-column is-layout-flow wp-block-column-is-layout-flow\" style=\"flex-basis:75%\">\n<div class=\"wp-block-columns is-layout-flex wp-container-core-columns-is-layout-2 wp-block-columns-is-layout-flex\">\n<div class=\"wp-block-column is-layout-flow wp-block-column-is-layout-flow\" style=\"flex-basis:33.33%\"><\/div>\n\n\n\n<div class=\"wp-block-column is-layout-flow wp-block-column-is-layout-flow\" style=\"flex-basis:66.66%\"><h2 class=\"wp-block-post-title\">El movimiento feminista: el malestar de las mujeres<\/h2><\/div>\n<\/div>\n\n\n\n<div class=\"wp-block-columns is-layout-flex wp-container-core-columns-is-layout-3 wp-block-columns-is-layout-flex\">\n<div class=\"wp-block-column is-layout-flow wp-block-column-is-layout-flow\" style=\"flex-basis:66.66%\"><\/div>\n\n\n\n<div class=\"wp-block-column is-layout-flow wp-block-column-is-layout-flow\" style=\"flex-basis:33.33%\"><\/div>\n<\/div>\n\n\n\n<div class=\"wp-block-columns is-layout-flex wp-container-core-columns-is-layout-4 wp-block-columns-is-layout-flex\">\n<div class=\"wp-block-column is-layout-flow wp-block-column-is-layout-flow\" style=\"flex-basis:33.33%\"><\/div>\n\n\n\n<div class=\"wp-block-column is-layout-flow wp-block-column-is-layout-flow\" style=\"flex-basis:66.66%\">\n<p>El movimiento feminista surge en un contexto de creciente malestar de las mujeres con la represi\u00f3n y las discriminaciones heredadas del franquismo, contribuyendo a impulsar cambios socioculturales que atravesaran las condiciones de vida de mujeres y hombres en Canarias. Durante la Transici\u00f3n, el feminismo estuvo presente de muy diversas maneras en la sociedad y en las reformas que se fueron desplegando institucionalmente.<\/p>\n<\/div>\n<\/div>\n\n\n\n<div style=\"height:60px\" aria-hidden=\"true\" class=\"wp-block-spacer\"><\/div>\n\n\n\n<div class=\"wp-block-columns is-layout-flex wp-container-core-columns-is-layout-5 wp-block-columns-is-layout-flex\">\n<div class=\"wp-block-column is-layout-flow wp-block-column-is-layout-flow\" style=\"flex-basis:90%\">\n<figure class=\"wp-block-gallery has-nested-images columns-5 is-cropped wp-block-gallery-1 is-layout-flex wp-block-gallery-is-layout-flex\">\n<figure class=\"wp-block-image size-large is-style-default\"><a href=\"http:\/\/www.ull.es\/eventos\/hacer-historia\/wp-content\/uploads\/sites\/56\/2024\/04\/Foto-020_72ppp.jpg\" target=\"_blank\" rel=\"noopener\"><img loading=\"lazy\" decoding=\"async\" width=\"1024\" height=\"670\" src=\"http:\/\/www.ull.es\/eventos\/hacer-historia\/wp-content\/uploads\/sites\/56\/2024\/04\/Foto-020_72ppp-1024x670.jpg\" alt=\"\" class=\"wp-image-267\" srcset=\"https:\/\/www.ull.es\/eventos\/hacer-historia\/wp-content\/uploads\/sites\/56\/2024\/04\/Foto-020_72ppp-1024x670.jpg 1024w, https:\/\/www.ull.es\/eventos\/hacer-historia\/wp-content\/uploads\/sites\/56\/2024\/04\/Foto-020_72ppp-300x196.jpg 300w, https:\/\/www.ull.es\/eventos\/hacer-historia\/wp-content\/uploads\/sites\/56\/2024\/04\/Foto-020_72ppp-768x503.jpg 768w, https:\/\/www.ull.es\/eventos\/hacer-historia\/wp-content\/uploads\/sites\/56\/2024\/04\/Foto-020_72ppp-1536x1005.jpg 1536w, https:\/\/www.ull.es\/eventos\/hacer-historia\/wp-content\/uploads\/sites\/56\/2024\/04\/Foto-020_72ppp-2048x1340.jpg 2048w, https:\/\/www.ull.es\/eventos\/hacer-historia\/wp-content\/uploads\/sites\/56\/2024\/04\/Foto-020_72ppp-375x245.jpg 375w, https:\/\/www.ull.es\/eventos\/hacer-historia\/wp-content\/uploads\/sites\/56\/2024\/04\/Foto-020_72ppp-750x491.jpg 750w, https:\/\/www.ull.es\/eventos\/hacer-historia\/wp-content\/uploads\/sites\/56\/2024\/04\/Foto-020_72ppp-1140x746.jpg 1140w\" sizes=\"(max-width: 1024px) 100vw, 1024px\" \/><\/a><\/figure>\n\n\n\n<figure class=\"wp-block-image size-large\"><a href=\"http:\/\/www.ull.es\/eventos\/hacer-historia\/wp-content\/uploads\/sites\/56\/2024\/04\/Foto-020bis.jpg\" target=\"_blank\" rel=\"noopener\"><img loading=\"lazy\" decoding=\"async\" width=\"1024\" height=\"740\" src=\"http:\/\/www.ull.es\/eventos\/hacer-historia\/wp-content\/uploads\/sites\/56\/2024\/04\/Foto-020bis-1024x740.jpg\" alt=\"\" class=\"wp-image-268\" srcset=\"https:\/\/www.ull.es\/eventos\/hacer-historia\/wp-content\/uploads\/sites\/56\/2024\/04\/Foto-020bis-1024x740.jpg 1024w, https:\/\/www.ull.es\/eventos\/hacer-historia\/wp-content\/uploads\/sites\/56\/2024\/04\/Foto-020bis-300x217.jpg 300w, https:\/\/www.ull.es\/eventos\/hacer-historia\/wp-content\/uploads\/sites\/56\/2024\/04\/Foto-020bis-768x555.jpg 768w, https:\/\/www.ull.es\/eventos\/hacer-historia\/wp-content\/uploads\/sites\/56\/2024\/04\/Foto-020bis-1536x1111.jpg 1536w, https:\/\/www.ull.es\/eventos\/hacer-historia\/wp-content\/uploads\/sites\/56\/2024\/04\/Foto-020bis-375x271.jpg 375w, https:\/\/www.ull.es\/eventos\/hacer-historia\/wp-content\/uploads\/sites\/56\/2024\/04\/Foto-020bis-750x542.jpg 750w, https:\/\/www.ull.es\/eventos\/hacer-historia\/wp-content\/uploads\/sites\/56\/2024\/04\/Foto-020bis-1140x824.jpg 1140w, https:\/\/www.ull.es\/eventos\/hacer-historia\/wp-content\/uploads\/sites\/56\/2024\/04\/Foto-020bis.jpg 1914w\" sizes=\"(max-width: 1024px) 100vw, 1024px\" \/><\/a><\/figure>\n\n\n\n<figure class=\"wp-block-image size-large\"><a href=\"http:\/\/www.ull.es\/eventos\/hacer-historia\/wp-content\/uploads\/sites\/56\/2024\/04\/Foto-021_R.jpg\" target=\"_blank\" rel=\"noopener\"><img loading=\"lazy\" decoding=\"async\" width=\"1024\" height=\"786\" src=\"http:\/\/www.ull.es\/eventos\/hacer-historia\/wp-content\/uploads\/sites\/56\/2024\/04\/Foto-021_R-1024x786.jpg\" alt=\"\" class=\"wp-image-269\" srcset=\"https:\/\/www.ull.es\/eventos\/hacer-historia\/wp-content\/uploads\/sites\/56\/2024\/04\/Foto-021_R-1024x786.jpg 1024w, https:\/\/www.ull.es\/eventos\/hacer-historia\/wp-content\/uploads\/sites\/56\/2024\/04\/Foto-021_R-300x230.jpg 300w, https:\/\/www.ull.es\/eventos\/hacer-historia\/wp-content\/uploads\/sites\/56\/2024\/04\/Foto-021_R-768x590.jpg 768w, https:\/\/www.ull.es\/eventos\/hacer-historia\/wp-content\/uploads\/sites\/56\/2024\/04\/Foto-021_R-1536x1179.jpg 1536w, https:\/\/www.ull.es\/eventos\/hacer-historia\/wp-content\/uploads\/sites\/56\/2024\/04\/Foto-021_R-2048x1572.jpg 2048w, https:\/\/www.ull.es\/eventos\/hacer-historia\/wp-content\/uploads\/sites\/56\/2024\/04\/Foto-021_R-375x288.jpg 375w, https:\/\/www.ull.es\/eventos\/hacer-historia\/wp-content\/uploads\/sites\/56\/2024\/04\/Foto-021_R-750x576.jpg 750w, https:\/\/www.ull.es\/eventos\/hacer-historia\/wp-content\/uploads\/sites\/56\/2024\/04\/Foto-021_R-1140x875.jpg 1140w\" sizes=\"(max-width: 1024px) 100vw, 1024px\" \/><\/a><\/figure>\n\n\n\n<figure class=\"wp-block-image size-full\"><a href=\"http:\/\/www.ull.es\/eventos\/hacer-historia\/wp-content\/uploads\/sites\/56\/2024\/04\/Foto-022_100ppp.jpg\" target=\"_blank\" rel=\"noopener\"><img loading=\"lazy\" decoding=\"async\" width=\"650\" height=\"357\" src=\"http:\/\/www.ull.es\/eventos\/hacer-historia\/wp-content\/uploads\/sites\/56\/2024\/04\/Foto-022_100ppp.jpg\" alt=\"\" class=\"wp-image-271\" srcset=\"https:\/\/www.ull.es\/eventos\/hacer-historia\/wp-content\/uploads\/sites\/56\/2024\/04\/Foto-022_100ppp.jpg 650w, https:\/\/www.ull.es\/eventos\/hacer-historia\/wp-content\/uploads\/sites\/56\/2024\/04\/Foto-022_100ppp-300x165.jpg 300w, https:\/\/www.ull.es\/eventos\/hacer-historia\/wp-content\/uploads\/sites\/56\/2024\/04\/Foto-022_100ppp-375x206.jpg 375w\" sizes=\"(max-width: 650px) 100vw, 650px\" \/><\/a><\/figure>\n\n\n\n<figure class=\"wp-block-image size-large\"><a href=\"http:\/\/www.ull.es\/eventos\/hacer-historia\/wp-content\/uploads\/sites\/56\/2024\/04\/Foto-023.jpg\" target=\"_blank\" rel=\"noopener\"><img loading=\"lazy\" decoding=\"async\" width=\"770\" height=\"1024\" src=\"http:\/\/www.ull.es\/eventos\/hacer-historia\/wp-content\/uploads\/sites\/56\/2024\/04\/Foto-023-770x1024.jpg\" alt=\"\" class=\"wp-image-272\" srcset=\"https:\/\/www.ull.es\/eventos\/hacer-historia\/wp-content\/uploads\/sites\/56\/2024\/04\/Foto-023-770x1024.jpg 770w, https:\/\/www.ull.es\/eventos\/hacer-historia\/wp-content\/uploads\/sites\/56\/2024\/04\/Foto-023-226x300.jpg 226w, https:\/\/www.ull.es\/eventos\/hacer-historia\/wp-content\/uploads\/sites\/56\/2024\/04\/Foto-023-768x1021.jpg 768w, https:\/\/www.ull.es\/eventos\/hacer-historia\/wp-content\/uploads\/sites\/56\/2024\/04\/Foto-023-1155x1536.jpg 1155w, https:\/\/www.ull.es\/eventos\/hacer-historia\/wp-content\/uploads\/sites\/56\/2024\/04\/Foto-023-1540x2048.jpg 1540w, https:\/\/www.ull.es\/eventos\/hacer-historia\/wp-content\/uploads\/sites\/56\/2024\/04\/Foto-023-375x499.jpg 375w, https:\/\/www.ull.es\/eventos\/hacer-historia\/wp-content\/uploads\/sites\/56\/2024\/04\/Foto-023-750x997.jpg 750w, https:\/\/www.ull.es\/eventos\/hacer-historia\/wp-content\/uploads\/sites\/56\/2024\/04\/Foto-023-1140x1516.jpg 1140w, https:\/\/www.ull.es\/eventos\/hacer-historia\/wp-content\/uploads\/sites\/56\/2024\/04\/Foto-023.jpg 1652w\" sizes=\"(max-width: 770px) 100vw, 770px\" \/><\/a><\/figure>\n<figcaption class=\"blocks-gallery-caption wp-element-caption\"><br><code><br><\/code><br><br><code>Manifestaci\u00f3n de la Coordinadora Feminista Canaria en Gran Canaria (1982)<\/code><br><code><br>Primeras Jornadas Feministas de Canarias celebradas en Vilaflor, Tenerife (1983)<\/code><br><code><br>Manifestaci\u00f3n anti-OTAN en Santa Cruz con presencia de una gran pancarta de la Coordinadora Feminista de Tenerife (1986)<\/code><br><code><br>Logotipo del Colectivo Harimaguada Pegatina del Colectivo Homosexual Canario (1979)<\/code><br><\/figcaption><\/figure>\n<\/div>\n\n\n\n<div class=\"wp-block-column is-layout-flow wp-block-column-is-layout-flow\" style=\"flex-basis:10%\"><\/div>\n<\/div>\n\n\n\n<div style=\"height:60px\" aria-hidden=\"true\" class=\"wp-block-spacer\"><\/div>\n\n\n\n<div class=\"wp-block-columns is-layout-flex wp-container-core-columns-is-layout-6 wp-block-columns-is-layout-flex\">\n<div class=\"wp-block-column is-layout-flow wp-block-column-is-layout-flow\" style=\"flex-basis:33.33%\"><\/div>\n\n\n\n<div class=\"wp-block-column is-layout-flow wp-block-column-is-layout-flow\" style=\"flex-basis:66.66%\">\n<p>Desde inicios de los 70 se hab\u00edan ido generando espacios de encuentro de mujeres en torno al feminismo y a finales de 1975 surgen colectivos (Asociaci\u00f3n de Mujeres de Canarias, Organizaci\u00f3n Democr\u00e1tica de Mujeres, Frente de Liberaci\u00f3n de la Mujer de Canarias) que dar\u00edan inicio a la lucha feminista en Canarias. En 1980 se integran en la Coordinadora Feminista de Canarias, y posteriormente, a su vez, en la Coordinadora Estatal de Organizaciones Feministas. Se trataba de organizaciones de mujeres de car\u00e1cter asambleario, sin jerarqu\u00edas ni cargos, independientes de los partidos y de las instituciones, que fueron impulsadas por mujeres organizadas en partidos de izquierdas.<\/p>\n\n\n\n<p>El feminismo particip\u00f3 como movimiento de denuncia y reivindicaci\u00f3n de las demandas de las mujeres frente a las herencias del franquismo: participaci\u00f3n pol\u00edtica de las mujeres (Constituci\u00f3n, elecciones), reformas del C\u00f3digo Penal (despenalizaci\u00f3n del aborto, del adulterio y de los anticonceptivos), igualdad de derechos en el matrimonio, divorcio, aborto libre y gratuito, igualdad laboral, coeducaci\u00f3n, educaci\u00f3n sexual, libertades y derechos afectivos y sexuales (anticoncepci\u00f3n, planificaci\u00f3n familiar, lesbianismo) y denuncia de la violencia contra las mujeres. En los a\u00f1os 80, el movimiento feminista ampl\u00eda su presencia en todo el archipi\u00e9lago y se diversifica en una serie de organizaciones dedicadas a temas y sectores espec\u00edficos: Solidaridad Democr\u00e1tica, Isadora Duncan, Colectivo de educaci\u00f3n afectivo-sexual Harimaguada, que hab\u00eda iniciado su andadura como Colectivo Mujer y Educaci\u00f3n en 1978, Asociaci\u00f3n de Madres Solteras, Colectivo de Mujeres por la Paz y el Desarme, Marar\u00eda, colectivos de mujeres en La Palma, Lanzarote\u2026&nbsp;<\/p>\n\n\n\n<p>Estas organizaciones, que realizan encuentros para la formaci\u00f3n, la reflexi\u00f3n y coordinaci\u00f3n, confluyen con otros movimientos sociales: pacifismo, ecolog\u00eda, solidaridad internacional, universidad, trabajo sindical, y con la creaci\u00f3n de las \u201cSecretar\u00edas de la Mujer\u201d en los principales sindicatos. A partir los a\u00f1os 90 se generan nuevas organizaciones (Asociaci\u00f3n Mercedes Machado, entre otras) y formas de organizaci\u00f3n y trabajo en red: Plataforma Feminista 8 de Marzo de Tenerife, Foro contra la Violencia de G\u00e9nero o la Red Feminista de Gran Canaria.<\/p>\n\n\n\n<p>En el a\u00f1o 1978 comienzan las movilizaciones en torno al \u201cD\u00eda del Orgullo Gay\u201d, demandando la amnist\u00eda de los presos homosexuales, la abolici\u00f3n de la Ley de Peligrosidad y Rehabilitaci\u00f3n Social y la despenalizaci\u00f3n de las disidencias sexuales (homosexuales y personas trans). Se crea en esos a\u00f1os el \u201cColectivo Canario de Hombres y Mujeres Homosexuales\u201d, cuya actividad, centrada en el activismo p\u00fablico, llegar\u00e1 hasta la d\u00e9cada de los 80, si bien el trabajo sobre el lesbianismo se articular\u00eda a trav\u00e9s del movimiento feminista. El activismo LGTBI sufrir\u00eda un declive en los 80, hasta la aparici\u00f3n del VIH-Sida, que dar\u00eda paso a un nuevo marco de movilizaciones y organizaciones de estos colectivos en Canarias en los 90 (Gam\u00e1, Algarab\u00eda\u2026).El Fondo del ATDC, que acoge buena parte de la documentaci\u00f3n del movimiento feminista en estos procesos, fue donado por la Coordinadora Feminista de Tenerife en 2002. Consta de&nbsp; once archivadores con cerca de 800 documentos elaborados desde los a\u00f1os 70, que condensan los grandes lemas del movimiento.<\/p>\n<\/div>\n<\/div>\n\n\n\n<div class=\"wp-block-columns is-layout-flex wp-container-core-columns-is-layout-7 wp-block-columns-is-layout-flex\">\n<div class=\"wp-block-column is-layout-flow wp-block-column-is-layout-flow\" style=\"flex-basis:33.33%\"><\/div>\n\n\n\n<div class=\"wp-block-column is-layout-flow wp-block-column-is-layout-flow\" style=\"flex-basis:66.66%\">\n<div style=\"height:40px\" aria-hidden=\"true\" class=\"wp-block-spacer\"><\/div>\n\n\n\n<h5 class=\"wp-block-heading\">Materiales expuestos<\/h5>\n\n\n\n<div style=\"height:40px\" aria-hidden=\"true\" class=\"wp-block-spacer\"><\/div>\n\n\n\n<iframe loading=\"lazy\" width=\"560\" height=\"315\" src=\"https:\/\/www.youtube.com\/embed\/JXGfGBEyj1Y?si=b5IF2zK5PuM2YaN2\" title=\"YouTube video player\" frameborder=\"0\" allow=\"accelerometer; autoplay; clipboard-write; encrypted-media; gyroscope; picture-in-picture; web-share\" referrerpolicy=\"strict-origin-when-cross-origin\" allowfullscreen><\/iframe>\n<\/div>\n<\/div>\n<\/div>\n\n\n\n<div class=\"wp-block-column is-layout-flow wp-block-column-is-layout-flow\" style=\"flex-basis:25%\"><\/div>\n<\/div>\n","protected":false},"excerpt":{"rendered":"<p>El movimiento feminista surge en un contexto de creciente malestar de las mujeres con la represi\u00f3n y las discriminaciones heredadas del franquismo, contribuyendo a impulsar cambios socioculturales que atravesaran las condiciones de vida de mujeres y hombres en Canarias. Durante la Transici\u00f3n, el feminismo estuvo presente de muy diversas maneras en la sociedad y en&#8230;<\/p>\n","protected":false},"author":14,"featured_media":0,"parent":0,"menu_order":0,"comment_status":"closed","ping_status":"closed","template":"templates\/template-no-title.php","meta":{"footnotes":""},"class_list":["post-270","page","type-page","status-publish","hentry"],"_links":{"self":[{"href":"https:\/\/www.ull.es\/eventos\/hacer-historia\/wp-json\/wp\/v2\/pages\/270"}],"collection":[{"href":"https:\/\/www.ull.es\/eventos\/hacer-historia\/wp-json\/wp\/v2\/pages"}],"about":[{"href":"https:\/\/www.ull.es\/eventos\/hacer-historia\/wp-json\/wp\/v2\/types\/page"}],"author":[{"embeddable":true,"href":"https:\/\/www.ull.es\/eventos\/hacer-historia\/wp-json\/wp\/v2\/users\/14"}],"replies":[{"embeddable":true,"href":"https:\/\/www.ull.es\/eventos\/hacer-historia\/wp-json\/wp\/v2\/comments?post=270"}],"version-history":[{"count":4,"href":"https:\/\/www.ull.es\/eventos\/hacer-historia\/wp-json\/wp\/v2\/pages\/270\/revisions"}],"predecessor-version":[{"id":653,"href":"https:\/\/www.ull.es\/eventos\/hacer-historia\/wp-json\/wp\/v2\/pages\/270\/revisions\/653"}],"wp:attachment":[{"href":"https:\/\/www.ull.es\/eventos\/hacer-historia\/wp-json\/wp\/v2\/media?parent=270"}],"curies":[{"name":"wp","href":"https:\/\/api.w.org\/{rel}","templated":true}]}}