{"id":394,"date":"2024-04-15T13:19:02","date_gmt":"2024-04-15T13:19:02","guid":{"rendered":"https:\/\/www.ull.es\/eventos\/hacer-historia\/?page_id=394"},"modified":"2024-05-09T07:08:05","modified_gmt":"2024-05-09T07:08:05","slug":"creditos","status":"publish","type":"page","link":"https:\/\/www.ull.es\/eventos\/hacer-historia\/creditos\/","title":{"rendered":"Cr\u00e9ditos"},"content":{"rendered":"\n<div class=\"wp-block-columns cabecera is-layout-flex wp-container-core-columns-is-layout-1 wp-block-columns-is-layout-flex\">\n<div class=\"wp-block-column is-layout-flow wp-block-column-is-layout-flow\">\n<figure class=\"wp-block-image size-half is-resized\"><a href=\"https:\/\/www.ull.es\/eventos\/hacer-historia\" target=\"_blank\" rel=\"noopener\"><img loading=\"lazy\" decoding=\"async\" width=\"375\" height=\"68\" src=\"https:\/\/www.ull.es\/eventos\/hacer-historia\/wp-content\/uploads\/sites\/56\/2024\/04\/hacer_historia_horizontal-375x68.png\" alt=\"\" class=\"wp-image-115\" style=\"width:200px\" srcset=\"https:\/\/www.ull.es\/eventos\/hacer-historia\/wp-content\/uploads\/sites\/56\/2024\/04\/hacer_historia_horizontal-375x68.png 375w, https:\/\/www.ull.es\/eventos\/hacer-historia\/wp-content\/uploads\/sites\/56\/2024\/04\/hacer_historia_horizontal-300x54.png 300w, https:\/\/www.ull.es\/eventos\/hacer-historia\/wp-content\/uploads\/sites\/56\/2024\/04\/hacer_historia_horizontal-768x139.png 768w, https:\/\/www.ull.es\/eventos\/hacer-historia\/wp-content\/uploads\/sites\/56\/2024\/04\/hacer_historia_horizontal-750x135.png 750w, https:\/\/www.ull.es\/eventos\/hacer-historia\/wp-content\/uploads\/sites\/56\/2024\/04\/hacer_historia_horizontal.png 969w\" sizes=\"(max-width: 375px) 100vw, 375px\" \/><\/a><\/figure>\n<\/div>\n\n\n\n<div class=\"wp-block-column is-layout-flow wp-block-column-is-layout-flow\"><\/div>\n<\/div>\n\n\n\n<div class=\"wp-block-columns is-layout-flex wp-container-core-columns-is-layout-6 wp-block-columns-is-layout-flex\">\n<div class=\"wp-block-column is-layout-flow wp-block-column-is-layout-flow\" style=\"flex-basis:75%\">\n<div class=\"wp-block-columns is-layout-flex wp-container-core-columns-is-layout-2 wp-block-columns-is-layout-flex\">\n<div class=\"wp-block-column is-layout-flow wp-block-column-is-layout-flow\" style=\"flex-basis:33.33%\"><\/div>\n\n\n\n<div class=\"wp-block-column is-layout-flow wp-block-column-is-layout-flow\" style=\"flex-basis:66.66%\"><h2 class=\"wp-block-post-title\">Cr\u00e9ditos<\/h2><\/div>\n<\/div>\n\n\n\n<div class=\"wp-block-columns is-layout-flex wp-container-core-columns-is-layout-3 wp-block-columns-is-layout-flex\">\n<div class=\"wp-block-column is-layout-flow wp-block-column-is-layout-flow\" style=\"flex-basis:66.66%\"><\/div>\n\n\n\n<div class=\"wp-block-column is-layout-flow wp-block-column-is-layout-flow\" style=\"flex-basis:33.33%\"><\/div>\n<\/div>\n\n\n\n<div class=\"wp-block-columns is-layout-flex wp-container-core-columns-is-layout-4 wp-block-columns-is-layout-flex\">\n<div class=\"wp-block-column is-layout-flow wp-block-column-is-layout-flow\" style=\"flex-basis:33.33%\"><\/div>\n\n\n\n<div class=\"wp-block-column is-layout-flow wp-block-column-is-layout-flow\" style=\"flex-basis:66.66%\">\n<h3 class=\"wp-block-heading\">Equipo Acad\u00e9mico<\/h3>\n\n\n\n<p>Vicente D\u00edaz Burillo<\/p>\n\n\n\n<p>Domingo Gar\u00ed-Montllor Hayek<\/p>\n\n\n\n<p>Marta Jim\u00e9nez Ja\u00e9n<\/p>\n\n\n\n<h3 class=\"wp-block-heading\">Coordinaci\u00f3n T\u00e9cnica<\/h3>\n\n\n\n<p>Paqui Rivero Cabeza<\/p>\n\n\n\n<p>Fernando Rodr\u00edguez Junco<\/p>\n\n\n\n<h3 class=\"wp-block-heading\">Equipo de la Biblioteca<\/h3>\n\n\n\n<p>Cristina Ginov\u00e9s Ob\u00f3n<\/p>\n\n\n\n<p>Luis Gonz\u00e1lez Gonz\u00e1lez<\/p>\n\n\n\n<p>Carmen Lahuerta Hern\u00e1ndez<\/p>\n\n\n\n<p>Alejandro Rodr\u00edguez Refojo<\/p>\n\n\n\n<p>Raquel Rojo Gonz\u00e1lez<\/p>\n\n\n\n<h3 class=\"wp-block-heading\">Dise\u00f1o<\/h3>\n\n\n\n<p>Ismael Garc\u00eda<\/p>\n\n\n\n<h3 class=\"wp-block-heading\">Organiza<\/h3>\n\n\n\n<p>Vicerrectorado de Cultura y Extensi\u00f3n Universitaria<\/p>\n\n\n\n<p>Servicio de Biblioteca de la Universidad de La Laguna<\/p>\n\n\n\n<h3 class=\"wp-block-heading\">Entidades colaboradoras:<\/h3>\n\n\n\n<p>Agrupaci\u00f3n de Teatro de Filolog\u00eda de la ULL<\/p>\n\n\n\n<p>Museo de Historia y Antropolog\u00eda de Tenerife (MHAT)<\/p>\n\n\n\n<p>Servicio de Patrimonio Industrial de la ULL<\/p>\n\n\n\n<p>Asociaci\u00f3n Santo \u00c1ngel<\/p>\n\n\n\n<p>Laboratorio de Restauraci\u00f3n Documental. Ayuntamiento de La Laguna<\/p>\n\n\n\n<p>Servicio de Publicaciones de la ULL<\/p>\n\n\n\n<p>Curr\u00edculum Social ULL<\/p>\n\n\n\n<p>Servicio de Mantenimiento de la ULL<\/p>\n\n\n\n<p>Servicio de Limpieza de la ULL<\/p>\n\n\n\n<h3 class=\"wp-block-heading\">Agradecimientos a donantes <br>y personas colaboradoras<\/h3>\n\n\n\n<p>Mar\u00eda del Cristo Acosta Cruz<\/p>\n\n\n\n<p>Francisco Aguilar Topham<\/p>\n\n\n\n<p>Rosa Delia Afonso Plasencia<\/p>\n\n\n\n<p>Gregorio Albard\u00edaz Garc\u00eda-Portillo<\/p>\n\n\n\n<p>Natalia \u00c1lvarez Mart\u00edn<\/p>\n\n\n\n<p>\u00c1ngeles Arbona Illada<\/p>\n\n\n\n<p>Eduardo Armas Micas<\/p>\n\n\n\n<p>Juan Jes\u00fas Arteaga Lorenzo<\/p>\n\n\n\n<p>Juli\u00e1n Ayala de Armas<\/p>\n\n\n\n<p>Alberto B\u00e1ez Garc\u00eda<\/p>\n\n\n\n<p>Andr\u00e9s Bernardos Correa<\/p>\n\n\n\n<p>Jaime Bethencourt Rodr\u00edguez<\/p>\n\n\n\n<p>Inmaculada Blasco Herranz<\/p>\n\n\n\n<p>Mari Bola\u00f1os Espinosa<\/p>\n\n\n\n<p>Mercedes Borges Barrios<\/p>\n\n\n\n<p>Alberto Brito Delgado<\/p>\n\n\n\n<p>Miguel \u00c1ngel Cabrera Acosta<\/p>\n\n\n\n<p>Francisco Braian Cabrera Alonso<\/p>\n\n\n\n<p>Juan Manuel Cabrera S\u00e1nchez<\/p>\n\n\n\n<p>Joaqu\u00edn Carreras Navarro<\/p>\n\n\n\n<p>Colectivo Harimaguada<\/p>\n\n\n\n<p>H\u00e9ctor Coret Hern\u00e1ndez Morales<\/p>\n\n\n\n<p>Ana Cubillo Blasco<\/p>\n\n\n\n<p>Eduardo Cubillo Blasco<\/p>\n\n\n\n<p>Romen Cubillo Pascual<\/p>\n\n\n\n<p>Eladio Cuesta Ojeda<\/p>\n\n\n\n<p>Yareli del Carmen Curbelo Santa<\/p>\n\n\n\n<p>Manolo De la Rosa<\/p>\n\n\n\n<p>Jos\u00e9 De Le\u00f3n Hern\u00e1ndez<\/p>\n\n\n\n<p>Gabriela De Luis Z\u00e1rate<\/p>\n\n\n\n<p>Cira Del Rio Morales<\/p>\n\n\n\n<p>Francisco D\u00e9niz Ram\u00edrez<\/p>\n\n\n\n<p>Aar\u00f3n D\u00edaz Gonz\u00e1lez<\/p>\n\n\n\n<p>Jos\u00e9 Luis Escohotado Ibor<\/p>\n\n\n\n<p>Chaxiraxi Escuela Cruz<\/p>\n\n\n\n<p>Enrique Espinazo Cabrera<\/p>\n\n\n\n<p>Beatriz Est\u00e9vez Almeda<\/p>\n\n\n\n<p>Alejandro Estrada Gonz\u00e1lez<\/p>\n\n\n\n<p>Anselmo Fari\u00f1a Meli\u00e1n<\/p>\n\n\n\n<p>Jes\u00fas de Felipe Redondo<\/p>\n\n\n\n<p>Paz Fern\u00e1ndez Palomeque<\/p>\n\n\n\n<p>Victoria Fuentes Salazar<\/p>\n\n\n\n<p>Guacimara Garc\u00eda P\u00e9rez<\/p>\n\n\n\n<p>Daniel Garc\u00eda Pulido<\/p>\n\n\n\n<p>Alberto Garc\u00eda Quesada<\/p>\n\n\n\n<p>Dailos Gonz\u00e1lez D\u00edaz<\/p>\n\n\n\n<p>Dolores Gonz\u00e1lez D\u00edaz<\/p>\n\n\n\n<p>Jos\u00e9 Ambrosio Gonz\u00e1lez Gonz\u00e1lez<\/p>\n\n\n\n<p>Ana Luisa Gonz\u00e1lez Hern\u00e1ndez<\/p>\n\n\n\n<p>Juan Gonz\u00e1lez Martel<\/p>\n\n\n\n<p>Lamberto Guerra<\/p>\n\n\n\n<p>Beneharo Guijarro Hern\u00e1ndez<\/p>\n\n\n\n<p>Ana Guti\u00e9rrez Barrios<\/p>\n\n\n\n<p>Victorio Heredero Gascue\u00f1a<\/p>\n\n\n\n<p>B\u00e1rbara Hern\u00e1ndez Montesinos<\/p>\n\n\n\n<p>Jos\u00e9 Isidoro Hern\u00e1ndez Mor\u00edn<\/p>\n\n\n\n<p>Montserrat Hern\u00e1ndez P\u00e9rez<\/p>\n\n\n\n<p>Arantxa Hern\u00e1ndez Pi\u00f1ero<\/p>\n\n\n\n<p>Paula Jimbo del Valle<\/p>\n\n\n\n<p>Aar\u00f3n Le\u00f3n \u00c1lvarez<\/p>\n\n\n\n<p>Sonia Noem\u00ed Le\u00f3n Plasencia<\/p>\n\n\n\n<p>Zoe Llorente Aucejo<\/p>\n\n\n\n<p>Iv\u00e1n L\u00f3pez<\/p>\n\n\n\n<p>Andrea Hamda L\u00f3pez Ali<\/p>\n\n\n\n<p>Benito L\u00f3pez Gonz\u00e1lez<\/p>\n\n\n\n<p>Gustavo Luis Cedr\u00e9s<\/p>\n\n\n\n<p>Antonio Marqu\u00e9s Arpa<\/p>\n\n\n\n<p>Juan M\u00e1rquez Fandi\u00f1o<\/p>\n\n\n\n<p>Rafael Mart\u00edn Cantos<\/p>\n\n\n\n<p>Carlos Marz\u00e1n Trujillo<\/p>\n\n\n\n<p>Alberto Mell<\/p>\n\n\n\n<p>Domingo M\u00e9ndez Rodr\u00edguez<\/p>\n\n\n\n<p>Nancy Mendoza Arteaga<\/p>\n\n\n\n<p>Miguel Mendoza Garc\u00eda<\/p>\n\n\n\n<p>N\u00e9stor Mesa Felipe<\/p>\n\n\n\n<p>Sergio Millares Cantero<\/p>\n\n\n\n<p>Agust\u00edn Millares Cantero<\/p>\n\n\n\n<p>Sergio Miranda Negr\u00edn<\/p>\n\n\n\n<p>Mag\u00fci Morales Ayala&nbsp;<\/p>\n\n\n\n<p>Ignacio Moreno Alberto<\/p>\n\n\n\n<p>Soraya Naranjo Bernal<\/p>\n\n\n\n<p>Mar\u00eda Jes\u00fas Nebot Cabrera<\/p>\n\n\n\n<p>Gregorio Negr\u00edn Ramos<\/p>\n\n\n\n<p>Carmen N\u00fa\u00f1ez P\u00e9rez<\/p>\n\n\n\n<p>Yazm\u00edn Abigail N\u00fa\u00f1ez Pi\u00f1eiro<\/p>\n\n\n\n<p>Magdalena Ojeda Garc\u00eda<\/p>\n\n\n\n<p>Andra Paula Imbrea<\/p>\n\n\n\n<p>M\u00aa Dolores Pelayo Duque<\/p>\n\n\n\n<p>Ana Pe\u00f1a M\u00e9ndez<\/p>\n\n\n\n<p>Mar\u00eda Antonia Perera Betancor<\/p>\n\n\n\n<p>Jos\u00e9 D\u00e1maso Perera L\u00f3pez<\/p>\n\n\n\n<p>Mar P\u00e9rez Rodr\u00edguez<\/p>\n\n\n\n<p>Marta Noelia Prieto Ram\u00edrez<\/p>\n\n\n\n<p>Carlos Ram\u00edrez M\u00e1rquez<\/p>\n\n\n\n<p>V\u00edctor Ram\u00edrez P\u00e9rez<\/p>\n\n\n\n<p>Jos\u00e9 Antonio Ramos Arteaga<\/p>\n\n\n\n<p>Juan Manuel Raya P\u00e9rez<\/p>\n\n\n\n<p>Javier Rebenaque Rodr\u00edguez<\/p>\n\n\n\n<p>Enrique Reina Betancor<\/p>\n\n\n\n<p>Pablo R\u00f3denas Utray<\/p>\n\n\n\n<p>Luz Carmen Rodr\u00edguez Gangura<\/p>\n\n\n\n<p>Jes\u00fas Rodr\u00edguez Junco<\/p>\n\n\n\n<p>Rayco Rodr\u00edguez Ramos<\/p>\n\n\n\n<p>Jos\u00e9 Juan Rodr\u00edguez Rodr\u00edguez<\/p>\n\n\n\n<p>Fernando Sabat\u00e9 Bel<\/p>\n\n\n\n<p>Alejandro Sa\u00e9nz Tejerina<\/p>\n\n\n\n<p>Elisa Sagaseta L\u00f3pez<\/p>\n\n\n\n<p>F\u00e1tima Sainz Sainz<\/p>\n\n\n\n<p>Miguel Salas Bacallado<\/p>\n\n\n\n<p>Ver\u00f3nica Salcedo Lindel<\/p>\n\n\n\n<p>Miguel S\u00e1nchez Guti\u00e9rrez<\/p>\n\n\n\n<p>Jorge S\u00e1nchez Morales<\/p>\n\n\n\n<p>Andr\u00e9s S\u00e1nchez Robayna<\/p>\n\n\n\n<p>Samuel Sosa Florido<\/p>\n\n\n\n<p>Emeterio Su\u00e1rez<\/p>\n\n\n\n<p>Sergio Su\u00e1rez Garc\u00eda<\/p>\n\n\n\n<p>Loida Su\u00e1rez Guerra<\/p>\n\n\n\n<p>Antonio Tabares<\/p>\n\n\n\n<p>Ana Tejera Exp\u00f3sito<\/p>\n\n\n\n<p>H\u00e9ctor Torres Rodr\u00edguez<\/p>\n\n\n\n<p>Carlos Vales Palenzuela<\/p>\n\n\n\n<p>Thal\u00eda Vera Sosa<\/p>\n\n\n\n<p>Mari Villarm\u00edn Chamorro<\/p>\n\n\n\n<p>Jos\u00e9 Mar\u00eda Garc\u00eda Mediano<\/p>\n\n\n\n<p>Sonia Garc\u00eda Y\u00e1nez<\/p>\n\n\n\n<p>Dolores Carmen Garc\u00eda-Ramos Medina<\/p>\n\n\n\n<p>Finalmente, un agradecimiento tambi\u00e9n al personal de la Biblioteca de la Universidad de La Laguna, as\u00ed como de otros servicios universitarios, que ha contribuido a hacer posible este proyecto.<\/p>\n<\/div>\n<\/div>\n\n\n\n<div style=\"height:60px\" aria-hidden=\"true\" class=\"wp-block-spacer\"><\/div>\n\n\n\n<div class=\"wp-block-columns is-layout-flex wp-container-core-columns-is-layout-5 wp-block-columns-is-layout-flex\">\n<div class=\"wp-block-column is-layout-flow wp-block-column-is-layout-flow\" style=\"flex-basis:33.33%\"><\/div>\n\n\n\n<div class=\"wp-block-column is-layout-flow wp-block-column-is-layout-flow\" style=\"flex-basis:66.66%\"><\/div>\n<\/div>\n<\/div>\n\n\n\n<div class=\"wp-block-column is-layout-flow wp-block-column-is-layout-flow\" style=\"flex-basis:25%\"><\/div>\n<\/div>\n","protected":false},"excerpt":{"rendered":"<p>Equipo Acad\u00e9mico Vicente D\u00edaz Burillo Domingo Gar\u00ed-Montllor Hayek Marta Jim\u00e9nez Ja\u00e9n Coordinaci\u00f3n T\u00e9cnica Paqui Rivero Cabeza Fernando Rodr\u00edguez Junco Equipo de la Biblioteca Cristina Ginov\u00e9s Ob\u00f3n Luis Gonz\u00e1lez Gonz\u00e1lez Carmen Lahuerta Hern\u00e1ndez Alejandro Rodr\u00edguez Refojo Raquel Rojo Gonz\u00e1lez Dise\u00f1o Ismael Garc\u00eda Organiza Vicerrectorado de Cultura y Extensi\u00f3n Universitaria Servicio de Biblioteca de la Universidad de&#8230;<\/p>\n","protected":false},"author":14,"featured_media":0,"parent":0,"menu_order":0,"comment_status":"closed","ping_status":"closed","template":"templates\/template-no-title.php","meta":{"footnotes":""},"class_list":["post-394","page","type-page","status-publish","hentry"],"_links":{"self":[{"href":"https:\/\/www.ull.es\/eventos\/hacer-historia\/wp-json\/wp\/v2\/pages\/394"}],"collection":[{"href":"https:\/\/www.ull.es\/eventos\/hacer-historia\/wp-json\/wp\/v2\/pages"}],"about":[{"href":"https:\/\/www.ull.es\/eventos\/hacer-historia\/wp-json\/wp\/v2\/types\/page"}],"author":[{"embeddable":true,"href":"https:\/\/www.ull.es\/eventos\/hacer-historia\/wp-json\/wp\/v2\/users\/14"}],"replies":[{"embeddable":true,"href":"https:\/\/www.ull.es\/eventos\/hacer-historia\/wp-json\/wp\/v2\/comments?post=394"}],"version-history":[{"count":9,"href":"https:\/\/www.ull.es\/eventos\/hacer-historia\/wp-json\/wp\/v2\/pages\/394\/revisions"}],"predecessor-version":[{"id":704,"href":"https:\/\/www.ull.es\/eventos\/hacer-historia\/wp-json\/wp\/v2\/pages\/394\/revisions\/704"}],"wp:attachment":[{"href":"https:\/\/www.ull.es\/eventos\/hacer-historia\/wp-json\/wp\/v2\/media?parent=394"}],"curies":[{"name":"wp","href":"https:\/\/api.w.org\/{rel}","templated":true}]}}