{"id":666,"date":"2026-04-22T15:18:00","date_gmt":"2026-04-22T13:18:00","guid":{"rendered":"https:\/\/www.ull.es\/eventos\/jesus-sanchez-navarro\/?page_id=666"},"modified":"2026-04-28T14:04:54","modified_gmt":"2026-04-28T12:04:54","slug":"666-2","status":"publish","type":"page","link":"https:\/\/www.ull.es\/eventos\/jesus-sanchez-navarro\/666-2\/","title":{"rendered":"Biograf\u00eda"},"content":{"rendered":"<p>[vc_row][vc_column width=\u00bb1\/4&#8243;][vc_empty_space][vc_custom_heading text=\u00bbJes\u00fas S\u00e1nchez Navarro\u00bb font_container=\u00bbtag:h1|font_size:3em|text_align:left|color:%23020202|line_height:100%25&#8243; google_fonts=\u00bbfont_family:Playfair%20Display%3Aregular%2Citalic%2C700%2C700italic%2C900%2C900italic|font_style:700%20bold%20italic%3A700%3Aitalic\u00bb link=\u00bburl:https%3A%2F%2Fwww.ull.es%2Feventos%2Fjavier-muguerza-carpintier%2Fpresentacion%2F\u00bb][vc_empty_space][\/vc_column][vc_column width=\u00bb3\/4&#8243;][\/vc_column][\/vc_row][vc_row][vc_column width=\u00bb1\/4&#8243;][vc_separator color=\u00bbcustom\u00bb accent_color=\u00bb#8e8e8e\u00bb][vc_empty_space][vc_custom_heading text=\u00bbBiograf\u00eda\u00bb font_container=\u00bbtag:h2|text_align:left|color:%23020202&#8243; google_fonts=\u00bbfont_family:Playfair%20Display%3Aregular%2Citalic%2C700%2C700italic%2C900%2C900italic|font_style:400%20italic%3A400%3Aitalic\u00bb][\/vc_column][vc_column width=\u00bb3\/4&#8243;][vc_separator color=\u00bbcustom\u00bb accent_color=\u00bb#8e8e8e\u00bb][vc_tta_accordion active_section=\u00bb\u00bb no_fill=\u00bbtrue\u00bb collapsible_all=\u00bbtrue\u00bb][vc_tta_section title=\u00bbFormaci\u00f3n y primeros a\u00f1os de docencia (1973-1985)\u00bb tab_id=\u00bb1612440868367-7f679316-f018&#8243;][vc_media_grid gap=\u00bb0&#8243; item=\u00bbmediaGrid_ScaleWithRotation\u00bb grid_id=\u00bbvc_gid:1777030183373-3d867361-bc99-1&#8243; include=\u00bb671,669,670&#8243;][vc_empty_space][vc_column_text]<\/p>\n<div class=\"vc_tta-panel-body\">\n<div class=\"wpb_text_column wpb_content_element \">\n<div class=\"wpb_wrapper\">\n<p><span style=\"font-weight: 400;\">Jes\u00fas S\u00e1nchez Navarro (1951-2019) naci\u00f3 el 24 de octubre de 1951 en <\/span><a href=\"https:\/\/es.wikipedia.org\/wiki\/Villarrubia_de_los_Ojos\" target=\"_blank\" rel=\"noopener\"><span style=\"font-weight: 400;\">Villarrubia de los Ojos, Ciudad Real<\/span><\/a><span style=\"font-weight: 400;\">.<\/span><span style=\"font-weight: 400;\"> Tras licenciarse en Filosof\u00eda por la Universidad Aut\u00f3noma de Madrid en junio de 1973, disfrut\u00f3 de una beca de investigaci\u00f3n en el Departamento de Filosof\u00eda de la Universidad de La Laguna desde 1973 hasta 1976. En este periodo, y bajo la direcci\u00f3n del profesor <\/span><a href=\"https:\/\/www.ull.es\/eventos\/javier-muguerza-carpintier\/\" target=\"_blank\" rel=\"noopener\"><span style=\"font-weight: 400;\">Javier Muguerza Carpintier<\/span><\/a><span style=\"font-weight: 400;\">, desarroll\u00f3 estudios sobre <\/span><a href=\"https:\/\/es.wikipedia.org\/wiki\/Thomas_Kuhn\" target=\"_blank\" rel=\"noopener\"><span style=\"font-weight: 400;\">T.S. Kuhn<\/span><\/a><span style=\"font-weight: 400;\">.<\/span><\/p>\n<p><span style=\"font-weight: 400;\">Inici\u00f3 su carrera docente como profesor de Filosof\u00eda en esta Universidad en 1976. En octubre de 1977, tambi\u00e9n bajo la direcci\u00f3n de Javier Muguerza, realiz\u00f3 su tesis de Licenciatura con el t\u00edtulo<\/span> <a href=\"https:\/\/absysnet.bbtk.ull.es\/cgi-bin\/abnetopac?TITN=213233\" target=\"_blank\" rel=\"noopener\"><i><span style=\"font-weight: 400;\">La Filosof\u00eda de la ciencia natural de K.R. Popper<\/span><\/i><\/a><span style=\"font-weight: 400;\">, obteniendo la m\u00e1xima calificaci\u00f3n y el Premio Extraordinario de Licenciatura. En junio de 1985 defendi\u00f3 en esta Universidad su tesis doctoral: <\/span><a href=\"https:\/\/absysnet.bbtk.ull.es\/cgi-bin\/abnetopac?TITN=190879\" target=\"_blank\" rel=\"noopener\"><i><span style=\"font-weight: 400;\">L\u00f3gica, filosof\u00eda e historia de la ciencia: an\u00e1lisis y estructura de paradigmas<\/span><\/i><\/a><span style=\"font-weight: 400;\">, con la que obtuvo la calificaci\u00f3n de <\/span><i><span style=\"font-weight: 400;\">cum laude<\/span><\/i><span style=\"font-weight: 400;\">.<\/span><\/div>\n<\/div>\n<\/div>\n<p>[\/vc_column_text][vc_empty_space][\/vc_tta_section][vc_tta_section title=\u00bbTrayectoria acad\u00e9mica, docente e investigadora (1986-2015)\u00bb tab_id=\u00bb1612440868389-7c913ecb-bd49&#8243;][vc_media_grid element_width=\u00bb3&#8243; gap=\u00bb0&#8243; item=\u00bbmediaGrid_ScaleWithRotation\u00bb grid_id=\u00bbvc_gid:1777030183373-650acbf0-02be-7&#8243; include=\u00bb675,674,677,676&#8243;][vc_empty_space][vc_column_text]<span style=\"font-weight: 400;\">Durante su etapa como profesor de Filosof\u00eda e Historia de la Ciencia en la <\/span><a href=\"https:\/\/es.wikipedia.org\/wiki\/Universidad_de_La_Laguna\" target=\"_blank\" rel=\"noopener\"><span style=\"font-weight: 400;\">Universidad de La Laguna<\/span><\/a><span style=\"font-weight: 400;\"> hasta su jubilaci\u00f3n en 2015, Jes\u00fas S\u00e1nchez Navarro ocup\u00f3 varios cargos acad\u00e9micos: Director del Departamento de Historia y Filosof\u00eda de la Ciencia, la Educaci\u00f3n y el Lenguaje (1988-1990), Secretario (1995-1996), Vicedecano (1996-1998) y Decano de la Facultad de Filosof\u00eda (1998-2001).\u00a0<\/span><\/p>\n<p><span style=\"font-weight: 400;\">Dirigi\u00f3 numerosas tesis y tesinas y fue investigador principal en diferentes proyectos nacionales e internacionales. Realiz\u00f3 parte de su actividad investigadora con los profesores<\/span><a href=\"https:\/\/www.unige.ch\/lettres\/philo\/collaborateurs\/professeurs-honoraires\/kevin-mulligan\" target=\"_blank\" rel=\"noopener\"><span style=\"font-weight: 400;\"> K. Mulligan<\/span><\/a><span style=\"font-weight: 400;\"> (Universidad de Ginebra, 1989),<\/span><a href=\"https:\/\/www.up.edu.mx\/noticias\/investigacion\/evandro-agazzi-primer-profesor-emerito-de-la-up\/\" target=\"_blank\" rel=\"noopener\"><span style=\"font-weight: 400;\"> E. Agazzi<\/span><\/a><span style=\"font-weight: 400;\">\u00a0 (Universidad de Friburgo, Suiza, 1989),<\/span><a href=\"https:\/\/en.wikipedia.org\/wiki\/S._Barry_Barnes\" target=\"_blank\" rel=\"noopener\"> <span style=\"font-weight: 400;\">S. Barry Barnes<\/span><\/a><span style=\"font-weight: 400;\"> (Universidad de Edimburgo, 1990),<\/span><a href=\"https:\/\/en.wikipedia.org\/wiki\/Rom_Harr%C3%A9\" target=\"_blank\" rel=\"noopener\"><span style=\"font-weight: 400;\"> R. Harr\u00e9<\/span><\/a><span style=\"font-weight: 400;\"> (Universidad de Oxford, 1990),<\/span><a href=\"https:\/\/www.universiteitleiden.nl\/en\/staffmembers\/egbert-bos#tab-2\" target=\"_blank\" rel=\"noopener\"> <span style=\"font-weight: 400;\">E.P. Bos<\/span><\/a><span style=\"font-weight: 400;\"> (Universidad de Leiden, 1992) y en el<\/span><a href=\"https:\/\/www.hps.cam.ac.uk\/about\" target=\"_blank\" rel=\"noopener\"> <span style=\"font-weight: 400;\">Department of History and Philosophy of Science<\/span><\/a><span style=\"font-weight: 400;\"> (Universidad de Cambridge, 1996).<\/span><\/p>\n<p><span style=\"font-weight: 400;\">Fue subdirector de la revista<\/span><a href=\"https:\/\/absysnet.bbtk.ull.es\/cgi-bin\/abnetopac?TITN=198220\" target=\"_blank\" rel=\"noopener\"> <i><span style=\"font-weight: 400;\">Gavagai<\/span><\/i><\/a><span style=\"font-weight: 400;\"> y miembro del consejo editor de la revista<\/span> <a href=\"https:\/\/absysnet.bbtk.ull.es\/cgi-bin\/abnetopac?TITN=34555\" target=\"_blank\" rel=\"noopener\"><i><span style=\"font-weight: 400;\">Laguna<\/span><\/i><\/a><span style=\"font-weight: 400;\">, as\u00ed como uno de los cofundadores y\u00a0 coordinador de investigaci\u00f3n del<\/span><a href=\"https:\/\/fundacionorotava.org\/actividades\/seminario-orotava\/\" target=\"_blank\" rel=\"noopener\"> <span style=\"font-weight: 400;\">Seminario Orotava de Historia de la Ciencia<\/span><\/a> <span style=\"font-weight: 400;\">(1992-1998). Tambi\u00e9n fue miembro de varios comit\u00e9s cient\u00edficos nacionales e internacionales, como:<\/span><a href=\"https:\/\/philsci.org\/\" target=\"_blank\" rel=\"noopener\"> <span style=\"font-weight: 400;\">Philosophy of Science Association<\/span><\/a><span style=\"font-weight: 400;\">,<\/span><a href=\"https:\/\/hssonline.org\/\" target=\"_blank\" rel=\"noopener\"><span style=\"font-weight: 400;\"> History Science Society,\u00a0 British Society for the History of Science<\/span><\/a><span style=\"font-weight: 400;\">,<\/span><a href=\"https:\/\/solofici.org\/\" target=\"_blank\" rel=\"noopener\"><span style=\"font-weight: 400;\"> Sociedad espa\u00f1ola de L\u00f3gica, Metodolog\u00eda y Filosof\u00eda de la Ciencia<\/span><\/a><span style=\"font-weight: 400;\"> o la<\/span><a href=\"https:\/\/calidadrevistas.fecyt.es\/institucion\/sociedad-espanola-de-historia-de-las-ciencias-y-de-las-tecnicas-sehcyt\" target=\"_blank\" rel=\"noopener\"><span style=\"font-weight: 400;\"> Sociedad Espa\u00f1ola de Historia de la Ciencia y de las T\u00e9cnicas (SEHCYT).<\/span><\/a><\/p>\n<p><span style=\"font-weight: 400;\">Public\u00f3 y fue editor y coordinador de m\u00faltiples obras colectivas y\u00a0 revistas cient\u00edficas. Entre sus monograf\u00edas cabe destacar <\/span><a href=\"https:\/\/absysnet.bbtk.ull.es\/cgi-bin\/abnetopac?TITN=297986\" target=\"_blank\" rel=\"noopener\"><i><span style=\"font-weight: 400;\">Hacia un nuevo empirismo<\/span><\/i><\/a> <span style=\"font-weight: 400;\">(2003) y <\/span><a href=\"https:\/\/absysnet.bbtk.ull.es\/cgi-bin\/abnetopac?TITN=256082\" target=\"_blank\" rel=\"noopener\"><i><span style=\"font-weight: 400;\">Huellas de una ciencia creativa<\/span><\/i><\/a><span style=\"font-weight: 400;\"> (2003). Entre sus\u00a0 art\u00edculos merecen nombrarse:<\/span><span style=\"font-weight: 400;\"> \u201c<\/span><a href=\"https:\/\/absysnet.bbtk.ull.es\/cgi-bin\/abnetopac?TITN=597053\" target=\"_blank\" rel=\"noopener\"><span style=\"font-weight: 400;\">Hacia una teor\u00eda pragm\u00e1tica de la ciencia: modelos, intereses y tecnolog\u00eda<\/span><\/a><span style=\"font-weight: 400;\">\u201d (<\/span><span style=\"font-weight: 400;\">1985),<\/span><span style=\"font-weight: 400;\"> \u201c<\/span><a href=\"https:\/\/absysnet.bbtk.ull.es\/cgi-bin\/abnetopac?TITN=638099\" target=\"_blank\" rel=\"noopener\"><span style=\"font-weight: 400;\">El sistema ptolemaico<\/span><\/a><span style=\"font-weight: 400;\">\u201d <\/span><span style=\"font-weight: 400;\">(1992),<\/span><span style=\"font-weight: 400;\"> \u201c<\/span><a href=\"https:\/\/absysnet.bbtk.ull.es\/cgi-bin\/abnetopac?TITN=648144\" target=\"_blank\" rel=\"noopener\"><span style=\"font-weight: 400;\">La sociolog\u00eda y la naturaleza social de la ciencia<\/span><\/a><span style=\"font-weight: 400;\">\u201d <\/span><span style=\"font-weight: 400;\">(1995) y<\/span><span style=\"font-weight: 400;\"> \u201c<\/span><a href=\"https:\/\/absysnet.bbtk.ull.es\/cgi-bin\/abnetopac?TITN=638118\" target=\"_blank\" rel=\"noopener\"><span style=\"font-weight: 400;\">Canarias y la historia de la Ciencia<\/span><\/a><span style=\"font-weight: 400;\">\u201d (<\/span><span style=\"font-weight: 400;\">2001).<\/span><\/p>\n<p><span style=\"font-weight: 400;\">Adem\u00e1s, hay que rese\u00f1ar por su inter\u00e9s para la investigaci\u00f3n la existencia de los siguientes trabajos in\u00e9ditos conservados en su <\/span><a href=\"https:\/\/absysnet.bbtk.ull.es\/cgi-bin\/abnetopac?TITN=635198\" target=\"_blank\" rel=\"noopener\"><span style=\"font-weight: 400;\">Archivo personal<\/span><\/a><i><span style=\"font-weight: 400;\">: La matem\u00e1tica:\u00bfes un producto social? <\/span><\/i><span style=\"font-weight: 400;\">(1999); <\/span><i><span style=\"font-weight: 400;\">Hechos, valores y cambio cient\u00edfico: la determinaci\u00f3n de la longitud y el meridiano de referencia<\/span><\/i><span style=\"font-weight: 400;\"> (2004) y <\/span><i><span style=\"font-weight: 400;\">De la perspectiva a la anatom\u00eda: arte, ciencia y valores en los inicios de la Revoluci\u00f3n Cient\u00edfica <\/span><\/i><span style=\"font-weight: 400;\">(2004).<\/span><\/p>\n<p><span style=\"font-weight: 400;\">Entre sus actividades acad\u00e9micas cabr\u00eda resaltar la traducci\u00f3n de la obra de I. Hacking,<\/span> <i><span style=\"font-weight: 400;\">\u00bf<\/span><\/i><a href=\"https:\/\/absysnet.bbtk.ull.es\/cgi-bin\/abnetopac?TITN=207237\" target=\"_blank\" rel=\"noopener\"><i><span style=\"font-weight: 400;\">La construcci\u00f3n social de qu\u00e9<\/span><\/i><\/a><i><span style=\"font-weight: 400;\">?<\/span><\/i> <span style=\"font-weight: 400;\">(2001).<\/span>[\/vc_column_text][vc_empty_space][\/vc_tta_section][vc_tta_section title=\u00bbLa Laguna: pasi\u00f3n docente y \u00faltimos a\u00f1os (1973\/2015)\u00bb tab_id=\u00bb1612441074477-275834db-f823&#8243;][vc_media_grid gap=\u00bb0&#8243; item=\u00bbmediaGrid_ScaleWithRotation\u00bb grid_id=\u00bbvc_gid:1777030183373-99b9803e-d010-7&#8243; include=\u00bb679,678,680&#8243;][vc_empty_space][vc_column_text]<span style=\"font-weight: 400;\">Una cualidad que caracterizaba al profesor Jes\u00fas S\u00e1nchez a lo largo de su trayectoria en esta Universidad fue su pasi\u00f3n por el conocimiento, m\u00e1s all\u00e1 de un inter\u00e9s por la Filosof\u00eda. Esta pasi\u00f3n se manifestaba en su forma entusiasta de transmitir sus saberes al estudiantado, tanto en las aulas como fuera de ellas, as\u00ed como en su labor investigadora y divulgadora, que lo llev\u00f3 a participar en m\u00faltiples congresos, seminarios, conferencias y cursos impartidos en nuestras islas y fuera de ellas, dirigidos a la comunidad universitaria y, tambi\u00e9n, al profesorado de Ense\u00f1anzas Medias.<\/span><\/p>\n<p><span style=\"font-weight: 400;\">Una faceta importante de su actividad universitaria fue su generosa colaboraci\u00f3n con la Biblioteca comprometi\u00e9ndose con el desarrollo de la colecci\u00f3n del fondo de Filosof\u00eda, entre otras actividades. Cabe destacar su participaci\u00f3n en la celebraci\u00f3n del D\u00eda del Libro de 2003, formando parte del equipo que comisari\u00f3 la exposici\u00f3n y que redact\u00f3 los textos del cat\u00e1logo <\/span><a href=\"https:\/\/absysnet.bbtk.ull.es\/cgi-bin\/abnetopac?TITN=256082\" target=\"_blank\" rel=\"noopener\"><i><span style=\"font-weight: 400;\">Huellas de una ciencia creativa: la Qu\u00edmica en el Fondo Hist\u00f3rico de la Biblioteca de la Universidad de La Laguna<\/span><\/i><\/a> <span style=\"font-weight: 400;\">(<\/span><a href=\"https:\/\/www.elmundo.es\/universidad\/2003\/04\/24\/actualidad\/1051198287.html\" target=\"_blank\" rel=\"noopener\"><span style=\"font-weight: 400;\">Nota de prensa<\/span><\/a><span style=\"font-weight: 400;\">).<\/span><span style=\"font-weight: 400;\">\u00a0<\/span><\/p>\n<p><span style=\"font-weight: 400;\">Coincidiendo con su jubilaci\u00f3n, y en el marco de los actos de la exposici\u00f3n<\/span><a href=\"http:\/\/bbtk.exposicion.ull.es\/luz\/\" target=\"_blank\" rel=\"noopener\"> <i><span style=\"font-weight: 400;\">A la luz del conocimiento: la luz y sus aplicaciones<\/span><\/i><\/a> <span style=\"font-weight: 400;\">(2015)<\/span><i><span style=\"font-weight: 400;\">, <\/span><\/i><span style=\"font-weight: 400;\">imparti\u00f3 una conferencia<\/span> <span style=\"font-weight: 400;\">magistral dedicada a la figura de <\/span><a href=\"https:\/\/es.wikipedia.org\/wiki\/Nikola_Tesla\" target=\"_blank\" rel=\"noopener\"><span style=\"font-weight: 400;\">Nikola Tesla<\/span><\/a><span style=\"font-weight: 400;\">.\u00a0 Este acto, organizado por el<\/span><a href=\"https:\/\/www.facebook.com\/166683057931\/photos\/el-23-de-abril-celebraremos-el-d%C3%ADa-del-libro-sum%C3%A1ndonos-a-los-actos-que-tendr%C3%A1n-\/10153297994137932\/?_rdr\" target=\"_blank\" rel=\"noopener\"> <span style=\"font-weight: 400;\">Club de Lectura<\/span><\/a> <span style=\"font-weight: 400;\">de la biblioteca de la Universidad de La Laguna, constituy\u00f3 su \u00faltima lecci\u00f3n acad\u00e9mica.<\/span><\/p>\n<p><span style=\"font-weight: 400;\">Con la donaci\u00f3n de su biblioteca personal a esta instituci\u00f3n, y gracias a la intermediaci\u00f3n de su esposa <\/span><a href=\"https:\/\/www.ull.es\/portal\/noticias\/2020\/el-instituto-de-estudios-de-las-mujeres-de-la-ull-reconoce-la-excelencia-de-cuatro-investigadoras\/\" target=\"_blank\" rel=\"noopener\"><span style=\"font-weight: 400;\">Asunci\u00f3n Asin Cabrera<\/span><\/a><b>, <\/b><span style=\"font-weight: 400;\">se<\/span><span style=\"font-weight: 400;\"> cumpli\u00f3 uno de sus mayores deseos: que su biblioteca privada formara parte del patrimonio bibliogr\u00e1fico de la Universidad de La Laguna.\u00a0\u00a0<\/span><\/p>\n<p><span style=\"font-weight: 400;\">En la actualidad esta donaci\u00f3n se encuentra disponible y accesible a trav\u00e9s del<\/span> <a href=\"https:\/\/absysnet.bbtk.ull.es\/cgi-bin\/abnetopac?TITN=679813\" target=\"_blank\" rel=\"noopener\"><span style=\"font-weight: 400;\">Cat\u00e1logo de la Biblioteca de la Universidad de La Laguna.<\/span><\/a>[\/vc_column_text][vc_empty_space][\/vc_tta_section][\/vc_tta_accordion][vc_empty_space][vc_separator color=\u00bbcustom\u00bb accent_color=\u00bb#8e8e8e\u00bb][\/vc_column][\/vc_row][vc_row][vc_column][\/vc_column][\/vc_row]<\/p>\n","protected":false},"excerpt":{"rendered":"<p>[vc_row][vc_column width=\u00bb1\/4&#8243;][vc_empty_space][vc_custom_heading text=\u00bbJes\u00fas S\u00e1nchez Navarro\u00bb font_container=\u00bbtag:h1|font_size:3em|text_align:left|color:%23020202|line_height:100%25&#8243; google_fonts=\u00bbfont_family:Playfair%20Display%3Aregular%2Citalic%2C700%2C700italic%2C900%2C900italic|font_style:700%20bold%20italic%3A700%3Aitalic\u00bb link=\u00bburl:https%3A%2F%2Fwww.ull.es%2Feventos%2Fjavier-muguerza-carpintier%2Fpresentacion%2F\u00bb][vc_empty_space][\/vc_column][vc_column width=\u00bb3\/4&#8243;][\/vc_column][\/vc_row][vc_row][vc_column width=\u00bb1\/4&#8243;][vc_separator color=\u00bbcustom\u00bb accent_color=\u00bb#8e8e8e\u00bb][vc_empty_space][vc_custom_heading text=\u00bbBiograf\u00eda\u00bb font_container=\u00bbtag:h2|text_align:left|color:%23020202&#8243; google_fonts=\u00bbfont_family:Playfair%20Display%3Aregular%2Citalic%2C700%2C700italic%2C900%2C900italic|font_style:400%20italic%3A400%3Aitalic\u00bb][\/vc_column][vc_column width=\u00bb3\/4&#8243;][vc_separator color=\u00bbcustom\u00bb accent_color=\u00bb#8e8e8e\u00bb][vc_tta_accordion active_section=\u00bb\u00bb no_fill=\u00bbtrue\u00bb collapsible_all=\u00bbtrue\u00bb][vc_tta_section title=\u00bbFormaci\u00f3n y primeros a\u00f1os de docencia (1973-1985)\u00bb tab_id=\u00bb1612440868367-7f679316-f018&#8243;][vc_media_grid gap=\u00bb0&#8243; item=\u00bbmediaGrid_ScaleWithRotation\u00bb grid_id=\u00bbvc_gid:1777030183373-3d867361-bc99-1&#8243; include=\u00bb671,669,670&#8243;][vc_empty_space][vc_column_text] Jes\u00fas S\u00e1nchez Navarro (1951-2019) naci\u00f3 el 24 de octubre de 1951 en Villarrubia de los Ojos, Ciudad Real. Tras licenciarse en Filosof\u00eda&#8230;<\/p>\n","protected":false},"author":14,"featured_media":0,"parent":0,"menu_order":0,"comment_status":"closed","ping_status":"closed","template":"templates\/template-no-title.php","meta":{"footnotes":""},"class_list":["post-666","page","type-page","status-publish","hentry"],"_links":{"self":[{"href":"https:\/\/www.ull.es\/eventos\/jesus-sanchez-navarro\/wp-json\/wp\/v2\/pages\/666"}],"collection":[{"href":"https:\/\/www.ull.es\/eventos\/jesus-sanchez-navarro\/wp-json\/wp\/v2\/pages"}],"about":[{"href":"https:\/\/www.ull.es\/eventos\/jesus-sanchez-navarro\/wp-json\/wp\/v2\/types\/page"}],"author":[{"embeddable":true,"href":"https:\/\/www.ull.es\/eventos\/jesus-sanchez-navarro\/wp-json\/wp\/v2\/users\/14"}],"replies":[{"embeddable":true,"href":"https:\/\/www.ull.es\/eventos\/jesus-sanchez-navarro\/wp-json\/wp\/v2\/comments?post=666"}],"version-history":[{"count":11,"href":"https:\/\/www.ull.es\/eventos\/jesus-sanchez-navarro\/wp-json\/wp\/v2\/pages\/666\/revisions"}],"predecessor-version":[{"id":735,"href":"https:\/\/www.ull.es\/eventos\/jesus-sanchez-navarro\/wp-json\/wp\/v2\/pages\/666\/revisions\/735"}],"wp:attachment":[{"href":"https:\/\/www.ull.es\/eventos\/jesus-sanchez-navarro\/wp-json\/wp\/v2\/media?parent=666"}],"curies":[{"name":"wp","href":"https:\/\/api.w.org\/{rel}","templated":true}]}}