{"id":131,"date":"2023-07-10T10:56:24","date_gmt":"2023-07-10T10:56:24","guid":{"rendered":"https:\/\/www.ull.es\/eventos\/la-educacion-en-la-ii-republica\/?page_id=131"},"modified":"2023-07-10T10:57:18","modified_gmt":"2023-07-10T10:57:18","slug":"las-bibliotecas","status":"publish","type":"page","link":"https:\/\/www.ull.es\/eventos\/la-educacion-en-la-ii-republica\/las-bibliotecas\/","title":{"rendered":"Las bibliotecas"},"content":{"rendered":"<p>[vc_row gap=\u00bb35&#8243; equal_height=\u00bbyes\u00bb content_placement=\u00bbbottom\u00bb css=\u00bb.vc_custom_1688986531190{background-image: url(http:\/\/www.ull.es\/eventos\/la-educacion-en-la-ii-republica\/wp-content\/uploads\/sites\/54\/2023\/07\/0406.jpg?id=127) !important;background-position: center !important;background-repeat: no-repeat !important;background-size: cover !important;}\u00bb][vc_column width=\u00bb1\/3&#8243;][vc_empty_space height=\u00bb600px\u00bb][\/vc_column][vc_column width=\u00bb2\/3&#8243;][\/vc_column][\/vc_row][vc_row gap=\u00bb35&#8243; content_placement=\u00bbtop\u00bb css=\u00bb.vc_custom_1682423323488{padding-right: 90px !important;padding-left: 90px !important;background-color: #f5f5f5 !important;}\u00bb][vc_column width=\u00bb1\/3&#8243;][vc_separator color=\u00bbcustom\u00bb accent_color=\u00bb#8e8e8e\u00bb][vc_custom_heading text=\u00bbLAS BIBLIOTECAS\u00bb font_container=\u00bbtag:h1|font_size:3em|text_align:left|color:%23caa33f|line_height:100%25&#8243; google_fonts=\u00bbfont_family:Oswald%3A300%2Cregular%2C700|font_style:700%20bold%20regular%3A700%3Anormal\u00bb][vc_separator color=\u00bbcustom\u00bb accent_color=\u00bb#8e8e8e\u00bb][vc_empty_space][\/vc_column][vc_column width=\u00bb2\/3&#8243;][vc_separator color=\u00bbcustom\u00bb accent_color=\u00bb#8e8e8e\u00bb][vc_column_text]El programa educativo de la Rep\u00fablica se ocup\u00f3 de la promoci\u00f3n de la lectura y de la creaci\u00f3n de bibliotecas por todo el territorio nacional. Tuvo en cuenta el papel de la Biblioteca como centro continuador de la labor de la escuela y como elemento que contribuir\u00eda a aumentar el nivel cultural de los ciudadanos. El acceso libre y gratuito a las bibliotecas se convirti\u00f3 en un derecho democr\u00e1tico. Era necesario contar con un pueblo capaz de decidir su destino, capacitado para pensar por s\u00ed mismo. Sin bibliotecas p\u00fablicas, sin libros no se conseguir\u00eda un pa\u00eds democr\u00e1tico.[\/vc_column_text][vc_empty_space][vc_media_grid element_width=\u00bb2&#8243; grid_id=\u00bbvc_gid:1688986585974-281aae50-98b2-9&#8243; include=\u00bb127,128,129,130&#8243;][vc_empty_space][vc_column_text]La pol\u00edtica bibliotecaria del Ministerio de Instrucci\u00f3n P\u00fablica y Bellas Artes se articul\u00f3 a trav\u00e9s del <i>Patronato de Misiones Pedag\u00f3gicas<\/i> y la J<i>unta de Intercambio y Adquisici\u00f3n de Libros.<\/i><\/p>\n<p>El Patronato jug\u00f3 un gran papel en la creaci\u00f3n de bibliotecas escolares en ciudades y, especialmente, en pueblos. Su labor fue tan intensa que en 1935 ya hab\u00eda creado unas 5.000 bibliotecas.<\/p>\n<p>En Canarias se crearon un total de 55 bibliotecas, una cifra peque\u00f1a si se tienen en cuenta los datos de otras \u00e1reas geogr\u00e1ficas.<\/p>\n<p>En la provincia de Tenerife se crearon bibliotecas escolares en Arafo, Granadilla, G\u00fc\u00edmar, Gu\u00eda de Isora, La Laguna, Puerto de la Cruz, San Juan de la Rambla, La Guancha, Los Silos, Garachico, Tazacorte, Garaf\u00eda, Las Ledas. Adem\u00e1s algunas corporaciones impulsaron proyectos de inter\u00e9s (G\u00fc\u00edmar y Garachico).<\/p>\n<p>En este periodo Canarias contaba con una de las mayores tasas de analfabetismo. Algunos peri\u00f3dicos apoyaron la creaci\u00f3n de bibliotecas escolares como elemento que contribuir\u00eda a mejorar la situaci\u00f3n. <i>El Eco del Magisterio Canario<\/i> (\u00f3rgano de la Asociaci\u00f3n Provincial del Magisterio de Primera Ense\u00f1anza) insisti\u00f3 en repetidas ocasiones en la gran importancia de este tipo de bibliotecas:<\/p>\n<p>\u201cLas bibliotecas escolares son, entre todas las instituciones complementarias, una de las que responden a fines m\u00e1s diversos. Completan la obra cultural de la escuela mientras el ni\u00f1o es alumno en ella; ampl\u00edan la cultura del ex alumno y le sirven de aliciente para seguir frecuentando el centro\u2026 establecen un lazo de uni\u00f3n entre el pueblo y la escuela, cuando los beneficios de la mencionada instituci\u00f3n se extienden a todo el vecindario\u2026\u201d<\/p>\n<p>La <i>Junta de intercambio<\/i> (creada el 21 de noviembre de 1931) se cre\u00f3 para dinamizar las bibliotecas p\u00fablicas del Estado, actualizando su obsoleto fondo bibliogr\u00e1fico. Seleccion\u00f3 y distribuy\u00f3 libros de car\u00e1cter ameno.<\/p>\n<p>En Canarias tenemos el testimonio de uno de los inspectores de la Junta, Miguel Santiago, que comenta sobre la biblioteca municipal de Arico:<\/p>\n<blockquote><p>\u201cEsta biblioteca, \u00fanica de este tipo que figura funcionando en Canarias, creo que es una de las que puede servir de modelo y merece que se le atienda en especial por la Junta. Claro que ello se debe casi exclusivamente al celo y atenci\u00f3n que a la misma presta su bibliotecario y secretario del Ayuntamiento\u2026\u201d<\/p><\/blockquote>\n<p>[\/vc_column_text][vc_empty_space][\/vc_column][\/vc_row][vc_row gap=\u00bb30&#8243; css=\u00bb.vc_custom_1682423464513{padding-right: 90px !important;padding-left: 90px !important;background-color: #f5f5f5 !important;}\u00bb][vc_column width=\u00bb1\/3&#8243;][vc_separator color=\u00bbcustom\u00bb accent_color=\u00bb#8e8e8e\u00bb][\/vc_column][vc_column width=\u00bb2\/3&#8243;][vc_separator color=\u00bbcustom\u00bb accent_color=\u00bb#8e8e8e\u00bb][\/vc_column][\/vc_row]<\/p>\n","protected":false},"excerpt":{"rendered":"<p>[vc_row gap=\u00bb35&#8243; equal_height=\u00bbyes\u00bb content_placement=\u00bbbottom\u00bb css=\u00bb.vc_custom_1688986531190{background-image: url(http:\/\/www.ull.es\/eventos\/la-educacion-en-la-ii-republica\/wp-content\/uploads\/sites\/54\/2023\/07\/0406.jpg?id=127) !important;background-position: center !important;background-repeat: no-repeat !important;background-size: cover !important;}\u00bb][vc_column width=\u00bb1\/3&#8243;][vc_empty_space height=\u00bb600px\u00bb][\/vc_column][vc_column width=\u00bb2\/3&#8243;][\/vc_column][\/vc_row][vc_row gap=\u00bb35&#8243; content_placement=\u00bbtop\u00bb css=\u00bb.vc_custom_1682423323488{padding-right: 90px !important;padding-left: 90px !important;background-color: #f5f5f5 !important;}\u00bb][vc_column width=\u00bb1\/3&#8243;][vc_separator color=\u00bbcustom\u00bb accent_color=\u00bb#8e8e8e\u00bb][vc_custom_heading text=\u00bbLAS BIBLIOTECAS\u00bb font_container=\u00bbtag:h1|font_size:3em|text_align:left|color:%23caa33f|line_height:100%25&#8243; google_fonts=\u00bbfont_family:Oswald%3A300%2Cregular%2C700|font_style:700%20bold%20regular%3A700%3Anormal\u00bb][vc_separator color=\u00bbcustom\u00bb accent_color=\u00bb#8e8e8e\u00bb][vc_empty_space][\/vc_column][vc_column width=\u00bb2\/3&#8243;][vc_separator color=\u00bbcustom\u00bb accent_color=\u00bb#8e8e8e\u00bb][vc_column_text]El programa educativo de la Rep\u00fablica se ocup\u00f3 de la promoci\u00f3n de la lectura y de la creaci\u00f3n de&#8230;<\/p>\n","protected":false},"author":14,"featured_media":0,"parent":0,"menu_order":0,"comment_status":"closed","ping_status":"closed","template":"templates\/template-no-title.php","meta":{"footnotes":""},"class_list":["post-131","page","type-page","status-publish","hentry"],"_links":{"self":[{"href":"https:\/\/www.ull.es\/eventos\/la-educacion-en-la-ii-republica\/wp-json\/wp\/v2\/pages\/131"}],"collection":[{"href":"https:\/\/www.ull.es\/eventos\/la-educacion-en-la-ii-republica\/wp-json\/wp\/v2\/pages"}],"about":[{"href":"https:\/\/www.ull.es\/eventos\/la-educacion-en-la-ii-republica\/wp-json\/wp\/v2\/types\/page"}],"author":[{"embeddable":true,"href":"https:\/\/www.ull.es\/eventos\/la-educacion-en-la-ii-republica\/wp-json\/wp\/v2\/users\/14"}],"replies":[{"embeddable":true,"href":"https:\/\/www.ull.es\/eventos\/la-educacion-en-la-ii-republica\/wp-json\/wp\/v2\/comments?post=131"}],"version-history":[{"count":3,"href":"https:\/\/www.ull.es\/eventos\/la-educacion-en-la-ii-republica\/wp-json\/wp\/v2\/pages\/131\/revisions"}],"predecessor-version":[{"id":134,"href":"https:\/\/www.ull.es\/eventos\/la-educacion-en-la-ii-republica\/wp-json\/wp\/v2\/pages\/131\/revisions\/134"}],"wp:attachment":[{"href":"https:\/\/www.ull.es\/eventos\/la-educacion-en-la-ii-republica\/wp-json\/wp\/v2\/media?parent=131"}],"curies":[{"name":"wp","href":"https:\/\/api.w.org\/{rel}","templated":true}]}}