{"id":21,"date":"2023-04-25T10:37:41","date_gmt":"2023-04-25T10:37:41","guid":{"rendered":"https:\/\/www.ull.es\/eventos\/la-educacion-en-la-ii-republica\/?page_id=21"},"modified":"2023-07-10T12:05:37","modified_gmt":"2023-07-10T12:05:37","slug":"21-2","status":"publish","type":"page","link":"https:\/\/www.ull.es\/eventos\/la-educacion-en-la-ii-republica\/21-2\/","title":{"rendered":"La educaci\u00f3n en la II Rep\u00fablica"},"content":{"rendered":"<p>[vc_row gap=\u00bb35&#8243; equal_height=\u00bbyes\u00bb content_placement=\u00bbbottom\u00bb css=\u00bb.vc_custom_1682423246893{background-image: url(http:\/\/www.ull.es\/eventos\/la-educacion-en-la-ii-republica\/wp-content\/uploads\/sites\/54\/2023\/04\/Historia_200491493_30799991_1706x960.jpeg?id=15) !important;background-position: center !important;background-repeat: no-repeat !important;background-size: cover !important;}\u00bb][vc_column width=\u00bb1\/3&#8243;][vc_empty_space height=\u00bb600px\u00bb][\/vc_column][vc_column width=\u00bb2\/3&#8243;][\/vc_column][\/vc_row][vc_row gap=\u00bb35&#8243; content_placement=\u00bbtop\u00bb css=\u00bb.vc_custom_1682423323488{padding-right: 90px !important;padding-left: 90px !important;background-color: #f5f5f5 !important;}\u00bb][vc_column width=\u00bb1\/3&#8243;][vc_separator color=\u00bbcustom\u00bb accent_color=\u00bb#8e8e8e\u00bb][vc_custom_heading text=\u00bbLA EDUCACI\u00d3N EN LA II REP\u00daBLICA\u00bb font_container=\u00bbtag:h1|font_size:3em|text_align:left|color:%23caa33f|line_height:100%25&#8243; google_fonts=\u00bbfont_family:Oswald%3A300%2Cregular%2C700|font_style:700%20bold%20regular%3A700%3Anormal\u00bb][vc_empty_space][\/vc_column][vc_column width=\u00bb2\/3&#8243;][vc_separator color=\u00bbcustom\u00bb accent_color=\u00bb#8e8e8e\u00bb][vc_column_text]La Facultad de Educaci\u00f3n dedica este a\u00f1o su semana cultural a la Educaci\u00f3n en la II Rep\u00fablica, con motivo de la conmemoraci\u00f3n de su 75 aniversario. La Facultad, en colaboraci\u00f3n con la Biblioteca Universitaria y con el Museo de la Educaci\u00f3n, pretende dar a conocer una de las experiencias educativas m\u00e1s interesantes y novedosas de la educaci\u00f3n contempor\u00e1nea y, al mismo tiempo, homenajear a quienes quisieron llevar la ense\u00f1anza y la cultura a todos los rincones del pa\u00eds: los maestros republicanos.<\/p>\n<p>Esta conmemoraci\u00f3n no quiere ser una mirada nost\u00e1lgica a aquel pasado republicano sino, por el contrario, poner de relieve la vigencia de los discursos y pr\u00e1cticas pedag\u00f3gicas de aquel periodo a trav\u00e9s de una exposici\u00f3n de fondos documentales que contribuyan a recuperar la memoria hist\u00f3rica de una \u00e9poca que ha sido intencionadamente silenciada.<\/p>\n<p>Con la proclamaci\u00f3n de la II Rep\u00fablica se hace posible poner en pr\u00e1ctica las aspiraciones educativas y culturales de una minor\u00eda intelectual que hab\u00eda venido conformando un discurso pedag\u00f3gico alternativo desde la segunda mitad del siglo XIX. Los primeros intentos por construir un modelo educativo p\u00fablico durante el Sexenio Democr\u00e1tico hab\u00edan quedado atr\u00e1s, y de aquella experiencia frustrada por el final de la I Rep\u00fablica y el inicio de la Restauraci\u00f3n borb\u00f3nica solo pudo continuarse una experiencia pedag\u00f3gica privada que desarroll\u00f3 la Instituci\u00f3n Libre de Ense\u00f1anza. De esta pr\u00e1ctica pedag\u00f3gica krausoinstitucionista, de las aportaciones realizadas por el socialismo espa\u00f1ol, del amplio conocimiento que ten\u00eda Lorenzo Luzuriaga y de las l\u00edneas program\u00e1ticas aportadas por las asociaciones de maestros y primeros sindicatos del profesorado, se nutrir\u00e1 el articulado educativo de la Constituci\u00f3n republicana de 1931.<\/p>\n<p>Ni la corta duraci\u00f3n del periodo republicano, ni la heterogeneidad de los gobiernos que estuvieron al frente del poder pol\u00edtico, ni el silencio que la dictadura impuso sobre la verdadera intencionalidad de las medidas educativas de los gobiernos progresistas republicanos, han podido ensombrecer lo que fue el noble intento de llenar el Estado espa\u00f1ol de escuelas y dotarlas de un profesorado m\u00e1s numeroso y mejor formado. Fue el primer intento serio en este pa\u00eds por resolver la implantaci\u00f3n de la democracia en una poblaci\u00f3n mayoritariamente analfabeta. El nuevo r\u00e9gimen republicano, sobre todo en el primer bienio, se propuso la extensi\u00f3n de una idea de escuela como un instrumento b\u00e1sico para la formaci\u00f3n de ciudadanos en una sociedad democr\u00e1tica, enlazando as\u00ed con los ideales educativos y regeneracionistas de la intelectualidad espa\u00f1ola del \u00faltimo cuarto del siglo XIX y primer tercio del siglo XX.<\/p>\n<p>Pero la II Rep\u00fablica se encontr\u00f3 con un r\u00e9gimen de uso y tenencia de la tierra todav\u00eda caciquil. Ni exist\u00eda un Estado lo suficientemente estructurado para afrontar el reto que supon\u00eda un cambio de estas condiciones econ\u00f3micas, ni tampoco se contaba con una sociedad civil con el consenso necesario para llevar a cabo esta transformaci\u00f3n. A pesar de estas circunstancias el nuevo gobierno republicano intent\u00f3 implantar una democracia pol\u00edtica y econ\u00f3mico-social que ampliara la participaci\u00f3n ciudadana y que afrontara de forma decidida la desigual distribuci\u00f3n de la riqueza. Este cambio se concibi\u00f3 vinculado a la transformaci\u00f3n de la ciudadan\u00eda. a partir de la existencia de un nuevo hombre y de una nueva mujer. Y en ello la educaci\u00f3n , con su extenso conjunto de medidas, era el v\u00ednculo ut\u00f3pico con la Rep\u00fablica.\u00a0 Un r\u00e9gimen que no tuvo el poder suficiente para hacer este gran cambio ni el tiempo necesario para conquistarlo. Pero fue una utop\u00eda y una posibilidad que moviliz\u00f3 a una gran parte de la sociedad en la lucha por la justicia, la igualdad y la libertad.[\/vc_column_text][vc_empty_space][\/vc_column][\/vc_row][vc_row gap=\u00bb30&#8243; css=\u00bb.vc_custom_1682423464513{padding-right: 90px !important;padding-left: 90px !important;background-color: #f5f5f5 !important;}\u00bb][vc_column width=\u00bb1\/3&#8243;][vc_separator color=\u00bbcustom\u00bb accent_color=\u00bb#8e8e8e\u00bb][\/vc_column][vc_column width=\u00bb2\/3&#8243;][vc_separator color=\u00bbcustom\u00bb accent_color=\u00bb#8e8e8e\u00bb][\/vc_column][\/vc_row]<\/p>\n","protected":false},"excerpt":{"rendered":"<p>[vc_row gap=\u00bb35&#8243; equal_height=\u00bbyes\u00bb content_placement=\u00bbbottom\u00bb css=\u00bb.vc_custom_1682423246893{background-image: url(http:\/\/www.ull.es\/eventos\/la-educacion-en-la-ii-republica\/wp-content\/uploads\/sites\/54\/2023\/04\/Historia_200491493_30799991_1706x960.jpeg?id=15) !important;background-position: center !important;background-repeat: no-repeat !important;background-size: cover !important;}\u00bb][vc_column width=\u00bb1\/3&#8243;][vc_empty_space height=\u00bb600px\u00bb][\/vc_column][vc_column width=\u00bb2\/3&#8243;][\/vc_column][\/vc_row][vc_row gap=\u00bb35&#8243; content_placement=\u00bbtop\u00bb css=\u00bb.vc_custom_1682423323488{padding-right: 90px !important;padding-left: 90px !important;background-color: #f5f5f5 !important;}\u00bb][vc_column width=\u00bb1\/3&#8243;][vc_separator color=\u00bbcustom\u00bb accent_color=\u00bb#8e8e8e\u00bb][vc_custom_heading text=\u00bbLA EDUCACI\u00d3N EN LA II REP\u00daBLICA\u00bb font_container=\u00bbtag:h1|font_size:3em|text_align:left|color:%23caa33f|line_height:100%25&#8243; google_fonts=\u00bbfont_family:Oswald%3A300%2Cregular%2C700|font_style:700%20bold%20regular%3A700%3Anormal\u00bb][vc_empty_space][\/vc_column][vc_column width=\u00bb2\/3&#8243;][vc_separator color=\u00bbcustom\u00bb accent_color=\u00bb#8e8e8e\u00bb][vc_column_text]La Facultad de Educaci\u00f3n dedica este a\u00f1o su semana cultural a la Educaci\u00f3n en la II Rep\u00fablica,&#8230;<\/p>\n","protected":false},"author":14,"featured_media":0,"parent":0,"menu_order":0,"comment_status":"closed","ping_status":"closed","template":"templates\/template-no-title.php","meta":{"footnotes":""},"class_list":["post-21","page","type-page","status-publish","hentry"],"_links":{"self":[{"href":"https:\/\/www.ull.es\/eventos\/la-educacion-en-la-ii-republica\/wp-json\/wp\/v2\/pages\/21"}],"collection":[{"href":"https:\/\/www.ull.es\/eventos\/la-educacion-en-la-ii-republica\/wp-json\/wp\/v2\/pages"}],"about":[{"href":"https:\/\/www.ull.es\/eventos\/la-educacion-en-la-ii-republica\/wp-json\/wp\/v2\/types\/page"}],"author":[{"embeddable":true,"href":"https:\/\/www.ull.es\/eventos\/la-educacion-en-la-ii-republica\/wp-json\/wp\/v2\/users\/14"}],"replies":[{"embeddable":true,"href":"https:\/\/www.ull.es\/eventos\/la-educacion-en-la-ii-republica\/wp-json\/wp\/v2\/comments?post=21"}],"version-history":[{"count":21,"href":"https:\/\/www.ull.es\/eventos\/la-educacion-en-la-ii-republica\/wp-json\/wp\/v2\/pages\/21\/revisions"}],"predecessor-version":[{"id":186,"href":"https:\/\/www.ull.es\/eventos\/la-educacion-en-la-ii-republica\/wp-json\/wp\/v2\/pages\/21\/revisions\/186"}],"wp:attachment":[{"href":"https:\/\/www.ull.es\/eventos\/la-educacion-en-la-ii-republica\/wp-json\/wp\/v2\/media?parent=21"}],"curies":[{"name":"wp","href":"https:\/\/api.w.org\/{rel}","templated":true}]}}