{"id":226,"date":"2023-09-22T12:33:45","date_gmt":"2023-09-22T12:33:45","guid":{"rendered":"https:\/\/www.ull.es\/eventos\/la-educacion-en-la-ii-republica\/?page_id=226"},"modified":"2023-09-22T12:34:41","modified_gmt":"2023-09-22T12:34:41","slug":"226-2","status":"publish","type":"page","link":"https:\/\/www.ull.es\/eventos\/la-educacion-en-la-ii-republica\/226-2\/","title":{"rendered":"Cr\u00e9ditos"},"content":{"rendered":"<p>[vc_row gap=\u00bb35&#8243; equal_height=\u00bbyes\u00bb content_placement=\u00bbbottom\u00bb css=\u00bb.vc_custom_1695382441289{background-color: #f5f5f5 !important;background-position: center !important;background-repeat: no-repeat !important;background-size: cover !important;}\u00bb][vc_column width=\u00bb1\/3&#8243;][\/vc_column][vc_column width=\u00bb2\/3&#8243;][\/vc_column][\/vc_row][vc_row gap=\u00bb35&#8243; content_placement=\u00bbtop\u00bb css=\u00bb.vc_custom_1682423323488{padding-right: 90px !important;padding-left: 90px !important;background-color: #f5f5f5 !important;}\u00bb][vc_column width=\u00bb1\/3&#8243;][vc_separator color=\u00bbcustom\u00bb accent_color=\u00bb#8e8e8e\u00bb][vc_custom_heading text=\u00bbCR\u00c9DITOS\u00bb font_container=\u00bbtag:h1|font_size:3em|text_align:left|color:%23caa33f|line_height:100%25&#8243; google_fonts=\u00bbfont_family:Oswald%3A300%2Cregular%2C700|font_style:700%20bold%20regular%3A700%3Anormal\u00bb][vc_separator color=\u00bbcustom\u00bb accent_color=\u00bb#8e8e8e\u00bb][vc_empty_space][\/vc_column][vc_column width=\u00bb2\/3&#8243;][vc_separator color=\u00bbcustom\u00bb accent_color=\u00bb#8e8e8e\u00bb][vc_column_text]<b>Equipo acad\u00e9mico:<\/b><\/p>\n<p>Manuel Ledesma Reyes (Comisario)<br \/>\nJos\u00e9 Mar\u00eda Gobantes Ollero (Decano)<br \/>\nAna M\u00aa Vega Navarro (Museo de la Educaci\u00f3n)<\/p>\n<p>&nbsp;<\/p>\n<p><b>Equipo de la Biblioteca Universitaria<\/b><\/p>\n<p>Mar\u00eda Luisa Morales Ayala<br \/>\nLiti Garc\u00eda-Ramos Medina<br \/>\nMar\u00eda Jes\u00fas Moreno Lorenzo<br \/>\nAna Guti\u00e9rrez Barrios<br \/>\nJos\u00e9 Manuel Erbez Rodr\u00edguez<br \/>\nIsmael Garc\u00eda P\u00e9rez (dise\u00f1o gr\u00e1fico)<br \/>\nCarmen Julia Hern\u00e1ndez Hern\u00e1ndez[\/vc_column_text][vc_empty_space][\/vc_column][\/vc_row][vc_row gap=\u00bb30&#8243; css=\u00bb.vc_custom_1682423464513{padding-right: 90px !important;padding-left: 90px !important;background-color: #f5f5f5 !important;}\u00bb][vc_column width=\u00bb1\/3&#8243;][vc_separator color=\u00bbcustom\u00bb accent_color=\u00bb#8e8e8e\u00bb][\/vc_column][vc_column width=\u00bb2\/3&#8243;][vc_separator color=\u00bbcustom\u00bb accent_color=\u00bb#8e8e8e\u00bb][\/vc_column][\/vc_row]<\/p>\n","protected":false},"excerpt":{"rendered":"<p>[vc_row gap=\u00bb35&#8243; equal_height=\u00bbyes\u00bb content_placement=\u00bbbottom\u00bb css=\u00bb.vc_custom_1695382441289{background-color: #f5f5f5 !important;background-position: center !important;background-repeat: no-repeat !important;background-size: cover !important;}\u00bb][vc_column width=\u00bb1\/3&#8243;][\/vc_column][vc_column width=\u00bb2\/3&#8243;][\/vc_column][\/vc_row][vc_row gap=\u00bb35&#8243; content_placement=\u00bbtop\u00bb css=\u00bb.vc_custom_1682423323488{padding-right: 90px !important;padding-left: 90px !important;background-color: #f5f5f5 !important;}\u00bb][vc_column width=\u00bb1\/3&#8243;][vc_separator color=\u00bbcustom\u00bb accent_color=\u00bb#8e8e8e\u00bb][vc_custom_heading text=\u00bbCR\u00c9DITOS\u00bb font_container=\u00bbtag:h1|font_size:3em|text_align:left|color:%23caa33f|line_height:100%25&#8243; google_fonts=\u00bbfont_family:Oswald%3A300%2Cregular%2C700|font_style:700%20bold%20regular%3A700%3Anormal\u00bb][vc_separator color=\u00bbcustom\u00bb accent_color=\u00bb#8e8e8e\u00bb][vc_empty_space][\/vc_column][vc_column width=\u00bb2\/3&#8243;][vc_separator color=\u00bbcustom\u00bb accent_color=\u00bb#8e8e8e\u00bb][vc_column_text]Equipo acad\u00e9mico: Manuel Ledesma Reyes (Comisario) Jos\u00e9 Mar\u00eda Gobantes Ollero (Decano) Ana M\u00aa Vega Navarro (Museo de la Educaci\u00f3n) &nbsp; Equipo&#8230;<\/p>\n","protected":false},"author":14,"featured_media":0,"parent":0,"menu_order":0,"comment_status":"closed","ping_status":"closed","template":"templates\/template-no-title.php","meta":{"footnotes":""},"class_list":["post-226","page","type-page","status-publish","hentry"],"_links":{"self":[{"href":"https:\/\/www.ull.es\/eventos\/la-educacion-en-la-ii-republica\/wp-json\/wp\/v2\/pages\/226"}],"collection":[{"href":"https:\/\/www.ull.es\/eventos\/la-educacion-en-la-ii-republica\/wp-json\/wp\/v2\/pages"}],"about":[{"href":"https:\/\/www.ull.es\/eventos\/la-educacion-en-la-ii-republica\/wp-json\/wp\/v2\/types\/page"}],"author":[{"embeddable":true,"href":"https:\/\/www.ull.es\/eventos\/la-educacion-en-la-ii-republica\/wp-json\/wp\/v2\/users\/14"}],"replies":[{"embeddable":true,"href":"https:\/\/www.ull.es\/eventos\/la-educacion-en-la-ii-republica\/wp-json\/wp\/v2\/comments?post=226"}],"version-history":[{"count":4,"href":"https:\/\/www.ull.es\/eventos\/la-educacion-en-la-ii-republica\/wp-json\/wp\/v2\/pages\/226\/revisions"}],"predecessor-version":[{"id":232,"href":"https:\/\/www.ull.es\/eventos\/la-educacion-en-la-ii-republica\/wp-json\/wp\/v2\/pages\/226\/revisions\/232"}],"wp:attachment":[{"href":"https:\/\/www.ull.es\/eventos\/la-educacion-en-la-ii-republica\/wp-json\/wp\/v2\/media?parent=226"}],"curies":[{"name":"wp","href":"https:\/\/api.w.org\/{rel}","templated":true}]}}