{"id":2023,"date":"2025-09-23T11:37:25","date_gmt":"2025-09-23T11:37:25","guid":{"rendered":"https:\/\/www.ull.es\/eventos\/letras-en-danza\/?page_id=2023"},"modified":"2026-04-30T07:44:25","modified_gmt":"2026-04-30T07:44:25","slug":"inicio","status":"publish","type":"page","link":"https:\/\/www.ull.es\/eventos\/letras-en-danza\/","title":{"rendered":"Inicio"},"content":{"rendered":"<p>[vc_row full_width=\u00bbstretch_row_content\u00bb content_placement=\u00bbbottom\u00bb css=\u00bb.vc_custom_1776247777209{margin-top: 50px !important;}\u00bb][vc_column css=\u00bb.vc_custom_1776071582163{border-top-width: 1px !important;border-top-color: #000000 !important;}\u00bb][vc_single_image image=\u00bb2253&#8243; img_size=\u00bbfull\u00bb alignment=\u00bbcenter\u00bb][vc_empty_space][\/vc_column][\/vc_row][vc_row][vc_column width=\u00bb1\/4&#8243; css=\u00bb.vc_custom_1776071501776{background-position: center !important;background-repeat: no-repeat !important;background-size: contain !important;}\u00bb][\/vc_column][vc_column width=\u00bb1\/2&#8243;][vc_separator][vc_empty_space height=\u00bb96px\u00bb][vc_column_text]<\/p>\n<p style=\"text-align: left;\"><span style=\"font-weight: 400;\">El libro, como fuente de conocimiento, espacio de creaci\u00f3n y archivo, ha sido desde sus comienzos el punto de encuentro entre las humanidades y las ciencias.\u00a0<\/span><\/p>\n<p style=\"text-align: left;\"><span style=\"font-weight: 400;\">Leer, por tanto, trasciende las fronteras entre disciplinas: permite comprender la complejidad del universo, de la vida, de nuestros cuerpos y de nuestras mentes.<\/span><\/p>\n<p class=\"p1\" style=\"text-align: left;\"><span style=\"font-weight: 400;\">Por ello, esta propuesta expositiva, <\/span><i><span style=\"font-weight: 400;\">Letras en danza. Una visi\u00f3n performativa de la lectura<\/span><\/i><span style=\"font-weight: 400;\">,\u00a0 pretende explorar la impronta de la danza en los libros y de los libros en la danza.<\/span> <span style=\"font-weight: 400;\">Arte, literatura, pensamiento y ciencia se entretejen para celebrar conjuntamente el D\u00eda Internacional del Libro (23 de abril) y el D\u00eda Internacional de la Danza (29 de abril) con el fin de reivindicar un arte hist\u00f3ricamente obliterado dentro y fuera de la universidad.<\/span><\/p>\n<p>[\/vc_column_text][vc_empty_space height=\u00bb48px\u00bb][vc_separator][vc_column_text css=\u00bb.vc_custom_1777534987906{margin-left: 50px !important;}\u00bb]<\/p>\n<p style=\"text-align: right;\">Textos de Ale Coello Hern\u00e1ndez y Alberto Garc\u00eda Aguilar<\/p>\n<p>[\/vc_column_text][vc_empty_space height=\u00bb64px\u00bb][vc_separator][vc_column_text el_class=\u00bbpie\u00bb]<\/p>\n<p style=\"text-align: right;\">*\u00a0 <span class=\"s1\">La gr\u00e1fica de la exposici\u00f3n est\u00e1 realizada a partir de dibujos de Roberto Garc\u00eda de Mesa en <i>Puntos de fuga<\/i>, 2005.<\/span><\/p>\n<p>[\/vc_column_text][\/vc_column][vc_column width=\u00bb1\/4&#8243;][\/vc_column][\/vc_row][vc_row][vc_column][vc_separator][\/vc_column][\/vc_row][vc_row][vc_column width=\u00bb1\/5&#8243;][\/vc_column][vc_column width=\u00bb1\/5&#8243;][\/vc_column][vc_column width=\u00bb1\/5&#8243;][vc_empty_space height=\u00bb64px\u00bb][vc_custom_heading text=\u00bbCon la colaboraci\u00f3n de:\u00bb font_container=\u00bbtag:p|font_size:14|text_align:left\u00bb use_theme_fonts=\u00bbyes\u00bb][vc_single_image image=\u00bb2195&#8243; img_size=\u00bb150&#215;26&#8243;][\/vc_column][vc_column width=\u00bb1\/5&#8243;][\/vc_column][vc_column width=\u00bb1\/5&#8243;][\/vc_column][\/vc_row]<\/p>\n","protected":false},"excerpt":{"rendered":"<p>[vc_row full_width=\u00bbstretch_row_content\u00bb content_placement=\u00bbbottom\u00bb css=\u00bb.vc_custom_1776247777209{margin-top: 50px !important;}\u00bb][vc_column css=\u00bb.vc_custom_1776071582163{border-top-width: 1px !important;border-top-color: #000000 !important;}\u00bb][vc_single_image image=\u00bb2253&#8243; img_size=\u00bbfull\u00bb alignment=\u00bbcenter\u00bb][vc_empty_space][\/vc_column][\/vc_row][vc_row][vc_column width=\u00bb1\/4&#8243; css=\u00bb.vc_custom_1776071501776{background-position: center !important;background-repeat: no-repeat !important;background-size: contain !important;}\u00bb][\/vc_column][vc_column width=\u00bb1\/2&#8243;][vc_separator][vc_empty_space height=\u00bb96px\u00bb][vc_column_text] El libro, como fuente de conocimiento, espacio de creaci\u00f3n y archivo, ha sido desde sus comienzos el punto de encuentro entre las humanidades y las ciencias.\u00a0 Leer, por tanto, trasciende las&#8230;<\/p>\n","protected":false},"author":14,"featured_media":0,"parent":0,"menu_order":0,"comment_status":"closed","ping_status":"closed","template":"templates\/template-no-title.php","meta":{"footnotes":""},"class_list":["post-2023","page","type-page","status-publish","hentry"],"_links":{"self":[{"href":"https:\/\/www.ull.es\/eventos\/letras-en-danza\/wp-json\/wp\/v2\/pages\/2023"}],"collection":[{"href":"https:\/\/www.ull.es\/eventos\/letras-en-danza\/wp-json\/wp\/v2\/pages"}],"about":[{"href":"https:\/\/www.ull.es\/eventos\/letras-en-danza\/wp-json\/wp\/v2\/types\/page"}],"author":[{"embeddable":true,"href":"https:\/\/www.ull.es\/eventos\/letras-en-danza\/wp-json\/wp\/v2\/users\/14"}],"replies":[{"embeddable":true,"href":"https:\/\/www.ull.es\/eventos\/letras-en-danza\/wp-json\/wp\/v2\/comments?post=2023"}],"version-history":[{"count":65,"href":"https:\/\/www.ull.es\/eventos\/letras-en-danza\/wp-json\/wp\/v2\/pages\/2023\/revisions"}],"predecessor-version":[{"id":2292,"href":"https:\/\/www.ull.es\/eventos\/letras-en-danza\/wp-json\/wp\/v2\/pages\/2023\/revisions\/2292"}],"wp:attachment":[{"href":"https:\/\/www.ull.es\/eventos\/letras-en-danza\/wp-json\/wp\/v2\/media?parent=2023"}],"curies":[{"name":"wp","href":"https:\/\/api.w.org\/{rel}","templated":true}]}}