{"id":2296,"date":"2026-04-21T12:37:49","date_gmt":"2026-04-21T12:37:49","guid":{"rendered":"https:\/\/www.ull.es\/eventos\/letras-en-danza\/?page_id=2296"},"modified":"2026-04-21T12:39:55","modified_gmt":"2026-04-21T12:39:55","slug":"microfono-abierto","status":"publish","type":"page","link":"https:\/\/www.ull.es\/eventos\/letras-en-danza\/microfono-abierto\/","title":{"rendered":"Micr\u00f3fono abierto"},"content":{"rendered":"<p>[vc_row full_width=\u00bbstretch_row_content\u00bb content_placement=\u00bbbottom\u00bb css=\u00bb.vc_custom_1776251820642{margin-top: 50px !important;background-position: center !important;background-repeat: no-repeat !important;background-size: cover !important;}\u00bb el_class=\u00bbcabecera\u00bb][vc_column css=\u00bb.vc_custom_1776071582163{border-top-width: 1px !important;border-top-color: #000000 !important;}\u00bb][vc_single_image image=\u00bb2253&#8243; img_size=\u00bbfull\u00bb alignment=\u00bbcenter\u00bb el_class=\u00bbimg-cabecera\u00bb][\/vc_column][\/vc_row][vc_row][vc_column width=\u00bb1\/4&#8243; css=\u00bb.vc_custom_1776071501776{background-position: center !important;background-repeat: no-repeat !important;background-size: contain !important;}\u00bb][\/vc_column][vc_column width=\u00bb1\/2&#8243;][vc_separator][vc_empty_space height=\u00bb72px\u00bb][vc_custom_heading source=\u00bbpost_title\u00bb font_container=\u00bbtag:h1|text_align:left|color:%23000000&#8243; google_fonts=\u00bbfont_family:Raleway%3A100%2C200%2C300%2Cregular%2C500%2C600%2C700%2C800%2C900|font_style:300%20light%20regular%3A300%3Anormal\u00bb][vc_empty_space][vc_column_text]<span style=\"font-weight: 400;\">Entre las actividades programadas para celebrar el <\/span><b>D\u00eda del Libro 2026<\/b><span style=\"font-weight: 400;\">, la Biblioteca de la Universidad de La Laguna ha organizado una <\/span><b>lectura ininterrumpida<\/b><span style=\"font-weight: 400;\"> de fragmentos de obras que tendr\u00e1 lugar el <\/span><b>23 de abril<\/b><span style=\"font-weight: 400;\">, de <\/span><b>9:00 <\/b><span style=\"font-weight: 400;\">a<\/span><b> 20:00, <\/b><span style=\"font-weight: 400;\">en la <\/span><b>Biblioteca General y de Humanidades<\/b><span style=\"font-weight: 400;\"> del <\/span><b>campus de Guajara.\u00a0<\/b><\/p>\n<p><span style=\"font-weight: 400;\">Invitamos a toda la <\/span><b>comunidad universitaria<\/b><span style=\"font-weight: 400;\"> y al <\/span><b>p\u00fablico en general<\/b><span style=\"font-weight: 400;\"> a participar con la lectura de unas p\u00e1ginas de una obra de su elecci\u00f3n. Cada intervenci\u00f3n durar\u00e1 aproximadamente <\/span><b>5 minutos.<\/b><span style=\"font-weight: 400;\"> Para participar es necesario <\/span><b>rellenar este <\/b><a href=\"https:\/\/docs.google.com\/forms\/d\/e\/1FAIpQLSdy7DM4XQiOvduV8RONslPC8F9KrPRLp_ttGfsoDz0Lybd8Bw\/viewform\" target=\"_blank\" rel=\"noopener\"><b>formulario de inscripci\u00f3n<\/b><\/a><span style=\"font-weight: 400;\"> que permanecer\u00e1 abierto <\/span><b>hasta el 22 de abril<\/b><span style=\"font-weight: 400;\">.<\/span>[\/vc_column_text][vc_empty_space height=\u00bb16px\u00bb][\/vc_column][vc_column width=\u00bb1\/4&#8243;][\/vc_column][\/vc_row][vc_row][vc_column][vc_separator][\/vc_column][\/vc_row][vc_row][vc_column width=\u00bb1\/5&#8243;][\/vc_column][vc_column width=\u00bb1\/5&#8243;][\/vc_column][vc_column width=\u00bb1\/5&#8243;][vc_empty_space height=\u00bb64px\u00bb][vc_custom_heading text=\u00bbCon la colaboraci\u00f3n de:\u00bb font_container=\u00bbtag:p|font_size:14|text_align:left\u00bb use_theme_fonts=\u00bbyes\u00bb][vc_single_image image=\u00bb2195&#8243; img_size=\u00bb150&#215;26&#8243;][\/vc_column][vc_column width=\u00bb1\/5&#8243;][\/vc_column][vc_column width=\u00bb1\/5&#8243;][\/vc_column][\/vc_row]<\/p>\n","protected":false},"excerpt":{"rendered":"<p>[vc_row full_width=\u00bbstretch_row_content\u00bb content_placement=\u00bbbottom\u00bb css=\u00bb.vc_custom_1776251820642{margin-top: 50px !important;background-position: center !important;background-repeat: no-repeat !important;background-size: cover !important;}\u00bb el_class=\u00bbcabecera\u00bb][vc_column css=\u00bb.vc_custom_1776071582163{border-top-width: 1px !important;border-top-color: #000000 !important;}\u00bb][vc_single_image image=\u00bb2253&#8243; img_size=\u00bbfull\u00bb alignment=\u00bbcenter\u00bb el_class=\u00bbimg-cabecera\u00bb][\/vc_column][\/vc_row][vc_row][vc_column width=\u00bb1\/4&#8243; css=\u00bb.vc_custom_1776071501776{background-position: center !important;background-repeat: no-repeat !important;background-size: contain !important;}\u00bb][\/vc_column][vc_column width=\u00bb1\/2&#8243;][vc_separator][vc_empty_space height=\u00bb72px\u00bb][vc_custom_heading source=\u00bbpost_title\u00bb font_container=\u00bbtag:h1|text_align:left|color:%23000000&#8243; google_fonts=\u00bbfont_family:Raleway%3A100%2C200%2C300%2Cregular%2C500%2C600%2C700%2C800%2C900|font_style:300%20light%20regular%3A300%3Anormal\u00bb][vc_empty_space][vc_column_text]Entre las actividades programadas para celebrar el D\u00eda del Libro 2026, la Biblioteca de la Universidad de La Laguna ha organizado&#8230;<\/p>\n","protected":false},"author":14,"featured_media":0,"parent":0,"menu_order":0,"comment_status":"closed","ping_status":"closed","template":"templates\/template-no-title.php","meta":{"footnotes":""},"class_list":["post-2296","page","type-page","status-publish","hentry"],"_links":{"self":[{"href":"https:\/\/www.ull.es\/eventos\/letras-en-danza\/wp-json\/wp\/v2\/pages\/2296"}],"collection":[{"href":"https:\/\/www.ull.es\/eventos\/letras-en-danza\/wp-json\/wp\/v2\/pages"}],"about":[{"href":"https:\/\/www.ull.es\/eventos\/letras-en-danza\/wp-json\/wp\/v2\/types\/page"}],"author":[{"embeddable":true,"href":"https:\/\/www.ull.es\/eventos\/letras-en-danza\/wp-json\/wp\/v2\/users\/14"}],"replies":[{"embeddable":true,"href":"https:\/\/www.ull.es\/eventos\/letras-en-danza\/wp-json\/wp\/v2\/comments?post=2296"}],"version-history":[{"count":3,"href":"https:\/\/www.ull.es\/eventos\/letras-en-danza\/wp-json\/wp\/v2\/pages\/2296\/revisions"}],"predecessor-version":[{"id":2300,"href":"https:\/\/www.ull.es\/eventos\/letras-en-danza\/wp-json\/wp\/v2\/pages\/2296\/revisions\/2300"}],"wp:attachment":[{"href":"https:\/\/www.ull.es\/eventos\/letras-en-danza\/wp-json\/wp\/v2\/media?parent=2296"}],"curies":[{"name":"wp","href":"https:\/\/api.w.org\/{rel}","templated":true}]}}