{"id":668,"date":"2021-05-26T10:02:48","date_gmt":"2021-05-26T10:02:48","guid":{"rendered":"https:\/\/www.ull.es\/eventos\/ods2020\/?page_id=668"},"modified":"2021-06-03T09:18:32","modified_gmt":"2021-06-03T09:18:32","slug":"ods-2021","status":"publish","type":"page","link":"https:\/\/www.ull.es\/eventos\/ods2021\/","title":{"rendered":"ODS 2021"},"content":{"rendered":"<p>[vc_row full_width=\u00bbstretch_row_content_no_spaces\u00bb][vc_column][rev_slider_vc alias=\u00bbportada_2021&#8243;][\/vc_column][\/vc_row][vc_row][vc_column width=\u00bb1\/6&#8243;][\/vc_column][vc_column width=\u00bb2\/3&#8243;][vc_column_text]<\/p>\n<h1>\u00bfHacia d\u00f3nde vamos?<\/h1>\n<p>[\/vc_column_text][vc_column_text]<span style=\"font-weight: 400\">\u00bfHacia d\u00f3nde vamos? Esa es la pregunta que debemos plantearnos antes de ver esta exposici\u00f3n que muestra las m\u00faltiples presiones a las que se ve sometido el medio marino de Tenerife, nuestra isla.\u00a0<\/span><\/p>\n<p><span style=\"font-weight: 400\">Quiz\u00e1 la respuesta tras ver la exposici\u00f3n no sea esperanzadora, pero implantar los Objetivos del Desarrollo Sostenible (ODS) en concordancia con econom\u00edas respetuosas con el medio ambiente es la\u00a0 estrategia prioritaria para asegurar nuestra continuidad en la Tierra.\u00a0<\/span><\/p>\n<p><span style=\"font-weight: 400\">La crisis causada por la COVID-19 ha afectado profundamente a muchos sectores de nuestra sociedad y ha generado una era de incertidumbre en la que se plantea la necesidad de movernos hacia un nuevo paradigma m\u00e1s sostenible: la econom\u00eda, la sociedad y el medio ambiente deben discurrir juntos y equitativamente.\u00a0<\/span><\/p>\n<p><span style=\"font-weight: 400\">Las Universidades, como instituciones de educaci\u00f3n superior, juegan un importante rol en la integraci\u00f3n y difusi\u00f3n de los ODS. Por ello presentamos esta exposici\u00f3n centrada en el <\/span><b>ODS 14: vida submarina, conservar y utilizar sosteniblemente los oc\u00e9anos, los mares y los recursos marinos<\/b><span style=\"font-weight: 400\">.\u00a0<\/span><\/p>\n<p><span style=\"font-weight: 400\">El sistema actual de econom\u00eda lineal basado en usar y tirar se encuentra totalmente obsoleto y desequilibrado en relaci\u00f3n al planeta. Es necesario un cambio con urgencia hacia la sostenibilidad, y es eso lo que en 2014 propuso el Parlamento Europeo en su comunicaci\u00f3n: <\/span><a href=\"https:\/\/eur-lex.europa.eu\/legal-content\/ES\/TXT\/?uri=CELEX%3A52014DC0398\" target=\"_blank\" rel=\"noopener\" target=\"_blank\" rel=\"noopener\"><span style=\"font-weight: 400\">Hacia una econom\u00eda circular: un programa de cero residuos para Europa<\/span><\/a><span style=\"font-weight: 400\">.\u00a0<\/span><\/p>\n<p><span style=\"font-weight: 400\">La econom\u00eda circular es un modelo econ\u00f3mico que busca que los productos y sus materiales se mantengan en la econom\u00eda el mayor tiempo posible, siendo su objetivo prioritario la disminuci\u00f3n en la producci\u00f3n de residuos. Por este motivo, palabras clave como reparar o repensar se vuelven indispensables en esta econom\u00eda. Pensar en el residuo que generar\u00e1 un producto antes de pensar en el producto nos hace repensar el objeto en s\u00ed.\u00a0<\/span><\/p>\n<p><span style=\"font-weight: 400\">La econom\u00eda circular, sin duda, permitir\u00e1 reducir la cantidad de residuos que se encuentran en el mar, pero es importante integrar tambi\u00e9n la econom\u00eda azul en el sistema. Se trata de una estrategia de la Uni\u00f3n Europea que propone un crecimiento inteligente, sostenible e integrador con los sectores marino y mar\u00edtimo, que reconoce a los oc\u00e9anos como motores de la econom\u00eda.<\/span><\/p>\n<p><span style=\"font-weight: 400\">Sin duda, la sociedad juega un papel principal en la integraci\u00f3n de estas econom\u00edas, ya que somos los principales consumidores. Priorizar la econom\u00eda local, los productos respetuosos con el medio ambiente y partir del principio \u201cel mejor residuo es aquel que no se genera\u201d son elementos clave para disminuir nuestra huella en el planeta.<\/span>[\/vc_column_text][\/vc_column][vc_column width=\u00bb1\/6&#8243;][\/vc_column][\/vc_row]<\/p>\n","protected":false},"excerpt":{"rendered":"<p>[vc_row full_width=\u00bbstretch_row_content_no_spaces\u00bb][vc_column][rev_slider_vc alias=\u00bbportada_2021&#8243;][\/vc_column][\/vc_row][vc_row][vc_column width=\u00bb1\/6&#8243;][\/vc_column][vc_column width=\u00bb2\/3&#8243;][vc_column_text] \u00bfHacia d\u00f3nde vamos? [\/vc_column_text][vc_column_text]\u00bfHacia d\u00f3nde vamos? Esa es la pregunta que debemos plantearnos antes de ver esta exposici\u00f3n que muestra las m\u00faltiples presiones a las que se ve sometido el medio marino de Tenerife, nuestra isla.\u00a0 Quiz\u00e1 la respuesta tras ver la exposici\u00f3n no sea esperanzadora, pero implantar los Objetivos&#8230;<\/p>\n","protected":false},"author":14,"featured_media":0,"parent":0,"menu_order":0,"comment_status":"closed","ping_status":"closed","template":"templates\/template-frontpage.php","meta":{"footnotes":""},"class_list":["post-668","page","type-page","status-publish","hentry"],"_links":{"self":[{"href":"https:\/\/www.ull.es\/eventos\/ods2021\/wp-json\/wp\/v2\/pages\/668"}],"collection":[{"href":"https:\/\/www.ull.es\/eventos\/ods2021\/wp-json\/wp\/v2\/pages"}],"about":[{"href":"https:\/\/www.ull.es\/eventos\/ods2021\/wp-json\/wp\/v2\/types\/page"}],"author":[{"embeddable":true,"href":"https:\/\/www.ull.es\/eventos\/ods2021\/wp-json\/wp\/v2\/users\/14"}],"replies":[{"embeddable":true,"href":"https:\/\/www.ull.es\/eventos\/ods2021\/wp-json\/wp\/v2\/comments?post=668"}],"version-history":[{"count":2,"href":"https:\/\/www.ull.es\/eventos\/ods2021\/wp-json\/wp\/v2\/pages\/668\/revisions"}],"predecessor-version":[{"id":902,"href":"https:\/\/www.ull.es\/eventos\/ods2021\/wp-json\/wp\/v2\/pages\/668\/revisions\/902"}],"wp:attachment":[{"href":"https:\/\/www.ull.es\/eventos\/ods2021\/wp-json\/wp\/v2\/media?parent=668"}],"curies":[{"name":"wp","href":"https:\/\/api.w.org\/{rel}","templated":true}]}}