{"id":1033,"date":"2025-09-04T08:56:31","date_gmt":"2025-09-04T08:56:31","guid":{"rendered":"https:\/\/www.ull.es\/formacion-permanente\/?page_id=1033"},"modified":"2026-03-04T10:03:00","modified_gmt":"2026-03-04T10:03:00","slug":"microcredenciales-en-curso","status":"publish","type":"page","link":"https:\/\/www.ull.es\/formacion-permanente\/fr\/microcredenciales-universitarias\/microcredenciales-en-curso\/","title":{"rendered":"Micro-accr\u00e9ditations en cours"},"content":{"rendered":"\n<div class=\"wp-block-stackable-columns alignfull stk-block-columns stk-block stk-2314a6b\" data-block-id=\"2314a6b\"><style>.stk-2314a6b {padding-bottom:0px !important;margin-bottom:0px !important;}<\/style><div class=\"stk-row stk-inner-blocks stk-block-content stk-content-align stk-2314a6b-column alignfull\">\n<div class=\"wp-block-stackable-column stk-block-column stk-column stk-block stk-1d1764d\" data-v=\"4\" data-block-id=\"1d1764d\"><div class=\"stk-column-wrapper stk-block-column__content stk-container stk-1d1764d-container stk--no-background stk--no-padding\"><div class=\"stk-block-content stk-inner-blocks stk-1d1764d-inner-blocks\"><style id=\"depicter-10-inline-pre-css\">\n\n.depicter-10:not(.depicter-ready){\n\theight:450px;\n}\n\n\/***** Tablet *****\/\n@media screen and (max-width: 1024px){\n\n.depicter-10:not(.depicter-ready){\n\theight:700px;\n}\n\n}\n\/***** Mobile *****\/\n@media screen and (max-width: 767px){\n\n.depicter-10:not(.depicter-ready){\n\theight:450px;\n}\n\n}\n<\/style>\n<div id=\"depicter-10\" class=\"depicter depicter-document depicter-revert depicter-10 depicter-layout-fullwidth\">\n\n<div class=\"depicter-loading-container depicter-loading dotFlashing-dark\"><div class=\"depicter-loading-dark depicter-dot-flashing\">\n   <span><\/span>\n   <span><\/span>\n   <span><\/span>\n<\/div>\n<\/div>\n<div id=\"depicter-10-section-1\" class=\"depicter-section depicter-10-section-1\" data-name=\"Section 1\" data-type=\"section\" data-local-id=\"section-1\">\n<picture class=\"depicter-bg\">\n<source data-depicter-srcset=\"https:\/\/www.ull.es\/formacion-permanente\/wp-content\/uploads\/2025\/08\/happy-college-students-and-their-teacher-using-com-2023-11-27-05-13-04-utc-164-768x512.jpg, https:\/\/www.ull.es\/formacion-permanente\/wp-content\/uploads\/2025\/08\/happy-college-students-and-their-teacher-using-com-2023-11-27-05-13-04-utc-164.jpg 2x\" srcset=\"data:image\/gif;base64,R0lGODlhAQABAIAAAAAAAP\/\/\/yH5BAEAAAAALAAAAAABAAEAAAIBRAA7\" media=\"(max-width: 1024px)\" \/>\n\n<source data-depicter-srcset=\"https:\/\/www.ull.es\/formacion-permanente\/wp-content\/uploads\/2025\/08\/happy-college-students-and-their-teacher-using-com-2023-11-27-05-13-04-utc-164.jpg, https:\/\/www.ull.es\/formacion-permanente\/wp-content\/uploads\/2025\/08\/happy-college-students-and-their-teacher-using-com-2023-11-27-05-13-04-utc-164-1600x1067.jpg 2x\" srcset=\"data:image\/gif;base64,R0lGODlhAQABAIAAAAAAAP\/\/\/yH5BAEAAAAALAAAAAABAAEAAAIBRAA7\" media=\"(min-width: 1025px)\" \/>\n<img decoding=\"async\" src=\"data:image\/gif;base64,R0lGODlhAQABAIAAAAAAAP\/\/\/yH5BAEAAAAALAAAAAABAAEAAAIBRAA7\" data-ken-burns=\"false\" data-tablet-ken-burns=\"false\" data-mobile-ken-burns=\"false\" alt=\"\" data-depicter-src=\"https:\/\/www.ull.es\/formacion-permanente\/wp-content\/uploads\/2025\/08\/happy-college-students-and-their-teacher-using-com-2023-11-27-05-13-04-utc-164.jpg\" data-object-fit=\"custom,custom,\" data-object-position=\"center top,,\" data-crop=\"{'focalPoint':{'x':0.5,'y':0.5},'mediaSize':{'width':1200,'height':800.25}}\" data-tablet-crop=\"{'focalPoint':{'x':0.5,'y':0.5},'mediaSize':{'width':1049.67197750702916891896165907382965087890625,'height':700}}\" data-mobile-crop=\"{'focalPoint':{'x':0.5,'y':0.5},'mediaSize':{'width':674.7891283973758618230931460857391357421875,'height':450}}\" \/>\n<\/picture>\n\n\n<h1 id=\"depicter-10-element-5\" class=\"depicter-element depicter-layer depicter-10-element-5\" data-type=\"text\" data-wrap=\"true\" data-name=\"Text 2\" data-local-id=\"element-5\" data-offset=\"x:0px;y:183px;origin:tl\" data-tablet-offset=\"x:190px;y:278px;origin:tl\" data-mobile-offset=\"x:-2px;y:171px;origin:tl\" data-width=\"1200px,646px,376px\" data-height=\"auto,auto,auto\" data-responsive-scale=\"true,,\">Microcredenciales universitarias<br><\/h1>\n\n<div id=\"depicter-10-element-10\" class=\"depicter-element depicter-layer depicter-10-element-10\" data-type=\"shape\" data-wrap=\"true\" data-name=\"Shape 1\" data-local-id=\"element-10\" data-offset=\"x:0px;y:267px;origin:tl\" data-tablet-offset=\"x:189px;y:432px;origin:tl\" data-mobile-offset=\"x:0px;y:276px;origin:tl\" data-width=\"1124px,647px,360px\" data-height=\"8px,8px,8px\" data-responsive-scale=\"true,,\"><\/div>\n<\/div>\n<\/div>\n<script>\n(window.depicterSetups = window.depicterSetups || []).push(function(){\n\tDepicter.basePath = 'https:\/\/www.ull.es\/formacion-permanente\/wp-content\/plugins\/depicter\/resources\/scripts\/player\/';\n\tconst dpPlayer = Depicter.setup('.depicter-10',\n\t\t{\"width\":[\"1200\",\"1024\",\"360\"],\"height\":[\"450\",\"700\",\"450\"],\"view\":\"basic\",\"keepAspectRatio\":true,\"preload\":0,\"layout\":\"fullwidth\",\"rtl\":false,\"initAfterAppear\":false,\"ajaxApiUrl\":\"https:\\\/\\\/www.ull.es\\\/formacion-permanente\\\/wp-admin\\\/admin-ajax.php\",\"mouseSwipe\":true,\"touchSwipe\":true,\"useWatermark\":false}\n\t);\n});\n<\/script><\/div><\/div><\/div>\n<\/div><\/div>\n\n\n\n<div class=\"wp-block-stackable-heading alignfull stk-block-heading stk--hide-mobile stk-block-heading--v2 stk-block stk-67e3263 stk-block-background\" data-block-id=\"67e3263\"><style>.stk-67e3263 {background-color:#fd6921 !important;padding-top:15px !important;padding-bottom:15px !important;margin-bottom:58px !important;}.stk-67e3263:before{background-color:#fd6921 !important;}.stk-67e3263 .stk-block-heading__text{font-size:20px !important;color:#ffffff !important;font-weight:500 !important;font-family:\"ArgentumSans\", Sans-serif !important;}@media screen and (max-width: 1023px){.stk-67e3263 .stk-block-heading__text{font-size:20px !important;}}<\/style><h2 class=\"stk-block-heading__text has-text-color has-text-align-center\"><\/h2><\/div>\n\n\n\n<div class=\"wp-block-stackable-columns alignwide stk-block-columns stk-block stk-02a2839\" data-block-id=\"02a2839\"><style>.stk-02a2839 {padding-right:12% !important;padding-left:12% !important;margin-bottom:5% !important;}@media screen and (max-width: 767px){.stk-02a2839 {padding-right:0px !important;padding-left:0px !important;}}<\/style><div class=\"stk-row stk-inner-blocks stk-block-content stk-content-align stk-02a2839-column alignwide\">\n<div class=\"wp-block-stackable-column stk-block-column stk-column stk-block stk-7c74033\" data-v=\"4\" data-block-id=\"7c74033\"><div class=\"stk-column-wrapper stk-block-column__content stk-container stk-7c74033-container stk--no-background stk--no-padding\"><div class=\"stk-block-content stk-inner-blocks stk-7c74033-inner-blocks\">\n<div class=\"wp-block-stackable-heading stk-block-heading stk-block-heading--v2 stk-block stk-a01612b\" id=\"span-style-color-fd-6921-class-stk-highlight-strong-microcredenciales-con-inscripcion-abierta-strong-span\" data-block-id=\"a01612b\"><style>.stk-a01612b {margin-bottom:30px !important;}.stk-a01612b .stk-block-heading__text{color:#000000 !important;}<\/style><h1 class=\"stk-block-heading__text has-text-color\"><span style=\"color: #fd6921;\" class=\"stk-highlight\"><strong>Microcredenciales con inscripci\u00f3n abierta<\/strong><\/span><\/h1><\/div>\n\n\n\n<div class=\"wp-block-stackable-columns stk-block-columns stk-block stk-30a7ce8\" data-block-id=\"30a7ce8\"><div class=\"stk-row stk-inner-blocks stk-block-content stk-content-align stk-30a7ce8-column\">\n<div class=\"wp-block-stackable-column stk-block-column stk-column stk-block stk-35e5974\" data-v=\"4\" data-block-id=\"35e5974\"><div class=\"stk-column-wrapper stk-block-column__content stk-container stk-35e5974-container stk--no-background stk--no-padding\"><div class=\"stk-block-content stk-inner-blocks stk-35e5974-inner-blocks\">\n<div class=\"wp-block-stackable-text stk-block-text stk-block stk-0d85862\" data-block-id=\"0d85862\"><style>.stk-0d85862 {margin-bottom:10px !important;}<\/style><p class=\"stk-block-text__text has-text-align-left\"><strong>\u00c1reas de conocimiento<\/strong><\/p><\/div>\n\n\n<div class=\"facetwp-facet facetwp-facet-reas_de_conocimiento facetwp-type-fselect\" data-name=\"reas_de_conocimiento\" data-type=\"fselect\"><\/div>\n<\/div><\/div><\/div>\n<\/div><\/div>\n\n\n<div class=\"facetwp-template\" data-name=\"microcredenciales_copy\"><div class=\"fwpl-layout el-bqopzv\"><div class=\"fwpl-result r1\"><div class=\"fwpl-row el-4u1uel\"><div class=\"fwpl-col fwpl-col el-60yr6g\"><div class=\"fwpl-item el-m5nyw\"><a href=\"https:\/\/www.ull.es\/formacion-permanente\/fr\/blog\/conservacion-preventiva-del-patrimonio-documental\/\"><img loading=\"lazy\" decoding=\"async\" width=\"1920\" height=\"620\" src=\"https:\/\/www.ull.es\/formacion-permanente\/wp-content\/uploads\/2026\/03\/Generico_7.jpg\" class=\"attachment-full size-full wp-post-image\" alt=\"\" srcset=\"https:\/\/www.ull.es\/formacion-permanente\/wp-content\/uploads\/2026\/03\/Generico_7.jpg 1920w, https:\/\/www.ull.es\/formacion-permanente\/wp-content\/uploads\/2026\/03\/Generico_7-300x97.jpg 300w, https:\/\/www.ull.es\/formacion-permanente\/wp-content\/uploads\/2026\/03\/Generico_7-1024x331.jpg 1024w, https:\/\/www.ull.es\/formacion-permanente\/wp-content\/uploads\/2026\/03\/Generico_7-768x248.jpg 768w, https:\/\/www.ull.es\/formacion-permanente\/wp-content\/uploads\/2026\/03\/Generico_7-1536x496.jpg 1536w, https:\/\/www.ull.es\/formacion-permanente\/wp-content\/uploads\/2026\/03\/Generico_7-18x6.jpg 18w, https:\/\/www.ull.es\/formacion-permanente\/wp-content\/uploads\/2026\/03\/Generico_7-200x65.jpg 200w, https:\/\/www.ull.es\/formacion-permanente\/wp-content\/uploads\/2026\/03\/Generico_7-375x121.jpg 375w, https:\/\/www.ull.es\/formacion-permanente\/wp-content\/uploads\/2026\/03\/Generico_7-750x242.jpg 750w, https:\/\/www.ull.es\/formacion-permanente\/wp-content\/uploads\/2026\/03\/Generico_7-1140x368.jpg 1140w\" sizes=\"auto, (max-width: 1920px) 100vw, 1920px\" \/><\/a><\/div><div class=\"fwpl-item el-m4yd42\">Conservaci\u00f3n Preventiva del Patrimonio Documental<\/div><div class=\"fwpl-item el-q6n33c\">3 ECTS<\/div><div class=\"fwpl-row el-8xmcbi\"><div class=\"fwpl-col fwpl-col el-tz85zi\"><div class=\"fwpl-item el-ugsyik\">27\/04\/2026<\/div><\/div><div class=\"fwpl-col fwpl-col el-lynd9z\"><div class=\"fwpl-item el-vz4bu\">27\/05\/2026<\/div><\/div><\/div><div class=\"fwpl-item el-nolgu\"><a href=\"https:\/\/www.ull.es\/formacion-permanente\/fr\/blog\/conservacion-preventiva-del-patrimonio-documental\/\" class=\"fwpl-btn\">M\u00e1s informaci\u00f3n<\/a><\/div><\/div><\/div><\/div><div class=\"fwpl-result r2\"><div class=\"fwpl-row el-4u1uel\"><div class=\"fwpl-col fwpl-col el-60yr6g\"><div class=\"fwpl-item el-m5nyw\"><a href=\"https:\/\/www.ull.es\/formacion-permanente\/fr\/blog\/marketing-digital-e-inteligencia-artificial-aplicada-al-sector-empresarial\/\"><img loading=\"lazy\" decoding=\"async\" width=\"1920\" height=\"620\" src=\"https:\/\/www.ull.es\/formacion-permanente\/wp-content\/uploads\/2025\/10\/Headers-microcredenciales_Aprendizaje-datos.jpg\" class=\"attachment-full size-full wp-post-image\" alt=\"\" srcset=\"https:\/\/www.ull.es\/formacion-permanente\/wp-content\/uploads\/2025\/10\/Headers-microcredenciales_Aprendizaje-datos.jpg 1920w, https:\/\/www.ull.es\/formacion-permanente\/wp-content\/uploads\/2025\/10\/Headers-microcredenciales_Aprendizaje-datos-300x97.jpg 300w, https:\/\/www.ull.es\/formacion-permanente\/wp-content\/uploads\/2025\/10\/Headers-microcredenciales_Aprendizaje-datos-1024x331.jpg 1024w, https:\/\/www.ull.es\/formacion-permanente\/wp-content\/uploads\/2025\/10\/Headers-microcredenciales_Aprendizaje-datos-768x248.jpg 768w, https:\/\/www.ull.es\/formacion-permanente\/wp-content\/uploads\/2025\/10\/Headers-microcredenciales_Aprendizaje-datos-1536x496.jpg 1536w, https:\/\/www.ull.es\/formacion-permanente\/wp-content\/uploads\/2025\/10\/Headers-microcredenciales_Aprendizaje-datos-18x6.jpg 18w, https:\/\/www.ull.es\/formacion-permanente\/wp-content\/uploads\/2025\/10\/Headers-microcredenciales_Aprendizaje-datos-200x65.jpg 200w, https:\/\/www.ull.es\/formacion-permanente\/wp-content\/uploads\/2025\/10\/Headers-microcredenciales_Aprendizaje-datos-375x121.jpg 375w, https:\/\/www.ull.es\/formacion-permanente\/wp-content\/uploads\/2025\/10\/Headers-microcredenciales_Aprendizaje-datos-750x242.jpg 750w, https:\/\/www.ull.es\/formacion-permanente\/wp-content\/uploads\/2025\/10\/Headers-microcredenciales_Aprendizaje-datos-1140x368.jpg 1140w\" sizes=\"auto, (max-width: 1920px) 100vw, 1920px\" \/><\/a><\/div><div class=\"fwpl-item el-m4yd42\">Marketing Digital e Inteligencia Artificial aplicada al sector empresarial<\/div><div class=\"fwpl-item el-q6n33c\">3 ECTS<\/div><div class=\"fwpl-row el-8xmcbi\"><div class=\"fwpl-col fwpl-col el-tz85zi\"><div class=\"fwpl-item el-ugsyik\">27\/04\/2026<\/div><\/div><div class=\"fwpl-col fwpl-col el-lynd9z\"><div class=\"fwpl-item el-vz4bu\">17\/05\/2026<\/div><\/div><\/div><div class=\"fwpl-item el-nolgu\"><a href=\"https:\/\/www.ull.es\/formacion-permanente\/fr\/blog\/marketing-digital-e-inteligencia-artificial-aplicada-al-sector-empresarial\/\" class=\"fwpl-btn\">M\u00e1s informaci\u00f3n<\/a><\/div><\/div><\/div><\/div><div class=\"fwpl-result r3\"><div class=\"fwpl-row el-4u1uel\"><div class=\"fwpl-col fwpl-col el-60yr6g\"><div class=\"fwpl-item el-m5nyw\"><a href=\"https:\/\/www.ull.es\/formacion-permanente\/fr\/blog\/marketing-para-pymes-y-autonomos\/\"><img loading=\"lazy\" decoding=\"async\" width=\"1920\" height=\"620\" src=\"https:\/\/www.ull.es\/formacion-permanente\/wp-content\/uploads\/2026\/03\/Generico_10-2.jpg\" class=\"attachment-full size-full wp-post-image\" alt=\"\" srcset=\"https:\/\/www.ull.es\/formacion-permanente\/wp-content\/uploads\/2026\/03\/Generico_10-2.jpg 1920w, https:\/\/www.ull.es\/formacion-permanente\/wp-content\/uploads\/2026\/03\/Generico_10-2-300x97.jpg 300w, https:\/\/www.ull.es\/formacion-permanente\/wp-content\/uploads\/2026\/03\/Generico_10-2-1024x331.jpg 1024w, https:\/\/www.ull.es\/formacion-permanente\/wp-content\/uploads\/2026\/03\/Generico_10-2-768x248.jpg 768w, https:\/\/www.ull.es\/formacion-permanente\/wp-content\/uploads\/2026\/03\/Generico_10-2-1536x496.jpg 1536w, https:\/\/www.ull.es\/formacion-permanente\/wp-content\/uploads\/2026\/03\/Generico_10-2-18x6.jpg 18w, https:\/\/www.ull.es\/formacion-permanente\/wp-content\/uploads\/2026\/03\/Generico_10-2-200x65.jpg 200w, https:\/\/www.ull.es\/formacion-permanente\/wp-content\/uploads\/2026\/03\/Generico_10-2-375x121.jpg 375w, https:\/\/www.ull.es\/formacion-permanente\/wp-content\/uploads\/2026\/03\/Generico_10-2-750x242.jpg 750w, https:\/\/www.ull.es\/formacion-permanente\/wp-content\/uploads\/2026\/03\/Generico_10-2-1140x368.jpg 1140w\" sizes=\"auto, (max-width: 1920px) 100vw, 1920px\" \/><\/a><\/div><div class=\"fwpl-item el-m4yd42\">Marketing para PYMES y Aut\u00f3nomos<\/div><div class=\"fwpl-item el-q6n33c\">3 ECTS<\/div><div class=\"fwpl-row el-8xmcbi\"><div class=\"fwpl-col fwpl-col el-tz85zi\"><div class=\"fwpl-item el-ugsyik\">27\/04\/2026<\/div><\/div><div class=\"fwpl-col fwpl-col el-lynd9z\"><div class=\"fwpl-item el-vz4bu\">17\/05\/2026<\/div><\/div><\/div><div class=\"fwpl-item el-nolgu\"><a href=\"https:\/\/www.ull.es\/formacion-permanente\/fr\/blog\/marketing-para-pymes-y-autonomos\/\" class=\"fwpl-btn\">M\u00e1s informaci\u00f3n<\/a><\/div><\/div><\/div><\/div><div class=\"fwpl-result r4\"><div class=\"fwpl-row el-4u1uel\"><div class=\"fwpl-col fwpl-col el-60yr6g\"><div class=\"fwpl-item el-m5nyw\"><a href=\"https:\/\/www.ull.es\/formacion-permanente\/fr\/blog\/gestion-y-desarrollo-de-proyectos-en-las-estrategias-de-digitalizacion-y-transformacion\/\"><img loading=\"lazy\" decoding=\"async\" width=\"1920\" height=\"620\" src=\"https:\/\/www.ull.es\/formacion-permanente\/wp-content\/uploads\/2025\/12\/Headers_microcredenciales_Gestion_y_desarrollo_de_proyectos_en_las_estrategias_de_digitalizacion_y_transformacion_digital.jpg\" class=\"attachment-full size-full wp-post-image\" alt=\"\" srcset=\"https:\/\/www.ull.es\/formacion-permanente\/wp-content\/uploads\/2025\/12\/Headers_microcredenciales_Gestion_y_desarrollo_de_proyectos_en_las_estrategias_de_digitalizacion_y_transformacion_digital.jpg 1920w, https:\/\/www.ull.es\/formacion-permanente\/wp-content\/uploads\/2025\/12\/Headers_microcredenciales_Gestion_y_desarrollo_de_proyectos_en_las_estrategias_de_digitalizacion_y_transformacion_digital-300x97.jpg 300w, https:\/\/www.ull.es\/formacion-permanente\/wp-content\/uploads\/2025\/12\/Headers_microcredenciales_Gestion_y_desarrollo_de_proyectos_en_las_estrategias_de_digitalizacion_y_transformacion_digital-1024x331.jpg 1024w, https:\/\/www.ull.es\/formacion-permanente\/wp-content\/uploads\/2025\/12\/Headers_microcredenciales_Gestion_y_desarrollo_de_proyectos_en_las_estrategias_de_digitalizacion_y_transformacion_digital-768x248.jpg 768w, https:\/\/www.ull.es\/formacion-permanente\/wp-content\/uploads\/2025\/12\/Headers_microcredenciales_Gestion_y_desarrollo_de_proyectos_en_las_estrategias_de_digitalizacion_y_transformacion_digital-1536x496.jpg 1536w, https:\/\/www.ull.es\/formacion-permanente\/wp-content\/uploads\/2025\/12\/Headers_microcredenciales_Gestion_y_desarrollo_de_proyectos_en_las_estrategias_de_digitalizacion_y_transformacion_digital-18x6.jpg 18w, https:\/\/www.ull.es\/formacion-permanente\/wp-content\/uploads\/2025\/12\/Headers_microcredenciales_Gestion_y_desarrollo_de_proyectos_en_las_estrategias_de_digitalizacion_y_transformacion_digital-200x65.jpg 200w, https:\/\/www.ull.es\/formacion-permanente\/wp-content\/uploads\/2025\/12\/Headers_microcredenciales_Gestion_y_desarrollo_de_proyectos_en_las_estrategias_de_digitalizacion_y_transformacion_digital-375x121.jpg 375w, https:\/\/www.ull.es\/formacion-permanente\/wp-content\/uploads\/2025\/12\/Headers_microcredenciales_Gestion_y_desarrollo_de_proyectos_en_las_estrategias_de_digitalizacion_y_transformacion_digital-750x242.jpg 750w, https:\/\/www.ull.es\/formacion-permanente\/wp-content\/uploads\/2025\/12\/Headers_microcredenciales_Gestion_y_desarrollo_de_proyectos_en_las_estrategias_de_digitalizacion_y_transformacion_digital-1140x368.jpg 1140w\" sizes=\"auto, (max-width: 1920px) 100vw, 1920px\" \/><\/a><\/div><div class=\"fwpl-item el-m4yd42\">Gesti\u00f3n y desarrollo de proyectos en las estrategias de digitalizaci\u00f3n y transformaci\u00f3n<\/div><div class=\"fwpl-item el-q6n33c\">2 ECTS<\/div><div class=\"fwpl-row el-8xmcbi\"><div class=\"fwpl-col fwpl-col el-tz85zi\"><div class=\"fwpl-item el-ugsyik\">27\/04\/2026<\/div><\/div><div class=\"fwpl-col fwpl-col el-lynd9z\"><div class=\"fwpl-item el-vz4bu\">27\/05\/2026<\/div><\/div><\/div><div class=\"fwpl-item el-nolgu\"><a href=\"https:\/\/www.ull.es\/formacion-permanente\/fr\/blog\/gestion-y-desarrollo-de-proyectos-en-las-estrategias-de-digitalizacion-y-transformacion\/\" class=\"fwpl-btn\">M\u00e1s informaci\u00f3n<\/a><\/div><\/div><\/div><\/div><div class=\"fwpl-result r5\"><div class=\"fwpl-row el-4u1uel\"><div class=\"fwpl-col fwpl-col el-60yr6g\"><div class=\"fwpl-item el-m5nyw\"><a href=\"https:\/\/www.ull.es\/formacion-permanente\/fr\/blog\/gestion-cultural-ecologias-patrimoniales-y-modelos-sistemicos-avanzados-en-territorios-insulares\/\"><img loading=\"lazy\" decoding=\"async\" width=\"1920\" height=\"620\" src=\"https:\/\/www.ull.es\/formacion-permanente\/wp-content\/uploads\/2026\/04\/Gestion-cultural-1_edited.jpg\" class=\"attachment-full size-full wp-post-image\" alt=\"\" srcset=\"https:\/\/www.ull.es\/formacion-permanente\/wp-content\/uploads\/2026\/04\/Gestion-cultural-1_edited.jpg 1920w, https:\/\/www.ull.es\/formacion-permanente\/wp-content\/uploads\/2026\/04\/Gestion-cultural-1_edited-300x97.jpg 300w, https:\/\/www.ull.es\/formacion-permanente\/wp-content\/uploads\/2026\/04\/Gestion-cultural-1_edited-1024x331.jpg 1024w, https:\/\/www.ull.es\/formacion-permanente\/wp-content\/uploads\/2026\/04\/Gestion-cultural-1_edited-768x248.jpg 768w, https:\/\/www.ull.es\/formacion-permanente\/wp-content\/uploads\/2026\/04\/Gestion-cultural-1_edited-1536x496.jpg 1536w, https:\/\/www.ull.es\/formacion-permanente\/wp-content\/uploads\/2026\/04\/Gestion-cultural-1_edited-18x6.jpg 18w, https:\/\/www.ull.es\/formacion-permanente\/wp-content\/uploads\/2026\/04\/Gestion-cultural-1_edited-200x65.jpg 200w, https:\/\/www.ull.es\/formacion-permanente\/wp-content\/uploads\/2026\/04\/Gestion-cultural-1_edited-375x121.jpg 375w, https:\/\/www.ull.es\/formacion-permanente\/wp-content\/uploads\/2026\/04\/Gestion-cultural-1_edited-750x242.jpg 750w, https:\/\/www.ull.es\/formacion-permanente\/wp-content\/uploads\/2026\/04\/Gestion-cultural-1_edited-1140x368.jpg 1140w\" sizes=\"auto, (max-width: 1920px) 100vw, 1920px\" \/><\/a><\/div><div class=\"fwpl-item el-m4yd42\">Gesti\u00f3n cultural, ecolog\u00edas patrimoniales y modelos sist\u00e9micos avanzados en territorios insulares<\/div><div class=\"fwpl-item el-q6n33c\">3 ECTS<\/div><div class=\"fwpl-row el-8xmcbi\"><div class=\"fwpl-col fwpl-col el-tz85zi\"><div class=\"fwpl-item el-ugsyik\">27\/04\/2026<\/div><\/div><div class=\"fwpl-col fwpl-col el-lynd9z\"><div class=\"fwpl-item el-vz4bu\">26\/05\/2026<\/div><\/div><\/div><div class=\"fwpl-item el-nolgu\"><a href=\"https:\/\/www.ull.es\/formacion-permanente\/fr\/blog\/gestion-cultural-ecologias-patrimoniales-y-modelos-sistemicos-avanzados-en-territorios-insulares\/\" class=\"fwpl-btn\">M\u00e1s informaci\u00f3n<\/a><\/div><\/div><\/div><\/div><div class=\"fwpl-result r6\"><div class=\"fwpl-row el-4u1uel\"><div class=\"fwpl-col fwpl-col el-60yr6g\"><div class=\"fwpl-item el-m5nyw\"><a href=\"https:\/\/www.ull.es\/formacion-permanente\/fr\/blog\/optimizacion-del-proceso-de-onboarding-en-las-organizaciones\/\"><img loading=\"lazy\" decoding=\"async\" width=\"1920\" height=\"620\" src=\"https:\/\/www.ull.es\/formacion-permanente\/wp-content\/uploads\/2026\/03\/Generico_10-2.jpg\" class=\"attachment-full size-full wp-post-image\" alt=\"\" srcset=\"https:\/\/www.ull.es\/formacion-permanente\/wp-content\/uploads\/2026\/03\/Generico_10-2.jpg 1920w, https:\/\/www.ull.es\/formacion-permanente\/wp-content\/uploads\/2026\/03\/Generico_10-2-300x97.jpg 300w, https:\/\/www.ull.es\/formacion-permanente\/wp-content\/uploads\/2026\/03\/Generico_10-2-1024x331.jpg 1024w, https:\/\/www.ull.es\/formacion-permanente\/wp-content\/uploads\/2026\/03\/Generico_10-2-768x248.jpg 768w, https:\/\/www.ull.es\/formacion-permanente\/wp-content\/uploads\/2026\/03\/Generico_10-2-1536x496.jpg 1536w, https:\/\/www.ull.es\/formacion-permanente\/wp-content\/uploads\/2026\/03\/Generico_10-2-18x6.jpg 18w, https:\/\/www.ull.es\/formacion-permanente\/wp-content\/uploads\/2026\/03\/Generico_10-2-200x65.jpg 200w, https:\/\/www.ull.es\/formacion-permanente\/wp-content\/uploads\/2026\/03\/Generico_10-2-375x121.jpg 375w, https:\/\/www.ull.es\/formacion-permanente\/wp-content\/uploads\/2026\/03\/Generico_10-2-750x242.jpg 750w, https:\/\/www.ull.es\/formacion-permanente\/wp-content\/uploads\/2026\/03\/Generico_10-2-1140x368.jpg 1140w\" sizes=\"auto, (max-width: 1920px) 100vw, 1920px\" \/><\/a><\/div><div class=\"fwpl-item el-m4yd42\">Optimizaci\u00f3n del proceso de onboarding en las organizaciones<\/div><div class=\"fwpl-item el-q6n33c\">2 ECTS<\/div><div class=\"fwpl-row el-8xmcbi\"><div class=\"fwpl-col fwpl-col el-tz85zi\"><div class=\"fwpl-item el-ugsyik\">28\/04\/2026<\/div><\/div><div class=\"fwpl-col fwpl-col el-lynd9z\"><div class=\"fwpl-item el-vz4bu\">19\/05\/2026<\/div><\/div><\/div><div class=\"fwpl-item el-nolgu\"><a href=\"https:\/\/www.ull.es\/formacion-permanente\/fr\/blog\/optimizacion-del-proceso-de-onboarding-en-las-organizaciones\/\" class=\"fwpl-btn\">M\u00e1s informaci\u00f3n<\/a><\/div><\/div><\/div><\/div><div class=\"fwpl-result r7\"><div class=\"fwpl-row el-4u1uel\"><div class=\"fwpl-col fwpl-col el-60yr6g\"><div class=\"fwpl-item el-m5nyw\"><a href=\"https:\/\/www.ull.es\/formacion-permanente\/fr\/blog\/gestion-del-riesgo-elaboracion-de-protocolos-de-actuacion-y-respuesta-coordinada-ante-situaciones-complejas-con-alumnado-dac\/\"><img loading=\"lazy\" decoding=\"async\" width=\"1280\" height=\"400\" src=\"https:\/\/www.ull.es\/formacion-permanente\/wp-content\/uploads\/2026\/03\/web-2-7046.jpg\" class=\"attachment-full size-full wp-post-image\" alt=\"\" srcset=\"https:\/\/www.ull.es\/formacion-permanente\/wp-content\/uploads\/2026\/03\/web-2-7046.jpg 1280w, https:\/\/www.ull.es\/formacion-permanente\/wp-content\/uploads\/2026\/03\/web-2-7046-300x94.jpg 300w, https:\/\/www.ull.es\/formacion-permanente\/wp-content\/uploads\/2026\/03\/web-2-7046-1024x320.jpg 1024w, https:\/\/www.ull.es\/formacion-permanente\/wp-content\/uploads\/2026\/03\/web-2-7046-768x240.jpg 768w, https:\/\/www.ull.es\/formacion-permanente\/wp-content\/uploads\/2026\/03\/web-2-7046-18x6.jpg 18w, https:\/\/www.ull.es\/formacion-permanente\/wp-content\/uploads\/2026\/03\/web-2-7046-200x63.jpg 200w, https:\/\/www.ull.es\/formacion-permanente\/wp-content\/uploads\/2026\/03\/web-2-7046-375x117.jpg 375w, https:\/\/www.ull.es\/formacion-permanente\/wp-content\/uploads\/2026\/03\/web-2-7046-750x234.jpg 750w, https:\/\/www.ull.es\/formacion-permanente\/wp-content\/uploads\/2026\/03\/web-2-7046-1140x356.jpg 1140w\" sizes=\"auto, (max-width: 1280px) 100vw, 1280px\" \/><\/a><\/div><div class=\"fwpl-item el-m4yd42\">Gesti\u00f3n del riesgo, elaboraci\u00f3n de protocolos de actuaci\u00f3n y respuesta coordinada ante situaciones complejas con alumnado DAC<\/div><div class=\"fwpl-item el-q6n33c\">2 ECTS<\/div><div class=\"fwpl-row el-8xmcbi\"><div class=\"fwpl-col fwpl-col el-tz85zi\"><div class=\"fwpl-item el-ugsyik\">28\/04\/2026<\/div><\/div><div class=\"fwpl-col fwpl-col el-lynd9z\"><div class=\"fwpl-item el-vz4bu\">19\/06\/2026<\/div><\/div><\/div><div class=\"fwpl-item el-nolgu\"><a href=\"https:\/\/www.ull.es\/formacion-permanente\/fr\/blog\/gestion-del-riesgo-elaboracion-de-protocolos-de-actuacion-y-respuesta-coordinada-ante-situaciones-complejas-con-alumnado-dac\/\" class=\"fwpl-btn\">M\u00e1s informaci\u00f3n<\/a><\/div><\/div><\/div><\/div><div class=\"fwpl-result r8\"><div class=\"fwpl-row el-4u1uel\"><div class=\"fwpl-col fwpl-col el-60yr6g\"><div class=\"fwpl-item el-m5nyw\"><a href=\"https:\/\/www.ull.es\/formacion-permanente\/fr\/blog\/manejo-de-transmodeler-modelizacion-y-simulacion-de-trafico\/\"><img loading=\"lazy\" decoding=\"async\" width=\"2500\" height=\"807\" src=\"https:\/\/www.ull.es\/formacion-permanente\/wp-content\/uploads\/2025\/12\/Headers_microcredenciales_Introduccion_a_la_Computacion_Cuantica.jpg\" class=\"attachment-full size-full wp-post-image\" alt=\"\" srcset=\"https:\/\/www.ull.es\/formacion-permanente\/wp-content\/uploads\/2025\/12\/Headers_microcredenciales_Introduccion_a_la_Computacion_Cuantica.jpg 2500w, https:\/\/www.ull.es\/formacion-permanente\/wp-content\/uploads\/2025\/12\/Headers_microcredenciales_Introduccion_a_la_Computacion_Cuantica-300x97.jpg 300w, https:\/\/www.ull.es\/formacion-permanente\/wp-content\/uploads\/2025\/12\/Headers_microcredenciales_Introduccion_a_la_Computacion_Cuantica-1024x331.jpg 1024w, https:\/\/www.ull.es\/formacion-permanente\/wp-content\/uploads\/2025\/12\/Headers_microcredenciales_Introduccion_a_la_Computacion_Cuantica-768x248.jpg 768w, https:\/\/www.ull.es\/formacion-permanente\/wp-content\/uploads\/2025\/12\/Headers_microcredenciales_Introduccion_a_la_Computacion_Cuantica-1536x496.jpg 1536w, https:\/\/www.ull.es\/formacion-permanente\/wp-content\/uploads\/2025\/12\/Headers_microcredenciales_Introduccion_a_la_Computacion_Cuantica-2048x661.jpg 2048w, https:\/\/www.ull.es\/formacion-permanente\/wp-content\/uploads\/2025\/12\/Headers_microcredenciales_Introduccion_a_la_Computacion_Cuantica-18x6.jpg 18w, https:\/\/www.ull.es\/formacion-permanente\/wp-content\/uploads\/2025\/12\/Headers_microcredenciales_Introduccion_a_la_Computacion_Cuantica-200x65.jpg 200w, https:\/\/www.ull.es\/formacion-permanente\/wp-content\/uploads\/2025\/12\/Headers_microcredenciales_Introduccion_a_la_Computacion_Cuantica-375x121.jpg 375w, https:\/\/www.ull.es\/formacion-permanente\/wp-content\/uploads\/2025\/12\/Headers_microcredenciales_Introduccion_a_la_Computacion_Cuantica-750x242.jpg 750w, https:\/\/www.ull.es\/formacion-permanente\/wp-content\/uploads\/2025\/12\/Headers_microcredenciales_Introduccion_a_la_Computacion_Cuantica-1140x368.jpg 1140w\" sizes=\"auto, (max-width: 2500px) 100vw, 2500px\" \/><\/a><\/div><div class=\"fwpl-item el-m4yd42\">Manejo de TRANSMODELER. Modelizaci\u00f3n y simulaci\u00f3n de tr\u00e1fico<\/div><div class=\"fwpl-item el-q6n33c\">2 ECTS<\/div><div class=\"fwpl-row el-8xmcbi\"><div class=\"fwpl-col fwpl-col el-tz85zi\"><div class=\"fwpl-item el-ugsyik\">28\/04\/2026<\/div><\/div><div class=\"fwpl-col fwpl-col el-lynd9z\"><div class=\"fwpl-item el-vz4bu\">07\/05\/2026<\/div><\/div><\/div><div class=\"fwpl-item el-nolgu\"><a href=\"https:\/\/www.ull.es\/formacion-permanente\/fr\/blog\/manejo-de-transmodeler-modelizacion-y-simulacion-de-trafico\/\" class=\"fwpl-btn\">M\u00e1s informaci\u00f3n<\/a><\/div><\/div><\/div><\/div><div class=\"fwpl-result r9\"><div class=\"fwpl-row el-4u1uel\"><div class=\"fwpl-col fwpl-col el-60yr6g\"><div class=\"fwpl-item el-m5nyw\"><a href=\"https:\/\/www.ull.es\/formacion-permanente\/fr\/blog\/produccion-estrategica-de-contenidos-y-narrativa-digital-aplicada-con-ia\/\"><img loading=\"lazy\" decoding=\"async\" width=\"1920\" height=\"620\" src=\"https:\/\/www.ull.es\/formacion-permanente\/wp-content\/uploads\/2026\/04\/Tecnologia-de-la-informacion-1_edited.jpg\" class=\"attachment-full size-full wp-post-image\" alt=\"\" srcset=\"https:\/\/www.ull.es\/formacion-permanente\/wp-content\/uploads\/2026\/04\/Tecnologia-de-la-informacion-1_edited.jpg 1920w, https:\/\/www.ull.es\/formacion-permanente\/wp-content\/uploads\/2026\/04\/Tecnologia-de-la-informacion-1_edited-300x97.jpg 300w, https:\/\/www.ull.es\/formacion-permanente\/wp-content\/uploads\/2026\/04\/Tecnologia-de-la-informacion-1_edited-1024x331.jpg 1024w, https:\/\/www.ull.es\/formacion-permanente\/wp-content\/uploads\/2026\/04\/Tecnologia-de-la-informacion-1_edited-768x248.jpg 768w, https:\/\/www.ull.es\/formacion-permanente\/wp-content\/uploads\/2026\/04\/Tecnologia-de-la-informacion-1_edited-1536x496.jpg 1536w, https:\/\/www.ull.es\/formacion-permanente\/wp-content\/uploads\/2026\/04\/Tecnologia-de-la-informacion-1_edited-18x6.jpg 18w, https:\/\/www.ull.es\/formacion-permanente\/wp-content\/uploads\/2026\/04\/Tecnologia-de-la-informacion-1_edited-200x65.jpg 200w, https:\/\/www.ull.es\/formacion-permanente\/wp-content\/uploads\/2026\/04\/Tecnologia-de-la-informacion-1_edited-375x121.jpg 375w, https:\/\/www.ull.es\/formacion-permanente\/wp-content\/uploads\/2026\/04\/Tecnologia-de-la-informacion-1_edited-750x242.jpg 750w, https:\/\/www.ull.es\/formacion-permanente\/wp-content\/uploads\/2026\/04\/Tecnologia-de-la-informacion-1_edited-1140x368.jpg 1140w\" sizes=\"auto, (max-width: 1920px) 100vw, 1920px\" \/><\/a><\/div><div class=\"fwpl-item el-m4yd42\">Producci\u00f3n estrat\u00e9gica de contenidos y narrativa digital aplicada con IA<\/div><div class=\"fwpl-item el-q6n33c\">2.5 ECTS<\/div><div class=\"fwpl-row el-8xmcbi\"><div class=\"fwpl-col fwpl-col el-tz85zi\"><div class=\"fwpl-item el-ugsyik\">30\/04\/2026<\/div><\/div><div class=\"fwpl-col fwpl-col el-lynd9z\"><div class=\"fwpl-item el-vz4bu\">11\/05\/2026<\/div><\/div><\/div><div class=\"fwpl-item el-nolgu\"><a href=\"https:\/\/www.ull.es\/formacion-permanente\/fr\/blog\/produccion-estrategica-de-contenidos-y-narrativa-digital-aplicada-con-ia\/\" class=\"fwpl-btn\">M\u00e1s informaci\u00f3n<\/a><\/div><\/div><\/div><\/div><div class=\"fwpl-result r10\"><div class=\"fwpl-row el-4u1uel\"><div class=\"fwpl-col fwpl-col el-60yr6g\"><div class=\"fwpl-item el-m5nyw\"><a href=\"https:\/\/www.ull.es\/formacion-permanente\/fr\/blog\/financiacion-presupuestos-y-justificacion-de-proyectos-cinematograficos\/\"><img loading=\"lazy\" decoding=\"async\" width=\"1920\" height=\"620\" src=\"https:\/\/www.ull.es\/formacion-permanente\/wp-content\/uploads\/2026\/03\/Headers_microcredenciales_2026_Cine.jpg\" class=\"attachment-full size-full wp-post-image\" alt=\"\" srcset=\"https:\/\/www.ull.es\/formacion-permanente\/wp-content\/uploads\/2026\/03\/Headers_microcredenciales_2026_Cine.jpg 1920w, https:\/\/www.ull.es\/formacion-permanente\/wp-content\/uploads\/2026\/03\/Headers_microcredenciales_2026_Cine-300x97.jpg 300w, https:\/\/www.ull.es\/formacion-permanente\/wp-content\/uploads\/2026\/03\/Headers_microcredenciales_2026_Cine-1024x331.jpg 1024w, https:\/\/www.ull.es\/formacion-permanente\/wp-content\/uploads\/2026\/03\/Headers_microcredenciales_2026_Cine-768x248.jpg 768w, https:\/\/www.ull.es\/formacion-permanente\/wp-content\/uploads\/2026\/03\/Headers_microcredenciales_2026_Cine-1536x496.jpg 1536w, https:\/\/www.ull.es\/formacion-permanente\/wp-content\/uploads\/2026\/03\/Headers_microcredenciales_2026_Cine-18x6.jpg 18w, https:\/\/www.ull.es\/formacion-permanente\/wp-content\/uploads\/2026\/03\/Headers_microcredenciales_2026_Cine-200x65.jpg 200w, https:\/\/www.ull.es\/formacion-permanente\/wp-content\/uploads\/2026\/03\/Headers_microcredenciales_2026_Cine-375x121.jpg 375w, https:\/\/www.ull.es\/formacion-permanente\/wp-content\/uploads\/2026\/03\/Headers_microcredenciales_2026_Cine-750x242.jpg 750w, https:\/\/www.ull.es\/formacion-permanente\/wp-content\/uploads\/2026\/03\/Headers_microcredenciales_2026_Cine-1140x368.jpg 1140w\" sizes=\"auto, (max-width: 1920px) 100vw, 1920px\" \/><\/a><\/div><div class=\"fwpl-item el-m4yd42\">Financiaci\u00f3n, Presupuestos y Justificaci\u00f3n de Proyectos Cinematogr\u00e1ficos<\/div><div class=\"fwpl-item el-q6n33c\">2 ECTS<\/div><div class=\"fwpl-row el-8xmcbi\"><div class=\"fwpl-col fwpl-col el-tz85zi\"><div class=\"fwpl-item el-ugsyik\">30\/04\/2026<\/div><\/div><div class=\"fwpl-col fwpl-col el-lynd9z\"><div class=\"fwpl-item el-vz4bu\">08\/05\/2026<\/div><\/div><\/div><div class=\"fwpl-item el-nolgu\"><a href=\"https:\/\/www.ull.es\/formacion-permanente\/fr\/blog\/financiacion-presupuestos-y-justificacion-de-proyectos-cinematograficos\/\" class=\"fwpl-btn\">M\u00e1s informaci\u00f3n<\/a><\/div><\/div><\/div><\/div><div class=\"fwpl-result r11\"><div class=\"fwpl-row el-4u1uel\"><div class=\"fwpl-col fwpl-col el-60yr6g\"><div class=\"fwpl-item el-m5nyw\"><a href=\"https:\/\/www.ull.es\/formacion-permanente\/fr\/blog\/produccion-de-podcast-para-empresarios\/\"><img loading=\"lazy\" decoding=\"async\" width=\"1920\" height=\"620\" src=\"https:\/\/www.ull.es\/formacion-permanente\/wp-content\/uploads\/2026\/03\/Headers_microcredenciales_2026_Cine.jpg\" class=\"attachment-full size-full wp-post-image\" alt=\"\" srcset=\"https:\/\/www.ull.es\/formacion-permanente\/wp-content\/uploads\/2026\/03\/Headers_microcredenciales_2026_Cine.jpg 1920w, https:\/\/www.ull.es\/formacion-permanente\/wp-content\/uploads\/2026\/03\/Headers_microcredenciales_2026_Cine-300x97.jpg 300w, https:\/\/www.ull.es\/formacion-permanente\/wp-content\/uploads\/2026\/03\/Headers_microcredenciales_2026_Cine-1024x331.jpg 1024w, https:\/\/www.ull.es\/formacion-permanente\/wp-content\/uploads\/2026\/03\/Headers_microcredenciales_2026_Cine-768x248.jpg 768w, https:\/\/www.ull.es\/formacion-permanente\/wp-content\/uploads\/2026\/03\/Headers_microcredenciales_2026_Cine-1536x496.jpg 1536w, https:\/\/www.ull.es\/formacion-permanente\/wp-content\/uploads\/2026\/03\/Headers_microcredenciales_2026_Cine-18x6.jpg 18w, https:\/\/www.ull.es\/formacion-permanente\/wp-content\/uploads\/2026\/03\/Headers_microcredenciales_2026_Cine-200x65.jpg 200w, https:\/\/www.ull.es\/formacion-permanente\/wp-content\/uploads\/2026\/03\/Headers_microcredenciales_2026_Cine-375x121.jpg 375w, https:\/\/www.ull.es\/formacion-permanente\/wp-content\/uploads\/2026\/03\/Headers_microcredenciales_2026_Cine-750x242.jpg 750w, https:\/\/www.ull.es\/formacion-permanente\/wp-content\/uploads\/2026\/03\/Headers_microcredenciales_2026_Cine-1140x368.jpg 1140w\" sizes=\"auto, (max-width: 1920px) 100vw, 1920px\" \/><\/a><\/div><div class=\"fwpl-item el-m4yd42\">Producci\u00f3n de podcast para empresarios<\/div><div class=\"fwpl-item el-q6n33c\">2 ECTS<\/div><div class=\"fwpl-row el-8xmcbi\"><div class=\"fwpl-col fwpl-col el-tz85zi\"><div class=\"fwpl-item el-ugsyik\">30\/04\/2026<\/div><\/div><div class=\"fwpl-col fwpl-col el-lynd9z\"><div class=\"fwpl-item el-vz4bu\">29\/05\/2026<\/div><\/div><\/div><div class=\"fwpl-item el-nolgu\"><a href=\"https:\/\/www.ull.es\/formacion-permanente\/fr\/blog\/produccion-de-podcast-para-empresarios\/\" class=\"fwpl-btn\">M\u00e1s informaci\u00f3n<\/a><\/div><\/div><\/div><\/div><div class=\"fwpl-result r12\"><div class=\"fwpl-row el-4u1uel\"><div class=\"fwpl-col fwpl-col el-60yr6g\"><div class=\"fwpl-item el-m5nyw\"><a href=\"https:\/\/www.ull.es\/formacion-permanente\/fr\/blog\/patologia-digestiva-en-urgencias\/\"><img loading=\"lazy\" decoding=\"async\" width=\"1920\" height=\"620\" src=\"https:\/\/www.ull.es\/formacion-permanente\/wp-content\/uploads\/2026\/04\/Habilidades-de-Comunicacion-Farmaceutico-Paciente-1_edited.jpg\" class=\"attachment-full size-full wp-post-image\" alt=\"\" srcset=\"https:\/\/www.ull.es\/formacion-permanente\/wp-content\/uploads\/2026\/04\/Habilidades-de-Comunicacion-Farmaceutico-Paciente-1_edited.jpg 1920w, https:\/\/www.ull.es\/formacion-permanente\/wp-content\/uploads\/2026\/04\/Habilidades-de-Comunicacion-Farmaceutico-Paciente-1_edited-300x97.jpg 300w, https:\/\/www.ull.es\/formacion-permanente\/wp-content\/uploads\/2026\/04\/Habilidades-de-Comunicacion-Farmaceutico-Paciente-1_edited-1024x331.jpg 1024w, https:\/\/www.ull.es\/formacion-permanente\/wp-content\/uploads\/2026\/04\/Habilidades-de-Comunicacion-Farmaceutico-Paciente-1_edited-768x248.jpg 768w, https:\/\/www.ull.es\/formacion-permanente\/wp-content\/uploads\/2026\/04\/Habilidades-de-Comunicacion-Farmaceutico-Paciente-1_edited-1536x496.jpg 1536w, https:\/\/www.ull.es\/formacion-permanente\/wp-content\/uploads\/2026\/04\/Habilidades-de-Comunicacion-Farmaceutico-Paciente-1_edited-18x6.jpg 18w, https:\/\/www.ull.es\/formacion-permanente\/wp-content\/uploads\/2026\/04\/Habilidades-de-Comunicacion-Farmaceutico-Paciente-1_edited-200x65.jpg 200w, https:\/\/www.ull.es\/formacion-permanente\/wp-content\/uploads\/2026\/04\/Habilidades-de-Comunicacion-Farmaceutico-Paciente-1_edited-375x121.jpg 375w, https:\/\/www.ull.es\/formacion-permanente\/wp-content\/uploads\/2026\/04\/Habilidades-de-Comunicacion-Farmaceutico-Paciente-1_edited-750x242.jpg 750w, https:\/\/www.ull.es\/formacion-permanente\/wp-content\/uploads\/2026\/04\/Habilidades-de-Comunicacion-Farmaceutico-Paciente-1_edited-1140x368.jpg 1140w\" sizes=\"auto, (max-width: 1920px) 100vw, 1920px\" \/><\/a><\/div><div class=\"fwpl-item el-m4yd42\">Patolog\u00eda Digestiva en Urgencias<\/div><div class=\"fwpl-item el-q6n33c\">3 ECTS<\/div><div class=\"fwpl-row el-8xmcbi\"><div class=\"fwpl-col fwpl-col el-tz85zi\"><div class=\"fwpl-item el-ugsyik\">30\/04\/2026<\/div><\/div><div class=\"fwpl-col fwpl-col el-lynd9z\"><div class=\"fwpl-item el-vz4bu\">28\/05\/2026<\/div><\/div><\/div><div class=\"fwpl-item el-nolgu\"><a href=\"https:\/\/www.ull.es\/formacion-permanente\/fr\/blog\/patologia-digestiva-en-urgencias\/\" class=\"fwpl-btn\">M\u00e1s informaci\u00f3n<\/a><\/div><\/div><\/div><\/div><div class=\"fwpl-result r13\"><div class=\"fwpl-row el-4u1uel\"><div class=\"fwpl-col fwpl-col el-60yr6g\"><div class=\"fwpl-item el-m5nyw\"><a href=\"https:\/\/www.ull.es\/formacion-permanente\/fr\/blog\/visualizacion-arquitectonica-con-motores-de-videojuegos\/\"><img loading=\"lazy\" decoding=\"async\" width=\"1920\" height=\"620\" src=\"https:\/\/www.ull.es\/formacion-permanente\/wp-content\/uploads\/2026\/04\/Videojuegos-3_edited.jpg\" class=\"attachment-full size-full wp-post-image\" alt=\"\" srcset=\"https:\/\/www.ull.es\/formacion-permanente\/wp-content\/uploads\/2026\/04\/Videojuegos-3_edited.jpg 1920w, https:\/\/www.ull.es\/formacion-permanente\/wp-content\/uploads\/2026\/04\/Videojuegos-3_edited-300x97.jpg 300w, https:\/\/www.ull.es\/formacion-permanente\/wp-content\/uploads\/2026\/04\/Videojuegos-3_edited-1024x331.jpg 1024w, https:\/\/www.ull.es\/formacion-permanente\/wp-content\/uploads\/2026\/04\/Videojuegos-3_edited-768x248.jpg 768w, https:\/\/www.ull.es\/formacion-permanente\/wp-content\/uploads\/2026\/04\/Videojuegos-3_edited-1536x496.jpg 1536w, https:\/\/www.ull.es\/formacion-permanente\/wp-content\/uploads\/2026\/04\/Videojuegos-3_edited-18x6.jpg 18w, https:\/\/www.ull.es\/formacion-permanente\/wp-content\/uploads\/2026\/04\/Videojuegos-3_edited-200x65.jpg 200w, https:\/\/www.ull.es\/formacion-permanente\/wp-content\/uploads\/2026\/04\/Videojuegos-3_edited-375x121.jpg 375w, https:\/\/www.ull.es\/formacion-permanente\/wp-content\/uploads\/2026\/04\/Videojuegos-3_edited-750x242.jpg 750w, https:\/\/www.ull.es\/formacion-permanente\/wp-content\/uploads\/2026\/04\/Videojuegos-3_edited-1140x368.jpg 1140w\" sizes=\"auto, (max-width: 1920px) 100vw, 1920px\" \/><\/a><\/div><div class=\"fwpl-item el-m4yd42\">Visualizaci\u00f3n Arquitect\u00f3nica con Motores de Videojuegos<\/div><div class=\"fwpl-item el-q6n33c\">3 ECTS<\/div><div class=\"fwpl-row el-8xmcbi\"><div class=\"fwpl-col fwpl-col el-tz85zi\"><div class=\"fwpl-item el-ugsyik\">01\/05\/2026<\/div><\/div><div class=\"fwpl-col fwpl-col el-lynd9z\"><div class=\"fwpl-item el-vz4bu\">27\/05\/2026<\/div><\/div><\/div><div class=\"fwpl-item el-nolgu\"><a href=\"https:\/\/www.ull.es\/formacion-permanente\/fr\/blog\/visualizacion-arquitectonica-con-motores-de-videojuegos\/\" class=\"fwpl-btn\">M\u00e1s informaci\u00f3n<\/a><\/div><\/div><\/div><\/div><div class=\"fwpl-result r14\"><div class=\"fwpl-row el-4u1uel\"><div class=\"fwpl-col fwpl-col el-60yr6g\"><div class=\"fwpl-item el-m5nyw\"><a href=\"https:\/\/www.ull.es\/formacion-permanente\/fr\/blog\/competencias-digitales-basicas-para-la-empleabilidad\/\"><img loading=\"lazy\" decoding=\"async\" width=\"2000\" height=\"646\" src=\"https:\/\/www.ull.es\/formacion-permanente\/wp-content\/uploads\/2026\/03\/Headers_microcredenciales_2026_Generico-1.jpg\" class=\"attachment-full size-full wp-post-image\" alt=\"\" srcset=\"https:\/\/www.ull.es\/formacion-permanente\/wp-content\/uploads\/2026\/03\/Headers_microcredenciales_2026_Generico-1.jpg 2000w, https:\/\/www.ull.es\/formacion-permanente\/wp-content\/uploads\/2026\/03\/Headers_microcredenciales_2026_Generico-1-300x97.jpg 300w, https:\/\/www.ull.es\/formacion-permanente\/wp-content\/uploads\/2026\/03\/Headers_microcredenciales_2026_Generico-1-1024x331.jpg 1024w, https:\/\/www.ull.es\/formacion-permanente\/wp-content\/uploads\/2026\/03\/Headers_microcredenciales_2026_Generico-1-768x248.jpg 768w, https:\/\/www.ull.es\/formacion-permanente\/wp-content\/uploads\/2026\/03\/Headers_microcredenciales_2026_Generico-1-1536x496.jpg 1536w, https:\/\/www.ull.es\/formacion-permanente\/wp-content\/uploads\/2026\/03\/Headers_microcredenciales_2026_Generico-1-18x6.jpg 18w, https:\/\/www.ull.es\/formacion-permanente\/wp-content\/uploads\/2026\/03\/Headers_microcredenciales_2026_Generico-1-200x65.jpg 200w, https:\/\/www.ull.es\/formacion-permanente\/wp-content\/uploads\/2026\/03\/Headers_microcredenciales_2026_Generico-1-375x121.jpg 375w, https:\/\/www.ull.es\/formacion-permanente\/wp-content\/uploads\/2026\/03\/Headers_microcredenciales_2026_Generico-1-750x242.jpg 750w, https:\/\/www.ull.es\/formacion-permanente\/wp-content\/uploads\/2026\/03\/Headers_microcredenciales_2026_Generico-1-1140x368.jpg 1140w\" sizes=\"auto, (max-width: 2000px) 100vw, 2000px\" \/><\/a><\/div><div class=\"fwpl-item el-m4yd42\">Competencias Digitales B\u00e1sicas para la Empleabilidad<\/div><div class=\"fwpl-item el-q6n33c\">3 ECTS<\/div><div class=\"fwpl-row el-8xmcbi\"><div class=\"fwpl-col fwpl-col el-tz85zi\"><div class=\"fwpl-item el-ugsyik\">01\/05\/2026<\/div><\/div><div class=\"fwpl-col fwpl-col el-lynd9z\"><div class=\"fwpl-item el-vz4bu\">31\/05\/2026<\/div><\/div><\/div><div class=\"fwpl-item el-nolgu\"><a href=\"https:\/\/www.ull.es\/formacion-permanente\/fr\/blog\/competencias-digitales-basicas-para-la-empleabilidad\/\" class=\"fwpl-btn\">M\u00e1s informaci\u00f3n<\/a><\/div><\/div><\/div><\/div><div class=\"fwpl-result r15\"><div class=\"fwpl-row el-4u1uel\"><div class=\"fwpl-col fwpl-col el-60yr6g\"><div class=\"fwpl-item el-m5nyw\"><a href=\"https:\/\/www.ull.es\/formacion-permanente\/fr\/blog\/frances-basico-para-restauracion-hotelera30\/\"><img loading=\"lazy\" decoding=\"async\" width=\"1920\" height=\"620\" src=\"https:\/\/www.ull.es\/formacion-permanente\/wp-content\/uploads\/2026\/04\/Frances-basico-para-restauracion-hotelera.jpg\" class=\"attachment-full size-full wp-post-image\" alt=\"\" srcset=\"https:\/\/www.ull.es\/formacion-permanente\/wp-content\/uploads\/2026\/04\/Frances-basico-para-restauracion-hotelera.jpg 1920w, https:\/\/www.ull.es\/formacion-permanente\/wp-content\/uploads\/2026\/04\/Frances-basico-para-restauracion-hotelera-300x97.jpg 300w, https:\/\/www.ull.es\/formacion-permanente\/wp-content\/uploads\/2026\/04\/Frances-basico-para-restauracion-hotelera-1024x331.jpg 1024w, https:\/\/www.ull.es\/formacion-permanente\/wp-content\/uploads\/2026\/04\/Frances-basico-para-restauracion-hotelera-768x248.jpg 768w, https:\/\/www.ull.es\/formacion-permanente\/wp-content\/uploads\/2026\/04\/Frances-basico-para-restauracion-hotelera-1536x496.jpg 1536w, https:\/\/www.ull.es\/formacion-permanente\/wp-content\/uploads\/2026\/04\/Frances-basico-para-restauracion-hotelera-18x6.jpg 18w, https:\/\/www.ull.es\/formacion-permanente\/wp-content\/uploads\/2026\/04\/Frances-basico-para-restauracion-hotelera-200x65.jpg 200w, https:\/\/www.ull.es\/formacion-permanente\/wp-content\/uploads\/2026\/04\/Frances-basico-para-restauracion-hotelera-375x121.jpg 375w, https:\/\/www.ull.es\/formacion-permanente\/wp-content\/uploads\/2026\/04\/Frances-basico-para-restauracion-hotelera-750x242.jpg 750w, https:\/\/www.ull.es\/formacion-permanente\/wp-content\/uploads\/2026\/04\/Frances-basico-para-restauracion-hotelera-1140x368.jpg 1140w\" sizes=\"auto, (max-width: 1920px) 100vw, 1920px\" \/><\/a><\/div><div class=\"fwpl-item el-m4yd42\">Franc\u00e9s b\u00e1sico para restauraci\u00f3n hotelera30<\/div><div class=\"fwpl-item el-q6n33c\">3 ECTS<\/div><div class=\"fwpl-row el-8xmcbi\"><div class=\"fwpl-col fwpl-col el-tz85zi\"><div class=\"fwpl-item el-ugsyik\">02\/05\/2026<\/div><\/div><div class=\"fwpl-col fwpl-col el-lynd9z\"><div class=\"fwpl-item el-vz4bu\">29\/05\/2026<\/div><\/div><\/div><div class=\"fwpl-item el-nolgu\"><a href=\"https:\/\/www.ull.es\/formacion-permanente\/fr\/blog\/frances-basico-para-restauracion-hotelera30\/\" class=\"fwpl-btn\">M\u00e1s informaci\u00f3n<\/a><\/div><\/div><\/div><\/div><div class=\"fwpl-result r16\"><div class=\"fwpl-row el-4u1uel\"><div class=\"fwpl-col fwpl-col el-60yr6g\"><div class=\"fwpl-item el-m5nyw\"><a href=\"https:\/\/www.ull.es\/formacion-permanente\/fr\/blog\/frances-basico-para-atencion-en-recepcion-hotelera\/\"><img loading=\"lazy\" decoding=\"async\" width=\"1920\" height=\"620\" src=\"https:\/\/www.ull.es\/formacion-permanente\/wp-content\/uploads\/2026\/04\/Frances-basico-para-restauracion-hotelera.jpg\" class=\"attachment-full size-full wp-post-image\" alt=\"\" srcset=\"https:\/\/www.ull.es\/formacion-permanente\/wp-content\/uploads\/2026\/04\/Frances-basico-para-restauracion-hotelera.jpg 1920w, https:\/\/www.ull.es\/formacion-permanente\/wp-content\/uploads\/2026\/04\/Frances-basico-para-restauracion-hotelera-300x97.jpg 300w, https:\/\/www.ull.es\/formacion-permanente\/wp-content\/uploads\/2026\/04\/Frances-basico-para-restauracion-hotelera-1024x331.jpg 1024w, https:\/\/www.ull.es\/formacion-permanente\/wp-content\/uploads\/2026\/04\/Frances-basico-para-restauracion-hotelera-768x248.jpg 768w, https:\/\/www.ull.es\/formacion-permanente\/wp-content\/uploads\/2026\/04\/Frances-basico-para-restauracion-hotelera-1536x496.jpg 1536w, https:\/\/www.ull.es\/formacion-permanente\/wp-content\/uploads\/2026\/04\/Frances-basico-para-restauracion-hotelera-18x6.jpg 18w, https:\/\/www.ull.es\/formacion-permanente\/wp-content\/uploads\/2026\/04\/Frances-basico-para-restauracion-hotelera-200x65.jpg 200w, https:\/\/www.ull.es\/formacion-permanente\/wp-content\/uploads\/2026\/04\/Frances-basico-para-restauracion-hotelera-375x121.jpg 375w, https:\/\/www.ull.es\/formacion-permanente\/wp-content\/uploads\/2026\/04\/Frances-basico-para-restauracion-hotelera-750x242.jpg 750w, https:\/\/www.ull.es\/formacion-permanente\/wp-content\/uploads\/2026\/04\/Frances-basico-para-restauracion-hotelera-1140x368.jpg 1140w\" sizes=\"auto, (max-width: 1920px) 100vw, 1920px\" \/><\/a><\/div><div class=\"fwpl-item el-m4yd42\">Franc\u00e9s b\u00e1sico para atenci\u00f3n en recepci\u00f3n hotelera<\/div><div class=\"fwpl-item el-q6n33c\">3 ECTS<\/div><div class=\"fwpl-row el-8xmcbi\"><div class=\"fwpl-col fwpl-col el-tz85zi\"><div class=\"fwpl-item el-ugsyik\">02\/05\/2026<\/div><\/div><div class=\"fwpl-col fwpl-col el-lynd9z\"><div class=\"fwpl-item el-vz4bu\">29\/05\/2026<\/div><\/div><\/div><div class=\"fwpl-item el-nolgu\"><a href=\"https:\/\/www.ull.es\/formacion-permanente\/fr\/blog\/frances-basico-para-atencion-en-recepcion-hotelera\/\" class=\"fwpl-btn\">M\u00e1s informaci\u00f3n<\/a><\/div><\/div><\/div><\/div><div class=\"fwpl-result r17\"><div class=\"fwpl-row el-4u1uel\"><div class=\"fwpl-col fwpl-col el-60yr6g\"><div class=\"fwpl-item el-m5nyw\"><a href=\"https:\/\/www.ull.es\/formacion-permanente\/fr\/blog\/fundamentos-y-aplicaciones-practicas-de-la-estimulacion-magnetica-transcraneal\/\"><img loading=\"lazy\" decoding=\"async\" width=\"1920\" height=\"620\" src=\"https:\/\/www.ull.es\/formacion-permanente\/wp-content\/uploads\/2026\/04\/Fundamentos-y-aplicaciones-practicas-de-la-estimulacion-magnetica-transcraneal-1_edited.jpg\" class=\"attachment-full size-full wp-post-image\" alt=\"\" srcset=\"https:\/\/www.ull.es\/formacion-permanente\/wp-content\/uploads\/2026\/04\/Fundamentos-y-aplicaciones-practicas-de-la-estimulacion-magnetica-transcraneal-1_edited.jpg 1920w, https:\/\/www.ull.es\/formacion-permanente\/wp-content\/uploads\/2026\/04\/Fundamentos-y-aplicaciones-practicas-de-la-estimulacion-magnetica-transcraneal-1_edited-300x97.jpg 300w, https:\/\/www.ull.es\/formacion-permanente\/wp-content\/uploads\/2026\/04\/Fundamentos-y-aplicaciones-practicas-de-la-estimulacion-magnetica-transcraneal-1_edited-1024x331.jpg 1024w, https:\/\/www.ull.es\/formacion-permanente\/wp-content\/uploads\/2026\/04\/Fundamentos-y-aplicaciones-practicas-de-la-estimulacion-magnetica-transcraneal-1_edited-768x248.jpg 768w, https:\/\/www.ull.es\/formacion-permanente\/wp-content\/uploads\/2026\/04\/Fundamentos-y-aplicaciones-practicas-de-la-estimulacion-magnetica-transcraneal-1_edited-1536x496.jpg 1536w, https:\/\/www.ull.es\/formacion-permanente\/wp-content\/uploads\/2026\/04\/Fundamentos-y-aplicaciones-practicas-de-la-estimulacion-magnetica-transcraneal-1_edited-18x6.jpg 18w, https:\/\/www.ull.es\/formacion-permanente\/wp-content\/uploads\/2026\/04\/Fundamentos-y-aplicaciones-practicas-de-la-estimulacion-magnetica-transcraneal-1_edited-200x65.jpg 200w, https:\/\/www.ull.es\/formacion-permanente\/wp-content\/uploads\/2026\/04\/Fundamentos-y-aplicaciones-practicas-de-la-estimulacion-magnetica-transcraneal-1_edited-375x121.jpg 375w, https:\/\/www.ull.es\/formacion-permanente\/wp-content\/uploads\/2026\/04\/Fundamentos-y-aplicaciones-practicas-de-la-estimulacion-magnetica-transcraneal-1_edited-750x242.jpg 750w, https:\/\/www.ull.es\/formacion-permanente\/wp-content\/uploads\/2026\/04\/Fundamentos-y-aplicaciones-practicas-de-la-estimulacion-magnetica-transcraneal-1_edited-1140x368.jpg 1140w\" sizes=\"auto, (max-width: 1920px) 100vw, 1920px\" \/><\/a><\/div><div class=\"fwpl-item el-m4yd42\">Fundamentos y aplicaciones pr\u00e1cticas de la estimulaci\u00f3n magn\u00e9tica transcraneal<\/div><div class=\"fwpl-item el-q6n33c\">2 ECTS<\/div><div class=\"fwpl-row el-8xmcbi\"><div class=\"fwpl-col fwpl-col el-tz85zi\"><div class=\"fwpl-item el-ugsyik\">04\/05\/2026<\/div><\/div><div class=\"fwpl-col fwpl-col el-lynd9z\"><div class=\"fwpl-item el-vz4bu\">08\/05\/2026<\/div><\/div><\/div><div class=\"fwpl-item el-nolgu\"><a href=\"https:\/\/www.ull.es\/formacion-permanente\/fr\/blog\/fundamentos-y-aplicaciones-practicas-de-la-estimulacion-magnetica-transcraneal\/\" class=\"fwpl-btn\">M\u00e1s informaci\u00f3n<\/a><\/div><\/div><\/div><\/div><div class=\"fwpl-result r18\"><div class=\"fwpl-row el-4u1uel\"><div class=\"fwpl-col fwpl-col el-60yr6g\"><div class=\"fwpl-item el-m5nyw\"><a href=\"https:\/\/www.ull.es\/formacion-permanente\/fr\/blog\/manejo-de-la-aplicacion-hec-ras\/\"><img loading=\"lazy\" decoding=\"async\" width=\"1920\" height=\"620\" src=\"https:\/\/www.ull.es\/formacion-permanente\/wp-content\/uploads\/2026\/03\/Headers_microcredenciales_2026_Generico_4_1.jpg\" class=\"attachment-full size-full wp-post-image\" alt=\"\" srcset=\"https:\/\/www.ull.es\/formacion-permanente\/wp-content\/uploads\/2026\/03\/Headers_microcredenciales_2026_Generico_4_1.jpg 1920w, https:\/\/www.ull.es\/formacion-permanente\/wp-content\/uploads\/2026\/03\/Headers_microcredenciales_2026_Generico_4_1-300x97.jpg 300w, https:\/\/www.ull.es\/formacion-permanente\/wp-content\/uploads\/2026\/03\/Headers_microcredenciales_2026_Generico_4_1-1024x331.jpg 1024w, https:\/\/www.ull.es\/formacion-permanente\/wp-content\/uploads\/2026\/03\/Headers_microcredenciales_2026_Generico_4_1-768x248.jpg 768w, https:\/\/www.ull.es\/formacion-permanente\/wp-content\/uploads\/2026\/03\/Headers_microcredenciales_2026_Generico_4_1-1536x496.jpg 1536w, https:\/\/www.ull.es\/formacion-permanente\/wp-content\/uploads\/2026\/03\/Headers_microcredenciales_2026_Generico_4_1-18x6.jpg 18w, https:\/\/www.ull.es\/formacion-permanente\/wp-content\/uploads\/2026\/03\/Headers_microcredenciales_2026_Generico_4_1-200x65.jpg 200w, https:\/\/www.ull.es\/formacion-permanente\/wp-content\/uploads\/2026\/03\/Headers_microcredenciales_2026_Generico_4_1-375x121.jpg 375w, https:\/\/www.ull.es\/formacion-permanente\/wp-content\/uploads\/2026\/03\/Headers_microcredenciales_2026_Generico_4_1-750x242.jpg 750w, https:\/\/www.ull.es\/formacion-permanente\/wp-content\/uploads\/2026\/03\/Headers_microcredenciales_2026_Generico_4_1-1140x368.jpg 1140w\" sizes=\"auto, (max-width: 1920px) 100vw, 1920px\" \/><\/a><\/div><div class=\"fwpl-item el-m4yd42\">Manejo de la aplicaci\u00f3n HEC-RAS<\/div><div class=\"fwpl-item el-q6n33c\">2 ECTS<\/div><div class=\"fwpl-row el-8xmcbi\"><div class=\"fwpl-col fwpl-col el-tz85zi\"><div class=\"fwpl-item el-ugsyik\">04\/05\/2026<\/div><\/div><div class=\"fwpl-col fwpl-col el-lynd9z\"><div class=\"fwpl-item el-vz4bu\">25\/05\/2026<\/div><\/div><\/div><div class=\"fwpl-item el-nolgu\"><a href=\"https:\/\/www.ull.es\/formacion-permanente\/fr\/blog\/manejo-de-la-aplicacion-hec-ras\/\" class=\"fwpl-btn\">M\u00e1s informaci\u00f3n<\/a><\/div><\/div><\/div><\/div><div class=\"fwpl-result r19\"><div class=\"fwpl-row el-4u1uel\"><div class=\"fwpl-col fwpl-col el-60yr6g\"><div class=\"fwpl-item el-m5nyw\"><a href=\"https:\/\/www.ull.es\/formacion-permanente\/fr\/blog\/introduccion-a-las-tecnologias-de-la-informacion-geografica\/\"><img loading=\"lazy\" decoding=\"async\" width=\"1920\" height=\"620\" src=\"https:\/\/www.ull.es\/formacion-permanente\/wp-content\/uploads\/2026\/04\/Soluciones-basadas-en-la-naturaleza_edited.jpg\" class=\"attachment-full size-full wp-post-image\" alt=\"\" srcset=\"https:\/\/www.ull.es\/formacion-permanente\/wp-content\/uploads\/2026\/04\/Soluciones-basadas-en-la-naturaleza_edited.jpg 1920w, https:\/\/www.ull.es\/formacion-permanente\/wp-content\/uploads\/2026\/04\/Soluciones-basadas-en-la-naturaleza_edited-300x97.jpg 300w, https:\/\/www.ull.es\/formacion-permanente\/wp-content\/uploads\/2026\/04\/Soluciones-basadas-en-la-naturaleza_edited-1024x331.jpg 1024w, https:\/\/www.ull.es\/formacion-permanente\/wp-content\/uploads\/2026\/04\/Soluciones-basadas-en-la-naturaleza_edited-768x248.jpg 768w, https:\/\/www.ull.es\/formacion-permanente\/wp-content\/uploads\/2026\/04\/Soluciones-basadas-en-la-naturaleza_edited-1536x496.jpg 1536w, https:\/\/www.ull.es\/formacion-permanente\/wp-content\/uploads\/2026\/04\/Soluciones-basadas-en-la-naturaleza_edited-18x6.jpg 18w, https:\/\/www.ull.es\/formacion-permanente\/wp-content\/uploads\/2026\/04\/Soluciones-basadas-en-la-naturaleza_edited-200x65.jpg 200w, https:\/\/www.ull.es\/formacion-permanente\/wp-content\/uploads\/2026\/04\/Soluciones-basadas-en-la-naturaleza_edited-375x121.jpg 375w, https:\/\/www.ull.es\/formacion-permanente\/wp-content\/uploads\/2026\/04\/Soluciones-basadas-en-la-naturaleza_edited-750x242.jpg 750w, https:\/\/www.ull.es\/formacion-permanente\/wp-content\/uploads\/2026\/04\/Soluciones-basadas-en-la-naturaleza_edited-1140x368.jpg 1140w\" sizes=\"auto, (max-width: 1920px) 100vw, 1920px\" \/><\/a><\/div><div class=\"fwpl-item el-m4yd42\">Introducci\u00f3n a las Tecnolog\u00edas de la Informaci\u00f3n Geogr\u00e1fica<\/div><div class=\"fwpl-item el-q6n33c\">1,5 ECTS<\/div><div class=\"fwpl-row el-8xmcbi\"><div class=\"fwpl-col fwpl-col el-tz85zi\"><div class=\"fwpl-item el-ugsyik\">04\/05\/2026<\/div><\/div><div class=\"fwpl-col fwpl-col el-lynd9z\"><div class=\"fwpl-item el-vz4bu\">14\/05\/2026<\/div><\/div><\/div><div class=\"fwpl-item el-nolgu\"><a href=\"https:\/\/www.ull.es\/formacion-permanente\/fr\/blog\/introduccion-a-las-tecnologias-de-la-informacion-geografica\/\" class=\"fwpl-btn\">M\u00e1s informaci\u00f3n<\/a><\/div><\/div><\/div><\/div><div class=\"fwpl-result r20\"><div class=\"fwpl-row el-4u1uel\"><div class=\"fwpl-col fwpl-col el-60yr6g\"><div class=\"fwpl-item el-m5nyw\"><a href=\"https:\/\/www.ull.es\/formacion-permanente\/fr\/blog\/autocuidados-y-pautas-de-seguridad-para-el-personal-de-pisos\/\"><img loading=\"lazy\" decoding=\"async\" width=\"1920\" height=\"620\" src=\"https:\/\/www.ull.es\/formacion-permanente\/wp-content\/uploads\/2026\/04\/Hoteles.jpg\" class=\"attachment-full size-full wp-post-image\" alt=\"\" srcset=\"https:\/\/www.ull.es\/formacion-permanente\/wp-content\/uploads\/2026\/04\/Hoteles.jpg 1920w, https:\/\/www.ull.es\/formacion-permanente\/wp-content\/uploads\/2026\/04\/Hoteles-300x97.jpg 300w, https:\/\/www.ull.es\/formacion-permanente\/wp-content\/uploads\/2026\/04\/Hoteles-1024x331.jpg 1024w, https:\/\/www.ull.es\/formacion-permanente\/wp-content\/uploads\/2026\/04\/Hoteles-768x248.jpg 768w, https:\/\/www.ull.es\/formacion-permanente\/wp-content\/uploads\/2026\/04\/Hoteles-1536x496.jpg 1536w, https:\/\/www.ull.es\/formacion-permanente\/wp-content\/uploads\/2026\/04\/Hoteles-18x6.jpg 18w, https:\/\/www.ull.es\/formacion-permanente\/wp-content\/uploads\/2026\/04\/Hoteles-200x65.jpg 200w, https:\/\/www.ull.es\/formacion-permanente\/wp-content\/uploads\/2026\/04\/Hoteles-375x121.jpg 375w, https:\/\/www.ull.es\/formacion-permanente\/wp-content\/uploads\/2026\/04\/Hoteles-750x242.jpg 750w, https:\/\/www.ull.es\/formacion-permanente\/wp-content\/uploads\/2026\/04\/Hoteles-1140x368.jpg 1140w\" sizes=\"auto, (max-width: 1920px) 100vw, 1920px\" \/><\/a><\/div><div class=\"fwpl-item el-m4yd42\">Autocuidados y pautas de seguridad para el personal de pisos<\/div><div class=\"fwpl-item el-q6n33c\">3 ECTS<\/div><div class=\"fwpl-row el-8xmcbi\"><div class=\"fwpl-col fwpl-col el-tz85zi\"><div class=\"fwpl-item el-ugsyik\">04\/05\/2026<\/div><\/div><div class=\"fwpl-col fwpl-col el-lynd9z\"><div class=\"fwpl-item el-vz4bu\">25\/05\/2026<\/div><\/div><\/div><div class=\"fwpl-item el-nolgu\"><a href=\"https:\/\/www.ull.es\/formacion-permanente\/fr\/blog\/autocuidados-y-pautas-de-seguridad-para-el-personal-de-pisos\/\" class=\"fwpl-btn\">M\u00e1s informaci\u00f3n<\/a><\/div><\/div><\/div><\/div><div class=\"fwpl-result r21\"><div class=\"fwpl-row el-4u1uel\"><div class=\"fwpl-col fwpl-col el-60yr6g\"><div class=\"fwpl-item el-m5nyw\"><a href=\"https:\/\/www.ull.es\/formacion-permanente\/fr\/blog\/prevencion-del-burnout-fatiga-y-autocuidado-en-profesionales-sanitarios\/\"><img loading=\"lazy\" decoding=\"async\" width=\"1920\" height=\"620\" src=\"https:\/\/www.ull.es\/formacion-permanente\/wp-content\/uploads\/2026\/04\/Procesos-Psicosociales-implicados-en-la-Salud-la-Enfermedad-y-los-Cuidados-1_edited.jpg\" class=\"attachment-full size-full wp-post-image\" alt=\"\" srcset=\"https:\/\/www.ull.es\/formacion-permanente\/wp-content\/uploads\/2026\/04\/Procesos-Psicosociales-implicados-en-la-Salud-la-Enfermedad-y-los-Cuidados-1_edited.jpg 1920w, https:\/\/www.ull.es\/formacion-permanente\/wp-content\/uploads\/2026\/04\/Procesos-Psicosociales-implicados-en-la-Salud-la-Enfermedad-y-los-Cuidados-1_edited-300x97.jpg 300w, https:\/\/www.ull.es\/formacion-permanente\/wp-content\/uploads\/2026\/04\/Procesos-Psicosociales-implicados-en-la-Salud-la-Enfermedad-y-los-Cuidados-1_edited-1024x331.jpg 1024w, https:\/\/www.ull.es\/formacion-permanente\/wp-content\/uploads\/2026\/04\/Procesos-Psicosociales-implicados-en-la-Salud-la-Enfermedad-y-los-Cuidados-1_edited-768x248.jpg 768w, https:\/\/www.ull.es\/formacion-permanente\/wp-content\/uploads\/2026\/04\/Procesos-Psicosociales-implicados-en-la-Salud-la-Enfermedad-y-los-Cuidados-1_edited-1536x496.jpg 1536w, https:\/\/www.ull.es\/formacion-permanente\/wp-content\/uploads\/2026\/04\/Procesos-Psicosociales-implicados-en-la-Salud-la-Enfermedad-y-los-Cuidados-1_edited-18x6.jpg 18w, https:\/\/www.ull.es\/formacion-permanente\/wp-content\/uploads\/2026\/04\/Procesos-Psicosociales-implicados-en-la-Salud-la-Enfermedad-y-los-Cuidados-1_edited-200x65.jpg 200w, https:\/\/www.ull.es\/formacion-permanente\/wp-content\/uploads\/2026\/04\/Procesos-Psicosociales-implicados-en-la-Salud-la-Enfermedad-y-los-Cuidados-1_edited-375x121.jpg 375w, https:\/\/www.ull.es\/formacion-permanente\/wp-content\/uploads\/2026\/04\/Procesos-Psicosociales-implicados-en-la-Salud-la-Enfermedad-y-los-Cuidados-1_edited-750x242.jpg 750w, https:\/\/www.ull.es\/formacion-permanente\/wp-content\/uploads\/2026\/04\/Procesos-Psicosociales-implicados-en-la-Salud-la-Enfermedad-y-los-Cuidados-1_edited-1140x368.jpg 1140w\" sizes=\"auto, (max-width: 1920px) 100vw, 1920px\" \/><\/a><\/div><div class=\"fwpl-item el-m4yd42\">Prevenci\u00f3n del Burnout, fatiga y autocuidado en profesionales sanitarios<\/div><div class=\"fwpl-item el-q6n33c\">2 ECTS<\/div><div class=\"fwpl-row el-8xmcbi\"><div class=\"fwpl-col fwpl-col el-tz85zi\"><div class=\"fwpl-item el-ugsyik\">04\/05\/2026<\/div><\/div><div class=\"fwpl-col fwpl-col el-lynd9z\"><div class=\"fwpl-item el-vz4bu\">24\/05\/2026<\/div><\/div><\/div><div class=\"fwpl-item el-nolgu\"><a href=\"https:\/\/www.ull.es\/formacion-permanente\/fr\/blog\/prevencion-del-burnout-fatiga-y-autocuidado-en-profesionales-sanitarios\/\" class=\"fwpl-btn\">M\u00e1s informaci\u00f3n<\/a><\/div><\/div><\/div><\/div><div class=\"fwpl-result r22\"><div class=\"fwpl-row el-4u1uel\"><div class=\"fwpl-col fwpl-col el-60yr6g\"><div class=\"fwpl-item el-m5nyw\"><a href=\"https:\/\/www.ull.es\/formacion-permanente\/fr\/blog\/desempeno-de-funciones-de-nivel-basico-en-materia-de-prevencion-de-riesgos-laborales\/\"><img loading=\"lazy\" decoding=\"async\" width=\"1920\" height=\"620\" src=\"https:\/\/www.ull.es\/formacion-permanente\/wp-content\/uploads\/2026\/04\/Hoteles-2.jpg\" class=\"attachment-full size-full wp-post-image\" alt=\"\" srcset=\"https:\/\/www.ull.es\/formacion-permanente\/wp-content\/uploads\/2026\/04\/Hoteles-2.jpg 1920w, https:\/\/www.ull.es\/formacion-permanente\/wp-content\/uploads\/2026\/04\/Hoteles-2-300x97.jpg 300w, https:\/\/www.ull.es\/formacion-permanente\/wp-content\/uploads\/2026\/04\/Hoteles-2-1024x331.jpg 1024w, https:\/\/www.ull.es\/formacion-permanente\/wp-content\/uploads\/2026\/04\/Hoteles-2-768x248.jpg 768w, https:\/\/www.ull.es\/formacion-permanente\/wp-content\/uploads\/2026\/04\/Hoteles-2-1536x496.jpg 1536w, https:\/\/www.ull.es\/formacion-permanente\/wp-content\/uploads\/2026\/04\/Hoteles-2-18x6.jpg 18w, https:\/\/www.ull.es\/formacion-permanente\/wp-content\/uploads\/2026\/04\/Hoteles-2-200x65.jpg 200w, https:\/\/www.ull.es\/formacion-permanente\/wp-content\/uploads\/2026\/04\/Hoteles-2-375x121.jpg 375w, https:\/\/www.ull.es\/formacion-permanente\/wp-content\/uploads\/2026\/04\/Hoteles-2-750x242.jpg 750w, https:\/\/www.ull.es\/formacion-permanente\/wp-content\/uploads\/2026\/04\/Hoteles-2-1140x368.jpg 1140w\" sizes=\"auto, (max-width: 1920px) 100vw, 1920px\" \/><\/a><\/div><div class=\"fwpl-item el-m4yd42\">Desempe\u00f1o de funciones de nivel b\u00e1sico en materia de prevenci\u00f3n de riesgos laborales<\/div><div class=\"fwpl-item el-q6n33c\">3 ECTS<\/div><div class=\"fwpl-row el-8xmcbi\"><div class=\"fwpl-col fwpl-col el-tz85zi\"><div class=\"fwpl-item el-ugsyik\">04\/05\/2026<\/div><\/div><div class=\"fwpl-col fwpl-col el-lynd9z\"><div class=\"fwpl-item el-vz4bu\">25\/05\/2026<\/div><\/div><\/div><div class=\"fwpl-item el-nolgu\"><a href=\"https:\/\/www.ull.es\/formacion-permanente\/fr\/blog\/desempeno-de-funciones-de-nivel-basico-en-materia-de-prevencion-de-riesgos-laborales\/\" class=\"fwpl-btn\">M\u00e1s informaci\u00f3n<\/a><\/div><\/div><\/div><\/div><div class=\"fwpl-result r23\"><div class=\"fwpl-row el-4u1uel\"><div class=\"fwpl-col fwpl-col el-60yr6g\"><div class=\"fwpl-item el-m5nyw\"><a href=\"https:\/\/www.ull.es\/formacion-permanente\/fr\/blog\/gestion-de-la-conciliacion-corresponsable-en-la-empresa\/\"><img loading=\"lazy\" decoding=\"async\" width=\"1920\" height=\"620\" src=\"https:\/\/www.ull.es\/formacion-permanente\/wp-content\/uploads\/2026\/01\/Headers_microcredenciales_Valoracion_de_Empresas_con_IA.jpg\" class=\"attachment-full size-full wp-post-image\" alt=\"\" srcset=\"https:\/\/www.ull.es\/formacion-permanente\/wp-content\/uploads\/2026\/01\/Headers_microcredenciales_Valoracion_de_Empresas_con_IA.jpg 1920w, https:\/\/www.ull.es\/formacion-permanente\/wp-content\/uploads\/2026\/01\/Headers_microcredenciales_Valoracion_de_Empresas_con_IA-300x97.jpg 300w, https:\/\/www.ull.es\/formacion-permanente\/wp-content\/uploads\/2026\/01\/Headers_microcredenciales_Valoracion_de_Empresas_con_IA-1024x331.jpg 1024w, https:\/\/www.ull.es\/formacion-permanente\/wp-content\/uploads\/2026\/01\/Headers_microcredenciales_Valoracion_de_Empresas_con_IA-768x248.jpg 768w, https:\/\/www.ull.es\/formacion-permanente\/wp-content\/uploads\/2026\/01\/Headers_microcredenciales_Valoracion_de_Empresas_con_IA-1536x496.jpg 1536w, https:\/\/www.ull.es\/formacion-permanente\/wp-content\/uploads\/2026\/01\/Headers_microcredenciales_Valoracion_de_Empresas_con_IA-18x6.jpg 18w, https:\/\/www.ull.es\/formacion-permanente\/wp-content\/uploads\/2026\/01\/Headers_microcredenciales_Valoracion_de_Empresas_con_IA-200x65.jpg 200w, https:\/\/www.ull.es\/formacion-permanente\/wp-content\/uploads\/2026\/01\/Headers_microcredenciales_Valoracion_de_Empresas_con_IA-375x121.jpg 375w, https:\/\/www.ull.es\/formacion-permanente\/wp-content\/uploads\/2026\/01\/Headers_microcredenciales_Valoracion_de_Empresas_con_IA-750x242.jpg 750w, https:\/\/www.ull.es\/formacion-permanente\/wp-content\/uploads\/2026\/01\/Headers_microcredenciales_Valoracion_de_Empresas_con_IA-1140x368.jpg 1140w\" sizes=\"auto, (max-width: 1920px) 100vw, 1920px\" \/><\/a><\/div><div class=\"fwpl-item el-m4yd42\">Gesti\u00f3n de la conciliaci\u00f3n corresponsable en la empresa<\/div><div class=\"fwpl-item el-q6n33c\">2 ECTS<\/div><div class=\"fwpl-row el-8xmcbi\"><div class=\"fwpl-col fwpl-col el-tz85zi\"><div class=\"fwpl-item el-ugsyik\">04\/05\/2026<\/div><\/div><div class=\"fwpl-col fwpl-col el-lynd9z\"><div class=\"fwpl-item el-vz4bu\">24\/05\/2026<\/div><\/div><\/div><div class=\"fwpl-item el-nolgu\"><a href=\"https:\/\/www.ull.es\/formacion-permanente\/fr\/blog\/gestion-de-la-conciliacion-corresponsable-en-la-empresa\/\" class=\"fwpl-btn\">M\u00e1s informaci\u00f3n<\/a><\/div><\/div><\/div><\/div><div class=\"fwpl-result r24\"><div class=\"fwpl-row el-4u1uel\"><div class=\"fwpl-col fwpl-col el-60yr6g\"><div class=\"fwpl-item el-m5nyw\"><a href=\"https:\/\/www.ull.es\/formacion-permanente\/fr\/blog\/ingles-para-recepcion-hotelera-turismo-y-hosteleria\/\"><img loading=\"lazy\" decoding=\"async\" width=\"1920\" height=\"620\" src=\"https:\/\/www.ull.es\/formacion-permanente\/wp-content\/uploads\/2026\/04\/Ingles.jpg\" class=\"attachment-full size-full wp-post-image\" alt=\"\" srcset=\"https:\/\/www.ull.es\/formacion-permanente\/wp-content\/uploads\/2026\/04\/Ingles.jpg 1920w, https:\/\/www.ull.es\/formacion-permanente\/wp-content\/uploads\/2026\/04\/Ingles-300x97.jpg 300w, https:\/\/www.ull.es\/formacion-permanente\/wp-content\/uploads\/2026\/04\/Ingles-1024x331.jpg 1024w, https:\/\/www.ull.es\/formacion-permanente\/wp-content\/uploads\/2026\/04\/Ingles-768x248.jpg 768w, https:\/\/www.ull.es\/formacion-permanente\/wp-content\/uploads\/2026\/04\/Ingles-1536x496.jpg 1536w, https:\/\/www.ull.es\/formacion-permanente\/wp-content\/uploads\/2026\/04\/Ingles-18x6.jpg 18w, https:\/\/www.ull.es\/formacion-permanente\/wp-content\/uploads\/2026\/04\/Ingles-200x65.jpg 200w, https:\/\/www.ull.es\/formacion-permanente\/wp-content\/uploads\/2026\/04\/Ingles-375x121.jpg 375w, https:\/\/www.ull.es\/formacion-permanente\/wp-content\/uploads\/2026\/04\/Ingles-750x242.jpg 750w, https:\/\/www.ull.es\/formacion-permanente\/wp-content\/uploads\/2026\/04\/Ingles-1140x368.jpg 1140w\" sizes=\"auto, (max-width: 1920px) 100vw, 1920px\" \/><\/a><\/div><div class=\"fwpl-item el-m4yd42\">Ingl\u00e9s para recepci\u00f3n hotelera<\/div><div class=\"fwpl-item el-q6n33c\">2 ECTS<\/div><div class=\"fwpl-row el-8xmcbi\"><div class=\"fwpl-col fwpl-col el-tz85zi\"><div class=\"fwpl-item el-ugsyik\">04\/05\/2026<\/div><\/div><div class=\"fwpl-col fwpl-col el-lynd9z\"><div class=\"fwpl-item el-vz4bu\">29\/05\/2026<\/div><\/div><\/div><div class=\"fwpl-item el-nolgu\"><a href=\"https:\/\/www.ull.es\/formacion-permanente\/fr\/blog\/ingles-para-recepcion-hotelera-turismo-y-hosteleria\/\" class=\"fwpl-btn\">M\u00e1s informaci\u00f3n<\/a><\/div><\/div><\/div><\/div><div class=\"fwpl-result r25\"><div class=\"fwpl-row el-4u1uel\"><div class=\"fwpl-col fwpl-col el-60yr6g\"><div class=\"fwpl-item el-m5nyw\"><a href=\"https:\/\/www.ull.es\/formacion-permanente\/fr\/blog\/ingles-basico-para-restauracion-hotelera-turismo-y-hosteleria\/\"><img loading=\"lazy\" decoding=\"async\" width=\"1920\" height=\"620\" src=\"https:\/\/www.ull.es\/formacion-permanente\/wp-content\/uploads\/2026\/04\/Ingles.jpg\" class=\"attachment-full size-full wp-post-image\" alt=\"\" srcset=\"https:\/\/www.ull.es\/formacion-permanente\/wp-content\/uploads\/2026\/04\/Ingles.jpg 1920w, https:\/\/www.ull.es\/formacion-permanente\/wp-content\/uploads\/2026\/04\/Ingles-300x97.jpg 300w, https:\/\/www.ull.es\/formacion-permanente\/wp-content\/uploads\/2026\/04\/Ingles-1024x331.jpg 1024w, https:\/\/www.ull.es\/formacion-permanente\/wp-content\/uploads\/2026\/04\/Ingles-768x248.jpg 768w, https:\/\/www.ull.es\/formacion-permanente\/wp-content\/uploads\/2026\/04\/Ingles-1536x496.jpg 1536w, https:\/\/www.ull.es\/formacion-permanente\/wp-content\/uploads\/2026\/04\/Ingles-18x6.jpg 18w, https:\/\/www.ull.es\/formacion-permanente\/wp-content\/uploads\/2026\/04\/Ingles-200x65.jpg 200w, https:\/\/www.ull.es\/formacion-permanente\/wp-content\/uploads\/2026\/04\/Ingles-375x121.jpg 375w, https:\/\/www.ull.es\/formacion-permanente\/wp-content\/uploads\/2026\/04\/Ingles-750x242.jpg 750w, https:\/\/www.ull.es\/formacion-permanente\/wp-content\/uploads\/2026\/04\/Ingles-1140x368.jpg 1140w\" sizes=\"auto, (max-width: 1920px) 100vw, 1920px\" \/><\/a><\/div><div class=\"fwpl-item el-m4yd42\">Ingl\u00e9s b\u00e1sico para restauraci\u00f3n hotelera<\/div><div class=\"fwpl-item el-q6n33c\">2 ECTS<\/div><div class=\"fwpl-row el-8xmcbi\"><div class=\"fwpl-col fwpl-col el-tz85zi\"><div class=\"fwpl-item el-ugsyik\">04\/05\/2026<\/div><\/div><div class=\"fwpl-col fwpl-col el-lynd9z\"><div class=\"fwpl-item el-vz4bu\">29\/05\/2026<\/div><\/div><\/div><div class=\"fwpl-item el-nolgu\"><a href=\"https:\/\/www.ull.es\/formacion-permanente\/fr\/blog\/ingles-basico-para-restauracion-hotelera-turismo-y-hosteleria\/\" class=\"fwpl-btn\">M\u00e1s informaci\u00f3n<\/a><\/div><\/div><\/div><\/div><div class=\"fwpl-result r26\"><div class=\"fwpl-row el-4u1uel\"><div class=\"fwpl-col fwpl-col el-60yr6g\"><div class=\"fwpl-item el-m5nyw\"><a href=\"https:\/\/www.ull.es\/formacion-permanente\/fr\/blog\/creacion-de-videojuegos-en-unity\/\"><img loading=\"lazy\" decoding=\"async\" width=\"1920\" height=\"620\" src=\"https:\/\/www.ull.es\/formacion-permanente\/wp-content\/uploads\/2025\/12\/Headers_microcredenciales_Tecnologias_emergentes_y_modelos_de_negocio_digital_para_la_logistica_y_el_transporte.jpg\" class=\"attachment-full size-full wp-post-image\" alt=\"\" srcset=\"https:\/\/www.ull.es\/formacion-permanente\/wp-content\/uploads\/2025\/12\/Headers_microcredenciales_Tecnologias_emergentes_y_modelos_de_negocio_digital_para_la_logistica_y_el_transporte.jpg 1920w, https:\/\/www.ull.es\/formacion-permanente\/wp-content\/uploads\/2025\/12\/Headers_microcredenciales_Tecnologias_emergentes_y_modelos_de_negocio_digital_para_la_logistica_y_el_transporte-300x97.jpg 300w, https:\/\/www.ull.es\/formacion-permanente\/wp-content\/uploads\/2025\/12\/Headers_microcredenciales_Tecnologias_emergentes_y_modelos_de_negocio_digital_para_la_logistica_y_el_transporte-1024x331.jpg 1024w, https:\/\/www.ull.es\/formacion-permanente\/wp-content\/uploads\/2025\/12\/Headers_microcredenciales_Tecnologias_emergentes_y_modelos_de_negocio_digital_para_la_logistica_y_el_transporte-768x248.jpg 768w, https:\/\/www.ull.es\/formacion-permanente\/wp-content\/uploads\/2025\/12\/Headers_microcredenciales_Tecnologias_emergentes_y_modelos_de_negocio_digital_para_la_logistica_y_el_transporte-1536x496.jpg 1536w, https:\/\/www.ull.es\/formacion-permanente\/wp-content\/uploads\/2025\/12\/Headers_microcredenciales_Tecnologias_emergentes_y_modelos_de_negocio_digital_para_la_logistica_y_el_transporte-18x6.jpg 18w, https:\/\/www.ull.es\/formacion-permanente\/wp-content\/uploads\/2025\/12\/Headers_microcredenciales_Tecnologias_emergentes_y_modelos_de_negocio_digital_para_la_logistica_y_el_transporte-200x65.jpg 200w, https:\/\/www.ull.es\/formacion-permanente\/wp-content\/uploads\/2025\/12\/Headers_microcredenciales_Tecnologias_emergentes_y_modelos_de_negocio_digital_para_la_logistica_y_el_transporte-375x121.jpg 375w, https:\/\/www.ull.es\/formacion-permanente\/wp-content\/uploads\/2025\/12\/Headers_microcredenciales_Tecnologias_emergentes_y_modelos_de_negocio_digital_para_la_logistica_y_el_transporte-750x242.jpg 750w, https:\/\/www.ull.es\/formacion-permanente\/wp-content\/uploads\/2025\/12\/Headers_microcredenciales_Tecnologias_emergentes_y_modelos_de_negocio_digital_para_la_logistica_y_el_transporte-1140x368.jpg 1140w\" sizes=\"auto, (max-width: 1920px) 100vw, 1920px\" \/><\/a><\/div><div class=\"fwpl-item el-m4yd42\">Creaci\u00f3n de videojuegos en Unity<\/div><div class=\"fwpl-item el-q6n33c\">3 ECTS<\/div><div class=\"fwpl-row el-8xmcbi\"><div class=\"fwpl-col fwpl-col el-tz85zi\"><div class=\"fwpl-item el-ugsyik\">04\/05\/2026<\/div><\/div><div class=\"fwpl-col fwpl-col el-lynd9z\"><div class=\"fwpl-item el-vz4bu\">17\/05\/2026<\/div><\/div><\/div><div class=\"fwpl-item el-nolgu\"><a href=\"https:\/\/www.ull.es\/formacion-permanente\/fr\/blog\/creacion-de-videojuegos-en-unity\/\" class=\"fwpl-btn\">M\u00e1s informaci\u00f3n<\/a><\/div><\/div><\/div><\/div><div class=\"fwpl-result r27\"><div class=\"fwpl-row el-4u1uel\"><div class=\"fwpl-col fwpl-col el-60yr6g\"><div class=\"fwpl-item el-m5nyw\"><a href=\"https:\/\/www.ull.es\/formacion-permanente\/fr\/blog\/iniciacion-a-la-lengua-de-signos-espanola-lse\/\"><img loading=\"lazy\" decoding=\"async\" width=\"1920\" height=\"600\" src=\"https:\/\/www.ull.es\/formacion-permanente\/wp-content\/uploads\/2026\/03\/web-3.jpg\" class=\"attachment-full size-full wp-post-image\" alt=\"\" srcset=\"https:\/\/www.ull.es\/formacion-permanente\/wp-content\/uploads\/2026\/03\/web-3.jpg 1920w, https:\/\/www.ull.es\/formacion-permanente\/wp-content\/uploads\/2026\/03\/web-3-300x94.jpg 300w, https:\/\/www.ull.es\/formacion-permanente\/wp-content\/uploads\/2026\/03\/web-3-1024x320.jpg 1024w, https:\/\/www.ull.es\/formacion-permanente\/wp-content\/uploads\/2026\/03\/web-3-768x240.jpg 768w, https:\/\/www.ull.es\/formacion-permanente\/wp-content\/uploads\/2026\/03\/web-3-1536x480.jpg 1536w, https:\/\/www.ull.es\/formacion-permanente\/wp-content\/uploads\/2026\/03\/web-3-18x6.jpg 18w, https:\/\/www.ull.es\/formacion-permanente\/wp-content\/uploads\/2026\/03\/web-3-200x63.jpg 200w, https:\/\/www.ull.es\/formacion-permanente\/wp-content\/uploads\/2026\/03\/web-3-375x117.jpg 375w, https:\/\/www.ull.es\/formacion-permanente\/wp-content\/uploads\/2026\/03\/web-3-750x234.jpg 750w, https:\/\/www.ull.es\/formacion-permanente\/wp-content\/uploads\/2026\/03\/web-3-1140x356.jpg 1140w\" sizes=\"auto, (max-width: 1920px) 100vw, 1920px\" \/><\/a><\/div><div class=\"fwpl-item el-m4yd42\">Iniciaci\u00f3n a la Lengua de Signos Espa\u00f1ola (LSE)<\/div><div class=\"fwpl-item el-q6n33c\">2 ECTS<\/div><div class=\"fwpl-row el-8xmcbi\"><div class=\"fwpl-col fwpl-col el-tz85zi\"><div class=\"fwpl-item el-ugsyik\">04\/05\/2026<\/div><\/div><div class=\"fwpl-col fwpl-col el-lynd9z\"><div class=\"fwpl-item el-vz4bu\">25\/05\/2026<\/div><\/div><\/div><div class=\"fwpl-item el-nolgu\"><a href=\"https:\/\/www.ull.es\/formacion-permanente\/fr\/blog\/iniciacion-a-la-lengua-de-signos-espanola-lse\/\" class=\"fwpl-btn\">M\u00e1s informaci\u00f3n<\/a><\/div><\/div><\/div><\/div><div class=\"fwpl-result r28\"><div class=\"fwpl-row el-4u1uel\"><div class=\"fwpl-col fwpl-col el-60yr6g\"><div class=\"fwpl-item el-m5nyw\"><a href=\"https:\/\/www.ull.es\/formacion-permanente\/fr\/blog\/soluciones-basadas-en-la-naturaleza-sbn\/\"><img loading=\"lazy\" decoding=\"async\" width=\"1920\" height=\"620\" src=\"https:\/\/www.ull.es\/formacion-permanente\/wp-content\/uploads\/2026\/04\/Soluciones-basadas-en-la-naturaleza_edited.jpg\" class=\"attachment-full size-full wp-post-image\" alt=\"\" srcset=\"https:\/\/www.ull.es\/formacion-permanente\/wp-content\/uploads\/2026\/04\/Soluciones-basadas-en-la-naturaleza_edited.jpg 1920w, https:\/\/www.ull.es\/formacion-permanente\/wp-content\/uploads\/2026\/04\/Soluciones-basadas-en-la-naturaleza_edited-300x97.jpg 300w, https:\/\/www.ull.es\/formacion-permanente\/wp-content\/uploads\/2026\/04\/Soluciones-basadas-en-la-naturaleza_edited-1024x331.jpg 1024w, https:\/\/www.ull.es\/formacion-permanente\/wp-content\/uploads\/2026\/04\/Soluciones-basadas-en-la-naturaleza_edited-768x248.jpg 768w, https:\/\/www.ull.es\/formacion-permanente\/wp-content\/uploads\/2026\/04\/Soluciones-basadas-en-la-naturaleza_edited-1536x496.jpg 1536w, https:\/\/www.ull.es\/formacion-permanente\/wp-content\/uploads\/2026\/04\/Soluciones-basadas-en-la-naturaleza_edited-18x6.jpg 18w, https:\/\/www.ull.es\/formacion-permanente\/wp-content\/uploads\/2026\/04\/Soluciones-basadas-en-la-naturaleza_edited-200x65.jpg 200w, https:\/\/www.ull.es\/formacion-permanente\/wp-content\/uploads\/2026\/04\/Soluciones-basadas-en-la-naturaleza_edited-375x121.jpg 375w, https:\/\/www.ull.es\/formacion-permanente\/wp-content\/uploads\/2026\/04\/Soluciones-basadas-en-la-naturaleza_edited-750x242.jpg 750w, https:\/\/www.ull.es\/formacion-permanente\/wp-content\/uploads\/2026\/04\/Soluciones-basadas-en-la-naturaleza_edited-1140x368.jpg 1140w\" sizes=\"auto, (max-width: 1920px) 100vw, 1920px\" \/><\/a><\/div><div class=\"fwpl-item el-m4yd42\">Soluciones Basadas en la Naturaleza (SbN)<\/div><div class=\"fwpl-item el-q6n33c\">2 ECTS<\/div><div class=\"fwpl-row el-8xmcbi\"><div class=\"fwpl-col fwpl-col el-tz85zi\"><div class=\"fwpl-item el-ugsyik\">04\/05\/2026<\/div><\/div><div class=\"fwpl-col fwpl-col el-lynd9z\"><div class=\"fwpl-item el-vz4bu\">29\/05\/2026<\/div><\/div><\/div><div class=\"fwpl-item el-nolgu\"><a href=\"https:\/\/www.ull.es\/formacion-permanente\/fr\/blog\/soluciones-basadas-en-la-naturaleza-sbn\/\" class=\"fwpl-btn\">M\u00e1s informaci\u00f3n<\/a><\/div><\/div><\/div><\/div><div class=\"fwpl-result r29\"><div class=\"fwpl-row el-4u1uel\"><div class=\"fwpl-col fwpl-col el-60yr6g\"><div class=\"fwpl-item el-m5nyw\"><a href=\"https:\/\/www.ull.es\/formacion-permanente\/fr\/blog\/procesos-psicosociales-implicados-en-la-salud-la-enfermedad-y-los-cuidados\/\"><img loading=\"lazy\" decoding=\"async\" width=\"1920\" height=\"620\" src=\"https:\/\/www.ull.es\/formacion-permanente\/wp-content\/uploads\/2026\/04\/Procesos-Psicosociales-implicados-en-la-Salud-la-Enfermedad-y-los-Cuidados-1_edited.jpg\" class=\"attachment-full size-full wp-post-image\" alt=\"\" srcset=\"https:\/\/www.ull.es\/formacion-permanente\/wp-content\/uploads\/2026\/04\/Procesos-Psicosociales-implicados-en-la-Salud-la-Enfermedad-y-los-Cuidados-1_edited.jpg 1920w, https:\/\/www.ull.es\/formacion-permanente\/wp-content\/uploads\/2026\/04\/Procesos-Psicosociales-implicados-en-la-Salud-la-Enfermedad-y-los-Cuidados-1_edited-300x97.jpg 300w, https:\/\/www.ull.es\/formacion-permanente\/wp-content\/uploads\/2026\/04\/Procesos-Psicosociales-implicados-en-la-Salud-la-Enfermedad-y-los-Cuidados-1_edited-1024x331.jpg 1024w, https:\/\/www.ull.es\/formacion-permanente\/wp-content\/uploads\/2026\/04\/Procesos-Psicosociales-implicados-en-la-Salud-la-Enfermedad-y-los-Cuidados-1_edited-768x248.jpg 768w, https:\/\/www.ull.es\/formacion-permanente\/wp-content\/uploads\/2026\/04\/Procesos-Psicosociales-implicados-en-la-Salud-la-Enfermedad-y-los-Cuidados-1_edited-1536x496.jpg 1536w, https:\/\/www.ull.es\/formacion-permanente\/wp-content\/uploads\/2026\/04\/Procesos-Psicosociales-implicados-en-la-Salud-la-Enfermedad-y-los-Cuidados-1_edited-18x6.jpg 18w, https:\/\/www.ull.es\/formacion-permanente\/wp-content\/uploads\/2026\/04\/Procesos-Psicosociales-implicados-en-la-Salud-la-Enfermedad-y-los-Cuidados-1_edited-200x65.jpg 200w, https:\/\/www.ull.es\/formacion-permanente\/wp-content\/uploads\/2026\/04\/Procesos-Psicosociales-implicados-en-la-Salud-la-Enfermedad-y-los-Cuidados-1_edited-375x121.jpg 375w, https:\/\/www.ull.es\/formacion-permanente\/wp-content\/uploads\/2026\/04\/Procesos-Psicosociales-implicados-en-la-Salud-la-Enfermedad-y-los-Cuidados-1_edited-750x242.jpg 750w, https:\/\/www.ull.es\/formacion-permanente\/wp-content\/uploads\/2026\/04\/Procesos-Psicosociales-implicados-en-la-Salud-la-Enfermedad-y-los-Cuidados-1_edited-1140x368.jpg 1140w\" sizes=\"auto, (max-width: 1920px) 100vw, 1920px\" \/><\/a><\/div><div class=\"fwpl-item el-m4yd42\">Procesos Psicosociales implicados en la Salud, la Enfermedad y los Cuidados<\/div><div class=\"fwpl-item el-q6n33c\">3 ECTS<\/div><div class=\"fwpl-row el-8xmcbi\"><div class=\"fwpl-col fwpl-col el-tz85zi\"><div class=\"fwpl-item el-ugsyik\">04\/05\/2026<\/div><\/div><div class=\"fwpl-col fwpl-col el-lynd9z\"><div class=\"fwpl-item el-vz4bu\">22\/05\/2026<\/div><\/div><\/div><div class=\"fwpl-item el-nolgu\"><a href=\"https:\/\/www.ull.es\/formacion-permanente\/fr\/blog\/procesos-psicosociales-implicados-en-la-salud-la-enfermedad-y-los-cuidados\/\" class=\"fwpl-btn\">M\u00e1s informaci\u00f3n<\/a><\/div><\/div><\/div><\/div><div class=\"fwpl-result r30\"><div class=\"fwpl-row el-4u1uel\"><div class=\"fwpl-col fwpl-col el-60yr6g\"><div class=\"fwpl-item el-m5nyw\"><a href=\"https:\/\/www.ull.es\/formacion-permanente\/fr\/blog\/habilidades-de-comunicacion-farmaceutico-paciente\/\"><img loading=\"lazy\" decoding=\"async\" width=\"1920\" height=\"620\" src=\"https:\/\/www.ull.es\/formacion-permanente\/wp-content\/uploads\/2026\/04\/Habilidades-de-Comunicacion-Farmaceutico-Paciente-1_edited.jpg\" class=\"attachment-full size-full wp-post-image\" alt=\"\" srcset=\"https:\/\/www.ull.es\/formacion-permanente\/wp-content\/uploads\/2026\/04\/Habilidades-de-Comunicacion-Farmaceutico-Paciente-1_edited.jpg 1920w, https:\/\/www.ull.es\/formacion-permanente\/wp-content\/uploads\/2026\/04\/Habilidades-de-Comunicacion-Farmaceutico-Paciente-1_edited-300x97.jpg 300w, https:\/\/www.ull.es\/formacion-permanente\/wp-content\/uploads\/2026\/04\/Habilidades-de-Comunicacion-Farmaceutico-Paciente-1_edited-1024x331.jpg 1024w, https:\/\/www.ull.es\/formacion-permanente\/wp-content\/uploads\/2026\/04\/Habilidades-de-Comunicacion-Farmaceutico-Paciente-1_edited-768x248.jpg 768w, https:\/\/www.ull.es\/formacion-permanente\/wp-content\/uploads\/2026\/04\/Habilidades-de-Comunicacion-Farmaceutico-Paciente-1_edited-1536x496.jpg 1536w, https:\/\/www.ull.es\/formacion-permanente\/wp-content\/uploads\/2026\/04\/Habilidades-de-Comunicacion-Farmaceutico-Paciente-1_edited-18x6.jpg 18w, https:\/\/www.ull.es\/formacion-permanente\/wp-content\/uploads\/2026\/04\/Habilidades-de-Comunicacion-Farmaceutico-Paciente-1_edited-200x65.jpg 200w, https:\/\/www.ull.es\/formacion-permanente\/wp-content\/uploads\/2026\/04\/Habilidades-de-Comunicacion-Farmaceutico-Paciente-1_edited-375x121.jpg 375w, https:\/\/www.ull.es\/formacion-permanente\/wp-content\/uploads\/2026\/04\/Habilidades-de-Comunicacion-Farmaceutico-Paciente-1_edited-750x242.jpg 750w, https:\/\/www.ull.es\/formacion-permanente\/wp-content\/uploads\/2026\/04\/Habilidades-de-Comunicacion-Farmaceutico-Paciente-1_edited-1140x368.jpg 1140w\" sizes=\"auto, (max-width: 1920px) 100vw, 1920px\" \/><\/a><\/div><div class=\"fwpl-item el-m4yd42\">Habilidades de Comunicaci\u00f3n Farmac\u00e9utico-Paciente<\/div><div class=\"fwpl-item el-q6n33c\">3 ECTS<\/div><div class=\"fwpl-row el-8xmcbi\"><div class=\"fwpl-col fwpl-col el-tz85zi\"><div class=\"fwpl-item el-ugsyik\">04\/05\/2026<\/div><\/div><div class=\"fwpl-col fwpl-col el-lynd9z\"><div class=\"fwpl-item el-vz4bu\">22\/05\/2026<\/div><\/div><\/div><div class=\"fwpl-item el-nolgu\"><a href=\"https:\/\/www.ull.es\/formacion-permanente\/fr\/blog\/habilidades-de-comunicacion-farmaceutico-paciente\/\" class=\"fwpl-btn\">M\u00e1s informaci\u00f3n<\/a><\/div><\/div><\/div><\/div><div class=\"fwpl-result r31\"><div class=\"fwpl-row el-4u1uel\"><div class=\"fwpl-col fwpl-col el-60yr6g\"><div class=\"fwpl-item el-m5nyw\"><a href=\"https:\/\/www.ull.es\/formacion-permanente\/fr\/blog\/participacion-comunitaria-en-salud\/\"><img loading=\"lazy\" decoding=\"async\" width=\"1920\" height=\"620\" src=\"https:\/\/www.ull.es\/formacion-permanente\/wp-content\/uploads\/2026\/04\/Participacion-Comunitaria-en-Salud_edited.jpg\" class=\"attachment-full size-full wp-post-image\" alt=\"\" srcset=\"https:\/\/www.ull.es\/formacion-permanente\/wp-content\/uploads\/2026\/04\/Participacion-Comunitaria-en-Salud_edited.jpg 1920w, https:\/\/www.ull.es\/formacion-permanente\/wp-content\/uploads\/2026\/04\/Participacion-Comunitaria-en-Salud_edited-300x97.jpg 300w, https:\/\/www.ull.es\/formacion-permanente\/wp-content\/uploads\/2026\/04\/Participacion-Comunitaria-en-Salud_edited-1024x331.jpg 1024w, https:\/\/www.ull.es\/formacion-permanente\/wp-content\/uploads\/2026\/04\/Participacion-Comunitaria-en-Salud_edited-768x248.jpg 768w, https:\/\/www.ull.es\/formacion-permanente\/wp-content\/uploads\/2026\/04\/Participacion-Comunitaria-en-Salud_edited-1536x496.jpg 1536w, https:\/\/www.ull.es\/formacion-permanente\/wp-content\/uploads\/2026\/04\/Participacion-Comunitaria-en-Salud_edited-18x6.jpg 18w, https:\/\/www.ull.es\/formacion-permanente\/wp-content\/uploads\/2026\/04\/Participacion-Comunitaria-en-Salud_edited-200x65.jpg 200w, https:\/\/www.ull.es\/formacion-permanente\/wp-content\/uploads\/2026\/04\/Participacion-Comunitaria-en-Salud_edited-375x121.jpg 375w, https:\/\/www.ull.es\/formacion-permanente\/wp-content\/uploads\/2026\/04\/Participacion-Comunitaria-en-Salud_edited-750x242.jpg 750w, https:\/\/www.ull.es\/formacion-permanente\/wp-content\/uploads\/2026\/04\/Participacion-Comunitaria-en-Salud_edited-1140x368.jpg 1140w\" sizes=\"auto, (max-width: 1920px) 100vw, 1920px\" \/><\/a><\/div><div class=\"fwpl-item el-m4yd42\">Participaci\u00f3n Comunitaria en Salud<\/div><div class=\"fwpl-item el-q6n33c\">3 ECTS<\/div><div class=\"fwpl-row el-8xmcbi\"><div class=\"fwpl-col fwpl-col el-tz85zi\"><div class=\"fwpl-item el-ugsyik\">04\/05\/2026<\/div><\/div><div class=\"fwpl-col fwpl-col el-lynd9z\"><div class=\"fwpl-item el-vz4bu\">19\/05\/2026<\/div><\/div><\/div><div class=\"fwpl-item el-nolgu\"><a href=\"https:\/\/www.ull.es\/formacion-permanente\/fr\/blog\/participacion-comunitaria-en-salud\/\" class=\"fwpl-btn\">M\u00e1s informaci\u00f3n<\/a><\/div><\/div><\/div><\/div><div class=\"fwpl-result r32\"><div class=\"fwpl-row el-4u1uel\"><div class=\"fwpl-col fwpl-col el-60yr6g\"><div class=\"fwpl-item el-m5nyw\"><a href=\"https:\/\/www.ull.es\/formacion-permanente\/fr\/blog\/neuroestetica-aplicada-percepcion-multisensorial-y-diseno-de-experiencias-culturales\/\"><img loading=\"lazy\" decoding=\"async\" width=\"1920\" height=\"620\" src=\"https:\/\/www.ull.es\/formacion-permanente\/wp-content\/uploads\/2026\/04\/Fundamentos-y-aplicaciones-practicas-de-la-estimulacion-magnetica-transcraneal-1_edited.jpg\" class=\"attachment-full size-full wp-post-image\" alt=\"\" srcset=\"https:\/\/www.ull.es\/formacion-permanente\/wp-content\/uploads\/2026\/04\/Fundamentos-y-aplicaciones-practicas-de-la-estimulacion-magnetica-transcraneal-1_edited.jpg 1920w, https:\/\/www.ull.es\/formacion-permanente\/wp-content\/uploads\/2026\/04\/Fundamentos-y-aplicaciones-practicas-de-la-estimulacion-magnetica-transcraneal-1_edited-300x97.jpg 300w, https:\/\/www.ull.es\/formacion-permanente\/wp-content\/uploads\/2026\/04\/Fundamentos-y-aplicaciones-practicas-de-la-estimulacion-magnetica-transcraneal-1_edited-1024x331.jpg 1024w, https:\/\/www.ull.es\/formacion-permanente\/wp-content\/uploads\/2026\/04\/Fundamentos-y-aplicaciones-practicas-de-la-estimulacion-magnetica-transcraneal-1_edited-768x248.jpg 768w, https:\/\/www.ull.es\/formacion-permanente\/wp-content\/uploads\/2026\/04\/Fundamentos-y-aplicaciones-practicas-de-la-estimulacion-magnetica-transcraneal-1_edited-1536x496.jpg 1536w, https:\/\/www.ull.es\/formacion-permanente\/wp-content\/uploads\/2026\/04\/Fundamentos-y-aplicaciones-practicas-de-la-estimulacion-magnetica-transcraneal-1_edited-18x6.jpg 18w, https:\/\/www.ull.es\/formacion-permanente\/wp-content\/uploads\/2026\/04\/Fundamentos-y-aplicaciones-practicas-de-la-estimulacion-magnetica-transcraneal-1_edited-200x65.jpg 200w, https:\/\/www.ull.es\/formacion-permanente\/wp-content\/uploads\/2026\/04\/Fundamentos-y-aplicaciones-practicas-de-la-estimulacion-magnetica-transcraneal-1_edited-375x121.jpg 375w, https:\/\/www.ull.es\/formacion-permanente\/wp-content\/uploads\/2026\/04\/Fundamentos-y-aplicaciones-practicas-de-la-estimulacion-magnetica-transcraneal-1_edited-750x242.jpg 750w, https:\/\/www.ull.es\/formacion-permanente\/wp-content\/uploads\/2026\/04\/Fundamentos-y-aplicaciones-practicas-de-la-estimulacion-magnetica-transcraneal-1_edited-1140x368.jpg 1140w\" sizes=\"auto, (max-width: 1920px) 100vw, 1920px\" \/><\/a><\/div><div class=\"fwpl-item el-m4yd42\">Neuroest\u00e9tica aplicada, percepci\u00f3n multisensorial y dise\u00f1o de experiencias culturales<\/div><div class=\"fwpl-item el-q6n33c is-empty\"><\/div><div class=\"fwpl-row el-8xmcbi\"><div class=\"fwpl-col fwpl-col el-tz85zi\"><div class=\"fwpl-item el-ugsyik\">04\/05\/2026<\/div><\/div><div class=\"fwpl-col fwpl-col el-lynd9z\"><div class=\"fwpl-item el-vz4bu\">29\/05\/2026<\/div><\/div><\/div><div class=\"fwpl-item el-nolgu\"><a href=\"https:\/\/www.ull.es\/formacion-permanente\/fr\/blog\/neuroestetica-aplicada-percepcion-multisensorial-y-diseno-de-experiencias-culturales\/\" class=\"fwpl-btn\">M\u00e1s informaci\u00f3n<\/a><\/div><\/div><\/div><\/div><div class=\"fwpl-result r33\"><div class=\"fwpl-row el-4u1uel\"><div class=\"fwpl-col fwpl-col el-60yr6g\"><div class=\"fwpl-item el-m5nyw\"><a href=\"https:\/\/www.ull.es\/formacion-permanente\/fr\/blog\/mercado-del-arte-mecenazgo-e-innovacion-digital-tokenizacion-trazabilidad-y-redes-de-legitimacion\/\"><img loading=\"lazy\" decoding=\"async\" width=\"1920\" height=\"620\" src=\"https:\/\/www.ull.es\/formacion-permanente\/wp-content\/uploads\/2026\/04\/Arte-2_edited.jpg\" class=\"attachment-full size-full wp-post-image\" alt=\"\" srcset=\"https:\/\/www.ull.es\/formacion-permanente\/wp-content\/uploads\/2026\/04\/Arte-2_edited.jpg 1920w, https:\/\/www.ull.es\/formacion-permanente\/wp-content\/uploads\/2026\/04\/Arte-2_edited-300x97.jpg 300w, https:\/\/www.ull.es\/formacion-permanente\/wp-content\/uploads\/2026\/04\/Arte-2_edited-1024x331.jpg 1024w, https:\/\/www.ull.es\/formacion-permanente\/wp-content\/uploads\/2026\/04\/Arte-2_edited-768x248.jpg 768w, https:\/\/www.ull.es\/formacion-permanente\/wp-content\/uploads\/2026\/04\/Arte-2_edited-1536x496.jpg 1536w, https:\/\/www.ull.es\/formacion-permanente\/wp-content\/uploads\/2026\/04\/Arte-2_edited-18x6.jpg 18w, https:\/\/www.ull.es\/formacion-permanente\/wp-content\/uploads\/2026\/04\/Arte-2_edited-200x65.jpg 200w, https:\/\/www.ull.es\/formacion-permanente\/wp-content\/uploads\/2026\/04\/Arte-2_edited-375x121.jpg 375w, https:\/\/www.ull.es\/formacion-permanente\/wp-content\/uploads\/2026\/04\/Arte-2_edited-750x242.jpg 750w, https:\/\/www.ull.es\/formacion-permanente\/wp-content\/uploads\/2026\/04\/Arte-2_edited-1140x368.jpg 1140w\" sizes=\"auto, (max-width: 1920px) 100vw, 1920px\" \/><\/a><\/div><div class=\"fwpl-item el-m4yd42\">Mercado del arte, mecenazgo e innovaci\u00f3n digital: tokenizaci\u00f3n, trazabilidad y redes de legitimaci\u00f3n<\/div><div class=\"fwpl-item el-q6n33c\">3<\/div><div class=\"fwpl-row el-8xmcbi\"><div class=\"fwpl-col fwpl-col el-tz85zi\"><div class=\"fwpl-item el-ugsyik\">05\/05\/2026<\/div><\/div><div class=\"fwpl-col fwpl-col el-lynd9z\"><div class=\"fwpl-item el-vz4bu\">14\/05\/2026<\/div><\/div><\/div><div class=\"fwpl-item el-nolgu\"><a href=\"https:\/\/www.ull.es\/formacion-permanente\/fr\/blog\/mercado-del-arte-mecenazgo-e-innovacion-digital-tokenizacion-trazabilidad-y-redes-de-legitimacion\/\" class=\"fwpl-btn\">M\u00e1s informaci\u00f3n<\/a><\/div><\/div><\/div><\/div><div class=\"fwpl-result r34\"><div class=\"fwpl-row el-4u1uel\"><div class=\"fwpl-col fwpl-col el-60yr6g\"><div class=\"fwpl-item el-m5nyw\"><a href=\"https:\/\/www.ull.es\/formacion-permanente\/fr\/blog\/construccion-del-vinculo-educativo-y-co-regulacion-emocional-con-alumnado-con-dificultades-en-la-autorregulacion-del-comportamiento-dac\/\"><img loading=\"lazy\" decoding=\"async\" width=\"1920\" height=\"600\" src=\"https:\/\/www.ull.es\/formacion-permanente\/wp-content\/uploads\/2026\/03\/web-3.jpg\" class=\"attachment-full size-full wp-post-image\" alt=\"\" srcset=\"https:\/\/www.ull.es\/formacion-permanente\/wp-content\/uploads\/2026\/03\/web-3.jpg 1920w, https:\/\/www.ull.es\/formacion-permanente\/wp-content\/uploads\/2026\/03\/web-3-300x94.jpg 300w, https:\/\/www.ull.es\/formacion-permanente\/wp-content\/uploads\/2026\/03\/web-3-1024x320.jpg 1024w, https:\/\/www.ull.es\/formacion-permanente\/wp-content\/uploads\/2026\/03\/web-3-768x240.jpg 768w, https:\/\/www.ull.es\/formacion-permanente\/wp-content\/uploads\/2026\/03\/web-3-1536x480.jpg 1536w, https:\/\/www.ull.es\/formacion-permanente\/wp-content\/uploads\/2026\/03\/web-3-18x6.jpg 18w, https:\/\/www.ull.es\/formacion-permanente\/wp-content\/uploads\/2026\/03\/web-3-200x63.jpg 200w, https:\/\/www.ull.es\/formacion-permanente\/wp-content\/uploads\/2026\/03\/web-3-375x117.jpg 375w, https:\/\/www.ull.es\/formacion-permanente\/wp-content\/uploads\/2026\/03\/web-3-750x234.jpg 750w, https:\/\/www.ull.es\/formacion-permanente\/wp-content\/uploads\/2026\/03\/web-3-1140x356.jpg 1140w\" sizes=\"auto, (max-width: 1920px) 100vw, 1920px\" \/><\/a><\/div><div class=\"fwpl-item el-m4yd42\">Construcci\u00f3n del v\u00ednculo educativo y co-regulaci\u00f3n emocional con alumnado con dificultades en la autorregulaci\u00f3n del comportamiento (DAC)<\/div><div class=\"fwpl-item el-q6n33c\">2 ECTS<\/div><div class=\"fwpl-row el-8xmcbi\"><div class=\"fwpl-col fwpl-col el-tz85zi\"><div class=\"fwpl-item el-ugsyik\">05\/05\/2026<\/div><\/div><div class=\"fwpl-col fwpl-col el-lynd9z\"><div class=\"fwpl-item el-vz4bu\">27\/05\/2026<\/div><\/div><\/div><div class=\"fwpl-item el-nolgu\"><a href=\"https:\/\/www.ull.es\/formacion-permanente\/fr\/blog\/construccion-del-vinculo-educativo-y-co-regulacion-emocional-con-alumnado-con-dificultades-en-la-autorregulacion-del-comportamiento-dac\/\" class=\"fwpl-btn\">M\u00e1s informaci\u00f3n<\/a><\/div><\/div><\/div><\/div><div class=\"fwpl-result r35\"><div class=\"fwpl-row el-4u1uel\"><div class=\"fwpl-col fwpl-col el-60yr6g\"><div class=\"fwpl-item el-m5nyw\"><a href=\"https:\/\/www.ull.es\/formacion-permanente\/fr\/blog\/micro-marketing-y-venta-directa-en-proyectos-agricolas\/\"><img loading=\"lazy\" decoding=\"async\" width=\"1920\" height=\"620\" src=\"https:\/\/www.ull.es\/formacion-permanente\/wp-content\/uploads\/2026\/04\/Soluciones-basadas-en-la-naturaleza_edited.jpg\" class=\"attachment-full size-full wp-post-image\" alt=\"\" srcset=\"https:\/\/www.ull.es\/formacion-permanente\/wp-content\/uploads\/2026\/04\/Soluciones-basadas-en-la-naturaleza_edited.jpg 1920w, https:\/\/www.ull.es\/formacion-permanente\/wp-content\/uploads\/2026\/04\/Soluciones-basadas-en-la-naturaleza_edited-300x97.jpg 300w, https:\/\/www.ull.es\/formacion-permanente\/wp-content\/uploads\/2026\/04\/Soluciones-basadas-en-la-naturaleza_edited-1024x331.jpg 1024w, https:\/\/www.ull.es\/formacion-permanente\/wp-content\/uploads\/2026\/04\/Soluciones-basadas-en-la-naturaleza_edited-768x248.jpg 768w, https:\/\/www.ull.es\/formacion-permanente\/wp-content\/uploads\/2026\/04\/Soluciones-basadas-en-la-naturaleza_edited-1536x496.jpg 1536w, https:\/\/www.ull.es\/formacion-permanente\/wp-content\/uploads\/2026\/04\/Soluciones-basadas-en-la-naturaleza_edited-18x6.jpg 18w, https:\/\/www.ull.es\/formacion-permanente\/wp-content\/uploads\/2026\/04\/Soluciones-basadas-en-la-naturaleza_edited-200x65.jpg 200w, https:\/\/www.ull.es\/formacion-permanente\/wp-content\/uploads\/2026\/04\/Soluciones-basadas-en-la-naturaleza_edited-375x121.jpg 375w, https:\/\/www.ull.es\/formacion-permanente\/wp-content\/uploads\/2026\/04\/Soluciones-basadas-en-la-naturaleza_edited-750x242.jpg 750w, https:\/\/www.ull.es\/formacion-permanente\/wp-content\/uploads\/2026\/04\/Soluciones-basadas-en-la-naturaleza_edited-1140x368.jpg 1140w\" sizes=\"auto, (max-width: 1920px) 100vw, 1920px\" \/><\/a><\/div><div class=\"fwpl-item el-m4yd42\">Micro Marketing y Venta Directa en Proyectos Agr\u00edcolas<\/div><div class=\"fwpl-item el-q6n33c\">3 ECTS<\/div><div class=\"fwpl-row el-8xmcbi\"><div class=\"fwpl-col fwpl-col el-tz85zi\"><div class=\"fwpl-item el-ugsyik\">05\/05\/2026<\/div><\/div><div class=\"fwpl-col fwpl-col el-lynd9z\"><div class=\"fwpl-item el-vz4bu\">20\/05\/2026<\/div><\/div><\/div><div class=\"fwpl-item el-nolgu\"><a href=\"https:\/\/www.ull.es\/formacion-permanente\/fr\/blog\/micro-marketing-y-venta-directa-en-proyectos-agricolas\/\" class=\"fwpl-btn\">M\u00e1s informaci\u00f3n<\/a><\/div><\/div><\/div><\/div><div class=\"fwpl-result r36\"><div class=\"fwpl-row el-4u1uel\"><div class=\"fwpl-col fwpl-col el-60yr6g\"><div class=\"fwpl-item el-m5nyw\"><a href=\"https:\/\/www.ull.es\/formacion-permanente\/fr\/blog\/modelado-bim-de-infraestructuras-con-autodesk-civil-3d\/\"><img loading=\"lazy\" decoding=\"async\" width=\"2000\" height=\"646\" src=\"https:\/\/www.ull.es\/formacion-permanente\/wp-content\/uploads\/2026\/03\/Headers_microcredenciales_2026_Generico-1.jpg\" class=\"attachment-full size-full wp-post-image\" alt=\"\" srcset=\"https:\/\/www.ull.es\/formacion-permanente\/wp-content\/uploads\/2026\/03\/Headers_microcredenciales_2026_Generico-1.jpg 2000w, https:\/\/www.ull.es\/formacion-permanente\/wp-content\/uploads\/2026\/03\/Headers_microcredenciales_2026_Generico-1-300x97.jpg 300w, https:\/\/www.ull.es\/formacion-permanente\/wp-content\/uploads\/2026\/03\/Headers_microcredenciales_2026_Generico-1-1024x331.jpg 1024w, https:\/\/www.ull.es\/formacion-permanente\/wp-content\/uploads\/2026\/03\/Headers_microcredenciales_2026_Generico-1-768x248.jpg 768w, https:\/\/www.ull.es\/formacion-permanente\/wp-content\/uploads\/2026\/03\/Headers_microcredenciales_2026_Generico-1-1536x496.jpg 1536w, https:\/\/www.ull.es\/formacion-permanente\/wp-content\/uploads\/2026\/03\/Headers_microcredenciales_2026_Generico-1-18x6.jpg 18w, https:\/\/www.ull.es\/formacion-permanente\/wp-content\/uploads\/2026\/03\/Headers_microcredenciales_2026_Generico-1-200x65.jpg 200w, https:\/\/www.ull.es\/formacion-permanente\/wp-content\/uploads\/2026\/03\/Headers_microcredenciales_2026_Generico-1-375x121.jpg 375w, https:\/\/www.ull.es\/formacion-permanente\/wp-content\/uploads\/2026\/03\/Headers_microcredenciales_2026_Generico-1-750x242.jpg 750w, https:\/\/www.ull.es\/formacion-permanente\/wp-content\/uploads\/2026\/03\/Headers_microcredenciales_2026_Generico-1-1140x368.jpg 1140w\" sizes=\"auto, (max-width: 2000px) 100vw, 2000px\" \/><\/a><\/div><div class=\"fwpl-item el-m4yd42\">Modelado BIM de Infraestructuras con Autodesk Civil 3D<\/div><div class=\"fwpl-item el-q6n33c\">2 ECTS<\/div><div class=\"fwpl-row el-8xmcbi\"><div class=\"fwpl-col fwpl-col el-tz85zi\"><div class=\"fwpl-item el-ugsyik\">05\/05\/2026<\/div><\/div><div class=\"fwpl-col fwpl-col el-lynd9z\"><div class=\"fwpl-item el-vz4bu\">13\/05\/2026<\/div><\/div><\/div><div class=\"fwpl-item el-nolgu\"><a href=\"https:\/\/www.ull.es\/formacion-permanente\/fr\/blog\/modelado-bim-de-infraestructuras-con-autodesk-civil-3d\/\" class=\"fwpl-btn\">M\u00e1s informaci\u00f3n<\/a><\/div><\/div><\/div><\/div><div class=\"fwpl-result r37\"><div class=\"fwpl-row el-4u1uel\"><div class=\"fwpl-col fwpl-col el-60yr6g\"><div class=\"fwpl-item el-m5nyw\"><a href=\"https:\/\/www.ull.es\/formacion-permanente\/fr\/blog\/normativa-de-gestion-integral-de-vertidos-desde-tierra-al-mar\/\"><img loading=\"lazy\" decoding=\"async\" width=\"1920\" height=\"620\" src=\"https:\/\/www.ull.es\/formacion-permanente\/wp-content\/uploads\/2026\/04\/Vertidos-tierra-al-mar.jpg\" class=\"attachment-full size-full wp-post-image\" alt=\"\" srcset=\"https:\/\/www.ull.es\/formacion-permanente\/wp-content\/uploads\/2026\/04\/Vertidos-tierra-al-mar.jpg 1920w, https:\/\/www.ull.es\/formacion-permanente\/wp-content\/uploads\/2026\/04\/Vertidos-tierra-al-mar-300x97.jpg 300w, https:\/\/www.ull.es\/formacion-permanente\/wp-content\/uploads\/2026\/04\/Vertidos-tierra-al-mar-1024x331.jpg 1024w, https:\/\/www.ull.es\/formacion-permanente\/wp-content\/uploads\/2026\/04\/Vertidos-tierra-al-mar-768x248.jpg 768w, https:\/\/www.ull.es\/formacion-permanente\/wp-content\/uploads\/2026\/04\/Vertidos-tierra-al-mar-1536x496.jpg 1536w, https:\/\/www.ull.es\/formacion-permanente\/wp-content\/uploads\/2026\/04\/Vertidos-tierra-al-mar-18x6.jpg 18w, https:\/\/www.ull.es\/formacion-permanente\/wp-content\/uploads\/2026\/04\/Vertidos-tierra-al-mar-200x65.jpg 200w, https:\/\/www.ull.es\/formacion-permanente\/wp-content\/uploads\/2026\/04\/Vertidos-tierra-al-mar-375x121.jpg 375w, https:\/\/www.ull.es\/formacion-permanente\/wp-content\/uploads\/2026\/04\/Vertidos-tierra-al-mar-750x242.jpg 750w, https:\/\/www.ull.es\/formacion-permanente\/wp-content\/uploads\/2026\/04\/Vertidos-tierra-al-mar-1140x368.jpg 1140w\" sizes=\"auto, (max-width: 1920px) 100vw, 1920px\" \/><\/a><\/div><div class=\"fwpl-item el-m4yd42\">Normativa de Gesti\u00f3n Integral de Vertidos desde Tierra al Mar<\/div><div class=\"fwpl-item el-q6n33c\">2 ECTS<\/div><div class=\"fwpl-row el-8xmcbi\"><div class=\"fwpl-col fwpl-col el-tz85zi\"><div class=\"fwpl-item el-ugsyik\">05\/05\/2026<\/div><\/div><div class=\"fwpl-col fwpl-col el-lynd9z\"><div class=\"fwpl-item el-vz4bu\">11\/05\/2026<\/div><\/div><\/div><div class=\"fwpl-item el-nolgu\"><a href=\"https:\/\/www.ull.es\/formacion-permanente\/fr\/blog\/normativa-de-gestion-integral-de-vertidos-desde-tierra-al-mar\/\" class=\"fwpl-btn\">M\u00e1s informaci\u00f3n<\/a><\/div><\/div><\/div><\/div><div class=\"fwpl-result r38\"><div class=\"fwpl-row el-4u1uel\"><div class=\"fwpl-col fwpl-col el-60yr6g\"><div class=\"fwpl-item el-m5nyw\"><a href=\"https:\/\/www.ull.es\/formacion-permanente\/fr\/blog\/hidraulica-de-redes-con-epanet\/\"><img loading=\"lazy\" decoding=\"async\" width=\"1920\" height=\"620\" src=\"https:\/\/www.ull.es\/formacion-permanente\/wp-content\/uploads\/2025\/12\/Headers_microcredenciales_Tecnologias_emergentes_y_modelos_de_negocio_digital_para_la_logistica_y_el_transporte.jpg\" class=\"attachment-full size-full wp-post-image\" alt=\"\" srcset=\"https:\/\/www.ull.es\/formacion-permanente\/wp-content\/uploads\/2025\/12\/Headers_microcredenciales_Tecnologias_emergentes_y_modelos_de_negocio_digital_para_la_logistica_y_el_transporte.jpg 1920w, https:\/\/www.ull.es\/formacion-permanente\/wp-content\/uploads\/2025\/12\/Headers_microcredenciales_Tecnologias_emergentes_y_modelos_de_negocio_digital_para_la_logistica_y_el_transporte-300x97.jpg 300w, https:\/\/www.ull.es\/formacion-permanente\/wp-content\/uploads\/2025\/12\/Headers_microcredenciales_Tecnologias_emergentes_y_modelos_de_negocio_digital_para_la_logistica_y_el_transporte-1024x331.jpg 1024w, https:\/\/www.ull.es\/formacion-permanente\/wp-content\/uploads\/2025\/12\/Headers_microcredenciales_Tecnologias_emergentes_y_modelos_de_negocio_digital_para_la_logistica_y_el_transporte-768x248.jpg 768w, https:\/\/www.ull.es\/formacion-permanente\/wp-content\/uploads\/2025\/12\/Headers_microcredenciales_Tecnologias_emergentes_y_modelos_de_negocio_digital_para_la_logistica_y_el_transporte-1536x496.jpg 1536w, https:\/\/www.ull.es\/formacion-permanente\/wp-content\/uploads\/2025\/12\/Headers_microcredenciales_Tecnologias_emergentes_y_modelos_de_negocio_digital_para_la_logistica_y_el_transporte-18x6.jpg 18w, https:\/\/www.ull.es\/formacion-permanente\/wp-content\/uploads\/2025\/12\/Headers_microcredenciales_Tecnologias_emergentes_y_modelos_de_negocio_digital_para_la_logistica_y_el_transporte-200x65.jpg 200w, https:\/\/www.ull.es\/formacion-permanente\/wp-content\/uploads\/2025\/12\/Headers_microcredenciales_Tecnologias_emergentes_y_modelos_de_negocio_digital_para_la_logistica_y_el_transporte-375x121.jpg 375w, https:\/\/www.ull.es\/formacion-permanente\/wp-content\/uploads\/2025\/12\/Headers_microcredenciales_Tecnologias_emergentes_y_modelos_de_negocio_digital_para_la_logistica_y_el_transporte-750x242.jpg 750w, https:\/\/www.ull.es\/formacion-permanente\/wp-content\/uploads\/2025\/12\/Headers_microcredenciales_Tecnologias_emergentes_y_modelos_de_negocio_digital_para_la_logistica_y_el_transporte-1140x368.jpg 1140w\" sizes=\"auto, (max-width: 1920px) 100vw, 1920px\" \/><\/a><\/div><div class=\"fwpl-item el-m4yd42\">Hidr\u00e1ulica de redes con EPANET<\/div><div class=\"fwpl-item el-q6n33c\">2 ECTS<\/div><div class=\"fwpl-row el-8xmcbi\"><div class=\"fwpl-col fwpl-col el-tz85zi\"><div class=\"fwpl-item el-ugsyik\">06\/05\/2026<\/div><\/div><div class=\"fwpl-col fwpl-col el-lynd9z\"><div class=\"fwpl-item el-vz4bu\">28\/05\/2026<\/div><\/div><\/div><div class=\"fwpl-item el-nolgu\"><a href=\"https:\/\/www.ull.es\/formacion-permanente\/fr\/blog\/hidraulica-de-redes-con-epanet\/\" class=\"fwpl-btn\">M\u00e1s informaci\u00f3n<\/a><\/div><\/div><\/div><\/div><div class=\"fwpl-result r39\"><div class=\"fwpl-row el-4u1uel\"><div class=\"fwpl-col fwpl-col el-60yr6g\"><div class=\"fwpl-item el-m5nyw\"><a href=\"https:\/\/www.ull.es\/formacion-permanente\/fr\/blog\/terapia-manual-en-cancer-de-mama\/\"><img loading=\"lazy\" decoding=\"async\" width=\"1920\" height=\"620\" src=\"https:\/\/www.ull.es\/formacion-permanente\/wp-content\/uploads\/2026\/04\/Psicooncologia-en-el-Cancer-de-Mama-1_edited.jpg\" class=\"attachment-full size-full wp-post-image\" alt=\"\" srcset=\"https:\/\/www.ull.es\/formacion-permanente\/wp-content\/uploads\/2026\/04\/Psicooncologia-en-el-Cancer-de-Mama-1_edited.jpg 1920w, https:\/\/www.ull.es\/formacion-permanente\/wp-content\/uploads\/2026\/04\/Psicooncologia-en-el-Cancer-de-Mama-1_edited-300x97.jpg 300w, https:\/\/www.ull.es\/formacion-permanente\/wp-content\/uploads\/2026\/04\/Psicooncologia-en-el-Cancer-de-Mama-1_edited-1024x331.jpg 1024w, https:\/\/www.ull.es\/formacion-permanente\/wp-content\/uploads\/2026\/04\/Psicooncologia-en-el-Cancer-de-Mama-1_edited-768x248.jpg 768w, https:\/\/www.ull.es\/formacion-permanente\/wp-content\/uploads\/2026\/04\/Psicooncologia-en-el-Cancer-de-Mama-1_edited-1536x496.jpg 1536w, https:\/\/www.ull.es\/formacion-permanente\/wp-content\/uploads\/2026\/04\/Psicooncologia-en-el-Cancer-de-Mama-1_edited-18x6.jpg 18w, https:\/\/www.ull.es\/formacion-permanente\/wp-content\/uploads\/2026\/04\/Psicooncologia-en-el-Cancer-de-Mama-1_edited-200x65.jpg 200w, https:\/\/www.ull.es\/formacion-permanente\/wp-content\/uploads\/2026\/04\/Psicooncologia-en-el-Cancer-de-Mama-1_edited-375x121.jpg 375w, https:\/\/www.ull.es\/formacion-permanente\/wp-content\/uploads\/2026\/04\/Psicooncologia-en-el-Cancer-de-Mama-1_edited-750x242.jpg 750w, https:\/\/www.ull.es\/formacion-permanente\/wp-content\/uploads\/2026\/04\/Psicooncologia-en-el-Cancer-de-Mama-1_edited-1140x368.jpg 1140w\" sizes=\"auto, (max-width: 1920px) 100vw, 1920px\" \/><\/a><\/div><div class=\"fwpl-item el-m4yd42\">Terapia Manual en C\u00e1ncer de Mama<\/div><div class=\"fwpl-item el-q6n33c\">3 ECTS<\/div><div class=\"fwpl-row el-8xmcbi\"><div class=\"fwpl-col fwpl-col el-tz85zi\"><div class=\"fwpl-item el-ugsyik\">07\/05\/2026<\/div><\/div><div class=\"fwpl-col fwpl-col el-lynd9z\"><div class=\"fwpl-item el-vz4bu\">16\/05\/2026<\/div><\/div><\/div><div class=\"fwpl-item el-nolgu\"><a href=\"https:\/\/www.ull.es\/formacion-permanente\/fr\/blog\/terapia-manual-en-cancer-de-mama\/\" class=\"fwpl-btn\">M\u00e1s informaci\u00f3n<\/a><\/div><\/div><\/div><\/div><div class=\"fwpl-result r40\"><div class=\"fwpl-row el-4u1uel\"><div class=\"fwpl-col fwpl-col el-60yr6g\"><div class=\"fwpl-item el-m5nyw\"><a href=\"https:\/\/www.ull.es\/formacion-permanente\/fr\/blog\/ejercicio-terapeutico-en-cancer-de-mama\/\"><img loading=\"lazy\" decoding=\"async\" width=\"1920\" height=\"620\" src=\"https:\/\/www.ull.es\/formacion-permanente\/wp-content\/uploads\/2026\/04\/Psicooncologia-en-el-Cancer-de-Mama-1_edited.jpg\" class=\"attachment-full size-full wp-post-image\" alt=\"\" srcset=\"https:\/\/www.ull.es\/formacion-permanente\/wp-content\/uploads\/2026\/04\/Psicooncologia-en-el-Cancer-de-Mama-1_edited.jpg 1920w, https:\/\/www.ull.es\/formacion-permanente\/wp-content\/uploads\/2026\/04\/Psicooncologia-en-el-Cancer-de-Mama-1_edited-300x97.jpg 300w, https:\/\/www.ull.es\/formacion-permanente\/wp-content\/uploads\/2026\/04\/Psicooncologia-en-el-Cancer-de-Mama-1_edited-1024x331.jpg 1024w, https:\/\/www.ull.es\/formacion-permanente\/wp-content\/uploads\/2026\/04\/Psicooncologia-en-el-Cancer-de-Mama-1_edited-768x248.jpg 768w, https:\/\/www.ull.es\/formacion-permanente\/wp-content\/uploads\/2026\/04\/Psicooncologia-en-el-Cancer-de-Mama-1_edited-1536x496.jpg 1536w, https:\/\/www.ull.es\/formacion-permanente\/wp-content\/uploads\/2026\/04\/Psicooncologia-en-el-Cancer-de-Mama-1_edited-18x6.jpg 18w, https:\/\/www.ull.es\/formacion-permanente\/wp-content\/uploads\/2026\/04\/Psicooncologia-en-el-Cancer-de-Mama-1_edited-200x65.jpg 200w, https:\/\/www.ull.es\/formacion-permanente\/wp-content\/uploads\/2026\/04\/Psicooncologia-en-el-Cancer-de-Mama-1_edited-375x121.jpg 375w, https:\/\/www.ull.es\/formacion-permanente\/wp-content\/uploads\/2026\/04\/Psicooncologia-en-el-Cancer-de-Mama-1_edited-750x242.jpg 750w, https:\/\/www.ull.es\/formacion-permanente\/wp-content\/uploads\/2026\/04\/Psicooncologia-en-el-Cancer-de-Mama-1_edited-1140x368.jpg 1140w\" sizes=\"auto, (max-width: 1920px) 100vw, 1920px\" \/><\/a><\/div><div class=\"fwpl-item el-m4yd42\">Ejercicio Terap\u00e9utico en C\u00e1ncer de Mama<\/div><div class=\"fwpl-item el-q6n33c\">3 ECTS<\/div><div class=\"fwpl-row el-8xmcbi\"><div class=\"fwpl-col fwpl-col el-tz85zi\"><div class=\"fwpl-item el-ugsyik\">07\/05\/2026<\/div><\/div><div class=\"fwpl-col fwpl-col el-lynd9z\"><div class=\"fwpl-item el-vz4bu\">16\/05\/2026<\/div><\/div><\/div><div class=\"fwpl-item el-nolgu\"><a href=\"https:\/\/www.ull.es\/formacion-permanente\/fr\/blog\/ejercicio-terapeutico-en-cancer-de-mama\/\" class=\"fwpl-btn\">M\u00e1s informaci\u00f3n<\/a><\/div><\/div><\/div><\/div><div class=\"fwpl-result r41\"><div class=\"fwpl-row el-4u1uel\"><div class=\"fwpl-col fwpl-col el-60yr6g\"><div class=\"fwpl-item el-m5nyw\"><a href=\"https:\/\/www.ull.es\/formacion-permanente\/fr\/blog\/diseno-visual-y-maquetacion-multiformato-aplicada-con-inteligencia-artificial\/\"><img loading=\"lazy\" decoding=\"async\" width=\"1920\" height=\"620\" src=\"https:\/\/www.ull.es\/formacion-permanente\/wp-content\/uploads\/2026\/04\/Tecnologia-de-la-informacion-1_edited.jpg\" class=\"attachment-full size-full wp-post-image\" alt=\"\" srcset=\"https:\/\/www.ull.es\/formacion-permanente\/wp-content\/uploads\/2026\/04\/Tecnologia-de-la-informacion-1_edited.jpg 1920w, https:\/\/www.ull.es\/formacion-permanente\/wp-content\/uploads\/2026\/04\/Tecnologia-de-la-informacion-1_edited-300x97.jpg 300w, https:\/\/www.ull.es\/formacion-permanente\/wp-content\/uploads\/2026\/04\/Tecnologia-de-la-informacion-1_edited-1024x331.jpg 1024w, https:\/\/www.ull.es\/formacion-permanente\/wp-content\/uploads\/2026\/04\/Tecnologia-de-la-informacion-1_edited-768x248.jpg 768w, https:\/\/www.ull.es\/formacion-permanente\/wp-content\/uploads\/2026\/04\/Tecnologia-de-la-informacion-1_edited-1536x496.jpg 1536w, https:\/\/www.ull.es\/formacion-permanente\/wp-content\/uploads\/2026\/04\/Tecnologia-de-la-informacion-1_edited-18x6.jpg 18w, https:\/\/www.ull.es\/formacion-permanente\/wp-content\/uploads\/2026\/04\/Tecnologia-de-la-informacion-1_edited-200x65.jpg 200w, https:\/\/www.ull.es\/formacion-permanente\/wp-content\/uploads\/2026\/04\/Tecnologia-de-la-informacion-1_edited-375x121.jpg 375w, https:\/\/www.ull.es\/formacion-permanente\/wp-content\/uploads\/2026\/04\/Tecnologia-de-la-informacion-1_edited-750x242.jpg 750w, https:\/\/www.ull.es\/formacion-permanente\/wp-content\/uploads\/2026\/04\/Tecnologia-de-la-informacion-1_edited-1140x368.jpg 1140w\" sizes=\"auto, (max-width: 1920px) 100vw, 1920px\" \/><\/a><\/div><div class=\"fwpl-item el-m4yd42\">Dise\u00f1o visual y maquetaci\u00f3n multiformato aplicada con inteligencia artificial<\/div><div class=\"fwpl-item el-q6n33c is-empty\"><\/div><div class=\"fwpl-row el-8xmcbi\"><div class=\"fwpl-col fwpl-col el-tz85zi\"><div class=\"fwpl-item el-ugsyik\">07\/05\/2026<\/div><\/div><div class=\"fwpl-col fwpl-col el-lynd9z\"><div class=\"fwpl-item el-vz4bu\">19\/05\/2026<\/div><\/div><\/div><div class=\"fwpl-item el-nolgu\"><a href=\"https:\/\/www.ull.es\/formacion-permanente\/fr\/blog\/diseno-visual-y-maquetacion-multiformato-aplicada-con-inteligencia-artificial\/\" class=\"fwpl-btn\">M\u00e1s informaci\u00f3n<\/a><\/div><\/div><\/div><\/div><div class=\"fwpl-result r42\"><div class=\"fwpl-row el-4u1uel\"><div class=\"fwpl-col fwpl-col el-60yr6g\"><div class=\"fwpl-item el-m5nyw\"><a href=\"https:\/\/www.ull.es\/formacion-permanente\/fr\/blog\/autocuidado-sostenibilidad-profesional-contextos-educativos\/\"><img loading=\"lazy\" decoding=\"async\" width=\"1280\" height=\"400\" src=\"https:\/\/www.ull.es\/formacion-permanente\/wp-content\/uploads\/2026\/03\/web-2-7046.jpg\" class=\"attachment-full size-full wp-post-image\" alt=\"\" srcset=\"https:\/\/www.ull.es\/formacion-permanente\/wp-content\/uploads\/2026\/03\/web-2-7046.jpg 1280w, https:\/\/www.ull.es\/formacion-permanente\/wp-content\/uploads\/2026\/03\/web-2-7046-300x94.jpg 300w, https:\/\/www.ull.es\/formacion-permanente\/wp-content\/uploads\/2026\/03\/web-2-7046-1024x320.jpg 1024w, https:\/\/www.ull.es\/formacion-permanente\/wp-content\/uploads\/2026\/03\/web-2-7046-768x240.jpg 768w, https:\/\/www.ull.es\/formacion-permanente\/wp-content\/uploads\/2026\/03\/web-2-7046-18x6.jpg 18w, https:\/\/www.ull.es\/formacion-permanente\/wp-content\/uploads\/2026\/03\/web-2-7046-200x63.jpg 200w, https:\/\/www.ull.es\/formacion-permanente\/wp-content\/uploads\/2026\/03\/web-2-7046-375x117.jpg 375w, https:\/\/www.ull.es\/formacion-permanente\/wp-content\/uploads\/2026\/03\/web-2-7046-750x234.jpg 750w, https:\/\/www.ull.es\/formacion-permanente\/wp-content\/uploads\/2026\/03\/web-2-7046-1140x356.jpg 1140w\" sizes=\"auto, (max-width: 1280px) 100vw, 1280px\" \/><\/a><\/div><div class=\"fwpl-item el-m4yd42\">Autocuidado y sostenibilidad profesional en contextos educativos complejos<\/div><div class=\"fwpl-item el-q6n33c\">2 ECTS<\/div><div class=\"fwpl-row el-8xmcbi\"><div class=\"fwpl-col fwpl-col el-tz85zi\"><div class=\"fwpl-item el-ugsyik\">07\/05\/2026<\/div><\/div><div class=\"fwpl-col fwpl-col el-lynd9z\"><div class=\"fwpl-item el-vz4bu\">28\/05\/2026<\/div><\/div><\/div><div class=\"fwpl-item el-nolgu\"><a href=\"https:\/\/www.ull.es\/formacion-permanente\/fr\/blog\/autocuidado-sostenibilidad-profesional-contextos-educativos\/\" class=\"fwpl-btn\">M\u00e1s informaci\u00f3n<\/a><\/div><\/div><\/div><\/div><div class=\"fwpl-result r43\"><div class=\"fwpl-row el-4u1uel\"><div class=\"fwpl-col fwpl-col el-60yr6g\"><div class=\"fwpl-item el-m5nyw\"><a href=\"https:\/\/www.ull.es\/formacion-permanente\/fr\/blog\/produccion-videojuegos\/\"><img loading=\"lazy\" decoding=\"async\" width=\"1920\" height=\"620\" src=\"https:\/\/www.ull.es\/formacion-permanente\/wp-content\/uploads\/2026\/03\/Headers_microcredenciales_2026_Cine.jpg\" class=\"attachment-full size-full wp-post-image\" alt=\"\" srcset=\"https:\/\/www.ull.es\/formacion-permanente\/wp-content\/uploads\/2026\/03\/Headers_microcredenciales_2026_Cine.jpg 1920w, https:\/\/www.ull.es\/formacion-permanente\/wp-content\/uploads\/2026\/03\/Headers_microcredenciales_2026_Cine-300x97.jpg 300w, https:\/\/www.ull.es\/formacion-permanente\/wp-content\/uploads\/2026\/03\/Headers_microcredenciales_2026_Cine-1024x331.jpg 1024w, https:\/\/www.ull.es\/formacion-permanente\/wp-content\/uploads\/2026\/03\/Headers_microcredenciales_2026_Cine-768x248.jpg 768w, https:\/\/www.ull.es\/formacion-permanente\/wp-content\/uploads\/2026\/03\/Headers_microcredenciales_2026_Cine-1536x496.jpg 1536w, https:\/\/www.ull.es\/formacion-permanente\/wp-content\/uploads\/2026\/03\/Headers_microcredenciales_2026_Cine-18x6.jpg 18w, https:\/\/www.ull.es\/formacion-permanente\/wp-content\/uploads\/2026\/03\/Headers_microcredenciales_2026_Cine-200x65.jpg 200w, https:\/\/www.ull.es\/formacion-permanente\/wp-content\/uploads\/2026\/03\/Headers_microcredenciales_2026_Cine-375x121.jpg 375w, https:\/\/www.ull.es\/formacion-permanente\/wp-content\/uploads\/2026\/03\/Headers_microcredenciales_2026_Cine-750x242.jpg 750w, https:\/\/www.ull.es\/formacion-permanente\/wp-content\/uploads\/2026\/03\/Headers_microcredenciales_2026_Cine-1140x368.jpg 1140w\" sizes=\"auto, (max-width: 1920px) 100vw, 1920px\" \/><\/a><\/div><div class=\"fwpl-item el-m4yd42\">Producci\u00f3n de Videojuegos<\/div><div class=\"fwpl-item el-q6n33c\">3 ECTS<\/div><div class=\"fwpl-row el-8xmcbi\"><div class=\"fwpl-col fwpl-col el-tz85zi\"><div class=\"fwpl-item el-ugsyik\">07\/05\/2026<\/div><\/div><div class=\"fwpl-col fwpl-col el-lynd9z\"><div class=\"fwpl-item el-vz4bu\">27\/05\/2026<\/div><\/div><\/div><div class=\"fwpl-item el-nolgu\"><a href=\"https:\/\/www.ull.es\/formacion-permanente\/fr\/blog\/produccion-videojuegos\/\" class=\"fwpl-btn\">M\u00e1s informaci\u00f3n<\/a><\/div><\/div><\/div><\/div><div class=\"fwpl-result r44\"><div class=\"fwpl-row el-4u1uel\"><div class=\"fwpl-col fwpl-col el-60yr6g\"><div class=\"fwpl-item el-m5nyw\"><a href=\"https:\/\/www.ull.es\/formacion-permanente\/fr\/blog\/reeducacion-y-readaptacion-fisica-en-el-medio-acuatico\/\"><img loading=\"lazy\" decoding=\"async\" width=\"1920\" height=\"620\" src=\"https:\/\/www.ull.es\/formacion-permanente\/wp-content\/uploads\/2026\/04\/Vertidos-tierra-al-mar.jpg\" class=\"attachment-full size-full wp-post-image\" alt=\"\" srcset=\"https:\/\/www.ull.es\/formacion-permanente\/wp-content\/uploads\/2026\/04\/Vertidos-tierra-al-mar.jpg 1920w, https:\/\/www.ull.es\/formacion-permanente\/wp-content\/uploads\/2026\/04\/Vertidos-tierra-al-mar-300x97.jpg 300w, https:\/\/www.ull.es\/formacion-permanente\/wp-content\/uploads\/2026\/04\/Vertidos-tierra-al-mar-1024x331.jpg 1024w, https:\/\/www.ull.es\/formacion-permanente\/wp-content\/uploads\/2026\/04\/Vertidos-tierra-al-mar-768x248.jpg 768w, https:\/\/www.ull.es\/formacion-permanente\/wp-content\/uploads\/2026\/04\/Vertidos-tierra-al-mar-1536x496.jpg 1536w, https:\/\/www.ull.es\/formacion-permanente\/wp-content\/uploads\/2026\/04\/Vertidos-tierra-al-mar-18x6.jpg 18w, https:\/\/www.ull.es\/formacion-permanente\/wp-content\/uploads\/2026\/04\/Vertidos-tierra-al-mar-200x65.jpg 200w, https:\/\/www.ull.es\/formacion-permanente\/wp-content\/uploads\/2026\/04\/Vertidos-tierra-al-mar-375x121.jpg 375w, https:\/\/www.ull.es\/formacion-permanente\/wp-content\/uploads\/2026\/04\/Vertidos-tierra-al-mar-750x242.jpg 750w, https:\/\/www.ull.es\/formacion-permanente\/wp-content\/uploads\/2026\/04\/Vertidos-tierra-al-mar-1140x368.jpg 1140w\" sizes=\"auto, (max-width: 1920px) 100vw, 1920px\" \/><\/a><\/div><div class=\"fwpl-item el-m4yd42\">Reeducaci\u00f3n y readaptaci\u00f3n f\u00edsica en el medio acu\u00e1tico<\/div><div class=\"fwpl-item el-q6n33c is-empty\"><\/div><div class=\"fwpl-row el-8xmcbi\"><div class=\"fwpl-col fwpl-col el-tz85zi\"><div class=\"fwpl-item el-ugsyik\">08\/05\/2026<\/div><\/div><div class=\"fwpl-col fwpl-col el-lynd9z\"><div class=\"fwpl-item el-vz4bu\">29\/05\/2026<\/div><\/div><\/div><div class=\"fwpl-item el-nolgu\"><a href=\"https:\/\/www.ull.es\/formacion-permanente\/fr\/blog\/reeducacion-y-readaptacion-fisica-en-el-medio-acuatico\/\" class=\"fwpl-btn\">M\u00e1s informaci\u00f3n<\/a><\/div><\/div><\/div><\/div><div class=\"fwpl-result r45\"><div class=\"fwpl-row el-4u1uel\"><div class=\"fwpl-col fwpl-col el-60yr6g\"><div class=\"fwpl-item el-m5nyw\"><a href=\"https:\/\/www.ull.es\/formacion-permanente\/fr\/blog\/introduccion-a-metodos-bioinformaticos-para-el-analisis-de-secuencias-de-genes-genoma\/\"><img loading=\"lazy\" decoding=\"async\" width=\"1920\" height=\"620\" src=\"https:\/\/www.ull.es\/formacion-permanente\/wp-content\/uploads\/2025\/12\/Headers-microcredenciales_Introduccion-a-metodos-bioinformaticos.jpg\" class=\"attachment-full size-full wp-post-image\" alt=\"\" srcset=\"https:\/\/www.ull.es\/formacion-permanente\/wp-content\/uploads\/2025\/12\/Headers-microcredenciales_Introduccion-a-metodos-bioinformaticos.jpg 1920w, https:\/\/www.ull.es\/formacion-permanente\/wp-content\/uploads\/2025\/12\/Headers-microcredenciales_Introduccion-a-metodos-bioinformaticos-300x97.jpg 300w, https:\/\/www.ull.es\/formacion-permanente\/wp-content\/uploads\/2025\/12\/Headers-microcredenciales_Introduccion-a-metodos-bioinformaticos-1024x331.jpg 1024w, https:\/\/www.ull.es\/formacion-permanente\/wp-content\/uploads\/2025\/12\/Headers-microcredenciales_Introduccion-a-metodos-bioinformaticos-768x248.jpg 768w, https:\/\/www.ull.es\/formacion-permanente\/wp-content\/uploads\/2025\/12\/Headers-microcredenciales_Introduccion-a-metodos-bioinformaticos-1536x496.jpg 1536w, https:\/\/www.ull.es\/formacion-permanente\/wp-content\/uploads\/2025\/12\/Headers-microcredenciales_Introduccion-a-metodos-bioinformaticos-18x6.jpg 18w, https:\/\/www.ull.es\/formacion-permanente\/wp-content\/uploads\/2025\/12\/Headers-microcredenciales_Introduccion-a-metodos-bioinformaticos-200x65.jpg 200w, https:\/\/www.ull.es\/formacion-permanente\/wp-content\/uploads\/2025\/12\/Headers-microcredenciales_Introduccion-a-metodos-bioinformaticos-375x121.jpg 375w, https:\/\/www.ull.es\/formacion-permanente\/wp-content\/uploads\/2025\/12\/Headers-microcredenciales_Introduccion-a-metodos-bioinformaticos-750x242.jpg 750w, https:\/\/www.ull.es\/formacion-permanente\/wp-content\/uploads\/2025\/12\/Headers-microcredenciales_Introduccion-a-metodos-bioinformaticos-1140x368.jpg 1140w\" sizes=\"auto, (max-width: 1920px) 100vw, 1920px\" \/><\/a><\/div><div class=\"fwpl-item el-m4yd42\">Introducci\u00f3n a m\u00e9todos bioinform\u00e1ticos para el an\u00e1lisis de secuencias de genes, genoma<\/div><div class=\"fwpl-item el-q6n33c\">4 ECTS<\/div><div class=\"fwpl-row el-8xmcbi\"><div class=\"fwpl-col fwpl-col el-tz85zi\"><div class=\"fwpl-item el-ugsyik\">11\/05\/2026<\/div><\/div><div class=\"fwpl-col fwpl-col el-lynd9z\"><div class=\"fwpl-item el-vz4bu\">22\/05\/2026<\/div><\/div><\/div><div class=\"fwpl-item el-nolgu\"><a href=\"https:\/\/www.ull.es\/formacion-permanente\/fr\/blog\/introduccion-a-metodos-bioinformaticos-para-el-analisis-de-secuencias-de-genes-genoma\/\" class=\"fwpl-btn\">M\u00e1s informaci\u00f3n<\/a><\/div><\/div><\/div><\/div><div class=\"fwpl-result r46\"><div class=\"fwpl-row el-4u1uel\"><div class=\"fwpl-col fwpl-col el-60yr6g\"><div class=\"fwpl-item el-m5nyw\"><a href=\"https:\/\/www.ull.es\/formacion-permanente\/fr\/blog\/direccion-y-produccion-de-cine-documental-activista\/\"><img loading=\"lazy\" decoding=\"async\" width=\"1920\" height=\"620\" src=\"https:\/\/www.ull.es\/formacion-permanente\/wp-content\/uploads\/2026\/03\/Headers_microcredenciales_2026_Cine.jpg\" class=\"attachment-full size-full wp-post-image\" alt=\"\" srcset=\"https:\/\/www.ull.es\/formacion-permanente\/wp-content\/uploads\/2026\/03\/Headers_microcredenciales_2026_Cine.jpg 1920w, https:\/\/www.ull.es\/formacion-permanente\/wp-content\/uploads\/2026\/03\/Headers_microcredenciales_2026_Cine-300x97.jpg 300w, https:\/\/www.ull.es\/formacion-permanente\/wp-content\/uploads\/2026\/03\/Headers_microcredenciales_2026_Cine-1024x331.jpg 1024w, https:\/\/www.ull.es\/formacion-permanente\/wp-content\/uploads\/2026\/03\/Headers_microcredenciales_2026_Cine-768x248.jpg 768w, https:\/\/www.ull.es\/formacion-permanente\/wp-content\/uploads\/2026\/03\/Headers_microcredenciales_2026_Cine-1536x496.jpg 1536w, https:\/\/www.ull.es\/formacion-permanente\/wp-content\/uploads\/2026\/03\/Headers_microcredenciales_2026_Cine-18x6.jpg 18w, https:\/\/www.ull.es\/formacion-permanente\/wp-content\/uploads\/2026\/03\/Headers_microcredenciales_2026_Cine-200x65.jpg 200w, https:\/\/www.ull.es\/formacion-permanente\/wp-content\/uploads\/2026\/03\/Headers_microcredenciales_2026_Cine-375x121.jpg 375w, https:\/\/www.ull.es\/formacion-permanente\/wp-content\/uploads\/2026\/03\/Headers_microcredenciales_2026_Cine-750x242.jpg 750w, https:\/\/www.ull.es\/formacion-permanente\/wp-content\/uploads\/2026\/03\/Headers_microcredenciales_2026_Cine-1140x368.jpg 1140w\" sizes=\"auto, (max-width: 1920px) 100vw, 1920px\" \/><\/a><\/div><div class=\"fwpl-item el-m4yd42\">Direcci\u00f3n y producci\u00f3n de cine documental activista<\/div><div class=\"fwpl-item el-q6n33c\">3<\/div><div class=\"fwpl-row el-8xmcbi\"><div class=\"fwpl-col fwpl-col el-tz85zi\"><div class=\"fwpl-item el-ugsyik\">11\/05\/2026<\/div><\/div><div class=\"fwpl-col fwpl-col el-lynd9z\"><div class=\"fwpl-item el-vz4bu\">22\/05\/2026<\/div><\/div><\/div><div class=\"fwpl-item el-nolgu\"><a href=\"https:\/\/www.ull.es\/formacion-permanente\/fr\/blog\/direccion-y-produccion-de-cine-documental-activista\/\" class=\"fwpl-btn\">M\u00e1s informaci\u00f3n<\/a><\/div><\/div><\/div><\/div><div class=\"fwpl-result r47\"><div class=\"fwpl-row el-4u1uel\"><div class=\"fwpl-col fwpl-col el-60yr6g\"><div class=\"fwpl-item el-m5nyw\"><a href=\"https:\/\/www.ull.es\/formacion-permanente\/fr\/blog\/prevencion-y-buenas-practicas-en-la-cocina-profesional\/\"><img loading=\"lazy\" decoding=\"async\" width=\"1920\" height=\"620\" src=\"https:\/\/www.ull.es\/formacion-permanente\/wp-content\/uploads\/2026\/04\/Restauracion-hoteles.jpg\" class=\"attachment-full size-full wp-post-image\" alt=\"\" srcset=\"https:\/\/www.ull.es\/formacion-permanente\/wp-content\/uploads\/2026\/04\/Restauracion-hoteles.jpg 1920w, https:\/\/www.ull.es\/formacion-permanente\/wp-content\/uploads\/2026\/04\/Restauracion-hoteles-300x97.jpg 300w, https:\/\/www.ull.es\/formacion-permanente\/wp-content\/uploads\/2026\/04\/Restauracion-hoteles-1024x331.jpg 1024w, https:\/\/www.ull.es\/formacion-permanente\/wp-content\/uploads\/2026\/04\/Restauracion-hoteles-768x248.jpg 768w, https:\/\/www.ull.es\/formacion-permanente\/wp-content\/uploads\/2026\/04\/Restauracion-hoteles-1536x496.jpg 1536w, https:\/\/www.ull.es\/formacion-permanente\/wp-content\/uploads\/2026\/04\/Restauracion-hoteles-18x6.jpg 18w, https:\/\/www.ull.es\/formacion-permanente\/wp-content\/uploads\/2026\/04\/Restauracion-hoteles-200x65.jpg 200w, https:\/\/www.ull.es\/formacion-permanente\/wp-content\/uploads\/2026\/04\/Restauracion-hoteles-375x121.jpg 375w, https:\/\/www.ull.es\/formacion-permanente\/wp-content\/uploads\/2026\/04\/Restauracion-hoteles-750x242.jpg 750w, https:\/\/www.ull.es\/formacion-permanente\/wp-content\/uploads\/2026\/04\/Restauracion-hoteles-1140x368.jpg 1140w\" sizes=\"auto, (max-width: 1920px) 100vw, 1920px\" \/><\/a><\/div><div class=\"fwpl-item el-m4yd42\">Prevenci\u00f3n y buenas pr\u00e1cticas en la cocina profesional<\/div><div class=\"fwpl-item el-q6n33c\">2 ECTS<\/div><div class=\"fwpl-row el-8xmcbi\"><div class=\"fwpl-col fwpl-col el-tz85zi\"><div class=\"fwpl-item el-ugsyik\">11\/05\/2026<\/div><\/div><div class=\"fwpl-col fwpl-col el-lynd9z\"><div class=\"fwpl-item el-vz4bu\">19\/05\/2026<\/div><\/div><\/div><div class=\"fwpl-item el-nolgu\"><a href=\"https:\/\/www.ull.es\/formacion-permanente\/fr\/blog\/prevencion-y-buenas-practicas-en-la-cocina-profesional\/\" class=\"fwpl-btn\">M\u00e1s informaci\u00f3n<\/a><\/div><\/div><\/div><\/div><div class=\"fwpl-result r48\"><div class=\"fwpl-row el-4u1uel\"><div class=\"fwpl-col fwpl-col el-60yr6g\"><div class=\"fwpl-item el-m5nyw\"><a href=\"https:\/\/www.ull.es\/formacion-permanente\/fr\/blog\/analisis-financiero-con-ia\/\"><img loading=\"lazy\" decoding=\"async\" width=\"1920\" height=\"620\" src=\"https:\/\/www.ull.es\/formacion-permanente\/wp-content\/uploads\/2026\/01\/Headers_microcredenciales_Analisis_financiero_con_IA.jpg\" class=\"attachment-full size-full wp-post-image\" alt=\"\" srcset=\"https:\/\/www.ull.es\/formacion-permanente\/wp-content\/uploads\/2026\/01\/Headers_microcredenciales_Analisis_financiero_con_IA.jpg 1920w, https:\/\/www.ull.es\/formacion-permanente\/wp-content\/uploads\/2026\/01\/Headers_microcredenciales_Analisis_financiero_con_IA-300x97.jpg 300w, https:\/\/www.ull.es\/formacion-permanente\/wp-content\/uploads\/2026\/01\/Headers_microcredenciales_Analisis_financiero_con_IA-1024x331.jpg 1024w, https:\/\/www.ull.es\/formacion-permanente\/wp-content\/uploads\/2026\/01\/Headers_microcredenciales_Analisis_financiero_con_IA-768x248.jpg 768w, https:\/\/www.ull.es\/formacion-permanente\/wp-content\/uploads\/2026\/01\/Headers_microcredenciales_Analisis_financiero_con_IA-1536x496.jpg 1536w, https:\/\/www.ull.es\/formacion-permanente\/wp-content\/uploads\/2026\/01\/Headers_microcredenciales_Analisis_financiero_con_IA-18x6.jpg 18w, https:\/\/www.ull.es\/formacion-permanente\/wp-content\/uploads\/2026\/01\/Headers_microcredenciales_Analisis_financiero_con_IA-200x65.jpg 200w, https:\/\/www.ull.es\/formacion-permanente\/wp-content\/uploads\/2026\/01\/Headers_microcredenciales_Analisis_financiero_con_IA-375x121.jpg 375w, https:\/\/www.ull.es\/formacion-permanente\/wp-content\/uploads\/2026\/01\/Headers_microcredenciales_Analisis_financiero_con_IA-750x242.jpg 750w, https:\/\/www.ull.es\/formacion-permanente\/wp-content\/uploads\/2026\/01\/Headers_microcredenciales_Analisis_financiero_con_IA-1140x368.jpg 1140w\" sizes=\"auto, (max-width: 1920px) 100vw, 1920px\" \/><\/a><\/div><div class=\"fwpl-item el-m4yd42\">An\u00e1lisis financiero con IA<\/div><div class=\"fwpl-item el-q6n33c\">3 ECTS<\/div><div class=\"fwpl-row el-8xmcbi\"><div class=\"fwpl-col fwpl-col el-tz85zi\"><div class=\"fwpl-item el-ugsyik\">11\/05\/2026<\/div><\/div><div class=\"fwpl-col fwpl-col el-lynd9z\"><div class=\"fwpl-item el-vz4bu\">27\/05\/2026<\/div><\/div><\/div><div class=\"fwpl-item el-nolgu\"><a href=\"https:\/\/www.ull.es\/formacion-permanente\/fr\/blog\/analisis-financiero-con-ia\/\" class=\"fwpl-btn\">M\u00e1s informaci\u00f3n<\/a><\/div><\/div><\/div><\/div><div class=\"fwpl-result r49\"><div class=\"fwpl-row el-4u1uel\"><div class=\"fwpl-col fwpl-col el-60yr6g\"><div class=\"fwpl-item el-m5nyw\"><a href=\"https:\/\/www.ull.es\/formacion-permanente\/fr\/blog\/entornos-seguros-en-el-servicio-de-restauracion\/\"><img loading=\"lazy\" decoding=\"async\" width=\"1920\" height=\"620\" src=\"https:\/\/www.ull.es\/formacion-permanente\/wp-content\/uploads\/2026\/04\/Restauracion-hoteles.jpg\" class=\"attachment-full size-full wp-post-image\" alt=\"\" srcset=\"https:\/\/www.ull.es\/formacion-permanente\/wp-content\/uploads\/2026\/04\/Restauracion-hoteles.jpg 1920w, https:\/\/www.ull.es\/formacion-permanente\/wp-content\/uploads\/2026\/04\/Restauracion-hoteles-300x97.jpg 300w, https:\/\/www.ull.es\/formacion-permanente\/wp-content\/uploads\/2026\/04\/Restauracion-hoteles-1024x331.jpg 1024w, https:\/\/www.ull.es\/formacion-permanente\/wp-content\/uploads\/2026\/04\/Restauracion-hoteles-768x248.jpg 768w, https:\/\/www.ull.es\/formacion-permanente\/wp-content\/uploads\/2026\/04\/Restauracion-hoteles-1536x496.jpg 1536w, https:\/\/www.ull.es\/formacion-permanente\/wp-content\/uploads\/2026\/04\/Restauracion-hoteles-18x6.jpg 18w, https:\/\/www.ull.es\/formacion-permanente\/wp-content\/uploads\/2026\/04\/Restauracion-hoteles-200x65.jpg 200w, https:\/\/www.ull.es\/formacion-permanente\/wp-content\/uploads\/2026\/04\/Restauracion-hoteles-375x121.jpg 375w, https:\/\/www.ull.es\/formacion-permanente\/wp-content\/uploads\/2026\/04\/Restauracion-hoteles-750x242.jpg 750w, https:\/\/www.ull.es\/formacion-permanente\/wp-content\/uploads\/2026\/04\/Restauracion-hoteles-1140x368.jpg 1140w\" sizes=\"auto, (max-width: 1920px) 100vw, 1920px\" \/><\/a><\/div><div class=\"fwpl-item el-m4yd42\">Entornos seguros en el servicio de restauraci\u00f3n<\/div><div class=\"fwpl-item el-q6n33c\">2 ECTS<\/div><div class=\"fwpl-row el-8xmcbi\"><div class=\"fwpl-col fwpl-col el-tz85zi\"><div class=\"fwpl-item el-ugsyik\">11\/05\/2026<\/div><\/div><div class=\"fwpl-col fwpl-col el-lynd9z\"><div class=\"fwpl-item el-vz4bu\">19\/05\/2026<\/div><\/div><\/div><div class=\"fwpl-item el-nolgu\"><a href=\"https:\/\/www.ull.es\/formacion-permanente\/fr\/blog\/entornos-seguros-en-el-servicio-de-restauracion\/\" class=\"fwpl-btn\">M\u00e1s informaci\u00f3n<\/a><\/div><\/div><\/div><\/div><div class=\"fwpl-result r50\"><div class=\"fwpl-row el-4u1uel\"><div class=\"fwpl-col fwpl-col el-60yr6g\"><div class=\"fwpl-item el-m5nyw\"><a href=\"https:\/\/www.ull.es\/formacion-permanente\/fr\/blog\/estrategias-docentes-para-la-introduccion-al-emprendimiento-en-el-aula\/\"><img loading=\"lazy\" decoding=\"async\" width=\"1920\" height=\"600\" src=\"https:\/\/www.ull.es\/formacion-permanente\/wp-content\/uploads\/2026\/03\/web-3.jpg\" class=\"attachment-full size-full wp-post-image\" alt=\"\" srcset=\"https:\/\/www.ull.es\/formacion-permanente\/wp-content\/uploads\/2026\/03\/web-3.jpg 1920w, https:\/\/www.ull.es\/formacion-permanente\/wp-content\/uploads\/2026\/03\/web-3-300x94.jpg 300w, https:\/\/www.ull.es\/formacion-permanente\/wp-content\/uploads\/2026\/03\/web-3-1024x320.jpg 1024w, https:\/\/www.ull.es\/formacion-permanente\/wp-content\/uploads\/2026\/03\/web-3-768x240.jpg 768w, https:\/\/www.ull.es\/formacion-permanente\/wp-content\/uploads\/2026\/03\/web-3-1536x480.jpg 1536w, https:\/\/www.ull.es\/formacion-permanente\/wp-content\/uploads\/2026\/03\/web-3-18x6.jpg 18w, https:\/\/www.ull.es\/formacion-permanente\/wp-content\/uploads\/2026\/03\/web-3-200x63.jpg 200w, https:\/\/www.ull.es\/formacion-permanente\/wp-content\/uploads\/2026\/03\/web-3-375x117.jpg 375w, https:\/\/www.ull.es\/formacion-permanente\/wp-content\/uploads\/2026\/03\/web-3-750x234.jpg 750w, https:\/\/www.ull.es\/formacion-permanente\/wp-content\/uploads\/2026\/03\/web-3-1140x356.jpg 1140w\" sizes=\"auto, (max-width: 1920px) 100vw, 1920px\" \/><\/a><\/div><div class=\"fwpl-item el-m4yd42\">Estrategias docentes para la Introducci\u00f3n al Emprendimiento en el Aula<\/div><div class=\"fwpl-item el-q6n33c\">3 ECTS<\/div><div class=\"fwpl-row el-8xmcbi\"><div class=\"fwpl-col fwpl-col el-tz85zi\"><div class=\"fwpl-item el-ugsyik\">11\/05\/2026<\/div><\/div><div class=\"fwpl-col fwpl-col el-lynd9z\"><div class=\"fwpl-item el-vz4bu\">22\/05\/2026<\/div><\/div><\/div><div class=\"fwpl-item el-nolgu\"><a href=\"https:\/\/www.ull.es\/formacion-permanente\/fr\/blog\/estrategias-docentes-para-la-introduccion-al-emprendimiento-en-el-aula\/\" class=\"fwpl-btn\">M\u00e1s informaci\u00f3n<\/a><\/div><\/div><\/div><\/div><\/div>\n<style>\n.fwpl-layout, .fwpl-row {\n    display: grid;\n}\n.fwpl-layout.el-bqopzv {\n    grid-template-columns: repeat(4, 1fr);\n    grid-gap: 25px;\n}\n.fwpl-btn {\n    text-decoration: none;\n}\n.fwpl-row.el-4u1uel {\n    grid-template-columns: 1fr;\n}\n.fwpl-item.el-m5nyw {\n    padding: 10px;\n}\n.fwpl-item.el-m4yd42 {\n    padding: 5px 10px;\n    text-align: center;\n    font-weight: bold;\n}\n.fwpl-item.el-q6n33c {\n    padding: 5px;\n    text-align: center;\n    color: #fd6921;\n}\n.fwpl-row.el-8xmcbi {\n    grid-template-columns: 1fr 1fr;\n}\n.fwpl-item.el-ugsyik {\n    padding: 0px 0px 0px 70px;\n    text-align: right;\n}\n.fwpl-item.el-vz4bu {\n    padding: 0px 60px 0px 10px;\n    text-align: left;\n}\n.fwpl-item.el-nolgu .fwpl-btn {\n    background-color: #fd6921;\n    padding: 10px 30px;\n    text-align: center;\n    font-weight: bold;\n    color: #ffffff;\n}\n@media (max-width: 480px) { \n    body .facetwp-template .fwpl-layout,  \n    body .facetwp-template-static .fwpl-layout { grid-template-columns: 1fr; } \n} \n\n<\/style>\n<\/div>\n<\/div><\/div><\/div>\n<\/div><\/div>\n","protected":false},"excerpt":{"rendered":"<p>Microcertifications \u00e0 inscription ouverte\u00a0: Domaines de connaissances<\/p>","protected":false},"author":28,"featured_media":0,"parent":1361,"menu_order":0,"comment_status":"closed","ping_status":"closed","template":"templates\/template-frontpage.php","meta":{"_acf_changed":false,"footnotes":""},"class_list":["post-1033","page","type-page","status-publish","hentry"],"acf":[],"yoast_head":"<!-- This site is optimized with the Yoast SEO plugin v27.2 - https:\/\/yoast.com\/product\/yoast-seo-wordpress\/ -->\n<title>Microcredenciales en curso - Formaci\u00f3n Permanente<\/title>\n<meta name=\"robots\" content=\"index, follow, max-snippet:-1, max-image-preview:large, max-video-preview:-1\" \/>\n<link rel=\"canonical\" href=\"https:\/\/www.ull.es\/formacion-permanente\/fr\/microcredenciales-universitarias\/microcredenciales-en-curso\/\" \/>\n<meta property=\"og:locale\" content=\"fr_FR\" \/>\n<meta property=\"og:type\" content=\"article\" \/>\n<meta property=\"og:title\" content=\"Microcredenciales en curso - Formaci\u00f3n Permanente\" \/>\n<meta property=\"og:description\" content=\"Microcredenciales con inscripci\u00f3n abierta \u00c1reas de conocimiento\" \/>\n<meta property=\"og:url\" content=\"https:\/\/www.ull.es\/formacion-permanente\/fr\/microcredenciales-universitarias\/microcredenciales-en-curso\/\" \/>\n<meta property=\"og:site_name\" content=\"Formaci\u00f3n Permanente\" \/>\n<meta property=\"article:modified_time\" content=\"2026-03-04T10:03:00+00:00\" \/>\n<meta name=\"twitter:card\" content=\"summary_large_image\" \/>\n<meta name=\"twitter:label1\" content=\"Dur\u00e9e de lecture estim\u00e9e\" \/>\n\t<meta name=\"twitter:data1\" content=\"1 minute\" \/>\n<script type=\"application\/ld+json\" class=\"yoast-schema-graph\">{\"@context\":\"https:\/\/schema.org\",\"@graph\":[{\"@type\":\"WebPage\",\"@id\":\"https:\/\/www.ull.es\/formacion-permanente\/microcredenciales-universitarias\/microcredenciales-en-curso\/\",\"url\":\"https:\/\/www.ull.es\/formacion-permanente\/microcredenciales-universitarias\/microcredenciales-en-curso\/\",\"name\":\"Microcredenciales en curso - Formaci\u00f3n Permanente\",\"isPartOf\":{\"@id\":\"https:\/\/www.ull.es\/formacion-permanente\/#website\"},\"datePublished\":\"2025-09-04T08:56:31+00:00\",\"dateModified\":\"2026-03-04T10:03:00+00:00\",\"breadcrumb\":{\"@id\":\"https:\/\/www.ull.es\/formacion-permanente\/microcredenciales-universitarias\/microcredenciales-en-curso\/#breadcrumb\"},\"inLanguage\":\"fr-FR\",\"potentialAction\":[{\"@type\":\"ReadAction\",\"target\":[\"https:\/\/www.ull.es\/formacion-permanente\/microcredenciales-universitarias\/microcredenciales-en-curso\/\"]}]},{\"@type\":\"BreadcrumbList\",\"@id\":\"https:\/\/www.ull.es\/formacion-permanente\/microcredenciales-universitarias\/microcredenciales-en-curso\/#breadcrumb\",\"itemListElement\":[{\"@type\":\"ListItem\",\"position\":1,\"name\":\"Portada\",\"item\":\"https:\/\/www.ull.es\/formacion-permanente\/\"},{\"@type\":\"ListItem\",\"position\":2,\"name\":\"Microcredenciales Universitarias\",\"item\":\"https:\/\/www.ull.es\/formacion-permanente\/microcredenciales-universitarias\/\"},{\"@type\":\"ListItem\",\"position\":3,\"name\":\"Microcredenciales en curso\"}]},{\"@type\":\"WebSite\",\"@id\":\"https:\/\/www.ull.es\/formacion-permanente\/#website\",\"url\":\"https:\/\/www.ull.es\/formacion-permanente\/\",\"name\":\"Formaci\u00f3n Permanente\",\"description\":\"\",\"potentialAction\":[{\"@type\":\"SearchAction\",\"target\":{\"@type\":\"EntryPoint\",\"urlTemplate\":\"https:\/\/www.ull.es\/formacion-permanente\/?s={search_term_string}\"},\"query-input\":{\"@type\":\"PropertyValueSpecification\",\"valueRequired\":true,\"valueName\":\"search_term_string\"}}],\"inLanguage\":\"fr-FR\"}]}<\/script>\n<!-- \/ Yoast SEO plugin. -->","yoast_head_json":{"title":"Microcertifications en cours - Formation continue","robots":{"index":"index","follow":"follow","max-snippet":"max-snippet:-1","max-image-preview":"max-image-preview:large","max-video-preview":"max-video-preview:-1"},"canonical":"https:\/\/www.ull.es\/formacion-permanente\/fr\/microcredenciales-universitarias\/microcredenciales-en-curso\/","og_locale":"fr_FR","og_type":"article","og_title":"Microcredenciales en curso - Formaci\u00f3n Permanente","og_description":"Microcredenciales con inscripci\u00f3n abierta \u00c1reas de conocimiento","og_url":"https:\/\/www.ull.es\/formacion-permanente\/fr\/microcredenciales-universitarias\/microcredenciales-en-curso\/","og_site_name":"Formaci\u00f3n Permanente","article_modified_time":"2026-03-04T10:03:00+00:00","twitter_card":"summary_large_image","twitter_misc":{"Dur\u00e9e de lecture estim\u00e9e":"1 minute"},"schema":{"@context":"https:\/\/schema.org","@graph":[{"@type":"WebPage","@id":"https:\/\/www.ull.es\/formacion-permanente\/microcredenciales-universitarias\/microcredenciales-en-curso\/","url":"https:\/\/www.ull.es\/formacion-permanente\/microcredenciales-universitarias\/microcredenciales-en-curso\/","name":"Microcertifications en cours - Formation continue","isPartOf":{"@id":"https:\/\/www.ull.es\/formacion-permanente\/#website"},"datePublished":"2025-09-04T08:56:31+00:00","dateModified":"2026-03-04T10:03:00+00:00","breadcrumb":{"@id":"https:\/\/www.ull.es\/formacion-permanente\/microcredenciales-universitarias\/microcredenciales-en-curso\/#breadcrumb"},"inLanguage":"fr-FR","potentialAction":[{"@type":"ReadAction","target":["https:\/\/www.ull.es\/formacion-permanente\/microcredenciales-universitarias\/microcredenciales-en-curso\/"]}]},{"@type":"BreadcrumbList","@id":"https:\/\/www.ull.es\/formacion-permanente\/microcredenciales-universitarias\/microcredenciales-en-curso\/#breadcrumb","itemListElement":[{"@type":"ListItem","position":1,"name":"Portada","item":"https:\/\/www.ull.es\/formacion-permanente\/"},{"@type":"ListItem","position":2,"name":"Microcredenciales Universitarias","item":"https:\/\/www.ull.es\/formacion-permanente\/microcredenciales-universitarias\/"},{"@type":"ListItem","position":3,"name":"Microcredenciales en curso"}]},{"@type":"WebSite","@id":"https:\/\/www.ull.es\/formacion-permanente\/#website","url":"https:\/\/www.ull.es\/formacion-permanente\/","name":"Formation continue","description":"","potentialAction":[{"@type":"SearchAction","target":{"@type":"EntryPoint","urlTemplate":"https:\/\/www.ull.es\/formacion-permanente\/?s={search_term_string}"},"query-input":{"@type":"PropertyValueSpecification","valueRequired":true,"valueName":"search_term_string"}}],"inLanguage":"fr-FR"}]}},"_links":{"self":[{"href":"https:\/\/www.ull.es\/formacion-permanente\/fr\/wp-json\/wp\/v2\/pages\/1033","targetHints":{"allow":["GET"]}}],"collection":[{"href":"https:\/\/www.ull.es\/formacion-permanente\/fr\/wp-json\/wp\/v2\/pages"}],"about":[{"href":"https:\/\/www.ull.es\/formacion-permanente\/fr\/wp-json\/wp\/v2\/types\/page"}],"author":[{"embeddable":true,"href":"https:\/\/www.ull.es\/formacion-permanente\/fr\/wp-json\/wp\/v2\/users\/28"}],"replies":[{"embeddable":true,"href":"https:\/\/www.ull.es\/formacion-permanente\/fr\/wp-json\/wp\/v2\/comments?post=1033"}],"version-history":[{"count":108,"href":"https:\/\/www.ull.es\/formacion-permanente\/fr\/wp-json\/wp\/v2\/pages\/1033\/revisions"}],"predecessor-version":[{"id":5065,"href":"https:\/\/www.ull.es\/formacion-permanente\/fr\/wp-json\/wp\/v2\/pages\/1033\/revisions\/5065"}],"up":[{"embeddable":true,"href":"https:\/\/www.ull.es\/formacion-permanente\/fr\/wp-json\/wp\/v2\/pages\/1361"}],"wp:attachment":[{"href":"https:\/\/www.ull.es\/formacion-permanente\/fr\/wp-json\/wp\/v2\/media?parent=1033"}],"curies":[{"name":"wp","href":"https:\/\/api.w.org\/{rel}","templated":true}]}}