{"id":26,"date":"2018-03-15T09:25:25","date_gmt":"2018-03-15T09:25:25","guid":{"rendered":"http:\/\/www.ull.es\/formacion-permanente\/master-propio-gestion-agua\/?page_id=26"},"modified":"2018-07-20T11:41:53","modified_gmt":"2018-07-20T11:41:53","slug":"justificacion-del-titulo","status":"publish","type":"page","link":"https:\/\/www.ull.es\/formacion-permanente\/master-propio-gestion-agua\/fr\/justificacion-del-titulo\/","title":{"rendered":"Justification du titre"},"content":{"rendered":"<h1>Justification du titre<\/h1>\n<p>Actuellement, plusieurs programmes de licence de l&#039;Universit\u00e9 de La Laguna proposent des mati\u00e8res li\u00e9es \u00e0 l&#039;eau. \u00c0 l&#039;issue de ces \u00e9tudes, il appara\u00eet pertinent de proposer une formation hautement pratique offrant aux \u00e9tudiants une approche multidisciplinaire. Cette formation devrait pr\u00e9parer les \u00e9tudiants \u00e0 des postes de direction et de gestion au sein d&#039;organismes publics responsables de l&#039;ensemble du cycle de l&#039;eau, de services municipaux ou intercommunaux g\u00e9rant tout ou partie du cycle de l&#039;eau, ainsi que de cabinets de conseil en ing\u00e9nierie hydraulique.<\/p>","protected":false},"excerpt":{"rendered":"<p>Justificaci\u00f3n del t\u00edtulo En la actualidad son varios los t\u00edtulos de Grado de la Universidad de La Laguna en cuyo curriculum se imparten materias relacionadas con el agua. Al completar los estudios de Grado parece adecuado ofertar una formaci\u00f3n de car\u00e1cter eminentemente pr\u00e1ctico que aporte al estudiante formaci\u00f3n multidisciplinar. Dicha formaci\u00f3n debe ir encaminada a&#8230;<\/p>","protected":false},"author":1,"featured_media":0,"parent":0,"menu_order":0,"comment_status":"closed","ping_status":"closed","template":"","meta":{"footnotes":""},"class_list":["post-26","page","type-page","status-publish","hentry"],"_links":{"self":[{"href":"https:\/\/www.ull.es\/formacion-permanente\/master-propio-gestion-agua\/fr\/wp-json\/wp\/v2\/pages\/26","targetHints":{"allow":["GET"]}}],"collection":[{"href":"https:\/\/www.ull.es\/formacion-permanente\/master-propio-gestion-agua\/fr\/wp-json\/wp\/v2\/pages"}],"about":[{"href":"https:\/\/www.ull.es\/formacion-permanente\/master-propio-gestion-agua\/fr\/wp-json\/wp\/v2\/types\/page"}],"author":[{"embeddable":true,"href":"https:\/\/www.ull.es\/formacion-permanente\/master-propio-gestion-agua\/fr\/wp-json\/wp\/v2\/users\/1"}],"replies":[{"embeddable":true,"href":"https:\/\/www.ull.es\/formacion-permanente\/master-propio-gestion-agua\/fr\/wp-json\/wp\/v2\/comments?post=26"}],"version-history":[{"count":5,"href":"https:\/\/www.ull.es\/formacion-permanente\/master-propio-gestion-agua\/fr\/wp-json\/wp\/v2\/pages\/26\/revisions"}],"predecessor-version":[{"id":127,"href":"https:\/\/www.ull.es\/formacion-permanente\/master-propio-gestion-agua\/fr\/wp-json\/wp\/v2\/pages\/26\/revisions\/127"}],"wp:attachment":[{"href":"https:\/\/www.ull.es\/formacion-permanente\/master-propio-gestion-agua\/fr\/wp-json\/wp\/v2\/media?parent=26"}],"curies":[{"name":"wp","href":"https:\/\/api.w.org\/{rel}","templated":true}]}}