{"id":1072,"date":"2017-01-30T11:57:29","date_gmt":"2017-01-30T11:57:29","guid":{"rendered":"https:\/\/www.ull.es\/?page_id=1072"},"modified":"2026-04-27T10:59:03","modified_gmt":"2026-04-27T10:59:03","slug":"personal-administracion-servicios","status":"publish","type":"page","link":"https:\/\/www.ull.es\/fr\/personal-administracion-servicios\/","title":{"rendered":"Personnel administratif et de services"},"content":{"rendered":"<div class=\"wp-block-stackable-columns alignfull stk-block-columns stk-block stk-feb60b4 stk-block-background stk--has-background-overlay\" data-block-id=\"feb60b4\"><style>.stk-feb60b4 {background-image:url(https:\/\/www.ull.es\/wp-content\/uploads\/2024\/10\/group-of-university-students-standing-in-corridor-2024-10-21-20-51-06-utc.jpg) !important;background-position:center center !important;background-repeat:no-repeat !important;background-size:100% !important;padding-top:50px !important;padding-bottom:50px !important;margin-top:-10px !important;margin-bottom:0px !important;}<\/style><div class=\"stk-row stk-inner-blocks stk-block-content stk-content-align stk-feb60b4-column alignfull\">\n<div class=\"wp-block-stackable-column stk-block-column stk-column stk-block stk-91ea42e\" data-v=\"4\" data-block-id=\"91ea42e\"><div class=\"stk-column-wrapper stk-block-column__content stk-container stk-91ea42e-container stk--no-background stk--no-padding\"><div class=\"stk-block-content stk-inner-blocks stk-91ea42e-inner-blocks\">\n<div class=\"wp-block-stackable-heading stk-block-heading stk-block-heading--v2 stk-block stk-4c25008\" id=\"personal-tecnico-de-gestion-y-de-administracion-y-servicios\" data-block-id=\"4c25008\"><style>.stk-4c25008 {padding-top:3% !important;padding-bottom:3% !important;}.stk-4c25008 .stk-block-heading__text{font-size:55px !important;color:#ffffff !important;font-weight:700 !important;font-family:\"Rubik\", Sans-serif !important;}@media screen and (max-width: 1023px){.stk-4c25008 .stk-block-heading__text{font-size:50px !important;}}<\/style><h1 class=\"stk-block-heading__text has-text-color has-text-align-center\">Personnel technique, de gestion, d&#039;administration et de services<\/h1><\/div>\n<\/div><\/div><\/div>\n<\/div><\/div>\n\n\n\n<div class=\"wp-block-stackable-columns alignfull stk-block-columns stk-block stk-c00df8c stk-block-background btn-icono\" data-block-id=\"c00df8c\"><style>.stk-c00df8c .stk--block-align-c00df8c{align-items:center !important;}.stk-c00df8c {background-color:#f1f1f1 !important;padding-top:2% !important;padding-right:5% !important;padding-bottom:2% !important;padding-left:5% !important;margin-top:0px !important;margin-bottom:100px !important;}.stk-c00df8c:before{background-color:#f1f1f1 !important;}.stk-c00df8c-column{justify-content:center !important;}<\/style><div class=\"stk-row stk-inner-blocks has-text-align-center stk--block-align-c00df8c stk-block-content stk-content-align stk-c00df8c-column stk--flex alignfull\">\n<div class=\"wp-block-stackable-column stk-block-column stk-column stk-block stk-3c838d6 btn-icono\" data-v=\"4\" data-block-id=\"3c838d6\"><style>.stk-3c838d6 {border-style:solid !important;border-color:#abb7c233 !important;border-top-width:0px !important;border-right-width:2px !important;border-bottom-width:0px !important;border-left-width:0px !important;padding-right:1.5% !important;}<\/style><div class=\"stk-column-wrapper stk-block-column__content stk-container stk-3c838d6-container stk--no-background stk--no-padding\"><div class=\"stk-block-content stk-inner-blocks stk-3c838d6-inner-blocks\">\n<div class=\"wp-block-stackable-icon stk-block-icon stk-block stk-5b4ae15\" data-block-id=\"5b4ae15\"><style>.stk-5b4ae15 {margin-bottom:0px !important;}.stk-5b4ae15 .stk--svg-wrapper .stk--inner-svg svg:last-child{height:42px !important;width:42px !important;}.stk-5b4ae15 .stk--svg-wrapper .stk--inner-svg svg:last-child, .stk-5b4ae15 .stk--svg-wrapper .stk--inner-svg svg:last-child :is(g, path, rect, polygon, ellipse){fill:#3c4754 !important;}<\/style><a class=\"stk-link\" href=\"http:\/\/mail.ull.edu.es\/\" target=\"_blank\" rel=\"noopener\"><span class=\"stk--svg-wrapper\"><div class=\"stk--inner-svg\"><svg style=\"height:0;width:0\"><defs><lineargradient id=\"linear-gradient-5b4ae15\" x1=\"0\" x2=\"100%\" y1=\"0\" y2=\"0\"><stop offset=\"0%\" style=\"stop-opacity:1;stop-color:var(--linear-gradient-5-b-4-ae-15-color-1)\"><\/stop><stop offset=\"100%\" style=\"stop-opacity:1;stop-color:var(--linear-gradient-5-b-4-ae-15-color-2)\"><\/stop><\/lineargradient><\/defs><\/svg><svg xmlns=\"http:\/\/www.w3.org\/2000\/svg\" viewbox=\"0 0 512 512\" aria-hidden=\"true\" width=\"32\" height=\"32\"><path d=\"M64 112c-8.8 0-16 7.2-16 16v22.1L220.5 291.7c20.7 17 50.4 17 71.1 0L464 150.1V128c0-8.8-7.2-16-16-16H64zM48 212.2V384c0 8.8 7.2 16 16 16H448c8.8 0 16-7.2 16-16V212.2L322 328.8c-38.4 31.5-93.7 31.5-132 0L48 212.2zM0 128C0 92.7 28.7 64 64 64H448c35.3 0 64 28.7 64 64V384c0 35.3-28.7 64-64 64H64c-35.3 0-64-28.7-64-64V128z\"\/><\/svg><\/div><\/span><\/a><\/div>\n\n\n\n<div class=\"wp-block-stackable-spacer stk-block-spacer stk--no-padding stk-block stk-1353520\" data-block-id=\"1353520\"><style>.stk-1353520 {height:10px !important;}<\/style><\/div>\n\n\n\n<a href=\"http:\/\/mail.ull.edu.es\/\" style=\"color:black; font-size:14px !important; color:#3c4754 !important; font-weight:500 !important; font-family:\"poppins\";\"\" target=\"_blank\" rel=\"noopener\">E-mail<\/a>\n<\/div><\/div><\/div>\n\n\n\n<div class=\"wp-block-stackable-column stk-block-column stk-column stk-block stk-12e2783 btn-icono\" data-v=\"4\" data-block-id=\"12e2783\"><style>.stk-12e2783 {border-style:solid !important;border-color:#abb7c233 !important;border-top-width:0px !important;border-right-width:2px !important;border-bottom-width:0px !important;border-left-width:0px !important;padding-right:1.5px !important;padding-left:1.5px !important;}<\/style><div class=\"stk-column-wrapper stk-block-column__content stk-container stk-12e2783-container stk--no-background stk--no-padding\"><div class=\"stk-block-content stk-inner-blocks stk-12e2783-inner-blocks\">\n<div class=\"wp-block-stackable-icon stk-block-icon stk-block stk-0f4c2f0\" data-block-id=\"0f4c2f0\"><style>.stk-0f4c2f0 {margin-bottom:0px !important;}.stk-0f4c2f0 .stk--svg-wrapper .stk--inner-svg svg:last-child{height:42px !important;width:42px !important;}.stk-0f4c2f0 .stk--svg-wrapper .stk--inner-svg svg:last-child, .stk-0f4c2f0 .stk--svg-wrapper .stk--inner-svg svg:last-child :is(g, path, rect, polygon, ellipse){fill:#3c4754 !important;}<\/style><a class=\"stk-link\" href=\"http:\/\/portal.ull.es\/\" target=\"_blank\" rel=\"noopener\"><span class=\"stk--svg-wrapper\"><div class=\"stk--inner-svg\"><svg style=\"height:0;width:0\"><defs><lineargradient id=\"linear-gradient-0f4c2f0\" x1=\"0\" x2=\"100%\" y1=\"0\" y2=\"0\"><stop offset=\"0%\" style=\"stop-opacity:1;stop-color:var(--linear-gradient-0-f-4-c-2-f-0-color-1)\"><\/stop><stop offset=\"100%\" style=\"stop-opacity:1;stop-color:var(--linear-gradient-0-f-4-c-2-f-0-color-2)\"><\/stop><\/lineargradient><\/defs><\/svg><svg xmlns=\"http:\/\/www.w3.org\/2000\/svg\" viewbox=\"0 0 448 512\" aria-hidden=\"true\" width=\"32\" height=\"32\"><path d=\"M304 128a80 80 0 1 0 -160 0 80 80 0 1 0 160 0zM96 128a128 128 0 1 1 256 0A128 128 0 1 1 96 128zM49.3 464H398.7c-8.9-63.3-63.3-112-129-112H178.3c-65.7 0-120.1 48.7-129 112zM0 482.3C0 383.8 79.8 304 178.3 304h91.4C368.2 304 448 383.8 448 482.3c0 16.4-13.3 29.7-29.7 29.7H29.7C13.3 512 0 498.7 0 482.3z\"\/><\/svg><\/div><\/span><\/a><\/div>\n\n\n\n<div class=\"wp-block-stackable-spacer stk-block-spacer stk--no-padding stk-block stk-07acf43\" data-block-id=\"07acf43\"><style>.stk-07acf43 {height:10px !important;}<\/style><\/div>\n\n\n\n<a href=\"http:\/\/portal.ull.es\/\" style=\"color:black; font-size:14px !important; color:#3c4754 !important; font-weight:500 !important; font-family:\"poppins\";\"\" target=\"_blank\" rel=\"noopener\">Portail utilisateur<\/a>\n<\/div><\/div><\/div>\n\n\n\n<div class=\"wp-block-stackable-column stk-block-column stk-column stk-block stk-3904643 btn-icono\" data-v=\"4\" data-block-id=\"3904643\"><style>.stk-3904643 {border-style:solid !important;border-color:#abb7c233 !important;border-top-width:0px !important;border-right-width:2px !important;border-bottom-width:0px !important;border-left-width:0px !important;padding-right:1.5% !important;padding-left:1.5% !important;}<\/style><div class=\"stk-column-wrapper stk-block-column__content stk-container stk-3904643-container stk--no-background stk--no-padding\"><div class=\"stk-block-content stk-inner-blocks stk-3904643-inner-blocks\">\n<div class=\"wp-block-stackable-icon stk-block-icon stk-block stk-52efcd5\" data-block-id=\"52efcd5\"><style>.stk-52efcd5 {margin-bottom:0px !important;}.stk-52efcd5 .stk--svg-wrapper .stk--inner-svg svg:last-child{height:42px !important;width:42px !important;}.stk-52efcd5 .stk--svg-wrapper .stk--inner-svg svg:last-child, .stk-52efcd5 .stk--svg-wrapper .stk--inner-svg svg:last-child :is(g, path, rect, polygon, ellipse){fill:#3c4754 !important;}<\/style><a class=\"stk-link\" href=\"https:\/\/sede.ull.es\/portafirmas2\" target=\"_blank\" rel=\"noopener\"><span class=\"stk--svg-wrapper\"><div class=\"stk--inner-svg\"><svg style=\"height:0;width:0\"><defs><lineargradient id=\"linear-gradient-52efcd5\" x1=\"0\" x2=\"100%\" y1=\"0\" y2=\"0\"><stop offset=\"0%\" style=\"stop-opacity:1;stop-color:var(--linear-gradient-52-efcd-5-color-1)\"><\/stop><stop offset=\"100%\" style=\"stop-opacity:1;stop-color:var(--linear-gradient-52-efcd-5-color-2)\"><\/stop><\/lineargradient><\/defs><\/svg><svg xmlns=\"http:\/\/www.w3.org\/2000\/svg\" viewbox=\"0 0 512 512\" aria-hidden=\"true\" width=\"32\" height=\"32\"><path d=\"M471.6 21.7c-21.9-21.9-57.3-21.9-79.2 0L362.3 51.7l97.9 97.9 30.1-30.1c21.9-21.9 21.9-57.3 0-79.2L471.6 21.7zm-299.2 220c-6.1 6.1-10.8 13.6-13.5 21.9l-29.6 88.8c-2.9 8.6-.6 18.1 5.8 24.6s15.9 8.7 24.6 5.8l88.8-29.6c8.2-2.7 15.7-7.4 21.9-13.5L437.7 172.3 339.7 74.3 172.4 241.7zM96 64C43 64 0 107 0 160V416c0 53 43 96 96 96H352c53 0 96-43 96-96V320c0-17.7-14.3-32-32-32s-32 14.3-32 32v96c0 17.7-14.3 32-32 32H96c-17.7 0-32-14.3-32-32V160c0-17.7 14.3-32 32-32h96c17.7 0 32-14.3 32-32s-14.3-32-32-32H96z\"\/><\/svg><\/div><\/span><\/a><\/div>\n\n\n\n<div class=\"wp-block-stackable-spacer stk-block-spacer stk--no-padding stk-block stk-57d2c9a\" data-block-id=\"57d2c9a\"><style>.stk-57d2c9a {height:10px !important;}<\/style><\/div>\n\n\n\n<a href=\"https:\/\/sede.ull.es\/portafirmas2\" style=\"color:black; font-size:14px !important; color:#3c4754 !important; font-weight:500 !important; font-family:\"poppins\";\"\" target=\"_blank\" rel=\"noopener\">Titulaire de la signature<\/a>\n<\/div><\/div><\/div>\n\n\n\n<div class=\"wp-block-stackable-column stk-block-column stk-column stk-block stk-fb25bab btn-icono\" data-v=\"4\" data-block-id=\"fb25bab\"><style>.stk-fb25bab {border-style:solid !important;border-color:#abb7c233 !important;border-top-width:0px !important;border-right-width:2px !important;border-bottom-width:0px !important;border-left-width:0px !important;padding-right:1.5% !important;padding-left:1.5% !important;}<\/style><div class=\"stk-column-wrapper stk-block-column__content stk-container stk-fb25bab-container stk--no-background stk--no-padding\"><div class=\"stk-block-content stk-inner-blocks stk-fb25bab-inner-blocks\">\n<div class=\"wp-block-stackable-icon stk-block-icon stk-block stk-4ed3723\" data-block-id=\"4ed3723\"><style>.stk-4ed3723 {margin-bottom:0px !important;}.stk-4ed3723 .stk--svg-wrapper .stk--inner-svg svg:last-child{height:42px !important;width:42px !important;}.stk-4ed3723 .stk--svg-wrapper .stk--inner-svg svg:last-child, .stk-4ed3723 .stk--svg-wrapper .stk--inner-svg svg:last-child :is(g, path, rect, polygon, ellipse){fill:#3c4754 !important;}<\/style><a class=\"stk-link\" href=\"http:\/\/sede.ull.es\/\" target=\"_blank\" rel=\"noopener\"><span class=\"stk--svg-wrapper\"><div class=\"stk--inner-svg\"><svg style=\"height:0;width:0\"><defs><lineargradient id=\"linear-gradient-4ed3723\" x1=\"0\" x2=\"100%\" y1=\"0\" y2=\"0\"><stop offset=\"0%\" style=\"stop-opacity:1;stop-color:var(--linear-gradient-4-ed-3723-color-1)\"><\/stop><stop offset=\"100%\" style=\"stop-opacity:1;stop-color:var(--linear-gradient-4-ed-3723-color-2)\"><\/stop><\/lineargradient><\/defs><\/svg><svg xmlns=\"http:\/\/www.w3.org\/2000\/svg\" viewbox=\"0 0 512 512\" aria-hidden=\"true\" width=\"32\" height=\"32\"><path d=\"M243.4 2.6l-224 96c-14 6-21.8 21-18.7 35.8S16.8 160 32 160v8c0 13.3 10.7 24 24 24H456c13.3 0 24-10.7 24-24v-8c15.2 0 28.3-10.7 31.3-25.6s-4.8-29.9-18.7-35.8l-224-96c-8-3.4-17.2-3.4-25.2 0zM128 224H64V420.3c-.6 .3-1.2 .7-1.8 1.1l-48 32c-11.7 7.8-17 22.4-12.9 35.9S17.9 512 32 512H480c14.1 0 26.5-9.2 30.6-22.7s-1.1-28.1-12.9-35.9l-48-32c-.6-.4-1.2-.7-1.8-1.1V224H384V416H344V224H280V416H232V224H168V416H128V224zM256 64a32 32 0 1 1 0 64 32 32 0 1 1 0-64z\"\/><\/svg><\/div><\/span><\/a><\/div>\n\n\n\n<div class=\"wp-block-stackable-spacer stk-block-spacer stk--no-padding stk-block stk-de1e7b2\" data-block-id=\"de1e7b2\"><style>.stk-de1e7b2 {height:10px !important;}<\/style><\/div>\n\n\n\n<a href=\"http:\/\/sede.ull.es\/\" style=\"color:black; font-size:14px !important; color:#3c4754 !important; font-weight:500 !important; font-family:\"poppins\";\"\" target=\"_blank\" rel=\"noopener\">Si\u00e8ge social \u00e9lectronique<\/a>\n<\/div><\/div><\/div>\n\n\n\n<div class=\"wp-block-stackable-column stk-block-column stk-column stk-block stk-cb79ad4 btn-icono\" data-v=\"4\" data-block-id=\"cb79ad4\"><style>.stk-cb79ad4 {border-style:solid !important;border-color:#abb7c233 !important;border-top-width:0px !important;border-right-width:2px !important;border-bottom-width:0px !important;border-left-width:0px !important;padding-right:1.5% !important;padding-left:1.5% !important;}<\/style><div class=\"stk-column-wrapper stk-block-column__content stk-container stk-cb79ad4-container stk--no-background stk--no-padding\"><div class=\"stk-block-content stk-inner-blocks stk-cb79ad4-inner-blocks\">\n<div class=\"wp-block-stackable-icon stk-block-icon stk-block stk-2b6cf33\" data-block-id=\"2b6cf33\"><style>.stk-2b6cf33 {margin-bottom:0px !important;}.stk-2b6cf33 .stk--svg-wrapper .stk--inner-svg svg:last-child{height:42px !important;width:42px !important;}.stk-2b6cf33 .stk--svg-wrapper .stk--inner-svg svg:last-child, .stk-2b6cf33 .stk--svg-wrapper .stk--inner-svg svg:last-child :is(g, path, rect, polygon, ellipse){fill:#3c4754 !important;}<\/style><a class=\"stk-link\" href=\"https:\/\/www.ull.es\/servicios\/rrhh\/\" target=\"_blank\" rel=\"noopener\"><span class=\"stk--svg-wrapper\"><div class=\"stk--inner-svg\"><svg style=\"height:0;width:0\"><defs><lineargradient id=\"linear-gradient-2b6cf33\" x1=\"0\" x2=\"100%\" y1=\"0\" y2=\"0\"><stop offset=\"0%\" style=\"stop-opacity:1;stop-color:var(--linear-gradient-2-b-6-cf-33-color-1)\"><\/stop><stop offset=\"100%\" style=\"stop-opacity:1;stop-color:var(--linear-gradient-2-b-6-cf-33-color-2)\"><\/stop><\/lineargradient><\/defs><\/svg><svg xmlns=\"http:\/\/www.w3.org\/2000\/svg\" viewbox=\"0 0 640 512\" aria-hidden=\"true\" width=\"32\" height=\"32\"><path d=\"M144 0a80 80 0 1 1 0 160A80 80 0 1 1 144 0zM512 0a80 80 0 1 1 0 160A80 80 0 1 1 512 0zM0 298.7C0 239.8 47.8 192 106.7 192h42.7c15.9 0 31 3.5 44.6 9.7c-1.3 7.2-1.9 14.7-1.9 22.3c0 38.2 16.8 72.5 43.3 96c-.2 0-.4 0-.7 0H21.3C9.6 320 0 310.4 0 298.7zM405.3 320c-.2 0-.4 0-.7 0c26.6-23.5 43.3-57.8 43.3-96c0-7.6-.7-15-1.9-22.3c13.6-6.3 28.7-9.7 44.6-9.7h42.7C592.2 192 640 239.8 640 298.7c0 11.8-9.6 21.3-21.3 21.3H405.3zM224 224a96 96 0 1 1 192 0 96 96 0 1 1 -192 0zM128 485.3C128 411.7 187.7 352 261.3 352H378.7C452.3 352 512 411.7 512 485.3c0 14.7-11.9 26.7-26.7 26.7H154.7c-14.7 0-26.7-11.9-26.7-26.7z\"\/><\/svg><\/div><\/span><\/a><\/div>\n\n\n\n<div class=\"wp-block-stackable-spacer stk-block-spacer stk--no-padding stk-block stk-23dadc2\" data-block-id=\"23dadc2\"><style>.stk-23dadc2 {height:10px !important;}<\/style><\/div>\n\n\n\n<a href=\"https:\/\/www.ull.es\/servicios\/rrhh\/\" style=\"color:black; font-size:14px !important; color:#3c4754 !important; font-weight:500 !important; font-family:\"poppins\";\"\" target=\"_blank\" rel=\"noopener\">Service des ressources humaines<\/a>\n<\/div><\/div><\/div>\n\n\n\n<div class=\"wp-block-stackable-column stk-block-column stk-column stk-block stk-77aa2ba btn-icono\" data-v=\"4\" data-block-id=\"77aa2ba\"><style>.stk-77aa2ba {padding-left:1.5% !important;}<\/style><div class=\"stk-column-wrapper stk-block-column__content stk-container stk-77aa2ba-container stk--no-background stk--no-padding\"><div class=\"stk-block-content stk-inner-blocks stk-77aa2ba-inner-blocks\">\n<div class=\"wp-block-stackable-icon stk-block-icon stk-block stk-eed51d0\" data-block-id=\"eed51d0\"><style>.stk-eed51d0 {margin-bottom:0px !important;}.stk-eed51d0 .stk--svg-wrapper .stk--inner-svg svg:last-child{height:42px !important;width:42px !important;}.stk-eed51d0 .stk--svg-wrapper .stk--inner-svg svg:last-child, .stk-eed51d0 .stk--svg-wrapper .stk--inner-svg svg:last-child :is(g, path, rect, polygon, ellipse){fill:#3c4754 !important;}<\/style><a class=\"stk-link\" href=\"https:\/\/www.ull.es\/directorio\/search\/\" target=\"_blank\" rel=\"noopener\"><span class=\"stk--svg-wrapper\"><div class=\"stk--inner-svg\"><svg style=\"height:0;width:0\"><defs><lineargradient id=\"linear-gradient-eed51d0\" x1=\"0\" x2=\"100%\" y1=\"0\" y2=\"0\"><stop offset=\"0%\" style=\"stop-opacity:1;stop-color:var(--linear-gradient-eed-51-d-0-color-1)\"><\/stop><stop offset=\"100%\" style=\"stop-opacity:1;stop-color:var(--linear-gradient-eed-51-d-0-color-2)\"><\/stop><\/lineargradient><\/defs><\/svg><svg xmlns=\"http:\/\/www.w3.org\/2000\/svg\" viewbox=\"0 0 576 512\" aria-hidden=\"true\" width=\"32\" height=\"32\"><path d=\"M528 160V416c0 8.8-7.2 16-16 16H320c0-44.2-35.8-80-80-80H176c-44.2 0-80 35.8-80 80H64c-8.8 0-16-7.2-16-16V160H528zM64 32C28.7 32 0 60.7 0 96V416c0 35.3 28.7 64 64 64H512c35.3 0 64-28.7 64-64V96c0-35.3-28.7-64-64-64H64zM272 256a64 64 0 1 0 -128 0 64 64 0 1 0 128 0zm104-48c-13.3 0-24 10.7-24 24s10.7 24 24 24h80c13.3 0 24-10.7 24-24s-10.7-24-24-24H376zm0 96c-13.3 0-24 10.7-24 24s10.7 24 24 24h80c13.3 0 24-10.7 24-24s-10.7-24-24-24H376z\"\/><\/svg><\/div><\/span><\/a><\/div>\n\n\n\n<div class=\"wp-block-stackable-spacer stk-block-spacer stk--no-padding stk-block stk-b979c7e\" data-block-id=\"b979c7e\"><style>.stk-b979c7e {height:10px !important;}<\/style><\/div>\n\n\n\n<a href=\"https:\/\/www.ull.es\/directorio\/search\/\" style=\"color:black; font-size:14px !important; color:#3c4754 !important; font-weight:500 !important; font-family:\"poppins\";\"\" target=\"_blank\" rel=\"noopener\">Annuaire<\/a>\n<\/div><\/div><\/div>\n<\/div><\/div>\n\n\n\n<div class=\"wp-block-stackable-columns stk-block-columns stk-block stk-c189ebb\" data-block-id=\"c189ebb\"><div class=\"stk-row stk-inner-blocks stk-block-content stk-content-align stk-c189ebb-column\">\n<div class=\"wp-block-stackable-column stk-block-column stk-column stk-block stk-e76cc13\" data-v=\"4\" data-block-id=\"e76cc13\"><style>@media screen and (min-width: 768px){.stk-e76cc13 {flex:var(--stk-flex-grow, 1) 1 66.7% !important;}}<\/style><div class=\"stk-column-wrapper stk-block-column__content stk-container stk-e76cc13-container stk--no-background stk--no-padding\"><div class=\"stk-block-content stk-inner-blocks stk-e76cc13-inner-blocks\">\n<div class=\"wp-block-stackable-heading stk-block-heading stk-block-heading--v2 stk-block stk-5f55455\" id=\"gestiones-administrativas\" data-block-id=\"5f55455\"><h2 class=\"stk-block-heading__text\">Proc\u00e9dures administratives<\/h2><\/div>\n\n\n\n<div class=\"wp-block-stackable-columns stk-block-columns stk-block stk-a71d330\" data-block-id=\"a71d330\"><div class=\"stk-row stk-inner-blocks stk-block-content stk-content-align stk-a71d330-column\">\n<div class=\"wp-block-stackable-column stk-block-column stk-column stk-block stk-380c1cb\" data-v=\"4\" data-block-id=\"380c1cb\"><div class=\"stk-column-wrapper stk-block-column__content stk-container stk-380c1cb-container stk--no-background stk--no-padding\"><div class=\"stk-block-content stk-inner-blocks stk-380c1cb-inner-blocks\">\n<ul class=\"wp-block-list\" data-block-type=\"core\">\n<li data-block-type=\"core\"><a href=\"https:\/\/www.ull.es\/servicios\/rrhh\/\" target=\"_blank\" rel=\"noreferrer noopener\">Service des ressources humaines<\/a><\/li>\n\n\n\n<li data-block-type=\"core\"><a href=\"https:\/\/www.ull.es\/portal\/normativa\/personal-de-administracion-y-servicios\/\" target=\"_blank\" rel=\"noreferrer noopener\">R\u00e8glements<\/a><\/li>\n\n\n\n<li data-block-type=\"core\"><a href=\"https:\/\/sede.ull.es\/ecivilis-site\/catalog\/showProcedure\/47\" target=\"_blank\" rel=\"noreferrer noopener\">Permis, vacances et licences<\/a><\/li>\n\n\n\n<li data-block-type=\"core\">Demande de certificats (<a href=\"https:\/\/www.ull.es\/servicios\/rrhh\/inicio\/negociado-pas-funcionario\/#peticion-certificados\" target=\"_blank\" rel=\"noreferrer noopener\">Officiel du PAS<\/a>,&nbsp;<a href=\"https:\/\/www.ull.es\/servicios\/rrhh\/inicio\/negociado-pas-laboral\/#peticion-certificados\" target=\"_blank\" rel=\"noreferrer noopener\">PAS Laboral<\/a>)<\/li>\n\n\n\n<li data-block-type=\"core\"><a href=\"https:\/\/www.ull.es\/estudios-docencia\/calendario-academico\/\" target=\"_blank\" rel=\"noreferrer noopener\">Calendrier acad\u00e9mique<\/a><\/li>\n<\/ul>\n<\/div><\/div><\/div>\n\n\n\n<div class=\"wp-block-stackable-column stk-block-column stk-column stk-block stk-983bac0\" data-v=\"4\" data-block-id=\"983bac0\"><div class=\"stk-column-wrapper stk-block-column__content stk-container stk-983bac0-container stk--no-background stk--no-padding\"><div class=\"stk-block-content stk-inner-blocks stk-983bac0-inner-blocks\">\n<ul class=\"wp-block-list\" data-block-type=\"core\">\n<li data-block-type=\"core\"><a href=\"https:\/\/www.ull.es\/servicios\/rrhh\/inicio\/negociado-pas-funcionario\/#ayudas-asistenciales\" target=\"_blank\" rel=\"noreferrer noopener\">Aides \u00e0 l&#039;assistance<\/a><\/li>\n\n\n\n<li data-block-type=\"core\">\u00c9change de logement universitaire (<a href=\"https:\/\/www.ull.es\/servicios\/rrhh\/inicio\/negociado-pas-funcionario\/#intercambio-alojamientos-pas\" target=\"_blank\" rel=\"noreferrer noopener\">Officiel du PAS<\/a>,&nbsp;<a href=\"https:\/\/www.ull.es\/servicios\/rrhh\/inicio\/negociado-pas-laboral\/#intercambio-alojamientos-pas\" target=\"_blank\" rel=\"noreferrer noopener\">PAS Laboral<\/a>)<\/li>\n\n\n\n<li data-block-type=\"core\"><a href=\"https:\/\/www.ull.es\/vive-la-ull\/ventajas-corporativas\/\" target=\"_blank\" rel=\"noreferrer noopener\">Avantages pour les entreprises<\/a><\/li>\n\n\n\n<li data-block-type=\"core\">Mod\u00e8les et annexes (<a href=\"https:\/\/www.ull.es\/servicios\/rrhh\/inicio\/negociado-pas-funcionario\/#modelos-anexos\" target=\"_blank\" rel=\"noreferrer noopener\">Officiel du PAS<\/a>,&nbsp;<a href=\"https:\/\/www.ull.es\/servicios\/rrhh\/inicio\/negociado-pas-laboral\/#modelos-anexos\" target=\"_blank\" rel=\"noreferrer noopener\">PAS Laboral<\/a>)<\/li>\n\n\n\n<li data-block-type=\"core\"><a href=\"https:\/\/www.ull.es\/seguros\/#pas\" target=\"_blank\" rel=\"noreferrer noopener\">Assurance<\/a><\/li>\n<\/ul>\n<\/div><\/div><\/div>\n<\/div><\/div>\n\n\n\n<div class=\"wp-block-stackable-divider stk-block-divider stk-block stk-44cb186\" data-block-id=\"44cb186\"><style>.stk-44cb186 hr.stk-block-divider__hr{width:100% !important;}<\/style><hr class=\"stk-block-divider__hr\"\/><\/div>\n\n\n\n<div class=\"wp-block-stackable-heading stk-block-heading stk-block-heading--v2 stk-block stk-af714d4\" id=\"formacion\" data-block-id=\"af714d4\"><h2 class=\"stk-block-heading__text\">Entra\u00eenement<\/h2><\/div>\n\n\n\n<ul class=\"wp-block-list\" data-block-type=\"core\">\n<li data-block-type=\"core\"><a href=\"https:\/\/www.ull.es\/estudios-docencia\/formacion-del-pas\/\" target=\"_blank\" rel=\"noreferrer noopener\">Catalogue de formation interne<\/a><\/li>\n\n\n\n<li data-block-type=\"core\"><a href=\"https:\/\/www.ull.es\/internacional\/pdi-pas\/\" target=\"_blank\" rel=\"noreferrer noopener\">Programmes de mobilit\u00e9<\/a><\/li>\n\n\n\n<li data-block-type=\"core\"><a href=\"http:\/\/fg.ull.es\/idiomas\/nuestra-oferta\/\" target=\"_blank\" rel=\"noreferrer noopener\">Cours de langues<\/a><\/li>\n\n\n\n<li data-block-type=\"core\"><a href=\"https:\/\/www.ull.es\/servicios\/seccion-de-calidad-y-formacion-pas-pdi-innovacion-educativa\/\" target=\"_blank\" rel=\"noreferrer noopener\">Section Qualit\u00e9 et Formation pour PAS et PDI et Innovation P\u00e9dagogique<\/a><\/li>\n<\/ul>\n\n\n\n<div class=\"wp-block-stackable-divider stk-block-divider stk-block stk-4a9fdff\" data-block-id=\"4a9fdff\"><style>.stk-4a9fdff hr.stk-block-divider__hr{width:100% !important;}<\/style><hr class=\"stk-block-divider__hr\"\/><\/div>\n\n\n\n<div class=\"wp-block-stackable-heading stk-block-heading stk-block-heading--v2 stk-block stk-3bb548f\" id=\"empleo-publico\" data-block-id=\"3bb548f\"><h2 class=\"stk-block-heading__text\">Emploi public<\/h2><\/div>\n\n\n\n<ul class=\"wp-block-list\" data-block-type=\"core\">\n<li data-block-type=\"core\"><a href=\"https:\/\/www.ull.es\/servicios\/rrhh\/inicio\/negociado-pas-funcionario\/#catalogo-puestos\" target=\"_blank\" rel=\"noreferrer noopener\">Catalogue des emplois<\/a><\/li>\n\n\n\n<li data-block-type=\"core\">Appels \u00e0 candidatures (<a href=\"https:\/\/www.ull.es\/portal\/convocatorias\/categorias\/convocatorias-de-pas-funcionario\/\" target=\"_blank\" rel=\"noreferrer noopener\">Officiel du PAS<\/a>,&nbsp;<a href=\"https:\/\/www.ull.es\/portal\/convocatorias\/categorias\/convocatorias-de-pas-laboral\/\" target=\"_blank\" rel=\"noreferrer noopener\">PAS Laboral<\/a>)<\/li>\n\n\n\n<li data-block-type=\"core\">Programme des mati\u00e8res (<a href=\"https:\/\/www.ull.es\/portal\/convocatorias\/convocatoria\/programa-materias\/\" target=\"_blank\" rel=\"noreferrer noopener\">Officiel du PAS<\/a>,\u00a0<a href=\"https:\/\/www.ull.es\/servicios\/rrhh\/inicio\/negociado-pas-laboral\/#temarios\" target=\"_blank\" rel=\"noreferrer noopener\">PAS Laboral<\/a>)<\/li>\n\n\n\n<li data-block-type=\"core\">Offre d&#039;emploi publique (OPE) (<a href=\"https:\/\/www.ull.es\/portal\/convocatorias\/convocatoria\/oferta-publica-empleo-ano-2017-del-personal-administracion-servicios-funcionario\/\" target=\"_blank\" rel=\"noreferrer noopener\">Officiel du PAS<\/a>,&nbsp;<a href=\"https:\/\/www.ull.es\/portal\/convocatorias\/convocatoria\/oferta-publica-empleo-ano-2017-del-personal-administracion-servicios-laboral\/\" target=\"_blank\" rel=\"noreferrer noopener\">PAS Laboral<\/a>)<\/li>\n<\/ul>\n\n\n\n<div class=\"wp-block-stackable-divider stk-block-divider stk-block stk-ede80fe\" data-block-id=\"ede80fe\"><style>.stk-ede80fe hr.stk-block-divider__hr{width:100% !important;}<\/style><hr class=\"stk-block-divider__hr\"\/><\/div>\n\n\n\n<div class=\"wp-block-stackable-heading stk-block-heading stk-block-heading--v2 stk-block stk-34d7699\" id=\"elecciones-organos-de-representacion\" data-block-id=\"34d7699\"><h2 class=\"stk-block-heading__text\">\u00c9lections des organes repr\u00e9sentatifs<\/h2><\/div>\n\n\n\n<ul class=\"wp-block-list\" data-block-type=\"core\">\n<li data-block-type=\"core\"><a href=\"https:\/\/www.ull.es\/servicios\/rrhh\/inicio\/negociado-pas-funcionario\/#elecciones-ptgas-funcionario\" target=\"_blank\" rel=\"noreferrer noopener\">\u00c9lections au Conseil du personnel administratif et de la fonction publique<\/a><\/li>\n\n\n\n<li data-block-type=\"core\">\u00c9lections au comit\u00e9 d&#039;entreprise du personnel de l&#039;administration et des services du travail<\/li>\n<\/ul>\n<\/div><\/div><\/div>\n\n\n\n<div class=\"wp-block-stackable-column stk-block-column stk-column stk-block stk-b63ffba\" data-v=\"4\" data-block-id=\"b63ffba\"><style>@media screen and (min-width: 768px){.stk-b63ffba {flex:var(--stk-flex-grow, 1) 1 33.3% !important;}}<\/style><div class=\"stk-column-wrapper stk-block-column__content stk-container stk-b63ffba-container stk--no-background stk--no-padding\"><div class=\"stk-block-content stk-inner-blocks stk-b63ffba-inner-blocks\"><p data-block-type=\"core\"><style>\n    .news-group .bg-size {\n        background-position: center;\n        background-size: cover;\n        width: 100%;\n        height: 48px;\n    }\n    .news-group .list-group-item-text {\n        font-size: 13px;\n    }\n    .news-group .col-md-3 {\n        padding-right: 0;\n    }\n    .news-group .list-group-item-date {\n        font-size: 11px;\n        color: #A4A4A4;\n        margin-bottom: 2px;\n        text-transform: uppercase;\n    }\n\n    .mensaje.alert-warning{\n        font-size: 12px;\n        margin: 14px !important;\n        padding: 4px 8px;\n        color: #cca60b;\n    }\n\n<\/style>\n\n<div class=\"panel panel-default\">\n    <div class=\"panel-heading\">\n        <h3 class=\"panel-title\">Notifications<\/h3>\n    <\/div>\n\n    <div class=\"list-group news-group\">\n                            <a href=\"https:\/\/www.ull.es\/portal\/noticias\/2026\/sesion-ordinaria-del-consejo-de-gobierno-el-lunes-27-de-abril-de-2026\/\" class=\"list-group-item\">\n                    <div class=\"row\">\n                        <div class=\"col-md-12\">\n                            <p class=\"list-group-item-date\">\n                                23 avril 2026 - 07:51 UTC                            <\/p>\n                            <p class=\"list-group-item-text\">Session ordinaire du Conseil d&#039;administration le lundi 27 avril 2026<\/p>\n                        <\/div>\n                    <\/div>\n                <\/a>\n                            <a href=\"https:\/\/www.ull.es\/portal\/noticias\/2026\/sesion-extraordinaria-del-consejo-de-gobierno-el-10-de-abril-de-2026\/\" class=\"list-group-item\">\n                    <div class=\"row\">\n                        <div class=\"col-md-12\">\n                            <p class=\"list-group-item-date\">\n                                08 avril 2026 - 09:11 UTC                            <\/p>\n                            <p class=\"list-group-item-text\">Session extraordinaire du Conseil d&#039;administration le 10 avril 2026<\/p>\n                        <\/div>\n                    <\/div>\n                <\/a>\n                            <a href=\"https:\/\/www.ull.es\/portal\/noticias\/2026\/sesion-extraordinaria-del-consejo-de-gobierno-el-23-de-marzo-de-2026\/\" class=\"list-group-item\">\n                    <div class=\"row\">\n                        <div class=\"col-md-12\">\n                            <p class=\"list-group-item-date\">\n                                19 mars 2026 - 12:57 UTC                            <\/p>\n                            <p class=\"list-group-item-text\">Session extraordinaire du Conseil d&#039;administration le 23 mars 2026<\/p>\n                        <\/div>\n                    <\/div>\n                <\/a>\n                            <a href=\"https:\/\/www.ull.es\/portal\/noticias\/2026\/sesion-extraordinaria-del-consejo-de-gobierno-el-jueves-12-de-marzo-de-2026\/\" class=\"list-group-item\">\n                    <div class=\"row\">\n                        <div class=\"col-md-12\">\n                            <p class=\"list-group-item-date\">\n                                10 mars 2026 - 09:55 UTC                            <\/p>\n                            <p class=\"list-group-item-text\">Session extraordinaire du Conseil d&#039;administration le jeudi 12 mars 2026<\/p>\n                        <\/div>\n                    <\/div>\n                <\/a>\n                <\/div>\n    <div class=\"panel-footer\">\n        <a href=\"https:\/\/www.ull.es\/portal\/noticias\/?cat=2769\">PLUS DE NOTIFICATIONS <i class=\"fa fa-chevron-right\"><\/i><\/a>\n    <\/div>\n\n\n<\/div><\/p>\n\n\n<p data-block-type=\"core\"><style>\n    .news-group .bg-size {\n        background-position: center;\n        background-size: cover;\n        width: 100%;\n        height: 48px;\n    }\n    .news-group .list-group-item-text {\n        font-size: 13px;\n    }\n    .news-group .col-md-3 {\n        padding-right: 0;\n    }\n    .news-group .list-group-item-date {\n        font-size: 11px;\n        color: #A4A4A4;\n        margin-bottom: 2px;\n        text-transform: uppercase;\n    }\n\n    .mensaje.alert-warning{\n        font-size: 12px;\n        margin: 14px !important;\n        padding: 4px 8px;\n        color: #cca60b;\n    }\n<\/style>\n\n<div class=\"panel panel-default\">\n    <div class=\"panel-heading\">\n        <h3 class=\"panel-title\">Nouvelles<\/h3>\n    <\/div>\n\n    <div class=\"list-group news-group\">\n                    <a href=\"https:\/\/www.ull.es\/portal\/noticias\/2026\/la-ull-retoma-su-actividad-academica-tras-la-borrasca\/\" class=\"list-group-item\">\n                <div class=\"row\">\n                    <div class=\"col-md-3\">\n                        <div class=\"bg-size\" style=\"background-image: url('https:\/\/www.ull.es\/portal\/noticias\/wp-content\/uploads\/sites\/13\/2021\/09\/Edif-Central-300x193.jpg');\"><\/div>\n                    <\/div>\n                    <div class=\"col-md-9\">\n                        <p class=\"list-group-item-date\">\n                            22 mars 2026 - 13:26 UTC                        <\/p>\n                        <p class=\"list-group-item-text\">L&#039;Universit\u00e9 de La Nouvelle-Orl\u00e9ans reprend ses activit\u00e9s acad\u00e9miques apr\u00e8s la temp\u00eate.<\/p>\n                    <\/div>\n                <\/div>\n            <\/a>\n                    <a href=\"https:\/\/www.ull.es\/portal\/noticias\/2026\/ull-mantiene-suspension-actividad-presencial-viernes-20-marzo\/\" class=\"list-group-item\">\n                <div class=\"row\">\n                    <div class=\"col-md-3\">\n                        <div class=\"bg-size\" style=\"background-image: url('https:\/\/www.ull.es\/portal\/noticias\/wp-content\/uploads\/sites\/13\/2026\/03\/Alerta-noticia-300x157.jpg');\"><\/div>\n                    <\/div>\n                    <div class=\"col-md-9\">\n                        <p class=\"list-group-item-date\">\n                            19 mars 2026 - 14:07 UTC                        <\/p>\n                        <p class=\"list-group-item-text\">L&#039;ULL maintient la suspension de ses activit\u00e9s en pr\u00e9sentiel le vendredi 20 mars.<\/p>\n                    <\/div>\n                <\/div>\n            <\/a>\n                    <a href=\"https:\/\/www.ull.es\/portal\/noticias\/2026\/suspension-alerta-meteorologica-18-marzo\/\" class=\"list-group-item\">\n                <div class=\"row\">\n                    <div class=\"col-md-3\">\n                        <div class=\"bg-size\" style=\"background-image: url('https:\/\/www.ull.es\/portal\/noticias\/wp-content\/uploads\/sites\/13\/2026\/03\/alerta-meteorologica-19-marzo-300x157.jpg');\"><\/div>\n                    <\/div>\n                    <div class=\"col-md-9\">\n                        <p class=\"list-group-item-date\">\n                            18 mars 2026 - 15:47 UTC                        <\/p>\n                        <p class=\"list-group-item-text\">L&#039;Universit\u00e9 de La Nouvelle-Orl\u00e9ans (ULL) suspendra ses activit\u00e9s en pr\u00e9sentiel demain en raison de l&#039;alerte m\u00e9t\u00e9orologique.<\/p>\n                    <\/div>\n                <\/div>\n            <\/a>\n                    <a href=\"https:\/\/www.ull.es\/portal\/noticias\/2026\/ull-aprueba-titulos-propios-administracion-fincas-y-cirugia-robotica\/\" class=\"list-group-item\">\n                <div class=\"row\">\n                    <div class=\"col-md-3\">\n                        <div class=\"bg-size\" style=\"background-image: url('https:\/\/www.ull.es\/portal\/noticias\/wp-content\/uploads\/sites\/13\/2026\/02\/Cons-Gobierno-13-02-01-300x200.jpg');\"><\/div>\n                    <\/div>\n                    <div class=\"col-md-9\">\n                        <p class=\"list-group-item-date\">\n                            13 f\u00e9vrier 2026 - 14:15 UTC                        <\/p>\n                        <p class=\"list-group-item-text\">L&#039;Universit\u00e9 de La Nouvelle-Orl\u00e9ans (ULL) propose deux dipl\u00f4mes en administration et gestion immobili\u00e8res, ainsi qu&#039;en chirurgie robotique.<\/p>\n                    <\/div>\n                <\/div>\n            <\/a>\n            <\/div>\n    <div class=\"panel-footer\">\n        <a href=\"https:\/\/www.ull.es\/portal\/noticias\/?cat=2755\">PLUS DE NOUVELLES <i class=\"fa fa-chevron-right\"><\/i><\/a>\n    <\/div>\n\n\n<\/div><\/p>\n\n\n<p data-block-type=\"core\">\n<style>\n    .events-group .bg-size {\n        background-position: center;\n        background-size: cover;\n        width: 100%;\n        height: 48px;\n    }\n    .events-group .list-group-item-text {\n        font-size: 13px;\n    }\n    .events-group .col-md-3 {\n        padding-right: 0;\n    }\n    .events-group .list-group-item-date {\n        font-size: 11px;\n        color: #A4A4A4;\n        margin-bottom: 2px;\n        text-transform: uppercase;\n    }\n\n    .mensaje.alert-warning{\n        font-size: 12px;\n        margin: 14px !important;\n        padding: 4px 8px;\n        color: #cca60b;\n    }\n\n<\/style>\n\n<div class=\"panel panel-default\">\n    <div class=\"panel-heading\">\n        <h3 class=\"panel-title\">\u00c9v\u00e9nements<\/h3>\n    <\/div>\n\n    <div class=\"list-group events-group\">\n\n        <div class=\"mensaje alert alert-warning\">Il n&#039;y a aucun \u00e9v\u00e9nement disponible.<\/div>\n    <\/div>\n\n\n<\/div>\n<\/p>\n<\/div><\/div><\/div>\n<\/div><\/div>","protected":false},"excerpt":{"rendered":"<p>Personnel technique, de gestion, d&#039;administration et de services Portail utilisateur Annuaire \u00e9lectronique du bureau Proc\u00e9dures administratives Formation Emploi public \u00c9lections Organismes repr\u00e9sentatifs<\/p>","protected":false},"author":1,"featured_media":0,"parent":0,"menu_order":0,"comment_status":"closed","ping_status":"closed","template":"templates\/template-frontpage.php","meta":{"footnotes":""},"class_list":["post-1072","page","type-page","status-publish","hentry"],"_links":{"self":[{"href":"https:\/\/www.ull.es\/fr\/wp-json\/wp\/v2\/pages\/1072","targetHints":{"allow":["GET"]}}],"collection":[{"href":"https:\/\/www.ull.es\/fr\/wp-json\/wp\/v2\/pages"}],"about":[{"href":"https:\/\/www.ull.es\/fr\/wp-json\/wp\/v2\/types\/page"}],"author":[{"embeddable":true,"href":"https:\/\/www.ull.es\/fr\/wp-json\/wp\/v2\/users\/1"}],"replies":[{"embeddable":true,"href":"https:\/\/www.ull.es\/fr\/wp-json\/wp\/v2\/comments?post=1072"}],"version-history":[{"count":82,"href":"https:\/\/www.ull.es\/fr\/wp-json\/wp\/v2\/pages\/1072\/revisions"}],"predecessor-version":[{"id":17021,"href":"https:\/\/www.ull.es\/fr\/wp-json\/wp\/v2\/pages\/1072\/revisions\/17021"}],"wp:attachment":[{"href":"https:\/\/www.ull.es\/fr\/wp-json\/wp\/v2\/media?parent=1072"}],"curies":[{"name":"wp","href":"https:\/\/api.w.org\/{rel}","templated":true}]}}