{"id":4859,"date":"2020-03-10T12:50:44","date_gmt":"2020-03-10T12:50:44","guid":{"rendered":"https:\/\/www.ull.es\/?page_id=4859"},"modified":"2024-12-23T12:40:19","modified_gmt":"2024-12-23T12:40:19","slug":"coronavirus","status":"publish","type":"page","link":"https:\/\/www.ull.es\/fr\/coronavirus\/","title":{"rendered":"Corona virus"},"content":{"rendered":"<div class=\"wp-block-stackable-heading stk-block-heading stk-block-heading--v2 stk-block stk-e138596\" id=\"informacion-sobre-covid-19-curso-2021-2022\" data-block-id=\"e138596\"><style>.stk-e138596 {margin-top:60px !important;}.stk-e138596 .stk-block-heading__text{font-weight:400 !important;}<\/style><h1 class=\"stk-block-heading__text has-text-align-center\">Informations COVID-19 \u2013 Ann\u00e9e scolaire 2021-2022<\/h1><\/div>\n\n\n\n<div class=\"wp-block-stackable-image stk-block-image stk-block stk-f4289e7\" data-block-id=\"f4289e7\"><figure><span class=\"stk-img-wrapper stk-image--shape-stretch\"><img loading=\"lazy\" decoding=\"async\" class=\"stk-img wp-image-4886\" src=\"https:\/\/www.ull.es\/wp-content\/uploads\/2020\/03\/alargado-coronoa.jpg\" width=\"1600\" height=\"533\" srcset=\"https:\/\/www.ull.es\/wp-content\/uploads\/2020\/03\/alargado-coronoa.jpg 1600w, https:\/\/www.ull.es\/wp-content\/uploads\/2020\/03\/alargado-coronoa-300x100.jpg 300w, https:\/\/www.ull.es\/wp-content\/uploads\/2020\/03\/alargado-coronoa-1024x341.jpg 1024w, https:\/\/www.ull.es\/wp-content\/uploads\/2020\/03\/alargado-coronoa-768x256.jpg 768w, https:\/\/www.ull.es\/wp-content\/uploads\/2020\/03\/alargado-coronoa-1536x512.jpg 1536w, https:\/\/www.ull.es\/wp-content\/uploads\/2020\/03\/alargado-coronoa-375x125.jpg 375w, https:\/\/www.ull.es\/wp-content\/uploads\/2020\/03\/alargado-coronoa-750x250.jpg 750w, https:\/\/www.ull.es\/wp-content\/uploads\/2020\/03\/alargado-coronoa-1140x380.jpg 1140w\" sizes=\"auto, (max-width: 1600px) 100vw, 1600px\" \/><\/span><\/figure><\/div>\n\n\n\n<div class=\"wp-block-stackable-text stk-block-text stk-block stk-20510b3\" data-block-id=\"20510b3\"><p class=\"stk-block-text__text\">Ce site Web vise \u00e0 \u00eatre le centre d&#039;information de l&#039;Universit\u00e9 de La Laguna concernant le COVID-19. Vous y trouverez tout ce qui est consid\u00e9r\u00e9 comme int\u00e9ressant pour la communaut\u00e9 universitaire en relation avec ce virus. Tout changement de la situation actuelle sera communiqu\u00e9 via cette page.&nbsp;<\/p><\/div>\n\n\n\n<div class=\"wp-block-stackable-text stk-block-text stk-block stk-c9a08e9\" data-block-id=\"c9a08e9\"><style>.stk-c9a08e9 .stk-block-text__text{font-size:20px !important;}@media screen and (max-width: 1023px){.stk-c9a08e9 .stk-block-text__text{font-size:20px !important;}}<\/style><p class=\"stk-block-text__text\"><strong>Notifications<\/strong><\/p><\/div>\n\n\n\n<p data-block-type=\"core\"><a href=\"https:\/\/drive.google.com\/file\/d\/1PYWwstXlzgeWoohCUJv_Wjg3OCrNtZjk\/view?usp=sharing\" target=\"_blank\" rel=\"noreferrer noopener\">R\u00e9solution du recteur de l&#039;Universit\u00e9 de La Laguna sur les cours en pr\u00e9sentiel pour l&#039;ann\u00e9e acad\u00e9mique 2021-22<\/a>&nbsp;(13\/09\/2021)<\/p>\n\n\n\n<p data-block-type=\"core\"><a href=\"https:\/\/drive.google.com\/file\/d\/1066vp42YC7paq4zfh746onz8RdKjv9Gh\/view?usp=sharing\" target=\"_blank\" rel=\"noreferrer noopener\">Lignes directrices \u00e9tablies dans le cadre de l&#039;Universit\u00e9 de La Laguna, une fois publi\u00e9 au Journal Officiel de l&#039;\u00c9tat le D\u00e9cret Royal 286\/2022, du 19 avril, modifiant l&#039;utilisation obligatoire du masque pendant la crise sanitaire provoqu\u00e9e par le COVID-19.<\/a>&nbsp;<strong>(Nouveau 20\/04\/2022)<\/strong><\/p>\n\n\n\n<p data-block-type=\"core\"><a href=\"https:\/\/www.boe.es\/boe\/dias\/2022\/04\/20\/pdfs\/BOE-A-2022-6449.pdf\" target=\"_blank\" rel=\"noreferrer noopener\">D\u00e9cret royal 286\/2022, du 19 avril, modifiant l&#039;utilisation obligatoire du masque pendant la crise sanitaire provoqu\u00e9e par la COVID-19<\/a>&nbsp;<strong>(Nouveau 20\/04\/2022)<\/strong><\/p>\n\n\n\n<p data-block-type=\"core\"><a href=\"https:\/\/riull.ull.es\/xmlui\/bitstream\/handle\/915\/26943\/Instrucci%c3%b3n%20conjunta%20docencia%20en%20l%c3%adnea%20para%20estudiantes%20de%20abril%202022.pdf\" target=\"_blank\" rel=\"noreferrer noopener\">R\u00e9solution conjointe du Bureau du vice-recteur pour les \u00e9tudiants, l&#039;employabilit\u00e9 et le campus de Guajara et du Bureau du vice-recteur pour l&#039;innovation p\u00e9dagogique, la qualit\u00e9 et le campus d&#039;Anchieta de l&#039;Universit\u00e9 de La Laguna instruisant les centres universitaires sur le format d&#039;enseignement \u00e0 d\u00e9terminer \u00e0 partir du 18 avril 2022.<\/a>&nbsp;<strong>(Nouveau 04\/07\/22)<\/strong><\/p>\n\n\n\n<p data-block-type=\"core\"><a href=\"https:\/\/drive.google.com\/file\/d\/1WYR40occMd7brtuo3fIest28tVCxFJ_O\/view?usp=sharing\" target=\"_blank\" rel=\"noreferrer noopener\">R\u00e9solution conjointe du Vice-Rectorat aux \u00e9tudiants et du Vice-Rectorat \u00e0 l&#039;innovation p\u00e9dagogique donnant des instructions aux centres universitaires sur le format d&#039;enseignement pour les \u00e9tudiants particuli\u00e8rement sensibles au COVID-19 au cours de l&#039;ann\u00e9e acad\u00e9mique 2021-22.<\/a>&nbsp;(1\/04\/22)<\/p>\n\n\n\n<p data-block-type=\"core\"><a href=\"https:\/\/drive.google.com\/file\/d\/1gfKhrEgMOJN3f4MfRuM0IA-aYlI8wXMo\/view?usp=sharing\" target=\"_blank\" rel=\"noreferrer noopener\">Instruction \u00e9tablissant la gestion des \u00e9tudiants de l&#039;Universit\u00e9 de La Laguna touch\u00e9s par le COVID-19 pendant la session d&#039;examens de janvier de l&#039;ann\u00e9e acad\u00e9mique 2021-2022<\/a>&nbsp;(25\/01\/22)<\/p>\n\n\n\n<p data-block-type=\"core\"><a href=\"https:\/\/drive.google.com\/file\/d\/1tCLB1csxvHGGSvciFZd-2WFEk1ny6yrC\/view?usp=sharing\" target=\"_blank\" rel=\"noreferrer noopener\">Les activit\u00e9s d\u2019enseignement continueront d\u2019\u00eatre dispens\u00e9es en pr\u00e9sentiel \u00e0 compter du 10 janvier 2022 (sc\u00e9nario 0).<\/a>&nbsp;(08\/01\/2022)<\/p>\n\n\n\n<p data-block-type=\"core\"><a href=\"https:\/\/drive.google.com\/file\/d\/1shPsExwH3sjfo4exo9ZQX_7QKgZBgfp-\/view?usp=sharing\" target=\"_blank\" rel=\"noreferrer noopener\">R\u00e9solution du Recteur de l&#039;Universit\u00e9 de La Laguna du 17 d\u00e9cembre 2021, modifiant le calendrier acad\u00e9mique pour l&#039;ann\u00e9e acad\u00e9mique 2021-2022<\/a>&nbsp;(17\/12\/2021)<\/p>\n\n\n\n<div class=\"wp-block-stackable-text stk-block-text stk-block stk-a55effa\" data-block-id=\"a55effa\"><style>.stk-a55effa .stk-block-text__text{font-size:20px !important;}@media screen and (max-width: 1023px){.stk-a55effa .stk-block-text__text{font-size:20px !important;}}<\/style><p class=\"stk-block-text__text\"><strong>Nouvelles<\/strong><\/p><\/div>\n\n\n\n<p data-block-type=\"core\"><a href=\"https:\/\/www.ull.es\/portal\/noticias\/2021\/la-ull-reactiva-su-programa-de-cribado-contra-la-covid-19-para-la-comunidad-universitaria\/\" target=\"_blank\" rel=\"noreferrer noopener\">L&#039;ULL r\u00e9active son programme de d\u00e9pistage de la COVID-19 pour la communaut\u00e9 universitaire.<\/a>&nbsp;(23\/09\/2021)<\/p>\n\n\n\n<p data-block-type=\"core\"><a href=\"https:\/\/www.ull.es\/portal\/noticias\/2022\/la-universidad-de-la-laguna-dicta-instrucciones-para-examinar-al-alumnado-con-covid-19\/\" target=\"_blank\" rel=\"noreferrer noopener\">L&#039;Universit\u00e9 de La Laguna publie des instructions pour tester les \u00e9tudiants atteints du COVID-19.<\/a>&nbsp;(25\/01\/2022)<\/p>\n\n\n\n<p data-block-type=\"core\"><a href=\"https:\/\/www.ull.es\/portal\/noticias\/2021\/la-universidad-de-la-laguna-cerrara-sus-puertas-del-3-al-9-de-enero\/\" target=\"_blank\" rel=\"noreferrer noopener\">L&#039;Universit\u00e9 de La Laguna fermera ses portes du 3 au 9 janvier.<\/a>&nbsp;(30\/12\/2021)<\/p>\n\n\n\n<p data-block-type=\"core\"><a href=\"https:\/\/www.ull.es\/portal\/noticias\/2021\/la-ull-suspende-la-actividad-lectiva-la-proxima-semana-para-evitar-la-extension-de-la-pandemia\/\" target=\"_blank\" rel=\"noreferrer noopener\">L&#039;ULL suspend ses activit\u00e9s d&#039;enseignement la semaine prochaine pour \u00e9viter la propagation de la pand\u00e9mie.<\/a>un (17\/12\/2021)<\/p>\n\n\n\n<p data-block-type=\"core\"><a href=\"https:\/\/www.ull.es\/portal\/noticias\/2021\/la-ull-mantiene-la-presencialidad-y-facilita-clases-telematicas-a-los-infectados-por-covid-19\/\" target=\"_blank\" rel=\"noreferrer noopener\">L&#039;ULL maintient des cours en personne et propose des cours en ligne aux personnes infect\u00e9es par la COVID-19.<\/a>&nbsp;(14\/12\/2021)<\/p>\n\n\n\n<div class=\"wp-block-stackable-columns stk-block-columns stk-block stk-70f2383 stk-block-background\" data-block-id=\"70f2383\"><style>.stk-70f2383 {border-top-left-radius:10px !important;border-top-right-radius:10px !important;border-bottom-right-radius:10px !important;border-bottom-left-radius:10px !important;overflow:hidden !important;padding-top:50px !important;padding-right:50px !important;padding-bottom:50px !important;padding-left:50px !important;}<\/style><div class=\"stk-row stk-inner-blocks stk-block-content stk-content-align stk-70f2383-column\">\n<div class=\"wp-block-stackable-column stk-block-column stk-column stk-block stk-e2d9726\" data-v=\"4\" data-block-id=\"e2d9726\"><div class=\"stk-column-wrapper stk-block-column__content stk-container stk-e2d9726-container stk--no-background stk--no-padding\"><div class=\"stk-block-content stk-inner-blocks stk-e2d9726-inner-blocks\">\n<div class=\"wp-block-stackable-heading stk-block-heading stk-block-heading--v2 stk-block stk-f16ba34\" id=\"procedimiento-para-solicitar-docencia-virtual\" data-block-id=\"f16ba34\"><style>.stk-f16ba34 .stk-block-heading__text{color:#aa76db !important;}<\/style><h2 class=\"stk-block-heading__text has-text-color\">Proc\u00e9dure pour demander un enseignement virtuel<\/h2><\/div>\n\n\n\n<div class=\"wp-block-stackable-text stk-block-text stk-block stk-7a6fa1b\" data-block-id=\"7a6fa1b\"><p class=\"stk-block-text__text\">La proc\u00e9dure \u00e0 suivre pour demander un enseignement virtuel est reprise dans la communication du rectorat du 14 d\u00e9cembre (voir<a href=\"https:\/\/www.ull.es\/portal\/noticias\/2021\/la-ull-mantiene-la-presencialidad-y-facilita-clases-telematicas-a-los-infectados-por-covid-19\/\" target=\"_blank\" rel=\"noreferrer noopener\">&nbsp;lien<\/a>).&nbsp;<strong>Le statut positif \u00e0 la COVID doit \u00eatre accr\u00e9dit\u00e9<\/strong>&nbsp;fournir la documentation d\u00e9livr\u00e9e par le Service de sant\u00e9 des \u00eeles Canaries et envoyer une demande de candidature \u00e0 l&#039;enseignement virtuel au Programme pour les \u00e9tudiants ayant des besoins sp\u00e9cifiques de soutien \u00e9ducatif (PAED), par courrier \u00e9lectronique&nbsp;<a href=\"mailto:paedisc@ull.edu.es\" target=\"_blank\" rel=\"noreferrer noopener\">paedisc@ull.edu.es<\/a>. En cas de rapport positif, l&#039;\u00e9tudiant sera avis\u00e9 et devra le transmettre \u00e0 la facult\u00e9 coordonnant les cours qu&#039;il suit afin qu&#039;il puisse poursuivre ses \u00e9tudes virtuellement.<\/p><\/div>\n<\/div><\/div><\/div>\n<\/div><\/div>\n\n\n\n<div class=\"wp-block-stackable-columns stk-block-columns stk-block stk-7fbcb54 stk-block-background\" data-block-id=\"7fbcb54\"><style>.stk-7fbcb54 {border-top-left-radius:10px !important;border-top-right-radius:10px !important;border-bottom-right-radius:10px !important;border-bottom-left-radius:10px !important;overflow:hidden !important;padding-top:50px !important;padding-right:50px !important;padding-bottom:50px !important;padding-left:50px !important;}<\/style><div class=\"stk-row stk-inner-blocks stk-block-content stk-content-align stk-7fbcb54-column\">\n<div class=\"wp-block-stackable-column stk-block-column stk-column stk-block stk-5dd6f68\" data-v=\"4\" data-block-id=\"5dd6f68\"><div class=\"stk-column-wrapper stk-block-column__content stk-container stk-5dd6f68-container stk--no-background stk--no-padding\"><div class=\"stk-block-content stk-inner-blocks stk-5dd6f68-inner-blocks\">\n<div class=\"wp-block-stackable-heading stk-block-heading stk-block-heading--v2 stk-block stk-4fa569c\" id=\"enlaces-de-interes\" data-block-id=\"4fa569c\"><style>.stk-4fa569c .stk-block-heading__text{color:#aa76db !important;}<\/style><h2 class=\"stk-block-heading__text has-text-color\">Liens d&#039;int\u00e9r\u00eat<\/h2><\/div>\n\n\n\n<ul class=\"wp-block-list\" data-block-type=\"core\">\n<li data-block-type=\"core\"><a href=\"https:\/\/www.mscbs.gob.es\/profesionales\/saludPublica\/ccayes\/alertasActual\/nCov-China\/situacionActual.htm\" target=\"_blank\" rel=\"noreferrer noopener\">Informations mises \u00e0 jour du minist\u00e8re de la Sant\u00e9<\/a><\/li>\n\n\n\n<li data-block-type=\"core\"><a href=\"https:\/\/www3.gobiernodecanarias.org\/sanidad\/scs\/contenidoGenerico.jsp?idDocument=a1c69e33-5ed3-11ea-b6bb-a970bf4daea5&amp;idCarpeta=61e907e3-d473-11e9-9a19-e5198e027117\" target=\"_blank\" rel=\"noreferrer noopener\">Informations mises \u00e0 jour du gouvernement des \u00eeles Canaries<\/a><\/li>\n\n\n\n<li data-block-type=\"core\"><a href=\"https:\/\/drive.google.com\/file\/d\/1i6B-W_rAB-FPudumv5jk3tYgm-XveRlF\/view\" target=\"_blank\" rel=\"noreferrer noopener\">Manuel COVID du gouvernement des \u00eeles Canaries<\/a><\/li>\n\n\n\n<li data-block-type=\"core\"><strong>Informations sur le coronavirus (COVID-19) T\u00e9l\u00e9phone du gouvernement des \u00eeles Canaries : 900 112 061<\/strong><\/li>\n\n\n\n<li data-block-type=\"core\"><a href=\"https:\/\/www3.gobiernodecanarias.org\/sanidad\/scs\/content\/deadcb53-e0bb-11eb-9d64-95a864e094ca\/Recomendaciones_contacto_estrecho.pdf\" target=\"_blank\" rel=\"noreferrer noopener\">Recommandations du Service de sant\u00e9 des \u00eeles Canaries pour les cas de contact \u00e9troit avec des personnes test\u00e9es positives au COVID<\/a><\/li>\n\n\n\n<li data-block-type=\"core\"><a href=\"https:\/\/www3.gobiernodecanarias.org\/sanidad\/scs\/content\/8db0f3ee-eae0-11eb-8866-57e4c3942bc5\/Recomendaciones_Positivos.pdf\" target=\"_blank\" rel=\"noreferrer noopener\">Recommandations en cas de COVID positif<\/a><\/li>\n\n\n\n<li data-block-type=\"core\">Pour toute question :&nbsp;<strong><a href=\"mailto:covid19@ull.edu.es\" target=\"_blank\" rel=\"noreferrer noopener\">covid19@ull.edu.es<\/a><\/strong><\/li>\n\n\n\n<li data-block-type=\"core\"><a href=\"https:\/\/riull.ull.es\/xmlui\/bitstream\/handle\/915\/7899\/plan_emergencias%201.jpg\" target=\"_blank\" rel=\"noreferrer noopener\">R\u00e9sum\u00e9 du plan d&#039;urgence de l&#039;Universit\u00e9 de La Laguna<\/a><\/li>\n\n\n\n<li data-block-type=\"core\"><a href=\"https:\/\/www.ull.es\/modelo-de-docencia-para-el-curso-2021-22\/\" target=\"_blank\" rel=\"noreferrer noopener\">Mod\u00e8le p\u00e9dagogique pour l&#039;ann\u00e9e acad\u00e9mique 2021-2022<\/a><\/li>\n\n\n\n<li data-block-type=\"core\"><a href=\"http:\/\/www.gobiernodecanarias.org\/boc\/2016\/011\/001.html\" target=\"_blank\" rel=\"noreferrer noopener\">R\u00e8glement d&#039;\u00e9valuation et de notation de l&#039;Universit\u00e9 de La Laguna<\/a><\/li>\n<\/ul>\n<\/div><\/div><\/div>\n<\/div><\/div>","protected":false},"excerpt":{"rendered":"<p>Informations COVID-19 \u2013 Ann\u00e9e universitaire 2021-2022. Ce site web est le centre d&#039;information de l&#039;Universit\u00e9 de La Laguna sur la COVID-19. Vous y trouverez toutes les informations utiles \u00e0 la communaut\u00e9 universitaire concernant ce virus. Toute \u00e9volution de la situation sera communiqu\u00e9e\u2026<\/p>","protected":false},"author":14,"featured_media":0,"parent":0,"menu_order":0,"comment_status":"closed","ping_status":"closed","template":"custom-template.php","meta":{"footnotes":""},"class_list":["post-4859","page","type-page","status-publish","hentry"],"_links":{"self":[{"href":"https:\/\/www.ull.es\/fr\/wp-json\/wp\/v2\/pages\/4859","targetHints":{"allow":["GET"]}}],"collection":[{"href":"https:\/\/www.ull.es\/fr\/wp-json\/wp\/v2\/pages"}],"about":[{"href":"https:\/\/www.ull.es\/fr\/wp-json\/wp\/v2\/types\/page"}],"author":[{"embeddable":true,"href":"https:\/\/www.ull.es\/fr\/wp-json\/wp\/v2\/users\/14"}],"replies":[{"embeddable":true,"href":"https:\/\/www.ull.es\/fr\/wp-json\/wp\/v2\/comments?post=4859"}],"version-history":[{"count":254,"href":"https:\/\/www.ull.es\/fr\/wp-json\/wp\/v2\/pages\/4859\/revisions"}],"predecessor-version":[{"id":11963,"href":"https:\/\/www.ull.es\/fr\/wp-json\/wp\/v2\/pages\/4859\/revisions\/11963"}],"wp:attachment":[{"href":"https:\/\/www.ull.es\/fr\/wp-json\/wp\/v2\/media?parent=4859"}],"curies":[{"name":"wp","href":"https:\/\/api.w.org\/{rel}","templated":true}]}}