{"id":5869,"date":"2021-02-18T13:06:40","date_gmt":"2021-02-18T13:06:40","guid":{"rendered":"https:\/\/www.ull.es\/?page_id=5869"},"modified":"2025-02-13T15:44:12","modified_gmt":"2025-02-13T15:44:12","slug":"institucionales-2021","status":"publish","type":"page","link":"https:\/\/www.ull.es\/fr\/institucionales-2021\/","title":{"rendered":"Prix institutionnels 2021"},"content":{"rendered":"<div class=\"wp-block-stackable-heading stk-block-heading stk-block-heading--v2 stk-block stk-ebf6bcd\" id=\"premios-institucionales-2021\" data-block-id=\"ebf6bcd\"><style>.stk-ebf6bcd{margin-top:20px !important}<\/style><h2 class=\"stk-block-heading__text\">Prix institutionnels 2021<\/h2><\/div>\n\n\n\n<div class=\"wp-block-stackable-text stk-block-text stk-block stk-d1cb218\" data-block-id=\"d1cb218\"><p class=\"stk-block-text__text\">L&#039;Universit\u00e9 de La Laguna d\u00e9cerne chaque ann\u00e9e ces prix pour souligner et reconna\u00eetre le travail r\u00e9alis\u00e9 par les personnes qui composent sa communaut\u00e9, ainsi que par les organisations qui collaborent avec le centre universitaire. Cette page compile les appels \u00e0 candidatures ouverts et, une fois les d\u00e9cisions des jurys rendues publiques, h\u00e9bergera \u00e9galement les r\u00e9sultats.<\/p><\/div>\n\n\n\n<p data-block-type=\"core\"><strong>Appels<\/strong><\/p>\n\n\n\n<p data-block-type=\"core\">\u2022&nbsp;&nbsp;&nbsp;<strong><a href=\"https:\/\/www.ull.es\/portal\/convocatorias\/convocatoria\/sexta-edicion-de-los-premios-a-la-internacionalizacion-de-la-universidad-de-la-laguna-convocatoria-2021\/\" target=\"_blank\" rel=\"noreferrer noopener\">VIe Prix d&#039;internationalisation<\/a><\/strong><\/p>\n\n\n\n<p data-block-type=\"core\">\u2022&nbsp;&nbsp;&nbsp;<a href=\"https:\/\/www.ull.es\/portal\/convocatorias\/convocatoria\/convocatoria-de-premios-de-innovacion-educativa-2021\/\" target=\"_blank\" rel=\"noreferrer noopener\"><strong>10e Prix de l&#039;Innovation et du Transfert&nbsp;<\/strong><strong>P\u00e9dagogique<\/strong><\/a><\/p>\n\n\n\n<p data-block-type=\"core\">\u2022&nbsp;&nbsp;&nbsp;<a href=\"https:\/\/www.ull.es\/portal\/convocatorias\/convocatoria\/convocatoria-de-la-x-edicion-de-los-premios-a-las-mejores-practicas-en-administracion-y-servicios-2021\/\" target=\"_blank\" rel=\"noreferrer noopener\"><strong>10e Prix des meilleures pratiques en administration et services<\/strong><\/a><\/p>\n\n\n\n<p data-block-type=\"core\">\u2022&nbsp;&nbsp;&nbsp;<a href=\"https:\/\/www.ull.es\/portal\/convocatorias\/convocatoria\/convocatoria-de-la-x-edicion-de-los-premios-a-la-investigacion-2021\/\" target=\"_blank\" rel=\"noreferrer noopener\"><strong>10e Prix de recherche<\/strong><\/a><\/p>\n\n\n\n<p data-block-type=\"core\">\u2022 Le Prix du Patronage est d\u00e9cern\u00e9 directement par le Rectorat \u00e0 une entit\u00e9 ou \u00e0 une personne dont la contribution \u00e0 l&#039;universit\u00e9 a \u00e9t\u00e9 significative et n&#039;est donc pas comp\u00e9titif.<\/p>","protected":false},"excerpt":{"rendered":"<p>Prix institutionnels 2021. L&#039;Universit\u00e9 de La Laguna organise chaque ann\u00e9e ces prix pour souligner et r\u00e9compenser le travail des membres de sa communaut\u00e9, ainsi que des organisations qui collaborent avec le centre universitaire. Cette page recense les appels \u00e0 candidatures ouverts et, une fois les d\u00e9cisions des jurys publi\u00e9es, accueillera \u00e9galement\u2026<\/p>","protected":false},"author":14,"featured_media":0,"parent":0,"menu_order":0,"comment_status":"closed","ping_status":"closed","template":"templates\/template-frontpage.php","meta":{"footnotes":""},"class_list":["post-5869","page","type-page","status-publish","hentry"],"_links":{"self":[{"href":"https:\/\/www.ull.es\/fr\/wp-json\/wp\/v2\/pages\/5869","targetHints":{"allow":["GET"]}}],"collection":[{"href":"https:\/\/www.ull.es\/fr\/wp-json\/wp\/v2\/pages"}],"about":[{"href":"https:\/\/www.ull.es\/fr\/wp-json\/wp\/v2\/types\/page"}],"author":[{"embeddable":true,"href":"https:\/\/www.ull.es\/fr\/wp-json\/wp\/v2\/users\/14"}],"replies":[{"embeddable":true,"href":"https:\/\/www.ull.es\/fr\/wp-json\/wp\/v2\/comments?post=5869"}],"version-history":[{"count":2,"href":"https:\/\/www.ull.es\/fr\/wp-json\/wp\/v2\/pages\/5869\/revisions"}],"predecessor-version":[{"id":9956,"href":"https:\/\/www.ull.es\/fr\/wp-json\/wp\/v2\/pages\/5869\/revisions\/9956"}],"wp:attachment":[{"href":"https:\/\/www.ull.es\/fr\/wp-json\/wp\/v2\/media?parent=5869"}],"curies":[{"name":"wp","href":"https:\/\/api.w.org\/{rel}","templated":true}]}}