{"id":8394,"date":"2023-07-06T12:28:51","date_gmt":"2023-07-06T12:28:51","guid":{"rendered":"https:\/\/www.ull.es\/?page_id=8394"},"modified":"2026-03-26T14:18:17","modified_gmt":"2026-03-26T14:18:17","slug":"matricula-de-alumnado-de-continuacion-de-la-ull","status":"publish","type":"page","link":"https:\/\/www.ull.es\/fr\/matricula-de-alumnado-de-continuacion-de-la-ull\/","title":{"rendered":"Inscription des \u00e9tudiants en formation continue \u00e0 l&#039;ULL"},"content":{"rendered":"<div class=\"wp-block-stackable-columns alignfull stk-block-columns stk-block stk-2cbe2d9 stk-block-background stk--has-background-overlay\" data-block-id=\"2cbe2d9\"><style>.stk-2cbe2d9 {background-image:url(https:\/\/www.ull.es\/admision-becas\/wp-content\/uploads\/sites\/8\/2025\/11\/Landing-Matricula_Header.jpg) !important;min-height:600px !important;align-items:center !important;padding-top:0px !important;padding-right:0px !important;padding-bottom:0px !important;padding-left:0px !important;margin-top:-30px !important;margin-bottom:50px !important;display:flex !important;}.stk-2cbe2d9-column{max-width:1300px !important;min-width:auto !important;}@media screen and (max-width: 767px){.stk-2cbe2d9 {min-height:400px !important;}}<\/style><div class=\"stk-row stk-inner-blocks stk-block-content stk-content-align stk-2cbe2d9-column\">\n<div class=\"wp-block-stackable-column stk-block-column stk-column stk-block stk-67d5c45\" data-v=\"4\" data-block-id=\"67d5c45\"><style>@media screen and (max-width: 767px){.stk-67d5c45 {padding-top:10px !important;padding-right:10px !important;padding-bottom:10px !important;padding-left:10px !important;}}<\/style><div class=\"stk-column-wrapper stk-block-column__content stk-container stk-67d5c45-container stk--no-background stk--no-padding\"><div class=\"stk-block-content stk-inner-blocks stk-67d5c45-inner-blocks\">\n<div class=\"wp-block-stackable-heading stk-block-heading stk-block-heading--v2 stk-block stk-c229f24\" id=\"ampliacion-de-matricula-para-el-alumnado-de-continuacion-curso-2025-2026\" data-block-id=\"c229f24\"><style>.stk-c229f24 {margin-bottom:0px !important;}.stk-c229f24 .stk-block-heading__text{font-size:80px !important;color:#ffffff !important;font-weight:700 !important;font-family:\"Montserrat\", Sans-serif !important;}@media screen and (max-width: 1023px){.stk-c229f24 .stk-block-heading__text{font-size:50px !important;}}@media screen and (max-width: 767px){.stk-c229f24 .stk-block-heading__text{font-size:47px !important;}}<\/style><h1 class=\"stk-block-heading__text has-text-color\">Prolongation des inscriptions pour les \u00e9tudiants d\u00e9j\u00e0 inscrits pour l&#039;ann\u00e9e universitaire 2025-2026<\/h1><\/div>\n<\/div><\/div><\/div>\n<\/div><\/div>\n\n\n\n<div class=\"wp-block-stackable-heading stk-block-heading stk--hide-desktop stk--hide-tablet stk--hide-mobile stk-block-heading--v2 stk-block stk-395f614\" id=\"strong-a-href-https-drive-google-com-drive-u-0-folders-1-k-y-ap-qa-ezx-y-43-z-lj-t-uopcn-oo-8-lk-ed-da-cr-strong-periodo-extraordinario-de-matricula-strong-1-9-septiembre-hasta-las-23-59-h-a-strong\" data-block-id=\"395f614\"><h2 class=\"stk-block-heading__text\"><strong><a href=\"https:\/\/drive.google.com\/drive\/u\/0\/folders\/1kYApQaEzxY43ZLjTUopcnOo8LKEdDaCR\" target=\"_blank\" rel=\"noopener\"><strong>P\u00e9riode d&#039;inscription extraordinaire :<\/strong> Du 1er au 9 septembre (jusqu&#039;\u00e0 23h59)<\/a><\/strong><\/h2><\/div>\n\n\n\n<div class=\"wp-block-stackable-notification stk-block-notification stk--hide-desktop stk--hide-tablet stk--hide-mobile stk-block stk-c08fee2 is-style-default\" data-v=\"2\" data-block-id=\"c08fee2\"><style>.stk-c08fee2-container{background-color:#5c068c !important;}.stk-c08fee2-container:before{background-color:#5c068c !important;}<\/style><div class=\"stk-block-notification__content stk-content-align stk-c08fee2-column stk-container stk-c08fee2-container stk-hover-parent\"><div class=\"stk-block-content stk-inner-blocks stk-c08fee2-inner-blocks\">\n<div class=\"wp-block-stackable-icon stk-block-icon stk-block stk-085868d\" data-block-id=\"085868d\"><style>.stk-085868d .stk--svg-wrapper .stk--inner-svg svg:last-child, .stk-085868d .stk--svg-wrapper .stk--inner-svg svg:last-child :is(g, path, rect, polygon, ellipse){fill:#FFFFFF !important;}<\/style><span class=\"stk--svg-wrapper\"><div class=\"stk--inner-svg\"><svg style=\"height:0;width:0\"><defs><lineargradient id=\"linear-gradient-085868d\" x1=\"0\" x2=\"100%\" y1=\"0\" y2=\"0\"><stop offset=\"0%\" style=\"stop-opacity:1;stop-color:var(--linear-gradient-085868-d-color-1)\"><\/stop><stop offset=\"100%\" style=\"stop-opacity:1;stop-color:var(--linear-gradient-085868-d-color-2)\"><\/stop><\/lineargradient><\/defs><\/svg><svg data-prefix=\"fas\" data-icon=\"exclamation-triangle\" class=\"svg-inline--fa fa-exclamation-triangle fa-w-18\" xmlns=\"http:\/\/www.w3.org\/2000\/svg\" viewbox=\"0 0 576 512\" aria-hidden=\"true\" width=\"32\" height=\"32\"><path fill=\"currentColor\" d=\"M569.517 440.013C587.975 472.007 564.806 512 527.94 512H48.054c-36.937 0-59.999-40.055-41.577-71.987L246.423 23.985c18.467-32.009 64.72-31.951 83.154 0l239.94 416.028zM288 354c-25.405 0-46 20.595-46 46s20.595 46 46 46 46-20.595 46-46-20.595-46-46-46zm-43.673-165.346l7.418 136c.347 6.364 5.609 11.346 11.982 11.346h48.546c6.373 0 11.635-4.982 11.982-11.346l7.418-136c.375-6.874-5.098-12.654-11.982-12.654h-63.383c-6.884 0-12.356 5.78-11.981 12.654z\"><\/path><\/svg><\/div><\/span><\/div>\n\n\n\n<div class=\"wp-block-stackable-heading stk-block-heading stk-block-heading--v2 stk-block stk-bac8827\" id=\"problemas-de-acceso-al-portal-de-automatricula\" data-block-id=\"bac8827\"><h3 class=\"stk-block-heading__text\">Probl\u00e8mes d&#039;acc\u00e8s au portail d&#039;auto-inscription<\/h3><\/div>\n\n\n\n<div class=\"wp-block-stackable-text stk-block-text stk-block stk-a653d42\" data-block-id=\"a653d42\"><p class=\"stk-block-text__text\"><span style=\"color: #ffffff\" class=\"stk-highlight\">Le taux \u00e9lev\u00e9 de participation au processus d\u2019auto-inscription entra\u00eene des retards en raison du nombre insuffisant de places disponibles pour le grand nombre d\u2019\u00e9tudiants qui tentent \u00e0 plusieurs reprises d\u2019acc\u00e9der au processus.<\/span><\/p><\/div>\n\n\n\n<p data-block-type=\"core\"><span style=\"color: #ffffff\" class=\"stk-highlight\">Pour cette raison, nous vous demandons, si vous recevez une notification indiquant que la limite d&#039;inscription a \u00e9t\u00e9 atteinte et qu&#039;il n&#039;y a plus de cr\u00e9neaux d&#039;inscription disponibles, de ne pas tenter d&#039;acc\u00e9der \u00e0 nouveau \u00e0 l&#039;application \u00e0 ce moment-l\u00e0.<\/span><\/p>\n\n\n\n<p data-block-type=\"core\"><span style=\"color: #ffffff\" class=\"stk-highlight\">Veuillez essayer de vous inscrire ult\u00e9rieurement pour faciliter le bon d\u00e9roulement du processus, car un acc\u00e8s simultan\u00e9 excessif emp\u00eache tout utilisateur de terminer son inscription.<\/span><\/p>\n\n\n\n<p data-block-type=\"core\"><span style=\"color: #ffffff\" class=\"stk-highlight\">Merci pour votre compr\u00e9hension et votre coop\u00e9ration.<\/span><\/p>\n<\/div><\/div><\/div>\n\n\n\n<div class=\"wp-block-stackable-columns stk-block-columns stk--hide-desktop stk--hide-tablet stk--hide-mobile stk-block stk-a1e29da\" data-block-id=\"a1e29da\"><div class=\"stk-row stk-inner-blocks stk-block-content stk-content-align stk-a1e29da-column\">\n<div class=\"wp-block-stackable-column stk-block-column stk-column stk-block stk-8c21a72\" data-v=\"4\" data-block-id=\"8c21a72\"><div class=\"stk-column-wrapper stk-block-column__content stk-container stk-8c21a72-container stk--no-background stk--no-padding\"><div class=\"stk-block-content stk-inner-blocks stk-8c21a72-inner-blocks\">\n<p data-block-type=\"core\">La proc\u00e9dure d&#039;inscription comprend 3 \u00e9tapes obligatoires pour compl\u00e9ter le processus :<\/p>\n\n\n\n<ul class=\"wp-block-list\" data-block-type=\"core\">\n<li data-block-type=\"core\">\u00c9tape 1 :&nbsp;<strong>Compl\u00e9ter l&#039;inscription<\/strong>&nbsp;sur ce portail.<\/li>\n\n\n\n<li data-block-type=\"core\">\u00c9tape 2 :&nbsp;<strong>Fournir la documentation<\/strong>&nbsp;n\u00e9cessaire, le cas \u00e9ch\u00e9ant.<\/li>\n\n\n\n<li data-block-type=\"core\">\u00c9tape 3 :&nbsp;<strong>Payer les frais d&#039;inscription,<\/strong>&nbsp;selon la lettre de paiement \u00e9mise \u00e0 la fin de celle-ci.\n<ul class=\"wp-block-list\" data-block-type=\"core\">\n<li data-block-type=\"core\">&nbsp;Si vous choisissez le paiement forfaitaire, vous pouvez r\u00e9gler vos frais de scolarit\u00e9 par pr\u00e9l\u00e8vement automatique ou par virement bancaire aupr\u00e8s de l&#039;un de nos \u00e9tablissements partenaires, selon votre choix lors de votre inscription, et b\u00e9n\u00e9ficier ainsi d&#039;une r\u00e9duction 3% sur vos frais de scolarit\u00e9. Si vous optez pour le paiement \u00e9chelonn\u00e9, vous devrez r\u00e9gler les six mensualit\u00e9s par pr\u00e9l\u00e8vement automatique, en utilisant le m\u00eame compte courant pour toutes les \u00e9ch\u00e9ances.<\/li>\n\n\n\n<li data-block-type=\"core\"><strong>Pour pr\u00e9lever directement votre inscription, vous devez \u00eatre titulaire ou cotitulaire du compte ch\u00e8que que vous indiquez lors de votre inscription.<\/strong>\n<ul class=\"wp-block-list\" data-block-type=\"core\">\n<li data-block-type=\"core\">Si vous allez pr\u00e9lever automatiquement votre inscription pour la premi\u00e8re fois ou si vous allez modifier le compte bancaire fourni lors des cours pr\u00e9c\u00e9dents,&nbsp;<strong>N&#039;oubliez pas de pr\u00e9senter votre ordre de pr\u00e9l\u00e8vement automatique \u00e0 ce&nbsp;<a href=\"https:\/\/sede.ull.es\/ecivilis-site\/catalog\/showProcedure\/332\" target=\"_blank\" rel=\"noreferrer noopener\">lien<\/a>.<\/strong><\/li>\n\n\n\n<li data-block-type=\"core\">Si vous avez soumis votre ordre de pr\u00e9l\u00e8vement automatique au cours des ann\u00e9es universitaires pr\u00e9c\u00e9dentes et que vous ne changez pas de compte bancaire, vous n&#039;avez pas besoin de le soumettre \u00e0 nouveau.<\/li>\n<\/ul>\n<\/li>\n<\/ul>\n<\/li>\n<\/ul>\n\n\n\n<p data-block-type=\"core\">Les \u00e9tudiants qui se trouvent dans l&#039;une des situations particuli\u00e8res d&#039;inscription \u00e9tablies \u00e0 l&#039;article 29 de la&nbsp;<a href=\"https:\/\/sede.ull.es\/ecivilis-site\/bulletinBoard\/showBulletin\/53161:1\" target=\"_blank\" rel=\"noreferrer noopener\">IAM 2025-26<\/a>, vous devez vous inscrire aupr\u00e8s des secr\u00e9tariats des centres, en demandant un rendez-vous via ce&nbsp;<a href=\"https:\/\/www.ull.es\/citaprevia\/\" target=\"_blank\" rel=\"noreferrer noopener\">lien.<\/a><\/p>\n\n\n\n<p data-block-type=\"core\"><strong>IMPORTANT<\/strong>Si vous choisissez la r\u00e9duction provisoire pour bourse du minist\u00e8re de l&#039;\u00c9ducation, le syst\u00e8me v\u00e9rifiera simultan\u00e9ment que vous avez fait une demande de bourse. Sinon, vous ne pourrez pas b\u00e9n\u00e9ficier de cette r\u00e9duction.<\/p>\n\n\n\n<div class=\"wp-block-stackable-image stk-block-image stk--hide-desktop stk--hide-tablet stk--hide-mobile has-text-align-center stk-block stk-5520a2f\" data-block-id=\"5520a2f\"><style>.stk-5520a2f .stk-img-wrapper{width:90% !important;}.stk-5520a2f .stk-img-wrapper img{transform:scale(0.8) !important;object-fit:contain !important;}<\/style><figure><span class=\"stk-img-wrapper stk-image--shape-stretch\"><img loading=\"lazy\" decoding=\"async\" class=\"stk-img wp-image-13746\" src=\"https:\/\/www.ull.es\/wp-content\/uploads\/2025\/07\/Horizontal.png\" width=\"1200\" height=\"628\" srcset=\"https:\/\/www.ull.es\/wp-content\/uploads\/2025\/07\/Horizontal.png 1200w, https:\/\/www.ull.es\/wp-content\/uploads\/2025\/07\/Horizontal-300x157.png 300w, https:\/\/www.ull.es\/wp-content\/uploads\/2025\/07\/Horizontal-1024x536.png 1024w, https:\/\/www.ull.es\/wp-content\/uploads\/2025\/07\/Horizontal-768x402.png 768w, https:\/\/www.ull.es\/wp-content\/uploads\/2025\/07\/Horizontal-18x9.png 18w, https:\/\/www.ull.es\/wp-content\/uploads\/2025\/07\/Horizontal-200x105.png 200w, https:\/\/www.ull.es\/wp-content\/uploads\/2025\/07\/Horizontal-375x196.png 375w, https:\/\/www.ull.es\/wp-content\/uploads\/2025\/07\/Horizontal-750x393.png 750w, https:\/\/www.ull.es\/wp-content\/uploads\/2025\/07\/Horizontal-1140x597.png 1140w\" sizes=\"auto, (max-width: 1200px) 100vw, 1200px\" \/><\/span><\/figure><\/div>\n\n\n\n<p data-block-type=\"core\"><strong>P\u00e9riode d&#039;inscription extraordinaire pour les \u00e9tudiants en formation continue<\/strong>:du 1er septembre \u00e0 10h00 jusqu&#039;au 9 septembre 2025 \u00e0 23h59. <strong>Seules les personnes inscrites pourront<\/strong> \u00e0 cette \u00e9poque, le <strong>\u00c9tudiants en formation continue qui ne se sont pas inscrits pendant la p\u00e9riode r\u00e9guli\u00e8re <\/strong>\u00e9tabli \u00e0 l&#039;article 32 de l&#039;IAM 2025-26 (du 23 au 30 juillet 2025).<\/p>\n\n\n\n<p data-block-type=\"core\">Dans le cas o\u00f9 vous auriez besoin de modifier votre inscription en raison d&#039;erreurs mat\u00e9rielles (ajout de mati\u00e8res, remplacement d&#039;une mati\u00e8re par une autre, inclusion ou modification d&#039;exon\u00e9rations de frais ou du mode de paiement), vous devez en faire la demande jusqu&#039;au 25 septembre 2025 via le si\u00e8ge \u00e9lectronique \u00e0 cette adresse.&nbsp;<a href=\"https:\/\/sede.ull.es\/ecivilis-site\/catalog\/showProcedure\/655\" target=\"_blank\" rel=\"noreferrer noopener\">lien<\/a>.<\/p>\n\n\n\n<p data-block-type=\"core\">Si vous souhaitez demander un changement d&#039;\u00e9quipe, un changement de groupe, supprimer seulement certaines mati\u00e8res (annulation partielle de l&#039;inscription) ou toutes les mati\u00e8res (annulation totale de l&#039;inscription), vous devez utiliser les proc\u00e9dures pr\u00e9vues \u00e0 cet effet, que vous trouverez \u00e0 la fin de cette page dans la section &quot;<a href=\"https:\/\/www.ull.es\/matricula-de-alumnado-de-continuacion-de-la-ull\/\/#otros-tramites\" target=\"_blank\" rel=\"noopener\">Autres proc\u00e9dures\u00bb<\/a><\/p>\n<\/div><\/div><\/div>\n<\/div><\/div>\n\n\n\n<div class=\"wp-block-stackable-columns stk-block-columns stk--hide-desktop stk--hide-tablet stk--hide-mobile stk-block stk-675eab9\" data-block-id=\"675eab9\"><style>.stk-675eab9 {margin-bottom:0px !important;}<\/style><div class=\"stk-row stk-inner-blocks stk-block-content stk-content-align stk-675eab9-column\">\n<div class=\"wp-block-stackable-column stk-block-column stk-column stk-block stk-f986fe4\" data-v=\"4\" data-block-id=\"f986fe4\"><div class=\"stk-column-wrapper stk-block-column__content stk-container stk-f986fe4-container stk--no-background stk--no-padding\"><div class=\"stk-block-content stk-inner-blocks stk-f986fe4-inner-blocks\">\n<p style=\"text-align: center\"><a class=\"btn-destacado\" style=\"font-size: 24px;line-height: 30px;min-height: 100px\" href=\"https:\/\/www.ull.es\/automatricula\/inicio\" target=\"_blank\" rel=\"noopener noreferrer\">\u00c9tape 1 : Inscription\u00a0<\/a><\/p>\n<\/div><\/div><\/div>\n\n\n\n<div class=\"wp-block-stackable-column stk-block-column stk-column stk-block stk-ad84d6e\" data-v=\"4\" data-block-id=\"ad84d6e\"><div class=\"stk-column-wrapper stk-block-column__content stk-container stk-ad84d6e-container stk--no-background stk--no-padding\"><div class=\"stk-block-content stk-inner-blocks stk-ad84d6e-inner-blocks\">\n<p style=\"text-align: center\"><a class=\"btn-destacado\" style=\"font-size: 24px;line-height: 30px;min-height: 100px\" href=\"https:\/\/sede.ull.es\/matricula\" target=\"_blank\" rel=\"noopener noreferrer\">\u00c9tape 2 : Fournissez votre documentation\u00a0<\/a><\/p>\n<\/div><\/div><\/div>\n<\/div><\/div>\n\n\n\n<div class=\"wp-block-stackable-columns stk-block-columns stk--hide-desktop stk--hide-tablet stk--hide-mobile stk-block stk-7dc6a0d\" data-block-id=\"7dc6a0d\"><style>.stk-7dc6a0d {margin-bottom:0px !important;}<\/style><div class=\"stk-row stk-inner-blocks stk-block-content stk-content-align stk-7dc6a0d-column\">\n<div class=\"wp-block-stackable-column stk-block-column stk-column stk-block stk-7eab3ae\" data-v=\"4\" data-block-id=\"7eab3ae\"><div class=\"stk-column-wrapper stk-block-column__content stk-container stk-7eab3ae-container stk--no-background stk--no-padding\"><div class=\"stk-block-content stk-inner-blocks stk-7eab3ae-inner-blocks\">\n<p style=\"text-align: center\"><a class=\"btn-destacado\" style=\"background-color: #028ace;font-size: 18px;line-height: 24px !important;text-align: center;min-height: 100px!important;padding-top: 20px !important\" href=\"https:\/\/portal.ull.es\" target=\"_blank\" rel=\"noopener noreferrer\">Portail de service (imprimer la lettre de paiement)<\/a><\/p>\n<\/div><\/div><\/div>\n\n\n\n<div class=\"wp-block-stackable-column stk-block-column stk-column stk-block stk-21c9640\" data-v=\"4\" data-block-id=\"21c9640\"><div class=\"stk-column-wrapper stk-block-column__content stk-container stk-21c9640-container stk--no-background stk--no-padding\"><div class=\"stk-block-content stk-inner-blocks stk-21c9640-inner-blocks\">\n<p style=\"text-align: center\"><a class=\"btn-destacado\" style=\"background-color: #028ace;font-size: 18px;line-height: 24px !important;text-align: center;min-height: 100px!important;padding-top: 20px !important\" href=\"https:\/\/www.ull.es\/pagos\/\" target=\"_blank\" rel=\"noopener noreferrer\">Portail de paiement<\/a><\/p>\n<\/div><\/div><\/div>\n\n\n\n<div class=\"wp-block-stackable-column stk-block-column stk-column stk-block stk-c58de45\" data-v=\"4\" data-block-id=\"c58de45\"><div class=\"stk-column-wrapper stk-block-column__content stk-container stk-c58de45-container stk--no-background stk--no-padding\"><div class=\"stk-block-content stk-inner-blocks stk-c58de45-inner-blocks\">\n<p style=\"text-align: center\"><a class=\"btn-destacado\" style=\"background-color: #028ace;font-size: 18px;line-height: 24px !important;text-align: center;min-height: 100px!important;padding-top: 20px !important\" href=\"https:\/\/sede.ull.es\/ecivilis-site\/catalog\/showProcedure\/332\" target=\"_blank\" rel=\"noopener noreferrer\">Fournissez votre ordre de pr\u00e9l\u00e8vement automatique (uniquement si vous pr\u00e9levez le paiement directement)<\/a><\/p>\n<\/div><\/div><\/div>\n<\/div><\/div>\n\n\n\n<div class=\"wp-block-stackable-columns stk-block-columns stk--hide-desktop stk--hide-tablet stk--hide-mobile stk-block stk-1d980af\" data-block-id=\"1d980af\"><style>.stk-1d980af {margin-bottom:50px !important;}<\/style><div class=\"stk-row stk-inner-blocks stk-block-content stk-content-align stk-1d980af-column\">\n<div class=\"wp-block-stackable-column stk-block-column stk-column stk-block stk-ffaa4df\" data-v=\"4\" data-block-id=\"ffaa4df\"><div class=\"stk-column-wrapper stk-block-column__content stk-container stk-ffaa4df-container stk--no-background stk--no-padding\"><div class=\"stk-block-content stk-inner-blocks stk-ffaa4df-inner-blocks\">\n<p style=\"text-align: center\"><a class=\"btn-destacado\" style=\"background-color: #028ace;font-size: 18px;line-height: 24px !important;text-align: center;min-height: 135px!important;padding-top: 20px !important\" href=\"https:\/\/drive.google.com\/file\/d\/1lXiU_Tv2K8vd2L4A8oFaf1szdjcF5yb0\/view?usp=sharing\" target=\"_blank\" rel=\"noopener noreferrer\">Calendrier des dipl\u00f4mes 2025-2026<\/a><\/p>\n<\/div><\/div><\/div>\n\n\n\n<div class=\"wp-block-stackable-column stk-block-column stk-column stk-block stk-470bdce\" data-v=\"4\" data-block-id=\"470bdce\"><div class=\"stk-column-wrapper stk-block-column__content stk-container stk-470bdce-container stk--no-background stk--no-padding\"><div class=\"stk-block-content stk-inner-blocks stk-470bdce-inner-blocks\">\n<p style=\"text-align: center\"><a class=\"btn-destacado\" style=\"background-color: #028ace;font-size: 18px;line-height: 24px !important;text-align: center;min-height: 135px!important;padding-top: 20px !important\" href=\"https:\/\/www.ull.es\/admision-becas\/matricula\/#documentacion-matricula-grado\" target=\"_blank\" rel=\"noopener noreferrer\">Documentation n\u00e9cessaire<\/a><\/p>\n<\/div><\/div><\/div>\n\n\n\n<div class=\"wp-block-stackable-column stk-block-column stk-column stk-block stk-992fdc4\" data-v=\"4\" data-block-id=\"992fdc4\"><div class=\"stk-column-wrapper stk-block-column__content stk-container stk-992fdc4-container stk--no-background stk--no-padding\"><div class=\"stk-block-content stk-inner-blocks stk-992fdc4-inner-blocks\">\n<p style=\"text-align: center\"><a class=\"btn-destacado\" style=\"background-color: #028ace;font-size: 18px;line-height: 24px !important;text-align: center;min-height: 100px!important;padding-top: 20px !important\" href=\"https:\/\/sede.ull.es\/ecivilis-site\/catalog\/showProcedure\/469\" target=\"_blank\" rel=\"noopener noreferrer\">Programme pour les \u00e9l\u00e8ves ayant des besoins sp\u00e9cifiques de soutien \u00e9ducatif (PAED)<\/a><\/p>\n<\/div><\/div><\/div>\n<\/div><\/div>\n\n\n\n<div class=\"wp-block-stackable-text stk-block-text stk--hide-desktop stk--hide-tablet stk--hide-mobile stk-block stk-3e2a28b\" data-block-id=\"3e2a28b\"><style>.stk-3e2a28b {margin-bottom:0px !important;}<\/style><p class=\"stk-block-text__text\"><strong>MODIFICATIONS D&#039;INSCRIPTION :<\/strong><\/p><\/div>\n\n\n\n<div class=\"wp-block-stackable-text stk-block-text stk--hide-desktop stk--hide-tablet stk--hide-mobile stk-block stk-19bd4a8\" data-block-id=\"19bd4a8\"><p class=\"stk-block-text__text\">Dans le cas o\u00f9 vous auriez besoin de modifier votre inscription en raison d&#039;erreurs mat\u00e9rielles (ajout de mati\u00e8res, remplacement d&#039;une mati\u00e8re par une autre, inclusion ou modification d&#039;exon\u00e9rations de frais ou du mode de paiement), vous devez en faire la demande jusqu&#039;au 25 septembre 2025 via le si\u00e8ge \u00e9lectronique \u00e0 cette adresse.&nbsp;<a href=\"https:\/\/sede.ull.es\/ecivilis-site\/catalog\/showProcedure\/655\" target=\"_blank\" rel=\"noreferrer noopener\">lien<\/a>.<\/p><\/div>\n\n\n\n<div class=\"wp-block-stackable-text stk-block-text stk--hide-desktop stk--hide-tablet stk--hide-mobile stk-block stk-b268cb4\" data-block-id=\"b268cb4\"><p class=\"stk-block-text__text\">Si vous souhaitez demander un changement d&#039;\u00e9quipe, un changement de groupe, supprimer seulement certaines mati\u00e8res (annulation partielle de l&#039;inscription) ou toutes les mati\u00e8res (annulation totale de l&#039;inscription), vous devez utiliser les proc\u00e9dures pr\u00e9vues \u00e0 cet effet, que vous trouverez \u00e0 la fin de cette page dans la section &quot;<a href=\"https:\/\/www.ull.es\/matricula-de-alumnado-de-continuacion-de-la-ull\/\/#otros-tramites\" target=\"_blank\" rel=\"noopener\">Autres proc\u00e9dures\u00bb<\/a><\/p><\/div>\n\n\n\n<div class=\"wp-block-stackable-columns stk-block-columns stk--hide-desktop stk--hide-tablet stk--hide-mobile stk-block stk-348d070\" data-block-id=\"348d070\"><div class=\"stk-row stk-inner-blocks stk-block-content stk-content-align stk-348d070-column\">\n<div class=\"wp-block-stackable-column stk-block-column stk-column stk-block stk-dce28c0\" data-v=\"4\" data-block-id=\"dce28c0\"><div class=\"stk-column-wrapper stk-block-column__content stk-container stk-dce28c0-container stk--no-background stk--no-padding\"><div class=\"stk-block-content stk-inner-blocks stk-dce28c0-inner-blocks\">\n<h1 class=\"wp-block-heading\" data-block-type=\"core\"><strong>Prolongation des inscriptions pour les \u00e9tudiants de deuxi\u00e8me ann\u00e9e et plus des licences officielles<\/strong><\/h1>\n\n\n\n<p data-block-type=\"core\">La proc\u00e9dure de prolongation d&#039;inscription aux programmes de licence de l&#039;Universit\u00e9 de La Laguna s&#039;effectue par voie \u00e9lectronique pour les \u00e9tudiants de deuxi\u00e8me ann\u00e9e et plus inscrits \u00e0 temps plein. Les \u00e9tudiants \u00e0 temps partiel doivent contacter le service du registraire de leur \u00e9tablissement.<\/p>\n\n\n\n<p data-block-type=\"core\">Les \u00e9tudiants poursuivant leurs \u00e9tudes au cours de l&#039;ann\u00e9e universitaire 2025-2026 peuvent prolonger leur inscription sous les conditions suivantes\u00a0:<\/p>\n\n\n\n<ol class=\"wp-block-list\" data-block-type=\"core\">\n<li data-block-type=\"core\">Vous pouvez prolonger votre inscription d&#039;un <strong>nombre de sujets<\/strong> de la <strong>deuxi\u00e8me trimestre<\/strong> \u00e9gal \u00e0 celui des \u00e9tudiants admis lors de la session de janvier de l&#039;ann\u00e9e universitaire 2025-2026, en respectant dans tous les cas le nombre maximal de cr\u00e9dits pr\u00e9vu par le r\u00e8glement. <a href=\"https:\/\/sede.ull.es\/ecivilis-site\/bulletinBoard\/showBulletin\/22061:1\" target=\"_blank\" rel=\"noreferrer noopener\">R\u00e8glement sur le progr\u00e8s et la permanence de l&#039;ULL.<\/a><\/li>\n\n\n\n<li data-block-type=\"core\">L&#039;acc\u00e8s \u00e0 l&#039;application d&#039;auto-inscription sera disponible <strong>du 9 f\u00e9vrier \u00e0 10h00 au 11 f\u00e9vrier 2026 \u00e0 23h59.<\/strong><\/li>\n\n\n\n<li data-block-type=\"core\">Si vous rencontrez des difficult\u00e9s pour acc\u00e9der au formulaire d&#039;inscription en ligne, vous pouvez contacter le <a href=\"https:\/\/www.ull.es\/matricula-de-alumnado-de-continuacion-de-la-ull\/#contacta\" target=\"_blank\" rel=\"noreferrer noopener\">Bureau de soutien technique<\/a>.<\/li>\n<\/ol>\n\n\n\n<p style=\"text-align: center\"><a class=\"btn-destacado\" style=\"font-size: 24px;line-height: 30px;background-color: #520021;min-height: 100px\" href=\"https:\/\/www.ull.es\/automatricula\/inicio\" target=\"_blank\" rel=\"noopener noreferrer\"><strong>FRAIS DE SCOLARIT\u00c9\u00a0<\/strong><\/a><\/p>\n\n\n\n<div class=\"wp-block-stackable-heading stk-block-heading stk-block-heading--v2 stk-block stk-3e9efa2\" id=\"strong-puedes-imprimir-tu-carta-de-pago-desde-el-portal-de-servicios-strong\" data-block-id=\"3e9efa2\"><style>.stk-3e9efa2 {margin-top:50px !important;margin-bottom:50px !important;}<\/style><h3 class=\"stk-block-heading__text has-text-align-center\"><strong>Vous pouvez imprimer votre lettre de paiement \u00e0 partir du portail de services<\/strong><\/h3><\/div>\n\n\n\n<div class=\"wp-block-stackable-columns stk-block-columns stk-block stk-5a27082\" data-block-id=\"5a27082\"><style>.stk-5a27082 {margin-top:50px !important;margin-bottom:50px !important;}<\/style><div class=\"stk-row stk-inner-blocks stk-block-content stk-content-align stk-5a27082-column\">\n<div class=\"wp-block-stackable-column stk-block-column stk-column stk-block stk-3a26519\" data-v=\"4\" data-block-id=\"3a26519\"><div class=\"stk-column-wrapper stk-block-column__content stk-container stk-3a26519-container stk--no-background stk--no-padding\"><div class=\"stk-block-content stk-inner-blocks stk-3a26519-inner-blocks\">\n<p style=\"text-align: center\"><strong><a class=\"btn-destacado\" style=\"background-color: #f2ce68;font-size: 18px;line-height: 24px !important;text-align: center;min-height: 100px!important;padding-top: 20px !important\" href=\"https:\/\/portal.ull.es\" target=\"_blank\" rel=\"noopener noreferrer\">Portail de service (imprimer la lettre de paiement)<\/a><\/strong><\/p>\n<\/div><\/div><\/div>\n\n\n\n<div class=\"wp-block-stackable-column stk-block-column stk-column stk-block stk-42d59ba\" data-v=\"4\" data-block-id=\"42d59ba\"><div class=\"stk-column-wrapper stk-block-column__content stk-container stk-42d59ba-container stk--no-background stk--no-padding\"><div class=\"stk-block-content stk-inner-blocks stk-42d59ba-inner-blocks\">\n<p style=\"text-align: center\"><strong><a class=\"btn-destacado\" style=\"background-color: #f2ce68;font-size: 18px;line-height: 24px !important;text-align: center;min-height: 100px!important;padding-top: 20px !important\" href=\"https:\/\/www.ull.es\/pagos\/\" target=\"_blank\" rel=\"noopener noreferrer\">Portail de paiement<\/a><\/strong><\/p>\n<\/div><\/div><\/div>\n<\/div><\/div>\n<\/div><\/div><\/div>\n<\/div><\/div>\n\n\n\n<div class=\"wp-block-stackable-columns stk-block-columns stk-block stk-47b7ce4\" data-block-id=\"47b7ce4\"><div class=\"stk-row stk-inner-blocks stk-block-content stk-content-align stk-47b7ce4-column\">\n<div class=\"wp-block-stackable-column stk-block-column stk-column stk-block stk-4999585\" data-v=\"4\" data-block-id=\"4999585\"><div class=\"stk-column-wrapper stk-block-column__content stk-container stk-4999585-container stk--no-background stk--no-padding\"><div class=\"stk-block-content stk-inner-blocks stk-4999585-inner-blocks\">\n<h1 class=\"wp-block-heading\" data-block-type=\"core\"><strong>Prolongation des inscriptions pour les \u00e9tudiants de deuxi\u00e8me ann\u00e9e et plus des licences officielles<\/strong><\/h1>\n\n\n\n<p data-block-type=\"core\">La proc\u00e9dure de prolongation d&#039;inscription aux programmes de licence de l&#039;Universit\u00e9 de La Laguna s&#039;effectue par voie \u00e9lectronique pour les \u00e9tudiants de deuxi\u00e8me ann\u00e9e et plus inscrits \u00e0 temps plein. Les \u00e9tudiants \u00e0 temps partiel doivent contacter le service du registraire de leur \u00e9tablissement.<\/p>\n\n\n\n<p data-block-type=\"core\">Les \u00e9tudiants poursuivant leurs \u00e9tudes au cours de l&#039;ann\u00e9e universitaire 2025-2026 peuvent prolonger leur inscription sous les conditions suivantes\u00a0:<\/p>\n\n\n\n<ol class=\"wp-block-list\" data-block-type=\"core\">\n<li data-block-type=\"core\">Vous pouvez prolonger votre inscription d&#039;un <strong>nombre de sujets<\/strong> de la <strong>deuxi\u00e8me trimestre<\/strong> \u00e9gal \u00e0 celui des \u00e9tudiants admis lors de la session de janvier de l&#039;ann\u00e9e universitaire 2025-2026, en respectant dans tous les cas le nombre maximal de cr\u00e9dits pr\u00e9vu par le r\u00e8glement. <a href=\"https:\/\/sede.ull.es\/ecivilis-site\/bulletinBoard\/showBulletin\/22061:1\" target=\"_blank\" rel=\"noreferrer noopener\">R\u00e8glement sur le progr\u00e8s et la permanence de l&#039;ULL.<\/a><\/li>\n\n\n\n<li data-block-type=\"core\">L&#039;acc\u00e8s \u00e0 l&#039;application d&#039;auto-inscription sera disponible <strong>du 9 f\u00e9vrier \u00e0 10h00 au 11 f\u00e9vrier 2026 \u00e0 23h59.<\/strong><\/li>\n\n\n\n<li data-block-type=\"core\">Si vous rencontrez des difficult\u00e9s pour acc\u00e9der au formulaire d&#039;inscription en ligne, vous pouvez contacter le <a href=\"https:\/\/www.ull.es\/matricula-de-alumnado-de-continuacion-de-la-ull\/#contacta-con-la-universidad\" target=\"_blank\" rel=\"noreferrer noopener\">Bureau de soutien technique<\/a>.<\/li>\n<\/ol>\n<\/div><\/div><\/div>\n<\/div><\/div>\n\n\n\n<div class=\"wp-block-stackable-columns alignfull stk-block-columns stk-block stk-f232977 stk-block-background stk--has-background-overlay\" data-block-id=\"f232977\"><style>.stk-f232977 {background-color:#ddd6fc !important;background-image:url(https:\/\/www.ull.es\/admision-becas\/wp-content\/uploads\/sites\/8\/2025\/11\/Recursos-landing-PAU_Lineas-degradadas-entera-derecha.png) !important;background-position:center center !important;background-repeat:no-repeat !important;border-top-left-radius:30px !important;border-top-right-radius:30px !important;border-bottom-right-radius:30px !important;border-bottom-left-radius:30px !important;overflow:hidden !important;margin-bottom:0px !important;}.stk-f232977:before{background-color:#ddd6fc !important;opacity:0 !important;}.stk-f232977-column{max-width:1300px !important;min-width:auto !important;}@media screen and (max-width: 767px){.stk-f232977-column{max-width:1500px !important;min-width:auto !important;}}<\/style><div class=\"stk-row stk-inner-blocks stk-block-content stk-content-align stk-f232977-column\">\n<div class=\"wp-block-stackable-column stk-block-column stk-column stk-block stk-45b502b\" data-v=\"4\" data-block-id=\"45b502b\"><style>.stk-45b502b {border-top-left-radius:30px !important;border-top-right-radius:30px !important;border-bottom-right-radius:30px !important;border-bottom-left-radius:30px !important;overflow:hidden !important;padding-top:50px !important;padding-right:50px !important;padding-bottom:50px !important;padding-left:50px !important;margin-top:30px !important;margin-bottom:30px !important;}@media screen and (max-width: 767px){.stk-45b502b {padding-top:20px !important;padding-right:20px !important;padding-bottom:20px !important;padding-left:20px !important;margin-top:15px !important;margin-right:10px !important;margin-bottom:15px !important;margin-left:10px !important;}}<\/style><div class=\"stk-column-wrapper stk-block-column__content stk-container stk-45b502b-container stk--no-background stk--no-padding\"><div class=\"stk-block-content stk-inner-blocks stk-45b502b-inner-blocks\">\n<div class=\"wp-block-stackable-icon-label stk-block-icon-label stk-block stk-405e850 stk-block-background\" id=\"a-href-https-www-ull-es-links-interes-data-type-page-data-id-15808-span-style-color-var-stk-global-color-92696-eeeeee-class-stk-highlight-acceso-a-las-notas-de-corte-dobles-grados-2025-2026-span-a\" data-block-id=\"405e850\"><style>.stk-405e850 {background-color:#7c30e3 !important;border-top-left-radius:25px !important;border-top-right-radius:25px !important;border-bottom-right-radius:25px !important;border-bottom-left-radius:25px !important;overflow:hidden !important;border-style:solid !important;border-color:#dfdad1 !important;border-top-width:0px !important;border-right-width:0px !important;border-bottom-width:1px !important;border-left-width:0px !important;padding-top:36px !important;padding-right:20px !important;padding-bottom:36px !important;padding-left:25px !important;margin-bottom:24px !important;}.stk-405e850:before{background-color:#7c30e3 !important;}<\/style><div class=\"stk-row stk-inner-blocks stk-block-content\">\n<div class=\"wp-block-stackable-heading stk-block-heading stk-block-heading--v2 stk-block stk-52d5e6f\" id=\"a-href-https-www-ull-es-automatricula-inicio-span-style-color-fffffe-class-stk-highlight-matricula-span-a\" data-block-id=\"52d5e6f\"><style>.stk-52d5e6f .stk-block-heading__text{color:#000000 !important;font-weight:600 !important;font-family:\"Montserrat\", Sans-serif !important;}@media screen and (max-width: 767px){.stk-52d5e6f .stk-block-heading__text{font-size:15px !important;}}<\/style><h4 class=\"stk-block-heading__text has-text-color\"><a href=\"https:\/\/www.ull.es\/automatricula\/inicio\" target=\"_blank\" rel=\"noopener\"><span style=\"color: #fffffe\" class=\"stk-highlight\">FRAIS DE SCOLARIT\u00c9<\/span><\/a><\/h4><\/div>\n\n\n\n<div class=\"wp-block-stackable-icon stk-block-icon has-text-align-left stk-block stk-f721377\" data-block-id=\"f721377\"><style>@media screen and (max-width: 767px){.stk-f721377 .stk--svg-wrapper .stk--inner-svg svg:last-child{height:20px !important;width:20px !important;}}<\/style><a class=\"stk-link\" href=\"https:\/\/www.ull.es\/automatricula\/inicio\" target=\"_blank\" rel=\"noreferrer noopener\"><span class=\"stk--svg-wrapper\"><div class=\"stk--inner-svg\"><svg style=\"height:0;width:0\"><defs><lineargradient id=\"linear-gradient-f721377\" x1=\"0\" x2=\"100%\" y1=\"0\" y2=\"0\"><stop offset=\"0%\" style=\"stop-opacity:1;stop-color:var(--linear-gradient-f-721377-color-1)\"><\/stop><stop offset=\"100%\" style=\"stop-opacity:1;stop-color:var(--linear-gradient-f-721377-color-2)\"><\/stop><\/lineargradient><\/defs><\/svg><svg class=\"ugb-custom-icon\" data-name=\"Capa 1\" xmlns=\"http:\/\/www.w3.org\/2000\/svg\" viewbox=\"0 0 36 36\" aria-hidden=\"true\" width=\"32\" height=\"32\">\n  <defs>\n    <style>\n      .cls-1 {\n        fill: #fff;\n      }\n\n      .cls-2 {\n        fill: #782ce8;\n      }\n    <\/style>\n  <\/defs>\n  <circle class=\"cls-1\" cx=\"18\" cy=\"18\" r=\"18\" \/>\n  <polygon class=\"cls-2\" points=\"24.35 23.34 21.01 23.33 21.01 17.26 13.19 25.08 10.92 22.81 18.81 14.92 12.73 14.92 12.73 11.58 24.35 11.58 24.35 23.34\" \/>\n<\/svg><\/div><\/span><\/a><\/div>\n<\/div><\/div>\n<\/div><\/div><\/div>\n<\/div><\/div>\n\n\n\n<div class=\"wp-block-stackable-columns alignfull stk-block-columns stk-block stk-9ed4c56 stk-block-background stk--has-background-overlay\" data-block-id=\"9ed4c56\"><style>.stk-9ed4c56 {background-color:#cffeea !important;background-image:url(https:\/\/www.ull.es\/admision-becas\/wp-content\/uploads\/sites\/8\/2025\/11\/Recursos-landing-PAU_Lineas-degradadas-recortada-izquierda-mobile.png) !important;background-position:bottom right !important;background-repeat:no-repeat !important;border-top-left-radius:30px !important;border-top-right-radius:30px !important;border-bottom-right-radius:30px !important;border-bottom-left-radius:30px !important;overflow:hidden !important;margin-top:-20px !important;margin-bottom:0px !important;}.stk-9ed4c56:before{background-color:#cffeea !important;opacity:0 !important;}.stk-9ed4c56-column{max-width:1300px !important;min-width:auto !important;}@media screen and (max-width: 767px){.stk-9ed4c56-column{max-width:1500px !important;min-width:auto !important;}}<\/style><div class=\"stk-row stk-inner-blocks stk-block-content stk-content-align stk-9ed4c56-column\">\n<div class=\"wp-block-stackable-column stk-block-column stk-column stk-block stk-ad38816\" data-v=\"4\" data-block-id=\"ad38816\"><style>.stk-ad38816 {border-top-left-radius:30px !important;border-top-right-radius:30px !important;border-bottom-right-radius:30px !important;border-bottom-left-radius:30px !important;overflow:hidden !important;padding-top:50px !important;padding-right:50px !important;padding-bottom:50px !important;padding-left:50px !important;margin-top:30px !important;margin-bottom:30px !important;}@media screen and (max-width: 767px){.stk-ad38816 {padding-top:20px !important;padding-right:20px !important;padding-bottom:20px !important;padding-left:20px !important;margin-top:15px !important;margin-right:10px !important;margin-bottom:15px !important;margin-left:10px !important;}}<\/style><div class=\"stk-column-wrapper stk-block-column__content stk-container stk-ad38816-container stk--no-background stk--no-padding\"><div class=\"stk-block-content stk-inner-blocks stk-ad38816-inner-blocks\">\n<div class=\"wp-block-stackable-icon-label stk-block-icon-label stk-block stk-280afca stk-block-background\" id=\"a-href-https-www-ull-es-automatricula-inicio-span-style-color-fffffe-class-stk-highlight-matricula-span-a\" data-block-id=\"280afca\"><style>.stk-280afca {background-color:#fffffe !important;border-top-left-radius:25px !important;border-top-right-radius:25px !important;border-bottom-right-radius:25px !important;border-bottom-left-radius:25px !important;overflow:hidden !important;border-style:solid !important;border-color:#dfdad1 !important;border-top-width:0px !important;border-right-width:0px !important;border-bottom-width:1px !important;border-left-width:0px !important;padding-top:36px !important;padding-right:20px !important;padding-bottom:36px !important;padding-left:25px !important;margin-bottom:24px !important;}.stk-280afca:before{background-color:#fffffe !important;}<\/style><div class=\"stk-row stk-inner-blocks stk-block-content\">\n<div class=\"wp-block-stackable-heading stk-block-heading stk-block-heading--v2 stk-block stk-ddc7d6b\" id=\"a-href-https-portal-ull-es-span-style-color-5-c-068-c-class-stk-highlight-portal-de-servicios-imprimir-la-carta-de-pago-span-a\" data-block-id=\"ddc7d6b\"><style>.stk-ddc7d6b .stk-block-heading__text{color:#000000 !important;font-weight:600 !important;font-family:\"Montserrat\", Sans-serif !important;}@media screen and (max-width: 767px){.stk-ddc7d6b .stk-block-heading__text{font-size:15px !important;}}<\/style><h4 class=\"stk-block-heading__text has-text-color\"><a href=\"https:\/\/portal.ull.es\/\" target=\"_blank\" rel=\"noopener\"><span style=\"color: #5c068c\" class=\"stk-highlight\">Portail de service (imprimer la lettre de paiement)<\/span><\/a><\/h4><\/div>\n\n\n\n<div class=\"wp-block-stackable-icon stk-block-icon has-text-align-left stk-block stk-7e34995\" data-block-id=\"7e34995\"><style>@media screen and (max-width: 767px){.stk-7e34995 .stk--svg-wrapper .stk--inner-svg svg:last-child{height:20px !important;width:20px !important;}}<\/style><a class=\"stk-link\" href=\"https:\/\/portal.ull.es\/\" target=\"_blank\" rel=\"noreferrer noopener\"><span class=\"stk--svg-wrapper\"><div class=\"stk--inner-svg\"><svg style=\"height:0;width:0\"><defs><lineargradient id=\"linear-gradient-7e34995\" x1=\"0\" x2=\"100%\" y1=\"0\" y2=\"0\"><stop offset=\"0%\" style=\"stop-opacity:1;stop-color:var(--linear-gradient-7-e-34995-color-1)\"><\/stop><stop offset=\"100%\" style=\"stop-opacity:1;stop-color:var(--linear-gradient-7-e-34995-color-2)\"><\/stop><\/lineargradient><\/defs><\/svg><svg class=\"ugb-custom-icon\" data-name=\"Capa 1\" xmlns=\"http:\/\/www.w3.org\/2000\/svg\" viewbox=\"0 0 36 36\" aria-hidden=\"true\" width=\"32\" height=\"32\">\n  <defs>\n    <style>\n      .cls-1 {\n        fill: #fff;\n      }\n\n      .cls-2 {\n        fill: #782ce8;\n      }\n    <\/style>\n  <\/defs>\n  <circle class=\"cls-1\" cx=\"18\" cy=\"18\" r=\"18\" \/>\n  <polygon class=\"cls-2\" points=\"24.35 23.34 21.01 23.33 21.01 17.26 13.19 25.08 10.92 22.81 18.81 14.92 12.73 14.92 12.73 11.58 24.35 11.58 24.35 23.34\" \/>\n<\/svg><\/div><\/span><\/a><\/div>\n<\/div><\/div>\n\n\n\n<div class=\"wp-block-stackable-icon-label stk-block-icon-label stk-block stk-fefbe79 stk-block-background\" id=\"a-href-https-www-ull-es-automatricula-inicio-span-style-color-fffffe-class-stk-highlight-matricula-span-a\" data-block-id=\"fefbe79\"><style>.stk-fefbe79 {background-color:#fffffe !important;border-top-left-radius:25px !important;border-top-right-radius:25px !important;border-bottom-right-radius:25px !important;border-bottom-left-radius:25px !important;overflow:hidden !important;border-style:solid !important;border-color:#dfdad1 !important;border-top-width:0px !important;border-right-width:0px !important;border-bottom-width:1px !important;border-left-width:0px !important;padding-top:36px !important;padding-right:20px !important;padding-bottom:36px !important;padding-left:25px !important;margin-bottom:24px !important;}.stk-fefbe79:before{background-color:#fffffe !important;}<\/style><div class=\"stk-row stk-inner-blocks stk-block-content\">\n<div class=\"wp-block-stackable-heading stk-block-heading stk-block-heading--v2 stk-block stk-5539709\" id=\"a-href-https-www-ull-es-pagos-span-style-color-5-c-068-c-class-stk-highlight-portal-de-pagos-span-a\" data-block-id=\"5539709\"><style>.stk-5539709 .stk-block-heading__text{color:#000000 !important;font-weight:600 !important;font-family:\"Montserrat\", Sans-serif !important;}@media screen and (max-width: 767px){.stk-5539709 .stk-block-heading__text{font-size:15px !important;}}<\/style><h4 class=\"stk-block-heading__text has-text-color\"><a href=\"https:\/\/www.ull.es\/pagos\/\" target=\"_blank\" rel=\"noopener\"><span style=\"color: #5c068c\" class=\"stk-highlight\">Portail de paiement<\/span><\/a><\/h4><\/div>\n\n\n\n<div class=\"wp-block-stackable-icon stk-block-icon has-text-align-left stk-block stk-07b142d\" data-block-id=\"07b142d\"><style>@media screen and (max-width: 767px){.stk-07b142d .stk--svg-wrapper .stk--inner-svg svg:last-child{height:20px !important;width:20px !important;}}<\/style><a class=\"stk-link\" href=\"https:\/\/www.ull.es\/pagos\/\" target=\"_blank\" rel=\"noreferrer noopener\"><span class=\"stk--svg-wrapper\"><div class=\"stk--inner-svg\"><svg style=\"height:0;width:0\"><defs><lineargradient id=\"linear-gradient-07b142d\" x1=\"0\" x2=\"100%\" y1=\"0\" y2=\"0\"><stop offset=\"0%\" style=\"stop-opacity:1;stop-color:var(--linear-gradient-07-b-142-d-color-1)\"><\/stop><stop offset=\"100%\" style=\"stop-opacity:1;stop-color:var(--linear-gradient-07-b-142-d-color-2)\"><\/stop><\/lineargradient><\/defs><\/svg><svg class=\"ugb-custom-icon\" data-name=\"Capa 1\" xmlns=\"http:\/\/www.w3.org\/2000\/svg\" viewbox=\"0 0 36 36\" aria-hidden=\"true\" width=\"32\" height=\"32\">\n  <defs>\n    <style>\n      .cls-1 {\n        fill: #fff;\n      }\n\n      .cls-2 {\n        fill: #782ce8;\n      }\n    <\/style>\n  <\/defs>\n  <circle class=\"cls-1\" cx=\"18\" cy=\"18\" r=\"18\" \/>\n  <polygon class=\"cls-2\" points=\"24.35 23.34 21.01 23.33 21.01 17.26 13.19 25.08 10.92 22.81 18.81 14.92 12.73 14.92 12.73 11.58 24.35 11.58 24.35 23.34\" \/>\n<\/svg><\/div><\/span><\/a><\/div>\n<\/div><\/div>\n<\/div><\/div><\/div>\n<\/div><\/div>\n\n\n\n<div class=\"wp-block-stackable-spacer stk-block-spacer stk--no-padding stk-block stk-076e4b4\" data-block-id=\"076e4b4\"><style>.stk-076e4b4 {height:30px !important;}<\/style><\/div>\n\n\n\n<details class=\"wp-block-stackable-accordion stk-block-accordion stk-inner-blocks stk-block-content stk-block stk-6b07302 is-style-plain\" id=\"contacta-con-la-universidad\" data-block-id=\"6b07302\"><style>.stk-6b07302 {padding-bottom:10px !important;margin-bottom:0px !important;}<\/style>\n<summary class=\"wp-block-stackable-column stk-block-column stk-column stk-block stk-9964430 stk--container-small stk-block-accordion__heading\" data-v=\"4\" data-block-id=\"9964430\"><style>.stk-9964430 {border-style:solid !important;border-top-width:0px !important;border-right-width:0px !important;border-bottom-width:1px !important;border-left-width:0px !important;padding-top:0px !important;padding-right:0px !important;padding-bottom:0px !important;padding-left:0px !important;}.stk-9964430-container{padding-top:0px !important;padding-right:0px !important;padding-bottom:0px !important;padding-left:0px !important;}<\/style><div class=\"stk-column-wrapper stk-block-column__content stk-container stk-9964430-container stk--no-background stk--no-padding\"><div class=\"stk-block-content stk-inner-blocks stk-9964430-inner-blocks\">\n<div class=\"wp-block-stackable-icon-label stk-block-icon-label stk-block stk-a003cc1\" data-block-id=\"a003cc1\"><style>.stk-a003cc1 .stk-inner-blocks{gap:40px !important;}@media screen and (max-width: 1023px){.stk-a003cc1 .stk-inner-blocks{gap:40px !important;}}@media screen and (max-width: 767px){.stk-a003cc1 .stk-inner-blocks{gap:40px !important;}}<\/style><div class=\"stk-row stk-inner-blocks stk-block-content\">\n<div class=\"wp-block-stackable-icon stk-block-icon stk-block stk-6db2890\" data-block-id=\"6db2890\"><style>.stk-6db2890 .stk--svg-wrapper .stk--inner-svg svg:last-child{height:24px !important;width:24px !important;}.stk-6db2890 .stk--svg-wrapper .stk--inner-svg svg:last-child, .stk-6db2890 .stk--svg-wrapper .stk--inner-svg svg:last-child :is(g, path, rect, polygon, ellipse){fill:var(--stk-global-color-60833, #5c068c) !important;}<\/style><span class=\"stk--svg-wrapper stk--has-icon2\"><div class=\"stk--inner-svg\"><svg style=\"height:0;width:0\"><defs><lineargradient id=\"linear-gradient-6db2890\" x1=\"0\" x2=\"100%\" y1=\"0\" y2=\"0\"><stop offset=\"0%\" style=\"stop-opacity:1;stop-color:var(--linear-gradient-6-db-2890-color-1)\"><\/stop><stop offset=\"100%\" style=\"stop-opacity:1;stop-color:var(--linear-gradient-6-db-2890-color-2)\"><\/stop><\/lineargradient><\/defs><\/svg><svg xmlns=\"http:\/\/www.w3.org\/2000\/svg\" viewbox=\"0 0 512 512\" aria-hidden=\"true\" width=\"32\" height=\"32\"><path d=\"M512 240c0 114.9-114.6 208-256 208c-37.1 0-72.3-6.4-104.1-17.9c-11.9 8.7-31.3 20.6-54.3 30.6C73.6 471.1 44.7 480 16 480c-6.5 0-12.3-3.9-14.8-9.9c-2.5-6-1.1-12.8 3.4-17.4l0 0 0 0 0 0 0 0 .3-.3c.3-.3 .7-.7 1.3-1.4c1.1-1.2 2.8-3.1 4.9-5.7c4.1-5 9.6-12.4 15.2-21.6c10-16.6 19.5-38.4 21.4-62.9C17.7 326.8 0 285.1 0 240C0 125.1 114.6 32 256 32s256 93.1 256 208z\" \/><\/svg><\/div><div class=\"stk--inner-svg stk--icon-2\" style=\"display:none\"><svg style=\"height:0;width:0\"><defs><lineargradient id=\"linear-gradient-6db2890\" x1=\"0\" x2=\"100%\" y1=\"0\" y2=\"0\"><stop offset=\"0%\" style=\"stop-opacity:1;stop-color:var(--linear-gradient-6-db-2890-color-1)\"><\/stop><stop offset=\"100%\" style=\"stop-opacity:1;stop-color:var(--linear-gradient-6-db-2890-color-2)\"><\/stop><\/lineargradient><\/defs><\/svg><svg xmlns=\"http:\/\/www.w3.org\/2000\/svg\" viewbox=\"0 0 640 512\" aria-hidden=\"true\" width=\"32\" height=\"32\"><path d=\"M208 352c114.9 0 208-78.8 208-176S322.9 0 208 0S0 78.8 0 176c0 38.6 14.7 74.3 39.6 103.4c-3.5 9.4-8.7 17.7-14.2 24.7c-4.8 6.2-9.7 11-13.3 14.3c-1.8 1.6-3.3 2.9-4.3 3.7c-.5 .4-.9 .7-1.1 .8l-.2 .2 0 0 0 0C1 327.2-1.4 334.4 .8 340.9S9.1 352 16 352c21.8 0 43.8-5.6 62.1-12.5c9.2-3.5 17.8-7.4 25.3-11.4C134.1 343.3 169.8 352 208 352zM448 176c0 112.3-99.1 196.9-216.5 207C255.8 457.4 336.4 512 432 512c38.2 0 73.9-8.7 104.7-23.9c7.5 4 16 7.9 25.2 11.4c18.3 6.9 40.3 12.5 62.1 12.5c6.9 0 13.1-4.5 15.2-11.1c2.1-6.6-.2-13.8-5.8-17.9l0 0 0 0-.2-.2c-.2-.2-.6-.4-1.1-.8c-1-.8-2.5-2-4.3-3.7c-3.6-3.3-8.5-8.1-13.3-14.3c-5.5-7-10.7-15.4-14.2-24.7c24.9-29 39.6-64.7 39.6-103.4c0-92.8-84.9-168.9-192.6-175.5c.4 5.1 .6 10.3 .6 15.5z\" \/><\/svg><\/div><\/span><\/div>\n\n\n\n<div class=\"wp-block-stackable-heading stk-block-heading stk-block-heading--v2 stk-block stk-9beb1fb\" id=\"contacta-con-la-universidad\" data-block-id=\"9beb1fb\"><style>.stk-9beb1fb .stk-block-heading__text{color:#0f0e17 !important;font-weight:500 !important;font-family:\"ArgentumSans\", Sans-serif !important;}<\/style><h4 class=\"stk-block-heading__text has-text-color\">Contacter l&#039;Universit\u00e9<\/h4><\/div>\n<\/div><\/div>\n<\/div><\/div><\/summary>\n\n\n\n<div class=\"wp-block-stackable-column stk-block-column stk-column stk-block stk-24d301b stk-block-accordion__content\" data-v=\"4\" data-block-id=\"24d301b\"><style>.stk-24d301b-container{padding-top:0px !important;padding-right:0px !important;padding-bottom:0px !important;padding-left:0px !important;}<\/style><div class=\"stk-column-wrapper stk-block-column__content stk-container stk-24d301b-container stk--no-background stk--no-padding\"><div class=\"stk-block-content stk-inner-blocks stk-24d301b-inner-blocks\">\n<p data-block-type=\"core\">Il&nbsp;<strong>Service d&#039;information et d&#039;orientation<\/strong>&nbsp;(SIO) r\u00e9pondra aux questions sur les qualifications, les services aux \u00e9tudiants, la pr\u00e9inscription et l&#039;inscription de 9h00 \u00e0 14h00 (du lundi au vendredi).<\/p>\n\n\n\n<p data-block-type=\"core\">Il&nbsp;<strong>Bureau de soutien technique<\/strong>&nbsp;(NAT) r\u00e9pondra aux questions techniques concernant le processus de pr\u00e9inscription et d&#039;inscription de 9h00 \u00e0 19h00 (du lundi au vendredi).<\/p>\n\n\n\n<div class=\"wp-block-stackable-columns stk-block-columns stk-block stk-d16ae5d\" data-block-id=\"d16ae5d\"><div class=\"stk-row stk-inner-blocks stk-block-content stk-content-align stk-d16ae5d-column\">\n<div class=\"wp-block-stackable-column stk-block-column stk-column stk-block stk-48754f2\" data-v=\"4\" data-block-id=\"48754f2\"><div class=\"stk-column-wrapper stk-block-column__content stk-container stk-48754f2-container stk--no-background stk--no-padding\"><div class=\"stk-block-content stk-inner-blocks stk-48754f2-inner-blocks\">\n<div style=\"padding:0px 30px 30px 25px;width:100%\">\n<h3><span style=\"color: #5C068C\"><strong>SIO<\/strong><\/span><\/h3>\n<h5><span style=\"color: #5C068C\"><strong>INFORMATIONS ET ORIENTATIONS<\/strong><\/span><\/h5>\n<p style=\"font-size: 12px;line-height: 12px;font-weight: 500\"><strong style=\"font-weight: 500\">Adresse : <\/strong><span style=\"font-weight: 400\">&nbsp;C\/ Pedro Zerolo, s\/n. B\u00e2timent central. Bo\u00eete postale 456. Code postal 38200. San Crist\u00f3bal de La Laguna. S\/C de T\u00e9n\u00e9rife<\/span><\/p>\n<p style=\"font-size: 12px;line-height: 12px;font-weight: 500\"><strong style=\"font-weight: 500\">T\u00e9l\u00e9phone<\/strong>: <span style=\"color: #000000;line-height: 12px;font-weight: 400\"><a style=\"color: #000000\" target=\"_blank\" rel=\"noopener\"> (+34) 922 319 620<\/a><\/span><\/p>\n<p style=\"font-size: 12px;line-height: 12px;font-weight: 500\"><strong style=\"font-weight: 500\">WhatsApp<\/strong>: <span style=\"color: #000000;line-height: 12px;font-weight: 400\"><a style=\"color: #000000\" target=\"_blank\" rel=\"noopener\"> (+34) 692 62 26 33<\/a><\/span><\/p>\n<p style=\"font-size: 12px;line-height: 12px;font-weight: 500\"><strong style=\"font-weight: 500\">Mail:<\/strong> <span style=\"color: #000000;line-height: 12px;font-weight: 400\"><a style=\"color: #000000\" target=\"_blank\" rel=\"noopener\"> sioinfo@ull.es<\/a><\/span><\/p>\n<p style=\"font-size: 12px;line-height: 12px;font-weight: 500\"><strong style=\"font-weight: 500\">Calendrier<\/strong>: <span style=\"color: #000000;line-height: 2px;font-weight: 400\">9h00 \u00e0 14h00 du lundi au vendredi<\/span><\/p>\n<\/div>\n<\/div><\/div><\/div>\n\n\n\n<div class=\"wp-block-stackable-column stk-block-column stk-column stk-block stk-ca550db\" data-v=\"4\" data-block-id=\"ca550db\"><div class=\"stk-column-wrapper stk-block-column__content stk-container stk-ca550db-container stk--no-background stk--no-padding\"><div class=\"stk-block-content stk-inner-blocks stk-ca550db-inner-blocks\">\n<div style=\"padding:0px 30px 30px 25px;width:100%\">\n<h3><span style=\"color: #5C068C\"><strong>NAT<\/strong><\/span><\/h3>\n<h5><span style=\"color: #5C068C\"><strong>SUPPORT TECHNIQUE<\/strong><\/span><\/h5>\n<p style=\"font-size: 12px;line-height: 12px;font-weight: 500\"><strong style=\"font-weight: 500\">T\u00e9l\u00e9phone<\/strong>: <span style=\"color: #000000;line-height: 12px;font-weight: 400\"><a style=\"color: #000000\" target=\"_blank\" rel=\"noopener\"> (+34) 922 319 030<\/a><\/span><\/p>\n<p style=\"font-size: 12px;line-height: 12px;font-weight: 500\"><strong style=\"font-weight: 500\">Mail<\/strong>: <span style=\"color: #000000;line-height: 2px;font-weight: 400\"><a href=\"mailto:cau@ull.es\" target=\"_blank\" rel=\"noopener\">&nbsp;cau@ull.es<\/a><\/span><\/p>\n<p style=\"font-size: 12px;line-height: 12px;font-weight: 500\"><strong style=\"font-weight: 500\">Calendrier<\/strong>: <span style=\"color: #000000;line-height: 2px;font-weight: 400\">9h00 \u00e0 14h00 du lundi au vendredi<\/span><\/p>\n<\/div>\n<\/div><\/div><\/div>\n<\/div><\/div>\n<\/div><\/div><\/div>\n<\/details>\n\n\n\n<details class=\"wp-block-stackable-accordion stk-block-accordion stk--hide-desktop stk--hide-tablet stk--hide-mobile stk-inner-blocks stk-block-content stk-block stk-8479735 is-style-plain\" id=\"otros-tramites\" data-block-id=\"8479735\"><style>.stk-8479735 {padding-bottom:10px !important;margin-bottom:0px !important;}<\/style>\n<summary class=\"wp-block-stackable-column stk-block-column stk-column stk--hide-desktop stk--hide-tablet stk--hide-mobile stk-block stk-8f3cb3c stk--container-small stk-block-accordion__heading\" data-v=\"4\" data-block-id=\"8f3cb3c\"><style>.stk-8f3cb3c {border-style:solid !important;border-top-width:0px !important;border-right-width:0px !important;border-bottom-width:1px !important;border-left-width:0px !important;padding-top:0px !important;padding-right:0px !important;padding-bottom:0px !important;padding-left:0px !important;}.stk-8f3cb3c-container{padding-top:0px !important;padding-right:0px !important;padding-bottom:0px !important;padding-left:0px !important;}<\/style><div class=\"stk-column-wrapper stk-block-column__content stk-container stk-8f3cb3c-container stk--no-background stk--no-padding\"><div class=\"stk-block-content stk-inner-blocks stk-8f3cb3c-inner-blocks\">\n<div class=\"wp-block-stackable-icon-label stk-block-icon-label stk-block stk-e2f66ca\" data-block-id=\"e2f66ca\"><style>.stk-e2f66ca .stk-inner-blocks{gap:40px !important;}@media screen and (max-width: 1023px){.stk-e2f66ca .stk-inner-blocks{gap:40px !important;}}@media screen and (max-width: 767px){.stk-e2f66ca .stk-inner-blocks{gap:40px !important;}}<\/style><div class=\"stk-row stk-inner-blocks stk-block-content\">\n<div class=\"wp-block-stackable-icon stk-block-icon stk-block stk-ee9cd06\" data-block-id=\"ee9cd06\"><style>.stk-ee9cd06 .stk--svg-wrapper .stk--inner-svg svg:last-child{height:24px !important;width:24px !important;}.stk-ee9cd06 .stk--svg-wrapper .stk--inner-svg svg:last-child, .stk-ee9cd06 .stk--svg-wrapper .stk--inner-svg svg:last-child :is(g, path, rect, polygon, ellipse){fill:var(--stk-global-color-60833, #5c068c) !important;}<\/style><span class=\"stk--svg-wrapper stk--has-icon2\"><div class=\"stk--inner-svg\"><svg style=\"height:0;width:0\"><defs><lineargradient id=\"linear-gradient-ee9cd06\" x1=\"0\" x2=\"100%\" y1=\"0\" y2=\"0\"><stop offset=\"0%\" style=\"stop-opacity:1;stop-color:var(--linear-gradient-ee-9-cd-06-color-1)\"><\/stop><stop offset=\"100%\" style=\"stop-opacity:1;stop-color:var(--linear-gradient-ee-9-cd-06-color-2)\"><\/stop><\/lineargradient><\/defs><\/svg><svg xmlns=\"http:\/\/www.w3.org\/2000\/svg\" viewbox=\"0 0 448 512\" aria-hidden=\"true\" width=\"32\" height=\"32\"><path d=\"M64 32C28.7 32 0 60.7 0 96V416c0 35.3 28.7 64 64 64H288V368c0-26.5 21.5-48 48-48H448V96c0-35.3-28.7-64-64-64H64zM448 352H402.7 336c-8.8 0-16 7.2-16 16v66.7V480l32-32 64-64 32-32z\" \/><\/svg><\/div><div class=\"stk--inner-svg stk--icon-2\" style=\"display:none\"><svg style=\"height:0;width:0\"><defs><lineargradient id=\"linear-gradient-ee9cd06\" x1=\"0\" x2=\"100%\" y1=\"0\" y2=\"0\"><stop offset=\"0%\" style=\"stop-opacity:1;stop-color:var(--linear-gradient-ee-9-cd-06-color-1)\"><\/stop><stop offset=\"100%\" style=\"stop-opacity:1;stop-color:var(--linear-gradient-ee-9-cd-06-color-2)\"><\/stop><\/lineargradient><\/defs><\/svg><svg xmlns=\"http:\/\/www.w3.org\/2000\/svg\" viewbox=\"0 0 448 512\" aria-hidden=\"true\" width=\"32\" height=\"32\"><path d=\"M64 80c-8.8 0-16 7.2-16 16V416c0 8.8 7.2 16 16 16H288V352c0-17.7 14.3-32 32-32h80V96c0-8.8-7.2-16-16-16H64zM288 480H64c-35.3 0-64-28.7-64-64V96C0 60.7 28.7 32 64 32H384c35.3 0 64 28.7 64 64V320v5.5c0 17-6.7 33.3-18.7 45.3l-90.5 90.5c-12 12-28.3 18.7-45.3 18.7H288z\" \/><\/svg><\/div><\/span><\/div>\n\n\n\n<div class=\"wp-block-stackable-heading stk-block-heading stk-block-heading--v2 stk-block stk-46bd216\" id=\"otros-tramites\" data-block-id=\"46bd216\"><style>.stk-46bd216 .stk-block-heading__text{color:#000000 !important;font-weight:500 !important;font-family:\"ArgentumSans\", Sans-serif !important;}<\/style><h4 class=\"stk-block-heading__text has-text-color\">Autres proc\u00e9dures<\/h4><\/div>\n<\/div><\/div>\n<\/div><\/div><\/summary>\n\n\n\n<div class=\"wp-block-stackable-column stk-block-column stk-column stk-block stk-03f14c7 stk-block-accordion__content\" data-v=\"4\" data-block-id=\"03f14c7\"><style>.stk-03f14c7-container{padding-top:0px !important;padding-right:0px !important;padding-bottom:0px !important;padding-left:0px !important;}<\/style><div class=\"stk-column-wrapper stk-block-column__content stk-container stk-03f14c7-container stk--no-background stk--no-padding\"><div class=\"stk-block-content stk-inner-blocks stk-03f14c7-inner-blocks\">\n<ul class=\"wp-block-list\" data-block-type=\"core\">\n<li data-block-type=\"core\"><a href=\"https:\/\/sede.ull.es\/matricula_parcial\" target=\"_blank\" rel=\"noreferrer noopener\">Passer du temps partiel au temps partiel<\/a>&nbsp; en raison de circonstances impr\u00e9vues (jusqu&#039;au 13 f\u00e9vrier 2026).<\/li>\n\n\n\n<li data-block-type=\"core\"><a href=\"https:\/\/sede.ull.es\/ecivilis-site\/catalog\/showProcedure\/537#formalities-tta-panel\" target=\"_blank\" rel=\"noreferrer noopener\">Formulaire de demande d&#039;inscription ordinaire en personne aux dipl\u00f4mes<\/a>&nbsp;(Uniquement dans les cas o\u00f9 la pr\u00e9sence en personne est autoris\u00e9e).<\/li>\n\n\n\n<li data-block-type=\"core\"><a href=\"https:\/\/sede.ull.es\/ecivilis-site\/catalog\/showProcedure\/655\" target=\"_blank\" rel=\"noreferrer noopener\">Demande de modification d&#039;enregistrement en raison d&#039;erreurs mat\u00e9rielles<\/a>&nbsp;(du 3 au 13 f\u00e9vrier 2026).<\/li>\n\n\n\n<li data-block-type=\"core\"><a href=\"https:\/\/sede.ull.es\/ecivilis-site\/catalog\/showProcedure\/448\" target=\"_blank\" rel=\"noreferrer noopener\">Demande d&#039;inscription extraordinaire<\/a>&nbsp;Pour les mati\u00e8res du deuxi\u00e8me semestre : (du 9 au 11 f\u00e9vrier 2026).<\/li>\n\n\n\n<li data-block-type=\"core\"><a href=\"https:\/\/sede.ull.es\/ecivilis-site\/catalog\/showProcedure\/463\" target=\"_blank\" rel=\"noreferrer noopener\">Demande d&#039;annulation partielle d&#039;inscription \u00e0 un programme menant \u00e0 un dipl\u00f4me officiel, \u00e0 la demande de l&#039;\u00e9tudiant<\/a>\n<ul class=\"wp-block-list\" data-block-type=\"core\">\n<li data-block-type=\"core\">Mati\u00e8res du deuxi\u00e8me semestre et\/ou annuelles : jusqu&#039;\u00e0 23h59&nbsp;<strong>13 f\u00e9vrier 2026.<\/strong><\/li>\n<\/ul>\n<\/li>\n<\/ul>\n<\/div><\/div><\/div>\n<\/details>\n\n\n\n<details class=\"wp-block-stackable-accordion stk-block-accordion stk-inner-blocks stk-block-content stk-block stk-60bc48f is-style-plain\" id=\"otros-tramites\" data-block-id=\"60bc48f\"><style>.stk-60bc48f {padding-bottom:10px !important;margin-bottom:0px !important;}<\/style>\n<summary class=\"wp-block-stackable-column stk-block-column stk-column stk-block stk-acca7c8 stk--container-small stk-block-accordion__heading\" data-v=\"4\" id=\"otros-tramites\" data-block-id=\"acca7c8\"><style>.stk-acca7c8 {border-style:solid !important;border-top-width:0px !important;border-right-width:0px !important;border-bottom-width:1px !important;border-left-width:0px !important;padding-top:0px !important;padding-right:0px !important;padding-bottom:0px !important;padding-left:0px !important;}.stk-acca7c8-container{padding-top:0px !important;padding-right:0px !important;padding-bottom:0px !important;padding-left:0px !important;}<\/style><div class=\"stk-column-wrapper stk-block-column__content stk-container stk-acca7c8-container stk--no-background stk--no-padding\"><div class=\"stk-block-content stk-inner-blocks stk-acca7c8-inner-blocks\">\n<div class=\"wp-block-stackable-icon-label stk-block-icon-label stk-block stk-556a05c\" data-block-id=\"556a05c\"><style>.stk-556a05c .stk-inner-blocks{gap:40px !important;}@media screen and (max-width: 1023px){.stk-556a05c .stk-inner-blocks{gap:40px !important;}}@media screen and (max-width: 767px){.stk-556a05c .stk-inner-blocks{gap:40px !important;}}<\/style><div class=\"stk-row stk-inner-blocks stk-block-content\">\n<div class=\"wp-block-stackable-icon stk-block-icon stk-block stk-d4dd264\" data-block-id=\"d4dd264\"><style>.stk-d4dd264 .stk--svg-wrapper .stk--inner-svg svg:last-child{height:24px !important;width:24px !important;}.stk-d4dd264 .stk--svg-wrapper .stk--inner-svg svg:last-child, .stk-d4dd264 .stk--svg-wrapper .stk--inner-svg svg:last-child :is(g, path, rect, polygon, ellipse){fill:var(--stk-global-color-60833, #5c068c) !important;}<\/style><span class=\"stk--svg-wrapper stk--has-icon2\"><div class=\"stk--inner-svg\"><svg style=\"height:0;width:0\"><defs><lineargradient id=\"linear-gradient-d4dd264\" x1=\"0\" x2=\"100%\" y1=\"0\" y2=\"0\"><stop offset=\"0%\" style=\"stop-opacity:1;stop-color:var(--linear-gradient-d-4-dd-264-color-1)\"><\/stop><stop offset=\"100%\" style=\"stop-opacity:1;stop-color:var(--linear-gradient-d-4-dd-264-color-2)\"><\/stop><\/lineargradient><\/defs><\/svg><svg xmlns=\"http:\/\/www.w3.org\/2000\/svg\" viewbox=\"0 0 448 512\" aria-hidden=\"true\" width=\"32\" height=\"32\"><path d=\"M64 32C28.7 32 0 60.7 0 96V416c0 35.3 28.7 64 64 64H288V368c0-26.5 21.5-48 48-48H448V96c0-35.3-28.7-64-64-64H64zM448 352H402.7 336c-8.8 0-16 7.2-16 16v66.7V480l32-32 64-64 32-32z\" \/><\/svg><\/div><div class=\"stk--inner-svg stk--icon-2\" style=\"display:none\"><svg style=\"height:0;width:0\"><defs><lineargradient id=\"linear-gradient-d4dd264\" x1=\"0\" x2=\"100%\" y1=\"0\" y2=\"0\"><stop offset=\"0%\" style=\"stop-opacity:1;stop-color:var(--linear-gradient-d-4-dd-264-color-1)\"><\/stop><stop offset=\"100%\" style=\"stop-opacity:1;stop-color:var(--linear-gradient-d-4-dd-264-color-2)\"><\/stop><\/lineargradient><\/defs><\/svg><svg xmlns=\"http:\/\/www.w3.org\/2000\/svg\" viewbox=\"0 0 448 512\" aria-hidden=\"true\" width=\"32\" height=\"32\"><path d=\"M64 80c-8.8 0-16 7.2-16 16V416c0 8.8 7.2 16 16 16H288V352c0-17.7 14.3-32 32-32h80V96c0-8.8-7.2-16-16-16H64zM288 480H64c-35.3 0-64-28.7-64-64V96C0 60.7 28.7 32 64 32H384c35.3 0 64 28.7 64 64V320v5.5c0 17-6.7 33.3-18.7 45.3l-90.5 90.5c-12 12-28.3 18.7-45.3 18.7H288z\" \/><\/svg><\/div><\/span><\/div>\n\n\n\n<div class=\"wp-block-stackable-heading stk-block-heading stk-block-heading--v2 stk-block stk-b348100\" id=\"otros-tramites\" data-block-id=\"b348100\"><style>.stk-b348100 .stk-block-heading__text{color:#000000 !important;font-weight:500 !important;font-family:\"ArgentumSans\", Sans-serif !important;}<\/style><h4 class=\"stk-block-heading__text has-text-color\">Autres proc\u00e9dures<\/h4><\/div>\n<\/div><\/div>\n<\/div><\/div><\/summary>\n\n\n\n<div class=\"wp-block-stackable-column stk-block-column stk-column stk-block stk-1bce87e stk-block-accordion__content\" data-v=\"4\" data-block-id=\"1bce87e\"><style>.stk-1bce87e-container{padding-top:0px !important;padding-right:0px !important;padding-bottom:0px !important;padding-left:0px !important;}<\/style><div class=\"stk-column-wrapper stk-block-column__content stk-container stk-1bce87e-container stk--no-background stk--no-padding\"><div class=\"stk-block-content stk-inner-blocks stk-1bce87e-inner-blocks\">\n<ul class=\"wp-block-list\" data-block-type=\"core\">\n<li data-block-type=\"core\"><a href=\"https:\/\/sede.ull.es\/matricula_parcial\" target=\"_blank\" rel=\"noreferrer noopener\">Passer du temps partiel au temps partiel<\/a>&nbsp; en raison de circonstances impr\u00e9vues (jusqu&#039;au 13 f\u00e9vrier 2026).<\/li>\n\n\n\n<li data-block-type=\"core\"><a href=\"https:\/\/sede.ull.es\/ecivilis-site\/catalog\/showProcedure\/537#formalities-tta-panel\" target=\"_blank\" rel=\"noreferrer noopener\">Formulaire de demande d&#039;inscription ordinaire en personne aux dipl\u00f4mes<\/a>&nbsp;(Uniquement dans les cas o\u00f9 la pr\u00e9sence en personne est autoris\u00e9e).<\/li>\n\n\n\n<li data-block-type=\"core\"><a href=\"https:\/\/sede.ull.es\/ecivilis-site\/catalog\/showProcedure\/655\" target=\"_blank\" rel=\"noreferrer noopener\">Demande de modification d&#039;enregistrement en raison d&#039;erreurs mat\u00e9rielles<\/a>&nbsp;(du 3 au 13 f\u00e9vrier 2026).<\/li>\n\n\n\n<li data-block-type=\"core\"><a href=\"https:\/\/sede.ull.es\/ecivilis-site\/catalog\/showProcedure\/448\" target=\"_blank\" rel=\"noreferrer noopener\">Demande d&#039;inscription extraordinaire<\/a>&nbsp;Pour les mati\u00e8res du deuxi\u00e8me semestre : (du 9 au 11 f\u00e9vrier 2026).<\/li>\n\n\n\n<li data-block-type=\"core\"><a href=\"https:\/\/sede.ull.es\/ecivilis-site\/catalog\/showProcedure\/463\" target=\"_blank\" rel=\"noopener\">Demande d&#039;annulation partielle d&#039;inscription \u00e0 un programme menant \u00e0 un dipl\u00f4me officiel, \u00e0 la demande de l&#039;\u00e9tudiant<\/a>.\n<ul class=\"wp-block-list\" data-block-type=\"core\">\n<li data-block-type=\"core\">Mati\u00e8res du deuxi\u00e8me semestre et\/ou annuelles : jusqu&#039;\u00e0 23h59&nbsp;<strong>13 f\u00e9vrier 2026.<\/strong><\/li>\n\n\n\n<li data-block-type=\"core\"><strong>Important<\/strong>Les \u00e9tudiants b\u00e9n\u00e9ficiant de bourses d&#039;\u00e9tudes cette ann\u00e9e universitaire qui demandent une annulation partielle de leur inscription devront en informer le Bureau des bourses d&#039;\u00e9tudes par voie \u00e9lectronique, selon la proc\u00e9dure de \u00ab<a href=\"https:\/\/sede.ull.es\/ecivilis-site\/catalog\/showProcedure\/229\" target=\"_blank\" rel=\"noreferrer noopener\">Application g\u00e9n\u00e9rale<\/a>\u00ab.<\/li>\n<\/ul>\n<\/li>\n<\/ul>\n<\/div><\/div><\/div>\n<\/details>\n\n\n\n<details class=\"wp-block-stackable-accordion stk-block-accordion stk-inner-blocks stk-block-content stk-block stk-497e74a is-style-plain\" id=\"mas-informacion\" data-block-id=\"497e74a\"><style>.stk-497e74a {padding-bottom:10px !important;margin-bottom:0px !important;}<\/style>\n<summary class=\"wp-block-stackable-column stk-block-column stk-column stk-block stk-1f31ea3 stk--container-small stk-block-accordion__heading\" data-v=\"4\" data-block-id=\"1f31ea3\"><style>.stk-1f31ea3 {border-style:solid !important;border-top-width:0px !important;border-right-width:0px !important;border-bottom-width:1px !important;border-left-width:0px !important;padding-top:0px !important;padding-right:0px !important;padding-bottom:0px !important;padding-left:0px !important;}.stk-1f31ea3-container{padding-top:0px !important;padding-right:0px !important;padding-bottom:0px !important;padding-left:0px !important;}<\/style><div class=\"stk-column-wrapper stk-block-column__content stk-container stk-1f31ea3-container stk--no-background stk--no-padding\"><div class=\"stk-block-content stk-inner-blocks stk-1f31ea3-inner-blocks\">\n<div class=\"wp-block-stackable-icon-label stk-block-icon-label stk-block stk-a745801\" data-block-id=\"a745801\"><style>.stk-a745801 .stk-inner-blocks{gap:40px !important;}@media screen and (max-width: 1023px){.stk-a745801 .stk-inner-blocks{gap:40px !important;}}@media screen and (max-width: 767px){.stk-a745801 .stk-inner-blocks{gap:40px !important;}}<\/style><div class=\"stk-row stk-inner-blocks stk-block-content\">\n<div class=\"wp-block-stackable-icon stk-block-icon stk-block stk-fb463ca\" data-block-id=\"fb463ca\"><style>.stk-fb463ca .stk--svg-wrapper .stk--inner-svg svg:last-child{height:24px !important;width:24px !important;}.stk-fb463ca .stk--svg-wrapper .stk--inner-svg svg:last-child, .stk-fb463ca .stk--svg-wrapper .stk--inner-svg svg:last-child :is(g, path, rect, polygon, ellipse){fill:var(--stk-global-color-60833, #5c068c) !important;}<\/style><span class=\"stk--svg-wrapper stk--has-icon2\"><div class=\"stk--inner-svg\"><svg style=\"height:0;width:0\"><defs><lineargradient id=\"linear-gradient-fb463ca\" x1=\"0\" x2=\"100%\" y1=\"0\" y2=\"0\"><stop offset=\"0%\" style=\"stop-opacity:1;stop-color:var(--linear-gradient-fb-463-ca-color-1)\"><\/stop><stop offset=\"100%\" style=\"stop-opacity:1;stop-color:var(--linear-gradient-fb-463-ca-color-2)\"><\/stop><\/lineargradient><\/defs><\/svg><svg xmlns=\"http:\/\/www.w3.org\/2000\/svg\" viewbox=\"0 0 512 512\" aria-hidden=\"true\" width=\"32\" height=\"32\"><path d=\"M256 512A256 256 0 1 0 256 0a256 256 0 1 0 0 512zM169.8 165.3c7.9-22.3 29.1-37.3 52.8-37.3h58.3c34.9 0 63.1 28.3 63.1 63.1c0 22.6-12.1 43.5-31.7 54.8L280 264.4c-.2 13-10.9 23.6-24 23.6c-13.3 0-24-10.7-24-24V250.5c0-8.6 4.6-16.5 12.1-20.8l44.3-25.4c4.7-2.7 7.6-7.7 7.6-13.1c0-8.4-6.8-15.1-15.1-15.1H222.6c-3.4 0-6.4 2.1-7.5 5.3l-.4 1.2c-4.4 12.5-18.2 19-30.6 14.6s-19-18.2-14.6-30.6l.4-1.2zM224 352a32 32 0 1 1 64 0 32 32 0 1 1 -64 0z\" \/><\/svg><\/div><div class=\"stk--inner-svg stk--icon-2\" style=\"display:none\"><svg style=\"height:0;width:0\"><defs><lineargradient id=\"linear-gradient-fb463ca\" x1=\"0\" x2=\"100%\" y1=\"0\" y2=\"0\"><stop offset=\"0%\" style=\"stop-opacity:1;stop-color:var(--linear-gradient-fb-463-ca-color-1)\"><\/stop><stop offset=\"100%\" style=\"stop-opacity:1;stop-color:var(--linear-gradient-fb-463-ca-color-2)\"><\/stop><\/lineargradient><\/defs><\/svg><svg xmlns=\"http:\/\/www.w3.org\/2000\/svg\" viewbox=\"0 0 512 512\" aria-hidden=\"true\" width=\"32\" height=\"32\"><path d=\"M464 256A208 208 0 1 0 48 256a208 208 0 1 0 416 0zM0 256a256 256 0 1 1 512 0A256 256 0 1 1 0 256zm169.8-90.7c7.9-22.3 29.1-37.3 52.8-37.3h58.3c34.9 0 63.1 28.3 63.1 63.1c0 22.6-12.1 43.5-31.7 54.8L280 264.4c-.2 13-10.9 23.6-24 23.6c-13.3 0-24-10.7-24-24V250.5c0-8.6 4.6-16.5 12.1-20.8l44.3-25.4c4.7-2.7 7.6-7.7 7.6-13.1c0-8.4-6.8-15.1-15.1-15.1H222.6c-3.4 0-6.4 2.1-7.5 5.3l-.4 1.2c-4.4 12.5-18.2 19-30.6 14.6s-19-18.2-14.6-30.6l.4-1.2zM224 352a32 32 0 1 1 64 0 32 32 0 1 1 -64 0z\" \/><\/svg><\/div><\/span><\/div>\n\n\n\n<div class=\"wp-block-stackable-heading stk-block-heading stk-block-heading--v2 stk-block stk-18de03d\" id=\"mas-informacion\" data-block-id=\"18de03d\"><style>.stk-18de03d .stk-block-heading__text{font-weight:500 !important;font-family:\"ArgentumSans\", Sans-serif !important;}<\/style><h4 class=\"stk-block-heading__text\">Plus d&#039;informations<\/h4><\/div>\n<\/div><\/div>\n<\/div><\/div><\/summary>\n\n\n\n<div class=\"wp-block-stackable-column stk-block-column stk-column stk-block stk-57260e0 stk-block-accordion__content\" data-v=\"4\" data-block-id=\"57260e0\"><style>.stk-57260e0-container{padding-top:0px !important;padding-right:0px !important;padding-bottom:0px !important;padding-left:0px !important;}<\/style><div class=\"stk-column-wrapper stk-block-column__content stk-container stk-57260e0-container stk--no-background stk--no-padding\"><div class=\"stk-block-content stk-inner-blocks stk-57260e0-inner-blocks\">\n<ul class=\"wp-block-list\" data-block-type=\"core\">\n<li data-block-type=\"core\"><a href=\"https:\/\/drive.google.com\/file\/d\/1_nPejqqWwM5EGae8LspSdEYOANKwCVRY\/view?usp=sharing\" target=\"_blank\" rel=\"noreferrer noopener\">Prix de la licence de premi\u00e8re ann\u00e9e 2025-2026<\/a>.<\/li>\n\n\n\n<li data-block-type=\"core\"><a href=\"https:\/\/drive.google.com\/file\/d\/1lXiU_Tv2K8vd2L4A8oFaf1szdjcF5yb0\/view?usp=sharing\" target=\"_blank\" rel=\"noreferrer noopener\">Calendrier d&#039;enseignement de premier cycle 2025-2026<\/a>.<\/li>\n\n\n\n<li data-block-type=\"core\"><a href=\"https:\/\/sede.ull.es\/ecivilis-site\/bulletinBoard\/showBulletin\/53161:1\" target=\"_blank\" rel=\"noreferrer noopener\">Instructions r\u00e9gissant la proc\u00e9dure d&#039;admission et d&#039;inscription aux dipl\u00f4mes officiels de premier cycle de l&#039;Universit\u00e9 de La Laguna pour l&#039;ann\u00e9e universitaire 2025-2026<\/a>.<\/li>\n\n\n\n<li data-block-type=\"core\"><a href=\"http:\/\/www.gobiernodecanarias.org\/boc\/2022\/159\/001.html\" target=\"_blank\" rel=\"noreferrer noopener\">D\u00e9cret 177\/2022, du 3 ao\u00fbt, \u00e9tablissant et r\u00e9glementant les prix publics pour la prestation de services acad\u00e9miques et administratifs des universit\u00e9s publiques des \u00eeles Canaries pour l&#039;ann\u00e9e acad\u00e9mique 2022-2023<\/a>&nbsp;(\u00e9tendu)<\/li>\n\n\n\n<li data-block-type=\"core\"><a href=\"https:\/\/sede.ull.es\/ecivilis-site\/bulletinBoard\/showBulletin\/22061:1\" target=\"_blank\" rel=\"noreferrer noopener\">R\u00e8glement sur les progr\u00e8s et la permanence de l&#039;ULL<\/a><\/li>\n\n\n\n<li data-block-type=\"core\"><a href=\"https:\/\/sede.ull.es\/ecivilis-site\/bulletinBoard\/showBulletin\/56721:1\" target=\"_blank\" rel=\"noreferrer noopener\">Texte consolid\u00e9 du R\u00e8glement d&#039;admission et d&#039;inscription aux cours officiels de premier cycle \u00e0 l&#039;Universit\u00e9 de La Laguna<\/a>&nbsp;(BOULL du 26 ao\u00fbt 2025).<\/li>\n<\/ul>\n<\/div><\/div><\/div>\n<\/details>","protected":false},"excerpt":{"rendered":"<p>Ampliaci\u00f3n de matr\u00edcula para el alumnado de continuaci\u00f3n curso 2025-2026 Per\u00edodo extraordinario de matr\u00edcula: 1 &#8211; 9 septiembre (hasta las 23:59 h) Problemas de acceso al portal de automatr\u00edcula La elevada concurrencia en el proceso de automatr\u00edcula est\u00e1 ocasionando retrasos debido a la insuficiencia de huecos disponibles para el elevado volumen de alumnado que intenta&#8230;<\/p>","protected":false},"author":26,"featured_media":0,"parent":0,"menu_order":0,"comment_status":"closed","ping_status":"closed","template":"templates\/template-frontpage.php","meta":{"footnotes":""},"class_list":["post-8394","page","type-page","status-publish","hentry"],"_links":{"self":[{"href":"https:\/\/www.ull.es\/fr\/wp-json\/wp\/v2\/pages\/8394","targetHints":{"allow":["GET"]}}],"collection":[{"href":"https:\/\/www.ull.es\/fr\/wp-json\/wp\/v2\/pages"}],"about":[{"href":"https:\/\/www.ull.es\/fr\/wp-json\/wp\/v2\/types\/page"}],"author":[{"embeddable":true,"href":"https:\/\/www.ull.es\/fr\/wp-json\/wp\/v2\/users\/26"}],"replies":[{"embeddable":true,"href":"https:\/\/www.ull.es\/fr\/wp-json\/wp\/v2\/comments?post=8394"}],"version-history":[{"count":94,"href":"https:\/\/www.ull.es\/fr\/wp-json\/wp\/v2\/pages\/8394\/revisions"}],"predecessor-version":[{"id":16736,"href":"https:\/\/www.ull.es\/fr\/wp-json\/wp\/v2\/pages\/8394\/revisions\/16736"}],"wp:attachment":[{"href":"https:\/\/www.ull.es\/fr\/wp-json\/wp\/v2\/media?parent=8394"}],"curies":[{"name":"wp","href":"https:\/\/api.w.org\/{rel}","templated":true}]}}