{"id":1015,"date":"2026-04-27T09:34:04","date_gmt":"2026-04-27T09:34:04","guid":{"rendered":"https:\/\/www.ull.es\/institutos\/instituto-universitario-estudios-mujeres\/?page_id=1015"},"modified":"2026-04-27T09:59:42","modified_gmt":"2026-04-27T09:59:42","slug":"tfm","status":"publish","type":"page","link":"https:\/\/www.ull.es\/institutos\/instituto-universitario-estudios-mujeres\/tfm\/","title":{"rendered":"TFM"},"content":{"rendered":"<p>[vc_row full_width=\u00bbstretch_row_content_no_spaces\u00bb content_placement=\u00bbmiddle\u00bb css=\u00bb.vc_custom_1606477415927{background-color: #f4f4f4 !important;background-position: center !important;background-repeat: no-repeat !important;background-size: cover !important;}\u00bb el_class=\u00bbtitle-departamento\u00bb][vc_column css=\u00bb.vc_custom_1605179589940{margin-top: 0px !important;padding-top: 0px !important;}\u00bb][rev_slider_vc alias=\u00bbhome\u00bb][\/vc_column][\/vc_row][vc_row full_width=\u00bbstretch_row_content\u00bb el_class=\u00bbprincipio-marcha\u00bb][vc_column css=\u00bb.vc_custom_1588939369209{padding-top: 40px !important;}\u00bb][vc_custom_heading text=\u00bbTrabajo de Fin de M\u00e1ster\u00bb font_container=\u00bbtag:h2|text_align:center|color:%23ffffff\u00bb use_theme_fonts=\u00bbyes\u00bb css_animation=\u00bbfadeInDownBig\u00bb][\/vc_column][\/vc_row][vc_row][vc_column][vc_empty_space][\/vc_column][\/vc_row][vc_row][vc_column][vc_tta_tour][vc_tta_section title=\u00bb2024&#8243; tab_id=\u00bb2024&#8243;][vc_column_text]<\/p>\n<h4><a href=\"https:\/\/riull.ull.es\/xmlui\/handle\/915\/36427\" target=\"_blank\" rel=\"noopener\"><strong>El monstruo que habla: memorias de cuerpos disidentes<\/strong><\/a><\/h4>\n<p>Romero D\u00edaz, Juan Manuel<\/p>\n<p>Dirigido por Mar\u00eda Jos\u00e9 Chivite de Le\u00f3n y Jos\u00e9 Antonio Ramos Arteaga<\/p>\n<p>&nbsp;<\/p>\n<h4><a href=\"https:\/\/riull.ull.es\/xmlui\/handle\/915\/36456\" target=\"_blank\" rel=\"noopener\"><strong>\u201cEstamos a tiempo\u201d. Proyecto de intervenci\u00f3n para la prevenci\u00f3n de la violencia de g\u00e9nero en hogares de protecci\u00f3n de menores<\/strong><\/a><\/h4>\n<p>Rodr\u00edguez Hern\u00e1ndez, Paula<\/p>\n<p>Dirigido por Esperanza Ceballos Vacas<\/p>\n<h4><a href=\"https:\/\/riull.ull.es\/xmlui\/handle\/915\/36498\" target=\"_blank\" rel=\"noopener\"><strong>La juventud canaria ante la gestaci\u00f3n subrogada<\/strong><\/a><\/h4>\n<p>Morales Sicilia, Mar\u00eda Victoria<\/p>\n<p>Dirigido por Rosa Mar\u00eda Henr\u00edquez Rodr\u00edgue<\/p>\n<p>&nbsp;<\/p>\n<h4><a href=\"https:\/\/riull.ull.es\/xmlui\/handle\/915\/36543\" target=\"_blank\" rel=\"noopener\"><strong>Historia y activismo de las personas intersexuales en Canarias<\/strong><\/a><\/h4>\n<p>Alberto Negr\u00edn, Tatiana Candelaria<\/p>\n<p>Dirigido por Jos\u00e9 Antonio Ramos Arteaga<\/p>\n<p><strong>\u00a0<\/strong><\/p>\n<h4><a href=\"https:\/\/riull.ull.es\/xmlui\/handle\/915\/36546\" target=\"_blank\" rel=\"noopener\"><strong>Las mujeres en situaci\u00f3n de prostituci\u00f3n y explotaci\u00f3n sexual en Tenerife: percepci\u00f3n desde las entidades especializadas en prostituci\u00f3n<\/strong><\/a><\/h4>\n<p>Donate Lu\u00eds, Mar\u00eda<\/p>\n<p>Dirigido por Laura Aguilera \u00e1vila<\/p>\n<p><strong><u>\u00a0<\/u><\/strong><\/p>\n<h4><a href=\"https:\/\/riull.ull.es\/xmlui\/handle\/915\/36573\" target=\"_blank\" rel=\"noopener\"><strong>Feminismo y postmodernidad<\/strong><\/a><\/h4>\n<p><a href=\"https:\/\/riull.ull.es\/xmlui\/browse?authority=e7c11a9c-d8e3-4a19-be18-43c3b419b7aa&amp;type=author\" target=\"_blank\" rel=\"noopener\">Berm\u00fadez Jim\u00e9nez, Mar\u00eda Alina<\/a><\/p>\n<p>Dirigido por Rosa Mar\u00eda Henr\u00edquez Rodr\u00edguez<\/p>\n<p>&nbsp;<\/p>\n<h4><a href=\"https:\/\/riull.ull.es\/xmlui\/handle\/915\/36602\" target=\"_blank\" rel=\"noopener\"><strong>Percepci\u00f3n de la violencia de g\u00e9nero que tiene el Cuerpo Nacional de Polic\u00eda en Canarias<\/strong><\/a><\/h4>\n<p>Mart\u00edn \u00c1lamo, Mar\u00eda<\/p>\n<p>Dirigido por Laura Aguilera \u00c1vila<\/p>\n<p>&nbsp;<\/p>\n<h4><a href=\"https:\/\/riull.ull.es\/xmlui\/handle\/915\/36666\" target=\"_blank\" rel=\"noopener\"><strong>Los estereotipos de g\u00e9nero en los cuentos para educaci\u00f3n infantil<\/strong><\/a><u> <\/u><\/h4>\n<p>P\u00e9rez de Paz, Adriana<\/p>\n<p>Dirigido por Teresa Gonz\u00e1lez P\u00e9rez<\/p>\n<p>&nbsp;<\/p>\n<h4><a href=\"https:\/\/riull.ull.es\/xmlui\/handle\/915\/36671\" target=\"_blank\" rel=\"noopener\"><strong>Ecofeminismos, veganismo y transici\u00f3n ecosocial<\/strong><\/a><u> <\/u><\/h4>\n<p>Ripamonti, Laura<\/p>\n<p>Dirigido por Mar\u00eda Jos\u00e9 Guerra Palmero<\/p>\n<p>&nbsp;<\/p>\n<h4><a href=\"https:\/\/riull.ull.es\/xmlui\/handle\/915\/36794\" target=\"_blank\" rel=\"noopener\"><strong>Museos y perspectiva de g\u00e9nero: la colecci\u00f3n y el organigrama de TEA Tenerife Espacio de las Artes<\/strong><\/a><\/h4>\n<p>Santana Navarro, Nuria<\/p>\n<p>Dirigido por Carmen Marina Barreto Vargas y Yolanda Peralta Sierra<\/p>\n<p>&nbsp;<\/p>\n<h4><a href=\"https:\/\/riull.ull.es\/xmlui\/handle\/915\/36851\" target=\"_blank\" rel=\"noopener\"><strong>Frente a \u00abJaque a la Polic\u00eda\u00bb. Estudio sobre la visi\u00f3n de las Fuerzas y Cuerpos de Seguridad del Estado sobre el feminicidio y la prostituci\u00f3n<\/strong><\/a><\/h4>\n<p>Fern\u00e1ndez Cabello, Iris<\/p>\n<p>Dirigido por Laura Aguilera \u00c1vila<\/p>\n<p>&nbsp;<\/p>\n<h4><a href=\"https:\/\/riull.ull.es\/xmlui\/handle\/915\/37788\" target=\"_blank\" rel=\"noopener\"><strong>Proyecto de Intervenci\u00f3n: Personas mayores y colectivo LGTBI+<\/strong><\/a><\/h4>\n<p>Palmero Guerra, Elsa<\/p>\n<p>Dirigido por Jos\u00e9 Antonio Ramos Arteaga<\/p>\n<p>&nbsp;<\/p>\n<h4><a href=\"https:\/\/riull.ull.es\/xmlui\/handle\/915\/38994\" target=\"_blank\" rel=\"noopener\"><strong>Ensayo sobre algunas Aportaciones de Silvia Federici a la Econom\u00eda Feminista. Trabajos Reproductivos frente a Trabajos Productivos<\/strong><\/a><\/h4>\n<p>Fuentes P\u00e9rez, Esperanza Macarena<\/p>\n<p>Dirigido por Mar\u00eda Esther Jim\u00e9nez Ja\u00e9n<\/p>\n<p>&nbsp;<\/p>\n<h4><a href=\"https:\/\/riull.ull.es\/xmlui\/handle\/915\/39065\" target=\"_blank\" rel=\"noopener\"><strong>Mi saber situado: Anticolonialidad, postcolonialidad, feminismos no hegem\u00f3nicos y decoloniales desde una identidad colonizada<\/strong><\/a><u> <\/u><\/h4>\n<p>Zamudio Albornoz, Anghie Delaney<\/p>\n<p>Dirigido por Miguel Mandujano Estrada<\/p>\n<p>&nbsp;<\/p>\n<h4><a href=\"https:\/\/riull.ull.es\/xmlui\/handle\/915\/39069\" target=\"_blank\" rel=\"noopener\"><strong>(In)Felicidad y normatividad queer en medios: representaciones de identidades queer marginales en RuPaul&#8217;s Drag Race<\/strong><\/a><u> <\/u><\/h4>\n<p>Cabrera Dom\u00ednguez, Noelia Teresa<\/p>\n<p>Dirigido por Jos\u00e9 Antonio Ramos Arteaga<\/p>\n<p><strong><u>\u00a0<\/u><\/strong><\/p>\n<h4><a href=\"https:\/\/riull.ull.es\/xmlui\/handle\/915\/39113\" target=\"_blank\" rel=\"noopener\"><strong>Canarias\/Puerto Rico\/LATAM y las m\u00fasicas urbanas: interseccionalidad y activismo cuir\/queer<\/strong><\/a><u> <\/u><\/h4>\n<p>Pe\u00f1a Quevedo, David<\/p>\n<p>Dirigido por Jos\u00e9 Antonio Ramos Arteaga<\/p>\n<p>&nbsp;<\/p>\n<h4><a href=\"https:\/\/riull.ull.es\/xmlui\/handle\/915\/39202\" target=\"_blank\" rel=\"noopener\"><strong>Proyecto \u201dIguales\u201d: Intervenci\u00f3n para la promoci\u00f3n de habilidades para la igualdad y educaci\u00f3n afectivo-sexual en personas con discapacidad intelectual<\/strong><\/a><u> <\/u><\/h4>\n<p>Gonz\u00e1lez Abr\u00e9u, Mar\u00eda<\/p>\n<p>Dirigido por Laura Aguilera \u00c1vila<\/p>\n<p>&nbsp;<\/p>\n<h4><a href=\"https:\/\/riull.ull.es\/xmlui\/handle\/915\/39268\" target=\"_blank\" rel=\"noopener\"><strong>La conciliaci\u00f3n en la vida laboral, familiar y personal como riesgo social en la actualidad<\/strong><\/a><u> <\/u><\/h4>\n<p><a href=\"https:\/\/riull.ull.es\/xmlui\/browse?authority=6ea961de-fda9-48f7-9815-00f1d5dad26e&amp;type=author\" target=\"_blank\" rel=\"noopener\">Cruz Gonz\u00e1lez, Lidia<\/a><\/p>\n<p>Dirigido por Laura Aguilera \u00c1vila<\/p>\n<p>&nbsp;<\/p>\n<h4><a href=\"https:\/\/riull.ull.es\/xmlui\/handle\/915\/39296\" target=\"_blank\" rel=\"noopener\"><strong>Familia, amistades y pornograf\u00eda: Influencias en la educaci\u00f3n afectivo-sexual<\/strong><\/a><\/h4>\n<p><a href=\"https:\/\/riull.ull.es\/xmlui\/browse?authority=dc356e54-5f96-4c08-9c04-df7c953a395a&amp;type=author\" target=\"_blank\" rel=\"noopener\">Funes Yanes, Thal\u00eda Valeria<\/a><\/p>\n<p>Dirigido por Laura Aguilera \u00c1vila<\/p>\n<p>&nbsp;<\/p>\n<h4><a href=\"https:\/\/riull.ull.es\/xmlui\/handle\/915\/39329\" target=\"_blank\" rel=\"noopener\"><strong>La cultura de la violaci\u00f3n. Un an\u00e1lisis feminista<\/strong><\/a><u><\/u><\/h4>\n<p><a href=\"https:\/\/riull.ull.es\/xmlui\/browse?authority=dc91209c-5a44-4487-ad8b-2c7201fe939c&amp;type=author\" target=\"_blank\" rel=\"noopener\">Marante Escobar, M\u00f3nica Alejandra<\/a><\/p>\n<p>Dirigido por Mar\u00eda Jos\u00e9 Guerra Palmero<\/p>\n<p><strong><u>\u00a0<\/u><\/strong><\/p>\n<h4><a href=\"https:\/\/riull.ull.es\/xmlui\/handle\/915\/39341\" target=\"_blank\" rel=\"noopener\"><strong>Capitalismo, cuerpos y masculinidades: el pene como mercanc\u00eda<\/strong><\/a><u> <\/u><\/h4>\n<p><a href=\"https:\/\/riull.ull.es\/xmlui\/browse?authority=58f3c91f-56c6-4c85-911e-b54465bd747f&amp;type=author\" target=\"_blank\" rel=\"noopener\">Fleitas Mireles, Alejandro<\/a><\/p>\n<p>Dirigido por Carmen Marina Barreto Vargas<\/p>\n<p>&nbsp;<\/p>\n<h4><a href=\"https:\/\/riull.ull.es\/xmlui\/handle\/915\/39354\" target=\"_blank\" rel=\"noopener\"><strong>Segundas oportunidades, educaci\u00f3n y familias monoparentales<\/strong><\/a><u> <\/u><\/h4>\n<p><a href=\"https:\/\/riull.ull.es\/xmlui\/browse?authority=7d4be272-e24c-4d8a-bcf0-5fddf1b73498&amp;type=author\" target=\"_blank\" rel=\"noopener\">Rodr\u00edguez Gonz\u00e1lez, Wendy<\/a><\/p>\n<p>Dirigido por Mar\u00eda Jos\u00e9 Guerra Palmero y Betty Est\u00e9vez Cede\u00f1o[\/vc_column_text][\/vc_tta_section][vc_tta_section title=\u00bb2023&#8243; tab_id=\u00bb2023&#8243;][vc_column_text]<\/p>\n<h4><a href=\"https:\/\/riull.ull.es\/xmlui\/handle\/915\/32685\" target=\"_blank\" rel=\"noopener\"><strong>\u00a1D\u00f3nde m\u00e1s te duele!: El caso de Tom\u00e1s Gimeno, anatom\u00eda de la violencia vicaria en la prensa escrita de Canarias<\/strong><\/a><u> <\/u><\/h4>\n<p><a href=\"https:\/\/riull.ull.es\/xmlui\/browse?authority=29f0a472-8ba0-4e9b-a351-1fe9b06944a5&amp;type=author\" target=\"_blank\" rel=\"noopener\">Lorenzo Morera, Sergio<\/a><\/p>\n<p>Dirigido por Mar\u00eda Sonnia Chinea Rodr\u00edguez[\/vc_column_text][\/vc_tta_section][vc_tta_section title=\u00bb2022&#8243; tab_id=\u00bb2022&#8243;][vc_column_text]<a href=\"https:\/\/riull.ull.es\/xmlui\/handle\/915\/27501\" target=\"_blank\" rel=\"noopener\"><strong>Cuerpos institucionalizados, espacio y g\u00e9nero: Recursos alojativos espec\u00edficos para mujeres en Santa Cruz de Tenerife<\/strong><\/a><\/p>\n<p>Fagundo Canale, Carolina<\/p>\n<p>Dirigido por Carmen Marina Barreto Vargas<\/p>\n<p>&nbsp;<\/p>\n<p><a href=\"https:\/\/riull.ull.es\/xmlui\/handle\/915\/27751\" target=\"_blank\" rel=\"noopener\"><strong>Violencia obst\u00e9trica en tiempo de pandemia: consecuencias del COVID-19 en las madres<\/strong><\/a><\/p>\n<p>Almenara Teixid\u00f3, Beatriz<\/p>\n<p>Dirigido por Laura Aguilera \u00c1vila<\/p>\n<p>&nbsp;<\/p>\n<p><a href=\"https:\/\/riull.ull.es\/xmlui\/handle\/915\/27764\" target=\"_blank\" rel=\"noopener\"><strong>El movimiento feminista en Canarias durante la transici\u00f3n (1975-1980)<\/strong><\/a><\/p>\n<p>Sosa Florido, Samuel Domingo<\/p>\n<p>Dirigido por Inmaculada Blasco Herranz y Mar\u00eda Eugenia Monz\u00f3n Perdomo<\/p>\n<p>(EL ENLACE TE LLEVA A UN SITIO QUE PONE: <a href=\"https:\/\/riull.ull.es\/xmlui\/handle\/915\/27764\" target=\"_blank\" rel=\"noopener\"><strong>Estrategias de aprendizaje en caso pr\u00e1ctico de ingl\u00e9s como lengua extranjera (writing y reading)<\/strong><\/a>, PERO EL TFM ADJUNTO EN PDF ES EL QUE APARECE AQU\u00cd EN ESTE DOCUMENTO).<\/p>\n<p>&nbsp;<\/p>\n<p><a href=\"https:\/\/riull.ull.es\/xmlui\/handle\/915\/27957\" target=\"_blank\" rel=\"noopener\"><strong>El consumo de pornograf\u00eda en la juventud canaria<\/strong><\/a><\/p>\n<p>Fulco, Romina<\/p>\n<p>Dirigido por Esther Torrado Mart\u00edn-Palomino<\/p>\n<p>&nbsp;<\/p>\n<p><a href=\"https:\/\/riull.ull.es\/xmlui\/handle\/915\/27807\" target=\"_blank\" rel=\"noopener\"><strong>M\u00faltiple discriminaci\u00f3n: enfermedad y vejez. La problem\u00e1tica del lesbianismo en Canarias<\/strong><\/a><\/p>\n<p>Luis Gonz\u00e1lez, Carina<\/p>\n<p>Dirigido por Laura Aguilera \u00c1vila y Jos\u00e9 Antonio Ramos Arteaga<\/p>\n<p>&nbsp;<\/p>\n<p><a href=\"https:\/\/riull.ull.es\/xmlui\/handle\/915\/27836\" target=\"_blank\" rel=\"noopener\"><strong>El olvido de las mujeres en la ense\u00f1anza de la Historia: an\u00e1lisis de los libros de texto de las asignaturas de Historia en Bachillerato<\/strong><\/a><\/p>\n<p>Negr\u00edn Le\u00f3n, Irene<\/p>\n<p>Dirigido por Inmaculada Blasco Herranz<\/p>\n<p>&nbsp;<\/p>\n<p><a href=\"https:\/\/riull.ull.es\/xmlui\/handle\/915\/27891\" target=\"_blank\" rel=\"noopener\"><strong>Mujer, teletrabajo y cuidados: testimonios a partir de la pandemia<\/strong><\/a><\/p>\n<p>Gorr\u00edn L\u00f3pez, Virginia<\/p>\n<p>Dirigido por Esperanza Ceballos Vacas<\/p>\n<p>&nbsp;<\/p>\n<h4><a href=\"https:\/\/riull.ull.es\/xmlui\/handle\/915\/27910\" target=\"_blank\" rel=\"noopener\"><strong>Islas, identidades y tr\u00e1nsitos: Transcaribe\u00f1x de Yolanda Arroyo Pizarro\u00a0 <\/strong><\/a><\/h4>\n<p><a href=\"https:\/\/riull.ull.es\/xmlui\/browse?authority=f62f5aa7-5996-41f7-abeb-b2159dc3804f&amp;type=author\" target=\"_blank\" rel=\"noopener\">Gonz\u00e1lez Quevedo, Mar\u00eda<\/a><\/p>\n<p>Dirigido por Jos\u00e9 Antonio Ramos Arteaga<\/p>\n<p>&nbsp;<\/p>\n<h4><a href=\"https:\/\/riull.ull.es\/xmlui\/handle\/915\/28060\" target=\"_blank\" rel=\"noopener\"><strong>La visibilidad y representaci\u00f3n de las maternidades\/paternidades LGTBIQ+ en el cine y las series\u00a0 <\/strong><\/a><\/h4>\n<p><a href=\"https:\/\/riull.ull.es\/xmlui\/browse?authority=1b7c5656-65b8-45e2-998f-e4f152e7083e&amp;type=author\" target=\"_blank\" rel=\"noopener\">Est\u00e9vez Mora, Lara Gazmira<\/a><\/p>\n<p>Dirigido por Marta Esther Jim\u00e9nez Ja\u00e9n<\/p>\n<p>&nbsp;<\/p>\n<h4><a href=\"https:\/\/riull.ull.es\/xmlui\/handle\/915\/28081\" target=\"_blank\" rel=\"noopener\"><strong>Los litigios estrat\u00e9gicos: impacto social y judicial en la defensa de los derechos humanos de las mujeres<\/strong><\/a><\/h4>\n<p>Hern\u00e1ndez Ponte, Kelly<\/p>\n<p>Dirigido por Esther Torrado Mart\u00edn-Palomino<\/p>\n<p>&nbsp;<\/p>\n<h4><a href=\"https:\/\/riull.ull.es\/xmlui\/handle\/915\/28099\" target=\"_blank\" rel=\"noopener\"><strong>Colonialidad y pornotop\u00edas: D\u00e1cil como artefacto identitario<\/strong><\/a><u> <\/u><\/h4>\n<p>Batista Garc\u00eda, Ariadna Nazara<\/p>\n<p>Dirigido por Jos\u00e9 Antonio Ramos Arteaga<\/p>\n<p><strong><u>\u00a0<\/u><\/strong><\/p>\n<h4><a href=\"https:\/\/riull.ull.es\/xmlui\/handle\/915\/28120\" target=\"_blank\" rel=\"noopener\"><strong>Mujeres y medicina: diagn\u00f3sticos y tratamientos para la ansiedad<\/strong><\/a><u> <\/u><\/h4>\n<p>Hern\u00e1ndez Artigas, Aniol<\/p>\n<p>Dirigido por Margarita Santana De La Cruz<\/p>\n<p>&nbsp;<\/p>\n<h4><a href=\"https:\/\/riull.ull.es\/xmlui\/handle\/915\/28160\" target=\"_blank\" rel=\"noopener\"><strong>La representaci\u00f3n de la prostituci\u00f3n en el arte<\/strong><\/a><u> <\/u><\/h4>\n<p>Luis Hern\u00e1ndez, Sonia<\/p>\n<p>Dirigido por Esther Torrado Mart\u00edn-Palomino y Yolanda Peralta Sierra<\/p>\n<p><strong><u>\u00a0<\/u><\/strong><\/p>\n<h4><a href=\"https:\/\/riull.ull.es\/xmlui\/handle\/915\/28195\" target=\"_blank\" rel=\"noopener\"><strong>Educaci\u00f3n sexual con perspectiva de g\u00e9nero en Canarias: porno y prostituci\u00f3n<\/strong><\/a><u> <\/u><\/h4>\n<p>Gonz\u00e1lez Guti\u00e9rrez, Lara<\/p>\n<p>Dirigido por Esperanza Mar\u00eda Ceballos Vacas<\/p>\n<p><strong>\u00a0<\/strong><\/p>\n<p><a href=\"https:\/\/riull.ull.es\/xmlui\/handle\/915\/28202\" target=\"_blank\" rel=\"noopener\"><strong>Consumo de Prostituci\u00f3n en Varones Adultos<\/strong><\/a><\/p>\n<p>Briones Sorrentino, Carlo Michele<\/p>\n<p>Dirigido por Esther Torrado Mart\u00edn-Palomino<\/p>\n<p>&nbsp;<\/p>\n<h4><a href=\"https:\/\/riull.ull.es\/xmlui\/handle\/915\/31692\" target=\"_blank\" rel=\"noopener\"><strong>Violencia comunitaria: la negaci\u00f3n de cuerpos disidentes en los espacios educativos. Propuesta para una educaci\u00f3n feminista trans-inclusiva. Un estudio de casos en Educaci\u00f3n Secundaria en Canarias<\/strong><\/a><\/h4>\n<p>S\u00e1nchez P\u00e9rez, Adri\u00e1n<\/p>\n<p>Dirigido por Sara Garc\u00eda Cuesta<\/p>\n<p>&nbsp;<\/p>\n<h4><a href=\"https:\/\/riull.ull.es\/xmlui\/handle\/915\/31784\" target=\"_blank\" rel=\"noopener\"><strong>Encontrarnos en la virtualidad: la creaci\u00f3n de espacios (m\u00e1s) seguros en internet desde una perspectiva (trans)feminista e interseccional.<\/strong><\/a><u> <\/u><\/h4>\n<p>Mojica L\u00f3pez, Marta Flora<\/p>\n<p>Dirigido por Jose Antonio Ramos Arteaga y Mar\u00eda Jos\u00e9 Chivite de Le\u00f3n<\/p>\n<p>&nbsp;<\/p>\n<h4><a href=\"https:\/\/riull.ull.es\/xmlui\/handle\/915\/31652\" target=\"_blank\" rel=\"noopener\"><strong>Sostener las vidas: feminismo ind\u00edgena y propuestas ecocr\u00edticas<\/strong><\/a><\/h4>\n<p>Pastor Quiles, Alba<\/p>\n<p>Dirigido por Jos\u00e9 Antonio Ramos Arteaga<\/p>\n<p><strong>\u00a0<\/strong><\/p>\n<h4><a href=\"https:\/\/riull.ull.es\/xmlui\/handle\/915\/31803\" target=\"_blank\" rel=\"noopener\"><strong>Postporno: representaciones sexuales y activismos disidentes<\/strong><\/a><\/h4>\n<p>Rodr\u00edguez Dom\u00ednguez, Rayza Mar\u00eda<\/p>\n<p>Dirigido por Carmen Marina Barreto Vargas<\/p>\n<p>&nbsp;<\/p>\n<h4><a href=\"https:\/\/riull.ull.es\/xmlui\/handle\/915\/31965\" target=\"_blank\" rel=\"noopener\"><strong>La prostituci\u00f3n en el videojuego: estigma, violencia y placer masculino<\/strong><\/a><\/h4>\n<p>Escobar Hern\u00e1ndez, Lara<\/p>\n<p>Dirigido por Laura Aguilera \u00c1vila<\/p>\n<p>&nbsp;<\/p>\n<h4><a href=\"https:\/\/riull.ull.es\/xmlui\/handle\/915\/32065\" target=\"_blank\" rel=\"noopener\"><strong>La figura de la bruja y la loca en los personajes de Harley Quinn y Wanda Maximoff<\/strong><\/a><u> <\/u><\/h4>\n<p>Rodr\u00edguez Vargas, Meritxell<\/p>\n<p>Dirigido por Jos\u00e9 Antonio Ramos Arteaga y Mar\u00eda Jos\u00e9 Chivite de Le\u00f3n<\/p>\n<p>&nbsp;<\/p>\n<h4><a href=\"https:\/\/riull.ull.es\/xmlui\/handle\/915\/32084\" target=\"_blank\" rel=\"noopener\"><strong>Iniciaci\u00f3n sexual y violencia sexual: Dos momentos claves en la sexualidad de las mujeres<\/strong><\/a><u> <\/u><\/h4>\n<p>Cabrera Meneses, Alba<\/p>\n<p>Dirigido por Esther Torrado Mart\u00edn-Palomino<\/p>\n<p>&nbsp;<\/p>\n<h4><a href=\"https:\/\/riull.ull.es\/xmlui\/handle\/915\/32102\" target=\"_blank\" rel=\"noopener\"><strong>Pornograf\u00eda y Educaci\u00f3n Afectivo-sexual. Realidades antag\u00f3nicas<\/strong><\/a><\/h4>\n<p>Meli\u00e1n Garc\u00eda, Alejandro<\/p>\n<p>Dirigido por Laura Aguilera \u00c1vila[\/vc_column_text][\/vc_tta_section][vc_tta_section title=\u00bb2021&#8243; tab_id=\u00bb2021&#8243;][vc_column_text]<a href=\"https:\/\/riull.ull.es\/xmlui\/handle\/915\/22860\" target=\"_blank\" rel=\"noopener\"><strong>Historias de vida trans desde el exilio: Sexile\/Sexilio, de Jaime Cortez<\/strong><\/a><\/p>\n<p>Galv\u00e1n Arbelo, Paula Candelaria<\/p>\n<p>Dirigido por Jos\u00e9 Antonio Ramos Arteaga<\/p>\n<p>&nbsp;<\/p>\n<p><a href=\"https:\/\/riull.ull.es\/xmlui\/handle\/915\/22994\" target=\"_blank\" rel=\"noopener\"><strong>Los servicios de violencia de g\u00e9nero en mujeres con problemas de salud mental y drogodependencias<\/strong><\/a><\/p>\n<p>Gonz\u00e1lez Guti\u00e9rrez, Raquel Leocadia<\/p>\n<p>Dirigido por Mar\u00eda Pilar Matud Azna<\/p>\n<p>(DOCUMENTO NO DISPONIBLE)<\/p>\n<p>&nbsp;<\/p>\n<p><a href=\"https:\/\/riull.ull.es\/xmlui\/handle\/915\/25288\" target=\"_blank\" rel=\"noopener\"><strong>Transversalidad de g\u00e9nero e interseccionalidad en pol\u00edticas p\u00fablicas. Un an\u00e1lisis comparado de la normativa estatal y canaria en materia de transexualidad<\/strong><\/a><\/p>\n<p>Basterra Olives, Claudia<\/p>\n<p>Dirigido por Mar\u00eda Esther Jim\u00e9nez Ja\u00e9n<\/p>\n<p>&nbsp;<\/p>\n<p><a href=\"https:\/\/riull.ull.es\/xmlui\/handle\/915\/23434\" target=\"_blank\" rel=\"noopener\"><strong>Las actitudes hacia la violencia de g\u00e9nero en la poblaci\u00f3n general<\/strong><\/a><\/p>\n<p>D\u00edaz Hern\u00e1ndez Cristian<\/p>\n<p>Dirigido por Mar\u00eda Pilar Matud Aznar<\/p>\n<p>&nbsp;<\/p>\n<p><a href=\"https:\/\/riull.ull.es\/xmlui\/handle\/915\/23470\" target=\"_blank\" rel=\"noopener\"><strong>Len\u00f9 y Lila: an\u00e1lisis de la representaci\u00f3n de la amistad femenina en \u2018La amiga estupenda\u2019 de Elena Ferrante<\/strong><\/a><\/p>\n<p>Gonz\u00e1lez Rossi, A\u00edda Mar\u00eda<\/p>\n<p>Dirigido por Matilde Mart\u00edn Gonz\u00e1lez<\/p>\n<p>&nbsp;<\/p>\n<p><a href=\"https:\/\/riull.ull.es\/xmlui\/handle\/915\/23651\" target=\"_blank\" rel=\"noopener\"><strong>La Percepci\u00f3n de la prostituci\u00f3n de mujeres por parte de la ciudadan\u00eda canaria a\u00f1o 2017<\/strong><\/a><\/p>\n<p>Peraza Gonz\u00e1lez, Estefan\u00eda<\/p>\n<p>Dirigido por Esther Torrado Mart\u00edn-Palomino[\/vc_column_text][\/vc_tta_section][vc_tta_section title=\u00bb2020&#8243; tab_id=\u00bb2020&#8243;][vc_column_text]<\/p>\n<h4><a href=\"https:\/\/riull.ull.es\/xmlui\/handle\/915\/19522\" target=\"_blank\" rel=\"noopener\"><strong>Tejiendo redes de sororidad para la transformaci\u00f3n local: El caso de El Rosario<\/strong><\/a><\/h4>\n<p>Padr\u00f3n Ramos, Irene<\/p>\n<p>Dirigido por Laura Aguilera \u00c1vila<\/p>\n<p>&nbsp;<\/p>\n<h4><a href=\"https:\/\/riull.ull.es\/xmlui\/handle\/915\/19922\" target=\"_blank\" rel=\"noopener\"><strong>La coeducaci\u00f3n en un centro escolar de Educaci\u00f3n Infantil y Primaria: un estudio de caso<\/strong><\/a><u> <\/u><\/h4>\n<p>P\u00e9rez Herrera, Noemi<\/p>\n<p>Dirigido por Esperanza Ceballos Vacas[\/vc_column_text][\/vc_tta_section][vc_tta_section title=\u00bb2019&#8243; tab_id=\u00bb2019&#8243;][vc_column_text]<a href=\"https:\/\/riull.ull.es\/xmlui\/handle\/915\/17133\" target=\"_blank\" rel=\"noopener\"><strong>Pol\u00edticas de igualdad y retos educativos<\/strong><\/a><\/p>\n<p>Manj\u00f3n P\u00e9rez, Ana Bel\u00e9n<\/p>\n<p>Dirigido por Teresa Gonz\u00e1lez P\u00e9rez<\/p>\n<p>&nbsp;<\/p>\n<h4><a href=\"https:\/\/riull.ull.es\/xmlui\/handle\/915\/16829\" target=\"_blank\" rel=\"noopener\"><strong>Vulneraci\u00f3n de los derechos sexuales y reproductivos de las mujeres: la violencia obst\u00e9trica<\/strong><\/a><\/h4>\n<p>Losa Hervera, Marta<\/p>\n<p>Dirigido por Mar\u00eda Pilar Matud Aznar<\/p>\n<p><strong>\u00a0<\/strong><\/p>\n<h4><a href=\"https:\/\/riull.ull.es\/xmlui\/handle\/915\/16872\" target=\"_blank\" rel=\"noopener\"><strong>Subversiones de g\u00e9nero en la ficci\u00f3n criminal: la reapropiaci\u00f3n feminista del detective hard-boiled en la obra de Sara Paretsky<\/strong><\/a><\/h4>\n<p><a href=\"https:\/\/riull.ull.es\/xmlui\/browse?authority=b210cca8-750b-44ee-985b-06c2dee09b95&amp;type=author\" target=\"_blank\" rel=\"noopener\">Peraza N\u00fa\u00f1ez, Sara<\/a><\/p>\n<p>Dirigido por Mar\u00eda Jos\u00e9 Chivite de Le\u00f3n<\/p>\n<p>&nbsp;<\/p>\n<h4><a href=\"https:\/\/riull.ull.es\/xmlui\/handle\/915\/16934\" target=\"_blank\" rel=\"noopener\"><strong>Los personajes femeninos en el cine de animaci\u00f3n japon\u00e9s: el caso de Studio Ghibli y Hayao Miyazaki<\/strong><\/a><u> <\/u><\/h4>\n<p>Rodr\u00edguez S\u00e1nchez, Tamara Milagros<\/p>\n<p>Dirigido por Mar\u00eda Beatriz Hern\u00e1ndez P\u00e9rez<\/p>\n<p><a href=\"https:\/\/riull.ull.es\/xmlui\/handle\/915\/17211\" target=\"_blank\" rel=\"noopener\"><strong>\u00abNo en mi pel\u00edcula\u00bb: Sexualizaci\u00f3n de la violencia en el g\u00e9nero slasher. El caso de Scream<\/strong><\/a><u> <\/u><\/p>\n<p>Ib\u00e1\u00f1ez Biondi, Carolina del Carmen<\/p>\n<p>Dirigido por Jos\u00e9 Antonio Ramos Arteaga<\/p>\n<p>&nbsp;<\/p>\n<h4><a href=\"https:\/\/riull.ull.es\/xmlui\/handle\/915\/14946\" target=\"_blank\" rel=\"noopener\"><strong>La educaci\u00f3n afectivo sexual: un estudio de las familias con hijos e hijas en las primeras etapas educativas<\/strong><\/a><\/h4>\n<p><a href=\"https:\/\/riull.ull.es\/xmlui\/browse?authority=7d0f11e7-00f1-4e8e-b8b9-a8fdf1123b0d&amp;type=author\" target=\"_blank\" rel=\"noopener\">Reyes Padrino, Desiree<\/a><\/p>\n<p>Dirigido por Esther Torrado Mart\u00edn-Palomino[\/vc_column_text][\/vc_tta_section][vc_tta_section title=\u00bb2018&#8243; tab_id=\u00bb2018&#8243;][vc_column_text]<a href=\"https:\/\/riull.ull.es\/xmlui\/handle\/915\/11551\" target=\"_blank\" rel=\"noopener\"><strong>Pol\u00edticas de reconocimiento, igualdad y cultura en Canarias<\/strong><\/a><\/p>\n<p>Gonz\u00e1lez D\u00edaz, Juan Jes\u00fas<\/p>\n<p>Dirigido por Mar\u00eda Jos\u00e9 Guerra Palmero\u00e7<\/p>\n<p>&nbsp;<\/p>\n<h4><a href=\"https:\/\/riull.ull.es\/xmlui\/handle\/915\/10135\" target=\"_blank\" rel=\"noopener\"><strong>Fondos Europeos e Igualdad de G\u00e9nero. El caso del Gobierno de Canarias<\/strong><\/a><\/h4>\n<p>D\u00edaz Fari\u00f1a, Carmen Mar\u00eda<\/p>\n<p>Dirigido por Sara Garc\u00eda Cuesta y Ana Pe\u00f1a M\u00e9ndez<\/p>\n<p><strong><u>\u00a0<\/u><\/strong><\/p>\n<h4><a href=\"https:\/\/riull.ull.es\/xmlui\/handle\/915\/7453\" target=\"_blank\" rel=\"noopener\"><strong>Interseccionalidad de Opresiones en Mujeres con Medidas Judiciales de Tenerife<\/strong><\/a><u> <\/u><\/h4>\n<p><a href=\"https:\/\/riull.ull.es\/xmlui\/browse?authority=9c9be6d3-ced1-4163-ae6c-0993fb03209d&amp;type=author\" target=\"_blank\" rel=\"noopener\">Aswani Jethani, Tania<\/a><\/p>\n<p>Dirigido por (NO SE ABRE EL DOCUMENTO)<\/p>\n<p>&nbsp;<\/p>\n<h4><a href=\"https:\/\/riull.ull.es\/xmlui\/handle\/915\/7309\" target=\"_blank\" rel=\"noopener\"><strong>G\u00e9nero e interseccionalidad. Una revisi\u00f3n hist\u00f3rico-cr\u00edtica<\/strong><\/a><\/h4>\n<p><a href=\"https:\/\/riull.ull.es\/xmlui\/browse?authority=524b1dab-efa9-4575-bbbf-46020d5e609d&amp;type=author\" target=\"_blank\" rel=\"noopener\">D\u00edaz Polegre, Leticia<\/a><\/p>\n<p>Dirigido por Mar\u00eda Jos\u00e9 Guerra Palmero y Esther Torrado Mart\u00edn-Palomino<\/p>\n<p>&nbsp;<\/p>\n<h4><a href=\"https:\/\/riull.ull.es\/xmlui\/handle\/915\/7274\" target=\"_blank\" rel=\"noopener\"><strong>Marked Beings: Vulnerability and Survival in Jillian and Mariko Tamaki&#8217;s Skim<\/strong><\/a><u> <\/u><\/h4>\n<p><a href=\"https:\/\/riull.ull.es\/xmlui\/browse?authority=426&amp;type=author\" target=\"_blank\" rel=\"noopener\">D\u00edaz Cano, Coral Anaid<\/a><\/p>\n<p>Dirigido por Eva Darias Beautell<\/p>\n<p>(DOCUMENTO NO DISPONIBLE)<\/p>\n<p>&nbsp;<\/p>\n<h4><a href=\"https:\/\/riull.ull.es\/xmlui\/handle\/915\/7258\" target=\"_blank\" rel=\"noopener\"><strong>GENDER AND PERFORMATIVE IDENTITY. TRUMPET, BY JACKIE KAY<\/strong><\/a><u> <\/u><\/h4>\n<p><a href=\"https:\/\/riull.ull.es\/xmlui\/browse?authority=45969cfb-cdea-45af-8e0a-a9f9db0aa7d5&amp;type=author\" target=\"_blank\" rel=\"noopener\">Skurlatova, Veronika<\/a><\/p>\n<p>Dirigido por Mar\u00eda Jos\u00e9 Chivite de Le\u00f3n<\/p>\n<p>(DOCUMENTO NO DISPONIBLE)[\/vc_column_text][\/vc_tta_section][\/vc_tta_tour][\/vc_column][\/vc_row]<\/p>\n","protected":false},"excerpt":{"rendered":"<p>[vc_row full_width=\u00bbstretch_row_content_no_spaces\u00bb content_placement=\u00bbmiddle\u00bb css=\u00bb.vc_custom_1606477415927{background-color: #f4f4f4 !important;background-position: center !important;background-repeat: no-repeat !important;background-size: cover !important;}\u00bb el_class=\u00bbtitle-departamento\u00bb][vc_column css=\u00bb.vc_custom_1605179589940{margin-top: 0px !important;padding-top: 0px !important;}\u00bb][rev_slider_vc alias=\u00bbhome\u00bb][\/vc_column][\/vc_row][vc_row full_width=\u00bbstretch_row_content\u00bb el_class=\u00bbprincipio-marcha\u00bb][vc_column css=\u00bb.vc_custom_1588939369209{padding-top: 40px !important;}\u00bb][vc_custom_heading text=\u00bbTrabajo de Fin de M\u00e1ster\u00bb font_container=\u00bbtag:h2|text_align:center|color:%23ffffff\u00bb use_theme_fonts=\u00bbyes\u00bb css_animation=\u00bbfadeInDownBig\u00bb][\/vc_column][\/vc_row][vc_row][vc_column][vc_empty_space][\/vc_column][\/vc_row][vc_row][vc_column][vc_tta_tour][vc_tta_section title=\u00bb2024&#8243; tab_id=\u00bb2024&#8243;][vc_column_text] El monstruo que habla: memorias de cuerpos disidentes Romero D\u00edaz, Juan Manuel Dirigido por Mar\u00eda Jos\u00e9 Chivite de Le\u00f3n y Jos\u00e9&#8230;<\/p>\n","protected":false},"author":4,"featured_media":0,"parent":0,"menu_order":0,"comment_status":"closed","ping_status":"closed","template":"templates\/template-frontpage.php","meta":[],"_links":{"self":[{"href":"https:\/\/www.ull.es\/institutos\/instituto-universitario-estudios-mujeres\/wp-json\/wp\/v2\/pages\/1015"}],"collection":[{"href":"https:\/\/www.ull.es\/institutos\/instituto-universitario-estudios-mujeres\/wp-json\/wp\/v2\/pages"}],"about":[{"href":"https:\/\/www.ull.es\/institutos\/instituto-universitario-estudios-mujeres\/wp-json\/wp\/v2\/types\/page"}],"author":[{"embeddable":true,"href":"https:\/\/www.ull.es\/institutos\/instituto-universitario-estudios-mujeres\/wp-json\/wp\/v2\/users\/4"}],"replies":[{"embeddable":true,"href":"https:\/\/www.ull.es\/institutos\/instituto-universitario-estudios-mujeres\/wp-json\/wp\/v2\/comments?post=1015"}],"version-history":[{"count":5,"href":"https:\/\/www.ull.es\/institutos\/instituto-universitario-estudios-mujeres\/wp-json\/wp\/v2\/pages\/1015\/revisions"}],"predecessor-version":[{"id":1020,"href":"https:\/\/www.ull.es\/institutos\/instituto-universitario-estudios-mujeres\/wp-json\/wp\/v2\/pages\/1015\/revisions\/1020"}],"wp:attachment":[{"href":"https:\/\/www.ull.es\/institutos\/instituto-universitario-estudios-mujeres\/wp-json\/wp\/v2\/media?parent=1015"}],"curies":[{"name":"wp","href":"https:\/\/api.w.org\/{rel}","templated":true}]}}