{"id":1021,"date":"2026-04-27T11:22:09","date_gmt":"2026-04-27T11:22:09","guid":{"rendered":"https:\/\/www.ull.es\/institutos\/instituto-universitario-estudios-mujeres\/?page_id=1021"},"modified":"2026-04-27T11:50:37","modified_gmt":"2026-04-27T11:50:37","slug":"tfg","status":"publish","type":"page","link":"https:\/\/www.ull.es\/institutos\/instituto-universitario-estudios-mujeres\/tfg\/","title":{"rendered":"TFG"},"content":{"rendered":"<p>[vc_row full_width=\u00bbstretch_row_content_no_spaces\u00bb content_placement=\u00bbmiddle\u00bb css=\u00bb.vc_custom_1606477415927{background-color: #f4f4f4 !important;background-position: center !important;background-repeat: no-repeat !important;background-size: cover !important;}\u00bb el_class=\u00bbtitle-departamento\u00bb][vc_column css=\u00bb.vc_custom_1605179589940{margin-top: 0px !important;padding-top: 0px !important;}\u00bb][rev_slider_vc alias=\u00bbhome\u00bb][\/vc_column][\/vc_row][vc_row full_width=\u00bbstretch_row_content\u00bb el_class=\u00bbprincipio-marcha\u00bb][vc_column css=\u00bb.vc_custom_1588939369209{padding-top: 40px !important;}\u00bb][vc_custom_heading text=\u00bbTrabajo de Fin de Grado\u00bb font_container=\u00bbtag:h2|text_align:center|color:%23ffffff\u00bb use_theme_fonts=\u00bbyes\u00bb css_animation=\u00bbfadeInDownBig\u00bb][\/vc_column][\/vc_row][vc_row][vc_column][vc_empty_space][\/vc_column][\/vc_row][vc_row][vc_column][vc_tta_tour][vc_tta_section title=\u00bb2025&#8243; tab_id=\u00bb2025&#8243;][vc_column_text]<\/p>\n<h4><a href=\"https:\/\/riull.ull.es\/xmlui\/handle\/915\/41900\" target=\"_blank\" rel=\"noopener\"><strong>De mu\u00f1eca a icono: la perspectiva de g\u00e9nero en la pel\u00edcula de Barbie. <\/strong><\/a><\/h4>\n<p>Pige\u00f3n Reyes, Ingrid<\/p>\n<p>Dirigido por Laura Aguilera \u00c1vila<\/p>\n<h4><a href=\"https:\/\/riull.ull.es\/xmlui\/handle\/915\/41898\" target=\"_blank\" rel=\"noopener\"><strong>La adolescencia y la importancia de la familia y los colegios en la prevenci\u00f3n de la violencia de g\u00e9nero <\/strong><\/a><\/h4>\n<p>Allocca Rivero, Arcoiris Cristina Del Carmen<\/p>\n<p>Dirigido por Laura Aguilera \u00c1vila<\/p>\n<h4><a href=\"https:\/\/riull.ull.es\/xmlui\/handle\/915\/43235\" target=\"_blank\" rel=\"noopener\"><strong>Mujeres rebeldes y sindicalistas. Movimiento obrero en perspectiva de g\u00e9nero durante el Segundo Franquismo (1962-1975) <\/strong><\/a><\/h4>\n<p>Fumero Marichal, \u00d3scar<\/p>\n<p>Dirigido por Inmaculada Blasco Herranz<\/p>\n<p><a href=\"https:\/\/riull.ull.es\/xmlui\/handle\/915\/45264\" target=\"_blank\" rel=\"noopener\"><strong>Estereotipos de g\u00e9nero y Educaci\u00f3n F\u00edsica en la Educaci\u00f3n Primaria. Una propuesta formativa para el profesorado <\/strong><\/a><\/p>\n<p>Dom\u00ednguez Machado, Dania<\/p>\n<p>Dirigido por Betty Est\u00e9vez Cede\u00f1o<\/p>\n<p><a href=\"https:\/\/riull.ull.es\/xmlui\/handle\/915\/44614\" target=\"_blank\" rel=\"noopener\"><strong>Educaci\u00f3n afectivo-sexual en la infancia y adolescencia. La influencia de La Isla de las Tentaciones 8. <\/strong><\/a><\/p>\n<p>Valeriano Calcines, Laura<\/p>\n<p>Dirigido por Betty Est\u00e9vez Cede\u00f1o<\/p>\n<p><a href=\"https:\/\/riull.ull.es\/xmlui\/handle\/915\/41889\" target=\"_blank\" rel=\"noopener\"><strong>Medidas jur\u00eddico-penales del Pacto de Estado contra la violencia de g\u00e9nero. <\/strong><\/a><\/p>\n<p>Gago Mart\u00edn, Alejandro<\/p>\n<p>Dirigido por Jos\u00e9 Ulises Hern\u00e1ndez Plasencia<\/p>\n<p><a href=\"https:\/\/riull.ull.es\/xmlui\/handle\/915\/579\" target=\"_blank\" rel=\"noopener\"><strong>G\u00e9nero y Surfing en Canarias <\/strong><\/a><\/p>\n<p>Rozenwajn Acheroy, Sara<\/p>\n<p>Dirigido por Marta Esther Jim\u00e9nez Ja\u00e9n<\/p>\n<p><a href=\"https:\/\/riull.ull.es\/xmlui\/handle\/915\/43286\" target=\"_blank\" rel=\"noopener\"><strong>Ciudadanas del ma\u00f1ana: la formaci\u00f3n escolar de las ni\u00f1as durante la Segunda Rep\u00fablica Espa\u00f1ola (1931-1939) <\/strong><\/a><\/p>\n<p>Hern\u00e1ndez Rodr\u00edguez, Daniel<\/p>\n<p>Dirigido por Mar\u00eda Eugenia Monz\u00f3n Perdomo<\/p>\n<p><a href=\"https:\/\/riull.ull.es\/xmlui\/handle\/915\/42671\" target=\"_blank\" rel=\"noopener\"><strong>La violencia obst\u00e9trica desde el cuerpo vivido: una reflexi\u00f3n filos\u00f3fica sobre el tr\u00e1nsito de mujer a madre <\/strong><\/a><\/p>\n<p><a href=\"https:\/\/riull.ull.es\/xmlui\/browse?authority=dd203960-c5bc-48d3-bab0-23ccd1e868d5&amp;type=author\" target=\"_blank\" rel=\"noopener\">Mart\u00ednez Ram\u00edrez, Mar\u00eda<\/a><\/p>\n<p>Dirigido por Concepci\u00f3n Ortega Cruz<\/p>\n<h4><a href=\"https:\/\/riull.ull.es\/xmlui\/handle\/915\/42881\" target=\"_blank\" rel=\"noopener\"><strong>Violencia de g\u00e9nero y relaciones laborales: problemas derivados de la cohabitaci\u00f3n forzosa en el empleo entre v\u00edctima y agresor <\/strong><\/a><\/h4>\n<p>Sauce Rodr\u00edguez, Ver\u00f3nica Mar\u00eda<\/p>\n<p>Dirigido por Gloria Pilar Rojas Rivero<\/p>\n<h4><a href=\"https:\/\/riull.ull.es\/xmlui\/handle\/915\/41883\" target=\"_blank\" rel=\"noopener\"><strong>Propuesta de directiva (UE) 2023\/970 del parlamento europeo y del consejo de 10 de mayo de 2023 por la que se refuerza la aplicaci\u00f3n del principio de igualdad de retribuci\u00f3n entre hombres y mujeres por un mismo trabajo de igual valor a trav\u00e9s de medidas de transparencia retributiva y de mecanismos para su cumplimiento. <\/strong><\/a><\/h4>\n<p>Hern\u00e1ndez Clemente, Miriam<\/p>\n<p>Dirigido por Gloria Pilar Rojas Rivero<\/p>\n<h4><\/h4>\n<h4><a href=\"https:\/\/riull.ull.es\/xmlui\/handle\/915\/42719\" target=\"_blank\" rel=\"noopener\"><strong>\u00abLa salida es solo el comienzo\u00bb: La construcci\u00f3n social de la figura de v\u00edctima de trata desde el punto de vista de una sobreviviente. <\/strong><\/a><\/h4>\n<p>Quint\u00edn Villoslada, Sheyla<\/p>\n<p>Dirigido por Esther Torrado Mart\u00edn-Palomino[\/vc_column_text][\/vc_tta_section][vc_tta_section title=\u00bb2024&#8243; tab_id=\u00bb2024&#8243;][vc_column_text]<\/p>\n<h4><a href=\"https:\/\/riull.ull.es\/xmlui\/handle\/915\/37832\" target=\"_blank\" rel=\"noopener\"><strong>Percepci\u00f3n del alumnado de medicina, trabajo social y enfermer\u00eda sobre la salud y condiciones de vida de las mujeres en situaci\u00f3n de prostituci\u00f3n. <\/strong><\/a><\/h4>\n<p><a href=\"https:\/\/riull.ull.es\/xmlui\/browse?authority=83b9542d-bd28-481a-acc8-2ce5fc8df125&amp;type=author\" target=\"_blank\" rel=\"noopener\">D\u00edaz Garc\u00eda, Tayri<\/a>; Santana Gonz\u00e1lez, Nerea<\/p>\n<p>Dirigido por Laura Aguilera \u00c1vila<\/p>\n<h4><a href=\"https:\/\/riull.ull.es\/xmlui\/handle\/915\/37617\" target=\"_blank\" rel=\"noopener\"><strong>Mujeres en la Resistencia Francesa (1940-1945) <\/strong><\/a><\/h4>\n<p>S\u00e1enz Tejerina, Alejandro<\/p>\n<p>Dirigido por Inmaculada Blasco Herranz<\/p>\n<h4><a href=\"https:\/\/riull.ull.es\/xmlui\/handle\/915\/37668\" target=\"_blank\" rel=\"noopener\"><strong>G\u00e9nero y sexualidad femenina durante las d\u00e9cadas de 1950 y 1960. Un estado de la cuesti\u00f3n. <\/strong><\/a><\/h4>\n<p>Mart\u00edn Rodr\u00edguez, Celia<\/p>\n<p>Dirigido por Inmaculada Blasco Herranz<\/p>\n<h4><\/h4>\n<h4><a href=\"https:\/\/riull.ull.es\/xmlui\/handle\/915\/38729\" target=\"_blank\" rel=\"noopener\"><strong>\u00bfQu\u00e9 comen los hombres y las mujeres residentes en Espa\u00f1a? <\/strong><\/a><\/h4>\n<p>Mor\u00e1n Pillajo, Alexandra Elizabeth<\/p>\n<p>Dirigido por Rosa Mar\u00eda Henr\u00edquez Rodr\u00edguez<\/p>\n<p>&nbsp;<\/p>\n<h4><a href=\"https:\/\/riull.ull.es\/xmlui\/handle\/915\/37032\" target=\"_blank\" rel=\"noopener\"><strong>La mujer en el mercado de trabajo <\/strong><\/a><\/h4>\n<p><a href=\"https:\/\/riull.ull.es\/xmlui\/browse?authority=a1a0fa84-7136-4e53-87d0-a5dee2bc45d9&amp;type=author\" target=\"_blank\" rel=\"noopener\">Hern\u00e1ndez L<\/a>e<a href=\"https:\/\/riull.ull.es\/xmlui\/browse?authority=a1a0fa84-7136-4e53-87d0-a5dee2bc45d9&amp;type=author\" target=\"_blank\" rel=\"noopener\">\u00f3n, Irene<\/a><\/p>\n<p>Dirigido por Marta Esther Jim\u00e9nez Ja\u00e9n<\/p>\n<h4><a href=\"https:\/\/riull.ull.es\/xmlui\/handle\/915\/38668\" target=\"_blank\" rel=\"noopener\"><strong>Ciencia, tecnolog\u00eda y g\u00e9nero: las posibilidades emancipatorias de la tecnolog\u00eda. Repensar estrat\u00e9gicamente lo humano. <\/strong><\/a><\/h4>\n<p>P\u00e9rez Ram\u00edrez, Ariadna Del Carmen<\/p>\n<p>Dirigido por Inmaculada Perdomo Reyes<\/p>\n<h4><a href=\"https:\/\/riull.ull.es\/xmlui\/handle\/915\/38658\" target=\"_blank\" rel=\"noopener\"><strong>Impactos de la Inteligencia Artificial: Sesgos de g\u00e9nero y brechas sociales. <\/strong><\/a><\/h4>\n<p>Guti\u00e9rrez Hern\u00e1ndez, Nauzet<\/p>\n<p>Dirigido por Inmaculada Perdomo Reyes[\/vc_column_text][\/vc_tta_section][vc_tta_section title=\u00bb2023&#8243; tab_id=\u00bb2023&#8243;][vc_column_text]<\/p>\n<h4><a href=\"https:\/\/riull.ull.es\/xmlui\/handle\/915\/33698\" target=\"_blank\" rel=\"noopener\"><strong>Trabajo dom\u00e9stico no remunerado. Especial referencia al papel de la mujer. <\/strong><\/a><\/h4>\n<p>Acosta Sanchez, Daniel<\/p>\n<p>Dirigido por Marta Esther Jim\u00e9nez Ja\u00e9n<\/p>\n<p><a href=\"https:\/\/riull.ull.es\/xmlui\/handle\/915\/33088\" target=\"_blank\" rel=\"noopener\"><strong>La reescritura de la historia de la ciencia: Perspectiva de g\u00e9nero en la revisi\u00f3n del pasado androc\u00e9ntrico <\/strong><\/a><\/p>\n<p>G\u00f3mez Jim\u00e9nez, Mar\u00eda<\/p>\n<p>Dirigido por Inmaculada Perdomo Reyes<\/p>\n<p><a href=\"https:\/\/riull.ull.es\/xmlui\/handle\/915\/33466\" target=\"_blank\" rel=\"noopener\"><strong>La desigualdad retributiva por raz\u00f3n de sexo en las relaciones laborales. <\/strong><\/a><\/p>\n<p>Febles Torres, Alicia Mercedes<\/p>\n<p>Dirigido por Sarai Rodr\u00edguez Gonz\u00e1lez[\/vc_column_text][\/vc_tta_section][vc_tta_section title=\u00bb2022&#8243; tab_id=\u00bb2022&#8243;][vc_column_text]<\/p>\n<h4><a href=\"https:\/\/riull.ull.es\/xmlui\/handle\/915\/28470\" target=\"_blank\" rel=\"noopener\"><strong>Las perspectivas de la prostituci\u00f3n. <\/strong><\/a><\/h4>\n<p>Funes Yanes, Thal\u00eda Valeria<\/p>\n<p>Dirigido por Laura Aguilera \u00c1vila<\/p>\n<h4><a href=\"https:\/\/riull.ull.es\/xmlui\/handle\/915\/30535\" target=\"_blank\" rel=\"noopener\"><strong>Mujer sin hogar: una aproximaci\u00f3n a la extrema exclusi\u00f3n social en Santa Cruz de Tenerife. <\/strong><\/a><\/h4>\n<p><a href=\"https:\/\/riull.ull.es\/xmlui\/browse?authority=af68ba36-6ea6-4e84-a93c-854e637fc2ae&amp;type=author\" target=\"_blank\" rel=\"noopener\">Arias Jim\u00e9nez, Mar\u00eda<\/a>; Darias Mart\u00edn, Raquel<\/p>\n<p>Dirigido por Jos\u00e9 Manuel D\u00edaz Gonz\u00e1lez y Laura Aguilera \u00c1vila<\/p>\n<p><a href=\"https:\/\/riull.ull.es\/xmlui\/handle\/915\/27090\" target=\"_blank\" rel=\"noopener\"><strong>Prevalencia de violencia de g\u00e9nero en estudiantes del Grado de Enfermer\u00eda de la Universidad de La Laguna: percepciones, opiniones y creencias sobre su formaci\u00f3n y papel como futuros profesionales en VG <\/strong><\/a><\/p>\n<p>Luis Grillo, Tania Mar\u00eda<\/p>\n<p>Dirigido por Ana Mar\u00eda Arricivita Verdasco<\/p>\n<h4><\/h4>\n<h4><a href=\"https:\/\/riull.ull.es\/xmlui\/handle\/915\/29320\" target=\"_blank\" rel=\"noopener\"><strong>Invisibilidad de las mujeres lesbianas en la legislaci\u00f3n. <\/strong><\/a><\/h4>\n<p>Casa\u00f1as D\u00edaz, Laura<\/p>\n<p>Dirigido por Celsa Mar\u00eda C\u00e1ceres Rodr\u00edguez<\/p>\n<h4><a href=\"https:\/\/riull.ull.es\/xmlui\/handle\/915\/29296\" target=\"_blank\" rel=\"noopener\"><strong>Campa\u00f1a de sensibilizaci\u00f3n sobre la trata de mujeres con fines de explotaci\u00f3n sexual <\/strong><\/a><\/h4>\n<p>D\u00edaz D\u00e1vila, Gemma<\/p>\n<p>Dirigido por Esther Torrado Mart\u00edn-Palomino<\/p>\n<p>&nbsp;<\/p>\n<h4><a href=\"https:\/\/riull.ull.es\/xmlui\/handle\/915\/28814\" target=\"_blank\" rel=\"noopener\"><strong>La violencia vicaria: Una forma de violencia machista <\/strong><\/a><\/h4>\n<p><a href=\"https:\/\/riull.ull.es\/xmlui\/browse?authority=c41b0855-c879-4e97-a5a7-178e0feaba25&amp;type=author\" target=\"_blank\" rel=\"noopener\">Ledesma Rivero, Laura<\/a><\/p>\n<p>Dirigido por Esther Torrado Mart\u00edn-Palomino<\/p>\n<p>&nbsp;<\/p>\n<h4><a href=\"https:\/\/riull.ull.es\/xmlui\/handle\/915\/29280\" target=\"_blank\" rel=\"noopener\"><strong>La erotizaci\u00f3n de la violencia machista: influencia de la pornograf\u00eda en j\u00f3venes y adolescentes <\/strong><\/a><\/h4>\n<p><a href=\"https:\/\/riull.ull.es\/xmlui\/browse?authority=a6721ad6-40a2-45f5-919c-afa120ff47f3&amp;type=author\" target=\"_blank\" rel=\"noopener\">P\u00e9rez Hern\u00e1ndez, Rosana Cat<\/a>alin<a href=\"https:\/\/riull.ull.es\/xmlui\/browse?authority=a6721ad6-40a2-45f5-919c-afa120ff47f3&amp;type=author\" target=\"_blank\" rel=\"noopener\">a<\/a><\/p>\n<p>Dirigido por Esther Torrado Mart\u00edn-Palomino[\/vc_column_text][\/vc_tta_section][vc_tta_section title=\u00bb2021&#8243; tab_id=\u00bb2021&#8243;][vc_column_text]<\/p>\n<h4><a href=\"https:\/\/riull.ull.es\/xmlui\/handle\/915\/22610\" target=\"_blank\" rel=\"noopener\"><strong>El papel de la mujer migrante y las familias transnacionales en la cadena global de cuidados. <\/strong><\/a><\/h4>\n<p>Fern\u00e1ndez Fari\u00f1a, Laura<\/p>\n<p>Dirigido por Laura Aguilera \u00c1vila<\/p>\n<h4><a href=\"https:\/\/riull.ull.es\/xmlui\/handle\/915\/23915\" target=\"_blank\" rel=\"noopener\"><strong>Visi\u00f3n y conocimiento del estudiantado de trabajo social sobre la mutilaci\u00f3n genital femenina: proyecto de investigaci\u00f3n. <\/strong><\/a><\/h4>\n<p><a href=\"https:\/\/riull.ull.es\/xmlui\/browse?authority=4b9498ac-1040-40be-8f8d-7d103e5a25ac&amp;type=author\" target=\"_blank\" rel=\"noopener\">Segredo Armas, Mar\u00eda<\/a><\/p>\n<p>Dirigido por Laura Aguilera \u00c1vila<\/p>\n<h4><a href=\"https:\/\/riull.ull.es\/xmlui\/handle\/915\/23917\" target=\"_blank\" rel=\"noopener\"><strong>Feminismo y hembrismo: percepciones de la sociedad.<\/strong><\/a><\/h4>\n<p>Darias Mora, Xiomara<\/p>\n<p>Dirigido por Laura Aguilera \u00c1vila<\/p>\n<p><a href=\"https:\/\/riull.ull.es\/xmlui\/handle\/915\/26007\" target=\"_blank\" rel=\"noopener\"><strong>Violencia de g\u00e9nero en el \u00e1mbito dom\u00e9stico en la Monarqu\u00eda Hisp\u00e1nica durante la Edad Moderna <\/strong><\/a><\/p>\n<p>Garc\u00eda P\u00e9rez, Guacimara<\/p>\n<p>Dirigido por Mar\u00eda Eugenia Monz\u00f3n Perdomo y Judit Guti\u00e9rrez de Armas<\/p>\n<h4><a href=\"https:\/\/riull.ull.es\/xmlui\/handle\/915\/25358\" target=\"_blank\" rel=\"noopener\"><strong>Delincuencia juvenil en Canarias desde de la perspectiva de g\u00e9nero (2010-2019). <\/strong><\/a><\/h4>\n<p>Bola\u00f1os Garc\u00eda, Paula<\/p>\n<p>Dirigido por Rosa Mar\u00eda Henr\u00edquez Rodr\u00edguez<\/p>\n<h4><\/h4>\n<h4><a href=\"https:\/\/riull.ull.es\/xmlui\/handle\/915\/24172\" target=\"_blank\" rel=\"noopener\"><strong>La brecha salarial entre mujeres y hombres en Espa\u00f1a <\/strong><\/a><\/h4>\n<p>Castro Garc\u00eda, Diego<\/p>\n<p>Dirigido por Marta Esther Jim\u00e9nez Ja\u00e9n<\/p>\n<h4><a href=\"https:\/\/riull.ull.es\/xmlui\/handle\/915\/25642\" target=\"_blank\" rel=\"noopener\"><strong>Realidad social y jur\u00eddica de la mujer durante el Antiguo R\u00e9gimen <\/strong><\/a><\/h4>\n<p><a href=\"https:\/\/riull.ull.es\/xmlui\/browse?authority=3c5644d3-27ff-49ea-99c8-91fc62a922ef&amp;type=author\" target=\"_blank\" rel=\"noopener\">Cordovez Diaz, <\/a>Be<a href=\"https:\/\/riull.ull.es\/xmlui\/browse?authority=3c5644d3-27ff-49ea-99c8-91fc62a922ef&amp;type=author\" target=\"_blank\" rel=\"noopener\">atriz<\/a><\/p>\n<p>Dirigido por Mar\u00eda Teresa Manescau Mart\u00edn<\/p>\n<p><a href=\"https:\/\/riull.ull.es\/xmlui\/handle\/915\/24269\" target=\"_blank\" rel=\"noopener\"><strong>Neurosexismo. Una reflexi\u00f3n desde la cr\u00edtica feminista de la ciencia. <\/strong><\/a><\/p>\n<p>P\u00e9rez Almeida, Ana<\/p>\n<p>Dirigido por Inmaculada Perdomo Reyes<\/p>\n<p>&nbsp;<\/p>\n<p><a href=\"https:\/\/riull.ull.es\/xmlui\/handle\/915\/24169\" target=\"_blank\" rel=\"noopener\"><strong>Trabajo a tiempo parcial y brecha de g\u00e9nero en el mercado laboral: ajustes normativos para su eliminaci\u00f3n. <\/strong><\/a><\/p>\n<p>Olivera Perdomo, Gabriela<\/p>\n<p>Dirigido por Sarai Rodr\u00edguez Gonz\u00e1lez<\/p>\n<p>&nbsp;<\/p>\n<p><a href=\"https:\/\/riull.ull.es\/xmlui\/handle\/915\/25684\" target=\"_blank\" rel=\"noopener\"><strong>La obligaci\u00f3n empresarial y el respeto a la igualdad de trato y oportunidades: su materializaci\u00f3n a trav\u00e9s de los planes de igualdad. <\/strong><\/a><\/p>\n<p>P\u00e9rez Padr\u00f3n, Carla<\/p>\n<p>Dirigido por Sarai Rodr\u00edguez Gonz\u00e1lez<\/p>\n<p>&nbsp;<\/p>\n<p><a href=\"https:\/\/riull.ull.es\/xmlui\/handle\/915\/24956\" target=\"_blank\" rel=\"noopener\"><strong>Los estereotipos de g\u00e9nero en la infancia. <\/strong><\/a><\/p>\n<p><a href=\"https:\/\/riull.ull.es\/xmlui\/browse?authority=7f4e9224-7686-4488-bddc-d2e0931b8ed7&amp;type=author\" target=\"_blank\" rel=\"noopener\">Hern\u00e1ndez Melo, Carolina<\/a>; <a href=\"https:\/\/riull.ull.es\/xmlui\/browse?authority=07aaac04-b3da-42bc-98a2-694112210de3&amp;type=author\" target=\"_blank\" rel=\"noopener\">Batista Sosa, Julia<\/a>; Santos Fagundo, Enrique<\/p>\n<p>Dirigido por Lidia Esther Santana Vega<\/p>\n<h4><a href=\"https:\/\/riull.ull.es\/xmlui\/handle\/915\/25152\" target=\"_blank\" rel=\"noopener\"><strong>El sexismo en los medios de comunicaci\u00f3n y su influencia en adolescentes y j\u00f3venes: El caso del programa La isla de las tentaciones 3\u00ba edici\u00f3n. <\/strong><\/a><\/h4>\n<p>Ortiz Ferrera, Margarita Esther<\/p>\n<p>Dirigido por Esther Torrado Mart\u00edn-Palomino<\/p>\n<p>&nbsp;<\/p>\n<h4><a href=\"https:\/\/riull.ull.es\/xmlui\/handle\/915\/24957\" target=\"_blank\" rel=\"noopener\"><strong>Un an\u00e1lisis del fen\u00f3meno OnlyFans desde el enfoque de g\u00e9nero. Su influencia en la socializaci\u00f3n diferencial. <\/strong><\/a><\/h4>\n<p>Santana Nixon, Sofia Lourdes<\/p>\n<h4>Dirigido por Esther Torrado Mart\u00edn-Palomino<\/h4>\n<p>[\/vc_column_text][\/vc_tta_section][vc_tta_section title=\u00bb2020&#8243; tab_id=\u00bb2020&#8243;][vc_column_text]<a href=\"https:\/\/riull.ull.es\/xmlui\/handle\/915\/19685\" target=\"_blank\" rel=\"noopener\"><strong>La realidad de las mujeres trans en la actualidad en Canarias.<\/strong><\/a><\/p>\n<p>Hern\u00e1ndez Morera, Eva Mar\u00eda<\/p>\n<p>Dirigido por Laura Aguilera \u00c1vila<\/p>\n<p>&nbsp;<\/p>\n<h4><a href=\"https:\/\/riull.ull.es\/xmlui\/handle\/915\/20756\" target=\"_blank\" rel=\"noopener\"><strong>Revisi\u00f3n te\u00f3rica sobre gestaci\u00f3n subrogada. <\/strong><\/a><\/h4>\n<p>Guasch Carmona, Beatriz<\/p>\n<p>Dirigido por Laura Aguilera \u00c1vila<\/p>\n<p>&nbsp;<\/p>\n<h4><a href=\"https:\/\/riull.ull.es\/xmlui\/handle\/915\/20761\" target=\"_blank\" rel=\"noopener\"><strong>Valoraci\u00f3n de la cohesi\u00f3n social, eficacia colectiva y violencia de g\u00e9nero por la poblaci\u00f3n del municipio de San Andr\u00e9s y Sauces. <\/strong><\/a><\/h4>\n<p>Marichal Marrero, Rayco<\/p>\n<p>Dirigido por Laura Aguilera \u00c1vila<\/p>\n<p><a href=\"https:\/\/riull.ull.es\/xmlui\/handle\/915\/20278\" target=\"_blank\" rel=\"noopener\"><strong>Percepci\u00f3n y opini\u00f3n de las enfermeras sobre la visibilidad y reconocimiento de su papel profesional en el \u00e1mbito de la violencia de g\u00e9nero <\/strong><\/a><\/p>\n<p>Izquierdo Fagundo, Mar\u00eda Jes\u00fas<\/p>\n<p>Dirigido por Ana Mar\u00eda Arricivita Verdasco<\/p>\n<h4><\/h4>\n<h4><a href=\"https:\/\/riull.ull.es\/xmlui\/handle\/915\/20768\" target=\"_blank\" rel=\"noopener\"><strong>Relaciones de g\u00e9nero en las pel\u00edculas espa\u00f1olas: an\u00e1lisis de comedias (2018-2019). <\/strong><\/a><\/h4>\n<p>Hern\u00e1ndez Perera, Marta<\/p>\n<p>Dirigido por Carmen Ascanio S\u00e1nchez<\/p>\n<p><a href=\"https:\/\/riull.ull.es\/xmlui\/handle\/915\/21397\" target=\"_blank\" rel=\"noopener\"><strong>Cuerpos transfronterizos: g\u00e9nero, migraciones y formas de violencia en los CIEs. <\/strong><\/a><\/p>\n<p>Gonz\u00e1lez Rosas, Lucia<\/p>\n<p>Dirigido por Carmen Marina Barreto Vargas<\/p>\n<h4><\/h4>\n<h4><a href=\"https:\/\/riull.ull.es\/xmlui\/handle\/915\/21392\" target=\"_blank\" rel=\"noopener\"><strong>An\u00e1lisis del reguet\u00f3n desde una perspectiva de g\u00e9nero <\/strong><\/a><\/h4>\n<p>Delgado Rodr\u00edguez, Virginia<\/p>\n<p>Dirigido por Lara Carrascosa Puertas<\/p>\n<p>&nbsp;<\/p>\n<h4><a href=\"https:\/\/riull.ull.es\/xmlui\/handle\/915\/19708\" target=\"_blank\" rel=\"noopener\"><strong>La desigualdad simulada : an\u00e1lisis desde una perspectiva de g\u00e9nero de la representaci\u00f3n de personajes femeninos en videojuegos <\/strong><\/a><\/h4>\n<p>Escobar Hern\u00e1ndez, Lara<\/p>\n<p>Dirigido por Lara Carrascosa Puertas<\/p>\n<p><a href=\"https:\/\/riull.ull.es\/xmlui\/handle\/915\/21382\" target=\"_blank\" rel=\"noopener\"><strong>Trabajar los roles y estereotipos de g\u00e9nero a trav\u00e9s de los cuentos infantiles. <\/strong><\/a><\/p>\n<p>Olmo Salazar, Gara Andre\u00edna<\/p>\n<p>Dirigido por Dulce Mar\u00eda Gonz\u00e1lez Doreste<\/p>\n<p><a href=\"https:\/\/riull.ull.es\/xmlui\/handle\/915\/19361\" target=\"_blank\" rel=\"noopener\"><strong>El elemento machista en el delito de violencia de g\u00e9nero <\/strong><\/a><\/p>\n<p>Gonz\u00e1lez Gonz\u00e1lez, Virginia<\/p>\n<p>Dirigido por Jos\u00e9 Ulises Hern\u00e1ndez Plasencia<\/p>\n<h4><\/h4>\n<h4><a href=\"https:\/\/riull.ull.es\/xmlui\/handle\/915\/20757\" target=\"_blank\" rel=\"noopener\"><strong>Las implicaciones de la justicia frente a la violencia de g\u00e9nero en Espa\u00f1a. <\/strong><\/a><\/h4>\n<p>Romero Gonz\u00e1lez, Eva Luna<\/p>\n<p>Dirigido por Rosa Mar\u00eda Henr\u00edquez Rodr\u00edguez<\/p>\n<p><a href=\"https:\/\/riull.ull.es\/xmlui\/handle\/915\/20808\" target=\"_blank\" rel=\"noopener\"><strong>La discriminaci\u00f3n retributiva por raz\u00f3n de sexo: situaci\u00f3n actual y posibles medidas correctoras. <\/strong><\/a><\/p>\n<p><a href=\"https:\/\/riull.ull.es\/xmlui\/browse?authority=a353158b-d844-4e19-8f0d-f71a54b7ee7b&amp;type=author\" target=\"_blank\" rel=\"noopener\">Garc\u00eda Mesa, Carolina<\/a>; Cardona Hern\u00e1ndez, Ana<\/p>\n<p>Dirigido por Sarai Rodr\u00edguez Gonz\u00e1lez<\/p>\n<h4><\/h4>\n<h4><a href=\"https:\/\/riull.ull.es\/xmlui\/handle\/915\/20213\" target=\"_blank\" rel=\"noopener\"><strong>Factores de vulnerabilidad en menores en situaci\u00f3n de exclusi\u00f3n social: propuestas de intervenci\u00f3n desde la perspectiva de g\u00e9nero. <\/strong><\/a><\/h4>\n<p>Sosa Tudela, Marta<\/p>\n<p>Dirigido por Esther Torrado Mart\u00edn-Palomino<\/p>\n<h4><a href=\"https:\/\/riull.ull.es\/xmlui\/handle\/915\/20229\" target=\"_blank\" rel=\"noopener\"><strong>Desigualdades de G\u00e9nero entre el profesorado de la Universidad de La Laguna <\/strong><\/a><\/h4>\n<p>Delgado Reyes, Aranzazu<\/p>\n<p>Dirigido por Esther Torrado Mart\u00edn-Palomino[\/vc_column_text][\/vc_tta_section][vc_tta_section title=\u00bb2019&#8243; tab_id=\u00bb2019&#8243;][vc_column_text]<\/p>\n<h4><a href=\"https:\/\/riull.ull.es\/xmlui\/handle\/915\/12287\" target=\"_blank\" rel=\"noopener\"><strong>La percepci\u00f3n en materia de salud mental de las mujeres v\u00edctimas de violencia de g\u00e9nero en un recurso de atenci\u00f3n integral <\/strong><\/a><\/h4>\n<p>Martel Rodr\u00edguez, Ana Mar\u00eda<\/p>\n<p>Dirigido por Laura Aguilera \u00c1vila<\/p>\n<p><a href=\"https:\/\/riull.ull.es\/xmlui\/handle\/915\/12270\" target=\"_blank\" rel=\"noopener\"><strong>Pol\u00edticas y relaciones de g\u00e9nero en las ense\u00f1anzas universitarias : estudio de un caso etnogr\u00e1fico en Puntallana (La Palma) <\/strong><\/a><\/p>\n<p>Ungil Montano, Mar\u00eda Manjari<\/p>\n<p>Dirigido por Carmen Marina Barreto Vargas<\/p>\n<h4><\/h4>\n<h4><a href=\"https:\/\/riull.ull.es\/xmlui\/handle\/915\/14560\" target=\"_blank\" rel=\"noopener\"><strong>Mujeres en la isla (1953-1964) : una publicaci\u00f3n canaria de la mujer en el franquismo <\/strong><\/a><\/h4>\n<p>D\u00edaz Tarife, Ruth<\/p>\n<p>Dirigido por Inmaculada Blasco Herranz<\/p>\n<p>&nbsp;<\/p>\n<h4><a href=\"https:\/\/riull.ull.es\/xmlui\/handle\/915\/15552\" target=\"_blank\" rel=\"noopener\"><strong>Mujeres y revoluci\u00f3n rusa: Protagonismo femenino y debates de g\u00e9nero en el socialismo revolucionario (1848-1930). <\/strong><\/a><\/h4>\n<p>Sosa Florido, Samuel Domingo<\/p>\n<p>Dirigido por Inmaculada Blasco Herranz<\/p>\n<p><a href=\"https:\/\/riull.ull.es\/xmlui\/handle\/915\/16874\" target=\"_blank\" rel=\"noopener\"><strong>Derribando mitos sobre la violencia sexual. Un estudio en la isla de Tenerife. <\/strong><\/a><\/p>\n<p>Padr\u00f3n Santana, Laura<\/p>\n<p>Dirigido por Rosa Mar\u00eda Henr\u00edquez Rodr\u00edguez<\/p>\n<p>&nbsp;<\/p>\n<h4><a href=\"https:\/\/riull.ull.es\/xmlui\/handle\/915\/12253\" target=\"_blank\" rel=\"noopener\"><strong>La violencia de g\u00e9nero en el marco europeo <\/strong><\/a><\/h4>\n<p>Mart\u00edn Gonz\u00e1lez, Yeray<\/p>\n<p>Dirigido por Rosa Mar\u00eda Henr\u00edquez Rodr\u00edguez[\/vc_column_text][\/vc_tta_section][vc_tta_section title=\u00bb2018&#8243; tab_id=\u00bb2018&#8243;][vc_column_text]<\/p>\n<h4><a href=\"https:\/\/riull.ull.es\/xmlui\/handle\/915\/9365\" target=\"_blank\" rel=\"noopener\"><strong>Percepci\u00f3n de las familias sobre los estereotipos de g\u00e9nero y conductas sexistas en el hogar <\/strong><\/a><\/h4>\n<p>Gonz\u00e1lez Llanos, F\u00e1tima<\/p>\n<p>Dirigido por Laura Aguilera \u00c1vila<\/p>\n<h4><a href=\"https:\/\/riull.ull.es\/xmlui\/handle\/915\/9360\" target=\"_blank\" rel=\"noopener\"><strong>Percepciones sobre el feminismo en adolescentes de 13 a 15 a\u00f1os<\/strong><\/a><\/h4>\n<p>Moreno Reyes, Damaris<\/p>\n<p>Dirigido por Laura Aguilera \u00c1vila<\/p>\n<h4><\/h4>\n<h4><a href=\"https:\/\/riull.ull.es\/xmlui\/handle\/915\/9364\" target=\"_blank\" rel=\"noopener\"><strong>El velo isl\u00e1mico, un derecho transgredido : discriminaci\u00f3n simb\u00f3lica y obst\u00e1culos a los que se enfrenta la mujer musulmana en el mercado laboral espa\u00f1ol <\/strong><\/a><\/h4>\n<p>Belleyo Belkasem, Amal<\/p>\n<p>Dirigido por Laura Aguilera \u00c1vila<\/p>\n<p>&nbsp;<\/p>\n<h4><a href=\"https:\/\/riull.ull.es\/xmlui\/handle\/915\/9739\" target=\"_blank\" rel=\"noopener\"><strong>Investigaci\u00f3n sobre la violencia obst\u00e9trica como forma de violencia hacia las mujeres, y actuaci\u00f3n desde el Trabajo Social <\/strong><\/a><\/h4>\n<p>Rodr\u00edguez Mu\u00f1oz, Nira Mar\u00eda<\/p>\n<p>Dirigido por Laura Aguilera \u00c1vila<\/p>\n<p><a href=\"https:\/\/riull.ull.es\/xmlui\/handle\/915\/9935\" target=\"_blank\" rel=\"noopener\"><strong>Promoci\u00f3n del bienestar de j\u00f3venes universitarios y sus actitudes hacia la igualdad de g\u00e9nero <\/strong><\/a><\/p>\n<p>Gonz\u00e1lez Tabares, Natalia Mar\u00eda<\/p>\n<p>Dirigido por Matilde D\u00edaz Hern\u00e1ndez<\/p>\n<p><a href=\"https:\/\/riull.ull.es\/xmlui\/handle\/915\/11427\" target=\"_blank\" rel=\"noopener\"><strong>Un acercamiento al modelo abolicionista de la prostituci\u00f3n. <\/strong><\/a><\/p>\n<p>Gurnani Chatani, Dimple-Shyam<\/p>\n<p>Dirigido por Mar\u00eda Jos\u00e9 Guerra Palmero<\/p>\n<h4><\/h4>\n<h4><a href=\"https:\/\/riull.ull.es\/xmlui\/handle\/915\/10367\" target=\"_blank\" rel=\"noopener\"><strong>Medio siglo : educaci\u00f3n y g\u00e9nero <\/strong><\/a><\/h4>\n<p>Joanna Trujillo M\u00e9ndez, Joanna<\/p>\n<p>Dirigido por Mar\u00eda Teresa Manescau Mart\u00edn<\/p>\n<p><a href=\"https:\/\/riull.ull.es\/xmlui\/handle\/915\/9510\" target=\"_blank\" rel=\"noopener\"><strong>Los obst\u00e1culos que impiden a las mujeres el pleno ejercicio del derecho a la promoci\u00f3n profesional <\/strong><\/a><\/p>\n<p>Gonz\u00e1lez Santos, Claudia<\/p>\n<p>Dirigido por Margarita Isabel Ramos Quintana[\/vc_column_text][\/vc_tta_section][vc_tta_section title=\u00bb2017&#8243; tab_id=\u00bb2017&#8243;][vc_column_text]<\/p>\n<h4><a href=\"https:\/\/riull.ull.es\/xmlui\/handle\/915\/3854\" target=\"_blank\" rel=\"noopener\"><strong>G\u00e9nero y videojuegos<\/strong><\/a><\/h4>\n<p>Gonz\u00e1lez Ramos, Francisco Alberto<\/p>\n<p>Dirigido por Laura Aguilera \u00c1vila<\/p>\n<h4><\/h4>\n<h4><a href=\"https:\/\/riull.ull.es\/xmlui\/handle\/915\/6479\" target=\"_blank\" rel=\"noopener\"><strong>Discurso sobre violencia de g\u00e9nero en Facebook <\/strong><\/a><\/h4>\n<p>Curbelo Gonz\u00e1lez, Gara<\/p>\n<p>Dirigido por Laura Aguilera \u00c1vila<\/p>\n<p>&nbsp;<\/p>\n<h4><a href=\"https:\/\/riull.ull.es\/xmlui\/handle\/915\/6904\" target=\"_blank\" rel=\"noopener\"><strong>Micromachismos en parejas j\u00f3venes <\/strong><\/a><\/h4>\n<p>Gonz\u00e1lez Fajardo, Virginia<\/p>\n<p>Dirigido por Laura Aguilera \u00c1vila<\/p>\n<h4><\/h4>\n<h4><a href=\"https:\/\/riull.ull.es\/xmlui\/handle\/915\/7025\" target=\"_blank\" rel=\"noopener\"><strong>Violencia de G\u00e9nero y Machismo en Adolescentes <\/strong><\/a><\/h4>\n<p>Jorge Montero, Sarah<\/p>\n<p>Dirigido por Laura Aguilera \u00c1vila<\/p>\n<p>&nbsp;<\/p>\n<h4><a href=\"https:\/\/riull.ull.es\/xmlui\/handle\/915\/6896\" target=\"_blank\" rel=\"noopener\"><strong>La corresponsabilidad : \u00bfDeseo o realidad? <\/strong><\/a><\/h4>\n<p>Hern\u00e1ndez Rojas, Rosa Mar\u00eda<\/p>\n<p>Dirigido por Laura Aguilera \u00c1vila<\/p>\n<p><a href=\"https:\/\/riull.ull.es\/xmlui\/handle\/915\/6909\" target=\"_blank\" rel=\"noopener\"><strong>La Igualdad de G\u00e9nero en las universidades espa\u00f1olas y en los Grados de Trabajo Social <\/strong><\/a><\/p>\n<p>Sosa Agriel, Ignacio Mar\u00eda<\/p>\n<p>Dirigido por Carmen Ascanio S\u00e1nchez<\/p>\n<p><a href=\"https:\/\/riull.ull.es\/xmlui\/handle\/915\/3797\" target=\"_blank\" rel=\"noopener\"><strong>\u00bfD\u00f3nde est\u00e1n esas mujeres? : una aproximaci\u00f3n feminista a la ciencia ficci\u00f3n <\/strong><\/a><\/p>\n<p>Villa \u00c1lamo, Sonia<\/p>\n<p>Dirigido por Carmen Marina Barreto Vargas<\/p>\n<h4><a href=\"https:\/\/riull.ull.es\/xmlui\/handle\/915\/6848\" target=\"_blank\" rel=\"noopener\"><strong>Videojuegos como agentes socializadores en la diferencia <\/strong><\/a><\/h4>\n<p>Prunell Acosta, Alberto<\/p>\n<p>Dirigido por Marta Esther Jim\u00e9nez Ja\u00e9n<\/p>\n<h4><\/h4>\n<h4><a href=\"https:\/\/riull.ull.es\/xmlui\/handle\/915\/3795\" target=\"_blank\" rel=\"noopener\"><strong>G\u00e9nero y discapacidad en el \u00e1mbito laboral : \u00bfdiscriminaci\u00f3n m\u00faltiple? <\/strong><\/a><\/h4>\n<p>Hern\u00e1ndez Rodr\u00edguez, Noelia<\/p>\n<p>Dirigido por Marta Esther Jim\u00e9nez Ja\u00e9n<\/p>\n<p>&nbsp;<\/p>\n<p><a href=\"https:\/\/riull.ull.es\/xmlui\/handle\/915\/6934\" target=\"_blank\" rel=\"noopener\"><strong>Diarios de vicio : el negocio de los anuncios de prostituci\u00f3n <\/strong><\/a><\/p>\n<p><a href=\"https:\/\/riull.ull.es\/xmlui\/browse?authority=f0e8c3f1-0468-4eb6-a088-0617a484e82d&amp;type=author\" target=\"_blank\" rel=\"noopener\">Rodr\u00edguez Grillo, Alba<\/a>; Samos Acosta, Ivory; <a href=\"https:\/\/riull.ull.es\/xmlui\/browse?authority=66423806-fe37-465c-9358-3c783baf6034&amp;type=author\" target=\"_blank\" rel=\"noopener\">Moranz Gobea, Julia<\/a><\/p>\n<p>Dirigido por Rodrigo Fidel Rodr\u00edguez Borges<\/p>\n<h4><\/h4>\n<h4><a href=\"https:\/\/riull.ull.es\/xmlui\/handle\/915\/5641\" target=\"_blank\" rel=\"noopener\"><strong>Gordofobia: Un tr\u00e1nsito entre la enfermedad y la cosificaci\u00f3n del cuerpo femenino<\/strong><\/a><\/h4>\n<p>Su\u00e1rez Garc\u00eda, Cristina<\/p>\n<p>Dirigido por Esther Torrado Mart\u00edn-Palomino<\/p>\n<p>&nbsp;<\/p>\n<h4><a href=\"https:\/\/riull.ull.es\/xmlui\/handle\/915\/5813\" target=\"_blank\" rel=\"noopener\"><strong>Percepci\u00f3n de la violencia de g\u00e9nero en la adolescencia. <\/strong><\/a><\/h4>\n<p><a href=\"https:\/\/riull.ull.es\/xmlui\/browse?authority=75325aef-ba26-4f49-ac4c-32d5079744b1&amp;type=author\" target=\"_blank\" rel=\"noopener\">Jim\u00e9nez Silvera, Jennifer Melania<\/a>; Cerrato Aguiar, Melania<\/p>\n<p>Dirigido por Esther Torrado Mart\u00edn-Palomino<\/p>\n<p>&nbsp;<\/p>\n<h4><a href=\"https:\/\/riull.ull.es\/xmlui\/handle\/915\/5705\" target=\"_blank\" rel=\"noopener\"><strong>Diez a\u00f1os denuncias de contenido sexista en los medios de comunicaci\u00f3n: un an\u00e1lisis de los informes del observatorio de la imagen de la mujer de Espa\u00f1a, 2004-2014 <\/strong><\/a><\/h4>\n<p>Verdejo Pab\u00f3n, Mar\u00eda Alejandra<\/p>\n<p>Dirigido por Esther Torrado Mart\u00edn-Palomino<\/p>\n<h4><\/h4>\n<h4><a href=\"https:\/\/riull.ull.es\/xmlui\/handle\/915\/6480\" target=\"_blank\" rel=\"noopener\"><strong>\u00bfGestaci\u00f3n Subrogada O Vientres De Alquiler? <\/strong><\/a><\/h4>\n<p>Est\u00e9vez Mart\u00edn, Estefania<\/p>\n<p>Dirigido por Esther Torrado Mart\u00edn-Palomino<\/p>\n<p>&nbsp;<\/p>\n<h4><a href=\"https:\/\/riull.ull.es\/xmlui\/handle\/915\/3755\" target=\"_blank\" rel=\"noopener\"><strong>Debates te\u00f3ricos en torno a la sexualidad de las mujeres lesbianas desde la perspectiva de g\u00e9nero y su relaci\u00f3n con la pornograf\u00eda <\/strong><\/a><\/h4>\n<p>Gamboa Garc\u00eda, Geydis<\/p>\n<p>Dirigido por Esther Torrado Mart\u00edn-Palomino[\/vc_column_text][\/vc_tta_section][vc_tta_section title=\u00bb2016&#8243; tab_id=\u00bb2016&#8243;][vc_column_text]<\/p>\n<h4><a href=\"https:\/\/riull.ull.es\/xmlui\/handle\/915\/2503\" target=\"_blank\" rel=\"noopener\"><strong>Percepci\u00f3n de los\/las estereotipos de g\u00e9nero en adolescentes <\/strong><\/a><\/h4>\n<p>Armas Quintero, Aleida<\/p>\n<p>Dirigido por Celsa Mar\u00eda C\u00e1ceres Rodr\u00edguez<\/p>\n<p><a href=\"https:\/\/riull.ull.es\/xmlui\/handle\/915\/3275\" target=\"_blank\" rel=\"noopener\"><strong>Desarrollo humano y enfoque de las capacidades en Martha Nussbaum. El factor g\u00e9nero. <\/strong><\/a><\/p>\n<p>G\u00f3mez Le\u00f3n, Nieves Belimar<\/p>\n<p>Dirigido por Mar\u00eda Jos\u00e9 Guerra Palmero<\/p>\n<h4><\/h4>\n<h4><a href=\"https:\/\/riull.ull.es\/xmlui\/handle\/915\/3173\" target=\"_blank\" rel=\"noopener\"><strong>La otra mitad de la humanidad y su derecho al voto. <\/strong><\/a><\/h4>\n<p>Valeiras \u00c1lvarez, Carla<\/p>\n<p>Dirigido por Mar\u00eda Teresa Manescau Mart\u00edn<\/p>\n<h4><\/h4>\n<h4><a href=\"https:\/\/riull.ull.es\/xmlui\/handle\/915\/2775\" target=\"_blank\" rel=\"noopener\"><strong>Exposici\u00f3n a violencia y bienestar psicol\u00f3gico en la poblaci\u00f3n adulta: un an\u00e1lisis diferencial en funci\u00f3n del g\u00e9nero <\/strong><\/a><\/h4>\n<p><a href=\"https:\/\/riull.ull.es\/xmlui\/browse?authority=b5715a34-5527-4c15-981f-de0a9424d882&amp;type=author\" target=\"_blank\" rel=\"noopener\">Gil Delgado, Andrea<\/a>; Hern\u00e1ndez Herrera, Estefan\u00eda<\/p>\n<p>Dirigido por Mar\u00eda Pilar Matud Aznar e Ignacio Iba\u00f1ez Fernandez<\/p>\n<p>&nbsp;<\/p>\n<h4><a href=\"https:\/\/riull.ull.es\/xmlui\/handle\/915\/2891\" target=\"_blank\" rel=\"noopener\"><strong>Roles de g\u00e9nero y violencia de pareja en la adolescencia <\/strong><\/a><\/h4>\n<p><a href=\"https:\/\/riull.ull.es\/xmlui\/browse?authority=22c7129b-9ec4-438e-8e5a-d3bc650800e1&amp;type=author\" target=\"_blank\" rel=\"noopener\">Ventura Navarro, Tania<\/a>; Garc\u00eda Torres, Desir\u00e9e<\/p>\n<p>Dirigido por Mar\u00eda Pilar Matud Aznar e Ignacio Iba\u00f1ez Fernandez<\/p>\n<p>&nbsp;<\/p>\n<h4><a href=\"https:\/\/riull.ull.es\/xmlui\/handle\/915\/2842\" target=\"_blank\" rel=\"noopener\"><strong>Victimizaci\u00f3n y perpetraci\u00f3n de violencia en las relaciones de pareja en la adolescencia: un an\u00e1lisis en funci\u00f3n del g\u00e9nero. <\/strong><\/a><\/h4>\n<p>Sanfiel Toledo, Nuria<\/p>\n<p>Dirigido por Mar\u00eda Pilar Matud Aznar e Ignacio Iba\u00f1ez Fernandez<\/p>\n<p>&nbsp;<\/p>\n<h4><a href=\"https:\/\/riull.ull.es\/xmlui\/handle\/915\/2862\" target=\"_blank\" rel=\"noopener\"><strong>Violencia de pareja y salud mental en la adolescencia y juventud: un an\u00e1lisis diferencial en funci\u00f3n del g\u00e9nero<\/strong><\/a><\/h4>\n<p>Melchor Gonz\u00e1lez, Desir\u00e9e<\/p>\n<p>Dirigido por Mar\u00eda Pilar Matud Aznar e Ignacio Iba\u00f1ez Fernandez<\/p>\n<p>&nbsp;<\/p>\n<h4><a href=\"https:\/\/riull.ull.es\/xmlui\/handle\/915\/3111\" target=\"_blank\" rel=\"noopener\"><strong>Ejercicio f\u00edsico, conducta de fumar y salud en personas mayores: un an\u00e1lisis diferencial en funci\u00f3n del g\u00e9nero <\/strong><\/a><\/h4>\n<p>Delgado Morales, Nadira<\/p>\n<p>Dirigido por Mar\u00eda Pilar Matud Aznar e Ignacio Iba\u00f1ez Fernandez<\/p>\n<p><a href=\"https:\/\/riull.ull.es\/xmlui\/handle\/915\/2622\" target=\"_blank\" rel=\"noopener\"><strong>Aplicaci\u00f3n m\u00f3vil segura para combatir la violencia de g\u00e9nero <\/strong><\/a><\/p>\n<p>Concepci\u00f3n S\u00e1nchez, Jos\u00e9 \u00c1ngel<\/p>\n<p>Dirigido por Jezabel Miriam Molina Gil y Pino Teresa Caballero Gil<\/p>\n<p>&nbsp;<\/p>\n<p><a href=\"https:\/\/riull.ull.es\/xmlui\/handle\/915\/2993\" target=\"_blank\" rel=\"noopener\"><strong>La brecha de g\u00e9nero en las pensiones: principales causas y mecanismos correctores <\/strong><\/a><\/p>\n<p>G\u00f3mez Saavedra, Haidee<\/p>\n<p>Dirigido por Sarai Rodr\u00edguez Gonz\u00e1lez[\/vc_column_text][\/vc_tta_section][vc_tta_section title=\u00bb2015&#8243; tab_id=\u00bb2015&#8243;][vc_column_text]<a href=\"http:\/\/riull.ull.es\/xmlui\/handle\/915\/1213\" target=\"_blank\" rel=\"noopener\"><strong>Violencia de G\u00e9nero en Parejas J\u00f3venes. El caso del instituto Nicol\u00e1s Est\u00e9vez Borges http:\/\/riull.ull.es\/xmlui\/handle\/915\/1213<\/strong><\/a><\/p>\n<p>Armas Hern\u00e1ndez, Tamara<\/p>\n<p>Dirigido por Laura Aguilera \u00c1vila<\/p>\n<p><a href=\"http:\/\/riull.ull.es\/xmlui\/handle\/915\/1140\" target=\"_blank\" rel=\"noopener\"><strong>An\u00e1lisis de la triple discriminaci\u00f3n que padecen las mujeres gitanas <\/strong><\/a><\/p>\n<p>Mateo Darias, Roberto<\/p>\n<p>Dirigido por Laura Aguilera \u00c1vila<\/p>\n<p><a href=\"https:\/\/riull.ull.es\/xmlui\/handle\/915\/183\" target=\"_blank\" rel=\"noopener\"><strong>Prevenci\u00f3n de violencia de g\u00e9nero en parejas adolescentes<\/strong><\/a><\/p>\n<p>Cabrera Padr\u00f3n, Carla<\/p>\n<p>Dirigido por Laura Aguilera \u00c1vila<\/p>\n<p><a href=\"https:\/\/riull.ull.es\/xmlui\/handle\/915\/1015\" target=\"_blank\" rel=\"noopener\"><strong>El des(conocimiento) de las y los adolescentes en igualdad y violencia de g\u00e9nero <\/strong><\/a><\/p>\n<p>Afonso Garc\u00eda, Desir\u00e9<\/p>\n<p>Dirigido por Laura Aguilera \u00c1vila<\/p>\n<p><a href=\"https:\/\/riull.ull.es\/xmlui\/handle\/915\/266\" target=\"_blank\" rel=\"noopener\"><strong>Estudio sobre la percepci\u00f3n de los\/as j\u00f3venes sobre la violencia de g\u00e9nero y el perfil de agresor <\/strong><\/a><\/p>\n<p>Hern\u00e1ndez Hern\u00e1ndez, Cristina<\/p>\n<p>Dirigido por Laura Aguilera \u00c1vila<\/p>\n<p>&nbsp;<\/p>\n<p><a href=\"https:\/\/riull.ull.es\/xmlui\/handle\/915\/299\" target=\"_blank\" rel=\"noopener\"><strong>Percepci\u00f3n de la sociedad sobre la violencia de g\u00e9nero <\/strong><\/a><\/p>\n<p>Borroto Gonz\u00e1lez, Mar\u00eda Laura<\/p>\n<p>Dirigido por Laura Aguilera \u00c1vila<\/p>\n<p><a href=\"https:\/\/riull.ull.es\/xmlui\/handle\/915\/875\" target=\"_blank\" rel=\"noopener\"><strong>Estrategias de transversalidad de g\u00e9nero en el Cabildo de Tenerife : el papel de la Comisi\u00f3n Interdepartamental de Igualdad de Oportunidades entre Mujeres y Hombres <\/strong><\/a><\/p>\n<p>D\u00edaz Le\u00f3n, Luc\u00eda Raquel<\/p>\n<p>Dirigido por Carmen Ascanio S\u00e1nchez<\/p>\n<p>&nbsp;<\/p>\n<p><a href=\"https:\/\/riull.ull.es\/xmlui\/handle\/915\/831\" target=\"_blank\" rel=\"noopener\"><strong>Prostituci\u00f3n : \u00bfuna forma de violencia de g\u00e9nero? <\/strong><\/a><\/p>\n<p>Peraza Gonz\u00e1lez, Estefan\u00eda<\/p>\n<p>Dirigido por Celsa Mar\u00eda C\u00e1ceres Rodr\u00edguez<\/p>\n<h4><\/h4>\n<h4><a href=\"https:\/\/riull.ull.es\/xmlui\/handle\/915\/1089\" target=\"_blank\" rel=\"noopener\"><strong>Concepci\u00f3n del amor rom\u00e1ntico y la violencia de g\u00e9nero en la adolescencia <\/strong><\/a><\/h4>\n<p>Hern\u00e1ndez Gonz\u00e1lez, Beatriz<\/p>\n<p>Dirigido por Celsa Mar\u00eda C\u00e1ceres Rodr\u00edguez<\/p>\n<h4><\/h4>\n<h4><a href=\"https:\/\/riull.ull.es\/xmlui\/handle\/915\/1026\" target=\"_blank\" rel=\"noopener\"><strong>Desigualdad y su incidencia actual en la sociedad y el empleo. <\/strong><\/a><\/h4>\n<p>Hern\u00e1ndez P\u00e9rez, Carlos<\/p>\n<p>Dirigido por Olegaria Cuesta Ojeda<\/p>\n<p><a href=\"https:\/\/riull.ull.es\/xmlui\/handle\/915\/965\" target=\"_blank\" rel=\"noopener\"><strong>J\u00f3venes, g\u00e9nero y tiempo libre en La Gomera <\/strong><\/a><\/p>\n<p>Moreno Cabrera, Anabel<\/p>\n<p>Dirigido por Rosa Mar\u00eda Henr\u00edquez Rodr\u00edguez[\/vc_column_text][\/vc_tta_section][vc_tta_section title=\u00bb2014&#8243; tab_id=\u00bb2014&#8243;][vc_column_text]<a href=\"https:\/\/riull.ull.es\/xmlui\/handle\/915\/37555\" target=\"_blank\" rel=\"noopener\"><strong>Intersecciones digitales entre pornograf\u00eda y prostituci\u00f3n: Neoliberalismo sexual en OnlyFans <\/strong><\/a><\/p>\n<p>Marrero Gonz\u00e1lez, Emma<\/p>\n<p>Dirigido por Mar\u00eda Jos\u00e9 Guerra Palmero<\/p>\n<p><a href=\"https:\/\/riull.ull.es\/xmlui\/handle\/915\/385\" target=\"_blank\" rel=\"noopener\"><strong>La reforma de las medidas de seguridad. Especial consideraci\u00f3n de las psicopat\u00edas, agresiones sexuales y violencia de g\u00e9nero <\/strong><\/a><\/p>\n<p>Fari\u00f1a Cabrera, Sandra<\/p>\n<p>Dirigido por Jos\u00e9 Ulises Hern\u00e1ndez Plasencia[\/vc_column_text][\/vc_tta_section][vc_tta_section title=\u00bb2013&#8243; tab_id=\u00bb2013&#8243;][vc_column_text]<\/p>\n<h4><a href=\"https:\/\/riull.ull.es\/xmlui\/handle\/915\/33366\" target=\"_blank\" rel=\"noopener\"><strong>An\u00e1lisis de la situaci\u00f3n socio-laboral de la mujer en la Federaci\u00f3n de Rusia<\/strong><\/a><\/h4>\n<p>San Felipe Gonz\u00e1lez, Marcos<\/p>\n<p>Dirigido por Olegaria Cuesta Ojeda[\/vc_column_text][\/vc_tta_section][\/vc_tta_tour][\/vc_column][\/vc_row]<\/p>\n","protected":false},"excerpt":{"rendered":"<p>[vc_row full_width=\u00bbstretch_row_content_no_spaces\u00bb content_placement=\u00bbmiddle\u00bb css=\u00bb.vc_custom_1606477415927{background-color: #f4f4f4 !important;background-position: center !important;background-repeat: no-repeat !important;background-size: cover !important;}\u00bb el_class=\u00bbtitle-departamento\u00bb][vc_column css=\u00bb.vc_custom_1605179589940{margin-top: 0px !important;padding-top: 0px !important;}\u00bb][rev_slider_vc alias=\u00bbhome\u00bb][\/vc_column][\/vc_row][vc_row full_width=\u00bbstretch_row_content\u00bb el_class=\u00bbprincipio-marcha\u00bb][vc_column css=\u00bb.vc_custom_1588939369209{padding-top: 40px !important;}\u00bb][vc_custom_heading text=\u00bbTrabajo de Fin de Grado\u00bb font_container=\u00bbtag:h2|text_align:center|color:%23ffffff\u00bb use_theme_fonts=\u00bbyes\u00bb css_animation=\u00bbfadeInDownBig\u00bb][\/vc_column][\/vc_row][vc_row][vc_column][vc_empty_space][\/vc_column][\/vc_row][vc_row][vc_column][vc_tta_tour][vc_tta_section title=\u00bb2025&#8243; tab_id=\u00bb2025&#8243;][vc_column_text] De mu\u00f1eca a icono: la perspectiva de g\u00e9nero en la pel\u00edcula de Barbie. Pige\u00f3n Reyes, Ingrid Dirigido por Laura Aguilera \u00c1vila&#8230;<\/p>\n","protected":false},"author":4,"featured_media":0,"parent":0,"menu_order":0,"comment_status":"closed","ping_status":"closed","template":"templates\/template-frontpage.php","meta":[],"_links":{"self":[{"href":"https:\/\/www.ull.es\/institutos\/instituto-universitario-estudios-mujeres\/wp-json\/wp\/v2\/pages\/1021"}],"collection":[{"href":"https:\/\/www.ull.es\/institutos\/instituto-universitario-estudios-mujeres\/wp-json\/wp\/v2\/pages"}],"about":[{"href":"https:\/\/www.ull.es\/institutos\/instituto-universitario-estudios-mujeres\/wp-json\/wp\/v2\/types\/page"}],"author":[{"embeddable":true,"href":"https:\/\/www.ull.es\/institutos\/instituto-universitario-estudios-mujeres\/wp-json\/wp\/v2\/users\/4"}],"replies":[{"embeddable":true,"href":"https:\/\/www.ull.es\/institutos\/instituto-universitario-estudios-mujeres\/wp-json\/wp\/v2\/comments?post=1021"}],"version-history":[{"count":4,"href":"https:\/\/www.ull.es\/institutos\/instituto-universitario-estudios-mujeres\/wp-json\/wp\/v2\/pages\/1021\/revisions"}],"predecessor-version":[{"id":1027,"href":"https:\/\/www.ull.es\/institutos\/instituto-universitario-estudios-mujeres\/wp-json\/wp\/v2\/pages\/1021\/revisions\/1027"}],"wp:attachment":[{"href":"https:\/\/www.ull.es\/institutos\/instituto-universitario-estudios-mujeres\/wp-json\/wp\/v2\/media?parent=1021"}],"curies":[{"name":"wp","href":"https:\/\/api.w.org\/{rel}","templated":true}]}}