{"id":148,"date":"2021-05-26T13:00:10","date_gmt":"2021-05-26T13:00:10","guid":{"rendered":"https:\/\/www.ull.es\/institutos\/university-institute-of-neuroscience\/?page_id=148"},"modified":"2021-05-26T13:00:10","modified_gmt":"2021-05-26T13:00:10","slug":"publications","status":"publish","type":"page","link":"https:\/\/www.ull.es\/institutos\/university-institute-of-neuroscience\/publications\/","title":{"rendered":"Publications"},"content":{"rendered":"<p>[vc_row full_width=\u00bbstretch_row_content\u00bb el_class=\u00bbprincipio-marcha\u00bb][vc_column css=\u00bb.vc_custom_1588939369209{padding-top: 40px !important;}\u00bb][vc_custom_heading text=\u00bbPublications\u00bb font_container=\u00bbtag:h2|text_align:center|color:%23ffffff\u00bb use_theme_fonts=\u00bbyes\u00bb css_animation=\u00bbfadeInDownBig\u00bb][\/vc_column][\/vc_row][vc_row equal_height=\u00bbyes\u00bb css=\u00bb.vc_custom_1618830575366{padding-right: 10% !important;padding-left: 10% !important;}\u00bb][vc_column][vc_tta_accordion active_section=\u00bb0&#8243; css_animation=\u00bbfadeInDown\u00bb collapsible_all=\u00bbtrue\u00bb][vc_tta_section title=\u00bb2020&#8243; tab_id=\u00bb2019&#8243;][vc_empty_space height=\u00bb20px\u00bb][vc_column_text css=\u00bb.vc_custom_1612541846978{padding-right: 3% !important;padding-left: 3% !important;}\u00bb]<\/p>\n<p class=\"p2\"><span class=\"s1\"><b>Alonso, M.A<\/b>., D\u00edez, E., &amp; <b>Fern\u00e1ndez, A<\/b>.(2020). A set of 750 words in Spanish characterized in two survival-related dimensions: avoiding death and locating nourishment, <i>Behavior Research Methods<\/i>, <a href=\"https:\/\/doi.org\/10.3758\/s13428-020-01434-z\" target=\"_blank\" rel=\"noopener\"><span class=\"s2\">https:\/\/doi.org\/10.3758\/s13428-020-01434-z<\/span><\/a><\/span><\/p>\n<p class=\"p3\"><span class=\"s3\"><b>Ard\u00e8vol-Abreu, A. &amp;, <\/b>Gil de Zu\u00f1iga, H.(2020). \u201c<\/span><span class=\"s1\">Obstinate Partisanship\u201d: Political Discussion Attributes Effects on the Development of Unconditional Party Loyalty. International Journal of Communication, 14, <a href=\"http:\/\/doi.org\/1932-8036\/2020005\" target=\"_blank\" rel=\"noopener\"><span class=\"s4\">http:\/\/doi.org\/1932-8036\/2020005<\/span><\/a><\/span><\/p>\n<p class=\"p2\"><span class=\"s1\"><b>Ard\u00e8vol-Abreu, A<\/b>., Gil de Zu\u00f1iga, H., &amp; <b>G\u00e1mez, E.(<\/b>2020). The influence of conspiracy beliefs on conventional and unconventional forms of political participation: the mediating role of political efficacy. <i>British Journal of Social Psychology<\/i>,<i>58<\/i>, 549-569. <a href=\"https:\/\/doi.org\/10.1111\/bjso.12366\" target=\"_blank\" rel=\"noopener\"><span class=\"s2\">https:\/\/doi.org\/10.1111\/bjso.12366<\/span><\/a><\/span><\/p>\n<p class=\"p2\"><span class=\"s1\">Birba, A., <b>Vitale, F., Padr\u00f3n, I<\/b>., Dottori, M., <b>de Vega, M<\/b>.,Zimerman, M., Sede\u00f1o, L., Iba\u00f1ez, A., &amp; Garc\u00eda, A. Electrifying discourse: Anodal tDCS of the primary motor c\u00f2rtex selectively reduces action appraisal in natural\u00edstic narratives. Cortex, 132, 460-472. https:\/\/doi.org\/<a href=\"https:\/\/www.researchgate.net\/deref\/http%253A%252F%252Fdx.doi.org%252F10.1016%252Fj.cortex.2020.08.005?_sg%255B0%255D=3KzvbzzFjBPTctekw5MGv5RWGFGQdOGIDdgaIeL1We1XazVyhBedPuOITjrRToAKf9CzqmmXjiiXPndmZP_Vg8LCkA.CjHWfkb_BuIHo43X9FILEZtQDyUjbaym7F-djaejNnH6w-qAdOhWfFIdvL2wKRgie7yAbn5zLBRkjt2em2r6NQ\" target=\"_blank\" rel=\"noopener\"><span class=\"s2\">10.1016\/j.cortex.2020.08.005<\/span><\/a><\/span><\/p>\n<p class=\"p4\"><span class=\"s1\">Bermudez-Margaretto, B., <b>Beltr\u00e1n, D<\/b>., Shtyrov., <b>Dominguez, A<\/b>., &amp; Cuetos,F. (2020). Phonological and sem\u00e0ntic influence during the ortographic processin of novel visual word-forms. Brain Sciences, 10, 717- <a href=\"https:\/\/doi.org\/10.3390\/brainsci10100717\" target=\"_blank\" rel=\"noopener\"><span class=\"s5\">https:\/\/doi.org\/10.3390\/brainsci10100717<\/span><\/a><\/span><\/p>\n<p class=\"p4\"><span class=\"s1\">Coburn, A., Vartanian, O., Kenett, Y.N., Nadal, M., Hartung, F., Hayn-Leichsenring, G., Navarrete, G., <b>Gonz\u00e1lez-Mora, J.L<\/b>. &amp; Chatterjee, A. (2020). Psychological and neural response to architecural interios. Cortex, 126, 217-241,<\/span><\/p>\n<p class=\"p6\"><span class=\"s6\"><a href=\"https:\/\/doi.org\/10.1016\/j.cortex.2020.01.009\" target=\"_blank\" rel=\"noopener\">https:\/\/doi.org\/10.1016\/j.cortex.2020.01.009<\/a><\/span><\/p>\n<p class=\"p4\"><span class=\"s1\"><b>De las Cuevas, C.,<\/b> Betancort, M<b>., &amp; De Le\u00f3n, J<\/b>.(2020). The necessity-concern framework in the assessment of treatment adherence of psychiatric patients and the role of polypharmacy in a Spanish sample<i>. Human Psychopharmacology : Clinical and Experimental<\/i> 35: e2721. <a href=\"https:\/\/doi.org\/10.1002\/hup.2721\" target=\"_blank\" rel=\"noopener\"><span class=\"s2\">https:\/\/doi.org\/10.1002\/hup.2721<\/span><\/a><\/span><\/p>\n<p class=\"p4\"><span class=\"s1\"><b>De las Cuevas, C.,<\/b> Mundal, I., Betancort, M., &amp; Lara-Cabrera, M.L.(2020). Assessment of shared decisi\u00f3n-making in community mental health care: validation of the CollaboRATE. <i>International Journal of Clinical and Health Psychology<\/i>, 20, 262-270. <a href=\"https:\/\/doi.org\/10.1016\/j.ijchp.2020.06.004\" target=\"_blank\" rel=\"noopener\"><span class=\"s2\">https:\/\/doi.org\/10.1016\/j.ijchp.2020.06.004<\/span><\/a><\/span><\/p>\n<p><strong>De las Cuevas C<\/strong>, de Leon J.(2020). Self-report for measuring and predicting medication adherence: experts\u2019 experience in predicting adherence in stable psychiatric outpatients and in pharmacokinetics.\u00a0<em>Patient Preference and Adherence<\/em>, 14: 1823\u20131842. <a href=\"https:\/\/doi.org\/10.2147\/PPA.S242693\" target=\"_blank\" rel=\"noopener\">https:\/\/doi.org\/10.2147\/PPA.S242693<\/a><\/p>\n<p class=\"p4\"><span class=\"s1\"><b><strong>Alegre<\/strong>, O.M<\/b>., &amp; Villar, L.M.(2020). Exploring the emotional problems and mental health needs of elementary school children using cochlear implants of hearing aids in the Islas Canarias. <i>Hearing, Balance and Communication<\/i>, 18, <i>164-172<\/i>. <a href=\"https:\/\/doi.org\/10.1080\/21695717.2019.1705059\" target=\"_blank\" rel=\"noopener\"><span class=\"s2\">https:\/\/doi.org\/10.1080\/21695717.2019.1705059<\/span><\/a><\/span><\/p>\n<p class=\"p4\"><span class=\"s1\">De Le\u00f3n, S.C<b>., Jim\u00e9nez, J.E., &amp; Hern\u00e1ndez-Cabrera, J.A.<\/b> (2020). Confirmatory factor analysis of the indicators of basic early math skills. Current Psychology, 1-12. <a href=\"https:\/\/doi.org\/10.1007\/s12144-019-00596-0\" target=\"_blank\" rel=\"noopener\"><span class=\"s7\">https:\/\/doi.org\/10.1007\/s12144-019-00596-0<\/span><\/a><\/span><\/p>\n<p class=\"p4\"><span class=\"s1\">De Le\u00f3n, S.C<b>., Jim\u00e9nez, J.E<\/b>., Garc\u00eda, E., Guti\u00e9rrez, N., &amp; Gil, V.(2020). Universal screening in mathematics for Spanish students in first grade. <i>Learning disability quarterly<\/i>, <a href=\"https:\/\/doi.org\/10.1177%252F0731948720903273\" target=\"_blank\" rel=\"noopener\"><span class=\"s8\">https:\/\/doi.org\/10.1177\/0731948720903273<\/span><\/a><\/span><\/p>\n<p>De Leon J, Ruan CJ, Schoretsanitis G, <strong>De las Cuevas C<\/strong>. (2020). A Rational Use of Clozapine Based on Adverse Drug Reactions, Pharmacokinetics, and Clinical Pharmacopsychology.\u00a0<em>Psychotherapy and Psychosomatics<\/em>, 89(4):200-214.<a href=\"https:\/\/doi.org\/10.1159\/000507638\" target=\"_blank\" rel=\"noopener\">https:\/\/doi.org\/10.1159\/000507638<\/a><\/p>\n<p>de Leon J, Sanz EJ, Nor\u00e9n GN, <strong>De las Cuevas C<\/strong>.(2020). Pneumonia may be more frequent and have more fatal outcomes with clozapine than with other second-generation antipsychotics.\u00a0<em>World Psychiatry<\/em>\u00a02020, 19(1): 120-1. <a href=\"https:\/\/doi.org\/10.1002\/wps.20707\" target=\"_blank\" rel=\"noopener\">https:\/\/doi.org\/10.1002\/wps.20707<\/a><\/p>\n<p>De Leon J, Sanz EJ, <strong>De las Cuevas C<\/strong>.(2020). Data from the World Health Organization\u2019s pharmacovigilance database supports the prominent role of pneumonia in mortality associated with clozapine adverse drug reactions.\u00a0<em>Schizophrenia Bulletin<\/em>\u00a0, 46(1): 1-3. <a href=\"https:\/\/doi.org\/10.1093\/schbul\/sbz093\" target=\"_blank\" rel=\"noopener\">https:\/\/doi.org\/10.1093\/schbul\/sbz093<\/a><\/p>\n<p class=\"p4\"><span class=\"s1\">D\u00edez-\u00c1lamo, A.M., Glenberg, A.M., D\u00edez, E<b>., Alonso, M.A<\/b>., &amp; <b>Fern\u00e1ndez, A<\/b>. (2020). The linguistic looming effect. <i>Journal of Memory and Language<\/i>, 114, 104-147. <a href=\"https:\/\/doi.org\/10.1016\/j.jml.2020.104147\" target=\"_blank\" rel=\"noopener\"><span class=\"s2\">https:\/\/doi.org\/10.1016\/j.jml.2020.104147<\/span><\/a><\/span><\/p>\n<p class=\"p4\"><span class=\"s1\"><b>Espino, O<\/b>., &amp; Byrne, R.M.J. (2020). How people keep track of what is real and what is imagined: The epistemic status of counterfactual alternatives to reality, <i>Journal of Experimental Psychology: Learning, Memory and Cognition<\/i>. <a href=\"https:\/\/doi.apa.org\/doi\/10.1037\/xlm0000965\" target=\"_blank\" rel=\"noopener\"><span class=\"s2\">https:\/\/doi.apa.org\/doi\/10.1037\/xlm0000965<\/span><\/a><\/span><\/p>\n<p class=\"p4\"><span class=\"s1\"><b>Espino, O<\/b>., Byrne, R.M.J., &amp; Johnson-Laird, P.N. (2020). Possibilities and the parallel meaning of factual and counterfactual conditionals. <i>Memory &amp; Cognition<\/i>, <i>48<\/i>, 1263-1280. <a href=\"https:\/\/doi.org\/10.3758\/s13421-020-01040-6\" target=\"_blank\" rel=\"noopener\"><span class=\"s2\">https:\/\/doi.org\/10.3758\/s13421-020-01040-6<\/span><\/a><\/span><\/p>\n<p class=\"p4\"><span class=\"s1\"><b>Espino, O<\/b>., &amp; Byrne, R.M.J. (2020). The suppression of inferences from counterfactual conditionals<i>. Cognitive Science<\/i>, <a href=\"https:\/\/doi.org\/10.1111\/cogs.12827\" target=\"_blank\" rel=\"noopener\"><span class=\"s2\">https:\/\/doi.org\/10.1111\/cogs.12827<\/span><\/a><\/span><\/p>\n<p class=\"p4\"><span class=\"s1\">Fumero, A., Marrero, R.J., Bethencourt, J.M., &amp; <b>Pe\u00f1ate, W<\/b>. (2020). Risk factors of internet gaming disorder symptoms in Spanish adolescents. <i>Computers in Human Behavior<\/i>, 111,<span class=\"Apple-converted-space\">\u00a0 <\/span><a href=\"https:\/\/doi.org\/10.1016\/j.chb.2020.106416\" target=\"_blank\" rel=\"noopener\"><span class=\"s2\">https:\/\/doi.org\/10.1016\/j.chb.2020.106416<\/span><\/a><\/span><\/p>\n<p class=\"p4\"><span class=\"s1\">Garc\u00eda-Poole, C., Byrne, S., &amp; <b>Rodrigo, M.J<\/b>. (2020). Improving adolescent lifestyles by promoting socioemotional competences in a community-based intervention programme. <i>European Journal of Developmental Psychology<\/i>, 17, 965-983. <a href=\"https:\/\/doi.org\/10.1080\/17405629.2020.1813102\" target=\"_blank\" rel=\"noopener\"><span class=\"s2\">https:\/\/doi.org\/10.1080\/17405629.2020.1813102<\/span><\/a><\/span><\/p>\n<p class=\"p4\"><span class=\"s1\">Gil, V., De Le\u00f3n, S.C., &amp; <b>Jim\u00e9nez, J.E.<\/b> (2020). Universal screening for writing risk in Spanish-Speaking first graders. <i>Reading &amp; Writing Quarterly<\/i>, <a href=\"https:\/\/doi.org\/10.1080\/10573569.2020.1733451\" target=\"_blank\" rel=\"noopener\"><span class=\"s9\">https:\/\/doi.org\/10.1080\/10573569.2020.1733451<\/span><\/a><\/span><\/p>\n<p class=\"p4\"><span class=\"s1\">Gonz\u00e1lez-Mendez, R., Yagual, S.N., &amp; <b>Marrero, H.(<\/b>2020). Attentional bias towards resilience-related words is related to post-traumatic growth and personality tra\u00efts. Personality and Individual Differences, 155, <a href=\"https:\/\/doi.org\/10.1016\/j.paid.2019.109715\" target=\"_blank\" rel=\"noopener\"><span class=\"s10\">https:\/\/doi.org\/10.1016\/j.paid.2019.109715<\/span><\/a><\/span><\/p>\n<p class=\"p8\"><span class=\"s1\">Hernandez-Martin, E., Marcano, F., Modro\u00f1o, C, <b>Janssen, N<\/b>., &amp; <b>Gonzalez-Mora, J.L. <\/b>(2020). Diffuse optical tomography to measure fuctional changes during motor tasks: a motor imagery study. Biomedical Optic Express, 11, 6049-6067. <a href=\"http:\/\/doi.org\/10.1364\/BOE.399907\" target=\"_blank\" rel=\"noopener\"><span class=\"s2\">http:\/\/doi.org\/10.1364\/BOE.399907<\/span><\/a><\/span><\/p>\n<p class=\"p9\"><span class=\"s11\">Hernandez-Martin, E., &amp; <b>Gonzalez-Mora, J.L<\/b>. (2020). Diffuse Optical Tomography Using Bayesian Filtering in the Human Brain.\u00a0<i>Applied. Sciences.<\/i>\u00a0<i>10<\/i>, 3399- 3409.<\/span><span class=\"s12\"> <a href=\"https:\/\/doi.org\/10.3390\/app10103399\" target=\"_blank\" rel=\"noopener\"><span class=\"s5\">https:\/\/doi.<\/span><span class=\"s13\">org<\/span><span class=\"s5\">\/10.3390\/app10103399<\/span><\/a><\/span><\/p>\n<p class=\"p4\"><span class=\"s1\"><b>Janssen, N.,<\/b> van der Meij, M., L\u00f3pez-P\u00e9rez. P.J., &amp; <b>Barber, H.A<\/b>. (2020). Exploring the temporal Dynamics of speech production with EEG and group ICA. Scientific Report Nature 10:3667<\/span><span class=\"s14\">. https:\/\/doi.org\/10.1038\/s41598-020-60301-1<\/span><\/p>\n<p class=\"p4\"><span class=\"s1\"><b>Jim\u00e9nez, J.E., <\/b>Gutierrez, N., &amp; De Le\u00f3n, S.C. (2020). Universal screening for prevention of reading, writing and math disabilities in Spanish. <i>Journal of Visualized Experiments: Jove<\/i>, 161, <a href=\"https:\/\/doi.org\/10.3791\/60217\" target=\"_blank\" rel=\"noopener\"><span class=\"s2\">https:\/\/doi.org\/10.3791\/60217<\/span><\/a><\/span><\/p>\n<p class=\"p4\"><span class=\"s1\">Lara-Cabrera, M.L., Mundal, I.P., &amp;<b> De las Cuevas, C. <\/b>(2020). Patient-reported well-being: psychometric properties of the world Health organiarion well-being index in specialised community mental health Settings. <i>Psychiatry Research<\/i>, 291,<span class=\"Apple-converted-space\">\u00a0 <\/span>113268 <a href=\"https:\/\/doi.org\/10.1016\/j.psychres.2020.113268\" target=\"_blank\" rel=\"noopener\"><span class=\"s2\">https:\/\/doi.org\/10.1016\/j.psychres.2020.113268<\/span><\/a><\/span><\/p>\n<p>Lara-Cabrera ML, Bj\u00f8rkly S, <strong>De las Cuevas C<\/strong>, Pedersen SE, Mundal IP. Psychometric properties of the Five-item World Health Organization Well-being Index used in mental health services: Protocol for a systematic review.\u00a0<em>Journal of Advanced Nursing<\/em>\u00a076:2426\u20132433. <a href=\"https:\/\/doi.org\/10.1111\/jan.14445\" target=\"_blank\" rel=\"noopener\">https:\/\/doi.org\/10.1111\/jan.14445<\/a><\/p>\n<p class=\"p4\"><span class=\"s1\"><b>Le\u00f3n, I., Rodrigo, M.J<\/b>., Qui\u00f1ones, I., <b>Hern\u00e1ndez-Cabrera, J.A<\/b>., &amp; Garc\u00eda-Pent\u00f3n, L.(2020). Cortical Surface alteration in cingulate and frontal regulatory areas underlie insensitive mothering. <\/span><span class=\"s15\">https:\/\/doi.org\/10.1101\/2020.01.29.924613<\/span><\/p>\n<p class=\"p2\"><span class=\"s1\"><b>Liu, B., Gu, B., Beltr\u00e1n, D<\/b>., Wang, H., &amp; <b>de Vega, M<\/b>.(2020). Presetting an inhibitory State modifies the neural processin of negated action senteces. An ERP study. Brain and Cognition, 143, 105598. <a href=\"https:\/\/doi.org\/10.1016\/j.bandc.2020.105598\" target=\"_blank\" rel=\"noopener\"><span class=\"s16\">https:\/\/doi.org\/10.1016\/j.bandc.2020.105598<\/span><\/a><\/span><\/p>\n<p class=\"p11\"><span class=\"s1\">L\u00f3pez-Madrona, V.J., P\u00e9rez-Montoyo, E., \u00c1lvarez-Salvado, E., Moratal, D., Herreras, O., <b>Pereda, E<\/b>., Mirasso, C.R., &amp; Canal, S. (2020). Different theta frameworks coexist in the rat hippocampus and are coordinated during memory-guided and novelty tasks. eLife, 9e57313 <a href=\"https:\/\/doi.org\/10.7554\/eLife.57313\" target=\"_blank\" rel=\"noopener\"><span class=\"s2\">https:\/\/doi.org\/10.7554\/eLife.57313<\/span><\/a><\/span><\/p>\n<p class=\"p11\"><span class=\"s1\"><b>Marrero, H<\/b>., Yagual, S.N., <b>Garc\u00eda-Marco, E.,<\/b> <b>G\u00e1mez, E., Beltr\u00e1n<\/b>, <b>D., D\u00edaz, J.M<\/b>., &amp; <b>Urrutia, M<\/b>. (2020).\u00a0Enhancing memory for relationship actions by transcranial direct current stimulation of the superior temporal sulcus. Brain Sciences, 10, 497-513. <span class=\"Apple-converted-space\">\u00a0 <\/span><a href=\"https:\/\/doi.org\/10.3390\/brainsci10080497\" target=\"_blank\" rel=\"noopener\"><span class=\"s5\">https:\/\/doi.org\/10.3390\/brainsci10080497<\/span><\/a><\/span><\/p>\n<p class=\"p12\"><span class=\"s1\"><b>Marrero, H<\/b>., Yagual, S.N., <b>G\u00e1mez, E., Urrutia, M., D\u00edaz, J.M<\/b>., &amp; <b>Beltr\u00e1n<\/b>, <b>D<\/b>. (2020).\u00a0 Negation interacts with motivational direction in understanding action sentences. <i>PlosOne<\/i>, 15(6)<\/span><\/p>\n<p class=\"p4\"><span class=\"s1\">Modro\u00f1o C, Socas R, Hern\u00e1ndez-Mart\u00edn E, <b>Plata-Bello, J<\/b>., Marcano, F., P\u00e9rez-Gonz\u00e1lez, J.M &amp; <b>Gonz\u00e1lez-Mora, J.L<\/b>.(2020). Neurofunctional correlates of eye to handmotor transfer.<i>Hum Brain Mapp<\/i>. <i>41<\/i>, 1\u201313. <a href=\"https:\/\/doi.org\/10.1002\/hbm.24969\" target=\"_blank\" rel=\"noopener\"><span class=\"s2\">https:\/\/doi.org\/10.1002\/hbm.24969<\/span><\/a><\/span><\/p>\n<p>Mundal IP, Gr\u00e5we RW, Hafstad H, <strong>De las Cuevas C,<\/strong> Lara-Cabrera ML.(2020) \u00a0Effects of a peer co-facilitated educational programme for parents of children with ADHD: a feasibility randomised controlled trial protocol.\u00a0<em>BMJ Open<\/em>\u00a0 10 (12) e039852; <a href=\"https:\/\/doi.org\/10.1136\/bmjopen-2020-039852\" target=\"_blank\" rel=\"noopener\">https:\/\/doi.org\/10.1136\/bmjopen-2020-039852<\/a><\/p>\n<p class=\"p4\"><span class=\"s1\">Ortega, J., Mart\u00edn-Chinea, K., G\u00f3mez-Gonz\u00e1lez, J.F., &amp; <b>Pereda, E<\/b>. (2020). Biometric person authentication using a wireless EEG Device. En Serrhini, M., Silva, C., Aljahdali, S. (Eds.). Innovation in information Systems and tecnologies to suport learning research. EMENA.ISTL 2019. Learning and Analytics in Intelligent Systems, vol.7. Springer, Cham. <\/span><span class=\"s17\">https:\/\/doi.org\/10.1007\/978-3-030-36778-7_67<\/span><\/p>\n<p class=\"p14\"><span class=\"s18\"><b>Pe\u00f1ate, W<\/b>., Gonz\u00e1lez-Loyola, M., &amp; Oyanade, C.(2020).<b> <\/b><\/span><span class=\"s1\">The Predictive Role of Affectivity, Self-Esteem and Social Support in Depression and Anxiety in Children and Adolescents. <i>Environmental Research and Public Health<\/i>, 17, 6984 <a href=\"https:\/\/doi.org\/10.3390\/ijerph17196984\" target=\"_blank\" rel=\"noopener\"><span class=\"s2\">https:\/\/doi.org\/10.3390\/ijerph17196984<\/span><\/a><\/span><\/p>\n<p class=\"p4\"><span class=\"s1\"><b>Pe\u00f1ate, W., <\/b>Rivero, F., Vi\u00f1a, C., Herrero, M., Betancort, M., De la Fuente, J., &amp; Fumero, A. (2020). The equivalence between virtual and real feared stimuli in a phobic adult sample: a neuroimaging study. Journal of Clinical Medicine, 8, 2139, <a href=\"https:\/\/doi.org\/10.3390\/jcm8122139\" target=\"_blank\" rel=\"noopener\"><span class=\"s2\">https:\/\/doi.org\/10.3390\/jcm8122139<\/span><\/a><\/span><\/p>\n<p class=\"p4\"><span class=\"s1\"><b>Rodrigo, M.J<\/b>., Mu\u00f1eton-Ayala, M.,<b> &amp; De Vega, M. (2020). <\/b>Exploring the co-ocurrence of manual verbs and actions in early mother-child communication. Frontiers in Psychology, <a href=\"https:\/\/doi.org\/10.3389\/fpsyg.2020.596080\" target=\"_blank\" rel=\"noopener\"><span class=\"s19\">https:\/\/doi.org\/10.3389\/fpsyg.2020.596080<\/span><\/a><\/span><\/p>\n<p><strong>Rodrigo, M. J., Le\u00f3n, I.<\/strong>, Garc\u00eda-Pent\u00f3n, L., <strong>Hern\u00e1ndez-Cabrera, J. A<\/strong>., &amp; Qui\u00f1ones, I. (2020). Neglectful maternal caregiving involves altered brain volume in empathy-related areas. (este art\u00edculo est\u00e1 en 2019 y es de 2020)<\/p>\n<p class=\"p4\"><span class=\"s1\"><b>Rodr\u00edguez-P\u00e9rez, A<\/b>. (2020). Respect for community as a moral norm. International <i>Journal of Social Psychology<\/i>, 35, 625-630. <a href=\"https:\/\/doi.org\/10.1080\/02134748.2020.1783856\" target=\"_blank\" rel=\"noopener\"><span class=\"s20\">https:\/\/doi.org\/10.1080\/02134748.2020.1783856<\/span><\/a><\/span><\/p>\n<p class=\"p4\"><span class=\"s1\"><b>Romero, T.<\/b>, Vargas, C.A., <b>Alonso, M.A.,<\/b> Diez, E., &amp; <b>Fern\u00e1ndez, A<\/b>. (2020). Absence of post-learning motor activity effects on memory for motor-related words. <i>Memory<\/i>, <a href=\"https:\/\/doi.org\/10.1080\/09658211.2020.1826527\" target=\"_blank\" rel=\"noopener\"><span class=\"s2\">https:\/\/doi.org\/10.1080\/09658211.2020.1826527<\/span><\/a><\/span><\/p>\n<p class=\"p4\"><span class=\"s1\">Seoane, R.C., <b>Jim\u00e9nez, J.E<\/b>., &amp; Guti\u00e9rez, N.(2020). Pre-service teachers\u2019 impl\u00edcit teories of learning to write. European Journal of Teacher Education, 43, 165-190. <a href=\"https:\/\/doi.org\/10.1080\/02619768.2019.1681964\" target=\"_blank\" rel=\"noopener\"><span class=\"s2\">https:\/\/doi.org\/10.1080\/02619768.2019.1681964<\/span><\/a><\/span><\/p>\n<p class=\"p4\"><span class=\"s1\">Sion, A., Bru\u00f1a, R., Mart\u00ednez, A., Dom\u00ednguez, I., Torrado-Carvajal, A., Rubio, G., <b>Pereda, E<\/b>., &amp; Jurado-Barba, R.(2020). Resting-state connectivity and network parameter analysis in alcohol-dependent males. A simultaneous EEG-MEG study. Journal of Neuroscience Research, 98, <span class=\"Apple-converted-space\">\u00a0 <\/span><a href=\"https:\/\/doi.org\/10.1002\/jnr.24673\" target=\"_blank\" rel=\"noopener\"><span class=\"s21\">https:\/\/doi.org\/10.1002\/jnr.24673<\/span><\/a><\/span><\/p>\n<p class=\"p4\"><span class=\"s1\">Su\u00e1rez, N.,<b> Jim\u00e9nez, J.E., <\/b>S\u00e1nchez, C.R.Teaching reading: A case study through mixed methods. Frontiers of Psychology, 11:1083 <a href=\"https:\/\/doi.org\/10.3389\/fpsyg.2020.01083\" target=\"_blank\" rel=\"noopener\"><span class=\"s22\">https:\/\/doi.org\/10.3389\/fpsyg.2020.01083<\/span><\/a><\/span><\/p>\n<p class=\"p4\"><span class=\"s1\"><b>Vitale, F., Padr\u00f3n, I., Avenanti, A., &amp; de Vega, M<\/b>.(2020). Enhancing motor brain activity improves memory for action Language: a tDCS study. <i>Cerebral Cortex<\/i>, bhaa309 <span class=\"Apple-converted-space\">\u00a0 <\/span><a href=\"https:\/\/doi.org\/10.1093\/cercor\/bhaa309\" target=\"_blank\" rel=\"noopener\"><span class=\"s23\">https:\/\/doi.org\/10.1093\/cercor\/bhaa309<\/span><\/a><\/span><\/p>\n<p>[\/vc_column_text][vc_empty_space height=\u00bb20px\u00bb][\/vc_tta_section][vc_tta_section title=\u00bb2019&#8243; tab_id=\u00bb1608125074278-376710ee-2155&#8243;][vc_empty_space height=\u00bb20px\u00bb][vc_column_text css=\u00bb.vc_custom_1612541907503{padding-right: 3% !important;padding-left: 3% !important;}\u00bb]<\/p>\n<p class=\"p2\"><span class=\"s1\"><b>Acosta, V., Hern\u00e1ndez, S<\/b>., &amp; Ramirez, G. (2019). Effectiveness of a working memory intervention program in children with language disorders. Applied Neuropsychology: Child, 8, 15-23,<span class=\"Apple-converted-space\">\u00a0 <\/span><a href=\"https:\/\/doi.org\/10.1080\/21622965.2017.1374866\" target=\"_blank\" rel=\"noopener\"><span class=\"s2\">https:\/\/doi.org\/10.1080\/21622965.2017.1374866<\/span><\/a><\/span><\/p>\n<p class=\"p3\"><span class=\"s1\">Afonso, O., &amp; <b>\u00c1lvarez, C<\/b>. (2019). Constituent frequency effects in the written production of Spanish compound word. <i>Memory &amp; Cognition<\/i>, <i>47<\/i>, 1284-1296. <a href=\"https:\/\/doi.org\/10.3758\/s13421-019-00933-5\" target=\"_blank\" rel=\"noopener\"><span class=\"s2\">https:\/\/doi.org\/10.3758\/s13421-019-00933-5<\/span><\/a><\/span><\/p>\n<p class=\"p4\"><span class=\"s1\">Afonso, O<b>., \u00c1lvarez, C. J<\/b>., Mart\u00ednez, C., &amp; Cuetos, F. (2019). Writing difficulties in Alzheimer\u2019s disease and mild cognitive impairment.\u00a0<i>Reading and Writing: An Interdisciplinary Journal, 32<\/i>(1), 217\u2013233.\u00a0<a href=\"https:\/\/psycnet.apa.org\/doi\/10.1007\/s11145-017-9813-6\" target=\"_blank\" rel=\"noopener\"><span class=\"s3\">https:\/\/doi.org\/10.1007\/s11145-017-9813-6<\/span><\/a><\/span><\/p>\n<p class=\"p3\"><span class=\"s4\">Alegre, O.M., &amp; Villar, L.M.(2019). An\u00e1lisis factorial de las actitudes de los ni\u00f1os de 6 a 16 a\u00f1os con dispositivos auditivos hacia la educaci\u00f3n inclusiva. Aula Abierta, 48, 129-138.<\/span><span class=\"s5\"> <a href=\"https:\/\/doi.org\/10.17811\/rifie.48.2.2019.129-138\" target=\"_blank\" rel=\"noopener\"><span class=\"s6\">https:\/\/doi.org\/10.17811\/rifie.48.2.2019.129-138<\/span><\/a><\/span><\/p>\n<p class=\"p4\"><span class=\"s1\"><b>Ard\u00e8vol-Abreu, A., <\/b>Diehl, T., &amp; Gil, H.(2019).<b> <\/b>Antecedents of internal political efficacy incidental news exposure online and the mediating role of political discussion. <i>Politics<\/i>,<span class=\"Apple-converted-space\">\u00a0 <\/span><a href=\"https:\/\/doi.org\/10.1177%252F0263395717693251\" target=\"_blank\" rel=\"noopener\"><span class=\"s3\">https:\/\/doi.org\/10.1177%2F0263395717693251<\/span><\/a><\/span><\/p>\n<p class=\"p3\"><span class=\"s4\"><b>Beltr\u00e1n, D., Morera, Y., Garc\u00eda-Marco, E., &amp; de Vega, M.<\/b> (2019). Brain Inhibitory Mechanisms Are Involved in the Processing of Sentential Negation, Regardless of Its Content. Evidence from EEG Theta and Beta Rhythms. <i>Frontiers in Psychology<\/i>, 10:1782 <a href=\"https:\/\/doi.org\/10.3389\/fpsyg.2019.01782\" target=\"_blank\" rel=\"noopener\"><span class=\"s7\">https:\/\/doi.org\/10.3389\/fpsyg.2019.01782<\/span><\/a><\/span><\/p>\n<p class=\"p5\"><span class=\"s1\">Berm\u00fadez-Margaretto<b>, B., Beltr\u00e1n, D., <\/b>Cuetos, F., &amp;<b> Dom\u00ednguez, A. <\/b>(2019). Novel Word learning: Event-related brain potentials reflect pure lexical and task-related effects. <i>Frontiers in Human Neuroscience<\/i> 13 <a href=\"https:\/\/doi.org\/10.3389\/fnhum.2019.00347\" target=\"_blank\" rel=\"noopener\"><span class=\"s3\">https:\/\/doi.org\/10.3389\/fnhum.2019.00347<\/span><\/a><\/span><\/p>\n<p class=\"p6\"><span class=\"s1\">Camara, C.,Subramaniyam, N.P., Warwick, K., Parkkonen, L.,Aziz, T., &amp; <b>Pereda, E<\/b>. (2019). Non-Linear Dynamical Analysis of Resting Tremor for Demand-Driven Deep Brain Stimulation.\u00a0<i>Sensors<\/i>,\u00a0<i>19<\/i>, 2507. <\/span><\/p>\n<p class=\"p7\"><span class=\"s8\"><a href=\"https:\/\/doi.org\/10.3390\/s19112507\" target=\"_blank\" rel=\"noopener\">https:\/\/doi.org\/10.3390\/s19112507<\/a><\/span><\/p>\n<p class=\"p6\"><span class=\"s1\">Camara,C., Warwick,K., Bru\u00f1a,R., Aziz,T.,&amp; <b>Pereda, E.(<\/b>2019).Closed-loop deep brain stimulation based on a stream-clustering System.Expert Systems with Applications,126, 187-199.<\/span><span class=\"s5\"> <a href=\"https:\/\/doi.org\/10.1016\/j.eswa.2019.02.024\" target=\"_blank\" rel=\"noopener\"><span class=\"s3\">https:\/\/doi.org\/10.1016\/j.eswa.2019.02.024<\/span><\/a><\/span><\/p>\n<p class=\"p6\"><span class=\"s1\">Casta\u00f1eyra-Ruiz, L., Hern\u00e1ndez-Abad, L., Carmona-Calero, E.M., <b>Casta\u00f1eyra-Perdomo, A<\/b>., &amp; <b>Gonz\u00e1lez-Marrero, I<\/b>. (2019). AQP1 overexpression in the CSF of obstructive hydrocephalus and inversion of its polarity in the choroid plexus of a chiari malformation type II case. <i>Journal of Neuropathology and Experimental Neurology,<\/i> <i>78<\/i>, 641-647. <a href=\"https:\/\/doi.org\/10.1093\/jnen\/nlz033\" target=\"_blank\" rel=\"noopener\"><span class=\"s2\">https:\/\/doi.org\/10.1093\/jnen\/nlz033<\/span><\/a><\/span><\/p>\n<p class=\"p6\"><span class=\"s1\">Canerina-Amaro, A., Pereda, D., D\u00edaz, M., Rodriguez-Barreto, D., Casa\u00f1as-S\u00e1nchez, V., Heffer, M., Garc\u00eda-Esparcia, P., Ferrer, I., Puertas-Aveda\u00f1o, R., &amp; <b>Mar\u00edn, R.(<\/b>2019). <\/span><span class=\"s9\">Differential Aggregation and Phosphorylation of Alpha Synuclein in Membrane Compartments Associated With Parkinson Disease. Frontiers in Neuroscience, 13:382. <a href=\"https:\/\/doi.org\/10.3389\/fnins.2019.00382\" target=\"_blank\" rel=\"noopener\"><span class=\"s10\">https:\/\/doi.org\/10.3389\/fnins.2019.00382<\/span><\/a><\/span><\/p>\n<p class=\"p6\"><span class=\"s1\">Cedres, N., Machado, A., Molina, Y., Diaz-Galvan, P., <b>Hern\u00e1ndez-Cabrera, J.A<\/b>., <b>Barroso, J<\/b>., Westman, E., &amp; Ferreira, D. (2019). Subjective Cognitive Decline below and above the Age of 60: A Multivariate Study on Neuroimaging, Cognitive, Clinical, and Demographic Measures.\u00a0<i>Journal of Alzheimer&#8217;s Disease<\/i>, 68(1), 295-309. <a href=\"http:\/\/doi.org\/10.3233\/JAD-180720\" target=\"_blank\" rel=\"noopener\"><span class=\"s2\">http:\/\/doi.org\/10.3233\/JAD-180720<\/span><\/a><\/span><\/p>\n<p class=\"p6\"><span class=\"s1\">Comesa\u00f1a, M., Moreira, A.J., Valente, D., <b>Hern\u00e1ndez-Cabrera, J.A<\/b>., &amp; Soares, A.P. (2019). List composition effect on cognate and non-cognate word acquisition in children.\u00a0<i>Linguistic Approaches to Bilingualism<\/i>, 9(2), 289-313. <a href=\"http:\/\/doi.org\/10.1075\/lab.16034\" target=\"_blank\" rel=\"noopener\"><span class=\"s2\">http:\/\/doi.org\/10.1075\/lab.16034<\/span><\/a><\/span><\/p>\n<p class=\"p6\"><span class=\"s1\">Dampur\u00e9, J., L\u00f3pez-P\u00e9rez, P.J., &amp; <b>Barber, H.A<\/b>. (2019). Meaning-based attentional guidance as a function of foveal and task-related cognitive loads. Language, <i>Cognition and Neuroscience<\/i>, <i>34<\/i>, 1-12. <a href=\"https:\/\/doi.org\/10.1080\/23273798.2018.1484149\" target=\"_blank\" rel=\"noopener\"><span class=\"s2\">https:\/\/doi.org\/10.1080\/23273798.2018.1484149<\/span><\/a><\/span><\/p>\n<p class=\"p10\"><span class=\"s4\">Del Pino-Sede\u00f1o, T<b>., Pe\u00f1ate, W., De las Cuevas, C <\/b>et. al, (2019). Effectivenes and cost-effectivenesss of a multicomponent intervention to improve medication adherence in people with depressive disorders- MAPDep: a study protocol for a cluster randomized controlled trial. <i>Patient Preference and Adherence<\/i>, <i>13<\/i>, 309-319.<\/span><span class=\"s11\"> <a href=\"https:\/\/doi.org\/10.2147\/PPA.S172963\" target=\"_blank\" rel=\"noopener\"><span class=\"s6\">https:\/\/doi.org\/10.2147\/PPA.S172963<\/span><\/a><\/span><\/p>\n<p class=\"p5\"><span class=\"s1\"><b>De Las Cuevas, C<\/b>., &amp; de Leon, J. (2020). Self-Report for Measuring and Predicting Medication Adherence: Experts&#8217; Experience in Predicting Adherence in Stable Psychiatric Outpatients and in Pharmacokinetics.\u00a0<i>Patient preference and adherence<\/i>,\u00a0<i>14<\/i>, 1823\u20131842. <a href=\"https:\/\/doi.org\/10.2147\/PPA.S242693\" target=\"_blank\" rel=\"noopener\"><span class=\"s3\">https:\/\/doi.org\/10.2147\/PPA.S242693<\/span><\/a><\/span><\/p>\n<p class=\"p5\"><span class=\"s1\"><b>De las Cuevas, C., <\/b>Motuca, M., Baptista, T., Villasante-Tezanos, A.G., &amp; De Le\u00f3n. (2019). Etnopsychopharmacology study of patients\u2019 beliefs regarding concerns about and necessity of taking psychiatric medications. <i>Human Psychopharmacology: Clinical and Experimental,<\/i> 34, <a href=\"https:\/\/doi.org\/10.1002\/hup.2688\" target=\"_blank\" rel=\"noopener\"><span class=\"s3\">https:\/\/doi.org\/10.1002\/hup.2688<\/span><\/a><\/span><\/p>\n<p class=\"p5\"><span class=\"s1\">De Le\u00f3n, J., Ru\u00e1n, C.J., Schoretsanitis,G., &amp; <b>De las Cuevas, C<\/b>. (2019). A rational use of clozapine based on adverse drug reactions, pharmacokinetics and clinical pharmacopspychology. Pyschoterapy and Psychosomatics, 89, 200-2014. <a href=\"https:\/\/doi.org\/10.1159\/000507638\" target=\"_blank\" rel=\"noopener\"><span class=\"s3\">https:\/\/doi.org\/10.1159\/000507638<\/span><\/a><\/span><\/p>\n<p class=\"p10\"><span class=\"s4\"><b>De Vega, M., Padr\u00f3n, I., Moreno, I.Z., Garc\u00eda-Marco, E., Dom\u00ednguez, A., Marrero, H., &amp; Hern\u00e1ndez-Exp\u00f3sito, S.<\/b> (2019). Both the Mirror and the Affordance Systems might be Impaired in Adults with high Autistic Traits. Evidence from EEG Mu and Beta Rhythms. <i>Autism Research<\/i>, 12, <span class=\"Apple-converted-space\">\u00a0 <\/span>1032-1042. <a href=\"https:\/\/doi.org\/10.1002\/aur.2121\" target=\"_blank\" rel=\"noopener\"><span class=\"s7\">https:\/\/doi.org\/10.1002\/aur.2121<\/span><\/a><\/span><\/p>\n<p class=\"p11\"><span class=\"s1\">D\u00edaz M, Luis-Amaro AC, Rodriguez Barreto D, Casa\u00f1as-S\u00e1nchez V, P\u00e9rez JA and <b>Marin R<\/b> (2019) Lipostatic Mechanisms Preserving Cerebellar Lipids in MPTP-Treated Mice: Focus on Membrane Microdomains and Lipid-Related Gene Expression.\u00a0<i>Front. Mol. Neurosci.<\/i>\u00a012:93.<span class=\"Apple-converted-space\">\u00a0 <\/span><a href=\"https:\/\/doi.org\/10.3389\/fnmol.2019.00093\" target=\"_blank\" rel=\"noopener\"><span class=\"s3\">https:\/\/doi.org\/10.3389\/fnmol.2019.00093<\/span><\/a><\/span><\/p>\n<p class=\"p12\"><span class=\"s1\">D\u00edaz, M., Luis-Amaro, A.C., Rodr\u00edguez, D., Casa\u00f1as-S\u00e1nchez, V., P\u00e9rez, J.A., &amp; <b>Mar\u00edn, R<\/b>. (2019). Lipostatic mechanisms preservin cerebellar l\u00edpids in MPTP-Treated Mice: Focus on membrane microdomains and l\u00edpid- related gene expression. Frontiers in Molecular Neuroscience, 12:93. <a href=\"https:\/\/doi.org\/10.3389\/fnmol.2019.00093\" target=\"_blank\" rel=\"noopener\"><span class=\"s12\">https:\/\/doi.org\/10.3389\/fnmol.2019.00093<\/span><\/a><\/span><\/p>\n<p class=\"p12\"><span class=\"s1\">D\u00edez-\u00c1lamo, A.M., D\u00edez, E., <b>Alonso, M.A<\/b>., &amp; Fern\u00e1ndez, A.(2019). Absence of posture-dependent and posture-congruent memory effect on the recall of action sentences<i>. PLos ONE<\/i><b> <\/b><a href=\"https:\/\/doi.org\/10.1371\/journal.pone.0226297\" target=\"_blank\" rel=\"noopener\"><span class=\"s12\">https:\/\/doi.org\/10.1371\/journal.pone.0226297<\/span><\/a><\/span><\/p>\n<p class=\"p15\"><span class=\"s1\">Diehl,T., <b>Ard\u00e8vol-Abreu,A<\/b>., &amp; Gil de Z\u00fa\u00f1iga,H.\u00a0(2019)\u00a0How Engagement with Journalists on Twitter Reduces Public Perceptions of Media Bias,\u00a0Journalism Practice,\u00a013:8,\u00a0971-975,\u00a0<a href=\"http:\/\/doi.org\/10.1080\/17512786.2019.1646160\" target=\"_blank\" rel=\"noopener\"><span class=\"s12\">http:\/\/doi.org\/10.1080\/17512786.2019.1646160<\/span><\/a><\/span><\/p>\n<p class=\"p15\"><span class=\"s1\">Dimitriadis SI, L\u00f3pez ME, Maestu F &amp; <b>Pereda E<\/b> (2019) Modeling the Switching Behavior of Functional Connectivity Microstates (FC\u00b5states) as a Novel Biomarker for Mild Cognitive Impairment. Front. Neurosci. 13:542. <a href=\"http:\/\/doi.org\/10.3389\/fnins.2019.00542\" target=\"_blank\" rel=\"noopener\"><span class=\"s12\">http:\/\/doi.org\/10.3389\/fnins.2019.00542<\/span><\/a><\/span><\/p>\n<p class=\"p15\"><span class=\"s1\">Fern\u00e1ndez-\u00c1lvarez, J,&#8230;<b>Pe\u00f1ate,W<\/b>&#8230;et al,(2019). Deterioration rates in virtual reality therapy: an individual patient data level meta-analysis. Journal of Anxiety Disorders, 61, 3-17. <a href=\"https:\/\/doi.org\/10.1016\/j.janxdis.2018.06.005\" target=\"_blank\" rel=\"noopener\"><span class=\"s12\">https:\/\/doi.org\/10.1016\/j.janxdis.2018.06.005<\/span><\/a><\/span><\/p>\n<p class=\"p15\"><span class=\"s1\">Galtier, I., Nieto, A., Lorenzo, J.N., &amp; <b>Barroso, J.<\/b> (2019). Subjetive cognitive decline and progression to dementia in Parkinson\u2019s disease: a long-term follow-up study. <i>Journal of Neurology<\/i>, <i>266<\/i>, 745-754<b>. <\/b><a href=\"https:\/\/doi.org\/10.1007\/s00415-019-09197-0\" target=\"_blank\" rel=\"noopener\"><span class=\"s13\">https:\/\/doi.org\/10.1007\/s00415-019-09197-0<\/span><\/a><\/span><\/p>\n<p class=\"p15\"><span class=\"s1\"><b>Garc\u00eda-Marco, E<\/b>.,\u00a0<b>Morera, Y<\/b>.,\u00a0<b>Beltr\u00e1n, D<\/b>.,\u00a0<b>De Vega, M<\/b>., Herrera, E., Sede\u00f1o, A., Iba\u00f1ez, A., &amp; Garc\u00eda, A.M. Negation markers inhibit motor routines during typing of manual action verbs.\u00a0<i>Cognition<\/i>, 286-293.\u00a0<a href=\"http:\/\/iuneuro.webs.ull.es\/wp-content\/uploads\/2019\/05\/2019Garcia-Marco_-Negation-Markers.pdf\" target=\"_blank\" rel=\"noopener\"><span class=\"s14\">pdf<\/span><\/a><\/span><\/p>\n<p class=\"p15\"><span class=\"s1\">Gil de Zu\u00f1iga , H., <b>Ard\u00e8vol-Abreu, A.,<\/b> &amp; Casero-Ripolles, A.(2019). WhatsApp political discussion, conventional participation and activism: explorin direct, indirect and generational effect. <i>Information, Communication &amp; Society,<\/i> <a href=\"https:\/\/doi.org\/10.1080\/1369118X.2019.1642933\" target=\"_blank\" rel=\"noopener\"><span class=\"s12\">https:\/\/doi.org\/10.1080\/1369118X.2019.1642933<\/span><\/a><\/span><\/p>\n<p class=\"p12\"><span class=\"s1\">Gonzalez-Burgos, L., <b>Hern\u00e1ndez-Cabrera, J.A.,<\/b> Westman, E., Barroso, J., &amp; Ferreira, D. (2019). Cognitive compensatory mechanisms in normal aging: A study on verbal fluency and the contribution of other cognitive functions.\u00a0<i>Aging<\/i>, 11(12), 4090-4106. <a href=\"http:\/\/doi.org\/10.18632\/aging.102040\" target=\"_blank\" rel=\"noopener\"><span class=\"s12\">http:\/\/doi.org\/10.18632\/aging.102040<\/span><\/a><\/span><\/p>\n<p class=\"p12\"><span class=\"s1\">Gonz\u00e1lez-M\u00e9ndez, R., <b>Yagual, S.N<\/b>., &amp; <b>Marrero, H<\/b>. (2019). Attentional bias towards resilience-related words is related to post-traumatic growth and personality tra\u00efts. Personality and Individual Differences<\/span><span class=\"s15\">, 155, 109715<b> <\/b><a href=\"https:\/\/doi.org\/10.1016\/j.paid.2019.109715\" target=\"_blank\" rel=\"noopener\"><span class=\"s10\">https:\/\/doi.org\/10.1016\/j.paid.2019.109715<\/span><\/a><\/span><\/p>\n<p class=\"p15\"><span class=\"s1\">Hernandez-Martin,E., Marcano,F., Modro\u00f1o-Pascual, C., Casanova-Gonz\u00e1lez,O., <b>Plata-Bello,J., &amp; Gonz\u00e1lez-Mora,J.L<\/b>.(2019). Is it possible to measure hemodynamic changes in the prefrontal cortex through the frontal sinus using continuous wave DOT systems? <i>Biomedical optics express,<\/i> 10, 817-837. <a href=\"https:\/\/doi.org\/10.1364\/BOE.10.000817\" target=\"_blank\" rel=\"noopener\"><span class=\"s12\">https:\/\/doi.org\/10.1364\/BOE.10.000817<\/span><\/a><\/span><\/p>\n<p>Herrero-Rold\u00e1n, S., Byrne, S., <strong>Rodrigo, M. J., Hern\u00e1ndez-Cabrera, J. A.,<\/strong> &amp; <strong>Le\u00f3n, I.<\/strong> (2019). Sesgos en la evaluaci\u00f3n del llanto infantil en la negligencia materna: el papel de la alexitimia.\u00a0<em>Revista de estudios e investigaci\u00f3n en psicolog\u00eda y educaci\u00f3n<\/em>,\u00a0<em>6<\/em>(1), 24-36.<\/p>\n<p class=\"p15\"><span class=\"s1\">Hughes, L. E., Henson, R. N., <b>Pereda, E<\/b>., Bru\u00f1a, R., L\u00f3pez-Sanz, D., Quinn, A. J., Woolrich, M. W., Nobre, A. C., Rowe, J. B., Maest\u00fa, F., &amp; BioFIND Working Group (2019). Biomagnetic biomarkers for dementia: A pilot multicentre study with a recommended methodological framework for magnetoencephalography.\u00a0<i>Alzheimer&#8217;s &amp; dementia (Amsterdam, Netherlands)<\/i>,\u00a0<i>11<\/i>, 450\u2013462. <a href=\"https:\/\/doi.org\/10.1016\/j.dadm.2019.04.009\" target=\"_blank\" rel=\"noopener\"><span class=\"s12\">https:\/\/doi.org\/10.1016\/j.dadm.2019.04.009<\/span><\/a><\/span><\/p>\n<p class=\"p15\"><span class=\"s1\"><b>Jimenez, J.E., Hern\u00e1ndez-Cabrera, J.A<\/b>.(2019).<b> <\/b>Transcription skills and written composition in Spanish beginning writers: pen and keyboard modes. <i>Reading and Writing<\/i>, 32, 1847-1879. <a href=\"https:\/\/doi.org\/10.1007\/s11145-018-9928-4\" target=\"_blank\" rel=\"noopener\"><span class=\"s12\">https:\/\/doi.org\/10.1007\/s11145-018-9928-4<\/span><\/a><\/span><\/p>\n<p class=\"p15\"><span class=\"s1\"><b>Le\u00f3n, I., Rodrigo, M. J.<\/b>, El-Deredy, W., Modro\u00f1o, C.,\u00a0<b>Hern\u00e1ndez-Cabrera, J. A.<\/b>, &amp; Qui\u00f1ones, I. (2019). Limbic-visual attenuation to crying faces underlies neglectful mothering. Scientific reports, 9(1), 6373.\u00a0<a href=\"http:\/\/iuneuro.webs.ull.es\/wp-content\/uploads\/2020\/10\/Scientific-Reports_2019.pdf\" target=\"_blank\" rel=\"noopener\"><span class=\"s14\">pdf<\/span><\/a><\/span><\/p>\n<p class=\"p16\"><span class=\"s1\">Lederman, J., Lederman, N., Bartels, S.,<b> Jimenez, J.E., <\/b>et al. (2019). An international collaborative investigation of beginning seventh grade students\u2019 understandings of scientific inquiry: Establishing a baseline. <i>Journal of Research in Science Teaching<\/i>, <i>56<\/i>, <a href=\"https:\/\/doi.org\/10.1002\/tea.21512\" target=\"_blank\" rel=\"noopener\"><span class=\"s3\">https:\/\/doi.org\/10.1002\/tea.21512<\/span><\/a><\/span><\/p>\n<p class=\"p17\"><span class=\"s4\">Liu, B., Wang, H., <b>Beltr\u00e1n, D., &amp; de Vega, M<\/b>.(2019). The generalizability of inhibition-related processes in the comprehension of linguistic negation. ERP evidence from the Mandarin language. <i>Language Cognition and Neuroscience<\/i>, 35, 1-11- <a href=\"https:\/\/doi.org\/10.1080\/23273798.2019.1662460\" target=\"_blank\" rel=\"noopener\"><span class=\"s10\">https:\/\/doi.org\/<\/span><span class=\"s16\">10.1080\/23273798.2019.1662460<\/span><\/a><\/span><\/p>\n<p class=\"p15\"><span class=\"s1\">L\u00f3pez, M.E., Pusil, S.,<b>\u00a0Pereda, E<\/b>.,Maest\u00fa, F., &amp; Barcel\u00f3, F.(2019). Dynamic low frecuency EEG phase synchronization patterns during proactive control of task switching.\u00a0<i>Neuroimage<\/i>,\u00a0<i>70-82<\/i>.\u00a0<a href=\"http:\/\/iuneuro.webs.ull.es\/wp-content\/uploads\/2019\/07\/2019Lopez_Dynamic-low-frecuency.pdf\" target=\"_blank\" rel=\"noopener\"><span class=\"s14\">pdf<\/span><\/a><\/span><\/p>\n<p class=\"p2\"><span class=\"s1\">L\u00f3pez-Madrona, V.J., Matias, F.S., Mirasso, C.R., Canals, S., &amp; <b>Pereda, E<\/b>. (2019). Inferring correlations associated to causal interactions in brain signals using autoregressive models. <i>Scientific reports<\/i>, 9 17041, <a href=\"https:\/\/doi.org\/10.1038\/s41598-019-53453-2\" target=\"_blank\" rel=\"noopener\"><span class=\"s17\">https:\/\/doi.org\/10.1038\/s41598-019-53453-2<\/span><\/a><\/span><\/p>\n<p class=\"p2\"><span class=\"s1\"><b>Marrero, H., G\u00e1mez, E., Urrutia, M., Beltr\u00e1n, D., D\u00edaz, J.M., &amp; Yagual, S.N. <\/b>(2019). Brain Encoding of social approach: is it associated with spatial ability? Frontiers in Behavioral Neuroscience, 13:179 <a href=\"https:\/\/doi.org\/10.3389\/fnbeh.2019.00179\" target=\"_blank\" rel=\"noopener\"><span class=\"s2\">https:\/\/doi.org\/10.3389\/fnbeh.2019.00179<\/span><\/a><\/span><\/p>\n<p class=\"p3\"><span class=\"s1\">Marrero-Quevedo, R.J., Blanco-Hern\u00e1ndez, P.J., &amp; <b>Hern\u00e1ndez-Cabrera, J.A<\/b>. (2019). Adult Attachment and Psychological Well-Being: The Mediating Role of Personality.\u00a0<i>Journal of Adult Development<\/i>, 26(1), 41-56. <a href=\"http:\/\/doi.org\/10.1007\/s10804-018-9297-x\" target=\"_blank\" rel=\"noopener\"><span class=\"s2\">http:\/\/doi.org\/10.1007\/s10804-018-9297-x<\/span><\/a><\/span><\/p>\n<p class=\"p3\"><span class=\"s1\">Mesa-Herrera, F., Taoro-Gonz\u00e1lez, L., Vald\u00e9s-Baizabal, C., D\u00edaz, M., &amp; <b>Mar\u00edn, R<\/b>. (2019). Lipid and lipid raft alteration in aging and neurodegenerative diseases: a window for the development of new biomarkers. International Journal of Molecular Sciences, 20, 3810. <a href=\"https:\/\/doi.org\/10.3390\/ijms20153810\" target=\"_blank\" rel=\"noopener\"><span class=\"s18\">https:\/\/doi.org\/10.3390\/ijms20153810<\/span><\/a><\/span><\/p>\n<p class=\"p3\"><span class=\"s1\">Modro\u00f1o, C., Navarrete, G., Nicolle, A., <b>Gonz\u00e1lez-Mora, J.L<\/b>., Smith, K.W., Marling, M., &amp; Goel, V. (2019). Developmental grey matter changes in superior parietal cortex accompany improved transitive reasoning. <i>Thinking and Reasonig<\/i>, <i>25<\/i>, 151-170. <a href=\"https:\/\/doi.org\/10.1080\/13546783.2018.1481144\" target=\"_blank\" rel=\"noopener\"><span class=\"s2\">https:\/\/doi.org\/10.1080\/13546783.2018.1481144<\/span><\/a><\/span><\/p>\n<p class=\"p3\"><span class=\"s1\"><b>Morera, Y.<\/b>, van der Meij, M., <b>de Vega, M., &amp; Barber, H.A<\/b>. (2019). Are sensory \u2013motor relationships encoded ad hoc or by default?: An ERP study data. Frontiers in Psychology, 10:966 <span class=\"Apple-converted-space\">\u00a0 <\/span><a href=\"https:\/\/doi.org\/10.3389\/fpsyg.2019.00966\" target=\"_blank\" rel=\"noopener\"><span class=\"s19\">https:\/\/doi.org\/10.3389\/fpsyg.2019.00966<\/span><\/a><\/span><\/p>\n<p class=\"p12\"><span class=\"s1\"><b>Morera, Y<\/b>., Van der Meij,M.,\u00a0<b>De Vega, M<\/b>., &amp;\u00a0<b>Barber, H<\/b>.(2019). Are sensory-motor relationships encoded ad hoc or by default?: an ERP study.\u00a0<i>Frontiers in Psychology<\/i>, 966. <a href=\"https:\/\/doi.org\/10.3389\/fpsyg.2019.00966\" target=\"_blank\" rel=\"noopener\"><span class=\"s12\">https:\/\/doi.org\/10.3389\/fpsyg.2019.00966<\/span><\/a><\/span><\/p>\n<p class=\"p12\"><span class=\"s1\">Orenes, I., Garc\u00eda, J.A., G\u00f3mez, I., <b>Espino, O<\/b>., &amp; Byrne, R.M.J.(2019). The comprehension of counterfactual conditionals: evidence from eye-tracking in the visual world paradigma. Frontiers of Psychology, 10:1172 <a href=\"https:\/\/doi.org\/10.3389\/fpsyg.2019.01172\" target=\"_blank\" rel=\"noopener\"><span class=\"s12\">https:\/\/doi.org\/10.3389\/fpsyg.2019.01172<\/span><\/a><\/span><\/p>\n<p class=\"p12\"><span class=\"s1\">Paracampo, R., Montemurro, M.,\u00a0<b>De Vega<\/b>., &amp; Avenanti, A. (2018). Primary motor cortex crucial for action prediction: a tDCS study.\u00a0<i>Cortex<\/i>, 287-302.\u00a0<a href=\"http:\/\/iuneuro.webs.ull.es\/wp-content\/uploads\/2019\/05\/2019Paracampo_Primary-motor-cortex.pdf\" target=\"_blank\" rel=\"noopener\"><span class=\"s20\">pdf<\/span><\/a><\/span><\/p>\n<p class=\"p15\"><span class=\"s1\"><b>Pe\u00f1ate, W<\/b>., Rivero, F., Vi\u00f1a, C., Herrrero, M., Betancort, M., De la Fuente, J., \u00c1lvarez-P\u00f1erez, Y., &amp; Fumero, A. (2019). The equivalence between virtual and real feared stimuli in a phobic adult sample: a neuroimaging study, 8, 2139. <a href=\"https:\/\/doi.org\/10.3390\/jcm8122139\" target=\"_blank\" rel=\"noopener\"><span class=\"s12\">https:\/\/doi.org\/10.3390\/jcm8122139<\/span><\/a><\/span><\/p>\n<p class=\"p15\"><span class=\"s1\"><b>Plata Bello J<\/b>, Garc\u00eda-Pe\u00f1a C, Modro\u00f1o C, Hern\u00e1ndez-Mart\u00edn E, P\u00e9rez-Mart\u00edn Y, Marcano F, et al. (2019) Visual inputs decrease brain activity in frontal areas during silent lipreading. PLoS ONE 14(10): e0223782. <a href=\"https:\/\/doi.org\/10.1371\/journal.pone.0223782\" target=\"_blank\" rel=\"noopener\"><span class=\"s12\">https:\/\/doi.org\/10.1371\/journal.pone.0223782<\/span><\/a><\/span><\/p>\n<p class=\"p12\"><span class=\"s1\"><b>Plata-Bello, J<\/b>., Plata-Bello, A., P\u00e9rez-Mart\u00edn, Y., Fajardo, V., &amp; Concepci\u00f3n-Massip, T. (2019). Androgen deprivation therapy increases brain ageing.\u00a0<i>Aging<\/i>,\u00a0<i>11<\/i>(15), 5613\u20135627. <a href=\"https:\/\/doi.org\/10.18632\/aging.102142\" target=\"_blank\" rel=\"noopener\"><span class=\"s12\">https:\/\/doi.org\/10.18632\/aging.102142<\/span><\/a><\/span><\/p>\n<p class=\"p12\"><span class=\"s1\">Pusil, S., L\u00f3pez, M.E., Cuesta, P., Bru\u00f1a, R.,<b> Pereda, E., <\/b>&amp; Maest\u00fa, F.<b> <\/b>(2019). Hypersynchronization in mild cognitive impairment: the \u201cX\u201d model. <i>Brain<\/i> , 142, 3936-3950<\/span><span class=\"s15\">,<b> <\/b><a href=\"https:\/\/doi.org\/10.1093\/brain\/awz320\" target=\"_blank\" rel=\"noopener\"><span class=\"s10\">https:\/\/doi.org\/10.1093\/brain\/awz320<\/span><\/a><\/span><\/p>\n<p class=\"p15\"><span class=\"s1\">Rabovsky\u00a0M, <b>Conrad\u00a0M, \u00c1lvarez\u00a0CJ<\/b>, Paschke-Goldt\u00a0J, Sommer\u00a0W (2019)\u00a0Attentional modulation of orthographic neighborhood effects during reading: Evidence from event-related brain potentials in a psychological refractory period paradigm. PLOS ONE 14(1): e0199084.\u00a0<a href=\"https:\/\/doi.org\/10.1371\/journal.pone.0199084\" target=\"_blank\" rel=\"noopener\"><span class=\"s12\">https:\/\/doi.org\/10.1371\/journal.pone.0199084<\/span><\/a><\/span><\/p>\n<p class=\"p15\"><span class=\"s1\">Ramirez-Santana, G., <b>Acosta-Rodriguez, V., &amp; Hern\u00e1ndez-Exp\u00f3sito<\/b>, S. (2019). A comparative study of Language phenotypes in Autism spectrum disorder and specific Language impairment<i>. Psicothema<\/i>, <i>31<\/i>, 437-442. <a href=\"https:\/\/doi.org\/10.7334\/psicothema2019.92\" target=\"_blank\" rel=\"noopener\"><span class=\"s12\">https:\/\/doi.org\/10.7334\/psicothema2019.92<\/span><\/a><\/span><\/p>\n<p class=\"p15\"><span class=\"s1\"><b>Rodrigo, M. J., Le\u00f3n, I.<\/b>, Garc\u00eda-Pent\u00f3n, L.,\u00a0<b>Hern\u00e1ndez-Cabrera, J. A.<\/b>, &amp; Qui\u00f1ones, I. (2019). Neglectful maternal caregiving involves altered brain volume in empathy-related areas. Development and Psychopathology, 1\u201310. https:\/\/doi.org\/10.1017\/S0954579419001469.\u00a0<a href=\"http:\/\/iuneuro.webs.ull.es\/wp-content\/uploads\/2020\/10\/Rodrigo-et-al.-2019_neglectful-maternal-caregiving.pdf\" target=\"_blank\" rel=\"noopener\"><span class=\"s14\">pdf<\/span><\/a><\/span><\/p>\n<p class=\"p15\"><span class=\"s1\">Rubio, B., &amp; <b>Hern\u00e1ndez-Exp\u00f3sito, S<\/b>.(2019). Differential long-term medicatio impact on executive function and delay aversion in ADHD. <i>Applied Neuropsycholobiology: Child<\/i>, <i>8<\/i>, 140-157. <a href=\"https:\/\/doi.org\/10.1080\/21622965.2017.1407653\" target=\"_blank\" rel=\"noopener\"><span class=\"s12\">https:\/\/doi.org\/10.1080\/21622965.2017.1407653<\/span><\/a><\/span><\/p>\n<p class=\"p15\"><span class=\"s1\">Salazar, P., Mart\u00edn, M., &amp; <b>Gonz\u00e1lez-Mora, J.L<\/b>.(2019). In situ electrodeposition of colesterol oxidase-modified polydopamine thin film on nanostructured screeen printed el\u00e8ctrodes for free colesterol disemination. <i>Journal of Electroanalytical chemistry<\/i>, <i>837<\/i>, 191-199. <a href=\"https:\/\/doi.org\/10.1016\/j.jelechem.2019.02.032\" target=\"_blank\" rel=\"noopener\"><span class=\"s12\">https:\/\/doi.org\/10.1016\/j.jelechem.2019.02.032<\/span><\/a><\/span><\/p>\n<p class=\"p15\"><span class=\"s1\">Salazar, P., Mart\u00edn, M., &amp; <b>Gonz\u00e1lez-Mora, J.L<\/b>.(2019). Enzymatic biosensor for in vivo Applications. <i>Material Research Foundations<\/i>, <i>47<\/i>, 289-315 <a href=\"https:\/\/dx.doi.org\/10.21741\/9781644900130-8\" target=\"_blank\" rel=\"noopener\"><span class=\"s12\">https:\/\/dx.doi.org\/10.21741\/9781644900130-8<\/span><\/a><\/span><\/p>\n<p class=\"p15\"><span class=\"s1\"><b>Santana-Vega, L.E<\/b>., G\u00f3mez-Mu\u00f1oz, A.M., &amp; Feliciano-Garc\u00eda, L.(2019). Uso problem\u00e1tico del m\u00f3vil, f\u00f2bia a sentirse excluido y comunicaci\u00f3n familiar de los adolescentes. Comunicar, 59, <a href=\"https:\/\/doi.org\/10.3916\/C59-2019-04\" target=\"_blank\" rel=\"noopener\"><span class=\"s12\">https:\/\/doi.org\/10.3916\/C59-2019-04<\/span><\/a><\/span><\/p>\n<p class=\"p15\"><span class=\"s1\">Serrano-S\u00e1nchez, J.A., Fern\u00e1ndez-Rodriguez, M.J., Sanchis-Moysi, J., Rodriguez-P\u00e9rez, M.C., Marcelino, I., &amp; <b>Cabrera de Le\u00f3n, A<\/b>.,(2019). Domain and intensity of physical activity are associated with metabolic syndrome: A population base study. <i>PLoS ONE<\/i> 14(7):e0219798 <a href=\"https:\/\/doi.org\/10.1371\/journal.pone.0219798\" target=\"_blank\" rel=\"noopener\"><span class=\"s12\">https:\/\/doi.org\/10.1371\/journal.pone.0219798<\/span><\/a><\/span><\/p>\n<p class=\"p15\"><span class=\"s1\">Shauenburg, G., <b>Conrad, M<\/b>., von Scheve, C., <b>Barber, H.A<\/b>, Ambrasat, J., Aryani, A., &amp; Schr\u00f6der, T. (2019). Making sense of social interaction: emotional coherence drives sem\u00e0ntic Integration as assessed by event-related potentials. <i>Neuropsychologia,<\/i> <i>125<\/i>, 1-13. <a href=\"https:\/\/doi.org\/10.1016\/j.neuropsychologia.2019.01.002\" target=\"_blank\" rel=\"noopener\"><span class=\"s12\">https:\/\/doi.org\/10.1016\/j.neuropsychologia.2019.01.002<\/span><\/a><\/span><\/p>\n<p class=\"p15\"><span class=\"s1\">Soares, A.P., Lages, A., Oliveira, H., &amp; <b>Hern\u00e1ndez-Cabrera, J.A.<\/b> (2019). The mirror reflects more for d than for b: right asymetry bias on the visual recognition of words conaining reversal letters. <i>Journal of Experimental Child Psychology<\/i>, <i>182<\/i>, 18-37. <a href=\"https:\/\/doi.org\/10.1016\/j.jecp.2019.01.008\" target=\"_blank\" rel=\"noopener\"><span class=\"s12\">https:\/\/doi.org\/10.1016\/j.jecp.2019.01.008<\/span><\/a><\/span><\/p>\n<p class=\"p15\"><span class=\"s1\">Sosa, C.D., Capafons, J.I., P\u00e9rez-Correa, S.M., Hern\u00e1ndez-Zamora, G.L., Capafons, J.I., &amp; Prieto, P.(2019). El uso de las nuevas tecnologies en j\u00f3venes: un estudio con poblaci\u00f3n canaria. Revista Espa\u00f1ola de drogodepend\u00e8ncies, 44, 26-42. <a href=\"https:\/\/www.aesed.com\/upload\/files\/v44n2_art1-canarias.pdf\" target=\"_blank\" rel=\"noopener\"><span class=\"s12\">https:\/\/www.aesed.com\/upload\/files\/v44n2_art1-canarias.pdf<\/span><\/a><\/span><\/p>\n<p class=\"p15\"><span class=\"s1\">Torrealba, E., Garcia-Morales, P., Cejudo, J. C., Diaz, M., Rodriguez-Esparragon, F., Fabre, O., Mesa-Herrera, F., <b>Marin, R.,<\/b> Sanchez-Garcia, F., Rodriguez-Perez, A., &amp; Gramunt, N. (2019). In-Out-Test: A New Paradigm for Sorting the Wheat from the Chaff in Prodromal Alzheimer&#8217;s Disease.\u00a0<i>Journal of Alzheimer&#8217;s disease : JAD<\/i>,\u00a0<i>67<\/i>(1), 265\u2013277. <a href=\"https:\/\/doi.org\/10.3233\/JAD-171007\" target=\"_blank\" rel=\"noopener\"><span class=\"s12\">https:\/\/doi.org\/10.3233\/JAD-171007<\/span><\/a><\/span><\/p>\n<p class=\"p15\"><span class=\"s1\">Wang, H., Li, J., Wang, X., Jiang, M., Cong, F., &amp;\u00a0<b>De Vega<\/b>, M. (2019). Embodiment effect on the comprehension of Mandarin manual action language: an ERP study,\u00a0<i>Journal of Psycholinguistic Research<\/i>, 1-16.\u00a0<a href=\"http:\/\/iuneuro.webs.ull.es\/wp-content\/uploads\/2019\/05\/2019Wang_Embodiment-effect.pdf\" target=\"_blank\" rel=\"noopener\"><span class=\"s14\">pd<\/span><\/a><\/span><\/p>\n<p>[\/vc_column_text][vc_empty_space height=\u00bb20px\u00bb][\/vc_tta_section][vc_tta_section title=\u00bb2018&#8243; tab_id=\u00bb2018&#8243;][vc_empty_space height=\u00bb20px\u00bb][vc_column_text css=\u00bb.vc_custom_1610456902005{padding-right: 3% !important;padding-left: 3% !important;}\u00bb]<\/p>\n<p class=\"p2\"><span class=\"s1\"><b>Alonso, M<\/b>., D\u00edez, E., D\u00edez-Alamo, A., &amp; <b>Fernandez, A<\/b>. (2018). Body\u2013object interaction ratings for 750 Spanish words.\u00a0<i>Applied Psycholinguistics,<\/i>\u00a0<i>39<\/i>(6), 1239-1252. <a href=\"http:\/\/doi.org\/10.1017\/S0142716418000309\" target=\"_blank\" rel=\"noopener\"><span class=\"s2\">http:\/\/doi.org\/10.1017\/S0142716418000309<\/span><\/a><\/span><\/p>\n<p class=\"p2\"><span class=\"s1\"><b>Ard\u00e8vol-Abreu, A<\/b>., Diehl, T., &amp; Gil de Zu\u00f1iga, H.(2018). Building social capital. How the news and the strength of the ties in the political discussion foster reciprocity. <i>Revista internacional de sociolog\u00eda<\/i>, 76, e083 <a href=\"https:\/\/doi.org\/10.3989\/ris.2018.76.1.16.147\" target=\"_blank\" rel=\"noopener\"><span class=\"s2\">https:\/\/doi.org\/10.3989\/ris.2018.76.1.16.147<\/span><\/a><\/span><\/p>\n<p class=\"p2\"><span class=\"s1\"><b>Ard\u00e8vol-Abreu, A<\/b>., Hooker, C.M., &amp; Gil de Zu\u00f1iga, H.(2018).Online news creation, trust in the media, and political participation: Direct and moderating effects over time. Journalism, 19, 611-631.<\/span><span class=\"s3\"> <a href=\"https:\/\/doi.org\/10.1177%252F1464884917700447\" target=\"_blank\" rel=\"noopener\"><span class=\"s2\">https:\/\/doi.org\/10.1177%2F1464884917700447<\/span><\/a><\/span><\/p>\n<p class=\"p2\"><span class=\"s1\">Aryani, A., <b>Conrad, M<\/b>., Schmidtke, D., &amp; Jacobs, A. (2018). Why &#8216;piss&#8217; is ruder than &#8216;pee&#8217;? The role of sound in affective meaning making.\u00a0<i>PloS one<\/i>,\u00a0<i>13<\/i>(6), e0198430. <a href=\"https:\/\/doi.org\/10.1371\/journal.pone.0198430\" target=\"_blank\" rel=\"noopener\"><span class=\"s2\">https:\/\/doi.org\/10.1371\/journal.pone.0198430<\/span><\/a><\/span><\/p>\n<p class=\"p2\"><span class=\"s1\">Barnidge, M., <b>Ard\u00e8vol-Abreu, A.<\/b>, &amp; Gil de Zu\u00f1iga, H.(2018). Content-expressive behavior and ideological extremity: An examination of the roles of emotional intelligence and information network heterogeneity. New Media &amp; Society, 20, 815-834. <a href=\"https:\/\/doi.org\/10.1177%252F1461444816675183\" target=\"_blank\" rel=\"noopener\"><span class=\"s2\">https:\/\/doi.org\/10.1177%2F1461444816675183<\/span><\/a><\/span><\/p>\n<p class=\"p3\"><span class=\"s1\"><b>Beltr\u00e1n, D<\/b>., Mu\u00f1et\u00f3n-Ayala, M., &amp;\u00a0<b>De Vega<\/b>, M. (2018). Sentential negation modulates inhibition in a stop-signal taks. Evidence from behavioral and ERP data.\u00a0<i>Neuropsychologia<\/i>, 112,10-18.\u00a0<a href=\"http:\/\/iuneuro.webs.ull.es\/wp-content\/uploads\/2018\/09\/2018Beltran_Sentential-negation.pdf\" target=\"_blank\" rel=\"noopener\"><span class=\"s4\">pdf<\/span><\/a><\/span><\/p>\n<p class=\"p3\"><span class=\"s1\">Bermudez-Margaretto, B.,\u00a0<b>Beltr\u00e1n,D<\/b>., Cuetos, F., &amp;\u00a0<b>Dominguez, A<\/b>.(2018). Brain signatures of new (pseudo-words) visual repetition in associative and non-associative contexts.\u00a0<i>Frontiers in human neuroscience<\/i>,\u00a0<i>12: 354<\/i>.\u00a0<a href=\"http:\/\/iuneuro.webs.ull.es\/wp-content\/uploads\/2018\/10\/2018Doming_brain-signatures.pdf\" target=\"_blank\" rel=\"noopener\"><span class=\"s4\">pdf<\/span><\/a><\/span><\/p>\n<p class=\"p3\"><span class=\"s1\">Bermudez-Margaretto, B.,\u00a0<b>Beltr\u00e1n,D<\/b>., Cuetos, F., &amp;\u00a0<b>Dominguez, A<\/b>.(2018). Brain electrical signatures of the novel word lexicalization. Psychology.\u00a0<i>Journal of Higher School of Economics\u00a015, 246-256.<\/i><a href=\"http:\/\/iuneuro.webs.ull.es\/wp-content\/uploads\/2018\/10\/2018Brain-electrical-signatures.pdf\" target=\"_blank\" rel=\"noopener\"><span class=\"s4\"><i>\u00a0pdf<\/i><\/span><\/a><\/span><\/p>\n<p class=\"p2\"><span class=\"s1\">Bhattacharya, J., <b>Pereda, E<\/b>., &amp; Ioannou, C.(2018). Functional associations at global brain level during perception of an auditory illusion by applying maximal information coefficient. Physica A: Statistical mechanics and its applications, 491, 708-715.<\/span><span class=\"s3\"> <a href=\"https:\/\/doi.org\/10.1016\/j.physa.2017.09.037\" target=\"_blank\" rel=\"noopener\"><span class=\"s2\">https:\/\/doi.org\/10.1016\/j.physa.2017.09.037<\/span><\/a><\/span><\/p>\n<p class=\"p2\"><span class=\"s1\">Bru\u00f1a, R., Maest\u00fa, F., &amp; <b>Pereda, E<\/b>. (2018). Phase locking value revisited: teaching new tricks to an old dog. Journal of neural engineering, 15(5), 056011. <a href=\"https:\/\/doi.org\/10.1088\/1741-2552\/aacfe4\" target=\"_blank\" rel=\"noopener\"><span class=\"s2\">https:\/\/doi.org\/10.1088\/1741-2552\/aacfe4<\/span><\/a><\/span><\/p>\n<p class=\"p2\"><span class=\"s1\">Calvo M.G., Guti\u00e9rrez-Garc\u00eda A., &amp; <b>Beltr\u00e1n D<\/b>.,(2018). Neural time course and brain sources of facial attractiveness vs. trustworthiness judgment.<\/span> <span class=\"s1\">Cognitive, Affective and Behavioral Neuroscience.<\/span><\/p>\n<p class=\"p2\"><span class=\"s1\">Casado, P., Mart\u00edn-Loeches, M., <b>Le\u00f3n, I.,<\/b> Hern\u00e1ndez-Guti\u00e9rrez, D., Espuny, J., Mu\u00f1oz, F., Jim\u00e9nez-Ortega, L., Fondevila, S., &amp; <b>de Vega, M<\/b>. (2018). When syntax meets action: Brain potential evidence of overlapping between language and motor sequencing.\u00a0<i>Cortex; a journal devoted to the study of the nervous system and behavior<\/i>,\u00a0<i>100<\/i>, 40\u201351. <a href=\"https:\/\/doi.org\/10.1016\/j.cortex.2017.11.002\" target=\"_blank\" rel=\"noopener\"><span class=\"s2\">https:\/\/doi.org\/10.1016\/j.cortex.2017.11.002<\/span><\/a><\/span><\/p>\n<p class=\"p3\"><span class=\"s1\">Casado, P., Mart\u00edn-Loeches, M.,\u00a0<b>Le\u00f3n, I.,<\/b>\u00a0Hern\u00e1ndez-Guti\u00e9rrez, D., Espuny, J., Mu\u00f1oz, F. &amp;\u00a0<b>de Vega, M.<\/b>\u00a0(2018). When syntax meets action: Brain potential evidence of overlapping between language and motor sequencing.\u00a0<i>Cortex,100,40-51.\u00a0<\/i><a href=\"http:\/\/iuneuro.webs.ull.es\/wp-content\/uploads\/2018\/10\/2018When-sintaxy-meets-action.pdf\" target=\"_blank\" rel=\"noopener\"><span class=\"s4\"><i>pdf<\/i><\/span><\/a><\/span><\/p>\n<p class=\"p2\"><span class=\"s1\">Chas, A., Betancor, V., Delgado, N., &amp; <b>Rodr\u00edguez-P\u00e9rez, A<\/b>. (2018). Children consider their own group to be more human than other social groups: Evidence from indirect and direct measures.\u00a0<i>Social Psychology, 49<\/i>(3), 125\u2013134.\u00a0<a href=\"https:\/\/psycnet.apa.org\/doi\/10.1027\/1864-9335\/a000329\" target=\"_blank\" rel=\"noopener\"><span class=\"s2\">https:\/\/doi.org\/10.1027\/1864-9335\/a000329<\/span><\/a><\/span><\/p>\n<p class=\"p2\"><span class=\"s1\">Comesa\u00f1a, M., Bertin, P., Oliveira, H., Soares, A. P., <b>Hern\u00e1ndez-Cabrera, J. A<\/b>., &amp; Casalis, S. (2018). The impact of cognateness of word bases and suffixes on morpho-orthographic processing: A masked priming study with intermediate and high-proficiency Portuguese-English bilinguals.\u00a0<i>PloS one<\/i>,\u00a0<i>13<\/i>(3), e0193480. <a href=\"https:\/\/doi.org\/10.1371\/journal.pone.0193480\" target=\"_blank\" rel=\"noopener\"><span class=\"s2\">https:\/\/doi.org\/10.1371\/journal.pone.0193480<\/span><\/a><\/span><\/p>\n<p class=\"p2\"><span class=\"s1\">Crespo, P., <b>Jim\u00e9nez, J. E<\/b>., Rodr\u00edguez, C., Baker, D., &amp; Park, Y. (2018). Differences in Growth Reading Patterns for at-Risk Spanish-Monolingual Children as a Function of a Tier 2 Intervention.\u00a0<i>The Spanish journal of psychology<\/i>,\u00a0<i>21<\/i>, E4. <a href=\"https:\/\/doi.org\/10.1017\/sjp.2018.3\" target=\"_blank\" rel=\"noopener\"><span class=\"s2\">https:\/\/doi.org\/10.1017\/sjp.2018.3<\/span><\/a><\/span><\/p>\n<p class=\"p2\"><span class=\"s1\"><b>De Las Cuevas, C<\/b>., Motuca, M., Baptista, T., &amp; de Leon, J. (2018). Skepticism and pharmacophobia toward medication may negatively impact adherence to psychiatric medications: a comparison among outpatient samples recruited in Spain, Argentina, and Venezuela.\u00a0<i>Patient preference and adherence<\/i>,\u00a0<i>12<\/i>, 301\u2013310. <a href=\"https:\/\/doi.org\/10.2147\/PPA.S158443\" target=\"_blank\" rel=\"noopener\"><span class=\"s2\">https:\/\/doi.org\/10.2147\/PPA.S158443<\/span><\/a><\/span><\/p>\n<p class=\"p2\"><span class=\"s1\"><b>De Las Cuevas, C<\/b>., <b>Pe\u00f1ate, W<\/b>., Manuel Garc\u00eda de Cecilia, J., &amp; de Leon, J. (2018). Predictive validity of the Sidorkiewicz instrument in Spanish: Assessing individual drug adherence in psychiatric patients.\u00a0<i>International journal of clinical and health psychology : IJCHP<\/i>,\u00a0<i>18<\/i>(2), 133\u2013142. https:\/\/doi.org\/10.1016\/j.ijchp.2017.11.003<\/span><\/p>\n<p class=\"p3\"><span class=\"s1\"><b>De Vega, M. &amp; Beltr\u00e1n, D.<\/b>\u00a0(2018). Reusing neural networks for deep comprehension. In K. Millis, D. Long, J. Magliano, and K. Weimer (Eds.),\u00a0<i>Deep learning: Multi-disciplinary approaches<\/i>. NY, NY: Routledge\/Taylor Francis.<\/span><\/p>\n<p class=\"p2\"><span class=\"s1\"><b>De Vega, M<\/b>., &amp; <b>Beltran, D<\/b>.(2018). Reusing neural networks for deep comprehension. In K.Millis, D.L.Long, J.P.Maglino &amp; K.Wiemer (eds.). <i>Deep comprehension<\/i>. NY:Routledge.<\/span><\/p>\n<p class=\"p2\"><span class=\"s1\">Delgado, N., Ari\u00f1o, E., Betancor, V &amp; <b>Rodr\u00edguez, A<\/b>. (2018). Intergroup trust and anxiety: The two sides of stigma towards people with Down syndrome [Confianza y ansiedad intergrupal: Los dos lados del estigma hacia las personas con s\u00edndrome de Down]. Anales de Psicolog\u00eda, 34 <a href=\"https:\/\/doi.org\/10.6018\/analesps.34.1.267311\" target=\"_blank\" rel=\"noopener\"><span class=\"s2\">https:\/\/doi.org\/10.6018\/analesps.34.1.267311<\/span><\/a><\/span><\/p>\n<p class=\"p2\"><span class=\"s1\">D\u00edaz, M., Fabelo, N., Ferrer, I., &amp; <b>Mar\u00edn R.<\/b> (2018). \u201cLipid raft aging\u201d in the human frontal cortex during nonpathological aging: gender influences and potential implications in Alzheimer&#8217;s disease. <i>Neurobiology Aging<\/i>, <i>67<\/i>, 42-52. <a href=\"https:\/\/doi.org\/10.1016\/j.neurobiolaging.2018.02.022\" target=\"_blank\" rel=\"noopener\"><span class=\"s2\">https:\/\/doi.org\/10.1016\/j.neurobiolaging.2018.02.022<\/span><\/a><\/span><\/p>\n<p class=\"p2\"><span class=\"s1\">D\u00edaz,M., Scholz, L., Marrero-Alonso,J., Boto,A., Mar\u00edn,R., Lobo,F., Hern\u00e1ndez,D., Amesty, A.,Est\u00e9vez-Braun,A., Quinto-Alemany,D., Puertas-Aveda\u00f1o,R., &amp; Lahoz,F.(2018). Opto-chemical and laser properties of FLTX1, a novel fluorescent tamoxifen derivative, and its potential applications in breast cancer photodynamic chemotherapy. <i>Optical Materials<\/i>, <i>84<\/i>, 442-446. <a href=\"https:\/\/doi.org\/10.1016\/j.optmat.2018.04.055\" target=\"_blank\" rel=\"noopener\"><span class=\"s2\">https:\/\/doi.org\/10.1016\/j.optmat.2018.04.055<\/span><\/a><\/span><\/p>\n<p class=\"p2\"><span class=\"s1\">D\u00edez-\u00c1lamo, A. M., D\u00edez, E<b>., Alonso, M. \u00c1<\/b>., Vargas, C. A., &amp; <b>Fernandez, A<\/b>. (2018). Normative ratings for perceptual and motor attributes of 750 object concepts in Spanish.\u00a0<i>Behavior research methods<\/i>,\u00a0<i>50<\/i>(4), 1632\u20131644. <a href=\"https:\/\/doi.org\/10.3758\/s13428-017-0970-y\" target=\"_blank\" rel=\"noopener\"><span class=\"s2\">https:\/\/doi.org\/10.3758\/s13428-017-0970-y<\/span><\/a><\/span><\/p>\n<p class=\"p6\"><span class=\"s1\">Dimitriadis, S. I., L\u00f3pez, M. E., Bru\u00f1a, R., Cuesta, P., Marcos, A., Maest\u00fa, F., &amp; <b>Pereda, E. <\/b>(2018). How to Build a Functional Connectomic Biomarker for Mild Cognitive Impairment From Source Reconstructed MEG Resting-State Activity: The Combination of ROI Representation and Connectivity Estimator Matters.\u00a0<i>Frontiers in neuroscience<\/i>,\u00a0<i>12<\/i>, 306. <a href=\"https:\/\/doi.org\/10.3389\/fnins.2018.00306\" target=\"_blank\" rel=\"noopener\"><span class=\"s2\">https:\/\/doi.org\/10.3389\/fnins.2018.00306<\/span><\/a><\/span><\/p>\n<p class=\"p3\"><span class=\"s1\"><b>Dominguez A.<\/b>\u00a0Izura, C &amp; Medina, A (2018). Developmental and gender differences in the production of the past tense in Spanish children.\u00a0<i>The Spanish Journal of Psychology<\/i>. 21,<\/span><span class=\"s5\"> <a href=\"https:\/\/doi.org\/10.1017\/sjp.2018.15\" target=\"_blank\" rel=\"noopener\"><span class=\"s2\">https:\/\/doi.org\/10.1017\/sjp.2018.15<\/span><\/a><\/span><\/p>\n<p class=\"p2\"><span class=\"s1\"><b>Espino, O.,<\/b> &amp; Byrne, R. (2018). Thinking About the Opposite of What Is Said: Counterfactual Conditionals and Symbolic or Alternate Simulations of Negation.\u00a0<i>Cognitive science<\/i>,\u00a0<i>42<\/i>(8), 2459\u20132501. <a href=\"https:\/\/doi.org\/10.1111\/cogs.12677\" target=\"_blank\" rel=\"noopener\"><span class=\"s2\">https:\/\/doi.org\/10.1111\/cogs.12677<\/span><\/a><\/span><\/p>\n<p class=\"p2\"><span class=\"s1\"><b>Espino,O<\/b>., &amp; Ram\u00edrez,G.\u00a0(2018)\u00a0Effects of order of presentation on conditional reasoning,\u00a0Journal of Cognitive Psychology,\u00a030:8,\u00a0832-839,\u00a0<a href=\"http:\/\/doi.org\/10.1080\/20445911.2018.1541178\" target=\"_blank\" rel=\"noopener\"><span class=\"s2\">http:\/\/doi.org\/10.1080\/20445911.2018.1541178<\/span><\/a><\/span><\/p>\n<p class=\"p2\"><span class=\"s1\">Fumero, A., Marrero, R.J., Voltes, D., &amp; <b>Pe\u00f1ate, W.<\/b> (2018). Personal and social factors involved in internet addiction among adolescents: A meta-analysis. Computers in Human Behavior, 86, 387-400.<\/span><span class=\"s3\"> <a href=\"https:\/\/doi.org\/10.1016\/j.chb.2018.05.005\" target=\"_blank\" rel=\"noopener\"><span class=\"s2\">https:\/\/doi.org\/10.1016\/j.chb.2018.05.005<\/span><\/a><\/span><\/p>\n<p class=\"p2\"><span class=\"s1\">Gil de Zu\u00f1iga, H, Diehl, T., <b>&amp; Ard\u00e9vol-Abreu, A<\/b>.(2018). When Citizens and Journalists Interact on Twitter: Expectations of journalists\u2019 performance on social media and perceptions of media bias. Journalism Studies, 19, 227-246. <a href=\"https:\/\/doi.org\/10.1080\/1461670X.2016.1178593\" target=\"_blank\" rel=\"noopener\"><span class=\"s2\">https:\/\/doi.org\/10.1080\/1461670X.2016.1178593<\/span><\/a><\/span><\/p>\n<p class=\"p2\"><span class=\"s1\">Gil de Zu\u00f1iga, H., Diehl, T., &amp; <b>Ard\u00e8vol-Abreu, A<\/b>. (2018). Assessing Civic Participation around the World: How Evaluations of Journalists\u2019 Performance Leads to News Use and Civic Participation across 22 Countries. American Behavioral Scientist, <a href=\"https:\/\/doi.org\/10.1177%252F0002764218764239\" target=\"_blank\" rel=\"noopener\"><span class=\"s2\">https:\/\/doi.org\/10.1177%2F0002764218764239<\/span><\/a><\/span><\/p>\n<p class=\"p6\"><span class=\"s1\">Gonzalez-Marrero I, Hern\u00e1ndez-Abad LG, Casta\u00f1eyra-Ruiz L, Carmona-Calero EM, <b>Casta\u00f1eyra-Perdomo A<\/b>. (2018) Changes in the choroid plexuses and brain barriers associated with high blood pressure and ageing. <i>Neurologia<\/i>. 27:S0213-4853(18)30175. <a href=\"http:\/\/doi.org\/10.1016\/j.nrl.2018.06.001\" target=\"_blank\" rel=\"noopener\"><span class=\"s2\">http:\/\/doi.org\/10.1016\/j.nrl.2018.06.001<\/span><\/a><\/span><\/p>\n<p class=\"p7\"><span class=\"s6\"><b>Gonz\u00e1lez-Mora, J.L<\/b>., Hern\u00e1ndez-Mart\u00edn, E., Marcano, F., Salazar, P., Hern\u00e1ndez, S., &amp; Rodriguez, V.D. (2018).\u00a0<a href=\"https:\/\/www.journals.ke-i.org\/index.php\/mra\/article\/view\/1696\/1731\" target=\"_blank\" rel=\"noopener\"><span class=\"s7\">In vivo near infrared spectroscopy: a novel approach for simultaneously estimating molecules and hemodynamic parameters in the human and rat brain: a review<\/span><\/a>.\u00a0<i>Medical Research Archives<\/i>, 6, 1-20<\/span><\/p>\n<p class=\"p8\"><span class=\"s1\">Gonz\u00e1lez-P\u00e9rez, P.A.,\u00a0<b>Hern\u00e1ndez-Exp\u00f3sito, S<\/b>., P\u00e9rez, J., Ramirez, G., &amp;\u00a0<b>Dominguez, A<\/b>.(2018). Electrohphysiological correlates of Reading children with attention deficit hyperactivity disorder.\u00a0<\/span><span class=\"s8\">[Correlatos electrofisiol\u00f3gicos de la lectura en ni\u00f1os con trastorno por d\u00e9ficit de atenci\u00f3n\/hiperactividad]<\/span><span class=\"s1\"><i>Revista de Neurolog\u00eda<\/i>, 66, 175-181.<\/span><\/p>\n<p class=\"p2\"><span class=\"s1\">Hern\u00e1ndez, S.E., Barros-Loscertales, A., Xiao, Y., <b>Gonz\u00e1lez-Mora, J.L<\/b>., &amp; Rubia, K. (2018). Gray Matter and Functional Connectivity in Anterior Cingulate Cortex are Associated with the State of Mental Silence During Sahaja Yoga Meditation. <i>Neuroscience<\/i>, 371,395-406.<\/span><span class=\"s3\"> <a href=\"https:\/\/doi.org\/10.1016\/j.neuroscience.2017.12.017\" target=\"_blank\" rel=\"noopener\"><span class=\"s2\">https:\/\/doi.org\/10.1016\/j.neuroscience.2017.12.017<\/span><\/a><\/span><\/p>\n<p class=\"p2\"><span class=\"s1\">Hofmann, M. J., Biemann, C., Westbury, C., Murusidze, M., <b>Conrad, M.,<\/b> &amp; Jacobs, A. M. (2018). Simple Co-Occurrence Statistics Reproducibly Predict Association Ratings.\u00a0<i>Cognitive science<\/i>,\u00a0<i>42<\/i>(7), 2287\u20132312. <a href=\"https:\/\/doi.org\/10.1111\/cogs.12662\" target=\"_blank\" rel=\"noopener\"><span class=\"s2\">https:\/\/doi.org\/10.1111\/cogs.12662<\/span><\/a><\/span><\/p>\n<p class=\"p6\"><span class=\"s1\"><b>Janssen, N., Hern\u00e1ndez-Cabrera, J. A<\/b>., &amp; Foronda, L. E. (2018). Improving the signal detection accuracy of functional Magnetic Resonance Imaging.\u00a0<i>NeuroImage<\/i>,\u00a0<i>176<\/i>, 92\u2013109. <a href=\"https:\/\/doi.org\/10.1016\/j.neuroimage.2018.01.076\" target=\"_blank\" rel=\"noopener\"><span class=\"s2\">https:\/\/doi.org\/10.1016\/j.neuroimage.2018.01.076<\/span><\/a><\/span><\/p>\n<p class=\"p2\"><span class=\"s1\"><b>Jim\u00e9nez, J.E<\/b>., Jim\u00e9nez-Su\u00e1rez, Y.(2018). Are orthographic rules used by children with and without writing disabilities? \/ \u00bfUtilizan las reglas ortogr\u00e1ficas los ni\u00f1os con y sin dificultades de aprendizaje en la escritura de palabras? <i>Estudios de Psicolog\u00eda<\/i>, 81-103. <a href=\"https:\/\/doi.org\/10.1080\/02109395.2017.1412706\" target=\"_blank\" rel=\"noopener\"><span class=\"s2\">https:\/\/doi.org\/10.1080\/02109395.2017.1412706<\/span><\/a><\/span><\/p>\n<p class=\"p2\"><span class=\"s1\">Machado, A., <b>Barroso, J<\/b>., Molina, Y., Nieto, A., D\u00edaz-Flores, L., Westman, E., &amp; Ferreira, D. (2018). Proposal for a hierarchical, multidimensional, and multivariate approach to investigate cognitive aging.\u00a0<i>Neurobiology of aging<\/i>,\u00a0<i>71<\/i>, 179\u2013188. <a href=\"https:\/\/doi.org\/10.1016\/j.neurobiolaging.2018.07.017\" target=\"_blank\" rel=\"noopener\"><span class=\"s2\">https:\/\/doi.org\/10.1016\/j.neurobiolaging.2018.07.017<\/span><\/a><\/span><\/p>\n<p class=\"p2\"><span class=\"s1\"><b>Marin, R<\/b>., &amp; Diaz, M. (2018). Estrogen Interactions With Lipid Rafts Related to Neuroprotection. Impact of Brain Ageing and Menopause.\u00a0<i>Frontiers in neuroscience<\/i>,\u00a0<i>12<\/i>, 128. <a href=\"https:\/\/doi.org\/10.3389\/fnins.2018.00128\" target=\"_blank\" rel=\"noopener\"><span class=\"s2\">https:\/\/doi.org\/10.3389\/fnins.2018.00128<\/span><\/a><\/span><\/p>\n<p class=\"p2\"><span class=\"s1\">P. Salazar, M. Mart\u00edn, R. Ford, R.D. O\u2019Neill, J.L. &amp; <b>Gonz\u00e1lez-Mora,J.L<\/b>. (2018). Neurotransmitter Microsensors for Neuroscience, <i>Encyclopedia of Interfacial Chemistry<\/i>, 379-381.<\/span><span class=\"s3\"> <a href=\"https:\/\/doi.org\/10.1016\/B978-0-12-409547-2.13917-4\" target=\"_blank\" rel=\"noopener\"><span class=\"s2\">https:\/\/doi.org\/10.1016\/B978-0-12-409547-2.13917-4<\/span><\/a><\/span><\/p>\n<p class=\"p2\"><span class=\"s1\">P. Salazar, R.D. O\u2019Neill, R. Ford, M. Mart\u00edn, J.L. <b>Gonz\u00e1lez-Mora, J.L<\/b>. (2018). Electrochemical Microbiosensors for Neurotransmitter. Encyclopedia of Interfacial Chemistry, 173-181.<\/span><span class=\"s3\"> <a href=\"https:\/\/doi.org\/10.1016\/B978-0-12-409547-2.14275-1\" target=\"_blank\" rel=\"noopener\"><span class=\"s2\">https:\/\/doi.org\/10.1016\/B978-0-12-409547-2.14275-1<\/span><\/a><\/span><\/p>\n<p class=\"p2\"><span class=\"s1\">Padilla-Buritic\u00e1 J.I., Torres H.F., <b>Pereda E<\/b>., Correa A., Castellanos-Dom\u00ednguez G. (2018) Influence of Time-Series Extraction on Binge Drinking Interpretability Using Functional Connectivity Analysis. In: Wang S. et al. (eds) Brain Informatics. BI 2018<i>. Lecture Notes in Computer Science<\/i>, vol 11309. Springer, Cham. <a href=\"https:\/\/doi.org\/10.1007\/978-3-030-05587-5_18\" target=\"_blank\" rel=\"noopener\"><span class=\"s2\">https:\/\/doi.org\/10.1007\/978-3-030-05587-5_18<\/span><\/a><\/span><\/p>\n<p class=\"p6\"><span class=\"s1\">Paracampo, R., Montemurro, M., <b>de Vega, M<\/b>., &amp; <b>Avenanti, A<\/b>. (2018). Primary motor cortex crucial for action prediction: A tDCS study.\u00a0<i>Cortex; a journal devoted to the study of the nervous system and behavior<\/i>,\u00a0<i>109<\/i>, 287\u2013302. <a href=\"https:\/\/doi.org\/10.1016\/j.cortex.2018.09\" target=\"_blank\" rel=\"noopener\"><span class=\"s2\">https:\/\/doi.org\/10.1016\/j.cortex.2018.09<\/span><\/a>.<\/span><\/p>\n<p class=\"p2\"><span class=\"s1\"><b>Pereda, E<\/b>., Garc\u00eda-Torres, M., Meli\u00e1n-Batista, B., Ma\u00f1as, S., M\u00e9ndez, L., &amp; Gonz\u00e1lez, J. J. (2018). The blessing of Dimensionality: Feature Selection outperforms functional connectivity-based feature transformation to classify ADHD subjects from EEG patterns of phase synchronisation.\u00a0<i>PloS one<\/i>,\u00a0<i>13<\/i>(8), e0201660. <a href=\"https:\/\/doi.org\/10.1371\/journal.pone.0201660\" target=\"_blank\" rel=\"noopener\"><span class=\"s2\">https:\/\/doi.org\/10.1371\/journal.pone.0201660<\/span><\/a><\/span><\/p>\n<p class=\"p2\"><span class=\"s1\"><b>Plata-Bello, J<\/b>., P\u00e9rez-Mart\u00edn, Y., Casta\u00f1\u00f3n-P\u00e9rez, A., Modro\u00f1o, C., Hern\u00e1ndez-Mart\u00edn, E., Gonz\u00e1lez-Platas, M., Marcano, F., &amp; <b>Gonz\u00e1lez-Mora, J.<\/b> L. (2018). The relationship between amplitude of low frequency fluctuations and gray matter volume of the mirror neuron system: Differences between low disability multiple sclerosis patients and healthy controls.\u00a0<i>IBRO reports<\/i>,\u00a0<i>5<\/i>, 60\u201366. <a href=\"https:\/\/doi.org\/10.1016\/j.ibror.2018.09.002\" target=\"_blank\" rel=\"noopener\"><span class=\"s2\">https:\/\/doi.org\/10.1016\/j.ibror.2018.09.002<\/span><\/a><\/span><\/p>\n<p class=\"p2\"><span class=\"s1\">Qui\u00f1ones, I., Molinaro, N., Mancini, S., <b>Hern\u00e1ndez-Cabrera, J.A., Barber, H<\/b>., &amp; Carreiras, M. (2018).Tracing the interplay between syntactic and lexical features: fMRI evidence from agreement comprehension. <i>Neuroimage<\/i>, 175, 259-271.<\/span><span class=\"s3\"> <a href=\"https:\/\/doi.org\/10.1016\/j.neuroimage.2018.03.069\" target=\"_blank\" rel=\"noopener\"><span class=\"s2\">https:\/\/doi.org\/10.1016\/j.neuroimage.2018.03.069<\/span><\/a><\/span><\/p>\n<p class=\"p3\"><span class=\"s1\"><b>Rodrigo, M.J., Padr\u00f3n, I., De Vega., M., &amp; Ferstl, E<\/b>.(2018). Neural substrates of counterfactual emotions after risky decisions in late adolescents and young adults.\u00a0<i>Journal of Research on adolescence<\/i>, 28, 70-86.<\/span><span class=\"s5\"> <a href=\"https:\/\/doi.org\/10.1111\/jora.12342\" target=\"_blank\" rel=\"noopener\"><span class=\"s2\">https:\/\/doi.org\/10.1111\/jora.12342<\/span><\/a><\/span><\/p>\n<p class=\"p2\"><span class=\"s1\">Rodr\u00edguez-Rojo IC, Cuesta P, L\u00f3pez ME, de Frutos-Lucas J, Bru\u00f1a R, <b>Pereda E<\/b>, Barabash A, Montejo P, Montenegro-Pe\u00f1a M, Marcos A, L\u00f3pez-Higes R, Fern\u00e1ndez A, Maest\u00fa F.\u00a0<i>BDNF<\/i>\u00a0Val66Met Polymorphism and Gamma Band Disruption in Resting State Brain Functional Connectivity: A Magnetoencephalography Study in Cognitively Intact Older Females. <i>Front Neurosc<\/i>i. 2;12:684. <a href=\"https:\/\/doi.org\/10.3389\/fnins.2018.00684\" target=\"_blank\" rel=\"noopener\"><span class=\"s2\">https:\/\/doi.org\/10.3389\/fnins.2018.00684<\/span><\/a><\/span><\/p>\n<p class=\"p2\"><span class=\"s1\"><b>Santana, L.E.,<\/b> Alonso, E., &amp; Garc\u00eda, F.(2018). Career paths and employability competencies of young national and immigrant people at risk of social exclusion [Trayectorias laborales y competencias de empleabilidad de j\u00f3venes nacionales e inmigrantes en riesgo de exclusi\u00f3n social] Revista Complutense de Educaci\u00f3n, 2, 355-369. <a href=\"http:\/\/doi.org\/10.5209\/RCED.52444\" target=\"_blank\" rel=\"noopener\"><span class=\"s2\">http:\/\/doi.org\/10.5209\/RCED.52444<\/span><\/a><\/span><\/p>\n<p class=\"p2\"><span class=\"s1\">Schmidtke, D., &amp; <b>Conrad, M<\/b>. (2018). Effects of affective phonological iconicity in online language processing: Evidence from a letter search task.\u00a0<i>Journal of experimental psychology. General<\/i>,\u00a0<i>147<\/i>(10), 1544\u20131552. <a href=\"https:\/\/doi.org\/10.1037\/xge0000499\" target=\"_blank\" rel=\"noopener\"><span class=\"s2\">https:\/\/doi.org\/10.1037\/xge0000499<\/span><\/a><\/span><\/p>\n<p class=\"p2\"><span class=\"s1\">Siyanova-Chanturia, A., &amp; <b>Janssen, N<\/b>. (2018). Production of familiar phrases: Frequency effects in native speakers and second language learners.\u00a0<i>Journal of experimental psychology. Learning, memory, and cognition<\/i>,\u00a0<i>44<\/i>(12), 2009\u20132018. https:\/\/doi.org\/10.1037\/xlm0000562<\/span><\/p>\n<p class=\"p2\"><span class=\"s1\">Su\u00e1rez, N., S\u00e1nchez, C. R., <b>Jim\u00e9nez, J. E<\/b>., &amp; Anguera, M. T. (2018). Is Reading Instruction Evidence-Based? Analyzing Teaching Practices Using T-Patterns.\u00a0<i>Frontiers in psychology<\/i>,\u00a0<i>9<\/i>, 7. <a href=\"https:\/\/doi.org\/10.3389\/fpsyg.2018.00007\" target=\"_blank\" rel=\"noopener\"><span class=\"s2\">https:\/\/doi.org\/10.3389\/fpsyg.2018.00007<\/span><\/a><\/span><\/p>\n<p class=\"p2\"><span class=\"s1\">Susi, G., Toro, L.A.., Canuet, L., L\u00f3pez, M.E., Maest\u00fa, F., Mirasso, C.R., &amp; <b>Pereda, E.<\/b> (2018). A neuro-inspired system for online learning and recognition of parallel spike trains, based on spike latency, and heterosynaptic STDP.<\/span><i> <\/i><span class=\"s10\"><i>Front. Neurosci.<\/i>\u00a012:780. <a href=\"https:\/\/doi.org\/10.3389\/fnins.2018.00780\" target=\"_blank\" rel=\"noopener\"><span class=\"s11\">https:\/\/doi.org\/10.3389\/fnins.2018.00780<\/span><\/a><\/span><\/p>\n<p class=\"p2\"><span class=\"s1\">Wojcik, D. Z., D\u00edez, E., <b>Alonso, M. A<\/b>., Mart\u00edn-Cilleros, M. V., Guisuraga-Fern\u00e1ndez, Z., Fern\u00e1ndez, M., Matilla, L., Mag\u00e1n-Maganto, M., D\u00edez-\u00c1lamo, A. M., Canal-Bedia, R., &amp; <b>Fernandez, A<\/b>. (2018). Diminished false memory in adults with autism spectrum disorder: Evidence of identify-to-reject mechanism impairment.\u00a0<i>Research in Autism Spectrum Disorders, 45,<\/i>\u00a051\u201357.\u00a0<a href=\"https:\/\/psycnet.apa.org\/doi\/10.1016\/j.rasd.2017.11.001\" target=\"_blank\" rel=\"noopener\"><span class=\"s2\">https:\/\/doi.org\/10.1016\/j.rasd.2017.11.001<\/span><\/a><\/span><\/p>\n<p>[\/vc_column_text][vc_empty_space height=\u00bb20px\u00bb][\/vc_tta_section][vc_tta_section title=\u00bb2017&#8243; tab_id=\u00bb2017&#8243;][vc_empty_space height=\u00bb20px\u00bb][vc_column_text css=\u00bb.vc_custom_1610456850735{padding-right: 3% !important;padding-left: 3% !important;}\u00bb]<\/p>\n<p class=\"p2\"><span class=\"s1\"><b>Acosta, V.<\/b>, Ram\u00edrez, G. M., &amp; <b>Hern\u00e1ndez, S<\/b>. (2017). Executive functions and language in children with different subtypes of specific language impairment. Funciones ejecutivas y lenguaje en subtipos de ni\u00f1os con trastorno espec\u00edfico del lenguaje.\u00a0<i>Neurologia (Barcelona, Spain)<\/i>,\u00a0<i>32<\/i>(6), 355\u2013362. <a href=\"https:\/\/doi.org\/10.1016\/j.nrl.2015.12.018\" target=\"_blank\" rel=\"noopener\"><span class=\"s2\">https:\/\/doi.org\/10.1016\/j.nrl.2015.12.018<\/span><\/a><\/span><\/p>\n<p class=\"p2\"><span class=\"s1\"><b>Alegre, O.M<\/b>. (2017) (Ed.)\u00a0Research on University Teaching and Faculty Development. International Perspectives.\u00a0\u00a0New York: Nova Science Publishers.\u00a0\u00a0ISBN: 978-53610-884-2<\/span><\/p>\n<p class=\"p2\"><span class=\"s1\"><b>Alegre, O.M.<\/b>\u00a0y Guijarro, A. (2017). Family structure and functioning according to a group of mothers with children diagnosed with c\u00e1ncer.\u00a0HFSP Journal,\u00a010(11), 2-23.<\/span><\/p>\n<p class=\"p2\"><span class=\"s1\"><b>Alegre, O.M.<\/b>\u00a0y Villar, L.M. (2017). Indicadores y control estad\u00edstico para el seguimiento y evaluaci\u00f3n de preferencias de aprendizaje de estudiantes universitarios. RED.\u00a0Revista de Educaci\u00f3n a Distancia, 55, 1-21. doi:\u00a0<a href=\"http:\/\/dx.doi.org\/10.6018\/red\/55\/2\" target=\"_blank\" rel=\"noopener\"><span class=\"s2\">http:\/\/dx.doi.org\/10.6018\/red\/55\/2<\/span><\/a><\/span><\/p>\n<p class=\"p2\"><span class=\"s1\"><b>\u00c1lvarez, C.J<\/b>., Garc\u00eda-Saavedra, G., Luque, J.L., &amp; Taft, M. (2017). Syllabic parsing in children: a developmental study using visual word-spotting in Spanish.<i>\u00a0Journal of Child Language, 44, 380-401 <span class=\"Apple-converted-space\">\u00a0 \u00a0<\/span><\/i><\/span><\/p>\n<p class=\"p2\"><span class=\"s1\"><b>\u00c1lvarez, C.J<\/b>., Taft, M., &amp; <b>Hern\u00e1ndez-Cabrera, J.A<\/b>. (2017). Syllabic Strategy as Opposed to Coda Optimization in the Segmentation of Spanish Letter-Strings Using Word Spotting.\u00a0<i>Scientific Studies of Reading<\/i>, 21(2), 99-108. <a href=\"http:\/\/doi.org\/10.1080\/10888438.2016.1254220\" target=\"_blank\" rel=\"noopener\"><span class=\"s2\">http:\/\/doi.org\/10.1080\/10888438.2016.1254220<\/span><\/a><\/span><\/p>\n<p class=\"p2\"><span class=\"s1\">\u00c1lvarez, M.,\u00a0<b>Rodrigo, MJ.<\/b>\u00a0y Rodr\u00edguez, G. (2017). Predictores de una interacci\u00f3n eficaz entre madre e hijo\/a en contextos de riesgo psicosocial. Universitas Psychologica., 16(1) 1-10.<\/span><span class=\"s4\"> <a href=\"https:\/\/revistas.javeriana.edu.co\/index.php\/revPsycho\/article\/view\/5985\/14897\" target=\"_blank\" rel=\"noopener\"><span class=\"s2\">https:\/\/revistas.javeriana.edu.co\/index.php\/revPsycho\/article\/view\/5985\/14897<\/span><\/a><\/span><\/p>\n<p class=\"p2\"><span class=\"s1\"><b>Ard\u00e8vol-Abreu A<\/b>.,\u00a0Barnidge M.,\u00a0de Zuniga H.G.<\/span><span class=\"s5\"> (2017). <\/span><span class=\"s1\">Communicative Antecedents of Political Persuasion: Political Discussion, Citizen News Creation, and the Moderating Role of Strength of Partisanship<\/span><i> <\/i><span class=\"s1\"><i>Mass Communication and Society<\/i>, 20, 169-191. <a href=\"https:\/\/doi.org\/10.1080\/15205436.2016.1244855\" target=\"_blank\" rel=\"noopener\"><span class=\"s2\">https:\/\/doi.org\/10.1080\/15205436.2016.1244855<\/span><\/a><\/span><\/p>\n<p class=\"p2\"><span class=\"s1\"><b>Ard\u00e8vol-Abreu, A<\/b>., &amp; Gil De Z\u00fa\u00f1iga, H.\u00a0(2017).\u00a0Effects of Editorial Media Bias Perception and Media Trust on the Use of Traditional, Citizen, and Social Media News.\u00a0<i>Journalism and Mass Communication Quarterly<\/i>,\u00a0<i>94<\/i>(3), 703-724.\u00a0<a href=\"https:\/\/doi.org\/10.1177\/1077699016654684\" target=\"_blank\" rel=\"noopener\"><span class=\"s2\">https:\/\/doi.org\/10.1177\/1077699016654684<\/span><\/a><\/span><\/p>\n<p class=\"p2\"><span class=\"s1\">Axpe,A., <b>Acosta,V<\/b>., Moreno,A., &amp; Ram\u00edrez,G.\u00a0(2017)\u00a0Application of a lexical-semantic intervention programme for students with Specific Language Impairment \/\u00a0<i>Aplicaci\u00f3n de un programa de intervenci\u00f3n l\u00e9xico-sem\u00e1ntica en alumnado con Trastorno Espec\u00edfico del Lenguaje<\/i>,\u00a0Culture and Education,\u00a029:2,\u00a0324-349,\u00a0<a href=\"http:\/\/doi.org\/10.1080\/11356405.2017.1305073\" target=\"_blank\" rel=\"noopener\"><span class=\"s2\">http:\/\/doi.org\/10.1080\/11356405.2017.1305073<\/span><\/a><\/span><\/p>\n<p class=\"p2\"><span class=\"s1\">Baumeister JC, Foroni F, <b>Conrad M<\/b>, Rumiati RI and Winkielman P (2017) Embodiment and Emotional Memory in First vs. Second Language.\u00a0<i>Front. Psychol.<\/i>\u00a08:394. <a href=\"http:\/\/doi.org\/10.3389\/fpsyg.2017.00394\" target=\"_blank\" rel=\"noopener\"><span class=\"s2\">http:\/\/doi.org\/10.3389\/fpsyg.2017.00394<\/span><\/a><\/span><\/p>\n<p class=\"p2\"><span class=\"s1\"><b>Calvo, M. G.,<\/b>\u00a0\u00c1lvarez-Plaza, P., &amp;\u00a0<b>Fern\u00e1ndez-Mart\u00edn, A.<\/b>\u00a0(2017). The contribution of facial regions to judgments of happiness and trustworthiness from dynamic expressions\u00a0<i>Journal of Cognitive Psychology<\/i>,\u00a0<i>29<\/i>, 618-625.<\/span><\/p>\n<p class=\"p2\"><span class=\"s1\">Caffarra, S., <b>Barber, H.,<\/b> Molinaro, N., &amp; Carreiras, M. (2017). When the end matters: influence of gender cues during agreement computation in bilinguals.\u00a0<i>Language, Cognition and Neuroscience<\/i>, 32(9), 1069-1085. <a href=\"http:\/\/doi.org\/10.1080\/23273798.2017.1283426\" target=\"_blank\" rel=\"noopener\"><span class=\"s2\">http:\/\/doi.org\/10.1080\/23273798.2017.1283426<\/span><\/a><\/span><\/p>\n<p class=\"p2\"><span class=\"s1\"><b>Capafons, J.I<\/b>., Darias, O., Prieto, P<b>., Sosa, C.D<\/b>., &amp; Hern\u00e1ndez, G.L. (2017). Perceived stress and positive and negative emotions in parents of preterm babies. Ansiedad y Estress, 23, 27-31.<\/span><\/p>\n<p class=\"p2\"><span class=\"s1\"><b>Conrad, M.,<\/b> &amp; von Scheve, C. (2017)The Good, the Bad, and the Male: Men, But Not Women, Avoid Own-Gender Stereotypical Judgments of Affective Valence.\u00a0<i>Gend. Issues<\/i>\u00a034<b>,\u00a0<\/b>223\u2013239. <a href=\"https:\/\/doi.org\/10.1007\/s12147-016-9177-2\" target=\"_blank\" rel=\"noopener\"><span class=\"s2\">https:\/\/doi.org\/10.1007\/s12147-016-9177-2<\/span><\/a><\/span><\/p>\n<p class=\"p2\"><span class=\"s1\"><b>De Las Cuevas C., Pe\u00f1ate, W<\/b>., &amp; Cabrera, C.(2017). Perceived Health Control: A Promising Step Forward in Our Understanding of Treatment Adherence in Psychiatric Care. The Journal of Clinical Psychiatry, 77, 1233-1239. <a href=\"https:\/\/doi.org\/10.4088\/JCP.15m09769\" target=\"_blank\" rel=\"noopener\"><span class=\"s2\">https:\/\/doi.org\/10.4088\/JCP.15m09769<\/span><\/a><\/span><\/p>\n<p class=\"p2\"><span class=\"s1\"><b>De Las Cuevas C<\/b>., &amp; De Leon J.(2017). Reviving Research on Medication Attitudes for Improving Pharmacotherapy: Focusing on Adherence. Psychotherapy and Psychosomatics,86, 73-79.<\/span><span class=\"s4\"> <a href=\"https:\/\/doi.org\/10.1159\/000450830\" target=\"_blank\" rel=\"noopener\"><span class=\"s2\">https:\/\/doi.org\/10.1159\/000450830<\/span><\/a><\/span><\/p>\n<p class=\"p2\"><span class=\"s1\"><b>De las Cuevas, C<\/b>., de Le\u00f3n, J.,\u00a0<b>Pe\u00f1ate, W., &amp;<\/b>\u00a0Betancort, M. (2017). Factors influencing adherence to psychopharmacological medications in psychiatric patients: a structural equation modeling approach.\u00a0<i>Patient preference and adherence<\/i>. 11, 681 \u2013 890.<\/span><\/p>\n<p class=\"p2\"><span class=\"s1\">De Leon, Jose MD., <b>De las Cuevas, C<\/b>.(2017) The Art of Pharmacotherapy, Journal of Clinical Psychopharmacology, 37, 131-137. <\/span><span class=\"s3\">Http:\/\/doi.org\/10.1097\/JCP.0000000000000675<\/span><\/p>\n<p class=\"p2\"><span class=\"s1\"><b>De Vega, M.<\/b>\u00a0(2017). Beyond the body and external representations \u2026 the brain. <i>Infancia y Aprendizaje<\/i>. <i>40<\/i>,<span class=\"Apple-converted-space\">\u00a0 <\/span>1 \u2013 12.<\/span><span class=\"s4\"> <a href=\"https:\/\/doi.org\/10.1080\/02103702.2017.1373935\" target=\"_blank\" rel=\"noopener\"><span class=\"s2\">https:\/\/doi.org\/10.1080\/02103702.2017.1373935<\/span><\/a><\/span><\/p>\n<p class=\"p2\"><span class=\"s1\">D\u00edez, E., G\u00f3mez-Ariza, C., D\u00edez, A. M.,\u00a0<b>Alonso, M. A.,<\/b>\u00a0&amp; Fernandez, A. (2017). Dissociating Semantic from Associative Processes in False Recognition by Transcranial Direct Current Stimulation (tDCS) of the Left Anterior Temporal \u00a0\u00a0\u00a0 Lobe.\u00a0<i>Cortex, 93<\/i>, 133-145.\u00a0<a href=\"https:\/\/doi.org\/10.1016\/j.cortex.2017.05.004\" target=\"_blank\" rel=\"noopener\"><span class=\"s2\">https:\/\/doi.org\/10.1016\/j.cortex.2017.05.004<\/span><\/a><\/span><\/p>\n<p class=\"p2\"><span class=\"s1\">D\u00edez-\u00c1lamo, A. M., D\u00edez, E.,\u00a0<b>Alonso, M. A.,\u00a0<\/b>Vargas, A., &amp; Fernandez, A. (2017). Normative ratings for perceptual and motor attributes of 750 object concepts in Spanish.\u00a0<i>Behavior Research Methods<\/i>. <a href=\"http:\/\/doi.org\/10.3758\/s13428-017-0970-y\" target=\"_blank\" rel=\"noopener\"><span class=\"s2\">http:\/\/doi.org\/10.3758\/s13428-017-0970-y<\/span><\/a><\/span><\/p>\n<p class=\"p2\"><span class=\"s1\"><b>Espino, O.,<\/b>\u00a0Morales,T., &amp; Bola\u00f1os-Medina,A. (2017).\u00a0Directional effect in double conditionals with a construction task: The semantic hypothesis.\u00a0<i>Acta Psychologica,\u00a0Volume 179,<\/i>\u00a0pages 96-103<\/span><\/p>\n<p class=\"p2\"><span class=\"s1\">Fern\u00e1ndez-Mart\u00edn, A., &amp; Guti\u00e9rrez-Garc\u00eda, A.,\u00a0<b>Capafons, J., &amp; Calvo, M. G.<\/b>\u00a0(2017). Adaptive attunement of selective covert attention to evolutionary-relevant emotional visual scenes.\u00a0<i>Consciousness and Cognition<\/i>,\u00a0<i>51<\/i>, 223-235.<\/span><\/p>\n<p class=\"p2\"><span class=\"s1\">Fern\u00e1ndez-Mart\u00edn, A., \u00c1lvarez-Plaza, P., Carqu\u00e9, L., &amp;\u00a0<b>Calvo, M. G<\/b>. (2017). Trustworthiness of a smile as a function of changes in the eye expression.\u00a0<i>Psicothema<\/i>, 29, 462-468.<\/span><\/p>\n<p class=\"p2\"><span class=\"s1\">Ferreira, D., Hansson, O., <b>Barroso, J<\/b>., Molina, Y., Machado, A., <b>Hern\u00e1ndez-Cabrera, J.A.<\/b>, Muehlboeck, J.S., Stomrud, E., N\u00e4gga, K., Lindberg, O., Ames, D., Kalpouzos, G., Fratiglioni, L., B\u00e4ckman, L., Graff, C., Mecocci, P., Vellas, B., Tsolaki, M., K\u0142oszewska, I., Soininen, H., Lovestone, S., Ahlstr\u00f6m, H., Lind, L., Larsson, E.M., Wahlund, L.O., Simmons, A., &amp; Westman, E. (2017). The interactive effect of demographic and clinical factors on hippocampal volume: A multicohort study on 1958 cognitively normal individuals.\u00a0<i>Hippocampus<\/i>, 27(6), 653-667. <a href=\"http:\/\/doi.org\/10.1002\/hipo.22721\" target=\"_blank\" rel=\"noopener\"><span class=\"s2\">http:\/\/doi.org\/10.1002\/hipo.22721<\/span><\/a><\/span><\/p>\n<p class=\"p2\"><span class=\"s1\">Ferreira, D., Verhagen, C., Hern\u00e1ndez-Cabrera, J.A., Cavallin, L., Guo, C.J., Ekman, U., Muehlboeck, J.S., Simmons, A., Barroso, J., Wahlund, L.O., &amp; Westman, E. (2017). Distinct subtypes of Alzheimer&#8217;s disease based on patterns of brain atrophy: Longitudinal trajectories and clinical applications.\u00a0<i>Scientific Reports<\/i>, 7. <a href=\"http:\/\/doi.org\/10.1038\/srep46263\" target=\"_blank\" rel=\"noopener\"><span class=\"s2\">http:\/\/doi.org\/10.1038\/srep46263<\/span><\/a><\/span><\/p>\n<p class=\"p2\"><span class=\"s1\">Ferreira, D; Machado, A; Molina, Y;\u00a0<b>Nieto, A<\/b>; Correia, R; Westman, E\u00b7;\u00a0<b>Barroso, J<\/b>\u00a0(2017). Cognitive Variability during Middle-Age: Possible Association with Neurodegeneration and Cognitive Reserve.\u00a0<i>Frontiers in Aging Neuroscience,<\/i>\u00a09, 188 doi:10.3389\/fnagi.2017.00188.<\/span><\/p>\n<p class=\"p2\"><span class=\"s1\">Fumero, A.,Rodr\u00edguez, M., Roa, A.,<b>Pe\u00f1ate, W<\/b>. (2017). Importancia diferencial de los componentes fundamentales de la esquizotipia: un metaan\u00e1lisis.\u00a0<i>Revista Latinoamericana de Psicolog\u00eda<\/i>. 49, 5 \u2013 18.<\/span><\/p>\n<p class=\"p2\"><span class=\"s1\">Galtier, I;\u00a0<b>Nieto, A;<\/b>\u00a0Lorenzo, JN,\u00a0\u00a0<b>Barroso, J<\/b>\u00a0(2017)\u00a0 Mild Cognitive Impairment in Parkinson\u2019s Disease: Clustering and Switching Analyses in Verbal Fluency Test.\u00a0<i>Journal of the International Neuropsychological Society<\/i>,\u00a0<i>23<\/i>, 1\u201310 <a href=\"http:\/\/doi.org\/10.1017\/S1355617717000297\" target=\"_blank\" rel=\"noopener\"><span class=\"s2\">http:\/\/doi.org\/10.1017\/S1355617717000297<\/span><\/a><\/span><\/p>\n<p class=\"p2\"><span class=\"s1\">Garc\u00e9s, P., L\u00f3pez-Sanz, D., Maest\u00fa, F., &amp; <b>Pereda, E<\/b>. (2017). Choice of Magnetometers and Gradiometers after Signal Space Separation.\u00a0<i>Sensors<\/i>,\u00a0<i>17<\/i>(12), 2926. MDPI AG. Retrieved from <a href=\"http:\/\/dx.doi.org\/10.3390\/s17122926\" target=\"_blank\" rel=\"noopener\"><span class=\"s2\">http:\/\/dx.doi.org\/10.3390\/s17122926<\/span><\/a><\/span><\/p>\n<p class=\"p2\"><span class=\"s1\">Garcia Poole, Ch., Byrne, S.,\u00a0<b>&amp; Rodrigo, MJ<\/b>\u00a0(2017). Adolescent lifestyle profiles and personal and community competences. <i>European Journal of Developmental Psychology,<\/i> 1-17. <a href=\"https:\/\/doi.org\/10.1080\/17405629.2017.1316258\" target=\"_blank\" rel=\"noopener\"><span class=\"s2\">https:\/\/doi.org\/10.1080\/17405629.2017.1316258<\/span><\/a><\/span><\/p>\n<p class=\"p2\"><span class=\"s1\">Garc\u00eda-Prieto,J.,\u00a0Bajo,R.,&amp;<b>\u00a0Pereda,E.<\/b>\u00a0(2017). Efficient\u00a0computation\u00a0of\u00a0functional\u00a0brain\u00a0networks:\u00a0towards\u00a0real-time\u00a0functional\u00a0connectivity <i>Frontiers\u00a0in\u00a0Neuroinformatics<\/i>\u00a0<i>Mathematical\u00a0&amp;\u00a0Computational\u00a0Biology<\/i>. 11 pp:8 DOI:\u00a0<a href=\"https:\/\/doi.org\/10.3389\/fninf.2017.00008\" target=\"_blank\" rel=\"noopener\"><span class=\"s2\">10.3389\/fninf.2017.00008<\/span><\/a><\/span><\/p>\n<p class=\"p2\"><span class=\"s1\">Gil de Z\u00fa\u00f1iga,H., Diehl,T., &amp; <b>Ard\u00e9vol-Abreu,A.<\/b>\u00a0(2017)\u00a0Internal, External, and Government Political Efficacy: Effects on News Use, Discussion, and Political Participation,\u00a0<i>Journal of Broadcasting &amp; Electronic Media<\/i>,\u00a061:3,\u00a0574-596,\u00a0<a href=\"http:\/\/doi.org\/10.1080\/08838151.2017.1344672\" target=\"_blank\" rel=\"noopener\"><span class=\"s2\">http:\/\/doi.org\/10.1080\/08838151.2017.1344672<\/span><\/a><\/span><\/p>\n<p class=\"p2\"><span class=\"s1\">Gil de Z\u00fa\u00f1iga, H., Weeks, B. and <b>Ard\u00e8vol<\/b><\/span><span class=\"s6\"><b>\u2010<\/b><\/span><span class=\"s1\"><b>Abreu, A<\/b>. (2017), Effects of the News<\/span><span class=\"s6\">\u2010<\/span><span class=\"s1\">Finds<\/span><span class=\"s6\">\u2010<\/span><span class=\"s1\">Me Perception in Communication: Social Media Use Implications for News Seeking and Learning About Politics. J Comput<\/span><span class=\"s6\">\u2010<\/span><span class=\"s1\">Mediat Comm, 22: 105-123.\u00a0<a href=\"https:\/\/doi.org\/10.1111\/jcc4.12185\" target=\"_blank\" rel=\"noopener\"><span class=\"s2\">https:\/\/doi.org\/10.1111\/jcc4.12185<\/span><\/a><\/span><\/p>\n<p class=\"p2\"><span class=\"s1\"><b>Gonz\u00e1lez-Mora<\/b>,J.L.,Salazar,P., Mart\u00edn,M., &amp; Mas,M. Monitoring Extracellular Molecules in Neuroscience by In Vivo Electrochemistry: Methodological Considerations and Biological Applications. In Vivo Neuropharmacology and Neurophysiology, Neuromethods, Edited by Athineos Philippu (Eds, 10\/2017; \u00a9 Springer Science+Business Media New York., ISBN: 978-1-4939-6490-1, DOI:10.1007\/978-1-4939-6490-1_9<\/span><\/p>\n<p class=\"p2\"><span class=\"s1\">Guti\u00e9rrez-Garc\u00eda, A., &amp;\u00a0<b>Calvo, M. G.<\/b>\u00a0(2017). Social anxiety and threat-related interpretation of dynamic facial expressions: Sensitivity and response bias\u00a0<i>Personality and Individual Differences<\/i>, 107, 10-16.<\/span><\/p>\n<p class=\"p2\"><span class=\"s1\"><b>Hern\u00e1ndez, S.E<\/b>., Barros-Loscertales, A., Xiao, Y.,\u00a0<b>Gonz\u00e1lez-Mora, J.L<\/b>., &amp; Rubia, K. (2017). Grey matter and fuctional connectivity in anterior cingulate cortex is associated with the state of mental silence during Sahaja yoga meditation.\u00a0<i>Neuroscience<\/i>, 371, 395-406.<\/span><\/p>\n<p class=\"p2\"><span class=\"s1\">Hernandez-Martin,E., Marcano,F.,Casanova, O., Modro\u00f1o, C., <b>Plata-Bello, J<\/b>., &amp; <b>Gonz\u00e1lez-Mora,J.L.(<\/b>2017). Comparing diffuse optical tomography and functional magnetic resonance imaging signals during a cognitive task: pilot study, <i>Neurophoton. <\/i>4(1) 015003.<a href=\"https:\/\/doi.org\/10.1117\/1.NPh.4.1.015003\" target=\"_blank\" rel=\"noopener\"><span class=\"s2\">\u00a0https:\/\/doi.org\/10.1117\/1.NPh.4.1.015003<\/span><\/a><\/span><\/p>\n<p class=\"p2\"><span class=\"s1\">Hern\u00e1ndez-Rodr\u00edguez E, Sirumal E, P\u00e9rez-Lorensu PJ, P\u00e9rez-Burkhardt JL , <b>Barroso J<\/b>, &amp; Galtier I.(2017)<span class=\"Apple-converted-space\">\u00a0 <\/span>Elevada incidencia de deterioro cognitivo en pacientes con estenosis carot\u00eddea asintom\u00e1tica. Rev Neurol, 65, 241-248. <a href=\"https:\/\/doi.org\/10.33588\/rn.6506.2017062\" target=\"_blank\" rel=\"noopener\"><span class=\"s2\">https:\/\/doi.org\/10.33588\/rn.6506.2017062<\/span><\/a><\/span><\/p>\n<p class=\"p2\"><span class=\"s1\"><b>Jim\u00e9nez J.E<\/b>.,&amp; Gutierrez N.(2017).<\/span> <span class=\"s1\">Efectos y valoraci\u00f3n de un sistema de aprendizaje tutorial online en profesorado de las Islas Canarias para la instrucci\u00f3n temprana de las matem\u00e1ticas en poblaci\u00f3n de riesgo. <i>Psychology, Society and Education,<\/i> <a href=\"http:\/\/dx.doi.org\/10.25115\/psye.v9i1.463\" target=\"_blank\" rel=\"noopener\"><span class=\"s2\">http:\/\/dx.doi.org\/10.25115\/psye.v9i1.463<\/span><\/a><\/span><\/p>\n<p class=\"p2\"><span class=\"s1\"><b>Jim\u00e9nez J.E<\/b>., Marco I., Su\u00e1rez N., &amp; Gonz\u00e1lez D.(2017). Internal Structure and Development of Keyboard Skills in Spanish-Speaking Primary-School Children With and Without LD in Writing. Journal of Learning Disabilities,50, 522-533. <a href=\"https:\/\/doi.org\/10.1177%252F0022219416633864\" target=\"_blank\" rel=\"noopener\"><span class=\"s2\">https:\/\/doi.org\/10.1177%2F0022219416633864<\/span><\/a><\/span><\/p>\n<p class=\"p2\"><span class=\"s1\">Kepinska, O., <b>Pereda, E.,<\/b> Caspers, J., &amp; Schiller, N. O. (2017). Neural oscillatory mechanisms during novel grammar learning underlying language analytical abilities.\u00a0<i>Brain and Language, 175,<\/i>\u00a099\u2013110.\u00a0<a href=\"https:\/\/psycnet.apa.org\/doi\/10.1016\/j.bandl.2017.10.003\" target=\"_blank\" rel=\"noopener\"><span class=\"s2\">https:\/\/doi.org\/10.1016\/j.bandl.2017.10.003<\/span><\/a><\/span><\/p>\n<p class=\"p2\"><span class=\"s1\">Kepinska, K., &amp;<b>\u00a0Pereda, E.<\/b>. (2017). Functional associations at global brain level during perception of an auditory illusion by applying maximal information coefficient. Brain &amp; Language, 175 pp:99-110 DOI:<a href=\"https:\/\/doi.org\/10.1016\/j.bandl.2017.10.003\" target=\"_blank\" rel=\"noopener\"><span class=\"s2\">10.1016\/j.bandl.2017.10.003<\/span><\/a><\/span><\/p>\n<p class=\"p2\"><span class=\"s1\">L\u00f3pez, V.,<b>\u00a0Pereda<\/b>,E.,\u00a0Canals, A.,Matias,F., &amp;\u00a0Mirasso, C. (2017). On\u00a0the\u00a0role\u00a0of\u00a0the\u00a0entorhinal\u00a0cortex\u00a0in\u00a0the\u00a0effective\u00a0connectivity\u00a0of\u00a0the\u00a0hippocampal formation. Chaos, Vol:\u00a027 pp:\u00a0047401\u00a0DOI:\u00a0<a href=\"https:\/\/doi.org\/10.3389\/fninf.2017.00043\" target=\"_blank\" rel=\"noopener\"><span class=\"s2\">10.1063\/1.4979001<\/span><\/a><\/span><\/p>\n<p class=\"p2\"><span class=\"s1\">Lorenzo, M. \u00c1., <b>L\u00f3pez, M. J. R<\/b>., &amp; Su\u00e1rez, G. R. (2017). Predictores de una interacci\u00f3n eficaz entre madre e hijo\/a en contextos de riesgo psicosocial [Predictors of an efficient interaction between mother and child in psychosocial risk].\u00a0<i>Universitas Psychologica, 16<\/i>(1), 1\u201310.<\/span><\/p>\n<p class=\"p2\"><span class=\"s1\">Mancini, S., Qui\u00f1ones, I., Molinaro, N., <b>Hernandez-Cabrera, J.A<\/b>., &amp; Carreiras, M. (2017). Disentangling meaning in the brain: Left temporal\u00a0involvement in agreement processing.\u00a0<i>Cortex<\/i>, 86, 140-155. <a href=\"http:\/\/doi.org\/10.1016\/j.cortex.2016.11.008\" target=\"_blank\" rel=\"noopener\"><span class=\"s2\">http:\/\/doi.org\/10.1016\/j.cortex.2016.11.008<\/span><\/a><\/span><\/p>\n<p class=\"p2\"><span class=\"s1\"><b>Marin R<\/b>, Fabelo N, Mart\u00edn V, Garcia-Esparcia P, Ferrer I, Quinto-Alemany D, D\u00edaz M. Neurobiol Aging. 2016 Sep 6;49:52-59. <a href=\"http:\/\/doi.org\/10.1016\/j.neurobiolaging.2016.08.027\" target=\"_blank\" rel=\"noopener\"><span class=\"s2\">http:\/\/doi.org\/10.1016\/j.neurobiolaging.2016.08.027<\/span><\/a>.<\/span><\/p>\n<p class=\"p2\"><span class=\"s1\"><b>Marrero, H.<\/b>,\u00a0<b>G\u00e1mez, E., y Diaz, J.M<\/b>. Does people reason when they accept tricky offers: A case of approach and avoidance motivated reasoning.\u00a0<i>Journal of Economic Psychology<\/i>,\u00a0<i>57<\/i>, 26-38. Published online 2016.\u00a0<a href=\"http:\/\/dx.doi.org\/10.1016\/j.joep.2016.08.006%25202016\" target=\"_blank\" rel=\"noopener\"><span class=\"s2\">http:\/\/dx.doi.org\/10.1016\/j.joep.2016.08.006 2016<\/span><\/a><\/span><\/p>\n<p class=\"p2\"><span class=\"s1\"><b>Marrero, H.,<\/b>\u00a0<b>Urrutia, M<\/b>.,\u00a0<b>Beltr\u00e1n, D.,G\u00e1mez, E., &amp; D\u00edaz, J.M<\/b>. (2017). Understanding approach and avoidance in verbal descriptions of everyday actions: An ERP study.\u00a0<i>Cognitive, Affective and Behavioral Neuroscience<\/i>,\u00a0<i>17<\/i>, 612-624. <a href=\"http:\/\/doi.org\/10.3758\/s13415-017-0500-5\" target=\"_blank\" rel=\"noopener\"><span class=\"s2\">http:\/\/doi.org\/10.3758\/s13415-017-0500-5<\/span><\/a>.<\/span><\/p>\n<p class=\"p2\"><span class=\"s1\">Mart\u00edn M., Salazar P., \u00c1lvarez R., Palmero A., L\u00f3pez-Santos C., <b>Gonz\u00e1lez-Mora J.L.<\/b>, &amp; Gonz\u00e1lez-Elipe A.R.(2017). Cholesterol biosensing with a polydopamine-modified nanostructured platinum electrode prepared by oblique angle physical vacuum deposition, <i>Sensors and Actuators B: Chemical<\/i>,240, 37-45. <a href=\"https:\/\/doi.org\/10.1016\/j.snb.2016.08.092\" target=\"_blank\" rel=\"noopener\"><span class=\"s2\">https:\/\/doi.org\/10.1016\/j.snb.2016.08.092<\/span><\/a>.<\/span><\/p>\n<p class=\"p2\"><span class=\"s1\"><b>Morera, Y.,<\/b>\u00a0Le\u00f3n, J.A., Escudero, I. &amp;\u00a0<b>de Vega, M.<\/b>\u00a0(2017). Do Causal and Concessive Connectives Guide Emotional Expectancies in Comprehension? A Double-Task Paradigm Using Emotional Icons. Discourse Processes. 54, pp. 583 \u2013 598. <a href=\"http:\/\/doi.org\/10.1080\/0163853X.2015.1137445\" target=\"_blank\" rel=\"noopener\"><span class=\"s2\">http:\/\/doi.org\/10.1080\/0163853X.2015.1137445<\/span><\/a><\/span><\/p>\n<p class=\"p2\"><span class=\"s1\">Peake, C., <b>Jim\u00e9nez, J. E<\/b>., &amp; Rodr\u00edguez, C. (2017). Data-driven heterogeneity in mathematical learning disabilities based on the triple code model.\u00a0<i>Research in Developmental Disabilities, 71,<\/i>\u00a0130\u2013142.\u00a0<a href=\"https:\/\/psycnet.apa.org\/doi\/10.1016\/j.ridd.2017.10.005\" target=\"_blank\" rel=\"noopener\"><span class=\"s2\">https:\/\/doi.org\/10.1016\/j.ridd.2017.10.005<\/span><\/a><\/span><\/p>\n<p class=\"p2\"><span class=\"s1\"><b>Pe\u00f1ate W<\/b>., Fumero A., Vi\u00f1a C., Herrero M., Marrero R.J., &amp; Rivero F.(2017). A meta-analytic review of neuroimaging studies of specific phobia to small animals. European Journal of Psychiatry, 31, 23-36. <a href=\"https:\/\/doi.org\/10.1016\/j.ejpsy.2016.12.003\" target=\"_blank\" rel=\"noopener\"><span class=\"s2\">https:\/\/doi.org\/10.1016\/j.ejpsy.2016.12.003<\/span><\/a><\/span><\/p>\n<p class=\"p2\"><span class=\"s1\"><b>Pe\u00f1ate W<\/b>., Roca-S\u00e1nchez M.J., Pitti C.T., Villaverde M.L., Bethencourt J.M., \u00c1lvarez-P\u00e9rez Y., de la Fuente J., &amp; Gracia R.(2017). Efficacy of an internet-based psychological treatment for agoraphobia with minimal therapist contact.<i>Revista Iberoamericana de Psicologia y Salud,<\/i> 8, 85-89.<span class=\"Apple-converted-space\">\u00a0 <\/span><a href=\"https:\/\/doi.org\/10.23923\/j.rips.2017.08.008\" target=\"_blank\" rel=\"noopener\"><span class=\"s2\">https:\/\/doi.org\/10.23923\/j.rips.2017.08.008<\/span><\/a><\/span><\/p>\n<p class=\"p2\"><span class=\"s1\">Perestelo-Perez, L., Barraca, J., <b>Pe\u00f1ate, W<\/b>., Rivero-Santana, A., &amp; Alvarez-Perez, Y. (2017). Mindfulness-based interventions for the treatment of depressive rumination: Systematic review and meta-analysis.\u00a0<i>International Journal of Clinical and Health Psychology, 17<\/i>(3), 282\u2013295.\u00a0<a href=\"https:\/\/psycnet.apa.org\/doi\/10.1016\/j.ijchp.2017.07.004\" target=\"_blank\" rel=\"noopener\"><span class=\"s2\">https:\/\/doi.org\/10.1016\/j.ijchp.2017.07.004<\/span><\/a><\/span><\/p>\n<p class=\"p2\"><span class=\"s1\">P\u00e9rez, S., <b>Pe\u00f1ate, W.,<\/b> Bethencourt, J. M., &amp; Fumero, A. (2017). Verbal emotional disclosure of traumatic experiences in adolescents: The role of social risk factors.\u00a0<i>Frontiers in Psychology, 8,<\/i>\u00a0Article 372.\u00a0<a href=\"https:\/\/psycnet.apa.org\/doi\/10.3389\/fpsyg.2017.00372\" target=\"_blank\" rel=\"noopener\"><span class=\"s2\">https:\/\/doi.org\/10.3389\/fpsyg.2017.00372<\/span><\/a><\/span><\/p>\n<p class=\"p2\"><span class=\"s1\"><b>Plata-Bello, J<\/b>., Modro\u00f1o, C., Acosta-L\u00f3pez, S.\u00a0<i>et al.<\/i>\u00a0Subarachnoid hemorrhage and visuospatial and visuoperceptive impairment: disruption of the mirror neuron system.\u00a0<i>Brain Imaging and Behavior<\/i>\u00a0<b>11,\u00a0<\/b>1538\u20131547 (2017). <a href=\"https:\/\/doi.org\/10.1007\/s11682-016-9609-3\" target=\"_blank\" rel=\"noopener\"><span class=\"s2\">https:\/\/doi.org\/10.1007\/s11682-016-9609-3<\/span><\/a><\/span><\/p>\n<p class=\"p2\"><span class=\"s1\">P\u00e9rez-Mart\u00edn Y., Gonz\u00e1lez-Platas, M., Jim\u00e9nez-Sosa, A., <b>Plata-Bello, J.<\/b>, Carrillo-Padilla, J., Franco-Maside, A., &amp; Egu\u00eda-del R\u00edo, P.(2017). Can fibrinolytic system components explain cognitive impairment in multiple sclerosis? Journal of the Neurological Sciences, 382, 66-72. <a href=\"https:\/\/doi.org\/10.1016\/j.jns.2017.09.034\" target=\"_blank\" rel=\"noopener\"><span class=\"s2\">https:\/\/doi.org\/10.1016\/j.jns.2017.09.034<\/span><\/a>.<\/span><\/p>\n<p class=\"p2\"><span class=\"s1\"><b>Plata-Bello, J<\/b>., Modro\u00f1o, C., Hern\u00e1ndez-Mart\u00edn, E.,<\/span> <span class=\"s1\">Fari\u00f1a H., Casta\u00f1\u00f3n-P\u00e9rez A., Marcano F., &amp; Gonz\u00e1lez-Mora J.L. (2017)<i>.<\/i>\u00a0The mirror neuron system also rests.\u00a0<i>Brain Struct Funct<\/i>\u00a0222,<b>\u00a0<\/b>2193\u20132202 <a href=\"https:\/\/doi.org\/10.1007\/s00429-016-1335-5\" target=\"_blank\" rel=\"noopener\"><span class=\"s2\">https:\/\/doi.org\/10.1007\/s00429-016-1335-5<\/span><\/a><\/span><\/p>\n<p class=\"p2\"><span class=\"s1\"><b>Plata-Bello, J<\/b>., P\u00e9rez-Mart\u00edn, Y., Casta\u00f1\u00f3n-P\u00e9rez, A.,\u00a0Modro\u00f1o C., Fari\u00f1a H., Hern\u00e1ndez-Mart\u00edn E., Gonz\u00e1lez-Platas M., Marcano F., &amp;<span class=\"Apple-converted-space\">\u00a0 <\/span><b>Gonz\u00e1lez\u2013Mora J.L<\/b>.(2017)\u00a0The Mirror Neuron System in Relapsing Remitting Multiple Sclerosis Patients with Low Disability.\u00a0<i>Brain Topogr<\/i>\u00a030,<b>\u00a0<\/b>548\u2013559 <a href=\"https:\/\/doi.org\/10.1007\/s10548-017-0558-y\" target=\"_blank\" rel=\"noopener\"><span class=\"s2\">https:\/\/doi.org\/10.1007\/s10548-017-0558-y<\/span><\/a><\/span><\/p>\n<p class=\"p2\"><span class=\"s1\">Rivero,F., Herrero,M.,Vi\u00f1a,C., \u00c1lvarez P\u00e9rez,Y.,&amp;<b>\u00a0Pe\u00f1ate,W.<\/b>\u00a0(2017). Neuroimaging in cockroach phobia: An experimental. International Journal of Clinical and Health Psychology. 17, pp. 207 \u2013 215. <a href=\"https:\/\/psycnet.apa.org\/doi\/10.1016\/j.ijchp.2017.06.002\" target=\"_blank\" rel=\"noopener\"><span class=\"s2\">https:\/\/psycnet.apa.org\/doi\/10.1016\/j.ijchp.2017.06.002<\/span><\/a><\/span><\/p>\n<p class=\"p2\"><span class=\"s1\"><b>Rodrigo, M.J.,<\/b>\u00a0Byrne, S., y \u00c1lvarez, M. (2017). Interventions to Promote Positive Parenting in Spain. En M. Israelashvili y J. L. Romano (Eds), Cambridge Handbook of International Prevention Science. (pp 929-956). Cambridge, UK: Cambridge University Press.<\/span><\/p>\n<p class=\"p2\"><span class=\"s1\">Salazar, P., Mart\u00edn,M., Ford,R., O\u2019Neill,R.D.,<b>\u00a0Gonz\u00e1lez-Mora, J.L<\/b>.(2017) Neurotransmitter Microsensors for Neuroscience. Reference Module in Chemistry, Molecular Sciences and Chemical Engineering, <a href=\"http:\/\/doi.org\/10.1016\/B978-0-12-409547-2.13917-4\" target=\"_blank\" rel=\"noopener\"><span class=\"s2\">http:\/\/doi.org\/10.1016\/B978-0-12-409547-2.13917-4<\/span><\/a><\/span><\/p>\n<p class=\"p2\"><span class=\"s1\">Salazar,P., Mart\u00edn,M., O\u2019Neill,R.,<b>Gonz\u00e1lez-Mora,J.L.<\/b>\u00a0(2017). In Vivo Biosensor Based on Prussian Blue for Brain Chemistry Monitoring : Methodological Review and Biological Applications. In Vivo Neuropharmacology and Neurophysiology, Neuromethods, vol. 121, Edited by Athineos Philippou, , <a href=\"http:\/\/doi.org\/10.1007\/978-1-4939-6490-1_8\" target=\"_blank\" rel=\"noopener\"><span class=\"s2\">http:\/\/doi.org\/10.1007\/978-1-4939-6490-1_8<\/span><\/a><\/span><\/p>\n<p class=\"p2\"><span class=\"s1\">Salazar,P.,O\u2019Neill,R.D.,Ford,R.,Mart\u00edn,M.,<b>\u00a0<\/b>&amp;<b> Gonz\u00e1lez-Mora,J.L <\/b>(2017) Electrochemical Microbiosensors for Neurotransmitter Monitoring. Reference Module in Chemistry, Molecular Sciences and Chemical Engineering, 01\/2017; , <a href=\"http:\/\/doi.org\/10.1016\/B978-0-12-409547-2.14275-1\" target=\"_blank\" rel=\"noopener\"><span class=\"s2\">http:\/\/doi.org\/10.1016\/B978-0-12-409547-2.14275-1<\/span><\/a><\/span><\/p>\n<p class=\"p2\"><span class=\"s1\"><b>Santana-Vega<\/b>, Lidia E. &amp; Feliciano-Garc\u00eda, Luis (2017). What do secondary school pupils know about the European Union? Implications for learning. RELIEVE, 23(2), art. 6. doi: <a href=\"http:\/\/doi.org\/10.7203\/relieve.23.2.9572\" target=\"_blank\" rel=\"noopener\"><span class=\"s2\">http:\/\/doi.org\/10.7203\/relieve.23.2.9572<\/span><\/a><\/span><\/p>\n<p class=\"p2\"><span class=\"s1\">Silva, C., Cadime, I., Ribeiro, I., <b>Acosta, V.,<\/b> Lima, R., &amp; Viana, F. L. (2017). Communicative development of Portuguese infants aged between 8 and 15 months.\u00a0<i>Revista de Logopedia, Foniatr\u00eda y Audiolog\u00eda, 37<\/i>(3), 121\u2013129.\u00a0<a href=\"https:\/\/psycnet.apa.org\/doi\/10.1016\/j.rlfa.2016.12.001\" target=\"_blank\" rel=\"noopener\"><span class=\"s2\">https:\/\/doi.org\/10.1016\/j.rlfa.2016.12.001<\/span><\/a><\/span><\/p>\n<p class=\"p2\"><span class=\"s1\">Skrobot O.A., Love S., Kehoe P.G., O&#8217;Brien J., \u2026., <b>Barroso-Ribal<\/b> J., \u2026\u2026tern Y., Zarow C.. (2017). Progress toward standardized diagnosis of vascular cognitive impairment: Guidelines from the vascular impairment of cognition classification consensus study. <i>Alzheimer&#8217;s and Dementia<\/i>, 14, 280-292. <a href=\"https:\/\/doi.org\/10.1016\/j.jalz.2017.09.007\" target=\"_blank\" rel=\"noopener\"><span class=\"s2\">https:\/\/doi.org\/10.1016\/j.jalz.2017.09.007<\/span><\/a><\/span><\/p>\n<p class=\"p2\"><span class=\"s1\">Soriano,M., Niso,G.,Clements,J., Ort\u00edn,S.,Carrasco, S.,Gud\u00edn,M.,Mirasso,C.,<b>Pereda,E.<\/b>\u00a0(2017). Automated detection of epileptic biomarkers in resting-state interictal MEG data. <i>Frontiers\u00a0in\u00a0Neuroinformatics<\/i>, 11,43 .<a href=\"http:\/\/doi.org\/10.3389\/fninf.2017.00043\" target=\"_blank\" rel=\"noopener\"><span class=\"s2\">http:\/\/doi.org\/10.3389\/fninf.2017.00043<\/span><\/a><\/span><\/p>\n<p class=\"p2\"><span class=\"s1\">Ullrich, S., Aryani, A., Kraxenberger, M., Jacobs, A. M., &amp; Conrad, M. (2017). On the relation between the general affective meaning and the basic sublexical, lexical, and inter-lexical features of poetic texts\u2014A case study using 57 poems of H. M. Enzensberger.\u00a0<i>Frontiers in Psychology, 7,<\/i>\u00a0Article 2073. <a href=\"https:\/\/doi.org\/10.3389\/fnhum.2017.00622\" target=\"_blank\" rel=\"noopener\"><span class=\"s2\">https:\/\/doi.org\/10.3389\/fnhum.2017.00622<\/span><\/a><\/span><\/p>\n<p class=\"p2\"><span class=\"s1\">Weeks, B. E., <b>Ard\u00e8vol-Abreu, A.,<\/b> &amp; De Z\u00fa\u00f1iga, H. G.\u00a0(2017).\u00a0Online influence? Social media use, opinion leadership, and political persuasion.\u00a0<i>International Journal of Public Opinion Research<\/i>,\u00a0<i>29<\/i>(2), 214-239.\u00a0<a href=\"https:\/\/doi.org\/10.1093\/ijpor\/edv050\" target=\"_blank\" rel=\"noopener\"><span class=\"s2\">https:\/\/doi.org\/10.1093\/ijpor\/edv050<\/span><\/a><\/span><\/p>\n<p class=\"p2\"><span class=\"s1\">Wojcik, D.Z., Diez, E.,\u00a0<b>Alonso, M. A<\/b>., Mart\u00edn-Cilleros, V., Guisuraga-Fern\u00e1ndez, Z., Fern\u00e1ndez, M., Matilla, L. , Mag\u00e1n-Magnato, M., D\u00edez-\u00c1lamo, A. M., Canal-Bedia, R., &amp; Fern\u00e1ndez, A. (2017). Diminished false memory in adults with autism: Evidence of identify-to-reject mechanism impairment. Research in Autims Spectrum Disorders, 45, 51-57. <a href=\"https:\/\/doi.org\/10.1016\/j.rasd.2017.11.001\" target=\"_blank\" rel=\"noopener\"><span class=\"s2\">https:\/\/doi.org\/10.1016\/j.rasd.2017.11.001<\/span><\/a><\/span><\/p>\n<p>[\/vc_column_text][vc_empty_space height=\u00bb20px\u00bb][\/vc_tta_section][vc_tta_section title=\u00bb2016&#8243; tab_id=\u00bb2016&#8243;][vc_empty_space height=\u00bb20px\u00bb][vc_column_text css=\u00bb.vc_custom_1610456805428{padding-right: 3% !important;padding-left: 3% !important;}\u00bb]<\/p>\n<p class=\"p2\"><span class=\"s1\"><b>Acosta<\/b>, V. M., Ram\u00edrez, G. M., del Valle, N., &amp; de Castro, L. (2016). Intervention in reading processes in pupils with Specific Language Impairment (SLI).\u00a0<i>Psicothema, 28<\/i>(1), 40\u201346.<\/span><span class=\"s2\"> <a href=\"https:\/\/reunido.uniovi.es\/index.php\/PST\/article\/view\/11083\" target=\"_blank\" rel=\"noopener\"><span class=\"s3\">https:\/\/reunido.uniovi.es\/index.php\/PST\/article\/view\/11083<\/span><\/a><\/span><\/p>\n<p class=\"p2\"><span class=\"s1\"><b>Acosta, V<\/b>., Ram\u00edrez-Santana, G., &amp; <b>Hern\u00e1ndez, S<\/b>. (2016). Intervention in fluency problems in pupils with Specific Language Impairment (SLI).\u00a0<i>Infancia y Aprendizaje: Journal for the Study of Education and Development, 39<\/i>(3), 466\u2013498.\u00a0<a href=\"https:\/\/psycnet.apa.org\/doi\/10.1080\/02103702.2016.1189118\" target=\"_blank\" rel=\"noopener\"><span class=\"s4\">https:\/\/doi.org\/10.1080\/02103702.2016.1189118<\/span><\/a><\/span><\/p>\n<p class=\"p2\"><span class=\"s1\">Alba G., <b>Pereda E.<\/b>, Ma\u00f1as S., M\u00e9ndez L.D., Duque M.R., Gonz\u00e1lez A., &amp; Gonz\u00e1lez J.J.(2016). The variability of EEG functional connectivity of Young ADHD subjects in different resting states. <i>Clinical Neurophysiology<\/i>, 127, 1321-1330.<\/span><span class=\"s5\"> <a href=\"https:\/\/doi.org\/10.1016\/j.clinph.2015.09.134\" target=\"_blank\" rel=\"noopener\"><span class=\"s4\">https:\/\/doi.org\/10.1016\/j.clinph.2015.09.134<\/span><\/a><\/span><\/p>\n<p class=\"p2\"><span class=\"s1\"><b>Alonso, M.\u00c1.,<\/b> D\u00edez, E. &amp; <b>Fernandez, A<\/b>. Subjective age-of-acquisition norms for 4,640 verbs in Spanish.\u00a0<i>Behav Res\u00a0<\/i><b>48,\u00a0<\/b>1337\u20131342 (2016). <a href=\"https:\/\/doi.org\/10.3758\/s13428-015-0675-z\" target=\"_blank\" rel=\"noopener\"><span class=\"s4\">https:\/\/doi.org\/10.3758\/s13428-015-0675-z<\/span><\/a><\/span><\/p>\n<p class=\"p2\"><span class=\"s1\">Ambrasat, J., von Scheve, C., Schauenburg, G., <b>Conrad, M<\/b>. &amp;\u00a0Schr\u00f6der, T. (2016).\u00a0<a href=\"http:\/\/www.neurocog.ull.es\/wp-content\/uploads\/2016\/10\/Ambrasat_et_al-2016-Sociological_Forum.pdf\" target=\"_blank\" rel=\"noopener\"><span class=\"s4\">Unpacking the Habitus: Meaning Making Across Lifestyles<\/span><\/a>.\u00a0<i>Sociological Forum. doi:10.1111\/socf.12293<\/i><\/span><\/p>\n<p class=\"p2\"><span class=\"s1\"><b>Ard\u00e8vol-Abreu, A<\/b>.(2016). \u00abFraming de las crisis humanitarias en los medios de comunicaci\u00f3n espa\u00f1oles: una aproximaci\u00f3n inductiva\u00bb. Revista Espa\u00f1ola de Investigaciones Sociol\u00f3gicas, 155: 37-54. <a href=\"http:\/\/doi.org\/10.5477\/cis\/reis.155.37\" target=\"_blank\" rel=\"noopener\"><span class=\"s4\">http:\/\/doi.org\/10.5477\/cis\/reis.155.37<\/span><\/a><\/span><\/p>\n<p class=\"p3\"><span class=\"s1\">Aryani, A., Kraxenberger, M., Ullrich, S., Jacobs, A. M., &amp; <b>Conrad, M<\/b>. (2016). Measuring the basic affective tone of poems via phonological saliency and iconicity.\u00a0<i>Psychology of Aesthetics, Creativity, and the Arts, 10<\/i>(2), 191\u2013204.\u00a0<a href=\"https:\/\/psycnet.apa.org\/doi\/10.1037\/aca0000033\" target=\"_blank\" rel=\"noopener\"><span class=\"s6\">https:\/\/doi.org\/10.1037\/aca0000033<\/span><\/a> <\/span><\/p>\n<p class=\"p3\"><span class=\"s1\">Rodr\u00edguez, V. B., Villar, A. C., <b>Rodr\u00edguez-P\u00e9rez, A<\/b>., &amp; Rodr\u00edguez, N. D. (2016). Infrahumanization in children: An evaluation of 70 terms relating to humanity.\u00a0<i>Psicothema, 28<\/i>(1), 53\u201358. <a href=\"http:\/\/doi.org\/10.7334\/psicothema2015.95\" target=\"_blank\" rel=\"noopener\"><span class=\"s4\">http:\/\/doi.org\/10.7334\/psicothema2015.95<\/span><\/a><\/span><\/p>\n<p class=\"p2\"><span class=\"s1\">Brage L., Rold\u00e1n H., <b>Plata-Bello J<\/b>., Martel D., &amp; Garc\u00eda-Mar\u00edn V.(2016). Transoral vertebroplaty for a C2 aneurysmal bone cyst, <i>Spine Journal<\/i>, <i>6<\/i>, 473-477.<\/span><span class=\"s5\"> <a href=\"https:\/\/doi.org\/10.1016\/j.spinee.2016.02.042\" target=\"_blank\" rel=\"noopener\"><span class=\"s4\">https:\/\/doi.org\/10.1016\/j.spinee.2016.02.042<\/span><\/a><\/span><\/p>\n<p class=\"p2\"><span class=\"s1\">Bravo, J., L\u00f3pez-Almaraz, R., Mateos, M., D\u00edaz, L., &amp; <b>Hern\u00e1ndez-Exp\u00f3sito, S<\/b>. (2016). Perfil neuropsicologico en el sindrome opsoclono-mioclono-ataxia como forma de presentacion de tumores neuroblasticos [Neuropsychological profile in opsoclonus-myoclonus-ataxia syndrome presenting as neuroblastic tumours].\u00a0<i>Revista de neurologia<\/i>,\u00a0<i>62<\/i>(6), 249\u2013257. <a href=\"https:\/\/doi.org\/10.33588\/rn.6206.2015428\" target=\"_blank\" rel=\"noopener\"><span class=\"s4\">https:\/\/doi.org\/10.33588\/rn.6206.2015428<\/span><\/a><\/span><\/p>\n<p class=\"p2\"><span class=\"s1\">Calvo, M. G., Avero, P., <b>Fern\u00e1ndez-Mart\u00edn, A.,<\/b> &amp; Recio, G. (2016). Recognition thresholds for static and dynamic emotional faces.\u00a0<i>Emotion, 16<\/i>(8), 1186\u20131200.\u00a0<a href=\"https:\/\/psycnet.apa.org\/doi\/10.1037\/emo0000192\" target=\"_blank\" rel=\"noopener\"><span class=\"s4\">https:\/\/doi.org\/10.1037\/emo0000192<\/span><\/a><\/span><\/p>\n<p class=\"p2\"><span class=\"s1\">Casta\u00f1eyra-Ruiz L., Carmona-Calero E.M., <b>Gonz\u00e1lez-Marrero I<\/b>., Gonz\u00e1lez-Toledo J.M., <b>Casta\u00f1eyra-Perdomo A.,<\/b> &amp; Perez-Molto F.J.(2016). Brain sexual development in Kallmann syndrome. <i>European Journal of Anatomy<\/i>, 20, 113-120.<\/span><\/p>\n<p class=\"p2\"><span class=\"s1\">Casta\u00f1eyra-Ruiz L, Gonz\u00e1lez-Marrero I, Carmona-Calero EM, Abreu-Gonz\u00e1lez, P., Lecuona, M., Rodriguez, E.M., <b>Casta\u00f1eyra-Perdomo, A<\/b>.(2016). Cerebrospinal fluid levels of tumor necrosis factor alpha and aquaporin 1 in patients with mild cognitive impairment and idiopathic normal pressure hydrocephalus. Clinical Neurology and Neurosurgery. <a href=\"http:\/\/doi.org\/10.1016\/j.clineuro.2016.04.025\" target=\"_blank\" rel=\"noopener\"><span class=\"s4\">http:\/\/doi.org\/10.1016\/j.clineuro.2016.04.025<\/span><\/a>.<\/span><\/p>\n<p class=\"p2\"><span class=\"s1\">Casta\u00f1eyra-Ruiz L., Gonz\u00e1lez-Marrero I., Hern\u00e1ndez-Abad L.G., Carmona-Calero E.M., Meyer G., &amp; <b>Casta\u00f1eyra-Perdomo<\/b> A.(2016). A Distal to Proximal Gradient of Human Choroid Plexus Development, with Antagonistic Expression of Glut1 and AQP1 in Mature Cells vs. Calbindin and PCNA in Proliferative Cells. <i>Frontiers in Neuroanatomy<\/i>, 10, 87, <a href=\"https:\/\/doi.org\/10.3389\/fnana.2016.00087\" target=\"_blank\" rel=\"noopener\"><span class=\"s4\">https:\/\/doi.org\/10.3389\/fnana.2016.00087<\/span><\/a><\/span><\/p>\n<p class=\"p2\"><span class=\"s1\">Citron, F. M. M., Cacciari, C., Kucharski, M., Beck, L., <b>Conrad, M<\/b>., &amp; Jacobs, A. M. (2016). When emotions are expressed figuratively: Psycholinguistic and Affective Norms of 619 Idioms for German (PANIG).\u00a0<i>Behavior Research Methods, 48<\/i>(1), 91\u2013111.\u00a0<a href=\"https:\/\/psycnet.apa.org\/doi\/10.3758\/s13428-015-0581-4\" target=\"_blank\" rel=\"noopener\"><span class=\"s4\">https:\/\/doi.org\/10.3758\/s13428-015-0581-4<\/span><\/a><\/span><\/p>\n<p class=\"p2\"><span class=\"s1\">Davies, S. K., Izura, C., Socas, R., &amp; <b>Dominguez, A.<\/b> (2016). Age of acquisition and imageability norms for base and morphologically complex words in English and in Spanish.\u00a0<i>Behavior Research Methods, 48<\/i>(1), 349\u2013365.\u00a0<a href=\"https:\/\/psycnet.apa.org\/doi\/10.3758\/s13428-015-0579-y\" target=\"_blank\" rel=\"noopener\"><span class=\"s4\">https:\/\/doi.org\/10.3758\/s13428-015-0579-y<\/span><\/a><\/span><\/p>\n<p class=\"p2\"><span class=\"s1\"><b>De las Cuevas C<\/b>, Marrero R, Cabrera C. Treatment-related decisional conflict in patients with depressive and anxious disorders.\u00a0<i>Patient Prefer Adherence<\/i>. 2016;10:1011-1019<br \/>\n<a href=\"https:\/\/doi.org\/10.2147\/PPA.S107299\" target=\"_blank\" rel=\"noopener\"><span class=\"s4\">https:\/\/doi.org\/10.2147\/PPA.S107299<\/span><\/a><\/span><\/p>\n<p class=\"p2\"><span class=\"s1\"><b>De las Cuevas C., Pe\u00f1ate W.,<\/b> &amp; Cabrera C. (2016). Perceived Health Control: A Promising Step Forward in Our Understanding of Treatment Adherence in Psychiatric Care. Journal of Clinical Psyquiatry, 77, 1233-1239. <a href=\"https:\/\/doi.org\/10.4088\/JCP.15m09769\" target=\"_blank\" rel=\"noopener\"><span class=\"s4\">https:\/\/doi.org\/10.4088\/JCP.15m09769<\/span><\/a><\/span><\/p>\n<p class=\"p2\"><span class=\"s1\"><b>De las Cuevas, C<\/b>., <b>Pe\u00f1ate, W<\/b>., &amp; Cabrera, C.(2016).Are Acceptance and Skepticism Determinant Factors for Adherence to Drug Treatment in Psychiatric Patients?, <i>Journal of Clinical Psychopharmacology,<\/i> 36, 724-725. <a href=\"http:\/\/doi.org\/10.1097\/JCP.0000000000000584\" target=\"_blank\" rel=\"noopener\"><span class=\"s4\">http:\/\/doi.org\/10.1097\/JCP.0000000000000584<\/span><\/a><\/span><\/p>\n<p class=\"p2\"><span class=\"s1\"><b>De las Cuevas C<\/b>., &amp; Sanz E.J.(2016). M\u00e9todos de valoraci\u00f3n de la adherencia al tratamiento psiqu\u00edatrico en la pr\u00e1tica cl\u00ednica<i>. Revista Iberoamericana de Psicologia y Salud<\/i>, 7, 25-30-. <a href=\"http:\/\/doi.org\/10.1016\/j.rips.2015.10.001\" target=\"_blank\" rel=\"noopener\"><span class=\"s4\">http:\/\/doi.org\/10.1016\/j.rips.2015.10.001<\/span><\/a><\/span><\/p>\n<p class=\"p2\"><span class=\"s1\"><b>De Vega, M., Morera, Y., Le\u00f3n, I., Beltr\u00e1n, D<\/b>., Casado, P., &amp; Mart\u00edn-Loeches, M. (2016). Sentential negation might share neurophysiological mechanisms with action inhibition. Evidence from frontal theta rhythm.\u00a0<i>The Journal of Neuroscience, 36<\/i>(22), 6002\u20136010.\u00a0<a href=\"https:\/\/psycnet.apa.org\/doi\/10.1523\/JNEUROSCI.3736-15.2016\" target=\"_blank\" rel=\"noopener\"><span class=\"s4\">https:\/\/doi.org\/10.1523\/JNEUROSCI.3736-15.2016<\/span><\/a><\/span><\/p>\n<p class=\"p2\"><span class=\"s1\">Delgado-Acosta,E., Betancor,V., <b>Rodr\u00edguez-P\u00e9rez,A.,<\/b> &amp; Delgado,N.\u00a0(2016)\u00a0Essentialist beliefs about sexuality-related categories \/ Creencias esencialistas sobre diferentes categor\u00edas relacionadas con la sexualidad,\u00a0<i>International Journal of Social Psychology<\/i>,\u00a031:1,\u00a01-28,\u00a0<a href=\"http:\/\/doi.org\/10.1080\/02134748.2015.1101311\" target=\"_blank\" rel=\"noopener\"><span class=\"s4\">http:\/\/doi.org\/10.1080\/02134748.2015.1101311<\/span><\/a><\/span><\/p>\n<p class=\"p2\"><span class=\"s1\">D\u00edaz, M.,Fabelo, N., Casa\u00f1as-S\u00e1nchez, V., <b>Mar\u00edn,R<\/b>., G\u00f3mez, T., Quinto-Alemany,D., &amp; P\u00e9rez, J.(2016). Hippocampal Lipid Homeostasis in APP\/PS1 Mice Is Modulated by a Complex Interplay between Dietary DHA and Estrogens: Relevance for Alzheimer\u2019s Disease\u2019<i>. Journal of Alzheimer\u2019s Disease<\/i>, 49, 459-481. <a href=\"http:\/\/doi.org\/10.3233\/JAD-150470\" target=\"_blank\" rel=\"noopener\"><span class=\"s4\">http:\/\/doi.org\/10.3233\/JAD-150470<\/span><\/a><\/span><\/p>\n<p class=\"p2\"><span class=\"s1\"><b>Espino, O<\/b>., &amp; S\u00e1nchez-Curbelo, I. (2016). Priming effect in indicative and subjunctive exceptive conditionals.\u00a0<i>Acta Psychologica, 165,<\/i>\u00a09\u201315.\u00a0<a href=\"https:\/\/psycnet.apa.org\/doi\/10.1016\/j.actpsy.2016.01.014\" target=\"_blank\" rel=\"noopener\"><span class=\"s4\">https:\/\/doi.org\/10.1016\/j.actpsy.2016.01.014<\/span><\/a><\/span><\/p>\n<p class=\"p2\"><span class=\"s1\"><b>Espino, O.,<\/b> &amp; Villar, B. (2016). Priming effect in affirmative complex conditional connectives.\u00a0<i>Journal of Cognitive Psychology, 28<\/i>(6), 764\u2013769.\u00a0<a href=\"https:\/\/psycnet.apa.org\/doi\/10.1080\/20445911.2016.1188820\" target=\"_blank\" rel=\"noopener\"><span class=\"s4\">https:\/\/doi.org\/10.1080\/20445911.2016.1188820<\/span><\/a><\/span><\/p>\n<p class=\"p2\"><span class=\"s1\">Ferreira D., Bartr\u00e9s-Faz D., Nygren L., Rundkvist L.J., Molina Y., Machado A., Junqu\u00e9 C<b>., Barroso J.,<\/b> &amp; Westman E.(2016).<\/span> <span class=\"s1\">Different reserve proxies confer overlapping and unique endurance to cortical thinning in healthy middle-aged adults. Behavioural Brain Research, 311,375-383.<\/span><span class=\"s5\"> <a href=\"https:\/\/doi.org\/10.1016\/j.bbr.2016.05.061\" target=\"_blank\" rel=\"noopener\"><span class=\"s4\">https:\/\/doi.org\/10.1016\/j.bbr.2016.05.061<\/span><\/a><\/span><span class=\"s1\">.<\/span><\/p>\n<p class=\"p2\"><span class=\"s1\">Galtier,I., <b>Nieto,A.,<\/b> Lorenzo,J.N., &amp; <b>Barroso,J<\/b>.\u00a0(2016)\u00a0Mild cognitive impairment in Parkinson\u2019s disease: Diagnosis and progression to dementia,\u00a0<i>Journal of Clinical and Experimental Neuropsychology<\/i>,\u00a038:1,\u00a040-50, <a href=\"http:\/\/doi.org\/10.1080\/13803395.2015.1087465\" target=\"_blank\" rel=\"noopener\"><span class=\"s4\">http:\/\/doi.org\/10.1080\/13803395.2015.1087465<\/span><\/a>.<\/span><\/p>\n<p class=\"p2\"><span class=\"s1\">Garc\u00e9s, P., <b>Pereda, E.,<\/b> Hern\u00e1ndez<\/span><span class=\"s7\">\u2010<\/span><span class=\"s1\">Tamames, J.A., Del<\/span><span class=\"s7\">\u2010<\/span><span class=\"s1\">Pozo, F., Maest\u00fa, F. and \u00c1ngel Pineda<\/span><span class=\"s7\">\u2010<\/span><span class=\"s1\">Pardo, J. (2016), Multimodal description of whole brain connectivity:\u00a0<i>A comparison of resting state MEG, fMRI, and DWI<\/i>. Hum. Brain Mapp. 37: 20-34.\u00a0<a href=\"https:\/\/doi.org\/10.1002\/hbm.22995\" target=\"_blank\" rel=\"noopener\"><span class=\"s4\">https:\/\/doi.org\/10.1002\/hbm.22995<\/span><\/a><\/span><\/p>\n<p class=\"p2\"><span class=\"s1\"><b>Garc\u00eda-Marco, E., Beltr\u00e1n, D., Le\u00f3n, I., &amp; de Vega, M<\/b>. (2016). Readers of narratives take the protagonist\u2019s geographical perspective. Evidence from an event-related potential study.\u00a0<i>Brain and Language, 153-154,<\/i>\u00a020\u201326.\u00a0<a href=\"https:\/\/psycnet.apa.org\/doi\/10.1016\/j.bandl.2016.01.002\" target=\"_blank\" rel=\"noopener\"><span class=\"s4\">https:\/\/doi.org\/10.1016\/j.bandl.2016.01.002<\/span><\/a><\/span><\/p>\n<p class=\"p2\"><span class=\"s1\">Garc\u00eda-Prieto, J., <b>Pereda, E<\/b>., &amp; Maest\u00fa, F. (2016).\u00a0<i>Neurocognitive decoding of aesthetic appreciation.<\/i>\u00a0In S. Palva (Ed.),\u00a0<i>Multimodal oscillation-based connectivity theory<\/i>\u00a0(p. 87\u2013106). Springer International Publishing AG.\u00a0<a href=\"https:\/\/psycnet.apa.org\/doi\/10.1007\/978-3-319-32265-0_6\" target=\"_blank\" rel=\"noopener\"><span class=\"s4\">https:\/\/doi.org\/10.1007\/978-3-319-32265-0_6<\/span><\/a><\/span><\/p>\n<p class=\"p2\"><span class=\"s1\">Gonz\u00e1lez-P\u00e9rez T., <b>Barroso-Ribal J.D<\/b>., <b>Nieto-Barco A<\/b>., Correia-Delgado R., P\u00e9rez-Hern\u00e1ndez C.A., &amp; Aguirre-Jaime A.(2016).Auton\u00f3metro. Propuesta de una escala para valorar la autonom\u00eda del mayor.Revista Espanola de Geriatria y Gerontologia,51, 201-209. <a href=\"https:\/\/doi.org\/10.1016\/j.regg.2015.09.007\" target=\"_blank\" rel=\"noopener\"><span class=\"s4\">https:\/\/doi.org\/10.1016\/j.regg.2015.09.007<\/span><\/a><\/span><\/p>\n<p class=\"p2\"><span class=\"s1\">Fumero, A., &amp; Marrero, R.J., <b>De las Cuevas, C., &amp; Pe\u00f1ate, W<\/b>. (2016). Preferencias por las decisiones compartidas en pacientes con depresi\u00f3n. Acta Colombiana de Psicolog\u00eda, 19(1),249-259. <a href=\"https:\/\/www.redalyc.org\/articulo.oa?id=798\/79845405011\" target=\"_blank\" rel=\"noopener\"><span class=\"s4\">https:\/\/www.redalyc.org\/articulo.oa?id=798\/79845405011<\/span><\/a><\/span><\/p>\n<p class=\"p2\"><span class=\"s1\">Hern\u00e1ndez, S. E., Suero, J., Barros, A., <b>Gonz\u00e1lez-Mora, J. L<\/b>., &amp; Rubia, K. (2016). Increased Grey Matter Associated with Long-Term Sahaja Yoga Meditation: A Voxel-Based Morphometry Study.\u00a0<i>PloS one<\/i>,\u00a0<i>11<\/i>(3), e0150757. <a href=\"https:\/\/doi.org\/10.1371\/journal.pone.0150757\" target=\"_blank\" rel=\"noopener\"><span class=\"s4\">https:\/\/doi.org\/10.1371\/journal.pone.0150757<\/span><\/a><\/span><\/p>\n<p class=\"p2\"><span class=\"s1\"><b>Jim\u00e9nez J.E<\/b>.,&amp; O&#8217;Shanahan I.(2016). Effects of Web-Based training on Spanish Pre-Service and In-Service Teacher Knowledge and Implicit Beliefs on Learning to Read. Teaching and Teacher Education, 55, 175-187. <a href=\"http:\/\/dx.doi.org\/10.1016\/j.tate.2016.01006\" target=\"_blank\" rel=\"noopener\"><span class=\"s4\">http:\/\/dx.doi.org\/10.1016\/j.tate.2016.01006<\/span><\/a><\/span><\/p>\n<p class=\"p2\"><span class=\"s1\"><b>Jim\u00e9nez J.E<\/b>.(2016).<\/span> <span class=\"s1\">Early Grade Writing Assessment: An instrument model. <i>Journal of Learning Disabilities<\/i>, <a href=\"http:\/\/doi.org\/10.1177\/0022219416633127\" target=\"_blank\" rel=\"noopener\"><span class=\"s4\">http:\/\/doi.org\/10.1177\/0022219416633127<\/span><\/a><\/span><\/p>\n<p class=\"p2\"><span class=\"s1\"><b>Jim\u00e9nez, J.E<\/b>. , Gonz\u00e1lez, D., &amp; Suarez, N. (2016).<\/span> <span class=\"s1\">The internal structure and development of Spanish-speaking primary children\u2019s keyboarding skills in children with and without LD in writing.<\/span> <span class=\"s1\">Journal of Learning Disabilities, <a href=\"http:\/\/doi.org\/10.1177\/0022219416633864\" target=\"_blank\" rel=\"noopener\"><span class=\"s4\">http:\/\/doi.org\/10.1177\/0022219416633864<\/span><\/a><\/span><\/p>\n<p class=\"p2\"><span class=\"s1\">Kho, K. H., &amp; <b>Janssen, N<\/b>. (2016). Intermanual transfer in an artist with Parkinson&#8217;s disease.\u00a0<i>Neurocase<\/i>,\u00a0<i>22<\/i>(1), 119\u2013121. <a href=\"https:\/\/doi.org\/10.1080\/13554794.2015.1053492\" target=\"_blank\" rel=\"noopener\"><span class=\"s4\">https:\/\/doi.org\/10.1080\/13554794.2015.1053492<\/span><\/a><\/span><\/p>\n<p class=\"p2\"><span class=\"s1\">Lara-Cabrera, M. L., Salvesen, \u00d8., Nesset, M. B., <b>De las Cuevas, C.,<\/b> Iversen, V. C., &amp; Gr\u00e5we, R. W. (2016). The effect of a brief educational programme added to mental health treatment to improve patient activation: A randomized controlled trial in community mental health centres.\u00a0<i>Patient Education and Counseling, 99<\/i>(5), 760\u2013768.\u00a0<a href=\"https:\/\/psycnet.apa.org\/doi\/10.1016\/j.pec.2015.11.028\" target=\"_blank\" rel=\"noopener\"><span class=\"s4\">https:\/\/doi.org\/10.1016\/j.pec.2015.11.028<\/span><\/a><\/span><\/p>\n<p class=\"p2\"><span class=\"s1\">Limongi, R., P\u00e9rez, F. J., Modro\u00f1o, C., &amp; <b>Gonz\u00e1lez-Mora, J. L<\/b>. (2016). Temporal uncertainty and temporal estimation errors affect insular activity and the frontostriatal indirect pathway during action update: A predictive coding study.\u00a0<i>Frontiers in Human Neuroscience, 10,<\/i>\u00a0Article 276.\u00a0<a href=\"https:\/\/psycnet.apa.org\/doi\/10.3389\/fnhum.2016.00276\" target=\"_blank\" rel=\"noopener\"><span class=\"s4\">https:\/\/doi.org\/10.3389\/fnhum.2016.00276<\/span><\/a><\/span><\/p>\n<p class=\"p2\"><span class=\"s1\">Londo\u00f1o, C., <b>Pe\u00f1ate, W<\/b>., &amp; Gonz\u00e1lez, M. (2017). S\u00edntomas de depresi\u00f3n en hombres [Depression men\u2019s symptoms].\u00a0<i>Universitas Psychologica, 16<\/i>(4), 1\u201319.\u00a0<a href=\"https:\/\/psycnet.apa.org\/doi\/10.11144\/Javeriana.upsy16-4.sdeh\" target=\"_blank\" rel=\"noopener\"><span class=\"s4\">https:\/\/doi.org\/10.11144\/Javeriana.upsy16-4.sdeh<\/span><\/a><\/span><\/p>\n<p class=\"p2\"><span class=\"s1\">Mari\u00e1ngel S.V., &amp; <b>Jim\u00e9nez J.E<\/b>.(2016). Desarrollo de la conciencia sint\u00e1ctica y fonol\u00f3gica en ni\u00f1os chilenos: un estudio transversal. Revista Latinoamericana de Psicolog\u00eda, 48, 1-7. <a href=\"https:\/\/doi.org\/10.1016\/j.rlp.2015.09.010\" target=\"_blank\" rel=\"noopener\"><span class=\"s4\">https:\/\/doi.org\/10.1016\/j.rlp.2015.09.010<\/span><\/a><\/span><\/p>\n<p class=\"p2\"><span class=\"s1\"><b>Marin, R<\/b>., Fabelo, N., Fern\u00e1ndez-Echevarr\u00eda, C., Canerina-Amaro, A., Rodr\u00edguez-Barreto, D., Quinto-Alemany, D., Mesa-Herrera, F., &amp; D\u00edaz, M. (2016). Lipid Raft Alterations in Aged-Associated Neuropathologies.\u00a0<i>Current Alzheimer research<\/i>,\u00a0<i>13<\/i>(9), 973\u2013984. <a href=\"https:\/\/doi.org\/10.2174\/1567205013666160314150017\" target=\"_blank\" rel=\"noopener\"><span class=\"s4\">https:\/\/doi.org\/10.2174\/1567205013666160314150017<\/span><\/a><\/span><\/p>\n<p class=\"p2\"><span class=\"s1\">Marrero, R.J., Rey, M., &amp; <b>Hern\u00e1ndez-Cabrera, J.A.<\/b> (2016). Can Big Five Facets Distinguish between Hedonic and Eudaimonic Well-Being? A Dominance Analysis.\u00a0<i>Spanish Journal of Psychology<\/i>, 19. <a href=\"http:\/\/doi.org\/10.1017\/sjp.2016.95\" target=\"_blank\" rel=\"noopener\"><span class=\"s4\">http:\/\/doi.org\/10.1017\/sjp.2016.95<\/span><\/a><\/span><\/p>\n<p class=\"p2\"><span class=\"s1\"><b>Marrero, H.<\/b>,\u00a0<b>G\u00e1mez, E., y Diaz, J.M<\/b>.(2016). Does people reason when they accept tricky offers: A case of approach and avoidance motivated reasoning.\u00a0<i>Journal of Economic Psychology<\/i>,\u00a0<i>57<\/i>, 26-38. H .<\/span><\/p>\n<p class=\"p2\"><span class=\"s1\">Morales A., <b>Mar\u00edn R<\/b>., Marrero-Alonso J., Boto A., D\u00edaz M. (2016) Colocalization of Estrogen Receptors with the Fluorescent Tamoxifen Derivative, FLTX1, Analyzed by Confocal Microscopy. In: Eyster K.M. (eds) Estrogen Receptors. Methods in Molecular Biology, vol 1366. Humana Press, New York, NY. <a href=\"https:\/\/doi.org\/10.1007\/978-1-4939-3127-9_13\" target=\"_blank\" rel=\"noopener\"><span class=\"s4\">https:\/\/doi.org\/10.1007\/978-1-4939-3127-9_13<\/span><\/a><\/span><\/p>\n<p class=\"p2\"><span class=\"s1\"><b>Nieto A<\/b>., Galtier I., Hern\u00e1ndez E., Velasco P., &amp; <b>Barroso J.(<\/b>2016). Addenbrooke&#8217;s Cognitive Examination-Revised: Effects of Education and Age. Normative Data for the Spanish Speaking Population,\u00a0<i>Archives of Clinical Neuropsychology<\/i>, 31, 811\u2013818,\u00a0<a href=\"https:\/\/doi.org\/10.1093\/arclin\/acw057\" target=\"_blank\" rel=\"noopener\"><span class=\"s4\">https:\/\/doi.org\/10.1093\/arclin\/acw057<\/span><\/a><\/span><\/p>\n<p class=\"p2\"><span class=\"s1\">Oganian, Y., <b>Conrad, M.,<\/b> Aryani, A., Heekeren, H. R., &amp; Spalek, K. (2016).\u00a0<a href=\"http:\/\/www.neurocog.ull.es\/wp-content\/uploads\/2016\/10\/Oganian_et_al_bigram_freq_16.pdf\" target=\"_blank\" rel=\"noopener\"><span class=\"s4\">Interplay of bigram frequency and orthographic neighborhood statistics in language membership decision.<\/span><\/a>\u00a0<i>Bilingualism: Language and Cognition,\u00a019(03), 578-596.<\/i><\/span><\/p>\n<p class=\"p2\"><span class=\"s1\">Orenes, I., Moxey, L., Scheepers, C., &amp; <b>Santamar\u00eda, C.<\/b> (2016). Negation in context: Evidence from the visual world paradigm.\u00a0<i>The Quarterly Journal of Experimental Psychology, 69<\/i>(6), 1082\u20131092.\u00a0<a href=\"https:\/\/psycnet.apa.org\/doi\/10.1080\/17470218.2015.1063675\" target=\"_blank\" rel=\"noopener\"><span class=\"s4\">https:\/\/doi.org\/10.1080\/17470218.2015.1063675<\/span><\/a><\/span><\/p>\n<p class=\"p2\"><span class=\"s1\"><b>Padr\u00f3n, I., Rodrigo, M. J., &amp; de Vega, M<\/b>. (2016). Counterfactual Evaluation of Outcomes in Social Risk Decision-Making Situations: The Cognitive Developmental Paradox Revisited.\u00a0<i>Advances in cognitive psychology<\/i>,\u00a0<i>12<\/i>(1), 10\u201319. <a href=\"https:\/\/doi.org\/10.5709\/acp-0183-2\" target=\"_blank\" rel=\"noopener\"><span class=\"s4\">https:\/\/doi.org\/10.5709\/acp-0183-2<\/span><\/a><\/span><\/p>\n<p class=\"p2\"><span class=\"s1\"><b>Padr\u00f3n,I., Rodrigo, M.J., &amp; De Vega, M<\/b>.\u00a0(2016)\u00a0Feedback on health status and peer popularity influences social risk decision-making processes in adolescents and young adults,\u00a0European Journal of Developmental Psychology,\u00a013:2,\u00a0241-253, <a href=\"http:\/\/doi.org\/10.1080\/17405629.2015.1089769\" target=\"_blank\" rel=\"noopener\"><span class=\"s4\">http:\/\/doi.org\/10.1080\/17405629.2015.1089769<\/span><\/a><\/span><\/p>\n<p class=\"p2\"><span class=\"s1\"><b>Pe\u00f1ate W<\/b>., &amp; Fumero A.(2016). A meta-review of internet computer-based psychological trestments for anxiety disorders. <i>Journal of Telemedicine and Telecare<\/i>, 22, 3-11.<\/span><span class=\"s5\"> <a href=\"https:\/\/doi.org\/10.1177%252F1357633X15586491\" target=\"_blank\" rel=\"noopener\"><span class=\"s4\">https:\/\/doi.org\/10.1177%2F1357633X15586491<\/span><\/a><\/span><\/p>\n<p class=\"p2\"><span class=\"s1\"><b>Plata Bello J<\/b>., Acosta-Lopez S., &amp; Garcia-Marin V.(2016). Clinical Features and Complications in Idiopathic Subarachnoid Hemorrhage: Case Studies. Journal of Neurological Surgery, Part A: Central European Neurosurgery, 77, 222-228. <a href=\"http:\/\/doi.org\/10.1055\/s-0035-1558417%252010.1055\/s-0035-1558417\" target=\"_blank\" rel=\"noopener\"><span class=\"s4\">http:\/\/doi.org\/10.1055\/s-0035-1558417 10.1055\/s-0035-1558417<\/span><\/a><\/span><\/p>\n<p class=\"p2\"><span class=\"s1\"><b>Plata-Bello J<\/b>, Roldan H, Brage L, Rahy A, &amp; Garcia-Marin V.(2016) Delayed Abdominal Pseudohernia in Young Patient After Lateral Lumbar Interbody Fusion Procedure: Case Report. <i>World Neurosurgery,<\/i>91,671.e13-6. <a href=\"http:\/\/doi.org\/10.1016\/j.wneu.2016.04.010\" target=\"_blank\" rel=\"noopener\"><span class=\"s4\">http:\/\/doi.org\/10.1016\/j.wneu.2016.04.010<\/span><\/a><\/span><\/p>\n<p class=\"p2\"><span class=\"s1\"><b>Rodrigo, M. J., Le\u00f3n, I<\/b>., G\u00f3ngora, D., <b>Hern\u00e1ndez-Cabrera, J. A<\/b>., Byrne, S., &amp; Bobes, M. A. (2016). Inferior fronto-temporo-occipital connectivity: a missing link between maltreated girls and neglectful mothers.\u00a0<i>Social Cognitive and Affective Neuroscience, 11<\/i>(10), 1658- 1665. <a href=\"https:\/\/psycnet.apa.org\/doi\/10.1093\/scan\/nsw080\" target=\"_blank\" rel=\"noopener\"><span class=\"s4\">https:\/\/doi.org\/10.1093\/scan\/nsw080<\/span><\/a><\/span><\/p>\n<p class=\"p2\"><span class=\"s1\">Rodriguez C.,&amp; <b>Jimenez J.E.<\/b>(2016).<\/span> <span class=\"s1\">What cognitive and numerical skills best define learning disabilities in mathematics? <i>Estudios de Psicolog\u00eda<\/i>, 37, 115-134. <a href=\"http:\/\/doi.org\/10.1080\/02109395.2015.1129825\" target=\"_blank\" rel=\"noopener\"><span class=\"s4\">http:\/\/doi.org\/10.1080\/02109395.2015.1129825<\/span><\/a><\/span><\/p>\n<p class=\"p2\"><span class=\"s1\">Rodr\u00edguez, V. B., Mateo, E. A., <b>Rodr\u00edguez-P\u00e9rez, A.,<\/b> &amp; Rodr\u00edguez, N. D. (2016). Do they feel the same as us?: The infrahumanization of individuals with Down syndrome.\u00a0<i>Psicothema, 28<\/i>(3), 311\u2013317. <a href=\"https:\/\/psycnet.apa.org\/doi\/10.1037\/t27275-000\" target=\"_blank\" rel=\"noopener\"><span class=\"s4\">https:\/\/psycnet.apa.org\/doi\/10.1037\/t27275-000<\/span><\/a><\/span><\/p>\n<p class=\"p2\"><span class=\"s1\">Salazar P., Mart\u00edn M., <b>Gonz\u00e1lez-Mora J.L.,<\/b> &amp; Gonz\u00e1lez-Elipe A.R.(2016). Sensing and biosensing with screen printed electrodes modified with nanostructured nickel oxide thin films prepared by magnetron sputtering at oblique angles. Electrochemistry Communications, 94, 5-8, <a href=\"https:\/\/doi.org\/10.1016\/j.elecom.2018.07.020\" target=\"_blank\" rel=\"noopener\"><span class=\"s4\">https:\/\/doi.org\/10.1016\/j.elecom.2018.07.020<\/span><\/a>.<\/span><\/p>\n<p class=\"p2\"><span class=\"s1\">Salazar P., Mart\u00edn M., O&#8217;Neill R.D., &amp; <b>Gonz\u00e1lez-Mora J.L<\/b>.(2016).<\/span><b> <\/b><span class=\"s1\">Glutamate microbiosensors based on Prussian Blue modified carbon fiber electrodes for neuroscience applications: In-vitro characterization. Sensors and Actuators, B: Chemical, 235, 117-125. <a href=\"https:\/\/doi.org\/10.1016\/j.snb.2016.05.057\" target=\"_blank\" rel=\"noopener\"><span class=\"s4\">https:\/\/doi.org\/10.1016\/j.snb.2016.05.057<\/span><\/a><\/span><\/p>\n<p class=\"p2\"><span class=\"s1\">Ullrich S, Kotz SA, Schmidtke DS, Aryani A &amp; <b>Conrad M<\/b> (2016)\u00a0<i>Phonological Iconicity<\/i>\u00a0Electrifies: An ERP Study on Affective Sound-to-Meaning Correspondences in German.\u00a0<i>Front. Psychol<\/i>. 7:1200. <a href=\"http:\/\/doi.org\/10.3389\/fpsyg.2016.01200\" target=\"_blank\" rel=\"noopener\"><span class=\"s4\">http:\/\/doi.org\/10.3389\/fpsyg.2016.01200<\/span><\/a><\/span><\/p>\n<p class=\"p2\"><span class=\"s1\"><b>Vega L.E.S<\/b>., Bello E.A., &amp; Garc\u00eda L.F.(2016). La inserci\u00f3n sociolaboral de j\u00f3venes en riesgo de exclusi\u00f3n social. <i>Revista Espa\u00f1ola de Orientaci\u00f3n y Psicopedagogia<\/i>,27, 61-75. <a href=\"http:\/\/dx.doi.org\/10.5944\/reop.vol.27.num.3.2016.18800\" target=\"_blank\" rel=\"noopener\"><span class=\"s4\">http:\/\/dx.doi.org\/10.5944\/reop.vol.27.num.3.2016.18800<\/span><\/a><\/span><\/p>\n<p class=\"p2\"><span class=\"s1\"><b>Vega L.E.S.,<\/b> Garc\u00eda L.F., y Llanos A.B.J.(2016). Apoyo familiar percibido y proyecto de vida del alumnado inmigrante de Educaci\u00f3n Secundaria. Revista de Educaci\u00f3n. <a href=\"http:\/\/doi.org\/10.4438\/1988-592X-RE-2015-372-314\" target=\"_blank\" rel=\"noopener\"><span class=\"s4\">http:\/\/doi.org\/10.4438\/1988-592X-RE-2015-372-314<\/span><\/a><\/span><\/p>\n<p class=\"p2\"><span class=\"s1\"><b>Vega, L.E.S<\/b>., Gonz\u00e1lez-Morales, O y Feliciano, L. (2016) Percepci\u00f3n del empresariado de las competencias y caracter\u00edsticas relevantes para el empleo.\u00a0Revista Espa\u00f1ola de Orientaci\u00f3n y Psicopedagog\u00eda (REOP), 27 (1), 29-46.<\/span><span class=\"s5\"> <a href=\"http:\/\/dx.doi.org\/10.5944\/reop.vol.27.num.1.2016.17006\" target=\"_blank\" rel=\"noopener\"><span class=\"s4\">http:\/\/dx.doi.org\/10.5944\/reop.vol.27.num.1.2016.17006<\/span><\/a><\/span><\/p>\n<p class=\"p2\"><span class=\"s1\">Yudes, C., <b>Dom\u00ednguez, A.,<\/b> <b>Cuetos, F., &amp; De Vega, M<\/b>. (2016). The time-course of processing of grammatical class and semantic attributes of words: Dissociation by means of ERP.\u00a0<i>Psicol\u00f3gica, 37<\/i>(2), 105\u2013126.<\/span><span class=\"s5\"> <a href=\"https:\/\/www.uv.es\/psicologica\/preprints\/Yudes.pdf\" target=\"_blank\" rel=\"noopener\"><span class=\"s4\">https:\/\/www.uv.es\/psicologica\/preprints\/Yudes.pdf<\/span><\/a><\/span><\/p>\n<p><strong>Rodrigo, MJ., Le\u00f3n, I.<\/strong>, G\u00f3ngora D.,\u00a0<strong>Hern\u00e1ndez-Cabrera, J.A.<\/strong>, Byrne, S., Bobes, M.A. (2016) Inferior fronto-temporo-occipital connectivity: a missing link between maltreated girls and neglectful mothers. Social Cognitive and Affective Neuroscience, 2016.1\u20138 doi: 10.1093\/scan\/nsw080.\u00a0<a href=\"http:\/\/iuneuro.webs.ull.es\/wp-content\/uploads\/2020\/10\/SCAN-2016.pdf\" target=\"_blank\" rel=\"noopener noreferrer\" target=\"_blank\" rel=\"noopener\">pdf<\/a>[\/vc_column_text][vc_empty_space height=\u00bb20px\u00bb][\/vc_tta_section][\/vc_tta_accordion][vc_row_inner][vc_column_inner][\/vc_column_inner][\/vc_row_inner][vc_empty_space height=\u00bb120px\u00bb][\/vc_column][\/vc_row]<\/p>\n","protected":false},"excerpt":{"rendered":"<p>[vc_row full_width=\u00bbstretch_row_content\u00bb el_class=\u00bbprincipio-marcha\u00bb][vc_column css=\u00bb.vc_custom_1588939369209{padding-top: 40px !important;}\u00bb][vc_custom_heading text=\u00bbPublications\u00bb font_container=\u00bbtag:h2|text_align:center|color:%23ffffff\u00bb use_theme_fonts=\u00bbyes\u00bb css_animation=\u00bbfadeInDownBig\u00bb][\/vc_column][\/vc_row][vc_row equal_height=\u00bbyes\u00bb css=\u00bb.vc_custom_1618830575366{padding-right: 10% !important;padding-left: 10% !important;}\u00bb][vc_column][vc_tta_accordion active_section=\u00bb0&#8243; css_animation=\u00bbfadeInDown\u00bb collapsible_all=\u00bbtrue\u00bb][vc_tta_section title=\u00bb2020&#8243; tab_id=\u00bb2019&#8243;][vc_empty_space height=\u00bb20px\u00bb][vc_column_text css=\u00bb.vc_custom_1612541846978{padding-right: 3% !important;padding-left: 3% !important;}\u00bb] Alonso, M.A., D\u00edez, E., &amp; Fern\u00e1ndez, A.(2020). A set of 750 words in Spanish characterized in two survival-related dimensions: avoiding death and locating nourishment, Behavior Research Methods, https:\/\/doi.org\/10.3758\/s13428-020-01434-z&#8230;<\/p>\n","protected":false},"author":2,"featured_media":0,"parent":0,"menu_order":0,"comment_status":"closed","ping_status":"closed","template":"templates\/template-no-title.php","meta":[],"_links":{"self":[{"href":"https:\/\/www.ull.es\/institutos\/university-institute-of-neuroscience\/wp-json\/wp\/v2\/pages\/148"}],"collection":[{"href":"https:\/\/www.ull.es\/institutos\/university-institute-of-neuroscience\/wp-json\/wp\/v2\/pages"}],"about":[{"href":"https:\/\/www.ull.es\/institutos\/university-institute-of-neuroscience\/wp-json\/wp\/v2\/types\/page"}],"author":[{"embeddable":true,"href":"https:\/\/www.ull.es\/institutos\/university-institute-of-neuroscience\/wp-json\/wp\/v2\/users\/2"}],"replies":[{"embeddable":true,"href":"https:\/\/www.ull.es\/institutos\/university-institute-of-neuroscience\/wp-json\/wp\/v2\/comments?post=148"}],"version-history":[{"count":1,"href":"https:\/\/www.ull.es\/institutos\/university-institute-of-neuroscience\/wp-json\/wp\/v2\/pages\/148\/revisions"}],"predecessor-version":[{"id":149,"href":"https:\/\/www.ull.es\/institutos\/university-institute-of-neuroscience\/wp-json\/wp\/v2\/pages\/148\/revisions\/149"}],"wp:attachment":[{"href":"https:\/\/www.ull.es\/institutos\/university-institute-of-neuroscience\/wp-json\/wp\/v2\/media?parent=148"}],"curies":[{"name":"wp","href":"https:\/\/api.w.org\/{rel}","templated":true}]}}