{"id":516,"date":"2021-07-15T17:14:18","date_gmt":"2021-07-15T17:14:18","guid":{"rendered":"https:\/\/www.ull.es\/internacional-nuevo\/?page_id=14"},"modified":"2025-11-25T07:43:42","modified_gmt":"2025-11-25T07:43:42","slug":"inicio","status":"publish","type":"page","link":"https:\/\/www.ull.es\/internacional\/fr\/","title":{"rendered":"Commencer"},"content":{"rendered":"<div class=\"wp-block-stackable-columns alignfull stk-block-columns stk--hide-mobile stk-block stk-70f2177\" data-block-id=\"70f2177\"><style>.stk-70f2177 {margin-bottom:0px !important;}<\/style><div class=\"stk-row stk-inner-blocks stk-block-content stk-content-align stk-70f2177-column alignfull\">\n<div class=\"wp-block-stackable-column stk-block-column stk-column stk-block stk-e9631c6\" data-v=\"4\" data-block-id=\"e9631c6\"><div class=\"stk-column-wrapper stk-block-column__content stk-container stk-e9631c6-container stk--no-background stk--no-padding\"><div class=\"stk-block-content stk-inner-blocks stk-e9631c6-inner-blocks\">\n<div class=\"wp-block-stackable-image stk-block-image stk-block stk-7ea61e6\" data-block-id=\"7ea61e6\"><style>.stk-7ea61e6 .stk-img-wrapper{height:635px !important;}.stk-7ea61e6 .stk-img-wrapper img{object-position:46% 34% !important;}<\/style><figure><span class=\"stk-img-wrapper stk-image--shape-stretch\"><img loading=\"lazy\" decoding=\"async\" class=\"stk-img wp-image-2786\" src=\"https:\/\/www.ull.es\/internacional\/wp-content\/uploads\/2025\/10\/BANNER-BREAKING-MIND-copia.jpg\" width=\"1900\" height=\"719\" srcset=\"https:\/\/www.ull.es\/internacional\/wp-content\/uploads\/2025\/10\/BANNER-BREAKING-MIND-copia.jpg 1900w, https:\/\/www.ull.es\/internacional\/wp-content\/uploads\/2025\/10\/BANNER-BREAKING-MIND-copia-300x114.jpg 300w, https:\/\/www.ull.es\/internacional\/wp-content\/uploads\/2025\/10\/BANNER-BREAKING-MIND-copia-1024x388.jpg 1024w, https:\/\/www.ull.es\/internacional\/wp-content\/uploads\/2025\/10\/BANNER-BREAKING-MIND-copia-768x291.jpg 768w, https:\/\/www.ull.es\/internacional\/wp-content\/uploads\/2025\/10\/BANNER-BREAKING-MIND-copia-1536x581.jpg 1536w, https:\/\/www.ull.es\/internacional\/wp-content\/uploads\/2025\/10\/BANNER-BREAKING-MIND-copia-18x7.jpg 18w, https:\/\/www.ull.es\/internacional\/wp-content\/uploads\/2025\/10\/BANNER-BREAKING-MIND-copia-200x76.jpg 200w, https:\/\/www.ull.es\/internacional\/wp-content\/uploads\/2025\/10\/BANNER-BREAKING-MIND-copia-375x142.jpg 375w, https:\/\/www.ull.es\/internacional\/wp-content\/uploads\/2025\/10\/BANNER-BREAKING-MIND-copia-750x284.jpg 750w, https:\/\/www.ull.es\/internacional\/wp-content\/uploads\/2025\/10\/BANNER-BREAKING-MIND-copia-1140x431.jpg 1140w\" sizes=\"auto, (max-width: 1900px) 100vw, 1900px\" \/><\/span><\/figure><\/div>\n\n\n\n<div class=\"wp-block-stackable-heading stk-block-heading stk-block-heading--v2 stk-block stk-8382b35\" id=\"strong-span-style-color-f-19918-class-stk-highlight-universidad-span-strong-br-global\" data-block-id=\"8382b35\"><style>.stk-8382b35 {margin-top:-25% !important;margin-bottom:10% !important;margin-left:5% !important;}.stk-8382b35 .stk-block-heading__text{font-size:10rem !important;color:#ffffff !important;line-height:1em !important;font-weight:bold !important;font-family:\"Montserrat\", Sans-serif !important;}@media screen and (max-width: 1023px){.stk-8382b35 {margin-top:-70% !important;}.stk-8382b35 .stk-block-heading__text{font-size:8rem !important;}}<\/style><h1 class=\"stk-block-heading__text has-text-color\"><strong><span style=\"color: #f19918;\" class=\"stk-highlight\">Universit\u00e9<\/span><\/strong><br>Mondial<\/h1><\/div>\n\n\n\n<div class=\"wp-block-stackable-heading stk-block-heading stk-block-heading--v2 stk-block stk-ca576ba\" id=\"strong-span-style-color-ffffff-class-stk-highlight-alianzas-formacion-y-movilidad-para-span-strong-br-span-style-color-f-19918-class-stk-highlight-transformar-el-mundo-span\" data-block-id=\"ca576ba\"><style>.stk-ca576ba {margin-top:-8% !important;margin-bottom:10% !important;margin-left:5% !important;}.stk-ca576ba .stk-block-heading__text{font-size:3rem !important;color:#ffffff !important;line-height:1em !important;font-weight:bold !important;font-family:\"Montserrat\", Sans-serif !important;}@media screen and (max-width: 1023px){.stk-ca576ba {margin-top:-6% !important;}.stk-ca576ba .stk-block-heading__text{font-size:3rem !important;}}<\/style><h1 class=\"stk-block-heading__text has-text-color\"><strong><span style=\"color: #ffffff;\" class=\"stk-highlight\">Alliances, formation et mobilit\u00e9 pour<\/span><\/strong><br><span style=\"color: #f19918;\" class=\"stk-highlight\">transformer le monde<\/span><\/h1><\/div>\n<\/div><\/div><\/div>\n<\/div><\/div>\n\n\n\n<div class=\"wp-block-stackable-columns alignfull stk-block-columns stk--hide-desktop stk--hide-tablet stk-block stk-dc5d651\" data-block-id=\"dc5d651\"><style>.stk-dc5d651 {margin-top:-30px !important;}<\/style><div class=\"stk-row stk-inner-blocks stk-block-content stk-content-align stk-dc5d651-column alignfull\">\n<div class=\"wp-block-stackable-column stk-block-column stk-column stk-block stk-ea4ee59\" data-v=\"4\" data-block-id=\"ea4ee59\"><div class=\"stk-column-wrapper stk-block-column__content stk-container stk-ea4ee59-container stk--no-background stk--no-padding\"><div class=\"stk-block-content stk-inner-blocks stk-ea4ee59-inner-blocks\">\n<div class=\"wp-block-stackable-image stk-block-image stk-block stk-609e6bf\" data-block-id=\"609e6bf\"><figure><span class=\"stk-img-wrapper stk-image--shape-stretch\"><img loading=\"lazy\" decoding=\"async\" class=\"stk-img wp-image-1780\" src=\"https:\/\/www.ull.es\/internacional\/wp-content\/uploads\/2025\/09\/BANNER-BREAKING-VERSION-MOVIL-copia.jpg\" width=\"1400\" height=\"1750\" srcset=\"https:\/\/www.ull.es\/internacional\/wp-content\/uploads\/2025\/09\/BANNER-BREAKING-VERSION-MOVIL-copia.jpg 1400w, https:\/\/www.ull.es\/internacional\/wp-content\/uploads\/2025\/09\/BANNER-BREAKING-VERSION-MOVIL-copia-240x300.jpg 240w, https:\/\/www.ull.es\/internacional\/wp-content\/uploads\/2025\/09\/BANNER-BREAKING-VERSION-MOVIL-copia-819x1024.jpg 819w, https:\/\/www.ull.es\/internacional\/wp-content\/uploads\/2025\/09\/BANNER-BREAKING-VERSION-MOVIL-copia-768x960.jpg 768w, https:\/\/www.ull.es\/internacional\/wp-content\/uploads\/2025\/09\/BANNER-BREAKING-VERSION-MOVIL-copia-1229x1536.jpg 1229w, https:\/\/www.ull.es\/internacional\/wp-content\/uploads\/2025\/09\/BANNER-BREAKING-VERSION-MOVIL-copia-10x12.jpg 10w, https:\/\/www.ull.es\/internacional\/wp-content\/uploads\/2025\/09\/BANNER-BREAKING-VERSION-MOVIL-copia-200x250.jpg 200w, https:\/\/www.ull.es\/internacional\/wp-content\/uploads\/2025\/09\/BANNER-BREAKING-VERSION-MOVIL-copia-375x469.jpg 375w, https:\/\/www.ull.es\/internacional\/wp-content\/uploads\/2025\/09\/BANNER-BREAKING-VERSION-MOVIL-copia-750x938.jpg 750w, https:\/\/www.ull.es\/internacional\/wp-content\/uploads\/2025\/09\/BANNER-BREAKING-VERSION-MOVIL-copia-1140x1425.jpg 1140w\" sizes=\"auto, (max-width: 1400px) 100vw, 1400px\" \/><\/span><\/figure><\/div>\n<\/div><\/div><\/div>\n<\/div><\/div>\n\n\n\n\n\n\n\n<div class=\"wp-block-stackable-columns alignfull stk-block-columns stk-block stk-2d8fd50 stk-block-background\" data-block-id=\"2d8fd50\"><style>.stk-2d8fd50 {padding-top:7% !important;padding-right:2% !important;padding-bottom:5% !important;padding-left:5% !important;margin-top:-35px !important;margin-bottom:50px !important;z-index:0 !important;}.stk-2d8fd50-column{--stk-column-gap:var(--stk--preset--spacing--80, 5.06rem) !important;}@media screen and (max-width: 1023px){.stk-2d8fd50 {margin-top:-50px !important;z-index:2 !important;}}@media screen and (max-width: 767px){.stk-2d8fd50 {padding-right:0px !important;padding-left:0px !important;margin-top:0px !important;}}<\/style><div class=\"stk-row stk-inner-blocks stk-block-content stk-content-align stk-2d8fd50-column alignfull\">\n<div class=\"wp-block-stackable-column stk-block-column stk-column stk-block stk-11c8de5\" data-v=\"4\" data-block-id=\"11c8de5\"><div class=\"stk-column-wrapper stk-block-column__content stk-container stk-11c8de5-container stk--no-background stk--no-padding\"><div class=\"stk-block-content stk-inner-blocks stk-11c8de5-inner-blocks\">\n<div class=\"wp-block-stackable-columns alignwide stk-block-columns stk-block stk-e61872c\" data-block-id=\"e61872c\"><style>.stk-e61872c .stk--block-align-e61872c{align-items:center !important;}.stk-e61872c {margin-bottom:3px !important;}<\/style><div class=\"stk-row stk-inner-blocks stk--block-align-e61872c stk-block-content stk-content-align stk-e61872c-column alignwide\">\n<div class=\"wp-block-stackable-column stk-block-column stk-column stk-block stk-5493593\" data-v=\"4\" data-block-id=\"5493593\"><div class=\"stk-column-wrapper stk-block-column__content stk-container stk-5493593-container stk--no-background stk--no-padding\"><div class=\"stk-block-content stk-inner-blocks stk-5493593-inner-blocks\">\n<link href=\"https:\/\/cdn.jsdelivr.net\/npm\/bootstrap@5.3.0-alpha1\/dist\/css\/bootstrap.min.css\" rel=\"stylesheet\">\n    <!-- Font Awesome para iconos -->\n    <link rel=\"stylesheet\" href=\"https:\/\/cdnjs.cloudflare.com\/ajax\/libs\/font-awesome\/6.0.0\/css\/all.min.css\">\n    <style>\nbody{\nfont-family: \"ArgentumSans\", sans-serif;\n    font-size: 16px;\n    line-height: 1.72222;\n}\n\n.news-group .list-group-item-text {\n    font-size: 13px;\n    padding: 5px;\n}\n\na{\n  text-decoration:none;\n}\n\n.ulldrops-item a{\n  position:unset;\n}\n\nb, strong{\nfont-weight:bold;\n}\n.tabs-container {\n            width: 100%;\n            max-width: 1800px;\n            margin: 0 auto;\n            background: transparent;\n            border-radius: 8px;\n            box-shadow: 0 2px 10px rgb(0 0 0 \/ 0%);\n            overflow: hidden;\n        }\n        .tabs-container {\n            width: 100%;\n            max-width: 1800px;\n            margin: 0 auto;\n            background: transparent;\n            border-radius: 8px;\n            box-shadow: 0 2px 10px rgb(0 0 0 \/ 0%);\n            overflow: hidden;\n        }    \n        \n        .tabs-content {\n            display: none;\n        }\n\n        .tabs-content.active {\n            display:block;\n            padding: 20px;\n            min-height: 400px;\n            margin-top: 20px;\n            background: white;\n            border-radius: 15px;\n        }\n        \n        .tab-pane {\n            display: none;\n        }\n        \n        .tab-pane.active {\n            display: block;\n            animation: fadeIn 0.5s;\n            padding:20px 0px;\n        }\n        \n        .tab-pane .content-images a {\n            display: block;\n            border-radius: 8px;\n            overflow: hidden;\n            box-shadow: 0 2px 5px rgb(0 0 0 \/ 0%);\n            transition: transform 0.3s;\n        }\n        \n        .tab-pane .content-images a:hover {\n            transform: translateY(-5px);\n        }\n        \n        .tab-pane .content-images img {\n            width: 100%;\n            height: auto;\n            display: block;\n        }\n        \n        .tabs-nav {\n            display: grid;\n            grid-template-columns: repeat(2, 1fr);\n            gap: 45px 110px;\n            border-bottom: 1px solid var(--border-color);\n            background-color: transparent;\n            margin-bottom: 20px;\n            padding: 20px 0px 20px 85px;\n            overflow: visible;\n            position: relative;\n            width: 100%;\n        }\n        \n        .tab-button {\n            display: flex;\n            align-items: center;\n            padding: 0px 20px;\n            background: none;\n            border: none;\n            cursor: pointer;\n            font-size: 3rem;\n            color: var(--text-color);\n            transition: all 0.3s ease;\n            position: relative;\n            border-radius: 8px;\n            border: 1px solid var(--border-color);\n            background-color: #612282;\n            overflow: visible;\n        }\n                \n        .tab-button.active {\n            color: var(--active-color);\n            font-weight: bold;\n            border-bottom-color: var(--active-color);\n            background-color: #ff9300;\n            padding:0px 20px;\n        }\n        \n        .tab-img {\n            width: 20%;\n            height: 100%;\n            object-fit: cover;\n            border-radius: 50%;\n            margin-right: 30px;\n            margin-left:-35px;\n            transform: translateY(0%);\n            z-index: 2; \/* Mayor z-index para que quede por encima *\/\n            border: 3px solid white;\n            box-shadow: 0 2px 8px rgba(0,0,0,0.3);\n            transform: translateX(-50%);\n            z-index: 10;\n        }\n        \n        .tab-title {\n            flex: 1;\n            text-align: left;\n            color: white;\n            font-weight: bold;\n        }\n        \n        .tab-icon {\n            font-size: 2.2rem;\n            color: white;\n        }\n\n        .content-images {\n            display: block;\n        }\n        \n        .content-images a {\n            display: block;\n            text-decoration: none;\n            color: var(--text-color);\n            transition: all 0.3s ease;\n            border-radius: 8px;\n            overflow: hidden;\n            box-shadow: 0 4px 12px rgba(0,0,0,0.1);\n        }\n\n        .image-row {\n            display: flex;\n            justify-content: center;\n            gap: 25px;\n            margin-top: 50px;\n        }\n\n        .image-row a {\n            flex: 1;\n            max-width: calc(25% - 15px); \/* 4 im\u00e1genes por fila, restando el gap *\/\n        }\n\n        .image-row img {\n            width: 100%;\n            height: auto;\n            border-radius: 8px;\n            box-shadow: 0 2px 5px rgba(0,0,0,0.1);\n            transition: transform 0.3s;\n        }\n\n        .image-row a:hover img {\n            transform: translateY(-5px);\n        }\n        \n        @keyframes fadeIn {\n            from { opacity: 0; }\n            to { opacity: 1; }\n        }\n        \n        \/* Estilos Responsive *\/\n\n        \/* Tablets (768px - 1024px) *\/\n        @media (max-width: 1024px) and (min-width: 769px) {\n            .tabs-nav {\n                grid-template-columns: repeat(2, 1fr);\n                gap: 15px 45px;\n                padding: 35px 15px 0 35px;\n            }\n    \n            .tab-button {\n                padding: 0px 50px 0px 35px;\n                margin-top: 25px;\n                font-size: 2.5rem;\n            }\n            \n            .tab-button.active {\n                padding: 0px 50px 0px 35px;\n                margin-top: 25px;\n                font-size: 2.5rem;\n            }\n\n            .tab-img {\n                width: 30%;\n                height: 100%;\n            }\n    \n            .tabs-content {\n                padding: 15px;\n            }\n    \n            .content-images {\n                grid-template-columns: repeat(2, 1fr);\n                grid-template-rows: repeat(4, auto);\n                gap: 20px;\n            }\n    \n            .content-images .image-container {\n                height: 160px;\n            }\n    \n            .image-title {\n                font-size: 0.9rem;\n                padding: 10px 5px;\n            }\n    \n            .tab-title {\n                font-size: 1.5rem;\n                margin-right:15px;\n            }\n    \n            .tab-icon {\n                font-size: 1.5rem;\n            }\n        }\n\n        \/*Dise\u00f1o m\u00f3viles*\/\n\n       \/* M\u00f3viles (hasta 768px) *\/\n\n        @media (max-width: 768px) {\n        \/* Ajustes para los tabs *\/\n        .tabs-nav {\n            grid-template-columns: 1fr;\n            gap: 10px;\n            padding: 30px 10px 0 20px;\n        }\n    \n        .tab-button {\n            padding: 30px 15px 15px;\n            margin-top: 20px;\n            font-size: 0.9rem;\n            min-height: 80px;\n        }\n    \n        .tab-img {\n            width: 60px;\n            height: 60px;\n            top: -30px;\n        }\n    \n        .tab-title {\n            font-size: 1.9rem;\n            font-weight: 600;\n            margin-top: 5px;\n        }\n    \n        .tab-icon {\n            font-size: 1.5rem;\n            margin-top: 3px;\n        }\n    \n        \/* Ajustes para el contenido *\/\n        .tabs-content {\n            padding: 15px 10px;\n        }\n   \n        \/* Cambiar a dise\u00f1o de columna para el contenido *\/\n        .content-images {\n            grid-template-columns: 1fr;\n            grid-template-rows: repeat(auto-fit, minmax(200px, auto));\n            gap: 15px;\n        }\n    \n        .content-images .image-container {\n            height: 160px;\n            border-radius: 10px;\n        }\n    \n        .image-title {\n            font-size: 1rem;\n            font-weight: 500;\n            padding: 12px 5px;\n            background: #f8f9fa;\n            border-radius: 0 0 8px 8px;\n        }\n    \n        \/* Mejoras visuales adicionales para m\u00f3viles *\/\n        .content-images a {\n        border-radius: 10px;\n        box-shadow: 0 3px 8px rgba(0,0,0,0.1);\n        }\n\n        .tab-pane.active {\n        padding: 15px 0;\n        }\n    \n        .tab-pane .content-images {\n            gap: 15px;\n        }\n\n        .image-row {\n            display: flex;\n            flex-direction: row;\n            justify-content: center;\n            align-items: center;\n            padding: 0px 20px;\n        }\n    \n        .tab-pane .content-images a {\n            box-shadow: 0 3px 8px rgba(0,0,0,0.1);\n            margin: 0px;\n        }\n    \n        .tab-pane .content-images img {\n            height: 100%;\n            width: 100%;\n            object-fit: cover;\n        }\n    \n    }\n\n\/* M\u00f3viles peque\u00f1os (hasta 480px) *\/\n    @media (max-width: 480px) {\n    .tab-button {\n        padding: 0px 20px 0px 55px;\n        margin-top: 15px;\n        font-size: 0.85rem;\n        min-height: 70px;\n    }\n    \n    .tab-button.active {\n        padding: 0px 20px 0px 55px;\n        margin-top: 15px;\n        font-size: 0.85rem;\n        min-height: 70px;\n    }\n\n    .tab-img {\n        width: 25%;\n        height: 100%;\n    }\n    \n    .tab-title {\n        font-size: 1.85rem;\n    }\n    \n    .content-images .image-container {\n        height: 100%;\n        width: 100%;\n    }\n    \n    .image-title {\n        font-size: 0.9rem;\n        padding: 10px 5px;\n    }\n\n     .tab-pane.active {\n        padding: 10px 0;\n    }\n    \n    .tab-pane .content-images {\n        gap: 12px;\n    }\n    \n    .tab-pane .content-images img {\n        height: 115px;\n        width: 220px;\n    }\n    .tabs-content.active {\n        display: flex;\n        flex-direction: column;\n        padding: 0px;\n        min-height: 400px;\n        margin-top: 20px;\n        background: white;\n        border-radius: 15px;\n        margin-left: 10px;\n        margin-right: 10px;\n    }\n}\n    <\/style>\n    <div class=\"tabs-container\">       \n        <div class=\"tabs-nav\">\n    \n            <button class=\"tab-button\" data-tab=\"estudiar\">\n                <img decoding=\"async\" src=\"\/internacional\/wp-content\/uploads\/2025\/09\/imagen_circular_recortada.png\" alt=\"Estudiar fuera\" class=\"tab-img\">\n                <div class=\"tab-title\">\u00c9tudier \u00e0 l&#039;\u00e9tranger<\/div>\n                <div class=\"tab-icon\"><i class=\"fas fa-plus\"><\/i><\/div>\n            <\/button>\n\n            <button class=\"tab-button\" data-tab=\"internacional\">\n                <img decoding=\"async\" src=\"\/internacional\/wp-content\/uploads\/2025\/09\/imagen_circular_recortada-3.png\" alt=\"Internacionalizacion\" class=\"tab-img\">\n                <div class=\"tab-title\">Internationalisation<\/div>\n                <div class=\"tab-icon\"><i class=\"fas fa-plus\"><\/i><\/div>\n            <\/button>\n            \n            <button class=\"tab-button\" data-tab=\"students\">\n                <img decoding=\"async\" src=\"\/internacional\/wp-content\/uploads\/2025\/09\/imagen_circular_recortada-1.png\" alt=\"Incoming Students\" class=\"tab-img\">\n                <div class=\"tab-title\">\u00c9tudiants entrants<\/div>\n                <div class=\"tab-icon\"><i class=\"fas fa-plus\"><\/i><\/div>\n            <\/button>\n\n            <button class=\"tab-button\" data-tab=\"coop\">\n                <img decoding=\"async\" src=\"\/internacional\/wp-content\/uploads\/2025\/09\/imagen_circular_recortada-4.png\" alt=\"Cooperaci\u00f3n\" class=\"tab-img\">\n                <div class=\"tab-title\">Coop\u00e9ration<\/div>\n                <div class=\"tab-icon\"><i class=\"fas fa-plus\"><\/i><\/div>\n            <\/button>\n            \n            <button class=\"tab-button\" data-tab=\"movilidades\">\n                <img decoding=\"async\" src=\"\/internacional\/wp-content\/uploads\/2025\/09\/imagen_circular_recortada-2.png\" alt=\"Movilidades PDI\/PTGAS\" class=\"tab-img\">\n                <div class=\"tab-title\">Mobilit\u00e9s PDI\/PTGAS<\/div>\n                <div class=\"tab-icon\"><i class=\"fas fa-plus\"><\/i><\/div>\n            <\/button>\n            \n            <button class=\"tab-button\" data-tab=\"gestion\">\n                <img decoding=\"async\" src=\"\/internacional\/wp-content\/uploads\/2025\/09\/imagen_circular_recortada-5.png\" alt=\"Gesti\u00f3n\" class=\"tab-img\">\n                <div class=\"tab-title\">Gestion<\/div>\n                <div class=\"tab-icon\"><i class=\"fas fa-plus\"><\/i><\/div>\n            <\/button>           \n        <\/div>\n        \n        <div class=\"tabs-content\">\n            <div class=\"tab-pane\" id=\"estudiar\">\n                <div class=\"content-images\">\n                    <!--Fila 1-->\n                    <div class=\"image-row\">\n                        <a href=\"\/internacional\/erasmus\/fr\/estudios-salientes-movilidad-europea\/\" data-no-translation target=\"_blank\" rel=\"noopener\"><img decoding=\"async\" src=\"\/internacional\/wp-content\/uploads\/2025\/09\/ERASMUS-ESTUDIOS.png\" alt=\"Erasmus Estudios\"><\/a>\n                        <a href=\"\/internacional\/erasmus\/fr\/practicas-erasmus-de-la-ull-salientes-movilidad-europea\/\" data-no-translation target=\"_blank\" rel=\"noopener\"><img decoding=\"async\" src=\"\/internacional\/wp-content\/uploads\/2025\/09\/ERASMUS-PRACTICAS.png\" alt=\"Erasmus Pr\u00e1cticas\"><\/a>\n                        <a href=\"\/internacional\/fr\/movilidades-internacionales-extracomunitarias\/\" target=\"_blank\" rel=\"noopener\"><img decoding=\"async\" src=\"\/internacional\/wp-content\/uploads\/2025\/09\/MOVILIDADES-INTERNACIONALES.png\" alt=\"Movilidades internacionales extracomunitarias\"><\/a>\n                        <a href=\"\/internacional\/fr\/estancias-doctorado-ecusa-eeuu\/\" target=\"_blank\" rel=\"noopener\"><img decoding=\"async\" src=\"\/internacional\/wp-content\/uploads\/2025\/09\/ESTANCIAS-DE-DOCTORADO.png\" alt=\"Estancias de doctorado ECUSA en Estados Unidos\"><\/a>\n                    <\/div>\n                <\/div>\n            <\/div>\n            \n            <div class=\"tab-pane\" id=\"students\">\n                <div class=\"content-images\">\n                    <!--Fila 1-->\n                   <div class=\"image-row\">\n                        <a href=\"\/internacional\/erasmus\/fr\/incoming-erasmus-estudios\/\" data-no-translation target=\"_blank\" rel=\"noopener\"><img decoding=\"async\" src=\"\/internacional\/wp-content\/uploads\/2025\/09\/ERASMUS-ESTUDIOS.png\" alt=\"Erasmus Estudios\"><\/a>\n                        <a href=\"\/internacional\/erasmus\/fr\/incoming-erasmus-practicas\/\" data-no-translation target=\"_blank\" rel=\"noopener\"><img decoding=\"async\" src=\"\/internacional\/wp-content\/uploads\/2025\/09\/ERASMUS-PRACTICAS.png\" alt=\"Erasmus Pr\u00e1cticas\"><\/a>\n                        <a href=\"\/internacional\/fr\/programa-learn-africa\/\" target=\"_blank\" rel=\"noopener\"><img decoding=\"async\" src=\"\/internacional\/wp-content\/uploads\/2025\/09\/LEARN-AFRICA.png\" alt=\"Learn \u00c1frica\"><\/a>   \n                    <\/div>\n                    <!-- Fila 2 -->\n                    <div class=\"image-row\">\n\n<a href=\"\/internacional\/fr\/incoming-movilidades-internacionales-extracomunitarias\/\" data-no-translation target=\"_blank\" rel=\"noopener\"><img decoding=\"async\" src=\"\/internacional\/wp-content\/uploads\/2025\/09\/MOVILIDADES-INTERNACIONALES.png\" alt=\"Movilidades internacionales extracomunitarias Incoming\"><\/a>\n                        <a href=\"\/internacional\/fr\/programa-de-becas-de-la-fundacion-carolina\/\" target=\"_blank\" rel=\"noopener\"><img decoding=\"async\" src=\"\/internacional\/wp-content\/uploads\/2025\/09\/FUNDACION-CAROLINA.png\" alt=\"Fundaci\u00f3n Carolina\"><\/a>\n                        <a href=\"\/internacional\/fr\/enamorate-ull\/\" target=\"_blank\" rel=\"noopener\"><img decoding=\"async\" src=\"\/internacional\/wp-content\/uploads\/2025\/10\/VIDEOS_PROMOCIONALES.png\" alt=\"Videos Promocionales\"><\/a>\n                    <\/div>\n                <\/div>\n            <\/div>\n            \n            <div class=\"tab-pane\" id=\"movilidades\">\n                <div class=\"content-images\">\n                     <!--Fila 1-->\n                   <div class=\"image-row\">\n                         <a href=\"\/internacional\/erasmus\/fr\/pdi-salientes-movilidad-comunitaria\/\" data-no-translation target=\"_blank\" rel=\"noopener\"><img decoding=\"async\" src=\"\/internacional\/wp-content\/uploads\/2025\/09\/PDI.png\" alt=\"PDI - Erasmus salientes (Movilidad comunitaria)\"><\/a>\n                        <a href=\"\/internacional\/erasmus\/fr\/ptgas-salientes-movilidad-comunitaria\/\" data-no-translation target=\"_blank\" rel=\"noopener\"><img decoding=\"async\" src=\"\/internacional\/wp-content\/uploads\/2025\/09\/PTGAS.png\" alt=\"PTGAS - Erasmus salientes (Movilidad comunitaria)\"><\/a>\n                        <a href=\"\/internacional\/fr\/blended-intensive-programs-starseu\/\" target=\"_blank\" rel=\"noopener\"><img decoding=\"async\" src=\"\/internacional\/wp-content\/uploads\/2025\/09\/BLENDED.png\" alt=\"Blended Intensive Programs (BIPs) de la alianza STARS-EU\"><\/a>\n                    <\/div>\n                <\/div>\n            <\/div>\n            \n            <div class=\"tab-pane\" id=\"internacional\">\n                <div class=\"content-images\">\n                    <!--Fila 1-->\n                   <div class=\"image-row\">\n                        <a href=\"\/internacional\/stars-eu\/fr\" data-no-translation target=\"_blank\" rel=\"noopener\"><img decoding=\"async\" src=\"\/internacional\/wp-content\/uploads\/2025\/09\/ALIANZA.png\" alt=\"Alianza Stars EU\"><\/a>\n                        <a href=\"\/internacional\/fr\/red-de-talentos-imfahe\/\" target=\"_blank\" rel=\"noopener\"><img decoding=\"async\" src=\"\/internacional\/wp-content\/uploads\/2025\/09\/RED-DE-TALENTOS.png\" alt=\"Red de Talentos IMFAHE\"><\/a>\n                        <a href=\"\/internacional\/fr\/liderafrica\/\" target=\"_blank\" rel=\"noopener\"><img decoding=\"async\" src=\"\/internacional\/wp-content\/uploads\/2025\/09\/Liderafrica.png\" alt=\"Liderafrica\"><\/a>\n                    <\/div>\n                    <!-- Fila 2 -->\n                    <div class=\"image-row\">\n                        <a href=\"\/internacional\/fr\/izacion-del-curriculum\/\" target=\"_blank\" rel=\"noopener\"><img decoding=\"async\" src=\"\/internacional\/wp-content\/uploads\/2025\/09\/INTERNACIONALIZACION.png\" alt=\"Internacionalizaci\u00f3n del Curr\u00edculum\"><\/a>\n                        <a href=\"\/internacional\/fr\/izacion-del-campus\/\" target=\"_blank\" rel=\"noopener\"><img decoding=\"async\" src=\"\/internacional\/wp-content\/uploads\/2025\/09\/INTERNACIONALIZACION-CAMPUS.png\" alt=\"Internacionalizaci\u00f3n el Campus\"><\/a>\n                        <a href=\"\/internacional\/fr\/cooperacion-en-pildoras\/\" target=\"_blank\" rel=\"noopener\"><img decoding=\"async\" src=\"\/internacional\/wp-content\/uploads\/2025\/10\/COOPERACION_EN_PILDORAS.png\" alt=\"Cooperaci\u00f3n en P\u00edldoras\"><\/a>\n                    <\/div>\n                <\/div>\n            <\/div>\n            \n            <div class=\"tab-pane\" id=\"coop\">\n                <div class=\"content-images\">\n                   <!--Fila 1-->\n                   <div class=\"image-row\">\n                        <a href=\"\/internacional\/fr\/proyectos-cooperacion-desarrollo\/\" target=\"_blank\" rel=\"noopener\"><img decoding=\"async\" src=\"\/internacional\/wp-content\/uploads\/2025\/09\/IDENTIFICACION.png\" alt=\"Identificaci\u00f3n de proyectos de cooperaci\u00f3n\"><\/a>\n                        <a href=\"\/internacional\/fr\/proyectos-cooperacion-ka200\/\" target=\"_blank\" rel=\"noopener\"><img decoding=\"async\" src=\"\/internacional\/wp-content\/uploads\/2025\/09\/PROYECTOS.png\" alt=\"Proyectos de cooperaci\u00f3n KA200\"><\/a>\n                        <a href=\"\/internacional\/fr\/cooperar-cooperando\/\" target=\"_blank\" rel=\"noopener\"><img decoding=\"async\" src=\"\/internacional\/wp-content\/uploads\/2025\/09\/APRENDER-COOPERANDO.png\" alt=\"Aprender cooperando\"><\/a>\n                    <\/div>\n                    <!-- Fila 2 -->\n                    <div class=\"image-row\">\n                        <a href=\"\/internacional\/fr\/practicas-cooperacion-estudiantes\/\" target=\"_blank\" rel=\"noopener\"><img decoding=\"async\" src=\"\/internacional\/wp-content\/uploads\/2025\/09\/PRACTICAS.png\" alt=\"Pr\u00e1cticas de cooperaci\u00f3n para estudiantes\"><\/a>\n                        <a href=\"\/internacional\/fr\/gobernanza-estrategia-cooperacion\/\" target=\"_blank\" rel=\"noopener\"><img decoding=\"async\" src=\"\/internacional\/wp-content\/uploads\/2025\/09\/GOBERNANZA.png\" alt=\"Gobernanza y Estrategia\"><\/a>\n                    <\/div>\n                <\/div>\n            <\/div>\n            \n            <div class=\"tab-pane\" id=\"gestion\">\n                <div class=\"content-images\">\n                    <!-- Fila 1 -->\n                    <div class=\"image-row\">\n                        <a href=\"https:\/\/www.ull.es\/internacional\/fr\/portal\/convocatorias\/categorias\/\" target=\"_blank\" rel=\"noopener\"><img decoding=\"async\" src=\"\/internacional\/wp-content\/uploads\/2025\/09\/CONVOCATORIAS.png\" alt=\"Convocatorias\"><\/a>\n                        <a href=\"https:\/\/docs.google.com\/spreadsheets\/d\/1TRwvCI_7Y8dskmsH5OHLO1FtSIc47y_LLLiGHdpdxFE\/edit?gid=0#gid=0\" target=\"_blank\" rel=\"noopener\"><img decoding=\"async\" src=\"\/internacional\/wp-content\/uploads\/2025\/09\/COORDINACION.png\" alt=\"Coordinaci\u00f3n de movilidad\"><\/a>\n                        <a href=\"\/internacional\/fr\/convenios\/\" target=\"_blank\" rel=\"noopener\"><img decoding=\"async\" src=\"\/internacional\/wp-content\/uploads\/2025\/09\/CONVENIOS.png\" alt=\"Convenios\"><\/a>\n                        <a href=\"\/internacional\/fr\/asociaciones-y-redes\/\" target=\"_blank\" rel=\"noopener\"><img decoding=\"async\" src=\"\/internacional\/wp-content\/uploads\/2025\/09\/ASOCIACIONES.png\" alt=\"Asociaciones y Redes\"><\/a>\n                    <\/div>\n                    <!-- Fila 2 -->\n                    <div class=\"image-row\">\n                        <a href=\"\/internacional\/fr\/normativa\/\" target=\"_blank\" rel=\"noopener\"><img decoding=\"async\" src=\"\/internacional\/wp-content\/uploads\/2025\/09\/NORMATIVA.png\" alt=\"Normativa\"><\/a>\n                        <a href=\"\/internacional\/fr\/procedimientos\/\" target=\"_blank\" rel=\"noopener\"><img decoding=\"async\" src=\"\/internacional\/wp-content\/uploads\/2025\/09\/PROCEDIMIENTOS.png\" alt=\"Procedimientos\"><\/a>\n                        <a href=\"\/internacional\/fr\/protocolo-de-emergencia\/\" target=\"_blank\" rel=\"noopener\"><img decoding=\"async\" src=\"\/internacional\/wp-content\/uploads\/2025\/09\/PROTOCOLO.png\" alt=\"Protocolo de emergencia\"><\/a>\n                        <a href=\"\/internacional\/fr\/contactos\/\" target=\"_blank\" rel=\"noopener\"><img decoding=\"async\" src=\"\/internacional\/wp-content\/uploads\/2025\/09\/CONTACTOS.png\" alt=\"Contactos\"><\/a>\n                    <\/div>\n                <\/div>\n            <\/div>\n\n        <\/div>\n    <\/div>\n\n    <!-- Bootstrap 5 JS con Popper -->\n    <script src=\"https:\/\/cdn.jsdelivr.net\/npm\/bootstrap@5.3.0-alpha1\/dist\/js\/bootstrap.bundle.min.js\"><\/script>\n    <script>\n\n    document.addEventListener('DOMContentLoaded', function() {\n    const tabButtons = document.querySelectorAll('.tab-button');\n    const tabPanes = document.querySelectorAll('.tab-pane');\n    const tabsContent = document.querySelector('.tabs-content');\n    \n    tabButtons.forEach(button => {\n        button.addEventListener('click', function() {\n            \/\/ Remover clase activa de todos los botones\n            tabButtons.forEach(btn => {\n                btn.classList.remove('active');\n                const icon = btn.querySelector('.tab-icon i');\n                if(icon) icon.className = 'fas fa-plus';\n            });\n            \n            \/\/ A\u00f1adir clase activa al bot\u00f3n clickeado\n            this.classList.add('active');\n            const activeIcon = this.querySelector('.tab-icon i');\n            if(activeIcon) activeIcon.className = 'fas fa-minus';\n            \n            \/\/ Mostrar el contenedor de contenido si estaba oculto\n            tabsContent.classList.add('active');\n            \n            \/\/ Ocultar todos los contenidos\n            tabPanes.forEach(pane => {\n                pane.classList.remove('active');\n            });\n            \n            \/\/ Mostrar el contenido correspondiente\n            const tabId = this.getAttribute('data-tab');\n            const targetPane = document.getElementById(tabId);\n            if(targetPane) {\n                targetPane.classList.add('active');\n            }\n        });\n    });\n});\n<\/script>\n<\/div><\/div><\/div>\n<\/div><\/div>\n<\/div><\/div><\/div>\n<\/div><\/div>\n\n\n\n<div class=\"wp-block-stackable-columns alignfull stk-block-columns stk-block stk-1914a0b\" data-block-id=\"1914a0b\"><style>.stk-1914a0b {padding-right:5% !important;padding-left:5% !important;}@media screen and (max-width: 767px){.stk-1914a0b {padding-right:5px !important;padding-left:5px !important;}}<\/style><div class=\"stk-row stk-inner-blocks stk-block-content stk-content-align stk-1914a0b-column alignfull\">\n<div class=\"wp-block-stackable-column stk-block-column stk-column stk-block stk-3611dde\" data-v=\"4\" data-block-id=\"3611dde\"><div class=\"stk-column-wrapper stk-block-column__content stk-container stk-3611dde-container stk--no-background stk--no-padding\"><div class=\"stk-block-content stk-inner-blocks stk-3611dde-inner-blocks\">\n<div class=\"wp-block-stackable-columns alignwide stk-block-columns stk-block stk-b4290d5\" data-block-id=\"b4290d5\"><style>.stk-b4290d5 {padding-right:5% !important;padding-left:5% !important;}<\/style><div class=\"stk-row stk-inner-blocks stk-block-content stk-content-align stk-b4290d5-column alignwide\">\n<div class=\"wp-block-stackable-column stk-block-column stk-column stk-block stk-a6f0660\" data-v=\"4\" data-block-id=\"a6f0660\"><style>@media screen and (min-width: 768px) and (max-width: 1023px){.stk-a6f0660 {flex:var(--stk-flex-grow, 1) 1 calc(100% - var(--stk-column-gap, 0px) * 0 \/ 1 ) !important;}}<\/style><div class=\"stk-column-wrapper stk-block-column__content stk-container stk-a6f0660-container stk--no-background stk--no-padding\"><div class=\"stk-block-content stk-inner-blocks stk-a6f0660-inner-blocks\"><style>\n    .news-group .bg-size {\n        background-position: center;\n        background-size: cover;\n        width: 100%;\n        height: 48px;\n    }\n    .news-group .list-group-item-text {\n        font-size: 13px;\n    }\n    .news-group .col-md-3 {\n        padding-right: 0;\n    }\n    .news-group .list-group-item-date {\n        font-size: 11px;\n        color: #A4A4A4;\n        margin-bottom: 2px;\n        text-transform: uppercase;\n    }\n\n    .mensaje.alert-warning{\n        font-size: 12px;\n        margin: 14px !important;\n        padding: 4px 8px;\n        color: #cca60b;\n    }\n<\/style>\n\n<div class=\"panel panel-default\">\n    <div class=\"panel-heading\">\n        <h3 class=\"panel-title\">Nouvelles<\/h3>\n    <\/div>\n\n    <div class=\"list-group news-group\">\n                    <a href=\"https:\/\/www.ull.es\/internacional\/fr\/portal\/noticias\/2026\/la-laguna-reune-a-una-veintena-de-estudiantes-internacionales-de-stars-eu-para-abordar-el-acceso-inclusivo-a-la-justicia\/\" class=\"list-group-item\">\n                <div class=\"row\">\n                    <div class=\"col-md-3\">\n                        <div class=\"bg-size\" style=\"background-image: url('https:\/\/www.ull.es\/portal\/noticias\/wp-content\/uploads\/sites\/13\/2026\/04\/BIP-Justicia-transform-01-300x200.jpg');\"><\/div>\n                    <\/div>\n                    <div class=\"col-md-9\">\n                        <p class=\"list-group-item-date\">\n                            23 avril 2026 - 08:56 UTC                        <\/p>\n                        <p class=\"list-group-item-text\">La Laguna r\u00e9unit une vingtaine d&#039;\u00e9tudiants internationaux du programme STARS EU pour aborder la question de l&#039;acc\u00e8s inclusif \u00e0 la justice.<\/p>\n                    <\/div>\n                <\/div>\n            <\/a>\n                    <a href=\"https:\/\/www.ull.es\/internacional\/fr\/portal\/noticias\/2026\/cuatro-estudiantes-turismo-participan-stars-eu-student-case-competition\/\" class=\"list-group-item\">\n                <div class=\"row\">\n                    <div class=\"col-md-3\">\n                        <div class=\"bg-size\" style=\"background-image: url('https:\/\/www.ull.es\/portal\/noticias\/wp-content\/uploads\/sites\/13\/2026\/04\/delegacion-ull-300x200.jpg');\"><\/div>\n                    <\/div>\n                    <div class=\"col-md-9\">\n                        <p class=\"list-group-item-date\">\n                            22 avril 2026 - 14:08 UTC                        <\/p>\n                        <p class=\"list-group-item-text\">Quatre \u00e9tudiants en tourisme de l&#039;ULL participent au concours d&#039;\u00e9tudes de cas STARS EU aux Pays-Bas<\/p>\n                    <\/div>\n                <\/div>\n            <\/a>\n                    <a href=\"https:\/\/www.ull.es\/internacional\/fr\/portal\/noticias\/2026\/ull-ii-cumbre-mexico-espana\/\" class=\"list-group-item\">\n                <div class=\"row\">\n                    <div class=\"col-md-3\">\n                        <div class=\"bg-size\" style=\"background-image: url('https:\/\/www.ull.es\/portal\/noticias\/wp-content\/uploads\/sites\/13\/2026\/04\/cumbre-universidades-mexico-convenio-universidad-veracruzana-300x200.jpg');\"><\/div>\n                    <\/div>\n                    <div class=\"col-md-9\">\n                        <p class=\"list-group-item-date\">\n                            22 avril 2026 - 13h40 UTC                        <\/p>\n                        <p class=\"list-group-item-text\">L&#039;ULL participe au IIe Sommet des recteurs Mexique-Espagne et renforce ses relations avec le pays am\u00e9ricain<\/p>\n                    <\/div>\n                <\/div>\n            <\/a>\n                    <a href=\"https:\/\/www.ull.es\/internacional\/fr\/portal\/noticias\/2026\/la-ull-en-las-xxiv-jornadas-de-crue-internacionalizacion-y-cooperacion\/\" class=\"list-group-item\">\n                <div class=\"row\">\n                    <div class=\"col-md-3\">\n                        <div class=\"bg-size\" style=\"background-image: url('https:\/\/www.ull.es\/portal\/noticias\/wp-content\/uploads\/sites\/13\/2026\/04\/df8c0cd5-0cfb-41d5-9d4e-a016b2992741-300x225.jpg');\"><\/div>\n                    <\/div>\n                    <div class=\"col-md-9\">\n                        <p class=\"list-group-item-date\">\n                            20 avril 2026 - 09:38 UTC                        <\/p>\n                        <p class=\"list-group-item-text\">L&#039;ULL \u00e0 la XXIVe Conf\u00e9rence CRUE sur l&#039;internationalisation et la coop\u00e9ration<\/p>\n                    <\/div>\n                <\/div>\n            <\/a>\n                    <a href=\"https:\/\/www.ull.es\/internacional\/fr\/portal\/noticias\/2026\/stars-eu-reune-nueve-universidades-experiencia-formativa-conjunta-paises-bajos\/\" class=\"list-group-item\">\n                <div class=\"row\">\n                    <div class=\"col-md-3\">\n                        <div class=\"bg-size\" style=\"background-image: url('https:\/\/www.ull.es\/portal\/noticias\/wp-content\/uploads\/sites\/13\/2026\/04\/student-case-competittion-stars-eu-p-300x188.jpg');\"><\/div>\n                    <\/div>\n                    <div class=\"col-md-9\">\n                        <p class=\"list-group-item-date\">\n                            17 avril 2026 - 13:41 UTC                        <\/p>\n                        <p class=\"list-group-item-text\">STARS EU r\u00e9unit pour la premi\u00e8re fois ses neuf universit\u00e9s dans le cadre d&#039;une exp\u00e9rience de formation commune aux Pays-Bas.<\/p>\n                    <\/div>\n                <\/div>\n            <\/a>\n            <\/div>\n    <div class=\"panel-footer\">\n        <a href=\"https:\/\/www.ull.es\/internacional\/fr\/portal\/noticias\/?cat=349\">PLUS DE NOUVELLES <i class=\"fa fa-chevron-right\"><\/i><\/a>\n    <\/div>\n\n\n<\/div>\n<\/div><\/div><\/div>\n\n\n\n<div class=\"wp-block-stackable-column stk-block-column stk-column stk-block stk-e993852\" data-v=\"4\" data-block-id=\"e993852\"><style>@media screen and (min-width: 768px) and (max-width: 1023px){.stk-e993852 {flex:var(--stk-flex-grow, 1) 1 calc(100% - var(--stk-column-gap, 0px) * 0 \/ 1 ) !important;}}<\/style><div class=\"stk-column-wrapper stk-block-column__content stk-container stk-e993852-container stk--no-background stk--no-padding\"><div class=\"stk-block-content stk-inner-blocks stk-e993852-inner-blocks\">\n<style>\n    .events-group .bg-size {\n        background-position: center;\n        background-size: cover;\n        width: 100%;\n        height: 48px;\n    }\n    .events-group .list-group-item-text {\n        font-size: 13px;\n    }\n    .events-group .col-md-3 {\n        padding-right: 0;\n    }\n    .events-group .list-group-item-date {\n        font-size: 11px;\n        color: #A4A4A4;\n        margin-bottom: 2px;\n        text-transform: uppercase;\n    }\n\n    .mensaje.alert-warning{\n        font-size: 12px;\n        margin: 14px !important;\n        padding: 4px 8px;\n        color: #cca60b;\n    }\n\n<\/style>\n\n<div class=\"panel panel-default\">\n    <div class=\"panel-heading\">\n        <h3 class=\"panel-title\">\u00c9v\u00e9nements<\/h3>\n    <\/div>\n\n    <div class=\"list-group events-group\">\n                    <a href=\"https:\/\/www.ull.es\/internacional\/fr\/portal\/agenda\/evento\/ii-wax-ma-ko-ci-wolof-curso-de-iniciacion-a-la-lengua-y-cultura-wolof\/\" class=\"list-group-item\">\n                <div class=\"row\">\n                    <div class=\"col-md-3\">\n                        <div class=\"bg-size\" style=\"background-image: url('https:\/\/www.ull.es\/portal\/agenda\/wp-content\/uploads\/sites\/12\/2026\/02\/II-WAX-MA-KO-CI-WOLOF_Banner-eventos.png');\"><\/div>\n                    <\/div>\n                    <div class=\"col-md-9\">\n                        <p class=\"list-group-item-date\">\n                            03\/04\/26 - 05\/05\/26                        <\/p>\n                        <p class=\"list-group-item-text\">II Wax ma ko ci Wolof ! Cours d&#039;introduction \u00e0 la langue et \u00e0 la culture wolof<\/p>\n                    <\/div>\n\n                <\/div>\n            <\/a>\n        \n    <\/div>\n    <div class=\"panel-footer\">\n        <a href=\"https:\/\/www.ull.es\/internacional\/fr\/portal\/agenda\/eventos\/categoriaizacion\/\">PLUS D&#039;\u00c9V\u00c9NEMENTS <i class=\"fa fa-chevron-right\"><\/i><\/a>\n    <\/div>\n\n\n<\/div>\n\n<\/div><\/div><\/div>\n\n\n\n<div class=\"wp-block-stackable-column stk-block-column stk-column stk-block stk-1f62f2f\" data-v=\"4\" data-block-id=\"1f62f2f\"><style>@media screen and (min-width: 768px) and (max-width: 1023px){.stk-1f62f2f {flex:var(--stk-flex-grow, 1) 1 calc(100% - var(--stk-column-gap, 0px) * 0 \/ 1 ) !important;}}<\/style><div class=\"stk-column-wrapper stk-block-column__content stk-container stk-1f62f2f-container stk--no-background stk--no-padding\"><div class=\"stk-block-content stk-inner-blocks stk-1f62f2f-inner-blocks\"><style>\n    .news-group .bg-size {\n        background-position: center;\n        background-size: cover;\n        width: 100%;\n        height: 48px;\n    }\n    .news-group .list-group-item-text {\n        font-size: 13px;\n    }\n    .news-group .col-md-3 {\n        padding-right: 0;\n    }\n    .news-group .list-group-item-date {\n        font-size: 11px;\n        color: #A4A4A4;\n        margin-bottom: 2px;\n        text-transform: uppercase;\n    }\n\n    .mensaje.alert-warning{\n        font-size: 12px;\n        margin: 14px !important;\n        padding: 4px 8px;\n        color: #cca60b;\n    }\n\n<\/style>\n\n\n<!--<pre>-->\n<!--    --><!--<\/pre>-->\n\n<div class=\"panel panel-default\">\n    <div class=\"panel-heading\">\n        <h3 class=\"panel-title\">Appels<\/h3>\n    <\/div>\n\n    <div class=\"list-group news-group\">\n                            <a href=\"https:\/\/www.ull.es\/internacional\/fr\/portal\/convocatorias\/convocatoria\/alumnado-de-grado-y-master-oficial-becas-cabildo-de-tenerife-practicas-internacionales-de-cooperacion-universitaria-al-desarrollo-paises-fuera-de-la-ue-2026-se\/\" class=\"list-group-item\">\n                    <div class=\"row\">\n                        <div class=\"col-md-12\">\n                            <p class=\"list-group-item-date\">\n                                Date de modification : 24 avril 2026 \u00e0 07:24 UTC                            <\/p>\n                            <p class=\"list-group-item-text\">\u00c9tudiants de licence et de master officiel \u2013 Bourses du Conseil insulaire de Tenerife \u2013 Stages de coop\u00e9ration universitaire internationale pour le d\u00e9veloppement \u2013 Pays hors UE \u2013 2026 (deuxi\u00e8me \u00e9dition)<\/p>\n                        <\/div>\n                    <\/div>\n                <\/a>\n                            <a href=\"https:\/\/www.ull.es\/internacional\/fr\/portal\/convocatorias\/convocatoria\/convocatoria-de-ayudas-economicas-destinadas-a-participantes-en-programas-intensivos-combinados-bips-pertenecientes-al-catalogo-de-la-alianza-europea-de-universidades-stars-eu-2\/\" class=\"list-group-item\">\n                    <div class=\"row\">\n                        <div class=\"col-md-12\">\n                            <p class=\"list-group-item-date\">\n                                Date de modification : 22 avril 2026 \u00e0 13h22 UTC                            <\/p>\n                            <p class=\"list-group-item-text\">Appel \u00e0 candidatures pour une aide financi\u00e8re destin\u00e9e aux participants aux programmes intensifs combin\u00e9s (PIC) inscrits au catalogue de l&#039;alliance universitaire europ\u00e9enne STARS EU.<\/p>\n                        <\/div>\n                    <\/div>\n                <\/a>\n                <\/div>\n\n    <div class=\"panel-footer\">\n                    <a href=\"https:\/\/www.ull.es\/internacional\/fr\/portal\/convocatorias\/categorias\/\">PLUS D&#039;APPELS \u00c0 CANDIDATURES <i class=\"fa fa-chevron-right\"><\/i><\/a>\n            <\/div>\n\n    \n<\/div>\n<\/div><\/div><\/div>\n<\/div><\/div>\n<\/div><\/div><\/div>\n<\/div><\/div>","protected":false},"excerpt":{"rendered":"<p>Alliances universitaires mondiales, formation et mobilit\u00e9 pour transformer le monde \u00c9tudes \u00e0 l&#039;\u00e9tranger Internationalisation \u00c9tudiants entrants Coop\u00e9ration Mobilit\u00e9 Gestion du personnel enseignant\/technique \u00c9tudes \u00e0 l&#039;\u00e9tranger Internationalisation \u00c9tudiants entrants Coop\u00e9ration Mobilit\u00e9 Gestion du personnel enseignant\/technique \u00c9tudes \u00e0 l&#039;\u00e9tranger Internationalisation \u00c9tudiants entrants Coop\u00e9ration Mobilit\u00e9 Gestion du personnel enseignant\/technique<\/p>","protected":false},"author":2,"featured_media":0,"parent":0,"menu_order":0,"comment_status":"closed","ping_status":"closed","template":"templates\/template-frontpage.php","meta":{"footnotes":""},"class_list":["post-516","page","type-page","status-publish","hentry"],"_links":{"self":[{"href":"https:\/\/www.ull.es\/internacional\/fr\/wp-json\/wp\/v2\/pages\/516","targetHints":{"allow":["GET"]}}],"collection":[{"href":"https:\/\/www.ull.es\/internacional\/fr\/wp-json\/wp\/v2\/pages"}],"about":[{"href":"https:\/\/www.ull.es\/internacional\/fr\/wp-json\/wp\/v2\/types\/page"}],"author":[{"embeddable":true,"href":"https:\/\/www.ull.es\/internacional\/fr\/wp-json\/wp\/v2\/users\/2"}],"replies":[{"embeddable":true,"href":"https:\/\/www.ull.es\/internacional\/fr\/wp-json\/wp\/v2\/comments?post=516"}],"version-history":[{"count":333,"href":"https:\/\/www.ull.es\/internacional\/fr\/wp-json\/wp\/v2\/pages\/516\/revisions"}],"predecessor-version":[{"id":3495,"href":"https:\/\/www.ull.es\/internacional\/fr\/wp-json\/wp\/v2\/pages\/516\/revisions\/3495"}],"wp:attachment":[{"href":"https:\/\/www.ull.es\/internacional\/fr\/wp-json\/wp\/v2\/media?parent=516"}],"curies":[{"name":"wp","href":"https:\/\/api.w.org\/{rel}","templated":true}]}}