{"id":44,"date":"2022-11-02T12:20:32","date_gmt":"2022-11-02T12:20:32","guid":{"rendered":"https:\/\/www.ull.es\/investigacion\/laboratorioneuroquimicayneuroimagen\/?page_id=44"},"modified":"2024-03-11T16:07:57","modified_gmt":"2024-03-11T16:07:57","slug":"proyectos","status":"publish","type":"page","link":"https:\/\/www.ull.es\/investigacion\/laboratorioneuroquimicayneuroimagen\/proyectos\/","title":{"rendered":"Proyectos"},"content":{"rendered":"<p>[vc_row full_width=\u00bbstretch_row_content\u00bb el_class=\u00bbprincipio-marcha\u00bb][vc_column css=\u00bb.vc_custom_1617905589707{padding-top: 40px !important;padding-bottom: 25px !important;}\u00bb][vc_custom_heading text=\u00bbProyectos\u00bb font_container=\u00bbtag:h1|text_align:center|color:%23ffffff\u00bb use_theme_fonts=\u00bbyes\u00bb css_animation=\u00bbfadeInUp\u00bb][\/vc_column][\/vc_row][vc_row css=\u00bb.vc_custom_1618481859513{padding-top: 50px !important;padding-bottom: 50px !important;}\u00bb][vc_column][vc_column_text]<\/p>\n<h2>Proyectos actuales<\/h2>\n<p>[\/vc_column_text][vc_empty_space height=\u00bb20px\u00bb][vc_tta_accordion active_section=\u00bb0&#8243; collapsible_all=\u00bbtrue\u00bb][vc_tta_section title=\u00bbExamining GABA\/glutamate neurotransmitteres and functional connectivity in cognitive inhibition tasks\u00bb tab_id=\u00bbplan-nacional\u00bb][vc_column_text]<\/p>\n<p class=\"p1\"><span class=\"s1\">Referencia Administrativa: PID2021-126172NB-I00, MINISTERIO DE CIENCIA E INNOVACI\u00d3N<\/span><\/p>\n<p class=\"p1\"><span class=\"s1\"><b>Titile<\/b>: Examining GABA\/glutamate neurotransmitteres and functional connectivity in cognitive inhibition tasks.<\/span><\/p>\n<p class=\"p1\"><span class=\"s1\"><b>IPs<\/b>: l GONZALEZ MORA, JOSE LUIS DE VEGA RODRIGUEZ \/ MANUEL<\/span><\/p>\n<p class=\"p1\"><span class=\"s1\"><b>Duration:<\/b> 3 years: <b>Start<\/b>: 2023<\/span><\/p>\n<p class=\"p1\"><span class=\"s2\"><b>Clave de proyecto<\/b>:<\/span><span class=\"s1\"> PID2021-126172NB-I00<\/span><\/p>\n<p><span style=\"font-weight: 400;\">Proyecto de Generaci\u00f3n de conocimiento 2021: Plan Nacional<\/span>[\/vc_column_text][\/vc_tta_section][vc_tta_section title=\u00bbEstudio de la gesti\u00f3n de los procesos de telemedicina en centros m\u00e9dicos dispersos en el territorio de las Islas Canarias. Una estrategia basada en la digitalizaci\u00f3n de los procesos de telemedicina privados, inteligencia artificial y machine learning\u00bb tab_id=\u00bb1667392290958-255c595e-3929&#8243;][vc_column_text]<\/p>\n<p class=\"p1\"><span class=\"s1\"><b>Titulo:<\/b> Estudio de la gesti\u00f3n de los procesos de telemedicina en centros m\u00e9dicos dispersos en el territorio de las Islas Canarias. Una estrategia basada en la digitalizaci\u00f3n de los procesos de telemedicina privados, inteligencia artificial y machine learning.<\/span><\/p>\n<p class=\"p1\"><span class=\"s1\"><b>Fecha Inicio:<\/b> 01-jun-2020; <b>Fecha Fin<\/b>: 31-may-2023<\/span><\/p>\n<p class=\"p1\"><span class=\"s1\"><b>Referencia:<\/b> CC2019<\/span><\/p>\n<p class=\"p1\"><span class=\"s1\"><b>C\u00f3digo:<\/b> CC20191107_2<\/span><\/p>\n<p><span style=\"font-weight: 400;\">Convenio entre la Universidad de la Laguna y GomerMedi S.L.U\u00a0<\/span>[\/vc_column_text][\/vc_tta_section][vc_tta_section title=\u00bbImplementaci\u00f3n y testeo de un sistema de Neurorrehabilitaci\u00f3n y Contrato de tratamiento de datos personales\u00bb tab_id=\u00bb1667392335291-b9029e0b-7642&#8243;][vc_column_text]<\/p>\n<p class=\"p1\"><span class=\"s1\"><b>T\u00edtulo:<\/b><\/span><span class=\"s2\"><b>\u00a0<\/b><\/span><span class=\"s1\">implementaci\u00f3n y testeo de un sistema de Neurorrehabilitaci\u00f3n y\u00a0 Contrato de tratamiento de datos personales.<\/span><\/p>\n<p class=\"p1\"><span class=\"s1\"><b>C\u00f3digo:<\/b> CC20210409_1<\/span><\/p>\n<p class=\"p1\"><span class=\"s1\"><b>Clave org\u00e1nica<\/b>: CC2021<\/span><\/p>\n<p><span style=\"font-weight: 400;\">Cnvenio espec\u00edfico de colaboraci\u00f3n entre la Universidad de La Laguna y la Asociaci\u00f3n de Da\u00f1o Cerebral Adquirido de Tenerife.<\/span><\/p>\n<p>&nbsp;<\/p>\n<p class=\"p1\"><span class=\"s1\"><b>Fecha Inicio:<\/b> 09-abril-2021; <b>Fecha Fin<\/b>: 08-abril-2023<\/span><\/p>\n<p>[\/vc_column_text][\/vc_tta_section][vc_tta_section title=\u00bbDesarrollo y aplicaci\u00f3n de Plataformas magn\u00e9ticas nanoestructuradas en la detecci\u00f3n de agentes pat\u00f3genos: aplicaciones medioambientales, en la industria agroalimentaria y en aguas de consumo humano\u00bb tab_id=\u00bb1667392358901-cbb8529d-02bd\u00bb][vc_column_text]<\/p>\n<p class=\"p1\"><span class=\"s1\"><b>T\u00edtulo:<\/b> Desarrollo y aplicaci\u00f3n de Plataformas magn\u00e9ticas nanoestructuradas en la detecci\u00f3n de agentes pat\u00f3genos: aplicaciones medioambientales, en la industria agroalimentaria y en aguas de consumo humano<\/span><\/p>\n<p class=\"p1\"><span class=\"s1\"><b>C\u00f3digo:<\/b> ULL.ADB.18.09<\/span><\/p>\n<p class=\"p1\"><span class=\"s1\"><b>Clave org\u00e1nica<\/b>: ULL.ADB.18<\/span><\/p>\n<p class=\"p1\"><span class=\"s1\"><b>Fecha Inicio:<\/b> 30-ene-2019; <b>Fecha Fin<\/b>: 29-ene-2023<\/span><\/p>\n<p>[\/vc_column_text][\/vc_tta_section][vc_tta_section title=\u00bbDesarrollo de un sistema de neurorrehabilitaci\u00f3n basado en estimulaci\u00f3n cortical utilizando el control de miembros virtuales por seguimiento ocular\u00bb tab_id=\u00bbdesarrollo-sistema-neurorrehabilitacion\u00bb][vc_column_text]<\/p>\n<p class=\"p1\"><span class=\"s1\"><b>ACR\u00d3NIMO:<\/b>NRET<\/span><\/p>\n<p class=\"p1\"><span class=\"s1\"><b>Fecha fin: Diciembre 2023<\/b><\/span><\/p>\n<p><span style=\"font-weight: 400;\">Este proyecto pertenece al programa Agust\u00edn de Betancourt. Ha sido financiado por el Cabildo Insular de Tenerife al amparo de la Estrategia Tenerife 2030, del Marco Estrat\u00e9gico de Desarrollo Insular (MEDI) del Cabildo Insular de Tenerife y cofinanciado por el Fondo de Desarrollo de Canarias (FDCAN) del Gobierno de Canarias.\u00a0<\/span><\/p>\n<p><b>INVESTIGADORES PRINCIPALES<\/b><\/p>\n<p><span style=\"font-weight: 400;\"><a href=\"http:\/\/jlgonzal@ull.es\" target=\"_blank\" rel=\"noopener\">Jos\u00e9 Luis Gonz\u00e1lez Mora<\/a>. Catedr\u00e1tico. Dpto. Ciencias M\u00e9dicas B\u00e1sicas, ULL.\u00a0<\/span><\/p>\n<p><span style=\"font-weight: 400;\"><a href=\"rvillarr@ull.es\" target=\"_blank\" rel=\"noopener\">Rebeca Villarroel Ram\u00edrez<\/a>. Investigadora Agust\u00edn de Betancourt. Dpto. Ciencias M\u00e9dicas B\u00e1sicas, ULL.\u00a0\u00a0<\/span><\/p>\n<p><b>EQUIPO DE INVESTIGACI\u00d3N<\/b><\/p>\n<ul>\n<li style=\"font-weight: 400;\" aria-level=\"1\"><span style=\"font-weight: 400;\"><a href=\"cmodrono@ull.es\" target=\"_blank\" rel=\"noopener\">Cristi\u00e1n Modro\u00f1o Pascual<\/a>. Profesor ayudante doctor. Dpto. Ciencias M\u00e9dicas <\/span>B\u00e1sicas, ULL.<\/li>\n<li style=\"font-weight: 400;\" aria-level=\"1\"><span style=\"font-weight: 400;\"><a href=\"mgirones@ull.edu.es\" target=\"_blank\" rel=\"noopener\">Mar\u00eda Consuelo Revert Giron\u00e9s<\/a>. Profesor contratado doctor. Dpto. Medicina f\u00edsica y Farmacolog\u00eda, ULL.\u00a0<\/span><\/li>\n<li style=\"font-weight: 400;\" aria-level=\"1\"><span style=\"font-weight: 400;\"><a href=\"jplatbel@ull.edu.es\" target=\"_blank\" rel=\"noopener\">Julio Plata Bello<\/a>. M\u00e9dico adjunto, Servicio de Neurocirug\u00eda, HUC; Profesor asociado. Esc. Enfermer\u00eda ULL.\u00a0<\/span><\/li>\n<li style=\"font-weight: 400;\" aria-level=\"1\"><span style=\"font-weight: 400;\"><a href=\"sehdez@ull.edu.es\" target=\"_blank\" rel=\"noopener\">Sergio El\u00edas Hern\u00e1ndez Alonso<\/a>. Profesor titular. Dpto. Ingenier\u00eda Industrial, ULL.\u00a0<\/span><\/li>\n<\/ul>\n<p><b>OBJETIVO: <\/b><span style=\"font-weight: 400;\">Desarrollar un sistema de neurorrehabilitaci\u00f3n basado en el control de miembros virtuales por eye tracking y comprobar que su uso produce cambios en la plasticidad cerebral, que dan lugar a mejoras en la funci\u00f3n motora de pacientes con da\u00f1o cerebral adquirido.<\/span><\/p>\n<p><b>JUSTIFICACI\u00d3N: <\/b><span style=\"font-weight: 400;\">Casi medio mill\u00f3n de personas han sufrido da\u00f1o cerebral en Espa\u00f1a y la Uni\u00f3n Europea prev\u00e9 que estas cifras aumenten un 34% en 2035. Una de las principales consecuencias de un ictus es la p\u00e9rdida de movilidad de los brazos, lo que conlleva a la p\u00e9rdida de autonom\u00eda de la persona que lo sufre. Una intervenci\u00f3n temprana, intensiva y oportuna es de vital importancia para una \u00f3ptima recuperaci\u00f3n. Es por esto que el laboratorio de neuroqu\u00edmica y neuroimagen de la Universidad de la Laguna, est\u00e1 desarrollando una plataforma de juegos de neurorrehabilitaci\u00f3n que produce cambios en la plasticidad cerebral y permiten activar \u00e1reas motoras en el cerebro controlando elementos virtuales con el movimiento de los ojos. Este sistema de neurorrehabilitaci\u00f3n permite recuperar de forma m\u00e1s r\u00e1pida la movilidad de los miembros superiores cuando se utiliza junto a la terapia convencional en pacientes con ictus. Esperamos que:<\/span><\/p>\n<ol>\n<li style=\"font-weight: 400;\" aria-level=\"1\"><span style=\"font-weight: 400;\">La recuperaci\u00f3n de las funciones motoras derivadas de los da\u00f1os cerebrales se ve favorecida\u00a0 por un incremento en la actividad cerebral motora (Johnson-Frey, 2004).<\/span><\/li>\n<li style=\"font-weight: 400;\" aria-level=\"1\"><span style=\"font-weight: 400;\">El control de elementos virtuales por seguimiento de ojos produce una actividad neural que en gran parte de las regiones motoras del cerebro es muy similar a la que se produce cuando esos elementos se controlan con la mano (Modro\u00f1o, 2014; 2015; 2016).<\/span><\/li>\n<li style=\"font-weight: 400;\" aria-level=\"1\"><span style=\"font-weight: 400;\">Los juegos de ordenador, por su caracter\u00edstica l\u00fadica, proporcionan diversi\u00f3n y entretenimiento y aumentan la motivaci\u00f3n, lo que favorece la recuperaci\u00f3n funcional, especialmente los dise\u00f1ados bajo el modelo multijugador, los cuales refuerzan positivamente a trav\u00e9s de la interacci\u00f3n social, posibilidad que se ve mermada tras una lesi\u00f3n cerebral (Vanacken, 2010).<\/span><\/li>\n<\/ol>\n<p>Para saber m\u00e1s sobre este proyecto, pulse este <a href=\"https:\/\/www.youtube.com\/watch?v=pnUCa3w26dw\" target=\"_blank\" rel=\"noopener\" target=\"_blank\" rel=\"noopener\">enlace.<\/a>[\/vc_column_text][\/vc_tta_section][vc_tta_section title=\u00bbImagen funcional de tractos neurales activos por resonancia magn\u00e9tica\u00bb tab_id=\u00bb1667903388305-a3607663-b12d\u00bb][vc_column_text]<\/p>\n<p class=\"p1\"><span class=\"s1\"><b>ACR\u00d3NIMO: AXON_MRI <\/b><\/span><\/p>\n<p class=\"p1\"><span class=\"s1\"><b>INVESTIGADOR PRINCIPAL<\/b>: Jos\u00e9 Luis Gonz\u00e1lez Mora<\/span><\/p>\n<p class=\"p1\"><span class=\"s1\"><b>TIPO DE PROYECTO:<\/b> Proyecto de Investigaci\u00f3n Fundamental<b>. <\/b><\/span><\/p>\n<p class=\"p1\"><span class=\"s1\"><b>FORMA DE PARTICIPACI\u00d3N: <\/b>x Individual<\/span><\/p>\n<p class=\"p1\"><span class=\"s1\"><b>Duraci\u00f3n:<\/b> 2022-23-24<\/span><\/p>\n<p class=\"p1\"><span class=\"s1\"><b>Clave de proyecto<\/b>: PROID2021010096<\/span><\/p>\n<p>[\/vc_column_text][\/vc_tta_section][vc_tta_section title=\u00bbIncreasing the cohesion and internationalization among the Macaronesian archipelagos through research, development and translation of open medical imaging technologies.\u00bb tab_id=\u00bb1667392087162-4d7301ae-ff87&#8243;][vc_column_text]<\/p>\n<p class=\"p1\"><span class=\"s1\"><b>Acronym<\/b>: MACbioIDi2 <\/span><\/p>\n<p class=\"p1\"><span class=\"s1\"><b>Budget:<\/b> 331.142,28\u20ac in twoyears<\/span><\/p>\n<p class=\"p1\"><span class=\"s1\"><b>Duration<\/b>: 2022-2023<\/span><\/p>\n<p class=\"p2\"><span class=\"s1\"><b>Clave de proyecto<\/b>: MACBIOIDI2, INTERREG.18, MAC2\/1.1b\/352<\/span><\/p>\n<p>[\/vc_column_text][\/vc_tta_section][vc_tta_section title=\u00bbEstudio de la actividad funcional del cerebro mediante nueva t\u00e9cnica de interrogaci\u00f3n \u00f3ptica en fNIRS.\u00bb tab_id=\u00bb1667392199160-1dfe7f79-d714&#8243;][vc_column_text]<\/p>\n<p class=\"p1\"><span class=\"s1\"><b>Duraci\u00f3n:<\/b> 2022<\/span><\/p>\n<p class=\"p2\"><span class=\"s1\"><b>Clave de proyecto<\/b>: 22100053<\/span><\/p>\n<p>[\/vc_column_text][\/vc_tta_section][vc_tta_section title=\u00bbInfraestructura\u00bb tab_id=\u00bb1667392380025-8dad60f4-847a\u00bb][vc_column_text]<\/p>\n<p class=\"p1\"><span class=\"s1\"><b>C\u00f3digo:<\/b> CC83311_V2<\/span><\/p>\n<p class=\"p1\"><span class=\"s1\"><b>Clave org\u00e1nica<\/b>: CC83311<\/span><\/p>\n<p class=\"p1\"><span class=\"s1\"><b>Fecha Inicio:<\/b> 19-mar-2004; <b>Fecha Fin<\/b>: 19-mar-2024<\/span><\/p>\n<p>[\/vc_column_text][\/vc_tta_section][vc_tta_section title=\u00bbOptical and Deep-brain Interface to measure Neural activity (ODIN)\u00bb tab_id=\u00bbodin\u00bb][vc_column_text]Objetivo principal: Identificar patrones de activaci\u00f3n cortical que env\u00edan se\u00f1ales r\u00e1pidas y de alta precisi\u00f3n a los m\u00fasculos, cuya regulaci\u00f3n es dada por n\u00facleos cerebrales profundos para crear un modelo de control motor que influir\u00e1 tanto en tratamientos cl\u00ednicos como en desarrollo tecnol\u00f3gico.<\/p>\n<p>Para m\u00e1s informaci\u00f3n, pulse este <a href=\"https:\/\/drive.google.com\/file\/d\/1tSuMy9KS_05keSworW8eG7UsAf-XWCr9\/view?usp=share_link\" target=\"_blank\" rel=\"noopener\" target=\"_blank\" rel=\"noopener\">enlace.<\/a>[\/vc_column_text][\/vc_tta_section][\/vc_tta_accordion][\/vc_column][\/vc_row][vc_row css=\u00bb.vc_custom_1618481859513{padding-top: 50px !important;padding-bottom: 50px !important;}\u00bb][vc_column][vc_column_text]<\/p>\n<h2>Proyectos finalizados<\/h2>\n<p>[\/vc_column_text][vc_empty_space height=\u00bb20px\u00bb][vc_tta_accordion active_section=\u00bb0&#8243; collapsible_all=\u00bbtrue\u00bb][vc_tta_section title=\u00bbDOTNIR\u00bb tab_id=\u00bbDOTNIR\u00bb][vc_column_text]<\/p>\n<p class=\"p1\"><span class=\"s1\">Desarrollo de un prototipo avanzado de alta calidad cient\u00edfica, y tecnol\u00f3gica, para aplicaciones biom\u00e9dicas, basado en reconstrucci\u00f3n de im\u00e1genes de infrarrojo cercano. <\/span><\/p>\n<p>[\/vc_column_text][vc_btn title=\u00bbDescargar PDF\u00bb link=\u00bburl:https%3A%2F%2Fwww.ull.es%2Finvestigacion%2Flaboratorioneuroquimicayneuroimagen%2Fwp-content%2Fuploads%2Fsites%2F3%2F2022%2F11%2FDOTNIR-Enero2021.V2-1.pdf|target:_blank\u00bb][\/vc_tta_section][vc_tta_section title=\u00bb2023: ULL.ADB.18&#8243; tab_id=\u00bb1676469316566-7c60a7e8-3055&#8243;][vc_column_text]<\/p>\n<p class=\"p1\"><a href=\"https:\/\/portalciencia.ull.es\/proyectos\/41499\/detalle\" target=\"_blank\" rel=\"noopener\" target=\"_blank\" rel=\"noopener\">Desarrollo y aplicaci\u00f3n de PLATaformas magn\u00e9ticas nanoestructuradas en la detecciON de agentes pat\u00f3genos: aplicaciones medioambientales, en la industria agroalimentaria y en aguas de consumo humano<\/a><\/p>\n<p>[\/vc_column_text][\/vc_tta_section][vc_tta_section title=\u00bb2022: INMUNOMAST\u00bb tab_id=\u00bbINMUNOMAST\u00bb][vc_column_text]<a href=\"https:\/\/portalciencia.ull.es\/proyectos\/41534\/detalle\" target=\"_blank\" rel=\"noopener\" target=\"_blank\" rel=\"noopener\">2019SP30. Desarrollo de inmunosensores e inmonoensayos electroqu\u00edmicos para la detecci\u00f3n temprana de mastitis en ganader\u00eda. INMUNOMAST<\/a>[\/vc_column_text][\/vc_tta_section][vc_tta_section title=\u00bb2021: AGL2017-89257-P\u00bb tab_id=\u00bbAGL2017-89257-P\u00bb][vc_column_text]<a href=\"https:\/\/portalciencia.ull.es\/proyectos\/41468\/detalle\" target=\"_blank\" rel=\"noopener\" target=\"_blank\" rel=\"noopener\">AGL2017-89257-P. An\u00e1lisis de migrantes de pl\u00e1sticos mediante t\u00e9cnicas anal\u00edticas avanzadas combinadas con t\u00e9cnicas de extracci\u00f3n alternativas en muestras agroalimentarias<\/a>[\/vc_column_text][\/vc_tta_section][\/vc_tta_accordion][\/vc_column][\/vc_row]<\/p>\n","protected":false},"excerpt":{"rendered":"<p>[vc_row full_width=\u00bbstretch_row_content\u00bb el_class=\u00bbprincipio-marcha\u00bb][vc_column css=\u00bb.vc_custom_1617905589707{padding-top: 40px !important;padding-bottom: 25px !important;}\u00bb][vc_custom_heading text=\u00bbProyectos\u00bb font_container=\u00bbtag:h1|text_align:center|color:%23ffffff\u00bb use_theme_fonts=\u00bbyes\u00bb css_animation=\u00bbfadeInUp\u00bb][\/vc_column][\/vc_row][vc_row css=\u00bb.vc_custom_1618481859513{padding-top: 50px !important;padding-bottom: 50px !important;}\u00bb][vc_column][vc_column_text] Proyectos actuales [\/vc_column_text][vc_empty_space height=\u00bb20px\u00bb][vc_tta_accordion active_section=\u00bb0&#8243; collapsible_all=\u00bbtrue\u00bb][vc_tta_section title=\u00bbExamining GABA\/glutamate neurotransmitteres and functional connectivity in cognitive inhibition tasks\u00bb tab_id=\u00bbplan-nacional\u00bb][vc_column_text] Referencia Administrativa: PID2021-126172NB-I00, MINISTERIO DE CIENCIA E INNOVACI\u00d3N Titile: Examining GABA\/glutamate neurotransmitteres and functional connectivity in cognitive inhibition tasks. IPs: l&#8230;<\/p>\n","protected":false},"author":3,"featured_media":0,"parent":0,"menu_order":0,"comment_status":"closed","ping_status":"closed","template":"templates\/template-no-title.php","meta":{"footnotes":""},"_links":{"self":[{"href":"https:\/\/www.ull.es\/investigacion\/laboratorioneuroquimicayneuroimagen\/wp-json\/wp\/v2\/pages\/44"}],"collection":[{"href":"https:\/\/www.ull.es\/investigacion\/laboratorioneuroquimicayneuroimagen\/wp-json\/wp\/v2\/pages"}],"about":[{"href":"https:\/\/www.ull.es\/investigacion\/laboratorioneuroquimicayneuroimagen\/wp-json\/wp\/v2\/types\/page"}],"author":[{"embeddable":true,"href":"https:\/\/www.ull.es\/investigacion\/laboratorioneuroquimicayneuroimagen\/wp-json\/wp\/v2\/users\/3"}],"replies":[{"embeddable":true,"href":"https:\/\/www.ull.es\/investigacion\/laboratorioneuroquimicayneuroimagen\/wp-json\/wp\/v2\/comments?post=44"}],"version-history":[{"count":19,"href":"https:\/\/www.ull.es\/investigacion\/laboratorioneuroquimicayneuroimagen\/wp-json\/wp\/v2\/pages\/44\/revisions"}],"predecessor-version":[{"id":137,"href":"https:\/\/www.ull.es\/investigacion\/laboratorioneuroquimicayneuroimagen\/wp-json\/wp\/v2\/pages\/44\/revisions\/137"}],"wp:attachment":[{"href":"https:\/\/www.ull.es\/investigacion\/laboratorioneuroquimicayneuroimagen\/wp-json\/wp\/v2\/media?parent=44"}],"curies":[{"name":"wp","href":"https:\/\/api.w.org\/{rel}","templated":true}]}}