{"id":17621,"date":"2025-02-06T13:38:26","date_gmt":"2025-02-06T13:38:26","guid":{"rendered":"https:\/\/www.ull.es\/la-universidad\/?post_type=centros&#038;p=17621"},"modified":"2025-02-06T13:39:03","modified_gmt":"2025-02-06T13:39:03","slug":"centros-estudios-africanos","status":"publish","type":"centros","link":"https:\/\/www.ull.es\/la-universidad\/en\/facultades-centros-departamentos\/centros-estudios-africanos\/","title":{"rendered":"Center for African Studies"},"content":{"rendered":"<div class=\"wp-block-stackable-columns stk-block-columns stk-block stk-ee16c92\" data-block-id=\"ee16c92\"><style>.stk-ee16c92-column{--stk-column-gap:50px !important;}<\/style><div class=\"stk-row stk-inner-blocks stk-block-content stk-content-align stk-ee16c92-column\">\n<div class=\"wp-block-stackable-column stk-block-column stk-column stk-block stk-8019e90\" data-v=\"4\" data-block-id=\"8019e90\"><style>@media screen and (min-width: 768px){.stk-8019e90 {flex:var(--stk-flex-grow, 1) 1 calc(33.33400000000002% - var(--stk-column-gap, 0px) * 1 \/ 2 ) !important;}}<\/style><div class=\"stk-column-wrapper stk-block-column__content stk-container stk-8019e90-container stk--no-background stk--no-padding\"><div class=\"stk-block-content stk-inner-blocks stk-8019e90-inner-blocks\">\n<div class=\"wp-block-stackable-image stk-block-image stk-block stk-a3e0947\" data-block-id=\"a3e0947\"><figure><span class=\"stk-img-wrapper stk-image--shape-stretch\"><img loading=\"lazy\" decoding=\"async\" class=\"stk-img wp-image-14233\" src=\"https:\/\/www.ull.es\/la-universidad\/wp-content\/uploads\/sites\/2\/2019\/11\/Sankofa.jpg\" width=\"600\" height=\"600\" srcset=\"https:\/\/www.ull.es\/la-universidad\/wp-content\/uploads\/sites\/2\/2019\/11\/Sankofa.jpg 600w, https:\/\/www.ull.es\/la-universidad\/wp-content\/uploads\/sites\/2\/2019\/11\/Sankofa-150x150.jpg 150w, https:\/\/www.ull.es\/la-universidad\/wp-content\/uploads\/sites\/2\/2019\/11\/Sankofa-300x300.jpg 300w, https:\/\/www.ull.es\/la-universidad\/wp-content\/uploads\/sites\/2\/2019\/11\/Sankofa-375x375.jpg 375w, https:\/\/www.ull.es\/la-universidad\/wp-content\/uploads\/sites\/2\/2019\/11\/Sankofa-50x50.jpg 50w\" sizes=\"auto, (max-width: 600px) 100vw, 600px\" \/><\/span><\/figure><\/div>\n\n\n\n    <img decoding=\"async\" src=\"https:\/\/www.ull.es\/la-universidad\/wp-content\/uploads\/sites\/2\/2019\/11\/Sankofa.jpg\">\n\n<ul class=\"widget-contacto\">\n    <li><i class=\"fa fa-phone\"><\/i> (+34) 922 31 70 92<\/li><li><i class=\"fa fa-envelope\"><\/i>  <a href=\"mailto:ceaull@ull.es\">ceaull@ull.es<\/a><\/li><li><i class=\"fa fa-globe\"><\/i>  <a href=\"https:\/\/www.ull.es\/centros\/centro-estudios-africanos\/\" target=\"blank\">Web page<\/a><\/li><\/ul>\n\n\n\n\n\n    \n<style>\n    .google-maps {\n        position: relative;\n        padding-bottom: 75%;\n        height: 0;\n        overflow: hidden;\n    }\n    .google-maps iframe {\n        position: absolute;\n        top: 0;\n        left: 0;\n        width: 100% !important;\n        height: 100% !important;\n    }\n<\/style>\n\n\n<div class=\"google-maps\">\n    <iframe src=\"https:\/\/www.openstreetmap.org\/export\/embed.html?bbox=-16.30563617411%2C28.46361704426%2C-16.29949236452%2C28.46942926654&amp;layer=mapnik&amp;marker=28.46780%2C-16.30281\" style=\"border: 1px solid black\"><\/iframe>\n<\/div>\n\n<div class=\"btn-widget\">\n    <a href=\"https:\/\/www.openstreetmap.org\/directions?engine=graphhopper_car&from=&to=28.46780%2C-16.30281#map=17\/28.46780\/-16.30281\">How to get there<\/a>  \n<\/div>\n\n  <\/body>\n<\/html>\n\n\n<\/div><\/div><\/div>\n\n\n\n<div class=\"wp-block-stackable-column stk-block-column stk-column stk-block stk-bc7abd0\" data-v=\"4\" data-block-id=\"bc7abd0\"><style>@media screen and (min-width: 768px){.stk-bc7abd0 {flex:var(--stk-flex-grow, 1) 1 calc(66.666% - var(--stk-column-gap, 0px) * 1 \/ 2 ) !important;}}<\/style><div class=\"stk-column-wrapper stk-block-column__content stk-container stk-bc7abd0-container stk--no-background stk--no-padding\"><div class=\"stk-block-content stk-inner-blocks stk-bc7abd0-inner-blocks\">\n\n<h1>Center for African Studies<\/h1>\n\n\n\n\n\n\n<div class=\"shortcode-descripcion\">\n    <p>The Center for African Studies of the University of La Laguna (CEA-ULL) was founded in the early 1990s, although it was relaunched in the mid-2000s. Its objective is to promote, through research and dissemination, the African continent in all its facets (social, economic, environmental, cultural, and scientific), while acting as a bridge between the Canary Islands and the peoples of Africa, promoting solidarity, cultural exchange, cooperation, the mitigation of socioeconomic inequalities, and the fight against climate change. Among the lines of work of the CEA-ULL are the organization throughout the year of conferences, seminars, and meetings on different aspects of African reality, cooperation between the University of La Laguna and Africa, the mobility of students and professors from African universities and the University of La Laguna, training and research in African studies, as well as serving as a meeting place for members of the university community and civil society interested in a better understanding and dissemination of Africa. The CEA-ULL headquarters are located in the Philology Building, Faculty of Humanities, Floor -1, Guajara Campus of the University of La Laguna (Tenerife, Canary Islands).<\/p><\/div>\n\n\n\n\n\n<div class=\"wp-block-stackable-spacer stk-block-spacer stk--no-padding stk-block stk-a795e8f\" data-block-id=\"a795e8f\"><style>.stk-a795e8f {height:30px !important;}<\/style><\/div>\n\n\n\n\n<style>\n    .shortcode-equipo h2 {\n        margin-bottom: 10px !important;\n    }\n<\/style>\n\n<div class=\"shortcode-equipo\">\n    <h2>Management team<\/h2><dl><dt><strong>Director<\/strong><\/dt><dd> <a href='https:\/\/www.ull.es\/directorio\/search\/?busqueda=V\u00edctor On\u00e9simo Mart\u00edn Mart\u00edn' target='_blank'>Victor Onesimo Martin Martin<\/a><\/dd><dt><strong>Deputy Director<\/strong><\/dt><dd> <a href='https:\/\/www.ull.es\/directorio\/search\/?busqueda=Francisco Jos\u00e9 Ledesma Rodr\u00edguez' target='_blank'>Francisco Jos\u00e9 Ledesma Rodr\u00edguez<\/a><\/dd><dt><strong>Secretariat<\/strong><\/dt><dd> <a href='https:\/\/www.ull.es\/directorio\/search\/?busqueda=Grecy P\u00e9rez Amores' target='_blank'>Grecy P\u00e9rez Amores<\/a><\/dd><\/dl>\n<\/div>\n\n\n\n\n<details class=\"wp-block-stackable-accordion stk-block-accordion stk-inner-blocks stk-block-content stk-block stk-2d93cb3 is-style-plain\" data-block-id=\"2d93cb3\"><style>.stk-2d93cb3 {padding-top:0px !important;padding-right:15px !important;padding-bottom:12px !important;margin-bottom:0px !important;}<\/style>\n<summary class=\"wp-block-stackable-column stk-block-column stk-column stk-block stk-1c183b2 stk-block-background stk--container-small stk-block-accordion__heading\" data-v=\"4\" data-block-id=\"1c183b2\"><style>.stk-1c183b2 {background-color:#997cca !important;border-top-left-radius:5px !important;border-top-right-radius:5px !important;border-bottom-right-radius:0px !important;border-bottom-left-radius:0px !important;overflow:hidden !important;padding-top:5px !important;padding-right:5px !important;padding-bottom:5px !important;padding-left:5px !important;}.stk-1c183b2:before{background-color:#997cca !important;}<\/style><div class=\"stk-column-wrapper stk-block-column__content stk-container stk-1c183b2-container stk--no-background stk--no-padding\"><div class=\"stk-block-content stk-inner-blocks stk-1c183b2-inner-blocks\">\n<div class=\"wp-block-stackable-icon-label stk-block-icon-label stk-block stk-193d979\" data-block-id=\"193d979\"><div class=\"stk-row stk-inner-blocks stk-block-content\">\n<div class=\"wp-block-stackable-heading stk-block-heading stk-block-heading--v2 stk-block stk-14355da\" id=\"in-english\" data-block-id=\"14355da\"><style>.stk-14355da {padding-top:0px !important;padding-right:0px !important;padding-bottom:0px !important;padding-left:0px !important;}.stk-14355da .stk-block-heading__text{color:#ffffff !important;font-weight:600 !important;font-family:\"ArgentumSans\", Sans-serif !important;}<\/style><h4 class=\"stk-block-heading__text has-text-color\">In English<\/h4><\/div>\n\n\n\n<div class=\"wp-block-stackable-icon stk-block-icon stk-block stk-e5142f9\" data-block-id=\"e5142f9\"><style>.stk-e5142f9 .stk--svg-wrapper .stk--inner-svg svg:last-child, .stk-e5142f9 .stk--svg-wrapper .stk--inner-svg svg:last-child :is(g, path, rect, polygon, ellipse){fill:#ffffff !important;}<\/style><span class=\"stk--svg-wrapper\"><div class=\"stk--inner-svg\"><svg style=\"height:0;width:0\"><defs><lineargradient id=\"linear-gradient-e5142f9\" x1=\"0\" x2=\"100%\" y1=\"0\" y2=\"0\"><stop offset=\"0%\" style=\"stop-opacity:1;stop-color:var(--linear-gradient-e-5142-f-9-color-1)\"><\/stop><stop offset=\"100%\" style=\"stop-opacity:1;stop-color:var(--linear-gradient-e-5142-f-9-color-2)\"><\/stop><\/lineargradient><\/defs><\/svg><svg data-prefix=\"fas\" data-icon=\"chevron-down\" class=\"svg-inline--fa fa-chevron-down fa-w-14\" xmlns=\"http:\/\/www.w3.org\/2000\/svg\" viewbox=\"0 0 448 512\" aria-hidden=\"true\" width=\"32\" height=\"32\"><path fill=\"currentColor\" d=\"M207.029 381.476L12.686 187.132c-9.373-9.373-9.373-24.569 0-33.941l22.667-22.667c9.357-9.357 24.522-9.375 33.901-.04L224 284.505l154.745-154.021c9.379-9.335 24.544-9.317 33.901.04l22.667 22.667c9.373 9.373 9.373 24.569 0 33.941L240.971 381.476c-9.373 9.372-24.569 9.372-33.942 0z\"><\/path><\/svg><\/div><\/span><\/div>\n<\/div><\/div>\n<\/div><\/div><\/summary>\n\n\n\n<div class=\"wp-block-stackable-column stk-block-column stk-column stk-block stk-868cfbc stk-block-accordion__content\" data-v=\"4\" data-block-id=\"868cfbc\"><style>.stk-868cfbc-container{padding-top:0px !important;padding-right:0px !important;padding-bottom:0px !important;padding-left:0px !important;}<\/style><div class=\"stk-column-wrapper stk-block-column__content stk-container stk-868cfbc-container stk--no-background stk--no-padding\"><div class=\"stk-block-content stk-inner-blocks stk-868cfbc-inner-blocks\">\n<div class=\"wp-block-stackable-text stk-block-text stk-block stk-0e6cbd2\" data-block-id=\"0e6cbd2\"><p class=\"stk-block-text__text\">The University of La Laguna&#039;s African Studies Center (CEA-ULL) was founded at the beginning of the nineties of the last 20th century, although it was relaunched in the mid-2000 decade. Its objective is to publicize, through research and dissemination, the African continent in all its facets (social, economic, environmental, cultural and scientific), while acting as a bridge between the Canary Islands and the different people of Africa, promoting solidarity, cultural encounters, cooperation, the mitigation of socioeconomic inequalities and the fight against climate change.<\/p><\/div>\n\n\n\n<p>Among the CEA-ULL&#039;s lines of work are the organization throughout the year of conferences, seminars and meetings on different aspects of the African reality, the University of La Laguna-Africa cooperation, the mobility of students and professors from African universities and the University of La Laguna, training and research in African studies, as well as serving as a meeting place for members of the university community and the civil society interested in a better knowledge and broadcast of Africa.<\/p>\n\n\n\n<p>The CEA-ULL headquarters are located in the Philology Building, Faculty of Humanities, Floor 1, Guajara Campus of La Laguna University (Tenerife, Canary Islands).<\/p>\n\n\n\n<p><strong>Direction team<\/strong><\/p>\n\n\n\n<p>Director: Victor On\u00e9simo Martin Mart\u00edn<\/p>\n\n\n\n<p>Secretary: Grecy P\u00e9rez Amores&nbsp;<\/p>\n\n\n\n<p>Vice Principal: Francisco Jos\u00e9 Ledesma Rodr\u00edguez<\/p>\n<\/div><\/div><\/div>\n<\/details>\n\n\n\n<details class=\"wp-block-stackable-accordion stk-block-accordion stk-inner-blocks stk-block-content stk-block stk-29b584c is-style-plain\" data-block-id=\"29b584c\"><style>.stk-29b584c {padding-top:0px !important;padding-right:15px !important;padding-bottom:12px !important;}<\/style>\n<summary class=\"wp-block-stackable-column stk-block-column stk-column stk-block stk-c75f37a stk-block-background stk--container-small stk-block-accordion__heading\" data-v=\"4\" data-block-id=\"c75f37a\"><style>.stk-c75f37a {background-color:#997cca !important;border-bottom-right-radius:5px !important;border-bottom-left-radius:5px !important;overflow:hidden !important;padding-top:5px !important;padding-right:5px !important;padding-bottom:5px !important;padding-left:5px !important;}.stk-c75f37a:before{background-color:#997cca !important;}<\/style><div class=\"stk-column-wrapper stk-block-column__content stk-container stk-c75f37a-container stk--no-background stk--no-padding\"><div class=\"stk-block-content stk-inner-blocks stk-c75f37a-inner-blocks\">\n<div class=\"wp-block-stackable-icon-label stk-block-icon-label stk-block stk-8423874\" data-block-id=\"8423874\"><div class=\"stk-row stk-inner-blocks stk-block-content\">\n<div class=\"wp-block-stackable-heading stk-block-heading stk-block-heading--v2 stk-block stk-faa9089\" id=\"en-francais\" data-block-id=\"faa9089\"><style>.stk-faa9089 {padding-top:0px !important;padding-right:0px !important;padding-bottom:0px !important;padding-left:0px !important;}.stk-faa9089 .stk-block-heading__text{color:#ffffff !important;font-weight:600 !important;font-family:\"ArgentumSans\", Sans-serif !important;}<\/style><h4 class=\"stk-block-heading__text has-text-color\">In French<\/h4><\/div>\n\n\n\n<div class=\"wp-block-stackable-icon stk-block-icon stk-block stk-e8a8b28\" data-block-id=\"e8a8b28\"><style>.stk-e8a8b28 .stk--svg-wrapper .stk--inner-svg svg:last-child, .stk-e8a8b28 .stk--svg-wrapper .stk--inner-svg svg:last-child :is(g, path, rect, polygon, ellipse){fill:#ffffff !important;}<\/style><span class=\"stk--svg-wrapper\"><div class=\"stk--inner-svg\"><svg style=\"height:0;width:0\"><defs><lineargradient id=\"linear-gradient-e8a8b28\" x1=\"0\" x2=\"100%\" y1=\"0\" y2=\"0\"><stop offset=\"0%\" style=\"stop-opacity:1;stop-color:var(--linear-gradient-e-8-a-8-b-28-color-1)\"><\/stop><stop offset=\"100%\" style=\"stop-opacity:1;stop-color:var(--linear-gradient-e-8-a-8-b-28-color-2)\"><\/stop><\/lineargradient><\/defs><\/svg><svg data-prefix=\"fas\" data-icon=\"chevron-down\" class=\"svg-inline--fa fa-chevron-down fa-w-14\" xmlns=\"http:\/\/www.w3.org\/2000\/svg\" viewbox=\"0 0 448 512\" aria-hidden=\"true\" width=\"32\" height=\"32\"><path fill=\"currentColor\" d=\"M207.029 381.476L12.686 187.132c-9.373-9.373-9.373-24.569 0-33.941l22.667-22.667c9.357-9.357 24.522-9.375 33.901-.04L224 284.505l154.745-154.021c9.379-9.335 24.544-9.317 33.901.04l22.667 22.667c9.373 9.373 9.373 24.569 0 33.941L240.971 381.476c-9.373 9.372-24.569 9.372-33.942 0z\"><\/path><\/svg><\/div><\/span><\/div>\n<\/div><\/div>\n<\/div><\/div><\/summary>\n\n\n\n<div class=\"wp-block-stackable-column stk-block-column stk-column stk-block stk-497e87e stk-block-accordion__content\" data-v=\"4\" data-block-id=\"497e87e\"><style>.stk-497e87e-container{padding-top:0px !important;padding-right:0px !important;padding-bottom:0px !important;padding-left:0px !important;}<\/style><div class=\"stk-column-wrapper stk-block-column__content stk-container stk-497e87e-container stk--no-background stk--no-padding\"><div class=\"stk-block-content stk-inner-blocks stk-497e87e-inner-blocks\">\n<div class=\"wp-block-stackable-text stk-block-text stk-block stk-f160bdc\" data-block-id=\"f160bdc\"><p class=\"stk-block-text__text\">The University of La Laguna&#039;s African Studies Center (CEA-ULL) was founded at the beginning of the nineties of the last 20th century, although it was relaunched in the mid-2000 decade. Its objective is to publicize, through research and dissemination, the African continent in all its facets (social, economic, environmental, cultural and scientific), while acting as a bridge between the Canary Islands and the different people of Africa, promoting solidarity, cultural encounters, cooperation, the mitigation of socioeconomic inequalities and the fight against climate change.<\/p><\/div>\n\n\n\n<p>Among the CEA-ULL&#039;s lines of work are the organization throughout the year of conferences, seminars and meetings on different aspects of the African reality, the University of La Laguna-Africa cooperation, the mobility of students and professors from African universities and the University of La Laguna, training and research in African studies, as well as serving as a meeting place for members of the university community and the civil society interested in a better knowledge and broadcast of Africa.<\/p>\n\n\n\n<p>The CEA-ULL headquarters are located in the Philology Building, Faculty of Humanities, Floor 1, Guajara Campus of La Laguna University (Tenerife, Canary Islands).<\/p>\n\n\n\n<p><strong>Direction team<\/strong><\/p>\n\n\n\n<p>Director: Victor On\u00e9simo Martin Mart\u00edn<\/p>\n\n\n\n<p>Secretary: Grecy P\u00e9rez Amores&nbsp;<\/p>\n\n\n\n<p>Vice Principal: Francisco Jos\u00e9 Ledesma Rodr\u00edguez<\/p>\n<\/div><\/div><\/div>\n<\/details>\n<\/div><\/div><\/div>\n<\/div><\/div>","protected":false},"featured_media":14233,"parent":0,"menu_order":0,"template":"","tags":[83],"class_list":["post-17621","centros","type-centros","status-publish","has-post-thumbnail","hentry","tag-centros-de-estudios","taxonomia_centro_universitario-centros-de-estudios"],"_links":{"self":[{"href":"https:\/\/www.ull.es\/la-universidad\/en\/wp-json\/wp\/v2\/centros\/17621","targetHints":{"allow":["GET"]}}],"collection":[{"href":"https:\/\/www.ull.es\/la-universidad\/en\/wp-json\/wp\/v2\/centros"}],"about":[{"href":"https:\/\/www.ull.es\/la-universidad\/en\/wp-json\/wp\/v2\/types\/centros"}],"version-history":[{"count":3,"href":"https:\/\/www.ull.es\/la-universidad\/en\/wp-json\/wp\/v2\/centros\/17621\/revisions"}],"predecessor-version":[{"id":17624,"href":"https:\/\/www.ull.es\/la-universidad\/en\/wp-json\/wp\/v2\/centros\/17621\/revisions\/17624"}],"wp:featuredmedia":[{"embeddable":true,"href":"https:\/\/www.ull.es\/la-universidad\/en\/wp-json\/wp\/v2\/media\/14233"}],"wp:attachment":[{"href":"https:\/\/www.ull.es\/la-universidad\/en\/wp-json\/wp\/v2\/media?parent=17621"}],"wp:term":[{"taxonomy":"post_tag","embeddable":true,"href":"https:\/\/www.ull.es\/la-universidad\/en\/wp-json\/wp\/v2\/tags?post=17621"}],"curies":[{"name":"wp","href":"https:\/\/api.w.org\/{rel}","templated":true}]}}