{"id":11944,"date":"2017-04-26T10:48:18","date_gmt":"2017-04-26T10:48:18","guid":{"rendered":"https:\/\/www.ull.es\/la-universidad\/centro-estudios-ecosociales\/"},"modified":"2024-11-28T07:51:42","modified_gmt":"2024-11-28T07:51:42","slug":"centro-estudios-ecosociales","status":"publish","type":"centros","link":"https:\/\/www.ull.es\/la-universidad\/fr\/facultades-centros-departamentos\/centro-estudios-ecosociales\/","title":{"rendered":"Centre d&#039;\u00e9tudes \u00e9cosociales"},"content":{"rendered":"<div class=\"wp-block-stackable-columns stk-block-columns stk-block stk-5504807\" data-block-id=\"5504807\"><div class=\"stk-row stk-inner-blocks stk-block-content stk-content-align stk-5504807-column\">\n<div class=\"wp-block-stackable-column stk-block-column stk-column stk-block stk-1b27e4d\" data-v=\"4\" data-block-id=\"1b27e4d\"><style>@media screen and (min-width:768px){.stk-1b27e4d{flex:var(--stk-flex-grow,1) 1 calc(33.33400000000002% - var(--stk-column-gap,0px) * 1 \/ 2 ) !important}}<\/style><div class=\"stk-column-wrapper stk-block-column__content stk-container stk-1b27e4d-container stk--no-background stk--no-padding\"><div class=\"stk-block-content stk-inner-blocks stk-1b27e4d-inner-blocks\">\n    <img decoding=\"async\" src=\"https:\/\/www.ull.es\/la-universidad\/wp-content\/uploads\/sites\/2\/2018\/05\/imagen-centro-5.jpg\">\n\n<ul class=\"widget-contacto\">\n    <li><i class=\"fa fa-map-marker\"><\/i> C\/ Prof. Jos\u00e9 Luis Moreno Becerra, s\/n. Facult\u00e9 des Lettres. Section Philosophie. Case postale 456. Code postal 38200. San Crist\u00f3bal de La Laguna. S\/C de Tenerife<\/li><li><i class=\"fa fa-phone\"><\/i> (+34) 922 31 79 09<\/li><li><i class=\"fa fa-envelope\"><\/i>  <a href=\"mailto:jcozar@ull.es\">jcozar@ull.es<\/a><\/li><li><i class=\"fa fa-globe\"><\/i>  <a href=\"http:\/\/webpages.ull.es\/users\/ceecoso\/home.html\" target=\"blank\">page web<\/a><\/li><\/ul>\n\n\n\n\n\n    \n<style>\n    .google-maps {\n        position: relative;\n        padding-bottom: 75%;\n        height: 0;\n        overflow: hidden;\n    }\n    .google-maps iframe {\n        position: absolute;\n        top: 0;\n        left: 0;\n        width: 100% !important;\n        height: 100% !important;\n    }\n<\/style>\n\n\n<div class=\"google-maps\">\n    <iframe src=\"https:\/\/www.openstreetmap.org\/export\/embed.html?bbox=-16.30583017411%2C28.46383004426%2C-16.29968636452%2C28.46964226654&amp;layer=mapnik&amp;marker=28.468013%2C-16.303004\" style=\"border: 1px solid black\"><\/iframe>\n<\/div>\n\n<div class=\"btn-widget\">\n    <a href=\"https:\/\/www.openstreetmap.org\/directions?engine=graphhopper_car&from=&to=28.468013%2C-16.303004#map=17\/28.468013\/-16.303004\">Comment s&#039;y rendre<\/a>  \n<\/div>\n\n  <\/body>\n<\/html>\n\n\n<\/div><\/div><\/div>\n\n\n\n<div class=\"wp-block-stackable-column stk-block-column stk-column stk-block stk-4178046\" data-v=\"4\" data-block-id=\"4178046\"><style>@media screen and (min-width:768px){.stk-4178046{flex:var(--stk-flex-grow,1) 1 calc(66.666% - var(--stk-column-gap,0px) * 1 \/ 2 ) !important}}<\/style><div class=\"stk-column-wrapper stk-block-column__content stk-container stk-4178046-container stk--no-background stk--no-padding\"><div class=\"stk-block-content stk-inner-blocks stk-4178046-inner-blocks\">\n\n<h1>Centre d&#039;\u00e9tudes \u00e9cosociales<\/h1>\n\n\n\n\n\n\n<div class=\"shortcode-descripcion\">\n    <p>Le Centre d&#039;\u00c9tudes \u00c9cosociales (CEES) de l&#039;Universit\u00e9 de La Laguna se consacre \u00e0 l&#039;organisation, la coordination, la mise en \u0153uvre et la promotion scientifique d&#039;\u00e9tudes sur les relations entre l&#039;environnement et la soci\u00e9t\u00e9.<\/p><\/div>\n\n\n\n\n\n<div class=\"wp-block-stackable-spacer stk-block-spacer stk--no-padding stk-block stk-ff6b8ea\" data-block-id=\"ff6b8ea\"><style>.stk-ff6b8ea{height:30px !important}<\/style><\/div>\n\n\n\n\n<style>\n    .shortcode-equipo h2 {\n        margin-bottom: 10px !important;\n    }\n<\/style>\n\n<div class=\"shortcode-equipo\">\n    <h2>\u00c9quipe de direction<\/h2><dl><dt><strong>Directeur<\/strong><\/dt><dd> <a href='https:\/\/www.ull.es\/directorio\/search\/?busqueda=Alejandro P\u00e9rez-Olivares Garc\u00eda' target='_blank'>Alejandro P\u00e9rez-Olivares Garc\u00eda<\/a><\/dd><dt><strong>Secr\u00e9tariat<\/strong><\/dt><dd> <a href='https:\/\/www.ull.es\/directorio\/search\/?busqueda=Yurena Gonz\u00e1lez' target='_blank'>Yurena Gonz\u00e1lez<\/a><\/dd><dt><strong>\u00c9quipe de travail informelle<\/strong><\/dt><dd> <a href='https:\/\/www.ull.es\/directorio\/search\/?busqueda=Alejandro Armas' target='_blank'>Alejandro Armas<\/a><\/dd><dd> <a href='https:\/\/www.ull.es\/directorio\/search\/?busqueda=Eduardo Rodr\u00edguez' target='_blank'>Eduardo Rodr\u00edguez<\/a><\/dd><\/dl>\n<\/div>\n\n<\/div><\/div><\/div>\n<\/div><\/div>","protected":false},"featured_media":12897,"parent":0,"menu_order":0,"template":"","tags":[83],"class_list":["post-11944","centros","type-centros","status-publish","has-post-thumbnail","hentry","tag-centros-de-estudios","taxonomia_centro_universitario-centros-de-estudios"],"_links":{"self":[{"href":"https:\/\/www.ull.es\/la-universidad\/fr\/wp-json\/wp\/v2\/centros\/11944","targetHints":{"allow":["GET"]}}],"collection":[{"href":"https:\/\/www.ull.es\/la-universidad\/fr\/wp-json\/wp\/v2\/centros"}],"about":[{"href":"https:\/\/www.ull.es\/la-universidad\/fr\/wp-json\/wp\/v2\/types\/centros"}],"version-history":[{"count":2,"href":"https:\/\/www.ull.es\/la-universidad\/fr\/wp-json\/wp\/v2\/centros\/11944\/revisions"}],"predecessor-version":[{"id":16675,"href":"https:\/\/www.ull.es\/la-universidad\/fr\/wp-json\/wp\/v2\/centros\/11944\/revisions\/16675"}],"wp:featuredmedia":[{"embeddable":true,"href":"https:\/\/www.ull.es\/la-universidad\/fr\/wp-json\/wp\/v2\/media\/12897"}],"wp:attachment":[{"href":"https:\/\/www.ull.es\/la-universidad\/fr\/wp-json\/wp\/v2\/media?parent=11944"}],"wp:term":[{"taxonomy":"post_tag","embeddable":true,"href":"https:\/\/www.ull.es\/la-universidad\/fr\/wp-json\/wp\/v2\/tags?post=11944"}],"curies":[{"name":"wp","href":"https:\/\/api.w.org\/{rel}","templated":true}]}}