{"id":15365,"date":"2023-04-19T11:45:50","date_gmt":"2023-04-19T11:45:50","guid":{"rendered":"https:\/\/www.ull.es\/la-universidad\/?post_type=componentes&#038;p=15365"},"modified":"2026-03-04T12:38:12","modified_gmt":"2026-03-04T12:38:12","slug":"vicerrectorado-de-cultura-y-extension-universitaria","status":"publish","type":"componentes","link":"https:\/\/www.ull.es\/la-universidad\/fr\/equipo-gobierno\/vicerrectorado-de-cultura-y-extension-universitaria\/","title":{"rendered":"Vice-rectorat de la culture et de l&#039;extension universitaire"},"content":{"rendered":"<div class=\"wp-block-stackable-columns stk-block-columns stk-block stk-bcf3e87\" data-block-id=\"bcf3e87\"><style>.stk-bcf3e87-column{--stk-column-gap:50px !important;}<\/style><div class=\"stk-row stk-inner-blocks stk-block-content stk-content-align stk-bcf3e87-column\">\n<div class=\"wp-block-stackable-column stk-block-column stk-column stk-block stk-2ff0814\" data-v=\"4\" data-block-id=\"2ff0814\"><style>@media screen and (min-width: 768px){.stk-2ff0814 {flex:var(--stk-flex-grow, 1) 1 calc(70% - var(--stk-column-gap, 0px) * 1 \/ 2 ) !important;}}<\/style><div class=\"stk-column-wrapper stk-block-column__content stk-container stk-2ff0814-container stk--no-background stk--no-padding\"><div class=\"stk-block-content stk-inner-blocks stk-2ff0814-inner-blocks\">\n<div class=\"wp-block-stackable-heading stk-block-heading stk-block-heading--v2 stk-block stk-0c9b4ae\" id=\"isabel-karely-leon-perez\" data-block-id=\"0c9b4ae\"><style>.stk-0c9b4ae .stk-block-heading__text{font-weight:400 !important;}<\/style><h1 class=\"stk-block-heading__text\">Isabel Karely Le\u00f3n P\u00e9rez<\/h1><\/div>\n\n\n\n<div class=\"wp-block-stackable-heading stk-block-heading stk-block-heading--v2 stk-block stk-f94c121\" id=\"vicerrectora-de-cultura-y-extension-universitaria\" data-block-id=\"f94c121\"><h2 class=\"stk-block-heading__text\">Vice-recteur \u00e0 la culture et \u00e0 la diffusion universitaire<\/h2><\/div>\n\n\n\n<div class=\"wp-block-stackable-text stk-block-text stk-block stk-d9cb27e\" data-block-id=\"d9cb27e\"><p class=\"stk-block-text__text\">Isabel Karely Le\u00f3n P\u00e9rez est titulaire d&#039;une licence et d&#039;un doctorat (2003) en philologie anglaise et allemande de l&#039;Universit\u00e9 de La Laguna. Elle est professeure titulaire au D\u00e9partement de philologie anglaise et allemande depuis 2011 et a \u00e9t\u00e9 directrice du Secr\u00e9tariat pour la diffusion universitaire et la projection sociale au Vice-Rectorat des relations avec la soci\u00e9t\u00e9 de l&#039;Universit\u00e9 de La Laguna entre septembre 2017 et juin 2019.<\/p><\/div>\n\n\n\n<details class=\"wp-block-stackable-accordion stk-block-accordion stk-inner-blocks stk-block-content stk-block stk-a1146a7 is-style-plain\" id=\"biografia\" data-block-id=\"a1146a7\"><style>.stk-a1146a7 {padding-bottom:10px !important;margin-bottom:0px !important;}<\/style>\n<summary class=\"wp-block-stackable-column stk-block-column stk-column stk-block stk-5af83da stk--container-small stk-block-accordion__heading\" data-v=\"4\" data-block-id=\"5af83da\"><style>.stk-5af83da {border-style:solid !important;border-top-width:0px !important;border-right-width:0px !important;border-bottom-width:1px !important;border-left-width:0px !important;padding-top:0px !important;padding-right:0px !important;padding-bottom:0px !important;padding-left:0px !important;}.stk-5af83da-container{padding-top:0px !important;padding-right:0px !important;padding-bottom:0px !important;padding-left:0px !important;}<\/style><div class=\"stk-column-wrapper stk-block-column__content stk-container stk-5af83da-container stk--no-background stk--no-padding\"><div class=\"stk-block-content stk-inner-blocks stk-5af83da-inner-blocks\">\n<div class=\"wp-block-stackable-icon-label stk-block-icon-label stk-block stk-0be5fec\" data-block-id=\"0be5fec\"><style>.stk-0be5fec .stk-inner-blocks{gap:40px !important;}@media screen and (max-width: 1023px){.stk-0be5fec .stk-inner-blocks{gap:40px !important;}}@media screen and (max-width: 767px){.stk-0be5fec .stk-inner-blocks{gap:40px !important;}}<\/style><div class=\"stk-row stk-inner-blocks stk-block-content\">\n<div class=\"wp-block-stackable-icon stk-block-icon stk-block stk-dfc1964\" data-block-id=\"dfc1964\"><style>.stk-dfc1964 .stk--svg-wrapper .stk--inner-svg svg:last-child{height:24px !important;width:24px !important;}.stk-dfc1964 .stk--svg-wrapper .stk--inner-svg svg:last-child, .stk-dfc1964 .stk--svg-wrapper .stk--inner-svg svg:last-child :is(g, path, rect, polygon, ellipse){fill:var(--stk-global-color-60833, #5c068c) !important;}<\/style><span class=\"stk--svg-wrapper stk--has-icon2\"><div class=\"stk--inner-svg\"><svg style=\"height:0;width:0\"><defs><lineargradient id=\"linear-gradient-dfc1964\" x1=\"0\" x2=\"100%\" y1=\"0\" y2=\"0\"><stop offset=\"0%\" style=\"stop-opacity:1;stop-color:var(--linear-gradient-dfc-1964-color-1)\"><\/stop><stop offset=\"100%\" style=\"stop-opacity:1;stop-color:var(--linear-gradient-dfc-1964-color-2)\"><\/stop><\/lineargradient><\/defs><\/svg><svg xmlns=\"http:\/\/www.w3.org\/2000\/svg\" viewbox=\"0 0 512 512\" aria-hidden=\"true\" width=\"32\" height=\"32\"><path d=\"M453.3 19.3l39.4 39.4c25 25 25 65.5 0 90.5l-52.1 52.1 0 0-1-1 0 0-16-16-96-96-17-17 52.1-52.1c25-25 65.5-25 90.5 0zM241 114.9c-9.4-9.4-24.6-9.4-33.9 0L105 217c-9.4 9.4-24.6 9.4-33.9 0s-9.4-24.6 0-33.9L173.1 81c28.1-28.1 73.7-28.1 101.8 0L288 94.1l17 17 96 96 16 16 1 1-17 17L229.5 412.5c-48 48-109.2 80.8-175.8 94.1l-25 5c-7.9 1.6-16-.9-21.7-6.6s-8.1-13.8-6.6-21.7l5-25c13.3-66.6 46.1-127.8 94.1-175.8L254.1 128 241 114.9z\"\/><\/svg><\/div><div class=\"stk--inner-svg stk--icon-2\" style=\"display:none\"><svg style=\"height:0;width:0\"><defs><lineargradient id=\"linear-gradient-dfc1964\" x1=\"0\" x2=\"100%\" y1=\"0\" y2=\"0\"><stop offset=\"0%\" style=\"stop-opacity:1;stop-color:var(--linear-gradient-dfc-1964-color-1)\"><\/stop><stop offset=\"100%\" style=\"stop-opacity:1;stop-color:var(--linear-gradient-dfc-1964-color-2)\"><\/stop><\/lineargradient><\/defs><\/svg><svg xmlns=\"http:\/\/www.w3.org\/2000\/svg\" viewbox=\"0 0 576 512\" aria-hidden=\"true\" width=\"32\" height=\"32\"><path d=\"M0 64C0 28.7 28.7 0 64 0H224V128c0 17.7 14.3 32 32 32H384V299.6l-94.7 94.7c-8.2 8.2-14 18.5-16.8 29.7l-15 60.1c-2.3 9.4-1.8 19 1.4 27.8H64c-35.3 0-64-28.7-64-64V64zm384 64H256V0L384 128zM549.8 235.7l14.4 14.4c15.6 15.6 15.6 40.9 0 56.6l-29.4 29.4-71-71 29.4-29.4c15.6-15.6 40.9-15.6 56.6 0zM311.9 417L441.1 287.8l71 71L382.9 487.9c-4.1 4.1-9.2 7-14.9 8.4l-60.1 15c-5.5 1.4-11.2-.2-15.2-4.2s-5.6-9.7-4.2-15.2l15-60.1c1.4-5.6 4.3-10.8 8.4-14.9z\"\/><\/svg><\/div><\/span><\/div>\n\n\n\n<div class=\"wp-block-stackable-heading stk-block-heading stk-block-heading--v2 stk-block stk-9856311\" id=\"biografia\" data-block-id=\"9856311\"><style>.stk-9856311 .stk-block-heading__text{color:#000000 !important;font-weight:500 !important;font-family:\"ArgentumSans\", Sans-serif !important;}<\/style><h4 class=\"stk-block-heading__text has-text-color\">Biographie<\/h4><\/div>\n<\/div><\/div>\n<\/div><\/div><\/summary>\n\n\n\n<div class=\"wp-block-stackable-column stk-block-column stk-column stk-block stk-8f1160a stk-block-accordion__content\" data-v=\"4\" data-block-id=\"8f1160a\"><style>.stk-8f1160a-container{padding-top:0px !important;padding-right:0px !important;padding-bottom:0px !important;padding-left:0px !important;}<\/style><div class=\"stk-column-wrapper stk-block-column__content stk-container stk-8f1160a-container stk--no-background stk--no-padding\"><div class=\"stk-block-content stk-inner-blocks stk-8f1160a-inner-blocks\">\n<p>Isabel Karely Le\u00f3n P\u00e9rez est titulaire d&#039;une licence et d&#039;un doctorat (2003) en philologie anglaise et allemande de l&#039;Universit\u00e9 de La Laguna. Elle est professeure titulaire au D\u00e9partement de philologie anglaise et allemande depuis 2011 et a \u00e9t\u00e9 directrice du Secr\u00e9tariat pour la diffusion universitaire et la projection sociale au Vice-Rectorat des relations avec la soci\u00e9t\u00e9 de l&#039;Universit\u00e9 de La Laguna entre septembre 2017 et juin 2019.<\/p>\n\n\n\n<p>Depuis 1997, il enseigne et coordonne des cours supervis\u00e9s par le D\u00e9partement de philologie anglaise et allemande de l&#039;Universit\u00e9 de La Laguna, dans divers programmes de premier, de master et de troisi\u00e8me cycle. Elle a enseign\u00e9 et coordonn\u00e9 des cours d&#039;anglais en recherche biom\u00e9dicale dans divers programmes de doctorat, ainsi que des cours d&#039;anglais et de communication en biosciences, en se concentrant sur les comp\u00e9tences de base de la pr\u00e9paration de publications scientifiques, \u00e0 l&#039;Universit\u00e9 de La Laguna jusqu&#039;en 2021.<\/p>\n\n\n\n<p>Il a re\u00e7u une excellente note tout au long de sa carri\u00e8re de la part du Comit\u00e9 d&#039;\u00e9valuation de la qualit\u00e9 (appels Docentia) du Vice-Rectorat de l&#039;Enseignement de l&#039;Universit\u00e9 de La Laguna. Elle participe \u00e0 l&#039;\u00e9valuation des comp\u00e9tences en communication depuis 2010 dans la conception, la phase exp\u00e9rimentale et la mise en \u0153uvre du syst\u00e8me d&#039;\u00e9valuation clinique objective structur\u00e9e de la Facult\u00e9 des sciences de la sant\u00e9, section de m\u00e9decine, dans laquelle l&#039;Universit\u00e9 de La Laguna a \u00e9t\u00e9 l&#039;un des centres pionniers en Espagne ; et dans des projets d&#039;innovation p\u00e9dagogique li\u00e9s au dipl\u00f4me de m\u00e9decine et au master en gestion et planification du tourisme. En tant que membre de la Commission d&#039;\u00e9ducation m\u00e9dicale (2009), il a particip\u00e9 \u00e0 la d\u00e9finition et \u00e0 l&#039;\u00e9valuation des comp\u00e9tences pour les \u00e9tudes de m\u00e9decine \u00e0 l&#039;Universit\u00e9 de La Laguna et a coordonn\u00e9 les unit\u00e9s d\u00e9partementales des sciences de la sant\u00e9 et des sciences du d\u00e9partement de philologie anglaise et allemande jusqu&#039;en 2017, t\u00e2che qu&#039;il assumera \u00e0 nouveau en 2023.<\/p>\n\n\n\n<p>Avec une reconnaissance pour deux p\u00e9riodes de recherche de six ans (2004-2009 et 2010-2017), il a particip\u00e9 \u00e0 plusieurs projets des groupes de recherche nationaux et internationaux Groupe de recherche multidisciplinaire sur l&#039;analyse contrastive du discours acad\u00e9mique et Groupe de recherche multilingue sur l&#039;analyse du discours scientifique. Il a publi\u00e9 des \u00e9tudes dans le domaine de la linguistique anglaise appliqu\u00e9e sur la rh\u00e9torique interculturelle anglais-espagnol-anglais, l&#039;analyse du discours acad\u00e9mique et scientifique, l&#039;anglais \u00e0 des fins sp\u00e9cifiques et l&#039;anglais pour la recherche et l&#039;\u00e9dition scientifiques. Sa sp\u00e9cialisation en tant que chercheuse et enseignante se concentre sur l&#039;analyse et la facilitation du processus de promotion de la production scientifique au niveau international (English for Research Publication Purposes) pour le groupe de personnes dont la langue maternelle n&#039;est pas l&#039;anglais (Non-English Speaking Scientists) et qui utilisent l&#039;anglais comme langue suppl\u00e9mentaire (English as an Additional Language). Fran\u00e7ais Membre de l&#039;Institut universitaire de linguistique Andr\u00e9s Bello de l&#039;Universit\u00e9 de La Laguna (INULAB), elle a particip\u00e9 \u00e0 plus de trente conf\u00e9rences internationales et son projet le plus r\u00e9cent fera l&#039;objet de sa participation \u00e0 la conf\u00e9rence internationale PRISEAL V. Publishing and Presenting Research Internationally: Issues for Speakers of English as an Additional Language, pr\u00e9vue en septembre 2023 dans notre Universit\u00e9, avec pour devise Global Academic Research Publication and Dissemination in Fast-Changing Times, dont le parcours a commenc\u00e9 pr\u00e9cis\u00e9ment \u00e0 l&#039;Universit\u00e9 de La Laguna en collaboration avec l&#039;Universit\u00e9 d&#039;Ad\u00e9la\u00efde (Australie) avec l&#039;\u00e9dition phare de PRISEAL I de 2007 avant d&#039;autres en Pologne, au Portugal et en Islande, au comit\u00e9 d&#039;organisation duquel elle a particip\u00e9 et qui, avec l&#039;intervention de sp\u00e9cialistes de 14 pays, a donn\u00e9 naissance au manifeste \u00ab The Tenerife Statement \u00bb (2008) en faveur de l&#039;\u00e9quit\u00e9 dans les pratiques et l&#039;acc\u00e8s \u00e0 la participation \u00e0 des forums d&#039;impact maximal dans la recherche \u00e0 l&#039;\u00e9chelle mondiale.<\/p>\n<\/div><\/div><\/div>\n<\/details>\n\n\n\n<details class=\"wp-block-stackable-accordion stk-block-accordion stk-inner-blocks stk-block-content stk-block stk-1a423c7 is-style-plain\" id=\"competencias\" data-block-id=\"1a423c7\"><style>.stk-1a423c7 {padding-bottom:10px !important;margin-bottom:0px !important;}<\/style>\n<summary class=\"wp-block-stackable-column stk-block-column stk-column stk-block stk-fa36bd8 stk--container-small stk-block-accordion__heading\" data-v=\"4\" data-block-id=\"fa36bd8\"><style>.stk-fa36bd8 {border-style:solid !important;border-top-width:0px !important;border-right-width:0px !important;border-bottom-width:1px !important;border-left-width:0px !important;padding-top:0px !important;padding-right:0px !important;padding-bottom:0px !important;padding-left:0px !important;}.stk-fa36bd8-container{padding-top:0px !important;padding-right:0px !important;padding-bottom:0px !important;padding-left:0px !important;}<\/style><div class=\"stk-column-wrapper stk-block-column__content stk-container stk-fa36bd8-container stk--no-background stk--no-padding\"><div class=\"stk-block-content stk-inner-blocks stk-fa36bd8-inner-blocks\">\n<div class=\"wp-block-stackable-icon-label stk-block-icon-label stk-block stk-d5e740c\" data-block-id=\"d5e740c\"><style>.stk-d5e740c .stk-inner-blocks{gap:40px !important;}@media screen and (max-width: 1023px){.stk-d5e740c .stk-inner-blocks{gap:40px !important;}}@media screen and (max-width: 767px){.stk-d5e740c .stk-inner-blocks{gap:40px !important;}}<\/style><div class=\"stk-row stk-inner-blocks stk-block-content\">\n<div class=\"wp-block-stackable-icon stk-block-icon stk-block stk-14a91f9\" data-block-id=\"14a91f9\"><style>.stk-14a91f9 .stk--svg-wrapper .stk--inner-svg svg:last-child{height:24px !important;width:24px !important;}.stk-14a91f9 .stk--svg-wrapper .stk--inner-svg svg:last-child, .stk-14a91f9 .stk--svg-wrapper .stk--inner-svg svg:last-child :is(g, path, rect, polygon, ellipse){fill:var(--stk-global-color-60833, #5c068c) !important;}<\/style><span class=\"stk--svg-wrapper stk--has-icon2\"><div class=\"stk--inner-svg\"><svg style=\"height:0;width:0\"><defs><lineargradient id=\"linear-gradient-14a91f9\" x1=\"0\" x2=\"100%\" y1=\"0\" y2=\"0\"><stop offset=\"0%\" style=\"stop-opacity:1;stop-color:var(--linear-gradient-14-a-91-f-9-color-1)\"><\/stop><stop offset=\"100%\" style=\"stop-opacity:1;stop-color:var(--linear-gradient-14-a-91-f-9-color-2)\"><\/stop><\/lineargradient><\/defs><\/svg><svg xmlns=\"http:\/\/www.w3.org\/2000\/svg\" viewbox=\"0 0 512 512\" aria-hidden=\"true\" width=\"32\" height=\"32\"><path d=\"M256 512A256 256 0 1 0 256 0a256 256 0 1 0 0 512zM216 336h24V272H216c-13.3 0-24-10.7-24-24s10.7-24 24-24h48c13.3 0 24 10.7 24 24v88h8c13.3 0 24 10.7 24 24s-10.7 24-24 24H216c-13.3 0-24-10.7-24-24s10.7-24 24-24zm40-208a32 32 0 1 1 0 64 32 32 0 1 1 0-64z\"\/><\/svg><\/div><div class=\"stk--inner-svg stk--icon-2\" style=\"display:none\"><svg style=\"height:0;width:0\"><defs><lineargradient id=\"linear-gradient-14a91f9\" x1=\"0\" x2=\"100%\" y1=\"0\" y2=\"0\"><stop offset=\"0%\" style=\"stop-opacity:1;stop-color:var(--linear-gradient-14-a-91-f-9-color-1)\"><\/stop><stop offset=\"100%\" style=\"stop-opacity:1;stop-color:var(--linear-gradient-14-a-91-f-9-color-2)\"><\/stop><\/lineargradient><\/defs><\/svg><svg xmlns=\"http:\/\/www.w3.org\/2000\/svg\" viewbox=\"0 0 192 512\" aria-hidden=\"true\" width=\"32\" height=\"32\"><path d=\"M48 80a48 48 0 1 1 96 0A48 48 0 1 1 48 80zM0 224c0-17.7 14.3-32 32-32H96c17.7 0 32 14.3 32 32V448h32c17.7 0 32 14.3 32 32s-14.3 32-32 32H32c-17.7 0-32-14.3-32-32s14.3-32 32-32H64V256H32c-17.7 0-32-14.3-32-32z\"\/><\/svg><\/div><\/span><\/div>\n\n\n\n<div class=\"wp-block-stackable-heading stk-block-heading stk-block-heading--v2 stk-block stk-b9ecf4c\" id=\"competencias\" data-block-id=\"b9ecf4c\"><style>.stk-b9ecf4c .stk-block-heading__text{color:#000000 !important;font-weight:500 !important;font-family:\"ArgentumSans\", Sans-serif !important;}<\/style><h4 class=\"stk-block-heading__text has-text-color\">Comp\u00e9tences<\/h4><\/div>\n<\/div><\/div>\n<\/div><\/div><\/summary>\n\n\n\n<div class=\"wp-block-stackable-column stk-block-column stk-column stk-block stk-011aa02 stk-block-accordion__content\" data-v=\"4\" data-block-id=\"011aa02\"><style>.stk-011aa02-container{padding-top:0px !important;padding-right:0px !important;padding-bottom:0px !important;padding-left:0px !important;}<\/style><div class=\"stk-column-wrapper stk-block-column__content stk-container stk-011aa02-container stk--no-background stk--no-padding\"><div class=\"stk-block-content stk-inner-blocks stk-011aa02-inner-blocks\">\n<p>1. Gestion des promotions.<\/p>\n\n\n\n<p>2. Gestion des \u00e9v\u00e9nements et des performances.<\/p>\n\n\n\n<p>3. Relations institutionnelles dans le domaine du d\u00e9veloppement social et culturel.<\/p>\n\n\n\n<p>4. Relations institutionnelles. Relations et collaboration avec des partenaires strat\u00e9giques, des entit\u00e9s culturelles, des anciens \u00e9l\u00e8ves, des entit\u00e9s publiques et priv\u00e9es, des fondations et des ONG en mati\u00e8re institutionnelle, culturelle, de rayonnement universitaire et de rayonnement social.<\/p>\n\n\n\n<p>5. Relations avec les diff\u00e9rents secteurs de la soci\u00e9t\u00e9 et de la communaut\u00e9 universitaire pour le d\u00e9veloppement culturel, le rayonnement universitaire et la projection sociale.<\/p>\n\n\n\n<p>6. Gestion du patrimoine historique et artistique et autres biens culturels.<\/p>\n\n\n\n<p>7. Protection, gestion et mise en valeur des collections d\u2019art et des mus\u00e9es. Gestion d&#039;exposition. Protection, gestion et valorisation des autres biens culturels et patrimoniaux.<\/p>\n\n\n\n<p>8. D\u00e9veloppement de la politique et de l\u2019offre culturelle, rayonnement universitaire et projection sociale de l\u2019Universit\u00e9 de La Laguna.<\/p>\n\n\n\n<p>9. Organisation, gestion et promotion des salles et chaires culturelles, des groupes culturels, ainsi que des activit\u00e9s qu&#039;ils g\u00e9n\u00e8rent.<\/p>\n\n\n\n<p>10. Actions culturelles, rayonnement universitaire et projection sociale.<\/p>\n\n\n\n<p>11. Organisation, gestion et promotion des cours d&#039;extension universitaire et des universit\u00e9s saisonni\u00e8res et insulaires, de la formation continue et des \u00e9tudes universitaires pour adultes et seniors (EUPAM).<\/p>\n\n\n\n<p>12. Organisation et diffusion de prix li\u00e9s \u00e0 la culture, au rayonnement universitaire, \u00e0 la diffusion scientifique et \u00e0 la projection sociale.<\/p>\n\n\n\n<p>13. Biblioth\u00e8que. Gestion de biblioth\u00e8que. Gestion des acc\u00e8s aux collections de la biblioth\u00e8que. Ressources des collections de la biblioth\u00e8que. Gestion des membres et services de biblioth\u00e8que.<\/p>\n\n\n\n<p>14. Organisation, d\u00e9veloppement et promotion d&#039;activit\u00e9s culturelles, de rayonnement universitaire, de diffusion scientifique et de promotion sociale dans et \u00e0 partir des biblioth\u00e8ques.<\/p>\n\n\n\n<p>15. Avec un caract\u00e8re transversal dans le transfert de connaissances et de manifestations culturelles, le suivi et la promotion de l&#039;\u00e9galit\u00e9 des sexes et des droits de l&#039;homme pour la transformation sociale et le bien-\u00eatre. Protection et promotion de la diversit\u00e9 culturelle et sociale des personnes et du territoire.<\/p>\n\n\n\n<p>16. D\u00e9veloppement d\u2019une politique culturelle accessible et de qualit\u00e9, rayonnement universitaire et projection sociale ; innovant et cr\u00e9atif, critique et comp\u00e9titif, diversifi\u00e9 et inclusif ; adapt\u00e9 aux besoins et aux demandes sociales.<\/p>\n\n\n\n<p>17. Organisation, gestion et promotion des chaires institutionnelles et d&#039;entreprise, ainsi que de l&#039;activit\u00e9 qu&#039;elles g\u00e9n\u00e8rent.<\/p>\n\n\n\n<p>18. Organisation, d\u00e9veloppement et promotion de forums d\u2019opinion, de d\u00e9bat et de dialogue. Activit\u00e9s collaboratives de sensibilisation et de r\u00e9flexion avec la participation de la soci\u00e9t\u00e9.<\/p>\n\n\n\n<p>19. Contrats et acquisitions. Celles d\u00e9coulant des fonctions que, en mati\u00e8re de passation de march\u00e9s administratifs, l&#039;ordre juridique attribue \u00e0 l&#039;organisme adjudicateur dans les proc\u00e9dures relatives aux march\u00e9s de fournitures, de services et de travaux dans le cadre de ses comp\u00e9tences et des cr\u00e9dits budg\u00e9taires allou\u00e9s aux Unit\u00e9s de d\u00e9penses dont il a la charge, jusqu&#039;\u00e0 concurrence de cinquante mille euros.<\/p>\n\n\n\n<p>20. Subventions et aides. Demande de subventions et d&#039;aides li\u00e9es aux activit\u00e9s du vice-recteur. Gestion des subventions.<\/p>\n\n\n\n<p>21. En g\u00e9n\u00e9ral, toutes les fonctions attribu\u00e9es au Recteur en mati\u00e8re de Culture, de Rayonnement Universitaire et de Projection Sociale qui ne sont pas express\u00e9ment attribu\u00e9es \u00e0 un autre organisme, y compris la repr\u00e9sentation de l&#039;Universit\u00e9 de La Laguna, \u00e0 condition que l&#039;intervention du Recteur ne soit pas requise par la nature de ladite repr\u00e9sentation.<\/p>\n\n\n\n<p>22. En tout \u00e9tat de cause, la signature d&#039;accords sur des mati\u00e8res relevant du Vice-rectorat est exclue de la pr\u00e9sente d\u00e9l\u00e9gation, sans pr\u00e9judice des d\u00e9l\u00e9gations expresses qui pourraient \u00eatre faites pour des cas sp\u00e9cifiques.<\/p>\n<\/div><\/div><\/div>\n<\/details>\n\n\n\n<details class=\"wp-block-stackable-accordion stk-block-accordion stk-inner-blocks stk-block-content stk-block stk-ab15a34 is-style-plain\" id=\"componentes\" data-block-id=\"ab15a34\"><style>.stk-ab15a34 {padding-bottom:10px !important;margin-bottom:0px !important;}<\/style>\n<summary class=\"wp-block-stackable-column stk-block-column stk-column stk-block stk-357a9ce stk--container-small stk-block-accordion__heading\" data-v=\"4\" data-block-id=\"357a9ce\"><style>.stk-357a9ce {border-style:solid !important;border-top-width:0px !important;border-right-width:0px !important;border-bottom-width:1px !important;border-left-width:0px !important;padding-top:0px !important;padding-right:0px !important;padding-bottom:0px !important;padding-left:0px !important;}.stk-357a9ce-container{padding-top:0px !important;padding-right:0px !important;padding-bottom:0px !important;padding-left:0px !important;}<\/style><div class=\"stk-column-wrapper stk-block-column__content stk-container stk-357a9ce-container stk--no-background stk--no-padding\"><div class=\"stk-block-content stk-inner-blocks stk-357a9ce-inner-blocks\">\n<div class=\"wp-block-stackable-icon-label stk-block-icon-label stk-block stk-28817da\" data-block-id=\"28817da\"><style>.stk-28817da .stk-inner-blocks{gap:40px !important;}@media screen and (max-width: 1023px){.stk-28817da .stk-inner-blocks{gap:40px !important;}}@media screen and (max-width: 767px){.stk-28817da .stk-inner-blocks{gap:40px !important;}}<\/style><div class=\"stk-row stk-inner-blocks stk-block-content\">\n<div class=\"wp-block-stackable-icon stk-block-icon stk-block stk-cfdb65d\" data-block-id=\"cfdb65d\"><style>.stk-cfdb65d .stk--svg-wrapper .stk--inner-svg svg:last-child{height:24px !important;width:24px !important;}.stk-cfdb65d .stk--svg-wrapper .stk--inner-svg svg:last-child, .stk-cfdb65d .stk--svg-wrapper .stk--inner-svg svg:last-child :is(g, path, rect, polygon, ellipse){fill:var(--stk-global-color-60833, #5c068c) !important;}<\/style><span class=\"stk--svg-wrapper stk--has-icon2\"><div class=\"stk--inner-svg\"><svg style=\"height:0;width:0\"><defs><lineargradient id=\"linear-gradient-cfdb65d\" x1=\"0\" x2=\"100%\" y1=\"0\" y2=\"0\"><stop offset=\"0%\" style=\"stop-opacity:1;stop-color:var(--linear-gradient-cfdb-65-d-color-1)\"><\/stop><stop offset=\"100%\" style=\"stop-opacity:1;stop-color:var(--linear-gradient-cfdb-65-d-color-2)\"><\/stop><\/lineargradient><\/defs><\/svg><svg xmlns=\"http:\/\/www.w3.org\/2000\/svg\" viewbox=\"0 0 640 512\" aria-hidden=\"true\" width=\"32\" height=\"32\"><path d=\"M144 0a80 80 0 1 1 0 160A80 80 0 1 1 144 0zM512 0a80 80 0 1 1 0 160A80 80 0 1 1 512 0zM0 298.7C0 239.8 47.8 192 106.7 192h42.7c15.9 0 31 3.5 44.6 9.7c-1.3 7.2-1.9 14.7-1.9 22.3c0 38.2 16.8 72.5 43.3 96c-.2 0-.4 0-.7 0H21.3C9.6 320 0 310.4 0 298.7zM405.3 320c-.2 0-.4 0-.7 0c26.6-23.5 43.3-57.8 43.3-96c0-7.6-.7-15-1.9-22.3c13.6-6.3 28.7-9.7 44.6-9.7h42.7C592.2 192 640 239.8 640 298.7c0 11.8-9.6 21.3-21.3 21.3H405.3zM224 224a96 96 0 1 1 192 0 96 96 0 1 1 -192 0zM128 485.3C128 411.7 187.7 352 261.3 352H378.7C452.3 352 512 411.7 512 485.3c0 14.7-11.9 26.7-26.7 26.7H154.7c-14.7 0-26.7-11.9-26.7-26.7z\"\/><\/svg><\/div><div class=\"stk--inner-svg stk--icon-2\" style=\"display:none\"><svg style=\"height:0;width:0\"><defs><lineargradient id=\"linear-gradient-cfdb65d\" x1=\"0\" x2=\"100%\" y1=\"0\" y2=\"0\"><stop offset=\"0%\" style=\"stop-opacity:1;stop-color:var(--linear-gradient-cfdb-65-d-color-1)\"><\/stop><stop offset=\"100%\" style=\"stop-opacity:1;stop-color:var(--linear-gradient-cfdb-65-d-color-2)\"><\/stop><\/lineargradient><\/defs><\/svg><svg xmlns=\"http:\/\/www.w3.org\/2000\/svg\" viewbox=\"0 0 640 512\" aria-hidden=\"true\" width=\"32\" height=\"32\"><path d=\"M48 48h88c13.3 0 24-10.7 24-24s-10.7-24-24-24H32C14.3 0 0 14.3 0 32V136c0 13.3 10.7 24 24 24s24-10.7 24-24V48zM175.8 224a48 48 0 1 0 0-96 48 48 0 1 0 0 96zm-26.5 32C119.9 256 96 279.9 96 309.3c0 14.7 11.9 26.7 26.7 26.7h56.1c8-34.1 32.8-61.7 65.2-73.6c-7.5-4.1-16.2-6.4-25.3-6.4H149.3zm368 80c14.7 0 26.7-11.9 26.7-26.7c0-29.5-23.9-53.3-53.3-53.3H421.3c-9.2 0-17.8 2.3-25.3 6.4c32.4 11.9 57.2 39.5 65.2 73.6h56.1zm-89.4 0c-8.6-24.3-29.9-42.6-55.9-47c-3.9-.7-7.9-1-12-1H280c-4.1 0-8.1 .3-12 1c-26 4.4-47.3 22.7-55.9 47c-2.7 7.5-4.1 15.6-4.1 24c0 13.3 10.7 24 24 24H408c13.3 0 24-10.7 24-24c0-8.4-1.4-16.5-4.1-24zM464 224a48 48 0 1 0 0-96 48 48 0 1 0 0 96zm-80-32a64 64 0 1 0 -128 0 64 64 0 1 0 128 0zM504 48h88v88c0 13.3 10.7 24 24 24s24-10.7 24-24V32c0-17.7-14.3-32-32-32H504c-13.3 0-24 10.7-24 24s10.7 24 24 24zM48 464V376c0-13.3-10.7-24-24-24s-24 10.7-24 24V480c0 17.7 14.3 32 32 32H136c13.3 0 24-10.7 24-24s-10.7-24-24-24H48zm456 0c-13.3 0-24 10.7-24 24s10.7 24 24 24H608c17.7 0 32-14.3 32-32V376c0-13.3-10.7-24-24-24s-24 10.7-24 24v88H504z\"\/><\/svg><\/div><\/span><\/div>\n\n\n\n<div class=\"wp-block-stackable-heading stk-block-heading stk-block-heading--v2 stk-block stk-c1c783f\" id=\"componentes\" data-block-id=\"c1c783f\"><style>.stk-c1c783f .stk-block-heading__text{color:#000000 !important;font-weight:500 !important;font-family:\"ArgentumSans\", Sans-serif !important;}<\/style><h4 class=\"stk-block-heading__text has-text-color\">Composants<\/h4><\/div>\n<\/div><\/div>\n<\/div><\/div><\/summary>\n\n\n\n<div class=\"wp-block-stackable-column stk-block-column stk-column stk-block stk-b3648fc stk-block-accordion__content\" data-v=\"4\" data-block-id=\"b3648fc\"><style>.stk-b3648fc-container{padding-top:0px !important;padding-right:0px !important;padding-bottom:0px !important;padding-left:0px !important;}<\/style><div class=\"stk-column-wrapper stk-block-column__content stk-container stk-b3648fc-container stk--no-background stk--no-padding\"><div class=\"stk-block-content stk-inner-blocks stk-b3648fc-inner-blocks\">\n<div class=\"wpb_text_column wpb_content_element ull-contacto\">\n<ul>\n \t<li>Isabel Castells Molina<\/li>\n \t<li>Directeur du Secr\u00e9tariat du d\u00e9veloppement culturel et de la biblioth\u00e8que (salles et chaires culturelles)<\/li>\n \t<li><i class=\"fa fa-phone\"><\/i>&nbsp;(+34) 922 31 96 01<\/li>\n \t<li><i class=\"fa fa-envelope\"><\/i> <a href=\"mailto:direccion.culturaybiblioteca@ull.es\" target=\"_blank\" rel=\"noopener\">direccion.culturaybiblioteca@ull.es<\/a><\/li>\n<\/ul>\n<\/div>\n<div class=\"wpb_text_column wpb_content_element ull-contacto\">\n<ul>\n \t<li>Abel L\u00f3pez D\u00edez<\/li>\n \t<li>Directeur du Secr\u00e9tariat de l&#039;Extension Universitaire<\/li>\n \t<li><i class=\"fa fa-phone\"><\/i>&nbsp;(+34) 922 31 96 01<\/li>\n \t<li><i class=\"fa fa-envelope\"><\/i><a href=\"mailto:direccion.extension@ull.es\" target=\"_blank\" rel=\"noopener\">direccion.extension@ull.es<\/a><\/li>\n<\/ul>\n<ul>\n \t<li>M\u00e9dina de Mar\u00eda Lilibeth Fuentes<\/li>\n \t<li>Directeur du Secr\u00e9tariat des Chaires Institutionnelles et d&#039;Entreprises<\/li>\n \t<li><i class=\"fa fa-phone\"><\/i>&nbsp;(+34) 922 31 96 01<\/li>\n \t<li><i class=\"fa fa-envelope\"><\/i><a href=\"mailto:disescat@ull.es\" target=\"_blank\" rel=\"noopener\">disescat@ull.es<\/a><\/li>\n<\/ul>\n<\/div>\n<div class=\"wpb_text_column wpb_content_element ull-contacto\">\n<ul>\n \t<li>Dulce Maria Benitez<\/li>\n \t<li>Secr\u00e9taire du Vice-Rectorat<\/li>\n \t<li><i class=\"fa fa-phone\"><\/i>&nbsp;(+34) 922 31 96 01<\/li>\n \t<li><i class=\"fa fa-envelope\"><\/i>&nbsp;<a href=\"mailto:secretaria.cultura@ull.es\" target=\"_blank\" rel=\"noopener\">secretaria.cultura@ull.es<\/a><\/li>\n<\/ul>\n<\/div>\n<\/div><\/div><\/div>\n<\/details>\n<\/div><\/div><\/div>\n\n\n\n<div class=\"wp-block-stackable-column stk-block-column stk-column stk-block stk-07a7c3a\" data-v=\"4\" data-block-id=\"07a7c3a\"><style>@media screen and (min-width: 768px){.stk-07a7c3a {flex:var(--stk-flex-grow, 1) 1 calc(30% - var(--stk-column-gap, 0px) * 1 \/ 2 ) !important;}}<\/style><div class=\"stk-column-wrapper stk-block-column__content stk-container stk-07a7c3a-container stk--no-background stk--no-padding\"><div class=\"stk-block-content stk-inner-blocks stk-07a7c3a-inner-blocks\">\n<div class=\"wp-block-stackable-image stk-block-image stk-block stk-f0e3b96\" data-block-id=\"f0e3b96\"><figure><span class=\"stk-img-wrapper stk-image--shape-stretch\"><img loading=\"lazy\" decoding=\"async\" class=\"stk-img wp-image-15452\" src=\"https:\/\/www.ull.es\/la-universidad\/wp-content\/uploads\/sites\/2\/2023\/05\/Isabel-Leon.culturaextensuniversitariajpg.jpg\" width=\"640\" height=\"640\" srcset=\"https:\/\/www.ull.es\/la-universidad\/wp-content\/uploads\/sites\/2\/2023\/05\/Isabel-Leon.culturaextensuniversitariajpg.jpg 640w, https:\/\/www.ull.es\/la-universidad\/wp-content\/uploads\/sites\/2\/2023\/05\/Isabel-Leon.culturaextensuniversitariajpg-300x300.jpg 300w, https:\/\/www.ull.es\/la-universidad\/wp-content\/uploads\/sites\/2\/2023\/05\/Isabel-Leon.culturaextensuniversitariajpg-150x150.jpg 150w, https:\/\/www.ull.es\/la-universidad\/wp-content\/uploads\/sites\/2\/2023\/05\/Isabel-Leon.culturaextensuniversitariajpg-375x375.jpg 375w, https:\/\/www.ull.es\/la-universidad\/wp-content\/uploads\/sites\/2\/2023\/05\/Isabel-Leon.culturaextensuniversitariajpg-50x50.jpg 50w\" sizes=\"auto, (max-width: 640px) 100vw, 640px\" \/><\/span><\/figure><\/div>\n\n\n\n<ul class=\"widget-contacto\">\n \t<li>(+34) 922 31 96 01<\/li>\n \t<li><i class=\"fa fa-envelope\"><\/i> <a href=\"mailto:vicerrectorado.cultura@ull.es\" target=\"_blank\" rel=\"noopener\">vicerrectorado.cultura@ull.es<\/a><\/li>\n<\/ul>\n\n\n\n<div class=\"wp-block-stackable-text stk-block-text stk-block stk-5df5a39\" data-block-id=\"5df5a39\"><style>.stk-5df5a39 .stk-block-text__text{font-size:14px !important;}@media screen and (max-width: 1023px){.stk-5df5a39 .stk-block-text__text{font-size:14px !important;}}<\/style><p class=\"stk-block-text__text\">Veuillez contacter les adresses sp\u00e9cifiques suivantes en fonction du sujet :<\/p><\/div>\n\n\n\n<p style=\"font-size:14px\">Ordre du jour, r\u00e9unions et secr\u00e9tariat<br><a href=\"mailto:secretaria.cultura@ull.es\" target=\"_blank\" rel=\"noopener\">secretaria.cultura@ull.es<\/a><\/p>\n\n\n\n<p style=\"font-size:14px\">Quartier g\u00e9n\u00e9ral de la section<br><a href=\"mailto:rsociedad@ull.es\" target=\"_blank\" rel=\"noopener\">rsociedad@ull.es<\/a><\/p>\n\n\n\n<p style=\"font-size:14px\">D\u00e9veloppement culturel et biblioth\u00e8que (salles de classe et chaires culturelles)<br><a href=\"mailto:direccion.culturaybiblioteca@ull.es\" target=\"_blank\" rel=\"noopener\">direccion.culturaybiblioteca@ull.es<\/a><\/p>\n\n\n\n<p style=\"font-size:14px\">Extension universitaire<br><a href=\"mailto:direccion.extension@ull.es\" target=\"_blank\" rel=\"noopener\">direccion.extension@ull.es<\/a><\/p>\n\n\n\n<p style=\"font-size:14px\">Chaires institutionnelles et commerciales<br><a href=\"mailto:disescat@ull.es\" target=\"_blank\" rel=\"noopener\">disescat@ull.es<\/a><\/p>\n\n\n\n\n    \n<style>\n    .google-maps {\n        position: relative;\n        padding-bottom: 75%;\n        height: 0;\n        overflow: hidden;\n    }\n    .google-maps iframe {\n        position: absolute;\n        top: 0;\n        left: 0;\n        width: 100% !important;\n        height: 100% !important;\n    }\n<\/style>\n\n\n<div class=\"google-maps\">\n    <iframe src=\"https:\/\/www.openstreetmap.org\/export\/embed.html?bbox=-16.31640277411%2C28.48671954426%2C-16.31025896452%2C28.49253176654&amp;layer=mapnik&amp;marker=28.4909025%2C-16.313576600000000\" style=\"border: 1px solid black\"><\/iframe>\n<\/div>\n\n<div class=\"btn-widget\">\n    <a href=\"https:\/\/www.openstreetmap.org\/directions?engine=graphhopper_car&from=&to=28.4909025%2C-16.313576600000000#map=17\/28.4909025\/-16.313576600000000\">Comment s&#039;y rendre<\/a>  \n<\/div>\n\n  <\/body>\n<\/html>\n\n\n<\/div><\/div><\/div>\n<\/div><\/div>","protected":false},"featured_media":15452,"parent":0,"menu_order":6,"template":"","tags":[],"class_list":["post-15365","componentes","type-componentes","status-publish","has-post-thumbnail","hentry","taxonomia_componentes-vicerrectorados-2"],"_links":{"self":[{"href":"https:\/\/www.ull.es\/la-universidad\/fr\/wp-json\/wp\/v2\/componentes\/15365","targetHints":{"allow":["GET"]}}],"collection":[{"href":"https:\/\/www.ull.es\/la-universidad\/fr\/wp-json\/wp\/v2\/componentes"}],"about":[{"href":"https:\/\/www.ull.es\/la-universidad\/fr\/wp-json\/wp\/v2\/types\/componentes"}],"version-history":[{"count":30,"href":"https:\/\/www.ull.es\/la-universidad\/fr\/wp-json\/wp\/v2\/componentes\/15365\/revisions"}],"predecessor-version":[{"id":18700,"href":"https:\/\/www.ull.es\/la-universidad\/fr\/wp-json\/wp\/v2\/componentes\/15365\/revisions\/18700"}],"wp:featuredmedia":[{"embeddable":true,"href":"https:\/\/www.ull.es\/la-universidad\/fr\/wp-json\/wp\/v2\/media\/15452"}],"wp:attachment":[{"href":"https:\/\/www.ull.es\/la-universidad\/fr\/wp-json\/wp\/v2\/media?parent=15365"}],"wp:term":[{"taxonomy":"post_tag","embeddable":true,"href":"https:\/\/www.ull.es\/la-universidad\/fr\/wp-json\/wp\/v2\/tags?post=15365"}],"curies":[{"name":"wp","href":"https:\/\/api.w.org\/{rel}","templated":true}]}}