{"id":15374,"date":"2023-04-20T07:53:25","date_gmt":"2023-04-20T07:53:25","guid":{"rendered":"https:\/\/www.ull.es\/la-universidad\/?post_type=componentes&#038;p=15374"},"modified":"2025-02-05T15:10:38","modified_gmt":"2025-02-05T15:10:38","slug":"rector","status":"publish","type":"componentes","link":"https:\/\/www.ull.es\/la-universidad\/fr\/equipo-gobierno\/rector\/","title":{"rendered":"Recteur"},"content":{"rendered":"<div class=\"wp-block-stackable-columns stk-block-columns stk-block stk-bcf3e87\" data-block-id=\"bcf3e87\"><div class=\"stk-row stk-inner-blocks stk-block-content stk-content-align stk-bcf3e87-column\">\n<div class=\"wp-block-stackable-column stk-block-column stk-column stk-block stk-2ff0814\" data-v=\"4\" data-block-id=\"2ff0814\"><style>@media screen and (min-width: 768px){.stk-2ff0814 {flex:var(--stk-flex-grow, 1) 1 calc(70% - var(--stk-column-gap, 0px) * 1 \/ 2 ) !important;}}<\/style><div class=\"stk-column-wrapper stk-block-column__content stk-container stk-2ff0814-container stk--no-background stk--no-padding\"><div class=\"stk-block-content stk-inner-blocks stk-2ff0814-inner-blocks\">\n<div class=\"wp-block-stackable-heading stk-block-heading stk-block-heading--v2 stk-block stk-0c9b4ae\" id=\"francisco-javier-garcia-rodriguez\" data-block-id=\"0c9b4ae\"><style>.stk-0c9b4ae {margin-bottom:14px !important;}.stk-0c9b4ae .stk-block-heading__text{font-weight:400 !important;}<\/style><h1 class=\"stk-block-heading__text\">Francisco Javier Garc\u00eda Rodr\u00edguez<\/h1><\/div>\n\n\n\n<div class=\"wp-block-stackable-heading stk-block-heading stk-block-heading--v2 stk-block stk-f94c121\" id=\"rector\" data-block-id=\"f94c121\"><h2 class=\"stk-block-heading__text\">Recteur<\/h2><\/div>\n\n\n\n<div class=\"wp-block-stackable-text stk-block-text stk-block stk-d9cb27e\" data-block-id=\"d9cb27e\"><p class=\"stk-block-text__text\">Francisco J. Garc\u00eda Rodr\u00edguez (Tijarafe, La Palma, 1971) est titulaire d&#039;un dipl\u00f4me en \u00e9conomie et administration des affaires (1994) et d&#039;un doctorat en \u00e9conomie de l&#039;Universit\u00e9 de La Laguna (2002). Il est professeur d\u2019organisation d\u2019entreprise au D\u00e9partement de gestion d\u2019entreprise et d\u2019histoire \u00e9conomique.<\/p><\/div>\n\n\n\n<details class=\"wp-block-stackable-accordion stk-block-accordion stk-inner-blocks stk-block-content stk-block stk-682c6f7 is-style-plain\" data-block-id=\"682c6f7\"><style>.stk-682c6f7 {padding-bottom:5px !important;margin-bottom:0px !important;}<\/style>\n<summary class=\"wp-block-stackable-column stk-block-column stk-column stk-block stk-9699d60 stk-block-background stk--container-small stk-block-accordion__heading\" data-v=\"4\" data-block-id=\"9699d60\"><style>.stk-9699d60 {padding-top:10px !important;padding-bottom:10px !important;padding-left:15px !important;}<\/style><div class=\"stk-column-wrapper stk-block-column__content stk-container stk-9699d60-container stk--no-background stk--no-padding\"><div class=\"stk-block-content stk-inner-blocks stk-9699d60-inner-blocks\">\n<div class=\"wp-block-stackable-icon-label stk-block-icon-label stk-block stk-d486140\" data-block-id=\"d486140\"><style>.stk-d486140 {padding-bottom:0px !important;}<\/style><div class=\"stk-row stk-inner-blocks stk-block-content\">\n<div class=\"wp-block-stackable-heading stk-block-heading stk-block-heading--v2 stk-block stk-73aedc9\" id=\"competencias\" data-block-id=\"73aedc9\"><style>.stk-73aedc9 .stk-block-heading__text{color:#666666 !important;font-weight:600 !important;font-family:\"ArgentumSans\", Sans-serif !important;}.stk-73aedc9 .stk-block-heading__text:hover{color:#5c068c !important;}<\/style><h4 class=\"stk-block-heading__text has-text-color\">Comp\u00e9tences<\/h4><\/div>\n\n\n\n<div class=\"wp-block-stackable-icon stk-block-icon stk-block stk-8532ecf\" data-block-id=\"8532ecf\"><span class=\"stk--svg-wrapper\"><div class=\"stk--inner-svg\"><svg style=\"height:0;width:0\"><defs><lineargradient id=\"linear-gradient-8532ecf\" x1=\"0\" x2=\"100%\" y1=\"0\" y2=\"0\"><stop offset=\"0%\" style=\"stop-opacity:1;stop-color:var(--linear-gradient-8532-ecf-color-1)\"><\/stop><stop offset=\"100%\" style=\"stop-opacity:1;stop-color:var(--linear-gradient-8532-ecf-color-2)\"><\/stop><\/lineargradient><\/defs><\/svg><svg data-prefix=\"fas\" data-icon=\"chevron-down\" class=\"svg-inline--fa fa-chevron-down fa-w-14\" xmlns=\"http:\/\/www.w3.org\/2000\/svg\" viewbox=\"0 0 448 512\" aria-hidden=\"true\" width=\"32\" height=\"32\"><path fill=\"currentColor\" d=\"M207.029 381.476L12.686 187.132c-9.373-9.373-9.373-24.569 0-33.941l22.667-22.667c9.357-9.357 24.522-9.375 33.901-.04L224 284.505l154.745-154.021c9.379-9.335 24.544-9.317 33.901.04l22.667 22.667c9.373 9.373 9.373 24.569 0 33.941L240.971 381.476c-9.373 9.372-24.569 9.372-33.942 0z\"><\/path><\/svg><\/div><\/span><\/div>\n<\/div><\/div>\n<\/div><\/div><\/summary>\n\n\n\n<div class=\"wp-block-stackable-column stk-block-column stk-column stk-block stk-305df50 stk-block-accordion__content\" data-v=\"4\" data-block-id=\"305df50\"><style>.stk-305df50-container{padding-top:0px !important;padding-right:0px !important;padding-bottom:0px !important;padding-left:0px !important;}<\/style><div class=\"stk-column-wrapper stk-block-column__content stk-container stk-305df50-container stk--no-background stk--no-padding\"><div class=\"stk-block-content stk-inner-blocks stk-305df50-inner-blocks\">\n<div class=\"wp-block-stackable-text stk-block-text stk-block stk-5f1ee0c\" data-block-id=\"5f1ee0c\"><p class=\"stk-block-text__text\"><\/p><\/div>\n\n\n\n<ol style=\"list-style-type:lower-alpha\" class=\"wp-block-list\">\n<li>Convoquer, pr\u00e9sider et diriger les r\u00e9unions du S\u00e9nat, du Conseil d\u2019administration, du Conseil consultatif et du Conseil d\u2019administration, et \u00e9tablir leur ordre du jour correspondant.<\/li>\n\n\n\n<li>Ex\u00e9cuter les accords valablement adopt\u00e9s par le S\u00e9nat, le Conseil d&#039;administration, le Conseil social et toutes d\u00e9cisions exig\u00e9es par le d\u00e9veloppement ordinaire des activit\u00e9s universitaires.<\/li>\n\n\n\n<li>Autoriser et approuver les d\u00e9penses et ordonner les paiements, comme pr\u00e9vu dans le budget de l\u2019Universit\u00e9.<\/li>\n\n\n\n<li>Nommer et embaucher les personnes qui ont \u00e9t\u00e9 propos\u00e9es par les comit\u00e9s de recrutement ou de s\u00e9lection correspondants.<\/li>\n\n\n\n<li>Conduire le processus de candidature aux postes comp\u00e9titifs d&#039;acc\u00e8s aux corps d&#039;enseignement universitaire \u00e0 travers le syst\u00e8me national de qualification.<\/li>\n\n\n\n<li>Convoquer des concours pour pourvoir des postes de personnel enseignant et autre, ainsi que nommer les comit\u00e9s de s\u00e9lection correspondants conform\u00e9ment aux pr\u00e9sents Statuts et \u00e0 la l\u00e9gislation en vigueur.<\/li>\n\n\n\n<li>Proc\u00e9der \u00e0 l&#039;appel \u00e0 candidatures pour les tests d&#039;admission du personnel enseignant universitaire conform\u00e9ment au r\u00e8glement d&#039;\u00e9laboration des concours d&#039;admission au personnel enseignant universitaire approuv\u00e9 par le Conseil d&#039;administration.<\/li>\n\n\n\n<li>Nommer et r\u00e9voquer, sur proposition ou rapport des organismes comp\u00e9tents, tous les organes individuels de direction ou d&#039;administration des diff\u00e9rents Centres, D\u00e9partements, Instituts, services et unit\u00e9s.<\/li>\n\n\n\n<li>Pr\u00e9sider les manifestations organis\u00e9es par l&#039;Universit\u00e9, sans pr\u00e9judice, le cas \u00e9ch\u00e9ant, des pr\u00e9rogatives protocolaires d&#039;autres autorit\u00e9s.<\/li>\n\n\n\n<li>Autoriser tous les \u00e9v\u00e9nements publics qui se d\u00e9roulent dans les b\u00e2timents, installations ou espaces de l&#039;Universit\u00e9, sans pr\u00e9judice des pouvoirs qui peuvent correspondre aux Doyens ou Directeurs \u00e0 cet \u00e9gard en relation avec leurs Centres.<\/li>\n\n\n\n<li>Repr\u00e9senter l\u2019Universit\u00e9 devant les tribunaux et accorder toutes les procurations n\u00e9cessaires.<\/li>\n\n\n\n<li>Soumettre un rapport \u00e9crit au S\u00e9nat pour discussion sur l&#039;\u00e9tat g\u00e9n\u00e9ral de l&#039;Universit\u00e9, qui doit inclure, au minimum, une analyse de l&#039;enseignement, de la recherche et de la gestion financi\u00e8re.<\/li>\n\n\n\n<li>Exercer tous autres pouvoirs pr\u00e9vus dans les pr\u00e9sents Statuts et tous pouvoirs non express\u00e9ment attribu\u00e9s \u00e0 d\u2019autres organismes de l\u2019Universit\u00e9.<\/li>\n<\/ol>\n<\/div><\/div><\/div>\n<\/details>\n\n\n\n<details class=\"wp-block-stackable-accordion stk-block-accordion stk-inner-blocks stk-block-content stk-block stk-32bfa9a is-style-plain\" data-block-id=\"32bfa9a\"><style>.stk-32bfa9a {padding-bottom:24px !important;}<\/style>\n<summary class=\"wp-block-stackable-column stk-block-column stk-column stk-block stk-cd57a15 stk-block-background stk--container-small stk-block-accordion__heading\" data-v=\"4\" data-block-id=\"cd57a15\"><style>.stk-cd57a15 {padding-top:10px !important;padding-bottom:10px !important;padding-left:15px !important;}<\/style><div class=\"stk-column-wrapper stk-block-column__content stk-container stk-cd57a15-container stk--no-background stk--no-padding\"><div class=\"stk-block-content stk-inner-blocks stk-cd57a15-inner-blocks\">\n<div class=\"wp-block-stackable-icon-label stk-block-icon-label stk-block stk-80e741b\" data-block-id=\"80e741b\"><div class=\"stk-row stk-inner-blocks stk-block-content\">\n<div class=\"wp-block-stackable-heading stk-block-heading stk-block-heading--v2 stk-block stk-e322988\" id=\"biografia\" data-block-id=\"e322988\"><style>.stk-e322988 .stk-block-heading__text{color:#666666 !important;font-weight:600 !important;font-family:\"ArgentumSans\", Sans-serif !important;}.stk-e322988 .stk-block-heading__text:hover{color:#5c068c !important;}<\/style><h4 class=\"stk-block-heading__text has-text-color\">Biographie<\/h4><\/div>\n\n\n\n<div class=\"wp-block-stackable-icon stk-block-icon stk-block stk-d0a8769\" data-block-id=\"d0a8769\"><span class=\"stk--svg-wrapper\"><div class=\"stk--inner-svg\"><svg style=\"height:0;width:0\"><defs><lineargradient id=\"linear-gradient-d0a8769\" x1=\"0\" x2=\"100%\" y1=\"0\" y2=\"0\"><stop offset=\"0%\" style=\"stop-opacity:1;stop-color:var(--linear-gradient-d-0-a-8769-color-1)\"><\/stop><stop offset=\"100%\" style=\"stop-opacity:1;stop-color:var(--linear-gradient-d-0-a-8769-color-2)\"><\/stop><\/lineargradient><\/defs><\/svg><svg data-prefix=\"fas\" data-icon=\"chevron-down\" class=\"svg-inline--fa fa-chevron-down fa-w-14\" xmlns=\"http:\/\/www.w3.org\/2000\/svg\" viewbox=\"0 0 448 512\" aria-hidden=\"true\" width=\"32\" height=\"32\"><path fill=\"currentColor\" d=\"M207.029 381.476L12.686 187.132c-9.373-9.373-9.373-24.569 0-33.941l22.667-22.667c9.357-9.357 24.522-9.375 33.901-.04L224 284.505l154.745-154.021c9.379-9.335 24.544-9.317 33.901.04l22.667 22.667c9.373 9.373 9.373 24.569 0 33.941L240.971 381.476c-9.373 9.372-24.569 9.372-33.942 0z\"><\/path><\/svg><\/div><\/span><\/div>\n<\/div><\/div>\n<\/div><\/div><\/summary>\n\n\n\n<div class=\"wp-block-stackable-column stk-block-column stk-column stk-block stk-0c43946 stk-block-accordion__content\" data-v=\"4\" data-block-id=\"0c43946\"><style>.stk-0c43946-container{padding-top:0px !important;padding-right:0px !important;padding-bottom:0px !important;padding-left:0px !important;}<\/style><div class=\"stk-column-wrapper stk-block-column__content stk-container stk-0c43946-container stk--no-background stk--no-padding\"><div class=\"stk-block-content stk-inner-blocks stk-0c43946-inner-blocks\">\n<div class=\"wp-block-stackable-text stk-block-text stk-block stk-ed09897\" data-block-id=\"ed09897\"><p class=\"stk-block-text__text\">Francisco J. Garc\u00eda Rodr\u00edguez (Tijarafe, La Palma, 1971) est titulaire d&#039;un dipl\u00f4me en \u00e9conomie et administration des affaires (1994) et d&#039;un doctorat en \u00e9conomie de l&#039;Universit\u00e9 de La Laguna (2002). Il est professeur d\u2019organisation d\u2019entreprise au D\u00e9partement de gestion d\u2019entreprise et d\u2019histoire \u00e9conomique.&nbsp;<\/p><\/div>\n\n\n\n<p>Il a 23 ann\u00e9es acad\u00e9miques ininterrompues et continues d&#039;exp\u00e9rience d&#039;enseignement universitaire officiel, dont 22 \u00e0 temps plein dans des mati\u00e8res relevant du domaine de la connaissance de l&#039;organisation des entreprises. Le nombre total d\u2019heures enseign\u00e9es durant cette p\u00e9riode dans l\u2019enseignement officiel r\u00e9glement\u00e9 (hors dipl\u00f4mes nationaux) s\u2019\u00e9levait \u00e0 plus de quatre mille. \u00c0 cet enseignement, il faudrait ajouter d\u2019autres modalit\u00e9s, comme les dipl\u00f4mes universitaires sp\u00e9cifiques ou les cours d\u2019extension universitaire.&nbsp;<\/p>\n\n\n\n<p>Il s&#039;est sp\u00e9cialis\u00e9 dans deux axes de recherche principaux : l&#039;entrepreneuriat et la responsabilit\u00e9 sociale des entreprises, g\u00e9n\u00e9rant une production scientifique abondante mat\u00e9rialis\u00e9e par cinquante-trois articles compil\u00e9s dans des bases de donn\u00e9es scientifiques reconnues internationalement, cinq livres complets, trente chapitres de livres et cent sept communications pr\u00e9sent\u00e9es lors de conf\u00e9rences nationales et internationales. Il a particip\u00e9 \u00e0 quatorze projets de recherche comp\u00e9titifs, agissant comme chercheur principal dans neuf d\u2019entre eux. Il a effectu\u00e9 trois p\u00e9riodes de recherche de six ans chacune.<\/p>\n\n\n\n<p>Il est membre des deux r\u00e9seaux de recherche sur l&#039;entrepreneuriat les plus \u00e9tablis au niveau international : Global University Entrepreneurial Spirit Students&#039; Survey, (<a href=\"http:\/\/www.guesssurvey.org\/keyfacts\/\" target=\"_blank\" rel=\"noreferrer noopener\">DEVINER<\/a>), qui produit une \u00e9tude mondiale semestrielle pour recueillir les points de vue de la communaut\u00e9 universitaire sur l&#039;entrepreneuriat, et le Global Entrepreneurship Monitor (GEM), le plus grand r\u00e9seau mondial de recherche sur l&#039;entrepreneuriat, dirig\u00e9 par Babson College (\u00c9tats-Unis) et la London Business School (Royaume-Uni). Ce leadership en recherche s\u2019est \u00e9galement refl\u00e9t\u00e9 dans la participation \u00e0 des comit\u00e9s scientifiques nationaux et internationaux, ainsi qu\u2019aux comit\u00e9s de r\u00e9daction de revues de premier plan, dont la plus importante dans le domaine de l\u2019h\u00f4tellerie, l\u2019International Journal of Hospitality Management. Il a \u00e9galement fait partie de l&#039;\u00e9quipe de trente-huit projets de transfert de R&amp;D&amp;I avec diverses institutions publiques et priv\u00e9es, dont il a \u00e9t\u00e9 le chercheur principal dans vingt-six d&#039;entre eux.&nbsp;<\/p>\n\n\n\n<p>Il a occup\u00e9 divers postes de direction acad\u00e9mique universitaire, notamment celui de vice-recteur aux relations communautaires, assumant la responsabilit\u00e9 de l&#039;entrepreneuriat et de l&#039;employabilit\u00e9 (2015-2019), ainsi que celui de directeur et secr\u00e9taire de d\u00e9partements et de vice-doyen. Il a \u00e9t\u00e9 directeur du master officiel en gestion du commerce ext\u00e9rieur et vice-coordinateur du programme doctoral interuniversitaire en tourisme, qui implique onze universit\u00e9s espagnoles. Dans le domaine du transfert, il a lanc\u00e9 et dirig\u00e9 pendant trois ans (2008-2011) le programme de promotion de l&#039;entrepreneuriat de l&#039;Universit\u00e9 de La Laguna (Emprende.ull), et le propre dipl\u00f4me en d\u00e9veloppement entrepreneurial (2014-2016). Il pr\u00e9side actuellement la section entrepreneuriat de l&#039;Association scientifique espagnole d&#039;\u00e9conomie et de gestion d&#039;entreprise (ACEDE).<\/p>\n<\/div><\/div><\/div>\n<\/details>\n<\/div><\/div><\/div>\n\n\n\n<div class=\"wp-block-stackable-column stk-block-column stk-column stk-block stk-07a7c3a\" data-v=\"4\" data-block-id=\"07a7c3a\"><style>@media screen and (min-width: 768px){.stk-07a7c3a {flex:var(--stk-flex-grow, 1) 1 calc(30% - var(--stk-column-gap, 0px) * 1 \/ 2 ) !important;}}<\/style><div class=\"stk-column-wrapper stk-block-column__content stk-container stk-07a7c3a-container stk--no-background stk--no-padding\"><div class=\"stk-block-content stk-inner-blocks stk-07a7c3a-inner-blocks\">\n<div class=\"wp-block-stackable-image stk-block-image stk-block stk-f0e3b96\" data-block-id=\"f0e3b96\"><figure><span class=\"stk-img-wrapper stk-image--shape-stretch\"><img loading=\"lazy\" decoding=\"async\" class=\"stk-img wp-image-15423\" src=\"https:\/\/www.ull.es\/la-universidad\/wp-content\/uploads\/sites\/2\/2023\/04\/web-Rector-Francisco-Garcia.jpg\" width=\"640\" height=\"640\" srcset=\"https:\/\/www.ull.es\/la-universidad\/wp-content\/uploads\/sites\/2\/2023\/04\/web-Rector-Francisco-Garcia.jpg 640w, https:\/\/www.ull.es\/la-universidad\/wp-content\/uploads\/sites\/2\/2023\/04\/web-Rector-Francisco-Garcia-300x300.jpg 300w, https:\/\/www.ull.es\/la-universidad\/wp-content\/uploads\/sites\/2\/2023\/04\/web-Rector-Francisco-Garcia-150x150.jpg 150w, https:\/\/www.ull.es\/la-universidad\/wp-content\/uploads\/sites\/2\/2023\/04\/web-Rector-Francisco-Garcia-375x375.jpg 375w, https:\/\/www.ull.es\/la-universidad\/wp-content\/uploads\/sites\/2\/2023\/04\/web-Rector-Francisco-Garcia-50x50.jpg 50w\" sizes=\"auto, (max-width: 640px) 100vw, 640px\" \/><\/span><\/figure><\/div>\n\n\n\n<ul class=\"widget-contacto\">\n \t<li><i class=\"fa fa-phone\"><\/i>(+34) 922 31 94 51<\/li>\n \t<li><i class=\"fa fa-envelope\"><\/i> <a href=\"mailto:secretaria.rector@ull.es\" target=\"_blank\" rel=\"noopener\">secretaria.rector@ull.es<\/a><\/li>\n<\/ul>\n\n\n\n\n    \n<style>\n    .google-maps {\n        position: relative;\n        padding-bottom: 75%;\n        height: 0;\n        overflow: hidden;\n    }\n    .google-maps iframe {\n        position: absolute;\n        top: 0;\n        left: 0;\n        width: 100% !important;\n        height: 100% !important;\n    }\n<\/style>\n\n\n<div class=\"google-maps\">\n    <iframe src=\"https:\/\/www.openstreetmap.org\/export\/embed.html?bbox=-16.315806825965%2C28.480752346613%2C-16.309663016375%2C28.486564568893&amp;layer=mapnik&amp;marker=28.484935302353300%2C-16.31298065185540\" style=\"border: 1px solid black\"><\/iframe>\n<\/div>\n\n<div class=\"btn-widget\">\n    <a href=\"https:\/\/www.openstreetmap.org\/directions?engine=graphhopper_car&from=&to=28.484935302353300%2C-16.31298065185540#map=17\/28.484935302353300\/-16.31298065185540\">Comment s&#039;y rendre<\/a>  \n<\/div>\n\n  <\/body>\n<\/html>\n\n\n<\/div><\/div><\/div>\n<\/div><\/div>","protected":false},"featured_media":0,"parent":0,"menu_order":0,"template":"","tags":[],"class_list":["post-15374","componentes","type-componentes","status-publish","hentry","taxonomia_componentes-rector"],"_links":{"self":[{"href":"https:\/\/www.ull.es\/la-universidad\/fr\/wp-json\/wp\/v2\/componentes\/15374","targetHints":{"allow":["GET"]}}],"collection":[{"href":"https:\/\/www.ull.es\/la-universidad\/fr\/wp-json\/wp\/v2\/componentes"}],"about":[{"href":"https:\/\/www.ull.es\/la-universidad\/fr\/wp-json\/wp\/v2\/types\/componentes"}],"version-history":[{"count":22,"href":"https:\/\/www.ull.es\/la-universidad\/fr\/wp-json\/wp\/v2\/componentes\/15374\/revisions"}],"predecessor-version":[{"id":17603,"href":"https:\/\/www.ull.es\/la-universidad\/fr\/wp-json\/wp\/v2\/componentes\/15374\/revisions\/17603"}],"wp:attachment":[{"href":"https:\/\/www.ull.es\/la-universidad\/fr\/wp-json\/wp\/v2\/media?parent=15374"}],"wp:term":[{"taxonomy":"post_tag","embeddable":true,"href":"https:\/\/www.ull.es\/la-universidad\/fr\/wp-json\/wp\/v2\/tags?post=15374"}],"curies":[{"name":"wp","href":"https:\/\/api.w.org\/{rel}","templated":true}]}}