{"id":12375,"date":"2017-10-02T07:52:55","date_gmt":"2017-10-02T07:52:55","guid":{"rendered":"https:\/\/www.ull.es\/la-universidad\/?page_id=12375"},"modified":"2026-04-24T13:26:01","modified_gmt":"2026-04-24T13:26:01","slug":"consejo-de-gobierno","status":"publish","type":"page","link":"https:\/\/www.ull.es\/la-universidad\/fr\/consejo-de-gobierno\/","title":{"rendered":"Conseil d&#039;administration"},"content":{"rendered":"<div class=\"wp-block-stackable-columns stk-block-columns stk-block stk-625a63f\" data-block-id=\"625a63f\"><div class=\"stk-row stk-inner-blocks stk-block-content stk-content-align stk-625a63f-column\">\n<div class=\"wp-block-stackable-column stk-block-column stk-column stk-block stk-1210c4f\" data-v=\"4\" data-block-id=\"1210c4f\"><style>@media screen and (min-width: 768px){.stk-1210c4f {flex:var(--stk-flex-grow, 1) 1 calc(66.667% - var(--stk-column-gap, 0px) * 1 \/ 2 ) !important;}}<\/style><div class=\"stk-column-wrapper stk-block-column__content stk-container stk-1210c4f-container stk--no-background stk--no-padding\"><div class=\"stk-block-content stk-inner-blocks stk-1210c4f-inner-blocks\">\n<div class=\"wp-block-stackable-heading stk-block-heading stk-block-heading--v2 stk-block stk-44d7a6e\" id=\"consejo-de-gobierno\" data-block-id=\"44d7a6e\"><h1 class=\"stk-block-heading__text\">Conseil d&#039;administration<\/h1><\/div>\n\n\n\n<div class=\"wp-block-stackable-heading stk-block-heading stk-block-heading--v2 stk-block stk-df87b26\" id=\"sesion-ordinaria\" data-block-id=\"df87b26\"><h2 class=\"stk-block-heading__text\">Session ordinaire<\/h2><\/div>\n\n\n\n<div class=\"wp-block-stackable-text stk-block-text stk-block stk-c14acfd\" data-block-id=\"c14acfd\"><style>.stk-c14acfd .stk-block-text__text{font-size:16px !important;font-family:\"Argentum sans\", Sans-serif !important;}@media screen and (max-width: 1023px){.stk-c14acfd .stk-block-text__text{font-size:16px !important;}}<\/style><p class=\"stk-block-text__text\">La pr\u00f3xima sesi\u00f3n ordinaria del Consejo de Gobierno se celebrar\u00e1 de forma telem\u00e1tica, el <strong>lunes 27 de abril de 2026 a las 12:00h.<\/strong>, au premier appel ou, le cas \u00e9ch\u00e9ant, une demi-heure plus tard au deuxi\u00e8me.<br><br>Pour suivre la session en ligne, vous devez vous connecter \u00e0 ceci <a href=\"https:\/\/www.youtube.com\/@CanalULL\/streams\" target=\"_blank\" rel=\"noreferrer noopener\">lien<\/a>.<\/p><\/div>\n\n\n\n<div class=\"wp-block-stackable-heading stk-block-heading stk-block-heading--v2 stk-block stk-b7c90c1\" id=\"orden-del-dia\" data-block-id=\"b7c90c1\"><h2 class=\"stk-block-heading__text\">Ordre du jour<\/h2><\/div>\n\n\n\n<div class=\"wp-block-stackable-text stk-block-text stk-block stk-4c26f7d\" data-block-id=\"4c26f7d\"><style>.stk-4c26f7d {margin-bottom:12px !important;}.stk-4c26f7d .stk-block-text__text{font-size:16px !important;font-family:\"Argentum sans\", Sans-serif !important;}@media screen and (max-width: 1023px){.stk-4c26f7d .stk-block-text__text{font-size:16px !important;}}<\/style><p class=\"stk-block-text__text\">Consulter <a href=\"https:\/\/drive.google.com\/file\/d\/149xV-FVxQI63f16HlE6vDZKZ4FLS0cGg\/view?usp=sharing\" target=\"_blank\" rel=\"noreferrer noopener\">ici<\/a> l&#039;ordre du jour de la<strong> <\/strong>session ordinaire de la<strong> 27 de abril<\/strong> du Conseil des gouverneurs.<\/p><\/div>\n\n\n\n<div class=\"wp-block-stackable-text stk-block-text stk-block stk-87033ec\" data-block-id=\"87033ec\"><style>.stk-87033ec .stk-block-text__text{font-size:16px !important;font-family:\"Argentum sans\", Sans-serif !important;}@media screen and (max-width: 1023px){.stk-87033ec .stk-block-text__text{font-size:16px !important;}}<\/style><p class=\"stk-block-text__text\">Vous pourrez \u00e9galement acc\u00e9der au fichier qui contient le&nbsp;<a href=\"https:\/\/drive.google.com\/drive\/folders\/0ByNgObFV1P0eTlFmWnJrMjZyMk0?resourcekey=0-03r0219TOFmG1__h-r9IEA&amp;usp=share_link\" target=\"_blank\" rel=\"noreferrer noopener\">Ordre du jour des sessions du Conseil des gouverneurs depuis 2017<\/a>.<\/p><\/div>\n\n\n\n<div class=\"wp-block-stackable-heading stk-block-heading stk-block-heading--v2 stk-block stk-419746f\" id=\"composicion\" data-block-id=\"419746f\"><h2 class=\"stk-block-heading__text\">Composition<\/h2><\/div>\n\n\n\n<div class=\"wp-block-stackable-text stk-block-text stk-block stk-5ad9a92\" data-block-id=\"5ad9a92\"><style>.stk-5ad9a92 {margin-bottom:12px !important;}.stk-5ad9a92 .stk-block-text__text{font-size:16px !important;font-family:\"Argentum sans\", Sans-serif !important;}@media screen and (max-width: 1023px){.stk-5ad9a92 .stk-block-text__text{font-size:16px !important;}}<\/style><p class=\"stk-block-text__text\">Le Conseil d&#039;administration sera compos\u00e9 du Recteur, qui le pr\u00e9sidera, du Secr\u00e9taire g\u00e9n\u00e9ral et du directeur, et de cinquante membres de la communaut\u00e9 universitaire elle-m\u00eame, r\u00e9partis comme suit :<\/p><\/div>\n\n\n\n<ul class=\"wp-block-list\">\n<li><strong>Quinze membres nomm\u00e9s par le recteur&nbsp;<\/strong>Parmi eux, au moins deux seront des \u00e9tudiants et au moins deux membres seront des repr\u00e9sentants du secteur du personnel administratif et de service.<\/li>\n\n\n\n<li><strong>Quinze membres \u00e9lus parmi les diff\u00e9rents repr\u00e9sentants des centres universitaires<\/strong>, dont sept seront choisis parmi les doyens et directeurs d&#039;\u00e9coles des facult\u00e9s, sept parmi les directeurs de d\u00e9partements et un parmi les directeurs d&#039;instituts de recherche universitaires.<\/li>\n\n\n\n<li><strong>Vingt membres \u00e9lus par le S\u00e9nat de l&#039;Universit\u00e9<\/strong>, dont quatre seront vot\u00e9s par et parmi le personnel doctoral, quatre par le personnel non doctoral et contractuel, huit par les \u00e9tudiants et quatre par le personnel administratif et de service.<\/li>\n<\/ul>\n\n\n\n<div class=\"wp-block-stackable-text stk-block-text stk-block stk-61a6342\" data-block-id=\"61a6342\"><style>.stk-61a6342 {margin-bottom:12px !important;}.stk-61a6342 .stk-block-text__text{font-size:16px !important;font-family:\"Argentum sans\", Sans-serif !important;}@media screen and (max-width: 1023px){.stk-61a6342 .stk-block-text__text{font-size:16px !important;}}<\/style><p class=\"stk-block-text__text\">En outre, trois membres du Conseil social, qui ne sont pas membres de la communaut\u00e9 universitaire elle-m\u00eame, seront membres du Conseil d\u2019administration.<\/p><\/div>\n\n\n\n<div class=\"wp-block-stackable-spacer stk-block-spacer stk--no-padding stk-block stk-818c7c8\" data-block-id=\"818c7c8\"><style>.stk-818c7c8 {height:30px !important;}<\/style><\/div>\n\n\n\n<div class=\"wp-block-stackable-heading stk-block-heading stk-block-heading--v2 stk-block stk-7ca0c03\" id=\"comisiones-delegadas\" data-block-id=\"7ca0c03\"><h2 class=\"stk-block-heading__text\">Comit\u00e9s d\u00e9l\u00e9gu\u00e9s<\/h2><\/div>\n\n\n\n<details class=\"wp-block-stackable-accordion stk-block-accordion stk-inner-blocks stk-block-content stk-block stk-f1a0272 is-style-plain\" id=\"cultura\" data-block-id=\"f1a0272\"><style>.stk-f1a0272 {padding-bottom:10px !important;margin-bottom:0px !important;}<\/style>\n<summary class=\"wp-block-stackable-column stk-block-column stk-column stk-block stk-13e8841 stk--container-small stk-block-accordion__heading\" data-v=\"4\" data-block-id=\"13e8841\"><style>.stk-13e8841 {border-style:solid !important;border-top-width:0px !important;border-right-width:0px !important;border-bottom-width:1px !important;border-left-width:0px !important;padding-top:0px !important;padding-right:0px !important;padding-bottom:0px !important;padding-left:0px !important;}.stk-13e8841-container{padding-top:0px !important;padding-right:0px !important;padding-bottom:0px !important;padding-left:0px !important;}<\/style><div class=\"stk-column-wrapper stk-block-column__content stk-container stk-13e8841-container stk--no-background stk--no-padding\"><div class=\"stk-block-content stk-inner-blocks stk-13e8841-inner-blocks\">\n<div class=\"wp-block-stackable-icon-label stk-block-icon-label stk-block stk-51ce952\" data-block-id=\"51ce952\"><style>.stk-51ce952 .stk-inner-blocks{gap:40px !important;}@media screen and (max-width: 1023px){.stk-51ce952 .stk-inner-blocks{gap:40px !important;}}@media screen and (max-width: 767px){.stk-51ce952 .stk-inner-blocks{gap:40px !important;}}<\/style><div class=\"stk-row stk-inner-blocks stk-block-content\">\n<div class=\"wp-block-stackable-icon stk-block-icon stk-block stk-ad3290e\" data-block-id=\"ad3290e\"><style>.stk-ad3290e .stk--svg-wrapper .stk--inner-svg svg:last-child{height:24px !important;width:24px !important;}.stk-ad3290e .stk--svg-wrapper .stk--inner-svg svg:last-child, .stk-ad3290e .stk--svg-wrapper .stk--inner-svg svg:last-child :is(g, path, rect, polygon, ellipse){fill:var(--stk-global-color-60833, #5c068c) !important;}<\/style><span class=\"stk--svg-wrapper stk--has-icon2\"><div class=\"stk--inner-svg\"><svg style=\"height:0;width:0\"><defs><lineargradient id=\"linear-gradient-ad3290e\" x1=\"0\" x2=\"100%\" y1=\"0\" y2=\"0\"><stop offset=\"0%\" style=\"stop-opacity:1;stop-color:var(--linear-gradient-ad-3290-e-color-1)\"><\/stop><stop offset=\"100%\" style=\"stop-opacity:1;stop-color:var(--linear-gradient-ad-3290-e-color-2)\"><\/stop><\/lineargradient><\/defs><\/svg><svg xmlns=\"http:\/\/www.w3.org\/2000\/svg\" viewbox=\"0 0 512 512\" aria-hidden=\"true\" width=\"32\" height=\"32\"><path d=\"M256 512A256 256 0 1 0 256 0a256 256 0 1 0 0 512zM216 336h24V272H216c-13.3 0-24-10.7-24-24s10.7-24 24-24h48c13.3 0 24 10.7 24 24v88h8c13.3 0 24 10.7 24 24s-10.7 24-24 24H216c-13.3 0-24-10.7-24-24s10.7-24 24-24zm40-208a32 32 0 1 1 0 64 32 32 0 1 1 0-64z\" \/><\/svg><\/div><div class=\"stk--inner-svg stk--icon-2\" style=\"display:none\"><svg style=\"height:0;width:0\"><defs><lineargradient id=\"linear-gradient-ad3290e\" x1=\"0\" x2=\"100%\" y1=\"0\" y2=\"0\"><stop offset=\"0%\" style=\"stop-opacity:1;stop-color:var(--linear-gradient-ad-3290-e-color-1)\"><\/stop><stop offset=\"100%\" style=\"stop-opacity:1;stop-color:var(--linear-gradient-ad-3290-e-color-2)\"><\/stop><\/lineargradient><\/defs><\/svg><svg xmlns=\"http:\/\/www.w3.org\/2000\/svg\" viewbox=\"0 0 192 512\" aria-hidden=\"true\" width=\"32\" height=\"32\"><path d=\"M48 80a48 48 0 1 1 96 0A48 48 0 1 1 48 80zM0 224c0-17.7 14.3-32 32-32H96c17.7 0 32 14.3 32 32V448h32c17.7 0 32 14.3 32 32s-14.3 32-32 32H32c-17.7 0-32-14.3-32-32s14.3-32 32-32H64V256H32c-17.7 0-32-14.3-32-32z\" \/><\/svg><\/div><\/span><\/div>\n\n\n\n<div class=\"wp-block-stackable-heading stk-block-heading stk-block-heading--v2 stk-block stk-cb166a0\" id=\"cultura-y-extension-universitaria\" data-block-id=\"cb166a0\"><style>.stk-cb166a0 .stk-block-heading__text{color:#000000 !important;font-weight:500 !important;font-family:\"ArgentumSans\", Sans-serif !important;}<\/style><h4 class=\"stk-block-heading__text has-text-color\">Culture et Extension Universitaire<\/h4><\/div>\n<\/div><\/div>\n<\/div><\/div><\/summary>\n\n\n\n<div class=\"wp-block-stackable-column stk-block-column stk-column stk-block stk-bb0a11b stk-block-accordion__content\" data-v=\"4\" data-block-id=\"bb0a11b\"><style>.stk-bb0a11b-container{padding-top:0px !important;padding-right:0px !important;padding-bottom:0px !important;padding-left:0px !important;}<\/style><div class=\"stk-column-wrapper stk-block-column__content stk-container stk-bb0a11b-container stk--no-background stk--no-padding\"><div class=\"stk-block-content stk-inner-blocks stk-bb0a11b-inner-blocks\">\n<p><strong>Session ordinaire du 26 mars 2025<\/strong><\/p>\n\n\n\n<p><strong>Pr\u00e9sident : Vice-recteur \u00e0 la culture et \u00e0 l&#039;extension universitaire<\/strong><\/p>\n\n\n\n<ul class=\"wp-block-list\">\n<li>Isabel Karely Le\u00f3n P\u00e9rez<\/li>\n<\/ul>\n\n\n\n<p><strong>Membres nomm\u00e9s par le recteur<\/strong><\/p>\n\n\n\n<ul class=\"wp-block-list\">\n<li>Antonio Aparicio Juan<\/li>\n\n\n\n<li>Alfonso Ruiz Rallo<\/li>\n\n\n\n<li>Mar\u00eda Rosario Hern\u00e1ndez Borges<\/li>\n\n\n\n<li>Liuba P\u00e9rez Brito (\u00e9tudiante)<\/li>\n\n\n\n<li>Francisco Javier Pe\u00f1a Romero (PTGAS)<\/li>\n<\/ul>\n\n\n\n<p><strong>Repr\u00e9sentants de la Facult\u00e9<\/strong><\/p>\n\n\n\n<ul class=\"wp-block-list\">\n<li>Inma Perdomo Reyes<\/li>\n\n\n\n<li>Sergio Siverio Luis<\/li>\n\n\n\n<li>Ayose Zamora Barreto (ACE)<\/li>\n\n\n\n<li>Aroa Rivero Gonz\u00e1lez (AEULL)<\/li>\n\n\n\n<li>Bienvenue Vega Barreto (PTGAS)<\/li>\n<\/ul>\n\n\n\n<p><strong>Doyens\/Directeurs d&#039;\u00e9coles<\/strong><\/p>\n\n\n\n<ul class=\"wp-block-list\">\n<li>Abdala Kuri, Susana<\/li>\n\n\n\n<li>Afonso Rodriguez, Mar\u00eda del Mar<\/li>\n<\/ul>\n\n\n\n<p><strong>Repr\u00e9sentants des directeurs de d\u00e9partement<\/strong><\/p>\n\n\n\n<ul class=\"wp-block-list\">\n<li>Ram\u00f3n Casillas<\/li>\n\n\n\n<li>Manuel Ledesma<\/li>\n<\/ul>\n\n\n\n<p><strong>Repr\u00e9sentant du Conseil social<\/strong><\/p>\n\n\n\n<p>\u00c9cole M\u00aa Reyes Henr\u00edquez<\/p>\n<\/div><\/div><\/div>\n<\/details>\n\n\n\n<details class=\"wp-block-stackable-accordion stk-block-accordion stk-inner-blocks stk-block-content stk-block stk-7066bf1 is-style-plain\" id=\"internacionalizacion\" data-block-id=\"7066bf1\"><style>.stk-7066bf1 {padding-bottom:10px !important;margin-bottom:0px !important;}<\/style>\n<summary class=\"wp-block-stackable-column stk-block-column stk-column stk-block stk-97278ef stk--container-small stk-block-accordion__heading\" data-v=\"4\" data-block-id=\"97278ef\"><style>.stk-97278ef {border-style:solid !important;border-top-width:0px !important;border-right-width:0px !important;border-bottom-width:1px !important;border-left-width:0px !important;padding-top:0px !important;padding-right:0px !important;padding-bottom:0px !important;padding-left:0px !important;}.stk-97278ef-container{padding-top:0px !important;padding-right:0px !important;padding-bottom:0px !important;padding-left:0px !important;}<\/style><div class=\"stk-column-wrapper stk-block-column__content stk-container stk-97278ef-container stk--no-background stk--no-padding\"><div class=\"stk-block-content stk-inner-blocks stk-97278ef-inner-blocks\">\n<div class=\"wp-block-stackable-icon-label stk-block-icon-label stk-block stk-0d7a164\" data-block-id=\"0d7a164\"><style>.stk-0d7a164 .stk-inner-blocks{gap:40px !important;}@media screen and (max-width: 1023px){.stk-0d7a164 .stk-inner-blocks{gap:40px !important;}}@media screen and (max-width: 767px){.stk-0d7a164 .stk-inner-blocks{gap:40px !important;}}<\/style><div class=\"stk-row stk-inner-blocks stk-block-content\">\n<div class=\"wp-block-stackable-icon stk-block-icon stk-block stk-826903e\" data-block-id=\"826903e\"><style>.stk-826903e .stk--svg-wrapper .stk--inner-svg svg:last-child{height:24px !important;width:24px !important;}.stk-826903e .stk--svg-wrapper .stk--inner-svg svg:last-child, .stk-826903e .stk--svg-wrapper .stk--inner-svg svg:last-child :is(g, path, rect, polygon, ellipse){fill:var(--stk-global-color-60833, #5c068c) !important;}<\/style><span class=\"stk--svg-wrapper stk--has-icon2\"><div class=\"stk--inner-svg\"><svg style=\"height:0;width:0\"><defs><lineargradient id=\"linear-gradient-826903e\" x1=\"0\" x2=\"100%\" y1=\"0\" y2=\"0\"><stop offset=\"0%\" style=\"stop-opacity:1;stop-color:var(--linear-gradient-826903-e-color-1)\"><\/stop><stop offset=\"100%\" style=\"stop-opacity:1;stop-color:var(--linear-gradient-826903-e-color-2)\"><\/stop><\/lineargradient><\/defs><\/svg><svg xmlns=\"http:\/\/www.w3.org\/2000\/svg\" viewbox=\"0 0 512 512\" aria-hidden=\"true\" width=\"32\" height=\"32\"><path d=\"M266.3 48.3L232.5 73.6c-5.4 4-8.5 10.4-8.5 17.1v9.1c0 6.8 5.5 12.3 12.3 12.3c2.4 0 4.8-.7 6.8-2.1l41.8-27.9c2-1.3 4.4-2.1 6.8-2.1h1c6.2 0 11.3 5.1 11.3 11.3c0 3-1.2 5.9-3.3 8l-19.9 19.9c-5.8 5.8-12.9 10.2-20.7 12.8l-26.5 8.8c-5.8 1.9-9.6 7.3-9.6 13.4c0 3.7-1.5 7.3-4.1 10l-17.9 17.9c-6.4 6.4-9.9 15-9.9 24v4.3c0 16.4 13.6 29.7 29.9 29.7c11 0 21.2-6.2 26.1-16l4-8.1c2.4-4.8 7.4-7.9 12.8-7.9c4.5 0 8.7 2.1 11.4 5.7l16.3 21.7c2.1 2.9 5.5 4.5 9.1 4.5c8.4 0 13.9-8.9 10.1-16.4l-1.1-2.3c-3.5-7 0-15.5 7.5-18l21.2-7.1c7.6-2.5 12.7-9.6 12.7-17.6c0-10.3 8.3-18.6 18.6-18.6H400c8.8 0 16 7.2 16 16s-7.2 16-16 16H379.3c-7.2 0-14.2 2.9-19.3 8l-4.7 4.7c-2.1 2.1-3.3 5-3.3 8c0 6.2 5.1 11.3 11.3 11.3h11.3c6 0 11.8 2.4 16 6.6l6.5 6.5c1.8 1.8 2.8 4.3 2.8 6.8s-1 5-2.8 6.8l-7.5 7.5C386 262 384 266.9 384 272s2 10 5.7 13.7L408 304c10.2 10.2 24.1 16 38.6 16H454c6.5-20.2 10-41.7 10-64c0-111.4-87.6-202.4-197.7-207.7zm172 307.9c-3.7-2.6-8.2-4.1-13-4.1c-6 0-11.8-2.4-16-6.6L396 332c-7.7-7.7-18-12-28.9-12c-9.7 0-19.2-3.5-26.6-9.8L314 287.4c-11.6-9.9-26.4-15.4-41.7-15.4H251.4c-12.6 0-25 3.7-35.5 10.7L188.5 301c-17.8 11.9-28.5 31.9-28.5 53.3v3.2c0 17 6.7 33.3 18.7 45.3l16 16c8.5 8.5 20 13.3 32 13.3H248c13.3 0 24 10.7 24 24c0 2.5 .4 5 1.1 7.3c71.3-5.8 132.5-47.6 165.2-107.2zM0 256a256 256 0 1 1 512 0A256 256 0 1 1 0 256zM187.3 100.7c-6.2-6.2-16.4-6.2-22.6 0l-32 32c-6.2 6.2-6.2 16.4 0 22.6s16.4 6.2 22.6 0l32-32c6.2-6.2 6.2-16.4 0-22.6z\" \/><\/svg><\/div><div class=\"stk--inner-svg stk--icon-2\" style=\"display:none\"><svg style=\"height:0;width:0\"><defs><lineargradient id=\"linear-gradient-826903e\" x1=\"0\" x2=\"100%\" y1=\"0\" y2=\"0\"><stop offset=\"0%\" style=\"stop-opacity:1;stop-color:var(--linear-gradient-826903-e-color-1)\"><\/stop><stop offset=\"100%\" style=\"stop-opacity:1;stop-color:var(--linear-gradient-826903-e-color-2)\"><\/stop><\/lineargradient><\/defs><\/svg><svg xmlns=\"http:\/\/www.w3.org\/2000\/svg\" viewbox=\"0 0 512 512\" aria-hidden=\"true\" width=\"32\" height=\"32\"><path d=\"M57.7 193l9.4 16.4c8.3 14.5 21.9 25.2 38 29.8L163 255.7c17.2 4.9 29 20.6 29 38.5v39.9c0 11 6.2 21 16 25.9s16 14.9 16 25.9v39c0 15.6 14.9 26.9 29.9 22.6c16.1-4.6 28.6-17.5 32.7-33.8l2.8-11.2c4.2-16.9 15.2-31.4 30.3-40l8.1-4.6c15-8.5 24.2-24.5 24.2-41.7v-8.3c0-12.7-5.1-24.9-14.1-33.9l-3.9-3.9c-9-9-21.2-14.1-33.9-14.1H257c-11.1 0-22.1-2.9-31.8-8.4l-34.5-19.7c-4.3-2.5-7.6-6.5-9.2-11.2c-3.2-9.6 1.1-20 10.2-24.5l5.9-3c6.6-3.3 14.3-3.9 21.3-1.5l23.2 7.7c8.2 2.7 17.2-.4 21.9-7.5c4.7-7 4.2-16.3-1.2-22.8l-13.6-16.3c-10-12-9.9-29.5 .3-41.3l15.7-18.3c8.8-10.3 10.2-25 3.5-36.7l-2.4-4.2c-3.5-.2-6.9-.3-10.4-.3C163.1 48 84.4 108.9 57.7 193zM464 256c0-36.8-9.6-71.4-26.4-101.5L412 164.8c-15.7 6.3-23.8 23.8-18.5 39.8l16.9 50.7c3.5 10.4 12 18.3 22.6 20.9l29.1 7.3c1.2-9 1.8-18.2 1.8-27.5zM0 256a256 256 0 1 1 512 0A256 256 0 1 1 0 256z\" \/><\/svg><\/div><\/span><\/div>\n\n\n\n<div class=\"wp-block-stackable-heading stk-block-heading stk-block-heading--v2 stk-block stk-cc4a7f1\" id=\"internacionalizacion-y-cooperacion\" data-block-id=\"cc4a7f1\"><style>.stk-cc4a7f1 .stk-block-heading__text{color:#0f0e17 !important;font-weight:500 !important;font-family:\"ArgentumSans\", Sans-serif !important;}<\/style><h4 class=\"stk-block-heading__text has-text-color\">Internationalisation et coop\u00e9ration<\/h4><\/div>\n<\/div><\/div>\n<\/div><\/div><\/summary>\n\n\n\n<div class=\"wp-block-stackable-column stk-block-column stk-column stk-block stk-23bbb38 stk-block-accordion__content\" data-v=\"4\" data-block-id=\"23bbb38\"><style>.stk-23bbb38-container{padding-top:0px !important;padding-right:0px !important;padding-bottom:0px !important;padding-left:0px !important;}<\/style><div class=\"stk-column-wrapper stk-block-column__content stk-container stk-23bbb38-container stk--no-background stk--no-padding\"><div class=\"stk-block-content stk-inner-blocks stk-23bbb38-inner-blocks\">\n<div class=\"wp-block-stackable-columns stk-block-columns stk-block stk-3163000\" data-block-id=\"3163000\"><div class=\"stk-row stk-inner-blocks stk-block-content stk-content-align stk-3163000-column\">\n<div class=\"wp-block-stackable-column stk-block-column stk-column stk-block stk-d621409\" data-v=\"4\" data-block-id=\"d621409\"><div class=\"stk-column-wrapper stk-block-column__content stk-container stk-d621409-container stk--no-background stk--no-padding\"><div class=\"stk-block-content stk-inner-blocks stk-d621409-inner-blocks\">\n<p><strong>Session ordinaire du 26 mars 2025<\/strong><\/p>\n\n\n\n<p><strong>Pr\u00e9sident : Vice-recteur \u00e0 l&#039;internationalisation et \u00e0 la coop\u00e9ration<\/strong><\/p>\n\n\n\n<ul class=\"wp-block-list\">\n<li>Maria Inmaculada Gonzalez P\u00e9rez<\/li>\n<\/ul>\n\n\n\n<p><strong>Membres nomm\u00e9s par le recteur<\/strong><\/p>\n\n\n\n<ul class=\"wp-block-list\">\n<li>Isabel K. Le\u00f3n P\u00e9rez<\/li>\n\n\n\n<li>Antonio Aparicio Juan<\/li>\n\n\n\n<li>Vicente Blanco P\u00e9rez<\/li>\n\n\n\n<li>Bentchey Juan Mart\u00edn Mart\u00edn (\u00c9tudiant)<\/li>\n\n\n\n<li>Inmaculada Rey Merino (PTGAS)<\/li>\n<\/ul>\n\n\n\n<p><strong>Repr\u00e9sentants de la Facult\u00e9<\/strong><\/p>\n\n\n\n<ul class=\"wp-block-list\">\n<li>Gustavo Marrero<\/li>\n\n\n\n<li>Ir\u00e8ne Aznar S\u00e1nchez<\/li>\n\n\n\n<li>Monica Fern\u00e1ndez-Trujillo Castro (ACE)<\/li>\n\n\n\n<li>Aroa Garc\u00eda Rem\u00f3n (EDFE)<\/li>\n\n\n\n<li>Bienvenue Vega Barreto (PTGAS)<\/li>\n<\/ul>\n\n\n\n<p><strong>Doyens\/Directeurs d&#039;\u00e9coles<\/strong><\/p>\n\n\n\n<ul class=\"wp-block-list\">\n<li>Monz\u00f3n Pe\u00f1ate, Felipe A.<\/li>\n\n\n\n<li>Cair\u00f3s Barreto, Dulce Mar\u00eda<\/li>\n<\/ul>\n\n\n\n<p><strong>Repr\u00e9sentants des directeurs de d\u00e9partement<\/strong><\/p>\n\n\n\n<ul class=\"wp-block-list\">\n<li>Ram\u00f3n Salas Ruiz<\/li>\n\n\n\n<li>Manuel Ledesma<\/li>\n<\/ul>\n\n\n\n<p><strong>Repr\u00e9sentants du Conseil social<\/strong><\/p>\n\n\n\n<p>Francisco Almeida Ossa<\/p>\n<\/div><\/div><\/div>\n<\/div><\/div>\n<\/div><\/div><\/div>\n<\/details>\n\n\n\n<details class=\"wp-block-stackable-accordion stk-block-accordion stk-inner-blocks stk-block-content stk-block stk-7ce7d4a is-style-plain\" id=\"personal-docente\" data-block-id=\"7ce7d4a\"><style>.stk-7ce7d4a {padding-bottom:10px !important;margin-bottom:0px !important;}<\/style>\n<summary class=\"wp-block-stackable-column stk-block-column stk-column stk-block stk-0be941a stk--container-small stk-block-accordion__heading\" data-v=\"4\" data-block-id=\"0be941a\"><style>.stk-0be941a {border-style:solid !important;border-top-width:0px !important;border-right-width:0px !important;border-bottom-width:1px !important;border-left-width:0px !important;padding-top:0px !important;padding-right:0px !important;padding-bottom:0px !important;padding-left:0px !important;}.stk-0be941a-container{padding-top:0px !important;padding-right:0px !important;padding-bottom:0px !important;padding-left:0px !important;}<\/style><div class=\"stk-column-wrapper stk-block-column__content stk-container stk-0be941a-container stk--no-background stk--no-padding\"><div class=\"stk-block-content stk-inner-blocks stk-0be941a-inner-blocks\">\n<div class=\"wp-block-stackable-icon-label stk-block-icon-label stk-block stk-fea0a65\" data-block-id=\"fea0a65\"><style>.stk-fea0a65 .stk-inner-blocks{gap:40px !important;}@media screen and (max-width: 1023px){.stk-fea0a65 .stk-inner-blocks{gap:40px !important;}}@media screen and (max-width: 767px){.stk-fea0a65 .stk-inner-blocks{gap:40px !important;}}<\/style><div class=\"stk-row stk-inner-blocks stk-block-content\">\n<div class=\"wp-block-stackable-icon stk-block-icon stk-block stk-d4bb558\" data-block-id=\"d4bb558\"><style>.stk-d4bb558 .stk--svg-wrapper .stk--inner-svg svg:last-child{height:24px !important;width:24px !important;}.stk-d4bb558 .stk--svg-wrapper .stk--inner-svg svg:last-child, .stk-d4bb558 .stk--svg-wrapper .stk--inner-svg svg:last-child :is(g, path, rect, polygon, ellipse){fill:var(--stk-global-color-60833, #5c068c) !important;}<\/style><span class=\"stk--svg-wrapper stk--has-icon2\"><div class=\"stk--inner-svg\"><svg style=\"height:0;width:0\"><defs><lineargradient id=\"linear-gradient-d4bb558\" x1=\"0\" x2=\"100%\" y1=\"0\" y2=\"0\"><stop offset=\"0%\" style=\"stop-opacity:1;stop-color:var(--linear-gradient-d-4-bb-558-color-1)\"><\/stop><stop offset=\"100%\" style=\"stop-opacity:1;stop-color:var(--linear-gradient-d-4-bb-558-color-2)\"><\/stop><\/lineargradient><\/defs><\/svg><svg xmlns=\"http:\/\/www.w3.org\/2000\/svg\" viewbox=\"0 0 640 512\" aria-hidden=\"true\" width=\"32\" height=\"32\"><path d=\"M192 96a48 48 0 1 0 0-96 48 48 0 1 0 0 96zm-8 384V352h16V480c0 17.7 14.3 32 32 32s32-14.3 32-32V192h56 64 16c17.7 0 32-14.3 32-32s-14.3-32-32-32H384V64H576V256H384V224H320v48c0 26.5 21.5 48 48 48H592c26.5 0 48-21.5 48-48V48c0-26.5-21.5-48-48-48H368c-26.5 0-48 21.5-48 48v80H243.1 177.1c-33.7 0-64.9 17.7-82.3 46.6l-58.3 97c-9.1 15.1-4.2 34.8 10.9 43.9s34.8 4.2 43.9-10.9L120 256.9V480c0 17.7 14.3 32 32 32s32-14.3 32-32z\" \/><\/svg><\/div><div class=\"stk--inner-svg stk--icon-2\" style=\"display:none\"><svg style=\"height:0;width:0\"><defs><lineargradient id=\"linear-gradient-d4bb558\" x1=\"0\" x2=\"100%\" y1=\"0\" y2=\"0\"><stop offset=\"0%\" style=\"stop-opacity:1;stop-color:var(--linear-gradient-d-4-bb-558-color-1)\"><\/stop><stop offset=\"100%\" style=\"stop-opacity:1;stop-color:var(--linear-gradient-d-4-bb-558-color-2)\"><\/stop><\/lineargradient><\/defs><\/svg><svg xmlns=\"http:\/\/www.w3.org\/2000\/svg\" viewbox=\"0 0 640 512\" aria-hidden=\"true\" width=\"32\" height=\"32\"><path d=\"M160 64c0-35.3 28.7-64 64-64H576c35.3 0 64 28.7 64 64V352c0 35.3-28.7 64-64 64H336.8c-11.8-25.5-29.9-47.5-52.4-64H384V320c0-17.7 14.3-32 32-32h64c17.7 0 32 14.3 32 32v32h64V64L224 64v49.1C205.2 102.2 183.3 96 160 96V64zm0 64a96 96 0 1 1 0 192 96 96 0 1 1 0-192zM133.3 352h53.3C260.3 352 320 411.7 320 485.3c0 14.7-11.9 26.7-26.7 26.7H26.7C11.9 512 0 500.1 0 485.3C0 411.7 59.7 352 133.3 352z\" \/><\/svg><\/div><\/span><\/div>\n\n\n\n<div class=\"wp-block-stackable-heading stk-block-heading stk-block-heading--v2 stk-block stk-ac912eb\" id=\"personal-docente-e-investigador\" data-block-id=\"ac912eb\"><style>.stk-ac912eb .stk-block-heading__text{color:#0f0e17 !important;font-weight:500 !important;font-family:\"ArgentumSans\", Sans-serif !important;}<\/style><h4 class=\"stk-block-heading__text has-text-color\">Personnel enseignant et de recherche<\/h4><\/div>\n<\/div><\/div>\n<\/div><\/div><\/summary>\n\n\n\n<div class=\"wp-block-stackable-column stk-block-column stk-column stk-block stk-331e586 stk-block-accordion__content\" data-v=\"4\" data-block-id=\"331e586\"><style>.stk-331e586-container{padding-top:0px !important;padding-right:0px !important;padding-bottom:0px !important;padding-left:0px !important;}<\/style><div class=\"stk-column-wrapper stk-block-column__content stk-container stk-331e586-container stk--no-background stk--no-padding\"><div class=\"stk-block-content stk-inner-blocks stk-331e586-inner-blocks\">\n<p><strong>Session ordinaire du 26 mars 2025<\/strong><\/p>\n\n\n\n<p><strong>Pr\u00e9sident : Vice-recteur \u00e0 l&#039;enseignement et \u00e0 la recherche<\/strong><\/p>\n\n\n\n<ul class=\"wp-block-list\">\n<li>Alfonso Ruiz Rallo<\/li>\n<\/ul>\n\n\n\n<p><strong>Membres nomm\u00e9s par le recteur<\/strong><\/p>\n\n\n\n<ul class=\"wp-block-list\">\n<li>Jos\u00e9 Manuel Garc\u00eda Fraga<\/li>\n\n\n\n<li>Luis Gabriel Cabrera Armas<\/li>\n\n\n\n<li>Fernando Rivera L\u00f3pez<\/li>\n\n\n\n<li>Bentchey Juan Mart\u00edn Mart\u00edn (\u00c9tudiant)<\/li>\n\n\n\n<li>Inmaculada Rey Merino (PTGAS)<\/li>\n<\/ul>\n\n\n\n<p><strong>Repr\u00e9sentants de la Facult\u00e9<\/strong><\/p>\n\n\n\n<ul class=\"wp-block-list\">\n<li>Inmaculada Perdomo Reyes<\/li>\n\n\n\n<li>Sergio Siverio Luis<\/li>\n\n\n\n<li>Andr\u00e9s Paz Pais (ACE)<\/li>\n\n\n\n<li>Aroa Rivero Gonz\u00e1lez (AEULL)<\/li>\n\n\n\n<li>M\u00aa Candelaria Morales M\u00e9ndez (PTGAS)<\/li>\n<\/ul>\n\n\n\n<p><strong>Doyens\/Directeurs d&#039;\u00e9coles<\/strong><\/p>\n\n\n\n<ul class=\"wp-block-list\">\n<li>Jos\u00e9 Luis Pais Brito<\/li>\n\n\n\n<li>Susana Abdal\u00e1 Kuri<\/li>\n<\/ul>\n\n\n\n<p><strong>Repr\u00e9sentants des directeurs de d\u00e9partement<\/strong><\/p>\n\n\n\n<ul class=\"wp-block-list\">\n<li>Gloria Rojas Rivero<\/li>\n\n\n\n<li>Manuel Ledesma<\/li>\n<\/ul>\n\n\n\n<p><strong>Repr\u00e9sentants du Conseil social<\/strong><\/p>\n\n\n\n<p>Victor Manuel Diaz Dominguez<\/p>\n<\/div><\/div><\/div>\n<\/details>\n\n\n\n<details class=\"wp-block-stackable-accordion stk-block-accordion stk-inner-blocks stk-block-content stk-block stk-728b365 is-style-plain\" id=\"investigacion\" data-block-id=\"728b365\"><style>.stk-728b365 {padding-bottom:10px !important;margin-bottom:0px !important;}<\/style>\n<summary class=\"wp-block-stackable-column stk-block-column stk-column stk-block stk-facad74 stk--container-small stk-block-accordion__heading\" data-v=\"4\" data-block-id=\"facad74\"><style>.stk-facad74 {border-style:solid !important;border-top-width:0px !important;border-right-width:0px !important;border-bottom-width:1px !important;border-left-width:0px !important;padding-top:0px !important;padding-right:0px !important;padding-bottom:0px !important;padding-left:0px !important;}.stk-facad74-container{padding-top:0px !important;padding-right:0px !important;padding-bottom:0px !important;padding-left:0px !important;}<\/style><div class=\"stk-column-wrapper stk-block-column__content stk-container stk-facad74-container stk--no-background stk--no-padding\"><div class=\"stk-block-content stk-inner-blocks stk-facad74-inner-blocks\">\n<div class=\"wp-block-stackable-icon-label stk-block-icon-label stk-block stk-c4624b7\" data-block-id=\"c4624b7\"><style>.stk-c4624b7 .stk-inner-blocks{gap:40px !important;}@media screen and (max-width: 1023px){.stk-c4624b7 .stk-inner-blocks{gap:40px !important;}}@media screen and (max-width: 767px){.stk-c4624b7 .stk-inner-blocks{gap:40px !important;}}<\/style><div class=\"stk-row stk-inner-blocks stk-block-content\">\n<div class=\"wp-block-stackable-icon stk-block-icon stk-block stk-886c8c2\" data-block-id=\"886c8c2\"><style>.stk-886c8c2 .stk--svg-wrapper .stk--inner-svg svg:last-child{height:24px !important;width:24px !important;}.stk-886c8c2 .stk--svg-wrapper .stk--inner-svg svg:last-child, .stk-886c8c2 .stk--svg-wrapper .stk--inner-svg svg:last-child :is(g, path, rect, polygon, ellipse){fill:var(--stk-global-color-60833, #5c068c) !important;}<\/style><span class=\"stk--svg-wrapper stk--has-icon2\"><div class=\"stk--inner-svg\"><svg style=\"height:0;width:0\"><defs><lineargradient id=\"linear-gradient-886c8c2\" x1=\"0\" x2=\"100%\" y1=\"0\" y2=\"0\"><stop offset=\"0%\" style=\"stop-opacity:1;stop-color:var(--linear-gradient-886-c-8-c-2-color-1)\"><\/stop><stop offset=\"100%\" style=\"stop-opacity:1;stop-color:var(--linear-gradient-886-c-8-c-2-color-2)\"><\/stop><\/lineargradient><\/defs><\/svg><svg xmlns=\"http:\/\/www.w3.org\/2000\/svg\" viewbox=\"0 0 512 512\" aria-hidden=\"true\" width=\"32\" height=\"32\"><path d=\"M160 32c0-17.7 14.3-32 32-32h32c17.7 0 32 14.3 32 32c17.7 0 32 14.3 32 32V288c0 17.7-14.3 32-32 32c0 17.7-14.3 32-32 32H192c-17.7 0-32-14.3-32-32c-17.7 0-32-14.3-32-32V64c0-17.7 14.3-32 32-32zM32 448H320c70.7 0 128-57.3 128-128s-57.3-128-128-128V128c106 0 192 86 192 192c0 49.2-18.5 94-48.9 128H480c17.7 0 32 14.3 32 32s-14.3 32-32 32H320 32c-17.7 0-32-14.3-32-32s14.3-32 32-32zm80-64H304c8.8 0 16 7.2 16 16s-7.2 16-16 16H112c-8.8 0-16-7.2-16-16s7.2-16 16-16z\" \/><\/svg><\/div><div class=\"stk--inner-svg stk--icon-2\" style=\"display:none\"><svg style=\"height:0;width:0\"><defs><lineargradient id=\"linear-gradient-886c8c2\" x1=\"0\" x2=\"100%\" y1=\"0\" y2=\"0\"><stop offset=\"0%\" style=\"stop-opacity:1;stop-color:var(--linear-gradient-886-c-8-c-2-color-1)\"><\/stop><stop offset=\"100%\" style=\"stop-opacity:1;stop-color:var(--linear-gradient-886-c-8-c-2-color-2)\"><\/stop><\/lineargradient><\/defs><\/svg><svg xmlns=\"http:\/\/www.w3.org\/2000\/svg\" viewbox=\"0 0 512 512\" aria-hidden=\"true\" width=\"32\" height=\"32\"><path d=\"M184 0c30.9 0 56 25.1 56 56V456c0 30.9-25.1 56-56 56c-28.9 0-52.7-21.9-55.7-50.1c-5.2 1.4-10.7 2.1-16.3 2.1c-35.3 0-64-28.7-64-64c0-7.4 1.3-14.6 3.6-21.2C21.4 367.4 0 338.2 0 304c0-31.9 18.7-59.5 45.8-72.3C37.1 220.8 32 207 32 192c0-30.7 21.6-56.3 50.4-62.6C80.8 123.9 80 118 80 112c0-29.9 20.6-55.1 48.3-62.1C131.3 21.9 155.1 0 184 0zM328 0c28.9 0 52.6 21.9 55.7 49.9c27.8 7 48.3 32.1 48.3 62.1c0 6-.8 11.9-2.4 17.4c28.8 6.2 50.4 31.9 50.4 62.6c0 15-5.1 28.8-13.8 39.7C493.3 244.5 512 272.1 512 304c0 34.2-21.4 63.4-51.6 74.8c2.3 6.6 3.6 13.8 3.6 21.2c0 35.3-28.7 64-64 64c-5.6 0-11.1-.7-16.3-2.1c-3 28.2-26.8 50.1-55.7 50.1c-30.9 0-56-25.1-56-56V56c0-30.9 25.1-56 56-56z\" \/><\/svg><\/div><\/span><\/div>\n\n\n\n<div class=\"wp-block-stackable-heading stk-block-heading stk-block-heading--v2 stk-block stk-5abebbf\" id=\"investigacion-y-transferencia\" data-block-id=\"5abebbf\"><style>.stk-5abebbf .stk-block-heading__text{font-weight:500 !important;font-family:\"ArgentumSans\", Sans-serif !important;}<\/style><h4 class=\"stk-block-heading__text\">Recherche et transfert<\/h4><\/div>\n<\/div><\/div>\n<\/div><\/div><\/summary>\n\n\n\n<div class=\"wp-block-stackable-column stk-block-column stk-column stk-block stk-5a52ab3 stk-block-accordion__content\" data-v=\"4\" data-block-id=\"5a52ab3\"><style>.stk-5a52ab3-container{padding-top:0px !important;padding-right:0px !important;padding-bottom:0px !important;padding-left:0px !important;}<\/style><div class=\"stk-column-wrapper stk-block-column__content stk-container stk-5a52ab3-container stk--no-background stk--no-padding\"><div class=\"stk-block-content stk-inner-blocks stk-5a52ab3-inner-blocks\">\n<p><strong>Session ordinaire du 26 mars 2025<\/strong><\/p>\n\n\n\n<p><strong>Pr\u00e9sident : Vice-recteur \u00e0 la recherche et au transfert<\/strong><\/p>\n\n\n\n<ul class=\"wp-block-list\">\n<li>Antonio Aparicio Juan<\/li>\n<\/ul>\n\n\n\n<p><strong>Membres nomm\u00e9s par le recteur<\/strong><\/p>\n\n\n\n<ul class=\"wp-block-list\">\n<li>Isabel K. Le\u00f3n P\u00e9rez<\/li>\n\n\n\n<li>Vicente Blanco P\u00e9rez<\/li>\n\n\n\n<li>Maria Inmaculada Gonzalez P\u00e9rez<\/li>\n\n\n\n<li>Liuba P\u00e9rez Brito (\u00e9tudiante)<\/li>\n\n\n\n<li>Inmaculada Rey Merino (PTGAS)<\/li>\n<\/ul>\n\n\n\n<p><strong>Repr\u00e9sentants de la Facult\u00e9<\/strong><\/p>\n\n\n\n<ul class=\"wp-block-list\">\n<li>Inmaculada Perdomo Reyes<\/li>\n\n\n\n<li>Imanol Nieto Gonz\u00e1lez<\/li>\n\n\n\n<li>Monica Fern\u00e1ndez-Trujillo Castro (ACE)<\/li>\n\n\n\n<li>Alessandra de Le\u00f3n Gonz\u00e1lez (Libert\u00e9 \u00e9tudiante)<\/li>\n\n\n\n<li>M\u00aa Candelaria Morales M\u00e9ndez (PTGAS)<\/li>\n<\/ul>\n\n\n\n<p><strong>Doyens \/ Directeurs d&#039;\u00e9cole<\/strong><\/p>\n\n\n\n<ul class=\"wp-block-list\">\n<li>Douce Mar\u00eda Cair\u00f3s Barreto<\/li>\n\n\n\n<li>Juan Manuel Bethencourt P\u00e9rez<\/li>\n<\/ul>\n\n\n\n<p><strong>Repr\u00e9sentants des directeurs de d\u00e9partement<\/strong><\/p>\n\n\n\n<ul class=\"wp-block-list\">\n<li>Gloria Rojas Rivero<\/li>\n\n\n\n<li>Jos\u00e9 Luis S\u00e1nchez<\/li>\n<\/ul>\n\n\n\n<p><strong>Repr\u00e9sentants du Conseil social<\/strong><\/p>\n\n\n\n<ul class=\"wp-block-list\">\n<li>1 repr\u00e9sentant<\/li>\n<\/ul>\n\n\n\n<p><strong>Repr\u00e9sentants des instituts universitaires<\/strong><\/p>\n\n\n\n<p>Jos\u00e9 Manuel Padr\u00f3n Carrillo<\/p>\n<\/div><\/div><\/div>\n<\/details>\n\n\n\n<details class=\"wp-block-stackable-accordion stk-block-accordion stk-inner-blocks stk-block-content stk-block stk-91eec67 is-style-plain\" id=\"sostenibilidad\" data-block-id=\"91eec67\"><style>.stk-91eec67 {padding-bottom:10px !important;margin-bottom:0px !important;}<\/style>\n<summary class=\"wp-block-stackable-column stk-block-column stk-column stk-block stk-cebda87 stk--container-small stk-block-accordion__heading\" data-v=\"4\" data-block-id=\"cebda87\"><style>.stk-cebda87 {border-style:solid !important;border-top-width:0px !important;border-right-width:0px !important;border-bottom-width:1px !important;border-left-width:0px !important;padding-top:0px !important;padding-right:0px !important;padding-bottom:0px !important;padding-left:0px !important;}.stk-cebda87-container{padding-top:0px !important;padding-right:0px !important;padding-bottom:0px !important;padding-left:0px !important;}<\/style><div class=\"stk-column-wrapper stk-block-column__content stk-container stk-cebda87-container stk--no-background stk--no-padding\"><div class=\"stk-block-content stk-inner-blocks stk-cebda87-inner-blocks\">\n<div class=\"wp-block-stackable-icon-label stk-block-icon-label stk-block stk-33841e6\" data-block-id=\"33841e6\"><style>.stk-33841e6 .stk-inner-blocks{gap:40px !important;}@media screen and (max-width: 1023px){.stk-33841e6 .stk-inner-blocks{gap:40px !important;}}@media screen and (max-width: 767px){.stk-33841e6 .stk-inner-blocks{gap:40px !important;}}<\/style><div class=\"stk-row stk-inner-blocks stk-block-content\">\n<div class=\"wp-block-stackable-icon stk-block-icon stk-block stk-3fddda3\" data-block-id=\"3fddda3\"><style>.stk-3fddda3 .stk--svg-wrapper .stk--inner-svg svg:last-child{height:24px !important;width:24px !important;}.stk-3fddda3 .stk--svg-wrapper .stk--inner-svg svg:last-child, .stk-3fddda3 .stk--svg-wrapper .stk--inner-svg svg:last-child :is(g, path, rect, polygon, ellipse){fill:var(--stk-global-color-60833, #5c068c) !important;}<\/style><span class=\"stk--svg-wrapper stk--has-icon2\"><div class=\"stk--inner-svg\"><svg style=\"height:0;width:0\"><defs><lineargradient id=\"linear-gradient-3fddda3\" x1=\"0\" x2=\"100%\" y1=\"0\" y2=\"0\"><stop offset=\"0%\" style=\"stop-opacity:1;stop-color:var(--linear-gradient-3-fddda-3-color-1)\"><\/stop><stop offset=\"100%\" style=\"stop-opacity:1;stop-color:var(--linear-gradient-3-fddda-3-color-2)\"><\/stop><\/lineargradient><\/defs><\/svg><svg xmlns=\"http:\/\/www.w3.org\/2000\/svg\" viewbox=\"0 0 384 512\" aria-hidden=\"true\" width=\"32\" height=\"32\"><path d=\"M48 0C21.5 0 0 21.5 0 48V464c0 26.5 21.5 48 48 48h96V432c0-26.5 21.5-48 48-48s48 21.5 48 48v80h96c26.5 0 48-21.5 48-48V48c0-26.5-21.5-48-48-48H48zM64 240c0-8.8 7.2-16 16-16h32c8.8 0 16 7.2 16 16v32c0 8.8-7.2 16-16 16H80c-8.8 0-16-7.2-16-16V240zm112-16h32c8.8 0 16 7.2 16 16v32c0 8.8-7.2 16-16 16H176c-8.8 0-16-7.2-16-16V240c0-8.8 7.2-16 16-16zm80 16c0-8.8 7.2-16 16-16h32c8.8 0 16 7.2 16 16v32c0 8.8-7.2 16-16 16H272c-8.8 0-16-7.2-16-16V240zM237.3 71.1l34.7 52V80c0-8.8 7.2-16 16-16s16 7.2 16 16v96c0 7.1-4.6 13.3-11.4 15.3s-14-.6-17.9-6.4l-34.7-52V176c0 8.8-7.2 16-16 16s-16-7.2-16-16V80c0-7.1 4.6-13.3 11.4-15.3s14 .6 17.9 6.4zM112 80v64c0 8.8 7.2 16 16 16s16-7.2 16-16V80c0-8.8 7.2-16 16-16s16 7.2 16 16v64c0 26.5-21.5 48-48 48s-48-21.5-48-48V80c0-8.8 7.2-16 16-16s16 7.2 16 16z\" \/><\/svg><\/div><div class=\"stk--inner-svg stk--icon-2\" style=\"display:none\"><svg style=\"height:0;width:0\"><defs><lineargradient id=\"linear-gradient-3fddda3\" x1=\"0\" x2=\"100%\" y1=\"0\" y2=\"0\"><stop offset=\"0%\" style=\"stop-opacity:1;stop-color:var(--linear-gradient-3-fddda-3-color-1)\"><\/stop><stop offset=\"100%\" style=\"stop-opacity:1;stop-color:var(--linear-gradient-3-fddda-3-color-2)\"><\/stop><\/lineargradient><\/defs><\/svg><svg xmlns=\"http:\/\/www.w3.org\/2000\/svg\" viewbox=\"0 0 384 512\" aria-hidden=\"true\" width=\"32\" height=\"32\"><path d=\"M64 48c-8.8 0-16 7.2-16 16V448c0 8.8 7.2 16 16 16h80V400c0-26.5 21.5-48 48-48s48 21.5 48 48v64h80c8.8 0 16-7.2 16-16V64c0-8.8-7.2-16-16-16H64zM0 64C0 28.7 28.7 0 64 0H320c35.3 0 64 28.7 64 64V448c0 35.3-28.7 64-64 64H64c-35.3 0-64-28.7-64-64V64zm88 40c0-8.8 7.2-16 16-16h48c8.8 0 16 7.2 16 16v48c0 8.8-7.2 16-16 16H104c-8.8 0-16-7.2-16-16V104zM232 88h48c8.8 0 16 7.2 16 16v48c0 8.8-7.2 16-16 16H232c-8.8 0-16-7.2-16-16V104c0-8.8 7.2-16 16-16zM88 232c0-8.8 7.2-16 16-16h48c8.8 0 16 7.2 16 16v48c0 8.8-7.2 16-16 16H104c-8.8 0-16-7.2-16-16V232zm144-16h48c8.8 0 16 7.2 16 16v48c0 8.8-7.2 16-16 16H232c-8.8 0-16-7.2-16-16V232c0-8.8 7.2-16 16-16z\" \/><\/svg><\/div><\/span><\/div>\n\n\n\n<div class=\"wp-block-stackable-heading stk-block-heading stk-block-heading--v2 stk-block stk-5be854b\" id=\"sostenibilidad-e-infraestructuras\" data-block-id=\"5be854b\"><style>.stk-5be854b .stk-block-heading__text{font-weight:500 !important;font-family:\"ArgentumSans\", Sans-serif !important;}<\/style><h4 class=\"stk-block-heading__text\">Durabilit\u00e9 et infrastructures<\/h4><\/div>\n<\/div><\/div>\n<\/div><\/div><\/summary>\n\n\n\n<div class=\"wp-block-stackable-column stk-block-column stk-column stk-block stk-139cc62 stk-block-accordion__content\" data-v=\"4\" data-block-id=\"139cc62\"><style>.stk-139cc62-container{padding-top:0px !important;padding-right:0px !important;padding-bottom:0px !important;padding-left:0px !important;}<\/style><div class=\"stk-column-wrapper stk-block-column__content stk-container stk-139cc62-container stk--no-background stk--no-padding\"><div class=\"stk-block-content stk-inner-blocks stk-139cc62-inner-blocks\">\n<p><strong>Session ordinaire du 26 mars 2025<\/strong><\/p>\n\n\n\n<p><strong>Pr\u00e9sident : Vice-recteur charg\u00e9 du d\u00e9veloppement durable et des infrastructures<\/strong><\/p>\n\n\n\n<ul class=\"wp-block-list\">\n<li>Marta Dom\u00ednguez Herrera<\/li>\n<\/ul>\n\n\n\n<p><strong>Membres nomm\u00e9s par le recteur<\/strong><\/p>\n\n\n\n<ul class=\"wp-block-list\">\n<li>Vicente Blanco P\u00e9rez<\/li>\n\n\n\n<li>Mar\u00eda Rosario Hern\u00e1ndez Borges<\/li>\n\n\n\n<li>Alfonso Ruiz Rallo<\/li>\n\n\n\n<li>Liuba P\u00e9rez Brito (\u00e9tudiante)<\/li>\n\n\n\n<li>Francisco Javier Pe\u00f1a Romero (PTGAS)<\/li>\n<\/ul>\n\n\n\n<p><strong>Repr\u00e9sentants de la Facult\u00e9<\/strong><\/p>\n\n\n\n<ul class=\"wp-block-list\">\n<li>Maria Cristo Adrian<\/li>\n\n\n\n<li>Nuria In\u00e9s Rodr\u00edguez<\/li>\n\n\n\n<li>Ayose Zamora Barreto (ACE)<\/li>\n\n\n\n<li>Mario Oramas Gonz\u00e1lez (Libert\u00e9 \u00e9tudiante)<\/li>\n\n\n\n<li>Jos\u00e9 Manuel Ramos Arbelo (PTGAS)<\/li>\n<\/ul>\n\n\n\n<p><strong>Doyens\/Directeurs d&#039;\u00e9coles<\/strong><\/p>\n\n\n\n<ul class=\"wp-block-list\">\n<li>Pays Brito, Jos\u00e9 Luis<\/li>\n\n\n\n<li>Bethencourt P\u00e9rez, Juan Manuel<\/li>\n<\/ul>\n\n\n\n<p><strong>Repr\u00e9sentants des directeurs de d\u00e9partement<\/strong><\/p>\n\n\n\n<ul class=\"wp-block-list\">\n<li>Ram\u00f3n Salas Lamamie<\/li>\n\n\n\n<li>Ana J. Jim\u00e9nez<\/li>\n<\/ul>\n\n\n\n<p><strong>Repr\u00e9sentants du Conseil social<\/strong><\/p>\n\n\n\n<p>\u00c9cole M\u00aa Reyes Henr\u00edquez<\/p>\n<\/div><\/div><\/div>\n<\/details>\n\n\n\n<details class=\"wp-block-stackable-accordion stk-block-accordion stk-inner-blocks stk-block-content stk-block stk-987edf3 is-style-plain\" id=\"estudiantes\" data-block-id=\"987edf3\"><style>.stk-987edf3 {padding-bottom:10px !important;margin-bottom:0px !important;}<\/style>\n<summary class=\"wp-block-stackable-column stk-block-column stk-column stk-block stk-89fc32d stk--container-small stk-block-accordion__heading\" data-v=\"4\" data-block-id=\"89fc32d\"><style>.stk-89fc32d {border-style:solid !important;border-top-width:0px !important;border-right-width:0px !important;border-bottom-width:1px !important;border-left-width:0px !important;padding-top:0px !important;padding-right:0px !important;padding-bottom:0px !important;padding-left:0px !important;}.stk-89fc32d-container{padding-top:0px !important;padding-right:0px !important;padding-bottom:0px !important;padding-left:0px !important;}<\/style><div class=\"stk-column-wrapper stk-block-column__content stk-container stk-89fc32d-container stk--no-background stk--no-padding\"><div class=\"stk-block-content stk-inner-blocks stk-89fc32d-inner-blocks\">\n<div class=\"wp-block-stackable-icon-label stk-block-icon-label stk-block stk-05ddbac\" data-block-id=\"05ddbac\"><style>.stk-05ddbac .stk-inner-blocks{gap:40px !important;}@media screen and (max-width: 1023px){.stk-05ddbac .stk-inner-blocks{gap:40px !important;}}@media screen and (max-width: 767px){.stk-05ddbac .stk-inner-blocks{gap:40px !important;}}<\/style><div class=\"stk-row stk-inner-blocks stk-block-content\">\n<div class=\"wp-block-stackable-icon stk-block-icon stk-block stk-e15c692\" data-block-id=\"e15c692\"><style>.stk-e15c692 .stk--svg-wrapper .stk--inner-svg svg:last-child{height:24px !important;width:24px !important;}.stk-e15c692 .stk--svg-wrapper .stk--inner-svg svg:last-child, .stk-e15c692 .stk--svg-wrapper .stk--inner-svg svg:last-child :is(g, path, rect, polygon, ellipse){fill:var(--stk-global-color-60833, #5c068c) !important;}<\/style><span class=\"stk--svg-wrapper stk--has-icon2\"><div class=\"stk--inner-svg\"><svg style=\"height:0;width:0\"><defs><lineargradient id=\"linear-gradient-e15c692\" x1=\"0\" x2=\"100%\" y1=\"0\" y2=\"0\"><stop offset=\"0%\" style=\"stop-opacity:1;stop-color:var(--linear-gradient-e-15-c-692-color-1)\"><\/stop><stop offset=\"100%\" style=\"stop-opacity:1;stop-color:var(--linear-gradient-e-15-c-692-color-2)\"><\/stop><\/lineargradient><\/defs><\/svg><svg xmlns=\"http:\/\/www.w3.org\/2000\/svg\" viewbox=\"0 0 448 512\" aria-hidden=\"true\" width=\"32\" height=\"32\"><path d=\"M224 256A128 128 0 1 0 224 0a128 128 0 1 0 0 256zm-45.7 48C79.8 304 0 383.8 0 482.3C0 498.7 13.3 512 29.7 512H418.3c16.4 0 29.7-13.3 29.7-29.7C448 383.8 368.2 304 269.7 304H178.3z\" \/><\/svg><\/div><div class=\"stk--inner-svg stk--icon-2\" style=\"display:none\"><svg style=\"height:0;width:0\"><defs><lineargradient id=\"linear-gradient-e15c692\" x1=\"0\" x2=\"100%\" y1=\"0\" y2=\"0\"><stop offset=\"0%\" style=\"stop-opacity:1;stop-color:var(--linear-gradient-e-15-c-692-color-1)\"><\/stop><stop offset=\"100%\" style=\"stop-opacity:1;stop-color:var(--linear-gradient-e-15-c-692-color-2)\"><\/stop><\/lineargradient><\/defs><\/svg><svg xmlns=\"http:\/\/www.w3.org\/2000\/svg\" viewbox=\"0 0 448 512\" aria-hidden=\"true\" width=\"32\" height=\"32\"><path d=\"M304 128a80 80 0 1 0 -160 0 80 80 0 1 0 160 0zM96 128a128 128 0 1 1 256 0A128 128 0 1 1 96 128zM49.3 464H398.7c-8.9-63.3-63.3-112-129-112H178.3c-65.7 0-120.1 48.7-129 112zM0 482.3C0 383.8 79.8 304 178.3 304h91.4C368.2 304 448 383.8 448 482.3c0 16.4-13.3 29.7-29.7 29.7H29.7C13.3 512 0 498.7 0 482.3z\" \/><\/svg><\/div><\/span><\/div>\n\n\n\n<div class=\"wp-block-stackable-heading stk-block-heading stk-block-heading--v2 stk-block stk-ea2cf4b\" id=\"estudiantes\" data-block-id=\"ea2cf4b\"><style>.stk-ea2cf4b .stk-block-heading__text{font-weight:500 !important;font-family:\"ArgentumSans\", Sans-serif !important;}<\/style><h4 class=\"stk-block-heading__text\">\u00c9tudiants<\/h4><\/div>\n<\/div><\/div>\n<\/div><\/div><\/summary>\n\n\n\n<div class=\"wp-block-stackable-column stk-block-column stk-column stk-block stk-bc34a42 stk-block-accordion__content\" data-v=\"4\" data-block-id=\"bc34a42\"><style>.stk-bc34a42-container{padding-top:0px !important;padding-right:0px !important;padding-bottom:0px !important;padding-left:0px !important;}<\/style><div class=\"stk-column-wrapper stk-block-column__content stk-container stk-bc34a42-container stk--no-background stk--no-padding\"><div class=\"stk-block-content stk-inner-blocks stk-bc34a42-inner-blocks\">\n<p><strong>Session ordinaire du 26 mars 2025<\/strong><\/p>\n\n\n\n<p><strong>Pr\u00e9sident : Vice-recteur aux \u00e9tudiants<\/strong><\/p>\n\n\n\n<ul class=\"wp-block-list\">\n<li>Mar\u00eda Rosario Hern\u00e1ndez Borges<\/li>\n<\/ul>\n\n\n\n<p><strong>Membres nomm\u00e9s par le recteur<\/strong><\/p>\n\n\n\n<ul class=\"wp-block-list\">\n<li>Jos\u00e9 Manuel Garc\u00eda Fraga<\/li>\n\n\n\n<li>Maria Inmaculada Gonzalez P\u00e9rez<\/li>\n\n\n\n<li>Marta Dom\u00ednguez Herrera<\/li>\n\n\n\n<li>Bentchey Juan Mart\u00edn Mart\u00edn (\u00c9tudiant)<\/li>\n\n\n\n<li>Inmaculada Rey Merino (PTGAS)<\/li>\n<\/ul>\n\n\n\n<p><strong>Repr\u00e9sentants de la Facult\u00e9<\/strong><\/p>\n\n\n\n<ul class=\"wp-block-list\">\n<li>Gustavo Marrero D\u00edaz<\/li>\n\n\n\n<li>Nuria In\u00e9s Rodr\u00edguez<\/li>\n\n\n\n<li>Andr\u00e9s Paz Pais (ACE)<\/li>\n\n\n\n<li>Mario Oramas Gonz\u00e1lez (Libert\u00e9 \u00e9tudiante)<\/li>\n\n\n\n<li>Jos\u00e9 Manuel Ramos Arbelo (PTGAS)<\/li>\n<\/ul>\n\n\n\n<p><strong>Doyens\/Directeurs d&#039;\u00e9coles<\/strong><\/p>\n\n\n\n<ul class=\"wp-block-list\">\n<li>Abdala Kuri, Susana<\/li>\n\n\n\n<li>Afonso Rodriguez, Mar\u00eda del Mar<\/li>\n<\/ul>\n\n\n\n<p><strong>Repr\u00e9sentants des directeurs de d\u00e9partement<\/strong><\/p>\n\n\n\n<ul class=\"wp-block-list\">\n<li>Ar\u00e1nzazu Garc\u00eda<\/li>\n\n\n\n<li>Ram\u00f3n Casillas<\/li>\n<\/ul>\n\n\n\n<p><strong>Repr\u00e9sentant du Conseil social<\/strong><\/p>\n\n\n\n<p>\u00c9cole M\u00aa Reyes Henr\u00edquez<\/p>\n<\/div><\/div><\/div>\n<\/details>\n\n\n\n<details class=\"wp-block-stackable-accordion stk-block-accordion stk-inner-blocks stk-block-content stk-block stk-f221492 is-style-plain\" id=\"transformacion-digital\" data-block-id=\"f221492\"><style>.stk-f221492 {padding-bottom:10px !important;margin-bottom:0px !important;}<\/style>\n<summary class=\"wp-block-stackable-column stk-block-column stk-column stk-block stk-cf99718 stk--container-small stk-block-accordion__heading\" data-v=\"4\" data-block-id=\"cf99718\"><style>.stk-cf99718 {border-style:solid !important;border-top-width:0px !important;border-right-width:0px !important;border-bottom-width:1px !important;border-left-width:0px !important;padding-top:0px !important;padding-right:0px !important;padding-bottom:0px !important;padding-left:0px !important;}.stk-cf99718-container{padding-top:0px !important;padding-right:0px !important;padding-bottom:0px !important;padding-left:0px !important;}<\/style><div class=\"stk-column-wrapper stk-block-column__content stk-container stk-cf99718-container stk--no-background stk--no-padding\"><div class=\"stk-block-content stk-inner-blocks stk-cf99718-inner-blocks\">\n<div class=\"wp-block-stackable-icon-label stk-block-icon-label stk-block stk-a529647\" data-block-id=\"a529647\"><style>.stk-a529647 .stk-inner-blocks{gap:40px !important;}@media screen and (max-width: 1023px){.stk-a529647 .stk-inner-blocks{gap:40px !important;}}@media screen and (max-width: 767px){.stk-a529647 .stk-inner-blocks{gap:40px !important;}}<\/style><div class=\"stk-row stk-inner-blocks stk-block-content\">\n<div class=\"wp-block-stackable-icon stk-block-icon stk-block stk-33115ff\" data-block-id=\"33115ff\"><style>.stk-33115ff .stk--svg-wrapper .stk--inner-svg svg:last-child{height:24px !important;width:24px !important;}.stk-33115ff .stk--svg-wrapper .stk--inner-svg svg:last-child, .stk-33115ff .stk--svg-wrapper .stk--inner-svg svg:last-child :is(g, path, rect, polygon, ellipse){fill:var(--stk-global-color-60833, #5c068c) !important;}<\/style><span class=\"stk--svg-wrapper stk--has-icon2\"><div class=\"stk--inner-svg\"><svg style=\"height:0;width:0\"><defs><lineargradient id=\"linear-gradient-33115ff\" x1=\"0\" x2=\"100%\" y1=\"0\" y2=\"0\"><stop offset=\"0%\" style=\"stop-opacity:1;stop-color:var(--linear-gradient-33115-ff-color-1)\"><\/stop><stop offset=\"100%\" style=\"stop-opacity:1;stop-color:var(--linear-gradient-33115-ff-color-2)\"><\/stop><\/lineargradient><\/defs><\/svg><svg xmlns=\"http:\/\/www.w3.org\/2000\/svg\" viewbox=\"0 0 384 512\" aria-hidden=\"true\" width=\"32\" height=\"32\"><path d=\"M272 384c9.6-31.9 29.5-59.1 49.2-86.2l0 0c5.2-7.1 10.4-14.2 15.4-21.4c19.8-28.5 31.4-63 31.4-100.3C368 78.8 289.2 0 192 0S16 78.8 16 176c0 37.3 11.6 71.9 31.4 100.3c5 7.2 10.2 14.3 15.4 21.4l0 0c19.8 27.1 39.7 54.4 49.2 86.2H272zM192 512c44.2 0 80-35.8 80-80V416H112v16c0 44.2 35.8 80 80 80zM112 176c0 8.8-7.2 16-16 16s-16-7.2-16-16c0-61.9 50.1-112 112-112c8.8 0 16 7.2 16 16s-7.2 16-16 16c-44.2 0-80 35.8-80 80z\" \/><\/svg><\/div><div class=\"stk--inner-svg stk--icon-2\" style=\"display:none\"><svg style=\"height:0;width:0\"><defs><lineargradient id=\"linear-gradient-33115ff\" x1=\"0\" x2=\"100%\" y1=\"0\" y2=\"0\"><stop offset=\"0%\" style=\"stop-opacity:1;stop-color:var(--linear-gradient-33115-ff-color-1)\"><\/stop><stop offset=\"100%\" style=\"stop-opacity:1;stop-color:var(--linear-gradient-33115-ff-color-2)\"><\/stop><\/lineargradient><\/defs><\/svg><svg xmlns=\"http:\/\/www.w3.org\/2000\/svg\" viewbox=\"0 0 384 512\" aria-hidden=\"true\" width=\"32\" height=\"32\"><path d=\"M297.2 248.9C311.6 228.3 320 203.2 320 176c0-70.7-57.3-128-128-128S64 105.3 64 176c0 27.2 8.4 52.3 22.8 72.9c3.7 5.3 8.1 11.3 12.8 17.7l0 0c12.9 17.7 28.3 38.9 39.8 59.8c10.4 19 15.7 38.8 18.3 57.5H109c-2.2-12-5.9-23.7-11.8-34.5c-9.9-18-22.2-34.9-34.5-51.8l0 0 0 0c-5.2-7.1-10.4-14.2-15.4-21.4C27.6 247.9 16 213.3 16 176C16 78.8 94.8 0 192 0s176 78.8 176 176c0 37.3-11.6 71.9-31.4 100.3c-5 7.2-10.2 14.3-15.4 21.4l0 0 0 0c-12.3 16.8-24.6 33.7-34.5 51.8c-5.9 10.8-9.6 22.5-11.8 34.5H226.4c2.6-18.7 7.9-38.6 18.3-57.5c11.5-20.9 26.9-42.1 39.8-59.8l0 0 0 0 0 0c4.7-6.4 9-12.4 12.7-17.7zM192 128c-26.5 0-48 21.5-48 48c0 8.8-7.2 16-16 16s-16-7.2-16-16c0-44.2 35.8-80 80-80c8.8 0 16 7.2 16 16s-7.2 16-16 16zm0 384c-44.2 0-80-35.8-80-80V416H272v16c0 44.2-35.8 80-80 80z\" \/><\/svg><\/div><\/span><\/div>\n\n\n\n<div class=\"wp-block-stackable-heading stk-block-heading stk-block-heading--v2 stk-block stk-5491750\" id=\"transformacion-digital\" data-block-id=\"5491750\"><style>.stk-5491750 .stk-block-heading__text{font-weight:500 !important;font-family:\"ArgentumSans\", Sans-serif !important;}<\/style><h4 class=\"stk-block-heading__text\">Transformation num\u00e9rique<\/h4><\/div>\n<\/div><\/div>\n<\/div><\/div><\/summary>\n\n\n\n<div class=\"wp-block-stackable-column stk-block-column stk-column stk-block stk-ee8446a stk-block-accordion__content\" data-v=\"4\" data-block-id=\"ee8446a\"><style>.stk-ee8446a-container{padding-top:0px !important;padding-right:0px !important;padding-bottom:0px !important;padding-left:0px !important;}<\/style><div class=\"stk-column-wrapper stk-block-column__content stk-container stk-ee8446a-container stk--no-background stk--no-padding\"><div class=\"stk-block-content stk-inner-blocks stk-ee8446a-inner-blocks\">\n<p><strong>Session ordinaire du 26 mars 2025<\/strong><\/p>\n\n\n\n<p><strong>Pr\u00e9sident : Vice-recteur \u00e0 la transformation num\u00e9rique<\/strong><\/p>\n\n\n\n<ul class=\"wp-block-list\">\n<li>Vicente Jos\u00e9 Blanco P\u00e9rez<\/li>\n<\/ul>\n\n\n\n<p><strong>Membres nomm\u00e9s par le recteur<\/strong><\/p>\n\n\n\n<ul class=\"wp-block-list\">\n<li>Maria Inmaculada Gonzalez P\u00e9rez<\/li>\n\n\n\n<li>Isabel K. Le\u00f3n P\u00e9rez<\/li>\n\n\n\n<li>Daniel Alonso Ram\u00edrez<\/li>\n\n\n\n<li>Liuba P\u00e9rez Brito (\u00e9tudiante)<\/li>\n\n\n\n<li>Francisco Javier Pe\u00f1a Romero (PTGAS)<\/li>\n<\/ul>\n\n\n\n<p><strong>Repr\u00e9sentants de la Facult\u00e9<\/strong><\/p>\n\n\n\n<ul class=\"wp-block-list\">\n<li>Marie du Christ Adrien<\/li>\n\n\n\n<li>Imanol Nieto Gonz\u00e1lez<\/li>\n\n\n\n<li>Aroa Garc\u00eda Rem\u00f3n (EDFE)<\/li>\n\n\n\n<li>Gabriel Su\u00e1rez Gonz\u00e1lez (Agora)<\/li>\n\n\n\n<li>Poste vacant (PTGAS)<\/li>\n<\/ul>\n\n\n\n<p><strong>Doyens\/Directeurs d&#039;\u00e9coles<\/strong><\/p>\n\n\n\n<ul class=\"wp-block-list\">\n<li>Monz\u00f3n Pe\u00f1ate, Felipe A.<\/li>\n\n\n\n<li>Candela Sanjuan, Bernardo Antonio<\/li>\n<\/ul>\n\n\n\n<p><strong>Repr\u00e9sentants des directeurs de d\u00e9partement<\/strong><\/p>\n\n\n\n<ul class=\"wp-block-list\">\n<li>Ar\u00e1nzazu Garc\u00eda Pizarro<\/li>\n\n\n\n<li>Jos\u00e9 Luis S\u00e1nchez<\/li>\n<\/ul>\n\n\n\n<p><strong>Repr\u00e9sentants du Conseil social<\/strong><\/p>\n\n\n\n<p>Francisco Almeida Ossa<\/p>\n<\/div><\/div><\/div>\n<\/details>\n\n\n\n<details class=\"wp-block-stackable-accordion stk-block-accordion stk-inner-blocks stk-block-content stk-block stk-e085f28 is-style-plain\" id=\"docencia\" data-block-id=\"e085f28\"><style>.stk-e085f28 {padding-bottom:10px !important;margin-bottom:0px !important;}<\/style>\n<summary class=\"wp-block-stackable-column stk-block-column stk-column stk-block stk-a095982 stk--container-small stk-block-accordion__heading\" data-v=\"4\" data-block-id=\"a095982\"><style>.stk-a095982 {border-style:solid !important;border-top-width:0px !important;border-right-width:0px !important;border-bottom-width:1px !important;border-left-width:0px !important;padding-top:0px !important;padding-right:0px !important;padding-bottom:0px !important;padding-left:0px !important;}.stk-a095982-container{padding-top:0px !important;padding-right:0px !important;padding-bottom:0px !important;padding-left:0px !important;}<\/style><div class=\"stk-column-wrapper stk-block-column__content stk-container stk-a095982-container stk--no-background stk--no-padding\"><div class=\"stk-block-content stk-inner-blocks stk-a095982-inner-blocks\">\n<div class=\"wp-block-stackable-icon-label stk-block-icon-label stk-block stk-9760405\" data-block-id=\"9760405\"><style>.stk-9760405 .stk-inner-blocks{gap:40px !important;}@media screen and (max-width: 1023px){.stk-9760405 .stk-inner-blocks{gap:40px !important;}}@media screen and (max-width: 767px){.stk-9760405 .stk-inner-blocks{gap:40px !important;}}<\/style><div class=\"stk-row stk-inner-blocks stk-block-content\">\n<div class=\"wp-block-stackable-icon stk-block-icon stk-block stk-18a800a\" data-block-id=\"18a800a\"><style>.stk-18a800a .stk--svg-wrapper .stk--inner-svg svg:last-child{height:24px !important;width:24px !important;}.stk-18a800a .stk--svg-wrapper .stk--inner-svg svg:last-child, .stk-18a800a .stk--svg-wrapper .stk--inner-svg svg:last-child :is(g, path, rect, polygon, ellipse){fill:var(--stk-global-color-60833, #5c068c) !important;}<\/style><span class=\"stk--svg-wrapper stk--has-icon2\"><div class=\"stk--inner-svg\"><svg style=\"height:0;width:0\"><defs><lineargradient id=\"linear-gradient-18a800a\" x1=\"0\" x2=\"100%\" y1=\"0\" y2=\"0\"><stop offset=\"0%\" style=\"stop-opacity:1;stop-color:var(--linear-gradient-18-a-800-a-color-1)\"><\/stop><stop offset=\"100%\" style=\"stop-opacity:1;stop-color:var(--linear-gradient-18-a-800-a-color-2)\"><\/stop><\/lineargradient><\/defs><\/svg><svg xmlns=\"http:\/\/www.w3.org\/2000\/svg\" viewbox=\"0 0 576 512\" aria-hidden=\"true\" width=\"32\" height=\"32\"><path d=\"M96 32C60.7 32 32 60.7 32 96V384H96V96l384 0V384h64V96c0-35.3-28.7-64-64-64H96zM224 384v32H32c-17.7 0-32 14.3-32 32s14.3 32 32 32H544c17.7 0 32-14.3 32-32s-14.3-32-32-32H416V384c0-17.7-14.3-32-32-32H256c-17.7 0-32 14.3-32 32z\" \/><\/svg><\/div><div class=\"stk--inner-svg stk--icon-2\" style=\"display:none\"><svg style=\"height:0;width:0\"><defs><lineargradient id=\"linear-gradient-18a800a\" x1=\"0\" x2=\"100%\" y1=\"0\" y2=\"0\"><stop offset=\"0%\" style=\"stop-opacity:1;stop-color:var(--linear-gradient-18-a-800-a-color-1)\"><\/stop><stop offset=\"100%\" style=\"stop-opacity:1;stop-color:var(--linear-gradient-18-a-800-a-color-2)\"><\/stop><\/lineargradient><\/defs><\/svg><svg xmlns=\"http:\/\/www.w3.org\/2000\/svg\" viewbox=\"0 0 640 512\" aria-hidden=\"true\" width=\"32\" height=\"32\"><path d=\"M160 64c0-35.3 28.7-64 64-64H576c35.3 0 64 28.7 64 64V352c0 35.3-28.7 64-64 64H336.8c-11.8-25.5-29.9-47.5-52.4-64H384V320c0-17.7 14.3-32 32-32h64c17.7 0 32 14.3 32 32v32h64V64L224 64v49.1C205.2 102.2 183.3 96 160 96V64zm0 64a96 96 0 1 1 0 192 96 96 0 1 1 0-192zM133.3 352h53.3C260.3 352 320 411.7 320 485.3c0 14.7-11.9 26.7-26.7 26.7H26.7C11.9 512 0 500.1 0 485.3C0 411.7 59.7 352 133.3 352z\" \/><\/svg><\/div><\/span><\/div>\n\n\n\n<div class=\"wp-block-stackable-heading stk-block-heading stk-block-heading--v2 stk-block stk-55bc496\" id=\"docencia\" data-block-id=\"55bc496\"><style>.stk-55bc496 .stk-block-heading__text{font-weight:500 !important;font-family:\"ArgentumSans\", Sans-serif !important;}<\/style><h4 class=\"stk-block-heading__text\">Enseignement<\/h4><\/div>\n<\/div><\/div>\n<\/div><\/div><\/summary>\n\n\n\n<div class=\"wp-block-stackable-column stk-block-column stk-column stk-block stk-a14a92c stk-block-accordion__content\" data-v=\"4\" data-block-id=\"a14a92c\"><style>.stk-a14a92c-container{padding-top:0px !important;padding-right:0px !important;padding-bottom:0px !important;padding-left:0px !important;}<\/style><div class=\"stk-column-wrapper stk-block-column__content stk-container stk-a14a92c-container stk--no-background stk--no-padding\"><div class=\"stk-block-content stk-inner-blocks stk-a14a92c-inner-blocks\">\n<p><strong>Session ordinaire du 26 mars 2025<\/strong><\/p>\n\n\n\n<p><strong>Pr\u00e9sident : Vice-rectorat \u00e0 l&#039;enseignement<\/strong><\/p>\n\n\n\n<ul class=\"wp-block-list\">\n<li>Jos\u00e9 Manuel Garc\u00eda Fraga<\/li>\n<\/ul>\n\n\n\n<p><strong>Membres nomm\u00e9s par le recteur<\/strong><\/p>\n\n\n\n<ul class=\"wp-block-list\">\n<li>Mar\u00eda Rosario Hern\u00e1ndez Borges<\/li>\n\n\n\n<li>Alfonso Ruiz Rallo<\/li>\n\n\n\n<li>Daniel Alonso Ram\u00edrez<\/li>\n\n\n\n<li>Bentchey Juan Mart\u00edn Mart\u00edn (\u00c9tudiant)<\/li>\n\n\n\n<li>Francisco Javier Pe\u00f1a Romero (PTGAS)<\/li>\n<\/ul>\n\n\n\n<p><strong>Repr\u00e9sentants de la Facult\u00e9<\/strong><\/p>\n\n\n\n<ul class=\"wp-block-list\">\n<li>Juan Diego Betancor<\/li>\n\n\n\n<li>Marie du Christ Adrien<\/li>\n\n\n\n<li>Andr\u00e9s Paz Pais (ACE)<\/li>\n\n\n\n<li>Mario Oramas Gonz\u00e1lez (Libert\u00e9 \u00e9tudiante)<\/li>\n\n\n\n<li>M\u00aa Candelaria Morales M\u00e9ndez (PTGAS)<\/li>\n<\/ul>\n\n\n\n<p><strong>Doyens\/Directeurs d&#039;\u00e9coles<\/strong><\/p>\n\n\n\n<ul class=\"wp-block-list\">\n<li>Maria del Mar Afonso Rodriguez<\/li>\n\n\n\n<li>Bernardo Antonio Candela Sanjuan<\/li>\n<\/ul>\n\n\n\n<p><strong>Repr\u00e9sentants des directeurs de d\u00e9partement<\/strong><\/p>\n\n\n\n<ul class=\"wp-block-list\">\n<li>Ana J. Jim\u00e9nez<\/li>\n\n\n\n<li>Ram\u00f3n Casillas Ruiz<\/li>\n<\/ul>\n\n\n\n<p><strong>Repr\u00e9sentants du Conseil social<\/strong><\/p>\n\n\n\n<p>Francisco Almeida Ossa<\/p>\n<\/div><\/div><\/div>\n<\/details>\n\n\n\n<details class=\"wp-block-stackable-accordion stk-block-accordion stk-inner-blocks stk-block-content stk-block stk-fb848ac is-style-plain\" id=\"asuntos-economicos\" data-block-id=\"fb848ac\"><style>.stk-fb848ac {padding-bottom:10px !important;margin-bottom:0px !important;}<\/style>\n<summary class=\"wp-block-stackable-column stk-block-column stk-column stk-block stk-3e5836e stk--container-small stk-block-accordion__heading\" data-v=\"4\" data-block-id=\"3e5836e\"><style>.stk-3e5836e {border-style:solid !important;border-top-width:0px !important;border-right-width:0px !important;border-bottom-width:1px !important;border-left-width:0px !important;padding-top:0px !important;padding-right:0px !important;padding-bottom:0px !important;padding-left:0px !important;}.stk-3e5836e-container{padding-top:0px !important;padding-right:0px !important;padding-bottom:0px !important;padding-left:0px !important;}<\/style><div class=\"stk-column-wrapper stk-block-column__content stk-container stk-3e5836e-container stk--no-background stk--no-padding\"><div class=\"stk-block-content stk-inner-blocks stk-3e5836e-inner-blocks\">\n<div class=\"wp-block-stackable-icon-label stk-block-icon-label stk-block stk-0839eb0\" data-block-id=\"0839eb0\"><style>.stk-0839eb0 .stk-inner-blocks{gap:40px !important;}@media screen and (max-width: 1023px){.stk-0839eb0 .stk-inner-blocks{gap:40px !important;}}@media screen and (max-width: 767px){.stk-0839eb0 .stk-inner-blocks{gap:40px !important;}}<\/style><div class=\"stk-row stk-inner-blocks stk-block-content\">\n<div class=\"wp-block-stackable-icon stk-block-icon stk-block stk-5719b18\" data-block-id=\"5719b18\"><style>.stk-5719b18 .stk--svg-wrapper .stk--inner-svg svg:last-child{height:24px !important;width:24px !important;}.stk-5719b18 .stk--svg-wrapper .stk--inner-svg svg:last-child, .stk-5719b18 .stk--svg-wrapper .stk--inner-svg svg:last-child :is(g, path, rect, polygon, ellipse){fill:var(--stk-global-color-60833, #5c068c) !important;}<\/style><span class=\"stk--svg-wrapper stk--has-icon2\"><div class=\"stk--inner-svg\"><svg style=\"height:0;width:0\"><defs><lineargradient id=\"linear-gradient-5719b18\" x1=\"0\" x2=\"100%\" y1=\"0\" y2=\"0\"><stop offset=\"0%\" style=\"stop-opacity:1;stop-color:var(--linear-gradient-5719-b-18-color-1)\"><\/stop><stop offset=\"100%\" style=\"stop-opacity:1;stop-color:var(--linear-gradient-5719-b-18-color-2)\"><\/stop><\/lineargradient><\/defs><\/svg><svg xmlns=\"http:\/\/www.w3.org\/2000\/svg\" viewbox=\"0 0 576 512\" aria-hidden=\"true\" width=\"32\" height=\"32\"><path d=\"M64 64C28.7 64 0 92.7 0 128V384c0 35.3 28.7 64 64 64H512c35.3 0 64-28.7 64-64V128c0-35.3-28.7-64-64-64H64zm64 320H64V320c35.3 0 64 28.7 64 64zM64 192V128h64c0 35.3-28.7 64-64 64zM448 384c0-35.3 28.7-64 64-64v64H448zm64-192c-35.3 0-64-28.7-64-64h64v64zM288 160a96 96 0 1 1 0 192 96 96 0 1 1 0-192z\" \/><\/svg><\/div><div class=\"stk--inner-svg stk--icon-2\" style=\"display:none\"><svg style=\"height:0;width:0\"><defs><lineargradient id=\"linear-gradient-5719b18\" x1=\"0\" x2=\"100%\" y1=\"0\" y2=\"0\"><stop offset=\"0%\" style=\"stop-opacity:1;stop-color:var(--linear-gradient-5719-b-18-color-1)\"><\/stop><stop offset=\"100%\" style=\"stop-opacity:1;stop-color:var(--linear-gradient-5719-b-18-color-2)\"><\/stop><\/lineargradient><\/defs><\/svg><svg xmlns=\"http:\/\/www.w3.org\/2000\/svg\" viewbox=\"0 0 576 512\" aria-hidden=\"true\" width=\"32\" height=\"32\"><path d=\"M0 112.5V422.3c0 18 10.1 35 27 41.3c87 32.5 174 10.3 261-11.9c79.8-20.3 159.6-40.7 239.3-18.9c23 6.3 48.7-9.5 48.7-33.4V89.7c0-18-10.1-35-27-41.3C462 15.9 375 38.1 288 60.3C208.2 80.6 128.4 100.9 48.7 79.1C25.6 72.8 0 88.6 0 112.5zM288 352c-44.2 0-80-43-80-96s35.8-96 80-96s80 43 80 96s-35.8 96-80 96zM64 352c35.3 0 64 28.7 64 64H64V352zm64-208c0 35.3-28.7 64-64 64V144h64zM512 304v64H448c0-35.3 28.7-64 64-64zM448 96h64v64c-35.3 0-64-28.7-64-64z\" \/><\/svg><\/div><\/span><\/div>\n\n\n\n<div class=\"wp-block-stackable-heading stk-block-heading stk-block-heading--v2 stk-block stk-88df2b3\" id=\"asuntos-economicos\" data-block-id=\"88df2b3\"><style>.stk-88df2b3 .stk-block-heading__text{font-weight:500 !important;font-family:\"ArgentumSans\", Sans-serif !important;}<\/style><h4 class=\"stk-block-heading__text\">Affaires \u00e9conomiques<\/h4><\/div>\n<\/div><\/div>\n<\/div><\/div><\/summary>\n\n\n\n<div class=\"wp-block-stackable-column stk-block-column stk-column stk-block stk-13f3e08 stk-block-accordion__content\" data-v=\"4\" data-block-id=\"13f3e08\"><style>.stk-13f3e08-container{padding-top:0px !important;padding-right:0px !important;padding-bottom:0px !important;padding-left:0px !important;}<\/style><div class=\"stk-column-wrapper stk-block-column__content stk-container stk-13f3e08-container stk--no-background stk--no-padding\"><div class=\"stk-block-content stk-inner-blocks stk-13f3e08-inner-blocks\">\n<p><strong>Session ordinaire du 26 mars 2025<\/strong><\/p>\n\n\n\n<p><strong>Pr\u00e9sident : G\u00e9rant<\/strong><\/p>\n\n\n\n<ul class=\"wp-block-list\">\n<li>Lidia Patricia Pereira Saavedra<\/li>\n<\/ul>\n\n\n\n<p><strong>Membres nomm\u00e9s par le recteur<\/strong><\/p>\n\n\n\n<ul class=\"wp-block-list\">\n<li>Antonio Aparicio Juan<\/li>\n\n\n\n<li>Luis Cabrera Armas<\/li>\n\n\n\n<li>Vicente Blanco P\u00e9rez<\/li>\n\n\n\n<li>Bentchey Juan Mart\u00edn Mart\u00edn (\u00c9tudiant)<\/li>\n\n\n\n<li>Inmaculada Rey Merino (PTGAS)<\/li>\n<\/ul>\n\n\n\n<p><strong>Repr\u00e9sentants de la Facult\u00e9<\/strong><\/p>\n\n\n\n<ul class=\"wp-block-list\">\n<li>Juan Diego Betancor<\/li>\n\n\n\n<li>Imanol Nieto Gonz\u00e1lez<\/li>\n\n\n\n<li>Andr\u00e9s Paz Pais (ACE)<\/li>\n\n\n\n<li>Alessandra de Le\u00f3n Gonz\u00e1lez (Libert\u00e9 \u00e9tudiante)<\/li>\n\n\n\n<li>Jos\u00e9 Manuel Ramos Arbelo (PTGAS)<\/li>\n<\/ul>\n\n\n\n<p><strong>Doyens\/Directeurs d&#039;\u00e9coles<\/strong><\/p>\n\n\n\n<ul class=\"wp-block-list\">\n<li>Monz\u00f3n Pe\u00f1ate, Felipe A.<\/li>\n\n\n\n<li>Cair\u00f3s Barreto, Dulce Mar\u00eda<\/li>\n<\/ul>\n\n\n\n<p><strong>Repr\u00e9sentants des directeurs de d\u00e9partement<\/strong><\/p>\n\n\n\n<ul class=\"wp-block-list\">\n<li>Gloria Rojas Rivero<\/li>\n\n\n\n<li>Ana I. Jim\u00e9nez<\/li>\n<\/ul>\n\n\n\n<p><strong>Repr\u00e9sentants du Conseil social<\/strong><\/p>\n\n\n\n<p>Francisco Almeida Ossa<\/p>\n<\/div><\/div><\/div>\n<\/details>\n<\/div><\/div><\/div>\n\n\n\n<div class=\"wp-block-stackable-column stk-block-column stk-column stk-block stk-63bf34e\" data-v=\"4\" data-block-id=\"63bf34e\"><style>@media screen and (min-width: 768px){.stk-63bf34e {flex:var(--stk-flex-grow, 1) 1 calc(33.333% - var(--stk-column-gap, 0px) * 1 \/ 2 ) !important;}}<\/style><div class=\"stk-column-wrapper stk-block-column__content stk-container stk-63bf34e-container stk--no-background stk--no-padding\"><div class=\"stk-block-content stk-inner-blocks stk-63bf34e-inner-blocks\">\n<p><a class=\"btn-destacado\" href=\"https:\/\/www.ull.es\/elecciones-al-consejo-de-gobierno-2025\/\" target=\"_blank\" rel=\"noopener noreferrer\">\u00c9lections du Conseil des gouverneurs 2025<i class=\"fa fa-arrow-right\"><\/i><\/a><\/p>\n<span data-mce-type=\"bookmark\" style=\"display: inline-block;width: 0px;overflow: hidden;line-height: 0\" class=\"mce_SELRES_start\"><\/span>\n\n\n\n<div class=\"wp-block-stackable-spacer stk-block-spacer stk--no-padding stk-block stk-6a88f85\" data-block-id=\"6a88f85\"><style>.stk-6a88f85 {height:10px !important;}<\/style><\/div>\n\n\n\n<a class=\"btn-destacado\" href=\"https:\/\/riull.ull.es\/xmlui\/bitstream\/handle\/915\/30632\/Acuerdo%205%20d%29%20de%208-11-2022%20del%20Consejo%20de%20Gobierno.pdf\" target=\"_blank\" rel=\"noopener noreferrer\">R\u00e8glement <i class=\"fa fa-arrow-right\"><\/i><\/a>\n\n\n\n<div class=\"wp-block-stackable-spacer stk-block-spacer stk--no-padding stk-block stk-ad843c9\" data-block-id=\"ad843c9\"><style>.stk-ad843c9 {height:20px !important;}<\/style><\/div>\n\n\n\n<a class=\"btn-destacado\" href=\"https:\/\/drive.google.com\/file\/d\/1a9DtLiCXg6HOj14CdlynKCtwONU0Otwp\/view?usp=share_link\" target=\"_blank\" rel=\"noopener noreferrer\">Membres <i class=\"fa fa-arrow-right\"><\/i><\/a>\n\n\n\n<div class=\"wp-block-stackable-spacer stk-block-spacer stk--no-padding stk-block stk-4b88f60\" data-block-id=\"4b88f60\"><style>.stk-4b88f60 {height:20px !important;}<\/style><\/div>\n\n\n\n<a class=\"btn-destacado\" href=\"https:\/\/riull.ull.es\/xmlui\/handle\/915\/8769\" target=\"_blank\" rel=\"noopener noreferrer\">Accords du Conseil des gouverneurs<i class=\"fa fa-arrow-right\"><\/i><\/a>\n\n\n\n<div class=\"wp-block-stackable-spacer stk-block-spacer stk--no-padding stk-block stk-7edf5d4\" data-block-id=\"7edf5d4\"><style>.stk-7edf5d4 {height:20px !important;}<\/style><\/div>\n\n\n\n<a class=\"btn-destacado\" href=\"https:\/\/riull.ull.es\/xmlui\/handle\/915\/41482\" target=\"_blank\" rel=\"noopener\">Proc\u00e9dure<i class=\"fa fa-arrow-right\"><\/i><\/a>\n<\/div><\/div><\/div>\n<\/div><\/div>","protected":false},"excerpt":{"rendered":"<p>Consejo de Gobierno Sesi\u00f3n Ordinaria La pr\u00f3xima sesi\u00f3n ordinaria del Consejo de Gobierno se celebrar\u00e1 de forma telem\u00e1tica, el lunes 27 de abril de 2026 a las 12:00h., en primera convocatoria o, en su caso, media hora m\u00e1s tarde en segunda. Para seguir la sesi\u00f3n de forma virtual deber\u00e1 conectarse a este enlace. Orden del&#8230;<\/p>","protected":false},"author":1,"featured_media":0,"parent":0,"menu_order":0,"comment_status":"closed","ping_status":"closed","template":"templates\/template-100-width.php","meta":{"footnotes":""},"class_list":["post-12375","page","type-page","status-publish","hentry"],"_links":{"self":[{"href":"https:\/\/www.ull.es\/la-universidad\/fr\/wp-json\/wp\/v2\/pages\/12375","targetHints":{"allow":["GET"]}}],"collection":[{"href":"https:\/\/www.ull.es\/la-universidad\/fr\/wp-json\/wp\/v2\/pages"}],"about":[{"href":"https:\/\/www.ull.es\/la-universidad\/fr\/wp-json\/wp\/v2\/types\/page"}],"author":[{"embeddable":true,"href":"https:\/\/www.ull.es\/la-universidad\/fr\/wp-json\/wp\/v2\/users\/1"}],"replies":[{"embeddable":true,"href":"https:\/\/www.ull.es\/la-universidad\/fr\/wp-json\/wp\/v2\/comments?post=12375"}],"version-history":[{"count":342,"href":"https:\/\/www.ull.es\/la-universidad\/fr\/wp-json\/wp\/v2\/pages\/12375\/revisions"}],"predecessor-version":[{"id":18771,"href":"https:\/\/www.ull.es\/la-universidad\/fr\/wp-json\/wp\/v2\/pages\/12375\/revisions\/18771"}],"wp:attachment":[{"href":"https:\/\/www.ull.es\/la-universidad\/fr\/wp-json\/wp\/v2\/media?parent=12375"}],"curies":[{"name":"wp","href":"https:\/\/api.w.org\/{rel}","templated":true}]}}