{"id":11938,"date":"2017-04-26T10:48:16","date_gmt":"2017-04-26T10:48:16","guid":{"rendered":"https:\/\/www.ull.es\/la-universidad\/centro-estudios-universitarios-educacion-diversidad\/"},"modified":"2024-11-28T07:52:54","modified_gmt":"2024-11-28T07:52:54","slug":"centro-estudios-universitarios-educacion-diversidad","status":"publish","type":"centros","link":"https:\/\/www.ull.es\/la-universidad\/facultades-centros-departamentos\/centro-estudios-universitarios-educacion-diversidad\/","title":{"rendered":"Centro de Estudios Universitarios para la Educaci\u00f3n en la Diversidad"},"content":{"rendered":"\n<div class=\"wp-block-stackable-columns stk-block-columns stk-block stk-21c03d3\" data-block-id=\"21c03d3\"><div class=\"stk-row stk-inner-blocks stk-block-content stk-content-align stk-21c03d3-column\">\n<div class=\"wp-block-stackable-column stk-block-column stk-column stk-block stk-cb161e7\" data-v=\"4\" data-block-id=\"cb161e7\"><style>@media screen and (min-width:768px){.stk-cb161e7{flex:var(--stk-flex-grow,1) 1 calc(33.333% - var(--stk-column-gap,0px) * 1 \/ 2 ) !important}}<\/style><div class=\"stk-column-wrapper stk-block-column__content stk-container stk-cb161e7-container stk--no-background stk--no-padding\"><div class=\"stk-block-content stk-inner-blocks stk-cb161e7-inner-blocks\">\n    <img decoding=\"async\" src=\"https:\/\/www.ull.es\/la-universidad\/wp-content\/uploads\/sites\/2\/2018\/05\/imagen-centro-2.jpg\">\n\n<ul class=\"widget-contacto\">\n    <li><i class=\"fa fa-map-marker\"><\/i> C\/ Pedro Zerolo. Facultad de Educaci\u00f3n. M\u00f3dulo B. Apartado 456. C\u00f3digo postal 38200. San Crist\u00f3bal de La Laguna. S\/C de Tenerife<\/li><li><i class=\"fa fa-phone\"><\/i> (+34) 922 31 90 26<\/li><li><i class=\"fa fa-phone\"><\/i> (+34) 922 31 91 26<\/li><li><i class=\"fa fa-envelope\"><\/i>  <a href=mailto:oalegre@ull.es>oalegre@ull.es<\/a><\/li><\/ul>\n\n\n\n\n\n    \n<style>\n    .google-maps {\n        position: relative;\n        padding-bottom: 75%;\n        height: 0;\n        overflow: hidden;\n    }\n    .google-maps iframe {\n        position: absolute;\n        top: 0;\n        left: 0;\n        width: 100% !important;\n        height: 100% !important;\n    }\n<\/style>\n\n\n<div class=\"google-maps\">\n    <iframe src=\"https:\/\/www.openstreetmap.org\/export\/embed.html?bbox=-16.31918817411%2C28.47962704426%2C-16.31304436452%2C28.48543926654&amp;layer=mapnik&amp;marker=28.48381%2C-16.316362\" style=\"border: 1px solid black\"><\/iframe>\n<\/div>\n\n<div class=\"btn-widget\">\n    <a href=\"https:\/\/www.openstreetmap.org\/directions?engine=graphhopper_car&from=&to=28.48381%2C-16.316362#map=17\/28.48381\/-16.316362\">C\u00f3mo llegar<\/a>  \n<\/div>\n\n  <\/body>\n<\/html>\n\n\n<\/div><\/div><\/div>\n\n\n\n<div class=\"wp-block-stackable-column stk-block-column stk-column stk-block stk-857a153\" data-v=\"4\" data-block-id=\"857a153\"><style>@media screen and (min-width:768px){.stk-857a153{flex:var(--stk-flex-grow,1) 1 calc(66.667% - var(--stk-column-gap,0px) * 1 \/ 2 ) !important}}<\/style><div class=\"stk-column-wrapper stk-block-column__content stk-container stk-857a153-container stk--no-background stk--no-padding\"><div class=\"stk-block-content stk-inner-blocks stk-857a153-inner-blocks\">\n\n<h1>Centro de Estudios Universitarios para la Educaci\u00f3n en la Diversidad<\/h1>\n\n\n\n\n\n\n\n\n\n<div class=\"wp-block-stackable-spacer stk-block-spacer stk--no-padding stk-block stk-24a8329\" data-block-id=\"24a8329\"><style>.stk-24a8329{height:35px !important}<\/style><\/div>\n\n\n\n\n<style>\n    .shortcode-equipo h2 {\n        margin-bottom: 10px !important;\n    }\n<\/style>\n\n<div class=\"shortcode-equipo\">\n    <h2>Equipo de direcci\u00f3n<\/h2><dl><dt><strong>Directora<\/strong><\/dt><dd> <a href='https:\/\/www.ull.es\/directorio\/search\/?busqueda=Olga M\u00aa. Alegre De La Rosa' target='_blank'>Olga M\u00aa. Alegre De La Rosa<\/a><\/dd><dt><strong>Secretaria<\/strong><\/dt><dd> <a href='https:\/\/www.ull.es\/directorio\/search\/?busqueda=Nieves Rodr\u00edguez' target='_blank'>Nieves Rodr\u00edguez<\/a><\/dd><\/dl>\n<\/div>\n\n<\/div><\/div><\/div>\n<\/div><\/div>\n","protected":false},"featured_media":12942,"parent":0,"menu_order":0,"template":"","tags":[83],"class_list":["post-11938","centros","type-centros","status-publish","has-post-thumbnail","hentry","tag-centros-de-estudios","taxonomia_centro_universitario-centros-de-estudios"],"_links":{"self":[{"href":"https:\/\/www.ull.es\/la-universidad\/wp-json\/wp\/v2\/centros\/11938","targetHints":{"allow":["GET"]}}],"collection":[{"href":"https:\/\/www.ull.es\/la-universidad\/wp-json\/wp\/v2\/centros"}],"about":[{"href":"https:\/\/www.ull.es\/la-universidad\/wp-json\/wp\/v2\/types\/centros"}],"version-history":[{"count":3,"href":"https:\/\/www.ull.es\/la-universidad\/wp-json\/wp\/v2\/centros\/11938\/revisions"}],"predecessor-version":[{"id":16687,"href":"https:\/\/www.ull.es\/la-universidad\/wp-json\/wp\/v2\/centros\/11938\/revisions\/16687"}],"wp:featuredmedia":[{"embeddable":true,"href":"https:\/\/www.ull.es\/la-universidad\/wp-json\/wp\/v2\/media\/12942"}],"wp:attachment":[{"href":"https:\/\/www.ull.es\/la-universidad\/wp-json\/wp\/v2\/media?parent=11938"}],"wp:term":[{"taxonomy":"post_tag","embeddable":true,"href":"https:\/\/www.ull.es\/la-universidad\/wp-json\/wp\/v2\/tags?post=11938"}],"curies":[{"name":"wp","href":"https:\/\/api.w.org\/{rel}","templated":true}]}}