{"version":"1.0","provider_name":"Master&#039;s Degree in Advanced Pedagogical Studies","provider_url":"https:\/\/www.ull.es\/masteres\/estudios-pedagogicos-avanzados\/en","author_name":"admin_wp","author_url":"https:\/\/www.ull.es\/masteres\/estudios-pedagogicos-avanzados\/en\/author\/admin_wp\/","title":"Justificaci\u00f3n del t\u00edtulo - M\u00e1ster Universitario en Estudios Pedag\u00f3gicos Avanzados","type":"rich","width":600,"height":338,"html":"<blockquote class=\"wp-embedded-content\" data-secret=\"W5XVFNAvuh\"><a href=\"https:\/\/www.ull.es\/masteres\/estudios-pedagogicos-avanzados\/en\/justificacion-del-titulo\/\">Justification of the title<\/a><\/blockquote><iframe sandbox=\"allow-scripts\" security=\"restricted\" src=\"https:\/\/www.ull.es\/masteres\/estudios-pedagogicos-avanzados\/en\/justificacion-del-titulo\/embed\/#?secret=W5XVFNAvuh\" width=\"600\" height=\"338\" title=\"\u201cTitle Justification\u201d \u2014 Master&#039;s Degree in Advanced Pedagogical Studies\" data-secret=\"W5XVFNAvuh\" frameborder=\"0\" marginwidth=\"0\" marginheight=\"0\" scrolling=\"no\" class=\"wp-embedded-content\"><\/iframe><script type=\"text\/javascript\">\n\/* <![CDATA[ *\/\n\/*! This file is auto-generated *\/\n!function(d,l){\"use strict\";l.querySelector&&d.addEventListener&&\"undefined\"!=typeof URL&&(d.wp=d.wp||{},d.wp.receiveEmbedMessage||(d.wp.receiveEmbedMessage=function(e){var t=e.data;if((t||t.secret||t.message||t.value)&&!\/[^a-zA-Z0-9]\/.test(t.secret)){for(var s,r,n,a=l.querySelectorAll('iframe[data-secret=\"'+t.secret+'\"]'),o=l.querySelectorAll('blockquote[data-secret=\"'+t.secret+'\"]'),c=new RegExp(\"^https?:$\",\"i\"),i=0;i<o.length;i++)o[i].style.display=\"none\";for(i=0;i<a.length;i++)s=a[i],e.source===s.contentWindow&&(s.removeAttribute(\"style\"),\"height\"===t.message?(1e3<(r=parseInt(t.value,10))?r=1e3:~~r<200&&(r=200),s.height=r):\"link\"===t.message&&(r=new URL(s.getAttribute(\"src\")),n=new URL(t.value),c.test(n.protocol))&&n.host===r.host&&l.activeElement===s&&(d.top.location.href=t.value))}},d.addEventListener(\"message\",d.wp.receiveEmbedMessage,!1),l.addEventListener(\"DOMContentLoaded\",function(){for(var e,t,s=l.querySelectorAll(\"iframe.wp-embedded-content\"),r=0;r<s.length;r++)(t=(e=s[r]).getAttribute(\"data-secret\"))||(t=Math.random().toString(36).substring(2,12),e.src+=\"#?secret=\"+t,e.setAttribute(\"data-secret\",t)),e.contentWindow.postMessage({message:\"ready\",secret:t},\"*\")},!1)))}(window,document);\n\/* ]]> *\/\n<\/script>","description":"[vc_row][vc_column][vc_column_text] Justificaci\u00f3n del t\u00edtulo Objeto y alcance: Este m\u00e1ster pretende proporcionar al alumnado que lo curse una formaci\u00f3n avanzada de car\u00e1cter especializado que promueva el conocimiento para comprender el fen\u00f3meno \u201ceducaci\u00f3n\u201d, m\u00e1s all\u00e1 de los campos concretos de aplicaci\u00f3n, y favorezca las capacidades y competencias que permitan formar especialistas en an\u00e1lisis y gesti\u00f3n de problemas..."}