{"id":275,"date":"2017-07-11T13:24:24","date_gmt":"2017-07-11T13:24:24","guid":{"rendered":"http:\/\/www.ull.es\/masteres\/desarrollo-y-gestion-de-recursos-humanos\/?page_id=275"},"modified":"2018-05-11T13:46:44","modified_gmt":"2018-05-11T13:46:44","slug":"movilidad","status":"publish","type":"page","link":"https:\/\/www.ull.es\/masteres\/necesidades-especificas-apoyo-educativo\/informacion-academica\/movilidad\/","title":{"rendered":"Movilidad"},"content":{"rendered":"<p>[vc_row][vc_column][vc_column_text]<\/p>\n<h1>Movilidad<\/h1>\n<p>[\/vc_column_text][vc_column_text]<\/p>\n<p style=\"background: white; margin: 0cm 0cm 10.15pt 0cm;\"><span style=\"font-family: 'Arial',sans-serif; color: #3d3d3d;\">Se emplear\u00e1n los recursos de planificaci\u00f3n y gesti\u00f3n de movilidad facilitados por la propia Universidad de La Laguna.<\/span><\/p>\n<p style=\"margin: 0cm; margin-bottom: .0001pt; background: white;\"><span style=\"font-family: 'Arial',sans-serif; color: #3d3d3d;\">Puede consultar m\u00e1s informaci\u00f3n sobre ayudas de movilidad para alumnos en m\u00e1ster universitario en este\u00a0<\/span><a href=\"https:\/\/www.ull.es\/portal\/convocatorias\/categorias\/internacional\/\" target=\"_blank\" rel=\"noopener\" target=\"_blank\" rel=\"noopener\"><span style=\"font-family: 'Arial',sans-serif;\">enlace<\/span><\/a><span style=\"font-family: 'Arial',sans-serif;\">. <\/span><\/p>\n<p style=\"margin: 0cm; margin-bottom: .0001pt; background: white;\"><span style=\"font-family: 'Arial',sans-serif; color: #3d3d3d;\">Adem\u00e1s, puede consultar\u00a0<\/span><a href=\"http:\/\/www.mecd.gob.es\/servicios-al-ciudadano-mecd\/catalogo\/educacion\/estudiantes\/becas-ayudas\/movilidad.html\" target=\"_blank\" rel=\"noopener\" target=\"_blank\" rel=\"noopener\"><span style=\"font-family: 'Arial',sans-serif; color: #006699;\">aqu\u00ed<\/span><\/a><span style=\"font-family: 'Arial',sans-serif; color: #3d3d3d;\">\u00a0la informaci\u00f3n de las becas del Ministerio de Educaci\u00f3n.<\/span><\/p>\n<p>[\/vc_column_text][\/vc_column][\/vc_row]<\/p>\n","protected":false},"excerpt":{"rendered":"<p>[vc_row][vc_column][vc_column_text] Movilidad [\/vc_column_text][vc_column_text] Se emplear\u00e1n los recursos de planificaci\u00f3n y gesti\u00f3n de movilidad facilitados por la propia Universidad de La Laguna. Puede consultar m\u00e1s informaci\u00f3n sobre ayudas de movilidad para alumnos en m\u00e1ster universitario en este\u00a0enlace. Adem\u00e1s, puede consultar\u00a0aqu\u00ed\u00a0la informaci\u00f3n de las becas del Ministerio de Educaci\u00f3n. [\/vc_column_text][\/vc_column][\/vc_row]<\/p>\n","protected":false},"author":1,"featured_media":0,"parent":252,"menu_order":8,"comment_status":"closed","ping_status":"closed","template":"","meta":{"footnotes":""},"class_list":["post-275","page","type-page","status-publish","hentry"],"yoast_head":"<!-- This site is optimized with the Yoast SEO plugin v27.4 - https:\/\/yoast.com\/product\/yoast-seo-wordpress\/ -->\n<title>Movilidad - M\u00e1ster Universitario en Necesidades Espec\u00edficas de Apoyo Educativo<\/title>\n<meta name=\"robots\" content=\"index, follow, max-snippet:-1, max-image-preview:large, max-video-preview:-1\" \/>\n<link rel=\"canonical\" href=\"https:\/\/www.ull.es\/masteres\/necesidades-especificas-apoyo-educativo\/informacion-academica\/movilidad\/\" \/>\n<meta property=\"og:locale\" content=\"es_ES\" \/>\n<meta property=\"og:type\" content=\"article\" \/>\n<meta property=\"og:title\" content=\"Movilidad - M\u00e1ster Universitario en Necesidades Espec\u00edficas de Apoyo Educativo\" \/>\n<meta property=\"og:description\" content=\"[vc_row][vc_column][vc_column_text] Movilidad [\/vc_column_text][vc_column_text] Se emplear\u00e1n los recursos de planificaci\u00f3n y gesti\u00f3n de movilidad facilitados por la propia Universidad de La Laguna. Puede consultar m\u00e1s informaci\u00f3n sobre ayudas de movilidad para alumnos en m\u00e1ster universitario en este\u00a0enlace. Adem\u00e1s, puede consultar\u00a0aqu\u00ed\u00a0la informaci\u00f3n de las becas del Ministerio de Educaci\u00f3n. [\/vc_column_text][\/vc_column][\/vc_row]\" \/>\n<meta property=\"og:url\" content=\"https:\/\/www.ull.es\/masteres\/necesidades-especificas-apoyo-educativo\/informacion-academica\/movilidad\/\" \/>\n<meta property=\"og:site_name\" content=\"M\u00e1ster Universitario en Necesidades Espec\u00edficas de Apoyo Educativo\" \/>\n<meta property=\"article:modified_time\" content=\"2018-05-11T13:46:44+00:00\" \/>\n<meta name=\"twitter:card\" content=\"summary_large_image\" \/>\n<script type=\"application\/ld+json\" class=\"yoast-schema-graph\">{\"@context\":\"https:\\\/\\\/schema.org\",\"@graph\":[{\"@type\":\"WebPage\",\"@id\":\"https:\\\/\\\/www.ull.es\\\/masteres\\\/necesidades-especificas-apoyo-educativo\\\/informacion-academica\\\/movilidad\\\/\",\"url\":\"https:\\\/\\\/www.ull.es\\\/masteres\\\/necesidades-especificas-apoyo-educativo\\\/informacion-academica\\\/movilidad\\\/\",\"name\":\"Movilidad - M\u00e1ster Universitario en Necesidades Espec\u00edficas de Apoyo Educativo\",\"isPartOf\":{\"@id\":\"https:\\\/\\\/www.ull.es\\\/masteres\\\/necesidades-especificas-apoyo-educativo\\\/#website\"},\"datePublished\":\"2017-07-11T13:24:24+00:00\",\"dateModified\":\"2018-05-11T13:46:44+00:00\",\"breadcrumb\":{\"@id\":\"https:\\\/\\\/www.ull.es\\\/masteres\\\/necesidades-especificas-apoyo-educativo\\\/informacion-academica\\\/movilidad\\\/#breadcrumb\"},\"inLanguage\":\"es\",\"potentialAction\":[{\"@type\":\"ReadAction\",\"target\":[\"https:\\\/\\\/www.ull.es\\\/masteres\\\/necesidades-especificas-apoyo-educativo\\\/informacion-academica\\\/movilidad\\\/\"]}]},{\"@type\":\"BreadcrumbList\",\"@id\":\"https:\\\/\\\/www.ull.es\\\/masteres\\\/necesidades-especificas-apoyo-educativo\\\/informacion-academica\\\/movilidad\\\/#breadcrumb\",\"itemListElement\":[{\"@type\":\"ListItem\",\"position\":1,\"name\":\"Portada\",\"item\":\"https:\\\/\\\/www.ull.es\\\/masteres\\\/necesidades-especificas-apoyo-educativo\\\/\"},{\"@type\":\"ListItem\",\"position\":2,\"name\":\"Informaci\u00f3n Acad\u00e9mica\",\"item\":\"https:\\\/\\\/www.ull.es\\\/masteres\\\/necesidades-especificas-apoyo-educativo\\\/informacion-academica\\\/\"},{\"@type\":\"ListItem\",\"position\":3,\"name\":\"Movilidad\"}]},{\"@type\":\"WebSite\",\"@id\":\"https:\\\/\\\/www.ull.es\\\/masteres\\\/necesidades-especificas-apoyo-educativo\\\/#website\",\"url\":\"https:\\\/\\\/www.ull.es\\\/masteres\\\/necesidades-especificas-apoyo-educativo\\\/\",\"name\":\"M\u00e1ster Universitario en Necesidades Espec\u00edficas de Apoyo Educativo\",\"description\":\"\",\"potentialAction\":[{\"@type\":\"SearchAction\",\"target\":{\"@type\":\"EntryPoint\",\"urlTemplate\":\"https:\\\/\\\/www.ull.es\\\/masteres\\\/necesidades-especificas-apoyo-educativo\\\/?s={search_term_string}\"},\"query-input\":{\"@type\":\"PropertyValueSpecification\",\"valueRequired\":true,\"valueName\":\"search_term_string\"}}],\"inLanguage\":\"es\"}]}<\/script>\n<!-- \/ Yoast SEO plugin. -->","yoast_head_json":{"title":"Movilidad - M\u00e1ster Universitario en Necesidades Espec\u00edficas de Apoyo Educativo","robots":{"index":"index","follow":"follow","max-snippet":"max-snippet:-1","max-image-preview":"max-image-preview:large","max-video-preview":"max-video-preview:-1"},"canonical":"https:\/\/www.ull.es\/masteres\/necesidades-especificas-apoyo-educativo\/informacion-academica\/movilidad\/","og_locale":"es_ES","og_type":"article","og_title":"Movilidad - M\u00e1ster Universitario en Necesidades Espec\u00edficas de Apoyo Educativo","og_description":"[vc_row][vc_column][vc_column_text] Movilidad [\/vc_column_text][vc_column_text] Se emplear\u00e1n los recursos de planificaci\u00f3n y gesti\u00f3n de movilidad facilitados por la propia Universidad de La Laguna. Puede consultar m\u00e1s informaci\u00f3n sobre ayudas de movilidad para alumnos en m\u00e1ster universitario en este\u00a0enlace. Adem\u00e1s, puede consultar\u00a0aqu\u00ed\u00a0la informaci\u00f3n de las becas del Ministerio de Educaci\u00f3n. [\/vc_column_text][\/vc_column][\/vc_row]","og_url":"https:\/\/www.ull.es\/masteres\/necesidades-especificas-apoyo-educativo\/informacion-academica\/movilidad\/","og_site_name":"M\u00e1ster Universitario en Necesidades Espec\u00edficas de Apoyo Educativo","article_modified_time":"2018-05-11T13:46:44+00:00","twitter_card":"summary_large_image","schema":{"@context":"https:\/\/schema.org","@graph":[{"@type":"WebPage","@id":"https:\/\/www.ull.es\/masteres\/necesidades-especificas-apoyo-educativo\/informacion-academica\/movilidad\/","url":"https:\/\/www.ull.es\/masteres\/necesidades-especificas-apoyo-educativo\/informacion-academica\/movilidad\/","name":"Movilidad - M\u00e1ster Universitario en Necesidades Espec\u00edficas de Apoyo Educativo","isPartOf":{"@id":"https:\/\/www.ull.es\/masteres\/necesidades-especificas-apoyo-educativo\/#website"},"datePublished":"2017-07-11T13:24:24+00:00","dateModified":"2018-05-11T13:46:44+00:00","breadcrumb":{"@id":"https:\/\/www.ull.es\/masteres\/necesidades-especificas-apoyo-educativo\/informacion-academica\/movilidad\/#breadcrumb"},"inLanguage":"es","potentialAction":[{"@type":"ReadAction","target":["https:\/\/www.ull.es\/masteres\/necesidades-especificas-apoyo-educativo\/informacion-academica\/movilidad\/"]}]},{"@type":"BreadcrumbList","@id":"https:\/\/www.ull.es\/masteres\/necesidades-especificas-apoyo-educativo\/informacion-academica\/movilidad\/#breadcrumb","itemListElement":[{"@type":"ListItem","position":1,"name":"Portada","item":"https:\/\/www.ull.es\/masteres\/necesidades-especificas-apoyo-educativo\/"},{"@type":"ListItem","position":2,"name":"Informaci\u00f3n Acad\u00e9mica","item":"https:\/\/www.ull.es\/masteres\/necesidades-especificas-apoyo-educativo\/informacion-academica\/"},{"@type":"ListItem","position":3,"name":"Movilidad"}]},{"@type":"WebSite","@id":"https:\/\/www.ull.es\/masteres\/necesidades-especificas-apoyo-educativo\/#website","url":"https:\/\/www.ull.es\/masteres\/necesidades-especificas-apoyo-educativo\/","name":"M\u00e1ster Universitario en Necesidades Espec\u00edficas de Apoyo Educativo","description":"","potentialAction":[{"@type":"SearchAction","target":{"@type":"EntryPoint","urlTemplate":"https:\/\/www.ull.es\/masteres\/necesidades-especificas-apoyo-educativo\/?s={search_term_string}"},"query-input":{"@type":"PropertyValueSpecification","valueRequired":true,"valueName":"search_term_string"}}],"inLanguage":"es"}]}},"_links":{"self":[{"href":"https:\/\/www.ull.es\/masteres\/necesidades-especificas-apoyo-educativo\/wp-json\/wp\/v2\/pages\/275","targetHints":{"allow":["GET"]}}],"collection":[{"href":"https:\/\/www.ull.es\/masteres\/necesidades-especificas-apoyo-educativo\/wp-json\/wp\/v2\/pages"}],"about":[{"href":"https:\/\/www.ull.es\/masteres\/necesidades-especificas-apoyo-educativo\/wp-json\/wp\/v2\/types\/page"}],"author":[{"embeddable":true,"href":"https:\/\/www.ull.es\/masteres\/necesidades-especificas-apoyo-educativo\/wp-json\/wp\/v2\/users\/1"}],"replies":[{"embeddable":true,"href":"https:\/\/www.ull.es\/masteres\/necesidades-especificas-apoyo-educativo\/wp-json\/wp\/v2\/comments?post=275"}],"version-history":[{"count":4,"href":"https:\/\/www.ull.es\/masteres\/necesidades-especificas-apoyo-educativo\/wp-json\/wp\/v2\/pages\/275\/revisions"}],"predecessor-version":[{"id":608,"href":"https:\/\/www.ull.es\/masteres\/necesidades-especificas-apoyo-educativo\/wp-json\/wp\/v2\/pages\/275\/revisions\/608"}],"up":[{"embeddable":true,"href":"https:\/\/www.ull.es\/masteres\/necesidades-especificas-apoyo-educativo\/wp-json\/wp\/v2\/pages\/252"}],"wp:attachment":[{"href":"https:\/\/www.ull.es\/masteres\/necesidades-especificas-apoyo-educativo\/wp-json\/wp\/v2\/media?parent=275"}],"curies":[{"name":"wp","href":"https:\/\/api.w.org\/{rel}","templated":true}]}}