{"id":389,"date":"2017-10-03T08:16:25","date_gmt":"2017-10-03T08:16:25","guid":{"rendered":"https:\/\/www.ull.es\/portal\/225aniversario\/?page_id=389"},"modified":"2017-12-13T16:44:44","modified_gmt":"2017-12-13T16:44:44","slug":"antonio-gonzalez","status":"publish","type":"page","link":"https:\/\/www.ull.es\/portal\/225aniversario\/antonio-gonzalez\/","title":{"rendered":"Antonio Gonz\u00e1lez"},"content":{"rendered":"<p>[vc_row][vc_column][vc_single_image image=\u00bb405&#8243; img_size=\u00bbfull\u00bb alignment=\u00bbcenter\u00bb css=\u00bb.vc_custom_1507023576381{margin-bottom: 25px !important;}\u00bb][vc_tta_tabs style=\u00bbmodern\u00bb spacing=\u00bb5&#8243; alignment=\u00bbcenter\u00bb active_section=\u00bb1&#8243; no_fill_content_area=\u00bbtrue\u00bb][vc_tta_section title=\u00bbPresentaci\u00f3n\u00bb tab_id=\u00bbpresentacion\u00bb][vc_column_text]<img decoding=\"async\" loading=\"lazy\" class=\"alignleft size-full wp-image-393\" style=\"margin-top: 0px;margin-right: 30px\" src=\"https:\/\/www.ull.es\/portal\/225aniversario\/wp-content\/uploads\/sites\/17\/2017\/10\/retrato-a-glez.jpg\" alt=\"\" width=\"200\" height=\"290\" \/>El 27 de octubre de 2017 se cumplen los cien a\u00f1os del nacimiento en Los Realejos (Tenerife) del Prof. Dr. D. Antonio Gonz\u00e1lez Gonz\u00e1lez, el qu\u00edmico espa\u00f1ol m\u00e1s importante de la segunda mitad del siglo XX y el \u00fanico canario que ha recibido el Premio Pr\u00edncipe de Asturias de Investigaci\u00f3n Cient\u00edfica y T\u00e9cnica, en 1986.<\/p>\n<p>A iniciativa de la Real Academia Canaria de Ciencias, diferentes instituciones y colectivos sociales y culturales canarios han constituido una comisi\u00f3n organizadora para celebrar esta efem\u00e9ride con el realce que este sabio se merece, de modo que su figura y su obra perduren en la memoria de todos los canarios y, muy especialmente, en los j\u00f3venes. Para ello se han preparado un conjunto de actividades, entre otras: la realizaci\u00f3n de una exposici\u00f3n itinerante y la impartici\u00f3n de charlas y conferencias divulgativas en todo el Archipi\u00e9lago, as\u00ed como la elaboraci\u00f3n de un c\u00f3mic y la edici\u00f3n de un libro biogr\u00e1fico sobre su vida y obra, adem\u00e1s de un documental. Porque D. Antonio \u2013como cari\u00f1osa y respetuosamente se le llamaba\u2013 es una figura que traspasa nuestras fronteras insulares y nacionales para convertirse en un cient\u00edfico universal.<\/p>\n<p>El comienzo de sus estudios (1934) fue duro, con una Universidad lagunera medio en ruinas. Debido a las escasas dotaciones econ\u00f3micas universitarias y sin el apoyo pol\u00edtico adecuado, todos estos inconvenientes los super\u00f3 siendo un estudiante extraordinario.<\/p>\n<p>Ya en la d\u00e9cada siguiente a su llegada como Catedr\u00e1tico de Qu\u00edmica Org\u00e1nica y Bioqu\u00edmica de la Universidad de La Laguna (1946), despu\u00e9s de doctorarse en Madrid, se hizo con una fama de profesor serio, inteligente y perseverante. Adem\u00e1s convenci\u00f3 a unos j\u00f3venes con la carrera reci\u00e9n acabada para que le acompa\u00f1aran en la <strong>aventura de<\/strong> <strong>investigar<\/strong> y empez\u00f3 a recibir apoyos de instituciones insulares y estatales.<\/p>\n<p>En una \u00e9poca de penuria, despu\u00e9s de la guerra civil, y aunque no era habitual en la universidad espa\u00f1ola, tuvo la valent\u00eda de marchar al Reino Unido a perfeccionar sus conocimientos en la Universidad de Cambridge en 1949, lo que le permiti\u00f3 establecer contactos y forjar amistades con un grupo de qu\u00edmicos europeos muy relevantes y prestigiosos. Inculc\u00f3 estas ideas a sus estudiantes, les insist\u00eda, les animaba y hasta les buscaba ayudas econ\u00f3micas, para que efectuaran estancias post-doctorales en las mejores Universidades del mundo.<\/p>\n<p>Coloc\u00f3 a Canarias en el mapa de la investigaci\u00f3n cient\u00edfica. Ciertamente, logr\u00f3 que las Islas Canarias fueran conocidas en el mundo por la investigaci\u00f3n de los denominados Productos Naturales Org\u00e1nicos (PN). Estas sustancias fueron obtenidas de plantas del Archipi\u00e9lago, de sus algas, l\u00edquenes, microorganismos y cultivos <em>in vitro<\/em>. Posteriormente se trabaj\u00f3 con plantas de todo el mundo. Los Productos Naturales aislados se someten al an\u00e1lisis de sus actividades biol\u00f3gicas y se sintetizan en los laboratorios aquellos que son escasos en la naturaleza. A todo ello hay que a\u00f1adir la investigaci\u00f3n en Qu\u00edmica Org\u00e1nica general y la docencia universitaria en La Laguna, y cursos en diferentes universidades de Iberoam\u00e9rica.<\/p>\n<p>Las aportaciones cient\u00edficas de D. Antonio, desde 1946 hasta el momento de su fallecimiento en 2002, apoyaron las teor\u00edas sobre la naturaleza qu\u00edmica de las sustancias naturales y sus aspectos biosint\u00e9ticos, con contribuciones que se contin\u00faan realizando desde algunos grupos de investigaci\u00f3n. Asimismo, son de gran importancia sus trabajos en la s\u00edntesis de Productos Naturales, sus derivados y sus usos como medicamentos.<\/p>\n<p>Durante su vida tuvo una relevante labor de ayuda a los pa\u00edses de Am\u00e9rica del Sur, Central y Caribe, siendo muy amplio el n\u00famero de doctores y profesores de estos pa\u00edses formados en la Universidad de La Laguna. Adem\u00e1s, hay que subrayar la estrecha colaboraci\u00f3n que alcanz\u00f3 con muchos pa\u00edses de Europa. Tambi\u00e9n, al final de su etapa profesional, acogi\u00f3 a estudiantes de varios pa\u00edses africanos. Fruto de todo ello, fue la aparici\u00f3n de decenas de profesionales con una excelente formaci\u00f3n, que ocuparon a su regreso c\u00e1tedras en muchas universidades y puestos de trabajo en laboratorios e industrias a lo largo del mundo.<\/p>\n<p>Viajar para mantener un contacto l\u00facido y colaborar con los compa\u00f1eros peninsulares, europeos y americanos fue una constante en su vida que requiri\u00f3 sacrificios econ\u00f3micos, personales y contar con la comprensi\u00f3n y complicidad de su esposa Maruxa, que siempre le brind\u00f3 su apoyo incondicional.<\/p>\n<p>Fund\u00f3 hace m\u00e1s de 60 a\u00f1os su grupo de investigaci\u00f3n gracias a la ayuda inestimable del Cabildo Insular de Tenerife y de otras instituciones. A\u00f1os m\u00e1s tarde se cre\u00f3 un centro de investigaci\u00f3n, hoy<em> Instituto Universitario de Bio-Org\u00e1nica Antonio Gonz\u00e1lez, <\/em>de la ULL, centro puntero, toda una referencia mundial en este campo. En vida, realiz\u00f3 alrededor de 700 publicaciones cient\u00edficas, se defendieron m\u00e1s de un centenar de Tesis Doctorales, se obtuvieron decenas de patentes y, despu\u00e9s de su p\u00e9rdida en 2002, sus disc\u00edpulos ya han superado las 800 publicaciones.<\/p>\n<p>En su etapa como Rector (1963-1968), se aument\u00f3 notablemente la oferta de estudios universitarios con la creaci\u00f3n de las nuevas facultades de Ciencias Biol\u00f3gicas, Farmacia, Medicina, Matem\u00e1ticas, Filolog\u00eda Moderna, Historia, etc. De igual manera fue decisiva su ayuda para la creaci\u00f3n del Instituto Astrof\u00edsico de Canarias (IAC) y del Instituto Oceanogr\u00e1fico de Canarias.<\/p>\n<p>No queremos olvidar tambi\u00e9n su preocupaci\u00f3n por los otros niveles de la ense\u00f1anza. En su \u00e9poca se multiplic\u00f3 la creaci\u00f3n de Institutos de Formaci\u00f3n Profesional y Ense\u00f1anza Media y Escuelas de Primaria, constituyendo el antecedente de la actual red de centros de ense\u00f1anza primaria y secundaria de nuestro Archipi\u00e9lago.<\/p>\n<p>Es responsabilidad de sus continuadores cient\u00edficos mantener y acrecentar su legado. Es responsabilidad de nuestra sociedad mantener su memoria, ya que un l\u00edder cient\u00edfico de su trayectoria, incansable al desaliento y con un continuo aprender de las fuentes m\u00e1s importantes, ha de servir de ejemplo para las nuevas generaciones.<\/p>\n<p><strong>\u00c1ngel Guti\u00e9rrez Ravelo<\/strong><\/p>\n<p>Presidente de la Comisi\u00f3n Organizadora[\/vc_column_text][\/vc_tta_section][vc_tta_section title=\u00bbPrograma de Actividades\u00bb tab_id=\u00bbactividades\u00bb][vc_column_text]Los actos se desarrollar\u00e1n en los a\u00f1os 2017 y 2018, fundamentalmente, entre el 27 de octubre de 2017 y el 27 de octubre de 2018.<\/p>\n<h4><span style=\"color: #7a3b7a\"><strong>XXI Semana cient\u00edfica Antonio Gonz\u00e1lez Gonz\u00e1lez de 2017<\/strong><\/span><\/h4>\n<p>Se desarrollar\u00e1 entre los d\u00edas 24 y 27 de octubre de 2017. Ya se tiene el programa detallado con las conferencias, que ser\u00e1n impartidas por seis investigadores espa\u00f1oles de reconocido prestigio en el campo de la Qu\u00edmica Org\u00e1nica.<\/p>\n<h4><span style=\"color: #7a3b7a\"><strong>Acto Institucional<\/strong><\/span><\/h4>\n<p>La clausura de la XXI Semana coincidir\u00e1 con el Acto Institucional que se celebrar\u00e1 el d\u00eda 27 de octubre de 2017, a partir de las 11:00 horas en el Paraninfo de la Universidad de La Laguna. Se espera contar con la presencia del Presidente de la Real Academia de Ciencias Exactas, F\u00edsicas y Naturales de Espa\u00f1a, que impartir\u00e1 la conferencia central.<\/p>\n<p>Antes, a las 10:00, se har\u00e1 un ofrenda floral en los jardines del <em>Campus Central <\/em>de la Universidad de La Laguna, junto al busto dedicado al Prof. Antonio Gonz\u00e1lez Gonz\u00e1lez.<\/p>\n<h4><span style=\"color: #7a3b7a\"><strong>C\u00f3mic<\/strong><\/span><\/h4>\n<p>Se elaborar\u00e1 un c\u00f3mic sobre la vida y obra del Prof. A. Gonz\u00e1lez para, de una forma atractiva pero sin perder el debido rigor, llegar m\u00e1s directamente a nuestros j\u00f3venes. Se pretende presentarlo antes del acto del d\u00eda 27 de octubre de 2017, probablemente el 24. A continuaci\u00f3n comenzar\u00e1 su difusi\u00f3n dentro y fuera de Canarias.<\/p>\n<h4><span style=\"color: #7a3b7a\"><strong>Plan de conferencias y talleres en centros educativos<\/strong><\/span><\/h4>\n<p>Se dispone ya de un amplio equipo de personas dispuestas para desarrollar conferencias y talleres, a lo largo del curso 2017-18, especialmente en los centros educativos de Canarias. Para tal fin, en su momento se enviar\u00e1 una carta a los centros educativos a fin de que lo soliciten \u2013 cumplimentando el formulario que se ha confeccionado \u2013 y elaborar as\u00ed el plan de actuaci\u00f3n. Se pretende desarrollar esta actividad en todas las islas.<\/p>\n<h4><span style=\"color: #7a3b7a\"><strong>Charlas en otros \u00e1mbitos<\/strong><\/span><\/h4>\n<p>Se ha contactado con el CSIC (Consejo Superior de Investigaciones Cient\u00edficas) y ha mostrado inter\u00e9s por impartir una conferencia en su sede de Madrid a cargo de del Prof. Dr. D. \u00c1ngel Guti\u00e9rrez Ravelo, disc\u00edpulo del Prof. A. Gonz\u00e1lez. Asimismo, el Presidente de la Comisi\u00f3n se comunicar\u00e1 con investigadores de universidades de los lugares que se indican a continuaci\u00f3n, con el fin de realizar conferencias en torno a la vida y obra de Don Antonio:<\/p>\n<ul>\n<li><em>Universidades de Las Palmas de Gran Canaria<\/em>, Departamento de Qu\u00edmica, D. Jorge Triana M\u00e9ndez y\/o D. Jos\u00e9 Luis Eiroa Mart\u00ednez.<\/li>\n<li><em>Universidad de Oviedo<\/em>, Departamento de Qu\u00edmica Org\u00e1nica e Inorg\u00e1nica, D. Vicente Gotor Santamar\u00eda.<\/li>\n<li><em>Universidad de Alicante<\/em>, Departamento de Qu\u00edmica Org\u00e1nica, D. Miguel Yus Astiz.<\/li>\n<li><em>Universidad de Salamanca<\/em>, Departamento de Qu\u00edmica Farmac\u00e9utica y Org\u00e1nica D. Jos\u00e9 Mar\u00eda Miguel del Corral.<\/li>\n<li><em>Universidad de Granada<\/em>, Departamento de Qu\u00edmica Org\u00e1nica, D. Alejandro Fern\u00e1ndez Barrero.<\/li>\n<li><em>Universidad de C\u00e1diz<\/em>, Departamento de Qu\u00edmica Org\u00e1nica, D. Isidro Gonz\u00e1lez Collado.<\/li>\n<li><em>Universidad de Santiago de Compostela<\/em>, Departamento de Qu\u00edmica Org\u00e1nica, D. Luis Castedo Exp\u00f3sito.<\/li>\n<\/ul>\n<h4><span style=\"color: #7a3b7a\"><strong>Libro de bolsillo sobre el Prof. A. Gonz\u00e1lez<\/strong><\/span><\/h4>\n<p>La editorial <em>El Drago, <\/em>con el patrocinio del Excmo. Ayuntamiento de La Laguna, ha editado el libro <em>\u201cAntonio Gonz\u00e1lez: el triunfo de la voluntad\u201d<\/em>. Los autores de esta biograf\u00eda, los profesores Juan Ram\u00f3n Herrera Arteaga y \u00c1lvaro D\u00edaz Torres, son disc\u00edpulos del Prof. Antonio Gonz\u00e1lez y, por tanto, conocedores directos de su persona, obra y legado. Con un lenguaje sencillo y de una forma amena, pero con rigor y fieles a las fuentes originales, los autores han escrito un libro con un logrado contenido cient\u00edfico-divulgativo de los aspectos fundamentales de la vida de nuestro insigne investigador. Tambi\u00e9n han sabido plasmar perfectamente la dimensi\u00f3n humana y el compromiso social y pol\u00edtico del personaje con la sociedad canaria. Ser\u00e1 presentado en la Sala de Actos del Excmo. Ayuntamiento de La Laguna, seguramente el 23 de enero de 2018.<\/p>\n<h4><span style=\"color: #7a3b7a\"><strong>Sello de Correos<\/strong><\/span><\/h4>\n<p>Se est\u00e1n realizando gestiones para solicitar a la FNMT la emisi\u00f3n un sello conmemorativo en la programaci\u00f3n de 2017. Se han solicitado adhesiones a numerosas instituciones que han respondido de forma positiva.<\/p>\n<h4><span style=\"color: #7a3b7a\"><strong>Actos en Chile y otros pa\u00edses iberoamericanos<\/strong><\/span><\/h4>\n<p>El Presidente de la Comisi\u00f3n informa que ya se est\u00e1n dando los primeros pasos para organizar un Acto Institucional a desarrollar en la sede de la Universidad Nacional en Santiago de Chile.\u00a0\u00a0 El Comit\u00e9 organizador estar\u00e1 presidido por el Prof. D. Julio Alarc\u00f3n, de la Universidad del B\u00edo B\u00edo, de Concepci\u00f3n. Por otra parte, se ha conectado con profesores de otros pa\u00edses para organizar conferencias en torno a la obra cient\u00edfica y humana de Don Antonio en cada uno de ellos. Se cuenta, de momento, con:<\/p>\n<ul>\n<li><em>Universidad Nacional de Asunci\u00f3n, Paraguay<\/em>: D. Esteban Ferro Berttoloto, Facultad de Ciencias.<\/li>\n<li><em>Universidad de Buenos Aires, Argentina<\/em>: D\u00aa Rosana Missico, Facultad de Ciencias.<\/li>\n<li><em>Universidad Nacional de C\u00f3rdoba, Argentina<\/em>: D. Juan Carlos Oberti y Do\u00f1a Viviana Nicotra, Facultad de Ciencias.<\/li>\n<li><em>Universidad de los Andes, M\u00e9rida, Venezuela<\/em>: D. Juan Manuel Amaro Luis, Facultad de Ciencias.<\/li>\n<li><em>Universidad Pontificia Cat\u00f3lica del Per\u00fa<\/em>, en Lima: D\u00aa. Olga Lock Sign.<\/li>\n<li><em>UNAM, Ciudad de M\u00e9xico, M\u00e9xico<\/em>: D.Pedro-Joseph Nattan, Facultad de Ciencias.<\/li>\n<li><em>Universidad Mayor de San Andr\u00e9s, La Paz, Bolivia<\/em>: D\u00aa Ninoska Flores Quisbert, Facultad de Ciencias.<\/li>\n<li><em>Universidad de San Jos\u00e9, San Jos\u00e9, Costa Rica<\/em>: D. Jos\u00e9 Francisco Ciccio.<\/li>\n<li><em>Universidad de Medell\u00edn, Colombia<\/em>: D. Luis Fernando Echeverri L\u00f3pez, Facultad de Ciencias.<\/li>\n<li><em>Universidad de Montevideo, Uruguay<\/em>: D. Eduardo Manta Ares, Facultad de Ciencias.<\/li>\n<li><em>Universidad de Panam\u00e1<\/em>: D. Mahabir Gupta, Facultad de Ciencias.<\/li>\n<\/ul>\n<h4><span style=\"color: #7a3b7a\"><strong>Documental<\/strong><\/span><\/h4>\n<p>El director D. David Baute ha presentado el proyecto de cortometraje dedicado a la figura y obra de Don Antonio. Realizar\u00e1 dos versiones: de una hora y otro de 25 minutos, aproximadamente. Este documental se proyectar\u00e1 en los institutos de Canarias y tambi\u00e9n en algunos pa\u00edses latinoamericanos. Se est\u00e1 pendiente de conseguir la correspondiente financiaci\u00f3n.<\/p>\n<h4><span style=\"color: #7a3b7a\"><strong>Exposici\u00f3n itinerante<\/strong><\/span><\/h4>\n<p>A principios del a\u00f1o pr\u00f3ximo se har\u00e1n los carteles y dem\u00e1s elementos de los que consta la Exposici\u00f3n. Como es sabido, el Comisario de la Exposici\u00f3n es D. \u00c1lvaro D\u00edaz Torres, antiguo alumno del Prof. A. Gonz\u00e1lez, y constar\u00e1 de veinticinco paneles de gran tama\u00f1o as\u00ed como de objetos relacionados con la vida y obra de Don Antonio.<\/p>\n<h4><span style=\"color: #7a3b7a\"><strong>II<\/strong> <strong>Congreso de periodismo cient\u00edfico<\/strong><\/span><\/h4>\n<p>Con el patrocinio del Excmo. Ayuntamiento de Los Realejos, este congreso se desarroll\u00f3 a mediados del pasado mes de junio de 2017, con \u00e9xito y una notable participaci\u00f3n.<\/p>\n<h4><span style=\"color: #7a3b7a\"><strong>Concurso de fotograf\u00eda cient\u00edfica \u201cAntonio Gonz\u00e1lez Gonz\u00e1lez<\/strong>\u201d<\/span><\/h4>\n<p>Se convoc\u00f3 a principios del a\u00f1o 2017 dando como plazo de entrega de los trabajos el d\u00eda 15 de septiembre. Ya se hizo p\u00fablico el fallo y se entregaron los premios. Esta actividad tambi\u00e9n fue patrocinada por el Excmo. Ayuntamiento de Los Realejos.<\/p>\n<h4><span style=\"color: #7a3b7a\"><strong>Semana\/Simposio internacional Antonio Gonz\u00e1lez<\/strong><\/span><\/h4>\n<p>Se prev\u00e9 cerrar el A\u00f1o del Centenario con un Simposio internacional que se clausurar\u00e1 el 27 de octubre de 2018. Se pretende que a \u00e9l acudan investigadores y docentes del \u00e1mbito iberoamericano, especialmente, aquellos que fueron alumnos y amigos del Prof. A. Gonz\u00e1lez.[\/vc_column_text][\/vc_tta_section][vc_tta_section title=\u00bbConsurso Fotogr\u00e1fico\u00bb tab_id=\u00bbconcurso-fotografico\u00bb][vc_column_text]<\/p>\n<h3 class=\"p1\" style=\"text-align: center\"><span class=\"s1\" style=\"color: #7a3b7a\">Concurso de fotograf\u00eda cient\u00edfica \u201cAntonio Gonz\u00e1lez Gonz\u00e1lez\u201d<\/span><\/h3>\n<p class=\"p1\" style=\"text-align: center\"><span class=\"s2\">Se han presentado m\u00e1s de 300 fotograf\u00edas de 153 participantes. Haz click en el siguiente bot\u00f3n para ver una galer\u00eda con todas las fotograf\u00edas:<\/span><\/p>\n<p>[\/vc_column_text][vc_btn title=\u00bbVer Fotos\u00bb style=\u00bbcustom\u00bb custom_background=\u00bb#7a3b7a\u00bb custom_text=\u00bb#ffffff\u00bb shape=\u00bbsquare\u00bb align=\u00bbcenter\u00bb i_icon_fontawesome=\u00bbfa fa-chevron-right\u00bb add_icon=\u00bbtrue\u00bb link=\u00bburl:https%3A%2F%2Fsites.google.com%2Fescuelasartisticas.com%2Ffotoconcurso%2Fgaler%25C3%25ADa-de-fotos||target:%20_blank|\u00bb css=\u00bb.vc_custom_1507026207313{margin-top: 15px !important;}\u00bb][\/vc_tta_section][vc_tta_section title=\u00bbLibro Honor\u00edfico\u00bb tab_id=\u00bblibro-honorifico\u00bb][vc_column_text]<img decoding=\"async\" loading=\"lazy\" class=\"alignleft wp-image-413 size-medium\" style=\"margin-top: 0px;margin-right: 25px\" src=\"https:\/\/www.ull.es\/portal\/225aniversario\/wp-content\/uploads\/sites\/17\/2017\/10\/portada-libro-207x300.jpg\" alt=\"\" width=\"207\" height=\"300\" srcset=\"https:\/\/www.ull.es\/portal\/225aniversario\/wp-content\/uploads\/sites\/17\/2017\/10\/portada-libro-207x300.jpg 207w, https:\/\/www.ull.es\/portal\/225aniversario\/wp-content\/uploads\/sites\/17\/2017\/10\/portada-libro.jpg 300w\" sizes=\"(max-width: 207px) 100vw, 207px\" \/><\/p>\n<h4><span style=\"color: #7a3b7a\">ANTONIO GONZ\u00c1LEZ. El triunfo de la voluntad<\/span><\/h4>\n<p><strong>Juan Ram\u00f3n Herrera Arteaga &#8211; \u00c1lvaro D\u00edaz Torres<\/strong><\/p>\n<p>Como dec\u00eda el novelista y dramaturgo alem\u00e1n von Goethe, \u201clos hombres extraordinarios desbordan el mundo moral. Son como las fuerzas f\u00edsicas de la Naturaleza, como el agua y el fuego\u201d. Esta sucinta descripci\u00f3n encaja perfectamente con Don Antonio Gonz\u00e1lez, el personaje canario m\u00e1s laureado tanto dentro como fuera de nuestras fronteras insulares.<\/p>\n<p>El presente libro, escrito por los autores desde la capacitada atalaya de ser antiguos alumnos y disc\u00edpulos, describe tanto la vida del personaje como las acciones por las que ha pasado a la inmortalidad entre los que lo conocieron: la eficiente modernizaci\u00f3n de la Universidad de La Laguna, la creaci\u00f3n de un grupo de investigaci\u00f3n en Canarias sobre la qu\u00edmica de los productos naturales contenidos en nuestra rica flora end\u00e9mica, la creaci\u00f3n del germen de la actual red de centros de ense\u00f1anza primaria y secundaria de nuestro archipi\u00e9lago y, por \u00faltimo, el haber tejido una vasta red de colaboraci\u00f3n cient\u00edfica con la mayor parte de los Centros de Investigaci\u00f3n y Universidades iberoamericanas, donde se acu\u00f1\u00f3 el t\u00e9rmino \u201chacer investigaci\u00f3n made in Gonz\u00e1lez\u201d, como sin\u00f3nimo del buen hacer cient\u00edfico.<\/p>\n<p>El hecho de que el estilo de escritura sea eminentemente divulgativo, especialmente atractivo para el alumnado de Ense\u00f1anza Secundaria, y que disponga de una serie de actividades experimentales especialmente dise\u00f1adas, lo convierten en una continua fuente de referencia sobre el personaje, entre nuestra gente joven.[\/vc_column_text][\/vc_tta_section][vc_tta_section title=\u00bbExposici\u00f3n\u00bb tab_id=\u00bbexposicion\u00bb][vc_column_text]<img decoding=\"async\" class=\"alignleft size-full wp-image-436\" style=\"margin-top: 0px\" src=\"https:\/\/www.ull.es\/portal\/225aniversario\/wp-content\/uploads\/sites\/17\/2017\/10\/Expo-Antonio-Glez-01.jpg\" alt=\"\" width=\"400\" srcset=\"https:\/\/www.ull.es\/portal\/225aniversario\/wp-content\/uploads\/sites\/17\/2017\/10\/Expo-Antonio-Glez-01.jpg 1024w, https:\/\/www.ull.es\/portal\/225aniversario\/wp-content\/uploads\/sites\/17\/2017\/10\/Expo-Antonio-Glez-01-300x200.jpg 300w, https:\/\/www.ull.es\/portal\/225aniversario\/wp-content\/uploads\/sites\/17\/2017\/10\/Expo-Antonio-Glez-01-768x512.jpg 768w, https:\/\/www.ull.es\/portal\/225aniversario\/wp-content\/uploads\/sites\/17\/2017\/10\/Expo-Antonio-Glez-01-375x250.jpg 375w, https:\/\/www.ull.es\/portal\/225aniversario\/wp-content\/uploads\/sites\/17\/2017\/10\/Expo-Antonio-Glez-01-750x500.jpg 750w\" sizes=\"(max-width: 1024px) 100vw, 1024px\" \/><\/p>\n<h2>Exposici\u00f3n itinerante<\/h2>\n<p>Del 5 al 20 de diciembre de 2017, en el Instituto Universitario de Bio-Org\u00e1nica Antonio Gonz\u00e1lez.<\/p>\n<p><strong>Horario:<\/strong> de 9:00 a 13:00 y de 16:00 a 18:00, de lunes a viernes.<\/p>\n<p><strong>Contenido:<\/strong> 30 paneles informativos que repasan los hitos de la vida y producci\u00f3n cient\u00edfica de Antonio Gonz\u00e1lez.<\/p>\n<p><strong>Comisarios:<\/strong> Dr. \u00c1lvaro D\u00edaz Torres, Dr. Juan Ram\u00f3n Herrera Arteaga.<\/p>\n<p><strong>Patrocinadores:<\/strong> Ayuntamiento de Los Realejos, Universidad de La Laguna.[\/vc_column_text][\/vc_tta_section][vc_tta_section title=\u00bbC\u00f3mic\u00bb tab_id=\u00bbcomic\u00bb][\/vc_tta_section][\/vc_tta_tabs][\/vc_column][\/vc_row]<\/p>\n","protected":false},"excerpt":{"rendered":"<p>[vc_row][vc_column][vc_single_image image=\u00bb405&#8243; img_size=\u00bbfull\u00bb alignment=\u00bbcenter\u00bb css=\u00bb.vc_custom_1507023576381{margin-bottom: 25px !important;}\u00bb][vc_tta_tabs style=\u00bbmodern\u00bb spacing=\u00bb5&#8243; alignment=\u00bbcenter\u00bb active_section=\u00bb1&#8243; no_fill_content_area=\u00bbtrue\u00bb][vc_tta_section title=\u00bbPresentaci\u00f3n\u00bb tab_id=\u00bbpresentacion\u00bb][vc_column_text]El 27 de octubre de 2017 se cumplen los cien a\u00f1os del nacimiento en Los Realejos (Tenerife) del Prof. Dr. D. Antonio Gonz\u00e1lez Gonz\u00e1lez, el qu\u00edmico espa\u00f1ol m\u00e1s importante de la segunda mitad del siglo XX y el \u00fanico canario que ha&#8230;<\/p>\n","protected":false},"author":29,"featured_media":0,"parent":0,"menu_order":0,"comment_status":"closed","ping_status":"closed","template":"templates\/template-no-title.php","meta":{"inline_featured_image":false,"footnotes":""},"acf":[],"yoast_head":"<!-- This site is optimized with the Yoast SEO plugin v21.3 - https:\/\/yoast.com\/wordpress\/plugins\/seo\/ -->\n<title>Antonio Gonz\u00e1lez - 225 Aniversario ULL<\/title>\n<meta name=\"robots\" content=\"index, follow, max-snippet:-1, max-image-preview:large, max-video-preview:-1\" \/>\n<link rel=\"canonical\" href=\"https:\/\/www.ull.es\/portal\/225aniversario\/antonio-gonzalez\/\" \/>\n<meta property=\"og:locale\" content=\"es_ES\" \/>\n<meta property=\"og:type\" content=\"article\" \/>\n<meta property=\"og:title\" content=\"Antonio Gonz\u00e1lez - 225 Aniversario ULL\" \/>\n<meta property=\"og:description\" content=\"[vc_row][vc_column][vc_single_image image=\u00bb405&#8243; img_size=\u00bbfull\u00bb alignment=\u00bbcenter\u00bb css=\u00bb.vc_custom_1507023576381{margin-bottom: 25px !important;}\u00bb][vc_tta_tabs style=\u00bbmodern\u00bb spacing=\u00bb5&#8243; alignment=\u00bbcenter\u00bb active_section=\u00bb1&#8243; no_fill_content_area=\u00bbtrue\u00bb][vc_tta_section title=\u00bbPresentaci\u00f3n\u00bb tab_id=\u00bbpresentacion\u00bb][vc_column_text]El 27 de octubre de 2017 se cumplen los cien a\u00f1os del nacimiento en Los Realejos (Tenerife) del Prof. Dr. D. Antonio Gonz\u00e1lez Gonz\u00e1lez, el qu\u00edmico espa\u00f1ol m\u00e1s importante de la segunda mitad del siglo XX y el \u00fanico canario que ha...\" \/>\n<meta property=\"og:url\" content=\"https:\/\/www.ull.es\/portal\/225aniversario\/antonio-gonzalez\/\" \/>\n<meta property=\"og:site_name\" content=\"225 Aniversario ULL\" \/>\n<meta property=\"article:modified_time\" content=\"2017-12-13T16:44:44+00:00\" \/>\n<meta property=\"og:image\" content=\"https:\/\/www.ull.es\/portal\/225aniversario\/wp-content\/uploads\/sites\/17\/2017\/10\/retrato-a-glez.jpg\" \/>\n<meta name=\"twitter:card\" content=\"summary_large_image\" \/>\n<meta name=\"twitter:label1\" content=\"Tiempo de lectura\" \/>\n\t<meta name=\"twitter:data1\" content=\"14 minutos\" \/>\n<script type=\"application\/ld+json\" class=\"yoast-schema-graph\">{\"@context\":\"https:\/\/schema.org\",\"@graph\":[{\"@type\":\"WebPage\",\"@id\":\"https:\/\/www.ull.es\/portal\/225aniversario\/antonio-gonzalez\/\",\"url\":\"https:\/\/www.ull.es\/portal\/225aniversario\/antonio-gonzalez\/\",\"name\":\"Antonio Gonz\u00e1lez - 225 Aniversario ULL\",\"isPartOf\":{\"@id\":\"https:\/\/www.ull.es\/portal\/225aniversario\/#website\"},\"datePublished\":\"2017-10-03T08:16:25+00:00\",\"dateModified\":\"2017-12-13T16:44:44+00:00\",\"breadcrumb\":{\"@id\":\"https:\/\/www.ull.es\/portal\/225aniversario\/antonio-gonzalez\/#breadcrumb\"},\"inLanguage\":\"es\",\"potentialAction\":[{\"@type\":\"ReadAction\",\"target\":[\"https:\/\/www.ull.es\/portal\/225aniversario\/antonio-gonzalez\/\"]}]},{\"@type\":\"BreadcrumbList\",\"@id\":\"https:\/\/www.ull.es\/portal\/225aniversario\/antonio-gonzalez\/#breadcrumb\",\"itemListElement\":[{\"@type\":\"ListItem\",\"position\":1,\"name\":\"Portada\",\"item\":\"https:\/\/www.ull.es\/portal\/225aniversario\/\"},{\"@type\":\"ListItem\",\"position\":2,\"name\":\"Antonio Gonz\u00e1lez\"}]},{\"@type\":\"WebSite\",\"@id\":\"https:\/\/www.ull.es\/portal\/225aniversario\/#website\",\"url\":\"https:\/\/www.ull.es\/portal\/225aniversario\/\",\"name\":\"225 Aniversario ULL\",\"description\":\"\",\"potentialAction\":[{\"@type\":\"SearchAction\",\"target\":{\"@type\":\"EntryPoint\",\"urlTemplate\":\"https:\/\/www.ull.es\/portal\/225aniversario\/?s={search_term_string}\"},\"query-input\":\"required name=search_term_string\"}],\"inLanguage\":\"es\"}]}<\/script>\n<!-- \/ Yoast SEO plugin. -->","yoast_head_json":{"title":"Antonio Gonz\u00e1lez - 225 Aniversario ULL","robots":{"index":"index","follow":"follow","max-snippet":"max-snippet:-1","max-image-preview":"max-image-preview:large","max-video-preview":"max-video-preview:-1"},"canonical":"https:\/\/www.ull.es\/portal\/225aniversario\/antonio-gonzalez\/","og_locale":"es_ES","og_type":"article","og_title":"Antonio Gonz\u00e1lez - 225 Aniversario ULL","og_description":"[vc_row][vc_column][vc_single_image image=\u00bb405&#8243; img_size=\u00bbfull\u00bb alignment=\u00bbcenter\u00bb css=\u00bb.vc_custom_1507023576381{margin-bottom: 25px !important;}\u00bb][vc_tta_tabs style=\u00bbmodern\u00bb spacing=\u00bb5&#8243; alignment=\u00bbcenter\u00bb active_section=\u00bb1&#8243; no_fill_content_area=\u00bbtrue\u00bb][vc_tta_section title=\u00bbPresentaci\u00f3n\u00bb tab_id=\u00bbpresentacion\u00bb][vc_column_text]El 27 de octubre de 2017 se cumplen los cien a\u00f1os del nacimiento en Los Realejos (Tenerife) del Prof. Dr. D. Antonio Gonz\u00e1lez Gonz\u00e1lez, el qu\u00edmico espa\u00f1ol m\u00e1s importante de la segunda mitad del siglo XX y el \u00fanico canario que ha...","og_url":"https:\/\/www.ull.es\/portal\/225aniversario\/antonio-gonzalez\/","og_site_name":"225 Aniversario ULL","article_modified_time":"2017-12-13T16:44:44+00:00","og_image":[{"url":"https:\/\/www.ull.es\/portal\/225aniversario\/wp-content\/uploads\/sites\/17\/2017\/10\/retrato-a-glez.jpg"}],"twitter_card":"summary_large_image","twitter_misc":{"Tiempo de lectura":"14 minutos"},"schema":{"@context":"https:\/\/schema.org","@graph":[{"@type":"WebPage","@id":"https:\/\/www.ull.es\/portal\/225aniversario\/antonio-gonzalez\/","url":"https:\/\/www.ull.es\/portal\/225aniversario\/antonio-gonzalez\/","name":"Antonio Gonz\u00e1lez - 225 Aniversario ULL","isPartOf":{"@id":"https:\/\/www.ull.es\/portal\/225aniversario\/#website"},"datePublished":"2017-10-03T08:16:25+00:00","dateModified":"2017-12-13T16:44:44+00:00","breadcrumb":{"@id":"https:\/\/www.ull.es\/portal\/225aniversario\/antonio-gonzalez\/#breadcrumb"},"inLanguage":"es","potentialAction":[{"@type":"ReadAction","target":["https:\/\/www.ull.es\/portal\/225aniversario\/antonio-gonzalez\/"]}]},{"@type":"BreadcrumbList","@id":"https:\/\/www.ull.es\/portal\/225aniversario\/antonio-gonzalez\/#breadcrumb","itemListElement":[{"@type":"ListItem","position":1,"name":"Portada","item":"https:\/\/www.ull.es\/portal\/225aniversario\/"},{"@type":"ListItem","position":2,"name":"Antonio Gonz\u00e1lez"}]},{"@type":"WebSite","@id":"https:\/\/www.ull.es\/portal\/225aniversario\/#website","url":"https:\/\/www.ull.es\/portal\/225aniversario\/","name":"225 Aniversario ULL","description":"","potentialAction":[{"@type":"SearchAction","target":{"@type":"EntryPoint","urlTemplate":"https:\/\/www.ull.es\/portal\/225aniversario\/?s={search_term_string}"},"query-input":"required name=search_term_string"}],"inLanguage":"es"}]}},"_links":{"self":[{"href":"https:\/\/www.ull.es\/portal\/225aniversario\/wp-json\/wp\/v2\/pages\/389"}],"collection":[{"href":"https:\/\/www.ull.es\/portal\/225aniversario\/wp-json\/wp\/v2\/pages"}],"about":[{"href":"https:\/\/www.ull.es\/portal\/225aniversario\/wp-json\/wp\/v2\/types\/page"}],"author":[{"embeddable":true,"href":"https:\/\/www.ull.es\/portal\/225aniversario\/wp-json\/wp\/v2\/users\/29"}],"replies":[{"embeddable":true,"href":"https:\/\/www.ull.es\/portal\/225aniversario\/wp-json\/wp\/v2\/comments?post=389"}],"version-history":[{"count":30,"href":"https:\/\/www.ull.es\/portal\/225aniversario\/wp-json\/wp\/v2\/pages\/389\/revisions"}],"predecessor-version":[{"id":440,"href":"https:\/\/www.ull.es\/portal\/225aniversario\/wp-json\/wp\/v2\/pages\/389\/revisions\/440"}],"wp:attachment":[{"href":"https:\/\/www.ull.es\/portal\/225aniversario\/wp-json\/wp\/v2\/media?parent=389"}],"curies":[{"name":"wp","href":"https:\/\/api.w.org\/{rel}","templated":true}]}}