{"id":10019,"date":"2019-01-18T12:35:56","date_gmt":"2019-01-18T12:35:56","guid":{"rendered":"https:\/\/www.ull.es\/portal\/agenda\/?post_type=tribe_events&#038;p=10019"},"modified":"2019-01-18T12:35:56","modified_gmt":"2019-01-18T12:35:56","slug":"seminario-microscopio-electronico-de-barrido-ambiental-caracteristicas-y-aplicaciones","status":"publish","type":"tribe_events","link":"https:\/\/www.ull.es\/portal\/agenda\/evento\/seminario-microscopio-electronico-de-barrido-ambiental-caracteristicas-y-aplicaciones\/","title":{"rendered":"Seminario: Microscopio electr\u00f3nico de barrido ambiental : Caracter\u00edsticas y aplicaciones."},"content":{"rendered":"<p style=\"font-weight: 400\">Recientemente la Universidad de La Laguna ha adquirido un microscopio de barrido electr\u00f3nico ambiental Zeiss EVO 15 para el Servicio de Microscop\u00eda Electr\u00f3nica gracias a la financiaci\u00f3n procedente del Fondo de Desarrollo de Canarias (FDCAN). Se trata de un equipo de emisi\u00f3n termoi\u00f3nica (LaB6) que presenta la posibilidad de trabajar en condiciones de alto vac\u00edo, presi\u00f3n variable y alta presi\u00f3n, donde es posible estudiar diferentes tipos de muestra, tanto inorg\u00e1nicas como biol\u00f3gicas, incluyendo aquellas que presenten un alto grado de humedad con la ayuda de una crioplataforma. Adem\u00e1s, est\u00e1 equipado con un sistema de microan\u00e1lisis por EDX de alta \u00e1rea de detecci\u00f3n.<\/p>\n<p style=\"font-weight: 400\">Por si fuera de su inter\u00e9s, el pr\u00f3ximo martes 22 de enero a las 10:00 horas, en el Sal\u00f3n de Grados de la Secci\u00f3n de Qu\u00edmica de la Facultad de Ciencias, el Dr. Abel Sainz Serrano, t\u00e9cnico especialista en microscop\u00eda electr\u00f3nica de Zeiss, impartir\u00e1 un seminario donde se presentar\u00e1n las caracter\u00edsticas y aplicaciones de este equipamiento. A continuaci\u00f3n se realizar\u00e1 una visita al Servicio de Microscop\u00eda Electr\u00f3nica (edificio SEGAI).<\/p>\n","protected":false},"excerpt":{"rendered":"<p>Recientemente la Universidad de La Laguna ha adquirido un microscopio de barrido electr\u00f3nico ambiental Zeiss EVO 15 para el Servicio de Microscop\u00eda Electr\u00f3nica gracias a la financiaci\u00f3n procedente del Fondo de Desarrollo de Canarias (FDCAN). Se trata de un equipo de emisi\u00f3n termoi\u00f3nica (LaB6) que presenta la posibilidad de trabajar en condiciones de alto vac\u00edo,&#8230;<\/p>\n","protected":false},"author":51,"featured_media":10020,"comment_status":"closed","ping_status":"closed","template":"","tags":[2341,711,32,2342],"tribe_events_cat":[972,191,1663],"acf":[],"yoast_head":"<!-- This site is optimized with the Yoast SEO plugin v21.3 - https:\/\/yoast.com\/wordpress\/plugins\/seo\/ -->\n<title>Seminario: Microscopio electr\u00f3nico de barrido ambiental : Caracter\u00edsticas y aplicaciones. - ULL - Agenda<\/title>\n<meta name=\"robots\" content=\"index, follow, max-snippet:-1, max-image-preview:large, max-video-preview:-1\" \/>\n<link rel=\"canonical\" href=\"https:\/\/www.ull.es\/portal\/agenda\/evento\/seminario-microscopio-electronico-de-barrido-ambiental-caracteristicas-y-aplicaciones\/\" \/>\n<meta property=\"og:locale\" content=\"es_ES\" \/>\n<meta property=\"og:type\" content=\"article\" \/>\n<meta property=\"og:title\" content=\"Seminario: Microscopio electr\u00f3nico de barrido ambiental : Caracter\u00edsticas y aplicaciones. - ULL - Agenda\" \/>\n<meta property=\"og:description\" content=\"Recientemente la Universidad de La Laguna ha adquirido un microscopio de barrido electr\u00f3nico ambiental Zeiss EVO 15 para el Servicio de Microscop\u00eda Electr\u00f3nica gracias a la financiaci\u00f3n procedente del Fondo de Desarrollo de Canarias (FDCAN). Se trata de un equipo de emisi\u00f3n termoi\u00f3nica (LaB6) que presenta la posibilidad de trabajar en condiciones de alto vac\u00edo,...\" \/>\n<meta property=\"og:url\" content=\"https:\/\/www.ull.es\/portal\/agenda\/evento\/seminario-microscopio-electronico-de-barrido-ambiental-caracteristicas-y-aplicaciones\/\" \/>\n<meta property=\"og:site_name\" content=\"ULL - Agenda\" \/>\n<meta property=\"og:image\" content=\"https:\/\/www.ull.es\/portal\/agenda\/wp-content\/uploads\/sites\/12\/2019\/01\/Microscopio_agenda.jpg\" \/>\n\t<meta property=\"og:image:width\" content=\"700\" \/>\n\t<meta property=\"og:image:height\" content=\"350\" \/>\n\t<meta property=\"og:image:type\" content=\"image\/jpeg\" \/>\n<meta name=\"twitter:card\" content=\"summary_large_image\" \/>\n<meta name=\"twitter:label1\" content=\"Tiempo de lectura\" \/>\n\t<meta name=\"twitter:data1\" content=\"1 minuto\" \/>\n<script type=\"application\/ld+json\" class=\"yoast-schema-graph\">{\"@context\":\"https:\/\/schema.org\",\"@graph\":[{\"@type\":\"WebPage\",\"@id\":\"https:\/\/www.ull.es\/portal\/agenda\/evento\/seminario-microscopio-electronico-de-barrido-ambiental-caracteristicas-y-aplicaciones\/\",\"url\":\"https:\/\/www.ull.es\/portal\/agenda\/evento\/seminario-microscopio-electronico-de-barrido-ambiental-caracteristicas-y-aplicaciones\/\",\"name\":\"Seminario: Microscopio electr\u00f3nico de barrido ambiental : Caracter\u00edsticas y aplicaciones. - ULL - Agenda\",\"isPartOf\":{\"@id\":\"https:\/\/www.ull.es\/portal\/agenda\/#website\"},\"datePublished\":\"2019-01-18T12:35:56+00:00\",\"dateModified\":\"2019-01-18T12:35:56+00:00\",\"breadcrumb\":{\"@id\":\"https:\/\/www.ull.es\/portal\/agenda\/evento\/seminario-microscopio-electronico-de-barrido-ambiental-caracteristicas-y-aplicaciones\/#breadcrumb\"},\"inLanguage\":\"es\",\"potentialAction\":[{\"@type\":\"ReadAction\",\"target\":[\"https:\/\/www.ull.es\/portal\/agenda\/evento\/seminario-microscopio-electronico-de-barrido-ambiental-caracteristicas-y-aplicaciones\/\"]}]},{\"@type\":\"BreadcrumbList\",\"@id\":\"https:\/\/www.ull.es\/portal\/agenda\/evento\/seminario-microscopio-electronico-de-barrido-ambiental-caracteristicas-y-aplicaciones\/#breadcrumb\",\"itemListElement\":[{\"@type\":\"ListItem\",\"position\":1,\"name\":\"Portada\",\"item\":\"https:\/\/www.ull.es\/portal\/agenda\/\"},{\"@type\":\"ListItem\",\"position\":2,\"name\":\"Seminario: Microscopio electr\u00f3nico de barrido ambiental : Caracter\u00edsticas y aplicaciones.\"}]},{\"@type\":\"WebSite\",\"@id\":\"https:\/\/www.ull.es\/portal\/agenda\/#website\",\"url\":\"https:\/\/www.ull.es\/portal\/agenda\/\",\"name\":\"ULL - Agenda\",\"description\":\"\",\"potentialAction\":[{\"@type\":\"SearchAction\",\"target\":{\"@type\":\"EntryPoint\",\"urlTemplate\":\"https:\/\/www.ull.es\/portal\/agenda\/?s={search_term_string}\"},\"query-input\":\"required name=search_term_string\"}],\"inLanguage\":\"es\"}]}<\/script>\n<!-- \/ Yoast SEO plugin. -->","yoast_head_json":{"title":"Seminario: Microscopio electr\u00f3nico de barrido ambiental : Caracter\u00edsticas y aplicaciones. - ULL - Agenda","robots":{"index":"index","follow":"follow","max-snippet":"max-snippet:-1","max-image-preview":"max-image-preview:large","max-video-preview":"max-video-preview:-1"},"canonical":"https:\/\/www.ull.es\/portal\/agenda\/evento\/seminario-microscopio-electronico-de-barrido-ambiental-caracteristicas-y-aplicaciones\/","og_locale":"es_ES","og_type":"article","og_title":"Seminario: Microscopio electr\u00f3nico de barrido ambiental : Caracter\u00edsticas y aplicaciones. - ULL - Agenda","og_description":"Recientemente la Universidad de La Laguna ha adquirido un microscopio de barrido electr\u00f3nico ambiental Zeiss EVO 15 para el Servicio de Microscop\u00eda Electr\u00f3nica gracias a la financiaci\u00f3n procedente del Fondo de Desarrollo de Canarias (FDCAN). Se trata de un equipo de emisi\u00f3n termoi\u00f3nica (LaB6) que presenta la posibilidad de trabajar en condiciones de alto vac\u00edo,...","og_url":"https:\/\/www.ull.es\/portal\/agenda\/evento\/seminario-microscopio-electronico-de-barrido-ambiental-caracteristicas-y-aplicaciones\/","og_site_name":"ULL - Agenda","og_image":[{"width":700,"height":350,"url":"https:\/\/www.ull.es\/portal\/agenda\/wp-content\/uploads\/sites\/12\/2019\/01\/Microscopio_agenda.jpg","type":"image\/jpeg"}],"twitter_card":"summary_large_image","twitter_misc":{"Tiempo de lectura":"1 minuto"},"schema":{"@context":"https:\/\/schema.org","@graph":[{"@type":"WebPage","@id":"https:\/\/www.ull.es\/portal\/agenda\/evento\/seminario-microscopio-electronico-de-barrido-ambiental-caracteristicas-y-aplicaciones\/","url":"https:\/\/www.ull.es\/portal\/agenda\/evento\/seminario-microscopio-electronico-de-barrido-ambiental-caracteristicas-y-aplicaciones\/","name":"Seminario: Microscopio electr\u00f3nico de barrido ambiental : Caracter\u00edsticas y aplicaciones. - ULL - Agenda","isPartOf":{"@id":"https:\/\/www.ull.es\/portal\/agenda\/#website"},"datePublished":"2019-01-18T12:35:56+00:00","dateModified":"2019-01-18T12:35:56+00:00","breadcrumb":{"@id":"https:\/\/www.ull.es\/portal\/agenda\/evento\/seminario-microscopio-electronico-de-barrido-ambiental-caracteristicas-y-aplicaciones\/#breadcrumb"},"inLanguage":"es","potentialAction":[{"@type":"ReadAction","target":["https:\/\/www.ull.es\/portal\/agenda\/evento\/seminario-microscopio-electronico-de-barrido-ambiental-caracteristicas-y-aplicaciones\/"]}]},{"@type":"BreadcrumbList","@id":"https:\/\/www.ull.es\/portal\/agenda\/evento\/seminario-microscopio-electronico-de-barrido-ambiental-caracteristicas-y-aplicaciones\/#breadcrumb","itemListElement":[{"@type":"ListItem","position":1,"name":"Portada","item":"https:\/\/www.ull.es\/portal\/agenda\/"},{"@type":"ListItem","position":2,"name":"Seminario: Microscopio electr\u00f3nico de barrido ambiental : Caracter\u00edsticas y aplicaciones."}]},{"@type":"WebSite","@id":"https:\/\/www.ull.es\/portal\/agenda\/#website","url":"https:\/\/www.ull.es\/portal\/agenda\/","name":"ULL - Agenda","description":"","potentialAction":[{"@type":"SearchAction","target":{"@type":"EntryPoint","urlTemplate":"https:\/\/www.ull.es\/portal\/agenda\/?s={search_term_string}"},"query-input":"required name=search_term_string"}],"inLanguage":"es"}]}},"_links":{"self":[{"href":"https:\/\/www.ull.es\/portal\/agenda\/wp-json\/wp\/v2\/tribe_events\/10019"}],"collection":[{"href":"https:\/\/www.ull.es\/portal\/agenda\/wp-json\/wp\/v2\/tribe_events"}],"about":[{"href":"https:\/\/www.ull.es\/portal\/agenda\/wp-json\/wp\/v2\/types\/tribe_events"}],"author":[{"embeddable":true,"href":"https:\/\/www.ull.es\/portal\/agenda\/wp-json\/wp\/v2\/users\/51"}],"replies":[{"embeddable":true,"href":"https:\/\/www.ull.es\/portal\/agenda\/wp-json\/wp\/v2\/comments?post=10019"}],"version-history":[{"count":1,"href":"https:\/\/www.ull.es\/portal\/agenda\/wp-json\/wp\/v2\/tribe_events\/10019\/revisions"}],"predecessor-version":[{"id":10021,"href":"https:\/\/www.ull.es\/portal\/agenda\/wp-json\/wp\/v2\/tribe_events\/10019\/revisions\/10021"}],"wp:featuredmedia":[{"embeddable":true,"href":"https:\/\/www.ull.es\/portal\/agenda\/wp-json\/wp\/v2\/media\/10020"}],"wp:attachment":[{"href":"https:\/\/www.ull.es\/portal\/agenda\/wp-json\/wp\/v2\/media?parent=10019"}],"wp:term":[{"taxonomy":"post_tag","embeddable":true,"href":"https:\/\/www.ull.es\/portal\/agenda\/wp-json\/wp\/v2\/tags?post=10019"},{"taxonomy":"tribe_events_cat","embeddable":true,"href":"https:\/\/www.ull.es\/portal\/agenda\/wp-json\/wp\/v2\/tribe_events_cat?post=10019"}],"curies":[{"name":"wp","href":"https:\/\/api.w.org\/{rel}","templated":true}]}}