{"id":10091,"date":"2019-01-24T11:07:39","date_gmt":"2019-01-24T11:07:39","guid":{"rendered":"https:\/\/www.ull.es\/portal\/agenda\/?post_type=tribe_events&#038;p=10091"},"modified":"2019-01-25T12:24:15","modified_gmt":"2019-01-25T12:24:15","slug":"seminario-de-investigacion-y-transferencia-ecodiseno-economia-circular-y-emprendimiento-social","status":"publish","type":"tribe_events","link":"https:\/\/www.ull.es\/portal\/agenda\/evento\/seminario-de-investigacion-y-transferencia-ecodiseno-economia-circular-y-emprendimiento-social\/","title":{"rendered":"Seminario de investigaci\u00f3n y transferencia \u201cEcodise\u00f1o, econom\u00eda circular y emprendimiento social\u201d"},"content":{"rendered":"<p>Seminario organizado por el Vicerrectorado de Relaciones con la Sociedad a trav\u00e9s de su C\u00e1tedra de Medio Ambiente y Desarrollo Sostenible Cabildo \u2013 Universidad de La Laguna, la\u00a0organizaci\u00f3n medioambiental Ecoembes y el\u00a0Grupo de Investigaci\u00f3n e Innovaci\u00f3n en Dise\u00f1o de la ULL.<\/p>\n<p>Objetivos:<\/p>\n<p>Compartir reflexiones y experiencias en materia de ecodise\u00f1o, econom\u00eda circular y emprendimiento social desde el arte y el dise\u00f1o con enfoque sist\u00e9mico, a trav\u00e9s de experiencias de investigaci\u00f3n y di\u00e1logo entre disciplinas y del emprendimiento y responsabilidad social.<\/p>\n<p>Dirigen:<\/p>\n<ul>\n<li>Carlos Jim\u00e9nez Mart\u00ednez. Profesor UD Dise\u00f1o, Departamento de Bellas Artes de la ULL.<\/li>\n<li>Bernardo Candela Sanju\u00e1n.\u00a0Doctor en Dise\u00f1o. Profesor e investigador del Grupo de Investigaci\u00f3n e Innovaci\u00f3n en Dise\u00f1o de la ULL.<\/li>\n<\/ul>\n<p>Coordina:\u00a0 Natalia Rodr\u00edguez Valls. Dinamizadora de la C\u00e1tedra de Medio Ambiente y Desarrollo Sostenible Cabildo-ULL.<\/p>\n<p>&nbsp;<\/p>\n<h3 style=\"text-align: center\"><strong>RECONOCIMIENTO DE CR\u00c9DITOS ECTS<\/strong><\/h3>\n<p>El alumnado asistente podr\u00e1 solicitar el\u00a0<strong>reconocimiento de 1 cr\u00e9dito ECTS<\/strong>, siempre que acrediten:<\/p>\n<ul>\n<li>Asistencia al <a href=\"https:\/\/www.ull.es\/portal\/agenda\/evento\/seminario-taller-de-vermicompostaje\/\" target=\"_blank\" rel=\"noopener\" target=\"_blank\" rel=\"noopener\">Taller de vermicompostaje y comunicaci\u00f3n ambiental en la gesti\u00f3n de la fracci\u00f3n org\u00e1nica<\/a> \u2013 31 de enero (3 horas).<\/li>\n<li>Realizaci\u00f3n del trabajo aut\u00f3nomo del alumnado (13 horas).\u00a0M\u00e1s informaci\u00f3n\u00a0<a href=\"https:\/\/sede.fg.ull.es\/es\/curso\/detalle\/a19020023\/seminario-de-investigacion-y-transferencia-ecodise-o-economia-circular-y-emprendimiento-social\" target=\"_blank\" rel=\"noopener\" target=\"_blank\" rel=\"noopener\">aqu\u00ed<\/a>.<\/li>\n<\/ul>\n<p><a href=\"https:\/\/sede.fg.ull.es\/es\/curso\/detalle\/a19020023\/seminario-de-investigacion-y-transferencia-ecodise-o-economia-circular-y-emprendimiento-social\" target=\"_blank\" rel=\"noopener\"><strong>Consulta el programa e inscr\u00edbete aqu\u00ed.<\/strong><\/a><\/p>\n<p><strong>Contacto: 922 319 616 \/ 922 319 626 \u2013\u00a0<a href=\"mailto:extuni@ull.edu.es\" target=\"_blank\" rel=\"noopener\">extuni@ull.es<\/a><\/strong><\/p>\n","protected":false},"excerpt":{"rendered":"<p>Seminario organizado por el Vicerrectorado de Relaciones con la Sociedad a trav\u00e9s de su C\u00e1tedra de Medio Ambiente y Desarrollo Sostenible Cabildo \u2013 Universidad de La Laguna, la\u00a0organizaci\u00f3n medioambiental Ecoembes y el\u00a0Grupo de Investigaci\u00f3n e Innovaci\u00f3n en Dise\u00f1o de la ULL. Objetivos: Compartir reflexiones y experiencias en materia de ecodise\u00f1o, econom\u00eda circular y emprendimiento social&#8230;<\/p>\n","protected":false},"author":43,"featured_media":10116,"comment_status":"closed","ping_status":"closed","template":"","tags":[2357,1926,2358,1149,2359,1107,22,626],"tribe_events_cat":[471,4,186],"acf":[],"yoast_head":"<!-- This site is optimized with the Yoast SEO plugin v21.3 - https:\/\/yoast.com\/wordpress\/plugins\/seo\/ -->\n<title>Seminario \u201cEcodise\u00f1o, econom\u00eda circular y emprendimiento social\u201d<\/title>\n<meta name=\"description\" content=\"Seminario organizado por el Vicerrectorado de Relaciones con la Sociedad a trav\u00e9s de su C\u00e1tedra de Medio Ambiente y Desarrollo Sostenible Cabildo \u2013 Universidad de La Laguna y la\u00a0organizaci\u00f3n medioambiental Ecoembes.\" \/>\n<meta name=\"robots\" content=\"index, follow, max-snippet:-1, max-image-preview:large, max-video-preview:-1\" \/>\n<link rel=\"canonical\" href=\"https:\/\/www.ull.es\/portal\/agenda\/evento\/seminario-de-investigacion-y-transferencia-ecodiseno-economia-circular-y-emprendimiento-social\/\" \/>\n<meta property=\"og:locale\" content=\"es_ES\" \/>\n<meta property=\"og:type\" content=\"article\" \/>\n<meta property=\"og:title\" content=\"Seminario \u201cEcodise\u00f1o, econom\u00eda circular y emprendimiento social\u201d\" \/>\n<meta property=\"og:description\" content=\"Seminario organizado por el Vicerrectorado de Relaciones con la Sociedad a trav\u00e9s de su C\u00e1tedra de Medio Ambiente y Desarrollo Sostenible Cabildo \u2013 Universidad de La Laguna y la\u00a0organizaci\u00f3n medioambiental Ecoembes.\" \/>\n<meta property=\"og:url\" content=\"https:\/\/www.ull.es\/portal\/agenda\/evento\/seminario-de-investigacion-y-transferencia-ecodiseno-economia-circular-y-emprendimiento-social\/\" \/>\n<meta property=\"og:site_name\" content=\"ULL - Agenda\" \/>\n<meta property=\"article:modified_time\" content=\"2019-01-25T12:24:15+00:00\" \/>\n<meta property=\"og:image\" content=\"https:\/\/www.ull.es\/portal\/agenda\/wp-content\/uploads\/sites\/12\/2019\/01\/BannerSeminarioEcodise\u00f1o2019.gif\" \/>\n\t<meta property=\"og:image:width\" content=\"700\" \/>\n\t<meta property=\"og:image:height\" content=\"350\" \/>\n\t<meta property=\"og:image:type\" content=\"image\/gif\" \/>\n<meta name=\"twitter:card\" content=\"summary_large_image\" \/>\n<meta name=\"twitter:label1\" content=\"Tiempo de lectura\" \/>\n\t<meta name=\"twitter:data1\" content=\"1 minuto\" \/>\n<script type=\"application\/ld+json\" class=\"yoast-schema-graph\">{\"@context\":\"https:\/\/schema.org\",\"@graph\":[{\"@type\":\"WebPage\",\"@id\":\"https:\/\/www.ull.es\/portal\/agenda\/evento\/seminario-de-investigacion-y-transferencia-ecodiseno-economia-circular-y-emprendimiento-social\/\",\"url\":\"https:\/\/www.ull.es\/portal\/agenda\/evento\/seminario-de-investigacion-y-transferencia-ecodiseno-economia-circular-y-emprendimiento-social\/\",\"name\":\"Seminario \u201cEcodise\u00f1o, econom\u00eda circular y emprendimiento social\u201d\",\"isPartOf\":{\"@id\":\"https:\/\/www.ull.es\/portal\/agenda\/#website\"},\"datePublished\":\"2019-01-24T11:07:39+00:00\",\"dateModified\":\"2019-01-25T12:24:15+00:00\",\"description\":\"Seminario organizado por el Vicerrectorado de Relaciones con la Sociedad a trav\u00e9s de su C\u00e1tedra de Medio Ambiente y Desarrollo Sostenible Cabildo \u2013 Universidad de La Laguna y la\u00a0organizaci\u00f3n medioambiental Ecoembes.\",\"breadcrumb\":{\"@id\":\"https:\/\/www.ull.es\/portal\/agenda\/evento\/seminario-de-investigacion-y-transferencia-ecodiseno-economia-circular-y-emprendimiento-social\/#breadcrumb\"},\"inLanguage\":\"es\",\"potentialAction\":[{\"@type\":\"ReadAction\",\"target\":[\"https:\/\/www.ull.es\/portal\/agenda\/evento\/seminario-de-investigacion-y-transferencia-ecodiseno-economia-circular-y-emprendimiento-social\/\"]}]},{\"@type\":\"BreadcrumbList\",\"@id\":\"https:\/\/www.ull.es\/portal\/agenda\/evento\/seminario-de-investigacion-y-transferencia-ecodiseno-economia-circular-y-emprendimiento-social\/#breadcrumb\",\"itemListElement\":[{\"@type\":\"ListItem\",\"position\":1,\"name\":\"Portada\",\"item\":\"https:\/\/www.ull.es\/portal\/agenda\/\"},{\"@type\":\"ListItem\",\"position\":2,\"name\":\"Seminario de investigaci\u00f3n y transferencia \u201cEcodise\u00f1o, econom\u00eda circular y emprendimiento social\u201d\"}]},{\"@type\":\"WebSite\",\"@id\":\"https:\/\/www.ull.es\/portal\/agenda\/#website\",\"url\":\"https:\/\/www.ull.es\/portal\/agenda\/\",\"name\":\"ULL - Agenda\",\"description\":\"\",\"potentialAction\":[{\"@type\":\"SearchAction\",\"target\":{\"@type\":\"EntryPoint\",\"urlTemplate\":\"https:\/\/www.ull.es\/portal\/agenda\/?s={search_term_string}\"},\"query-input\":\"required name=search_term_string\"}],\"inLanguage\":\"es\"}]}<\/script>\n<!-- \/ Yoast SEO plugin. -->","yoast_head_json":{"title":"Seminario \u201cEcodise\u00f1o, econom\u00eda circular y emprendimiento social\u201d","description":"Seminario organizado por el Vicerrectorado de Relaciones con la Sociedad a trav\u00e9s de su C\u00e1tedra de Medio Ambiente y Desarrollo Sostenible Cabildo \u2013 Universidad de La Laguna y la\u00a0organizaci\u00f3n medioambiental Ecoembes.","robots":{"index":"index","follow":"follow","max-snippet":"max-snippet:-1","max-image-preview":"max-image-preview:large","max-video-preview":"max-video-preview:-1"},"canonical":"https:\/\/www.ull.es\/portal\/agenda\/evento\/seminario-de-investigacion-y-transferencia-ecodiseno-economia-circular-y-emprendimiento-social\/","og_locale":"es_ES","og_type":"article","og_title":"Seminario \u201cEcodise\u00f1o, econom\u00eda circular y emprendimiento social\u201d","og_description":"Seminario organizado por el Vicerrectorado de Relaciones con la Sociedad a trav\u00e9s de su C\u00e1tedra de Medio Ambiente y Desarrollo Sostenible Cabildo \u2013 Universidad de La Laguna y la\u00a0organizaci\u00f3n medioambiental Ecoembes.","og_url":"https:\/\/www.ull.es\/portal\/agenda\/evento\/seminario-de-investigacion-y-transferencia-ecodiseno-economia-circular-y-emprendimiento-social\/","og_site_name":"ULL - Agenda","article_modified_time":"2019-01-25T12:24:15+00:00","og_image":[{"width":700,"height":350,"url":"https:\/\/www.ull.es\/portal\/agenda\/wp-content\/uploads\/sites\/12\/2019\/01\/BannerSeminarioEcodise\u00f1o2019.gif","type":"image\/gif"}],"twitter_card":"summary_large_image","twitter_misc":{"Tiempo de lectura":"1 minuto"},"schema":{"@context":"https:\/\/schema.org","@graph":[{"@type":"WebPage","@id":"https:\/\/www.ull.es\/portal\/agenda\/evento\/seminario-de-investigacion-y-transferencia-ecodiseno-economia-circular-y-emprendimiento-social\/","url":"https:\/\/www.ull.es\/portal\/agenda\/evento\/seminario-de-investigacion-y-transferencia-ecodiseno-economia-circular-y-emprendimiento-social\/","name":"Seminario \u201cEcodise\u00f1o, econom\u00eda circular y emprendimiento social\u201d","isPartOf":{"@id":"https:\/\/www.ull.es\/portal\/agenda\/#website"},"datePublished":"2019-01-24T11:07:39+00:00","dateModified":"2019-01-25T12:24:15+00:00","description":"Seminario organizado por el Vicerrectorado de Relaciones con la Sociedad a trav\u00e9s de su C\u00e1tedra de Medio Ambiente y Desarrollo Sostenible Cabildo \u2013 Universidad de La Laguna y la\u00a0organizaci\u00f3n medioambiental Ecoembes.","breadcrumb":{"@id":"https:\/\/www.ull.es\/portal\/agenda\/evento\/seminario-de-investigacion-y-transferencia-ecodiseno-economia-circular-y-emprendimiento-social\/#breadcrumb"},"inLanguage":"es","potentialAction":[{"@type":"ReadAction","target":["https:\/\/www.ull.es\/portal\/agenda\/evento\/seminario-de-investigacion-y-transferencia-ecodiseno-economia-circular-y-emprendimiento-social\/"]}]},{"@type":"BreadcrumbList","@id":"https:\/\/www.ull.es\/portal\/agenda\/evento\/seminario-de-investigacion-y-transferencia-ecodiseno-economia-circular-y-emprendimiento-social\/#breadcrumb","itemListElement":[{"@type":"ListItem","position":1,"name":"Portada","item":"https:\/\/www.ull.es\/portal\/agenda\/"},{"@type":"ListItem","position":2,"name":"Seminario de investigaci\u00f3n y transferencia \u201cEcodise\u00f1o, econom\u00eda circular y emprendimiento social\u201d"}]},{"@type":"WebSite","@id":"https:\/\/www.ull.es\/portal\/agenda\/#website","url":"https:\/\/www.ull.es\/portal\/agenda\/","name":"ULL - Agenda","description":"","potentialAction":[{"@type":"SearchAction","target":{"@type":"EntryPoint","urlTemplate":"https:\/\/www.ull.es\/portal\/agenda\/?s={search_term_string}"},"query-input":"required name=search_term_string"}],"inLanguage":"es"}]}},"_links":{"self":[{"href":"https:\/\/www.ull.es\/portal\/agenda\/wp-json\/wp\/v2\/tribe_events\/10091"}],"collection":[{"href":"https:\/\/www.ull.es\/portal\/agenda\/wp-json\/wp\/v2\/tribe_events"}],"about":[{"href":"https:\/\/www.ull.es\/portal\/agenda\/wp-json\/wp\/v2\/types\/tribe_events"}],"author":[{"embeddable":true,"href":"https:\/\/www.ull.es\/portal\/agenda\/wp-json\/wp\/v2\/users\/43"}],"replies":[{"embeddable":true,"href":"https:\/\/www.ull.es\/portal\/agenda\/wp-json\/wp\/v2\/comments?post=10091"}],"version-history":[{"count":7,"href":"https:\/\/www.ull.es\/portal\/agenda\/wp-json\/wp\/v2\/tribe_events\/10091\/revisions"}],"predecessor-version":[{"id":10123,"href":"https:\/\/www.ull.es\/portal\/agenda\/wp-json\/wp\/v2\/tribe_events\/10091\/revisions\/10123"}],"wp:featuredmedia":[{"embeddable":true,"href":"https:\/\/www.ull.es\/portal\/agenda\/wp-json\/wp\/v2\/media\/10116"}],"wp:attachment":[{"href":"https:\/\/www.ull.es\/portal\/agenda\/wp-json\/wp\/v2\/media?parent=10091"}],"wp:term":[{"taxonomy":"post_tag","embeddable":true,"href":"https:\/\/www.ull.es\/portal\/agenda\/wp-json\/wp\/v2\/tags?post=10091"},{"taxonomy":"tribe_events_cat","embeddable":true,"href":"https:\/\/www.ull.es\/portal\/agenda\/wp-json\/wp\/v2\/tribe_events_cat?post=10091"}],"curies":[{"name":"wp","href":"https:\/\/api.w.org\/{rel}","templated":true}]}}