{"id":10801,"date":"2019-02-17T21:49:46","date_gmt":"2019-02-17T21:49:46","guid":{"rendered":"https:\/\/www.ull.es\/portal\/agenda\/?post_type=tribe_events&#038;p=10801"},"modified":"2019-03-01T10:05:48","modified_gmt":"2019-03-01T10:05:48","slug":"dia-europeo-de-la-mediacion","status":"publish","type":"tribe_events","link":"https:\/\/www.ull.es\/portal\/agenda\/evento\/dia-europeo-de-la-mediacion\/","title":{"rendered":"D\u00eda Europeo de la Mediaci\u00f3n"},"content":{"rendered":"<p>El\u00a0Centro de Estudios Universitarios de la Mediaci\u00f3n y la Convivencia de la Universidad de La Laguna (CUMECO), en colaboraci\u00f3n con el Grupo de Magistrados por la Mediaci\u00f3n (GEMME), la Facultad de Derecho de la Universidad de La Laguna, y el Centro de Documentaci\u00f3n Europea, organizan el pr\u00f3ximo mi\u00e9rcoles 27 de febrero a las 15:20h en el aula Tom\u00e1s y Valiente de la Facultad de Derecho, unas Jornadas &#8211; Coloquio concernientes al futuro de la mediaci\u00f3n.<\/p>\n<p>La mediaci\u00f3n como m\u00e9todo de resoluci\u00f3n de conflictos est\u00e1 teniendo un creciente auge, para lo cual trataremos hacia d\u00f3nde y en que camino debe dirigirse la mediaci\u00f3n en un futuro. Con motivo de la celebraci\u00f3n del D\u00eda Europeo de la Mediaci\u00f3n, participar\u00e1n en este evento\u00a0D\u00aa Rosal\u00eda Fern\u00e1ndez Alaya, Magistrada de la Audiencia Provincial de Las Palmas y Presidenta de GEMME-Espa\u00f1a,\u00a0Dra. Mar\u00eda Elvira Afonso Rodr\u00edguez, Profesora Titular de Derecho Civil de la Universidad de La Laguna, y\u00a0Dr. Manuel Rosales \u00c1lamo, Director del Centro de Estudios de la Mediaci\u00f3n y la Convivencia (CUMECO) y Subdirector del M\u00e1ster en Intervenci\u00f3n y Mediaci\u00f3n Familiar, Social y Comunitaria de la Universidad de La Laguna.<\/p>\n","protected":false},"excerpt":{"rendered":"<p>El\u00a0Centro de Estudios Universitarios de la Mediaci\u00f3n y la Convivencia de la Universidad de La Laguna (CUMECO), en colaboraci\u00f3n con el Grupo de Magistrados por la Mediaci\u00f3n (GEMME), la Facultad de Derecho de la Universidad de La Laguna, y el Centro de Documentaci\u00f3n Europea, organizan el pr\u00f3ximo mi\u00e9rcoles 27 de febrero a las 15:20h en&#8230;<\/p>\n","protected":false},"author":51,"featured_media":10802,"comment_status":"closed","ping_status":"closed","template":"","tags":[794,2508,330,80],"tribe_events_cat":[841,865,191],"acf":[],"yoast_head":"<!-- This site is optimized with the Yoast SEO plugin v21.3 - https:\/\/yoast.com\/wordpress\/plugins\/seo\/ -->\n<title>D\u00eda Europeo de la Mediaci\u00f3n - ULL - Agenda<\/title>\n<meta name=\"robots\" content=\"index, follow, max-snippet:-1, max-image-preview:large, max-video-preview:-1\" \/>\n<link rel=\"canonical\" href=\"https:\/\/www.ull.es\/portal\/agenda\/evento\/dia-europeo-de-la-mediacion\/\" \/>\n<meta property=\"og:locale\" content=\"es_ES\" \/>\n<meta property=\"og:type\" content=\"article\" \/>\n<meta property=\"og:title\" content=\"D\u00eda Europeo de la Mediaci\u00f3n - ULL - Agenda\" \/>\n<meta property=\"og:description\" content=\"El\u00a0Centro de Estudios Universitarios de la Mediaci\u00f3n y la Convivencia de la Universidad de La Laguna (CUMECO), en colaboraci\u00f3n con el Grupo de Magistrados por la Mediaci\u00f3n (GEMME), la Facultad de Derecho de la Universidad de La Laguna, y el Centro de Documentaci\u00f3n Europea, organizan el pr\u00f3ximo mi\u00e9rcoles 27 de febrero a las 15:20h en...\" \/>\n<meta property=\"og:url\" content=\"https:\/\/www.ull.es\/portal\/agenda\/evento\/dia-europeo-de-la-mediacion\/\" \/>\n<meta property=\"og:site_name\" content=\"ULL - Agenda\" \/>\n<meta property=\"article:modified_time\" content=\"2019-03-01T10:05:48+00:00\" \/>\n<meta property=\"og:image\" content=\"https:\/\/www.ull.es\/portal\/agenda\/wp-content\/uploads\/sites\/12\/2019\/02\/ElFuturoMediacion_Agenda.jpg\" \/>\n\t<meta property=\"og:image:width\" content=\"700\" \/>\n\t<meta property=\"og:image:height\" content=\"350\" \/>\n\t<meta property=\"og:image:type\" content=\"image\/jpeg\" \/>\n<meta name=\"twitter:card\" content=\"summary_large_image\" \/>\n<meta name=\"twitter:label1\" content=\"Tiempo de lectura\" \/>\n\t<meta name=\"twitter:data1\" content=\"1 minuto\" \/>\n<script type=\"application\/ld+json\" class=\"yoast-schema-graph\">{\"@context\":\"https:\/\/schema.org\",\"@graph\":[{\"@type\":\"WebPage\",\"@id\":\"https:\/\/www.ull.es\/portal\/agenda\/evento\/dia-europeo-de-la-mediacion\/\",\"url\":\"https:\/\/www.ull.es\/portal\/agenda\/evento\/dia-europeo-de-la-mediacion\/\",\"name\":\"D\u00eda Europeo de la Mediaci\u00f3n - ULL - Agenda\",\"isPartOf\":{\"@id\":\"https:\/\/www.ull.es\/portal\/agenda\/#website\"},\"datePublished\":\"2019-02-17T21:49:46+00:00\",\"dateModified\":\"2019-03-01T10:05:48+00:00\",\"breadcrumb\":{\"@id\":\"https:\/\/www.ull.es\/portal\/agenda\/evento\/dia-europeo-de-la-mediacion\/#breadcrumb\"},\"inLanguage\":\"es\",\"potentialAction\":[{\"@type\":\"ReadAction\",\"target\":[\"https:\/\/www.ull.es\/portal\/agenda\/evento\/dia-europeo-de-la-mediacion\/\"]}]},{\"@type\":\"BreadcrumbList\",\"@id\":\"https:\/\/www.ull.es\/portal\/agenda\/evento\/dia-europeo-de-la-mediacion\/#breadcrumb\",\"itemListElement\":[{\"@type\":\"ListItem\",\"position\":1,\"name\":\"Portada\",\"item\":\"https:\/\/www.ull.es\/portal\/agenda\/\"},{\"@type\":\"ListItem\",\"position\":2,\"name\":\"D\u00eda Europeo de la Mediaci\u00f3n\"}]},{\"@type\":\"WebSite\",\"@id\":\"https:\/\/www.ull.es\/portal\/agenda\/#website\",\"url\":\"https:\/\/www.ull.es\/portal\/agenda\/\",\"name\":\"ULL - Agenda\",\"description\":\"\",\"potentialAction\":[{\"@type\":\"SearchAction\",\"target\":{\"@type\":\"EntryPoint\",\"urlTemplate\":\"https:\/\/www.ull.es\/portal\/agenda\/?s={search_term_string}\"},\"query-input\":\"required name=search_term_string\"}],\"inLanguage\":\"es\"}]}<\/script>\n<!-- \/ Yoast SEO plugin. -->","yoast_head_json":{"title":"D\u00eda Europeo de la Mediaci\u00f3n - ULL - Agenda","robots":{"index":"index","follow":"follow","max-snippet":"max-snippet:-1","max-image-preview":"max-image-preview:large","max-video-preview":"max-video-preview:-1"},"canonical":"https:\/\/www.ull.es\/portal\/agenda\/evento\/dia-europeo-de-la-mediacion\/","og_locale":"es_ES","og_type":"article","og_title":"D\u00eda Europeo de la Mediaci\u00f3n - ULL - Agenda","og_description":"El\u00a0Centro de Estudios Universitarios de la Mediaci\u00f3n y la Convivencia de la Universidad de La Laguna (CUMECO), en colaboraci\u00f3n con el Grupo de Magistrados por la Mediaci\u00f3n (GEMME), la Facultad de Derecho de la Universidad de La Laguna, y el Centro de Documentaci\u00f3n Europea, organizan el pr\u00f3ximo mi\u00e9rcoles 27 de febrero a las 15:20h en...","og_url":"https:\/\/www.ull.es\/portal\/agenda\/evento\/dia-europeo-de-la-mediacion\/","og_site_name":"ULL - Agenda","article_modified_time":"2019-03-01T10:05:48+00:00","og_image":[{"width":700,"height":350,"url":"https:\/\/www.ull.es\/portal\/agenda\/wp-content\/uploads\/sites\/12\/2019\/02\/ElFuturoMediacion_Agenda.jpg","type":"image\/jpeg"}],"twitter_card":"summary_large_image","twitter_misc":{"Tiempo de lectura":"1 minuto"},"schema":{"@context":"https:\/\/schema.org","@graph":[{"@type":"WebPage","@id":"https:\/\/www.ull.es\/portal\/agenda\/evento\/dia-europeo-de-la-mediacion\/","url":"https:\/\/www.ull.es\/portal\/agenda\/evento\/dia-europeo-de-la-mediacion\/","name":"D\u00eda Europeo de la Mediaci\u00f3n - ULL - Agenda","isPartOf":{"@id":"https:\/\/www.ull.es\/portal\/agenda\/#website"},"datePublished":"2019-02-17T21:49:46+00:00","dateModified":"2019-03-01T10:05:48+00:00","breadcrumb":{"@id":"https:\/\/www.ull.es\/portal\/agenda\/evento\/dia-europeo-de-la-mediacion\/#breadcrumb"},"inLanguage":"es","potentialAction":[{"@type":"ReadAction","target":["https:\/\/www.ull.es\/portal\/agenda\/evento\/dia-europeo-de-la-mediacion\/"]}]},{"@type":"BreadcrumbList","@id":"https:\/\/www.ull.es\/portal\/agenda\/evento\/dia-europeo-de-la-mediacion\/#breadcrumb","itemListElement":[{"@type":"ListItem","position":1,"name":"Portada","item":"https:\/\/www.ull.es\/portal\/agenda\/"},{"@type":"ListItem","position":2,"name":"D\u00eda Europeo de la Mediaci\u00f3n"}]},{"@type":"WebSite","@id":"https:\/\/www.ull.es\/portal\/agenda\/#website","url":"https:\/\/www.ull.es\/portal\/agenda\/","name":"ULL - Agenda","description":"","potentialAction":[{"@type":"SearchAction","target":{"@type":"EntryPoint","urlTemplate":"https:\/\/www.ull.es\/portal\/agenda\/?s={search_term_string}"},"query-input":"required name=search_term_string"}],"inLanguage":"es"}]}},"_links":{"self":[{"href":"https:\/\/www.ull.es\/portal\/agenda\/wp-json\/wp\/v2\/tribe_events\/10801"}],"collection":[{"href":"https:\/\/www.ull.es\/portal\/agenda\/wp-json\/wp\/v2\/tribe_events"}],"about":[{"href":"https:\/\/www.ull.es\/portal\/agenda\/wp-json\/wp\/v2\/types\/tribe_events"}],"author":[{"embeddable":true,"href":"https:\/\/www.ull.es\/portal\/agenda\/wp-json\/wp\/v2\/users\/51"}],"replies":[{"embeddable":true,"href":"https:\/\/www.ull.es\/portal\/agenda\/wp-json\/wp\/v2\/comments?post=10801"}],"version-history":[{"count":2,"href":"https:\/\/www.ull.es\/portal\/agenda\/wp-json\/wp\/v2\/tribe_events\/10801\/revisions"}],"predecessor-version":[{"id":11059,"href":"https:\/\/www.ull.es\/portal\/agenda\/wp-json\/wp\/v2\/tribe_events\/10801\/revisions\/11059"}],"wp:featuredmedia":[{"embeddable":true,"href":"https:\/\/www.ull.es\/portal\/agenda\/wp-json\/wp\/v2\/media\/10802"}],"wp:attachment":[{"href":"https:\/\/www.ull.es\/portal\/agenda\/wp-json\/wp\/v2\/media?parent=10801"}],"wp:term":[{"taxonomy":"post_tag","embeddable":true,"href":"https:\/\/www.ull.es\/portal\/agenda\/wp-json\/wp\/v2\/tags?post=10801"},{"taxonomy":"tribe_events_cat","embeddable":true,"href":"https:\/\/www.ull.es\/portal\/agenda\/wp-json\/wp\/v2\/tribe_events_cat?post=10801"}],"curies":[{"name":"wp","href":"https:\/\/api.w.org\/{rel}","templated":true}]}}