{"id":11323,"date":"2019-03-19T11:20:09","date_gmt":"2019-03-19T11:20:09","guid":{"rendered":"https:\/\/www.ull.es\/portal\/agenda\/?post_type=tribe_events&#038;p=11323"},"modified":"2019-03-19T11:20:09","modified_gmt":"2019-03-19T11:20:09","slug":"xv-jornadas-de-internacionalizacion-y-cooperacion-de-la-crue","status":"publish","type":"tribe_events","link":"https:\/\/www.ull.es\/portal\/agenda\/evento\/xv-jornadas-de-internacionalizacion-y-cooperacion-de-la-crue\/","title":{"rendered":"XV Jornadas de Internacionalizaci\u00f3n y Cooperaci\u00f3n de la CRUE"},"content":{"rendered":"<p>Bienvenidos y bienvenidas a las XV Jornadas de Internacionalizaci\u00f3n y Cooperaci\u00f3n de la CRUE, la cita anual que congrega a los equipos de relaciones internacionales y cooperaci\u00f3n de las universidades espa\u00f1olas. Es en este foro donde se comparten y debaten los resultados de nuestra gesti\u00f3n, as\u00ed como los principales retos y oportunidades que afrontan nuestras instituciones de educaci\u00f3n superior. Dichos retos se encuentran ahora no solo en entornos y contextos geogr\u00e1ficos m\u00faltiples y diversos, sino tambi\u00e9n en nuestras universidades con la incorporaci\u00f3n de nuevas pol\u00edticas para la internacionalizaci\u00f3n en casa.<\/p>\n<p>La Universidad de La Laguna tiene el placer de acoger la decimoquinta edici\u00f3n de este encuentro que tendr\u00e1 lugar los d\u00edas 20, 21 y 22 de marzo de 2019. Enclavada en la Ciudad de La Laguna, declarada Patrimonio de la Humanidad, nuestra universidad cumple 227 a\u00f1os al servicio de la educaci\u00f3n superior de los canarios. Una universidad con tradici\u00f3n e historia, pero tambi\u00e9n contempor\u00e1nea e innovadora, que apuesta por consolidarse como plataforma tricontinental de conocimiento de excelencia para Europa, \u00c1frica y Am\u00e9rica, adaptada a las necesidades de una sociedad moderna, cosmopolita, t\u00e9cnica, solidaria y sostenible.<\/p>\n<p>Las universidades est\u00e1n expuestas a momentos de cambios profundos y con este programa transversal, intenso y variado, nos proponemos trabajar en torno a ejes tem\u00e1ticos que favorezcan la planificaci\u00f3n e implementaci\u00f3n de la internacionalizaci\u00f3n en nuestras universidades.<\/p>\n<p>Toda la informaci\u00f3n disponible a trav\u00e9s del <a href=\"https:\/\/www.ull.es\/eventos\/crue-internacional\/\" target=\"_blank\" rel=\"noopener\" target=\"_blank\" rel=\"noopener\">siguiente enlace.<\/a><\/p>\n","protected":false},"excerpt":{"rendered":"<p>Bienvenidos y bienvenidas a las XV Jornadas de Internacionalizaci\u00f3n y Cooperaci\u00f3n de la CRUE, la cita anual que congrega a los equipos de relaciones internacionales y cooperaci\u00f3n de las universidades espa\u00f1olas. Es en este foro donde se comparten y debaten los resultados de nuestra gesti\u00f3n, as\u00ed como los principales retos y oportunidades que afrontan nuestras&#8230;<\/p>\n","protected":false},"author":51,"featured_media":11324,"comment_status":"closed","ping_status":"closed","template":"","tags":[735,1741,2667,373],"tribe_events_cat":[191],"acf":[],"yoast_head":"<!-- This site is optimized with the Yoast SEO plugin v21.3 - https:\/\/yoast.com\/wordpress\/plugins\/seo\/ -->\n<title>XV Jornadas de Internacionalizaci\u00f3n y Cooperaci\u00f3n de la CRUE - ULL - Agenda<\/title>\n<meta name=\"robots\" content=\"index, follow, max-snippet:-1, max-image-preview:large, max-video-preview:-1\" \/>\n<link rel=\"canonical\" href=\"https:\/\/www.ull.es\/portal\/agenda\/evento\/xv-jornadas-de-internacionalizacion-y-cooperacion-de-la-crue\/\" \/>\n<meta property=\"og:locale\" content=\"es_ES\" \/>\n<meta property=\"og:type\" content=\"article\" \/>\n<meta property=\"og:title\" content=\"XV Jornadas de Internacionalizaci\u00f3n y Cooperaci\u00f3n de la CRUE - ULL - Agenda\" \/>\n<meta property=\"og:description\" content=\"Bienvenidos y bienvenidas a las XV Jornadas de Internacionalizaci\u00f3n y Cooperaci\u00f3n de la CRUE, la cita anual que congrega a los equipos de relaciones internacionales y cooperaci\u00f3n de las universidades espa\u00f1olas. Es en este foro donde se comparten y debaten los resultados de nuestra gesti\u00f3n, as\u00ed como los principales retos y oportunidades que afrontan nuestras...\" \/>\n<meta property=\"og:url\" content=\"https:\/\/www.ull.es\/portal\/agenda\/evento\/xv-jornadas-de-internacionalizacion-y-cooperacion-de-la-crue\/\" \/>\n<meta property=\"og:site_name\" content=\"ULL - Agenda\" \/>\n<meta property=\"og:image\" content=\"https:\/\/www.ull.es\/portal\/agenda\/wp-content\/uploads\/sites\/12\/2019\/03\/InternacionalizacionCRUE_agenda.jpg\" \/>\n\t<meta property=\"og:image:width\" content=\"700\" \/>\n\t<meta property=\"og:image:height\" content=\"350\" \/>\n\t<meta property=\"og:image:type\" content=\"image\/jpeg\" \/>\n<meta name=\"twitter:card\" content=\"summary_large_image\" \/>\n<meta name=\"twitter:label1\" content=\"Tiempo de lectura\" \/>\n\t<meta name=\"twitter:data1\" content=\"1 minuto\" \/>\n<script type=\"application\/ld+json\" class=\"yoast-schema-graph\">{\"@context\":\"https:\/\/schema.org\",\"@graph\":[{\"@type\":\"WebPage\",\"@id\":\"https:\/\/www.ull.es\/portal\/agenda\/evento\/xv-jornadas-de-internacionalizacion-y-cooperacion-de-la-crue\/\",\"url\":\"https:\/\/www.ull.es\/portal\/agenda\/evento\/xv-jornadas-de-internacionalizacion-y-cooperacion-de-la-crue\/\",\"name\":\"XV Jornadas de Internacionalizaci\u00f3n y Cooperaci\u00f3n de la CRUE - ULL - Agenda\",\"isPartOf\":{\"@id\":\"https:\/\/www.ull.es\/portal\/agenda\/#website\"},\"datePublished\":\"2019-03-19T11:20:09+00:00\",\"dateModified\":\"2019-03-19T11:20:09+00:00\",\"breadcrumb\":{\"@id\":\"https:\/\/www.ull.es\/portal\/agenda\/evento\/xv-jornadas-de-internacionalizacion-y-cooperacion-de-la-crue\/#breadcrumb\"},\"inLanguage\":\"es\",\"potentialAction\":[{\"@type\":\"ReadAction\",\"target\":[\"https:\/\/www.ull.es\/portal\/agenda\/evento\/xv-jornadas-de-internacionalizacion-y-cooperacion-de-la-crue\/\"]}]},{\"@type\":\"BreadcrumbList\",\"@id\":\"https:\/\/www.ull.es\/portal\/agenda\/evento\/xv-jornadas-de-internacionalizacion-y-cooperacion-de-la-crue\/#breadcrumb\",\"itemListElement\":[{\"@type\":\"ListItem\",\"position\":1,\"name\":\"Portada\",\"item\":\"https:\/\/www.ull.es\/portal\/agenda\/\"},{\"@type\":\"ListItem\",\"position\":2,\"name\":\"XV Jornadas de Internacionalizaci\u00f3n y Cooperaci\u00f3n de la CRUE\"}]},{\"@type\":\"WebSite\",\"@id\":\"https:\/\/www.ull.es\/portal\/agenda\/#website\",\"url\":\"https:\/\/www.ull.es\/portal\/agenda\/\",\"name\":\"ULL - Agenda\",\"description\":\"\",\"potentialAction\":[{\"@type\":\"SearchAction\",\"target\":{\"@type\":\"EntryPoint\",\"urlTemplate\":\"https:\/\/www.ull.es\/portal\/agenda\/?s={search_term_string}\"},\"query-input\":\"required name=search_term_string\"}],\"inLanguage\":\"es\"}]}<\/script>\n<!-- \/ Yoast SEO plugin. -->","yoast_head_json":{"title":"XV Jornadas de Internacionalizaci\u00f3n y Cooperaci\u00f3n de la CRUE - ULL - Agenda","robots":{"index":"index","follow":"follow","max-snippet":"max-snippet:-1","max-image-preview":"max-image-preview:large","max-video-preview":"max-video-preview:-1"},"canonical":"https:\/\/www.ull.es\/portal\/agenda\/evento\/xv-jornadas-de-internacionalizacion-y-cooperacion-de-la-crue\/","og_locale":"es_ES","og_type":"article","og_title":"XV Jornadas de Internacionalizaci\u00f3n y Cooperaci\u00f3n de la CRUE - ULL - Agenda","og_description":"Bienvenidos y bienvenidas a las XV Jornadas de Internacionalizaci\u00f3n y Cooperaci\u00f3n de la CRUE, la cita anual que congrega a los equipos de relaciones internacionales y cooperaci\u00f3n de las universidades espa\u00f1olas. Es en este foro donde se comparten y debaten los resultados de nuestra gesti\u00f3n, as\u00ed como los principales retos y oportunidades que afrontan nuestras...","og_url":"https:\/\/www.ull.es\/portal\/agenda\/evento\/xv-jornadas-de-internacionalizacion-y-cooperacion-de-la-crue\/","og_site_name":"ULL - Agenda","og_image":[{"width":700,"height":350,"url":"https:\/\/www.ull.es\/portal\/agenda\/wp-content\/uploads\/sites\/12\/2019\/03\/InternacionalizacionCRUE_agenda.jpg","type":"image\/jpeg"}],"twitter_card":"summary_large_image","twitter_misc":{"Tiempo de lectura":"1 minuto"},"schema":{"@context":"https:\/\/schema.org","@graph":[{"@type":"WebPage","@id":"https:\/\/www.ull.es\/portal\/agenda\/evento\/xv-jornadas-de-internacionalizacion-y-cooperacion-de-la-crue\/","url":"https:\/\/www.ull.es\/portal\/agenda\/evento\/xv-jornadas-de-internacionalizacion-y-cooperacion-de-la-crue\/","name":"XV Jornadas de Internacionalizaci\u00f3n y Cooperaci\u00f3n de la CRUE - ULL - Agenda","isPartOf":{"@id":"https:\/\/www.ull.es\/portal\/agenda\/#website"},"datePublished":"2019-03-19T11:20:09+00:00","dateModified":"2019-03-19T11:20:09+00:00","breadcrumb":{"@id":"https:\/\/www.ull.es\/portal\/agenda\/evento\/xv-jornadas-de-internacionalizacion-y-cooperacion-de-la-crue\/#breadcrumb"},"inLanguage":"es","potentialAction":[{"@type":"ReadAction","target":["https:\/\/www.ull.es\/portal\/agenda\/evento\/xv-jornadas-de-internacionalizacion-y-cooperacion-de-la-crue\/"]}]},{"@type":"BreadcrumbList","@id":"https:\/\/www.ull.es\/portal\/agenda\/evento\/xv-jornadas-de-internacionalizacion-y-cooperacion-de-la-crue\/#breadcrumb","itemListElement":[{"@type":"ListItem","position":1,"name":"Portada","item":"https:\/\/www.ull.es\/portal\/agenda\/"},{"@type":"ListItem","position":2,"name":"XV Jornadas de Internacionalizaci\u00f3n y Cooperaci\u00f3n de la CRUE"}]},{"@type":"WebSite","@id":"https:\/\/www.ull.es\/portal\/agenda\/#website","url":"https:\/\/www.ull.es\/portal\/agenda\/","name":"ULL - Agenda","description":"","potentialAction":[{"@type":"SearchAction","target":{"@type":"EntryPoint","urlTemplate":"https:\/\/www.ull.es\/portal\/agenda\/?s={search_term_string}"},"query-input":"required name=search_term_string"}],"inLanguage":"es"}]}},"_links":{"self":[{"href":"https:\/\/www.ull.es\/portal\/agenda\/wp-json\/wp\/v2\/tribe_events\/11323"}],"collection":[{"href":"https:\/\/www.ull.es\/portal\/agenda\/wp-json\/wp\/v2\/tribe_events"}],"about":[{"href":"https:\/\/www.ull.es\/portal\/agenda\/wp-json\/wp\/v2\/types\/tribe_events"}],"author":[{"embeddable":true,"href":"https:\/\/www.ull.es\/portal\/agenda\/wp-json\/wp\/v2\/users\/51"}],"replies":[{"embeddable":true,"href":"https:\/\/www.ull.es\/portal\/agenda\/wp-json\/wp\/v2\/comments?post=11323"}],"version-history":[{"count":1,"href":"https:\/\/www.ull.es\/portal\/agenda\/wp-json\/wp\/v2\/tribe_events\/11323\/revisions"}],"predecessor-version":[{"id":11325,"href":"https:\/\/www.ull.es\/portal\/agenda\/wp-json\/wp\/v2\/tribe_events\/11323\/revisions\/11325"}],"wp:featuredmedia":[{"embeddable":true,"href":"https:\/\/www.ull.es\/portal\/agenda\/wp-json\/wp\/v2\/media\/11324"}],"wp:attachment":[{"href":"https:\/\/www.ull.es\/portal\/agenda\/wp-json\/wp\/v2\/media?parent=11323"}],"wp:term":[{"taxonomy":"post_tag","embeddable":true,"href":"https:\/\/www.ull.es\/portal\/agenda\/wp-json\/wp\/v2\/tags?post=11323"},{"taxonomy":"tribe_events_cat","embeddable":true,"href":"https:\/\/www.ull.es\/portal\/agenda\/wp-json\/wp\/v2\/tribe_events_cat?post=11323"}],"curies":[{"name":"wp","href":"https:\/\/api.w.org\/{rel}","templated":true}]}}