{"id":11351,"date":"2019-03-21T00:44:12","date_gmt":"2019-03-21T00:44:12","guid":{"rendered":"https:\/\/www.ull.es\/portal\/agenda\/?post_type=tribe_events&#038;p=11351"},"modified":"2019-03-21T00:44:12","modified_gmt":"2019-03-21T00:44:12","slug":"seminario-de-formacion-humanites-numeriques-2-0-textometria-didactica-y-traduccion","status":"publish","type":"tribe_events","link":"https:\/\/www.ull.es\/portal\/agenda\/evento\/seminario-de-formacion-humanites-numeriques-2-0-textometria-didactica-y-traduccion\/","title":{"rendered":"Seminario de formaci\u00f3n: Humanit\u00e9s num\u00e9riques 2.0. Textometr\u00eda, did\u00e1ctica y traducci\u00f3n"},"content":{"rendered":"<p>En el marco de las actividades cient\u00edficas desarrolladas por el equipo LexHis (Lexicograf\u00eda e Historia), se organizan, entre el 20 y el 22 de marzo, tres seminarios dedicados a la familiarizaci\u00f3n y a la explotaci\u00f3n de diferentes recursos digitales puestos al servicio de la textometr\u00eda, la did\u00e1ctica y la traducci\u00f3n.<\/p>\n<p>Con la celebraci\u00f3n de estas segundas jornadas destinadas a las Humanidades digitales se pretende acercar a nuestro alumnado** a una serie de proyectos internacionales, en concreto del \u00e1mbito franc\u00f3fono, que dan buena cuenta del auge que han experimentado estos \u00faltimos a\u00f1os tres de las ramas fundamentales de la llamada ling\u00fc\u00edstica aplicada.<\/p>\n<p>Al mismo tiempo, se aspira a fomentar, entre nuestros estudiantes, el inter\u00e9s por este maridaje entre ling\u00fc\u00edstica e inform\u00e1tica, de manera que, a corto o medio plazo, se puedan impulsar desde nuestra Facultad de Humanidades nuevas v\u00edas de estudio de postgrado en el campo de la ling\u00fc\u00edstica inform\u00e1tica.<\/p>\n<p><a href=\"https:\/\/drive.google.com\/file\/d\/1dTJqiWuRhcN94tPdmjs5EJt4ACvS5Don\/view?usp=sharing\" target=\"_blank\" rel=\"noopener\" target=\"_blank\" rel=\"noopener\"><strong>Programa<\/strong><\/a><\/p>\n","protected":false},"excerpt":{"rendered":"<p>En el marco de las actividades cient\u00edficas desarrolladas por el equipo LexHis (Lexicograf\u00eda e Historia), se organizan, entre el 20 y el 22 de marzo, tres seminarios dedicados a la familiarizaci\u00f3n y a la explotaci\u00f3n de diferentes recursos digitales puestos al servicio de la textometr\u00eda, la did\u00e1ctica y la traducci\u00f3n. Con la celebraci\u00f3n de estas&#8230;<\/p>\n","protected":false},"author":51,"featured_media":11352,"comment_status":"closed","ping_status":"closed","template":"","tags":[532,2677,2661,1385],"tribe_events_cat":[985,186,191],"acf":[],"yoast_head":"<!-- This site is optimized with the Yoast SEO plugin v21.3 - https:\/\/yoast.com\/wordpress\/plugins\/seo\/ -->\n<title>Seminario de formaci\u00f3n: Humanit\u00e9s num\u00e9riques 2.0. Textometr\u00eda, did\u00e1ctica y traducci\u00f3n - ULL - Agenda<\/title>\n<meta name=\"robots\" content=\"index, follow, max-snippet:-1, max-image-preview:large, max-video-preview:-1\" \/>\n<link rel=\"canonical\" href=\"https:\/\/www.ull.es\/portal\/agenda\/evento\/seminario-de-formacion-humanites-numeriques-2-0-textometria-didactica-y-traduccion\/\" \/>\n<meta property=\"og:locale\" content=\"es_ES\" \/>\n<meta property=\"og:type\" content=\"article\" \/>\n<meta property=\"og:title\" content=\"Seminario de formaci\u00f3n: Humanit\u00e9s num\u00e9riques 2.0. Textometr\u00eda, did\u00e1ctica y traducci\u00f3n - ULL - Agenda\" \/>\n<meta property=\"og:description\" content=\"En el marco de las actividades cient\u00edficas desarrolladas por el equipo LexHis (Lexicograf\u00eda e Historia), se organizan, entre el 20 y el 22 de marzo, tres seminarios dedicados a la familiarizaci\u00f3n y a la explotaci\u00f3n de diferentes recursos digitales puestos al servicio de la textometr\u00eda, la did\u00e1ctica y la traducci\u00f3n. Con la celebraci\u00f3n de estas...\" \/>\n<meta property=\"og:url\" content=\"https:\/\/www.ull.es\/portal\/agenda\/evento\/seminario-de-formacion-humanites-numeriques-2-0-textometria-didactica-y-traduccion\/\" \/>\n<meta property=\"og:site_name\" content=\"ULL - Agenda\" \/>\n<meta property=\"og:image\" content=\"https:\/\/www.ull.es\/portal\/agenda\/wp-content\/uploads\/sites\/12\/2019\/03\/HUMANITESNUMERIQUES_AGENDA.jpg\" \/>\n\t<meta property=\"og:image:width\" content=\"700\" \/>\n\t<meta property=\"og:image:height\" content=\"350\" \/>\n\t<meta property=\"og:image:type\" content=\"image\/jpeg\" \/>\n<meta name=\"twitter:card\" content=\"summary_large_image\" \/>\n<meta name=\"twitter:label1\" content=\"Tiempo de lectura\" \/>\n\t<meta name=\"twitter:data1\" content=\"1 minuto\" \/>\n<script type=\"application\/ld+json\" class=\"yoast-schema-graph\">{\"@context\":\"https:\/\/schema.org\",\"@graph\":[{\"@type\":\"WebPage\",\"@id\":\"https:\/\/www.ull.es\/portal\/agenda\/evento\/seminario-de-formacion-humanites-numeriques-2-0-textometria-didactica-y-traduccion\/\",\"url\":\"https:\/\/www.ull.es\/portal\/agenda\/evento\/seminario-de-formacion-humanites-numeriques-2-0-textometria-didactica-y-traduccion\/\",\"name\":\"Seminario de formaci\u00f3n: Humanit\u00e9s num\u00e9riques 2.0. Textometr\u00eda, did\u00e1ctica y traducci\u00f3n - ULL - Agenda\",\"isPartOf\":{\"@id\":\"https:\/\/www.ull.es\/portal\/agenda\/#website\"},\"datePublished\":\"2019-03-21T00:44:12+00:00\",\"dateModified\":\"2019-03-21T00:44:12+00:00\",\"breadcrumb\":{\"@id\":\"https:\/\/www.ull.es\/portal\/agenda\/evento\/seminario-de-formacion-humanites-numeriques-2-0-textometria-didactica-y-traduccion\/#breadcrumb\"},\"inLanguage\":\"es\",\"potentialAction\":[{\"@type\":\"ReadAction\",\"target\":[\"https:\/\/www.ull.es\/portal\/agenda\/evento\/seminario-de-formacion-humanites-numeriques-2-0-textometria-didactica-y-traduccion\/\"]}]},{\"@type\":\"BreadcrumbList\",\"@id\":\"https:\/\/www.ull.es\/portal\/agenda\/evento\/seminario-de-formacion-humanites-numeriques-2-0-textometria-didactica-y-traduccion\/#breadcrumb\",\"itemListElement\":[{\"@type\":\"ListItem\",\"position\":1,\"name\":\"Portada\",\"item\":\"https:\/\/www.ull.es\/portal\/agenda\/\"},{\"@type\":\"ListItem\",\"position\":2,\"name\":\"Seminario de formaci\u00f3n: Humanit\u00e9s num\u00e9riques 2.0. Textometr\u00eda, did\u00e1ctica y traducci\u00f3n\"}]},{\"@type\":\"WebSite\",\"@id\":\"https:\/\/www.ull.es\/portal\/agenda\/#website\",\"url\":\"https:\/\/www.ull.es\/portal\/agenda\/\",\"name\":\"ULL - Agenda\",\"description\":\"\",\"potentialAction\":[{\"@type\":\"SearchAction\",\"target\":{\"@type\":\"EntryPoint\",\"urlTemplate\":\"https:\/\/www.ull.es\/portal\/agenda\/?s={search_term_string}\"},\"query-input\":\"required name=search_term_string\"}],\"inLanguage\":\"es\"}]}<\/script>\n<!-- \/ Yoast SEO plugin. -->","yoast_head_json":{"title":"Seminario de formaci\u00f3n: Humanit\u00e9s num\u00e9riques 2.0. Textometr\u00eda, did\u00e1ctica y traducci\u00f3n - ULL - Agenda","robots":{"index":"index","follow":"follow","max-snippet":"max-snippet:-1","max-image-preview":"max-image-preview:large","max-video-preview":"max-video-preview:-1"},"canonical":"https:\/\/www.ull.es\/portal\/agenda\/evento\/seminario-de-formacion-humanites-numeriques-2-0-textometria-didactica-y-traduccion\/","og_locale":"es_ES","og_type":"article","og_title":"Seminario de formaci\u00f3n: Humanit\u00e9s num\u00e9riques 2.0. Textometr\u00eda, did\u00e1ctica y traducci\u00f3n - ULL - Agenda","og_description":"En el marco de las actividades cient\u00edficas desarrolladas por el equipo LexHis (Lexicograf\u00eda e Historia), se organizan, entre el 20 y el 22 de marzo, tres seminarios dedicados a la familiarizaci\u00f3n y a la explotaci\u00f3n de diferentes recursos digitales puestos al servicio de la textometr\u00eda, la did\u00e1ctica y la traducci\u00f3n. Con la celebraci\u00f3n de estas...","og_url":"https:\/\/www.ull.es\/portal\/agenda\/evento\/seminario-de-formacion-humanites-numeriques-2-0-textometria-didactica-y-traduccion\/","og_site_name":"ULL - Agenda","og_image":[{"width":700,"height":350,"url":"https:\/\/www.ull.es\/portal\/agenda\/wp-content\/uploads\/sites\/12\/2019\/03\/HUMANITESNUMERIQUES_AGENDA.jpg","type":"image\/jpeg"}],"twitter_card":"summary_large_image","twitter_misc":{"Tiempo de lectura":"1 minuto"},"schema":{"@context":"https:\/\/schema.org","@graph":[{"@type":"WebPage","@id":"https:\/\/www.ull.es\/portal\/agenda\/evento\/seminario-de-formacion-humanites-numeriques-2-0-textometria-didactica-y-traduccion\/","url":"https:\/\/www.ull.es\/portal\/agenda\/evento\/seminario-de-formacion-humanites-numeriques-2-0-textometria-didactica-y-traduccion\/","name":"Seminario de formaci\u00f3n: Humanit\u00e9s num\u00e9riques 2.0. Textometr\u00eda, did\u00e1ctica y traducci\u00f3n - ULL - Agenda","isPartOf":{"@id":"https:\/\/www.ull.es\/portal\/agenda\/#website"},"datePublished":"2019-03-21T00:44:12+00:00","dateModified":"2019-03-21T00:44:12+00:00","breadcrumb":{"@id":"https:\/\/www.ull.es\/portal\/agenda\/evento\/seminario-de-formacion-humanites-numeriques-2-0-textometria-didactica-y-traduccion\/#breadcrumb"},"inLanguage":"es","potentialAction":[{"@type":"ReadAction","target":["https:\/\/www.ull.es\/portal\/agenda\/evento\/seminario-de-formacion-humanites-numeriques-2-0-textometria-didactica-y-traduccion\/"]}]},{"@type":"BreadcrumbList","@id":"https:\/\/www.ull.es\/portal\/agenda\/evento\/seminario-de-formacion-humanites-numeriques-2-0-textometria-didactica-y-traduccion\/#breadcrumb","itemListElement":[{"@type":"ListItem","position":1,"name":"Portada","item":"https:\/\/www.ull.es\/portal\/agenda\/"},{"@type":"ListItem","position":2,"name":"Seminario de formaci\u00f3n: Humanit\u00e9s num\u00e9riques 2.0. Textometr\u00eda, did\u00e1ctica y traducci\u00f3n"}]},{"@type":"WebSite","@id":"https:\/\/www.ull.es\/portal\/agenda\/#website","url":"https:\/\/www.ull.es\/portal\/agenda\/","name":"ULL - Agenda","description":"","potentialAction":[{"@type":"SearchAction","target":{"@type":"EntryPoint","urlTemplate":"https:\/\/www.ull.es\/portal\/agenda\/?s={search_term_string}"},"query-input":"required name=search_term_string"}],"inLanguage":"es"}]}},"_links":{"self":[{"href":"https:\/\/www.ull.es\/portal\/agenda\/wp-json\/wp\/v2\/tribe_events\/11351"}],"collection":[{"href":"https:\/\/www.ull.es\/portal\/agenda\/wp-json\/wp\/v2\/tribe_events"}],"about":[{"href":"https:\/\/www.ull.es\/portal\/agenda\/wp-json\/wp\/v2\/types\/tribe_events"}],"author":[{"embeddable":true,"href":"https:\/\/www.ull.es\/portal\/agenda\/wp-json\/wp\/v2\/users\/51"}],"replies":[{"embeddable":true,"href":"https:\/\/www.ull.es\/portal\/agenda\/wp-json\/wp\/v2\/comments?post=11351"}],"version-history":[{"count":2,"href":"https:\/\/www.ull.es\/portal\/agenda\/wp-json\/wp\/v2\/tribe_events\/11351\/revisions"}],"predecessor-version":[{"id":11354,"href":"https:\/\/www.ull.es\/portal\/agenda\/wp-json\/wp\/v2\/tribe_events\/11351\/revisions\/11354"}],"wp:featuredmedia":[{"embeddable":true,"href":"https:\/\/www.ull.es\/portal\/agenda\/wp-json\/wp\/v2\/media\/11352"}],"wp:attachment":[{"href":"https:\/\/www.ull.es\/portal\/agenda\/wp-json\/wp\/v2\/media?parent=11351"}],"wp:term":[{"taxonomy":"post_tag","embeddable":true,"href":"https:\/\/www.ull.es\/portal\/agenda\/wp-json\/wp\/v2\/tags?post=11351"},{"taxonomy":"tribe_events_cat","embeddable":true,"href":"https:\/\/www.ull.es\/portal\/agenda\/wp-json\/wp\/v2\/tribe_events_cat?post=11351"}],"curies":[{"name":"wp","href":"https:\/\/api.w.org\/{rel}","templated":true}]}}