{"id":11395,"date":"2019-03-24T11:50:50","date_gmt":"2019-03-24T11:50:50","guid":{"rendered":"https:\/\/www.ull.es\/portal\/agenda\/?post_type=tribe_events&#038;p=11395"},"modified":"2019-04-01T11:35:07","modified_gmt":"2019-04-01T11:35:07","slug":"dialogos-ull-tendiendo-puentes-en-un-mundo-de-cambio-grupo-fedola-la-credibilidad-de-esta-empresa-se-ha-labrado-desde-la-humildad-cumpliendo-con-la-palabra","status":"publish","type":"tribe_events","link":"https:\/\/www.ull.es\/portal\/agenda\/evento\/dialogos-ull-tendiendo-puentes-en-un-mundo-de-cambio-grupo-fedola-la-credibilidad-de-esta-empresa-se-ha-labrado-desde-la-humildad-cumpliendo-con-la-palabra\/","title":{"rendered":"Di\u00e1logos ULL. Tendiendo puentes en un mundo de cambio: Grupo Fedola, \u201cLa credibilidad de esta empresa se ha labrado desde la humildad cumpliendo con la palabra\u201d"},"content":{"rendered":"<p class=\"p1\"><span class=\"s1\"><b>El Grupo Fedola<\/b><\/span><span class=\"s2\"> es una corporaci\u00f3n canaria de 15 empresas y 21 marcas comerciales repartidas por los principales sectores econ\u00f3micos en las islas. El grupo abarca diferentes actividades: importaci\u00f3n y comercializaci\u00f3n de patatas, alimentos de cuarta y quinta gama, construcci\u00f3n, ferreter\u00eda, cadena hotelera, distribuci\u00f3n de productos de canal Horeca, uniformes profesionales, carpas y organizaci\u00f3n de eventos, papeler\u00eda, n\u00e1utica, corredur\u00eda de seguros y servicios TIC.<\/span><\/p>\n<p class=\"p1\"><span class=\"s1\">Los or\u00edgenes de Fedola est\u00e1n forjados en la innata necesidad por parte de Fernando L\u00f3pez de superar, desde muy joven, cada reto que se le ha ido presentando en la vida. Fernando L\u00f3pez nace el 2 de agosto de 1938 en el seno de una familia humilde en el municipio tinerfe\u00f1o de Tacoronte. Pas\u00f3 una infancia rodeado de una familia con pocos recursos y con la urgencia de contar con las manos de todos sus miembros para ayudar a su padre en las labores del campo. Una realidad que le llev\u00f3 a abandonar la escuela antes de terminar la formaci\u00f3n b\u00e1sica. Su gen emprendedor surgi\u00f3 precozmente, y esto fue lo que lo lanz\u00f3, a la edad de 15 a\u00f1os, a abandonar el trabajo familiar para dedicarse a la compra-venta de productos agr\u00edcolas ampliando el negocio a municipios contiguos. En esa \u00e9poca, junto a su hermano Domingo, utilizaba un burro como medio de transporte. En 1957 iniciaron su trayectoria empresarial com\u00fan con la apertura de la Ferreter\u00eda Hermanos L\u00f3pez Arvelo, una actividad que ampliaron\u00a0<\/span><span class=\"s1\">a los pocos a\u00f1os construyendo nuevas instalaciones y en las que incluyeron cuatro viviendas.<\/span><\/p>\n<p class=\"p1\"><span class=\"s1\">Para desarrollar la actividad hoy en d\u00eda en el Grupo Fedola hay una plantilla que supera los mil doscientos empleados. El grupo empresarial ha registrado en los \u00faltimos a\u00f1os crecimiento continuo y sostenible de beneficios. Una tendencia que se prev\u00e9 mantener a futuro y que ha contribuido a proyectar una posici\u00f3n de fuerza y confianza financiera. Todas las empresas son independientes, presentan fiscalidad y contabilidad propia. Cada una de ellas tiene su propia estrategia de desarrollo que debe ser presentada ante el consejo de administraci\u00f3n para ser refrendadas. El grupo ofrece unos servicios comunes centralizados como son administraci\u00f3n, gabinete jur\u00eddico, auditor\u00eda, marketing y comunicaci\u00f3n y RRHH.<\/span><\/p>\n<p class=\"p1\"><span class=\"s1\">Concretamente el Grupo cuenta con cinco establecimientos alojativos, cuatro de ellos est\u00e1n ubicados en el sur de Tenerife: GF Victoria 5* GL, GF Gran Costa Adeje, GF Isabel y GF Fa\u00f1ab\u00e9. La cadena completa su oferta alojativa con el GF Noelia, situado en Puerto de la Cruz. El crecimiento en los \u00faltimos a\u00f1os tiene como m\u00e1ximo exponente la construcci\u00f3n y reciente apertura de GF Victoria de 5*Gran Lujo, el quinto hotel de la cadena que fue declarado de inter\u00e9s general por el Parlamento de Canarias.<\/span><\/p>\n<p class=\"p1\"><span class=\"s2\"><b>Victoria L\u00f3pez Fuentes<\/b><\/span><span class=\"s1\">, es la actual presidenta de Grupo de Fedola. Despu\u00e9s de 6 d\u00e9cadas con Fernando L\u00f3pez al frente del grupo, la corporaci\u00f3n decidi\u00f3 a principios de este a\u00f1o afrontar el cambio generacional ya planificado. Un cambio natural en donde los hijos asumen las principales responsabilidades corporativas y ejecutivas del grupo. De esta manera Victoria asume la presidencia de un consejo de administraci\u00f3n formado por 7 miembros de los cuales 4 son hijos de Fernando L\u00f3pez. El fundador del Grupo Fedola pasa a ser presidente de Honor\u00a0<\/span><span class=\"s1\">y M\u00f3nica y Ana Bel\u00e9n L\u00f3pez completan las vicepresidencias.<\/span><\/p>\n<p class=\"p1\"><span class=\"s1\">Victoria L\u00f3pez es licenciada en Ciencias Empresariales y master en Direcci\u00f3n de Empresas Tur\u00edsticas. Nada m\u00e1s terminada la carrera ya quer\u00eda desarrollar el ADN empresarial heredado y transmitido por su padre. A los 25 a\u00f1os crea su primer comercio en el que aprende todo lo necesario para gestionar un peque\u00f1o negocio y las relaciones entre empresario y cliente. Cinco a\u00f1os despu\u00e9s, en el a\u00f1o 2.000, decide incorporarse al Grupo Fedola, un paso que responde a la intenci\u00f3n del Fernando L\u00f3pez de incorporar a la segunda generaci\u00f3n en los \u00f3rganos de direcci\u00f3n de la empresa familiar.<\/span><\/p>\n<p class=\"p1\"><span class=\"s1\">La entrada de Victoria en el grupo es intencionadamente discreta. Decide asumir peque\u00f1as responsabilidades con el fin de conocer toda la estructura de un grupo que, a principios de nuevo siglo estaba empezando a crecer, con 190 personas y con dos establecimientos hoteleros. Con la construcci\u00f3n en el 2001 del actual GF Gran Costa Adeje, se crea el consejo de administraci\u00f3n del Grupo Fedola y con ello Victoria pasa a ser consejera del m\u00e1ximo \u00f3rgano de gesti\u00f3n de la empresa junto a sus hermanos. Las responsabilidades cambian y en 2005 empieza a desempe\u00f1ar una funci\u00f3n m\u00e1s ejecutiva asumiendo la direcci\u00f3n general de GF Hoteles, la cadena hotelera del grupo.<\/span><\/p>\n<p class=\"p1\"><span class=\"s1\">Hoy Victoria L\u00f3pez preside una corporaci\u00f3n familiar de capital 100% canario, con m\u00e1s de 1200 empleados que ha creado m\u00e1s de 300 empleos netos en los \u00faltimos dos a\u00f1os. El modo en que ha generado riqueza durante m\u00e1s de 60 a\u00f1os ha llevado al Grupo Fedola a ser reconocido con diferentes premios de prestigio, todos hacen menci\u00f3n al valor de la credibilidad transmitido por el presidente de Honor a su\u00a0<\/span><span class=\"s1\">familia, a los empleados y a la sociedad en general.<\/span><\/p>\n<p class=\"p1\"><span class=\"s1\">En la actualidad Victoria ejerce de vicepresidenta de Ashotel, tambi\u00e9n forma parte del cuadro directivo de la CEOE de Santa Cruz de Tenerife y de la Asociaci\u00f3n para el Progreso de la Direcci\u00f3n en Canarias, APD.<\/span><\/p>\n<p>&nbsp;<\/p>\n","protected":false},"excerpt":{"rendered":"<p>El Grupo Fedola es una corporaci\u00f3n canaria de 15 empresas y 21 marcas comerciales repartidas por los principales sectores econ\u00f3micos en las islas. El grupo abarca diferentes actividades: importaci\u00f3n y comercializaci\u00f3n de patatas, alimentos de cuarta y quinta gama, construcci\u00f3n, ferreter\u00eda, cadena hotelera, distribuci\u00f3n de productos de canal Horeca, uniformes profesionales, carpas y organizaci\u00f3n de&#8230;<\/p>\n","protected":false},"author":51,"featured_media":11396,"comment_status":"closed","ping_status":"closed","template":"","tags":[1043,2694,1042],"tribe_events_cat":[16,2709,937,191],"acf":[],"yoast_head":"<!-- This site is optimized with the Yoast SEO plugin v21.3 - https:\/\/yoast.com\/wordpress\/plugins\/seo\/ -->\n<title>Di\u00e1logos ULL. Tendiendo puentes en un mundo de cambio: Grupo Fedola, \u201cLa credibilidad de esta empresa se ha labrado desde la humildad cumpliendo con la palabra\u201d - ULL - Agenda<\/title>\n<meta name=\"robots\" content=\"index, follow, max-snippet:-1, max-image-preview:large, max-video-preview:-1\" \/>\n<link rel=\"canonical\" href=\"https:\/\/www.ull.es\/portal\/agenda\/evento\/dialogos-ull-tendiendo-puentes-en-un-mundo-de-cambio-grupo-fedola-la-credibilidad-de-esta-empresa-se-ha-labrado-desde-la-humildad-cumpliendo-con-la-palabra\/\" \/>\n<meta property=\"og:locale\" content=\"es_ES\" \/>\n<meta property=\"og:type\" content=\"article\" \/>\n<meta property=\"og:title\" content=\"Di\u00e1logos ULL. Tendiendo puentes en un mundo de cambio: Grupo Fedola, \u201cLa credibilidad de esta empresa se ha labrado desde la humildad cumpliendo con la palabra\u201d - ULL - Agenda\" \/>\n<meta property=\"og:description\" content=\"El Grupo Fedola es una corporaci\u00f3n canaria de 15 empresas y 21 marcas comerciales repartidas por los principales sectores econ\u00f3micos en las islas. El grupo abarca diferentes actividades: importaci\u00f3n y comercializaci\u00f3n de patatas, alimentos de cuarta y quinta gama, construcci\u00f3n, ferreter\u00eda, cadena hotelera, distribuci\u00f3n de productos de canal Horeca, uniformes profesionales, carpas y organizaci\u00f3n de...\" \/>\n<meta property=\"og:url\" content=\"https:\/\/www.ull.es\/portal\/agenda\/evento\/dialogos-ull-tendiendo-puentes-en-un-mundo-de-cambio-grupo-fedola-la-credibilidad-de-esta-empresa-se-ha-labrado-desde-la-humildad-cumpliendo-con-la-palabra\/\" \/>\n<meta property=\"og:site_name\" content=\"ULL - Agenda\" \/>\n<meta property=\"article:modified_time\" content=\"2019-04-01T11:35:07+00:00\" \/>\n<meta property=\"og:image\" content=\"https:\/\/www.ull.es\/portal\/agenda\/wp-content\/uploads\/sites\/12\/2019\/03\/DIALOGOSULL_AGENDA.jpg\" \/>\n\t<meta property=\"og:image:width\" content=\"700\" \/>\n\t<meta property=\"og:image:height\" content=\"350\" \/>\n\t<meta property=\"og:image:type\" content=\"image\/jpeg\" \/>\n<meta name=\"twitter:card\" content=\"summary_large_image\" \/>\n<meta name=\"twitter:label1\" content=\"Tiempo de lectura\" \/>\n\t<meta name=\"twitter:data1\" content=\"5 minutos\" \/>\n<script type=\"application\/ld+json\" class=\"yoast-schema-graph\">{\"@context\":\"https:\/\/schema.org\",\"@graph\":[{\"@type\":\"WebPage\",\"@id\":\"https:\/\/www.ull.es\/portal\/agenda\/evento\/dialogos-ull-tendiendo-puentes-en-un-mundo-de-cambio-grupo-fedola-la-credibilidad-de-esta-empresa-se-ha-labrado-desde-la-humildad-cumpliendo-con-la-palabra\/\",\"url\":\"https:\/\/www.ull.es\/portal\/agenda\/evento\/dialogos-ull-tendiendo-puentes-en-un-mundo-de-cambio-grupo-fedola-la-credibilidad-de-esta-empresa-se-ha-labrado-desde-la-humildad-cumpliendo-con-la-palabra\/\",\"name\":\"Di\u00e1logos ULL. Tendiendo puentes en un mundo de cambio: Grupo Fedola, \u201cLa credibilidad de esta empresa se ha labrado desde la humildad cumpliendo con la palabra\u201d - ULL - Agenda\",\"isPartOf\":{\"@id\":\"https:\/\/www.ull.es\/portal\/agenda\/#website\"},\"datePublished\":\"2019-03-24T11:50:50+00:00\",\"dateModified\":\"2019-04-01T11:35:07+00:00\",\"breadcrumb\":{\"@id\":\"https:\/\/www.ull.es\/portal\/agenda\/evento\/dialogos-ull-tendiendo-puentes-en-un-mundo-de-cambio-grupo-fedola-la-credibilidad-de-esta-empresa-se-ha-labrado-desde-la-humildad-cumpliendo-con-la-palabra\/#breadcrumb\"},\"inLanguage\":\"es\",\"potentialAction\":[{\"@type\":\"ReadAction\",\"target\":[\"https:\/\/www.ull.es\/portal\/agenda\/evento\/dialogos-ull-tendiendo-puentes-en-un-mundo-de-cambio-grupo-fedola-la-credibilidad-de-esta-empresa-se-ha-labrado-desde-la-humildad-cumpliendo-con-la-palabra\/\"]}]},{\"@type\":\"BreadcrumbList\",\"@id\":\"https:\/\/www.ull.es\/portal\/agenda\/evento\/dialogos-ull-tendiendo-puentes-en-un-mundo-de-cambio-grupo-fedola-la-credibilidad-de-esta-empresa-se-ha-labrado-desde-la-humildad-cumpliendo-con-la-palabra\/#breadcrumb\",\"itemListElement\":[{\"@type\":\"ListItem\",\"position\":1,\"name\":\"Portada\",\"item\":\"https:\/\/www.ull.es\/portal\/agenda\/\"},{\"@type\":\"ListItem\",\"position\":2,\"name\":\"Di\u00e1logos ULL. Tendiendo puentes en un mundo de cambio: Grupo Fedola, \u201cLa credibilidad de esta empresa se ha labrado desde la humildad cumpliendo con la palabra\u201d\"}]},{\"@type\":\"WebSite\",\"@id\":\"https:\/\/www.ull.es\/portal\/agenda\/#website\",\"url\":\"https:\/\/www.ull.es\/portal\/agenda\/\",\"name\":\"ULL - Agenda\",\"description\":\"\",\"potentialAction\":[{\"@type\":\"SearchAction\",\"target\":{\"@type\":\"EntryPoint\",\"urlTemplate\":\"https:\/\/www.ull.es\/portal\/agenda\/?s={search_term_string}\"},\"query-input\":\"required name=search_term_string\"}],\"inLanguage\":\"es\"}]}<\/script>\n<!-- \/ Yoast SEO plugin. -->","yoast_head_json":{"title":"Di\u00e1logos ULL. Tendiendo puentes en un mundo de cambio: Grupo Fedola, \u201cLa credibilidad de esta empresa se ha labrado desde la humildad cumpliendo con la palabra\u201d - ULL - Agenda","robots":{"index":"index","follow":"follow","max-snippet":"max-snippet:-1","max-image-preview":"max-image-preview:large","max-video-preview":"max-video-preview:-1"},"canonical":"https:\/\/www.ull.es\/portal\/agenda\/evento\/dialogos-ull-tendiendo-puentes-en-un-mundo-de-cambio-grupo-fedola-la-credibilidad-de-esta-empresa-se-ha-labrado-desde-la-humildad-cumpliendo-con-la-palabra\/","og_locale":"es_ES","og_type":"article","og_title":"Di\u00e1logos ULL. Tendiendo puentes en un mundo de cambio: Grupo Fedola, \u201cLa credibilidad de esta empresa se ha labrado desde la humildad cumpliendo con la palabra\u201d - ULL - Agenda","og_description":"El Grupo Fedola es una corporaci\u00f3n canaria de 15 empresas y 21 marcas comerciales repartidas por los principales sectores econ\u00f3micos en las islas. El grupo abarca diferentes actividades: importaci\u00f3n y comercializaci\u00f3n de patatas, alimentos de cuarta y quinta gama, construcci\u00f3n, ferreter\u00eda, cadena hotelera, distribuci\u00f3n de productos de canal Horeca, uniformes profesionales, carpas y organizaci\u00f3n de...","og_url":"https:\/\/www.ull.es\/portal\/agenda\/evento\/dialogos-ull-tendiendo-puentes-en-un-mundo-de-cambio-grupo-fedola-la-credibilidad-de-esta-empresa-se-ha-labrado-desde-la-humildad-cumpliendo-con-la-palabra\/","og_site_name":"ULL - Agenda","article_modified_time":"2019-04-01T11:35:07+00:00","og_image":[{"width":700,"height":350,"url":"https:\/\/www.ull.es\/portal\/agenda\/wp-content\/uploads\/sites\/12\/2019\/03\/DIALOGOSULL_AGENDA.jpg","type":"image\/jpeg"}],"twitter_card":"summary_large_image","twitter_misc":{"Tiempo de lectura":"5 minutos"},"schema":{"@context":"https:\/\/schema.org","@graph":[{"@type":"WebPage","@id":"https:\/\/www.ull.es\/portal\/agenda\/evento\/dialogos-ull-tendiendo-puentes-en-un-mundo-de-cambio-grupo-fedola-la-credibilidad-de-esta-empresa-se-ha-labrado-desde-la-humildad-cumpliendo-con-la-palabra\/","url":"https:\/\/www.ull.es\/portal\/agenda\/evento\/dialogos-ull-tendiendo-puentes-en-un-mundo-de-cambio-grupo-fedola-la-credibilidad-de-esta-empresa-se-ha-labrado-desde-la-humildad-cumpliendo-con-la-palabra\/","name":"Di\u00e1logos ULL. Tendiendo puentes en un mundo de cambio: Grupo Fedola, \u201cLa credibilidad de esta empresa se ha labrado desde la humildad cumpliendo con la palabra\u201d - ULL - Agenda","isPartOf":{"@id":"https:\/\/www.ull.es\/portal\/agenda\/#website"},"datePublished":"2019-03-24T11:50:50+00:00","dateModified":"2019-04-01T11:35:07+00:00","breadcrumb":{"@id":"https:\/\/www.ull.es\/portal\/agenda\/evento\/dialogos-ull-tendiendo-puentes-en-un-mundo-de-cambio-grupo-fedola-la-credibilidad-de-esta-empresa-se-ha-labrado-desde-la-humildad-cumpliendo-con-la-palabra\/#breadcrumb"},"inLanguage":"es","potentialAction":[{"@type":"ReadAction","target":["https:\/\/www.ull.es\/portal\/agenda\/evento\/dialogos-ull-tendiendo-puentes-en-un-mundo-de-cambio-grupo-fedola-la-credibilidad-de-esta-empresa-se-ha-labrado-desde-la-humildad-cumpliendo-con-la-palabra\/"]}]},{"@type":"BreadcrumbList","@id":"https:\/\/www.ull.es\/portal\/agenda\/evento\/dialogos-ull-tendiendo-puentes-en-un-mundo-de-cambio-grupo-fedola-la-credibilidad-de-esta-empresa-se-ha-labrado-desde-la-humildad-cumpliendo-con-la-palabra\/#breadcrumb","itemListElement":[{"@type":"ListItem","position":1,"name":"Portada","item":"https:\/\/www.ull.es\/portal\/agenda\/"},{"@type":"ListItem","position":2,"name":"Di\u00e1logos ULL. Tendiendo puentes en un mundo de cambio: Grupo Fedola, \u201cLa credibilidad de esta empresa se ha labrado desde la humildad cumpliendo con la palabra\u201d"}]},{"@type":"WebSite","@id":"https:\/\/www.ull.es\/portal\/agenda\/#website","url":"https:\/\/www.ull.es\/portal\/agenda\/","name":"ULL - Agenda","description":"","potentialAction":[{"@type":"SearchAction","target":{"@type":"EntryPoint","urlTemplate":"https:\/\/www.ull.es\/portal\/agenda\/?s={search_term_string}"},"query-input":"required name=search_term_string"}],"inLanguage":"es"}]}},"_links":{"self":[{"href":"https:\/\/www.ull.es\/portal\/agenda\/wp-json\/wp\/v2\/tribe_events\/11395"}],"collection":[{"href":"https:\/\/www.ull.es\/portal\/agenda\/wp-json\/wp\/v2\/tribe_events"}],"about":[{"href":"https:\/\/www.ull.es\/portal\/agenda\/wp-json\/wp\/v2\/types\/tribe_events"}],"author":[{"embeddable":true,"href":"https:\/\/www.ull.es\/portal\/agenda\/wp-json\/wp\/v2\/users\/51"}],"replies":[{"embeddable":true,"href":"https:\/\/www.ull.es\/portal\/agenda\/wp-json\/wp\/v2\/comments?post=11395"}],"version-history":[{"count":1,"href":"https:\/\/www.ull.es\/portal\/agenda\/wp-json\/wp\/v2\/tribe_events\/11395\/revisions"}],"predecessor-version":[{"id":11397,"href":"https:\/\/www.ull.es\/portal\/agenda\/wp-json\/wp\/v2\/tribe_events\/11395\/revisions\/11397"}],"wp:featuredmedia":[{"embeddable":true,"href":"https:\/\/www.ull.es\/portal\/agenda\/wp-json\/wp\/v2\/media\/11396"}],"wp:attachment":[{"href":"https:\/\/www.ull.es\/portal\/agenda\/wp-json\/wp\/v2\/media?parent=11395"}],"wp:term":[{"taxonomy":"post_tag","embeddable":true,"href":"https:\/\/www.ull.es\/portal\/agenda\/wp-json\/wp\/v2\/tags?post=11395"},{"taxonomy":"tribe_events_cat","embeddable":true,"href":"https:\/\/www.ull.es\/portal\/agenda\/wp-json\/wp\/v2\/tribe_events_cat?post=11395"}],"curies":[{"name":"wp","href":"https:\/\/api.w.org\/{rel}","templated":true}]}}